{"version":"1.0","provider_name":"Montanheiros","provider_url":"https:\/\/www.montanheiros.com\/en\/","author_name":"Cecilia Matos","author_url":"https:\/\/www.montanheiros.com\/en\/author\/ceciliaadm\/","title":"Exposi\u00e7\u00e3o \u201cArt\u00e9s t\u00fa\u201d - ilha Terceira","type":"rich","width":600,"height":338,"html":"<blockquote class=\"wp-embedded-content\" data-secret=\"BB6k9zmq0D\"><a href=\"https:\/\/www.montanheiros.com\/en\/2009\/05\/06\/exposicao-artes-tu-ilha-terceira\/\">Exposi\u00e7\u00e3o \u201cArt\u00e9s t\u00fa\u201d - ilha Terceira<\/a><\/blockquote><iframe sandbox=\"allow-scripts\" security=\"restricted\" src=\"https:\/\/www.montanheiros.com\/en\/2009\/05\/06\/exposicao-artes-tu-ilha-terceira\/embed\/#?secret=BB6k9zmq0D\" width=\"600\" height=\"338\" title=\"&#8220;Exposi\u00e7\u00e3o \u201cArt\u00e9s t\u00fa\u201d - ilha Terceira&#8221; &#8212; Montanheiros\" data-secret=\"BB6k9zmq0D\" frameborder=\"0\" marginwidth=\"0\" marginheight=\"0\" scrolling=\"no\" class=\"wp-embedded-content\"><\/iframe><script type=\"text\/javascript\">\n\/* <![CDATA[ *\/\n\/*! This file is auto-generated *\/\n!function(d,l){\"use strict\";l.querySelector&&d.addEventListener&&\"undefined\"!=typeof URL&&(d.wp=d.wp||{},d.wp.receiveEmbedMessage||(d.wp.receiveEmbedMessage=function(e){var t=e.data;if((t||t.secret||t.message||t.value)&&!\/[^a-zA-Z0-9]\/.test(t.secret)){for(var s,r,n,a=l.querySelectorAll('iframe[data-secret=\"'+t.secret+'\"]'),o=l.querySelectorAll('blockquote[data-secret=\"'+t.secret+'\"]'),c=new RegExp(\"^https?:$\",\"i\"),i=0;i<o.length;i++)o[i].style.display=\"none\";for(i=0;i<a.length;i++)s=a[i],e.source===s.contentWindow&&(s.removeAttribute(\"style\"),\"height\"===t.message?(1e3<(r=parseInt(t.value,10))?r=1e3:~~r<200&&(r=200),s.height=r):\"link\"===t.message&&(r=new URL(s.getAttribute(\"src\")),n=new URL(t.value),c.test(n.protocol))&&n.host===r.host&&l.activeElement===s&&(d.top.location.href=t.value))}},d.addEventListener(\"message\",d.wp.receiveEmbedMessage,!1),l.addEventListener(\"DOMContentLoaded\",function(){for(var e,t,s=l.querySelectorAll(\"iframe.wp-embedded-content\"),r=0;r<s.length;r++)(t=(e=s[r]).getAttribute(\"data-secret\"))||(t=Math.random().toString(36).substring(2,12),e.src+=\"#?secret=\"+t,e.setAttribute(\"data-secret\",t)),e.contentWindow.postMessage({message:\"ready\",secret:t},\"*\")},!1)))}(window,document);\n\/\/# sourceURL=https:\/\/www.montanheiros.com\/wp-includes\/js\/wp-embed.min.js\n\/* ]]> *\/\n<\/script>\n","description":"A Ecoteca de Angra do Hero\u00edsmo convida todos os interessados a visitarem a exposi\u00e7\u00e3o que estar\u00e1 patente no seu espa\u00e7o, na Rua do Galo n.\u00ba 112, durante o m\u00eas de Maio. \u201cART\u00c9S T\u00da\u201d \u00e9 uma mostra de artefactos produzidos com reaproveitamento de materiais conjugando as fun\u00e7\u00f5es art\u00edstica (est\u00e9tica) e pr\u00e1tica (utens\u00edlios). Desta feita, \u00e9 respeitado&hellip;","thumbnail_url":"http:\/\/montanheiros.cecilia-designs.com\/wp-content\/uploads\/2019\/06\/big1241645578.jpg"}