{"version":"1.0","provider_name":"Montanheiros","provider_url":"https:\/\/www.montanheiros.com\/en\/","author_name":"Cecilia Matos","author_url":"https:\/\/www.montanheiros.com\/en\/author\/ceciliaadm\/","title":"\u201cO El\u00edxir da Eterna Consci\u00eancia\u201d - ilha Terceira","type":"rich","width":600,"height":338,"html":"<blockquote class=\"wp-embedded-content\" data-secret=\"4Y5LDT83jR\"><a href=\"https:\/\/www.montanheiros.com\/en\/2009\/09\/29\/o-elixir-da-eterna-consciencia-ilha-terceira\/\">\u201cO El\u00edxir da Eterna Consci\u00eancia\u201d - ilha Terceira<\/a><\/blockquote><iframe sandbox=\"allow-scripts\" security=\"restricted\" src=\"https:\/\/www.montanheiros.com\/en\/2009\/09\/29\/o-elixir-da-eterna-consciencia-ilha-terceira\/embed\/#?secret=4Y5LDT83jR\" width=\"600\" height=\"338\" title=\"&#8220;\u201cO El\u00edxir da Eterna Consci\u00eancia\u201d - ilha Terceira&#8221; &#8212; Montanheiros\" data-secret=\"4Y5LDT83jR\" frameborder=\"0\" marginwidth=\"0\" marginheight=\"0\" scrolling=\"no\" class=\"wp-embedded-content\"><\/iframe><script type=\"text\/javascript\">\n\/* <![CDATA[ *\/\n\/*! This file is auto-generated *\/\n!function(d,l){\"use strict\";l.querySelector&&d.addEventListener&&\"undefined\"!=typeof URL&&(d.wp=d.wp||{},d.wp.receiveEmbedMessage||(d.wp.receiveEmbedMessage=function(e){var t=e.data;if((t||t.secret||t.message||t.value)&&!\/[^a-zA-Z0-9]\/.test(t.secret)){for(var s,r,n,a=l.querySelectorAll('iframe[data-secret=\"'+t.secret+'\"]'),o=l.querySelectorAll('blockquote[data-secret=\"'+t.secret+'\"]'),c=new RegExp(\"^https?:$\",\"i\"),i=0;i<o.length;i++)o[i].style.display=\"none\";for(i=0;i<a.length;i++)s=a[i],e.source===s.contentWindow&&(s.removeAttribute(\"style\"),\"height\"===t.message?(1e3<(r=parseInt(t.value,10))?r=1e3:~~r<200&&(r=200),s.height=r):\"link\"===t.message&&(r=new URL(s.getAttribute(\"src\")),n=new URL(t.value),c.test(n.protocol))&&n.host===r.host&&l.activeElement===s&&(d.top.location.href=t.value))}},d.addEventListener(\"message\",d.wp.receiveEmbedMessage,!1),l.addEventListener(\"DOMContentLoaded\",function(){for(var e,t,s=l.querySelectorAll(\"iframe.wp-embedded-content\"),r=0;r<s.length;r++)(t=(e=s[r]).getAttribute(\"data-secret\"))||(t=Math.random().toString(36).substring(2,12),e.src+=\"#?secret=\"+t,e.setAttribute(\"data-secret\",t)),e.contentWindow.postMessage({message:\"ready\",secret:t},\"*\")},!1)))}(window,document);\n\/\/# sourceURL=https:\/\/www.montanheiros.com\/wp-includes\/js\/wp-embed.min.js\n\/* ]]> *\/\n<\/script>\n","description":"Actores: Ricardo, Helder, Ricardo Cardoso Adere\u00e7os: vestu\u00e1rio brit\u00e2nico, princ\u00edpios s\u00e9culo XX; carro\u00e7a; garrafinhas; res\u00edduos (chocolate, banana). Lacaio: anda curvado, faltam-lhe dentes, fala mal (verbos no infitivo) D: O mercador, todo janota, caminha anunciando o produto. Alado o lacaio, sujo e roto, puxa uma carrocinha com frascos de elixir enquanto come, bebe, suja e suja-se\u2026 MERCADOR:&hellip;"}