{"version":"1.0","provider_name":"Montanheiros","provider_url":"https:\/\/www.montanheiros.com\/en\/","author_name":"Cecilia Matos","author_url":"https:\/\/www.montanheiros.com\/en\/author\/ceciliaadm\/","title":"OBSERVA\u00c7\u00c3O DE AVES NAS ILHAS DO TRI\u00c2NGULO","type":"rich","width":600,"height":338,"html":"<blockquote class=\"wp-embedded-content\" data-secret=\"cvrYpZuI1o\"><a href=\"https:\/\/www.montanheiros.com\/en\/2019\/02\/16\/observacao-de-aves-nas-ilhas-do-triangulo\/\">OBSERVA\u00c7\u00c3O DE AVES NAS ILHAS DO TRI\u00c2NGULO<\/a><\/blockquote><iframe sandbox=\"allow-scripts\" security=\"restricted\" src=\"https:\/\/www.montanheiros.com\/en\/2019\/02\/16\/observacao-de-aves-nas-ilhas-do-triangulo\/embed\/#?secret=cvrYpZuI1o\" width=\"600\" height=\"338\" title=\"&#8220;OBSERVA\u00c7\u00c3O DE AVES NAS ILHAS DO TRI\u00c2NGULO&#8221; &#8212; Montanheiros\" data-secret=\"cvrYpZuI1o\" frameborder=\"0\" marginwidth=\"0\" marginheight=\"0\" scrolling=\"no\" class=\"wp-embedded-content\"><\/iframe><script type=\"text\/javascript\">\n\/* <![CDATA[ *\/\n\/*! This file is auto-generated *\/\n!function(d,l){\"use strict\";l.querySelector&&d.addEventListener&&\"undefined\"!=typeof URL&&(d.wp=d.wp||{},d.wp.receiveEmbedMessage||(d.wp.receiveEmbedMessage=function(e){var t=e.data;if((t||t.secret||t.message||t.value)&&!\/[^a-zA-Z0-9]\/.test(t.secret)){for(var s,r,n,a=l.querySelectorAll('iframe[data-secret=\"'+t.secret+'\"]'),o=l.querySelectorAll('blockquote[data-secret=\"'+t.secret+'\"]'),c=new RegExp(\"^https?:$\",\"i\"),i=0;i<o.length;i++)o[i].style.display=\"none\";for(i=0;i<a.length;i++)s=a[i],e.source===s.contentWindow&&(s.removeAttribute(\"style\"),\"height\"===t.message?(1e3<(r=parseInt(t.value,10))?r=1e3:~~r<200&&(r=200),s.height=r):\"link\"===t.message&&(r=new URL(s.getAttribute(\"src\")),n=new URL(t.value),c.test(n.protocol))&&n.host===r.host&&l.activeElement===s&&(d.top.location.href=t.value))}},d.addEventListener(\"message\",d.wp.receiveEmbedMessage,!1),l.addEventListener(\"DOMContentLoaded\",function(){for(var e,t,s=l.querySelectorAll(\"iframe.wp-embedded-content\"),r=0;r<s.length;r++)(t=(e=s[r]).getAttribute(\"data-secret\"))||(t=Math.random().toString(36).substring(2,12),e.src+=\"#?secret=\"+t,e.setAttribute(\"data-secret\",t)),e.contentWindow.postMessage({message:\"ready\",secret:t},\"*\")},!1)))}(window,document);\n\/\/# sourceURL=https:\/\/www.montanheiros.com\/wp-includes\/js\/wp-embed.min.js\n\/* ]]> *\/\n<\/script>\n","thumbnail_url":"https:\/\/www.montanheiros.com\/wp-content\/uploads\/2019\/11\/big1549280105.jpeg","thumbnail_width":511,"thumbnail_height":304,"description":"16 a 17 de Fevereiro de 2019 | LOCAL: V\u00e1rios O N\u00facleo dos Montanheiros de S\u00e3o Jorge, em parceria com o Clube de Observa\u00e7\u00e3o de Aves do Tri\u00e2ngulo, organiza nos dias 16 e 17 de fevereiro uma atividade de observa\u00e7\u00e3o de aves e palestra sobre o tema. O programa da atividade ser\u00e1 o seguinte: S\u00e1bado,&hellip;"}