{"id":3606,"date":"2019-05-03T21:50:27","date_gmt":"2019-05-03T21:50:27","guid":{"rendered":"http:\/\/montanheiros.cecilia-designs.com\/?page_id=3606"},"modified":"2020-04-16T20:31:34","modified_gmt":"2020-04-16T20:31:34","slug":"escalada2016","status":"publish","type":"page","link":"https:\/\/www.montanheiros.com\/en\/escalada2016\/","title":{"rendered":"Escalada 2016"},"content":{"rendered":"\n<h3 class=\"thin-font\"><span style=\"font-size: 120%;\">Galeria \/ <\/span><span style=\"font-size: 180%;\"><span style=\"font-size: 100%;\">Escalada<\/span><br \/><\/span><\/h3>\n<a href=\"http:\/\/montanheiros.com\/escalada2016\" target=\"_self\" class=\"button success is-underline\"  >\n    <span>2020-2016<\/span>\n  <\/a>\n\n\n<a href=\"http:\/\/montanheiros.com\/escalada2006\" target=\"_self\" class=\"button primary is-underline\"  >\n    <span>2015-2006<\/span>\n  <\/a>\n\n\n<div class=\"row\"  id=\"row-213229378\">\n\n\n\t<div id=\"col-1019919686\" class=\"col small-12 large-12\"  >\n\t\t\t\t<div class=\"col-inner\"  >\n\t\t\t\n\t\t\t\n\n<div class=\"container section-title-container\" ><h4 class=\"section-title section-title-normal\"><b><\/b><span class=\"section-title-main\" >2020<\/span><b><\/b><\/h4><\/div>\n\n<div class=\"row row-dashed\"  id=\"row-1423815\">\n\n\n\t<div id=\"col-969718973\" class=\"col medium-4 small-12 large-4\"  >\n\t\t\t\t<div class=\"col-inner\"  >\n\t\t\t\n\t\t\t\n\n<p>Angra Bloc Fest, Escola Tom\u00e1s de Borba, 1 e 2 nov2019 -ilha Terceira<\/p>\n\n  \n    <div class=\"row large-columns-2 medium-columns- small-columns- slider row-slider slider-nav-reveal\"  data-flickity-options='{\"imagesLoaded\": true, \"groupCells\": \"100%\", \"dragThreshold\" : 5, \"cellAlign\": \"left\",\"wrapAround\": true,\"prevNextButtons\": true,\"percentPosition\": true,\"pageDots\": false, \"rightToLeft\": false, \"autoPlay\" : false}'>\n\n  <div class=\"gallery-col col\" >\n          <div class=\"col-inner\">\n            <a class=\"image-lightbox lightbox-gallery\" href=\"https:\/\/www.montanheiros.com\/wp-content\/uploads\/2019\/11\/big4_1573473398.jpg\" title=\"\">            <div class=\"box has-hover gallery-box box-none\">\n              <div class=\"box-image\" style=\"width:86%;\">\n                <img loading=\"lazy\" decoding=\"async\" width=\"280\" height=\"280\" src=\"https:\/\/www.montanheiros.com\/wp-content\/uploads\/2019\/11\/big4_1573473398-280x280.jpg\" class=\"attachment-thumbnail size-thumbnail\" alt=\"\" ids=\"11119,11120,11121,11122,11123,11124,11125,11126,11127,11128,11129\" style=\"none\" type=\"slider\" columns=\"2\" image_width=\"86\" image_size=\"thumbnail\" srcset=\"https:\/\/www.montanheiros.com\/wp-content\/uploads\/2019\/11\/big4_1573473398-280x280.jpg 280w, https:\/\/www.montanheiros.com\/wp-content\/uploads\/2019\/11\/big4_1573473398-300x300.jpg 300w, https:\/\/www.montanheiros.com\/wp-content\/uploads\/2019\/11\/big4_1573473398-100x100.jpg 100w\" sizes=\"auto, (max-width: 280px) 100vw, 280px\" \/>                                                              <\/div>\n              <div class=\"box-text text-left\" >\n                 <p><\/p>\n              <\/div>\n            <\/div>\n            <\/a>          <\/div>\n         <\/div><div class=\"gallery-col col\" >\n          <div class=\"col-inner\">\n            <a class=\"image-lightbox lightbox-gallery\" href=\"https:\/\/www.montanheiros.com\/wp-content\/uploads\/2019\/11\/big6_1573473398.jpg\" title=\"\">            <div class=\"box has-hover gallery-box box-none\">\n              <div class=\"box-image\" style=\"width:86%;\">\n                <img loading=\"lazy\" decoding=\"async\" width=\"280\" height=\"280\" src=\"https:\/\/www.montanheiros.com\/wp-content\/uploads\/2019\/11\/big6_1573473398-280x280.jpg\" class=\"attachment-thumbnail size-thumbnail\" alt=\"\" ids=\"11119,11120,11121,11122,11123,11124,11125,11126,11127,11128,11129\" style=\"none\" type=\"slider\" columns=\"2\" image_width=\"86\" image_size=\"thumbnail\" srcset=\"https:\/\/www.montanheiros.com\/wp-content\/uploads\/2019\/11\/big6_1573473398-280x280.jpg 280w, https:\/\/www.montanheiros.com\/wp-content\/uploads\/2019\/11\/big6_1573473398-300x300.jpg 300w, https:\/\/www.montanheiros.com\/wp-content\/uploads\/2019\/11\/big6_1573473398-100x100.jpg 100w\" sizes=\"auto, (max-width: 280px) 100vw, 280px\" \/>                                                              <\/div>\n              <div class=\"box-text text-left\" >\n                 <p><\/p>\n              <\/div>\n            <\/div>\n            <\/a>          <\/div>\n         <\/div><div class=\"gallery-col col\" >\n          <div class=\"col-inner\">\n            <a class=\"image-lightbox lightbox-gallery\" href=\"https:\/\/www.montanheiros.com\/wp-content\/uploads\/2019\/11\/big3_1573473398-605x800.jpg\" title=\"\">            <div class=\"box has-hover gallery-box box-none\">\n              <div class=\"box-image\" style=\"width:86%;\">\n                <img loading=\"lazy\" decoding=\"async\" width=\"280\" height=\"280\" src=\"https:\/\/www.montanheiros.com\/wp-content\/uploads\/2019\/11\/big3_1573473398-280x280.jpg\" class=\"attachment-thumbnail size-thumbnail\" alt=\"\" ids=\"11119,11120,11121,11122,11123,11124,11125,11126,11127,11128,11129\" style=\"none\" type=\"slider\" columns=\"2\" image_width=\"86\" image_size=\"thumbnail\" srcset=\"https:\/\/www.montanheiros.com\/wp-content\/uploads\/2019\/11\/big3_1573473398-280x280.jpg 280w, https:\/\/www.montanheiros.com\/wp-content\/uploads\/2019\/11\/big3_1573473398-300x300.jpg 300w, https:\/\/www.montanheiros.com\/wp-content\/uploads\/2019\/11\/big3_1573473398-100x100.jpg 100w\" sizes=\"auto, (max-width: 280px) 100vw, 280px\" \/>                                                              <\/div>\n              <div class=\"box-text text-left\" >\n                 <p><\/p>\n              <\/div>\n            <\/div>\n            <\/a>          <\/div>\n         <\/div><div class=\"gallery-col col\" >\n          <div class=\"col-inner\">\n            <a class=\"image-lightbox lightbox-gallery\" href=\"https:\/\/www.montanheiros.com\/wp-content\/uploads\/2019\/11\/big1_1573473397-600x800.jpg\" title=\"\">            <div class=\"box has-hover gallery-box box-none\">\n              <div class=\"box-image\" style=\"width:86%;\">\n                <img loading=\"lazy\" decoding=\"async\" width=\"280\" height=\"280\" src=\"https:\/\/www.montanheiros.com\/wp-content\/uploads\/2019\/11\/big1_1573473397-280x280.jpg\" class=\"attachment-thumbnail size-thumbnail\" alt=\"\" ids=\"11119,11120,11121,11122,11123,11124,11125,11126,11127,11128,11129\" style=\"none\" type=\"slider\" columns=\"2\" image_width=\"86\" image_size=\"thumbnail\" srcset=\"https:\/\/www.montanheiros.com\/wp-content\/uploads\/2019\/11\/big1_1573473397-280x280.jpg 280w, https:\/\/www.montanheiros.com\/wp-content\/uploads\/2019\/11\/big1_1573473397-300x300.jpg 300w, https:\/\/www.montanheiros.com\/wp-content\/uploads\/2019\/11\/big1_1573473397-100x100.jpg 100w\" sizes=\"auto, (max-width: 280px) 100vw, 280px\" \/>                                                              <\/div>\n              <div class=\"box-text text-left\" >\n                 <p><\/p>\n              <\/div>\n            <\/div>\n            <\/a>          <\/div>\n         <\/div><div class=\"gallery-col col\" >\n          <div class=\"col-inner\">\n            <a class=\"image-lightbox lightbox-gallery\" href=\"https:\/\/www.montanheiros.com\/wp-content\/uploads\/2019\/11\/big2_1573473398.jpg\" title=\"\">            <div class=\"box has-hover gallery-box box-none\">\n              <div class=\"box-image\" style=\"width:86%;\">\n                <img loading=\"lazy\" decoding=\"async\" width=\"280\" height=\"280\" src=\"https:\/\/www.montanheiros.com\/wp-content\/uploads\/2019\/11\/big2_1573473398-280x280.jpg\" class=\"attachment-thumbnail size-thumbnail\" alt=\"\" ids=\"11119,11120,11121,11122,11123,11124,11125,11126,11127,11128,11129\" style=\"none\" type=\"slider\" columns=\"2\" image_width=\"86\" image_size=\"thumbnail\" srcset=\"https:\/\/www.montanheiros.com\/wp-content\/uploads\/2019\/11\/big2_1573473398-280x280.jpg 280w, https:\/\/www.montanheiros.com\/wp-content\/uploads\/2019\/11\/big2_1573473398-300x300.jpg 300w, https:\/\/www.montanheiros.com\/wp-content\/uploads\/2019\/11\/big2_1573473398-100x100.jpg 100w\" sizes=\"auto, (max-width: 280px) 100vw, 280px\" \/>                                                              <\/div>\n              <div class=\"box-text text-left\" >\n                 <p><\/p>\n              <\/div>\n            <\/div>\n            <\/a>          <\/div>\n         <\/div><div class=\"gallery-col col\" >\n          <div class=\"col-inner\">\n            <a class=\"image-lightbox lightbox-gallery\" href=\"https:\/\/www.montanheiros.com\/wp-content\/uploads\/2019\/11\/big5_1573473398.jpg\" title=\"\">            <div class=\"box has-hover gallery-box box-none\">\n              <div class=\"box-image\" style=\"width:86%;\">\n                <img loading=\"lazy\" decoding=\"async\" width=\"280\" height=\"280\" src=\"https:\/\/www.montanheiros.com\/wp-content\/uploads\/2019\/11\/big5_1573473398-280x280.jpg\" class=\"attachment-thumbnail size-thumbnail\" alt=\"\" ids=\"11119,11120,11121,11122,11123,11124,11125,11126,11127,11128,11129\" style=\"none\" type=\"slider\" columns=\"2\" image_width=\"86\" image_size=\"thumbnail\" srcset=\"https:\/\/www.montanheiros.com\/wp-content\/uploads\/2019\/11\/big5_1573473398-280x280.jpg 280w, https:\/\/www.montanheiros.com\/wp-content\/uploads\/2019\/11\/big5_1573473398-300x300.jpg 300w, https:\/\/www.montanheiros.com\/wp-content\/uploads\/2019\/11\/big5_1573473398-100x100.jpg 100w\" sizes=\"auto, (max-width: 280px) 100vw, 280px\" \/>                                                              <\/div>\n              <div class=\"box-text text-left\" >\n                 <p><\/p>\n              <\/div>\n            <\/div>\n            <\/a>          <\/div>\n         <\/div><div class=\"gallery-col col\" >\n          <div class=\"col-inner\">\n            <a class=\"image-lightbox lightbox-gallery\" href=\"https:\/\/www.montanheiros.com\/wp-content\/uploads\/2019\/11\/big7_1573473398.jpg\" title=\"\">            <div class=\"box has-hover gallery-box box-none\">\n              <div class=\"box-image\" style=\"width:86%;\">\n                <img loading=\"lazy\" decoding=\"async\" width=\"280\" height=\"280\" src=\"https:\/\/www.montanheiros.com\/wp-content\/uploads\/2019\/11\/big7_1573473398-280x280.jpg\" class=\"attachment-thumbnail size-thumbnail\" alt=\"\" ids=\"11119,11120,11121,11122,11123,11124,11125,11126,11127,11128,11129\" style=\"none\" type=\"slider\" columns=\"2\" image_width=\"86\" image_size=\"thumbnail\" srcset=\"https:\/\/www.montanheiros.com\/wp-content\/uploads\/2019\/11\/big7_1573473398-280x280.jpg 280w, https:\/\/www.montanheiros.com\/wp-content\/uploads\/2019\/11\/big7_1573473398-400x400.jpg 400w, https:\/\/www.montanheiros.com\/wp-content\/uploads\/2019\/11\/big7_1573473398-300x300.jpg 300w, https:\/\/www.montanheiros.com\/wp-content\/uploads\/2019\/11\/big7_1573473398-500x500.jpg 500w, https:\/\/www.montanheiros.com\/wp-content\/uploads\/2019\/11\/big7_1573473398-100x100.jpg 100w, https:\/\/www.montanheiros.com\/wp-content\/uploads\/2019\/11\/big7_1573473398.jpg 720w\" sizes=\"auto, (max-width: 280px) 100vw, 280px\" \/>                                                              <\/div>\n              <div class=\"box-text text-left\" >\n                 <p><\/p>\n              <\/div>\n            <\/div>\n            <\/a>          <\/div>\n         <\/div><div class=\"gallery-col col\" >\n          <div class=\"col-inner\">\n            <a class=\"image-lightbox lightbox-gallery\" href=\"https:\/\/www.montanheiros.com\/wp-content\/uploads\/2019\/11\/big8_1573473399.jpg\" title=\"\">            <div class=\"box has-hover gallery-box box-none\">\n              <div class=\"box-image\" style=\"width:86%;\">\n                <img loading=\"lazy\" decoding=\"async\" width=\"280\" height=\"280\" src=\"https:\/\/www.montanheiros.com\/wp-content\/uploads\/2019\/11\/big8_1573473399-280x280.jpg\" class=\"attachment-thumbnail size-thumbnail\" alt=\"\" ids=\"11119,11120,11121,11122,11123,11124,11125,11126,11127,11128,11129\" style=\"none\" type=\"slider\" columns=\"2\" image_width=\"86\" image_size=\"thumbnail\" srcset=\"https:\/\/www.montanheiros.com\/wp-content\/uploads\/2019\/11\/big8_1573473399-280x280.jpg 280w, https:\/\/www.montanheiros.com\/wp-content\/uploads\/2019\/11\/big8_1573473399-300x300.jpg 300w, https:\/\/www.montanheiros.com\/wp-content\/uploads\/2019\/11\/big8_1573473399-100x100.jpg 100w\" sizes=\"auto, (max-width: 280px) 100vw, 280px\" \/>                                                              <\/div>\n              <div class=\"box-text text-left\" >\n                 <p><\/p>\n              <\/div>\n            <\/div>\n            <\/a>          <\/div>\n         <\/div><div class=\"gallery-col col\" >\n          <div class=\"col-inner\">\n            <a class=\"image-lightbox lightbox-gallery\" href=\"https:\/\/www.montanheiros.com\/wp-content\/uploads\/2019\/11\/big9_1573473399-571x800.jpg\" title=\"\">            <div class=\"box has-hover gallery-box box-none\">\n              <div class=\"box-image\" style=\"width:86%;\">\n                <img loading=\"lazy\" decoding=\"async\" width=\"280\" height=\"280\" src=\"https:\/\/www.montanheiros.com\/wp-content\/uploads\/2019\/11\/big9_1573473399-280x280.jpg\" class=\"attachment-thumbnail size-thumbnail\" alt=\"\" ids=\"11119,11120,11121,11122,11123,11124,11125,11126,11127,11128,11129\" style=\"none\" type=\"slider\" columns=\"2\" image_width=\"86\" image_size=\"thumbnail\" srcset=\"https:\/\/www.montanheiros.com\/wp-content\/uploads\/2019\/11\/big9_1573473399-280x280.jpg 280w, https:\/\/www.montanheiros.com\/wp-content\/uploads\/2019\/11\/big9_1573473399-300x300.jpg 300w, https:\/\/www.montanheiros.com\/wp-content\/uploads\/2019\/11\/big9_1573473399-100x100.jpg 100w\" sizes=\"auto, (max-width: 280px) 100vw, 280px\" \/>                                                              <\/div>\n              <div class=\"box-text text-left\" >\n                 <p><\/p>\n              <\/div>\n            <\/div>\n            <\/a>          <\/div>\n         <\/div><div class=\"gallery-col col\" >\n          <div class=\"col-inner\">\n            <a class=\"image-lightbox lightbox-gallery\" href=\"https:\/\/www.montanheiros.com\/wp-content\/uploads\/2019\/11\/big11_1573473399.jpg\" title=\"\">            <div class=\"box has-hover gallery-box box-none\">\n              <div class=\"box-image\" style=\"width:86%;\">\n                <img loading=\"lazy\" decoding=\"async\" width=\"280\" height=\"280\" src=\"https:\/\/www.montanheiros.com\/wp-content\/uploads\/2019\/11\/big11_1573473399-280x280.jpg\" class=\"attachment-thumbnail size-thumbnail\" alt=\"\" ids=\"11119,11120,11121,11122,11123,11124,11125,11126,11127,11128,11129\" style=\"none\" type=\"slider\" columns=\"2\" image_width=\"86\" image_size=\"thumbnail\" srcset=\"https:\/\/www.montanheiros.com\/wp-content\/uploads\/2019\/11\/big11_1573473399-280x280.jpg 280w, https:\/\/www.montanheiros.com\/wp-content\/uploads\/2019\/11\/big11_1573473399-300x300.jpg 300w, https:\/\/www.montanheiros.com\/wp-content\/uploads\/2019\/11\/big11_1573473399-100x100.jpg 100w\" sizes=\"auto, (max-width: 280px) 100vw, 280px\" \/>                                                              <\/div>\n              <div class=\"box-text text-left\" >\n                 <p><\/p>\n              <\/div>\n            <\/div>\n            <\/a>          <\/div>\n         <\/div><div class=\"gallery-col col\" >\n          <div class=\"col-inner\">\n            <a class=\"image-lightbox lightbox-gallery\" href=\"https:\/\/www.montanheiros.com\/wp-content\/uploads\/2019\/11\/big10_1573473399-600x800.jpg\" title=\"\">            <div class=\"box has-hover gallery-box box-none\">\n              <div class=\"box-image\" style=\"width:86%;\">\n                <img loading=\"lazy\" decoding=\"async\" width=\"280\" height=\"280\" src=\"https:\/\/www.montanheiros.com\/wp-content\/uploads\/2019\/11\/big10_1573473399-280x280.jpg\" class=\"attachment-thumbnail size-thumbnail\" alt=\"\" ids=\"11119,11120,11121,11122,11123,11124,11125,11126,11127,11128,11129\" style=\"none\" type=\"slider\" columns=\"2\" image_width=\"86\" image_size=\"thumbnail\" srcset=\"https:\/\/www.montanheiros.com\/wp-content\/uploads\/2019\/11\/big10_1573473399-280x280.jpg 280w, https:\/\/www.montanheiros.com\/wp-content\/uploads\/2019\/11\/big10_1573473399-300x300.jpg 300w, https:\/\/www.montanheiros.com\/wp-content\/uploads\/2019\/11\/big10_1573473399-100x100.jpg 100w\" sizes=\"auto, (max-width: 280px) 100vw, 280px\" \/>                                                              <\/div>\n              <div class=\"box-text text-left\" >\n                 <p><\/p>\n              <\/div>\n            <\/div>\n            <\/a>          <\/div>\n         <\/div><\/div>\n\n\n\t\t<\/div>\n\t\t\t\t\t<\/div>\n\n\t\n\n<\/div>\n\t<div id=\"gap-251803006\" class=\"gap-element clearfix\" style=\"display:block; height:auto;\">\n\t\t\n<style>\n#gap-251803006 {\n  padding-top: 30px;\n}\n<\/style>\n\t<\/div>\n\t\n\n<div class=\"container section-title-container\" ><h4 class=\"section-title section-title-normal\"><b><\/b><span class=\"section-title-main\" >2019<\/span><b><\/b><\/h4><\/div>\n\n<div class=\"row row-dashed\"  id=\"row-2003545155\">\n\n\n\t<div id=\"col-1144819989\" class=\"col medium-4 small-12 large-4\"  >\n\t\t\t\t<div class=\"col-inner\"  >\n\t\t\t\n\t\t\t\n\n<p>Angra Bloc Fest, Escola Tom\u00e1s de Borba, 1 e 2 nov2019 -ilha Terceira<\/p>\n\n  \n    <div class=\"row large-columns-2 medium-columns- small-columns- slider row-slider slider-nav-reveal\"  data-flickity-options='{\"imagesLoaded\": true, \"groupCells\": \"100%\", \"dragThreshold\" : 5, \"cellAlign\": \"left\",\"wrapAround\": true,\"prevNextButtons\": true,\"percentPosition\": true,\"pageDots\": false, \"rightToLeft\": false, \"autoPlay\" : false}'>\n\n  <div class=\"gallery-col col\" >\n          <div class=\"col-inner\">\n            <a class=\"image-lightbox lightbox-gallery\" href=\"https:\/\/www.montanheiros.com\/wp-content\/uploads\/2019\/11\/big4_1573473398.jpg\" title=\"\">            <div class=\"box has-hover gallery-box box-none\">\n              <div class=\"box-image\" style=\"width:86%;\">\n                <img loading=\"lazy\" decoding=\"async\" width=\"280\" height=\"280\" src=\"https:\/\/www.montanheiros.com\/wp-content\/uploads\/2019\/11\/big4_1573473398-280x280.jpg\" class=\"attachment-thumbnail size-thumbnail\" alt=\"\" ids=\"11119,11120,11121,11122,11123,11124,11125,11126,11127,11128,11129\" style=\"none\" type=\"slider\" columns=\"2\" image_width=\"86\" image_size=\"thumbnail\" srcset=\"https:\/\/www.montanheiros.com\/wp-content\/uploads\/2019\/11\/big4_1573473398-280x280.jpg 280w, https:\/\/www.montanheiros.com\/wp-content\/uploads\/2019\/11\/big4_1573473398-300x300.jpg 300w, https:\/\/www.montanheiros.com\/wp-content\/uploads\/2019\/11\/big4_1573473398-100x100.jpg 100w\" sizes=\"auto, (max-width: 280px) 100vw, 280px\" \/>                                                              <\/div>\n              <div class=\"box-text text-left\" >\n                 <p><\/p>\n              <\/div>\n            <\/div>\n            <\/a>          <\/div>\n         <\/div><div class=\"gallery-col col\" >\n          <div class=\"col-inner\">\n            <a class=\"image-lightbox lightbox-gallery\" href=\"https:\/\/www.montanheiros.com\/wp-content\/uploads\/2019\/11\/big6_1573473398.jpg\" title=\"\">            <div class=\"box has-hover gallery-box box-none\">\n              <div class=\"box-image\" style=\"width:86%;\">\n                <img loading=\"lazy\" decoding=\"async\" width=\"280\" height=\"280\" src=\"https:\/\/www.montanheiros.com\/wp-content\/uploads\/2019\/11\/big6_1573473398-280x280.jpg\" class=\"attachment-thumbnail size-thumbnail\" alt=\"\" ids=\"11119,11120,11121,11122,11123,11124,11125,11126,11127,11128,11129\" style=\"none\" type=\"slider\" columns=\"2\" image_width=\"86\" image_size=\"thumbnail\" srcset=\"https:\/\/www.montanheiros.com\/wp-content\/uploads\/2019\/11\/big6_1573473398-280x280.jpg 280w, https:\/\/www.montanheiros.com\/wp-content\/uploads\/2019\/11\/big6_1573473398-300x300.jpg 300w, https:\/\/www.montanheiros.com\/wp-content\/uploads\/2019\/11\/big6_1573473398-100x100.jpg 100w\" sizes=\"auto, (max-width: 280px) 100vw, 280px\" \/>                                                              <\/div>\n              <div class=\"box-text text-left\" >\n                 <p><\/p>\n              <\/div>\n            <\/div>\n            <\/a>          <\/div>\n         <\/div><div class=\"gallery-col col\" >\n          <div class=\"col-inner\">\n            <a class=\"image-lightbox lightbox-gallery\" href=\"https:\/\/www.montanheiros.com\/wp-content\/uploads\/2019\/11\/big3_1573473398-605x800.jpg\" title=\"\">            <div class=\"box has-hover gallery-box box-none\">\n              <div class=\"box-image\" style=\"width:86%;\">\n                <img loading=\"lazy\" decoding=\"async\" width=\"280\" height=\"280\" src=\"https:\/\/www.montanheiros.com\/wp-content\/uploads\/2019\/11\/big3_1573473398-280x280.jpg\" class=\"attachment-thumbnail size-thumbnail\" alt=\"\" ids=\"11119,11120,11121,11122,11123,11124,11125,11126,11127,11128,11129\" style=\"none\" type=\"slider\" columns=\"2\" image_width=\"86\" image_size=\"thumbnail\" srcset=\"https:\/\/www.montanheiros.com\/wp-content\/uploads\/2019\/11\/big3_1573473398-280x280.jpg 280w, https:\/\/www.montanheiros.com\/wp-content\/uploads\/2019\/11\/big3_1573473398-300x300.jpg 300w, https:\/\/www.montanheiros.com\/wp-content\/uploads\/2019\/11\/big3_1573473398-100x100.jpg 100w\" sizes=\"auto, (max-width: 280px) 100vw, 280px\" \/>                                                              <\/div>\n              <div class=\"box-text text-left\" >\n                 <p><\/p>\n              <\/div>\n            <\/div>\n            <\/a>          <\/div>\n         <\/div><div class=\"gallery-col col\" >\n          <div class=\"col-inner\">\n            <a class=\"image-lightbox lightbox-gallery\" href=\"https:\/\/www.montanheiros.com\/wp-content\/uploads\/2019\/11\/big1_1573473397-600x800.jpg\" title=\"\">            <div class=\"box has-hover gallery-box box-none\">\n              <div class=\"box-image\" style=\"width:86%;\">\n                <img loading=\"lazy\" decoding=\"async\" width=\"280\" height=\"280\" src=\"https:\/\/www.montanheiros.com\/wp-content\/uploads\/2019\/11\/big1_1573473397-280x280.jpg\" class=\"attachment-thumbnail size-thumbnail\" alt=\"\" ids=\"11119,11120,11121,11122,11123,11124,11125,11126,11127,11128,11129\" style=\"none\" type=\"slider\" columns=\"2\" image_width=\"86\" image_size=\"thumbnail\" srcset=\"https:\/\/www.montanheiros.com\/wp-content\/uploads\/2019\/11\/big1_1573473397-280x280.jpg 280w, https:\/\/www.montanheiros.com\/wp-content\/uploads\/2019\/11\/big1_1573473397-300x300.jpg 300w, https:\/\/www.montanheiros.com\/wp-content\/uploads\/2019\/11\/big1_1573473397-100x100.jpg 100w\" sizes=\"auto, (max-width: 280px) 100vw, 280px\" \/>                                                              <\/div>\n              <div class=\"box-text text-left\" >\n                 <p><\/p>\n              <\/div>\n            <\/div>\n            <\/a>          <\/div>\n         <\/div><div class=\"gallery-col col\" >\n          <div class=\"col-inner\">\n            <a class=\"image-lightbox lightbox-gallery\" href=\"https:\/\/www.montanheiros.com\/wp-content\/uploads\/2019\/11\/big2_1573473398.jpg\" title=\"\">            <div class=\"box has-hover gallery-box box-none\">\n              <div class=\"box-image\" style=\"width:86%;\">\n                <img loading=\"lazy\" decoding=\"async\" width=\"280\" height=\"280\" src=\"https:\/\/www.montanheiros.com\/wp-content\/uploads\/2019\/11\/big2_1573473398-280x280.jpg\" class=\"attachment-thumbnail size-thumbnail\" alt=\"\" ids=\"11119,11120,11121,11122,11123,11124,11125,11126,11127,11128,11129\" style=\"none\" type=\"slider\" columns=\"2\" image_width=\"86\" image_size=\"thumbnail\" srcset=\"https:\/\/www.montanheiros.com\/wp-content\/uploads\/2019\/11\/big2_1573473398-280x280.jpg 280w, https:\/\/www.montanheiros.com\/wp-content\/uploads\/2019\/11\/big2_1573473398-300x300.jpg 300w, https:\/\/www.montanheiros.com\/wp-content\/uploads\/2019\/11\/big2_1573473398-100x100.jpg 100w\" sizes=\"auto, (max-width: 280px) 100vw, 280px\" \/>                                                              <\/div>\n              <div class=\"box-text text-left\" >\n                 <p><\/p>\n              <\/div>\n            <\/div>\n            <\/a>          <\/div>\n         <\/div><div class=\"gallery-col col\" >\n          <div class=\"col-inner\">\n            <a class=\"image-lightbox lightbox-gallery\" href=\"https:\/\/www.montanheiros.com\/wp-content\/uploads\/2019\/11\/big5_1573473398.jpg\" title=\"\">            <div class=\"box has-hover gallery-box box-none\">\n              <div class=\"box-image\" style=\"width:86%;\">\n                <img loading=\"lazy\" decoding=\"async\" width=\"280\" height=\"280\" src=\"https:\/\/www.montanheiros.com\/wp-content\/uploads\/2019\/11\/big5_1573473398-280x280.jpg\" class=\"attachment-thumbnail size-thumbnail\" alt=\"\" ids=\"11119,11120,11121,11122,11123,11124,11125,11126,11127,11128,11129\" style=\"none\" type=\"slider\" columns=\"2\" image_width=\"86\" image_size=\"thumbnail\" srcset=\"https:\/\/www.montanheiros.com\/wp-content\/uploads\/2019\/11\/big5_1573473398-280x280.jpg 280w, https:\/\/www.montanheiros.com\/wp-content\/uploads\/2019\/11\/big5_1573473398-300x300.jpg 300w, https:\/\/www.montanheiros.com\/wp-content\/uploads\/2019\/11\/big5_1573473398-100x100.jpg 100w\" sizes=\"auto, (max-width: 280px) 100vw, 280px\" \/>                                                              <\/div>\n              <div class=\"box-text text-left\" >\n                 <p><\/p>\n              <\/div>\n            <\/div>\n            <\/a>          <\/div>\n         <\/div><div class=\"gallery-col col\" >\n          <div class=\"col-inner\">\n            <a class=\"image-lightbox lightbox-gallery\" href=\"https:\/\/www.montanheiros.com\/wp-content\/uploads\/2019\/11\/big7_1573473398.jpg\" title=\"\">            <div class=\"box has-hover gallery-box box-none\">\n              <div class=\"box-image\" style=\"width:86%;\">\n                <img loading=\"lazy\" decoding=\"async\" width=\"280\" height=\"280\" src=\"https:\/\/www.montanheiros.com\/wp-content\/uploads\/2019\/11\/big7_1573473398-280x280.jpg\" class=\"attachment-thumbnail size-thumbnail\" alt=\"\" ids=\"11119,11120,11121,11122,11123,11124,11125,11126,11127,11128,11129\" style=\"none\" type=\"slider\" columns=\"2\" image_width=\"86\" image_size=\"thumbnail\" srcset=\"https:\/\/www.montanheiros.com\/wp-content\/uploads\/2019\/11\/big7_1573473398-280x280.jpg 280w, https:\/\/www.montanheiros.com\/wp-content\/uploads\/2019\/11\/big7_1573473398-400x400.jpg 400w, https:\/\/www.montanheiros.com\/wp-content\/uploads\/2019\/11\/big7_1573473398-300x300.jpg 300w, https:\/\/www.montanheiros.com\/wp-content\/uploads\/2019\/11\/big7_1573473398-500x500.jpg 500w, https:\/\/www.montanheiros.com\/wp-content\/uploads\/2019\/11\/big7_1573473398-100x100.jpg 100w, https:\/\/www.montanheiros.com\/wp-content\/uploads\/2019\/11\/big7_1573473398.jpg 720w\" sizes=\"auto, (max-width: 280px) 100vw, 280px\" \/>                                                              <\/div>\n              <div class=\"box-text text-left\" >\n                 <p><\/p>\n              <\/div>\n            <\/div>\n            <\/a>          <\/div>\n         <\/div><div class=\"gallery-col col\" >\n          <div class=\"col-inner\">\n            <a class=\"image-lightbox lightbox-gallery\" href=\"https:\/\/www.montanheiros.com\/wp-content\/uploads\/2019\/11\/big8_1573473399.jpg\" title=\"\">            <div class=\"box has-hover gallery-box box-none\">\n              <div class=\"box-image\" style=\"width:86%;\">\n                <img loading=\"lazy\" decoding=\"async\" width=\"280\" height=\"280\" src=\"https:\/\/www.montanheiros.com\/wp-content\/uploads\/2019\/11\/big8_1573473399-280x280.jpg\" class=\"attachment-thumbnail size-thumbnail\" alt=\"\" ids=\"11119,11120,11121,11122,11123,11124,11125,11126,11127,11128,11129\" style=\"none\" type=\"slider\" columns=\"2\" image_width=\"86\" image_size=\"thumbnail\" srcset=\"https:\/\/www.montanheiros.com\/wp-content\/uploads\/2019\/11\/big8_1573473399-280x280.jpg 280w, https:\/\/www.montanheiros.com\/wp-content\/uploads\/2019\/11\/big8_1573473399-300x300.jpg 300w, https:\/\/www.montanheiros.com\/wp-content\/uploads\/2019\/11\/big8_1573473399-100x100.jpg 100w\" sizes=\"auto, (max-width: 280px) 100vw, 280px\" \/>                                                              <\/div>\n              <div class=\"box-text text-left\" >\n                 <p><\/p>\n              <\/div>\n            <\/div>\n            <\/a>          <\/div>\n         <\/div><div class=\"gallery-col col\" >\n          <div class=\"col-inner\">\n            <a class=\"image-lightbox lightbox-gallery\" href=\"https:\/\/www.montanheiros.com\/wp-content\/uploads\/2019\/11\/big9_1573473399-571x800.jpg\" title=\"\">            <div class=\"box has-hover gallery-box box-none\">\n              <div class=\"box-image\" style=\"width:86%;\">\n                <img loading=\"lazy\" decoding=\"async\" width=\"280\" height=\"280\" src=\"https:\/\/www.montanheiros.com\/wp-content\/uploads\/2019\/11\/big9_1573473399-280x280.jpg\" class=\"attachment-thumbnail size-thumbnail\" alt=\"\" ids=\"11119,11120,11121,11122,11123,11124,11125,11126,11127,11128,11129\" style=\"none\" type=\"slider\" columns=\"2\" image_width=\"86\" image_size=\"thumbnail\" srcset=\"https:\/\/www.montanheiros.com\/wp-content\/uploads\/2019\/11\/big9_1573473399-280x280.jpg 280w, https:\/\/www.montanheiros.com\/wp-content\/uploads\/2019\/11\/big9_1573473399-300x300.jpg 300w, https:\/\/www.montanheiros.com\/wp-content\/uploads\/2019\/11\/big9_1573473399-100x100.jpg 100w\" sizes=\"auto, (max-width: 280px) 100vw, 280px\" \/>                                                              <\/div>\n              <div class=\"box-text text-left\" >\n                 <p><\/p>\n              <\/div>\n            <\/div>\n            <\/a>          <\/div>\n         <\/div><div class=\"gallery-col col\" >\n          <div class=\"col-inner\">\n            <a class=\"image-lightbox lightbox-gallery\" href=\"https:\/\/www.montanheiros.com\/wp-content\/uploads\/2019\/11\/big11_1573473399.jpg\" title=\"\">            <div class=\"box has-hover gallery-box box-none\">\n              <div class=\"box-image\" style=\"width:86%;\">\n                <img loading=\"lazy\" decoding=\"async\" width=\"280\" height=\"280\" src=\"https:\/\/www.montanheiros.com\/wp-content\/uploads\/2019\/11\/big11_1573473399-280x280.jpg\" class=\"attachment-thumbnail size-thumbnail\" alt=\"\" ids=\"11119,11120,11121,11122,11123,11124,11125,11126,11127,11128,11129\" style=\"none\" type=\"slider\" columns=\"2\" image_width=\"86\" image_size=\"thumbnail\" srcset=\"https:\/\/www.montanheiros.com\/wp-content\/uploads\/2019\/11\/big11_1573473399-280x280.jpg 280w, https:\/\/www.montanheiros.com\/wp-content\/uploads\/2019\/11\/big11_1573473399-300x300.jpg 300w, https:\/\/www.montanheiros.com\/wp-content\/uploads\/2019\/11\/big11_1573473399-100x100.jpg 100w\" sizes=\"auto, (max-width: 280px) 100vw, 280px\" \/>                                                              <\/div>\n              <div class=\"box-text text-left\" >\n                 <p><\/p>\n              <\/div>\n            <\/div>\n            <\/a>          <\/div>\n         <\/div><div class=\"gallery-col col\" >\n          <div class=\"col-inner\">\n            <a class=\"image-lightbox lightbox-gallery\" href=\"https:\/\/www.montanheiros.com\/wp-content\/uploads\/2019\/11\/big10_1573473399-600x800.jpg\" title=\"\">            <div class=\"box has-hover gallery-box box-none\">\n              <div class=\"box-image\" style=\"width:86%;\">\n                <img loading=\"lazy\" decoding=\"async\" width=\"280\" height=\"280\" src=\"https:\/\/www.montanheiros.com\/wp-content\/uploads\/2019\/11\/big10_1573473399-280x280.jpg\" class=\"attachment-thumbnail size-thumbnail\" alt=\"\" ids=\"11119,11120,11121,11122,11123,11124,11125,11126,11127,11128,11129\" style=\"none\" type=\"slider\" columns=\"2\" image_width=\"86\" image_size=\"thumbnail\" srcset=\"https:\/\/www.montanheiros.com\/wp-content\/uploads\/2019\/11\/big10_1573473399-280x280.jpg 280w, https:\/\/www.montanheiros.com\/wp-content\/uploads\/2019\/11\/big10_1573473399-300x300.jpg 300w, https:\/\/www.montanheiros.com\/wp-content\/uploads\/2019\/11\/big10_1573473399-100x100.jpg 100w\" sizes=\"auto, (max-width: 280px) 100vw, 280px\" \/>                                                              <\/div>\n              <div class=\"box-text text-left\" >\n                 <p><\/p>\n              <\/div>\n            <\/div>\n            <\/a>          <\/div>\n         <\/div><\/div>\n\n\n\t\t<\/div>\n\t\t\t\t\t<\/div>\n\n\t\n\n\t<div id=\"col-1288084508\" class=\"col medium-4 small-12 large-4\"  >\n\t\t\t\t<div class=\"col-inner\"  >\n\t\t\t\n\t\t\t\n\n<p>Est\u00e1gio de Ver\u00e3o em Serra da Guara, jul2019 &#8211; Espanha <\/p>\n\n  \n    <div class=\"row large-columns-2 medium-columns- small-columns- slider row-slider slider-nav-reveal\"  data-flickity-options='{\"imagesLoaded\": true, \"groupCells\": \"100%\", \"dragThreshold\" : 5, \"cellAlign\": \"left\",\"wrapAround\": true,\"prevNextButtons\": true,\"percentPosition\": true,\"pageDots\": false, \"rightToLeft\": false, \"autoPlay\" : false}'>\n\n  <div class=\"gallery-col col\" >\n          <div class=\"col-inner\">\n            <a class=\"image-lightbox lightbox-gallery\" href=\"https:\/\/www.montanheiros.com\/wp-content\/uploads\/2019\/11\/big33_1566482459.jpg\" title=\"\">            <div class=\"box has-hover gallery-box box-none\">\n              <div class=\"box-image\" style=\"width:86%;\">\n                <img loading=\"lazy\" decoding=\"async\" width=\"280\" height=\"280\" src=\"https:\/\/www.montanheiros.com\/wp-content\/uploads\/2019\/11\/big33_1566482459-280x280.jpg\" class=\"attachment-thumbnail size-thumbnail\" alt=\"\" ids=\"11082,11083,11084,11085,11086,11087,11088,11089,11090,11091,11092,11093,11094,11095,11096,11097,11098,11099,11100,11101,11102,11103,11104,11105,11106,11107,11108,11109,11110,11111,11112,11113,11114,11115,11116,11117,11118\" style=\"none\" type=\"slider\" columns=\"2\" image_width=\"86\" image_size=\"thumbnail\" srcset=\"https:\/\/www.montanheiros.com\/wp-content\/uploads\/2019\/11\/big33_1566482459-280x280.jpg 280w, https:\/\/www.montanheiros.com\/wp-content\/uploads\/2019\/11\/big33_1566482459-300x300.jpg 300w, https:\/\/www.montanheiros.com\/wp-content\/uploads\/2019\/11\/big33_1566482459-100x100.jpg 100w\" sizes=\"auto, (max-width: 280px) 100vw, 280px\" \/>                                                              <\/div>\n              <div class=\"box-text text-left\" >\n                 <p><\/p>\n              <\/div>\n            <\/div>\n            <\/a>          <\/div>\n         <\/div><div class=\"gallery-col col\" >\n          <div class=\"col-inner\">\n            <a class=\"image-lightbox lightbox-gallery\" href=\"https:\/\/www.montanheiros.com\/wp-content\/uploads\/2019\/11\/big32_1566482459.jpg\" title=\"\">            <div class=\"box has-hover gallery-box box-none\">\n              <div class=\"box-image\" style=\"width:86%;\">\n                <img loading=\"lazy\" decoding=\"async\" width=\"280\" height=\"280\" src=\"https:\/\/www.montanheiros.com\/wp-content\/uploads\/2019\/11\/big32_1566482459-280x280.jpg\" class=\"attachment-thumbnail size-thumbnail\" alt=\"\" ids=\"11082,11083,11084,11085,11086,11087,11088,11089,11090,11091,11092,11093,11094,11095,11096,11097,11098,11099,11100,11101,11102,11103,11104,11105,11106,11107,11108,11109,11110,11111,11112,11113,11114,11115,11116,11117,11118\" style=\"none\" type=\"slider\" columns=\"2\" image_width=\"86\" image_size=\"thumbnail\" srcset=\"https:\/\/www.montanheiros.com\/wp-content\/uploads\/2019\/11\/big32_1566482459-280x280.jpg 280w, https:\/\/www.montanheiros.com\/wp-content\/uploads\/2019\/11\/big32_1566482459-300x300.jpg 300w, https:\/\/www.montanheiros.com\/wp-content\/uploads\/2019\/11\/big32_1566482459-100x100.jpg 100w\" sizes=\"auto, (max-width: 280px) 100vw, 280px\" \/>                                                              <\/div>\n              <div class=\"box-text text-left\" >\n                 <p><\/p>\n              <\/div>\n            <\/div>\n            <\/a>          <\/div>\n         <\/div><div class=\"gallery-col col\" >\n          <div class=\"col-inner\">\n            <a class=\"image-lightbox lightbox-gallery\" href=\"https:\/\/www.montanheiros.com\/wp-content\/uploads\/2019\/11\/big31_1566482458.jpg\" title=\"\">            <div class=\"box has-hover gallery-box box-none\">\n              <div class=\"box-image\" style=\"width:86%;\">\n                <img loading=\"lazy\" decoding=\"async\" width=\"280\" height=\"280\" src=\"https:\/\/www.montanheiros.com\/wp-content\/uploads\/2019\/11\/big31_1566482458-280x280.jpg\" class=\"attachment-thumbnail size-thumbnail\" alt=\"\" ids=\"11082,11083,11084,11085,11086,11087,11088,11089,11090,11091,11092,11093,11094,11095,11096,11097,11098,11099,11100,11101,11102,11103,11104,11105,11106,11107,11108,11109,11110,11111,11112,11113,11114,11115,11116,11117,11118\" style=\"none\" type=\"slider\" columns=\"2\" image_width=\"86\" image_size=\"thumbnail\" srcset=\"https:\/\/www.montanheiros.com\/wp-content\/uploads\/2019\/11\/big31_1566482458-280x280.jpg 280w, https:\/\/www.montanheiros.com\/wp-content\/uploads\/2019\/11\/big31_1566482458-300x300.jpg 300w, https:\/\/www.montanheiros.com\/wp-content\/uploads\/2019\/11\/big31_1566482458-100x100.jpg 100w\" sizes=\"auto, (max-width: 280px) 100vw, 280px\" \/>                                                              <\/div>\n              <div class=\"box-text text-left\" >\n                 <p><\/p>\n              <\/div>\n            <\/div>\n            <\/a>          <\/div>\n         <\/div><div class=\"gallery-col col\" >\n          <div class=\"col-inner\">\n            <a class=\"image-lightbox lightbox-gallery\" href=\"https:\/\/www.montanheiros.com\/wp-content\/uploads\/2019\/11\/big34_1566482459.jpg\" title=\"\">            <div class=\"box has-hover gallery-box box-none\">\n              <div class=\"box-image\" style=\"width:86%;\">\n                <img loading=\"lazy\" decoding=\"async\" width=\"280\" height=\"280\" src=\"https:\/\/www.montanheiros.com\/wp-content\/uploads\/2019\/11\/big34_1566482459-280x280.jpg\" class=\"attachment-thumbnail size-thumbnail\" alt=\"\" ids=\"11082,11083,11084,11085,11086,11087,11088,11089,11090,11091,11092,11093,11094,11095,11096,11097,11098,11099,11100,11101,11102,11103,11104,11105,11106,11107,11108,11109,11110,11111,11112,11113,11114,11115,11116,11117,11118\" style=\"none\" type=\"slider\" columns=\"2\" image_width=\"86\" image_size=\"thumbnail\" srcset=\"https:\/\/www.montanheiros.com\/wp-content\/uploads\/2019\/11\/big34_1566482459-280x280.jpg 280w, https:\/\/www.montanheiros.com\/wp-content\/uploads\/2019\/11\/big34_1566482459-300x300.jpg 300w, https:\/\/www.montanheiros.com\/wp-content\/uploads\/2019\/11\/big34_1566482459-100x100.jpg 100w\" sizes=\"auto, (max-width: 280px) 100vw, 280px\" \/>                                                              <\/div>\n              <div class=\"box-text text-left\" >\n                 <p><\/p>\n              <\/div>\n            <\/div>\n            <\/a>          <\/div>\n         <\/div><div class=\"gallery-col col\" >\n          <div class=\"col-inner\">\n            <a class=\"image-lightbox lightbox-gallery\" href=\"https:\/\/www.montanheiros.com\/wp-content\/uploads\/2019\/11\/big35_1566482460.jpg\" title=\"\">            <div class=\"box has-hover gallery-box box-none\">\n              <div class=\"box-image\" style=\"width:86%;\">\n                <img loading=\"lazy\" decoding=\"async\" width=\"280\" height=\"280\" src=\"https:\/\/www.montanheiros.com\/wp-content\/uploads\/2019\/11\/big35_1566482460-280x280.jpg\" class=\"attachment-thumbnail size-thumbnail\" alt=\"\" ids=\"11082,11083,11084,11085,11086,11087,11088,11089,11090,11091,11092,11093,11094,11095,11096,11097,11098,11099,11100,11101,11102,11103,11104,11105,11106,11107,11108,11109,11110,11111,11112,11113,11114,11115,11116,11117,11118\" style=\"none\" type=\"slider\" columns=\"2\" image_width=\"86\" image_size=\"thumbnail\" srcset=\"https:\/\/www.montanheiros.com\/wp-content\/uploads\/2019\/11\/big35_1566482460-280x280.jpg 280w, https:\/\/www.montanheiros.com\/wp-content\/uploads\/2019\/11\/big35_1566482460-300x300.jpg 300w, https:\/\/www.montanheiros.com\/wp-content\/uploads\/2019\/11\/big35_1566482460-100x100.jpg 100w\" sizes=\"auto, (max-width: 280px) 100vw, 280px\" \/>                                                              <\/div>\n              <div class=\"box-text text-left\" >\n                 <p><\/p>\n              <\/div>\n            <\/div>\n            <\/a>          <\/div>\n         <\/div><div class=\"gallery-col col\" >\n          <div class=\"col-inner\">\n            <a class=\"image-lightbox lightbox-gallery\" href=\"https:\/\/www.montanheiros.com\/wp-content\/uploads\/2019\/11\/big37_1566482461.jpg\" title=\"\">            <div class=\"box has-hover gallery-box box-none\">\n              <div class=\"box-image\" style=\"width:86%;\">\n                <img loading=\"lazy\" decoding=\"async\" width=\"280\" height=\"280\" src=\"https:\/\/www.montanheiros.com\/wp-content\/uploads\/2019\/11\/big37_1566482461-280x280.jpg\" class=\"attachment-thumbnail size-thumbnail\" alt=\"\" ids=\"11082,11083,11084,11085,11086,11087,11088,11089,11090,11091,11092,11093,11094,11095,11096,11097,11098,11099,11100,11101,11102,11103,11104,11105,11106,11107,11108,11109,11110,11111,11112,11113,11114,11115,11116,11117,11118\" style=\"none\" type=\"slider\" columns=\"2\" image_width=\"86\" image_size=\"thumbnail\" srcset=\"https:\/\/www.montanheiros.com\/wp-content\/uploads\/2019\/11\/big37_1566482461-280x280.jpg 280w, https:\/\/www.montanheiros.com\/wp-content\/uploads\/2019\/11\/big37_1566482461-300x300.jpg 300w, https:\/\/www.montanheiros.com\/wp-content\/uploads\/2019\/11\/big37_1566482461-100x100.jpg 100w\" sizes=\"auto, (max-width: 280px) 100vw, 280px\" \/>                                                              <\/div>\n              <div class=\"box-text text-left\" >\n                 <p><\/p>\n              <\/div>\n            <\/div>\n            <\/a>          <\/div>\n         <\/div><div class=\"gallery-col col\" >\n          <div class=\"col-inner\">\n            <a class=\"image-lightbox lightbox-gallery\" href=\"https:\/\/www.montanheiros.com\/wp-content\/uploads\/2019\/11\/big36_1566482460-600x800.jpg\" title=\"\">            <div class=\"box has-hover gallery-box box-none\">\n              <div class=\"box-image\" style=\"width:86%;\">\n                <img loading=\"lazy\" decoding=\"async\" width=\"280\" height=\"280\" src=\"https:\/\/www.montanheiros.com\/wp-content\/uploads\/2019\/11\/big36_1566482460-280x280.jpg\" class=\"attachment-thumbnail size-thumbnail\" alt=\"\" ids=\"11082,11083,11084,11085,11086,11087,11088,11089,11090,11091,11092,11093,11094,11095,11096,11097,11098,11099,11100,11101,11102,11103,11104,11105,11106,11107,11108,11109,11110,11111,11112,11113,11114,11115,11116,11117,11118\" style=\"none\" type=\"slider\" columns=\"2\" image_width=\"86\" image_size=\"thumbnail\" srcset=\"https:\/\/www.montanheiros.com\/wp-content\/uploads\/2019\/11\/big36_1566482460-280x280.jpg 280w, https:\/\/www.montanheiros.com\/wp-content\/uploads\/2019\/11\/big36_1566482460-300x300.jpg 300w, https:\/\/www.montanheiros.com\/wp-content\/uploads\/2019\/11\/big36_1566482460-100x100.jpg 100w\" sizes=\"auto, (max-width: 280px) 100vw, 280px\" \/>                                                              <\/div>\n              <div class=\"box-text text-left\" >\n                 <p><\/p>\n              <\/div>\n            <\/div>\n            <\/a>          <\/div>\n         <\/div><div class=\"gallery-col col\" >\n          <div class=\"col-inner\">\n            <a class=\"image-lightbox lightbox-gallery\" href=\"https:\/\/www.montanheiros.com\/wp-content\/uploads\/2019\/11\/big20_1566482455-533x800.jpg\" title=\"\">            <div class=\"box has-hover gallery-box box-none\">\n              <div class=\"box-image\" style=\"width:86%;\">\n                <img loading=\"lazy\" decoding=\"async\" width=\"280\" height=\"280\" src=\"https:\/\/www.montanheiros.com\/wp-content\/uploads\/2019\/11\/big20_1566482455-280x280.jpg\" class=\"attachment-thumbnail size-thumbnail\" alt=\"\" ids=\"11082,11083,11084,11085,11086,11087,11088,11089,11090,11091,11092,11093,11094,11095,11096,11097,11098,11099,11100,11101,11102,11103,11104,11105,11106,11107,11108,11109,11110,11111,11112,11113,11114,11115,11116,11117,11118\" style=\"none\" type=\"slider\" columns=\"2\" image_width=\"86\" image_size=\"thumbnail\" srcset=\"https:\/\/www.montanheiros.com\/wp-content\/uploads\/2019\/11\/big20_1566482455-280x280.jpg 280w, https:\/\/www.montanheiros.com\/wp-content\/uploads\/2019\/11\/big20_1566482455-300x300.jpg 300w, https:\/\/www.montanheiros.com\/wp-content\/uploads\/2019\/11\/big20_1566482455-100x100.jpg 100w\" sizes=\"auto, (max-width: 280px) 100vw, 280px\" \/>                                                              <\/div>\n              <div class=\"box-text text-left\" >\n                 <p><\/p>\n              <\/div>\n            <\/div>\n            <\/a>          <\/div>\n         <\/div><div class=\"gallery-col col\" >\n          <div class=\"col-inner\">\n            <a class=\"image-lightbox lightbox-gallery\" href=\"https:\/\/www.montanheiros.com\/wp-content\/uploads\/2019\/11\/big25_1566482457.jpg\" title=\"\">            <div class=\"box has-hover gallery-box box-none\">\n              <div class=\"box-image\" style=\"width:86%;\">\n                <img loading=\"lazy\" decoding=\"async\" width=\"280\" height=\"280\" src=\"https:\/\/www.montanheiros.com\/wp-content\/uploads\/2019\/11\/big25_1566482457-280x280.jpg\" class=\"attachment-thumbnail size-thumbnail\" alt=\"\" ids=\"11082,11083,11084,11085,11086,11087,11088,11089,11090,11091,11092,11093,11094,11095,11096,11097,11098,11099,11100,11101,11102,11103,11104,11105,11106,11107,11108,11109,11110,11111,11112,11113,11114,11115,11116,11117,11118\" style=\"none\" type=\"slider\" columns=\"2\" image_width=\"86\" image_size=\"thumbnail\" srcset=\"https:\/\/www.montanheiros.com\/wp-content\/uploads\/2019\/11\/big25_1566482457-280x280.jpg 280w, https:\/\/www.montanheiros.com\/wp-content\/uploads\/2019\/11\/big25_1566482457-300x300.jpg 300w, https:\/\/www.montanheiros.com\/wp-content\/uploads\/2019\/11\/big25_1566482457-100x100.jpg 100w\" sizes=\"auto, (max-width: 280px) 100vw, 280px\" \/>                                                              <\/div>\n              <div class=\"box-text text-left\" >\n                 <p><\/p>\n              <\/div>\n            <\/div>\n            <\/a>          <\/div>\n         <\/div><div class=\"gallery-col col\" >\n          <div class=\"col-inner\">\n            <a class=\"image-lightbox lightbox-gallery\" href=\"https:\/\/www.montanheiros.com\/wp-content\/uploads\/2019\/11\/big27_1566482458.jpg\" title=\"\">            <div class=\"box has-hover gallery-box box-none\">\n              <div class=\"box-image\" style=\"width:86%;\">\n                <img loading=\"lazy\" decoding=\"async\" width=\"280\" height=\"280\" src=\"https:\/\/www.montanheiros.com\/wp-content\/uploads\/2019\/11\/big27_1566482458-280x280.jpg\" class=\"attachment-thumbnail size-thumbnail\" alt=\"\" ids=\"11082,11083,11084,11085,11086,11087,11088,11089,11090,11091,11092,11093,11094,11095,11096,11097,11098,11099,11100,11101,11102,11103,11104,11105,11106,11107,11108,11109,11110,11111,11112,11113,11114,11115,11116,11117,11118\" style=\"none\" type=\"slider\" columns=\"2\" image_width=\"86\" image_size=\"thumbnail\" srcset=\"https:\/\/www.montanheiros.com\/wp-content\/uploads\/2019\/11\/big27_1566482458-280x280.jpg 280w, https:\/\/www.montanheiros.com\/wp-content\/uploads\/2019\/11\/big27_1566482458-300x300.jpg 300w, https:\/\/www.montanheiros.com\/wp-content\/uploads\/2019\/11\/big27_1566482458-100x100.jpg 100w\" sizes=\"auto, (max-width: 280px) 100vw, 280px\" \/>                                                              <\/div>\n              <div class=\"box-text text-left\" >\n                 <p><\/p>\n              <\/div>\n            <\/div>\n            <\/a>          <\/div>\n         <\/div><div class=\"gallery-col col\" >\n          <div class=\"col-inner\">\n            <a class=\"image-lightbox lightbox-gallery\" href=\"https:\/\/www.montanheiros.com\/wp-content\/uploads\/2019\/11\/big26_1566482457.jpg\" title=\"\">            <div class=\"box has-hover gallery-box box-none\">\n              <div class=\"box-image\" style=\"width:86%;\">\n                <img loading=\"lazy\" decoding=\"async\" width=\"280\" height=\"280\" src=\"https:\/\/www.montanheiros.com\/wp-content\/uploads\/2019\/11\/big26_1566482457-280x280.jpg\" class=\"attachment-thumbnail size-thumbnail\" alt=\"\" ids=\"11082,11083,11084,11085,11086,11087,11088,11089,11090,11091,11092,11093,11094,11095,11096,11097,11098,11099,11100,11101,11102,11103,11104,11105,11106,11107,11108,11109,11110,11111,11112,11113,11114,11115,11116,11117,11118\" style=\"none\" type=\"slider\" columns=\"2\" image_width=\"86\" image_size=\"thumbnail\" srcset=\"https:\/\/www.montanheiros.com\/wp-content\/uploads\/2019\/11\/big26_1566482457-280x280.jpg 280w, https:\/\/www.montanheiros.com\/wp-content\/uploads\/2019\/11\/big26_1566482457-300x300.jpg 300w, https:\/\/www.montanheiros.com\/wp-content\/uploads\/2019\/11\/big26_1566482457-100x100.jpg 100w\" sizes=\"auto, (max-width: 280px) 100vw, 280px\" \/>                                                              <\/div>\n              <div class=\"box-text text-left\" >\n                 <p><\/p>\n              <\/div>\n            <\/div>\n            <\/a>          <\/div>\n         <\/div><div class=\"gallery-col col\" >\n          <div class=\"col-inner\">\n            <a class=\"image-lightbox lightbox-gallery\" href=\"https:\/\/www.montanheiros.com\/wp-content\/uploads\/2019\/11\/big28_1566482458-600x800.jpg\" title=\"\">            <div class=\"box has-hover gallery-box box-none\">\n              <div class=\"box-image\" style=\"width:86%;\">\n                <img loading=\"lazy\" decoding=\"async\" width=\"280\" height=\"280\" src=\"https:\/\/www.montanheiros.com\/wp-content\/uploads\/2019\/11\/big28_1566482458-280x280.jpg\" class=\"attachment-thumbnail size-thumbnail\" alt=\"\" ids=\"11082,11083,11084,11085,11086,11087,11088,11089,11090,11091,11092,11093,11094,11095,11096,11097,11098,11099,11100,11101,11102,11103,11104,11105,11106,11107,11108,11109,11110,11111,11112,11113,11114,11115,11116,11117,11118\" style=\"none\" type=\"slider\" columns=\"2\" image_width=\"86\" image_size=\"thumbnail\" srcset=\"https:\/\/www.montanheiros.com\/wp-content\/uploads\/2019\/11\/big28_1566482458-280x280.jpg 280w, https:\/\/www.montanheiros.com\/wp-content\/uploads\/2019\/11\/big28_1566482458-300x300.jpg 300w, https:\/\/www.montanheiros.com\/wp-content\/uploads\/2019\/11\/big28_1566482458-100x100.jpg 100w\" sizes=\"auto, (max-width: 280px) 100vw, 280px\" \/>                                                              <\/div>\n              <div class=\"box-text text-left\" >\n                 <p><\/p>\n              <\/div>\n            <\/div>\n            <\/a>          <\/div>\n         <\/div><div class=\"gallery-col col\" >\n          <div class=\"col-inner\">\n            <a class=\"image-lightbox lightbox-gallery\" href=\"https:\/\/www.montanheiros.com\/wp-content\/uploads\/2019\/11\/big24_1566482457-533x800.jpg\" title=\"\">            <div class=\"box has-hover gallery-box box-none\">\n              <div class=\"box-image\" style=\"width:86%;\">\n                <img loading=\"lazy\" decoding=\"async\" width=\"280\" height=\"280\" src=\"https:\/\/www.montanheiros.com\/wp-content\/uploads\/2019\/11\/big24_1566482457-280x280.jpg\" class=\"attachment-thumbnail size-thumbnail\" alt=\"\" ids=\"11082,11083,11084,11085,11086,11087,11088,11089,11090,11091,11092,11093,11094,11095,11096,11097,11098,11099,11100,11101,11102,11103,11104,11105,11106,11107,11108,11109,11110,11111,11112,11113,11114,11115,11116,11117,11118\" style=\"none\" type=\"slider\" columns=\"2\" image_width=\"86\" image_size=\"thumbnail\" srcset=\"https:\/\/www.montanheiros.com\/wp-content\/uploads\/2019\/11\/big24_1566482457-280x280.jpg 280w, https:\/\/www.montanheiros.com\/wp-content\/uploads\/2019\/11\/big24_1566482457-300x300.jpg 300w, https:\/\/www.montanheiros.com\/wp-content\/uploads\/2019\/11\/big24_1566482457-100x100.jpg 100w\" sizes=\"auto, (max-width: 280px) 100vw, 280px\" \/>                                                              <\/div>\n              <div class=\"box-text text-left\" >\n                 <p><\/p>\n              <\/div>\n            <\/div>\n            <\/a>          <\/div>\n         <\/div><div class=\"gallery-col col\" >\n          <div class=\"col-inner\">\n            <a class=\"image-lightbox lightbox-gallery\" href=\"https:\/\/www.montanheiros.com\/wp-content\/uploads\/2019\/11\/big23_1566482456-600x800.jpg\" title=\"\">            <div class=\"box has-hover gallery-box box-none\">\n              <div class=\"box-image\" style=\"width:86%;\">\n                <img loading=\"lazy\" decoding=\"async\" width=\"280\" height=\"280\" src=\"https:\/\/www.montanheiros.com\/wp-content\/uploads\/2019\/11\/big23_1566482456-280x280.jpg\" class=\"attachment-thumbnail size-thumbnail\" alt=\"\" ids=\"11082,11083,11084,11085,11086,11087,11088,11089,11090,11091,11092,11093,11094,11095,11096,11097,11098,11099,11100,11101,11102,11103,11104,11105,11106,11107,11108,11109,11110,11111,11112,11113,11114,11115,11116,11117,11118\" style=\"none\" type=\"slider\" columns=\"2\" image_width=\"86\" image_size=\"thumbnail\" srcset=\"https:\/\/www.montanheiros.com\/wp-content\/uploads\/2019\/11\/big23_1566482456-280x280.jpg 280w, https:\/\/www.montanheiros.com\/wp-content\/uploads\/2019\/11\/big23_1566482456-300x300.jpg 300w, https:\/\/www.montanheiros.com\/wp-content\/uploads\/2019\/11\/big23_1566482456-100x100.jpg 100w\" sizes=\"auto, (max-width: 280px) 100vw, 280px\" \/>                                                              <\/div>\n              <div class=\"box-text text-left\" >\n                 <p><\/p>\n              <\/div>\n            <\/div>\n            <\/a>          <\/div>\n         <\/div><div class=\"gallery-col col\" >\n          <div class=\"col-inner\">\n            <a class=\"image-lightbox lightbox-gallery\" href=\"https:\/\/www.montanheiros.com\/wp-content\/uploads\/2019\/11\/big29_1566482458-533x800.jpg\" title=\"\">            <div class=\"box has-hover gallery-box box-none\">\n              <div class=\"box-image\" style=\"width:86%;\">\n                <img loading=\"lazy\" decoding=\"async\" width=\"280\" height=\"280\" src=\"https:\/\/www.montanheiros.com\/wp-content\/uploads\/2019\/11\/big29_1566482458-280x280.jpg\" class=\"attachment-thumbnail size-thumbnail\" alt=\"\" ids=\"11082,11083,11084,11085,11086,11087,11088,11089,11090,11091,11092,11093,11094,11095,11096,11097,11098,11099,11100,11101,11102,11103,11104,11105,11106,11107,11108,11109,11110,11111,11112,11113,11114,11115,11116,11117,11118\" style=\"none\" type=\"slider\" columns=\"2\" image_width=\"86\" image_size=\"thumbnail\" srcset=\"https:\/\/www.montanheiros.com\/wp-content\/uploads\/2019\/11\/big29_1566482458-280x280.jpg 280w, https:\/\/www.montanheiros.com\/wp-content\/uploads\/2019\/11\/big29_1566482458-300x300.jpg 300w, https:\/\/www.montanheiros.com\/wp-content\/uploads\/2019\/11\/big29_1566482458-100x100.jpg 100w\" sizes=\"auto, (max-width: 280px) 100vw, 280px\" \/>                                                              <\/div>\n              <div class=\"box-text text-left\" >\n                 <p><\/p>\n              <\/div>\n            <\/div>\n            <\/a>          <\/div>\n         <\/div><div class=\"gallery-col col\" >\n          <div class=\"col-inner\">\n            <a class=\"image-lightbox lightbox-gallery\" href=\"https:\/\/www.montanheiros.com\/wp-content\/uploads\/2019\/11\/big30_1566482458.jpg\" title=\"\">            <div class=\"box has-hover gallery-box box-none\">\n              <div class=\"box-image\" style=\"width:86%;\">\n                <img loading=\"lazy\" decoding=\"async\" width=\"280\" height=\"280\" src=\"https:\/\/www.montanheiros.com\/wp-content\/uploads\/2019\/11\/big30_1566482458-280x280.jpg\" class=\"attachment-thumbnail size-thumbnail\" alt=\"\" ids=\"11082,11083,11084,11085,11086,11087,11088,11089,11090,11091,11092,11093,11094,11095,11096,11097,11098,11099,11100,11101,11102,11103,11104,11105,11106,11107,11108,11109,11110,11111,11112,11113,11114,11115,11116,11117,11118\" style=\"none\" type=\"slider\" columns=\"2\" image_width=\"86\" image_size=\"thumbnail\" srcset=\"https:\/\/www.montanheiros.com\/wp-content\/uploads\/2019\/11\/big30_1566482458-280x280.jpg 280w, https:\/\/www.montanheiros.com\/wp-content\/uploads\/2019\/11\/big30_1566482458-300x300.jpg 300w, https:\/\/www.montanheiros.com\/wp-content\/uploads\/2019\/11\/big30_1566482458-100x100.jpg 100w\" sizes=\"auto, (max-width: 280px) 100vw, 280px\" \/>                                                              <\/div>\n              <div class=\"box-text text-left\" >\n                 <p><\/p>\n              <\/div>\n            <\/div>\n            <\/a>          <\/div>\n         <\/div><div class=\"gallery-col col\" >\n          <div class=\"col-inner\">\n            <a class=\"image-lightbox lightbox-gallery\" href=\"https:\/\/www.montanheiros.com\/wp-content\/uploads\/2019\/11\/big9_1566482450.jpg\" title=\"\">            <div class=\"box has-hover gallery-box box-none\">\n              <div class=\"box-image\" style=\"width:86%;\">\n                <img loading=\"lazy\" decoding=\"async\" width=\"280\" height=\"280\" src=\"https:\/\/www.montanheiros.com\/wp-content\/uploads\/2019\/11\/big9_1566482450-280x280.jpg\" class=\"attachment-thumbnail size-thumbnail\" alt=\"\" ids=\"11082,11083,11084,11085,11086,11087,11088,11089,11090,11091,11092,11093,11094,11095,11096,11097,11098,11099,11100,11101,11102,11103,11104,11105,11106,11107,11108,11109,11110,11111,11112,11113,11114,11115,11116,11117,11118\" style=\"none\" type=\"slider\" columns=\"2\" image_width=\"86\" image_size=\"thumbnail\" srcset=\"https:\/\/www.montanheiros.com\/wp-content\/uploads\/2019\/11\/big9_1566482450-280x280.jpg 280w, https:\/\/www.montanheiros.com\/wp-content\/uploads\/2019\/11\/big9_1566482450-300x300.jpg 300w, https:\/\/www.montanheiros.com\/wp-content\/uploads\/2019\/11\/big9_1566482450-100x100.jpg 100w\" sizes=\"auto, (max-width: 280px) 100vw, 280px\" \/>                                                              <\/div>\n              <div class=\"box-text text-left\" >\n                 <p><\/p>\n              <\/div>\n            <\/div>\n            <\/a>          <\/div>\n         <\/div><div class=\"gallery-col col\" >\n          <div class=\"col-inner\">\n            <a class=\"image-lightbox lightbox-gallery\" href=\"https:\/\/www.montanheiros.com\/wp-content\/uploads\/2019\/11\/big11_1566482451.jpg\" title=\"\">            <div class=\"box has-hover gallery-box box-none\">\n              <div class=\"box-image\" style=\"width:86%;\">\n                <img loading=\"lazy\" decoding=\"async\" width=\"280\" height=\"280\" src=\"https:\/\/www.montanheiros.com\/wp-content\/uploads\/2019\/11\/big11_1566482451-280x280.jpg\" class=\"attachment-thumbnail size-thumbnail\" alt=\"\" ids=\"11082,11083,11084,11085,11086,11087,11088,11089,11090,11091,11092,11093,11094,11095,11096,11097,11098,11099,11100,11101,11102,11103,11104,11105,11106,11107,11108,11109,11110,11111,11112,11113,11114,11115,11116,11117,11118\" style=\"none\" type=\"slider\" columns=\"2\" image_width=\"86\" image_size=\"thumbnail\" srcset=\"https:\/\/www.montanheiros.com\/wp-content\/uploads\/2019\/11\/big11_1566482451-280x280.jpg 280w, https:\/\/www.montanheiros.com\/wp-content\/uploads\/2019\/11\/big11_1566482451-300x300.jpg 300w, https:\/\/www.montanheiros.com\/wp-content\/uploads\/2019\/11\/big11_1566482451-100x100.jpg 100w\" sizes=\"auto, (max-width: 280px) 100vw, 280px\" \/>                                                              <\/div>\n              <div class=\"box-text text-left\" >\n                 <p><\/p>\n              <\/div>\n            <\/div>\n            <\/a>          <\/div>\n         <\/div><div class=\"gallery-col col\" >\n          <div class=\"col-inner\">\n            <a class=\"image-lightbox lightbox-gallery\" href=\"https:\/\/www.montanheiros.com\/wp-content\/uploads\/2019\/11\/big10_1566482451.jpg\" title=\"\">            <div class=\"box has-hover gallery-box box-none\">\n              <div class=\"box-image\" style=\"width:86%;\">\n                <img loading=\"lazy\" decoding=\"async\" width=\"280\" height=\"280\" src=\"https:\/\/www.montanheiros.com\/wp-content\/uploads\/2019\/11\/big10_1566482451-280x280.jpg\" class=\"attachment-thumbnail size-thumbnail\" alt=\"\" ids=\"11082,11083,11084,11085,11086,11087,11088,11089,11090,11091,11092,11093,11094,11095,11096,11097,11098,11099,11100,11101,11102,11103,11104,11105,11106,11107,11108,11109,11110,11111,11112,11113,11114,11115,11116,11117,11118\" style=\"none\" type=\"slider\" columns=\"2\" image_width=\"86\" image_size=\"thumbnail\" srcset=\"https:\/\/www.montanheiros.com\/wp-content\/uploads\/2019\/11\/big10_1566482451-280x280.jpg 280w, https:\/\/www.montanheiros.com\/wp-content\/uploads\/2019\/11\/big10_1566482451-300x300.jpg 300w, https:\/\/www.montanheiros.com\/wp-content\/uploads\/2019\/11\/big10_1566482451-100x100.jpg 100w\" sizes=\"auto, (max-width: 280px) 100vw, 280px\" \/>                                                              <\/div>\n              <div class=\"box-text text-left\" >\n                 <p><\/p>\n              <\/div>\n            <\/div>\n            <\/a>          <\/div>\n         <\/div><div class=\"gallery-col col\" >\n          <div class=\"col-inner\">\n            <a class=\"image-lightbox lightbox-gallery\" href=\"https:\/\/www.montanheiros.com\/wp-content\/uploads\/2019\/11\/big14_1566482452.jpg\" title=\"\">            <div class=\"box has-hover gallery-box box-none\">\n              <div class=\"box-image\" style=\"width:86%;\">\n                <img loading=\"lazy\" decoding=\"async\" width=\"280\" height=\"280\" src=\"https:\/\/www.montanheiros.com\/wp-content\/uploads\/2019\/11\/big14_1566482452-280x280.jpg\" class=\"attachment-thumbnail size-thumbnail\" alt=\"\" ids=\"11082,11083,11084,11085,11086,11087,11088,11089,11090,11091,11092,11093,11094,11095,11096,11097,11098,11099,11100,11101,11102,11103,11104,11105,11106,11107,11108,11109,11110,11111,11112,11113,11114,11115,11116,11117,11118\" style=\"none\" type=\"slider\" columns=\"2\" image_width=\"86\" image_size=\"thumbnail\" srcset=\"https:\/\/www.montanheiros.com\/wp-content\/uploads\/2019\/11\/big14_1566482452-280x280.jpg 280w, https:\/\/www.montanheiros.com\/wp-content\/uploads\/2019\/11\/big14_1566482452-300x300.jpg 300w, https:\/\/www.montanheiros.com\/wp-content\/uploads\/2019\/11\/big14_1566482452-100x100.jpg 100w\" sizes=\"auto, (max-width: 280px) 100vw, 280px\" \/>                                                              <\/div>\n              <div class=\"box-text text-left\" >\n                 <p><\/p>\n              <\/div>\n            <\/div>\n            <\/a>          <\/div>\n         <\/div><div class=\"gallery-col col\" >\n          <div class=\"col-inner\">\n            <a class=\"image-lightbox lightbox-gallery\" href=\"https:\/\/www.montanheiros.com\/wp-content\/uploads\/2019\/11\/big16_1566482453-533x800.jpg\" title=\"\">            <div class=\"box has-hover gallery-box box-none\">\n              <div class=\"box-image\" style=\"width:86%;\">\n                <img loading=\"lazy\" decoding=\"async\" width=\"280\" height=\"280\" src=\"https:\/\/www.montanheiros.com\/wp-content\/uploads\/2019\/11\/big16_1566482453-280x280.jpg\" class=\"attachment-thumbnail size-thumbnail\" alt=\"\" ids=\"11082,11083,11084,11085,11086,11087,11088,11089,11090,11091,11092,11093,11094,11095,11096,11097,11098,11099,11100,11101,11102,11103,11104,11105,11106,11107,11108,11109,11110,11111,11112,11113,11114,11115,11116,11117,11118\" style=\"none\" type=\"slider\" columns=\"2\" image_width=\"86\" image_size=\"thumbnail\" srcset=\"https:\/\/www.montanheiros.com\/wp-content\/uploads\/2019\/11\/big16_1566482453-280x280.jpg 280w, https:\/\/www.montanheiros.com\/wp-content\/uploads\/2019\/11\/big16_1566482453-300x300.jpg 300w, https:\/\/www.montanheiros.com\/wp-content\/uploads\/2019\/11\/big16_1566482453-100x100.jpg 100w\" sizes=\"auto, (max-width: 280px) 100vw, 280px\" \/>                                                              <\/div>\n              <div class=\"box-text text-left\" >\n                 <p><\/p>\n              <\/div>\n            <\/div>\n            <\/a>          <\/div>\n         <\/div><div class=\"gallery-col col\" >\n          <div class=\"col-inner\">\n            <a class=\"image-lightbox lightbox-gallery\" href=\"https:\/\/www.montanheiros.com\/wp-content\/uploads\/2019\/11\/big12_1566482452.jpg\" title=\"\">            <div class=\"box has-hover gallery-box box-none\">\n              <div class=\"box-image\" style=\"width:86%;\">\n                <img loading=\"lazy\" decoding=\"async\" width=\"280\" height=\"280\" src=\"https:\/\/www.montanheiros.com\/wp-content\/uploads\/2019\/11\/big12_1566482452-280x280.jpg\" class=\"attachment-thumbnail size-thumbnail\" alt=\"\" ids=\"11082,11083,11084,11085,11086,11087,11088,11089,11090,11091,11092,11093,11094,11095,11096,11097,11098,11099,11100,11101,11102,11103,11104,11105,11106,11107,11108,11109,11110,11111,11112,11113,11114,11115,11116,11117,11118\" style=\"none\" type=\"slider\" columns=\"2\" image_width=\"86\" image_size=\"thumbnail\" srcset=\"https:\/\/www.montanheiros.com\/wp-content\/uploads\/2019\/11\/big12_1566482452-280x280.jpg 280w, https:\/\/www.montanheiros.com\/wp-content\/uploads\/2019\/11\/big12_1566482452-300x300.jpg 300w, https:\/\/www.montanheiros.com\/wp-content\/uploads\/2019\/11\/big12_1566482452-100x100.jpg 100w\" sizes=\"auto, (max-width: 280px) 100vw, 280px\" \/>                                                              <\/div>\n              <div class=\"box-text text-left\" >\n                 <p><\/p>\n              <\/div>\n            <\/div>\n            <\/a>          <\/div>\n         <\/div><div class=\"gallery-col col\" >\n          <div class=\"col-inner\">\n            <a class=\"image-lightbox lightbox-gallery\" href=\"https:\/\/www.montanheiros.com\/wp-content\/uploads\/2019\/11\/big18_1566482453.jpg\" title=\"\">            <div class=\"box has-hover gallery-box box-none\">\n              <div class=\"box-image\" style=\"width:86%;\">\n                <img loading=\"lazy\" decoding=\"async\" width=\"280\" height=\"280\" src=\"https:\/\/www.montanheiros.com\/wp-content\/uploads\/2019\/11\/big18_1566482453-280x280.jpg\" class=\"attachment-thumbnail size-thumbnail\" alt=\"\" ids=\"11082,11083,11084,11085,11086,11087,11088,11089,11090,11091,11092,11093,11094,11095,11096,11097,11098,11099,11100,11101,11102,11103,11104,11105,11106,11107,11108,11109,11110,11111,11112,11113,11114,11115,11116,11117,11118\" style=\"none\" type=\"slider\" columns=\"2\" image_width=\"86\" image_size=\"thumbnail\" srcset=\"https:\/\/www.montanheiros.com\/wp-content\/uploads\/2019\/11\/big18_1566482453-280x280.jpg 280w, https:\/\/www.montanheiros.com\/wp-content\/uploads\/2019\/11\/big18_1566482453-300x300.jpg 300w, https:\/\/www.montanheiros.com\/wp-content\/uploads\/2019\/11\/big18_1566482453-100x100.jpg 100w\" sizes=\"auto, (max-width: 280px) 100vw, 280px\" \/>                                                              <\/div>\n              <div class=\"box-text text-left\" >\n                 <p><\/p>\n              <\/div>\n            <\/div>\n            <\/a>          <\/div>\n         <\/div><div class=\"gallery-col col\" >\n          <div class=\"col-inner\">\n            <a class=\"image-lightbox lightbox-gallery\" href=\"https:\/\/www.montanheiros.com\/wp-content\/uploads\/2019\/11\/big17_1566482453.jpg\" title=\"\">            <div class=\"box has-hover gallery-box box-none\">\n              <div class=\"box-image\" style=\"width:86%;\">\n                <img loading=\"lazy\" decoding=\"async\" width=\"280\" height=\"280\" src=\"https:\/\/www.montanheiros.com\/wp-content\/uploads\/2019\/11\/big17_1566482453-280x280.jpg\" class=\"attachment-thumbnail size-thumbnail\" alt=\"\" ids=\"11082,11083,11084,11085,11086,11087,11088,11089,11090,11091,11092,11093,11094,11095,11096,11097,11098,11099,11100,11101,11102,11103,11104,11105,11106,11107,11108,11109,11110,11111,11112,11113,11114,11115,11116,11117,11118\" style=\"none\" type=\"slider\" columns=\"2\" image_width=\"86\" image_size=\"thumbnail\" srcset=\"https:\/\/www.montanheiros.com\/wp-content\/uploads\/2019\/11\/big17_1566482453-280x280.jpg 280w, https:\/\/www.montanheiros.com\/wp-content\/uploads\/2019\/11\/big17_1566482453-300x300.jpg 300w, https:\/\/www.montanheiros.com\/wp-content\/uploads\/2019\/11\/big17_1566482453-100x100.jpg 100w\" sizes=\"auto, (max-width: 280px) 100vw, 280px\" \/>                                                              <\/div>\n              <div class=\"box-text text-left\" >\n                 <p><\/p>\n              <\/div>\n            <\/div>\n            <\/a>          <\/div>\n         <\/div><div class=\"gallery-col col\" >\n          <div class=\"col-inner\">\n            <a class=\"image-lightbox lightbox-gallery\" href=\"https:\/\/www.montanheiros.com\/wp-content\/uploads\/2019\/11\/big21_1566482455.jpg\" title=\"\">            <div class=\"box has-hover gallery-box box-none\">\n              <div class=\"box-image\" style=\"width:86%;\">\n                <img loading=\"lazy\" decoding=\"async\" width=\"280\" height=\"280\" src=\"https:\/\/www.montanheiros.com\/wp-content\/uploads\/2019\/11\/big21_1566482455-280x280.jpg\" class=\"attachment-thumbnail size-thumbnail\" alt=\"\" ids=\"11082,11083,11084,11085,11086,11087,11088,11089,11090,11091,11092,11093,11094,11095,11096,11097,11098,11099,11100,11101,11102,11103,11104,11105,11106,11107,11108,11109,11110,11111,11112,11113,11114,11115,11116,11117,11118\" style=\"none\" type=\"slider\" columns=\"2\" image_width=\"86\" image_size=\"thumbnail\" srcset=\"https:\/\/www.montanheiros.com\/wp-content\/uploads\/2019\/11\/big21_1566482455-280x280.jpg 280w, https:\/\/www.montanheiros.com\/wp-content\/uploads\/2019\/11\/big21_1566482455-300x300.jpg 300w, https:\/\/www.montanheiros.com\/wp-content\/uploads\/2019\/11\/big21_1566482455-100x100.jpg 100w\" sizes=\"auto, (max-width: 280px) 100vw, 280px\" \/>                                                              <\/div>\n              <div class=\"box-text text-left\" >\n                 <p><\/p>\n              <\/div>\n            <\/div>\n            <\/a>          <\/div>\n         <\/div><div class=\"gallery-col col\" >\n          <div class=\"col-inner\">\n            <a class=\"image-lightbox lightbox-gallery\" href=\"https:\/\/www.montanheiros.com\/wp-content\/uploads\/2019\/11\/big22_1566482456.jpg\" title=\"\">            <div class=\"box has-hover gallery-box box-none\">\n              <div class=\"box-image\" style=\"width:86%;\">\n                <img loading=\"lazy\" decoding=\"async\" width=\"280\" height=\"280\" src=\"https:\/\/www.montanheiros.com\/wp-content\/uploads\/2019\/11\/big22_1566482456-280x280.jpg\" class=\"attachment-thumbnail size-thumbnail\" alt=\"\" ids=\"11082,11083,11084,11085,11086,11087,11088,11089,11090,11091,11092,11093,11094,11095,11096,11097,11098,11099,11100,11101,11102,11103,11104,11105,11106,11107,11108,11109,11110,11111,11112,11113,11114,11115,11116,11117,11118\" style=\"none\" type=\"slider\" columns=\"2\" image_width=\"86\" image_size=\"thumbnail\" srcset=\"https:\/\/www.montanheiros.com\/wp-content\/uploads\/2019\/11\/big22_1566482456-280x280.jpg 280w, https:\/\/www.montanheiros.com\/wp-content\/uploads\/2019\/11\/big22_1566482456-300x300.jpg 300w, https:\/\/www.montanheiros.com\/wp-content\/uploads\/2019\/11\/big22_1566482456-100x100.jpg 100w\" sizes=\"auto, (max-width: 280px) 100vw, 280px\" \/>                                                              <\/div>\n              <div class=\"box-text text-left\" >\n                 <p><\/p>\n              <\/div>\n            <\/div>\n            <\/a>          <\/div>\n         <\/div><div class=\"gallery-col col\" >\n          <div class=\"col-inner\">\n            <a class=\"image-lightbox lightbox-gallery\" href=\"https:\/\/www.montanheiros.com\/wp-content\/uploads\/2019\/11\/big19_1566482454.jpg\" title=\"\">            <div class=\"box has-hover gallery-box box-none\">\n              <div class=\"box-image\" style=\"width:86%;\">\n                <img loading=\"lazy\" decoding=\"async\" width=\"280\" height=\"280\" src=\"https:\/\/www.montanheiros.com\/wp-content\/uploads\/2019\/11\/big19_1566482454-280x280.jpg\" class=\"attachment-thumbnail size-thumbnail\" alt=\"\" ids=\"11082,11083,11084,11085,11086,11087,11088,11089,11090,11091,11092,11093,11094,11095,11096,11097,11098,11099,11100,11101,11102,11103,11104,11105,11106,11107,11108,11109,11110,11111,11112,11113,11114,11115,11116,11117,11118\" style=\"none\" type=\"slider\" columns=\"2\" image_width=\"86\" image_size=\"thumbnail\" srcset=\"https:\/\/www.montanheiros.com\/wp-content\/uploads\/2019\/11\/big19_1566482454-280x280.jpg 280w, https:\/\/www.montanheiros.com\/wp-content\/uploads\/2019\/11\/big19_1566482454-300x300.jpg 300w, https:\/\/www.montanheiros.com\/wp-content\/uploads\/2019\/11\/big19_1566482454-100x100.jpg 100w\" sizes=\"auto, (max-width: 280px) 100vw, 280px\" \/>                                                              <\/div>\n              <div class=\"box-text text-left\" >\n                 <p><\/p>\n              <\/div>\n            <\/div>\n            <\/a>          <\/div>\n         <\/div><div class=\"gallery-col col\" >\n          <div class=\"col-inner\">\n            <a class=\"image-lightbox lightbox-gallery\" href=\"https:\/\/www.montanheiros.com\/wp-content\/uploads\/2019\/11\/big8_1566482450.jpg\" title=\"\">            <div class=\"box has-hover gallery-box box-none\">\n              <div class=\"box-image\" style=\"width:86%;\">\n                <img loading=\"lazy\" decoding=\"async\" width=\"280\" height=\"280\" src=\"https:\/\/www.montanheiros.com\/wp-content\/uploads\/2019\/11\/big8_1566482450-280x280.jpg\" class=\"attachment-thumbnail size-thumbnail\" alt=\"\" ids=\"11082,11083,11084,11085,11086,11087,11088,11089,11090,11091,11092,11093,11094,11095,11096,11097,11098,11099,11100,11101,11102,11103,11104,11105,11106,11107,11108,11109,11110,11111,11112,11113,11114,11115,11116,11117,11118\" style=\"none\" type=\"slider\" columns=\"2\" image_width=\"86\" image_size=\"thumbnail\" srcset=\"https:\/\/www.montanheiros.com\/wp-content\/uploads\/2019\/11\/big8_1566482450-280x280.jpg 280w, https:\/\/www.montanheiros.com\/wp-content\/uploads\/2019\/11\/big8_1566482450-300x300.jpg 300w, https:\/\/www.montanheiros.com\/wp-content\/uploads\/2019\/11\/big8_1566482450-100x100.jpg 100w\" sizes=\"auto, (max-width: 280px) 100vw, 280px\" \/>                                                              <\/div>\n              <div class=\"box-text text-left\" >\n                 <p><\/p>\n              <\/div>\n            <\/div>\n            <\/a>          <\/div>\n         <\/div><div class=\"gallery-col col\" >\n          <div class=\"col-inner\">\n            <a class=\"image-lightbox lightbox-gallery\" href=\"https:\/\/www.montanheiros.com\/wp-content\/uploads\/2019\/11\/big6_1566482449.jpg\" title=\"\">            <div class=\"box has-hover gallery-box box-none\">\n              <div class=\"box-image\" style=\"width:86%;\">\n                <img loading=\"lazy\" decoding=\"async\" width=\"280\" height=\"280\" src=\"https:\/\/www.montanheiros.com\/wp-content\/uploads\/2019\/11\/big6_1566482449-280x280.jpg\" class=\"attachment-thumbnail size-thumbnail\" alt=\"\" ids=\"11082,11083,11084,11085,11086,11087,11088,11089,11090,11091,11092,11093,11094,11095,11096,11097,11098,11099,11100,11101,11102,11103,11104,11105,11106,11107,11108,11109,11110,11111,11112,11113,11114,11115,11116,11117,11118\" style=\"none\" type=\"slider\" columns=\"2\" image_width=\"86\" image_size=\"thumbnail\" srcset=\"https:\/\/www.montanheiros.com\/wp-content\/uploads\/2019\/11\/big6_1566482449-280x280.jpg 280w, https:\/\/www.montanheiros.com\/wp-content\/uploads\/2019\/11\/big6_1566482449-300x300.jpg 300w, https:\/\/www.montanheiros.com\/wp-content\/uploads\/2019\/11\/big6_1566482449-100x100.jpg 100w\" sizes=\"auto, (max-width: 280px) 100vw, 280px\" \/>                                                              <\/div>\n              <div class=\"box-text text-left\" >\n                 <p><\/p>\n              <\/div>\n            <\/div>\n            <\/a>          <\/div>\n         <\/div><div class=\"gallery-col col\" >\n          <div class=\"col-inner\">\n            <a class=\"image-lightbox lightbox-gallery\" href=\"https:\/\/www.montanheiros.com\/wp-content\/uploads\/2019\/11\/big5_1566482449.jpg\" title=\"\">            <div class=\"box has-hover gallery-box box-none\">\n              <div class=\"box-image\" style=\"width:86%;\">\n                <img loading=\"lazy\" decoding=\"async\" width=\"280\" height=\"280\" src=\"https:\/\/www.montanheiros.com\/wp-content\/uploads\/2019\/11\/big5_1566482449-280x280.jpg\" class=\"attachment-thumbnail size-thumbnail\" alt=\"\" ids=\"11082,11083,11084,11085,11086,11087,11088,11089,11090,11091,11092,11093,11094,11095,11096,11097,11098,11099,11100,11101,11102,11103,11104,11105,11106,11107,11108,11109,11110,11111,11112,11113,11114,11115,11116,11117,11118\" style=\"none\" type=\"slider\" columns=\"2\" image_width=\"86\" image_size=\"thumbnail\" srcset=\"https:\/\/www.montanheiros.com\/wp-content\/uploads\/2019\/11\/big5_1566482449-280x280.jpg 280w, https:\/\/www.montanheiros.com\/wp-content\/uploads\/2019\/11\/big5_1566482449-300x300.jpg 300w, https:\/\/www.montanheiros.com\/wp-content\/uploads\/2019\/11\/big5_1566482449-100x100.jpg 100w\" sizes=\"auto, (max-width: 280px) 100vw, 280px\" \/>                                                              <\/div>\n              <div class=\"box-text text-left\" >\n                 <p><\/p>\n              <\/div>\n            <\/div>\n            <\/a>          <\/div>\n         <\/div><div class=\"gallery-col col\" >\n          <div class=\"col-inner\">\n            <a class=\"image-lightbox lightbox-gallery\" href=\"https:\/\/www.montanheiros.com\/wp-content\/uploads\/2019\/11\/big2_1566482447-533x800.jpg\" title=\"\">            <div class=\"box has-hover gallery-box box-none\">\n              <div class=\"box-image\" style=\"width:86%;\">\n                <img loading=\"lazy\" decoding=\"async\" width=\"280\" height=\"280\" src=\"https:\/\/www.montanheiros.com\/wp-content\/uploads\/2019\/11\/big2_1566482447-280x280.jpg\" class=\"attachment-thumbnail size-thumbnail\" alt=\"\" ids=\"11082,11083,11084,11085,11086,11087,11088,11089,11090,11091,11092,11093,11094,11095,11096,11097,11098,11099,11100,11101,11102,11103,11104,11105,11106,11107,11108,11109,11110,11111,11112,11113,11114,11115,11116,11117,11118\" style=\"none\" type=\"slider\" columns=\"2\" image_width=\"86\" image_size=\"thumbnail\" srcset=\"https:\/\/www.montanheiros.com\/wp-content\/uploads\/2019\/11\/big2_1566482447-280x280.jpg 280w, https:\/\/www.montanheiros.com\/wp-content\/uploads\/2019\/11\/big2_1566482447-300x300.jpg 300w, https:\/\/www.montanheiros.com\/wp-content\/uploads\/2019\/11\/big2_1566482447-100x100.jpg 100w\" sizes=\"auto, (max-width: 280px) 100vw, 280px\" \/>                                                              <\/div>\n              <div class=\"box-text text-left\" >\n                 <p><\/p>\n              <\/div>\n            <\/div>\n            <\/a>          <\/div>\n         <\/div><div class=\"gallery-col col\" >\n          <div class=\"col-inner\">\n            <a class=\"image-lightbox lightbox-gallery\" href=\"https:\/\/www.montanheiros.com\/wp-content\/uploads\/2019\/11\/big7_1566482450.jpg\" title=\"\">            <div class=\"box has-hover gallery-box box-none\">\n              <div class=\"box-image\" style=\"width:86%;\">\n                <img loading=\"lazy\" decoding=\"async\" width=\"280\" height=\"280\" src=\"https:\/\/www.montanheiros.com\/wp-content\/uploads\/2019\/11\/big7_1566482450-280x280.jpg\" class=\"attachment-thumbnail size-thumbnail\" alt=\"\" ids=\"11082,11083,11084,11085,11086,11087,11088,11089,11090,11091,11092,11093,11094,11095,11096,11097,11098,11099,11100,11101,11102,11103,11104,11105,11106,11107,11108,11109,11110,11111,11112,11113,11114,11115,11116,11117,11118\" style=\"none\" type=\"slider\" columns=\"2\" image_width=\"86\" image_size=\"thumbnail\" srcset=\"https:\/\/www.montanheiros.com\/wp-content\/uploads\/2019\/11\/big7_1566482450-280x280.jpg 280w, https:\/\/www.montanheiros.com\/wp-content\/uploads\/2019\/11\/big7_1566482450-300x300.jpg 300w, https:\/\/www.montanheiros.com\/wp-content\/uploads\/2019\/11\/big7_1566482450-100x100.jpg 100w\" sizes=\"auto, (max-width: 280px) 100vw, 280px\" \/>                                                              <\/div>\n              <div class=\"box-text text-left\" >\n                 <p><\/p>\n              <\/div>\n            <\/div>\n            <\/a>          <\/div>\n         <\/div><div class=\"gallery-col col\" >\n          <div class=\"col-inner\">\n            <a class=\"image-lightbox lightbox-gallery\" href=\"https:\/\/www.montanheiros.com\/wp-content\/uploads\/2019\/11\/big1_1566482445-533x800.jpg\" title=\"\">            <div class=\"box has-hover gallery-box box-none\">\n              <div class=\"box-image\" style=\"width:86%;\">\n                <img loading=\"lazy\" decoding=\"async\" width=\"280\" height=\"280\" src=\"https:\/\/www.montanheiros.com\/wp-content\/uploads\/2019\/11\/big1_1566482445-280x280.jpg\" class=\"attachment-thumbnail size-thumbnail\" alt=\"\" ids=\"11082,11083,11084,11085,11086,11087,11088,11089,11090,11091,11092,11093,11094,11095,11096,11097,11098,11099,11100,11101,11102,11103,11104,11105,11106,11107,11108,11109,11110,11111,11112,11113,11114,11115,11116,11117,11118\" style=\"none\" type=\"slider\" columns=\"2\" image_width=\"86\" image_size=\"thumbnail\" srcset=\"https:\/\/www.montanheiros.com\/wp-content\/uploads\/2019\/11\/big1_1566482445-280x280.jpg 280w, https:\/\/www.montanheiros.com\/wp-content\/uploads\/2019\/11\/big1_1566482445-300x300.jpg 300w, https:\/\/www.montanheiros.com\/wp-content\/uploads\/2019\/11\/big1_1566482445-100x100.jpg 100w\" sizes=\"auto, (max-width: 280px) 100vw, 280px\" \/>                                                              <\/div>\n              <div class=\"box-text text-left\" >\n                 <p><\/p>\n              <\/div>\n            <\/div>\n            <\/a>          <\/div>\n         <\/div><div class=\"gallery-col col\" >\n          <div class=\"col-inner\">\n            <a class=\"image-lightbox lightbox-gallery\" href=\"https:\/\/www.montanheiros.com\/wp-content\/uploads\/2019\/11\/big3_1566482448.jpg\" title=\"\">            <div class=\"box has-hover gallery-box box-none\">\n              <div class=\"box-image\" style=\"width:86%;\">\n                <img loading=\"lazy\" decoding=\"async\" width=\"280\" height=\"280\" src=\"https:\/\/www.montanheiros.com\/wp-content\/uploads\/2019\/11\/big3_1566482448-280x280.jpg\" class=\"attachment-thumbnail size-thumbnail\" alt=\"\" ids=\"11082,11083,11084,11085,11086,11087,11088,11089,11090,11091,11092,11093,11094,11095,11096,11097,11098,11099,11100,11101,11102,11103,11104,11105,11106,11107,11108,11109,11110,11111,11112,11113,11114,11115,11116,11117,11118\" style=\"none\" type=\"slider\" columns=\"2\" image_width=\"86\" image_size=\"thumbnail\" srcset=\"https:\/\/www.montanheiros.com\/wp-content\/uploads\/2019\/11\/big3_1566482448-280x280.jpg 280w, https:\/\/www.montanheiros.com\/wp-content\/uploads\/2019\/11\/big3_1566482448-300x300.jpg 300w, https:\/\/www.montanheiros.com\/wp-content\/uploads\/2019\/11\/big3_1566482448-100x100.jpg 100w\" sizes=\"auto, (max-width: 280px) 100vw, 280px\" \/>                                                              <\/div>\n              <div class=\"box-text text-left\" >\n                 <p><\/p>\n              <\/div>\n            <\/div>\n            <\/a>          <\/div>\n         <\/div><div class=\"gallery-col col\" >\n          <div class=\"col-inner\">\n            <a class=\"image-lightbox lightbox-gallery\" href=\"https:\/\/www.montanheiros.com\/wp-content\/uploads\/2019\/11\/big4_1566482448.jpg\" title=\"\">            <div class=\"box has-hover gallery-box box-none\">\n              <div class=\"box-image\" style=\"width:86%;\">\n                <img loading=\"lazy\" decoding=\"async\" width=\"280\" height=\"280\" src=\"https:\/\/www.montanheiros.com\/wp-content\/uploads\/2019\/11\/big4_1566482448-280x280.jpg\" class=\"attachment-thumbnail size-thumbnail\" alt=\"\" ids=\"11082,11083,11084,11085,11086,11087,11088,11089,11090,11091,11092,11093,11094,11095,11096,11097,11098,11099,11100,11101,11102,11103,11104,11105,11106,11107,11108,11109,11110,11111,11112,11113,11114,11115,11116,11117,11118\" style=\"none\" type=\"slider\" columns=\"2\" image_width=\"86\" image_size=\"thumbnail\" srcset=\"https:\/\/www.montanheiros.com\/wp-content\/uploads\/2019\/11\/big4_1566482448-280x280.jpg 280w, https:\/\/www.montanheiros.com\/wp-content\/uploads\/2019\/11\/big4_1566482448-300x300.jpg 300w, https:\/\/www.montanheiros.com\/wp-content\/uploads\/2019\/11\/big4_1566482448-100x100.jpg 100w\" sizes=\"auto, (max-width: 280px) 100vw, 280px\" \/>                                                              <\/div>\n              <div class=\"box-text text-left\" >\n                 <p><\/p>\n              <\/div>\n            <\/div>\n            <\/a>          <\/div>\n         <\/div><div class=\"gallery-col col\" >\n          <div class=\"col-inner\">\n            <a class=\"image-lightbox lightbox-gallery\" href=\"https:\/\/www.montanheiros.com\/wp-content\/uploads\/2019\/11\/big13_1566482452.jpg\" title=\"\">            <div class=\"box has-hover gallery-box box-none\">\n              <div class=\"box-image\" style=\"width:86%;\">\n                <img loading=\"lazy\" decoding=\"async\" width=\"280\" height=\"280\" src=\"https:\/\/www.montanheiros.com\/wp-content\/uploads\/2019\/11\/big13_1566482452-280x280.jpg\" class=\"attachment-thumbnail size-thumbnail\" alt=\"\" ids=\"11082,11083,11084,11085,11086,11087,11088,11089,11090,11091,11092,11093,11094,11095,11096,11097,11098,11099,11100,11101,11102,11103,11104,11105,11106,11107,11108,11109,11110,11111,11112,11113,11114,11115,11116,11117,11118\" style=\"none\" type=\"slider\" columns=\"2\" image_width=\"86\" image_size=\"thumbnail\" srcset=\"https:\/\/www.montanheiros.com\/wp-content\/uploads\/2019\/11\/big13_1566482452-280x280.jpg 280w, https:\/\/www.montanheiros.com\/wp-content\/uploads\/2019\/11\/big13_1566482452-300x300.jpg 300w, https:\/\/www.montanheiros.com\/wp-content\/uploads\/2019\/11\/big13_1566482452-100x100.jpg 100w\" sizes=\"auto, (max-width: 280px) 100vw, 280px\" \/>                                                              <\/div>\n              <div class=\"box-text text-left\" >\n                 <p><\/p>\n              <\/div>\n            <\/div>\n            <\/a>          <\/div>\n         <\/div><div class=\"gallery-col col\" >\n          <div class=\"col-inner\">\n            <a class=\"image-lightbox lightbox-gallery\" href=\"https:\/\/www.montanheiros.com\/wp-content\/uploads\/2019\/11\/big15_1566482452.jpg\" title=\"\">            <div class=\"box has-hover gallery-box box-none\">\n              <div class=\"box-image\" style=\"width:86%;\">\n                <img loading=\"lazy\" decoding=\"async\" width=\"280\" height=\"280\" src=\"https:\/\/www.montanheiros.com\/wp-content\/uploads\/2019\/11\/big15_1566482452-280x280.jpg\" class=\"attachment-thumbnail size-thumbnail\" alt=\"\" ids=\"11082,11083,11084,11085,11086,11087,11088,11089,11090,11091,11092,11093,11094,11095,11096,11097,11098,11099,11100,11101,11102,11103,11104,11105,11106,11107,11108,11109,11110,11111,11112,11113,11114,11115,11116,11117,11118\" style=\"none\" type=\"slider\" columns=\"2\" image_width=\"86\" image_size=\"thumbnail\" srcset=\"https:\/\/www.montanheiros.com\/wp-content\/uploads\/2019\/11\/big15_1566482452-280x280.jpg 280w, https:\/\/www.montanheiros.com\/wp-content\/uploads\/2019\/11\/big15_1566482452-300x300.jpg 300w, https:\/\/www.montanheiros.com\/wp-content\/uploads\/2019\/11\/big15_1566482452-100x100.jpg 100w\" sizes=\"auto, (max-width: 280px) 100vw, 280px\" \/>                                                              <\/div>\n              <div class=\"box-text text-left\" >\n                 <p><\/p>\n              <\/div>\n            <\/div>\n            <\/a>          <\/div>\n         <\/div><\/div>\n\n\n\t\t<\/div>\n\t\t\t\t\t<\/div>\n\n\t\n\n\t<div id=\"col-1785281547\" class=\"col medium-4 small-12 large-4\"  >\n\t\t\t\t<div class=\"col-inner\"  >\n\t\t\t\n\t\t\t\n\n<p>Est\u00e1gio de P\u00e1scoa, 6 e 7abr2019 &#8211; ilha Terceira<\/p>\n\n  \n    <div class=\"row large-columns-2 medium-columns- small-columns- slider row-slider slider-nav-reveal\"  data-flickity-options='{\"imagesLoaded\": true, \"groupCells\": \"100%\", \"dragThreshold\" : 5, \"cellAlign\": \"left\",\"wrapAround\": true,\"prevNextButtons\": true,\"percentPosition\": true,\"pageDots\": false, \"rightToLeft\": false, \"autoPlay\" : false}'>\n\n  <div class=\"gallery-col col\" >\n          <div class=\"col-inner\">\n            <a class=\"image-lightbox lightbox-gallery\" href=\"https:\/\/www.montanheiros.com\/wp-content\/uploads\/2019\/05\/big1_1555491915.jpg\" title=\"Est\u00e1gio de P\u00e1scoa, 6 e 7abr2019 - ilha Terceira\">            <div class=\"box has-hover gallery-box box-none\">\n              <div class=\"box-image\" style=\"width:86%;\">\n                <img loading=\"lazy\" decoding=\"async\" width=\"280\" height=\"280\" src=\"https:\/\/www.montanheiros.com\/wp-content\/uploads\/2019\/05\/big1_1555491915-280x280.jpg\" class=\"attachment-thumbnail size-thumbnail\" alt=\"\" ids=\"3936,3937\" style=\"none\" type=\"slider\" columns=\"2\" image_width=\"86\" image_size=\"thumbnail\" srcset=\"https:\/\/www.montanheiros.com\/wp-content\/uploads\/2019\/05\/big1_1555491915-280x280.jpg 280w, https:\/\/www.montanheiros.com\/wp-content\/uploads\/2019\/05\/big1_1555491915-300x300.jpg 300w, https:\/\/www.montanheiros.com\/wp-content\/uploads\/2019\/05\/big1_1555491915-100x100.jpg 100w\" sizes=\"auto, (max-width: 280px) 100vw, 280px\" \/>                                                              <\/div>\n              <div class=\"box-text text-left\" >\n                 <p>Est\u00e1gio de P\u00e1scoa, 6 e 7abr2019 - ilha Terceira<\/p>\n              <\/div>\n            <\/div>\n            <\/a>          <\/div>\n         <\/div><div class=\"gallery-col col\" >\n          <div class=\"col-inner\">\n            <a class=\"image-lightbox lightbox-gallery\" href=\"https:\/\/www.montanheiros.com\/wp-content\/uploads\/2019\/05\/big2_1555491916.jpg\" title=\"Est\u00e1gio de P\u00e1scoa, 6 e 7abr2019 - ilha Terceira\">            <div class=\"box has-hover gallery-box box-none\">\n              <div class=\"box-image\" style=\"width:86%;\">\n                <img loading=\"lazy\" decoding=\"async\" width=\"280\" height=\"280\" src=\"https:\/\/www.montanheiros.com\/wp-content\/uploads\/2019\/05\/big2_1555491916-280x280.jpg\" class=\"attachment-thumbnail size-thumbnail\" alt=\"\" ids=\"3936,3937\" style=\"none\" type=\"slider\" columns=\"2\" image_width=\"86\" image_size=\"thumbnail\" srcset=\"https:\/\/www.montanheiros.com\/wp-content\/uploads\/2019\/05\/big2_1555491916-280x280.jpg 280w, https:\/\/www.montanheiros.com\/wp-content\/uploads\/2019\/05\/big2_1555491916-300x300.jpg 300w, https:\/\/www.montanheiros.com\/wp-content\/uploads\/2019\/05\/big2_1555491916-100x100.jpg 100w\" sizes=\"auto, (max-width: 280px) 100vw, 280px\" \/>                                                              <\/div>\n              <div class=\"box-text text-left\" >\n                 <p>Est\u00e1gio de P\u00e1scoa, 6 e 7abr2019 - ilha Terceira<\/p>\n              <\/div>\n            <\/div>\n            <\/a>          <\/div>\n         <\/div><\/div>\n\n\n\t\t<\/div>\n\t\t\t\t\t<\/div>\n\n\t\n\n<\/div>\n<div class=\"row row-dashed\"  id=\"row-87745923\">\n\n\n\t<div id=\"col-834616158\" class=\"col medium-4 small-12 large-4\"  >\n\t\t\t\t<div class=\"col-inner\"  >\n\t\t\t\n\t\t\t\n\n<p>Prova do Circuito FPME de Escalada de Bloco da \u00c9poca Desportiva de 2019, 16mar2019 &#8211; Soure<\/p>\n\n  \n    <div class=\"row large-columns-2 medium-columns- small-columns- slider row-slider slider-nav-reveal\"  data-flickity-options='{\"imagesLoaded\": true, \"groupCells\": \"100%\", \"dragThreshold\" : 5, \"cellAlign\": \"left\",\"wrapAround\": true,\"prevNextButtons\": true,\"percentPosition\": true,\"pageDots\": false, \"rightToLeft\": false, \"autoPlay\" : false}'>\n\n  <div class=\"gallery-col col\" >\n          <div class=\"col-inner\">\n            <a class=\"image-lightbox lightbox-gallery\" href=\"https:\/\/www.montanheiros.com\/wp-content\/uploads\/2019\/05\/big3_1553092805-533x800.jpg\" title=\"Prova do Circuito FPME de Escalada de Bloco da \u00c9poca Desportiva de 2019, 16mar2019 - Soure\">            <div class=\"box has-hover gallery-box box-none\">\n              <div class=\"box-image\" style=\"width:86%;\">\n                <img loading=\"lazy\" decoding=\"async\" width=\"280\" height=\"280\" src=\"https:\/\/www.montanheiros.com\/wp-content\/uploads\/2019\/05\/big3_1553092805-280x280.jpg\" class=\"attachment-thumbnail size-thumbnail\" alt=\"\" ids=\"3906,3907,3908,3910,3912,3913,3916,3917,3918,3919,3924,3925,3926,3929,3930,3931,3932,3933,3934,3935\" style=\"none\" type=\"slider\" columns=\"2\" image_width=\"86\" image_size=\"thumbnail\" srcset=\"https:\/\/www.montanheiros.com\/wp-content\/uploads\/2019\/05\/big3_1553092805-280x280.jpg 280w, https:\/\/www.montanheiros.com\/wp-content\/uploads\/2019\/05\/big3_1553092805-300x300.jpg 300w, https:\/\/www.montanheiros.com\/wp-content\/uploads\/2019\/05\/big3_1553092805-100x100.jpg 100w\" sizes=\"auto, (max-width: 280px) 100vw, 280px\" \/>                                                              <\/div>\n              <div class=\"box-text text-left\" >\n                 <p>Prova do Circuito FPME de Escalada de Bloco da \u00c9poca Desportiva de 2019, 16mar2019 - Soure<\/p>\n              <\/div>\n            <\/div>\n            <\/a>          <\/div>\n         <\/div><div class=\"gallery-col col\" >\n          <div class=\"col-inner\">\n            <a class=\"image-lightbox lightbox-gallery\" href=\"https:\/\/www.montanheiros.com\/wp-content\/uploads\/2019\/05\/big2_1553092805-533x800.jpg\" title=\"Prova do Circuito FPME de Escalada de Bloco da \u00c9poca Desportiva de 2019, 16mar2019 - Soure\">            <div class=\"box has-hover gallery-box box-none\">\n              <div class=\"box-image\" style=\"width:86%;\">\n                <img loading=\"lazy\" decoding=\"async\" width=\"280\" height=\"280\" src=\"https:\/\/www.montanheiros.com\/wp-content\/uploads\/2019\/05\/big2_1553092805-280x280.jpg\" class=\"attachment-thumbnail size-thumbnail\" alt=\"\" ids=\"3906,3907,3908,3910,3912,3913,3916,3917,3918,3919,3924,3925,3926,3929,3930,3931,3932,3933,3934,3935\" style=\"none\" type=\"slider\" columns=\"2\" image_width=\"86\" image_size=\"thumbnail\" srcset=\"https:\/\/www.montanheiros.com\/wp-content\/uploads\/2019\/05\/big2_1553092805-280x280.jpg 280w, https:\/\/www.montanheiros.com\/wp-content\/uploads\/2019\/05\/big2_1553092805-300x300.jpg 300w, https:\/\/www.montanheiros.com\/wp-content\/uploads\/2019\/05\/big2_1553092805-100x100.jpg 100w\" sizes=\"auto, (max-width: 280px) 100vw, 280px\" \/>                                                              <\/div>\n              <div class=\"box-text text-left\" >\n                 <p>Prova do Circuito FPME de Escalada de Bloco da \u00c9poca Desportiva de 2019, 16mar2019 - Soure<\/p>\n              <\/div>\n            <\/div>\n            <\/a>          <\/div>\n         <\/div><div class=\"gallery-col col\" >\n          <div class=\"col-inner\">\n            <a class=\"image-lightbox lightbox-gallery\" href=\"https:\/\/www.montanheiros.com\/wp-content\/uploads\/2019\/05\/big4_1553092805-533x800.jpg\" title=\"Prova do Circuito FPME de Escalada de Bloco da \u00c9poca Desportiva de 2019, 16mar2019 - Soure\">            <div class=\"box has-hover gallery-box box-none\">\n              <div class=\"box-image\" style=\"width:86%;\">\n                <img loading=\"lazy\" decoding=\"async\" width=\"280\" height=\"280\" src=\"https:\/\/www.montanheiros.com\/wp-content\/uploads\/2019\/05\/big4_1553092805-280x280.jpg\" class=\"attachment-thumbnail size-thumbnail\" alt=\"\" ids=\"3906,3907,3908,3910,3912,3913,3916,3917,3918,3919,3924,3925,3926,3929,3930,3931,3932,3933,3934,3935\" style=\"none\" type=\"slider\" columns=\"2\" image_width=\"86\" image_size=\"thumbnail\" srcset=\"https:\/\/www.montanheiros.com\/wp-content\/uploads\/2019\/05\/big4_1553092805-280x280.jpg 280w, https:\/\/www.montanheiros.com\/wp-content\/uploads\/2019\/05\/big4_1553092805-300x300.jpg 300w, https:\/\/www.montanheiros.com\/wp-content\/uploads\/2019\/05\/big4_1553092805-100x100.jpg 100w\" sizes=\"auto, (max-width: 280px) 100vw, 280px\" \/>                                                              <\/div>\n              <div class=\"box-text text-left\" >\n                 <p>Prova do Circuito FPME de Escalada de Bloco da \u00c9poca Desportiva de 2019, 16mar2019 - Soure<\/p>\n              <\/div>\n            <\/div>\n            <\/a>          <\/div>\n         <\/div><div class=\"gallery-col col\" >\n          <div class=\"col-inner\">\n            <a class=\"image-lightbox lightbox-gallery\" href=\"https:\/\/www.montanheiros.com\/wp-content\/uploads\/2019\/05\/big6_1553092808.jpg\" title=\"Prova do Circuito FPME de Escalada de Bloco da \u00c9poca Desportiva de 2019, 16mar2019 - Soure\">            <div class=\"box has-hover gallery-box box-none\">\n              <div class=\"box-image\" style=\"width:86%;\">\n                <img loading=\"lazy\" decoding=\"async\" width=\"280\" height=\"280\" src=\"https:\/\/www.montanheiros.com\/wp-content\/uploads\/2019\/05\/big6_1553092808-280x280.jpg\" class=\"attachment-thumbnail size-thumbnail\" alt=\"\" ids=\"3906,3907,3908,3910,3912,3913,3916,3917,3918,3919,3924,3925,3926,3929,3930,3931,3932,3933,3934,3935\" style=\"none\" type=\"slider\" columns=\"2\" image_width=\"86\" image_size=\"thumbnail\" srcset=\"https:\/\/www.montanheiros.com\/wp-content\/uploads\/2019\/05\/big6_1553092808-280x280.jpg 280w, https:\/\/www.montanheiros.com\/wp-content\/uploads\/2019\/05\/big6_1553092808-300x300.jpg 300w, https:\/\/www.montanheiros.com\/wp-content\/uploads\/2019\/05\/big6_1553092808-100x100.jpg 100w\" sizes=\"auto, (max-width: 280px) 100vw, 280px\" \/>                                                              <\/div>\n              <div class=\"box-text text-left\" >\n                 <p>Prova do Circuito FPME de Escalada de Bloco da \u00c9poca Desportiva de 2019, 16mar2019 - Soure<\/p>\n              <\/div>\n            <\/div>\n            <\/a>          <\/div>\n         <\/div><div class=\"gallery-col col\" >\n          <div class=\"col-inner\">\n            <a class=\"image-lightbox lightbox-gallery\" href=\"https:\/\/www.montanheiros.com\/wp-content\/uploads\/2019\/05\/big7_1553092808.jpg\" title=\"Prova do Circuito FPME de Escalada de Bloco da \u00c9poca Desportiva de 2019, 16mar2019 - Soure\">            <div class=\"box has-hover gallery-box box-none\">\n              <div class=\"box-image\" style=\"width:86%;\">\n                <img loading=\"lazy\" decoding=\"async\" width=\"280\" height=\"280\" src=\"https:\/\/www.montanheiros.com\/wp-content\/uploads\/2019\/05\/big7_1553092808-280x280.jpg\" class=\"attachment-thumbnail size-thumbnail\" alt=\"\" ids=\"3906,3907,3908,3910,3912,3913,3916,3917,3918,3919,3924,3925,3926,3929,3930,3931,3932,3933,3934,3935\" style=\"none\" type=\"slider\" columns=\"2\" image_width=\"86\" image_size=\"thumbnail\" srcset=\"https:\/\/www.montanheiros.com\/wp-content\/uploads\/2019\/05\/big7_1553092808-280x280.jpg 280w, https:\/\/www.montanheiros.com\/wp-content\/uploads\/2019\/05\/big7_1553092808-300x300.jpg 300w, https:\/\/www.montanheiros.com\/wp-content\/uploads\/2019\/05\/big7_1553092808-100x100.jpg 100w\" sizes=\"auto, (max-width: 280px) 100vw, 280px\" \/>                                                              <\/div>\n              <div class=\"box-text text-left\" >\n                 <p>Prova do Circuito FPME de Escalada de Bloco da \u00c9poca Desportiva de 2019, 16mar2019 - Soure<\/p>\n              <\/div>\n            <\/div>\n            <\/a>          <\/div>\n         <\/div><div class=\"gallery-col col\" >\n          <div class=\"col-inner\">\n            <a class=\"image-lightbox lightbox-gallery\" href=\"https:\/\/www.montanheiros.com\/wp-content\/uploads\/2019\/05\/big11_1553092810.jpg\" title=\"\">            <div class=\"box has-hover gallery-box box-none\">\n              <div class=\"box-image\" style=\"width:86%;\">\n                <img loading=\"lazy\" decoding=\"async\" width=\"280\" height=\"280\" src=\"https:\/\/www.montanheiros.com\/wp-content\/uploads\/2019\/05\/big11_1553092810-280x280.jpg\" class=\"attachment-thumbnail size-thumbnail\" alt=\"\" ids=\"3906,3907,3908,3910,3912,3913,3916,3917,3918,3919,3924,3925,3926,3929,3930,3931,3932,3933,3934,3935\" style=\"none\" type=\"slider\" columns=\"2\" image_width=\"86\" image_size=\"thumbnail\" srcset=\"https:\/\/www.montanheiros.com\/wp-content\/uploads\/2019\/05\/big11_1553092810-280x280.jpg 280w, https:\/\/www.montanheiros.com\/wp-content\/uploads\/2019\/05\/big11_1553092810-300x300.jpg 300w, https:\/\/www.montanheiros.com\/wp-content\/uploads\/2019\/05\/big11_1553092810-100x100.jpg 100w\" sizes=\"auto, (max-width: 280px) 100vw, 280px\" \/>                                                              <\/div>\n              <div class=\"box-text text-left\" >\n                 <p><\/p>\n              <\/div>\n            <\/div>\n            <\/a>          <\/div>\n         <\/div><div class=\"gallery-col col\" >\n          <div class=\"col-inner\">\n            <a class=\"image-lightbox lightbox-gallery\" href=\"https:\/\/www.montanheiros.com\/wp-content\/uploads\/2019\/05\/big15_1553092812.jpg\" title=\"Prova do Circuito FPME de Escalada de Bloco da \u00c9poca Desportiva de 2019, 16mar2019 - Soure\">            <div class=\"box has-hover gallery-box box-none\">\n              <div class=\"box-image\" style=\"width:86%;\">\n                <img loading=\"lazy\" decoding=\"async\" width=\"280\" height=\"280\" src=\"https:\/\/www.montanheiros.com\/wp-content\/uploads\/2019\/05\/big15_1553092812-280x280.jpg\" class=\"attachment-thumbnail size-thumbnail\" alt=\"\" ids=\"3906,3907,3908,3910,3912,3913,3916,3917,3918,3919,3924,3925,3926,3929,3930,3931,3932,3933,3934,3935\" style=\"none\" type=\"slider\" columns=\"2\" image_width=\"86\" image_size=\"thumbnail\" srcset=\"https:\/\/www.montanheiros.com\/wp-content\/uploads\/2019\/05\/big15_1553092812-280x280.jpg 280w, https:\/\/www.montanheiros.com\/wp-content\/uploads\/2019\/05\/big15_1553092812-300x300.jpg 300w, https:\/\/www.montanheiros.com\/wp-content\/uploads\/2019\/05\/big15_1553092812-100x100.jpg 100w\" sizes=\"auto, (max-width: 280px) 100vw, 280px\" \/>                                                              <\/div>\n              <div class=\"box-text text-left\" >\n                 <p>Prova do Circuito FPME de Escalada de Bloco da \u00c9poca Desportiva de 2019, 16mar2019 - Soure<\/p>\n              <\/div>\n            <\/div>\n            <\/a>          <\/div>\n         <\/div><div class=\"gallery-col col\" >\n          <div class=\"col-inner\">\n            <a class=\"image-lightbox lightbox-gallery\" href=\"https:\/\/www.montanheiros.com\/wp-content\/uploads\/2019\/05\/big10_1553092810-533x800.jpg\" title=\"Prova do Circuito FPME de Escalada de Bloco da \u00c9poca Desportiva de 2019, 16mar2019 - Soure\">            <div class=\"box has-hover gallery-box box-none\">\n              <div class=\"box-image\" style=\"width:86%;\">\n                <img loading=\"lazy\" decoding=\"async\" width=\"280\" height=\"280\" src=\"https:\/\/www.montanheiros.com\/wp-content\/uploads\/2019\/05\/big10_1553092810-280x280.jpg\" class=\"attachment-thumbnail size-thumbnail\" alt=\"\" ids=\"3906,3907,3908,3910,3912,3913,3916,3917,3918,3919,3924,3925,3926,3929,3930,3931,3932,3933,3934,3935\" style=\"none\" type=\"slider\" columns=\"2\" image_width=\"86\" image_size=\"thumbnail\" srcset=\"https:\/\/www.montanheiros.com\/wp-content\/uploads\/2019\/05\/big10_1553092810-280x280.jpg 280w, https:\/\/www.montanheiros.com\/wp-content\/uploads\/2019\/05\/big10_1553092810-300x300.jpg 300w, https:\/\/www.montanheiros.com\/wp-content\/uploads\/2019\/05\/big10_1553092810-100x100.jpg 100w\" sizes=\"auto, (max-width: 280px) 100vw, 280px\" \/>                                                              <\/div>\n              <div class=\"box-text text-left\" >\n                 <p>Prova do Circuito FPME de Escalada de Bloco da \u00c9poca Desportiva de 2019, 16mar2019 - Soure<\/p>\n              <\/div>\n            <\/div>\n            <\/a>          <\/div>\n         <\/div><div class=\"gallery-col col\" >\n          <div class=\"col-inner\">\n            <a class=\"image-lightbox lightbox-gallery\" href=\"https:\/\/www.montanheiros.com\/wp-content\/uploads\/2019\/05\/big9_1553092809.jpg\" title=\"Prova do Circuito FPME de Escalada de Bloco da \u00c9poca Desportiva de 2019, 16mar2019 - Soure\">            <div class=\"box has-hover gallery-box box-none\">\n              <div class=\"box-image\" style=\"width:86%;\">\n                <img loading=\"lazy\" decoding=\"async\" width=\"280\" height=\"280\" src=\"https:\/\/www.montanheiros.com\/wp-content\/uploads\/2019\/05\/big9_1553092809-280x280.jpg\" class=\"attachment-thumbnail size-thumbnail\" alt=\"\" ids=\"3906,3907,3908,3910,3912,3913,3916,3917,3918,3919,3924,3925,3926,3929,3930,3931,3932,3933,3934,3935\" style=\"none\" type=\"slider\" columns=\"2\" image_width=\"86\" image_size=\"thumbnail\" srcset=\"https:\/\/www.montanheiros.com\/wp-content\/uploads\/2019\/05\/big9_1553092809-280x280.jpg 280w, https:\/\/www.montanheiros.com\/wp-content\/uploads\/2019\/05\/big9_1553092809-300x300.jpg 300w, https:\/\/www.montanheiros.com\/wp-content\/uploads\/2019\/05\/big9_1553092809-100x100.jpg 100w\" sizes=\"auto, (max-width: 280px) 100vw, 280px\" \/>                                                              <\/div>\n              <div class=\"box-text text-left\" >\n                 <p>Prova do Circuito FPME de Escalada de Bloco da \u00c9poca Desportiva de 2019, 16mar2019 - Soure<\/p>\n              <\/div>\n            <\/div>\n            <\/a>          <\/div>\n         <\/div><div class=\"gallery-col col\" >\n          <div class=\"col-inner\">\n            <a class=\"image-lightbox lightbox-gallery\" href=\"https:\/\/www.montanheiros.com\/wp-content\/uploads\/2019\/05\/big14_1553092812-533x800.jpg\" title=\"Prova do Circuito FPME de Escalada de Bloco da \u00c9poca Desportiva de 2019, 16mar2019 - Soure\">            <div class=\"box has-hover gallery-box box-none\">\n              <div class=\"box-image\" style=\"width:86%;\">\n                <img loading=\"lazy\" decoding=\"async\" width=\"280\" height=\"280\" src=\"https:\/\/www.montanheiros.com\/wp-content\/uploads\/2019\/05\/big14_1553092812-280x280.jpg\" class=\"attachment-thumbnail size-thumbnail\" alt=\"\" ids=\"3906,3907,3908,3910,3912,3913,3916,3917,3918,3919,3924,3925,3926,3929,3930,3931,3932,3933,3934,3935\" style=\"none\" type=\"slider\" columns=\"2\" image_width=\"86\" image_size=\"thumbnail\" srcset=\"https:\/\/www.montanheiros.com\/wp-content\/uploads\/2019\/05\/big14_1553092812-280x280.jpg 280w, https:\/\/www.montanheiros.com\/wp-content\/uploads\/2019\/05\/big14_1553092812-300x300.jpg 300w, https:\/\/www.montanheiros.com\/wp-content\/uploads\/2019\/05\/big14_1553092812-100x100.jpg 100w\" sizes=\"auto, (max-width: 280px) 100vw, 280px\" \/>                                                              <\/div>\n              <div class=\"box-text text-left\" >\n                 <p>Prova do Circuito FPME de Escalada de Bloco da \u00c9poca Desportiva de 2019, 16mar2019 - Soure<\/p>\n              <\/div>\n            <\/div>\n            <\/a>          <\/div>\n         <\/div><div class=\"gallery-col col\" >\n          <div class=\"col-inner\">\n            <a class=\"image-lightbox lightbox-gallery\" href=\"https:\/\/www.montanheiros.com\/wp-content\/uploads\/2019\/05\/big18_1553092813-533x800.jpg\" title=\"Prova do Circuito FPME de Escalada de Bloco da \u00c9poca Desportiva de 2019, 16mar2019 - Soure\">            <div class=\"box has-hover gallery-box box-none\">\n              <div class=\"box-image\" style=\"width:86%;\">\n                <img loading=\"lazy\" decoding=\"async\" width=\"280\" height=\"280\" src=\"https:\/\/www.montanheiros.com\/wp-content\/uploads\/2019\/05\/big18_1553092813-280x280.jpg\" class=\"attachment-thumbnail size-thumbnail\" alt=\"\" ids=\"3906,3907,3908,3910,3912,3913,3916,3917,3918,3919,3924,3925,3926,3929,3930,3931,3932,3933,3934,3935\" style=\"none\" type=\"slider\" columns=\"2\" image_width=\"86\" image_size=\"thumbnail\" srcset=\"https:\/\/www.montanheiros.com\/wp-content\/uploads\/2019\/05\/big18_1553092813-280x280.jpg 280w, https:\/\/www.montanheiros.com\/wp-content\/uploads\/2019\/05\/big18_1553092813-300x300.jpg 300w, https:\/\/www.montanheiros.com\/wp-content\/uploads\/2019\/05\/big18_1553092813-100x100.jpg 100w\" sizes=\"auto, (max-width: 280px) 100vw, 280px\" \/>                                                              <\/div>\n              <div class=\"box-text text-left\" >\n                 <p>Prova do Circuito FPME de Escalada de Bloco da \u00c9poca Desportiva de 2019, 16mar2019 - Soure<\/p>\n              <\/div>\n            <\/div>\n            <\/a>          <\/div>\n         <\/div><div class=\"gallery-col col\" >\n          <div class=\"col-inner\">\n            <a class=\"image-lightbox lightbox-gallery\" href=\"https:\/\/www.montanheiros.com\/wp-content\/uploads\/2019\/05\/big25_1553092815-533x800.jpg\" title=\"Prova do Circuito FPME de Escalada de Bloco da \u00c9poca Desportiva de 2019, 16mar2019 - Soure\">            <div class=\"box has-hover gallery-box box-none\">\n              <div class=\"box-image\" style=\"width:86%;\">\n                <img loading=\"lazy\" decoding=\"async\" width=\"280\" height=\"280\" src=\"https:\/\/www.montanheiros.com\/wp-content\/uploads\/2019\/05\/big25_1553092815-280x280.jpg\" class=\"attachment-thumbnail size-thumbnail\" alt=\"\" ids=\"3906,3907,3908,3910,3912,3913,3916,3917,3918,3919,3924,3925,3926,3929,3930,3931,3932,3933,3934,3935\" style=\"none\" type=\"slider\" columns=\"2\" image_width=\"86\" image_size=\"thumbnail\" srcset=\"https:\/\/www.montanheiros.com\/wp-content\/uploads\/2019\/05\/big25_1553092815-280x280.jpg 280w, https:\/\/www.montanheiros.com\/wp-content\/uploads\/2019\/05\/big25_1553092815-300x300.jpg 300w, https:\/\/www.montanheiros.com\/wp-content\/uploads\/2019\/05\/big25_1553092815-100x100.jpg 100w\" sizes=\"auto, (max-width: 280px) 100vw, 280px\" \/>                                                              <\/div>\n              <div class=\"box-text text-left\" >\n                 <p>Prova do Circuito FPME de Escalada de Bloco da \u00c9poca Desportiva de 2019, 16mar2019 - Soure<\/p>\n              <\/div>\n            <\/div>\n            <\/a>          <\/div>\n         <\/div><div class=\"gallery-col col\" >\n          <div class=\"col-inner\">\n            <a class=\"image-lightbox lightbox-gallery\" href=\"https:\/\/www.montanheiros.com\/wp-content\/uploads\/2019\/05\/big22_1553092814-533x800.jpg\" title=\"Prova do Circuito FPME de Escalada de Bloco da \u00c9poca Desportiva de 2019, 16mar2019 - Soure\">            <div class=\"box has-hover gallery-box box-none\">\n              <div class=\"box-image\" style=\"width:86%;\">\n                <img loading=\"lazy\" decoding=\"async\" width=\"280\" height=\"280\" src=\"https:\/\/www.montanheiros.com\/wp-content\/uploads\/2019\/05\/big22_1553092814-280x280.jpg\" class=\"attachment-thumbnail size-thumbnail\" alt=\"\" ids=\"3906,3907,3908,3910,3912,3913,3916,3917,3918,3919,3924,3925,3926,3929,3930,3931,3932,3933,3934,3935\" style=\"none\" type=\"slider\" columns=\"2\" image_width=\"86\" image_size=\"thumbnail\" srcset=\"https:\/\/www.montanheiros.com\/wp-content\/uploads\/2019\/05\/big22_1553092814-280x280.jpg 280w, https:\/\/www.montanheiros.com\/wp-content\/uploads\/2019\/05\/big22_1553092814-300x300.jpg 300w, https:\/\/www.montanheiros.com\/wp-content\/uploads\/2019\/05\/big22_1553092814-100x100.jpg 100w\" sizes=\"auto, (max-width: 280px) 100vw, 280px\" \/>                                                              <\/div>\n              <div class=\"box-text text-left\" >\n                 <p>Prova do Circuito FPME de Escalada de Bloco da \u00c9poca Desportiva de 2019, 16mar2019 - Soure<\/p>\n              <\/div>\n            <\/div>\n            <\/a>          <\/div>\n         <\/div><div class=\"gallery-col col\" >\n          <div class=\"col-inner\">\n            <a class=\"image-lightbox lightbox-gallery\" href=\"https:\/\/www.montanheiros.com\/wp-content\/uploads\/2019\/05\/big30_1553092816-533x800.jpg\" title=\"Prova do Circuito FPME de Escalada de Bloco da \u00c9poca Desportiva de 2019, 16mar2019 - Soure\">            <div class=\"box has-hover gallery-box box-none\">\n              <div class=\"box-image\" style=\"width:86%;\">\n                <img loading=\"lazy\" decoding=\"async\" width=\"280\" height=\"280\" src=\"https:\/\/www.montanheiros.com\/wp-content\/uploads\/2019\/05\/big30_1553092816-280x280.jpg\" class=\"attachment-thumbnail size-thumbnail\" alt=\"\" ids=\"3906,3907,3908,3910,3912,3913,3916,3917,3918,3919,3924,3925,3926,3929,3930,3931,3932,3933,3934,3935\" style=\"none\" type=\"slider\" columns=\"2\" image_width=\"86\" image_size=\"thumbnail\" srcset=\"https:\/\/www.montanheiros.com\/wp-content\/uploads\/2019\/05\/big30_1553092816-280x280.jpg 280w, https:\/\/www.montanheiros.com\/wp-content\/uploads\/2019\/05\/big30_1553092816-300x300.jpg 300w, https:\/\/www.montanheiros.com\/wp-content\/uploads\/2019\/05\/big30_1553092816-100x100.jpg 100w\" sizes=\"auto, (max-width: 280px) 100vw, 280px\" \/>                                                              <\/div>\n              <div class=\"box-text text-left\" >\n                 <p>Prova do Circuito FPME de Escalada de Bloco da \u00c9poca Desportiva de 2019, 16mar2019 - Soure<\/p>\n              <\/div>\n            <\/div>\n            <\/a>          <\/div>\n         <\/div><div class=\"gallery-col col\" >\n          <div class=\"col-inner\">\n            <a class=\"image-lightbox lightbox-gallery\" href=\"https:\/\/www.montanheiros.com\/wp-content\/uploads\/2019\/05\/big26_1553092815-533x800.jpg\" title=\"Prova do Circuito FPME de Escalada de Bloco da \u00c9poca Desportiva de 2019, 16mar2019 - Soure\">            <div class=\"box has-hover gallery-box box-none\">\n              <div class=\"box-image\" style=\"width:86%;\">\n                <img loading=\"lazy\" decoding=\"async\" width=\"280\" height=\"280\" src=\"https:\/\/www.montanheiros.com\/wp-content\/uploads\/2019\/05\/big26_1553092815-280x280.jpg\" class=\"attachment-thumbnail size-thumbnail\" alt=\"\" ids=\"3906,3907,3908,3910,3912,3913,3916,3917,3918,3919,3924,3925,3926,3929,3930,3931,3932,3933,3934,3935\" style=\"none\" type=\"slider\" columns=\"2\" image_width=\"86\" image_size=\"thumbnail\" srcset=\"https:\/\/www.montanheiros.com\/wp-content\/uploads\/2019\/05\/big26_1553092815-280x280.jpg 280w, https:\/\/www.montanheiros.com\/wp-content\/uploads\/2019\/05\/big26_1553092815-300x300.jpg 300w, https:\/\/www.montanheiros.com\/wp-content\/uploads\/2019\/05\/big26_1553092815-100x100.jpg 100w\" sizes=\"auto, (max-width: 280px) 100vw, 280px\" \/>                                                              <\/div>\n              <div class=\"box-text text-left\" >\n                 <p>Prova do Circuito FPME de Escalada de Bloco da \u00c9poca Desportiva de 2019, 16mar2019 - Soure<\/p>\n              <\/div>\n            <\/div>\n            <\/a>          <\/div>\n         <\/div><div class=\"gallery-col col\" >\n          <div class=\"col-inner\">\n            <a class=\"image-lightbox lightbox-gallery\" href=\"https:\/\/www.montanheiros.com\/wp-content\/uploads\/2019\/05\/big27_1553092816-533x800.jpg\" title=\"Prova do Circuito FPME de Escalada de Bloco da \u00c9poca Desportiva de 2019, 16mar2019 - Soure\">            <div class=\"box has-hover gallery-box box-none\">\n              <div class=\"box-image\" style=\"width:86%;\">\n                <img loading=\"lazy\" decoding=\"async\" width=\"280\" height=\"280\" src=\"https:\/\/www.montanheiros.com\/wp-content\/uploads\/2019\/05\/big27_1553092816-280x280.jpg\" class=\"attachment-thumbnail size-thumbnail\" alt=\"\" ids=\"3906,3907,3908,3910,3912,3913,3916,3917,3918,3919,3924,3925,3926,3929,3930,3931,3932,3933,3934,3935\" style=\"none\" type=\"slider\" columns=\"2\" image_width=\"86\" image_size=\"thumbnail\" srcset=\"https:\/\/www.montanheiros.com\/wp-content\/uploads\/2019\/05\/big27_1553092816-280x280.jpg 280w, https:\/\/www.montanheiros.com\/wp-content\/uploads\/2019\/05\/big27_1553092816-300x300.jpg 300w, https:\/\/www.montanheiros.com\/wp-content\/uploads\/2019\/05\/big27_1553092816-100x100.jpg 100w\" sizes=\"auto, (max-width: 280px) 100vw, 280px\" \/>                                                              <\/div>\n              <div class=\"box-text text-left\" >\n                 <p>Prova do Circuito FPME de Escalada de Bloco da \u00c9poca Desportiva de 2019, 16mar2019 - Soure<\/p>\n              <\/div>\n            <\/div>\n            <\/a>          <\/div>\n         <\/div><div class=\"gallery-col col\" >\n          <div class=\"col-inner\">\n            <a class=\"image-lightbox lightbox-gallery\" href=\"https:\/\/www.montanheiros.com\/wp-content\/uploads\/2019\/05\/big31_1553092816-533x800.jpg\" title=\"Prova do Circuito FPME de Escalada de Bloco da \u00c9poca Desportiva de 2019, 16mar2019 - Soure\">            <div class=\"box has-hover gallery-box box-none\">\n              <div class=\"box-image\" style=\"width:86%;\">\n                <img loading=\"lazy\" decoding=\"async\" width=\"280\" height=\"280\" src=\"https:\/\/www.montanheiros.com\/wp-content\/uploads\/2019\/05\/big31_1553092816-280x280.jpg\" class=\"attachment-thumbnail size-thumbnail\" alt=\"\" ids=\"3906,3907,3908,3910,3912,3913,3916,3917,3918,3919,3924,3925,3926,3929,3930,3931,3932,3933,3934,3935\" style=\"none\" type=\"slider\" columns=\"2\" image_width=\"86\" image_size=\"thumbnail\" srcset=\"https:\/\/www.montanheiros.com\/wp-content\/uploads\/2019\/05\/big31_1553092816-280x280.jpg 280w, https:\/\/www.montanheiros.com\/wp-content\/uploads\/2019\/05\/big31_1553092816-300x300.jpg 300w, https:\/\/www.montanheiros.com\/wp-content\/uploads\/2019\/05\/big31_1553092816-100x100.jpg 100w\" sizes=\"auto, (max-width: 280px) 100vw, 280px\" \/>                                                              <\/div>\n              <div class=\"box-text text-left\" >\n                 <p>Prova do Circuito FPME de Escalada de Bloco da \u00c9poca Desportiva de 2019, 16mar2019 - Soure<\/p>\n              <\/div>\n            <\/div>\n            <\/a>          <\/div>\n         <\/div><div class=\"gallery-col col\" >\n          <div class=\"col-inner\">\n            <a class=\"image-lightbox lightbox-gallery\" href=\"https:\/\/www.montanheiros.com\/wp-content\/uploads\/2019\/05\/big28_1553092816-533x800.jpg\" title=\"Prova do Circuito FPME de Escalada de Bloco da \u00c9poca Desportiva de 2019, 16mar2019 - Soure\">            <div class=\"box has-hover gallery-box box-none\">\n              <div class=\"box-image\" style=\"width:86%;\">\n                <img loading=\"lazy\" decoding=\"async\" width=\"280\" height=\"280\" src=\"https:\/\/www.montanheiros.com\/wp-content\/uploads\/2019\/05\/big28_1553092816-280x280.jpg\" class=\"attachment-thumbnail size-thumbnail\" alt=\"\" ids=\"3906,3907,3908,3910,3912,3913,3916,3917,3918,3919,3924,3925,3926,3929,3930,3931,3932,3933,3934,3935\" style=\"none\" type=\"slider\" columns=\"2\" image_width=\"86\" image_size=\"thumbnail\" srcset=\"https:\/\/www.montanheiros.com\/wp-content\/uploads\/2019\/05\/big28_1553092816-280x280.jpg 280w, https:\/\/www.montanheiros.com\/wp-content\/uploads\/2019\/05\/big28_1553092816-300x300.jpg 300w, https:\/\/www.montanheiros.com\/wp-content\/uploads\/2019\/05\/big28_1553092816-100x100.jpg 100w\" sizes=\"auto, (max-width: 280px) 100vw, 280px\" \/>                                                              <\/div>\n              <div class=\"box-text text-left\" >\n                 <p>Prova do Circuito FPME de Escalada de Bloco da \u00c9poca Desportiva de 2019, 16mar2019 - Soure<\/p>\n              <\/div>\n            <\/div>\n            <\/a>          <\/div>\n         <\/div><div class=\"gallery-col col\" >\n          <div class=\"col-inner\">\n            <a class=\"image-lightbox lightbox-gallery\" href=\"https:\/\/www.montanheiros.com\/wp-content\/uploads\/2019\/05\/big32_1553092816.jpg\" title=\"Prova do Circuito FPME de Escalada de Bloco da \u00c9poca Desportiva de 2019, 16mar2019 - Soure\">            <div class=\"box has-hover gallery-box box-none\">\n              <div class=\"box-image\" style=\"width:86%;\">\n                <img loading=\"lazy\" decoding=\"async\" width=\"280\" height=\"280\" src=\"https:\/\/www.montanheiros.com\/wp-content\/uploads\/2019\/05\/big32_1553092816-280x280.jpg\" class=\"attachment-thumbnail size-thumbnail\" alt=\"\" ids=\"3906,3907,3908,3910,3912,3913,3916,3917,3918,3919,3924,3925,3926,3929,3930,3931,3932,3933,3934,3935\" style=\"none\" type=\"slider\" columns=\"2\" image_width=\"86\" image_size=\"thumbnail\" srcset=\"https:\/\/www.montanheiros.com\/wp-content\/uploads\/2019\/05\/big32_1553092816-280x280.jpg 280w, https:\/\/www.montanheiros.com\/wp-content\/uploads\/2019\/05\/big32_1553092816-300x300.jpg 300w, https:\/\/www.montanheiros.com\/wp-content\/uploads\/2019\/05\/big32_1553092816-100x100.jpg 100w\" sizes=\"auto, (max-width: 280px) 100vw, 280px\" \/>                                                              <\/div>\n              <div class=\"box-text text-left\" >\n                 <p>Prova do Circuito FPME de Escalada de Bloco da \u00c9poca Desportiva de 2019, 16mar2019 - Soure<\/p>\n              <\/div>\n            <\/div>\n            <\/a>          <\/div>\n         <\/div><div class=\"gallery-col col\" >\n          <div class=\"col-inner\">\n            <a class=\"image-lightbox lightbox-gallery\" href=\"https:\/\/www.montanheiros.com\/wp-content\/uploads\/2019\/05\/big29_1553092816.jpg\" title=\"Prova do Circuito FPME de Escalada de Bloco da \u00c9poca Desportiva de 2019, 16mar2019 - Soure\">            <div class=\"box has-hover gallery-box box-none\">\n              <div class=\"box-image\" style=\"width:86%;\">\n                <img loading=\"lazy\" decoding=\"async\" width=\"280\" height=\"280\" src=\"https:\/\/www.montanheiros.com\/wp-content\/uploads\/2019\/05\/big29_1553092816-280x280.jpg\" class=\"attachment-thumbnail size-thumbnail\" alt=\"\" ids=\"3906,3907,3908,3910,3912,3913,3916,3917,3918,3919,3924,3925,3926,3929,3930,3931,3932,3933,3934,3935\" style=\"none\" type=\"slider\" columns=\"2\" image_width=\"86\" image_size=\"thumbnail\" srcset=\"https:\/\/www.montanheiros.com\/wp-content\/uploads\/2019\/05\/big29_1553092816-280x280.jpg 280w, https:\/\/www.montanheiros.com\/wp-content\/uploads\/2019\/05\/big29_1553092816-300x300.jpg 300w, https:\/\/www.montanheiros.com\/wp-content\/uploads\/2019\/05\/big29_1553092816-100x100.jpg 100w\" sizes=\"auto, (max-width: 280px) 100vw, 280px\" \/>                                                              <\/div>\n              <div class=\"box-text text-left\" >\n                 <p>Prova do Circuito FPME de Escalada de Bloco da \u00c9poca Desportiva de 2019, 16mar2019 - Soure<\/p>\n              <\/div>\n            <\/div>\n            <\/a>          <\/div>\n         <\/div><\/div>\n\n\n\t\t<\/div>\n\t\t\t\t\t<\/div>\n\n\t\n\n\t<div id=\"col-1942292763\" class=\"col medium-4 small-12 large-4\"  >\n\t\t\t\t<div class=\"col-inner\"  >\n\t\t\t\n\t\t\t\n\n<p>CDM escalou Monte Brasil, 03fev2019 &#8211; ilha Terceira<\/p>\n\n  \n    <div class=\"row large-columns-2 medium-columns- small-columns- slider row-slider slider-nav-reveal\"  data-flickity-options='{\"imagesLoaded\": true, \"groupCells\": \"100%\", \"dragThreshold\" : 5, \"cellAlign\": \"left\",\"wrapAround\": true,\"prevNextButtons\": true,\"percentPosition\": true,\"pageDots\": false, \"rightToLeft\": false, \"autoPlay\" : false}'>\n\n  <div class=\"gallery-col col\" >\n          <div class=\"col-inner\">\n            <a class=\"image-lightbox lightbox-gallery\" href=\"https:\/\/www.montanheiros.com\/wp-content\/uploads\/2019\/05\/big1_1550745143.jpg\" title=\"CDM escalou Monte Brasil, 03fev2019 - ilha Terceira \">            <div class=\"box has-hover gallery-box box-none\">\n              <div class=\"box-image\" style=\"width:86%;\">\n                <img loading=\"lazy\" decoding=\"async\" width=\"280\" height=\"280\" src=\"https:\/\/www.montanheiros.com\/wp-content\/uploads\/2019\/05\/big1_1550745143-280x280.jpg\" class=\"attachment-thumbnail size-thumbnail\" alt=\"\" ids=\"3901,3902,3903,3904\" style=\"none\" type=\"slider\" columns=\"2\" image_width=\"86\" image_size=\"thumbnail\" srcset=\"https:\/\/www.montanheiros.com\/wp-content\/uploads\/2019\/05\/big1_1550745143-280x280.jpg 280w, https:\/\/www.montanheiros.com\/wp-content\/uploads\/2019\/05\/big1_1550745143-300x300.jpg 300w, https:\/\/www.montanheiros.com\/wp-content\/uploads\/2019\/05\/big1_1550745143-100x100.jpg 100w\" sizes=\"auto, (max-width: 280px) 100vw, 280px\" \/>                                                              <\/div>\n              <div class=\"box-text text-left\" >\n                 <p>CDM escalou Monte Brasil, 03fev2019 - ilha Terceira <\/p>\n              <\/div>\n            <\/div>\n            <\/a>          <\/div>\n         <\/div><div class=\"gallery-col col\" >\n          <div class=\"col-inner\">\n            <a class=\"image-lightbox lightbox-gallery\" href=\"https:\/\/www.montanheiros.com\/wp-content\/uploads\/2019\/05\/big2_1550745144.jpg\" title=\"CDM escalou Monte Brasil, 03fev2019 - ilha Terceira \">            <div class=\"box has-hover gallery-box box-none\">\n              <div class=\"box-image\" style=\"width:86%;\">\n                <img loading=\"lazy\" decoding=\"async\" width=\"280\" height=\"280\" src=\"https:\/\/www.montanheiros.com\/wp-content\/uploads\/2019\/05\/big2_1550745144-280x280.jpg\" class=\"attachment-thumbnail size-thumbnail\" alt=\"\" ids=\"3901,3902,3903,3904\" style=\"none\" type=\"slider\" columns=\"2\" image_width=\"86\" image_size=\"thumbnail\" srcset=\"https:\/\/www.montanheiros.com\/wp-content\/uploads\/2019\/05\/big2_1550745144-280x280.jpg 280w, https:\/\/www.montanheiros.com\/wp-content\/uploads\/2019\/05\/big2_1550745144-300x300.jpg 300w, https:\/\/www.montanheiros.com\/wp-content\/uploads\/2019\/05\/big2_1550745144-100x100.jpg 100w\" sizes=\"auto, (max-width: 280px) 100vw, 280px\" \/>                                                              <\/div>\n              <div class=\"box-text text-left\" >\n                 <p>CDM escalou Monte Brasil, 03fev2019 - ilha Terceira <\/p>\n              <\/div>\n            <\/div>\n            <\/a>          <\/div>\n         <\/div><div class=\"gallery-col col\" >\n          <div class=\"col-inner\">\n            <a class=\"image-lightbox lightbox-gallery\" href=\"https:\/\/www.montanheiros.com\/wp-content\/uploads\/2019\/05\/big4_1550745144.jpg\" title=\"CDM escalou Monte Brasil, 03fev2019 - ilha Terceira \">            <div class=\"box has-hover gallery-box box-none\">\n              <div class=\"box-image\" style=\"width:86%;\">\n                <img loading=\"lazy\" decoding=\"async\" width=\"280\" height=\"280\" src=\"https:\/\/www.montanheiros.com\/wp-content\/uploads\/2019\/05\/big4_1550745144-280x280.jpg\" class=\"attachment-thumbnail size-thumbnail\" alt=\"\" ids=\"3901,3902,3903,3904\" style=\"none\" type=\"slider\" columns=\"2\" image_width=\"86\" image_size=\"thumbnail\" srcset=\"https:\/\/www.montanheiros.com\/wp-content\/uploads\/2019\/05\/big4_1550745144-280x280.jpg 280w, https:\/\/www.montanheiros.com\/wp-content\/uploads\/2019\/05\/big4_1550745144-300x300.jpg 300w, https:\/\/www.montanheiros.com\/wp-content\/uploads\/2019\/05\/big4_1550745144-100x100.jpg 100w\" sizes=\"auto, (max-width: 280px) 100vw, 280px\" \/>                                                              <\/div>\n              <div class=\"box-text text-left\" >\n                 <p>CDM escalou Monte Brasil, 03fev2019 - ilha Terceira <\/p>\n              <\/div>\n            <\/div>\n            <\/a>          <\/div>\n         <\/div><div class=\"gallery-col col\" >\n          <div class=\"col-inner\">\n            <a class=\"image-lightbox lightbox-gallery\" href=\"https:\/\/www.montanheiros.com\/wp-content\/uploads\/2019\/05\/big3_1550745144.jpg\" title=\"CDM escalou Monte Brasil, 03fev2019 - ilha Terceira \">            <div class=\"box has-hover gallery-box box-none\">\n              <div class=\"box-image\" style=\"width:86%;\">\n                <img loading=\"lazy\" decoding=\"async\" width=\"280\" height=\"280\" src=\"https:\/\/www.montanheiros.com\/wp-content\/uploads\/2019\/05\/big3_1550745144-280x280.jpg\" class=\"attachment-thumbnail size-thumbnail\" alt=\"\" ids=\"3901,3902,3903,3904\" style=\"none\" type=\"slider\" columns=\"2\" image_width=\"86\" image_size=\"thumbnail\" srcset=\"https:\/\/www.montanheiros.com\/wp-content\/uploads\/2019\/05\/big3_1550745144-280x280.jpg 280w, https:\/\/www.montanheiros.com\/wp-content\/uploads\/2019\/05\/big3_1550745144-300x300.jpg 300w, https:\/\/www.montanheiros.com\/wp-content\/uploads\/2019\/05\/big3_1550745144-100x100.jpg 100w\" sizes=\"auto, (max-width: 280px) 100vw, 280px\" \/>                                                              <\/div>\n              <div class=\"box-text text-left\" >\n                 <p>CDM escalou Monte Brasil, 03fev2019 - ilha Terceira <\/p>\n              <\/div>\n            <\/div>\n            <\/a>          <\/div>\n         <\/div><\/div>\n\n\n\t\t<\/div>\n\t\t\t\t\t<\/div>\n\n\t\n\n\t<div id=\"col-714093041\" class=\"col medium-4 small-12 large-4\"  >\n\t\t\t\t<div class=\"col-inner\"  >\n\t\t\t\n\t\t\t\n\n<p>Jovens do Clube Desportivo Montanheiros exploram grutas, 02fev2019 &#8211; ilha Terceira<\/p>\n\n  \n    <div class=\"row large-columns-2 medium-columns- small-columns- slider row-slider slider-nav-reveal\"  data-flickity-options='{\"imagesLoaded\": true, \"groupCells\": \"100%\", \"dragThreshold\" : 5, \"cellAlign\": \"left\",\"wrapAround\": true,\"prevNextButtons\": true,\"percentPosition\": true,\"pageDots\": false, \"rightToLeft\": false, \"autoPlay\" : false}'>\n\n  <div class=\"gallery-col col\" >\n          <div class=\"col-inner\">\n            <a class=\"image-lightbox lightbox-gallery\" href=\"https:\/\/www.montanheiros.com\/wp-content\/uploads\/2019\/05\/big2_1550744682.jpg\" title=\"Jovens do Clube Desportivo Montanheiros exploram grutas, 02fev2019 - ilha Terceira\">            <div class=\"box has-hover gallery-box box-none\">\n              <div class=\"box-image\" style=\"width:86%;\">\n                <img loading=\"lazy\" decoding=\"async\" width=\"280\" height=\"280\" src=\"https:\/\/www.montanheiros.com\/wp-content\/uploads\/2019\/05\/big2_1550744682-280x280.jpg\" class=\"attachment-thumbnail size-thumbnail\" alt=\"\" ids=\"3875,3876,3877,3878,3879,3880,3881,3882,3883,3884,3885,3886,3887,3888,3889,3891,3892,3893,3894,3895,3896,3897,3898,3899,3900\" style=\"none\" type=\"slider\" columns=\"2\" image_width=\"86\" image_size=\"thumbnail\" srcset=\"https:\/\/www.montanheiros.com\/wp-content\/uploads\/2019\/05\/big2_1550744682-280x280.jpg 280w, https:\/\/www.montanheiros.com\/wp-content\/uploads\/2019\/05\/big2_1550744682-300x300.jpg 300w, https:\/\/www.montanheiros.com\/wp-content\/uploads\/2019\/05\/big2_1550744682-100x100.jpg 100w\" sizes=\"auto, (max-width: 280px) 100vw, 280px\" \/>                                                              <\/div>\n              <div class=\"box-text text-left\" >\n                 <p>Jovens do Clube Desportivo Montanheiros exploram grutas, 02fev2019 - ilha Terceira<\/p>\n              <\/div>\n            <\/div>\n            <\/a>          <\/div>\n         <\/div><div class=\"gallery-col col\" >\n          <div class=\"col-inner\">\n            <a class=\"image-lightbox lightbox-gallery\" href=\"https:\/\/www.montanheiros.com\/wp-content\/uploads\/2019\/05\/big1_1550744681.jpg\" title=\"Jovens do Clube Desportivo Montanheiros exploram grutas, 02fev2019 - ilha Terceira\">            <div class=\"box has-hover gallery-box box-none\">\n              <div class=\"box-image\" style=\"width:86%;\">\n                <img loading=\"lazy\" decoding=\"async\" width=\"280\" height=\"280\" src=\"https:\/\/www.montanheiros.com\/wp-content\/uploads\/2019\/05\/big1_1550744681-280x280.jpg\" class=\"attachment-thumbnail size-thumbnail\" alt=\"\" ids=\"3875,3876,3877,3878,3879,3880,3881,3882,3883,3884,3885,3886,3887,3888,3889,3891,3892,3893,3894,3895,3896,3897,3898,3899,3900\" style=\"none\" type=\"slider\" columns=\"2\" image_width=\"86\" image_size=\"thumbnail\" srcset=\"https:\/\/www.montanheiros.com\/wp-content\/uploads\/2019\/05\/big1_1550744681-280x280.jpg 280w, https:\/\/www.montanheiros.com\/wp-content\/uploads\/2019\/05\/big1_1550744681-300x300.jpg 300w, https:\/\/www.montanheiros.com\/wp-content\/uploads\/2019\/05\/big1_1550744681-100x100.jpg 100w\" sizes=\"auto, (max-width: 280px) 100vw, 280px\" \/>                                                              <\/div>\n              <div class=\"box-text text-left\" >\n                 <p>Jovens do Clube Desportivo Montanheiros exploram grutas, 02fev2019 - ilha Terceira<\/p>\n              <\/div>\n            <\/div>\n            <\/a>          <\/div>\n         <\/div><div class=\"gallery-col col\" >\n          <div class=\"col-inner\">\n            <a class=\"image-lightbox lightbox-gallery\" href=\"https:\/\/www.montanheiros.com\/wp-content\/uploads\/2019\/05\/big7_1550744683.jpg\" title=\"Jovens do Clube Desportivo Montanheiros exploram grutas, 02fev2019 - ilha Terceira\">            <div class=\"box has-hover gallery-box box-none\">\n              <div class=\"box-image\" style=\"width:86%;\">\n                <img loading=\"lazy\" decoding=\"async\" width=\"280\" height=\"280\" src=\"https:\/\/www.montanheiros.com\/wp-content\/uploads\/2019\/05\/big7_1550744683-280x280.jpg\" class=\"attachment-thumbnail size-thumbnail\" alt=\"\" ids=\"3875,3876,3877,3878,3879,3880,3881,3882,3883,3884,3885,3886,3887,3888,3889,3891,3892,3893,3894,3895,3896,3897,3898,3899,3900\" style=\"none\" type=\"slider\" columns=\"2\" image_width=\"86\" image_size=\"thumbnail\" srcset=\"https:\/\/www.montanheiros.com\/wp-content\/uploads\/2019\/05\/big7_1550744683-280x280.jpg 280w, https:\/\/www.montanheiros.com\/wp-content\/uploads\/2019\/05\/big7_1550744683-300x300.jpg 300w, https:\/\/www.montanheiros.com\/wp-content\/uploads\/2019\/05\/big7_1550744683-100x100.jpg 100w\" sizes=\"auto, (max-width: 280px) 100vw, 280px\" \/>                                                              <\/div>\n              <div class=\"box-text text-left\" >\n                 <p>Jovens do Clube Desportivo Montanheiros exploram grutas, 02fev2019 - ilha Terceira<\/p>\n              <\/div>\n            <\/div>\n            <\/a>          <\/div>\n         <\/div><div class=\"gallery-col col\" >\n          <div class=\"col-inner\">\n            <a class=\"image-lightbox lightbox-gallery\" href=\"https:\/\/www.montanheiros.com\/wp-content\/uploads\/2019\/05\/big6_1550744683.jpg\" title=\"Jovens do Clube Desportivo Montanheiros exploram grutas, 02fev2019 - ilha Terceira\">            <div class=\"box has-hover gallery-box box-none\">\n              <div class=\"box-image\" style=\"width:86%;\">\n                <img loading=\"lazy\" decoding=\"async\" width=\"280\" height=\"280\" src=\"https:\/\/www.montanheiros.com\/wp-content\/uploads\/2019\/05\/big6_1550744683-280x280.jpg\" class=\"attachment-thumbnail size-thumbnail\" alt=\"\" ids=\"3875,3876,3877,3878,3879,3880,3881,3882,3883,3884,3885,3886,3887,3888,3889,3891,3892,3893,3894,3895,3896,3897,3898,3899,3900\" style=\"none\" type=\"slider\" columns=\"2\" image_width=\"86\" image_size=\"thumbnail\" srcset=\"https:\/\/www.montanheiros.com\/wp-content\/uploads\/2019\/05\/big6_1550744683-280x280.jpg 280w, https:\/\/www.montanheiros.com\/wp-content\/uploads\/2019\/05\/big6_1550744683-300x300.jpg 300w, https:\/\/www.montanheiros.com\/wp-content\/uploads\/2019\/05\/big6_1550744683-100x100.jpg 100w\" sizes=\"auto, (max-width: 280px) 100vw, 280px\" \/>                                                              <\/div>\n              <div class=\"box-text text-left\" >\n                 <p>Jovens do Clube Desportivo Montanheiros exploram grutas, 02fev2019 - ilha Terceira<\/p>\n              <\/div>\n            <\/div>\n            <\/a>          <\/div>\n         <\/div><div class=\"gallery-col col\" >\n          <div class=\"col-inner\">\n            <a class=\"image-lightbox lightbox-gallery\" href=\"https:\/\/www.montanheiros.com\/wp-content\/uploads\/2019\/05\/big11_1550744685.jpg\" title=\"Jovens do Clube Desportivo Montanheiros exploram grutas, 02fev2019 - ilha Terceira\">            <div class=\"box has-hover gallery-box box-none\">\n              <div class=\"box-image\" style=\"width:86%;\">\n                <img loading=\"lazy\" decoding=\"async\" width=\"280\" height=\"280\" src=\"https:\/\/www.montanheiros.com\/wp-content\/uploads\/2019\/05\/big11_1550744685-280x280.jpg\" class=\"attachment-thumbnail size-thumbnail\" alt=\"\" ids=\"3875,3876,3877,3878,3879,3880,3881,3882,3883,3884,3885,3886,3887,3888,3889,3891,3892,3893,3894,3895,3896,3897,3898,3899,3900\" style=\"none\" type=\"slider\" columns=\"2\" image_width=\"86\" image_size=\"thumbnail\" srcset=\"https:\/\/www.montanheiros.com\/wp-content\/uploads\/2019\/05\/big11_1550744685-280x280.jpg 280w, https:\/\/www.montanheiros.com\/wp-content\/uploads\/2019\/05\/big11_1550744685-300x300.jpg 300w, https:\/\/www.montanheiros.com\/wp-content\/uploads\/2019\/05\/big11_1550744685-100x100.jpg 100w\" sizes=\"auto, (max-width: 280px) 100vw, 280px\" \/>                                                              <\/div>\n              <div class=\"box-text text-left\" >\n                 <p>Jovens do Clube Desportivo Montanheiros exploram grutas, 02fev2019 - ilha Terceira<\/p>\n              <\/div>\n            <\/div>\n            <\/a>          <\/div>\n         <\/div><div class=\"gallery-col col\" >\n          <div class=\"col-inner\">\n            <a class=\"image-lightbox lightbox-gallery\" href=\"https:\/\/www.montanheiros.com\/wp-content\/uploads\/2019\/05\/big4_1550744682.jpg\" title=\"Jovens do Clube Desportivo Montanheiros exploram grutas, 02fev2019 - ilha Terceira\">            <div class=\"box has-hover gallery-box box-none\">\n              <div class=\"box-image\" style=\"width:86%;\">\n                <img loading=\"lazy\" decoding=\"async\" width=\"280\" height=\"280\" src=\"https:\/\/www.montanheiros.com\/wp-content\/uploads\/2019\/05\/big4_1550744682-280x280.jpg\" class=\"attachment-thumbnail size-thumbnail\" alt=\"\" ids=\"3875,3876,3877,3878,3879,3880,3881,3882,3883,3884,3885,3886,3887,3888,3889,3891,3892,3893,3894,3895,3896,3897,3898,3899,3900\" style=\"none\" type=\"slider\" columns=\"2\" image_width=\"86\" image_size=\"thumbnail\" srcset=\"https:\/\/www.montanheiros.com\/wp-content\/uploads\/2019\/05\/big4_1550744682-280x280.jpg 280w, https:\/\/www.montanheiros.com\/wp-content\/uploads\/2019\/05\/big4_1550744682-300x300.jpg 300w, https:\/\/www.montanheiros.com\/wp-content\/uploads\/2019\/05\/big4_1550744682-100x100.jpg 100w\" sizes=\"auto, (max-width: 280px) 100vw, 280px\" \/>                                                              <\/div>\n              <div class=\"box-text text-left\" >\n                 <p>Jovens do Clube Desportivo Montanheiros exploram grutas, 02fev2019 - ilha Terceira<\/p>\n              <\/div>\n            <\/div>\n            <\/a>          <\/div>\n         <\/div><div class=\"gallery-col col\" >\n          <div class=\"col-inner\">\n            <a class=\"image-lightbox lightbox-gallery\" href=\"https:\/\/www.montanheiros.com\/wp-content\/uploads\/2019\/05\/big8_1550744684.jpg\" title=\"Jovens do Clube Desportivo Montanheiros exploram grutas, 02fev2019 - ilha Terceira\">            <div class=\"box has-hover gallery-box box-none\">\n              <div class=\"box-image\" style=\"width:86%;\">\n                <img loading=\"lazy\" decoding=\"async\" width=\"280\" height=\"280\" src=\"https:\/\/www.montanheiros.com\/wp-content\/uploads\/2019\/05\/big8_1550744684-280x280.jpg\" class=\"attachment-thumbnail size-thumbnail\" alt=\"\" ids=\"3875,3876,3877,3878,3879,3880,3881,3882,3883,3884,3885,3886,3887,3888,3889,3891,3892,3893,3894,3895,3896,3897,3898,3899,3900\" style=\"none\" type=\"slider\" columns=\"2\" image_width=\"86\" image_size=\"thumbnail\" srcset=\"https:\/\/www.montanheiros.com\/wp-content\/uploads\/2019\/05\/big8_1550744684-280x280.jpg 280w, https:\/\/www.montanheiros.com\/wp-content\/uploads\/2019\/05\/big8_1550744684-300x300.jpg 300w, https:\/\/www.montanheiros.com\/wp-content\/uploads\/2019\/05\/big8_1550744684-100x100.jpg 100w\" sizes=\"auto, (max-width: 280px) 100vw, 280px\" \/>                                                              <\/div>\n              <div class=\"box-text text-left\" >\n                 <p>Jovens do Clube Desportivo Montanheiros exploram grutas, 02fev2019 - ilha Terceira<\/p>\n              <\/div>\n            <\/div>\n            <\/a>          <\/div>\n         <\/div><div class=\"gallery-col col\" >\n          <div class=\"col-inner\">\n            <a class=\"image-lightbox lightbox-gallery\" href=\"https:\/\/www.montanheiros.com\/wp-content\/uploads\/2019\/05\/big9_1550744684.jpg\" title=\"Jovens do Clube Desportivo Montanheiros exploram grutas, 02fev2019 - ilha Terceira\">            <div class=\"box has-hover gallery-box box-none\">\n              <div class=\"box-image\" style=\"width:86%;\">\n                <img loading=\"lazy\" decoding=\"async\" width=\"280\" height=\"280\" src=\"https:\/\/www.montanheiros.com\/wp-content\/uploads\/2019\/05\/big9_1550744684-280x280.jpg\" class=\"attachment-thumbnail size-thumbnail\" alt=\"\" ids=\"3875,3876,3877,3878,3879,3880,3881,3882,3883,3884,3885,3886,3887,3888,3889,3891,3892,3893,3894,3895,3896,3897,3898,3899,3900\" style=\"none\" type=\"slider\" columns=\"2\" image_width=\"86\" image_size=\"thumbnail\" srcset=\"https:\/\/www.montanheiros.com\/wp-content\/uploads\/2019\/05\/big9_1550744684-280x280.jpg 280w, https:\/\/www.montanheiros.com\/wp-content\/uploads\/2019\/05\/big9_1550744684-300x300.jpg 300w, https:\/\/www.montanheiros.com\/wp-content\/uploads\/2019\/05\/big9_1550744684-100x100.jpg 100w\" sizes=\"auto, (max-width: 280px) 100vw, 280px\" \/>                                                              <\/div>\n              <div class=\"box-text text-left\" >\n                 <p>Jovens do Clube Desportivo Montanheiros exploram grutas, 02fev2019 - ilha Terceira<\/p>\n              <\/div>\n            <\/div>\n            <\/a>          <\/div>\n         <\/div><div class=\"gallery-col col\" >\n          <div class=\"col-inner\">\n            <a class=\"image-lightbox lightbox-gallery\" href=\"https:\/\/www.montanheiros.com\/wp-content\/uploads\/2019\/05\/big3_1550744682.jpg\" title=\"Jovens do Clube Desportivo Montanheiros exploram grutas, 02fev2019 - ilha Terceira\">            <div class=\"box has-hover gallery-box box-none\">\n              <div class=\"box-image\" style=\"width:86%;\">\n                <img loading=\"lazy\" decoding=\"async\" width=\"280\" height=\"280\" src=\"https:\/\/www.montanheiros.com\/wp-content\/uploads\/2019\/05\/big3_1550744682-280x280.jpg\" class=\"attachment-thumbnail size-thumbnail\" alt=\"\" ids=\"3875,3876,3877,3878,3879,3880,3881,3882,3883,3884,3885,3886,3887,3888,3889,3891,3892,3893,3894,3895,3896,3897,3898,3899,3900\" style=\"none\" type=\"slider\" columns=\"2\" image_width=\"86\" image_size=\"thumbnail\" srcset=\"https:\/\/www.montanheiros.com\/wp-content\/uploads\/2019\/05\/big3_1550744682-280x280.jpg 280w, https:\/\/www.montanheiros.com\/wp-content\/uploads\/2019\/05\/big3_1550744682-300x300.jpg 300w, https:\/\/www.montanheiros.com\/wp-content\/uploads\/2019\/05\/big3_1550744682-100x100.jpg 100w\" sizes=\"auto, (max-width: 280px) 100vw, 280px\" \/>                                                              <\/div>\n              <div class=\"box-text text-left\" >\n                 <p>Jovens do Clube Desportivo Montanheiros exploram grutas, 02fev2019 - ilha Terceira<\/p>\n              <\/div>\n            <\/div>\n            <\/a>          <\/div>\n         <\/div><div class=\"gallery-col col\" >\n          <div class=\"col-inner\">\n            <a class=\"image-lightbox lightbox-gallery\" href=\"https:\/\/www.montanheiros.com\/wp-content\/uploads\/2019\/05\/big18_1550744685.jpg\" title=\"Jovens do Clube Desportivo Montanheiros exploram grutas, 02fev2019 - ilha Terceira\">            <div class=\"box has-hover gallery-box box-none\">\n              <div class=\"box-image\" style=\"width:86%;\">\n                <img loading=\"lazy\" decoding=\"async\" width=\"280\" height=\"280\" src=\"https:\/\/www.montanheiros.com\/wp-content\/uploads\/2019\/05\/big18_1550744685-280x280.jpg\" class=\"attachment-thumbnail size-thumbnail\" alt=\"\" ids=\"3875,3876,3877,3878,3879,3880,3881,3882,3883,3884,3885,3886,3887,3888,3889,3891,3892,3893,3894,3895,3896,3897,3898,3899,3900\" style=\"none\" type=\"slider\" columns=\"2\" image_width=\"86\" image_size=\"thumbnail\" srcset=\"https:\/\/www.montanheiros.com\/wp-content\/uploads\/2019\/05\/big18_1550744685-280x280.jpg 280w, https:\/\/www.montanheiros.com\/wp-content\/uploads\/2019\/05\/big18_1550744685-300x300.jpg 300w, https:\/\/www.montanheiros.com\/wp-content\/uploads\/2019\/05\/big18_1550744685-100x100.jpg 100w\" sizes=\"auto, (max-width: 280px) 100vw, 280px\" \/>                                                              <\/div>\n              <div class=\"box-text text-left\" >\n                 <p>Jovens do Clube Desportivo Montanheiros exploram grutas, 02fev2019 - ilha Terceira<\/p>\n              <\/div>\n            <\/div>\n            <\/a>          <\/div>\n         <\/div><div class=\"gallery-col col\" >\n          <div class=\"col-inner\">\n            <a class=\"image-lightbox lightbox-gallery\" href=\"https:\/\/www.montanheiros.com\/wp-content\/uploads\/2019\/05\/big13_1550744685.jpg\" title=\"Jovens do Clube Desportivo Montanheiros exploram grutas, 02fev2019 - ilha Terceira\">            <div class=\"box has-hover gallery-box box-none\">\n              <div class=\"box-image\" style=\"width:86%;\">\n                <img loading=\"lazy\" decoding=\"async\" width=\"280\" height=\"280\" src=\"https:\/\/www.montanheiros.com\/wp-content\/uploads\/2019\/05\/big13_1550744685-280x280.jpg\" class=\"attachment-thumbnail size-thumbnail\" alt=\"\" ids=\"3875,3876,3877,3878,3879,3880,3881,3882,3883,3884,3885,3886,3887,3888,3889,3891,3892,3893,3894,3895,3896,3897,3898,3899,3900\" style=\"none\" type=\"slider\" columns=\"2\" image_width=\"86\" image_size=\"thumbnail\" srcset=\"https:\/\/www.montanheiros.com\/wp-content\/uploads\/2019\/05\/big13_1550744685-280x280.jpg 280w, https:\/\/www.montanheiros.com\/wp-content\/uploads\/2019\/05\/big13_1550744685-300x300.jpg 300w, https:\/\/www.montanheiros.com\/wp-content\/uploads\/2019\/05\/big13_1550744685-100x100.jpg 100w\" sizes=\"auto, (max-width: 280px) 100vw, 280px\" \/>                                                              <\/div>\n              <div class=\"box-text text-left\" >\n                 <p>Jovens do Clube Desportivo Montanheiros exploram grutas, 02fev2019 - ilha Terceira<\/p>\n              <\/div>\n            <\/div>\n            <\/a>          <\/div>\n         <\/div><div class=\"gallery-col col\" >\n          <div class=\"col-inner\">\n            <a class=\"image-lightbox lightbox-gallery\" href=\"https:\/\/www.montanheiros.com\/wp-content\/uploads\/2019\/05\/big17_1550744685.jpg\" title=\"Jovens do Clube Desportivo Montanheiros exploram grutas, 02fev2019 - ilha Terceira\">            <div class=\"box has-hover gallery-box box-none\">\n              <div class=\"box-image\" style=\"width:86%;\">\n                <img loading=\"lazy\" decoding=\"async\" width=\"280\" height=\"280\" src=\"https:\/\/www.montanheiros.com\/wp-content\/uploads\/2019\/05\/big17_1550744685-280x280.jpg\" class=\"attachment-thumbnail size-thumbnail\" alt=\"\" ids=\"3875,3876,3877,3878,3879,3880,3881,3882,3883,3884,3885,3886,3887,3888,3889,3891,3892,3893,3894,3895,3896,3897,3898,3899,3900\" style=\"none\" type=\"slider\" columns=\"2\" image_width=\"86\" image_size=\"thumbnail\" srcset=\"https:\/\/www.montanheiros.com\/wp-content\/uploads\/2019\/05\/big17_1550744685-280x280.jpg 280w, https:\/\/www.montanheiros.com\/wp-content\/uploads\/2019\/05\/big17_1550744685-300x300.jpg 300w, https:\/\/www.montanheiros.com\/wp-content\/uploads\/2019\/05\/big17_1550744685-100x100.jpg 100w\" sizes=\"auto, (max-width: 280px) 100vw, 280px\" \/>                                                              <\/div>\n              <div class=\"box-text text-left\" >\n                 <p>Jovens do Clube Desportivo Montanheiros exploram grutas, 02fev2019 - ilha Terceira<\/p>\n              <\/div>\n            <\/div>\n            <\/a>          <\/div>\n         <\/div><div class=\"gallery-col col\" >\n          <div class=\"col-inner\">\n            <a class=\"image-lightbox lightbox-gallery\" href=\"https:\/\/www.montanheiros.com\/wp-content\/uploads\/2019\/05\/big10_1550744685.jpg\" title=\"Jovens do Clube Desportivo Montanheiros exploram grutas, 02fev2019 - ilha Terceira\">            <div class=\"box has-hover gallery-box box-none\">\n              <div class=\"box-image\" style=\"width:86%;\">\n                <img loading=\"lazy\" decoding=\"async\" width=\"280\" height=\"280\" src=\"https:\/\/www.montanheiros.com\/wp-content\/uploads\/2019\/05\/big10_1550744685-280x280.jpg\" class=\"attachment-thumbnail size-thumbnail\" alt=\"\" ids=\"3875,3876,3877,3878,3879,3880,3881,3882,3883,3884,3885,3886,3887,3888,3889,3891,3892,3893,3894,3895,3896,3897,3898,3899,3900\" style=\"none\" type=\"slider\" columns=\"2\" image_width=\"86\" image_size=\"thumbnail\" srcset=\"https:\/\/www.montanheiros.com\/wp-content\/uploads\/2019\/05\/big10_1550744685-280x280.jpg 280w, https:\/\/www.montanheiros.com\/wp-content\/uploads\/2019\/05\/big10_1550744685-300x300.jpg 300w, https:\/\/www.montanheiros.com\/wp-content\/uploads\/2019\/05\/big10_1550744685-100x100.jpg 100w\" sizes=\"auto, (max-width: 280px) 100vw, 280px\" \/>                                                              <\/div>\n              <div class=\"box-text text-left\" >\n                 <p>Jovens do Clube Desportivo Montanheiros exploram grutas, 02fev2019 - ilha Terceira<\/p>\n              <\/div>\n            <\/div>\n            <\/a>          <\/div>\n         <\/div><div class=\"gallery-col col\" >\n          <div class=\"col-inner\">\n            <a class=\"image-lightbox lightbox-gallery\" href=\"https:\/\/www.montanheiros.com\/wp-content\/uploads\/2019\/05\/big5_1550744683.jpg\" title=\"Jovens do Clube Desportivo Montanheiros exploram grutas, 02fev2019 - ilha Terceira\">            <div class=\"box has-hover gallery-box box-none\">\n              <div class=\"box-image\" style=\"width:86%;\">\n                <img loading=\"lazy\" decoding=\"async\" width=\"280\" height=\"280\" src=\"https:\/\/www.montanheiros.com\/wp-content\/uploads\/2019\/05\/big5_1550744683-280x280.jpg\" class=\"attachment-thumbnail size-thumbnail\" alt=\"\" ids=\"3875,3876,3877,3878,3879,3880,3881,3882,3883,3884,3885,3886,3887,3888,3889,3891,3892,3893,3894,3895,3896,3897,3898,3899,3900\" style=\"none\" type=\"slider\" columns=\"2\" image_width=\"86\" image_size=\"thumbnail\" srcset=\"https:\/\/www.montanheiros.com\/wp-content\/uploads\/2019\/05\/big5_1550744683-280x280.jpg 280w, https:\/\/www.montanheiros.com\/wp-content\/uploads\/2019\/05\/big5_1550744683-300x300.jpg 300w, https:\/\/www.montanheiros.com\/wp-content\/uploads\/2019\/05\/big5_1550744683-100x100.jpg 100w\" sizes=\"auto, (max-width: 280px) 100vw, 280px\" \/>                                                              <\/div>\n              <div class=\"box-text text-left\" >\n                 <p>Jovens do Clube Desportivo Montanheiros exploram grutas, 02fev2019 - ilha Terceira<\/p>\n              <\/div>\n            <\/div>\n            <\/a>          <\/div>\n         <\/div><div class=\"gallery-col col\" >\n          <div class=\"col-inner\">\n            <a class=\"image-lightbox lightbox-gallery\" href=\"https:\/\/www.montanheiros.com\/wp-content\/uploads\/2019\/05\/big16_1550744685.jpg\" title=\"Jovens do Clube Desportivo Montanheiros exploram grutas, 02fev2019 - ilha Terceira\">            <div class=\"box has-hover gallery-box box-none\">\n              <div class=\"box-image\" style=\"width:86%;\">\n                <img loading=\"lazy\" decoding=\"async\" width=\"280\" height=\"280\" src=\"https:\/\/www.montanheiros.com\/wp-content\/uploads\/2019\/05\/big16_1550744685-280x280.jpg\" class=\"attachment-thumbnail size-thumbnail\" alt=\"\" ids=\"3875,3876,3877,3878,3879,3880,3881,3882,3883,3884,3885,3886,3887,3888,3889,3891,3892,3893,3894,3895,3896,3897,3898,3899,3900\" style=\"none\" type=\"slider\" columns=\"2\" image_width=\"86\" image_size=\"thumbnail\" srcset=\"https:\/\/www.montanheiros.com\/wp-content\/uploads\/2019\/05\/big16_1550744685-280x280.jpg 280w, https:\/\/www.montanheiros.com\/wp-content\/uploads\/2019\/05\/big16_1550744685-300x300.jpg 300w, https:\/\/www.montanheiros.com\/wp-content\/uploads\/2019\/05\/big16_1550744685-100x100.jpg 100w\" sizes=\"auto, (max-width: 280px) 100vw, 280px\" \/>                                                              <\/div>\n              <div class=\"box-text text-left\" >\n                 <p>Jovens do Clube Desportivo Montanheiros exploram grutas, 02fev2019 - ilha Terceira<\/p>\n              <\/div>\n            <\/div>\n            <\/a>          <\/div>\n         <\/div><div class=\"gallery-col col\" >\n          <div class=\"col-inner\">\n            <a class=\"image-lightbox lightbox-gallery\" href=\"https:\/\/www.montanheiros.com\/wp-content\/uploads\/2019\/05\/big19_1550744686.jpg\" title=\"Jovens do Clube Desportivo Montanheiros exploram grutas, 02fev2019 - ilha Terceira\">            <div class=\"box has-hover gallery-box box-none\">\n              <div class=\"box-image\" style=\"width:86%;\">\n                <img loading=\"lazy\" decoding=\"async\" width=\"280\" height=\"280\" src=\"https:\/\/www.montanheiros.com\/wp-content\/uploads\/2019\/05\/big19_1550744686-280x280.jpg\" class=\"attachment-thumbnail size-thumbnail\" alt=\"\" ids=\"3875,3876,3877,3878,3879,3880,3881,3882,3883,3884,3885,3886,3887,3888,3889,3891,3892,3893,3894,3895,3896,3897,3898,3899,3900\" style=\"none\" type=\"slider\" columns=\"2\" image_width=\"86\" image_size=\"thumbnail\" srcset=\"https:\/\/www.montanheiros.com\/wp-content\/uploads\/2019\/05\/big19_1550744686-280x280.jpg 280w, https:\/\/www.montanheiros.com\/wp-content\/uploads\/2019\/05\/big19_1550744686-300x300.jpg 300w, https:\/\/www.montanheiros.com\/wp-content\/uploads\/2019\/05\/big19_1550744686-100x100.jpg 100w\" sizes=\"auto, (max-width: 280px) 100vw, 280px\" \/>                                                              <\/div>\n              <div class=\"box-text text-left\" >\n                 <p>Jovens do Clube Desportivo Montanheiros exploram grutas, 02fev2019 - ilha Terceira<\/p>\n              <\/div>\n            <\/div>\n            <\/a>          <\/div>\n         <\/div><div class=\"gallery-col col\" >\n          <div class=\"col-inner\">\n            <a class=\"image-lightbox lightbox-gallery\" href=\"https:\/\/www.montanheiros.com\/wp-content\/uploads\/2019\/05\/big12_1550744685.jpg\" title=\"Jovens do Clube Desportivo Montanheiros exploram grutas, 02fev2019 - ilha Terceira\">            <div class=\"box has-hover gallery-box box-none\">\n              <div class=\"box-image\" style=\"width:86%;\">\n                <img loading=\"lazy\" decoding=\"async\" width=\"280\" height=\"280\" src=\"https:\/\/www.montanheiros.com\/wp-content\/uploads\/2019\/05\/big12_1550744685-280x280.jpg\" class=\"attachment-thumbnail size-thumbnail\" alt=\"\" ids=\"3875,3876,3877,3878,3879,3880,3881,3882,3883,3884,3885,3886,3887,3888,3889,3891,3892,3893,3894,3895,3896,3897,3898,3899,3900\" style=\"none\" type=\"slider\" columns=\"2\" image_width=\"86\" image_size=\"thumbnail\" srcset=\"https:\/\/www.montanheiros.com\/wp-content\/uploads\/2019\/05\/big12_1550744685-280x280.jpg 280w, https:\/\/www.montanheiros.com\/wp-content\/uploads\/2019\/05\/big12_1550744685-300x300.jpg 300w, https:\/\/www.montanheiros.com\/wp-content\/uploads\/2019\/05\/big12_1550744685-100x100.jpg 100w\" sizes=\"auto, (max-width: 280px) 100vw, 280px\" \/>                                                              <\/div>\n              <div class=\"box-text text-left\" >\n                 <p>Jovens do Clube Desportivo Montanheiros exploram grutas, 02fev2019 - ilha Terceira<\/p>\n              <\/div>\n            <\/div>\n            <\/a>          <\/div>\n         <\/div><div class=\"gallery-col col\" >\n          <div class=\"col-inner\">\n            <a class=\"image-lightbox lightbox-gallery\" href=\"https:\/\/www.montanheiros.com\/wp-content\/uploads\/2019\/05\/big15_1550744685.jpg\" title=\"Jovens do Clube Desportivo Montanheiros exploram grutas, 02fev2019 - ilha Terceira\">            <div class=\"box has-hover gallery-box box-none\">\n              <div class=\"box-image\" style=\"width:86%;\">\n                <img loading=\"lazy\" decoding=\"async\" width=\"280\" height=\"280\" src=\"https:\/\/www.montanheiros.com\/wp-content\/uploads\/2019\/05\/big15_1550744685-280x280.jpg\" class=\"attachment-thumbnail size-thumbnail\" alt=\"\" ids=\"3875,3876,3877,3878,3879,3880,3881,3882,3883,3884,3885,3886,3887,3888,3889,3891,3892,3893,3894,3895,3896,3897,3898,3899,3900\" style=\"none\" type=\"slider\" columns=\"2\" image_width=\"86\" image_size=\"thumbnail\" srcset=\"https:\/\/www.montanheiros.com\/wp-content\/uploads\/2019\/05\/big15_1550744685-280x280.jpg 280w, https:\/\/www.montanheiros.com\/wp-content\/uploads\/2019\/05\/big15_1550744685-300x300.jpg 300w, https:\/\/www.montanheiros.com\/wp-content\/uploads\/2019\/05\/big15_1550744685-100x100.jpg 100w\" sizes=\"auto, (max-width: 280px) 100vw, 280px\" \/>                                                              <\/div>\n              <div class=\"box-text text-left\" >\n                 <p>Jovens do Clube Desportivo Montanheiros exploram grutas, 02fev2019 - ilha Terceira<\/p>\n              <\/div>\n            <\/div>\n            <\/a>          <\/div>\n         <\/div><div class=\"gallery-col col\" >\n          <div class=\"col-inner\">\n            <a class=\"image-lightbox lightbox-gallery\" href=\"https:\/\/www.montanheiros.com\/wp-content\/uploads\/2019\/05\/big14_1550744685-600x800.jpg\" title=\"Jovens do Clube Desportivo Montanheiros exploram grutas, 02fev2019 - ilha Terceira\">            <div class=\"box has-hover gallery-box box-none\">\n              <div class=\"box-image\" style=\"width:86%;\">\n                <img loading=\"lazy\" decoding=\"async\" width=\"280\" height=\"280\" src=\"https:\/\/www.montanheiros.com\/wp-content\/uploads\/2019\/05\/big14_1550744685-280x280.jpg\" class=\"attachment-thumbnail size-thumbnail\" alt=\"\" ids=\"3875,3876,3877,3878,3879,3880,3881,3882,3883,3884,3885,3886,3887,3888,3889,3891,3892,3893,3894,3895,3896,3897,3898,3899,3900\" style=\"none\" type=\"slider\" columns=\"2\" image_width=\"86\" image_size=\"thumbnail\" srcset=\"https:\/\/www.montanheiros.com\/wp-content\/uploads\/2019\/05\/big14_1550744685-280x280.jpg 280w, https:\/\/www.montanheiros.com\/wp-content\/uploads\/2019\/05\/big14_1550744685-300x300.jpg 300w, https:\/\/www.montanheiros.com\/wp-content\/uploads\/2019\/05\/big14_1550744685-100x100.jpg 100w\" sizes=\"auto, (max-width: 280px) 100vw, 280px\" \/>                                                              <\/div>\n              <div class=\"box-text text-left\" >\n                 <p>Jovens do Clube Desportivo Montanheiros exploram grutas, 02fev2019 - ilha Terceira<\/p>\n              <\/div>\n            <\/div>\n            <\/a>          <\/div>\n         <\/div><div class=\"gallery-col col\" >\n          <div class=\"col-inner\">\n            <a class=\"image-lightbox lightbox-gallery\" href=\"https:\/\/www.montanheiros.com\/wp-content\/uploads\/2019\/05\/big21_1550744686.jpg\" title=\"Jovens do Clube Desportivo Montanheiros exploram grutas, 02fev2019 - ilha Terceira\">            <div class=\"box has-hover gallery-box box-none\">\n              <div class=\"box-image\" style=\"width:86%;\">\n                <img loading=\"lazy\" decoding=\"async\" width=\"280\" height=\"280\" src=\"https:\/\/www.montanheiros.com\/wp-content\/uploads\/2019\/05\/big21_1550744686-280x280.jpg\" class=\"attachment-thumbnail size-thumbnail\" alt=\"\" ids=\"3875,3876,3877,3878,3879,3880,3881,3882,3883,3884,3885,3886,3887,3888,3889,3891,3892,3893,3894,3895,3896,3897,3898,3899,3900\" style=\"none\" type=\"slider\" columns=\"2\" image_width=\"86\" image_size=\"thumbnail\" srcset=\"https:\/\/www.montanheiros.com\/wp-content\/uploads\/2019\/05\/big21_1550744686-280x280.jpg 280w, https:\/\/www.montanheiros.com\/wp-content\/uploads\/2019\/05\/big21_1550744686-300x300.jpg 300w, https:\/\/www.montanheiros.com\/wp-content\/uploads\/2019\/05\/big21_1550744686-100x100.jpg 100w\" sizes=\"auto, (max-width: 280px) 100vw, 280px\" \/>                                                              <\/div>\n              <div class=\"box-text text-left\" >\n                 <p>Jovens do Clube Desportivo Montanheiros exploram grutas, 02fev2019 - ilha Terceira<\/p>\n              <\/div>\n            <\/div>\n            <\/a>          <\/div>\n         <\/div><div class=\"gallery-col col\" >\n          <div class=\"col-inner\">\n            <a class=\"image-lightbox lightbox-gallery\" href=\"https:\/\/www.montanheiros.com\/wp-content\/uploads\/2019\/05\/big22_1550744687.jpg\" title=\"Jovens do Clube Desportivo Montanheiros exploram grutas, 02fev2019 - ilha Terceira\">            <div class=\"box has-hover gallery-box box-none\">\n              <div class=\"box-image\" style=\"width:86%;\">\n                <img loading=\"lazy\" decoding=\"async\" width=\"280\" height=\"280\" src=\"https:\/\/www.montanheiros.com\/wp-content\/uploads\/2019\/05\/big22_1550744687-280x280.jpg\" class=\"attachment-thumbnail size-thumbnail\" alt=\"\" ids=\"3875,3876,3877,3878,3879,3880,3881,3882,3883,3884,3885,3886,3887,3888,3889,3891,3892,3893,3894,3895,3896,3897,3898,3899,3900\" style=\"none\" type=\"slider\" columns=\"2\" image_width=\"86\" image_size=\"thumbnail\" srcset=\"https:\/\/www.montanheiros.com\/wp-content\/uploads\/2019\/05\/big22_1550744687-280x280.jpg 280w, https:\/\/www.montanheiros.com\/wp-content\/uploads\/2019\/05\/big22_1550744687-300x300.jpg 300w, https:\/\/www.montanheiros.com\/wp-content\/uploads\/2019\/05\/big22_1550744687-100x100.jpg 100w\" sizes=\"auto, (max-width: 280px) 100vw, 280px\" \/>                                                              <\/div>\n              <div class=\"box-text text-left\" >\n                 <p>Jovens do Clube Desportivo Montanheiros exploram grutas, 02fev2019 - ilha Terceira<\/p>\n              <\/div>\n            <\/div>\n            <\/a>          <\/div>\n         <\/div><div class=\"gallery-col col\" >\n          <div class=\"col-inner\">\n            <a class=\"image-lightbox lightbox-gallery\" href=\"https:\/\/www.montanheiros.com\/wp-content\/uploads\/2019\/05\/big26_1550744687.jpg\" title=\"Jovens do Clube Desportivo Montanheiros exploram grutas, 02fev2019 - ilha Terceira\">            <div class=\"box has-hover gallery-box box-none\">\n              <div class=\"box-image\" style=\"width:86%;\">\n                <img loading=\"lazy\" decoding=\"async\" width=\"280\" height=\"280\" src=\"https:\/\/www.montanheiros.com\/wp-content\/uploads\/2019\/05\/big26_1550744687-280x280.jpg\" class=\"attachment-thumbnail size-thumbnail\" alt=\"\" ids=\"3875,3876,3877,3878,3879,3880,3881,3882,3883,3884,3885,3886,3887,3888,3889,3891,3892,3893,3894,3895,3896,3897,3898,3899,3900\" style=\"none\" type=\"slider\" columns=\"2\" image_width=\"86\" image_size=\"thumbnail\" srcset=\"https:\/\/www.montanheiros.com\/wp-content\/uploads\/2019\/05\/big26_1550744687-280x280.jpg 280w, https:\/\/www.montanheiros.com\/wp-content\/uploads\/2019\/05\/big26_1550744687-300x300.jpg 300w, https:\/\/www.montanheiros.com\/wp-content\/uploads\/2019\/05\/big26_1550744687-100x100.jpg 100w\" sizes=\"auto, (max-width: 280px) 100vw, 280px\" \/>                                                              <\/div>\n              <div class=\"box-text text-left\" >\n                 <p>Jovens do Clube Desportivo Montanheiros exploram grutas, 02fev2019 - ilha Terceira<\/p>\n              <\/div>\n            <\/div>\n            <\/a>          <\/div>\n         <\/div><div class=\"gallery-col col\" >\n          <div class=\"col-inner\">\n            <a class=\"image-lightbox lightbox-gallery\" href=\"https:\/\/www.montanheiros.com\/wp-content\/uploads\/2019\/05\/big25_1550744687.jpg\" title=\"Jovens do Clube Desportivo Montanheiros exploram grutas, 02fev2019 - ilha Terceira\">            <div class=\"box has-hover gallery-box box-none\">\n              <div class=\"box-image\" style=\"width:86%;\">\n                <img loading=\"lazy\" decoding=\"async\" width=\"280\" height=\"280\" src=\"https:\/\/www.montanheiros.com\/wp-content\/uploads\/2019\/05\/big25_1550744687-280x280.jpg\" class=\"attachment-thumbnail size-thumbnail\" alt=\"\" ids=\"3875,3876,3877,3878,3879,3880,3881,3882,3883,3884,3885,3886,3887,3888,3889,3891,3892,3893,3894,3895,3896,3897,3898,3899,3900\" style=\"none\" type=\"slider\" columns=\"2\" image_width=\"86\" image_size=\"thumbnail\" srcset=\"https:\/\/www.montanheiros.com\/wp-content\/uploads\/2019\/05\/big25_1550744687-280x280.jpg 280w, https:\/\/www.montanheiros.com\/wp-content\/uploads\/2019\/05\/big25_1550744687-300x300.jpg 300w, https:\/\/www.montanheiros.com\/wp-content\/uploads\/2019\/05\/big25_1550744687-100x100.jpg 100w\" sizes=\"auto, (max-width: 280px) 100vw, 280px\" \/>                                                              <\/div>\n              <div class=\"box-text text-left\" >\n                 <p>Jovens do Clube Desportivo Montanheiros exploram grutas, 02fev2019 - ilha Terceira<\/p>\n              <\/div>\n            <\/div>\n            <\/a>          <\/div>\n         <\/div><div class=\"gallery-col col\" >\n          <div class=\"col-inner\">\n            <a class=\"image-lightbox lightbox-gallery\" href=\"https:\/\/www.montanheiros.com\/wp-content\/uploads\/2019\/05\/big24_1550744687.jpg\" title=\"Jovens do Clube Desportivo Montanheiros exploram grutas, 02fev2019 - ilha Terceira\">            <div class=\"box has-hover gallery-box box-none\">\n              <div class=\"box-image\" style=\"width:86%;\">\n                <img loading=\"lazy\" decoding=\"async\" width=\"280\" height=\"280\" src=\"https:\/\/www.montanheiros.com\/wp-content\/uploads\/2019\/05\/big24_1550744687-280x280.jpg\" class=\"attachment-thumbnail size-thumbnail\" alt=\"\" ids=\"3875,3876,3877,3878,3879,3880,3881,3882,3883,3884,3885,3886,3887,3888,3889,3891,3892,3893,3894,3895,3896,3897,3898,3899,3900\" style=\"none\" type=\"slider\" columns=\"2\" image_width=\"86\" image_size=\"thumbnail\" srcset=\"https:\/\/www.montanheiros.com\/wp-content\/uploads\/2019\/05\/big24_1550744687-280x280.jpg 280w, https:\/\/www.montanheiros.com\/wp-content\/uploads\/2019\/05\/big24_1550744687-300x300.jpg 300w, https:\/\/www.montanheiros.com\/wp-content\/uploads\/2019\/05\/big24_1550744687-100x100.jpg 100w\" sizes=\"auto, (max-width: 280px) 100vw, 280px\" \/>                                                              <\/div>\n              <div class=\"box-text text-left\" >\n                 <p>Jovens do Clube Desportivo Montanheiros exploram grutas, 02fev2019 - ilha Terceira<\/p>\n              <\/div>\n            <\/div>\n            <\/a>          <\/div>\n         <\/div><div class=\"gallery-col col\" >\n          <div class=\"col-inner\">\n            <a class=\"image-lightbox lightbox-gallery\" href=\"https:\/\/www.montanheiros.com\/wp-content\/uploads\/2019\/05\/big23_1550744687.jpg\" title=\"Jovens do Clube Desportivo Montanheiros exploram grutas, 02fev2019 - ilha Terceira\">            <div class=\"box has-hover gallery-box box-none\">\n              <div class=\"box-image\" style=\"width:86%;\">\n                <img loading=\"lazy\" decoding=\"async\" width=\"280\" height=\"280\" src=\"https:\/\/www.montanheiros.com\/wp-content\/uploads\/2019\/05\/big23_1550744687-280x280.jpg\" class=\"attachment-thumbnail size-thumbnail\" alt=\"\" ids=\"3875,3876,3877,3878,3879,3880,3881,3882,3883,3884,3885,3886,3887,3888,3889,3891,3892,3893,3894,3895,3896,3897,3898,3899,3900\" style=\"none\" type=\"slider\" columns=\"2\" image_width=\"86\" image_size=\"thumbnail\" srcset=\"https:\/\/www.montanheiros.com\/wp-content\/uploads\/2019\/05\/big23_1550744687-280x280.jpg 280w, https:\/\/www.montanheiros.com\/wp-content\/uploads\/2019\/05\/big23_1550744687-300x300.jpg 300w, https:\/\/www.montanheiros.com\/wp-content\/uploads\/2019\/05\/big23_1550744687-100x100.jpg 100w\" sizes=\"auto, (max-width: 280px) 100vw, 280px\" \/>                                                              <\/div>\n              <div class=\"box-text text-left\" >\n                 <p>Jovens do Clube Desportivo Montanheiros exploram grutas, 02fev2019 - ilha Terceira<\/p>\n              <\/div>\n            <\/div>\n            <\/a>          <\/div>\n         <\/div><\/div>\n\n\n\t\t<\/div>\n\t\t\t\t\t<\/div>\n\n\t\n\n<\/div>\n<div class=\"row row-dashed\"  id=\"row-906299841\">\n\n\n\t<div id=\"col-243005359\" class=\"col medium-4 small-12 large-4\"  >\n\t\t\t\t<div class=\"col-inner\"  >\n\t\t\t\n\t\t\t\n\n<p>Primeiro est\u00e1gio da \u00e9poca com o dinamarqu\u00eas Esben Seir, 20jan2019 &#8211; ilha Terceira<\/p>\n\n  \n    <div class=\"row large-columns-2 medium-columns- small-columns- slider row-slider slider-nav-reveal\"  data-flickity-options='{\"imagesLoaded\": true, \"groupCells\": \"100%\", \"dragThreshold\" : 5, \"cellAlign\": \"left\",\"wrapAround\": true,\"prevNextButtons\": true,\"percentPosition\": true,\"pageDots\": false, \"rightToLeft\": false, \"autoPlay\" : false}'>\n\n  <div class=\"gallery-col col\" >\n          <div class=\"col-inner\">\n            <a class=\"image-lightbox lightbox-gallery\" href=\"https:\/\/www.montanheiros.com\/wp-content\/uploads\/2019\/05\/big4_1550744298.jpg\" title=\"Primeiro est\u00e1gio da \u00e9poca com o dinamarqu\u00eas Esben Seir, 20jan2019 - ilha Terceira\">            <div class=\"box has-hover gallery-box box-none\">\n              <div class=\"box-image\" style=\"width:86%;\">\n                <img loading=\"lazy\" decoding=\"async\" width=\"280\" height=\"280\" src=\"https:\/\/www.montanheiros.com\/wp-content\/uploads\/2019\/05\/big4_1550744298-280x280.jpg\" class=\"attachment-thumbnail size-thumbnail\" alt=\"\" ids=\"3836,3837,3839,3840,3842,3843,3844,3847,3848,3850,3852,3854,3856,3860,3861,3862,3863,3864,3866,3867,3871,3872,3874\" style=\"none\" type=\"slider\" columns=\"2\" image_width=\"86\" image_size=\"thumbnail\" srcset=\"https:\/\/www.montanheiros.com\/wp-content\/uploads\/2019\/05\/big4_1550744298-280x280.jpg 280w, https:\/\/www.montanheiros.com\/wp-content\/uploads\/2019\/05\/big4_1550744298-300x300.jpg 300w, https:\/\/www.montanheiros.com\/wp-content\/uploads\/2019\/05\/big4_1550744298-100x100.jpg 100w\" sizes=\"auto, (max-width: 280px) 100vw, 280px\" \/>                                                              <\/div>\n              <div class=\"box-text text-left\" >\n                 <p>Primeiro est\u00e1gio da \u00e9poca com o dinamarqu\u00eas Esben Seir, 20jan2019 - ilha Terceira<\/p>\n              <\/div>\n            <\/div>\n            <\/a>          <\/div>\n         <\/div><div class=\"gallery-col col\" >\n          <div class=\"col-inner\">\n            <a class=\"image-lightbox lightbox-gallery\" href=\"https:\/\/www.montanheiros.com\/wp-content\/uploads\/2019\/05\/big1_1550744297.jpg\" title=\"Primeiro est\u00e1gio da \u00e9poca com o dinamarqu\u00eas Esben Seir, 20jan2019 - ilha Terceira\">            <div class=\"box has-hover gallery-box box-none\">\n              <div class=\"box-image\" style=\"width:86%;\">\n                <img loading=\"lazy\" decoding=\"async\" width=\"280\" height=\"280\" src=\"https:\/\/www.montanheiros.com\/wp-content\/uploads\/2019\/05\/big1_1550744297-280x280.jpg\" class=\"attachment-thumbnail size-thumbnail\" alt=\"\" ids=\"3836,3837,3839,3840,3842,3843,3844,3847,3848,3850,3852,3854,3856,3860,3861,3862,3863,3864,3866,3867,3871,3872,3874\" style=\"none\" type=\"slider\" columns=\"2\" image_width=\"86\" image_size=\"thumbnail\" srcset=\"https:\/\/www.montanheiros.com\/wp-content\/uploads\/2019\/05\/big1_1550744297-280x280.jpg 280w, https:\/\/www.montanheiros.com\/wp-content\/uploads\/2019\/05\/big1_1550744297-300x300.jpg 300w, https:\/\/www.montanheiros.com\/wp-content\/uploads\/2019\/05\/big1_1550744297-100x100.jpg 100w\" sizes=\"auto, (max-width: 280px) 100vw, 280px\" \/>                                                              <\/div>\n              <div class=\"box-text text-left\" >\n                 <p>Primeiro est\u00e1gio da \u00e9poca com o dinamarqu\u00eas Esben Seir, 20jan2019 - ilha Terceira<\/p>\n              <\/div>\n            <\/div>\n            <\/a>          <\/div>\n         <\/div><div class=\"gallery-col col\" >\n          <div class=\"col-inner\">\n            <a class=\"image-lightbox lightbox-gallery\" href=\"https:\/\/www.montanheiros.com\/wp-content\/uploads\/2019\/05\/big3_1550744298.jpg\" title=\"Primeiro est\u00e1gio da \u00e9poca com o dinamarqu\u00eas Esben Seir, 20jan2019 - ilha Terceira\">            <div class=\"box has-hover gallery-box box-none\">\n              <div class=\"box-image\" style=\"width:86%;\">\n                <img loading=\"lazy\" decoding=\"async\" width=\"280\" height=\"280\" src=\"https:\/\/www.montanheiros.com\/wp-content\/uploads\/2019\/05\/big3_1550744298-280x280.jpg\" class=\"attachment-thumbnail size-thumbnail\" alt=\"\" ids=\"3836,3837,3839,3840,3842,3843,3844,3847,3848,3850,3852,3854,3856,3860,3861,3862,3863,3864,3866,3867,3871,3872,3874\" style=\"none\" type=\"slider\" columns=\"2\" image_width=\"86\" image_size=\"thumbnail\" srcset=\"https:\/\/www.montanheiros.com\/wp-content\/uploads\/2019\/05\/big3_1550744298-280x280.jpg 280w, https:\/\/www.montanheiros.com\/wp-content\/uploads\/2019\/05\/big3_1550744298-300x300.jpg 300w, https:\/\/www.montanheiros.com\/wp-content\/uploads\/2019\/05\/big3_1550744298-100x100.jpg 100w\" sizes=\"auto, (max-width: 280px) 100vw, 280px\" \/>                                                              <\/div>\n              <div class=\"box-text text-left\" >\n                 <p>Primeiro est\u00e1gio da \u00e9poca com o dinamarqu\u00eas Esben Seir, 20jan2019 - ilha Terceira<\/p>\n              <\/div>\n            <\/div>\n            <\/a>          <\/div>\n         <\/div><div class=\"gallery-col col\" >\n          <div class=\"col-inner\">\n            <a class=\"image-lightbox lightbox-gallery\" href=\"https:\/\/www.montanheiros.com\/wp-content\/uploads\/2019\/05\/big5_1550744298.jpg\" title=\"Primeiro est\u00e1gio da \u00e9poca com o dinamarqu\u00eas Esben Seir, 20jan2019 - ilha Terceira\">            <div class=\"box has-hover gallery-box box-none\">\n              <div class=\"box-image\" style=\"width:86%;\">\n                <img loading=\"lazy\" decoding=\"async\" width=\"280\" height=\"280\" src=\"https:\/\/www.montanheiros.com\/wp-content\/uploads\/2019\/05\/big5_1550744298-280x280.jpg\" class=\"attachment-thumbnail size-thumbnail\" alt=\"\" ids=\"3836,3837,3839,3840,3842,3843,3844,3847,3848,3850,3852,3854,3856,3860,3861,3862,3863,3864,3866,3867,3871,3872,3874\" style=\"none\" type=\"slider\" columns=\"2\" image_width=\"86\" image_size=\"thumbnail\" srcset=\"https:\/\/www.montanheiros.com\/wp-content\/uploads\/2019\/05\/big5_1550744298-280x280.jpg 280w, https:\/\/www.montanheiros.com\/wp-content\/uploads\/2019\/05\/big5_1550744298-300x300.jpg 300w, https:\/\/www.montanheiros.com\/wp-content\/uploads\/2019\/05\/big5_1550744298-100x100.jpg 100w\" sizes=\"auto, (max-width: 280px) 100vw, 280px\" \/>                                                              <\/div>\n              <div class=\"box-text text-left\" >\n                 <p>Primeiro est\u00e1gio da \u00e9poca com o dinamarqu\u00eas Esben Seir, 20jan2019 - ilha Terceira<\/p>\n              <\/div>\n            <\/div>\n            <\/a>          <\/div>\n         <\/div><div class=\"gallery-col col\" >\n          <div class=\"col-inner\">\n            <a class=\"image-lightbox lightbox-gallery\" href=\"https:\/\/www.montanheiros.com\/wp-content\/uploads\/2019\/05\/big18_1550744300.jpg\" title=\"Primeiro est\u00e1gio da \u00e9poca com o dinamarqu\u00eas Esben Seir, 20jan2019 - ilha Terceira\">            <div class=\"box has-hover gallery-box box-none\">\n              <div class=\"box-image\" style=\"width:86%;\">\n                <img loading=\"lazy\" decoding=\"async\" width=\"280\" height=\"280\" src=\"https:\/\/www.montanheiros.com\/wp-content\/uploads\/2019\/05\/big18_1550744300-280x280.jpg\" class=\"attachment-thumbnail size-thumbnail\" alt=\"\" ids=\"3836,3837,3839,3840,3842,3843,3844,3847,3848,3850,3852,3854,3856,3860,3861,3862,3863,3864,3866,3867,3871,3872,3874\" style=\"none\" type=\"slider\" columns=\"2\" image_width=\"86\" image_size=\"thumbnail\" srcset=\"https:\/\/www.montanheiros.com\/wp-content\/uploads\/2019\/05\/big18_1550744300-280x280.jpg 280w, https:\/\/www.montanheiros.com\/wp-content\/uploads\/2019\/05\/big18_1550744300-300x300.jpg 300w, https:\/\/www.montanheiros.com\/wp-content\/uploads\/2019\/05\/big18_1550744300-100x100.jpg 100w\" sizes=\"auto, (max-width: 280px) 100vw, 280px\" \/>                                                              <\/div>\n              <div class=\"box-text text-left\" >\n                 <p>Primeiro est\u00e1gio da \u00e9poca com o dinamarqu\u00eas Esben Seir, 20jan2019 - ilha Terceira<\/p>\n              <\/div>\n            <\/div>\n            <\/a>          <\/div>\n         <\/div><div class=\"gallery-col col\" >\n          <div class=\"col-inner\">\n            <a class=\"image-lightbox lightbox-gallery\" href=\"https:\/\/www.montanheiros.com\/wp-content\/uploads\/2019\/05\/big16_1550744300.jpg\" title=\"Primeiro est\u00e1gio da \u00e9poca com o dinamarqu\u00eas Esben Seir, 20jan2019 - ilha Terceira\">            <div class=\"box has-hover gallery-box box-none\">\n              <div class=\"box-image\" style=\"width:86%;\">\n                <img loading=\"lazy\" decoding=\"async\" width=\"280\" height=\"280\" src=\"https:\/\/www.montanheiros.com\/wp-content\/uploads\/2019\/05\/big16_1550744300-280x280.jpg\" class=\"attachment-thumbnail size-thumbnail\" alt=\"\" ids=\"3836,3837,3839,3840,3842,3843,3844,3847,3848,3850,3852,3854,3856,3860,3861,3862,3863,3864,3866,3867,3871,3872,3874\" style=\"none\" type=\"slider\" columns=\"2\" image_width=\"86\" image_size=\"thumbnail\" srcset=\"https:\/\/www.montanheiros.com\/wp-content\/uploads\/2019\/05\/big16_1550744300-280x280.jpg 280w, https:\/\/www.montanheiros.com\/wp-content\/uploads\/2019\/05\/big16_1550744300-300x300.jpg 300w, https:\/\/www.montanheiros.com\/wp-content\/uploads\/2019\/05\/big16_1550744300-100x100.jpg 100w\" sizes=\"auto, (max-width: 280px) 100vw, 280px\" \/>                                                              <\/div>\n              <div class=\"box-text text-left\" >\n                 <p>Primeiro est\u00e1gio da \u00e9poca com o dinamarqu\u00eas Esben Seir, 20jan2019 - ilha Terceira<\/p>\n              <\/div>\n            <\/div>\n            <\/a>          <\/div>\n         <\/div><div class=\"gallery-col col\" >\n          <div class=\"col-inner\">\n            <a class=\"image-lightbox lightbox-gallery\" href=\"https:\/\/www.montanheiros.com\/wp-content\/uploads\/2019\/05\/big37_1550744302.jpg\" title=\"Primeiro est\u00e1gio da \u00e9poca com o dinamarqu\u00eas Esben Seir, 20jan2019 - ilha Terceira\">            <div class=\"box has-hover gallery-box box-none\">\n              <div class=\"box-image\" style=\"width:86%;\">\n                <img loading=\"lazy\" decoding=\"async\" width=\"280\" height=\"280\" src=\"https:\/\/www.montanheiros.com\/wp-content\/uploads\/2019\/05\/big37_1550744302-280x280.jpg\" class=\"attachment-thumbnail size-thumbnail\" alt=\"\" ids=\"3836,3837,3839,3840,3842,3843,3844,3847,3848,3850,3852,3854,3856,3860,3861,3862,3863,3864,3866,3867,3871,3872,3874\" style=\"none\" type=\"slider\" columns=\"2\" image_width=\"86\" image_size=\"thumbnail\" srcset=\"https:\/\/www.montanheiros.com\/wp-content\/uploads\/2019\/05\/big37_1550744302-280x280.jpg 280w, https:\/\/www.montanheiros.com\/wp-content\/uploads\/2019\/05\/big37_1550744302-300x300.jpg 300w, https:\/\/www.montanheiros.com\/wp-content\/uploads\/2019\/05\/big37_1550744302-100x100.jpg 100w\" sizes=\"auto, (max-width: 280px) 100vw, 280px\" \/>                                                              <\/div>\n              <div class=\"box-text text-left\" >\n                 <p>Primeiro est\u00e1gio da \u00e9poca com o dinamarqu\u00eas Esben Seir, 20jan2019 - ilha Terceira<\/p>\n              <\/div>\n            <\/div>\n            <\/a>          <\/div>\n         <\/div><div class=\"gallery-col col\" >\n          <div class=\"col-inner\">\n            <a class=\"image-lightbox lightbox-gallery\" href=\"https:\/\/www.montanheiros.com\/wp-content\/uploads\/2019\/05\/big38_1550744302.jpg\" title=\"Primeiro est\u00e1gio da \u00e9poca com o dinamarqu\u00eas Esben Seir, 20jan2019 - ilha Terceira\">            <div class=\"box has-hover gallery-box box-none\">\n              <div class=\"box-image\" style=\"width:86%;\">\n                <img loading=\"lazy\" decoding=\"async\" width=\"280\" height=\"280\" src=\"https:\/\/www.montanheiros.com\/wp-content\/uploads\/2019\/05\/big38_1550744302-280x280.jpg\" class=\"attachment-thumbnail size-thumbnail\" alt=\"\" ids=\"3836,3837,3839,3840,3842,3843,3844,3847,3848,3850,3852,3854,3856,3860,3861,3862,3863,3864,3866,3867,3871,3872,3874\" style=\"none\" type=\"slider\" columns=\"2\" image_width=\"86\" image_size=\"thumbnail\" srcset=\"https:\/\/www.montanheiros.com\/wp-content\/uploads\/2019\/05\/big38_1550744302-280x280.jpg 280w, https:\/\/www.montanheiros.com\/wp-content\/uploads\/2019\/05\/big38_1550744302-300x300.jpg 300w, https:\/\/www.montanheiros.com\/wp-content\/uploads\/2019\/05\/big38_1550744302-100x100.jpg 100w\" sizes=\"auto, (max-width: 280px) 100vw, 280px\" \/>                                                              <\/div>\n              <div class=\"box-text text-left\" >\n                 <p>Primeiro est\u00e1gio da \u00e9poca com o dinamarqu\u00eas Esben Seir, 20jan2019 - ilha Terceira<\/p>\n              <\/div>\n            <\/div>\n            <\/a>          <\/div>\n         <\/div><div class=\"gallery-col col\" >\n          <div class=\"col-inner\">\n            <a class=\"image-lightbox lightbox-gallery\" href=\"https:\/\/www.montanheiros.com\/wp-content\/uploads\/2019\/05\/big7_1550744298.jpg\" title=\"Primeiro est\u00e1gio da \u00e9poca com o dinamarqu\u00eas Esben Seir, 20jan2019 - ilha Terceira\">            <div class=\"box has-hover gallery-box box-none\">\n              <div class=\"box-image\" style=\"width:86%;\">\n                <img loading=\"lazy\" decoding=\"async\" width=\"280\" height=\"280\" src=\"https:\/\/www.montanheiros.com\/wp-content\/uploads\/2019\/05\/big7_1550744298-280x280.jpg\" class=\"attachment-thumbnail size-thumbnail\" alt=\"\" ids=\"3836,3837,3839,3840,3842,3843,3844,3847,3848,3850,3852,3854,3856,3860,3861,3862,3863,3864,3866,3867,3871,3872,3874\" style=\"none\" type=\"slider\" columns=\"2\" image_width=\"86\" image_size=\"thumbnail\" srcset=\"https:\/\/www.montanheiros.com\/wp-content\/uploads\/2019\/05\/big7_1550744298-280x280.jpg 280w, https:\/\/www.montanheiros.com\/wp-content\/uploads\/2019\/05\/big7_1550744298-300x300.jpg 300w, https:\/\/www.montanheiros.com\/wp-content\/uploads\/2019\/05\/big7_1550744298-100x100.jpg 100w\" sizes=\"auto, (max-width: 280px) 100vw, 280px\" \/>                                                              <\/div>\n              <div class=\"box-text text-left\" >\n                 <p>Primeiro est\u00e1gio da \u00e9poca com o dinamarqu\u00eas Esben Seir, 20jan2019 - ilha Terceira<\/p>\n              <\/div>\n            <\/div>\n            <\/a>          <\/div>\n         <\/div><div class=\"gallery-col col\" >\n          <div class=\"col-inner\">\n            <a class=\"image-lightbox lightbox-gallery\" href=\"https:\/\/www.montanheiros.com\/wp-content\/uploads\/2019\/05\/big8_1550744299.jpg\" title=\"Primeiro est\u00e1gio da \u00e9poca com o dinamarqu\u00eas Esben Seir, 20jan2019 - ilha Terceira\">            <div class=\"box has-hover gallery-box box-none\">\n              <div class=\"box-image\" style=\"width:86%;\">\n                <img loading=\"lazy\" decoding=\"async\" width=\"280\" height=\"280\" src=\"https:\/\/www.montanheiros.com\/wp-content\/uploads\/2019\/05\/big8_1550744299-280x280.jpg\" class=\"attachment-thumbnail size-thumbnail\" alt=\"\" ids=\"3836,3837,3839,3840,3842,3843,3844,3847,3848,3850,3852,3854,3856,3860,3861,3862,3863,3864,3866,3867,3871,3872,3874\" style=\"none\" type=\"slider\" columns=\"2\" image_width=\"86\" image_size=\"thumbnail\" srcset=\"https:\/\/www.montanheiros.com\/wp-content\/uploads\/2019\/05\/big8_1550744299-280x280.jpg 280w, https:\/\/www.montanheiros.com\/wp-content\/uploads\/2019\/05\/big8_1550744299-300x300.jpg 300w, https:\/\/www.montanheiros.com\/wp-content\/uploads\/2019\/05\/big8_1550744299-100x100.jpg 100w\" sizes=\"auto, (max-width: 280px) 100vw, 280px\" \/>                                                              <\/div>\n              <div class=\"box-text text-left\" >\n                 <p>Primeiro est\u00e1gio da \u00e9poca com o dinamarqu\u00eas Esben Seir, 20jan2019 - ilha Terceira<\/p>\n              <\/div>\n            <\/div>\n            <\/a>          <\/div>\n         <\/div><div class=\"gallery-col col\" >\n          <div class=\"col-inner\">\n            <a class=\"image-lightbox lightbox-gallery\" href=\"https:\/\/www.montanheiros.com\/wp-content\/uploads\/2019\/05\/big11_1550744299.jpg\" title=\"Primeiro est\u00e1gio da \u00e9poca com o dinamarqu\u00eas Esben Seir, 20jan2019 - ilha Terceira\">            <div class=\"box has-hover gallery-box box-none\">\n              <div class=\"box-image\" style=\"width:86%;\">\n                <img loading=\"lazy\" decoding=\"async\" width=\"280\" height=\"280\" src=\"https:\/\/www.montanheiros.com\/wp-content\/uploads\/2019\/05\/big11_1550744299-280x280.jpg\" class=\"attachment-thumbnail size-thumbnail\" alt=\"\" ids=\"3836,3837,3839,3840,3842,3843,3844,3847,3848,3850,3852,3854,3856,3860,3861,3862,3863,3864,3866,3867,3871,3872,3874\" style=\"none\" type=\"slider\" columns=\"2\" image_width=\"86\" image_size=\"thumbnail\" srcset=\"https:\/\/www.montanheiros.com\/wp-content\/uploads\/2019\/05\/big11_1550744299-280x280.jpg 280w, https:\/\/www.montanheiros.com\/wp-content\/uploads\/2019\/05\/big11_1550744299-300x300.jpg 300w, https:\/\/www.montanheiros.com\/wp-content\/uploads\/2019\/05\/big11_1550744299-100x100.jpg 100w\" sizes=\"auto, (max-width: 280px) 100vw, 280px\" \/>                                                              <\/div>\n              <div class=\"box-text text-left\" >\n                 <p>Primeiro est\u00e1gio da \u00e9poca com o dinamarqu\u00eas Esben Seir, 20jan2019 - ilha Terceira<\/p>\n              <\/div>\n            <\/div>\n            <\/a>          <\/div>\n         <\/div><div class=\"gallery-col col\" >\n          <div class=\"col-inner\">\n            <a class=\"image-lightbox lightbox-gallery\" href=\"https:\/\/www.montanheiros.com\/wp-content\/uploads\/2019\/05\/big12_1550744299.jpg\" title=\"Primeiro est\u00e1gio da \u00e9poca com o dinamarqu\u00eas Esben Seir, 20jan2019 - ilha Terceira\">            <div class=\"box has-hover gallery-box box-none\">\n              <div class=\"box-image\" style=\"width:86%;\">\n                <img loading=\"lazy\" decoding=\"async\" width=\"280\" height=\"280\" src=\"https:\/\/www.montanheiros.com\/wp-content\/uploads\/2019\/05\/big12_1550744299-280x280.jpg\" class=\"attachment-thumbnail size-thumbnail\" alt=\"\" ids=\"3836,3837,3839,3840,3842,3843,3844,3847,3848,3850,3852,3854,3856,3860,3861,3862,3863,3864,3866,3867,3871,3872,3874\" style=\"none\" type=\"slider\" columns=\"2\" image_width=\"86\" image_size=\"thumbnail\" srcset=\"https:\/\/www.montanheiros.com\/wp-content\/uploads\/2019\/05\/big12_1550744299-280x280.jpg 280w, https:\/\/www.montanheiros.com\/wp-content\/uploads\/2019\/05\/big12_1550744299-300x300.jpg 300w, https:\/\/www.montanheiros.com\/wp-content\/uploads\/2019\/05\/big12_1550744299-100x100.jpg 100w\" sizes=\"auto, (max-width: 280px) 100vw, 280px\" \/>                                                              <\/div>\n              <div class=\"box-text text-left\" >\n                 <p>Primeiro est\u00e1gio da \u00e9poca com o dinamarqu\u00eas Esben Seir, 20jan2019 - ilha Terceira<\/p>\n              <\/div>\n            <\/div>\n            <\/a>          <\/div>\n         <\/div><div class=\"gallery-col col\" >\n          <div class=\"col-inner\">\n            <a class=\"image-lightbox lightbox-gallery\" href=\"https:\/\/www.montanheiros.com\/wp-content\/uploads\/2019\/05\/big17_1550744300.jpg\" title=\"Primeiro est\u00e1gio da \u00e9poca com o dinamarqu\u00eas Esben Seir, 20jan2019 - ilha Terceira\">            <div class=\"box has-hover gallery-box box-none\">\n              <div class=\"box-image\" style=\"width:86%;\">\n                <img loading=\"lazy\" decoding=\"async\" width=\"280\" height=\"280\" src=\"https:\/\/www.montanheiros.com\/wp-content\/uploads\/2019\/05\/big17_1550744300-280x280.jpg\" class=\"attachment-thumbnail size-thumbnail\" alt=\"\" ids=\"3836,3837,3839,3840,3842,3843,3844,3847,3848,3850,3852,3854,3856,3860,3861,3862,3863,3864,3866,3867,3871,3872,3874\" style=\"none\" type=\"slider\" columns=\"2\" image_width=\"86\" image_size=\"thumbnail\" srcset=\"https:\/\/www.montanheiros.com\/wp-content\/uploads\/2019\/05\/big17_1550744300-280x280.jpg 280w, https:\/\/www.montanheiros.com\/wp-content\/uploads\/2019\/05\/big17_1550744300-300x300.jpg 300w, https:\/\/www.montanheiros.com\/wp-content\/uploads\/2019\/05\/big17_1550744300-100x100.jpg 100w\" sizes=\"auto, (max-width: 280px) 100vw, 280px\" \/>                                                              <\/div>\n              <div class=\"box-text text-left\" >\n                 <p>Primeiro est\u00e1gio da \u00e9poca com o dinamarqu\u00eas Esben Seir, 20jan2019 - ilha Terceira<\/p>\n              <\/div>\n            <\/div>\n            <\/a>          <\/div>\n         <\/div><div class=\"gallery-col col\" >\n          <div class=\"col-inner\">\n            <a class=\"image-lightbox lightbox-gallery\" href=\"https:\/\/www.montanheiros.com\/wp-content\/uploads\/2019\/05\/big24_1550744300.jpg\" title=\"Primeiro est\u00e1gio da \u00e9poca com o dinamarqu\u00eas Esben Seir, 20jan2019 - ilha Terceira\">            <div class=\"box has-hover gallery-box box-none\">\n              <div class=\"box-image\" style=\"width:86%;\">\n                <img loading=\"lazy\" decoding=\"async\" width=\"280\" height=\"280\" src=\"https:\/\/www.montanheiros.com\/wp-content\/uploads\/2019\/05\/big24_1550744300-280x280.jpg\" class=\"attachment-thumbnail size-thumbnail\" alt=\"\" ids=\"3836,3837,3839,3840,3842,3843,3844,3847,3848,3850,3852,3854,3856,3860,3861,3862,3863,3864,3866,3867,3871,3872,3874\" style=\"none\" type=\"slider\" columns=\"2\" image_width=\"86\" image_size=\"thumbnail\" srcset=\"https:\/\/www.montanheiros.com\/wp-content\/uploads\/2019\/05\/big24_1550744300-280x280.jpg 280w, https:\/\/www.montanheiros.com\/wp-content\/uploads\/2019\/05\/big24_1550744300-300x300.jpg 300w, https:\/\/www.montanheiros.com\/wp-content\/uploads\/2019\/05\/big24_1550744300-100x100.jpg 100w\" sizes=\"auto, (max-width: 280px) 100vw, 280px\" \/>                                                              <\/div>\n              <div class=\"box-text text-left\" >\n                 <p>Primeiro est\u00e1gio da \u00e9poca com o dinamarqu\u00eas Esben Seir, 20jan2019 - ilha Terceira<\/p>\n              <\/div>\n            <\/div>\n            <\/a>          <\/div>\n         <\/div><div class=\"gallery-col col\" >\n          <div class=\"col-inner\">\n            <a class=\"image-lightbox lightbox-gallery\" href=\"https:\/\/www.montanheiros.com\/wp-content\/uploads\/2019\/05\/big28_1550744301.jpg\" title=\"Primeiro est\u00e1gio da \u00e9poca com o dinamarqu\u00eas Esben Seir, 20jan2019 - ilha Terceira\">            <div class=\"box has-hover gallery-box box-none\">\n              <div class=\"box-image\" style=\"width:86%;\">\n                <img loading=\"lazy\" decoding=\"async\" width=\"280\" height=\"280\" src=\"https:\/\/www.montanheiros.com\/wp-content\/uploads\/2019\/05\/big28_1550744301-280x280.jpg\" class=\"attachment-thumbnail size-thumbnail\" alt=\"\" ids=\"3836,3837,3839,3840,3842,3843,3844,3847,3848,3850,3852,3854,3856,3860,3861,3862,3863,3864,3866,3867,3871,3872,3874\" style=\"none\" type=\"slider\" columns=\"2\" image_width=\"86\" image_size=\"thumbnail\" srcset=\"https:\/\/www.montanheiros.com\/wp-content\/uploads\/2019\/05\/big28_1550744301-280x280.jpg 280w, https:\/\/www.montanheiros.com\/wp-content\/uploads\/2019\/05\/big28_1550744301-300x300.jpg 300w, https:\/\/www.montanheiros.com\/wp-content\/uploads\/2019\/05\/big28_1550744301-100x100.jpg 100w\" sizes=\"auto, (max-width: 280px) 100vw, 280px\" \/>                                                              <\/div>\n              <div class=\"box-text text-left\" >\n                 <p>Primeiro est\u00e1gio da \u00e9poca com o dinamarqu\u00eas Esben Seir, 20jan2019 - ilha Terceira<\/p>\n              <\/div>\n            <\/div>\n            <\/a>          <\/div>\n         <\/div><div class=\"gallery-col col\" >\n          <div class=\"col-inner\">\n            <a class=\"image-lightbox lightbox-gallery\" href=\"https:\/\/www.montanheiros.com\/wp-content\/uploads\/2019\/05\/big23_1550744300.jpg\" title=\"Primeiro est\u00e1gio da \u00e9poca com o dinamarqu\u00eas Esben Seir, 20jan2019 - ilha Terceira\">            <div class=\"box has-hover gallery-box box-none\">\n              <div class=\"box-image\" style=\"width:86%;\">\n                <img loading=\"lazy\" decoding=\"async\" width=\"280\" height=\"280\" src=\"https:\/\/www.montanheiros.com\/wp-content\/uploads\/2019\/05\/big23_1550744300-280x280.jpg\" class=\"attachment-thumbnail size-thumbnail\" alt=\"\" ids=\"3836,3837,3839,3840,3842,3843,3844,3847,3848,3850,3852,3854,3856,3860,3861,3862,3863,3864,3866,3867,3871,3872,3874\" style=\"none\" type=\"slider\" columns=\"2\" image_width=\"86\" image_size=\"thumbnail\" srcset=\"https:\/\/www.montanheiros.com\/wp-content\/uploads\/2019\/05\/big23_1550744300-280x280.jpg 280w, https:\/\/www.montanheiros.com\/wp-content\/uploads\/2019\/05\/big23_1550744300-300x300.jpg 300w, https:\/\/www.montanheiros.com\/wp-content\/uploads\/2019\/05\/big23_1550744300-100x100.jpg 100w\" sizes=\"auto, (max-width: 280px) 100vw, 280px\" \/>                                                              <\/div>\n              <div class=\"box-text text-left\" >\n                 <p>Primeiro est\u00e1gio da \u00e9poca com o dinamarqu\u00eas Esben Seir, 20jan2019 - ilha Terceira<\/p>\n              <\/div>\n            <\/div>\n            <\/a>          <\/div>\n         <\/div><div class=\"gallery-col col\" >\n          <div class=\"col-inner\">\n            <a class=\"image-lightbox lightbox-gallery\" href=\"https:\/\/www.montanheiros.com\/wp-content\/uploads\/2019\/05\/big21_1550744300.jpg\" title=\"Primeiro est\u00e1gio da \u00e9poca com o dinamarqu\u00eas Esben Seir, 20jan2019 - ilha Terceira\">            <div class=\"box has-hover gallery-box box-none\">\n              <div class=\"box-image\" style=\"width:86%;\">\n                <img loading=\"lazy\" decoding=\"async\" width=\"280\" height=\"280\" src=\"https:\/\/www.montanheiros.com\/wp-content\/uploads\/2019\/05\/big21_1550744300-280x280.jpg\" class=\"attachment-thumbnail size-thumbnail\" alt=\"\" ids=\"3836,3837,3839,3840,3842,3843,3844,3847,3848,3850,3852,3854,3856,3860,3861,3862,3863,3864,3866,3867,3871,3872,3874\" style=\"none\" type=\"slider\" columns=\"2\" image_width=\"86\" image_size=\"thumbnail\" srcset=\"https:\/\/www.montanheiros.com\/wp-content\/uploads\/2019\/05\/big21_1550744300-280x280.jpg 280w, https:\/\/www.montanheiros.com\/wp-content\/uploads\/2019\/05\/big21_1550744300-300x300.jpg 300w, https:\/\/www.montanheiros.com\/wp-content\/uploads\/2019\/05\/big21_1550744300-100x100.jpg 100w\" sizes=\"auto, (max-width: 280px) 100vw, 280px\" \/>                                                              <\/div>\n              <div class=\"box-text text-left\" >\n                 <p>Primeiro est\u00e1gio da \u00e9poca com o dinamarqu\u00eas Esben Seir, 20jan2019 - ilha Terceira<\/p>\n              <\/div>\n            <\/div>\n            <\/a>          <\/div>\n         <\/div><div class=\"gallery-col col\" >\n          <div class=\"col-inner\">\n            <a class=\"image-lightbox lightbox-gallery\" href=\"https:\/\/www.montanheiros.com\/wp-content\/uploads\/2019\/05\/big34_1550744301.jpg\" title=\"Primeiro est\u00e1gio da \u00e9poca com o dinamarqu\u00eas Esben Seir, 20jan2019 - ilha Terceira\">            <div class=\"box has-hover gallery-box box-none\">\n              <div class=\"box-image\" style=\"width:86%;\">\n                <img loading=\"lazy\" decoding=\"async\" width=\"280\" height=\"280\" src=\"https:\/\/www.montanheiros.com\/wp-content\/uploads\/2019\/05\/big34_1550744301-280x280.jpg\" class=\"attachment-thumbnail size-thumbnail\" alt=\"\" ids=\"3836,3837,3839,3840,3842,3843,3844,3847,3848,3850,3852,3854,3856,3860,3861,3862,3863,3864,3866,3867,3871,3872,3874\" style=\"none\" type=\"slider\" columns=\"2\" image_width=\"86\" image_size=\"thumbnail\" srcset=\"https:\/\/www.montanheiros.com\/wp-content\/uploads\/2019\/05\/big34_1550744301-280x280.jpg 280w, https:\/\/www.montanheiros.com\/wp-content\/uploads\/2019\/05\/big34_1550744301-300x300.jpg 300w, https:\/\/www.montanheiros.com\/wp-content\/uploads\/2019\/05\/big34_1550744301-100x100.jpg 100w\" sizes=\"auto, (max-width: 280px) 100vw, 280px\" \/>                                                              <\/div>\n              <div class=\"box-text text-left\" >\n                 <p>Primeiro est\u00e1gio da \u00e9poca com o dinamarqu\u00eas Esben Seir, 20jan2019 - ilha Terceira<\/p>\n              <\/div>\n            <\/div>\n            <\/a>          <\/div>\n         <\/div><div class=\"gallery-col col\" >\n          <div class=\"col-inner\">\n            <a class=\"image-lightbox lightbox-gallery\" href=\"https:\/\/www.montanheiros.com\/wp-content\/uploads\/2019\/05\/big27_1550744301.jpg\" title=\"Primeiro est\u00e1gio da \u00e9poca com o dinamarqu\u00eas Esben Seir, 20jan2019 - ilha Terceira\">            <div class=\"box has-hover gallery-box box-none\">\n              <div class=\"box-image\" style=\"width:86%;\">\n                <img loading=\"lazy\" decoding=\"async\" width=\"280\" height=\"280\" src=\"https:\/\/www.montanheiros.com\/wp-content\/uploads\/2019\/05\/big27_1550744301-280x280.jpg\" class=\"attachment-thumbnail size-thumbnail\" alt=\"\" ids=\"3836,3837,3839,3840,3842,3843,3844,3847,3848,3850,3852,3854,3856,3860,3861,3862,3863,3864,3866,3867,3871,3872,3874\" style=\"none\" type=\"slider\" columns=\"2\" image_width=\"86\" image_size=\"thumbnail\" srcset=\"https:\/\/www.montanheiros.com\/wp-content\/uploads\/2019\/05\/big27_1550744301-280x280.jpg 280w, https:\/\/www.montanheiros.com\/wp-content\/uploads\/2019\/05\/big27_1550744301-300x300.jpg 300w, https:\/\/www.montanheiros.com\/wp-content\/uploads\/2019\/05\/big27_1550744301-100x100.jpg 100w\" sizes=\"auto, (max-width: 280px) 100vw, 280px\" \/>                                                              <\/div>\n              <div class=\"box-text text-left\" >\n                 <p>Primeiro est\u00e1gio da \u00e9poca com o dinamarqu\u00eas Esben Seir, 20jan2019 - ilha Terceira<\/p>\n              <\/div>\n            <\/div>\n            <\/a>          <\/div>\n         <\/div><div class=\"gallery-col col\" >\n          <div class=\"col-inner\">\n            <a class=\"image-lightbox lightbox-gallery\" href=\"https:\/\/www.montanheiros.com\/wp-content\/uploads\/2019\/05\/big32_1550744301.jpg\" title=\"Primeiro est\u00e1gio da \u00e9poca com o dinamarqu\u00eas Esben Seir, 20jan2019 - ilha Terceira\">            <div class=\"box has-hover gallery-box box-none\">\n              <div class=\"box-image\" style=\"width:86%;\">\n                <img loading=\"lazy\" decoding=\"async\" width=\"280\" height=\"280\" src=\"https:\/\/www.montanheiros.com\/wp-content\/uploads\/2019\/05\/big32_1550744301-280x280.jpg\" class=\"attachment-thumbnail size-thumbnail\" alt=\"\" ids=\"3836,3837,3839,3840,3842,3843,3844,3847,3848,3850,3852,3854,3856,3860,3861,3862,3863,3864,3866,3867,3871,3872,3874\" style=\"none\" type=\"slider\" columns=\"2\" image_width=\"86\" image_size=\"thumbnail\" srcset=\"https:\/\/www.montanheiros.com\/wp-content\/uploads\/2019\/05\/big32_1550744301-280x280.jpg 280w, https:\/\/www.montanheiros.com\/wp-content\/uploads\/2019\/05\/big32_1550744301-300x300.jpg 300w, https:\/\/www.montanheiros.com\/wp-content\/uploads\/2019\/05\/big32_1550744301-100x100.jpg 100w\" sizes=\"auto, (max-width: 280px) 100vw, 280px\" \/>                                                              <\/div>\n              <div class=\"box-text text-left\" >\n                 <p>Primeiro est\u00e1gio da \u00e9poca com o dinamarqu\u00eas Esben Seir, 20jan2019 - ilha Terceira<\/p>\n              <\/div>\n            <\/div>\n            <\/a>          <\/div>\n         <\/div><div class=\"gallery-col col\" >\n          <div class=\"col-inner\">\n            <a class=\"image-lightbox lightbox-gallery\" href=\"https:\/\/www.montanheiros.com\/wp-content\/uploads\/2019\/05\/big29_1550744301.jpg\" title=\"Primeiro est\u00e1gio da \u00e9poca com o dinamarqu\u00eas Esben Seir, 20jan2019 - ilha Terceira\">            <div class=\"box has-hover gallery-box box-none\">\n              <div class=\"box-image\" style=\"width:86%;\">\n                <img loading=\"lazy\" decoding=\"async\" width=\"280\" height=\"280\" src=\"https:\/\/www.montanheiros.com\/wp-content\/uploads\/2019\/05\/big29_1550744301-280x280.jpg\" class=\"attachment-thumbnail size-thumbnail\" alt=\"\" ids=\"3836,3837,3839,3840,3842,3843,3844,3847,3848,3850,3852,3854,3856,3860,3861,3862,3863,3864,3866,3867,3871,3872,3874\" style=\"none\" type=\"slider\" columns=\"2\" image_width=\"86\" image_size=\"thumbnail\" srcset=\"https:\/\/www.montanheiros.com\/wp-content\/uploads\/2019\/05\/big29_1550744301-280x280.jpg 280w, https:\/\/www.montanheiros.com\/wp-content\/uploads\/2019\/05\/big29_1550744301-300x300.jpg 300w, https:\/\/www.montanheiros.com\/wp-content\/uploads\/2019\/05\/big29_1550744301-100x100.jpg 100w\" sizes=\"auto, (max-width: 280px) 100vw, 280px\" \/>                                                              <\/div>\n              <div class=\"box-text text-left\" >\n                 <p>Primeiro est\u00e1gio da \u00e9poca com o dinamarqu\u00eas Esben Seir, 20jan2019 - ilha Terceira<\/p>\n              <\/div>\n            <\/div>\n            <\/a>          <\/div>\n         <\/div><div class=\"gallery-col col\" >\n          <div class=\"col-inner\">\n            <a class=\"image-lightbox lightbox-gallery\" href=\"https:\/\/www.montanheiros.com\/wp-content\/uploads\/2019\/05\/big30_1550744301.jpg\" title=\"Primeiro est\u00e1gio da \u00e9poca com o dinamarqu\u00eas Esben Seir, 20jan2019 - ilha Terceira\">            <div class=\"box has-hover gallery-box box-none\">\n              <div class=\"box-image\" style=\"width:86%;\">\n                <img loading=\"lazy\" decoding=\"async\" width=\"280\" height=\"280\" src=\"https:\/\/www.montanheiros.com\/wp-content\/uploads\/2019\/05\/big30_1550744301-280x280.jpg\" class=\"attachment-thumbnail size-thumbnail\" alt=\"\" ids=\"3836,3837,3839,3840,3842,3843,3844,3847,3848,3850,3852,3854,3856,3860,3861,3862,3863,3864,3866,3867,3871,3872,3874\" style=\"none\" type=\"slider\" columns=\"2\" image_width=\"86\" image_size=\"thumbnail\" srcset=\"https:\/\/www.montanheiros.com\/wp-content\/uploads\/2019\/05\/big30_1550744301-280x280.jpg 280w, https:\/\/www.montanheiros.com\/wp-content\/uploads\/2019\/05\/big30_1550744301-300x300.jpg 300w, https:\/\/www.montanheiros.com\/wp-content\/uploads\/2019\/05\/big30_1550744301-100x100.jpg 100w\" sizes=\"auto, (max-width: 280px) 100vw, 280px\" \/>                                                              <\/div>\n              <div class=\"box-text text-left\" >\n                 <p>Primeiro est\u00e1gio da \u00e9poca com o dinamarqu\u00eas Esben Seir, 20jan2019 - ilha Terceira<\/p>\n              <\/div>\n            <\/div>\n            <\/a>          <\/div>\n         <\/div><div class=\"gallery-col col\" >\n          <div class=\"col-inner\">\n            <a class=\"image-lightbox lightbox-gallery\" href=\"https:\/\/www.montanheiros.com\/wp-content\/uploads\/2019\/05\/big36_1550744301.jpg\" title=\"Primeiro est\u00e1gio da \u00e9poca com o dinamarqu\u00eas Esben Seir, 20jan2019 - ilha Terceira\">            <div class=\"box has-hover gallery-box box-none\">\n              <div class=\"box-image\" style=\"width:86%;\">\n                <img loading=\"lazy\" decoding=\"async\" width=\"280\" height=\"280\" src=\"https:\/\/www.montanheiros.com\/wp-content\/uploads\/2019\/05\/big36_1550744301-280x280.jpg\" class=\"attachment-thumbnail size-thumbnail\" alt=\"\" ids=\"3836,3837,3839,3840,3842,3843,3844,3847,3848,3850,3852,3854,3856,3860,3861,3862,3863,3864,3866,3867,3871,3872,3874\" style=\"none\" type=\"slider\" columns=\"2\" image_width=\"86\" image_size=\"thumbnail\" srcset=\"https:\/\/www.montanheiros.com\/wp-content\/uploads\/2019\/05\/big36_1550744301-280x280.jpg 280w, https:\/\/www.montanheiros.com\/wp-content\/uploads\/2019\/05\/big36_1550744301-300x300.jpg 300w, https:\/\/www.montanheiros.com\/wp-content\/uploads\/2019\/05\/big36_1550744301-100x100.jpg 100w\" sizes=\"auto, (max-width: 280px) 100vw, 280px\" \/>                                                              <\/div>\n              <div class=\"box-text text-left\" >\n                 <p>Primeiro est\u00e1gio da \u00e9poca com o dinamarqu\u00eas Esben Seir, 20jan2019 - ilha Terceira<\/p>\n              <\/div>\n            <\/div>\n            <\/a>          <\/div>\n         <\/div><\/div>\n\n\n\t\t<\/div>\n\t\t\t\t\t<\/div>\n\n\t\n\n<\/div>\n\t<div id=\"gap-691587616\" class=\"gap-element clearfix\" style=\"display:block; height:auto;\">\n\t\t\n<style>\n#gap-691587616 {\n  padding-top: 30px;\n}\n<\/style>\n\t<\/div>\n\t\n\n<div class=\"container section-title-container\" ><h4 class=\"section-title section-title-normal\"><b><\/b><span class=\"section-title-main\" >2018<\/span><b><\/b><\/h4><\/div>\n\n<div class=\"row row-dashed\"  id=\"row-1571024498\">\n\n\n\t<div id=\"col-1783902520\" class=\"col medium-4 small-12 large-4\"  >\n\t\t\t\t<div class=\"col-inner\"  >\n\t\t\t\n\t\t\t\n\n<p>Angra Urban Climbing 2018, 30jun2018 &#8211; ilha Terceira<\/p>\n\n  \n    <div class=\"row large-columns-2 medium-columns- small-columns- slider row-slider slider-nav-reveal\"  data-flickity-options='{\"imagesLoaded\": true, \"groupCells\": \"100%\", \"dragThreshold\" : 5, \"cellAlign\": \"left\",\"wrapAround\": true,\"prevNextButtons\": true,\"percentPosition\": true,\"pageDots\": false, \"rightToLeft\": false, \"autoPlay\" : false}'>\n\n  <div class=\"gallery-col col\" >\n          <div class=\"col-inner\">\n            <a class=\"image-lightbox lightbox-gallery\" href=\"https:\/\/www.montanheiros.com\/wp-content\/uploads\/2019\/05\/big5_1531219281.jpg\" title=\"Angra Urban Climbing 2018, 30jun2018 - ilha Terceira\">            <div class=\"box has-hover gallery-box box-none\">\n              <div class=\"box-image\" style=\"width:86%;\">\n                <img loading=\"lazy\" decoding=\"async\" width=\"280\" height=\"280\" src=\"https:\/\/www.montanheiros.com\/wp-content\/uploads\/2019\/05\/big5_1531219281-280x280.jpg\" class=\"attachment-thumbnail size-thumbnail\" alt=\"\" ids=\"3824,3825,3826,3827,3828,3829,3830,3831,3832,3833\" style=\"none\" type=\"slider\" columns=\"2\" image_width=\"86\" image_size=\"thumbnail\" srcset=\"https:\/\/www.montanheiros.com\/wp-content\/uploads\/2019\/05\/big5_1531219281-280x280.jpg 280w, https:\/\/www.montanheiros.com\/wp-content\/uploads\/2019\/05\/big5_1531219281-300x300.jpg 300w, https:\/\/www.montanheiros.com\/wp-content\/uploads\/2019\/05\/big5_1531219281-100x100.jpg 100w\" sizes=\"auto, (max-width: 280px) 100vw, 280px\" \/>                                                              <\/div>\n              <div class=\"box-text text-left\" >\n                 <p>Angra Urban Climbing 2018, 30jun2018 - ilha Terceira<\/p>\n              <\/div>\n            <\/div>\n            <\/a>          <\/div>\n         <\/div><div class=\"gallery-col col\" >\n          <div class=\"col-inner\">\n            <a class=\"image-lightbox lightbox-gallery\" href=\"https:\/\/www.montanheiros.com\/wp-content\/uploads\/2019\/05\/big1_1531219270.jpg\" title=\"Angra Urban Climbing 2018, 30jun2018 - ilha Terceira\">            <div class=\"box has-hover gallery-box box-none\">\n              <div class=\"box-image\" style=\"width:86%;\">\n                <img loading=\"lazy\" decoding=\"async\" width=\"280\" height=\"280\" src=\"https:\/\/www.montanheiros.com\/wp-content\/uploads\/2019\/05\/big1_1531219270-280x280.jpg\" class=\"attachment-thumbnail size-thumbnail\" alt=\"\" ids=\"3824,3825,3826,3827,3828,3829,3830,3831,3832,3833\" style=\"none\" type=\"slider\" columns=\"2\" image_width=\"86\" image_size=\"thumbnail\" srcset=\"https:\/\/www.montanheiros.com\/wp-content\/uploads\/2019\/05\/big1_1531219270-280x280.jpg 280w, https:\/\/www.montanheiros.com\/wp-content\/uploads\/2019\/05\/big1_1531219270-300x300.jpg 300w, https:\/\/www.montanheiros.com\/wp-content\/uploads\/2019\/05\/big1_1531219270-100x100.jpg 100w\" sizes=\"auto, (max-width: 280px) 100vw, 280px\" \/>                                                              <\/div>\n              <div class=\"box-text text-left\" >\n                 <p>Angra Urban Climbing 2018, 30jun2018 - ilha Terceira<\/p>\n              <\/div>\n            <\/div>\n            <\/a>          <\/div>\n         <\/div><div class=\"gallery-col col\" >\n          <div class=\"col-inner\">\n            <a class=\"image-lightbox lightbox-gallery\" href=\"https:\/\/www.montanheiros.com\/wp-content\/uploads\/2019\/05\/big4_1531219280.jpg\" title=\"Angra Urban Climbing 2018, 30jun2018 - ilha Terceira\">            <div class=\"box has-hover gallery-box box-none\">\n              <div class=\"box-image\" style=\"width:86%;\">\n                <img loading=\"lazy\" decoding=\"async\" width=\"280\" height=\"280\" src=\"https:\/\/www.montanheiros.com\/wp-content\/uploads\/2019\/05\/big4_1531219280-280x280.jpg\" class=\"attachment-thumbnail size-thumbnail\" alt=\"\" ids=\"3824,3825,3826,3827,3828,3829,3830,3831,3832,3833\" style=\"none\" type=\"slider\" columns=\"2\" image_width=\"86\" image_size=\"thumbnail\" srcset=\"https:\/\/www.montanheiros.com\/wp-content\/uploads\/2019\/05\/big4_1531219280-280x280.jpg 280w, https:\/\/www.montanheiros.com\/wp-content\/uploads\/2019\/05\/big4_1531219280-300x300.jpg 300w, https:\/\/www.montanheiros.com\/wp-content\/uploads\/2019\/05\/big4_1531219280-100x100.jpg 100w\" sizes=\"auto, (max-width: 280px) 100vw, 280px\" \/>                                                              <\/div>\n              <div class=\"box-text text-left\" >\n                 <p>Angra Urban Climbing 2018, 30jun2018 - ilha Terceira<\/p>\n              <\/div>\n            <\/div>\n            <\/a>          <\/div>\n         <\/div><div class=\"gallery-col col\" >\n          <div class=\"col-inner\">\n            <a class=\"image-lightbox lightbox-gallery\" href=\"https:\/\/www.montanheiros.com\/wp-content\/uploads\/2019\/05\/big8_1531219285.jpg\" title=\"Angra Urban Climbing 2018, 30jun2018 - ilha Terceira\">            <div class=\"box has-hover gallery-box box-none\">\n              <div class=\"box-image\" style=\"width:86%;\">\n                <img loading=\"lazy\" decoding=\"async\" width=\"280\" height=\"280\" src=\"https:\/\/www.montanheiros.com\/wp-content\/uploads\/2019\/05\/big8_1531219285-280x280.jpg\" class=\"attachment-thumbnail size-thumbnail\" alt=\"\" ids=\"3824,3825,3826,3827,3828,3829,3830,3831,3832,3833\" style=\"none\" type=\"slider\" columns=\"2\" image_width=\"86\" image_size=\"thumbnail\" srcset=\"https:\/\/www.montanheiros.com\/wp-content\/uploads\/2019\/05\/big8_1531219285-280x280.jpg 280w, https:\/\/www.montanheiros.com\/wp-content\/uploads\/2019\/05\/big8_1531219285-300x300.jpg 300w, https:\/\/www.montanheiros.com\/wp-content\/uploads\/2019\/05\/big8_1531219285-100x100.jpg 100w\" sizes=\"auto, (max-width: 280px) 100vw, 280px\" \/>                                                              <\/div>\n              <div class=\"box-text text-left\" >\n                 <p>Angra Urban Climbing 2018, 30jun2018 - ilha Terceira<\/p>\n              <\/div>\n            <\/div>\n            <\/a>          <\/div>\n         <\/div><div class=\"gallery-col col\" >\n          <div class=\"col-inner\">\n            <a class=\"image-lightbox lightbox-gallery\" href=\"https:\/\/www.montanheiros.com\/wp-content\/uploads\/2019\/05\/big3_1531219279.jpg\" title=\"Angra Urban Climbing 2018, 30jun2018 - ilha Terceira\">            <div class=\"box has-hover gallery-box box-none\">\n              <div class=\"box-image\" style=\"width:86%;\">\n                <img loading=\"lazy\" decoding=\"async\" width=\"280\" height=\"280\" src=\"https:\/\/www.montanheiros.com\/wp-content\/uploads\/2019\/05\/big3_1531219279-280x280.jpg\" class=\"attachment-thumbnail size-thumbnail\" alt=\"\" ids=\"3824,3825,3826,3827,3828,3829,3830,3831,3832,3833\" style=\"none\" type=\"slider\" columns=\"2\" image_width=\"86\" image_size=\"thumbnail\" srcset=\"https:\/\/www.montanheiros.com\/wp-content\/uploads\/2019\/05\/big3_1531219279-280x280.jpg 280w, https:\/\/www.montanheiros.com\/wp-content\/uploads\/2019\/05\/big3_1531219279-300x300.jpg 300w, https:\/\/www.montanheiros.com\/wp-content\/uploads\/2019\/05\/big3_1531219279-100x100.jpg 100w\" sizes=\"auto, (max-width: 280px) 100vw, 280px\" \/>                                                              <\/div>\n              <div class=\"box-text text-left\" >\n                 <p>Angra Urban Climbing 2018, 30jun2018 - ilha Terceira<\/p>\n              <\/div>\n            <\/div>\n            <\/a>          <\/div>\n         <\/div><div class=\"gallery-col col\" >\n          <div class=\"col-inner\">\n            <a class=\"image-lightbox lightbox-gallery\" href=\"https:\/\/www.montanheiros.com\/wp-content\/uploads\/2019\/05\/big2_1531219275.jpg\" title=\"Angra Urban Climbing 2018, 30jun2018 - ilha Terceira\">            <div class=\"box has-hover gallery-box box-none\">\n              <div class=\"box-image\" style=\"width:86%;\">\n                <img loading=\"lazy\" decoding=\"async\" width=\"280\" height=\"280\" src=\"https:\/\/www.montanheiros.com\/wp-content\/uploads\/2019\/05\/big2_1531219275-280x280.jpg\" class=\"attachment-thumbnail size-thumbnail\" alt=\"\" ids=\"3824,3825,3826,3827,3828,3829,3830,3831,3832,3833\" style=\"none\" type=\"slider\" columns=\"2\" image_width=\"86\" image_size=\"thumbnail\" srcset=\"https:\/\/www.montanheiros.com\/wp-content\/uploads\/2019\/05\/big2_1531219275-280x280.jpg 280w, https:\/\/www.montanheiros.com\/wp-content\/uploads\/2019\/05\/big2_1531219275-300x300.jpg 300w, https:\/\/www.montanheiros.com\/wp-content\/uploads\/2019\/05\/big2_1531219275-100x100.jpg 100w\" sizes=\"auto, (max-width: 280px) 100vw, 280px\" \/>                                                              <\/div>\n              <div class=\"box-text text-left\" >\n                 <p>Angra Urban Climbing 2018, 30jun2018 - ilha Terceira<\/p>\n              <\/div>\n            <\/div>\n            <\/a>          <\/div>\n         <\/div><div class=\"gallery-col col\" >\n          <div class=\"col-inner\">\n            <a class=\"image-lightbox lightbox-gallery\" href=\"https:\/\/www.montanheiros.com\/wp-content\/uploads\/2019\/05\/big7_1531219283.jpg\" title=\"Angra Urban Climbing 2018, 30jun2018 - ilha Terceira\">            <div class=\"box has-hover gallery-box box-none\">\n              <div class=\"box-image\" style=\"width:86%;\">\n                <img loading=\"lazy\" decoding=\"async\" width=\"280\" height=\"280\" src=\"https:\/\/www.montanheiros.com\/wp-content\/uploads\/2019\/05\/big7_1531219283-280x280.jpg\" class=\"attachment-thumbnail size-thumbnail\" alt=\"\" ids=\"3824,3825,3826,3827,3828,3829,3830,3831,3832,3833\" style=\"none\" type=\"slider\" columns=\"2\" image_width=\"86\" image_size=\"thumbnail\" srcset=\"https:\/\/www.montanheiros.com\/wp-content\/uploads\/2019\/05\/big7_1531219283-280x280.jpg 280w, https:\/\/www.montanheiros.com\/wp-content\/uploads\/2019\/05\/big7_1531219283-300x300.jpg 300w, https:\/\/www.montanheiros.com\/wp-content\/uploads\/2019\/05\/big7_1531219283-100x100.jpg 100w\" sizes=\"auto, (max-width: 280px) 100vw, 280px\" \/>                                                              <\/div>\n              <div class=\"box-text text-left\" >\n                 <p>Angra Urban Climbing 2018, 30jun2018 - ilha Terceira<\/p>\n              <\/div>\n            <\/div>\n            <\/a>          <\/div>\n         <\/div><div class=\"gallery-col col\" >\n          <div class=\"col-inner\">\n            <a class=\"image-lightbox lightbox-gallery\" href=\"https:\/\/www.montanheiros.com\/wp-content\/uploads\/2019\/05\/big6_1531219282.jpg\" title=\"Angra Urban Climbing 2018, 30jun2018 - ilha Terceira\">            <div class=\"box has-hover gallery-box box-none\">\n              <div class=\"box-image\" style=\"width:86%;\">\n                <img loading=\"lazy\" decoding=\"async\" width=\"280\" height=\"280\" src=\"https:\/\/www.montanheiros.com\/wp-content\/uploads\/2019\/05\/big6_1531219282-280x280.jpg\" class=\"attachment-thumbnail size-thumbnail\" alt=\"\" ids=\"3824,3825,3826,3827,3828,3829,3830,3831,3832,3833\" style=\"none\" type=\"slider\" columns=\"2\" image_width=\"86\" image_size=\"thumbnail\" srcset=\"https:\/\/www.montanheiros.com\/wp-content\/uploads\/2019\/05\/big6_1531219282-280x280.jpg 280w, https:\/\/www.montanheiros.com\/wp-content\/uploads\/2019\/05\/big6_1531219282-300x300.jpg 300w, https:\/\/www.montanheiros.com\/wp-content\/uploads\/2019\/05\/big6_1531219282-100x100.jpg 100w\" sizes=\"auto, (max-width: 280px) 100vw, 280px\" \/>                                                              <\/div>\n              <div class=\"box-text text-left\" >\n                 <p>Angra Urban Climbing 2018, 30jun2018 - ilha Terceira<\/p>\n              <\/div>\n            <\/div>\n            <\/a>          <\/div>\n         <\/div><div class=\"gallery-col col\" >\n          <div class=\"col-inner\">\n            <a class=\"image-lightbox lightbox-gallery\" href=\"https:\/\/www.montanheiros.com\/wp-content\/uploads\/2019\/05\/big9_1531219286.jpg\" title=\"Angra Urban Climbing 2018, 30jun2018 - ilha Terceira\">            <div class=\"box has-hover gallery-box box-none\">\n              <div class=\"box-image\" style=\"width:86%;\">\n                <img loading=\"lazy\" decoding=\"async\" width=\"280\" height=\"280\" src=\"https:\/\/www.montanheiros.com\/wp-content\/uploads\/2019\/05\/big9_1531219286-280x280.jpg\" class=\"attachment-thumbnail size-thumbnail\" alt=\"\" ids=\"3824,3825,3826,3827,3828,3829,3830,3831,3832,3833\" style=\"none\" type=\"slider\" columns=\"2\" image_width=\"86\" image_size=\"thumbnail\" srcset=\"https:\/\/www.montanheiros.com\/wp-content\/uploads\/2019\/05\/big9_1531219286-280x280.jpg 280w, https:\/\/www.montanheiros.com\/wp-content\/uploads\/2019\/05\/big9_1531219286-300x300.jpg 300w, https:\/\/www.montanheiros.com\/wp-content\/uploads\/2019\/05\/big9_1531219286-100x100.jpg 100w\" sizes=\"auto, (max-width: 280px) 100vw, 280px\" \/>                                                              <\/div>\n              <div class=\"box-text text-left\" >\n                 <p>Angra Urban Climbing 2018, 30jun2018 - ilha Terceira<\/p>\n              <\/div>\n            <\/div>\n            <\/a>          <\/div>\n         <\/div><div class=\"gallery-col col\" >\n          <div class=\"col-inner\">\n            <a class=\"image-lightbox lightbox-gallery\" href=\"https:\/\/www.montanheiros.com\/wp-content\/uploads\/2019\/05\/big10_1531219287.jpg\" title=\"Angra Urban Climbing 2018, 30jun2018 - ilha Terceira\">            <div class=\"box has-hover gallery-box box-none\">\n              <div class=\"box-image\" style=\"width:86%;\">\n                <img loading=\"lazy\" decoding=\"async\" width=\"280\" height=\"280\" src=\"https:\/\/www.montanheiros.com\/wp-content\/uploads\/2019\/05\/big10_1531219287-280x280.jpg\" class=\"attachment-thumbnail size-thumbnail\" alt=\"\" ids=\"3824,3825,3826,3827,3828,3829,3830,3831,3832,3833\" style=\"none\" type=\"slider\" columns=\"2\" image_width=\"86\" image_size=\"thumbnail\" srcset=\"https:\/\/www.montanheiros.com\/wp-content\/uploads\/2019\/05\/big10_1531219287-280x280.jpg 280w, https:\/\/www.montanheiros.com\/wp-content\/uploads\/2019\/05\/big10_1531219287-300x300.jpg 300w, https:\/\/www.montanheiros.com\/wp-content\/uploads\/2019\/05\/big10_1531219287-100x100.jpg 100w\" sizes=\"auto, (max-width: 280px) 100vw, 280px\" \/>                                                              <\/div>\n              <div class=\"box-text text-left\" >\n                 <p>Angra Urban Climbing 2018, 30jun2018 - ilha Terceira<\/p>\n              <\/div>\n            <\/div>\n            <\/a>          <\/div>\n         <\/div><\/div>\n\n\n\t\t<\/div>\n\t\t\t\t\t<\/div>\n\n\t\n\n\t<div id=\"col-149450598\" class=\"col medium-4 small-12 large-4\"  >\n\t\t\t\t<div class=\"col-inner\"  >\n\t\t\t\n\t\t\t\n\n<p>CDM no desfile do desporto nas Sanjoaninas 2018, 26jun18 &#8211; ilha Terceira<\/p>\n\n  \n    <div class=\"row large-columns-2 medium-columns- small-columns- slider row-slider slider-nav-reveal\"  data-flickity-options='{\"imagesLoaded\": true, \"groupCells\": \"100%\", \"dragThreshold\" : 5, \"cellAlign\": \"left\",\"wrapAround\": true,\"prevNextButtons\": true,\"percentPosition\": true,\"pageDots\": false, \"rightToLeft\": false, \"autoPlay\" : false}'>\n\n  <div class=\"gallery-col col\" >\n          <div class=\"col-inner\">\n            <a class=\"image-lightbox lightbox-gallery\" href=\"https:\/\/www.montanheiros.com\/wp-content\/uploads\/2019\/05\/big1_1531218226.jpg\" title=\"CDM no desfile do desporto nas Sanjoaninas 2018, 26jun18 - ilha Terceira\">            <div class=\"box has-hover gallery-box box-none\">\n              <div class=\"box-image\" style=\"width:86%;\">\n                <img loading=\"lazy\" decoding=\"async\" width=\"280\" height=\"280\" src=\"https:\/\/www.montanheiros.com\/wp-content\/uploads\/2019\/05\/big1_1531218226-280x280.jpg\" class=\"attachment-thumbnail size-thumbnail\" alt=\"\" ids=\"3818,3819,3820,3821,3822\" style=\"none\" type=\"slider\" columns=\"2\" image_width=\"86\" image_size=\"thumbnail\" srcset=\"https:\/\/www.montanheiros.com\/wp-content\/uploads\/2019\/05\/big1_1531218226-280x280.jpg 280w, https:\/\/www.montanheiros.com\/wp-content\/uploads\/2019\/05\/big1_1531218226-300x300.jpg 300w, https:\/\/www.montanheiros.com\/wp-content\/uploads\/2019\/05\/big1_1531218226-100x100.jpg 100w\" sizes=\"auto, (max-width: 280px) 100vw, 280px\" \/>                                                              <\/div>\n              <div class=\"box-text text-left\" >\n                 <p>CDM no desfile do desporto nas Sanjoaninas 2018, 26jun18 - ilha Terceira<\/p>\n              <\/div>\n            <\/div>\n            <\/a>          <\/div>\n         <\/div><div class=\"gallery-col col\" >\n          <div class=\"col-inner\">\n            <a class=\"image-lightbox lightbox-gallery\" href=\"https:\/\/www.montanheiros.com\/wp-content\/uploads\/2019\/05\/big5_1531218237.jpg\" title=\"CDM no desfile do desporto nas Sanjoaninas 2018, 26jun18 - ilha Terceira\">            <div class=\"box has-hover gallery-box box-none\">\n              <div class=\"box-image\" style=\"width:86%;\">\n                <img loading=\"lazy\" decoding=\"async\" width=\"280\" height=\"280\" src=\"https:\/\/www.montanheiros.com\/wp-content\/uploads\/2019\/05\/big5_1531218237-280x280.jpg\" class=\"attachment-thumbnail size-thumbnail\" alt=\"\" ids=\"3818,3819,3820,3821,3822\" style=\"none\" type=\"slider\" columns=\"2\" image_width=\"86\" image_size=\"thumbnail\" srcset=\"https:\/\/www.montanheiros.com\/wp-content\/uploads\/2019\/05\/big5_1531218237-280x280.jpg 280w, https:\/\/www.montanheiros.com\/wp-content\/uploads\/2019\/05\/big5_1531218237-300x300.jpg 300w, https:\/\/www.montanheiros.com\/wp-content\/uploads\/2019\/05\/big5_1531218237-100x100.jpg 100w\" sizes=\"auto, (max-width: 280px) 100vw, 280px\" \/>                                                              <\/div>\n              <div class=\"box-text text-left\" >\n                 <p>CDM no desfile do desporto nas Sanjoaninas 2018, 26jun18 - ilha Terceira<\/p>\n              <\/div>\n            <\/div>\n            <\/a>          <\/div>\n         <\/div><div class=\"gallery-col col\" >\n          <div class=\"col-inner\">\n            <a class=\"image-lightbox lightbox-gallery\" href=\"https:\/\/www.montanheiros.com\/wp-content\/uploads\/2019\/05\/big3_1531218233.jpg\" title=\"CDM no desfile do desporto nas Sanjoaninas 2018, 26jun18 - ilha Terceira\">            <div class=\"box has-hover gallery-box box-none\">\n              <div class=\"box-image\" style=\"width:86%;\">\n                <img loading=\"lazy\" decoding=\"async\" width=\"280\" height=\"280\" src=\"https:\/\/www.montanheiros.com\/wp-content\/uploads\/2019\/05\/big3_1531218233-280x280.jpg\" class=\"attachment-thumbnail size-thumbnail\" alt=\"\" ids=\"3818,3819,3820,3821,3822\" style=\"none\" type=\"slider\" columns=\"2\" image_width=\"86\" image_size=\"thumbnail\" srcset=\"https:\/\/www.montanheiros.com\/wp-content\/uploads\/2019\/05\/big3_1531218233-280x280.jpg 280w, https:\/\/www.montanheiros.com\/wp-content\/uploads\/2019\/05\/big3_1531218233-300x300.jpg 300w, https:\/\/www.montanheiros.com\/wp-content\/uploads\/2019\/05\/big3_1531218233-100x100.jpg 100w\" sizes=\"auto, (max-width: 280px) 100vw, 280px\" \/>                                                              <\/div>\n              <div class=\"box-text text-left\" >\n                 <p>CDM no desfile do desporto nas Sanjoaninas 2018, 26jun18 - ilha Terceira<\/p>\n              <\/div>\n            <\/div>\n            <\/a>          <\/div>\n         <\/div><div class=\"gallery-col col\" >\n          <div class=\"col-inner\">\n            <a class=\"image-lightbox lightbox-gallery\" href=\"https:\/\/www.montanheiros.com\/wp-content\/uploads\/2019\/05\/big2_1531218232.jpg\" title=\"\">            <div class=\"box has-hover gallery-box box-none\">\n              <div class=\"box-image\" style=\"width:86%;\">\n                <img loading=\"lazy\" decoding=\"async\" width=\"280\" height=\"280\" src=\"https:\/\/www.montanheiros.com\/wp-content\/uploads\/2019\/05\/big2_1531218232-280x280.jpg\" class=\"attachment-thumbnail size-thumbnail\" alt=\"\" ids=\"3818,3819,3820,3821,3822\" style=\"none\" type=\"slider\" columns=\"2\" image_width=\"86\" image_size=\"thumbnail\" srcset=\"https:\/\/www.montanheiros.com\/wp-content\/uploads\/2019\/05\/big2_1531218232-280x280.jpg 280w, https:\/\/www.montanheiros.com\/wp-content\/uploads\/2019\/05\/big2_1531218232-300x300.jpg 300w, https:\/\/www.montanheiros.com\/wp-content\/uploads\/2019\/05\/big2_1531218232-100x100.jpg 100w\" sizes=\"auto, (max-width: 280px) 100vw, 280px\" \/>                                                              <\/div>\n              <div class=\"box-text text-left\" >\n                 <p><\/p>\n              <\/div>\n            <\/div>\n            <\/a>          <\/div>\n         <\/div><div class=\"gallery-col col\" >\n          <div class=\"col-inner\">\n            <a class=\"image-lightbox lightbox-gallery\" href=\"https:\/\/www.montanheiros.com\/wp-content\/uploads\/2019\/05\/big4_1531218237.jpg\" title=\"CDM no desfile do desporto nas Sanjoaninas 2018, 26jun18 - ilha Terceira\">            <div class=\"box has-hover gallery-box box-none\">\n              <div class=\"box-image\" style=\"width:86%;\">\n                <img loading=\"lazy\" decoding=\"async\" width=\"280\" height=\"280\" src=\"https:\/\/www.montanheiros.com\/wp-content\/uploads\/2019\/05\/big4_1531218237-280x280.jpg\" class=\"attachment-thumbnail size-thumbnail\" alt=\"\" ids=\"3818,3819,3820,3821,3822\" style=\"none\" type=\"slider\" columns=\"2\" image_width=\"86\" image_size=\"thumbnail\" srcset=\"https:\/\/www.montanheiros.com\/wp-content\/uploads\/2019\/05\/big4_1531218237-280x280.jpg 280w, https:\/\/www.montanheiros.com\/wp-content\/uploads\/2019\/05\/big4_1531218237-300x300.jpg 300w, https:\/\/www.montanheiros.com\/wp-content\/uploads\/2019\/05\/big4_1531218237-100x100.jpg 100w\" sizes=\"auto, (max-width: 280px) 100vw, 280px\" \/>                                                              <\/div>\n              <div class=\"box-text text-left\" >\n                 <p>CDM no desfile do desporto nas Sanjoaninas 2018, 26jun18 - ilha Terceira<\/p>\n              <\/div>\n            <\/div>\n            <\/a>          <\/div>\n         <\/div><\/div>\n\n\n\t\t<\/div>\n\t\t\t\t\t<\/div>\n\n\t\n\n\t<div id=\"col-1459030068\" class=\"col medium-4 small-12 large-4\"  >\n\t\t\t\t<div class=\"col-inner\"  >\n\t\t\t\n\t\t\t\n\n<p>CDM no p\u00f3dio, 16jun2018 &#8211; Torres Vedras<\/p>\n\n  \n    <div class=\"row large-columns-1 medium-columns- small-columns- slider row-slider slider-nav-reveal\"  data-flickity-options='{\"imagesLoaded\": true, \"groupCells\": \"100%\", \"dragThreshold\" : 5, \"cellAlign\": \"left\",\"wrapAround\": true,\"prevNextButtons\": true,\"percentPosition\": true,\"pageDots\": false, \"rightToLeft\": false, \"autoPlay\" : false}'>\n\n  <div class=\"gallery-col col\" >\n          <div class=\"col-inner\">\n            <a class=\"image-lightbox lightbox-gallery\" href=\"https:\/\/www.montanheiros.com\/wp-content\/uploads\/2019\/05\/big1_1531217336-600x800.jpg\" title=\"\tCDM no p\u00f3dio, 16jun2018 - Torres Vedras\">            <div class=\"box has-hover gallery-box box-none\">\n              <div class=\"box-image\" style=\"width:58%;\">\n                <img loading=\"lazy\" decoding=\"async\" width=\"280\" height=\"280\" src=\"https:\/\/www.montanheiros.com\/wp-content\/uploads\/2019\/05\/big1_1531217336-280x280.jpg\" class=\"attachment-thumbnail size-thumbnail\" alt=\"\" ids=\"3815\" style=\"none\" type=\"slider\" columns=\"1\" image_width=\"58\" image_size=\"thumbnail\" srcset=\"https:\/\/www.montanheiros.com\/wp-content\/uploads\/2019\/05\/big1_1531217336-280x280.jpg 280w, https:\/\/www.montanheiros.com\/wp-content\/uploads\/2019\/05\/big1_1531217336-300x300.jpg 300w, https:\/\/www.montanheiros.com\/wp-content\/uploads\/2019\/05\/big1_1531217336-100x100.jpg 100w\" sizes=\"auto, (max-width: 280px) 100vw, 280px\" \/>                                                              <\/div>\n              <div class=\"box-text text-left\" >\n                 <p>\tCDM no p\u00f3dio, 16jun2018 - Torres Vedras<\/p>\n              <\/div>\n            <\/div>\n            <\/a>          <\/div>\n         <\/div><\/div>\n\n\n\t\t<\/div>\n\t\t\t\t\t<\/div>\n\n\t\n\n<\/div>\n<div class=\"row row-dashed\"  id=\"row-1173664584\">\n\n\n\t<div id=\"col-115760703\" class=\"col medium-4 small-12 large-4\"  >\n\t\t\t\t<div class=\"col-inner\"  >\n\t\t\t\n\t\t\t\n\n<p>Participa\u00e7\u00e3o nas atividades no Dia da Fam\u00edlia, 13mai2018 &#8211; ilha Terceira<\/p>\n\n  \n    <div class=\"row large-columns-2 medium-columns- small-columns- slider row-slider slider-nav-reveal\"  data-flickity-options='{\"imagesLoaded\": true, \"groupCells\": \"100%\", \"dragThreshold\" : 5, \"cellAlign\": \"left\",\"wrapAround\": true,\"prevNextButtons\": true,\"percentPosition\": true,\"pageDots\": false, \"rightToLeft\": false, \"autoPlay\" : false}'>\n\n  <div class=\"gallery-col col\" >\n          <div class=\"col-inner\">\n            <a class=\"image-lightbox lightbox-gallery\" href=\"https:\/\/www.montanheiros.com\/wp-content\/uploads\/2019\/05\/big1_1526550731.jpg\" title=\"Participa\u00e7\u00e3o nas atividades no Dia da Fam\u00edlia, 13mai2018 - ilha Terceira\">            <div class=\"box has-hover gallery-box box-none\">\n              <div class=\"box-image\" style=\"width:86%;\">\n                <img loading=\"lazy\" decoding=\"async\" width=\"280\" height=\"280\" src=\"https:\/\/www.montanheiros.com\/wp-content\/uploads\/2019\/05\/big1_1526550731-280x280.jpg\" class=\"attachment-thumbnail size-thumbnail\" alt=\"\" ids=\"3807,3808,3809,3810,3811,3812,3813\" style=\"none\" type=\"slider\" columns=\"2\" image_width=\"86\" image_size=\"thumbnail\" srcset=\"https:\/\/www.montanheiros.com\/wp-content\/uploads\/2019\/05\/big1_1526550731-280x280.jpg 280w, https:\/\/www.montanheiros.com\/wp-content\/uploads\/2019\/05\/big1_1526550731-300x300.jpg 300w, https:\/\/www.montanheiros.com\/wp-content\/uploads\/2019\/05\/big1_1526550731-100x100.jpg 100w\" sizes=\"auto, (max-width: 280px) 100vw, 280px\" \/>                                                              <\/div>\n              <div class=\"box-text text-left\" >\n                 <p>Participa\u00e7\u00e3o nas atividades no Dia da Fam\u00edlia, 13mai2018 - ilha Terceira<\/p>\n              <\/div>\n            <\/div>\n            <\/a>          <\/div>\n         <\/div><div class=\"gallery-col col\" >\n          <div class=\"col-inner\">\n            <a class=\"image-lightbox lightbox-gallery\" href=\"https:\/\/www.montanheiros.com\/wp-content\/uploads\/2019\/05\/big3_1526550734.jpg\" title=\"Participa\u00e7\u00e3o nas atividades no Dia da Fam\u00edlia, 13mai2018 - ilha Terceira\">            <div class=\"box has-hover gallery-box box-none\">\n              <div class=\"box-image\" style=\"width:86%;\">\n                <img loading=\"lazy\" decoding=\"async\" width=\"280\" height=\"280\" src=\"https:\/\/www.montanheiros.com\/wp-content\/uploads\/2019\/05\/big3_1526550734-280x280.jpg\" class=\"attachment-thumbnail size-thumbnail\" alt=\"\" ids=\"3807,3808,3809,3810,3811,3812,3813\" style=\"none\" type=\"slider\" columns=\"2\" image_width=\"86\" image_size=\"thumbnail\" srcset=\"https:\/\/www.montanheiros.com\/wp-content\/uploads\/2019\/05\/big3_1526550734-280x280.jpg 280w, https:\/\/www.montanheiros.com\/wp-content\/uploads\/2019\/05\/big3_1526550734-300x300.jpg 300w, https:\/\/www.montanheiros.com\/wp-content\/uploads\/2019\/05\/big3_1526550734-100x100.jpg 100w\" sizes=\"auto, (max-width: 280px) 100vw, 280px\" \/>                                                              <\/div>\n              <div class=\"box-text text-left\" >\n                 <p>Participa\u00e7\u00e3o nas atividades no Dia da Fam\u00edlia, 13mai2018 - ilha Terceira<\/p>\n              <\/div>\n            <\/div>\n            <\/a>          <\/div>\n         <\/div><div class=\"gallery-col col\" >\n          <div class=\"col-inner\">\n            <a class=\"image-lightbox lightbox-gallery\" href=\"https:\/\/www.montanheiros.com\/wp-content\/uploads\/2019\/05\/big2_1526550734.jpg\" title=\"Participa\u00e7\u00e3o nas atividades no Dia da Fam\u00edlia, 13mai2018 - ilha Terceira\">            <div class=\"box has-hover gallery-box box-none\">\n              <div class=\"box-image\" style=\"width:86%;\">\n                <img loading=\"lazy\" decoding=\"async\" width=\"280\" height=\"280\" src=\"https:\/\/www.montanheiros.com\/wp-content\/uploads\/2019\/05\/big2_1526550734-280x280.jpg\" class=\"attachment-thumbnail size-thumbnail\" alt=\"\" ids=\"3807,3808,3809,3810,3811,3812,3813\" style=\"none\" type=\"slider\" columns=\"2\" image_width=\"86\" image_size=\"thumbnail\" srcset=\"https:\/\/www.montanheiros.com\/wp-content\/uploads\/2019\/05\/big2_1526550734-280x280.jpg 280w, https:\/\/www.montanheiros.com\/wp-content\/uploads\/2019\/05\/big2_1526550734-300x300.jpg 300w, https:\/\/www.montanheiros.com\/wp-content\/uploads\/2019\/05\/big2_1526550734-100x100.jpg 100w\" sizes=\"auto, (max-width: 280px) 100vw, 280px\" \/>                                                              <\/div>\n              <div class=\"box-text text-left\" >\n                 <p>Participa\u00e7\u00e3o nas atividades no Dia da Fam\u00edlia, 13mai2018 - ilha Terceira<\/p>\n              <\/div>\n            <\/div>\n            <\/a>          <\/div>\n         <\/div><div class=\"gallery-col col\" >\n          <div class=\"col-inner\">\n            <a class=\"image-lightbox lightbox-gallery\" href=\"https:\/\/www.montanheiros.com\/wp-content\/uploads\/2019\/05\/big4_1526550736.jpg\" title=\"Participa\u00e7\u00e3o nas atividades no Dia da Fam\u00edlia, 13mai2018 - ilha Terceira\">            <div class=\"box has-hover gallery-box box-none\">\n              <div class=\"box-image\" style=\"width:86%;\">\n                <img loading=\"lazy\" decoding=\"async\" width=\"280\" height=\"280\" src=\"https:\/\/www.montanheiros.com\/wp-content\/uploads\/2019\/05\/big4_1526550736-280x280.jpg\" class=\"attachment-thumbnail size-thumbnail\" alt=\"\" ids=\"3807,3808,3809,3810,3811,3812,3813\" style=\"none\" type=\"slider\" columns=\"2\" image_width=\"86\" image_size=\"thumbnail\" srcset=\"https:\/\/www.montanheiros.com\/wp-content\/uploads\/2019\/05\/big4_1526550736-280x280.jpg 280w, https:\/\/www.montanheiros.com\/wp-content\/uploads\/2019\/05\/big4_1526550736-300x300.jpg 300w, https:\/\/www.montanheiros.com\/wp-content\/uploads\/2019\/05\/big4_1526550736-100x100.jpg 100w\" sizes=\"auto, (max-width: 280px) 100vw, 280px\" \/>                                                              <\/div>\n              <div class=\"box-text text-left\" >\n                 <p>Participa\u00e7\u00e3o nas atividades no Dia da Fam\u00edlia, 13mai2018 - ilha Terceira<\/p>\n              <\/div>\n            <\/div>\n            <\/a>          <\/div>\n         <\/div><div class=\"gallery-col col\" >\n          <div class=\"col-inner\">\n            <a class=\"image-lightbox lightbox-gallery\" href=\"https:\/\/www.montanheiros.com\/wp-content\/uploads\/2019\/05\/big7_1526550738.jpg\" title=\"Participa\u00e7\u00e3o nas atividades no Dia da Fam\u00edlia, 13mai2018 - ilha Terceira\">            <div class=\"box has-hover gallery-box box-none\">\n              <div class=\"box-image\" style=\"width:86%;\">\n                <img loading=\"lazy\" decoding=\"async\" width=\"280\" height=\"280\" src=\"https:\/\/www.montanheiros.com\/wp-content\/uploads\/2019\/05\/big7_1526550738-280x280.jpg\" class=\"attachment-thumbnail size-thumbnail\" alt=\"\" ids=\"3807,3808,3809,3810,3811,3812,3813\" style=\"none\" type=\"slider\" columns=\"2\" image_width=\"86\" image_size=\"thumbnail\" srcset=\"https:\/\/www.montanheiros.com\/wp-content\/uploads\/2019\/05\/big7_1526550738-280x280.jpg 280w, https:\/\/www.montanheiros.com\/wp-content\/uploads\/2019\/05\/big7_1526550738-300x300.jpg 300w, https:\/\/www.montanheiros.com\/wp-content\/uploads\/2019\/05\/big7_1526550738-100x100.jpg 100w\" sizes=\"auto, (max-width: 280px) 100vw, 280px\" \/>                                                              <\/div>\n              <div class=\"box-text text-left\" >\n                 <p>Participa\u00e7\u00e3o nas atividades no Dia da Fam\u00edlia, 13mai2018 - ilha Terceira<\/p>\n              <\/div>\n            <\/div>\n            <\/a>          <\/div>\n         <\/div><div class=\"gallery-col col\" >\n          <div class=\"col-inner\">\n            <a class=\"image-lightbox lightbox-gallery\" href=\"https:\/\/www.montanheiros.com\/wp-content\/uploads\/2019\/05\/big5_1526550736.jpg\" title=\"\">            <div class=\"box has-hover gallery-box box-none\">\n              <div class=\"box-image\" style=\"width:86%;\">\n                <img loading=\"lazy\" decoding=\"async\" width=\"280\" height=\"280\" src=\"https:\/\/www.montanheiros.com\/wp-content\/uploads\/2019\/05\/big5_1526550736-280x280.jpg\" class=\"attachment-thumbnail size-thumbnail\" alt=\"\" ids=\"3807,3808,3809,3810,3811,3812,3813\" style=\"none\" type=\"slider\" columns=\"2\" image_width=\"86\" image_size=\"thumbnail\" srcset=\"https:\/\/www.montanheiros.com\/wp-content\/uploads\/2019\/05\/big5_1526550736-280x280.jpg 280w, https:\/\/www.montanheiros.com\/wp-content\/uploads\/2019\/05\/big5_1526550736-300x300.jpg 300w, https:\/\/www.montanheiros.com\/wp-content\/uploads\/2019\/05\/big5_1526550736-100x100.jpg 100w\" sizes=\"auto, (max-width: 280px) 100vw, 280px\" \/>                                                              <\/div>\n              <div class=\"box-text text-left\" >\n                 <p><\/p>\n              <\/div>\n            <\/div>\n            <\/a>          <\/div>\n         <\/div><div class=\"gallery-col col\" >\n          <div class=\"col-inner\">\n            <a class=\"image-lightbox lightbox-gallery\" href=\"https:\/\/www.montanheiros.com\/wp-content\/uploads\/2019\/05\/big6_1526550736.jpg\" title=\"Participa\u00e7\u00e3o nas atividades no Dia da Fam\u00edlia, 13mai2018 - ilha Terceira\">            <div class=\"box has-hover gallery-box box-none\">\n              <div class=\"box-image\" style=\"width:86%;\">\n                <img loading=\"lazy\" decoding=\"async\" width=\"280\" height=\"280\" src=\"https:\/\/www.montanheiros.com\/wp-content\/uploads\/2019\/05\/big6_1526550736-280x280.jpg\" class=\"attachment-thumbnail size-thumbnail\" alt=\"\" ids=\"3807,3808,3809,3810,3811,3812,3813\" style=\"none\" type=\"slider\" columns=\"2\" image_width=\"86\" image_size=\"thumbnail\" srcset=\"https:\/\/www.montanheiros.com\/wp-content\/uploads\/2019\/05\/big6_1526550736-280x280.jpg 280w, https:\/\/www.montanheiros.com\/wp-content\/uploads\/2019\/05\/big6_1526550736-300x300.jpg 300w, https:\/\/www.montanheiros.com\/wp-content\/uploads\/2019\/05\/big6_1526550736-100x100.jpg 100w\" sizes=\"auto, (max-width: 280px) 100vw, 280px\" \/>                                                              <\/div>\n              <div class=\"box-text text-left\" >\n                 <p>Participa\u00e7\u00e3o nas atividades no Dia da Fam\u00edlia, 13mai2018 - ilha Terceira<\/p>\n              <\/div>\n            <\/div>\n            <\/a>          <\/div>\n         <\/div><\/div>\n\n\n\t\t<\/div>\n\t\t\t\t\t<\/div>\n\n\t\n\n\t<div id=\"col-1325518681\" class=\"col medium-4 small-12 large-4\"  >\n\t\t\t\t<div class=\"col-inner\"  >\n\t\t\t\n\t\t\t\n\n<p>Treino de aperfei\u00e7oamento com Michael LeCompt, 27abr2018 &#8211; ilha Terceira<\/p>\n\n  \n    <div class=\"row large-columns-2 medium-columns- small-columns- slider row-slider slider-nav-reveal\"  data-flickity-options='{\"imagesLoaded\": true, \"groupCells\": \"100%\", \"dragThreshold\" : 5, \"cellAlign\": \"left\",\"wrapAround\": true,\"prevNextButtons\": true,\"percentPosition\": true,\"pageDots\": false, \"rightToLeft\": false, \"autoPlay\" : false}'>\n\n  <div class=\"gallery-col col\" >\n          <div class=\"col-inner\">\n            <a class=\"image-lightbox lightbox-gallery\" href=\"https:\/\/www.montanheiros.com\/wp-content\/uploads\/2019\/05\/big2_1526550652.jpg\" title=\"Treino de aperfei\u00e7oamento com Michael LeCompt, 27abr2018 - ilha Terceira \">            <div class=\"box has-hover gallery-box box-none\">\n              <div class=\"box-image\" style=\"width:86%;\">\n                <img loading=\"lazy\" decoding=\"async\" width=\"280\" height=\"280\" src=\"https:\/\/www.montanheiros.com\/wp-content\/uploads\/2019\/05\/big2_1526550652-280x280.jpg\" class=\"attachment-thumbnail size-thumbnail\" alt=\"\" ids=\"3788,3789,3790,3791,3792,3793,3794,3795,3796,3797,3798,3799,3800,3801,3802,3803,3804,3805,3806\" style=\"none\" type=\"slider\" columns=\"2\" image_width=\"86\" image_size=\"thumbnail\" srcset=\"https:\/\/www.montanheiros.com\/wp-content\/uploads\/2019\/05\/big2_1526550652-280x280.jpg 280w, https:\/\/www.montanheiros.com\/wp-content\/uploads\/2019\/05\/big2_1526550652-300x300.jpg 300w, https:\/\/www.montanheiros.com\/wp-content\/uploads\/2019\/05\/big2_1526550652-100x100.jpg 100w\" sizes=\"auto, (max-width: 280px) 100vw, 280px\" \/>                                                              <\/div>\n              <div class=\"box-text text-left\" >\n                 <p>Treino de aperfei\u00e7oamento com Michael LeCompt, 27abr2018 - ilha Terceira <\/p>\n              <\/div>\n            <\/div>\n            <\/a>          <\/div>\n         <\/div><div class=\"gallery-col col\" >\n          <div class=\"col-inner\">\n            <a class=\"image-lightbox lightbox-gallery\" href=\"https:\/\/www.montanheiros.com\/wp-content\/uploads\/2019\/05\/big3_1526550652.jpg\" title=\"Treino de aperfei\u00e7oamento com Michael LeCompt, 27abr2018 - ilha Terceira \">            <div class=\"box has-hover gallery-box box-none\">\n              <div class=\"box-image\" style=\"width:86%;\">\n                <img loading=\"lazy\" decoding=\"async\" width=\"280\" height=\"280\" src=\"https:\/\/www.montanheiros.com\/wp-content\/uploads\/2019\/05\/big3_1526550652-280x280.jpg\" class=\"attachment-thumbnail size-thumbnail\" alt=\"\" ids=\"3788,3789,3790,3791,3792,3793,3794,3795,3796,3797,3798,3799,3800,3801,3802,3803,3804,3805,3806\" style=\"none\" type=\"slider\" columns=\"2\" image_width=\"86\" image_size=\"thumbnail\" srcset=\"https:\/\/www.montanheiros.com\/wp-content\/uploads\/2019\/05\/big3_1526550652-280x280.jpg 280w, https:\/\/www.montanheiros.com\/wp-content\/uploads\/2019\/05\/big3_1526550652-300x300.jpg 300w, https:\/\/www.montanheiros.com\/wp-content\/uploads\/2019\/05\/big3_1526550652-100x100.jpg 100w\" sizes=\"auto, (max-width: 280px) 100vw, 280px\" \/>                                                              <\/div>\n              <div class=\"box-text text-left\" >\n                 <p>Treino de aperfei\u00e7oamento com Michael LeCompt, 27abr2018 - ilha Terceira <\/p>\n              <\/div>\n            <\/div>\n            <\/a>          <\/div>\n         <\/div><div class=\"gallery-col col\" >\n          <div class=\"col-inner\">\n            <a class=\"image-lightbox lightbox-gallery\" href=\"https:\/\/www.montanheiros.com\/wp-content\/uploads\/2019\/05\/big5_1526550652.jpg\" title=\"Treino de aperfei\u00e7oamento com Michael LeCompt, 27abr2018 - ilha Terceira \">            <div class=\"box has-hover gallery-box box-none\">\n              <div class=\"box-image\" style=\"width:86%;\">\n                <img loading=\"lazy\" decoding=\"async\" width=\"280\" height=\"280\" src=\"https:\/\/www.montanheiros.com\/wp-content\/uploads\/2019\/05\/big5_1526550652-280x280.jpg\" class=\"attachment-thumbnail size-thumbnail\" alt=\"\" ids=\"3788,3789,3790,3791,3792,3793,3794,3795,3796,3797,3798,3799,3800,3801,3802,3803,3804,3805,3806\" style=\"none\" type=\"slider\" columns=\"2\" image_width=\"86\" image_size=\"thumbnail\" srcset=\"https:\/\/www.montanheiros.com\/wp-content\/uploads\/2019\/05\/big5_1526550652-280x280.jpg 280w, https:\/\/www.montanheiros.com\/wp-content\/uploads\/2019\/05\/big5_1526550652-300x300.jpg 300w, https:\/\/www.montanheiros.com\/wp-content\/uploads\/2019\/05\/big5_1526550652-100x100.jpg 100w\" sizes=\"auto, (max-width: 280px) 100vw, 280px\" \/>                                                              <\/div>\n              <div class=\"box-text text-left\" >\n                 <p>Treino de aperfei\u00e7oamento com Michael LeCompt, 27abr2018 - ilha Terceira <\/p>\n              <\/div>\n            <\/div>\n            <\/a>          <\/div>\n         <\/div><div class=\"gallery-col col\" >\n          <div class=\"col-inner\">\n            <a class=\"image-lightbox lightbox-gallery\" href=\"https:\/\/www.montanheiros.com\/wp-content\/uploads\/2019\/05\/big1_1526550652.jpg\" title=\"Treino de aperfei\u00e7oamento com Michael LeCompt, 27abr2018 - ilha Terceira \">            <div class=\"box has-hover gallery-box box-none\">\n              <div class=\"box-image\" style=\"width:86%;\">\n                <img loading=\"lazy\" decoding=\"async\" width=\"280\" height=\"280\" src=\"https:\/\/www.montanheiros.com\/wp-content\/uploads\/2019\/05\/big1_1526550652-280x280.jpg\" class=\"attachment-thumbnail size-thumbnail\" alt=\"\" ids=\"3788,3789,3790,3791,3792,3793,3794,3795,3796,3797,3798,3799,3800,3801,3802,3803,3804,3805,3806\" style=\"none\" type=\"slider\" columns=\"2\" image_width=\"86\" image_size=\"thumbnail\" srcset=\"https:\/\/www.montanheiros.com\/wp-content\/uploads\/2019\/05\/big1_1526550652-280x280.jpg 280w, https:\/\/www.montanheiros.com\/wp-content\/uploads\/2019\/05\/big1_1526550652-300x300.jpg 300w, https:\/\/www.montanheiros.com\/wp-content\/uploads\/2019\/05\/big1_1526550652-100x100.jpg 100w\" sizes=\"auto, (max-width: 280px) 100vw, 280px\" \/>                                                              <\/div>\n              <div class=\"box-text text-left\" >\n                 <p>Treino de aperfei\u00e7oamento com Michael LeCompt, 27abr2018 - ilha Terceira <\/p>\n              <\/div>\n            <\/div>\n            <\/a>          <\/div>\n         <\/div><div class=\"gallery-col col\" >\n          <div class=\"col-inner\">\n            <a class=\"image-lightbox lightbox-gallery\" href=\"https:\/\/www.montanheiros.com\/wp-content\/uploads\/2019\/05\/big4_1526550652.jpg\" title=\"\">            <div class=\"box has-hover gallery-box box-none\">\n              <div class=\"box-image\" style=\"width:86%;\">\n                <img loading=\"lazy\" decoding=\"async\" width=\"280\" height=\"280\" src=\"https:\/\/www.montanheiros.com\/wp-content\/uploads\/2019\/05\/big4_1526550652-280x280.jpg\" class=\"attachment-thumbnail size-thumbnail\" alt=\"\" ids=\"3788,3789,3790,3791,3792,3793,3794,3795,3796,3797,3798,3799,3800,3801,3802,3803,3804,3805,3806\" style=\"none\" type=\"slider\" columns=\"2\" image_width=\"86\" image_size=\"thumbnail\" srcset=\"https:\/\/www.montanheiros.com\/wp-content\/uploads\/2019\/05\/big4_1526550652-280x280.jpg 280w, https:\/\/www.montanheiros.com\/wp-content\/uploads\/2019\/05\/big4_1526550652-300x300.jpg 300w, https:\/\/www.montanheiros.com\/wp-content\/uploads\/2019\/05\/big4_1526550652-100x100.jpg 100w\" sizes=\"auto, (max-width: 280px) 100vw, 280px\" \/>                                                              <\/div>\n              <div class=\"box-text text-left\" >\n                 <p><\/p>\n              <\/div>\n            <\/div>\n            <\/a>          <\/div>\n         <\/div><div class=\"gallery-col col\" >\n          <div class=\"col-inner\">\n            <a class=\"image-lightbox lightbox-gallery\" href=\"https:\/\/www.montanheiros.com\/wp-content\/uploads\/2019\/05\/big6_1526550653.jpg\" title=\"Treino de aperfei\u00e7oamento com Michael LeCompt, 27abr2018 - ilha Terceira \">            <div class=\"box has-hover gallery-box box-none\">\n              <div class=\"box-image\" style=\"width:86%;\">\n                <img loading=\"lazy\" decoding=\"async\" width=\"280\" height=\"280\" src=\"https:\/\/www.montanheiros.com\/wp-content\/uploads\/2019\/05\/big6_1526550653-280x280.jpg\" class=\"attachment-thumbnail size-thumbnail\" alt=\"\" ids=\"3788,3789,3790,3791,3792,3793,3794,3795,3796,3797,3798,3799,3800,3801,3802,3803,3804,3805,3806\" style=\"none\" type=\"slider\" columns=\"2\" image_width=\"86\" image_size=\"thumbnail\" srcset=\"https:\/\/www.montanheiros.com\/wp-content\/uploads\/2019\/05\/big6_1526550653-280x280.jpg 280w, https:\/\/www.montanheiros.com\/wp-content\/uploads\/2019\/05\/big6_1526550653-300x300.jpg 300w, https:\/\/www.montanheiros.com\/wp-content\/uploads\/2019\/05\/big6_1526550653-100x100.jpg 100w\" sizes=\"auto, (max-width: 280px) 100vw, 280px\" \/>                                                              <\/div>\n              <div class=\"box-text text-left\" >\n                 <p>Treino de aperfei\u00e7oamento com Michael LeCompt, 27abr2018 - ilha Terceira <\/p>\n              <\/div>\n            <\/div>\n            <\/a>          <\/div>\n         <\/div><div class=\"gallery-col col\" >\n          <div class=\"col-inner\">\n            <a class=\"image-lightbox lightbox-gallery\" href=\"https:\/\/www.montanheiros.com\/wp-content\/uploads\/2019\/05\/big10_1526550654.jpg\" title=\"Treino de aperfei\u00e7oamento com Michael LeCompt, 27abr2018 - ilha Terceira \">            <div class=\"box has-hover gallery-box box-none\">\n              <div class=\"box-image\" style=\"width:86%;\">\n                <img loading=\"lazy\" decoding=\"async\" width=\"280\" height=\"280\" src=\"https:\/\/www.montanheiros.com\/wp-content\/uploads\/2019\/05\/big10_1526550654-280x280.jpg\" class=\"attachment-thumbnail size-thumbnail\" alt=\"\" ids=\"3788,3789,3790,3791,3792,3793,3794,3795,3796,3797,3798,3799,3800,3801,3802,3803,3804,3805,3806\" style=\"none\" type=\"slider\" columns=\"2\" image_width=\"86\" image_size=\"thumbnail\" srcset=\"https:\/\/www.montanheiros.com\/wp-content\/uploads\/2019\/05\/big10_1526550654-280x280.jpg 280w, https:\/\/www.montanheiros.com\/wp-content\/uploads\/2019\/05\/big10_1526550654-300x300.jpg 300w, https:\/\/www.montanheiros.com\/wp-content\/uploads\/2019\/05\/big10_1526550654-100x100.jpg 100w\" sizes=\"auto, (max-width: 280px) 100vw, 280px\" \/>                                                              <\/div>\n              <div class=\"box-text text-left\" >\n                 <p>Treino de aperfei\u00e7oamento com Michael LeCompt, 27abr2018 - ilha Terceira <\/p>\n              <\/div>\n            <\/div>\n            <\/a>          <\/div>\n         <\/div><div class=\"gallery-col col\" >\n          <div class=\"col-inner\">\n            <a class=\"image-lightbox lightbox-gallery\" href=\"https:\/\/www.montanheiros.com\/wp-content\/uploads\/2019\/05\/big11_1526550654.jpg\" title=\"Treino de aperfei\u00e7oamento com Michael LeCompt, 27abr2018 - ilha Terceira \">            <div class=\"box has-hover gallery-box box-none\">\n              <div class=\"box-image\" style=\"width:86%;\">\n                <img loading=\"lazy\" decoding=\"async\" width=\"280\" height=\"280\" src=\"https:\/\/www.montanheiros.com\/wp-content\/uploads\/2019\/05\/big11_1526550654-280x280.jpg\" class=\"attachment-thumbnail size-thumbnail\" alt=\"\" ids=\"3788,3789,3790,3791,3792,3793,3794,3795,3796,3797,3798,3799,3800,3801,3802,3803,3804,3805,3806\" style=\"none\" type=\"slider\" columns=\"2\" image_width=\"86\" image_size=\"thumbnail\" srcset=\"https:\/\/www.montanheiros.com\/wp-content\/uploads\/2019\/05\/big11_1526550654-280x280.jpg 280w, https:\/\/www.montanheiros.com\/wp-content\/uploads\/2019\/05\/big11_1526550654-300x300.jpg 300w, https:\/\/www.montanheiros.com\/wp-content\/uploads\/2019\/05\/big11_1526550654-100x100.jpg 100w\" sizes=\"auto, (max-width: 280px) 100vw, 280px\" \/>                                                              <\/div>\n              <div class=\"box-text text-left\" >\n                 <p>Treino de aperfei\u00e7oamento com Michael LeCompt, 27abr2018 - ilha Terceira <\/p>\n              <\/div>\n            <\/div>\n            <\/a>          <\/div>\n         <\/div><div class=\"gallery-col col\" >\n          <div class=\"col-inner\">\n            <a class=\"image-lightbox lightbox-gallery\" href=\"https:\/\/www.montanheiros.com\/wp-content\/uploads\/2019\/05\/big9_1526550654.jpg\" title=\"Treino de aperfei\u00e7oamento com Michael LeCompt, 27abr2018 - ilha Terceira \">            <div class=\"box has-hover gallery-box box-none\">\n              <div class=\"box-image\" style=\"width:86%;\">\n                <img loading=\"lazy\" decoding=\"async\" width=\"280\" height=\"280\" src=\"https:\/\/www.montanheiros.com\/wp-content\/uploads\/2019\/05\/big9_1526550654-280x280.jpg\" class=\"attachment-thumbnail size-thumbnail\" alt=\"\" ids=\"3788,3789,3790,3791,3792,3793,3794,3795,3796,3797,3798,3799,3800,3801,3802,3803,3804,3805,3806\" style=\"none\" type=\"slider\" columns=\"2\" image_width=\"86\" image_size=\"thumbnail\" srcset=\"https:\/\/www.montanheiros.com\/wp-content\/uploads\/2019\/05\/big9_1526550654-280x280.jpg 280w, https:\/\/www.montanheiros.com\/wp-content\/uploads\/2019\/05\/big9_1526550654-300x300.jpg 300w, https:\/\/www.montanheiros.com\/wp-content\/uploads\/2019\/05\/big9_1526550654-100x100.jpg 100w\" sizes=\"auto, (max-width: 280px) 100vw, 280px\" \/>                                                              <\/div>\n              <div class=\"box-text text-left\" >\n                 <p>Treino de aperfei\u00e7oamento com Michael LeCompt, 27abr2018 - ilha Terceira <\/p>\n              <\/div>\n            <\/div>\n            <\/a>          <\/div>\n         <\/div><div class=\"gallery-col col\" >\n          <div class=\"col-inner\">\n            <a class=\"image-lightbox lightbox-gallery\" href=\"https:\/\/www.montanheiros.com\/wp-content\/uploads\/2019\/05\/big7_1526550653.jpg\" title=\"Treino de aperfei\u00e7oamento com Michael LeCompt, 27abr2018 - ilha Terceira \">            <div class=\"box has-hover gallery-box box-none\">\n              <div class=\"box-image\" style=\"width:86%;\">\n                <img loading=\"lazy\" decoding=\"async\" width=\"280\" height=\"280\" src=\"https:\/\/www.montanheiros.com\/wp-content\/uploads\/2019\/05\/big7_1526550653-280x280.jpg\" class=\"attachment-thumbnail size-thumbnail\" alt=\"\" ids=\"3788,3789,3790,3791,3792,3793,3794,3795,3796,3797,3798,3799,3800,3801,3802,3803,3804,3805,3806\" style=\"none\" type=\"slider\" columns=\"2\" image_width=\"86\" image_size=\"thumbnail\" srcset=\"https:\/\/www.montanheiros.com\/wp-content\/uploads\/2019\/05\/big7_1526550653-280x280.jpg 280w, https:\/\/www.montanheiros.com\/wp-content\/uploads\/2019\/05\/big7_1526550653-300x300.jpg 300w, https:\/\/www.montanheiros.com\/wp-content\/uploads\/2019\/05\/big7_1526550653-100x100.jpg 100w\" sizes=\"auto, (max-width: 280px) 100vw, 280px\" \/>                                                              <\/div>\n              <div class=\"box-text text-left\" >\n                 <p>Treino de aperfei\u00e7oamento com Michael LeCompt, 27abr2018 - ilha Terceira <\/p>\n              <\/div>\n            <\/div>\n            <\/a>          <\/div>\n         <\/div><div class=\"gallery-col col\" >\n          <div class=\"col-inner\">\n            <a class=\"image-lightbox lightbox-gallery\" href=\"https:\/\/www.montanheiros.com\/wp-content\/uploads\/2019\/05\/big8_1526550653.jpg\" title=\"Treino de aperfei\u00e7oamento com Michael LeCompt, 27abr2018 - ilha Terceira \">            <div class=\"box has-hover gallery-box box-none\">\n              <div class=\"box-image\" style=\"width:86%;\">\n                <img loading=\"lazy\" decoding=\"async\" width=\"280\" height=\"280\" src=\"https:\/\/www.montanheiros.com\/wp-content\/uploads\/2019\/05\/big8_1526550653-280x280.jpg\" class=\"attachment-thumbnail size-thumbnail\" alt=\"\" ids=\"3788,3789,3790,3791,3792,3793,3794,3795,3796,3797,3798,3799,3800,3801,3802,3803,3804,3805,3806\" style=\"none\" type=\"slider\" columns=\"2\" image_width=\"86\" image_size=\"thumbnail\" srcset=\"https:\/\/www.montanheiros.com\/wp-content\/uploads\/2019\/05\/big8_1526550653-280x280.jpg 280w, https:\/\/www.montanheiros.com\/wp-content\/uploads\/2019\/05\/big8_1526550653-300x300.jpg 300w, https:\/\/www.montanheiros.com\/wp-content\/uploads\/2019\/05\/big8_1526550653-100x100.jpg 100w\" sizes=\"auto, (max-width: 280px) 100vw, 280px\" \/>                                                              <\/div>\n              <div class=\"box-text text-left\" >\n                 <p>Treino de aperfei\u00e7oamento com Michael LeCompt, 27abr2018 - ilha Terceira <\/p>\n              <\/div>\n            <\/div>\n            <\/a>          <\/div>\n         <\/div><div class=\"gallery-col col\" >\n          <div class=\"col-inner\">\n            <a class=\"image-lightbox lightbox-gallery\" href=\"https:\/\/www.montanheiros.com\/wp-content\/uploads\/2019\/05\/big17_1526550655.jpg\" title=\"Treino de aperfei\u00e7oamento com Michael LeCompt, 27abr2018 - ilha Terceira \">            <div class=\"box has-hover gallery-box box-none\">\n              <div class=\"box-image\" style=\"width:86%;\">\n                <img loading=\"lazy\" decoding=\"async\" width=\"280\" height=\"280\" src=\"https:\/\/www.montanheiros.com\/wp-content\/uploads\/2019\/05\/big17_1526550655-280x280.jpg\" class=\"attachment-thumbnail size-thumbnail\" alt=\"\" ids=\"3788,3789,3790,3791,3792,3793,3794,3795,3796,3797,3798,3799,3800,3801,3802,3803,3804,3805,3806\" style=\"none\" type=\"slider\" columns=\"2\" image_width=\"86\" image_size=\"thumbnail\" srcset=\"https:\/\/www.montanheiros.com\/wp-content\/uploads\/2019\/05\/big17_1526550655-280x280.jpg 280w, https:\/\/www.montanheiros.com\/wp-content\/uploads\/2019\/05\/big17_1526550655-300x300.jpg 300w, https:\/\/www.montanheiros.com\/wp-content\/uploads\/2019\/05\/big17_1526550655-100x100.jpg 100w\" sizes=\"auto, (max-width: 280px) 100vw, 280px\" \/>                                                              <\/div>\n              <div class=\"box-text text-left\" >\n                 <p>Treino de aperfei\u00e7oamento com Michael LeCompt, 27abr2018 - ilha Terceira <\/p>\n              <\/div>\n            <\/div>\n            <\/a>          <\/div>\n         <\/div><div class=\"gallery-col col\" >\n          <div class=\"col-inner\">\n            <a class=\"image-lightbox lightbox-gallery\" href=\"https:\/\/www.montanheiros.com\/wp-content\/uploads\/2019\/05\/big13_1526550654.jpg\" title=\"Treino de aperfei\u00e7oamento com Michael LeCompt, 27abr2018 - ilha Terceira \">            <div class=\"box has-hover gallery-box box-none\">\n              <div class=\"box-image\" style=\"width:86%;\">\n                <img loading=\"lazy\" decoding=\"async\" width=\"280\" height=\"280\" src=\"https:\/\/www.montanheiros.com\/wp-content\/uploads\/2019\/05\/big13_1526550654-280x280.jpg\" class=\"attachment-thumbnail size-thumbnail\" alt=\"\" ids=\"3788,3789,3790,3791,3792,3793,3794,3795,3796,3797,3798,3799,3800,3801,3802,3803,3804,3805,3806\" style=\"none\" type=\"slider\" columns=\"2\" image_width=\"86\" image_size=\"thumbnail\" srcset=\"https:\/\/www.montanheiros.com\/wp-content\/uploads\/2019\/05\/big13_1526550654-280x280.jpg 280w, https:\/\/www.montanheiros.com\/wp-content\/uploads\/2019\/05\/big13_1526550654-300x300.jpg 300w, https:\/\/www.montanheiros.com\/wp-content\/uploads\/2019\/05\/big13_1526550654-100x100.jpg 100w\" sizes=\"auto, (max-width: 280px) 100vw, 280px\" \/>                                                              <\/div>\n              <div class=\"box-text text-left\" >\n                 <p>Treino de aperfei\u00e7oamento com Michael LeCompt, 27abr2018 - ilha Terceira <\/p>\n              <\/div>\n            <\/div>\n            <\/a>          <\/div>\n         <\/div><div class=\"gallery-col col\" >\n          <div class=\"col-inner\">\n            <a class=\"image-lightbox lightbox-gallery\" href=\"https:\/\/www.montanheiros.com\/wp-content\/uploads\/2019\/05\/big18_1526550655.jpg\" title=\"Treino de aperfei\u00e7oamento com Michael LeCompt, 27abr2018 - ilha Terceira \">            <div class=\"box has-hover gallery-box box-none\">\n              <div class=\"box-image\" style=\"width:86%;\">\n                <img loading=\"lazy\" decoding=\"async\" width=\"280\" height=\"280\" src=\"https:\/\/www.montanheiros.com\/wp-content\/uploads\/2019\/05\/big18_1526550655-280x280.jpg\" class=\"attachment-thumbnail size-thumbnail\" alt=\"\" ids=\"3788,3789,3790,3791,3792,3793,3794,3795,3796,3797,3798,3799,3800,3801,3802,3803,3804,3805,3806\" style=\"none\" type=\"slider\" columns=\"2\" image_width=\"86\" image_size=\"thumbnail\" srcset=\"https:\/\/www.montanheiros.com\/wp-content\/uploads\/2019\/05\/big18_1526550655-280x280.jpg 280w, https:\/\/www.montanheiros.com\/wp-content\/uploads\/2019\/05\/big18_1526550655-300x300.jpg 300w, https:\/\/www.montanheiros.com\/wp-content\/uploads\/2019\/05\/big18_1526550655-100x100.jpg 100w\" sizes=\"auto, (max-width: 280px) 100vw, 280px\" \/>                                                              <\/div>\n              <div class=\"box-text text-left\" >\n                 <p>Treino de aperfei\u00e7oamento com Michael LeCompt, 27abr2018 - ilha Terceira <\/p>\n              <\/div>\n            <\/div>\n            <\/a>          <\/div>\n         <\/div><div class=\"gallery-col col\" >\n          <div class=\"col-inner\">\n            <a class=\"image-lightbox lightbox-gallery\" href=\"https:\/\/www.montanheiros.com\/wp-content\/uploads\/2019\/05\/big12_1526550654.jpg\" title=\"Treino de aperfei\u00e7oamento com Michael LeCompt, 27abr2018 - ilha Terceira \">            <div class=\"box has-hover gallery-box box-none\">\n              <div class=\"box-image\" style=\"width:86%;\">\n                <img loading=\"lazy\" decoding=\"async\" width=\"280\" height=\"280\" src=\"https:\/\/www.montanheiros.com\/wp-content\/uploads\/2019\/05\/big12_1526550654-280x280.jpg\" class=\"attachment-thumbnail size-thumbnail\" alt=\"\" ids=\"3788,3789,3790,3791,3792,3793,3794,3795,3796,3797,3798,3799,3800,3801,3802,3803,3804,3805,3806\" style=\"none\" type=\"slider\" columns=\"2\" image_width=\"86\" image_size=\"thumbnail\" srcset=\"https:\/\/www.montanheiros.com\/wp-content\/uploads\/2019\/05\/big12_1526550654-280x280.jpg 280w, https:\/\/www.montanheiros.com\/wp-content\/uploads\/2019\/05\/big12_1526550654-300x300.jpg 300w, https:\/\/www.montanheiros.com\/wp-content\/uploads\/2019\/05\/big12_1526550654-100x100.jpg 100w\" sizes=\"auto, (max-width: 280px) 100vw, 280px\" \/>                                                              <\/div>\n              <div class=\"box-text text-left\" >\n                 <p>Treino de aperfei\u00e7oamento com Michael LeCompt, 27abr2018 - ilha Terceira <\/p>\n              <\/div>\n            <\/div>\n            <\/a>          <\/div>\n         <\/div><div class=\"gallery-col col\" >\n          <div class=\"col-inner\">\n            <a class=\"image-lightbox lightbox-gallery\" href=\"https:\/\/www.montanheiros.com\/wp-content\/uploads\/2019\/05\/big14_1526550654.jpg\" title=\"Treino de aperfei\u00e7oamento com Michael LeCompt, 27abr2018 - ilha Terceira \">            <div class=\"box has-hover gallery-box box-none\">\n              <div class=\"box-image\" style=\"width:86%;\">\n                <img loading=\"lazy\" decoding=\"async\" width=\"280\" height=\"280\" src=\"https:\/\/www.montanheiros.com\/wp-content\/uploads\/2019\/05\/big14_1526550654-280x280.jpg\" class=\"attachment-thumbnail size-thumbnail\" alt=\"\" ids=\"3788,3789,3790,3791,3792,3793,3794,3795,3796,3797,3798,3799,3800,3801,3802,3803,3804,3805,3806\" style=\"none\" type=\"slider\" columns=\"2\" image_width=\"86\" image_size=\"thumbnail\" srcset=\"https:\/\/www.montanheiros.com\/wp-content\/uploads\/2019\/05\/big14_1526550654-280x280.jpg 280w, https:\/\/www.montanheiros.com\/wp-content\/uploads\/2019\/05\/big14_1526550654-300x300.jpg 300w, https:\/\/www.montanheiros.com\/wp-content\/uploads\/2019\/05\/big14_1526550654-100x100.jpg 100w\" sizes=\"auto, (max-width: 280px) 100vw, 280px\" \/>                                                              <\/div>\n              <div class=\"box-text text-left\" >\n                 <p>Treino de aperfei\u00e7oamento com Michael LeCompt, 27abr2018 - ilha Terceira <\/p>\n              <\/div>\n            <\/div>\n            <\/a>          <\/div>\n         <\/div><div class=\"gallery-col col\" >\n          <div class=\"col-inner\">\n            <a class=\"image-lightbox lightbox-gallery\" href=\"https:\/\/www.montanheiros.com\/wp-content\/uploads\/2019\/05\/big19_1526550655.jpg\" title=\"Treino de aperfei\u00e7oamento com Michael LeCompt, 27abr2018 - ilha Terceira \">            <div class=\"box has-hover gallery-box box-none\">\n              <div class=\"box-image\" style=\"width:86%;\">\n                <img loading=\"lazy\" decoding=\"async\" width=\"280\" height=\"280\" src=\"https:\/\/www.montanheiros.com\/wp-content\/uploads\/2019\/05\/big19_1526550655-280x280.jpg\" class=\"attachment-thumbnail size-thumbnail\" alt=\"\" ids=\"3788,3789,3790,3791,3792,3793,3794,3795,3796,3797,3798,3799,3800,3801,3802,3803,3804,3805,3806\" style=\"none\" type=\"slider\" columns=\"2\" image_width=\"86\" image_size=\"thumbnail\" srcset=\"https:\/\/www.montanheiros.com\/wp-content\/uploads\/2019\/05\/big19_1526550655-280x280.jpg 280w, https:\/\/www.montanheiros.com\/wp-content\/uploads\/2019\/05\/big19_1526550655-300x300.jpg 300w, https:\/\/www.montanheiros.com\/wp-content\/uploads\/2019\/05\/big19_1526550655-100x100.jpg 100w\" sizes=\"auto, (max-width: 280px) 100vw, 280px\" \/>                                                              <\/div>\n              <div class=\"box-text text-left\" >\n                 <p>Treino de aperfei\u00e7oamento com Michael LeCompt, 27abr2018 - ilha Terceira <\/p>\n              <\/div>\n            <\/div>\n            <\/a>          <\/div>\n         <\/div><div class=\"gallery-col col\" >\n          <div class=\"col-inner\">\n            <a class=\"image-lightbox lightbox-gallery\" href=\"https:\/\/www.montanheiros.com\/wp-content\/uploads\/2019\/05\/big15_1526550655.jpg\" title=\"Treino de aperfei\u00e7oamento com Michael LeCompt, 27abr2018 - ilha Terceira \">            <div class=\"box has-hover gallery-box box-none\">\n              <div class=\"box-image\" style=\"width:86%;\">\n                <img loading=\"lazy\" decoding=\"async\" width=\"280\" height=\"280\" src=\"https:\/\/www.montanheiros.com\/wp-content\/uploads\/2019\/05\/big15_1526550655-280x280.jpg\" class=\"attachment-thumbnail size-thumbnail\" alt=\"\" ids=\"3788,3789,3790,3791,3792,3793,3794,3795,3796,3797,3798,3799,3800,3801,3802,3803,3804,3805,3806\" style=\"none\" type=\"slider\" columns=\"2\" image_width=\"86\" image_size=\"thumbnail\" srcset=\"https:\/\/www.montanheiros.com\/wp-content\/uploads\/2019\/05\/big15_1526550655-280x280.jpg 280w, https:\/\/www.montanheiros.com\/wp-content\/uploads\/2019\/05\/big15_1526550655-300x300.jpg 300w, https:\/\/www.montanheiros.com\/wp-content\/uploads\/2019\/05\/big15_1526550655-100x100.jpg 100w\" sizes=\"auto, (max-width: 280px) 100vw, 280px\" \/>                                                              <\/div>\n              <div class=\"box-text text-left\" >\n                 <p>Treino de aperfei\u00e7oamento com Michael LeCompt, 27abr2018 - ilha Terceira <\/p>\n              <\/div>\n            <\/div>\n            <\/a>          <\/div>\n         <\/div><div class=\"gallery-col col\" >\n          <div class=\"col-inner\">\n            <a class=\"image-lightbox lightbox-gallery\" href=\"https:\/\/www.montanheiros.com\/wp-content\/uploads\/2019\/05\/big16_1526550655.jpg\" title=\"Treino de aperfei\u00e7oamento com Michael LeCompt, 27abr2018 - ilha Terceira \">            <div class=\"box has-hover gallery-box box-none\">\n              <div class=\"box-image\" style=\"width:86%;\">\n                <img loading=\"lazy\" decoding=\"async\" width=\"280\" height=\"280\" src=\"https:\/\/www.montanheiros.com\/wp-content\/uploads\/2019\/05\/big16_1526550655-280x280.jpg\" class=\"attachment-thumbnail size-thumbnail\" alt=\"\" ids=\"3788,3789,3790,3791,3792,3793,3794,3795,3796,3797,3798,3799,3800,3801,3802,3803,3804,3805,3806\" style=\"none\" type=\"slider\" columns=\"2\" image_width=\"86\" image_size=\"thumbnail\" srcset=\"https:\/\/www.montanheiros.com\/wp-content\/uploads\/2019\/05\/big16_1526550655-280x280.jpg 280w, https:\/\/www.montanheiros.com\/wp-content\/uploads\/2019\/05\/big16_1526550655-300x300.jpg 300w, https:\/\/www.montanheiros.com\/wp-content\/uploads\/2019\/05\/big16_1526550655-100x100.jpg 100w\" sizes=\"auto, (max-width: 280px) 100vw, 280px\" \/>                                                              <\/div>\n              <div class=\"box-text text-left\" >\n                 <p>Treino de aperfei\u00e7oamento com Michael LeCompt, 27abr2018 - ilha Terceira <\/p>\n              <\/div>\n            <\/div>\n            <\/a>          <\/div>\n         <\/div><\/div>\n\n\n\t\t<\/div>\n\t\t\t\t\t<\/div>\n\n\t\n\n<\/div>\n\t<div id=\"gap-1320914835\" class=\"gap-element clearfix\" style=\"display:block; height:auto;\">\n\t\t\n<style>\n#gap-1320914835 {\n  padding-top: 30px;\n}\n<\/style>\n\t<\/div>\n\t\n\n<div class=\"container section-title-container\" ><h4 class=\"section-title section-title-normal\"><b><\/b><span class=\"section-title-main\" >2017<\/span><b><\/b><\/h4><\/div>\n\n<div class=\"row row-dashed\"  id=\"row-1853972059\">\n\n\n\t<div id=\"col-949054960\" class=\"col medium-4 small-12 large-4\"  >\n\t\t\t\t<div class=\"col-inner\"  >\n\t\t\t\n\t\t\t\n\n<p>Prova de Escalada &#8220;Angra Bloc Fest 2017&#8221;<\/p>\n\n  \n    <div class=\"row large-columns-2 medium-columns- small-columns- slider row-slider slider-nav-reveal\"  data-flickity-options='{\"imagesLoaded\": true, \"groupCells\": \"100%\", \"dragThreshold\" : 5, \"cellAlign\": \"left\",\"wrapAround\": true,\"prevNextButtons\": true,\"percentPosition\": true,\"pageDots\": false, \"rightToLeft\": false, \"autoPlay\" : false}'>\n\n  <div class=\"gallery-col col\" >\n          <div class=\"col-inner\">\n            <a class=\"image-lightbox lightbox-gallery\" href=\"https:\/\/www.montanheiros.com\/wp-content\/uploads\/2019\/05\/big2_1510065876-600x800.jpg\" title=\"Prova de Escalada &quot;Angra Bloc Fest 2017&quot;\">            <div class=\"box has-hover gallery-box box-none\">\n              <div class=\"box-image\" style=\"width:86%;\">\n                <img loading=\"lazy\" decoding=\"async\" width=\"280\" height=\"280\" src=\"https:\/\/www.montanheiros.com\/wp-content\/uploads\/2019\/05\/big2_1510065876-280x280.jpg\" class=\"attachment-thumbnail size-thumbnail\" alt=\"\" ids=\"3771,3772,3773,3774,3775,3776,3777,3778,3779,3780,3781,3782,3783,3784,3785,3786\" style=\"none\" type=\"slider\" columns=\"2\" image_width=\"86\" image_size=\"thumbnail\" srcset=\"https:\/\/www.montanheiros.com\/wp-content\/uploads\/2019\/05\/big2_1510065876-280x280.jpg 280w, https:\/\/www.montanheiros.com\/wp-content\/uploads\/2019\/05\/big2_1510065876-300x300.jpg 300w, https:\/\/www.montanheiros.com\/wp-content\/uploads\/2019\/05\/big2_1510065876-100x100.jpg 100w\" sizes=\"auto, (max-width: 280px) 100vw, 280px\" \/>                                                              <\/div>\n              <div class=\"box-text text-left\" >\n                 <p>Prova de Escalada \"Angra Bloc Fest 2017\"<\/p>\n              <\/div>\n            <\/div>\n            <\/a>          <\/div>\n         <\/div><div class=\"gallery-col col\" >\n          <div class=\"col-inner\">\n            <a class=\"image-lightbox lightbox-gallery\" href=\"https:\/\/www.montanheiros.com\/wp-content\/uploads\/2019\/05\/big1_1510065875.jpg\" title=\"Prova de Escalada &quot;Angra Bloc Fest 2017&quot;\">            <div class=\"box has-hover gallery-box box-none\">\n              <div class=\"box-image\" style=\"width:86%;\">\n                <img loading=\"lazy\" decoding=\"async\" width=\"280\" height=\"280\" src=\"https:\/\/www.montanheiros.com\/wp-content\/uploads\/2019\/05\/big1_1510065875-280x280.jpg\" class=\"attachment-thumbnail size-thumbnail\" alt=\"\" ids=\"3771,3772,3773,3774,3775,3776,3777,3778,3779,3780,3781,3782,3783,3784,3785,3786\" style=\"none\" type=\"slider\" columns=\"2\" image_width=\"86\" image_size=\"thumbnail\" srcset=\"https:\/\/www.montanheiros.com\/wp-content\/uploads\/2019\/05\/big1_1510065875-280x280.jpg 280w, https:\/\/www.montanheiros.com\/wp-content\/uploads\/2019\/05\/big1_1510065875-300x300.jpg 300w, https:\/\/www.montanheiros.com\/wp-content\/uploads\/2019\/05\/big1_1510065875-100x100.jpg 100w\" sizes=\"auto, (max-width: 280px) 100vw, 280px\" \/>                                                              <\/div>\n              <div class=\"box-text text-left\" >\n                 <p>Prova de Escalada \"Angra Bloc Fest 2017\"<\/p>\n              <\/div>\n            <\/div>\n            <\/a>          <\/div>\n         <\/div><div class=\"gallery-col col\" >\n          <div class=\"col-inner\">\n            <a class=\"image-lightbox lightbox-gallery\" href=\"https:\/\/www.montanheiros.com\/wp-content\/uploads\/2019\/05\/big4_1510065876-533x800.jpg\" title=\"Prova de Escalada &quot;Angra Bloc Fest 2017&quot;\">            <div class=\"box has-hover gallery-box box-none\">\n              <div class=\"box-image\" style=\"width:86%;\">\n                <img loading=\"lazy\" decoding=\"async\" width=\"280\" height=\"280\" src=\"https:\/\/www.montanheiros.com\/wp-content\/uploads\/2019\/05\/big4_1510065876-280x280.jpg\" class=\"attachment-thumbnail size-thumbnail\" alt=\"\" ids=\"3771,3772,3773,3774,3775,3776,3777,3778,3779,3780,3781,3782,3783,3784,3785,3786\" style=\"none\" type=\"slider\" columns=\"2\" image_width=\"86\" image_size=\"thumbnail\" srcset=\"https:\/\/www.montanheiros.com\/wp-content\/uploads\/2019\/05\/big4_1510065876-280x280.jpg 280w, https:\/\/www.montanheiros.com\/wp-content\/uploads\/2019\/05\/big4_1510065876-300x300.jpg 300w, https:\/\/www.montanheiros.com\/wp-content\/uploads\/2019\/05\/big4_1510065876-100x100.jpg 100w\" sizes=\"auto, (max-width: 280px) 100vw, 280px\" \/>                                                              <\/div>\n              <div class=\"box-text text-left\" >\n                 <p>Prova de Escalada \"Angra Bloc Fest 2017\"<\/p>\n              <\/div>\n            <\/div>\n            <\/a>          <\/div>\n         <\/div><div class=\"gallery-col col\" >\n          <div class=\"col-inner\">\n            <a class=\"image-lightbox lightbox-gallery\" href=\"https:\/\/www.montanheiros.com\/wp-content\/uploads\/2019\/05\/big6_1510065877.jpg\" title=\"Prova de Escalada &quot;Angra Bloc Fest 2017&quot;\">            <div class=\"box has-hover gallery-box box-none\">\n              <div class=\"box-image\" style=\"width:86%;\">\n                <img loading=\"lazy\" decoding=\"async\" width=\"280\" height=\"280\" src=\"https:\/\/www.montanheiros.com\/wp-content\/uploads\/2019\/05\/big6_1510065877-280x280.jpg\" class=\"attachment-thumbnail size-thumbnail\" alt=\"\" ids=\"3771,3772,3773,3774,3775,3776,3777,3778,3779,3780,3781,3782,3783,3784,3785,3786\" style=\"none\" type=\"slider\" columns=\"2\" image_width=\"86\" image_size=\"thumbnail\" srcset=\"https:\/\/www.montanheiros.com\/wp-content\/uploads\/2019\/05\/big6_1510065877-280x280.jpg 280w, https:\/\/www.montanheiros.com\/wp-content\/uploads\/2019\/05\/big6_1510065877-300x300.jpg 300w, https:\/\/www.montanheiros.com\/wp-content\/uploads\/2019\/05\/big6_1510065877-100x100.jpg 100w\" sizes=\"auto, (max-width: 280px) 100vw, 280px\" \/>                                                              <\/div>\n              <div class=\"box-text text-left\" >\n                 <p>Prova de Escalada \"Angra Bloc Fest 2017\"<\/p>\n              <\/div>\n            <\/div>\n            <\/a>          <\/div>\n         <\/div><div class=\"gallery-col col\" >\n          <div class=\"col-inner\">\n            <a class=\"image-lightbox lightbox-gallery\" href=\"https:\/\/www.montanheiros.com\/wp-content\/uploads\/2019\/05\/big3_1510065876.jpg\" title=\"Prova de Escalada &quot;Angra Bloc Fest 2017&quot;\">            <div class=\"box has-hover gallery-box box-none\">\n              <div class=\"box-image\" style=\"width:86%;\">\n                <img loading=\"lazy\" decoding=\"async\" width=\"280\" height=\"280\" src=\"https:\/\/www.montanheiros.com\/wp-content\/uploads\/2019\/05\/big3_1510065876-280x280.jpg\" class=\"attachment-thumbnail size-thumbnail\" alt=\"\" ids=\"3771,3772,3773,3774,3775,3776,3777,3778,3779,3780,3781,3782,3783,3784,3785,3786\" style=\"none\" type=\"slider\" columns=\"2\" image_width=\"86\" image_size=\"thumbnail\" srcset=\"https:\/\/www.montanheiros.com\/wp-content\/uploads\/2019\/05\/big3_1510065876-280x280.jpg 280w, https:\/\/www.montanheiros.com\/wp-content\/uploads\/2019\/05\/big3_1510065876-300x300.jpg 300w, https:\/\/www.montanheiros.com\/wp-content\/uploads\/2019\/05\/big3_1510065876-100x100.jpg 100w\" sizes=\"auto, (max-width: 280px) 100vw, 280px\" \/>                                                              <\/div>\n              <div class=\"box-text text-left\" >\n                 <p>Prova de Escalada \"Angra Bloc Fest 2017\"<\/p>\n              <\/div>\n            <\/div>\n            <\/a>          <\/div>\n         <\/div><div class=\"gallery-col col\" >\n          <div class=\"col-inner\">\n            <a class=\"image-lightbox lightbox-gallery\" href=\"https:\/\/www.montanheiros.com\/wp-content\/uploads\/2019\/05\/big15_1510065882-533x800.jpg\" title=\"Prova de Escalada &quot;Angra Bloc Fest 2017&quot;\">            <div class=\"box has-hover gallery-box box-none\">\n              <div class=\"box-image\" style=\"width:86%;\">\n                <img loading=\"lazy\" decoding=\"async\" width=\"280\" height=\"280\" src=\"https:\/\/www.montanheiros.com\/wp-content\/uploads\/2019\/05\/big15_1510065882-280x280.jpg\" class=\"attachment-thumbnail size-thumbnail\" alt=\"\" ids=\"3771,3772,3773,3774,3775,3776,3777,3778,3779,3780,3781,3782,3783,3784,3785,3786\" style=\"none\" type=\"slider\" columns=\"2\" image_width=\"86\" image_size=\"thumbnail\" srcset=\"https:\/\/www.montanheiros.com\/wp-content\/uploads\/2019\/05\/big15_1510065882-280x280.jpg 280w, https:\/\/www.montanheiros.com\/wp-content\/uploads\/2019\/05\/big15_1510065882-300x300.jpg 300w, https:\/\/www.montanheiros.com\/wp-content\/uploads\/2019\/05\/big15_1510065882-100x100.jpg 100w\" sizes=\"auto, (max-width: 280px) 100vw, 280px\" \/>                                                              <\/div>\n              <div class=\"box-text text-left\" >\n                 <p>Prova de Escalada \"Angra Bloc Fest 2017\"<\/p>\n              <\/div>\n            <\/div>\n            <\/a>          <\/div>\n         <\/div><div class=\"gallery-col col\" >\n          <div class=\"col-inner\">\n            <a class=\"image-lightbox lightbox-gallery\" href=\"https:\/\/www.montanheiros.com\/wp-content\/uploads\/2019\/05\/big8_1510065879.jpg\" title=\"Prova de Escalada &quot;Angra Bloc Fest 2017&quot;\">            <div class=\"box has-hover gallery-box box-none\">\n              <div class=\"box-image\" style=\"width:86%;\">\n                <img loading=\"lazy\" decoding=\"async\" width=\"280\" height=\"280\" src=\"https:\/\/www.montanheiros.com\/wp-content\/uploads\/2019\/05\/big8_1510065879-280x280.jpg\" class=\"attachment-thumbnail size-thumbnail\" alt=\"\" ids=\"3771,3772,3773,3774,3775,3776,3777,3778,3779,3780,3781,3782,3783,3784,3785,3786\" style=\"none\" type=\"slider\" columns=\"2\" image_width=\"86\" image_size=\"thumbnail\" srcset=\"https:\/\/www.montanheiros.com\/wp-content\/uploads\/2019\/05\/big8_1510065879-280x280.jpg 280w, https:\/\/www.montanheiros.com\/wp-content\/uploads\/2019\/05\/big8_1510065879-300x300.jpg 300w, https:\/\/www.montanheiros.com\/wp-content\/uploads\/2019\/05\/big8_1510065879-100x100.jpg 100w\" sizes=\"auto, (max-width: 280px) 100vw, 280px\" \/>                                                              <\/div>\n              <div class=\"box-text text-left\" >\n                 <p>Prova de Escalada \"Angra Bloc Fest 2017\"<\/p>\n              <\/div>\n            <\/div>\n            <\/a>          <\/div>\n         <\/div><div class=\"gallery-col col\" >\n          <div class=\"col-inner\">\n            <a class=\"image-lightbox lightbox-gallery\" href=\"https:\/\/www.montanheiros.com\/wp-content\/uploads\/2019\/05\/big9_1510065879.jpg\" title=\"Prova de Escalada &quot;Angra Bloc Fest 2017&quot;\">            <div class=\"box has-hover gallery-box box-none\">\n              <div class=\"box-image\" style=\"width:86%;\">\n                <img loading=\"lazy\" decoding=\"async\" width=\"280\" height=\"280\" src=\"https:\/\/www.montanheiros.com\/wp-content\/uploads\/2019\/05\/big9_1510065879-280x280.jpg\" class=\"attachment-thumbnail size-thumbnail\" alt=\"\" ids=\"3771,3772,3773,3774,3775,3776,3777,3778,3779,3780,3781,3782,3783,3784,3785,3786\" style=\"none\" type=\"slider\" columns=\"2\" image_width=\"86\" image_size=\"thumbnail\" srcset=\"https:\/\/www.montanheiros.com\/wp-content\/uploads\/2019\/05\/big9_1510065879-280x280.jpg 280w, https:\/\/www.montanheiros.com\/wp-content\/uploads\/2019\/05\/big9_1510065879-300x300.jpg 300w, https:\/\/www.montanheiros.com\/wp-content\/uploads\/2019\/05\/big9_1510065879-100x100.jpg 100w\" sizes=\"auto, (max-width: 280px) 100vw, 280px\" \/>                                                              <\/div>\n              <div class=\"box-text text-left\" >\n                 <p>Prova de Escalada \"Angra Bloc Fest 2017\"<\/p>\n              <\/div>\n            <\/div>\n            <\/a>          <\/div>\n         <\/div><div class=\"gallery-col col\" >\n          <div class=\"col-inner\">\n            <a class=\"image-lightbox lightbox-gallery\" href=\"https:\/\/www.montanheiros.com\/wp-content\/uploads\/2019\/05\/big10_1510065879.jpg\" title=\"Prova de Escalada &quot;Angra Bloc Fest 2017&quot;\">            <div class=\"box has-hover gallery-box box-none\">\n              <div class=\"box-image\" style=\"width:86%;\">\n                <img loading=\"lazy\" decoding=\"async\" width=\"280\" height=\"280\" src=\"https:\/\/www.montanheiros.com\/wp-content\/uploads\/2019\/05\/big10_1510065879-280x280.jpg\" class=\"attachment-thumbnail size-thumbnail\" alt=\"\" ids=\"3771,3772,3773,3774,3775,3776,3777,3778,3779,3780,3781,3782,3783,3784,3785,3786\" style=\"none\" type=\"slider\" columns=\"2\" image_width=\"86\" image_size=\"thumbnail\" srcset=\"https:\/\/www.montanheiros.com\/wp-content\/uploads\/2019\/05\/big10_1510065879-280x280.jpg 280w, https:\/\/www.montanheiros.com\/wp-content\/uploads\/2019\/05\/big10_1510065879-300x300.jpg 300w, https:\/\/www.montanheiros.com\/wp-content\/uploads\/2019\/05\/big10_1510065879-100x100.jpg 100w\" sizes=\"auto, (max-width: 280px) 100vw, 280px\" \/>                                                              <\/div>\n              <div class=\"box-text text-left\" >\n                 <p>Prova de Escalada \"Angra Bloc Fest 2017\"<\/p>\n              <\/div>\n            <\/div>\n            <\/a>          <\/div>\n         <\/div><div class=\"gallery-col col\" >\n          <div class=\"col-inner\">\n            <a class=\"image-lightbox lightbox-gallery\" href=\"https:\/\/www.montanheiros.com\/wp-content\/uploads\/2019\/05\/big11_1510065879-533x800.jpg\" title=\"Prova de Escalada &quot;Angra Bloc Fest 2017&quot;\">            <div class=\"box has-hover gallery-box box-none\">\n              <div class=\"box-image\" style=\"width:86%;\">\n                <img loading=\"lazy\" decoding=\"async\" width=\"280\" height=\"280\" src=\"https:\/\/www.montanheiros.com\/wp-content\/uploads\/2019\/05\/big11_1510065879-280x280.jpg\" class=\"attachment-thumbnail size-thumbnail\" alt=\"\" ids=\"3771,3772,3773,3774,3775,3776,3777,3778,3779,3780,3781,3782,3783,3784,3785,3786\" style=\"none\" type=\"slider\" columns=\"2\" image_width=\"86\" image_size=\"thumbnail\" srcset=\"https:\/\/www.montanheiros.com\/wp-content\/uploads\/2019\/05\/big11_1510065879-280x280.jpg 280w, https:\/\/www.montanheiros.com\/wp-content\/uploads\/2019\/05\/big11_1510065879-300x300.jpg 300w, https:\/\/www.montanheiros.com\/wp-content\/uploads\/2019\/05\/big11_1510065879-100x100.jpg 100w\" sizes=\"auto, (max-width: 280px) 100vw, 280px\" \/>                                                              <\/div>\n              <div class=\"box-text text-left\" >\n                 <p>Prova de Escalada \"Angra Bloc Fest 2017\"<\/p>\n              <\/div>\n            <\/div>\n            <\/a>          <\/div>\n         <\/div><div class=\"gallery-col col\" >\n          <div class=\"col-inner\">\n            <a class=\"image-lightbox lightbox-gallery\" href=\"https:\/\/www.montanheiros.com\/wp-content\/uploads\/2019\/05\/big7_1510065879-533x800.jpg\" title=\"Prova de Escalada &quot;Angra Bloc Fest 2017&quot;\">            <div class=\"box has-hover gallery-box box-none\">\n              <div class=\"box-image\" style=\"width:86%;\">\n                <img loading=\"lazy\" decoding=\"async\" width=\"280\" height=\"280\" src=\"https:\/\/www.montanheiros.com\/wp-content\/uploads\/2019\/05\/big7_1510065879-280x280.jpg\" class=\"attachment-thumbnail size-thumbnail\" alt=\"\" ids=\"3771,3772,3773,3774,3775,3776,3777,3778,3779,3780,3781,3782,3783,3784,3785,3786\" style=\"none\" type=\"slider\" columns=\"2\" image_width=\"86\" image_size=\"thumbnail\" srcset=\"https:\/\/www.montanheiros.com\/wp-content\/uploads\/2019\/05\/big7_1510065879-280x280.jpg 280w, https:\/\/www.montanheiros.com\/wp-content\/uploads\/2019\/05\/big7_1510065879-300x300.jpg 300w, https:\/\/www.montanheiros.com\/wp-content\/uploads\/2019\/05\/big7_1510065879-100x100.jpg 100w\" sizes=\"auto, (max-width: 280px) 100vw, 280px\" \/>                                                              <\/div>\n              <div class=\"box-text text-left\" >\n                 <p>Prova de Escalada \"Angra Bloc Fest 2017\"<\/p>\n              <\/div>\n            <\/div>\n            <\/a>          <\/div>\n         <\/div><div class=\"gallery-col col\" >\n          <div class=\"col-inner\">\n            <a class=\"image-lightbox lightbox-gallery\" href=\"https:\/\/www.montanheiros.com\/wp-content\/uploads\/2019\/05\/big5_1510065877-533x800.jpg\" title=\"Prova de Escalada &quot;Angra Bloc Fest 2017&quot;\">            <div class=\"box has-hover gallery-box box-none\">\n              <div class=\"box-image\" style=\"width:86%;\">\n                <img loading=\"lazy\" decoding=\"async\" width=\"280\" height=\"280\" src=\"https:\/\/www.montanheiros.com\/wp-content\/uploads\/2019\/05\/big5_1510065877-280x280.jpg\" class=\"attachment-thumbnail size-thumbnail\" alt=\"\" ids=\"3771,3772,3773,3774,3775,3776,3777,3778,3779,3780,3781,3782,3783,3784,3785,3786\" style=\"none\" type=\"slider\" columns=\"2\" image_width=\"86\" image_size=\"thumbnail\" srcset=\"https:\/\/www.montanheiros.com\/wp-content\/uploads\/2019\/05\/big5_1510065877-280x280.jpg 280w, https:\/\/www.montanheiros.com\/wp-content\/uploads\/2019\/05\/big5_1510065877-300x300.jpg 300w, https:\/\/www.montanheiros.com\/wp-content\/uploads\/2019\/05\/big5_1510065877-100x100.jpg 100w\" sizes=\"auto, (max-width: 280px) 100vw, 280px\" \/>                                                              <\/div>\n              <div class=\"box-text text-left\" >\n                 <p>Prova de Escalada \"Angra Bloc Fest 2017\"<\/p>\n              <\/div>\n            <\/div>\n            <\/a>          <\/div>\n         <\/div><div class=\"gallery-col col\" >\n          <div class=\"col-inner\">\n            <a class=\"image-lightbox lightbox-gallery\" href=\"https:\/\/www.montanheiros.com\/wp-content\/uploads\/2019\/05\/big14_1510065881.jpg\" title=\"Prova de Escalada &quot;Angra Bloc Fest 2017&quot;\">            <div class=\"box has-hover gallery-box box-none\">\n              <div class=\"box-image\" style=\"width:86%;\">\n                <img loading=\"lazy\" decoding=\"async\" width=\"280\" height=\"280\" src=\"https:\/\/www.montanheiros.com\/wp-content\/uploads\/2019\/05\/big14_1510065881-280x280.jpg\" class=\"attachment-thumbnail size-thumbnail\" alt=\"\" ids=\"3771,3772,3773,3774,3775,3776,3777,3778,3779,3780,3781,3782,3783,3784,3785,3786\" style=\"none\" type=\"slider\" columns=\"2\" image_width=\"86\" image_size=\"thumbnail\" srcset=\"https:\/\/www.montanheiros.com\/wp-content\/uploads\/2019\/05\/big14_1510065881-280x280.jpg 280w, https:\/\/www.montanheiros.com\/wp-content\/uploads\/2019\/05\/big14_1510065881-300x300.jpg 300w, https:\/\/www.montanheiros.com\/wp-content\/uploads\/2019\/05\/big14_1510065881-100x100.jpg 100w\" sizes=\"auto, (max-width: 280px) 100vw, 280px\" \/>                                                              <\/div>\n              <div class=\"box-text text-left\" >\n                 <p>Prova de Escalada \"Angra Bloc Fest 2017\"<\/p>\n              <\/div>\n            <\/div>\n            <\/a>          <\/div>\n         <\/div><div class=\"gallery-col col\" >\n          <div class=\"col-inner\">\n            <a class=\"image-lightbox lightbox-gallery\" href=\"https:\/\/www.montanheiros.com\/wp-content\/uploads\/2019\/05\/big13_1510065881.jpg\" title=\"Prova de Escalada &quot;Angra Bloc Fest 2017&quot;\">            <div class=\"box has-hover gallery-box box-none\">\n              <div class=\"box-image\" style=\"width:86%;\">\n                <img loading=\"lazy\" decoding=\"async\" width=\"280\" height=\"280\" src=\"https:\/\/www.montanheiros.com\/wp-content\/uploads\/2019\/05\/big13_1510065881-280x280.jpg\" class=\"attachment-thumbnail size-thumbnail\" alt=\"\" ids=\"3771,3772,3773,3774,3775,3776,3777,3778,3779,3780,3781,3782,3783,3784,3785,3786\" style=\"none\" type=\"slider\" columns=\"2\" image_width=\"86\" image_size=\"thumbnail\" srcset=\"https:\/\/www.montanheiros.com\/wp-content\/uploads\/2019\/05\/big13_1510065881-280x280.jpg 280w, https:\/\/www.montanheiros.com\/wp-content\/uploads\/2019\/05\/big13_1510065881-300x300.jpg 300w, https:\/\/www.montanheiros.com\/wp-content\/uploads\/2019\/05\/big13_1510065881-100x100.jpg 100w\" sizes=\"auto, (max-width: 280px) 100vw, 280px\" \/>                                                              <\/div>\n              <div class=\"box-text text-left\" >\n                 <p>Prova de Escalada \"Angra Bloc Fest 2017\"<\/p>\n              <\/div>\n            <\/div>\n            <\/a>          <\/div>\n         <\/div><div class=\"gallery-col col\" >\n          <div class=\"col-inner\">\n            <a class=\"image-lightbox lightbox-gallery\" href=\"https:\/\/www.montanheiros.com\/wp-content\/uploads\/2019\/05\/big16_1510065886.jpg\" title=\"Prova de Escalada &quot;Angra Bloc Fest 2017&quot;\">            <div class=\"box has-hover gallery-box box-none\">\n              <div class=\"box-image\" style=\"width:86%;\">\n                <img loading=\"lazy\" decoding=\"async\" width=\"280\" height=\"280\" src=\"https:\/\/www.montanheiros.com\/wp-content\/uploads\/2019\/05\/big16_1510065886-280x280.jpg\" class=\"attachment-thumbnail size-thumbnail\" alt=\"\" ids=\"3771,3772,3773,3774,3775,3776,3777,3778,3779,3780,3781,3782,3783,3784,3785,3786\" style=\"none\" type=\"slider\" columns=\"2\" image_width=\"86\" image_size=\"thumbnail\" srcset=\"https:\/\/www.montanheiros.com\/wp-content\/uploads\/2019\/05\/big16_1510065886-280x280.jpg 280w, https:\/\/www.montanheiros.com\/wp-content\/uploads\/2019\/05\/big16_1510065886-300x300.jpg 300w, https:\/\/www.montanheiros.com\/wp-content\/uploads\/2019\/05\/big16_1510065886-100x100.jpg 100w\" sizes=\"auto, (max-width: 280px) 100vw, 280px\" \/>                                                              <\/div>\n              <div class=\"box-text text-left\" >\n                 <p>Prova de Escalada \"Angra Bloc Fest 2017\"<\/p>\n              <\/div>\n            <\/div>\n            <\/a>          <\/div>\n         <\/div><div class=\"gallery-col col\" >\n          <div class=\"col-inner\">\n            <a class=\"image-lightbox lightbox-gallery\" href=\"https:\/\/www.montanheiros.com\/wp-content\/uploads\/2019\/05\/big12_1510065880-533x800.jpg\" title=\"Prova de Escalada &quot;Angra Bloc Fest 2017&quot;\">            <div class=\"box has-hover gallery-box box-none\">\n              <div class=\"box-image\" style=\"width:86%;\">\n                <img loading=\"lazy\" decoding=\"async\" width=\"280\" height=\"280\" src=\"https:\/\/www.montanheiros.com\/wp-content\/uploads\/2019\/05\/big12_1510065880-280x280.jpg\" class=\"attachment-thumbnail size-thumbnail\" alt=\"\" ids=\"3771,3772,3773,3774,3775,3776,3777,3778,3779,3780,3781,3782,3783,3784,3785,3786\" style=\"none\" type=\"slider\" columns=\"2\" image_width=\"86\" image_size=\"thumbnail\" srcset=\"https:\/\/www.montanheiros.com\/wp-content\/uploads\/2019\/05\/big12_1510065880-280x280.jpg 280w, https:\/\/www.montanheiros.com\/wp-content\/uploads\/2019\/05\/big12_1510065880-300x300.jpg 300w, https:\/\/www.montanheiros.com\/wp-content\/uploads\/2019\/05\/big12_1510065880-100x100.jpg 100w\" sizes=\"auto, (max-width: 280px) 100vw, 280px\" \/>                                                              <\/div>\n              <div class=\"box-text text-left\" >\n                 <p>Prova de Escalada \"Angra Bloc Fest 2017\"<\/p>\n              <\/div>\n            <\/div>\n            <\/a>          <\/div>\n         <\/div><\/div>\n\n\n\t\t<\/div>\n\t\t\t\t\t<\/div>\n\n\t\n\n\t<div id=\"col-556073179\" class=\"col medium-4 small-12 large-4\"  >\n\t\t\t\t<div class=\"col-inner\"  >\n\t\t\t\n\t\t\t\n\n<p>Dia da Fam\u00edlia, Relv\u00e3o, 21mai2017 &#8211; ilha Terceira<\/p>\n\n  \n    <div class=\"row large-columns-2 medium-columns- small-columns- slider row-slider slider-nav-reveal\"  data-flickity-options='{\"imagesLoaded\": true, \"groupCells\": \"100%\", \"dragThreshold\" : 5, \"cellAlign\": \"left\",\"wrapAround\": true,\"prevNextButtons\": true,\"percentPosition\": true,\"pageDots\": false, \"rightToLeft\": false, \"autoPlay\" : false}'>\n\n  <div class=\"gallery-col col\" >\n          <div class=\"col-inner\">\n            <a class=\"image-lightbox lightbox-gallery\" href=\"https:\/\/www.montanheiros.com\/wp-content\/uploads\/2019\/05\/big7_1495447959.jpg\" title=\"Dia da Fam\u00edlia, Relv\u00e3o, 21mai2017 - ilha Terceira\">            <div class=\"box has-hover gallery-box box-none\">\n              <div class=\"box-image\" style=\"width:86%;\">\n                <img loading=\"lazy\" decoding=\"async\" width=\"280\" height=\"280\" src=\"https:\/\/www.montanheiros.com\/wp-content\/uploads\/2019\/05\/big7_1495447959-280x280.jpg\" class=\"attachment-thumbnail size-thumbnail\" alt=\"\" ids=\"3749,3750,3752,3753,3755,3756,3757,3758,3759,3760,3761,3762,3763,3764,3765,3767,3768,3770\" style=\"none\" type=\"slider\" columns=\"2\" image_width=\"86\" image_size=\"thumbnail\" srcset=\"https:\/\/www.montanheiros.com\/wp-content\/uploads\/2019\/05\/big7_1495447959-280x280.jpg 280w, https:\/\/www.montanheiros.com\/wp-content\/uploads\/2019\/05\/big7_1495447959-300x300.jpg 300w, https:\/\/www.montanheiros.com\/wp-content\/uploads\/2019\/05\/big7_1495447959-100x100.jpg 100w\" sizes=\"auto, (max-width: 280px) 100vw, 280px\" \/>                                                              <\/div>\n              <div class=\"box-text text-left\" >\n                 <p>Dia da Fam\u00edlia, Relv\u00e3o, 21mai2017 - ilha Terceira<\/p>\n              <\/div>\n            <\/div>\n            <\/a>          <\/div>\n         <\/div><div class=\"gallery-col col\" >\n          <div class=\"col-inner\">\n            <a class=\"image-lightbox lightbox-gallery\" href=\"https:\/\/www.montanheiros.com\/wp-content\/uploads\/2019\/05\/big9_1495447963.jpg\" title=\"Dia da Fam\u00edlia, Relv\u00e3o, 21mai2017 - ilha Terceira\">            <div class=\"box has-hover gallery-box box-none\">\n              <div class=\"box-image\" style=\"width:86%;\">\n                <img loading=\"lazy\" decoding=\"async\" width=\"280\" height=\"280\" src=\"https:\/\/www.montanheiros.com\/wp-content\/uploads\/2019\/05\/big9_1495447963-280x280.jpg\" class=\"attachment-thumbnail size-thumbnail\" alt=\"\" ids=\"3749,3750,3752,3753,3755,3756,3757,3758,3759,3760,3761,3762,3763,3764,3765,3767,3768,3770\" style=\"none\" type=\"slider\" columns=\"2\" image_width=\"86\" image_size=\"thumbnail\" srcset=\"https:\/\/www.montanheiros.com\/wp-content\/uploads\/2019\/05\/big9_1495447963-280x280.jpg 280w, https:\/\/www.montanheiros.com\/wp-content\/uploads\/2019\/05\/big9_1495447963-300x300.jpg 300w, https:\/\/www.montanheiros.com\/wp-content\/uploads\/2019\/05\/big9_1495447963-100x100.jpg 100w\" sizes=\"auto, (max-width: 280px) 100vw, 280px\" \/>                                                              <\/div>\n              <div class=\"box-text text-left\" >\n                 <p>Dia da Fam\u00edlia, Relv\u00e3o, 21mai2017 - ilha Terceira<\/p>\n              <\/div>\n            <\/div>\n            <\/a>          <\/div>\n         <\/div><div class=\"gallery-col col\" >\n          <div class=\"col-inner\">\n            <a class=\"image-lightbox lightbox-gallery\" href=\"https:\/\/www.montanheiros.com\/wp-content\/uploads\/2019\/05\/big5_1495447955.jpg\" title=\"Dia da Fam\u00edlia, Relv\u00e3o, 21mai2017 - ilha Terceira\">            <div class=\"box has-hover gallery-box box-none\">\n              <div class=\"box-image\" style=\"width:86%;\">\n                <img loading=\"lazy\" decoding=\"async\" width=\"280\" height=\"280\" src=\"https:\/\/www.montanheiros.com\/wp-content\/uploads\/2019\/05\/big5_1495447955-280x280.jpg\" class=\"attachment-thumbnail size-thumbnail\" alt=\"\" ids=\"3749,3750,3752,3753,3755,3756,3757,3758,3759,3760,3761,3762,3763,3764,3765,3767,3768,3770\" style=\"none\" type=\"slider\" columns=\"2\" image_width=\"86\" image_size=\"thumbnail\" srcset=\"https:\/\/www.montanheiros.com\/wp-content\/uploads\/2019\/05\/big5_1495447955-280x280.jpg 280w, https:\/\/www.montanheiros.com\/wp-content\/uploads\/2019\/05\/big5_1495447955-300x300.jpg 300w, https:\/\/www.montanheiros.com\/wp-content\/uploads\/2019\/05\/big5_1495447955-100x100.jpg 100w\" sizes=\"auto, (max-width: 280px) 100vw, 280px\" \/>                                                              <\/div>\n              <div class=\"box-text text-left\" >\n                 <p>Dia da Fam\u00edlia, Relv\u00e3o, 21mai2017 - ilha Terceira<\/p>\n              <\/div>\n            <\/div>\n            <\/a>          <\/div>\n         <\/div><div class=\"gallery-col col\" >\n          <div class=\"col-inner\">\n            <a class=\"image-lightbox lightbox-gallery\" href=\"https:\/\/www.montanheiros.com\/wp-content\/uploads\/2019\/05\/big6_1495447957.jpg\" title=\"Dia da Fam\u00edlia, Relv\u00e3o, 21mai2017 - ilha Terceira\">            <div class=\"box has-hover gallery-box box-none\">\n              <div class=\"box-image\" style=\"width:86%;\">\n                <img loading=\"lazy\" decoding=\"async\" width=\"280\" height=\"280\" src=\"https:\/\/www.montanheiros.com\/wp-content\/uploads\/2019\/05\/big6_1495447957-280x280.jpg\" class=\"attachment-thumbnail size-thumbnail\" alt=\"\" ids=\"3749,3750,3752,3753,3755,3756,3757,3758,3759,3760,3761,3762,3763,3764,3765,3767,3768,3770\" style=\"none\" type=\"slider\" columns=\"2\" image_width=\"86\" image_size=\"thumbnail\" srcset=\"https:\/\/www.montanheiros.com\/wp-content\/uploads\/2019\/05\/big6_1495447957-280x280.jpg 280w, https:\/\/www.montanheiros.com\/wp-content\/uploads\/2019\/05\/big6_1495447957-300x300.jpg 300w, https:\/\/www.montanheiros.com\/wp-content\/uploads\/2019\/05\/big6_1495447957-100x100.jpg 100w\" sizes=\"auto, (max-width: 280px) 100vw, 280px\" \/>                                                              <\/div>\n              <div class=\"box-text text-left\" >\n                 <p>Dia da Fam\u00edlia, Relv\u00e3o, 21mai2017 - ilha Terceira<\/p>\n              <\/div>\n            <\/div>\n            <\/a>          <\/div>\n         <\/div><div class=\"gallery-col col\" >\n          <div class=\"col-inner\">\n            <a class=\"image-lightbox lightbox-gallery\" href=\"https:\/\/www.montanheiros.com\/wp-content\/uploads\/2019\/05\/big11_1495447965.jpg\" title=\"Dia da Fam\u00edlia, Relv\u00e3o, 21mai2017 - ilha Terceira\">            <div class=\"box has-hover gallery-box box-none\">\n              <div class=\"box-image\" style=\"width:86%;\">\n                <img loading=\"lazy\" decoding=\"async\" width=\"280\" height=\"280\" src=\"https:\/\/www.montanheiros.com\/wp-content\/uploads\/2019\/05\/big11_1495447965-280x280.jpg\" class=\"attachment-thumbnail size-thumbnail\" alt=\"\" ids=\"3749,3750,3752,3753,3755,3756,3757,3758,3759,3760,3761,3762,3763,3764,3765,3767,3768,3770\" style=\"none\" type=\"slider\" columns=\"2\" image_width=\"86\" image_size=\"thumbnail\" srcset=\"https:\/\/www.montanheiros.com\/wp-content\/uploads\/2019\/05\/big11_1495447965-280x280.jpg 280w, https:\/\/www.montanheiros.com\/wp-content\/uploads\/2019\/05\/big11_1495447965-300x300.jpg 300w, https:\/\/www.montanheiros.com\/wp-content\/uploads\/2019\/05\/big11_1495447965-100x100.jpg 100w\" sizes=\"auto, (max-width: 280px) 100vw, 280px\" \/>                                                              <\/div>\n              <div class=\"box-text text-left\" >\n                 <p>Dia da Fam\u00edlia, Relv\u00e3o, 21mai2017 - ilha Terceira<\/p>\n              <\/div>\n            <\/div>\n            <\/a>          <\/div>\n         <\/div><div class=\"gallery-col col\" >\n          <div class=\"col-inner\">\n            <a class=\"image-lightbox lightbox-gallery\" href=\"https:\/\/www.montanheiros.com\/wp-content\/uploads\/2019\/05\/big10_1495447963.jpg\" title=\"Dia da Fam\u00edlia, Relv\u00e3o, 21mai2017 - ilha Terceira\">            <div class=\"box has-hover gallery-box box-none\">\n              <div class=\"box-image\" style=\"width:86%;\">\n                <img loading=\"lazy\" decoding=\"async\" width=\"280\" height=\"280\" src=\"https:\/\/www.montanheiros.com\/wp-content\/uploads\/2019\/05\/big10_1495447963-280x280.jpg\" class=\"attachment-thumbnail size-thumbnail\" alt=\"\" ids=\"3749,3750,3752,3753,3755,3756,3757,3758,3759,3760,3761,3762,3763,3764,3765,3767,3768,3770\" style=\"none\" type=\"slider\" columns=\"2\" image_width=\"86\" image_size=\"thumbnail\" srcset=\"https:\/\/www.montanheiros.com\/wp-content\/uploads\/2019\/05\/big10_1495447963-280x280.jpg 280w, https:\/\/www.montanheiros.com\/wp-content\/uploads\/2019\/05\/big10_1495447963-300x300.jpg 300w, https:\/\/www.montanheiros.com\/wp-content\/uploads\/2019\/05\/big10_1495447963-100x100.jpg 100w\" sizes=\"auto, (max-width: 280px) 100vw, 280px\" \/>                                                              <\/div>\n              <div class=\"box-text text-left\" >\n                 <p>Dia da Fam\u00edlia, Relv\u00e3o, 21mai2017 - ilha Terceira<\/p>\n              <\/div>\n            <\/div>\n            <\/a>          <\/div>\n         <\/div><div class=\"gallery-col col\" >\n          <div class=\"col-inner\">\n            <a class=\"image-lightbox lightbox-gallery\" href=\"https:\/\/www.montanheiros.com\/wp-content\/uploads\/2019\/05\/big20_1495447974.jpg\" title=\"v\">            <div class=\"box has-hover gallery-box box-none\">\n              <div class=\"box-image\" style=\"width:86%;\">\n                <img loading=\"lazy\" decoding=\"async\" width=\"280\" height=\"280\" src=\"https:\/\/www.montanheiros.com\/wp-content\/uploads\/2019\/05\/big20_1495447974-280x280.jpg\" class=\"attachment-thumbnail size-thumbnail\" alt=\"\" ids=\"3749,3750,3752,3753,3755,3756,3757,3758,3759,3760,3761,3762,3763,3764,3765,3767,3768,3770\" style=\"none\" type=\"slider\" columns=\"2\" image_width=\"86\" image_size=\"thumbnail\" srcset=\"https:\/\/www.montanheiros.com\/wp-content\/uploads\/2019\/05\/big20_1495447974-280x280.jpg 280w, https:\/\/www.montanheiros.com\/wp-content\/uploads\/2019\/05\/big20_1495447974-300x300.jpg 300w, https:\/\/www.montanheiros.com\/wp-content\/uploads\/2019\/05\/big20_1495447974-100x100.jpg 100w\" sizes=\"auto, (max-width: 280px) 100vw, 280px\" \/>                                                              <\/div>\n              <div class=\"box-text text-left\" >\n                 <p>v<\/p>\n              <\/div>\n            <\/div>\n            <\/a>          <\/div>\n         <\/div><div class=\"gallery-col col\" >\n          <div class=\"col-inner\">\n            <a class=\"image-lightbox lightbox-gallery\" href=\"https:\/\/www.montanheiros.com\/wp-content\/uploads\/2019\/05\/big21_1495447976.jpg\" title=\"Dia da Fam\u00edlia, Relv\u00e3o, 21mai2017 - ilha Terceira\">            <div class=\"box has-hover gallery-box box-none\">\n              <div class=\"box-image\" style=\"width:86%;\">\n                <img loading=\"lazy\" decoding=\"async\" width=\"280\" height=\"280\" src=\"https:\/\/www.montanheiros.com\/wp-content\/uploads\/2019\/05\/big21_1495447976-280x280.jpg\" class=\"attachment-thumbnail size-thumbnail\" alt=\"\" ids=\"3749,3750,3752,3753,3755,3756,3757,3758,3759,3760,3761,3762,3763,3764,3765,3767,3768,3770\" style=\"none\" type=\"slider\" columns=\"2\" image_width=\"86\" image_size=\"thumbnail\" srcset=\"https:\/\/www.montanheiros.com\/wp-content\/uploads\/2019\/05\/big21_1495447976-280x280.jpg 280w, https:\/\/www.montanheiros.com\/wp-content\/uploads\/2019\/05\/big21_1495447976-300x300.jpg 300w, https:\/\/www.montanheiros.com\/wp-content\/uploads\/2019\/05\/big21_1495447976-100x100.jpg 100w\" sizes=\"auto, (max-width: 280px) 100vw, 280px\" \/>                                                              <\/div>\n              <div class=\"box-text text-left\" >\n                 <p>Dia da Fam\u00edlia, Relv\u00e3o, 21mai2017 - ilha Terceira<\/p>\n              <\/div>\n            <\/div>\n            <\/a>          <\/div>\n         <\/div><div class=\"gallery-col col\" >\n          <div class=\"col-inner\">\n            <a class=\"image-lightbox lightbox-gallery\" href=\"https:\/\/www.montanheiros.com\/wp-content\/uploads\/2019\/05\/big23_1495448131.jpg\" title=\"Dia da Fam\u00edlia, Relv\u00e3o, 21mai2017 - ilha Terceira\">            <div class=\"box has-hover gallery-box box-none\">\n              <div class=\"box-image\" style=\"width:86%;\">\n                <img loading=\"lazy\" decoding=\"async\" width=\"280\" height=\"280\" src=\"https:\/\/www.montanheiros.com\/wp-content\/uploads\/2019\/05\/big23_1495448131-280x280.jpg\" class=\"attachment-thumbnail size-thumbnail\" alt=\"\" ids=\"3749,3750,3752,3753,3755,3756,3757,3758,3759,3760,3761,3762,3763,3764,3765,3767,3768,3770\" style=\"none\" type=\"slider\" columns=\"2\" image_width=\"86\" image_size=\"thumbnail\" srcset=\"https:\/\/www.montanheiros.com\/wp-content\/uploads\/2019\/05\/big23_1495448131-280x280.jpg 280w, https:\/\/www.montanheiros.com\/wp-content\/uploads\/2019\/05\/big23_1495448131-300x300.jpg 300w, https:\/\/www.montanheiros.com\/wp-content\/uploads\/2019\/05\/big23_1495448131-100x100.jpg 100w\" sizes=\"auto, (max-width: 280px) 100vw, 280px\" \/>                                                              <\/div>\n              <div class=\"box-text text-left\" >\n                 <p>Dia da Fam\u00edlia, Relv\u00e3o, 21mai2017 - ilha Terceira<\/p>\n              <\/div>\n            <\/div>\n            <\/a>          <\/div>\n         <\/div><div class=\"gallery-col col\" >\n          <div class=\"col-inner\">\n            <a class=\"image-lightbox lightbox-gallery\" href=\"https:\/\/www.montanheiros.com\/wp-content\/uploads\/2019\/05\/big2_1495447949.jpg\" title=\"Dia da Fam\u00edlia, Relv\u00e3o, 21mai2017 - ilha Terceira\">            <div class=\"box has-hover gallery-box box-none\">\n              <div class=\"box-image\" style=\"width:86%;\">\n                <img loading=\"lazy\" decoding=\"async\" width=\"280\" height=\"280\" src=\"https:\/\/www.montanheiros.com\/wp-content\/uploads\/2019\/05\/big2_1495447949-280x280.jpg\" class=\"attachment-thumbnail size-thumbnail\" alt=\"\" ids=\"3749,3750,3752,3753,3755,3756,3757,3758,3759,3760,3761,3762,3763,3764,3765,3767,3768,3770\" style=\"none\" type=\"slider\" columns=\"2\" image_width=\"86\" image_size=\"thumbnail\" srcset=\"https:\/\/www.montanheiros.com\/wp-content\/uploads\/2019\/05\/big2_1495447949-280x280.jpg 280w, https:\/\/www.montanheiros.com\/wp-content\/uploads\/2019\/05\/big2_1495447949-300x300.jpg 300w, https:\/\/www.montanheiros.com\/wp-content\/uploads\/2019\/05\/big2_1495447949-100x100.jpg 100w\" sizes=\"auto, (max-width: 280px) 100vw, 280px\" \/>                                                              <\/div>\n              <div class=\"box-text text-left\" >\n                 <p>Dia da Fam\u00edlia, Relv\u00e3o, 21mai2017 - ilha Terceira<\/p>\n              <\/div>\n            <\/div>\n            <\/a>          <\/div>\n         <\/div><div class=\"gallery-col col\" >\n          <div class=\"col-inner\">\n            <a class=\"image-lightbox lightbox-gallery\" href=\"https:\/\/www.montanheiros.com\/wp-content\/uploads\/2019\/05\/big3_1495447953.jpg\" title=\"Dia da Fam\u00edlia, Relv\u00e3o, 21mai2017 - ilha Terceira\">            <div class=\"box has-hover gallery-box box-none\">\n              <div class=\"box-image\" style=\"width:86%;\">\n                <img loading=\"lazy\" decoding=\"async\" width=\"280\" height=\"280\" src=\"https:\/\/www.montanheiros.com\/wp-content\/uploads\/2019\/05\/big3_1495447953-280x280.jpg\" class=\"attachment-thumbnail size-thumbnail\" alt=\"\" ids=\"3749,3750,3752,3753,3755,3756,3757,3758,3759,3760,3761,3762,3763,3764,3765,3767,3768,3770\" style=\"none\" type=\"slider\" columns=\"2\" image_width=\"86\" image_size=\"thumbnail\" srcset=\"https:\/\/www.montanheiros.com\/wp-content\/uploads\/2019\/05\/big3_1495447953-280x280.jpg 280w, https:\/\/www.montanheiros.com\/wp-content\/uploads\/2019\/05\/big3_1495447953-300x300.jpg 300w, https:\/\/www.montanheiros.com\/wp-content\/uploads\/2019\/05\/big3_1495447953-100x100.jpg 100w\" sizes=\"auto, (max-width: 280px) 100vw, 280px\" \/>                                                              <\/div>\n              <div class=\"box-text text-left\" >\n                 <p>Dia da Fam\u00edlia, Relv\u00e3o, 21mai2017 - ilha Terceira<\/p>\n              <\/div>\n            <\/div>\n            <\/a>          <\/div>\n         <\/div><div class=\"gallery-col col\" >\n          <div class=\"col-inner\">\n            <a class=\"image-lightbox lightbox-gallery\" href=\"https:\/\/www.montanheiros.com\/wp-content\/uploads\/2019\/05\/big8_1495447962.jpg\" title=\"Dia da Fam\u00edlia, Relv\u00e3o, 21mai2017 - ilha Terceira\">            <div class=\"box has-hover gallery-box box-none\">\n              <div class=\"box-image\" style=\"width:86%;\">\n                <img loading=\"lazy\" decoding=\"async\" width=\"280\" height=\"280\" src=\"https:\/\/www.montanheiros.com\/wp-content\/uploads\/2019\/05\/big8_1495447962-280x280.jpg\" class=\"attachment-thumbnail size-thumbnail\" alt=\"\" ids=\"3749,3750,3752,3753,3755,3756,3757,3758,3759,3760,3761,3762,3763,3764,3765,3767,3768,3770\" style=\"none\" type=\"slider\" columns=\"2\" image_width=\"86\" image_size=\"thumbnail\" srcset=\"https:\/\/www.montanheiros.com\/wp-content\/uploads\/2019\/05\/big8_1495447962-280x280.jpg 280w, https:\/\/www.montanheiros.com\/wp-content\/uploads\/2019\/05\/big8_1495447962-300x300.jpg 300w, https:\/\/www.montanheiros.com\/wp-content\/uploads\/2019\/05\/big8_1495447962-100x100.jpg 100w\" sizes=\"auto, (max-width: 280px) 100vw, 280px\" \/>                                                              <\/div>\n              <div class=\"box-text text-left\" >\n                 <p>Dia da Fam\u00edlia, Relv\u00e3o, 21mai2017 - ilha Terceira<\/p>\n              <\/div>\n            <\/div>\n            <\/a>          <\/div>\n         <\/div><div class=\"gallery-col col\" >\n          <div class=\"col-inner\">\n            <a class=\"image-lightbox lightbox-gallery\" href=\"https:\/\/www.montanheiros.com\/wp-content\/uploads\/2019\/05\/big14_1495447967-600x800.jpg\" title=\"Dia da Fam\u00edlia, Relv\u00e3o, 21mai2017 - ilha Terceira\">            <div class=\"box has-hover gallery-box box-none\">\n              <div class=\"box-image\" style=\"width:86%;\">\n                <img loading=\"lazy\" decoding=\"async\" width=\"280\" height=\"280\" src=\"https:\/\/www.montanheiros.com\/wp-content\/uploads\/2019\/05\/big14_1495447967-280x280.jpg\" class=\"attachment-thumbnail size-thumbnail\" alt=\"\" ids=\"3749,3750,3752,3753,3755,3756,3757,3758,3759,3760,3761,3762,3763,3764,3765,3767,3768,3770\" style=\"none\" type=\"slider\" columns=\"2\" image_width=\"86\" image_size=\"thumbnail\" srcset=\"https:\/\/www.montanheiros.com\/wp-content\/uploads\/2019\/05\/big14_1495447967-280x280.jpg 280w, https:\/\/www.montanheiros.com\/wp-content\/uploads\/2019\/05\/big14_1495447967-300x300.jpg 300w, https:\/\/www.montanheiros.com\/wp-content\/uploads\/2019\/05\/big14_1495447967-100x100.jpg 100w\" sizes=\"auto, (max-width: 280px) 100vw, 280px\" \/>                                                              <\/div>\n              <div class=\"box-text text-left\" >\n                 <p>Dia da Fam\u00edlia, Relv\u00e3o, 21mai2017 - ilha Terceira<\/p>\n              <\/div>\n            <\/div>\n            <\/a>          <\/div>\n         <\/div><div class=\"gallery-col col\" >\n          <div class=\"col-inner\">\n            <a class=\"image-lightbox lightbox-gallery\" href=\"https:\/\/www.montanheiros.com\/wp-content\/uploads\/2019\/05\/big17_1495447972.jpg\" title=\"Dia da Fam\u00edlia, Relv\u00e3o, 21mai2017 - ilha Terceira\">            <div class=\"box has-hover gallery-box box-none\">\n              <div class=\"box-image\" style=\"width:86%;\">\n                <img loading=\"lazy\" decoding=\"async\" width=\"280\" height=\"280\" src=\"https:\/\/www.montanheiros.com\/wp-content\/uploads\/2019\/05\/big17_1495447972-280x280.jpg\" class=\"attachment-thumbnail size-thumbnail\" alt=\"\" ids=\"3749,3750,3752,3753,3755,3756,3757,3758,3759,3760,3761,3762,3763,3764,3765,3767,3768,3770\" style=\"none\" type=\"slider\" columns=\"2\" image_width=\"86\" image_size=\"thumbnail\" srcset=\"https:\/\/www.montanheiros.com\/wp-content\/uploads\/2019\/05\/big17_1495447972-280x280.jpg 280w, https:\/\/www.montanheiros.com\/wp-content\/uploads\/2019\/05\/big17_1495447972-300x300.jpg 300w, https:\/\/www.montanheiros.com\/wp-content\/uploads\/2019\/05\/big17_1495447972-100x100.jpg 100w\" sizes=\"auto, (max-width: 280px) 100vw, 280px\" \/>                                                              <\/div>\n              <div class=\"box-text text-left\" >\n                 <p>Dia da Fam\u00edlia, Relv\u00e3o, 21mai2017 - ilha Terceira<\/p>\n              <\/div>\n            <\/div>\n            <\/a>          <\/div>\n         <\/div><div class=\"gallery-col col\" >\n          <div class=\"col-inner\">\n            <a class=\"image-lightbox lightbox-gallery\" href=\"https:\/\/www.montanheiros.com\/wp-content\/uploads\/2019\/05\/big12_1495447965-600x800.jpg\" title=\"Dia da Fam\u00edlia, Relv\u00e3o, 21mai2017 - ilha Terceira\">            <div class=\"box has-hover gallery-box box-none\">\n              <div class=\"box-image\" style=\"width:86%;\">\n                <img loading=\"lazy\" decoding=\"async\" width=\"280\" height=\"280\" src=\"https:\/\/www.montanheiros.com\/wp-content\/uploads\/2019\/05\/big12_1495447965-280x280.jpg\" class=\"attachment-thumbnail size-thumbnail\" alt=\"\" ids=\"3749,3750,3752,3753,3755,3756,3757,3758,3759,3760,3761,3762,3763,3764,3765,3767,3768,3770\" style=\"none\" type=\"slider\" columns=\"2\" image_width=\"86\" image_size=\"thumbnail\" srcset=\"https:\/\/www.montanheiros.com\/wp-content\/uploads\/2019\/05\/big12_1495447965-280x280.jpg 280w, https:\/\/www.montanheiros.com\/wp-content\/uploads\/2019\/05\/big12_1495447965-300x300.jpg 300w, https:\/\/www.montanheiros.com\/wp-content\/uploads\/2019\/05\/big12_1495447965-100x100.jpg 100w\" sizes=\"auto, (max-width: 280px) 100vw, 280px\" \/>                                                              <\/div>\n              <div class=\"box-text text-left\" >\n                 <p>Dia da Fam\u00edlia, Relv\u00e3o, 21mai2017 - ilha Terceira<\/p>\n              <\/div>\n            <\/div>\n            <\/a>          <\/div>\n         <\/div><div class=\"gallery-col col\" >\n          <div class=\"col-inner\">\n            <a class=\"image-lightbox lightbox-gallery\" href=\"https:\/\/www.montanheiros.com\/wp-content\/uploads\/2019\/05\/big18_1495447972-600x800.jpg\" title=\"Dia da Fam\u00edlia, Relv\u00e3o, 21mai2017 - ilha Terceira\">            <div class=\"box has-hover gallery-box box-none\">\n              <div class=\"box-image\" style=\"width:86%;\">\n                <img loading=\"lazy\" decoding=\"async\" width=\"280\" height=\"280\" src=\"https:\/\/www.montanheiros.com\/wp-content\/uploads\/2019\/05\/big18_1495447972-280x280.jpg\" class=\"attachment-thumbnail size-thumbnail\" alt=\"\" ids=\"3749,3750,3752,3753,3755,3756,3757,3758,3759,3760,3761,3762,3763,3764,3765,3767,3768,3770\" style=\"none\" type=\"slider\" columns=\"2\" image_width=\"86\" image_size=\"thumbnail\" srcset=\"https:\/\/www.montanheiros.com\/wp-content\/uploads\/2019\/05\/big18_1495447972-280x280.jpg 280w, https:\/\/www.montanheiros.com\/wp-content\/uploads\/2019\/05\/big18_1495447972-300x300.jpg 300w, https:\/\/www.montanheiros.com\/wp-content\/uploads\/2019\/05\/big18_1495447972-100x100.jpg 100w\" sizes=\"auto, (max-width: 280px) 100vw, 280px\" \/>                                                              <\/div>\n              <div class=\"box-text text-left\" >\n                 <p>Dia da Fam\u00edlia, Relv\u00e3o, 21mai2017 - ilha Terceira<\/p>\n              <\/div>\n            <\/div>\n            <\/a>          <\/div>\n         <\/div><div class=\"gallery-col col\" >\n          <div class=\"col-inner\">\n            <a class=\"image-lightbox lightbox-gallery\" href=\"https:\/\/www.montanheiros.com\/wp-content\/uploads\/2019\/05\/big15_1495447970.jpg\" title=\"Dia da Fam\u00edlia, Relv\u00e3o, 21mai2017 - ilha Terceira\">            <div class=\"box has-hover gallery-box box-none\">\n              <div class=\"box-image\" style=\"width:86%;\">\n                <img loading=\"lazy\" decoding=\"async\" width=\"280\" height=\"280\" src=\"https:\/\/www.montanheiros.com\/wp-content\/uploads\/2019\/05\/big15_1495447970-280x280.jpg\" class=\"attachment-thumbnail size-thumbnail\" alt=\"\" ids=\"3749,3750,3752,3753,3755,3756,3757,3758,3759,3760,3761,3762,3763,3764,3765,3767,3768,3770\" style=\"none\" type=\"slider\" columns=\"2\" image_width=\"86\" image_size=\"thumbnail\" srcset=\"https:\/\/www.montanheiros.com\/wp-content\/uploads\/2019\/05\/big15_1495447970-280x280.jpg 280w, https:\/\/www.montanheiros.com\/wp-content\/uploads\/2019\/05\/big15_1495447970-300x300.jpg 300w, https:\/\/www.montanheiros.com\/wp-content\/uploads\/2019\/05\/big15_1495447970-100x100.jpg 100w\" sizes=\"auto, (max-width: 280px) 100vw, 280px\" \/>                                                              <\/div>\n              <div class=\"box-text text-left\" >\n                 <p>Dia da Fam\u00edlia, Relv\u00e3o, 21mai2017 - ilha Terceira<\/p>\n              <\/div>\n            <\/div>\n            <\/a>          <\/div>\n         <\/div><div class=\"gallery-col col\" >\n          <div class=\"col-inner\">\n            <a class=\"image-lightbox lightbox-gallery\" href=\"https:\/\/www.montanheiros.com\/wp-content\/uploads\/2019\/05\/big16_1495447971.jpg\" title=\"Dia da Fam\u00edlia, Relv\u00e3o, 21mai2017 - ilha Terceira\">            <div class=\"box has-hover gallery-box box-none\">\n              <div class=\"box-image\" style=\"width:86%;\">\n                <img loading=\"lazy\" decoding=\"async\" width=\"280\" height=\"280\" src=\"https:\/\/www.montanheiros.com\/wp-content\/uploads\/2019\/05\/big16_1495447971-280x280.jpg\" class=\"attachment-thumbnail size-thumbnail\" alt=\"\" ids=\"3749,3750,3752,3753,3755,3756,3757,3758,3759,3760,3761,3762,3763,3764,3765,3767,3768,3770\" style=\"none\" type=\"slider\" columns=\"2\" image_width=\"86\" image_size=\"thumbnail\" srcset=\"https:\/\/www.montanheiros.com\/wp-content\/uploads\/2019\/05\/big16_1495447971-280x280.jpg 280w, https:\/\/www.montanheiros.com\/wp-content\/uploads\/2019\/05\/big16_1495447971-300x300.jpg 300w, https:\/\/www.montanheiros.com\/wp-content\/uploads\/2019\/05\/big16_1495447971-100x100.jpg 100w\" sizes=\"auto, (max-width: 280px) 100vw, 280px\" \/>                                                              <\/div>\n              <div class=\"box-text text-left\" >\n                 <p>Dia da Fam\u00edlia, Relv\u00e3o, 21mai2017 - ilha Terceira<\/p>\n              <\/div>\n            <\/div>\n            <\/a>          <\/div>\n         <\/div><\/div>\n\n\n\t\t<\/div>\n\t\t\t\t\t<\/div>\n\n\t\n\n\t<div id=\"col-921143331\" class=\"col medium-4 small-12 large-4\"  >\n\t\t\t\t<div class=\"col-inner\"  >\n\t\t\t\n\t\t\t\n\n<p>P\u00f3dios do I Terceira Boulder Contest, Escola Tom\u00e1s de Borba, 18mar17 &#8211; ilha Terceira<\/p>\n\n  \n    <div class=\"row large-columns-2 medium-columns- small-columns- slider row-slider slider-nav-reveal\"  data-flickity-options='{\"imagesLoaded\": true, \"groupCells\": \"100%\", \"dragThreshold\" : 5, \"cellAlign\": \"left\",\"wrapAround\": true,\"prevNextButtons\": true,\"percentPosition\": true,\"pageDots\": false, \"rightToLeft\": false, \"autoPlay\" : false}'>\n\n  <div class=\"gallery-col col\" >\n          <div class=\"col-inner\">\n            <a class=\"image-lightbox lightbox-gallery\" href=\"https:\/\/www.montanheiros.com\/wp-content\/uploads\/2019\/05\/big1_1490697326.jpg\" title=\"P\u00f3dios do I Terceira Boulder Contest, Escola Tom\u00e1s de Borba, 18mar17 - ilha Terceira\">            <div class=\"box has-hover gallery-box box-none\">\n              <div class=\"box-image\" style=\"width:86%;\">\n                <img loading=\"lazy\" decoding=\"async\" width=\"280\" height=\"280\" src=\"https:\/\/www.montanheiros.com\/wp-content\/uploads\/2019\/05\/big1_1490697326-280x280.jpg\" class=\"attachment-thumbnail size-thumbnail\" alt=\"\" ids=\"3746,3747\" style=\"none\" type=\"slider\" columns=\"2\" image_width=\"86\" image_size=\"thumbnail\" srcset=\"https:\/\/www.montanheiros.com\/wp-content\/uploads\/2019\/05\/big1_1490697326-280x280.jpg 280w, https:\/\/www.montanheiros.com\/wp-content\/uploads\/2019\/05\/big1_1490697326-300x300.jpg 300w, https:\/\/www.montanheiros.com\/wp-content\/uploads\/2019\/05\/big1_1490697326-100x100.jpg 100w\" sizes=\"auto, (max-width: 280px) 100vw, 280px\" \/>                                                              <\/div>\n              <div class=\"box-text text-left\" >\n                 <p>P\u00f3dios do I Terceira Boulder Contest, Escola Tom\u00e1s de Borba, 18mar17 - ilha Terceira<\/p>\n              <\/div>\n            <\/div>\n            <\/a>          <\/div>\n         <\/div><div class=\"gallery-col col\" >\n          <div class=\"col-inner\">\n            <a class=\"image-lightbox lightbox-gallery\" href=\"https:\/\/www.montanheiros.com\/wp-content\/uploads\/2019\/05\/big2_1490697328.jpg\" title=\"P\u00f3dios do I Terceira Boulder Contest, Escola Tom\u00e1s de Borba, 18mar17 - ilha Terceira\">            <div class=\"box has-hover gallery-box box-none\">\n              <div class=\"box-image\" style=\"width:86%;\">\n                <img loading=\"lazy\" decoding=\"async\" width=\"280\" height=\"280\" src=\"https:\/\/www.montanheiros.com\/wp-content\/uploads\/2019\/05\/big2_1490697328-280x280.jpg\" class=\"attachment-thumbnail size-thumbnail\" alt=\"\" ids=\"3746,3747\" style=\"none\" type=\"slider\" columns=\"2\" image_width=\"86\" image_size=\"thumbnail\" srcset=\"https:\/\/www.montanheiros.com\/wp-content\/uploads\/2019\/05\/big2_1490697328-280x280.jpg 280w, https:\/\/www.montanheiros.com\/wp-content\/uploads\/2019\/05\/big2_1490697328-300x300.jpg 300w, https:\/\/www.montanheiros.com\/wp-content\/uploads\/2019\/05\/big2_1490697328-100x100.jpg 100w\" sizes=\"auto, (max-width: 280px) 100vw, 280px\" \/>                                                              <\/div>\n              <div class=\"box-text text-left\" >\n                 <p>P\u00f3dios do I Terceira Boulder Contest, Escola Tom\u00e1s de Borba, 18mar17 - ilha Terceira<\/p>\n              <\/div>\n            <\/div>\n            <\/a>          <\/div>\n         <\/div><\/div>\n\n\n\t\t<\/div>\n\t\t\t\t\t<\/div>\n\n\t\n\n<\/div>\n\t<div id=\"gap-155811169\" class=\"gap-element clearfix\" style=\"display:block; height:auto;\">\n\t\t\n<style>\n#gap-155811169 {\n  padding-top: 30px;\n}\n<\/style>\n\t<\/div>\n\t\n\n<div class=\"container section-title-container\" ><h4 class=\"section-title section-title-normal\"><b><\/b><span class=\"section-title-main\" >2016<\/span><b><\/b><\/h4><\/div>\n\n<div class=\"row row-dashed\"  id=\"row-1180273725\">\n\n\n\t<div id=\"col-650272452\" class=\"col medium-4 small-12 large-4\"  >\n\t\t\t\t<div class=\"col-inner\"  >\n\t\t\t\n\t\t\t\n\n<p>&#8220;Lisboa Boulder Contest 2016&#8221;, 17\/18dez2016 &#8211; Lisboa<\/p>\n\n  \n    <div class=\"row large-columns-2 medium-columns- small-columns- slider row-slider slider-nav-reveal\"  data-flickity-options='{\"imagesLoaded\": true, \"groupCells\": \"100%\", \"dragThreshold\" : 5, \"cellAlign\": \"left\",\"wrapAround\": true,\"prevNextButtons\": true,\"percentPosition\": true,\"pageDots\": false, \"rightToLeft\": false, \"autoPlay\" : false}'>\n\n  <div class=\"gallery-col col\" >\n          <div class=\"col-inner\">\n            <a class=\"image-lightbox lightbox-gallery\" href=\"https:\/\/www.montanheiros.com\/wp-content\/uploads\/2019\/05\/big2_1482409900-600x800.jpg\" title=\"&quot;Lisboa Boulder Contest 2016&quot;, 17\/18dez2016 - Lisboa\">            <div class=\"box has-hover gallery-box box-none\">\n              <div class=\"box-image\" style=\"width:86%;\">\n                <img loading=\"lazy\" decoding=\"async\" width=\"280\" height=\"280\" src=\"https:\/\/www.montanheiros.com\/wp-content\/uploads\/2019\/05\/big2_1482409900-280x280.jpg\" class=\"attachment-thumbnail size-thumbnail\" alt=\"\" ids=\"3740,3741,3742,3743,3744\" style=\"none\" type=\"slider\" columns=\"2\" image_width=\"86\" image_size=\"thumbnail\" srcset=\"https:\/\/www.montanheiros.com\/wp-content\/uploads\/2019\/05\/big2_1482409900-280x280.jpg 280w, https:\/\/www.montanheiros.com\/wp-content\/uploads\/2019\/05\/big2_1482409900-300x300.jpg 300w, https:\/\/www.montanheiros.com\/wp-content\/uploads\/2019\/05\/big2_1482409900-100x100.jpg 100w\" sizes=\"auto, (max-width: 280px) 100vw, 280px\" \/>                                                              <\/div>\n              <div class=\"box-text text-left\" >\n                 <p>\"Lisboa Boulder Contest 2016\", 17\/18dez2016 - Lisboa<\/p>\n              <\/div>\n            <\/div>\n            <\/a>          <\/div>\n         <\/div><div class=\"gallery-col col\" >\n          <div class=\"col-inner\">\n            <a class=\"image-lightbox lightbox-gallery\" href=\"https:\/\/www.montanheiros.com\/wp-content\/uploads\/2019\/05\/big5_1482409900.jpg\" title=\"&quot;Lisboa Boulder Contest 2016&quot;, 17\/18dez2016 - Lisboa\">            <div class=\"box has-hover gallery-box box-none\">\n              <div class=\"box-image\" style=\"width:86%;\">\n                <img loading=\"lazy\" decoding=\"async\" width=\"280\" height=\"280\" src=\"https:\/\/www.montanheiros.com\/wp-content\/uploads\/2019\/05\/big5_1482409900-280x280.jpg\" class=\"attachment-thumbnail size-thumbnail\" alt=\"\" ids=\"3740,3741,3742,3743,3744\" style=\"none\" type=\"slider\" columns=\"2\" image_width=\"86\" image_size=\"thumbnail\" srcset=\"https:\/\/www.montanheiros.com\/wp-content\/uploads\/2019\/05\/big5_1482409900-280x280.jpg 280w, https:\/\/www.montanheiros.com\/wp-content\/uploads\/2019\/05\/big5_1482409900-300x300.jpg 300w, https:\/\/www.montanheiros.com\/wp-content\/uploads\/2019\/05\/big5_1482409900-100x100.jpg 100w\" sizes=\"auto, (max-width: 280px) 100vw, 280px\" \/>                                                              <\/div>\n              <div class=\"box-text text-left\" >\n                 <p>\"Lisboa Boulder Contest 2016\", 17\/18dez2016 - Lisboa<\/p>\n              <\/div>\n            <\/div>\n            <\/a>          <\/div>\n         <\/div><div class=\"gallery-col col\" >\n          <div class=\"col-inner\">\n            <a class=\"image-lightbox lightbox-gallery\" href=\"https:\/\/www.montanheiros.com\/wp-content\/uploads\/2019\/05\/big1_1482409900-600x800.jpg\" title=\"&quot;Lisboa Boulder Contest 2016&quot;, 17\/18dez2016 - Lisboa\">            <div class=\"box has-hover gallery-box box-none\">\n              <div class=\"box-image\" style=\"width:86%;\">\n                <img loading=\"lazy\" decoding=\"async\" width=\"280\" height=\"280\" src=\"https:\/\/www.montanheiros.com\/wp-content\/uploads\/2019\/05\/big1_1482409900-280x280.jpg\" class=\"attachment-thumbnail size-thumbnail\" alt=\"\" ids=\"3740,3741,3742,3743,3744\" style=\"none\" type=\"slider\" columns=\"2\" image_width=\"86\" image_size=\"thumbnail\" srcset=\"https:\/\/www.montanheiros.com\/wp-content\/uploads\/2019\/05\/big1_1482409900-280x280.jpg 280w, https:\/\/www.montanheiros.com\/wp-content\/uploads\/2019\/05\/big1_1482409900-300x300.jpg 300w, https:\/\/www.montanheiros.com\/wp-content\/uploads\/2019\/05\/big1_1482409900-100x100.jpg 100w\" sizes=\"auto, (max-width: 280px) 100vw, 280px\" \/>                                                              <\/div>\n              <div class=\"box-text text-left\" >\n                 <p>\"Lisboa Boulder Contest 2016\", 17\/18dez2016 - Lisboa<\/p>\n              <\/div>\n            <\/div>\n            <\/a>          <\/div>\n         <\/div><div class=\"gallery-col col\" >\n          <div class=\"col-inner\">\n            <a class=\"image-lightbox lightbox-gallery\" href=\"https:\/\/www.montanheiros.com\/wp-content\/uploads\/2019\/05\/big3_1482409900.jpg\" title=\"&quot;Lisboa Boulder Contest 2016&quot;, 17\/18dez2016 - Lisboa\">            <div class=\"box has-hover gallery-box box-none\">\n              <div class=\"box-image\" style=\"width:86%;\">\n                <img loading=\"lazy\" decoding=\"async\" width=\"280\" height=\"280\" src=\"https:\/\/www.montanheiros.com\/wp-content\/uploads\/2019\/05\/big3_1482409900-280x280.jpg\" class=\"attachment-thumbnail size-thumbnail\" alt=\"\" ids=\"3740,3741,3742,3743,3744\" style=\"none\" type=\"slider\" columns=\"2\" image_width=\"86\" image_size=\"thumbnail\" srcset=\"https:\/\/www.montanheiros.com\/wp-content\/uploads\/2019\/05\/big3_1482409900-280x280.jpg 280w, https:\/\/www.montanheiros.com\/wp-content\/uploads\/2019\/05\/big3_1482409900-300x300.jpg 300w, https:\/\/www.montanheiros.com\/wp-content\/uploads\/2019\/05\/big3_1482409900-100x100.jpg 100w\" sizes=\"auto, (max-width: 280px) 100vw, 280px\" \/>                                                              <\/div>\n              <div class=\"box-text text-left\" >\n                 <p>\"Lisboa Boulder Contest 2016\", 17\/18dez2016 - Lisboa<\/p>\n              <\/div>\n            <\/div>\n            <\/a>          <\/div>\n         <\/div><div class=\"gallery-col col\" >\n          <div class=\"col-inner\">\n            <a class=\"image-lightbox lightbox-gallery\" href=\"https:\/\/www.montanheiros.com\/wp-content\/uploads\/2019\/05\/big4_1482409900.jpg\" title=\"&quot;Lisboa Boulder Contest 2016&quot;, 17\/18dez2016 - Lisboa\">            <div class=\"box has-hover gallery-box box-none\">\n              <div class=\"box-image\" style=\"width:86%;\">\n                <img loading=\"lazy\" decoding=\"async\" width=\"280\" height=\"280\" src=\"https:\/\/www.montanheiros.com\/wp-content\/uploads\/2019\/05\/big4_1482409900-280x280.jpg\" class=\"attachment-thumbnail size-thumbnail\" alt=\"\" ids=\"3740,3741,3742,3743,3744\" style=\"none\" type=\"slider\" columns=\"2\" image_width=\"86\" image_size=\"thumbnail\" srcset=\"https:\/\/www.montanheiros.com\/wp-content\/uploads\/2019\/05\/big4_1482409900-280x280.jpg 280w, https:\/\/www.montanheiros.com\/wp-content\/uploads\/2019\/05\/big4_1482409900-300x300.jpg 300w, https:\/\/www.montanheiros.com\/wp-content\/uploads\/2019\/05\/big4_1482409900-100x100.jpg 100w\" sizes=\"auto, (max-width: 280px) 100vw, 280px\" \/>                                                              <\/div>\n              <div class=\"box-text text-left\" >\n                 <p>\"Lisboa Boulder Contest 2016\", 17\/18dez2016 - Lisboa<\/p>\n              <\/div>\n            <\/div>\n            <\/a>          <\/div>\n         <\/div><\/div>\n\n\n\t\t<\/div>\n\t\t\t\t\t<\/div>\n\n\t\n\n\t<div id=\"col-1217789005\" class=\"col medium-4 small-12 large-4\"  >\n\t\t\t\t<div class=\"col-inner\"  >\n\t\t\t\n\t\t\t\n\n<p>&#8220;1\u00baUrban Climbing Contest&#8221;, Mem\u00f3ria, 24jun2016 &#8211; ilha Terceira<\/p>\n\n  \n    <div class=\"row large-columns-2 medium-columns- small-columns- slider row-slider slider-nav-reveal\"  data-flickity-options='{\"imagesLoaded\": true, \"groupCells\": \"100%\", \"dragThreshold\" : 5, \"cellAlign\": \"left\",\"wrapAround\": true,\"prevNextButtons\": true,\"percentPosition\": true,\"pageDots\": false, \"rightToLeft\": false, \"autoPlay\" : false}'>\n\n  <div class=\"gallery-col col\" >\n          <div class=\"col-inner\">\n            <a class=\"image-lightbox lightbox-gallery\" href=\"https:\/\/www.montanheiros.com\/wp-content\/uploads\/2019\/05\/big5_1467286538-565x800.jpg\" title=\"&quot;1\u00baUrban Climbing Contest&quot;, Mem\u00f3ria, 24jun2016 - ilha Terceira\">            <div class=\"box has-hover gallery-box box-none\">\n              <div class=\"box-image\" style=\"width:86%;\">\n                <img loading=\"lazy\" decoding=\"async\" width=\"280\" height=\"280\" src=\"https:\/\/www.montanheiros.com\/wp-content\/uploads\/2019\/05\/big5_1467286538-280x280.jpg\" class=\"attachment-thumbnail size-thumbnail\" alt=\"\" ids=\"3711,3713,3714,3715,3716,3718,3720,3722,3724,3725,3726,3727,3728,3729,3730,3731,3732,3733,3734,3735,3736,3737,3738\" style=\"none\" type=\"slider\" columns=\"2\" image_width=\"86\" image_size=\"thumbnail\" srcset=\"https:\/\/www.montanheiros.com\/wp-content\/uploads\/2019\/05\/big5_1467286538-280x280.jpg 280w, https:\/\/www.montanheiros.com\/wp-content\/uploads\/2019\/05\/big5_1467286538-300x300.jpg 300w, https:\/\/www.montanheiros.com\/wp-content\/uploads\/2019\/05\/big5_1467286538-100x100.jpg 100w\" sizes=\"auto, (max-width: 280px) 100vw, 280px\" \/>                                                              <\/div>\n              <div class=\"box-text text-left\" >\n                 <p>\"1\u00baUrban Climbing Contest\", Mem\u00f3ria, 24jun2016 - ilha Terceira<\/p>\n              <\/div>\n            <\/div>\n            <\/a>          <\/div>\n         <\/div><div class=\"gallery-col col\" >\n          <div class=\"col-inner\">\n            <a class=\"image-lightbox lightbox-gallery\" href=\"https:\/\/www.montanheiros.com\/wp-content\/uploads\/2019\/05\/big6_1467286538-450x800.jpg\" title=\"&quot;1\u00baUrban Climbing Contest&quot;, Mem\u00f3ria, 24jun2016 - ilha Terceira\">            <div class=\"box has-hover gallery-box box-none\">\n              <div class=\"box-image\" style=\"width:86%;\">\n                <img loading=\"lazy\" decoding=\"async\" width=\"280\" height=\"280\" src=\"https:\/\/www.montanheiros.com\/wp-content\/uploads\/2019\/05\/big6_1467286538-280x280.jpg\" class=\"attachment-thumbnail size-thumbnail\" alt=\"\" ids=\"3711,3713,3714,3715,3716,3718,3720,3722,3724,3725,3726,3727,3728,3729,3730,3731,3732,3733,3734,3735,3736,3737,3738\" style=\"none\" type=\"slider\" columns=\"2\" image_width=\"86\" image_size=\"thumbnail\" srcset=\"https:\/\/www.montanheiros.com\/wp-content\/uploads\/2019\/05\/big6_1467286538-280x280.jpg 280w, https:\/\/www.montanheiros.com\/wp-content\/uploads\/2019\/05\/big6_1467286538-300x300.jpg 300w, https:\/\/www.montanheiros.com\/wp-content\/uploads\/2019\/05\/big6_1467286538-100x100.jpg 100w\" sizes=\"auto, (max-width: 280px) 100vw, 280px\" \/>                                                              <\/div>\n              <div class=\"box-text text-left\" >\n                 <p>\"1\u00baUrban Climbing Contest\", Mem\u00f3ria, 24jun2016 - ilha Terceira<\/p>\n              <\/div>\n            <\/div>\n            <\/a>          <\/div>\n         <\/div><div class=\"gallery-col col\" >\n          <div class=\"col-inner\">\n            <a class=\"image-lightbox lightbox-gallery\" href=\"https:\/\/www.montanheiros.com\/wp-content\/uploads\/2019\/05\/big4_1467286537-450x800.jpg\" title=\"&quot;1\u00baUrban Climbing Contest&quot;, Mem\u00f3ria, 24jun2016 - ilha Terceira\">            <div class=\"box has-hover gallery-box box-none\">\n              <div class=\"box-image\" style=\"width:86%;\">\n                <img loading=\"lazy\" decoding=\"async\" width=\"280\" height=\"280\" src=\"https:\/\/www.montanheiros.com\/wp-content\/uploads\/2019\/05\/big4_1467286537-280x280.jpg\" class=\"attachment-thumbnail size-thumbnail\" alt=\"\" ids=\"3711,3713,3714,3715,3716,3718,3720,3722,3724,3725,3726,3727,3728,3729,3730,3731,3732,3733,3734,3735,3736,3737,3738\" style=\"none\" type=\"slider\" columns=\"2\" image_width=\"86\" image_size=\"thumbnail\" srcset=\"https:\/\/www.montanheiros.com\/wp-content\/uploads\/2019\/05\/big4_1467286537-280x280.jpg 280w, https:\/\/www.montanheiros.com\/wp-content\/uploads\/2019\/05\/big4_1467286537-300x300.jpg 300w, https:\/\/www.montanheiros.com\/wp-content\/uploads\/2019\/05\/big4_1467286537-100x100.jpg 100w\" sizes=\"auto, (max-width: 280px) 100vw, 280px\" \/>                                                              <\/div>\n              <div class=\"box-text text-left\" >\n                 <p>\"1\u00baUrban Climbing Contest\", Mem\u00f3ria, 24jun2016 - ilha Terceira<\/p>\n              <\/div>\n            <\/div>\n            <\/a>          <\/div>\n         <\/div><div class=\"gallery-col col\" >\n          <div class=\"col-inner\">\n            <a class=\"image-lightbox lightbox-gallery\" href=\"https:\/\/www.montanheiros.com\/wp-content\/uploads\/2019\/05\/big3_1467286537-450x800.jpg\" title=\"\">            <div class=\"box has-hover gallery-box box-none\">\n              <div class=\"box-image\" style=\"width:86%;\">\n                <img loading=\"lazy\" decoding=\"async\" width=\"280\" height=\"280\" src=\"https:\/\/www.montanheiros.com\/wp-content\/uploads\/2019\/05\/big3_1467286537-280x280.jpg\" class=\"attachment-thumbnail size-thumbnail\" alt=\"\" ids=\"3711,3713,3714,3715,3716,3718,3720,3722,3724,3725,3726,3727,3728,3729,3730,3731,3732,3733,3734,3735,3736,3737,3738\" style=\"none\" type=\"slider\" columns=\"2\" image_width=\"86\" image_size=\"thumbnail\" srcset=\"https:\/\/www.montanheiros.com\/wp-content\/uploads\/2019\/05\/big3_1467286537-280x280.jpg 280w, https:\/\/www.montanheiros.com\/wp-content\/uploads\/2019\/05\/big3_1467286537-300x300.jpg 300w, https:\/\/www.montanheiros.com\/wp-content\/uploads\/2019\/05\/big3_1467286537-100x100.jpg 100w\" sizes=\"auto, (max-width: 280px) 100vw, 280px\" \/>                                                              <\/div>\n              <div class=\"box-text text-left\" >\n                 <p><\/p>\n              <\/div>\n            <\/div>\n            <\/a>          <\/div>\n         <\/div><div class=\"gallery-col col\" >\n          <div class=\"col-inner\">\n            <a class=\"image-lightbox lightbox-gallery\" href=\"https:\/\/www.montanheiros.com\/wp-content\/uploads\/2019\/05\/big1_1467286536-450x800.jpg\" title=\"&quot;1\u00baUrban Climbing Contest&quot;, Mem\u00f3ria, 24jun2016 - ilha Terceira\">            <div class=\"box has-hover gallery-box box-none\">\n              <div class=\"box-image\" style=\"width:86%;\">\n                <img loading=\"lazy\" decoding=\"async\" width=\"280\" height=\"280\" src=\"https:\/\/www.montanheiros.com\/wp-content\/uploads\/2019\/05\/big1_1467286536-280x280.jpg\" class=\"attachment-thumbnail size-thumbnail\" alt=\"\" ids=\"3711,3713,3714,3715,3716,3718,3720,3722,3724,3725,3726,3727,3728,3729,3730,3731,3732,3733,3734,3735,3736,3737,3738\" style=\"none\" type=\"slider\" columns=\"2\" image_width=\"86\" image_size=\"thumbnail\" srcset=\"https:\/\/www.montanheiros.com\/wp-content\/uploads\/2019\/05\/big1_1467286536-280x280.jpg 280w, https:\/\/www.montanheiros.com\/wp-content\/uploads\/2019\/05\/big1_1467286536-300x300.jpg 300w, https:\/\/www.montanheiros.com\/wp-content\/uploads\/2019\/05\/big1_1467286536-100x100.jpg 100w\" sizes=\"auto, (max-width: 280px) 100vw, 280px\" \/>                                                              <\/div>\n              <div class=\"box-text text-left\" >\n                 <p>\"1\u00baUrban Climbing Contest\", Mem\u00f3ria, 24jun2016 - ilha Terceira<\/p>\n              <\/div>\n            <\/div>\n            <\/a>          <\/div>\n         <\/div><div class=\"gallery-col col\" >\n          <div class=\"col-inner\">\n            <a class=\"image-lightbox lightbox-gallery\" href=\"https:\/\/www.montanheiros.com\/wp-content\/uploads\/2019\/05\/big8_1467286595.jpg\" title=\"&quot;1\u00baUrban Climbing Contest&quot;, Mem\u00f3ria, 24jun2016 - ilha Terceira\">            <div class=\"box has-hover gallery-box box-none\">\n              <div class=\"box-image\" style=\"width:86%;\">\n                <img loading=\"lazy\" decoding=\"async\" width=\"280\" height=\"280\" src=\"https:\/\/www.montanheiros.com\/wp-content\/uploads\/2019\/05\/big8_1467286595-280x280.jpg\" class=\"attachment-thumbnail size-thumbnail\" alt=\"\" ids=\"3711,3713,3714,3715,3716,3718,3720,3722,3724,3725,3726,3727,3728,3729,3730,3731,3732,3733,3734,3735,3736,3737,3738\" style=\"none\" type=\"slider\" columns=\"2\" image_width=\"86\" image_size=\"thumbnail\" srcset=\"https:\/\/www.montanheiros.com\/wp-content\/uploads\/2019\/05\/big8_1467286595-280x280.jpg 280w, https:\/\/www.montanheiros.com\/wp-content\/uploads\/2019\/05\/big8_1467286595-300x300.jpg 300w, https:\/\/www.montanheiros.com\/wp-content\/uploads\/2019\/05\/big8_1467286595-100x100.jpg 100w\" sizes=\"auto, (max-width: 280px) 100vw, 280px\" \/>                                                              <\/div>\n              <div class=\"box-text text-left\" >\n                 <p>\"1\u00baUrban Climbing Contest\", Mem\u00f3ria, 24jun2016 - ilha Terceira<\/p>\n              <\/div>\n            <\/div>\n            <\/a>          <\/div>\n         <\/div><div class=\"gallery-col col\" >\n          <div class=\"col-inner\">\n            <a class=\"image-lightbox lightbox-gallery\" href=\"https:\/\/www.montanheiros.com\/wp-content\/uploads\/2019\/05\/big11_1467286598.jpg\" title=\"&quot;1\u00baUrban Climbing Contest&quot;, Mem\u00f3ria, 24jun2016 - ilha Terceira\">            <div class=\"box has-hover gallery-box box-none\">\n              <div class=\"box-image\" style=\"width:86%;\">\n                <img loading=\"lazy\" decoding=\"async\" width=\"280\" height=\"280\" src=\"https:\/\/www.montanheiros.com\/wp-content\/uploads\/2019\/05\/big11_1467286598-280x280.jpg\" class=\"attachment-thumbnail size-thumbnail\" alt=\"\" ids=\"3711,3713,3714,3715,3716,3718,3720,3722,3724,3725,3726,3727,3728,3729,3730,3731,3732,3733,3734,3735,3736,3737,3738\" style=\"none\" type=\"slider\" columns=\"2\" image_width=\"86\" image_size=\"thumbnail\" srcset=\"https:\/\/www.montanheiros.com\/wp-content\/uploads\/2019\/05\/big11_1467286598-280x280.jpg 280w, https:\/\/www.montanheiros.com\/wp-content\/uploads\/2019\/05\/big11_1467286598-300x300.jpg 300w, https:\/\/www.montanheiros.com\/wp-content\/uploads\/2019\/05\/big11_1467286598-100x100.jpg 100w\" sizes=\"auto, (max-width: 280px) 100vw, 280px\" \/>                                                              <\/div>\n              <div class=\"box-text text-left\" >\n                 <p>\"1\u00baUrban Climbing Contest\", Mem\u00f3ria, 24jun2016 - ilha Terceira<\/p>\n              <\/div>\n            <\/div>\n            <\/a>          <\/div>\n         <\/div><div class=\"gallery-col col\" >\n          <div class=\"col-inner\">\n            <a class=\"image-lightbox lightbox-gallery\" href=\"https:\/\/www.montanheiros.com\/wp-content\/uploads\/2019\/05\/big16_1467286618-450x800.jpg\" title=\"&quot;1\u00baUrban Climbing Contest&quot;, Mem\u00f3ria, 24jun2016 - ilha Terceira\">            <div class=\"box has-hover gallery-box box-none\">\n              <div class=\"box-image\" style=\"width:86%;\">\n                <img loading=\"lazy\" decoding=\"async\" width=\"280\" height=\"280\" src=\"https:\/\/www.montanheiros.com\/wp-content\/uploads\/2019\/05\/big16_1467286618-280x280.jpg\" class=\"attachment-thumbnail size-thumbnail\" alt=\"\" ids=\"3711,3713,3714,3715,3716,3718,3720,3722,3724,3725,3726,3727,3728,3729,3730,3731,3732,3733,3734,3735,3736,3737,3738\" style=\"none\" type=\"slider\" columns=\"2\" image_width=\"86\" image_size=\"thumbnail\" srcset=\"https:\/\/www.montanheiros.com\/wp-content\/uploads\/2019\/05\/big16_1467286618-280x280.jpg 280w, https:\/\/www.montanheiros.com\/wp-content\/uploads\/2019\/05\/big16_1467286618-300x300.jpg 300w, https:\/\/www.montanheiros.com\/wp-content\/uploads\/2019\/05\/big16_1467286618-100x100.jpg 100w\" sizes=\"auto, (max-width: 280px) 100vw, 280px\" \/>                                                              <\/div>\n              <div class=\"box-text text-left\" >\n                 <p>\"1\u00baUrban Climbing Contest\", Mem\u00f3ria, 24jun2016 - ilha Terceira<\/p>\n              <\/div>\n            <\/div>\n            <\/a>          <\/div>\n         <\/div><div class=\"gallery-col col\" >\n          <div class=\"col-inner\">\n            <a class=\"image-lightbox lightbox-gallery\" href=\"https:\/\/www.montanheiros.com\/wp-content\/uploads\/2019\/05\/big14_1467286616-450x800.jpg\" title=\"&quot;1\u00baUrban Climbing Contest&quot;, Mem\u00f3ria, 24jun2016 - ilha Terceira\">            <div class=\"box has-hover gallery-box box-none\">\n              <div class=\"box-image\" style=\"width:86%;\">\n                <img loading=\"lazy\" decoding=\"async\" width=\"280\" height=\"280\" src=\"https:\/\/www.montanheiros.com\/wp-content\/uploads\/2019\/05\/big14_1467286616-280x280.jpg\" class=\"attachment-thumbnail size-thumbnail\" alt=\"\" ids=\"3711,3713,3714,3715,3716,3718,3720,3722,3724,3725,3726,3727,3728,3729,3730,3731,3732,3733,3734,3735,3736,3737,3738\" style=\"none\" type=\"slider\" columns=\"2\" image_width=\"86\" image_size=\"thumbnail\" srcset=\"https:\/\/www.montanheiros.com\/wp-content\/uploads\/2019\/05\/big14_1467286616-280x280.jpg 280w, https:\/\/www.montanheiros.com\/wp-content\/uploads\/2019\/05\/big14_1467286616-300x300.jpg 300w, https:\/\/www.montanheiros.com\/wp-content\/uploads\/2019\/05\/big14_1467286616-100x100.jpg 100w\" sizes=\"auto, (max-width: 280px) 100vw, 280px\" \/>                                                              <\/div>\n              <div class=\"box-text text-left\" >\n                 <p>\"1\u00baUrban Climbing Contest\", Mem\u00f3ria, 24jun2016 - ilha Terceira<\/p>\n              <\/div>\n            <\/div>\n            <\/a>          <\/div>\n         <\/div><div class=\"gallery-col col\" >\n          <div class=\"col-inner\">\n            <a class=\"image-lightbox lightbox-gallery\" href=\"https:\/\/www.montanheiros.com\/wp-content\/uploads\/2019\/05\/big15_1467286617-453x800.jpg\" title=\"&quot;1\u00baUrban Climbing Contest&quot;, Mem\u00f3ria, 24jun2016 - ilha Terceira\">            <div class=\"box has-hover gallery-box box-none\">\n              <div class=\"box-image\" style=\"width:86%;\">\n                <img loading=\"lazy\" decoding=\"async\" width=\"280\" height=\"280\" src=\"https:\/\/www.montanheiros.com\/wp-content\/uploads\/2019\/05\/big15_1467286617-280x280.jpg\" class=\"attachment-thumbnail size-thumbnail\" alt=\"\" ids=\"3711,3713,3714,3715,3716,3718,3720,3722,3724,3725,3726,3727,3728,3729,3730,3731,3732,3733,3734,3735,3736,3737,3738\" style=\"none\" type=\"slider\" columns=\"2\" image_width=\"86\" image_size=\"thumbnail\" srcset=\"https:\/\/www.montanheiros.com\/wp-content\/uploads\/2019\/05\/big15_1467286617-280x280.jpg 280w, https:\/\/www.montanheiros.com\/wp-content\/uploads\/2019\/05\/big15_1467286617-300x300.jpg 300w, https:\/\/www.montanheiros.com\/wp-content\/uploads\/2019\/05\/big15_1467286617-100x100.jpg 100w\" sizes=\"auto, (max-width: 280px) 100vw, 280px\" \/>                                                              <\/div>\n              <div class=\"box-text text-left\" >\n                 <p>\"1\u00baUrban Climbing Contest\", Mem\u00f3ria, 24jun2016 - ilha Terceira<\/p>\n              <\/div>\n            <\/div>\n            <\/a>          <\/div>\n         <\/div><div class=\"gallery-col col\" >\n          <div class=\"col-inner\">\n            <a class=\"image-lightbox lightbox-gallery\" href=\"https:\/\/www.montanheiros.com\/wp-content\/uploads\/2019\/05\/big18_1467286618-450x800.jpg\" title=\"&quot;1\u00baUrban Climbing Contest&quot;, Mem\u00f3ria, 24jun2016 - ilha Terceira\">            <div class=\"box has-hover gallery-box box-none\">\n              <div class=\"box-image\" style=\"width:86%;\">\n                <img loading=\"lazy\" decoding=\"async\" width=\"280\" height=\"280\" src=\"https:\/\/www.montanheiros.com\/wp-content\/uploads\/2019\/05\/big18_1467286618-280x280.jpg\" class=\"attachment-thumbnail size-thumbnail\" alt=\"\" ids=\"3711,3713,3714,3715,3716,3718,3720,3722,3724,3725,3726,3727,3728,3729,3730,3731,3732,3733,3734,3735,3736,3737,3738\" style=\"none\" type=\"slider\" columns=\"2\" image_width=\"86\" image_size=\"thumbnail\" srcset=\"https:\/\/www.montanheiros.com\/wp-content\/uploads\/2019\/05\/big18_1467286618-280x280.jpg 280w, https:\/\/www.montanheiros.com\/wp-content\/uploads\/2019\/05\/big18_1467286618-300x300.jpg 300w, https:\/\/www.montanheiros.com\/wp-content\/uploads\/2019\/05\/big18_1467286618-100x100.jpg 100w\" sizes=\"auto, (max-width: 280px) 100vw, 280px\" \/>                                                              <\/div>\n              <div class=\"box-text text-left\" >\n                 <p>\"1\u00baUrban Climbing Contest\", Mem\u00f3ria, 24jun2016 - ilha Terceira<\/p>\n              <\/div>\n            <\/div>\n            <\/a>          <\/div>\n         <\/div><div class=\"gallery-col col\" >\n          <div class=\"col-inner\">\n            <a class=\"image-lightbox lightbox-gallery\" href=\"https:\/\/www.montanheiros.com\/wp-content\/uploads\/2019\/05\/big19_1467286618-450x800.jpg\" title=\"&quot;1\u00baUrban Climbing Contest&quot;, Mem\u00f3ria, 24jun2016 - ilha Terceira\">            <div class=\"box has-hover gallery-box box-none\">\n              <div class=\"box-image\" style=\"width:86%;\">\n                <img loading=\"lazy\" decoding=\"async\" width=\"280\" height=\"280\" src=\"https:\/\/www.montanheiros.com\/wp-content\/uploads\/2019\/05\/big19_1467286618-280x280.jpg\" class=\"attachment-thumbnail size-thumbnail\" alt=\"\" ids=\"3711,3713,3714,3715,3716,3718,3720,3722,3724,3725,3726,3727,3728,3729,3730,3731,3732,3733,3734,3735,3736,3737,3738\" style=\"none\" type=\"slider\" columns=\"2\" image_width=\"86\" image_size=\"thumbnail\" srcset=\"https:\/\/www.montanheiros.com\/wp-content\/uploads\/2019\/05\/big19_1467286618-280x280.jpg 280w, https:\/\/www.montanheiros.com\/wp-content\/uploads\/2019\/05\/big19_1467286618-300x300.jpg 300w, https:\/\/www.montanheiros.com\/wp-content\/uploads\/2019\/05\/big19_1467286618-100x100.jpg 100w\" sizes=\"auto, (max-width: 280px) 100vw, 280px\" \/>                                                              <\/div>\n              <div class=\"box-text text-left\" >\n                 <p>\"1\u00baUrban Climbing Contest\", Mem\u00f3ria, 24jun2016 - ilha Terceira<\/p>\n              <\/div>\n            <\/div>\n            <\/a>          <\/div>\n         <\/div><div class=\"gallery-col col\" >\n          <div class=\"col-inner\">\n            <a class=\"image-lightbox lightbox-gallery\" href=\"https:\/\/www.montanheiros.com\/wp-content\/uploads\/2019\/05\/big13_1467286616-450x800.jpg\" title=\"&quot;1\u00baUrban Climbing Contest&quot;, Mem\u00f3ria, 24jun2016 - ilha Terceira\">            <div class=\"box has-hover gallery-box box-none\">\n              <div class=\"box-image\" style=\"width:86%;\">\n                <img loading=\"lazy\" decoding=\"async\" width=\"280\" height=\"280\" src=\"https:\/\/www.montanheiros.com\/wp-content\/uploads\/2019\/05\/big13_1467286616-280x280.jpg\" class=\"attachment-thumbnail size-thumbnail\" alt=\"\" ids=\"3711,3713,3714,3715,3716,3718,3720,3722,3724,3725,3726,3727,3728,3729,3730,3731,3732,3733,3734,3735,3736,3737,3738\" style=\"none\" type=\"slider\" columns=\"2\" image_width=\"86\" image_size=\"thumbnail\" srcset=\"https:\/\/www.montanheiros.com\/wp-content\/uploads\/2019\/05\/big13_1467286616-280x280.jpg 280w, https:\/\/www.montanheiros.com\/wp-content\/uploads\/2019\/05\/big13_1467286616-300x300.jpg 300w, https:\/\/www.montanheiros.com\/wp-content\/uploads\/2019\/05\/big13_1467286616-100x100.jpg 100w\" sizes=\"auto, (max-width: 280px) 100vw, 280px\" \/>                                                              <\/div>\n              <div class=\"box-text text-left\" >\n                 <p>\"1\u00baUrban Climbing Contest\", Mem\u00f3ria, 24jun2016 - ilha Terceira<\/p>\n              <\/div>\n            <\/div>\n            <\/a>          <\/div>\n         <\/div><div class=\"gallery-col col\" >\n          <div class=\"col-inner\">\n            <a class=\"image-lightbox lightbox-gallery\" href=\"https:\/\/www.montanheiros.com\/wp-content\/uploads\/2019\/05\/big12_1467286615-450x800.jpg\" title=\"&quot;1\u00baUrban Climbing Contest&quot;, Mem\u00f3ria, 24jun2016 - ilha Terceira\">            <div class=\"box has-hover gallery-box box-none\">\n              <div class=\"box-image\" style=\"width:86%;\">\n                <img loading=\"lazy\" decoding=\"async\" width=\"280\" height=\"280\" src=\"https:\/\/www.montanheiros.com\/wp-content\/uploads\/2019\/05\/big12_1467286615-280x280.jpg\" class=\"attachment-thumbnail size-thumbnail\" alt=\"\" ids=\"3711,3713,3714,3715,3716,3718,3720,3722,3724,3725,3726,3727,3728,3729,3730,3731,3732,3733,3734,3735,3736,3737,3738\" style=\"none\" type=\"slider\" columns=\"2\" image_width=\"86\" image_size=\"thumbnail\" srcset=\"https:\/\/www.montanheiros.com\/wp-content\/uploads\/2019\/05\/big12_1467286615-280x280.jpg 280w, https:\/\/www.montanheiros.com\/wp-content\/uploads\/2019\/05\/big12_1467286615-300x300.jpg 300w, https:\/\/www.montanheiros.com\/wp-content\/uploads\/2019\/05\/big12_1467286615-100x100.jpg 100w\" sizes=\"auto, (max-width: 280px) 100vw, 280px\" \/>                                                              <\/div>\n              <div class=\"box-text text-left\" >\n                 <p>\"1\u00baUrban Climbing Contest\", Mem\u00f3ria, 24jun2016 - ilha Terceira<\/p>\n              <\/div>\n            <\/div>\n            <\/a>          <\/div>\n         <\/div><div class=\"gallery-col col\" >\n          <div class=\"col-inner\">\n            <a class=\"image-lightbox lightbox-gallery\" href=\"https:\/\/www.montanheiros.com\/wp-content\/uploads\/2019\/05\/big17_1467286618-450x800.jpg\" title=\"&quot;1\u00baUrban Climbing Contest&quot;, Mem\u00f3ria, 24jun2016 - ilha Terceira\">            <div class=\"box has-hover gallery-box box-none\">\n              <div class=\"box-image\" style=\"width:86%;\">\n                <img loading=\"lazy\" decoding=\"async\" width=\"280\" height=\"280\" src=\"https:\/\/www.montanheiros.com\/wp-content\/uploads\/2019\/05\/big17_1467286618-280x280.jpg\" class=\"attachment-thumbnail size-thumbnail\" alt=\"\" ids=\"3711,3713,3714,3715,3716,3718,3720,3722,3724,3725,3726,3727,3728,3729,3730,3731,3732,3733,3734,3735,3736,3737,3738\" style=\"none\" type=\"slider\" columns=\"2\" image_width=\"86\" image_size=\"thumbnail\" srcset=\"https:\/\/www.montanheiros.com\/wp-content\/uploads\/2019\/05\/big17_1467286618-280x280.jpg 280w, https:\/\/www.montanheiros.com\/wp-content\/uploads\/2019\/05\/big17_1467286618-300x300.jpg 300w, https:\/\/www.montanheiros.com\/wp-content\/uploads\/2019\/05\/big17_1467286618-100x100.jpg 100w\" sizes=\"auto, (max-width: 280px) 100vw, 280px\" \/>                                                              <\/div>\n              <div class=\"box-text text-left\" >\n                 <p>\"1\u00baUrban Climbing Contest\", Mem\u00f3ria, 24jun2016 - ilha Terceira<\/p>\n              <\/div>\n            <\/div>\n            <\/a>          <\/div>\n         <\/div><div class=\"gallery-col col\" >\n          <div class=\"col-inner\">\n            <a class=\"image-lightbox lightbox-gallery\" href=\"https:\/\/www.montanheiros.com\/wp-content\/uploads\/2019\/05\/big23_1467286637-450x800.jpg\" title=\"&quot;1\u00baUrban Climbing Contest&quot;, Mem\u00f3ria, 24jun2016 - ilha Terceira\">            <div class=\"box has-hover gallery-box box-none\">\n              <div class=\"box-image\" style=\"width:86%;\">\n                <img loading=\"lazy\" decoding=\"async\" width=\"280\" height=\"280\" src=\"https:\/\/www.montanheiros.com\/wp-content\/uploads\/2019\/05\/big23_1467286637-280x280.jpg\" class=\"attachment-thumbnail size-thumbnail\" alt=\"\" ids=\"3711,3713,3714,3715,3716,3718,3720,3722,3724,3725,3726,3727,3728,3729,3730,3731,3732,3733,3734,3735,3736,3737,3738\" style=\"none\" type=\"slider\" columns=\"2\" image_width=\"86\" image_size=\"thumbnail\" srcset=\"https:\/\/www.montanheiros.com\/wp-content\/uploads\/2019\/05\/big23_1467286637-280x280.jpg 280w, https:\/\/www.montanheiros.com\/wp-content\/uploads\/2019\/05\/big23_1467286637-300x300.jpg 300w, https:\/\/www.montanheiros.com\/wp-content\/uploads\/2019\/05\/big23_1467286637-100x100.jpg 100w\" sizes=\"auto, (max-width: 280px) 100vw, 280px\" \/>                                                              <\/div>\n              <div class=\"box-text text-left\" >\n                 <p>\"1\u00baUrban Climbing Contest\", Mem\u00f3ria, 24jun2016 - ilha Terceira<\/p>\n              <\/div>\n            <\/div>\n            <\/a>          <\/div>\n         <\/div><div class=\"gallery-col col\" >\n          <div class=\"col-inner\">\n            <a class=\"image-lightbox lightbox-gallery\" href=\"https:\/\/www.montanheiros.com\/wp-content\/uploads\/2019\/05\/big22_1467286636-450x800.jpg\" title=\"&quot;1\u00baUrban Climbing Contest&quot;, Mem\u00f3ria, 24jun2016 - ilha Terceira\">            <div class=\"box has-hover gallery-box box-none\">\n              <div class=\"box-image\" style=\"width:86%;\">\n                <img loading=\"lazy\" decoding=\"async\" width=\"280\" height=\"280\" src=\"https:\/\/www.montanheiros.com\/wp-content\/uploads\/2019\/05\/big22_1467286636-280x280.jpg\" class=\"attachment-thumbnail size-thumbnail\" alt=\"\" ids=\"3711,3713,3714,3715,3716,3718,3720,3722,3724,3725,3726,3727,3728,3729,3730,3731,3732,3733,3734,3735,3736,3737,3738\" style=\"none\" type=\"slider\" columns=\"2\" image_width=\"86\" image_size=\"thumbnail\" srcset=\"https:\/\/www.montanheiros.com\/wp-content\/uploads\/2019\/05\/big22_1467286636-280x280.jpg 280w, https:\/\/www.montanheiros.com\/wp-content\/uploads\/2019\/05\/big22_1467286636-300x300.jpg 300w, https:\/\/www.montanheiros.com\/wp-content\/uploads\/2019\/05\/big22_1467286636-100x100.jpg 100w\" sizes=\"auto, (max-width: 280px) 100vw, 280px\" \/>                                                              <\/div>\n              <div class=\"box-text text-left\" >\n                 <p>\"1\u00baUrban Climbing Contest\", Mem\u00f3ria, 24jun2016 - ilha Terceira<\/p>\n              <\/div>\n            <\/div>\n            <\/a>          <\/div>\n         <\/div><div class=\"gallery-col col\" >\n          <div class=\"col-inner\">\n            <a class=\"image-lightbox lightbox-gallery\" href=\"https:\/\/www.montanheiros.com\/wp-content\/uploads\/2019\/05\/big25_1467286639-450x800.jpg\" title=\"&quot;1\u00baUrban Climbing Contest&quot;, Mem\u00f3ria, 24jun2016 - ilha Terceira\">            <div class=\"box has-hover gallery-box box-none\">\n              <div class=\"box-image\" style=\"width:86%;\">\n                <img loading=\"lazy\" decoding=\"async\" width=\"280\" height=\"280\" src=\"https:\/\/www.montanheiros.com\/wp-content\/uploads\/2019\/05\/big25_1467286639-280x280.jpg\" class=\"attachment-thumbnail size-thumbnail\" alt=\"\" ids=\"3711,3713,3714,3715,3716,3718,3720,3722,3724,3725,3726,3727,3728,3729,3730,3731,3732,3733,3734,3735,3736,3737,3738\" style=\"none\" type=\"slider\" columns=\"2\" image_width=\"86\" image_size=\"thumbnail\" srcset=\"https:\/\/www.montanheiros.com\/wp-content\/uploads\/2019\/05\/big25_1467286639-280x280.jpg 280w, https:\/\/www.montanheiros.com\/wp-content\/uploads\/2019\/05\/big25_1467286639-300x300.jpg 300w, https:\/\/www.montanheiros.com\/wp-content\/uploads\/2019\/05\/big25_1467286639-100x100.jpg 100w\" sizes=\"auto, (max-width: 280px) 100vw, 280px\" \/>                                                              <\/div>\n              <div class=\"box-text text-left\" >\n                 <p>\"1\u00baUrban Climbing Contest\", Mem\u00f3ria, 24jun2016 - ilha Terceira<\/p>\n              <\/div>\n            <\/div>\n            <\/a>          <\/div>\n         <\/div><div class=\"gallery-col col\" >\n          <div class=\"col-inner\">\n            <a class=\"image-lightbox lightbox-gallery\" href=\"https:\/\/www.montanheiros.com\/wp-content\/uploads\/2019\/05\/big24_1467286638-450x800.jpg\" title=\"&quot;1\u00baUrban Climbing Contest&quot;, Mem\u00f3ria, 24jun2016 - ilha Terceira\">            <div class=\"box has-hover gallery-box box-none\">\n              <div class=\"box-image\" style=\"width:86%;\">\n                <img loading=\"lazy\" decoding=\"async\" width=\"280\" height=\"280\" src=\"https:\/\/www.montanheiros.com\/wp-content\/uploads\/2019\/05\/big24_1467286638-280x280.jpg\" class=\"attachment-thumbnail size-thumbnail\" alt=\"\" ids=\"3711,3713,3714,3715,3716,3718,3720,3722,3724,3725,3726,3727,3728,3729,3730,3731,3732,3733,3734,3735,3736,3737,3738\" style=\"none\" type=\"slider\" columns=\"2\" image_width=\"86\" image_size=\"thumbnail\" srcset=\"https:\/\/www.montanheiros.com\/wp-content\/uploads\/2019\/05\/big24_1467286638-280x280.jpg 280w, https:\/\/www.montanheiros.com\/wp-content\/uploads\/2019\/05\/big24_1467286638-300x300.jpg 300w, https:\/\/www.montanheiros.com\/wp-content\/uploads\/2019\/05\/big24_1467286638-100x100.jpg 100w\" sizes=\"auto, (max-width: 280px) 100vw, 280px\" \/>                                                              <\/div>\n              <div class=\"box-text text-left\" >\n                 <p>\"1\u00baUrban Climbing Contest\", Mem\u00f3ria, 24jun2016 - ilha Terceira<\/p>\n              <\/div>\n            <\/div>\n            <\/a>          <\/div>\n         <\/div><div class=\"gallery-col col\" >\n          <div class=\"col-inner\">\n            <a class=\"image-lightbox lightbox-gallery\" href=\"https:\/\/www.montanheiros.com\/wp-content\/uploads\/2019\/05\/big21_1467286636-450x800.jpg\" title=\"&quot;1\u00baUrban Climbing Contest&quot;, Mem\u00f3ria, 24jun2016 - ilha Terceira\">            <div class=\"box has-hover gallery-box box-none\">\n              <div class=\"box-image\" style=\"width:86%;\">\n                <img loading=\"lazy\" decoding=\"async\" width=\"280\" height=\"280\" src=\"https:\/\/www.montanheiros.com\/wp-content\/uploads\/2019\/05\/big21_1467286636-280x280.jpg\" class=\"attachment-thumbnail size-thumbnail\" alt=\"\" ids=\"3711,3713,3714,3715,3716,3718,3720,3722,3724,3725,3726,3727,3728,3729,3730,3731,3732,3733,3734,3735,3736,3737,3738\" style=\"none\" type=\"slider\" columns=\"2\" image_width=\"86\" image_size=\"thumbnail\" srcset=\"https:\/\/www.montanheiros.com\/wp-content\/uploads\/2019\/05\/big21_1467286636-280x280.jpg 280w, https:\/\/www.montanheiros.com\/wp-content\/uploads\/2019\/05\/big21_1467286636-300x300.jpg 300w, https:\/\/www.montanheiros.com\/wp-content\/uploads\/2019\/05\/big21_1467286636-100x100.jpg 100w\" sizes=\"auto, (max-width: 280px) 100vw, 280px\" \/>                                                              <\/div>\n              <div class=\"box-text text-left\" >\n                 <p>\"1\u00baUrban Climbing Contest\", Mem\u00f3ria, 24jun2016 - ilha Terceira<\/p>\n              <\/div>\n            <\/div>\n            <\/a>          <\/div>\n         <\/div><div class=\"gallery-col col\" >\n          <div class=\"col-inner\">\n            <a class=\"image-lightbox lightbox-gallery\" href=\"https:\/\/www.montanheiros.com\/wp-content\/uploads\/2019\/05\/big27_1467286658.jpg\" title=\"&quot;1\u00baUrban Climbing Contest&quot;, Mem\u00f3ria, 24jun2016 - ilha Terceira\">            <div class=\"box has-hover gallery-box box-none\">\n              <div class=\"box-image\" style=\"width:86%;\">\n                <img loading=\"lazy\" decoding=\"async\" width=\"280\" height=\"280\" src=\"https:\/\/www.montanheiros.com\/wp-content\/uploads\/2019\/05\/big27_1467286658-280x280.jpg\" class=\"attachment-thumbnail size-thumbnail\" alt=\"\" ids=\"3711,3713,3714,3715,3716,3718,3720,3722,3724,3725,3726,3727,3728,3729,3730,3731,3732,3733,3734,3735,3736,3737,3738\" style=\"none\" type=\"slider\" columns=\"2\" image_width=\"86\" image_size=\"thumbnail\" srcset=\"https:\/\/www.montanheiros.com\/wp-content\/uploads\/2019\/05\/big27_1467286658-280x280.jpg 280w, https:\/\/www.montanheiros.com\/wp-content\/uploads\/2019\/05\/big27_1467286658-300x300.jpg 300w, https:\/\/www.montanheiros.com\/wp-content\/uploads\/2019\/05\/big27_1467286658-100x100.jpg 100w\" sizes=\"auto, (max-width: 280px) 100vw, 280px\" \/>                                                              <\/div>\n              <div class=\"box-text text-left\" >\n                 <p>\"1\u00baUrban Climbing Contest\", Mem\u00f3ria, 24jun2016 - ilha Terceira<\/p>\n              <\/div>\n            <\/div>\n            <\/a>          <\/div>\n         <\/div><div class=\"gallery-col col\" >\n          <div class=\"col-inner\">\n            <a class=\"image-lightbox lightbox-gallery\" href=\"https:\/\/www.montanheiros.com\/wp-content\/uploads\/2019\/05\/big28_1467286661.jpg\" title=\"&quot;1\u00baUrban Climbing Contest&quot;, Mem\u00f3ria, 24jun2016 - ilha Terceira\">            <div class=\"box has-hover gallery-box box-none\">\n              <div class=\"box-image\" style=\"width:86%;\">\n                <img loading=\"lazy\" decoding=\"async\" width=\"280\" height=\"280\" src=\"https:\/\/www.montanheiros.com\/wp-content\/uploads\/2019\/05\/big28_1467286661-280x280.jpg\" class=\"attachment-thumbnail size-thumbnail\" alt=\"\" ids=\"3711,3713,3714,3715,3716,3718,3720,3722,3724,3725,3726,3727,3728,3729,3730,3731,3732,3733,3734,3735,3736,3737,3738\" style=\"none\" type=\"slider\" columns=\"2\" image_width=\"86\" image_size=\"thumbnail\" srcset=\"https:\/\/www.montanheiros.com\/wp-content\/uploads\/2019\/05\/big28_1467286661-280x280.jpg 280w, https:\/\/www.montanheiros.com\/wp-content\/uploads\/2019\/05\/big28_1467286661-300x300.jpg 300w, https:\/\/www.montanheiros.com\/wp-content\/uploads\/2019\/05\/big28_1467286661-100x100.jpg 100w\" sizes=\"auto, (max-width: 280px) 100vw, 280px\" \/>                                                              <\/div>\n              <div class=\"box-text text-left\" >\n                 <p>\"1\u00baUrban Climbing Contest\", Mem\u00f3ria, 24jun2016 - ilha Terceira<\/p>\n              <\/div>\n            <\/div>\n            <\/a>          <\/div>\n         <\/div><div class=\"gallery-col col\" >\n          <div class=\"col-inner\">\n            <a class=\"image-lightbox lightbox-gallery\" href=\"https:\/\/www.montanheiros.com\/wp-content\/uploads\/2019\/05\/big26_1467286657.jpg\" title=\"&quot;1\u00baUrban Climbing Contest&quot;, Mem\u00f3ria, 24jun2016 - ilha Terceira\">            <div class=\"box has-hover gallery-box box-none\">\n              <div class=\"box-image\" style=\"width:86%;\">\n                <img loading=\"lazy\" decoding=\"async\" width=\"280\" height=\"280\" src=\"https:\/\/www.montanheiros.com\/wp-content\/uploads\/2019\/05\/big26_1467286657-280x280.jpg\" class=\"attachment-thumbnail size-thumbnail\" alt=\"\" ids=\"3711,3713,3714,3715,3716,3718,3720,3722,3724,3725,3726,3727,3728,3729,3730,3731,3732,3733,3734,3735,3736,3737,3738\" style=\"none\" type=\"slider\" columns=\"2\" image_width=\"86\" image_size=\"thumbnail\" srcset=\"https:\/\/www.montanheiros.com\/wp-content\/uploads\/2019\/05\/big26_1467286657-280x280.jpg 280w, https:\/\/www.montanheiros.com\/wp-content\/uploads\/2019\/05\/big26_1467286657-300x300.jpg 300w, https:\/\/www.montanheiros.com\/wp-content\/uploads\/2019\/05\/big26_1467286657-100x100.jpg 100w\" sizes=\"auto, (max-width: 280px) 100vw, 280px\" \/>                                                              <\/div>\n              <div class=\"box-text text-left\" >\n                 <p>\"1\u00baUrban Climbing Contest\", Mem\u00f3ria, 24jun2016 - ilha Terceira<\/p>\n              <\/div>\n            <\/div>\n            <\/a>          <\/div>\n         <\/div><\/div>\n\n\n\t\t<\/div>\n\t\t\t\t\t<\/div>\n\n\t\n\n\t<div id=\"col-1062556324\" class=\"col medium-4 small-12 large-4\"  >\n\t\t\t\t<div class=\"col-inner\"  >\n\t\t\t\n\t\t\t\n\n<p>Atletas dos Montanheiros, Hern\u00e2ni Martins e Luis Oliveira, convocados para a Sele\u00e7\u00e3o Nacional de Escalada<\/p>\n\n  \n    <div class=\"row large-columns-1 medium-columns- small-columns- slider row-slider slider-nav-reveal\"  data-flickity-options='{\"imagesLoaded\": true, \"groupCells\": \"100%\", \"dragThreshold\" : 5, \"cellAlign\": \"left\",\"wrapAround\": true,\"prevNextButtons\": true,\"percentPosition\": true,\"pageDots\": false, \"rightToLeft\": false, \"autoPlay\" : false}'>\n\n  <div class=\"gallery-col col\" >\n          <div class=\"col-inner\">\n            <a class=\"image-lightbox lightbox-gallery\" href=\"https:\/\/www.montanheiros.com\/wp-content\/uploads\/2019\/05\/big1_1460536339.jpg\" title=\"Atletas dos Montanheiros, Hern\u00e2ni Martins e Luis Oliveira, convocados para a Sele\u00e7\u00e3o Nacional de Escalada\">            <div class=\"box has-hover gallery-box box-none\">\n              <div class=\"box-image\" style=\"width:56%;\">\n                <img loading=\"lazy\" decoding=\"async\" width=\"280\" height=\"280\" src=\"https:\/\/www.montanheiros.com\/wp-content\/uploads\/2019\/05\/big1_1460536339-280x280.jpg\" class=\"attachment-thumbnail size-thumbnail\" alt=\"\" ids=\"3677\" style=\"none\" type=\"slider\" columns=\"1\" image_width=\"56\" image_size=\"thumbnail\" srcset=\"https:\/\/www.montanheiros.com\/wp-content\/uploads\/2019\/05\/big1_1460536339-280x280.jpg 280w, https:\/\/www.montanheiros.com\/wp-content\/uploads\/2019\/05\/big1_1460536339-300x300.jpg 300w, https:\/\/www.montanheiros.com\/wp-content\/uploads\/2019\/05\/big1_1460536339-100x100.jpg 100w\" sizes=\"auto, (max-width: 280px) 100vw, 280px\" \/>                                                              <\/div>\n              <div class=\"box-text text-left\" >\n                 <p>Atletas dos Montanheiros, Hern\u00e2ni Martins e Luis Oliveira, convocados para a Sele\u00e7\u00e3o Nacional de Escalada<\/p>\n              <\/div>\n            <\/div>\n            <\/a>          <\/div>\n         <\/div><\/div>\n\n\n\t\t<\/div>\n\t\t\t\t\t<\/div>\n\n\t\n\n<\/div>\n<div class=\"row row-dashed\"  id=\"row-530041941\">\n\n\n\t<div id=\"col-1106004423\" class=\"col medium-4 small-12 large-4\"  >\n\t\t\t\t<div class=\"col-inner\"  >\n\t\t\t\n\t\t\t\n\n<p>2\u00ba e 3\u00ba lugar no p\u00f3dio do Circuito da FPME de Escalada em Bloco (Soure), Hern\u00e2ni Martins e Lu\u00eds Oliveira<\/p>\n\n  \n    <div class=\"row large-columns-1 medium-columns- small-columns- slider row-slider slider-nav-reveal\"  data-flickity-options='{\"imagesLoaded\": true, \"groupCells\": \"100%\", \"dragThreshold\" : 5, \"cellAlign\": \"left\",\"wrapAround\": true,\"prevNextButtons\": true,\"percentPosition\": true,\"pageDots\": false, \"rightToLeft\": false, \"autoPlay\" : false}'>\n\n  <div class=\"gallery-col col\" >\n          <div class=\"col-inner\">\n            <a class=\"image-lightbox lightbox-gallery\" href=\"https:\/\/www.montanheiros.com\/wp-content\/uploads\/2019\/05\/big1_1460536281-1.jpg\" title=\"2\u00ba e 3\u00ba lugar no p\u00f3dio do Circuito da FPME de Escalada em Bloco (Soure), Hern\u00e2ni Martins e Lu\u00eds Oliveira\">            <div class=\"box has-hover gallery-box box-none\">\n              <div class=\"box-image\" style=\"width:56%;\">\n                <img loading=\"lazy\" decoding=\"async\" width=\"280\" height=\"280\" src=\"https:\/\/www.montanheiros.com\/wp-content\/uploads\/2019\/05\/big1_1460536281-1-280x280.jpg\" class=\"attachment-thumbnail size-thumbnail\" alt=\"\" ids=\"3709\" style=\"none\" type=\"slider\" columns=\"1\" image_width=\"56\" image_size=\"thumbnail\" srcset=\"https:\/\/www.montanheiros.com\/wp-content\/uploads\/2019\/05\/big1_1460536281-1-280x280.jpg 280w, https:\/\/www.montanheiros.com\/wp-content\/uploads\/2019\/05\/big1_1460536281-1-300x300.jpg 300w, https:\/\/www.montanheiros.com\/wp-content\/uploads\/2019\/05\/big1_1460536281-1-100x100.jpg 100w\" sizes=\"auto, (max-width: 280px) 100vw, 280px\" \/>                                                              <\/div>\n              <div class=\"box-text text-left\" >\n                 <p>2\u00ba e 3\u00ba lugar no p\u00f3dio do Circuito da FPME de Escalada em Bloco (Soure), Hern\u00e2ni Martins e Lu\u00eds Oliveira<\/p>\n              <\/div>\n            <\/div>\n            <\/a>          <\/div>\n         <\/div><\/div>\n\n\n\t\t<\/div>\n\t\t\t\t\t<\/div>\n\n\t\n\n\t<div id=\"col-2063269648\" class=\"col medium-4 small-12 large-4\"  >\n\t\t\t\t<div class=\"col-inner\"  >\n\t\t\t\n\t\t\t\n\n<p>Presen\u00e7a no Curso de Treinadores de Escalada N\u00edvel II, 5-8fev16 &#8211; Figueira da Foz<\/p>\n\n  \n    <div class=\"row large-columns-1 medium-columns- small-columns- slider row-slider slider-nav-reveal\"  data-flickity-options='{\"imagesLoaded\": true, \"groupCells\": \"100%\", \"dragThreshold\" : 5, \"cellAlign\": \"left\",\"wrapAround\": true,\"prevNextButtons\": true,\"percentPosition\": true,\"pageDots\": false, \"rightToLeft\": false, \"autoPlay\" : false}'>\n\n  <div class=\"gallery-col col\" >\n          <div class=\"col-inner\">\n            <a class=\"image-lightbox lightbox-gallery\" href=\"https:\/\/www.montanheiros.com\/wp-content\/uploads\/2019\/05\/big1_1455633618-1.jpg\" title=\"Presen\u00e7a no Curso de Treinadores de Escalada N\u00edvel II, 5-8fev16 - Figueira da Foz\">            <div class=\"box has-hover gallery-box box-none\">\n              <div class=\"box-image\" style=\"width:60%;\">\n                <img loading=\"lazy\" decoding=\"async\" width=\"280\" height=\"280\" src=\"https:\/\/www.montanheiros.com\/wp-content\/uploads\/2019\/05\/big1_1455633618-1-280x280.jpg\" class=\"attachment-thumbnail size-thumbnail\" alt=\"\" ids=\"3707\" style=\"none\" type=\"slider\" columns=\"1\" image_width=\"60\" image_size=\"thumbnail\" srcset=\"https:\/\/www.montanheiros.com\/wp-content\/uploads\/2019\/05\/big1_1455633618-1-280x280.jpg 280w, https:\/\/www.montanheiros.com\/wp-content\/uploads\/2019\/05\/big1_1455633618-1-300x300.jpg 300w, https:\/\/www.montanheiros.com\/wp-content\/uploads\/2019\/05\/big1_1455633618-1-100x100.jpg 100w\" sizes=\"auto, (max-width: 280px) 100vw, 280px\" \/>                                                              <\/div>\n              <div class=\"box-text text-left\" >\n                 <p>Presen\u00e7a no Curso de Treinadores de Escalada N\u00edvel II, 5-8fev16 - Figueira da Foz<\/p>\n              <\/div>\n            <\/div>\n            <\/a>          <\/div>\n         <\/div><\/div>\n\n\n\t\t<\/div>\n\t\t\t\t\t<\/div>\n\n\t\n\n\t<div id=\"col-984650858\" class=\"col medium-4 small-12 large-4\"  >\n\t\t\t\t<div class=\"col-inner\"  >\n\t\t\t\n\t\t\t\n\n<p>Inaugura\u00e7\u00e3o do boulder no complexo desportivo da Escola Tom\u00e1s de Borba e atividades de zumba e escalada, 30jan2016 &#8211; ilha Terceira<\/p>\n\n  \n    <div class=\"row large-columns-2 medium-columns- small-columns- slider row-slider slider-nav-reveal\"  data-flickity-options='{\"imagesLoaded\": true, \"groupCells\": \"100%\", \"dragThreshold\" : 5, \"cellAlign\": \"left\",\"wrapAround\": true,\"prevNextButtons\": true,\"percentPosition\": true,\"pageDots\": false, \"rightToLeft\": false, \"autoPlay\" : false}'>\n\n  <div class=\"gallery-col col\" >\n          <div class=\"col-inner\">\n            <a class=\"image-lightbox lightbox-gallery\" href=\"https:\/\/www.montanheiros.com\/wp-content\/uploads\/2019\/05\/big2_1454583226-1.jpg\" title=\"Inaugura\u00e7\u00e3o do boulder no complexo desportivo da Escola Tom\u00e1s de Borba e atividades de zumba e escalada, 30jan2016 - ilha Terceira\">            <div class=\"box has-hover gallery-box box-none\">\n              <div class=\"box-image\" style=\"width:86%;\">\n                <img loading=\"lazy\" decoding=\"async\" width=\"280\" height=\"280\" src=\"https:\/\/www.montanheiros.com\/wp-content\/uploads\/2019\/05\/big2_1454583226-1-280x280.jpg\" class=\"attachment-thumbnail size-thumbnail\" alt=\"\" ids=\"3679,3680,3682,3683,3685,3686,3687,3689,3690,3691,3693,3694,3695,3696,3697,3698,3699,3701,3702,3703,3704\" style=\"none\" type=\"slider\" columns=\"2\" image_width=\"86\" image_size=\"thumbnail\" srcset=\"https:\/\/www.montanheiros.com\/wp-content\/uploads\/2019\/05\/big2_1454583226-1-280x280.jpg 280w, https:\/\/www.montanheiros.com\/wp-content\/uploads\/2019\/05\/big2_1454583226-1-300x300.jpg 300w, https:\/\/www.montanheiros.com\/wp-content\/uploads\/2019\/05\/big2_1454583226-1-100x100.jpg 100w\" sizes=\"auto, (max-width: 280px) 100vw, 280px\" \/>                                                              <\/div>\n              <div class=\"box-text text-left\" >\n                 <p>Inaugura\u00e7\u00e3o do boulder no complexo desportivo da Escola Tom\u00e1s de Borba e atividades de zumba e escalada, 30jan2016 - ilha Terceira<\/p>\n              <\/div>\n            <\/div>\n            <\/a>          <\/div>\n         <\/div><div class=\"gallery-col col\" >\n          <div class=\"col-inner\">\n            <a class=\"image-lightbox lightbox-gallery\" href=\"https:\/\/www.montanheiros.com\/wp-content\/uploads\/2019\/05\/big1_1454583226-1.jpg\" title=\"Inaugura\u00e7\u00e3o do boulder no complexo desportivo da Escola Tom\u00e1s de Borba e atividades de zumba e escalada, 30jan2016 - ilha Terceira\">            <div class=\"box has-hover gallery-box box-none\">\n              <div class=\"box-image\" style=\"width:86%;\">\n                <img loading=\"lazy\" decoding=\"async\" width=\"280\" height=\"280\" src=\"https:\/\/www.montanheiros.com\/wp-content\/uploads\/2019\/05\/big1_1454583226-1-280x280.jpg\" class=\"attachment-thumbnail size-thumbnail\" alt=\"\" ids=\"3679,3680,3682,3683,3685,3686,3687,3689,3690,3691,3693,3694,3695,3696,3697,3698,3699,3701,3702,3703,3704\" style=\"none\" type=\"slider\" columns=\"2\" image_width=\"86\" image_size=\"thumbnail\" srcset=\"https:\/\/www.montanheiros.com\/wp-content\/uploads\/2019\/05\/big1_1454583226-1-280x280.jpg 280w, https:\/\/www.montanheiros.com\/wp-content\/uploads\/2019\/05\/big1_1454583226-1-300x300.jpg 300w, https:\/\/www.montanheiros.com\/wp-content\/uploads\/2019\/05\/big1_1454583226-1-100x100.jpg 100w\" sizes=\"auto, (max-width: 280px) 100vw, 280px\" \/>                                                              <\/div>\n              <div class=\"box-text text-left\" >\n                 <p>Inaugura\u00e7\u00e3o do boulder no complexo desportivo da Escola Tom\u00e1s de Borba e atividades de zumba e escalada, 30jan2016 - ilha Terceira<\/p>\n              <\/div>\n            <\/div>\n            <\/a>          <\/div>\n         <\/div><div class=\"gallery-col col\" >\n          <div class=\"col-inner\">\n            <a class=\"image-lightbox lightbox-gallery\" href=\"https:\/\/www.montanheiros.com\/wp-content\/uploads\/2019\/05\/big6_1454583234-1.jpg\" title=\"Inaugura\u00e7\u00e3o do boulder no complexo desportivo da Escola Tom\u00e1s de Borba e atividades de zumba e escalada, 30jan2016 - ilha Terceira\">            <div class=\"box has-hover gallery-box box-none\">\n              <div class=\"box-image\" style=\"width:86%;\">\n                <img loading=\"lazy\" decoding=\"async\" width=\"280\" height=\"280\" src=\"https:\/\/www.montanheiros.com\/wp-content\/uploads\/2019\/05\/big6_1454583234-1-280x280.jpg\" class=\"attachment-thumbnail size-thumbnail\" alt=\"\" ids=\"3679,3680,3682,3683,3685,3686,3687,3689,3690,3691,3693,3694,3695,3696,3697,3698,3699,3701,3702,3703,3704\" style=\"none\" type=\"slider\" columns=\"2\" image_width=\"86\" image_size=\"thumbnail\" srcset=\"https:\/\/www.montanheiros.com\/wp-content\/uploads\/2019\/05\/big6_1454583234-1-280x280.jpg 280w, https:\/\/www.montanheiros.com\/wp-content\/uploads\/2019\/05\/big6_1454583234-1-300x300.jpg 300w, https:\/\/www.montanheiros.com\/wp-content\/uploads\/2019\/05\/big6_1454583234-1-100x100.jpg 100w\" sizes=\"auto, (max-width: 280px) 100vw, 280px\" \/>                                                              <\/div>\n              <div class=\"box-text text-left\" >\n                 <p>Inaugura\u00e7\u00e3o do boulder no complexo desportivo da Escola Tom\u00e1s de Borba e atividades de zumba e escalada, 30jan2016 - ilha Terceira<\/p>\n              <\/div>\n            <\/div>\n            <\/a>          <\/div>\n         <\/div><div class=\"gallery-col col\" >\n          <div class=\"col-inner\">\n            <a class=\"image-lightbox lightbox-gallery\" href=\"https:\/\/www.montanheiros.com\/wp-content\/uploads\/2019\/05\/big4_1454583230-1.jpg\" title=\"Inaugura\u00e7\u00e3o do boulder no complexo desportivo da Escola Tom\u00e1s de Borba e atividades de zumba e escalada, 30jan2016 - ilha Terceira\">            <div class=\"box has-hover gallery-box box-none\">\n              <div class=\"box-image\" style=\"width:86%;\">\n                <img loading=\"lazy\" decoding=\"async\" width=\"280\" height=\"280\" src=\"https:\/\/www.montanheiros.com\/wp-content\/uploads\/2019\/05\/big4_1454583230-1-280x280.jpg\" class=\"attachment-thumbnail size-thumbnail\" alt=\"\" ids=\"3679,3680,3682,3683,3685,3686,3687,3689,3690,3691,3693,3694,3695,3696,3697,3698,3699,3701,3702,3703,3704\" style=\"none\" type=\"slider\" columns=\"2\" image_width=\"86\" image_size=\"thumbnail\" srcset=\"https:\/\/www.montanheiros.com\/wp-content\/uploads\/2019\/05\/big4_1454583230-1-280x280.jpg 280w, https:\/\/www.montanheiros.com\/wp-content\/uploads\/2019\/05\/big4_1454583230-1-300x300.jpg 300w, https:\/\/www.montanheiros.com\/wp-content\/uploads\/2019\/05\/big4_1454583230-1-100x100.jpg 100w\" sizes=\"auto, (max-width: 280px) 100vw, 280px\" \/>                                                              <\/div>\n              <div class=\"box-text text-left\" >\n                 <p>Inaugura\u00e7\u00e3o do boulder no complexo desportivo da Escola Tom\u00e1s de Borba e atividades de zumba e escalada, 30jan2016 - ilha Terceira<\/p>\n              <\/div>\n            <\/div>\n            <\/a>          <\/div>\n         <\/div><div class=\"gallery-col col\" >\n          <div class=\"col-inner\">\n            <a class=\"image-lightbox lightbox-gallery\" href=\"https:\/\/www.montanheiros.com\/wp-content\/uploads\/2019\/05\/big9_1454583315-1.jpg\" title=\"Inaugura\u00e7\u00e3o do boulder no complexo desportivo da Escola Tom\u00e1s de Borba e atividades de zumba e escalada, 30jan2016 - ilha Terceira\">            <div class=\"box has-hover gallery-box box-none\">\n              <div class=\"box-image\" style=\"width:86%;\">\n                <img loading=\"lazy\" decoding=\"async\" width=\"280\" height=\"280\" src=\"https:\/\/www.montanheiros.com\/wp-content\/uploads\/2019\/05\/big9_1454583315-1-280x280.jpg\" class=\"attachment-thumbnail size-thumbnail\" alt=\"\" ids=\"3679,3680,3682,3683,3685,3686,3687,3689,3690,3691,3693,3694,3695,3696,3697,3698,3699,3701,3702,3703,3704\" style=\"none\" type=\"slider\" columns=\"2\" image_width=\"86\" image_size=\"thumbnail\" srcset=\"https:\/\/www.montanheiros.com\/wp-content\/uploads\/2019\/05\/big9_1454583315-1-280x280.jpg 280w, https:\/\/www.montanheiros.com\/wp-content\/uploads\/2019\/05\/big9_1454583315-1-300x300.jpg 300w, https:\/\/www.montanheiros.com\/wp-content\/uploads\/2019\/05\/big9_1454583315-1-100x100.jpg 100w\" sizes=\"auto, (max-width: 280px) 100vw, 280px\" \/>                                                              <\/div>\n              <div class=\"box-text text-left\" >\n                 <p>Inaugura\u00e7\u00e3o do boulder no complexo desportivo da Escola Tom\u00e1s de Borba e atividades de zumba e escalada, 30jan2016 - ilha Terceira<\/p>\n              <\/div>\n            <\/div>\n            <\/a>          <\/div>\n         <\/div><div class=\"gallery-col col\" >\n          <div class=\"col-inner\">\n            <a class=\"image-lightbox lightbox-gallery\" href=\"https:\/\/www.montanheiros.com\/wp-content\/uploads\/2019\/05\/big8_1454583315-1.jpg\" title=\"Inaugura\u00e7\u00e3o do boulder no complexo desportivo da Escola Tom\u00e1s de Borba e atividades de zumba e escalada, 30jan2016 - ilha Terceira\">            <div class=\"box has-hover gallery-box box-none\">\n              <div class=\"box-image\" style=\"width:86%;\">\n                <img loading=\"lazy\" decoding=\"async\" width=\"280\" height=\"280\" src=\"https:\/\/www.montanheiros.com\/wp-content\/uploads\/2019\/05\/big8_1454583315-1-280x280.jpg\" class=\"attachment-thumbnail size-thumbnail\" alt=\"\" ids=\"3679,3680,3682,3683,3685,3686,3687,3689,3690,3691,3693,3694,3695,3696,3697,3698,3699,3701,3702,3703,3704\" style=\"none\" type=\"slider\" columns=\"2\" image_width=\"86\" image_size=\"thumbnail\" srcset=\"https:\/\/www.montanheiros.com\/wp-content\/uploads\/2019\/05\/big8_1454583315-1-280x280.jpg 280w, https:\/\/www.montanheiros.com\/wp-content\/uploads\/2019\/05\/big8_1454583315-1-300x300.jpg 300w, https:\/\/www.montanheiros.com\/wp-content\/uploads\/2019\/05\/big8_1454583315-1-100x100.jpg 100w\" sizes=\"auto, (max-width: 280px) 100vw, 280px\" \/>                                                              <\/div>\n              <div class=\"box-text text-left\" >\n                 <p>Inaugura\u00e7\u00e3o do boulder no complexo desportivo da Escola Tom\u00e1s de Borba e atividades de zumba e escalada, 30jan2016 - ilha Terceira<\/p>\n              <\/div>\n            <\/div>\n            <\/a>          <\/div>\n         <\/div><div class=\"gallery-col col\" >\n          <div class=\"col-inner\">\n            <a class=\"image-lightbox lightbox-gallery\" href=\"https:\/\/www.montanheiros.com\/wp-content\/uploads\/2019\/05\/big7_1454583314-1.jpg\" title=\"Inaugura\u00e7\u00e3o do boulder no complexo desportivo da Escola Tom\u00e1s de Borba e atividades de zumba e escalada, 30jan2016 - ilha Terceira\">            <div class=\"box has-hover gallery-box box-none\">\n              <div class=\"box-image\" style=\"width:86%;\">\n                <img loading=\"lazy\" decoding=\"async\" width=\"280\" height=\"280\" src=\"https:\/\/www.montanheiros.com\/wp-content\/uploads\/2019\/05\/big7_1454583314-1-280x280.jpg\" class=\"attachment-thumbnail size-thumbnail\" alt=\"\" ids=\"3679,3680,3682,3683,3685,3686,3687,3689,3690,3691,3693,3694,3695,3696,3697,3698,3699,3701,3702,3703,3704\" style=\"none\" type=\"slider\" columns=\"2\" image_width=\"86\" image_size=\"thumbnail\" srcset=\"https:\/\/www.montanheiros.com\/wp-content\/uploads\/2019\/05\/big7_1454583314-1-280x280.jpg 280w, https:\/\/www.montanheiros.com\/wp-content\/uploads\/2019\/05\/big7_1454583314-1-300x300.jpg 300w, https:\/\/www.montanheiros.com\/wp-content\/uploads\/2019\/05\/big7_1454583314-1-100x100.jpg 100w\" sizes=\"auto, (max-width: 280px) 100vw, 280px\" \/>                                                              <\/div>\n              <div class=\"box-text text-left\" >\n                 <p>Inaugura\u00e7\u00e3o do boulder no complexo desportivo da Escola Tom\u00e1s de Borba e atividades de zumba e escalada, 30jan2016 - ilha Terceira<\/p>\n              <\/div>\n            <\/div>\n            <\/a>          <\/div>\n         <\/div><div class=\"gallery-col col\" >\n          <div class=\"col-inner\">\n            <a class=\"image-lightbox lightbox-gallery\" href=\"https:\/\/www.montanheiros.com\/wp-content\/uploads\/2019\/05\/big17_1454583407-1.jpg\" title=\"Inaugura\u00e7\u00e3o do boulder no complexo desportivo da Escola Tom\u00e1s de Borba e atividades de zumba e escalada, 30jan2016 - ilha Terceira\">            <div class=\"box has-hover gallery-box box-none\">\n              <div class=\"box-image\" style=\"width:86%;\">\n                <img loading=\"lazy\" decoding=\"async\" width=\"280\" height=\"280\" src=\"https:\/\/www.montanheiros.com\/wp-content\/uploads\/2019\/05\/big17_1454583407-1-280x280.jpg\" class=\"attachment-thumbnail size-thumbnail\" alt=\"\" ids=\"3679,3680,3682,3683,3685,3686,3687,3689,3690,3691,3693,3694,3695,3696,3697,3698,3699,3701,3702,3703,3704\" style=\"none\" type=\"slider\" columns=\"2\" image_width=\"86\" image_size=\"thumbnail\" srcset=\"https:\/\/www.montanheiros.com\/wp-content\/uploads\/2019\/05\/big17_1454583407-1-280x280.jpg 280w, https:\/\/www.montanheiros.com\/wp-content\/uploads\/2019\/05\/big17_1454583407-1-300x300.jpg 300w, https:\/\/www.montanheiros.com\/wp-content\/uploads\/2019\/05\/big17_1454583407-1-100x100.jpg 100w\" sizes=\"auto, (max-width: 280px) 100vw, 280px\" \/>                                                              <\/div>\n              <div class=\"box-text text-left\" >\n                 <p>Inaugura\u00e7\u00e3o do boulder no complexo desportivo da Escola Tom\u00e1s de Borba e atividades de zumba e escalada, 30jan2016 - ilha Terceira<\/p>\n              <\/div>\n            <\/div>\n            <\/a>          <\/div>\n         <\/div><div class=\"gallery-col col\" >\n          <div class=\"col-inner\">\n            <a class=\"image-lightbox lightbox-gallery\" href=\"https:\/\/www.montanheiros.com\/wp-content\/uploads\/2019\/05\/big11_1454583396-1.jpg\" title=\"Inaugura\u00e7\u00e3o do boulder no complexo desportivo da Escola Tom\u00e1s de Borba e atividades de zumba e escalada, 30jan2016 - ilha Terceira\">            <div class=\"box has-hover gallery-box box-none\">\n              <div class=\"box-image\" style=\"width:86%;\">\n                <img loading=\"lazy\" decoding=\"async\" width=\"280\" height=\"280\" src=\"https:\/\/www.montanheiros.com\/wp-content\/uploads\/2019\/05\/big11_1454583396-1-280x280.jpg\" class=\"attachment-thumbnail size-thumbnail\" alt=\"\" ids=\"3679,3680,3682,3683,3685,3686,3687,3689,3690,3691,3693,3694,3695,3696,3697,3698,3699,3701,3702,3703,3704\" style=\"none\" type=\"slider\" columns=\"2\" image_width=\"86\" image_size=\"thumbnail\" srcset=\"https:\/\/www.montanheiros.com\/wp-content\/uploads\/2019\/05\/big11_1454583396-1-280x280.jpg 280w, https:\/\/www.montanheiros.com\/wp-content\/uploads\/2019\/05\/big11_1454583396-1-300x300.jpg 300w, https:\/\/www.montanheiros.com\/wp-content\/uploads\/2019\/05\/big11_1454583396-1-100x100.jpg 100w\" sizes=\"auto, (max-width: 280px) 100vw, 280px\" \/>                                                              <\/div>\n              <div class=\"box-text text-left\" >\n                 <p>Inaugura\u00e7\u00e3o do boulder no complexo desportivo da Escola Tom\u00e1s de Borba e atividades de zumba e escalada, 30jan2016 - ilha Terceira<\/p>\n              <\/div>\n            <\/div>\n            <\/a>          <\/div>\n         <\/div><div class=\"gallery-col col\" >\n          <div class=\"col-inner\">\n            <a class=\"image-lightbox lightbox-gallery\" href=\"https:\/\/www.montanheiros.com\/wp-content\/uploads\/2019\/05\/big14_1454583400-1-533x800.jpg\" title=\"Inaugura\u00e7\u00e3o do boulder no complexo desportivo da Escola Tom\u00e1s de Borba e atividades de zumba e escalada, 30jan2016 - ilha Terceira\">            <div class=\"box has-hover gallery-box box-none\">\n              <div class=\"box-image\" style=\"width:86%;\">\n                <img loading=\"lazy\" decoding=\"async\" width=\"280\" height=\"280\" src=\"https:\/\/www.montanheiros.com\/wp-content\/uploads\/2019\/05\/big14_1454583400-1-280x280.jpg\" class=\"attachment-thumbnail size-thumbnail\" alt=\"\" ids=\"3679,3680,3682,3683,3685,3686,3687,3689,3690,3691,3693,3694,3695,3696,3697,3698,3699,3701,3702,3703,3704\" style=\"none\" type=\"slider\" columns=\"2\" image_width=\"86\" image_size=\"thumbnail\" srcset=\"https:\/\/www.montanheiros.com\/wp-content\/uploads\/2019\/05\/big14_1454583400-1-280x280.jpg 280w, https:\/\/www.montanheiros.com\/wp-content\/uploads\/2019\/05\/big14_1454583400-1-300x300.jpg 300w, https:\/\/www.montanheiros.com\/wp-content\/uploads\/2019\/05\/big14_1454583400-1-100x100.jpg 100w\" sizes=\"auto, (max-width: 280px) 100vw, 280px\" \/>                                                              <\/div>\n              <div class=\"box-text text-left\" >\n                 <p>Inaugura\u00e7\u00e3o do boulder no complexo desportivo da Escola Tom\u00e1s de Borba e atividades de zumba e escalada, 30jan2016 - ilha Terceira<\/p>\n              <\/div>\n            <\/div>\n            <\/a>          <\/div>\n         <\/div><div class=\"gallery-col col\" >\n          <div class=\"col-inner\">\n            <a class=\"image-lightbox lightbox-gallery\" href=\"https:\/\/www.montanheiros.com\/wp-content\/uploads\/2019\/05\/big15_1454583401-1.jpg\" title=\"Inaugura\u00e7\u00e3o do boulder no complexo desportivo da Escola Tom\u00e1s de Borba e atividades de zumba e escalada, 30jan2016 - ilha Terceira\">            <div class=\"box has-hover gallery-box box-none\">\n              <div class=\"box-image\" style=\"width:86%;\">\n                <img loading=\"lazy\" decoding=\"async\" width=\"280\" height=\"280\" src=\"https:\/\/www.montanheiros.com\/wp-content\/uploads\/2019\/05\/big15_1454583401-1-280x280.jpg\" class=\"attachment-thumbnail size-thumbnail\" alt=\"\" ids=\"3679,3680,3682,3683,3685,3686,3687,3689,3690,3691,3693,3694,3695,3696,3697,3698,3699,3701,3702,3703,3704\" style=\"none\" type=\"slider\" columns=\"2\" image_width=\"86\" image_size=\"thumbnail\" srcset=\"https:\/\/www.montanheiros.com\/wp-content\/uploads\/2019\/05\/big15_1454583401-1-280x280.jpg 280w, https:\/\/www.montanheiros.com\/wp-content\/uploads\/2019\/05\/big15_1454583401-1-300x300.jpg 300w, https:\/\/www.montanheiros.com\/wp-content\/uploads\/2019\/05\/big15_1454583401-1-100x100.jpg 100w\" sizes=\"auto, (max-width: 280px) 100vw, 280px\" \/>                                                              <\/div>\n              <div class=\"box-text text-left\" >\n                 <p>Inaugura\u00e7\u00e3o do boulder no complexo desportivo da Escola Tom\u00e1s de Borba e atividades de zumba e escalada, 30jan2016 - ilha Terceira<\/p>\n              <\/div>\n            <\/div>\n            <\/a>          <\/div>\n         <\/div><div class=\"gallery-col col\" >\n          <div class=\"col-inner\">\n            <a class=\"image-lightbox lightbox-gallery\" href=\"https:\/\/www.montanheiros.com\/wp-content\/uploads\/2019\/05\/big19_1454583412-1.jpg\" title=\"Inaugura\u00e7\u00e3o do boulder no complexo desportivo da Escola Tom\u00e1s de Borba e atividades de zumba e escalada, 30jan2016 - ilha Terceira\">            <div class=\"box has-hover gallery-box box-none\">\n              <div class=\"box-image\" style=\"width:86%;\">\n                <img loading=\"lazy\" decoding=\"async\" width=\"280\" height=\"280\" src=\"https:\/\/www.montanheiros.com\/wp-content\/uploads\/2019\/05\/big19_1454583412-1-280x280.jpg\" class=\"attachment-thumbnail size-thumbnail\" alt=\"\" ids=\"3679,3680,3682,3683,3685,3686,3687,3689,3690,3691,3693,3694,3695,3696,3697,3698,3699,3701,3702,3703,3704\" style=\"none\" type=\"slider\" columns=\"2\" image_width=\"86\" image_size=\"thumbnail\" srcset=\"https:\/\/www.montanheiros.com\/wp-content\/uploads\/2019\/05\/big19_1454583412-1-280x280.jpg 280w, https:\/\/www.montanheiros.com\/wp-content\/uploads\/2019\/05\/big19_1454583412-1-300x300.jpg 300w, https:\/\/www.montanheiros.com\/wp-content\/uploads\/2019\/05\/big19_1454583412-1-100x100.jpg 100w\" sizes=\"auto, (max-width: 280px) 100vw, 280px\" \/>                                                              <\/div>\n              <div class=\"box-text text-left\" >\n                 <p>Inaugura\u00e7\u00e3o do boulder no complexo desportivo da Escola Tom\u00e1s de Borba e atividades de zumba e escalada, 30jan2016 - ilha Terceira<\/p>\n              <\/div>\n            <\/div>\n            <\/a>          <\/div>\n         <\/div><div class=\"gallery-col col\" >\n          <div class=\"col-inner\">\n            <a class=\"image-lightbox lightbox-gallery\" href=\"https:\/\/www.montanheiros.com\/wp-content\/uploads\/2019\/05\/big12_1454583398-1-533x800.jpg\" title=\"Inaugura\u00e7\u00e3o do boulder no complexo desportivo da Escola Tom\u00e1s de Borba e atividades de zumba e escalada, 30jan2016 - ilha Terceira\">            <div class=\"box has-hover gallery-box box-none\">\n              <div class=\"box-image\" style=\"width:86%;\">\n                <img loading=\"lazy\" decoding=\"async\" width=\"280\" height=\"280\" src=\"https:\/\/www.montanheiros.com\/wp-content\/uploads\/2019\/05\/big12_1454583398-1-280x280.jpg\" class=\"attachment-thumbnail size-thumbnail\" alt=\"\" ids=\"3679,3680,3682,3683,3685,3686,3687,3689,3690,3691,3693,3694,3695,3696,3697,3698,3699,3701,3702,3703,3704\" style=\"none\" type=\"slider\" columns=\"2\" image_width=\"86\" image_size=\"thumbnail\" srcset=\"https:\/\/www.montanheiros.com\/wp-content\/uploads\/2019\/05\/big12_1454583398-1-280x280.jpg 280w, https:\/\/www.montanheiros.com\/wp-content\/uploads\/2019\/05\/big12_1454583398-1-300x300.jpg 300w, https:\/\/www.montanheiros.com\/wp-content\/uploads\/2019\/05\/big12_1454583398-1-100x100.jpg 100w\" sizes=\"auto, (max-width: 280px) 100vw, 280px\" \/>                                                              <\/div>\n              <div class=\"box-text text-left\" >\n                 <p>Inaugura\u00e7\u00e3o do boulder no complexo desportivo da Escola Tom\u00e1s de Borba e atividades de zumba e escalada, 30jan2016 - ilha Terceira<\/p>\n              <\/div>\n            <\/div>\n            <\/a>          <\/div>\n         <\/div><div class=\"gallery-col col\" >\n          <div class=\"col-inner\">\n            <a class=\"image-lightbox lightbox-gallery\" href=\"https:\/\/www.montanheiros.com\/wp-content\/uploads\/2019\/05\/big20_1454583412-1-533x800.jpg\" title=\"Inaugura\u00e7\u00e3o do boulder no complexo desportivo da Escola Tom\u00e1s de Borba e atividades de zumba e escalada, 30jan2016 - ilha Terceira\">            <div class=\"box has-hover gallery-box box-none\">\n              <div class=\"box-image\" style=\"width:86%;\">\n                <img loading=\"lazy\" decoding=\"async\" width=\"280\" height=\"280\" src=\"https:\/\/www.montanheiros.com\/wp-content\/uploads\/2019\/05\/big20_1454583412-1-280x280.jpg\" class=\"attachment-thumbnail size-thumbnail\" alt=\"\" ids=\"3679,3680,3682,3683,3685,3686,3687,3689,3690,3691,3693,3694,3695,3696,3697,3698,3699,3701,3702,3703,3704\" style=\"none\" type=\"slider\" columns=\"2\" image_width=\"86\" image_size=\"thumbnail\" srcset=\"https:\/\/www.montanheiros.com\/wp-content\/uploads\/2019\/05\/big20_1454583412-1-280x280.jpg 280w, https:\/\/www.montanheiros.com\/wp-content\/uploads\/2019\/05\/big20_1454583412-1-300x300.jpg 300w, https:\/\/www.montanheiros.com\/wp-content\/uploads\/2019\/05\/big20_1454583412-1-100x100.jpg 100w\" sizes=\"auto, (max-width: 280px) 100vw, 280px\" \/>                                                              <\/div>\n              <div class=\"box-text text-left\" >\n                 <p>Inaugura\u00e7\u00e3o do boulder no complexo desportivo da Escola Tom\u00e1s de Borba e atividades de zumba e escalada, 30jan2016 - ilha Terceira<\/p>\n              <\/div>\n            <\/div>\n            <\/a>          <\/div>\n         <\/div><div class=\"gallery-col col\" >\n          <div class=\"col-inner\">\n            <a class=\"image-lightbox lightbox-gallery\" href=\"https:\/\/www.montanheiros.com\/wp-content\/uploads\/2019\/05\/big21_1454583413-1-533x800.jpg\" title=\"Inaugura\u00e7\u00e3o do boulder no complexo desportivo da Escola Tom\u00e1s de Borba e atividades de zumba e escalada, 30jan2016 - ilha Terceira\">            <div class=\"box has-hover gallery-box box-none\">\n              <div class=\"box-image\" style=\"width:86%;\">\n                <img loading=\"lazy\" decoding=\"async\" width=\"280\" height=\"280\" src=\"https:\/\/www.montanheiros.com\/wp-content\/uploads\/2019\/05\/big21_1454583413-1-280x280.jpg\" class=\"attachment-thumbnail size-thumbnail\" alt=\"\" ids=\"3679,3680,3682,3683,3685,3686,3687,3689,3690,3691,3693,3694,3695,3696,3697,3698,3699,3701,3702,3703,3704\" style=\"none\" type=\"slider\" columns=\"2\" image_width=\"86\" image_size=\"thumbnail\" srcset=\"https:\/\/www.montanheiros.com\/wp-content\/uploads\/2019\/05\/big21_1454583413-1-280x280.jpg 280w, https:\/\/www.montanheiros.com\/wp-content\/uploads\/2019\/05\/big21_1454583413-1-300x300.jpg 300w, https:\/\/www.montanheiros.com\/wp-content\/uploads\/2019\/05\/big21_1454583413-1-100x100.jpg 100w\" sizes=\"auto, (max-width: 280px) 100vw, 280px\" \/>                                                              <\/div>\n              <div class=\"box-text text-left\" >\n                 <p>Inaugura\u00e7\u00e3o do boulder no complexo desportivo da Escola Tom\u00e1s de Borba e atividades de zumba e escalada, 30jan2016 - ilha Terceira<\/p>\n              <\/div>\n            <\/div>\n            <\/a>          <\/div>\n         <\/div><div class=\"gallery-col col\" >\n          <div class=\"col-inner\">\n            <a class=\"image-lightbox lightbox-gallery\" href=\"https:\/\/www.montanheiros.com\/wp-content\/uploads\/2019\/05\/big22_1454583415-1-533x800.jpg\" title=\"Inaugura\u00e7\u00e3o do boulder no complexo desportivo da Escola Tom\u00e1s de Borba e atividades de zumba e escalada, 30jan2016 - ilha Terceira\">            <div class=\"box has-hover gallery-box box-none\">\n              <div class=\"box-image\" style=\"width:86%;\">\n                <img loading=\"lazy\" decoding=\"async\" width=\"280\" height=\"280\" src=\"https:\/\/www.montanheiros.com\/wp-content\/uploads\/2019\/05\/big22_1454583415-1-280x280.jpg\" class=\"attachment-thumbnail size-thumbnail\" alt=\"\" ids=\"3679,3680,3682,3683,3685,3686,3687,3689,3690,3691,3693,3694,3695,3696,3697,3698,3699,3701,3702,3703,3704\" style=\"none\" type=\"slider\" columns=\"2\" image_width=\"86\" image_size=\"thumbnail\" srcset=\"https:\/\/www.montanheiros.com\/wp-content\/uploads\/2019\/05\/big22_1454583415-1-280x280.jpg 280w, https:\/\/www.montanheiros.com\/wp-content\/uploads\/2019\/05\/big22_1454583415-1-300x300.jpg 300w, https:\/\/www.montanheiros.com\/wp-content\/uploads\/2019\/05\/big22_1454583415-1-100x100.jpg 100w\" sizes=\"auto, (max-width: 280px) 100vw, 280px\" \/>                                                              <\/div>\n              <div class=\"box-text text-left\" >\n                 <p>Inaugura\u00e7\u00e3o do boulder no complexo desportivo da Escola Tom\u00e1s de Borba e atividades de zumba e escalada, 30jan2016 - ilha Terceira<\/p>\n              <\/div>\n            <\/div>\n            <\/a>          <\/div>\n         <\/div><div class=\"gallery-col col\" >\n          <div class=\"col-inner\">\n            <a class=\"image-lightbox lightbox-gallery\" href=\"https:\/\/www.montanheiros.com\/wp-content\/uploads\/2019\/05\/big18_1454583411-1.jpg\" title=\"Inaugura\u00e7\u00e3o do boulder no complexo desportivo da Escola Tom\u00e1s de Borba e atividades de zumba e escalada, 30jan2016 - ilha Terceira\">            <div class=\"box has-hover gallery-box box-none\">\n              <div class=\"box-image\" style=\"width:86%;\">\n                <img loading=\"lazy\" decoding=\"async\" width=\"280\" height=\"280\" src=\"https:\/\/www.montanheiros.com\/wp-content\/uploads\/2019\/05\/big18_1454583411-1-280x280.jpg\" class=\"attachment-thumbnail size-thumbnail\" alt=\"\" ids=\"3679,3680,3682,3683,3685,3686,3687,3689,3690,3691,3693,3694,3695,3696,3697,3698,3699,3701,3702,3703,3704\" style=\"none\" type=\"slider\" columns=\"2\" image_width=\"86\" image_size=\"thumbnail\" srcset=\"https:\/\/www.montanheiros.com\/wp-content\/uploads\/2019\/05\/big18_1454583411-1-280x280.jpg 280w, https:\/\/www.montanheiros.com\/wp-content\/uploads\/2019\/05\/big18_1454583411-1-300x300.jpg 300w, https:\/\/www.montanheiros.com\/wp-content\/uploads\/2019\/05\/big18_1454583411-1-100x100.jpg 100w\" sizes=\"auto, (max-width: 280px) 100vw, 280px\" \/>                                                              <\/div>\n              <div class=\"box-text text-left\" >\n                 <p>Inaugura\u00e7\u00e3o do boulder no complexo desportivo da Escola Tom\u00e1s de Borba e atividades de zumba e escalada, 30jan2016 - ilha Terceira<\/p>\n              <\/div>\n            <\/div>\n            <\/a>          <\/div>\n         <\/div><div class=\"gallery-col col\" >\n          <div class=\"col-inner\">\n            <a class=\"image-lightbox lightbox-gallery\" href=\"https:\/\/www.montanheiros.com\/wp-content\/uploads\/2019\/05\/big25_1454583420-1.jpg\" title=\"Inaugura\u00e7\u00e3o do boulder no complexo desportivo da Escola Tom\u00e1s de Borba e atividades de zumba e escalada, 30jan2016 - ilha Terceira\">            <div class=\"box has-hover gallery-box box-none\">\n              <div class=\"box-image\" style=\"width:86%;\">\n                <img loading=\"lazy\" decoding=\"async\" width=\"280\" height=\"280\" src=\"https:\/\/www.montanheiros.com\/wp-content\/uploads\/2019\/05\/big25_1454583420-1-280x280.jpg\" class=\"attachment-thumbnail size-thumbnail\" alt=\"\" ids=\"3679,3680,3682,3683,3685,3686,3687,3689,3690,3691,3693,3694,3695,3696,3697,3698,3699,3701,3702,3703,3704\" style=\"none\" type=\"slider\" columns=\"2\" image_width=\"86\" image_size=\"thumbnail\" srcset=\"https:\/\/www.montanheiros.com\/wp-content\/uploads\/2019\/05\/big25_1454583420-1-280x280.jpg 280w, https:\/\/www.montanheiros.com\/wp-content\/uploads\/2019\/05\/big25_1454583420-1-300x300.jpg 300w, https:\/\/www.montanheiros.com\/wp-content\/uploads\/2019\/05\/big25_1454583420-1-100x100.jpg 100w\" sizes=\"auto, (max-width: 280px) 100vw, 280px\" \/>                                                              <\/div>\n              <div class=\"box-text text-left\" >\n                 <p>Inaugura\u00e7\u00e3o do boulder no complexo desportivo da Escola Tom\u00e1s de Borba e atividades de zumba e escalada, 30jan2016 - ilha Terceira<\/p>\n              <\/div>\n            <\/div>\n            <\/a>          <\/div>\n         <\/div><div class=\"gallery-col col\" >\n          <div class=\"col-inner\">\n            <a class=\"image-lightbox lightbox-gallery\" href=\"https:\/\/www.montanheiros.com\/wp-content\/uploads\/2019\/05\/big24_1454583420-1.jpg\" title=\"Inaugura\u00e7\u00e3o do boulder no complexo desportivo da Escola Tom\u00e1s de Borba e atividades de zumba e escalada, 30jan2016 - ilha Terceira\">            <div class=\"box has-hover gallery-box box-none\">\n              <div class=\"box-image\" style=\"width:86%;\">\n                <img loading=\"lazy\" decoding=\"async\" width=\"280\" height=\"280\" src=\"https:\/\/www.montanheiros.com\/wp-content\/uploads\/2019\/05\/big24_1454583420-1-280x280.jpg\" class=\"attachment-thumbnail size-thumbnail\" alt=\"\" ids=\"3679,3680,3682,3683,3685,3686,3687,3689,3690,3691,3693,3694,3695,3696,3697,3698,3699,3701,3702,3703,3704\" style=\"none\" type=\"slider\" columns=\"2\" image_width=\"86\" image_size=\"thumbnail\" srcset=\"https:\/\/www.montanheiros.com\/wp-content\/uploads\/2019\/05\/big24_1454583420-1-280x280.jpg 280w, https:\/\/www.montanheiros.com\/wp-content\/uploads\/2019\/05\/big24_1454583420-1-300x300.jpg 300w, https:\/\/www.montanheiros.com\/wp-content\/uploads\/2019\/05\/big24_1454583420-1-100x100.jpg 100w\" sizes=\"auto, (max-width: 280px) 100vw, 280px\" \/>                                                              <\/div>\n              <div class=\"box-text text-left\" >\n                 <p>Inaugura\u00e7\u00e3o do boulder no complexo desportivo da Escola Tom\u00e1s de Borba e atividades de zumba e escalada, 30jan2016 - ilha Terceira<\/p>\n              <\/div>\n            <\/div>\n            <\/a>          <\/div>\n         <\/div><div class=\"gallery-col col\" >\n          <div class=\"col-inner\">\n            <a class=\"image-lightbox lightbox-gallery\" href=\"https:\/\/www.montanheiros.com\/wp-content\/uploads\/2019\/05\/big26_1454583422-1.jpg\" title=\"Inaugura\u00e7\u00e3o do boulder no complexo desportivo da Escola Tom\u00e1s de Borba e atividades de zumba e escalada, 30jan2016 - ilha Terceira\">            <div class=\"box has-hover gallery-box box-none\">\n              <div class=\"box-image\" style=\"width:86%;\">\n                <img loading=\"lazy\" decoding=\"async\" width=\"280\" height=\"280\" src=\"https:\/\/www.montanheiros.com\/wp-content\/uploads\/2019\/05\/big26_1454583422-1-280x280.jpg\" class=\"attachment-thumbnail size-thumbnail\" alt=\"\" ids=\"3679,3680,3682,3683,3685,3686,3687,3689,3690,3691,3693,3694,3695,3696,3697,3698,3699,3701,3702,3703,3704\" style=\"none\" type=\"slider\" columns=\"2\" image_width=\"86\" image_size=\"thumbnail\" srcset=\"https:\/\/www.montanheiros.com\/wp-content\/uploads\/2019\/05\/big26_1454583422-1-280x280.jpg 280w, https:\/\/www.montanheiros.com\/wp-content\/uploads\/2019\/05\/big26_1454583422-1-300x300.jpg 300w, https:\/\/www.montanheiros.com\/wp-content\/uploads\/2019\/05\/big26_1454583422-1-100x100.jpg 100w\" sizes=\"auto, (max-width: 280px) 100vw, 280px\" \/>                                                              <\/div>\n              <div class=\"box-text text-left\" >\n                 <p>Inaugura\u00e7\u00e3o do boulder no complexo desportivo da Escola Tom\u00e1s de Borba e atividades de zumba e escalada, 30jan2016 - ilha Terceira<\/p>\n              <\/div>\n            <\/div>\n            <\/a>          <\/div>\n         <\/div><div class=\"gallery-col col\" >\n          <div class=\"col-inner\">\n            <a class=\"image-lightbox lightbox-gallery\" href=\"https:\/\/www.montanheiros.com\/wp-content\/uploads\/2019\/05\/big23_1454583418-1.jpg\" title=\"Inaugura\u00e7\u00e3o do boulder no complexo desportivo da Escola Tom\u00e1s de Borba e atividades de zumba e escalada, 30jan2016 - ilha Terceira\">            <div class=\"box has-hover gallery-box box-none\">\n              <div class=\"box-image\" style=\"width:86%;\">\n                <img loading=\"lazy\" decoding=\"async\" width=\"280\" height=\"280\" src=\"https:\/\/www.montanheiros.com\/wp-content\/uploads\/2019\/05\/big23_1454583418-1-280x280.jpg\" class=\"attachment-thumbnail size-thumbnail\" alt=\"\" ids=\"3679,3680,3682,3683,3685,3686,3687,3689,3690,3691,3693,3694,3695,3696,3697,3698,3699,3701,3702,3703,3704\" style=\"none\" type=\"slider\" columns=\"2\" image_width=\"86\" image_size=\"thumbnail\" srcset=\"https:\/\/www.montanheiros.com\/wp-content\/uploads\/2019\/05\/big23_1454583418-1-280x280.jpg 280w, https:\/\/www.montanheiros.com\/wp-content\/uploads\/2019\/05\/big23_1454583418-1-300x300.jpg 300w, https:\/\/www.montanheiros.com\/wp-content\/uploads\/2019\/05\/big23_1454583418-1-100x100.jpg 100w\" sizes=\"auto, (max-width: 280px) 100vw, 280px\" \/>                                                              <\/div>\n              <div class=\"box-text text-left\" >\n                 <p>Inaugura\u00e7\u00e3o do boulder no complexo desportivo da Escola Tom\u00e1s de Borba e atividades de zumba e escalada, 30jan2016 - ilha Terceira<\/p>\n              <\/div>\n            <\/div>\n            <\/a>          <\/div>\n         <\/div><\/div>\n\n\n\t\t<\/div>\n\t\t\t\t\t<\/div>\n\n\t\n\n<\/div>\n<div class=\"row row-dashed\"  id=\"row-1537490903\">\n\n\n\t<div id=\"col-551195204\" class=\"col medium-4 small-12 large-4\"  >\n\t\t\t\t<div class=\"col-inner\"  >\n\t\t\t\n\t\t\t\n\n<p>&#8220;1\u00aa Edi\u00e7\u00e3o Terceira Boulder Contest 2016&#8221;, Complexo Desportivo da Escola Tom\u00e1s de Borba, 30jan2016 &#8211; ilha Terceira<\/p>\n\n  \n    <div class=\"row large-columns-2 medium-columns- small-columns- slider row-slider slider-nav-reveal\"  data-flickity-options='{\"imagesLoaded\": true, \"groupCells\": \"100%\", \"dragThreshold\" : 5, \"cellAlign\": \"left\",\"wrapAround\": true,\"prevNextButtons\": true,\"percentPosition\": true,\"pageDots\": false, \"rightToLeft\": false, \"autoPlay\" : false}'>\n\n  <div class=\"gallery-col col\" >\n          <div class=\"col-inner\">\n            <a class=\"image-lightbox lightbox-gallery\" href=\"https:\/\/www.montanheiros.com\/wp-content\/uploads\/2019\/05\/big1_1454584391.jpg\" title=\"&quot;1\u00aa Edi\u00e7\u00e3o Terceira Boulder Contest 2016&quot;, Complexo Desportivo da Escola Tom\u00e1s de Borba, 30jan2016 - ilha Terceira \">            <div class=\"box has-hover gallery-box box-none\">\n              <div class=\"box-image\" style=\"width:86%;\">\n                <img loading=\"lazy\" decoding=\"async\" width=\"280\" height=\"280\" src=\"https:\/\/www.montanheiros.com\/wp-content\/uploads\/2019\/05\/big1_1454584391-280x280.jpg\" class=\"attachment-thumbnail size-thumbnail\" alt=\"\" ids=\"3608,3609,3610,3611,3612,3613,3614,3615,3616,3617,3618,3619,3620,3621,3622,3623,3624,3625,3626,3628,3629,3630,3631,3632,3633,3634,3635,3636,3637,3638,3639,3640,3641,3642,3643,3644,3645,3646\" style=\"none\" type=\"slider\" columns=\"2\" image_width=\"86\" image_size=\"thumbnail\" srcset=\"https:\/\/www.montanheiros.com\/wp-content\/uploads\/2019\/05\/big1_1454584391-280x280.jpg 280w, https:\/\/www.montanheiros.com\/wp-content\/uploads\/2019\/05\/big1_1454584391-300x300.jpg 300w, https:\/\/www.montanheiros.com\/wp-content\/uploads\/2019\/05\/big1_1454584391-100x100.jpg 100w\" sizes=\"auto, (max-width: 280px) 100vw, 280px\" \/>                                                              <\/div>\n              <div class=\"box-text text-left\" >\n                 <p>\"1\u00aa Edi\u00e7\u00e3o Terceira Boulder Contest 2016\", Complexo Desportivo da Escola Tom\u00e1s de Borba, 30jan2016 - ilha Terceira <\/p>\n              <\/div>\n            <\/div>\n            <\/a>          <\/div>\n         <\/div><div class=\"gallery-col col\" >\n          <div class=\"col-inner\">\n            <a class=\"image-lightbox lightbox-gallery\" href=\"https:\/\/www.montanheiros.com\/wp-content\/uploads\/2019\/05\/big2_1454584391-533x800.jpg\" title=\"&quot;1\u00aa Edi\u00e7\u00e3o Terceira Boulder Contest 2016&quot;, Complexo Desportivo da Escola Tom\u00e1s de Borba, 30jan2016 - ilha Terceira \">            <div class=\"box has-hover gallery-box box-none\">\n              <div class=\"box-image\" style=\"width:86%;\">\n                <img loading=\"lazy\" decoding=\"async\" width=\"280\" height=\"280\" src=\"https:\/\/www.montanheiros.com\/wp-content\/uploads\/2019\/05\/big2_1454584391-280x280.jpg\" class=\"attachment-thumbnail size-thumbnail\" alt=\"\" ids=\"3608,3609,3610,3611,3612,3613,3614,3615,3616,3617,3618,3619,3620,3621,3622,3623,3624,3625,3626,3628,3629,3630,3631,3632,3633,3634,3635,3636,3637,3638,3639,3640,3641,3642,3643,3644,3645,3646\" style=\"none\" type=\"slider\" columns=\"2\" image_width=\"86\" image_size=\"thumbnail\" srcset=\"https:\/\/www.montanheiros.com\/wp-content\/uploads\/2019\/05\/big2_1454584391-280x280.jpg 280w, https:\/\/www.montanheiros.com\/wp-content\/uploads\/2019\/05\/big2_1454584391-300x300.jpg 300w, https:\/\/www.montanheiros.com\/wp-content\/uploads\/2019\/05\/big2_1454584391-100x100.jpg 100w\" sizes=\"auto, (max-width: 280px) 100vw, 280px\" \/>                                                              <\/div>\n              <div class=\"box-text text-left\" >\n                 <p>\"1\u00aa Edi\u00e7\u00e3o Terceira Boulder Contest 2016\", Complexo Desportivo da Escola Tom\u00e1s de Borba, 30jan2016 - ilha Terceira <\/p>\n              <\/div>\n            <\/div>\n            <\/a>          <\/div>\n         <\/div><div class=\"gallery-col col\" >\n          <div class=\"col-inner\">\n            <a class=\"image-lightbox lightbox-gallery\" href=\"https:\/\/www.montanheiros.com\/wp-content\/uploads\/2019\/05\/big3_1454584392-533x800.jpg\" title=\"&quot;1\u00aa Edi\u00e7\u00e3o Terceira Boulder Contest 2016&quot;, Complexo Desportivo da Escola Tom\u00e1s de Borba, 30jan2016 - ilha Terceira \">            <div class=\"box has-hover gallery-box box-none\">\n              <div class=\"box-image\" style=\"width:86%;\">\n                <img loading=\"lazy\" decoding=\"async\" width=\"280\" height=\"280\" src=\"https:\/\/www.montanheiros.com\/wp-content\/uploads\/2019\/05\/big3_1454584392-280x280.jpg\" class=\"attachment-thumbnail size-thumbnail\" alt=\"\" ids=\"3608,3609,3610,3611,3612,3613,3614,3615,3616,3617,3618,3619,3620,3621,3622,3623,3624,3625,3626,3628,3629,3630,3631,3632,3633,3634,3635,3636,3637,3638,3639,3640,3641,3642,3643,3644,3645,3646\" style=\"none\" type=\"slider\" columns=\"2\" image_width=\"86\" image_size=\"thumbnail\" srcset=\"https:\/\/www.montanheiros.com\/wp-content\/uploads\/2019\/05\/big3_1454584392-280x280.jpg 280w, https:\/\/www.montanheiros.com\/wp-content\/uploads\/2019\/05\/big3_1454584392-300x300.jpg 300w, https:\/\/www.montanheiros.com\/wp-content\/uploads\/2019\/05\/big3_1454584392-100x100.jpg 100w\" sizes=\"auto, (max-width: 280px) 100vw, 280px\" \/>                                                              <\/div>\n              <div class=\"box-text text-left\" >\n                 <p>\"1\u00aa Edi\u00e7\u00e3o Terceira Boulder Contest 2016\", Complexo Desportivo da Escola Tom\u00e1s de Borba, 30jan2016 - ilha Terceira <\/p>\n              <\/div>\n            <\/div>\n            <\/a>          <\/div>\n         <\/div><div class=\"gallery-col col\" >\n          <div class=\"col-inner\">\n            <a class=\"image-lightbox lightbox-gallery\" href=\"https:\/\/www.montanheiros.com\/wp-content\/uploads\/2019\/05\/big5_1454584395-533x800.jpg\" title=\"&quot;1\u00aa Edi\u00e7\u00e3o Terceira Boulder Contest 2016&quot;, Complexo Desportivo da Escola Tom\u00e1s de Borba, 30jan2016 - ilha Terceira \">            <div class=\"box has-hover gallery-box box-none\">\n              <div class=\"box-image\" style=\"width:86%;\">\n                <img loading=\"lazy\" decoding=\"async\" width=\"280\" height=\"280\" src=\"https:\/\/www.montanheiros.com\/wp-content\/uploads\/2019\/05\/big5_1454584395-280x280.jpg\" class=\"attachment-thumbnail size-thumbnail\" alt=\"\" ids=\"3608,3609,3610,3611,3612,3613,3614,3615,3616,3617,3618,3619,3620,3621,3622,3623,3624,3625,3626,3628,3629,3630,3631,3632,3633,3634,3635,3636,3637,3638,3639,3640,3641,3642,3643,3644,3645,3646\" style=\"none\" type=\"slider\" columns=\"2\" image_width=\"86\" image_size=\"thumbnail\" srcset=\"https:\/\/www.montanheiros.com\/wp-content\/uploads\/2019\/05\/big5_1454584395-280x280.jpg 280w, https:\/\/www.montanheiros.com\/wp-content\/uploads\/2019\/05\/big5_1454584395-300x300.jpg 300w, https:\/\/www.montanheiros.com\/wp-content\/uploads\/2019\/05\/big5_1454584395-100x100.jpg 100w\" sizes=\"auto, (max-width: 280px) 100vw, 280px\" \/>                                                              <\/div>\n              <div class=\"box-text text-left\" >\n                 <p>\"1\u00aa Edi\u00e7\u00e3o Terceira Boulder Contest 2016\", Complexo Desportivo da Escola Tom\u00e1s de Borba, 30jan2016 - ilha Terceira <\/p>\n              <\/div>\n            <\/div>\n            <\/a>          <\/div>\n         <\/div><div class=\"gallery-col col\" >\n          <div class=\"col-inner\">\n            <a class=\"image-lightbox lightbox-gallery\" href=\"https:\/\/www.montanheiros.com\/wp-content\/uploads\/2019\/05\/big6_1454584395.jpg\" title=\"&quot;1\u00aa Edi\u00e7\u00e3o Terceira Boulder Contest 2016&quot;, Complexo Desportivo da Escola Tom\u00e1s de Borba, 30jan2016 - ilha Terceira \">            <div class=\"box has-hover gallery-box box-none\">\n              <div class=\"box-image\" style=\"width:86%;\">\n                <img loading=\"lazy\" decoding=\"async\" width=\"280\" height=\"280\" src=\"https:\/\/www.montanheiros.com\/wp-content\/uploads\/2019\/05\/big6_1454584395-280x280.jpg\" class=\"attachment-thumbnail size-thumbnail\" alt=\"\" ids=\"3608,3609,3610,3611,3612,3613,3614,3615,3616,3617,3618,3619,3620,3621,3622,3623,3624,3625,3626,3628,3629,3630,3631,3632,3633,3634,3635,3636,3637,3638,3639,3640,3641,3642,3643,3644,3645,3646\" style=\"none\" type=\"slider\" columns=\"2\" image_width=\"86\" image_size=\"thumbnail\" srcset=\"https:\/\/www.montanheiros.com\/wp-content\/uploads\/2019\/05\/big6_1454584395-280x280.jpg 280w, https:\/\/www.montanheiros.com\/wp-content\/uploads\/2019\/05\/big6_1454584395-300x300.jpg 300w, https:\/\/www.montanheiros.com\/wp-content\/uploads\/2019\/05\/big6_1454584395-100x100.jpg 100w\" sizes=\"auto, (max-width: 280px) 100vw, 280px\" \/>                                                              <\/div>\n              <div class=\"box-text text-left\" >\n                 <p>\"1\u00aa Edi\u00e7\u00e3o Terceira Boulder Contest 2016\", Complexo Desportivo da Escola Tom\u00e1s de Borba, 30jan2016 - ilha Terceira <\/p>\n              <\/div>\n            <\/div>\n            <\/a>          <\/div>\n         <\/div><div class=\"gallery-col col\" >\n          <div class=\"col-inner\">\n            <a class=\"image-lightbox lightbox-gallery\" href=\"https:\/\/www.montanheiros.com\/wp-content\/uploads\/2019\/05\/big7_1454584398.jpg\" title=\"&quot;1\u00aa Edi\u00e7\u00e3o Terceira Boulder Contest 2016&quot;, Complexo Desportivo da Escola Tom\u00e1s de Borba, 30jan2016 - ilha Terceira \">            <div class=\"box has-hover gallery-box box-none\">\n              <div class=\"box-image\" style=\"width:86%;\">\n                <img loading=\"lazy\" decoding=\"async\" width=\"280\" height=\"280\" src=\"https:\/\/www.montanheiros.com\/wp-content\/uploads\/2019\/05\/big7_1454584398-280x280.jpg\" class=\"attachment-thumbnail size-thumbnail\" alt=\"\" ids=\"3608,3609,3610,3611,3612,3613,3614,3615,3616,3617,3618,3619,3620,3621,3622,3623,3624,3625,3626,3628,3629,3630,3631,3632,3633,3634,3635,3636,3637,3638,3639,3640,3641,3642,3643,3644,3645,3646\" style=\"none\" type=\"slider\" columns=\"2\" image_width=\"86\" image_size=\"thumbnail\" srcset=\"https:\/\/www.montanheiros.com\/wp-content\/uploads\/2019\/05\/big7_1454584398-280x280.jpg 280w, https:\/\/www.montanheiros.com\/wp-content\/uploads\/2019\/05\/big7_1454584398-300x300.jpg 300w, https:\/\/www.montanheiros.com\/wp-content\/uploads\/2019\/05\/big7_1454584398-100x100.jpg 100w\" sizes=\"auto, (max-width: 280px) 100vw, 280px\" \/>                                                              <\/div>\n              <div class=\"box-text text-left\" >\n                 <p>\"1\u00aa Edi\u00e7\u00e3o Terceira Boulder Contest 2016\", Complexo Desportivo da Escola Tom\u00e1s de Borba, 30jan2016 - ilha Terceira <\/p>\n              <\/div>\n            <\/div>\n            <\/a>          <\/div>\n         <\/div><div class=\"gallery-col col\" >\n          <div class=\"col-inner\">\n            <a class=\"image-lightbox lightbox-gallery\" href=\"https:\/\/www.montanheiros.com\/wp-content\/uploads\/2019\/05\/big8_1454584398.jpg\" title=\"&quot;1\u00aa Edi\u00e7\u00e3o Terceira Boulder Contest 2016&quot;, Complexo Desportivo da Escola Tom\u00e1s de Borba, 30jan2016 - ilha Terceira \">            <div class=\"box has-hover gallery-box box-none\">\n              <div class=\"box-image\" style=\"width:86%;\">\n                <img loading=\"lazy\" decoding=\"async\" width=\"280\" height=\"280\" src=\"https:\/\/www.montanheiros.com\/wp-content\/uploads\/2019\/05\/big8_1454584398-280x280.jpg\" class=\"attachment-thumbnail size-thumbnail\" alt=\"\" ids=\"3608,3609,3610,3611,3612,3613,3614,3615,3616,3617,3618,3619,3620,3621,3622,3623,3624,3625,3626,3628,3629,3630,3631,3632,3633,3634,3635,3636,3637,3638,3639,3640,3641,3642,3643,3644,3645,3646\" style=\"none\" type=\"slider\" columns=\"2\" image_width=\"86\" image_size=\"thumbnail\" srcset=\"https:\/\/www.montanheiros.com\/wp-content\/uploads\/2019\/05\/big8_1454584398-280x280.jpg 280w, https:\/\/www.montanheiros.com\/wp-content\/uploads\/2019\/05\/big8_1454584398-300x300.jpg 300w, https:\/\/www.montanheiros.com\/wp-content\/uploads\/2019\/05\/big8_1454584398-100x100.jpg 100w\" sizes=\"auto, (max-width: 280px) 100vw, 280px\" \/>                                                              <\/div>\n              <div class=\"box-text text-left\" >\n                 <p>\"1\u00aa Edi\u00e7\u00e3o Terceira Boulder Contest 2016\", Complexo Desportivo da Escola Tom\u00e1s de Borba, 30jan2016 - ilha Terceira <\/p>\n              <\/div>\n            <\/div>\n            <\/a>          <\/div>\n         <\/div><div class=\"gallery-col col\" >\n          <div class=\"col-inner\">\n            <a class=\"image-lightbox lightbox-gallery\" href=\"https:\/\/www.montanheiros.com\/wp-content\/uploads\/2019\/05\/big9_1454584399.jpg\" title=\"&quot;1\u00aa Edi\u00e7\u00e3o Terceira Boulder Contest 2016&quot;, Complexo Desportivo da Escola Tom\u00e1s de Borba, 30jan2016 - ilha Terceira \">            <div class=\"box has-hover gallery-box box-none\">\n              <div class=\"box-image\" style=\"width:86%;\">\n                <img loading=\"lazy\" decoding=\"async\" width=\"280\" height=\"280\" src=\"https:\/\/www.montanheiros.com\/wp-content\/uploads\/2019\/05\/big9_1454584399-280x280.jpg\" class=\"attachment-thumbnail size-thumbnail\" alt=\"\" ids=\"3608,3609,3610,3611,3612,3613,3614,3615,3616,3617,3618,3619,3620,3621,3622,3623,3624,3625,3626,3628,3629,3630,3631,3632,3633,3634,3635,3636,3637,3638,3639,3640,3641,3642,3643,3644,3645,3646\" style=\"none\" type=\"slider\" columns=\"2\" image_width=\"86\" image_size=\"thumbnail\" srcset=\"https:\/\/www.montanheiros.com\/wp-content\/uploads\/2019\/05\/big9_1454584399-280x280.jpg 280w, https:\/\/www.montanheiros.com\/wp-content\/uploads\/2019\/05\/big9_1454584399-300x300.jpg 300w, https:\/\/www.montanheiros.com\/wp-content\/uploads\/2019\/05\/big9_1454584399-100x100.jpg 100w\" sizes=\"auto, (max-width: 280px) 100vw, 280px\" \/>                                                              <\/div>\n              <div class=\"box-text text-left\" >\n                 <p>\"1\u00aa Edi\u00e7\u00e3o Terceira Boulder Contest 2016\", Complexo Desportivo da Escola Tom\u00e1s de Borba, 30jan2016 - ilha Terceira <\/p>\n              <\/div>\n            <\/div>\n            <\/a>          <\/div>\n         <\/div><div class=\"gallery-col col\" >\n          <div class=\"col-inner\">\n            <a class=\"image-lightbox lightbox-gallery\" href=\"https:\/\/www.montanheiros.com\/wp-content\/uploads\/2019\/05\/big10_1454584399.jpg\" title=\"&quot;1\u00aa Edi\u00e7\u00e3o Terceira Boulder Contest 2016&quot;, Complexo Desportivo da Escola Tom\u00e1s de Borba, 30jan2016 - ilha Terceira \">            <div class=\"box has-hover gallery-box box-none\">\n              <div class=\"box-image\" style=\"width:86%;\">\n                <img loading=\"lazy\" decoding=\"async\" width=\"280\" height=\"280\" src=\"https:\/\/www.montanheiros.com\/wp-content\/uploads\/2019\/05\/big10_1454584399-280x280.jpg\" class=\"attachment-thumbnail size-thumbnail\" alt=\"\" ids=\"3608,3609,3610,3611,3612,3613,3614,3615,3616,3617,3618,3619,3620,3621,3622,3623,3624,3625,3626,3628,3629,3630,3631,3632,3633,3634,3635,3636,3637,3638,3639,3640,3641,3642,3643,3644,3645,3646\" style=\"none\" type=\"slider\" columns=\"2\" image_width=\"86\" image_size=\"thumbnail\" srcset=\"https:\/\/www.montanheiros.com\/wp-content\/uploads\/2019\/05\/big10_1454584399-280x280.jpg 280w, https:\/\/www.montanheiros.com\/wp-content\/uploads\/2019\/05\/big10_1454584399-300x300.jpg 300w, https:\/\/www.montanheiros.com\/wp-content\/uploads\/2019\/05\/big10_1454584399-100x100.jpg 100w\" sizes=\"auto, (max-width: 280px) 100vw, 280px\" \/>                                                              <\/div>\n              <div class=\"box-text text-left\" >\n                 <p>\"1\u00aa Edi\u00e7\u00e3o Terceira Boulder Contest 2016\", Complexo Desportivo da Escola Tom\u00e1s de Borba, 30jan2016 - ilha Terceira <\/p>\n              <\/div>\n            <\/div>\n            <\/a>          <\/div>\n         <\/div><div class=\"gallery-col col\" >\n          <div class=\"col-inner\">\n            <a class=\"image-lightbox lightbox-gallery\" href=\"https:\/\/www.montanheiros.com\/wp-content\/uploads\/2019\/05\/big12_1454584634.jpg\" title=\"&quot;1\u00aa Edi\u00e7\u00e3o Terceira Boulder Contest 2016&quot;, Complexo Desportivo da Escola Tom\u00e1s de Borba, 30jan2016 - ilha Terceira \">            <div class=\"box has-hover gallery-box box-none\">\n              <div class=\"box-image\" style=\"width:86%;\">\n                <img loading=\"lazy\" decoding=\"async\" width=\"280\" height=\"280\" src=\"https:\/\/www.montanheiros.com\/wp-content\/uploads\/2019\/05\/big12_1454584634-280x280.jpg\" class=\"attachment-thumbnail size-thumbnail\" alt=\"\" ids=\"3608,3609,3610,3611,3612,3613,3614,3615,3616,3617,3618,3619,3620,3621,3622,3623,3624,3625,3626,3628,3629,3630,3631,3632,3633,3634,3635,3636,3637,3638,3639,3640,3641,3642,3643,3644,3645,3646\" style=\"none\" type=\"slider\" columns=\"2\" image_width=\"86\" image_size=\"thumbnail\" srcset=\"https:\/\/www.montanheiros.com\/wp-content\/uploads\/2019\/05\/big12_1454584634-280x280.jpg 280w, https:\/\/www.montanheiros.com\/wp-content\/uploads\/2019\/05\/big12_1454584634-300x300.jpg 300w, https:\/\/www.montanheiros.com\/wp-content\/uploads\/2019\/05\/big12_1454584634-100x100.jpg 100w\" sizes=\"auto, (max-width: 280px) 100vw, 280px\" \/>                                                              <\/div>\n              <div class=\"box-text text-left\" >\n                 <p>\"1\u00aa Edi\u00e7\u00e3o Terceira Boulder Contest 2016\", Complexo Desportivo da Escola Tom\u00e1s de Borba, 30jan2016 - ilha Terceira <\/p>\n              <\/div>\n            <\/div>\n            <\/a>          <\/div>\n         <\/div><div class=\"gallery-col col\" >\n          <div class=\"col-inner\">\n            <a class=\"image-lightbox lightbox-gallery\" href=\"https:\/\/www.montanheiros.com\/wp-content\/uploads\/2019\/05\/big13_1454584634.jpg\" title=\"&quot;1\u00aa Edi\u00e7\u00e3o Terceira Boulder Contest 2016&quot;, Complexo Desportivo da Escola Tom\u00e1s de Borba, 30jan2016 - ilha Terceira \">            <div class=\"box has-hover gallery-box box-none\">\n              <div class=\"box-image\" style=\"width:86%;\">\n                <img loading=\"lazy\" decoding=\"async\" width=\"280\" height=\"280\" src=\"https:\/\/www.montanheiros.com\/wp-content\/uploads\/2019\/05\/big13_1454584634-280x280.jpg\" class=\"attachment-thumbnail size-thumbnail\" alt=\"\" ids=\"3608,3609,3610,3611,3612,3613,3614,3615,3616,3617,3618,3619,3620,3621,3622,3623,3624,3625,3626,3628,3629,3630,3631,3632,3633,3634,3635,3636,3637,3638,3639,3640,3641,3642,3643,3644,3645,3646\" style=\"none\" type=\"slider\" columns=\"2\" image_width=\"86\" image_size=\"thumbnail\" srcset=\"https:\/\/www.montanheiros.com\/wp-content\/uploads\/2019\/05\/big13_1454584634-280x280.jpg 280w, https:\/\/www.montanheiros.com\/wp-content\/uploads\/2019\/05\/big13_1454584634-300x300.jpg 300w, https:\/\/www.montanheiros.com\/wp-content\/uploads\/2019\/05\/big13_1454584634-100x100.jpg 100w\" sizes=\"auto, (max-width: 280px) 100vw, 280px\" \/>                                                              <\/div>\n              <div class=\"box-text text-left\" >\n                 <p>\"1\u00aa Edi\u00e7\u00e3o Terceira Boulder Contest 2016\", Complexo Desportivo da Escola Tom\u00e1s de Borba, 30jan2016 - ilha Terceira <\/p>\n              <\/div>\n            <\/div>\n            <\/a>          <\/div>\n         <\/div><div class=\"gallery-col col\" >\n          <div class=\"col-inner\">\n            <a class=\"image-lightbox lightbox-gallery\" href=\"https:\/\/www.montanheiros.com\/wp-content\/uploads\/2019\/05\/big14_1454584635.jpg\" title=\"&quot;1\u00aa Edi\u00e7\u00e3o Terceira Boulder Contest 2016&quot;, Complexo Desportivo da Escola Tom\u00e1s de Borba, 30jan2016 - ilha Terceira \">            <div class=\"box has-hover gallery-box box-none\">\n              <div class=\"box-image\" style=\"width:86%;\">\n                <img loading=\"lazy\" decoding=\"async\" width=\"280\" height=\"280\" src=\"https:\/\/www.montanheiros.com\/wp-content\/uploads\/2019\/05\/big14_1454584635-280x280.jpg\" class=\"attachment-thumbnail size-thumbnail\" alt=\"\" ids=\"3608,3609,3610,3611,3612,3613,3614,3615,3616,3617,3618,3619,3620,3621,3622,3623,3624,3625,3626,3628,3629,3630,3631,3632,3633,3634,3635,3636,3637,3638,3639,3640,3641,3642,3643,3644,3645,3646\" style=\"none\" type=\"slider\" columns=\"2\" image_width=\"86\" image_size=\"thumbnail\" srcset=\"https:\/\/www.montanheiros.com\/wp-content\/uploads\/2019\/05\/big14_1454584635-280x280.jpg 280w, https:\/\/www.montanheiros.com\/wp-content\/uploads\/2019\/05\/big14_1454584635-300x300.jpg 300w, https:\/\/www.montanheiros.com\/wp-content\/uploads\/2019\/05\/big14_1454584635-100x100.jpg 100w\" sizes=\"auto, (max-width: 280px) 100vw, 280px\" \/>                                                              <\/div>\n              <div class=\"box-text text-left\" >\n                 <p>\"1\u00aa Edi\u00e7\u00e3o Terceira Boulder Contest 2016\", Complexo Desportivo da Escola Tom\u00e1s de Borba, 30jan2016 - ilha Terceira <\/p>\n              <\/div>\n            <\/div>\n            <\/a>          <\/div>\n         <\/div><div class=\"gallery-col col\" >\n          <div class=\"col-inner\">\n            <a class=\"image-lightbox lightbox-gallery\" href=\"https:\/\/www.montanheiros.com\/wp-content\/uploads\/2019\/05\/big15_1454584639.jpg\" title=\"&quot;1\u00aa Edi\u00e7\u00e3o Terceira Boulder Contest 2016&quot;, Complexo Desportivo da Escola Tom\u00e1s de Borba, 30jan2016 - ilha Terceira \">            <div class=\"box has-hover gallery-box box-none\">\n              <div class=\"box-image\" style=\"width:86%;\">\n                <img loading=\"lazy\" decoding=\"async\" width=\"280\" height=\"280\" src=\"https:\/\/www.montanheiros.com\/wp-content\/uploads\/2019\/05\/big15_1454584639-280x280.jpg\" class=\"attachment-thumbnail size-thumbnail\" alt=\"\" ids=\"3608,3609,3610,3611,3612,3613,3614,3615,3616,3617,3618,3619,3620,3621,3622,3623,3624,3625,3626,3628,3629,3630,3631,3632,3633,3634,3635,3636,3637,3638,3639,3640,3641,3642,3643,3644,3645,3646\" style=\"none\" type=\"slider\" columns=\"2\" image_width=\"86\" image_size=\"thumbnail\" srcset=\"https:\/\/www.montanheiros.com\/wp-content\/uploads\/2019\/05\/big15_1454584639-280x280.jpg 280w, https:\/\/www.montanheiros.com\/wp-content\/uploads\/2019\/05\/big15_1454584639-300x300.jpg 300w, https:\/\/www.montanheiros.com\/wp-content\/uploads\/2019\/05\/big15_1454584639-100x100.jpg 100w\" sizes=\"auto, (max-width: 280px) 100vw, 280px\" \/>                                                              <\/div>\n              <div class=\"box-text text-left\" >\n                 <p>\"1\u00aa Edi\u00e7\u00e3o Terceira Boulder Contest 2016\", Complexo Desportivo da Escola Tom\u00e1s de Borba, 30jan2016 - ilha Terceira <\/p>\n              <\/div>\n            <\/div>\n            <\/a>          <\/div>\n         <\/div><div class=\"gallery-col col\" >\n          <div class=\"col-inner\">\n            <a class=\"image-lightbox lightbox-gallery\" href=\"https:\/\/www.montanheiros.com\/wp-content\/uploads\/2019\/05\/big16_1454584640.jpg\" title=\"&quot;1\u00aa Edi\u00e7\u00e3o Terceira Boulder Contest 2016&quot;, Complexo Desportivo da Escola Tom\u00e1s de Borba, 30jan2016 - ilha Terceira \">            <div class=\"box has-hover gallery-box box-none\">\n              <div class=\"box-image\" style=\"width:86%;\">\n                <img loading=\"lazy\" decoding=\"async\" width=\"280\" height=\"280\" src=\"https:\/\/www.montanheiros.com\/wp-content\/uploads\/2019\/05\/big16_1454584640-280x280.jpg\" class=\"attachment-thumbnail size-thumbnail\" alt=\"\" ids=\"3608,3609,3610,3611,3612,3613,3614,3615,3616,3617,3618,3619,3620,3621,3622,3623,3624,3625,3626,3628,3629,3630,3631,3632,3633,3634,3635,3636,3637,3638,3639,3640,3641,3642,3643,3644,3645,3646\" style=\"none\" type=\"slider\" columns=\"2\" image_width=\"86\" image_size=\"thumbnail\" srcset=\"https:\/\/www.montanheiros.com\/wp-content\/uploads\/2019\/05\/big16_1454584640-280x280.jpg 280w, https:\/\/www.montanheiros.com\/wp-content\/uploads\/2019\/05\/big16_1454584640-300x300.jpg 300w, https:\/\/www.montanheiros.com\/wp-content\/uploads\/2019\/05\/big16_1454584640-100x100.jpg 100w\" sizes=\"auto, (max-width: 280px) 100vw, 280px\" \/>                                                              <\/div>\n              <div class=\"box-text text-left\" >\n                 <p>\"1\u00aa Edi\u00e7\u00e3o Terceira Boulder Contest 2016\", Complexo Desportivo da Escola Tom\u00e1s de Borba, 30jan2016 - ilha Terceira <\/p>\n              <\/div>\n            <\/div>\n            <\/a>          <\/div>\n         <\/div><div class=\"gallery-col col\" >\n          <div class=\"col-inner\">\n            <a class=\"image-lightbox lightbox-gallery\" href=\"https:\/\/www.montanheiros.com\/wp-content\/uploads\/2019\/05\/big17_1454584640.jpg\" title=\"&quot;1\u00aa Edi\u00e7\u00e3o Terceira Boulder Contest 2016&quot;, Complexo Desportivo da Escola Tom\u00e1s de Borba, 30jan2016 - ilha Terceira \">            <div class=\"box has-hover gallery-box box-none\">\n              <div class=\"box-image\" style=\"width:86%;\">\n                <img loading=\"lazy\" decoding=\"async\" width=\"280\" height=\"280\" src=\"https:\/\/www.montanheiros.com\/wp-content\/uploads\/2019\/05\/big17_1454584640-280x280.jpg\" class=\"attachment-thumbnail size-thumbnail\" alt=\"\" ids=\"3608,3609,3610,3611,3612,3613,3614,3615,3616,3617,3618,3619,3620,3621,3622,3623,3624,3625,3626,3628,3629,3630,3631,3632,3633,3634,3635,3636,3637,3638,3639,3640,3641,3642,3643,3644,3645,3646\" style=\"none\" type=\"slider\" columns=\"2\" image_width=\"86\" image_size=\"thumbnail\" srcset=\"https:\/\/www.montanheiros.com\/wp-content\/uploads\/2019\/05\/big17_1454584640-280x280.jpg 280w, https:\/\/www.montanheiros.com\/wp-content\/uploads\/2019\/05\/big17_1454584640-300x300.jpg 300w, https:\/\/www.montanheiros.com\/wp-content\/uploads\/2019\/05\/big17_1454584640-100x100.jpg 100w\" sizes=\"auto, (max-width: 280px) 100vw, 280px\" \/>                                                              <\/div>\n              <div class=\"box-text text-left\" >\n                 <p>\"1\u00aa Edi\u00e7\u00e3o Terceira Boulder Contest 2016\", Complexo Desportivo da Escola Tom\u00e1s de Borba, 30jan2016 - ilha Terceira <\/p>\n              <\/div>\n            <\/div>\n            <\/a>          <\/div>\n         <\/div><div class=\"gallery-col col\" >\n          <div class=\"col-inner\">\n            <a class=\"image-lightbox lightbox-gallery\" href=\"https:\/\/www.montanheiros.com\/wp-content\/uploads\/2019\/05\/big18_1454584643.jpg\" title=\"&quot;1\u00aa Edi\u00e7\u00e3o Terceira Boulder Contest 2016&quot;, Complexo Desportivo da Escola Tom\u00e1s de Borba, 30jan2016 - ilha Terceira \">            <div class=\"box has-hover gallery-box box-none\">\n              <div class=\"box-image\" style=\"width:86%;\">\n                <img loading=\"lazy\" decoding=\"async\" width=\"280\" height=\"280\" src=\"https:\/\/www.montanheiros.com\/wp-content\/uploads\/2019\/05\/big18_1454584643-280x280.jpg\" class=\"attachment-thumbnail size-thumbnail\" alt=\"\" ids=\"3608,3609,3610,3611,3612,3613,3614,3615,3616,3617,3618,3619,3620,3621,3622,3623,3624,3625,3626,3628,3629,3630,3631,3632,3633,3634,3635,3636,3637,3638,3639,3640,3641,3642,3643,3644,3645,3646\" style=\"none\" type=\"slider\" columns=\"2\" image_width=\"86\" image_size=\"thumbnail\" srcset=\"https:\/\/www.montanheiros.com\/wp-content\/uploads\/2019\/05\/big18_1454584643-280x280.jpg 280w, https:\/\/www.montanheiros.com\/wp-content\/uploads\/2019\/05\/big18_1454584643-300x300.jpg 300w, https:\/\/www.montanheiros.com\/wp-content\/uploads\/2019\/05\/big18_1454584643-100x100.jpg 100w\" sizes=\"auto, (max-width: 280px) 100vw, 280px\" \/>                                                              <\/div>\n              <div class=\"box-text text-left\" >\n                 <p>\"1\u00aa Edi\u00e7\u00e3o Terceira Boulder Contest 2016\", Complexo Desportivo da Escola Tom\u00e1s de Borba, 30jan2016 - ilha Terceira <\/p>\n              <\/div>\n            <\/div>\n            <\/a>          <\/div>\n         <\/div><div class=\"gallery-col col\" >\n          <div class=\"col-inner\">\n            <a class=\"image-lightbox lightbox-gallery\" href=\"https:\/\/www.montanheiros.com\/wp-content\/uploads\/2019\/05\/big19_1454584643.jpg\" title=\"&quot;1\u00aa Edi\u00e7\u00e3o Terceira Boulder Contest 2016&quot;, Complexo Desportivo da Escola Tom\u00e1s de Borba, 30jan2016 - ilha Terceira \">            <div class=\"box has-hover gallery-box box-none\">\n              <div class=\"box-image\" style=\"width:86%;\">\n                <img loading=\"lazy\" decoding=\"async\" width=\"280\" height=\"280\" src=\"https:\/\/www.montanheiros.com\/wp-content\/uploads\/2019\/05\/big19_1454584643-280x280.jpg\" class=\"attachment-thumbnail size-thumbnail\" alt=\"\" ids=\"3608,3609,3610,3611,3612,3613,3614,3615,3616,3617,3618,3619,3620,3621,3622,3623,3624,3625,3626,3628,3629,3630,3631,3632,3633,3634,3635,3636,3637,3638,3639,3640,3641,3642,3643,3644,3645,3646\" style=\"none\" type=\"slider\" columns=\"2\" image_width=\"86\" image_size=\"thumbnail\" srcset=\"https:\/\/www.montanheiros.com\/wp-content\/uploads\/2019\/05\/big19_1454584643-280x280.jpg 280w, https:\/\/www.montanheiros.com\/wp-content\/uploads\/2019\/05\/big19_1454584643-300x300.jpg 300w, https:\/\/www.montanheiros.com\/wp-content\/uploads\/2019\/05\/big19_1454584643-100x100.jpg 100w\" sizes=\"auto, (max-width: 280px) 100vw, 280px\" \/>                                                              <\/div>\n              <div class=\"box-text text-left\" >\n                 <p>\"1\u00aa Edi\u00e7\u00e3o Terceira Boulder Contest 2016\", Complexo Desportivo da Escola Tom\u00e1s de Borba, 30jan2016 - ilha Terceira <\/p>\n              <\/div>\n            <\/div>\n            <\/a>          <\/div>\n         <\/div><div class=\"gallery-col col\" >\n          <div class=\"col-inner\">\n            <a class=\"image-lightbox lightbox-gallery\" href=\"https:\/\/www.montanheiros.com\/wp-content\/uploads\/2019\/05\/big20_1454584717.jpg\" title=\"&quot;1\u00aa Edi\u00e7\u00e3o Terceira Boulder Contest 2016&quot;, Complexo Desportivo da Escola Tom\u00e1s de Borba, 30jan2016 - ilha Terceira \">            <div class=\"box has-hover gallery-box box-none\">\n              <div class=\"box-image\" style=\"width:86%;\">\n                <img loading=\"lazy\" decoding=\"async\" width=\"280\" height=\"280\" src=\"https:\/\/www.montanheiros.com\/wp-content\/uploads\/2019\/05\/big20_1454584717-280x280.jpg\" class=\"attachment-thumbnail size-thumbnail\" alt=\"\" ids=\"3608,3609,3610,3611,3612,3613,3614,3615,3616,3617,3618,3619,3620,3621,3622,3623,3624,3625,3626,3628,3629,3630,3631,3632,3633,3634,3635,3636,3637,3638,3639,3640,3641,3642,3643,3644,3645,3646\" style=\"none\" type=\"slider\" columns=\"2\" image_width=\"86\" image_size=\"thumbnail\" srcset=\"https:\/\/www.montanheiros.com\/wp-content\/uploads\/2019\/05\/big20_1454584717-280x280.jpg 280w, https:\/\/www.montanheiros.com\/wp-content\/uploads\/2019\/05\/big20_1454584717-300x300.jpg 300w, https:\/\/www.montanheiros.com\/wp-content\/uploads\/2019\/05\/big20_1454584717-100x100.jpg 100w\" sizes=\"auto, (max-width: 280px) 100vw, 280px\" \/>                                                              <\/div>\n              <div class=\"box-text text-left\" >\n                 <p>\"1\u00aa Edi\u00e7\u00e3o Terceira Boulder Contest 2016\", Complexo Desportivo da Escola Tom\u00e1s de Borba, 30jan2016 - ilha Terceira <\/p>\n              <\/div>\n            <\/div>\n            <\/a>          <\/div>\n         <\/div><div class=\"gallery-col col\" >\n          <div class=\"col-inner\">\n            <a class=\"image-lightbox lightbox-gallery\" href=\"https:\/\/www.montanheiros.com\/wp-content\/uploads\/2019\/05\/big21_1454584719.jpg\" title=\"&quot;1\u00aa Edi\u00e7\u00e3o Terceira Boulder Contest 2016&quot;, Complexo Desportivo da Escola Tom\u00e1s de Borba, 30jan2016 - ilha Terceira \">            <div class=\"box has-hover gallery-box box-none\">\n              <div class=\"box-image\" style=\"width:86%;\">\n                <img loading=\"lazy\" decoding=\"async\" width=\"280\" height=\"280\" src=\"https:\/\/www.montanheiros.com\/wp-content\/uploads\/2019\/05\/big21_1454584719-280x280.jpg\" class=\"attachment-thumbnail size-thumbnail\" alt=\"\" ids=\"3608,3609,3610,3611,3612,3613,3614,3615,3616,3617,3618,3619,3620,3621,3622,3623,3624,3625,3626,3628,3629,3630,3631,3632,3633,3634,3635,3636,3637,3638,3639,3640,3641,3642,3643,3644,3645,3646\" style=\"none\" type=\"slider\" columns=\"2\" image_width=\"86\" image_size=\"thumbnail\" srcset=\"https:\/\/www.montanheiros.com\/wp-content\/uploads\/2019\/05\/big21_1454584719-280x280.jpg 280w, https:\/\/www.montanheiros.com\/wp-content\/uploads\/2019\/05\/big21_1454584719-300x300.jpg 300w, https:\/\/www.montanheiros.com\/wp-content\/uploads\/2019\/05\/big21_1454584719-100x100.jpg 100w\" sizes=\"auto, (max-width: 280px) 100vw, 280px\" \/>                                                              <\/div>\n              <div class=\"box-text text-left\" >\n                 <p>\"1\u00aa Edi\u00e7\u00e3o Terceira Boulder Contest 2016\", Complexo Desportivo da Escola Tom\u00e1s de Borba, 30jan2016 - ilha Terceira <\/p>\n              <\/div>\n            <\/div>\n            <\/a>          <\/div>\n         <\/div><div class=\"gallery-col col\" >\n          <div class=\"col-inner\">\n            <a class=\"image-lightbox lightbox-gallery\" href=\"https:\/\/www.montanheiros.com\/wp-content\/uploads\/2019\/05\/big23_1454584720.jpg\" title=\"&quot;1\u00aa Edi\u00e7\u00e3o Terceira Boulder Contest 2016&quot;, Complexo Desportivo da Escola Tom\u00e1s de Borba, 30jan2016 - ilha Terceira \">            <div class=\"box has-hover gallery-box box-none\">\n              <div class=\"box-image\" style=\"width:86%;\">\n                <img loading=\"lazy\" decoding=\"async\" width=\"280\" height=\"280\" src=\"https:\/\/www.montanheiros.com\/wp-content\/uploads\/2019\/05\/big23_1454584720-280x280.jpg\" class=\"attachment-thumbnail size-thumbnail\" alt=\"\" ids=\"3608,3609,3610,3611,3612,3613,3614,3615,3616,3617,3618,3619,3620,3621,3622,3623,3624,3625,3626,3628,3629,3630,3631,3632,3633,3634,3635,3636,3637,3638,3639,3640,3641,3642,3643,3644,3645,3646\" style=\"none\" type=\"slider\" columns=\"2\" image_width=\"86\" image_size=\"thumbnail\" srcset=\"https:\/\/www.montanheiros.com\/wp-content\/uploads\/2019\/05\/big23_1454584720-280x280.jpg 280w, https:\/\/www.montanheiros.com\/wp-content\/uploads\/2019\/05\/big23_1454584720-300x300.jpg 300w, https:\/\/www.montanheiros.com\/wp-content\/uploads\/2019\/05\/big23_1454584720-100x100.jpg 100w\" sizes=\"auto, (max-width: 280px) 100vw, 280px\" \/>                                                              <\/div>\n              <div class=\"box-text text-left\" >\n                 <p>\"1\u00aa Edi\u00e7\u00e3o Terceira Boulder Contest 2016\", Complexo Desportivo da Escola Tom\u00e1s de Borba, 30jan2016 - ilha Terceira <\/p>\n              <\/div>\n            <\/div>\n            <\/a>          <\/div>\n         <\/div><div class=\"gallery-col col\" >\n          <div class=\"col-inner\">\n            <a class=\"image-lightbox lightbox-gallery\" href=\"https:\/\/www.montanheiros.com\/wp-content\/uploads\/2019\/05\/big25_1454584725.jpg\" title=\"&quot;1\u00aa Edi\u00e7\u00e3o Terceira Boulder Contest 2016&quot;, Complexo Desportivo da Escola Tom\u00e1s de Borba, 30jan2016 - ilha Terceira \">            <div class=\"box has-hover gallery-box box-none\">\n              <div class=\"box-image\" style=\"width:86%;\">\n                <img loading=\"lazy\" decoding=\"async\" width=\"280\" height=\"280\" src=\"https:\/\/www.montanheiros.com\/wp-content\/uploads\/2019\/05\/big25_1454584725-280x280.jpg\" class=\"attachment-thumbnail size-thumbnail\" alt=\"\" ids=\"3608,3609,3610,3611,3612,3613,3614,3615,3616,3617,3618,3619,3620,3621,3622,3623,3624,3625,3626,3628,3629,3630,3631,3632,3633,3634,3635,3636,3637,3638,3639,3640,3641,3642,3643,3644,3645,3646\" style=\"none\" type=\"slider\" columns=\"2\" image_width=\"86\" image_size=\"thumbnail\" srcset=\"https:\/\/www.montanheiros.com\/wp-content\/uploads\/2019\/05\/big25_1454584725-280x280.jpg 280w, https:\/\/www.montanheiros.com\/wp-content\/uploads\/2019\/05\/big25_1454584725-300x300.jpg 300w, https:\/\/www.montanheiros.com\/wp-content\/uploads\/2019\/05\/big25_1454584725-100x100.jpg 100w\" sizes=\"auto, (max-width: 280px) 100vw, 280px\" \/>                                                              <\/div>\n              <div class=\"box-text text-left\" >\n                 <p>\"1\u00aa Edi\u00e7\u00e3o Terceira Boulder Contest 2016\", Complexo Desportivo da Escola Tom\u00e1s de Borba, 30jan2016 - ilha Terceira <\/p>\n              <\/div>\n            <\/div>\n            <\/a>          <\/div>\n         <\/div><div class=\"gallery-col col\" >\n          <div class=\"col-inner\">\n            <a class=\"image-lightbox lightbox-gallery\" href=\"https:\/\/www.montanheiros.com\/wp-content\/uploads\/2019\/05\/big26_1454584727.jpg\" title=\"&quot;1\u00aa Edi\u00e7\u00e3o Terceira Boulder Contest 2016&quot;, Complexo Desportivo da Escola Tom\u00e1s de Borba, 30jan2016 - ilha Terceira \">            <div class=\"box has-hover gallery-box box-none\">\n              <div class=\"box-image\" style=\"width:86%;\">\n                <img loading=\"lazy\" decoding=\"async\" width=\"280\" height=\"280\" src=\"https:\/\/www.montanheiros.com\/wp-content\/uploads\/2019\/05\/big26_1454584727-280x280.jpg\" class=\"attachment-thumbnail size-thumbnail\" alt=\"\" ids=\"3608,3609,3610,3611,3612,3613,3614,3615,3616,3617,3618,3619,3620,3621,3622,3623,3624,3625,3626,3628,3629,3630,3631,3632,3633,3634,3635,3636,3637,3638,3639,3640,3641,3642,3643,3644,3645,3646\" style=\"none\" type=\"slider\" columns=\"2\" image_width=\"86\" image_size=\"thumbnail\" srcset=\"https:\/\/www.montanheiros.com\/wp-content\/uploads\/2019\/05\/big26_1454584727-280x280.jpg 280w, https:\/\/www.montanheiros.com\/wp-content\/uploads\/2019\/05\/big26_1454584727-300x300.jpg 300w, https:\/\/www.montanheiros.com\/wp-content\/uploads\/2019\/05\/big26_1454584727-100x100.jpg 100w\" sizes=\"auto, (max-width: 280px) 100vw, 280px\" \/>                                                              <\/div>\n              <div class=\"box-text text-left\" >\n                 <p>\"1\u00aa Edi\u00e7\u00e3o Terceira Boulder Contest 2016\", Complexo Desportivo da Escola Tom\u00e1s de Borba, 30jan2016 - ilha Terceira <\/p>\n              <\/div>\n            <\/div>\n            <\/a>          <\/div>\n         <\/div><div class=\"gallery-col col\" >\n          <div class=\"col-inner\">\n            <a class=\"image-lightbox lightbox-gallery\" href=\"https:\/\/www.montanheiros.com\/wp-content\/uploads\/2019\/05\/big27_1454584728.jpg\" title=\"&quot;1\u00aa Edi\u00e7\u00e3o Terceira Boulder Contest 2016&quot;, Complexo Desportivo da Escola Tom\u00e1s de Borba, 30jan2016 - ilha Terceira \">            <div class=\"box has-hover gallery-box box-none\">\n              <div class=\"box-image\" style=\"width:86%;\">\n                <img loading=\"lazy\" decoding=\"async\" width=\"280\" height=\"280\" src=\"https:\/\/www.montanheiros.com\/wp-content\/uploads\/2019\/05\/big27_1454584728-280x280.jpg\" class=\"attachment-thumbnail size-thumbnail\" alt=\"\" ids=\"3608,3609,3610,3611,3612,3613,3614,3615,3616,3617,3618,3619,3620,3621,3622,3623,3624,3625,3626,3628,3629,3630,3631,3632,3633,3634,3635,3636,3637,3638,3639,3640,3641,3642,3643,3644,3645,3646\" style=\"none\" type=\"slider\" columns=\"2\" image_width=\"86\" image_size=\"thumbnail\" srcset=\"https:\/\/www.montanheiros.com\/wp-content\/uploads\/2019\/05\/big27_1454584728-280x280.jpg 280w, https:\/\/www.montanheiros.com\/wp-content\/uploads\/2019\/05\/big27_1454584728-300x300.jpg 300w, https:\/\/www.montanheiros.com\/wp-content\/uploads\/2019\/05\/big27_1454584728-100x100.jpg 100w\" sizes=\"auto, (max-width: 280px) 100vw, 280px\" \/>                                                              <\/div>\n              <div class=\"box-text text-left\" >\n                 <p>\"1\u00aa Edi\u00e7\u00e3o Terceira Boulder Contest 2016\", Complexo Desportivo da Escola Tom\u00e1s de Borba, 30jan2016 - ilha Terceira <\/p>\n              <\/div>\n            <\/div>\n            <\/a>          <\/div>\n         <\/div><div class=\"gallery-col col\" >\n          <div class=\"col-inner\">\n            <a class=\"image-lightbox lightbox-gallery\" href=\"https:\/\/www.montanheiros.com\/wp-content\/uploads\/2019\/05\/big28_1454584728.jpg\" title=\"&quot;1\u00aa Edi\u00e7\u00e3o Terceira Boulder Contest 2016&quot;, Complexo Desportivo da Escola Tom\u00e1s de Borba, 30jan2016 - ilha Terceira \">            <div class=\"box has-hover gallery-box box-none\">\n              <div class=\"box-image\" style=\"width:86%;\">\n                <img loading=\"lazy\" decoding=\"async\" width=\"280\" height=\"280\" src=\"https:\/\/www.montanheiros.com\/wp-content\/uploads\/2019\/05\/big28_1454584728-280x280.jpg\" class=\"attachment-thumbnail size-thumbnail\" alt=\"\" ids=\"3608,3609,3610,3611,3612,3613,3614,3615,3616,3617,3618,3619,3620,3621,3622,3623,3624,3625,3626,3628,3629,3630,3631,3632,3633,3634,3635,3636,3637,3638,3639,3640,3641,3642,3643,3644,3645,3646\" style=\"none\" type=\"slider\" columns=\"2\" image_width=\"86\" image_size=\"thumbnail\" srcset=\"https:\/\/www.montanheiros.com\/wp-content\/uploads\/2019\/05\/big28_1454584728-280x280.jpg 280w, https:\/\/www.montanheiros.com\/wp-content\/uploads\/2019\/05\/big28_1454584728-300x300.jpg 300w, https:\/\/www.montanheiros.com\/wp-content\/uploads\/2019\/05\/big28_1454584728-100x100.jpg 100w\" sizes=\"auto, (max-width: 280px) 100vw, 280px\" \/>                                                              <\/div>\n              <div class=\"box-text text-left\" >\n                 <p>\"1\u00aa Edi\u00e7\u00e3o Terceira Boulder Contest 2016\", Complexo Desportivo da Escola Tom\u00e1s de Borba, 30jan2016 - ilha Terceira <\/p>\n              <\/div>\n            <\/div>\n            <\/a>          <\/div>\n         <\/div><div class=\"gallery-col col\" >\n          <div class=\"col-inner\">\n            <a class=\"image-lightbox lightbox-gallery\" href=\"https:\/\/www.montanheiros.com\/wp-content\/uploads\/2019\/05\/big29_1454584728.jpg\" title=\"&quot;1\u00aa Edi\u00e7\u00e3o Terceira Boulder Contest 2016&quot;, Complexo Desportivo da Escola Tom\u00e1s de Borba, 30jan2016 - ilha Terceira \">            <div class=\"box has-hover gallery-box box-none\">\n              <div class=\"box-image\" style=\"width:86%;\">\n                <img loading=\"lazy\" decoding=\"async\" width=\"280\" height=\"280\" src=\"https:\/\/www.montanheiros.com\/wp-content\/uploads\/2019\/05\/big29_1454584728-280x280.jpg\" class=\"attachment-thumbnail size-thumbnail\" alt=\"\" ids=\"3608,3609,3610,3611,3612,3613,3614,3615,3616,3617,3618,3619,3620,3621,3622,3623,3624,3625,3626,3628,3629,3630,3631,3632,3633,3634,3635,3636,3637,3638,3639,3640,3641,3642,3643,3644,3645,3646\" style=\"none\" type=\"slider\" columns=\"2\" image_width=\"86\" image_size=\"thumbnail\" srcset=\"https:\/\/www.montanheiros.com\/wp-content\/uploads\/2019\/05\/big29_1454584728-280x280.jpg 280w, https:\/\/www.montanheiros.com\/wp-content\/uploads\/2019\/05\/big29_1454584728-300x300.jpg 300w, https:\/\/www.montanheiros.com\/wp-content\/uploads\/2019\/05\/big29_1454584728-100x100.jpg 100w\" sizes=\"auto, (max-width: 280px) 100vw, 280px\" \/>                                                              <\/div>\n              <div class=\"box-text text-left\" >\n                 <p>\"1\u00aa Edi\u00e7\u00e3o Terceira Boulder Contest 2016\", Complexo Desportivo da Escola Tom\u00e1s de Borba, 30jan2016 - ilha Terceira <\/p>\n              <\/div>\n            <\/div>\n            <\/a>          <\/div>\n         <\/div><div class=\"gallery-col col\" >\n          <div class=\"col-inner\">\n            <a class=\"image-lightbox lightbox-gallery\" href=\"https:\/\/www.montanheiros.com\/wp-content\/uploads\/2019\/05\/big30_1454584772.jpg\" title=\"&quot;1\u00aa Edi\u00e7\u00e3o Terceira Boulder Contest 2016&quot;, Complexo Desportivo da Escola Tom\u00e1s de Borba, 30jan2016 - ilha Terceira \">            <div class=\"box has-hover gallery-box box-none\">\n              <div class=\"box-image\" style=\"width:86%;\">\n                <img loading=\"lazy\" decoding=\"async\" width=\"280\" height=\"280\" src=\"https:\/\/www.montanheiros.com\/wp-content\/uploads\/2019\/05\/big30_1454584772-280x280.jpg\" class=\"attachment-thumbnail size-thumbnail\" alt=\"\" ids=\"3608,3609,3610,3611,3612,3613,3614,3615,3616,3617,3618,3619,3620,3621,3622,3623,3624,3625,3626,3628,3629,3630,3631,3632,3633,3634,3635,3636,3637,3638,3639,3640,3641,3642,3643,3644,3645,3646\" style=\"none\" type=\"slider\" columns=\"2\" image_width=\"86\" image_size=\"thumbnail\" srcset=\"https:\/\/www.montanheiros.com\/wp-content\/uploads\/2019\/05\/big30_1454584772-280x280.jpg 280w, https:\/\/www.montanheiros.com\/wp-content\/uploads\/2019\/05\/big30_1454584772-300x300.jpg 300w, https:\/\/www.montanheiros.com\/wp-content\/uploads\/2019\/05\/big30_1454584772-100x100.jpg 100w\" sizes=\"auto, (max-width: 280px) 100vw, 280px\" \/>                                                              <\/div>\n              <div class=\"box-text text-left\" >\n                 <p>\"1\u00aa Edi\u00e7\u00e3o Terceira Boulder Contest 2016\", Complexo Desportivo da Escola Tom\u00e1s de Borba, 30jan2016 - ilha Terceira <\/p>\n              <\/div>\n            <\/div>\n            <\/a>          <\/div>\n         <\/div><div class=\"gallery-col col\" >\n          <div class=\"col-inner\">\n            <a class=\"image-lightbox lightbox-gallery\" href=\"https:\/\/www.montanheiros.com\/wp-content\/uploads\/2019\/05\/big31_1454584774-533x800.jpg\" title=\"&quot;1\u00aa Edi\u00e7\u00e3o Terceira Boulder Contest 2016&quot;, Complexo Desportivo da Escola Tom\u00e1s de Borba, 30jan2016 - ilha Terceira \">            <div class=\"box has-hover gallery-box box-none\">\n              <div class=\"box-image\" style=\"width:86%;\">\n                <img loading=\"lazy\" decoding=\"async\" width=\"280\" height=\"280\" src=\"https:\/\/www.montanheiros.com\/wp-content\/uploads\/2019\/05\/big31_1454584774-280x280.jpg\" class=\"attachment-thumbnail size-thumbnail\" alt=\"\" ids=\"3608,3609,3610,3611,3612,3613,3614,3615,3616,3617,3618,3619,3620,3621,3622,3623,3624,3625,3626,3628,3629,3630,3631,3632,3633,3634,3635,3636,3637,3638,3639,3640,3641,3642,3643,3644,3645,3646\" style=\"none\" type=\"slider\" columns=\"2\" image_width=\"86\" image_size=\"thumbnail\" srcset=\"https:\/\/www.montanheiros.com\/wp-content\/uploads\/2019\/05\/big31_1454584774-280x280.jpg 280w, https:\/\/www.montanheiros.com\/wp-content\/uploads\/2019\/05\/big31_1454584774-300x300.jpg 300w, https:\/\/www.montanheiros.com\/wp-content\/uploads\/2019\/05\/big31_1454584774-100x100.jpg 100w\" sizes=\"auto, (max-width: 280px) 100vw, 280px\" \/>                                                              <\/div>\n              <div class=\"box-text text-left\" >\n                 <p>\"1\u00aa Edi\u00e7\u00e3o Terceira Boulder Contest 2016\", Complexo Desportivo da Escola Tom\u00e1s de Borba, 30jan2016 - ilha Terceira <\/p>\n              <\/div>\n            <\/div>\n            <\/a>          <\/div>\n         <\/div><div class=\"gallery-col col\" >\n          <div class=\"col-inner\">\n            <a class=\"image-lightbox lightbox-gallery\" href=\"https:\/\/www.montanheiros.com\/wp-content\/uploads\/2019\/05\/big32_1454584775.jpg\" title=\"&quot;1\u00aa Edi\u00e7\u00e3o Terceira Boulder Contest 2016&quot;, Complexo Desportivo da Escola Tom\u00e1s de Borba, 30jan2016 - ilha Terceira \">            <div class=\"box has-hover gallery-box box-none\">\n              <div class=\"box-image\" style=\"width:86%;\">\n                <img loading=\"lazy\" decoding=\"async\" width=\"280\" height=\"280\" src=\"https:\/\/www.montanheiros.com\/wp-content\/uploads\/2019\/05\/big32_1454584775-280x280.jpg\" class=\"attachment-thumbnail size-thumbnail\" alt=\"\" ids=\"3608,3609,3610,3611,3612,3613,3614,3615,3616,3617,3618,3619,3620,3621,3622,3623,3624,3625,3626,3628,3629,3630,3631,3632,3633,3634,3635,3636,3637,3638,3639,3640,3641,3642,3643,3644,3645,3646\" style=\"none\" type=\"slider\" columns=\"2\" image_width=\"86\" image_size=\"thumbnail\" srcset=\"https:\/\/www.montanheiros.com\/wp-content\/uploads\/2019\/05\/big32_1454584775-280x280.jpg 280w, https:\/\/www.montanheiros.com\/wp-content\/uploads\/2019\/05\/big32_1454584775-300x300.jpg 300w, https:\/\/www.montanheiros.com\/wp-content\/uploads\/2019\/05\/big32_1454584775-100x100.jpg 100w\" sizes=\"auto, (max-width: 280px) 100vw, 280px\" \/>                                                              <\/div>\n              <div class=\"box-text text-left\" >\n                 <p>\"1\u00aa Edi\u00e7\u00e3o Terceira Boulder Contest 2016\", Complexo Desportivo da Escola Tom\u00e1s de Borba, 30jan2016 - ilha Terceira <\/p>\n              <\/div>\n            <\/div>\n            <\/a>          <\/div>\n         <\/div><div class=\"gallery-col col\" >\n          <div class=\"col-inner\">\n            <a class=\"image-lightbox lightbox-gallery\" href=\"https:\/\/www.montanheiros.com\/wp-content\/uploads\/2019\/05\/big33_1454584776.jpg\" title=\"&quot;1\u00aa Edi\u00e7\u00e3o Terceira Boulder Contest 2016&quot;, Complexo Desportivo da Escola Tom\u00e1s de Borba, 30jan2016 - ilha Terceira \">            <div class=\"box has-hover gallery-box box-none\">\n              <div class=\"box-image\" style=\"width:86%;\">\n                <img loading=\"lazy\" decoding=\"async\" width=\"280\" height=\"280\" src=\"https:\/\/www.montanheiros.com\/wp-content\/uploads\/2019\/05\/big33_1454584776-280x280.jpg\" class=\"attachment-thumbnail size-thumbnail\" alt=\"\" ids=\"3608,3609,3610,3611,3612,3613,3614,3615,3616,3617,3618,3619,3620,3621,3622,3623,3624,3625,3626,3628,3629,3630,3631,3632,3633,3634,3635,3636,3637,3638,3639,3640,3641,3642,3643,3644,3645,3646\" style=\"none\" type=\"slider\" columns=\"2\" image_width=\"86\" image_size=\"thumbnail\" srcset=\"https:\/\/www.montanheiros.com\/wp-content\/uploads\/2019\/05\/big33_1454584776-280x280.jpg 280w, https:\/\/www.montanheiros.com\/wp-content\/uploads\/2019\/05\/big33_1454584776-300x300.jpg 300w, https:\/\/www.montanheiros.com\/wp-content\/uploads\/2019\/05\/big33_1454584776-100x100.jpg 100w\" sizes=\"auto, (max-width: 280px) 100vw, 280px\" \/>                                                              <\/div>\n              <div class=\"box-text text-left\" >\n                 <p>\"1\u00aa Edi\u00e7\u00e3o Terceira Boulder Contest 2016\", Complexo Desportivo da Escola Tom\u00e1s de Borba, 30jan2016 - ilha Terceira <\/p>\n              <\/div>\n            <\/div>\n            <\/a>          <\/div>\n         <\/div><div class=\"gallery-col col\" >\n          <div class=\"col-inner\">\n            <a class=\"image-lightbox lightbox-gallery\" href=\"https:\/\/www.montanheiros.com\/wp-content\/uploads\/2019\/05\/big35_1454584780.jpg\" title=\"&quot;1\u00aa Edi\u00e7\u00e3o Terceira Boulder Contest 2016&quot;, Complexo Desportivo da Escola Tom\u00e1s de Borba, 30jan2016 - ilha Terceira \">            <div class=\"box has-hover gallery-box box-none\">\n              <div class=\"box-image\" style=\"width:86%;\">\n                <img loading=\"lazy\" decoding=\"async\" width=\"280\" height=\"280\" src=\"https:\/\/www.montanheiros.com\/wp-content\/uploads\/2019\/05\/big35_1454584780-280x280.jpg\" class=\"attachment-thumbnail size-thumbnail\" alt=\"\" ids=\"3608,3609,3610,3611,3612,3613,3614,3615,3616,3617,3618,3619,3620,3621,3622,3623,3624,3625,3626,3628,3629,3630,3631,3632,3633,3634,3635,3636,3637,3638,3639,3640,3641,3642,3643,3644,3645,3646\" style=\"none\" type=\"slider\" columns=\"2\" image_width=\"86\" image_size=\"thumbnail\" srcset=\"https:\/\/www.montanheiros.com\/wp-content\/uploads\/2019\/05\/big35_1454584780-280x280.jpg 280w, https:\/\/www.montanheiros.com\/wp-content\/uploads\/2019\/05\/big35_1454584780-300x300.jpg 300w, https:\/\/www.montanheiros.com\/wp-content\/uploads\/2019\/05\/big35_1454584780-100x100.jpg 100w\" sizes=\"auto, (max-width: 280px) 100vw, 280px\" \/>                                                              <\/div>\n              <div class=\"box-text text-left\" >\n                 <p>\"1\u00aa Edi\u00e7\u00e3o Terceira Boulder Contest 2016\", Complexo Desportivo da Escola Tom\u00e1s de Borba, 30jan2016 - ilha Terceira <\/p>\n              <\/div>\n            <\/div>\n            <\/a>          <\/div>\n         <\/div><div class=\"gallery-col col\" >\n          <div class=\"col-inner\">\n            <a class=\"image-lightbox lightbox-gallery\" href=\"https:\/\/www.montanheiros.com\/wp-content\/uploads\/2019\/05\/big36_1454584780.jpg\" title=\"&quot;1\u00aa Edi\u00e7\u00e3o Terceira Boulder Contest 2016&quot;, Complexo Desportivo da Escola Tom\u00e1s de Borba, 30jan2016 - ilha Terceira \">            <div class=\"box has-hover gallery-box box-none\">\n              <div class=\"box-image\" style=\"width:86%;\">\n                <img loading=\"lazy\" decoding=\"async\" width=\"280\" height=\"280\" src=\"https:\/\/www.montanheiros.com\/wp-content\/uploads\/2019\/05\/big36_1454584780-280x280.jpg\" class=\"attachment-thumbnail size-thumbnail\" alt=\"\" ids=\"3608,3609,3610,3611,3612,3613,3614,3615,3616,3617,3618,3619,3620,3621,3622,3623,3624,3625,3626,3628,3629,3630,3631,3632,3633,3634,3635,3636,3637,3638,3639,3640,3641,3642,3643,3644,3645,3646\" style=\"none\" type=\"slider\" columns=\"2\" image_width=\"86\" image_size=\"thumbnail\" srcset=\"https:\/\/www.montanheiros.com\/wp-content\/uploads\/2019\/05\/big36_1454584780-280x280.jpg 280w, https:\/\/www.montanheiros.com\/wp-content\/uploads\/2019\/05\/big36_1454584780-300x300.jpg 300w, https:\/\/www.montanheiros.com\/wp-content\/uploads\/2019\/05\/big36_1454584780-100x100.jpg 100w\" sizes=\"auto, (max-width: 280px) 100vw, 280px\" \/>                                                              <\/div>\n              <div class=\"box-text text-left\" >\n                 <p>\"1\u00aa Edi\u00e7\u00e3o Terceira Boulder Contest 2016\", Complexo Desportivo da Escola Tom\u00e1s de Borba, 30jan2016 - ilha Terceira <\/p>\n              <\/div>\n            <\/div>\n            <\/a>          <\/div>\n         <\/div><div class=\"gallery-col col\" >\n          <div class=\"col-inner\">\n            <a class=\"image-lightbox lightbox-gallery\" href=\"https:\/\/www.montanheiros.com\/wp-content\/uploads\/2019\/05\/big37_1454584781.jpg\" title=\"&quot;1\u00aa Edi\u00e7\u00e3o Terceira Boulder Contest 2016&quot;, Complexo Desportivo da Escola Tom\u00e1s de Borba, 30jan2016 - ilha Terceira \">            <div class=\"box has-hover gallery-box box-none\">\n              <div class=\"box-image\" style=\"width:86%;\">\n                <img loading=\"lazy\" decoding=\"async\" width=\"280\" height=\"280\" src=\"https:\/\/www.montanheiros.com\/wp-content\/uploads\/2019\/05\/big37_1454584781-280x280.jpg\" class=\"attachment-thumbnail size-thumbnail\" alt=\"\" ids=\"3608,3609,3610,3611,3612,3613,3614,3615,3616,3617,3618,3619,3620,3621,3622,3623,3624,3625,3626,3628,3629,3630,3631,3632,3633,3634,3635,3636,3637,3638,3639,3640,3641,3642,3643,3644,3645,3646\" style=\"none\" type=\"slider\" columns=\"2\" image_width=\"86\" image_size=\"thumbnail\" srcset=\"https:\/\/www.montanheiros.com\/wp-content\/uploads\/2019\/05\/big37_1454584781-280x280.jpg 280w, https:\/\/www.montanheiros.com\/wp-content\/uploads\/2019\/05\/big37_1454584781-300x300.jpg 300w, https:\/\/www.montanheiros.com\/wp-content\/uploads\/2019\/05\/big37_1454584781-100x100.jpg 100w\" sizes=\"auto, (max-width: 280px) 100vw, 280px\" \/>                                                              <\/div>\n              <div class=\"box-text text-left\" >\n                 <p>\"1\u00aa Edi\u00e7\u00e3o Terceira Boulder Contest 2016\", Complexo Desportivo da Escola Tom\u00e1s de Borba, 30jan2016 - ilha Terceira <\/p>\n              <\/div>\n            <\/div>\n            <\/a>          <\/div>\n         <\/div><div class=\"gallery-col col\" >\n          <div class=\"col-inner\">\n            <a class=\"image-lightbox lightbox-gallery\" href=\"https:\/\/www.montanheiros.com\/wp-content\/uploads\/2019\/05\/big38_1454584782-533x800.jpg\" title=\"&quot;1\u00aa Edi\u00e7\u00e3o Terceira Boulder Contest 2016&quot;, Complexo Desportivo da Escola Tom\u00e1s de Borba, 30jan2016 - ilha Terceira \">            <div class=\"box has-hover gallery-box box-none\">\n              <div class=\"box-image\" style=\"width:86%;\">\n                <img loading=\"lazy\" decoding=\"async\" width=\"280\" height=\"280\" src=\"https:\/\/www.montanheiros.com\/wp-content\/uploads\/2019\/05\/big38_1454584782-280x280.jpg\" class=\"attachment-thumbnail size-thumbnail\" alt=\"\" ids=\"3608,3609,3610,3611,3612,3613,3614,3615,3616,3617,3618,3619,3620,3621,3622,3623,3624,3625,3626,3628,3629,3630,3631,3632,3633,3634,3635,3636,3637,3638,3639,3640,3641,3642,3643,3644,3645,3646\" style=\"none\" type=\"slider\" columns=\"2\" image_width=\"86\" image_size=\"thumbnail\" srcset=\"https:\/\/www.montanheiros.com\/wp-content\/uploads\/2019\/05\/big38_1454584782-280x280.jpg 280w, https:\/\/www.montanheiros.com\/wp-content\/uploads\/2019\/05\/big38_1454584782-300x300.jpg 300w, https:\/\/www.montanheiros.com\/wp-content\/uploads\/2019\/05\/big38_1454584782-100x100.jpg 100w\" sizes=\"auto, (max-width: 280px) 100vw, 280px\" \/>                                                              <\/div>\n              <div class=\"box-text text-left\" >\n                 <p>\"1\u00aa Edi\u00e7\u00e3o Terceira Boulder Contest 2016\", Complexo Desportivo da Escola Tom\u00e1s de Borba, 30jan2016 - ilha Terceira <\/p>\n              <\/div>\n            <\/div>\n            <\/a>          <\/div>\n         <\/div><div class=\"gallery-col col\" >\n          <div class=\"col-inner\">\n            <a class=\"image-lightbox lightbox-gallery\" href=\"https:\/\/www.montanheiros.com\/wp-content\/uploads\/2019\/05\/big40_1454585390.jpg\" title=\"&quot;1\u00aa Edi\u00e7\u00e3o Terceira Boulder Contest 2016&quot;, Complexo Desportivo da Escola Tom\u00e1s de Borba, 30jan2016 - ilha Terceira \">            <div class=\"box has-hover gallery-box box-none\">\n              <div class=\"box-image\" style=\"width:86%;\">\n                <img loading=\"lazy\" decoding=\"async\" width=\"280\" height=\"280\" src=\"https:\/\/www.montanheiros.com\/wp-content\/uploads\/2019\/05\/big40_1454585390-280x280.jpg\" class=\"attachment-thumbnail size-thumbnail\" alt=\"\" ids=\"3608,3609,3610,3611,3612,3613,3614,3615,3616,3617,3618,3619,3620,3621,3622,3623,3624,3625,3626,3628,3629,3630,3631,3632,3633,3634,3635,3636,3637,3638,3639,3640,3641,3642,3643,3644,3645,3646\" style=\"none\" type=\"slider\" columns=\"2\" image_width=\"86\" image_size=\"thumbnail\" srcset=\"https:\/\/www.montanheiros.com\/wp-content\/uploads\/2019\/05\/big40_1454585390-280x280.jpg 280w, https:\/\/www.montanheiros.com\/wp-content\/uploads\/2019\/05\/big40_1454585390-300x300.jpg 300w, https:\/\/www.montanheiros.com\/wp-content\/uploads\/2019\/05\/big40_1454585390-100x100.jpg 100w\" sizes=\"auto, (max-width: 280px) 100vw, 280px\" \/>                                                              <\/div>\n              <div class=\"box-text text-left\" >\n                 <p>\"1\u00aa Edi\u00e7\u00e3o Terceira Boulder Contest 2016\", Complexo Desportivo da Escola Tom\u00e1s de Borba, 30jan2016 - ilha Terceira <\/p>\n              <\/div>\n            <\/div>\n            <\/a>          <\/div>\n         <\/div><div class=\"gallery-col col\" >\n          <div class=\"col-inner\">\n            <a class=\"image-lightbox lightbox-gallery\" href=\"https:\/\/www.montanheiros.com\/wp-content\/uploads\/2019\/05\/big42_1454585394.jpg\" title=\"&quot;1\u00aa Edi\u00e7\u00e3o Terceira Boulder Contest 2016&quot;, Complexo Desportivo da Escola Tom\u00e1s de Borba, 30jan2016 - ilha Terceira \">            <div class=\"box has-hover gallery-box box-none\">\n              <div class=\"box-image\" style=\"width:86%;\">\n                <img loading=\"lazy\" decoding=\"async\" width=\"280\" height=\"280\" src=\"https:\/\/www.montanheiros.com\/wp-content\/uploads\/2019\/05\/big42_1454585394-280x280.jpg\" class=\"attachment-thumbnail size-thumbnail\" alt=\"\" ids=\"3608,3609,3610,3611,3612,3613,3614,3615,3616,3617,3618,3619,3620,3621,3622,3623,3624,3625,3626,3628,3629,3630,3631,3632,3633,3634,3635,3636,3637,3638,3639,3640,3641,3642,3643,3644,3645,3646\" style=\"none\" type=\"slider\" columns=\"2\" image_width=\"86\" image_size=\"thumbnail\" srcset=\"https:\/\/www.montanheiros.com\/wp-content\/uploads\/2019\/05\/big42_1454585394-280x280.jpg 280w, https:\/\/www.montanheiros.com\/wp-content\/uploads\/2019\/05\/big42_1454585394-300x300.jpg 300w, https:\/\/www.montanheiros.com\/wp-content\/uploads\/2019\/05\/big42_1454585394-100x100.jpg 100w\" sizes=\"auto, (max-width: 280px) 100vw, 280px\" \/>                                                              <\/div>\n              <div class=\"box-text text-left\" >\n                 <p>\"1\u00aa Edi\u00e7\u00e3o Terceira Boulder Contest 2016\", Complexo Desportivo da Escola Tom\u00e1s de Borba, 30jan2016 - ilha Terceira <\/p>\n              <\/div>\n            <\/div>\n            <\/a>          <\/div>\n         <\/div><div class=\"gallery-col col\" >\n          <div class=\"col-inner\">\n            <a class=\"image-lightbox lightbox-gallery\" href=\"https:\/\/www.montanheiros.com\/wp-content\/uploads\/2019\/05\/big43_1454585397.jpg\" title=\"&quot;1\u00aa Edi\u00e7\u00e3o Terceira Boulder Contest 2016&quot;, Complexo Desportivo da Escola Tom\u00e1s de Borba, 30jan2016 - ilha Terceira \">            <div class=\"box has-hover gallery-box box-none\">\n              <div class=\"box-image\" style=\"width:86%;\">\n                <img loading=\"lazy\" decoding=\"async\" width=\"280\" height=\"280\" src=\"https:\/\/www.montanheiros.com\/wp-content\/uploads\/2019\/05\/big43_1454585397-280x280.jpg\" class=\"attachment-thumbnail size-thumbnail\" alt=\"\" ids=\"3608,3609,3610,3611,3612,3613,3614,3615,3616,3617,3618,3619,3620,3621,3622,3623,3624,3625,3626,3628,3629,3630,3631,3632,3633,3634,3635,3636,3637,3638,3639,3640,3641,3642,3643,3644,3645,3646\" style=\"none\" type=\"slider\" columns=\"2\" image_width=\"86\" image_size=\"thumbnail\" srcset=\"https:\/\/www.montanheiros.com\/wp-content\/uploads\/2019\/05\/big43_1454585397-280x280.jpg 280w, https:\/\/www.montanheiros.com\/wp-content\/uploads\/2019\/05\/big43_1454585397-300x300.jpg 300w, https:\/\/www.montanheiros.com\/wp-content\/uploads\/2019\/05\/big43_1454585397-100x100.jpg 100w\" sizes=\"auto, (max-width: 280px) 100vw, 280px\" \/>                                                              <\/div>\n              <div class=\"box-text text-left\" >\n                 <p>\"1\u00aa Edi\u00e7\u00e3o Terceira Boulder Contest 2016\", Complexo Desportivo da Escola Tom\u00e1s de Borba, 30jan2016 - ilha Terceira <\/p>\n              <\/div>\n            <\/div>\n            <\/a>          <\/div>\n         <\/div><div class=\"gallery-col col\" >\n          <div class=\"col-inner\">\n            <a class=\"image-lightbox lightbox-gallery\" href=\"https:\/\/www.montanheiros.com\/wp-content\/uploads\/2019\/05\/big44_1454585397.jpg\" title=\"&quot;1\u00aa Edi\u00e7\u00e3o Terceira Boulder Contest 2016&quot;, Complexo Desportivo da Escola Tom\u00e1s de Borba, 30jan2016 - ilha Terceira \">            <div class=\"box has-hover gallery-box box-none\">\n              <div class=\"box-image\" style=\"width:86%;\">\n                <img loading=\"lazy\" decoding=\"async\" width=\"280\" height=\"280\" src=\"https:\/\/www.montanheiros.com\/wp-content\/uploads\/2019\/05\/big44_1454585397-280x280.jpg\" class=\"attachment-thumbnail size-thumbnail\" alt=\"\" ids=\"3608,3609,3610,3611,3612,3613,3614,3615,3616,3617,3618,3619,3620,3621,3622,3623,3624,3625,3626,3628,3629,3630,3631,3632,3633,3634,3635,3636,3637,3638,3639,3640,3641,3642,3643,3644,3645,3646\" style=\"none\" type=\"slider\" columns=\"2\" image_width=\"86\" image_size=\"thumbnail\" srcset=\"https:\/\/www.montanheiros.com\/wp-content\/uploads\/2019\/05\/big44_1454585397-280x280.jpg 280w, https:\/\/www.montanheiros.com\/wp-content\/uploads\/2019\/05\/big44_1454585397-300x300.jpg 300w, https:\/\/www.montanheiros.com\/wp-content\/uploads\/2019\/05\/big44_1454585397-100x100.jpg 100w\" sizes=\"auto, (max-width: 280px) 100vw, 280px\" \/>                                                              <\/div>\n              <div class=\"box-text text-left\" >\n                 <p>\"1\u00aa Edi\u00e7\u00e3o Terceira Boulder Contest 2016\", Complexo Desportivo da Escola Tom\u00e1s de Borba, 30jan2016 - ilha Terceira <\/p>\n              <\/div>\n            <\/div>\n            <\/a>          <\/div>\n         <\/div><div class=\"gallery-col col\" >\n          <div class=\"col-inner\">\n            <a class=\"image-lightbox lightbox-gallery\" href=\"https:\/\/www.montanheiros.com\/wp-content\/uploads\/2019\/05\/big45_1454585398.jpg\" title=\"&quot;1\u00aa Edi\u00e7\u00e3o Terceira Boulder Contest 2016&quot;, Complexo Desportivo da Escola Tom\u00e1s de Borba, 30jan2016 - ilha Terceira \">            <div class=\"box has-hover gallery-box box-none\">\n              <div class=\"box-image\" style=\"width:86%;\">\n                <img loading=\"lazy\" decoding=\"async\" width=\"280\" height=\"280\" src=\"https:\/\/www.montanheiros.com\/wp-content\/uploads\/2019\/05\/big45_1454585398-280x280.jpg\" class=\"attachment-thumbnail size-thumbnail\" alt=\"\" ids=\"3608,3609,3610,3611,3612,3613,3614,3615,3616,3617,3618,3619,3620,3621,3622,3623,3624,3625,3626,3628,3629,3630,3631,3632,3633,3634,3635,3636,3637,3638,3639,3640,3641,3642,3643,3644,3645,3646\" style=\"none\" type=\"slider\" columns=\"2\" image_width=\"86\" image_size=\"thumbnail\" srcset=\"https:\/\/www.montanheiros.com\/wp-content\/uploads\/2019\/05\/big45_1454585398-280x280.jpg 280w, https:\/\/www.montanheiros.com\/wp-content\/uploads\/2019\/05\/big45_1454585398-300x300.jpg 300w, https:\/\/www.montanheiros.com\/wp-content\/uploads\/2019\/05\/big45_1454585398-100x100.jpg 100w\" sizes=\"auto, (max-width: 280px) 100vw, 280px\" \/>                                                              <\/div>\n              <div class=\"box-text text-left\" >\n                 <p>\"1\u00aa Edi\u00e7\u00e3o Terceira Boulder Contest 2016\", Complexo Desportivo da Escola Tom\u00e1s de Borba, 30jan2016 - ilha Terceira <\/p>\n              <\/div>\n            <\/div>\n            <\/a>          <\/div>\n         <\/div><\/div>\n\n\n\t\t<\/div>\n\t\t\t\t\t<\/div>\n\n\t\n\n<\/div>\n\n\t\t<\/div>\n\t\t\t\t\t<\/div>\n\n\t\n\n<\/div>\n\n","protected":false},"excerpt":{"rendered":"<p>Galeria \/ Escalada 2020-2016 2015-2006 2020 Angra Bloc Fest, Escola Tom\u00e1s de Borba, 1 e 2 nov2019 -ilha Terceira 2019 Angra Bloc Fest, Escola Tom\u00e1s de Borba, 1 e 2 nov2019 -ilha Terceira Est\u00e1gio de Ver\u00e3o em Serra da Guara, jul2019 &#8211; Espanha Est\u00e1gio de P\u00e1scoa, 6 e 7abr2019 &#8211; ilha Terceira Est\u00e1gio de P\u00e1scoa, [&#8230;]\n","protected":false},"author":1,"featured_media":0,"parent":0,"menu_order":0,"comment_status":"closed","ping_status":"closed","template":"","meta":{"jetpack_post_was_ever_published":false,"footnotes":""},"class_list":["post-3606","page","type-page","status-publish","hentry"],"jetpack_sharing_enabled":true,"jetpack_shortlink":"https:\/\/wp.me\/PaT0CI-Wa","_links":{"self":[{"href":"https:\/\/www.montanheiros.com\/en\/wp-json\/wp\/v2\/pages\/3606","targetHints":{"allow":["GET"]}}],"collection":[{"href":"https:\/\/www.montanheiros.com\/en\/wp-json\/wp\/v2\/pages"}],"about":[{"href":"https:\/\/www.montanheiros.com\/en\/wp-json\/wp\/v2\/types\/page"}],"author":[{"embeddable":true,"href":"https:\/\/www.montanheiros.com\/en\/wp-json\/wp\/v2\/users\/1"}],"replies":[{"embeddable":true,"href":"https:\/\/www.montanheiros.com\/en\/wp-json\/wp\/v2\/comments?post=3606"}],"version-history":[{"count":37,"href":"https:\/\/www.montanheiros.com\/en\/wp-json\/wp\/v2\/pages\/3606\/revisions"}],"predecessor-version":[{"id":12706,"href":"https:\/\/www.montanheiros.com\/en\/wp-json\/wp\/v2\/pages\/3606\/revisions\/12706"}],"wp:attachment":[{"href":"https:\/\/www.montanheiros.com\/en\/wp-json\/wp\/v2\/media?parent=3606"}],"curies":[{"name":"wp","href":"https:\/\/api.w.org\/{rel}","templated":true}]}}