{"id":4807,"date":"2019-05-05T20:51:29","date_gmt":"2019-05-05T20:51:29","guid":{"rendered":"http:\/\/montanheiros.cecilia-designs.com\/?page_id=4807"},"modified":"2022-04-19T08:58:00","modified_gmt":"2022-04-19T08:58:00","slug":"out-atividades2015","status":"publish","type":"page","link":"https:\/\/www.montanheiros.com\/en\/out-atividades2015\/","title":{"rendered":"Outras atividades 2019-2015"},"content":{"rendered":"\n<div class=\"row\"  id=\"row-2014088150\">\n\n\n\t<div id=\"col-1673586994\" class=\"col small-12 large-12\"  >\n\t\t\t\t<div class=\"col-inner\"  >\n\t\t\t\n\t\t\t\n\n<h3 class=\"thin-font\"><span style=\"font-size: 120%\">Galeria \/ <\/span><span style=\"font-size: 180%\"><span style=\"font-size: 100%\">Outras Atividades<\/span><br \/><\/span><\/h3>\n<a href=\"http:\/\/montanheiros.com\/montanheiros\/out-atividades2015\" target=\"_self\" class=\"button success is-underline\"  >\n    <span>2022-2015<\/span>\n  <\/a>\n\n\n<a href=\"http:\/\/montanheiros.com\/montanheiros\/out-atividades2009\" target=\"_self\" class=\"button primary is-underline\"  >\n    <span>2014-2009<\/span>\n  <\/a>\n\n\n<a href=\"http:\/\/montanheiros.com\/montanheiros\/out-atividades2008\" target=\"_self\" class=\"button primary is-underline\"  >\n    <span>2008<\/span>\n  <\/a>\n\n\n<a href=\"http:\/\/montanheiros.com\/montanheiros\/out-atividades2007\" target=\"_self\" class=\"button primary is-underline\"  >\n    <span>2007<\/span>\n  <\/a>\n\n\n<a href=\"http:\/\/montanheiros.com\/montanheiros\/out-atividades1990\" target=\"_self\" class=\"button primary is-underline\"  >\n    <span>2006-1990<\/span>\n  <\/a>\n\n\n<div class=\"container section-title-container\" ><h4 class=\"section-title section-title-normal\"><b><\/b><span class=\"section-title-main\" >2022<\/span><b><\/b><\/h4><\/div>\n\n<div class=\"row\"  id=\"row-2088391164\">\n\n\n\t<div id=\"col-1462067532\" class=\"col medium-4 small-12 large-4\"  >\n\t\t\t\t<div class=\"col-inner\"  >\n\t\t\t\n\t\t\t\n\n\n\t\t<\/div>\n\t\t\t\t\t<\/div>\n\n\t\n\n\t<div id=\"col-2088251623\" class=\"col medium-4 small-12 large-4\"  >\n\t\t\t\t<div class=\"col-inner\"  >\n\t\t\t\n\t\t\t\n\n\n\t\t<\/div>\n\t\t\t\t\t<\/div>\n\n\t\n\n\t<div id=\"col-61433008\" class=\"col medium-4 small-12 large-4\"  >\n\t\t\t\t<div class=\"col-inner\"  >\n\t\t\t\n\t\t\t\n\n<p>Presen\u00e7a do realizador Daniel Pinheiro no Algar do Carv\u00e3o, para a recolha de imagens para um novo document\u00e1rio na RTP sobre a vida selvagem em Portugal, 11abr2022 &#8211; ilha Terceira<\/p>\n\n  \n    <div class=\"row large-columns-2 medium-columns- small-columns- slider row-slider slider-nav-reveal\"  data-flickity-options='{\"imagesLoaded\": true, \"groupCells\": \"100%\", \"dragThreshold\" : 5, \"cellAlign\": \"left\",\"wrapAround\": true,\"prevNextButtons\": true,\"percentPosition\": true,\"pageDots\": false, \"rightToLeft\": false, \"autoPlay\" : false}'>\n\n  <div class=\"gallery-col col\" >\n          <div class=\"col-inner\">\n            <a class=\"image-lightbox lightbox-gallery\" href=\"https:\/\/www.montanheiros.com\/wp-content\/uploads\/2022\/04\/small.jpg\" title=\"\">            <div class=\"box has-hover gallery-box box-overlay dark\">\n              <div class=\"box-image\" >\n                <img loading=\"lazy\" decoding=\"async\" width=\"533\" height=\"400\" src=\"https:\/\/www.montanheiros.com\/wp-content\/uploads\/2022\/04\/small-533x400.jpg\" class=\"attachment-medium size-medium\" alt=\"\" ids=\"14588\" type=\"slider\" columns=\"2\" srcset=\"https:\/\/www.montanheiros.com\/wp-content\/uploads\/2022\/04\/small-533x400.jpg 533w, https:\/\/www.montanheiros.com\/wp-content\/uploads\/2022\/04\/small-768x576.jpg 768w, https:\/\/www.montanheiros.com\/wp-content\/uploads\/2022\/04\/small-500x375.jpg 500w, https:\/\/www.montanheiros.com\/wp-content\/uploads\/2022\/04\/small.jpg 1024w\" sizes=\"auto, (max-width: 533px) 100vw, 533px\" \/>                                  <div class=\"overlay fill\"\n                      style=\"background-color: rgba(0,0,0,.15)\">\n                  <\/div>\n                                                              <\/div>\n              <div class=\"box-text text-left\" >\n                 <p><\/p>\n              <\/div>\n            <\/div>\n            <\/a>          <\/div>\n         <\/div><\/div>\n\n\n\t\t<\/div>\n\t\t\t\t\t<\/div>\n\n\t\n\n<\/div>\n<div class=\"container section-title-container\" ><h4 class=\"section-title section-title-normal\"><b><\/b><span class=\"section-title-main\" >2021<\/span><b><\/b><\/h4><\/div>\n\n<div class=\"row\"  id=\"row-1732413246\">\n\n\n\t<div id=\"col-2101683216\" class=\"col medium-4 small-12 large-4\"  >\n\t\t\t\t<div class=\"col-inner\"  >\n\t\t\t\n\t\t\t\n\n<p>Trabalhos de limpeza de infestantes no interior da Caldeira do Cabe\u00e7o Verde no \u00e2mbito do projeto LIFE VID\u00c1LIA, 11-14mar2021 &#8211; ilha do Faial<\/p>\n\n  \n    <div class=\"row large-columns-2 medium-columns- small-columns- slider row-slider slider-nav-reveal\"  data-flickity-options='{\"imagesLoaded\": true, \"groupCells\": \"100%\", \"dragThreshold\" : 5, \"cellAlign\": \"left\",\"wrapAround\": true,\"prevNextButtons\": true,\"percentPosition\": true,\"pageDots\": false, \"rightToLeft\": false, \"autoPlay\" : false}'>\n\n  <div class=\"gallery-col col\" >\n          <div class=\"col-inner\">\n            <a class=\"image-lightbox lightbox-gallery\" href=\"https:\/\/www.montanheiros.com\/wp-content\/uploads\/2021\/03\/162048194_5136084766463076_2542442682834085143_o-1313x800.jpg\" title=\"Foto: SRAAC\">            <div class=\"box has-hover gallery-box box-overlay dark\">\n              <div class=\"box-image\" >\n                <img loading=\"lazy\" decoding=\"async\" width=\"656\" height=\"400\" src=\"https:\/\/www.montanheiros.com\/wp-content\/uploads\/2021\/03\/162048194_5136084766463076_2542442682834085143_o-656x400.jpg\" class=\"attachment-medium size-medium\" alt=\"\" ids=\"13631\" type=\"slider\" columns=\"2\" srcset=\"https:\/\/www.montanheiros.com\/wp-content\/uploads\/2021\/03\/162048194_5136084766463076_2542442682834085143_o-656x400.jpg 656w, https:\/\/www.montanheiros.com\/wp-content\/uploads\/2021\/03\/162048194_5136084766463076_2542442682834085143_o-1313x800.jpg 1313w, https:\/\/www.montanheiros.com\/wp-content\/uploads\/2021\/03\/162048194_5136084766463076_2542442682834085143_o-768x468.jpg 768w, https:\/\/www.montanheiros.com\/wp-content\/uploads\/2021\/03\/162048194_5136084766463076_2542442682834085143_o-1536x936.jpg 1536w, https:\/\/www.montanheiros.com\/wp-content\/uploads\/2021\/03\/162048194_5136084766463076_2542442682834085143_o-500x305.jpg 500w, https:\/\/www.montanheiros.com\/wp-content\/uploads\/2021\/03\/162048194_5136084766463076_2542442682834085143_o.jpg 1800w\" sizes=\"auto, (max-width: 656px) 100vw, 656px\" \/>                                  <div class=\"overlay fill\"\n                      style=\"background-color: rgba(0,0,0,.15)\">\n                  <\/div>\n                                                              <\/div>\n              <div class=\"box-text text-left\" >\n                 <p>Foto: SRAAC<\/p>\n              <\/div>\n            <\/div>\n            <\/a>          <\/div>\n         <\/div><\/div>\n\n\n\t\t<\/div>\n\t\t\t\t\t<\/div>\n\n\t\n\n\t<div id=\"col-45701409\" class=\"col medium-4 small-12 large-4\"  >\n\t\t\t\t<div class=\"col-inner\"  >\n\t\t\t\n\t\t\t\n\n\n\t\t<\/div>\n\t\t\t\t\t<\/div>\n\n\t\n\n\t<div id=\"col-1251814980\" class=\"col medium-4 small-12 large-4\"  >\n\t\t\t\t<div class=\"col-inner\"  >\n\t\t\t\n\t\t\t\n\n\n\t\t<\/div>\n\t\t\t\t\t<\/div>\n\n\t\n\n<\/div>\n<div class=\"container section-title-container\" ><h4 class=\"section-title section-title-normal\"><b><\/b><span class=\"section-title-main\" >2020<\/span><b><\/b><\/h4><\/div>\n\n<div class=\"row\"  id=\"row-582276378\">\n\n\n\t<div id=\"col-626683239\" class=\"col medium-3 small-12 large-3\"  >\n\t\t\t\t<div class=\"col-inner\"  >\n\t\t\t\n\t\t\t\n\n<p>Exerc\u00edcio de simulacro na Gruta do Natal pelo Servi\u00e7o de Prote\u00e7\u00e3o Civil Municipal e Corpo de Bombeiros de Angra do Hero\u00edsmo (Foto: Mike Maciel), 13out2020 &#8211; ilha Terceira<\/p>\n\n  \n    <div class=\"row large-columns-1 medium-columns- small-columns- slider row-slider slider-nav-reveal\"  data-flickity-options='{\"imagesLoaded\": true, \"groupCells\": \"100%\", \"dragThreshold\" : 5, \"cellAlign\": \"left\",\"wrapAround\": true,\"prevNextButtons\": true,\"percentPosition\": true,\"pageDots\": false, \"rightToLeft\": false, \"autoPlay\" : false}'>\n\n  <div class=\"gallery-col col\" >\n          <div class=\"col-inner\">\n            <a class=\"image-lightbox lightbox-gallery\" href=\"https:\/\/www.montanheiros.com\/wp-content\/uploads\/2020\/10\/121482833_3655927234451599_1004666125248951703_o-1200x800.jpg\" title=\"\">            <div class=\"box has-hover gallery-box box-none\">\n              <div class=\"box-image\" style=\"width:75%;\">\n                <img loading=\"lazy\" decoding=\"async\" width=\"280\" height=\"280\" src=\"https:\/\/www.montanheiros.com\/wp-content\/uploads\/2020\/10\/121482833_3655927234451599_1004666125248951703_o-280x280.jpg\" class=\"attachment-thumbnail size-thumbnail\" alt=\"\" ids=\"13363,13365\" style=\"none\" type=\"slider\" columns=\"1\" image_width=\"75\" image_size=\"thumbnail\" srcset=\"https:\/\/www.montanheiros.com\/wp-content\/uploads\/2020\/10\/121482833_3655927234451599_1004666125248951703_o-280x280.jpg 280w, https:\/\/www.montanheiros.com\/wp-content\/uploads\/2020\/10\/121482833_3655927234451599_1004666125248951703_o-300x300.jpg 300w, https:\/\/www.montanheiros.com\/wp-content\/uploads\/2020\/10\/121482833_3655927234451599_1004666125248951703_o-100x100.jpg 100w\" sizes=\"auto, (max-width: 280px) 100vw, 280px\" \/>                                                              <\/div>\n              <div class=\"box-text text-left\" >\n                 <p><\/p>\n              <\/div>\n            <\/div>\n            <\/a>          <\/div>\n         <\/div><div class=\"gallery-col col\" >\n          <div class=\"col-inner\">\n            <a class=\"image-lightbox lightbox-gallery\" href=\"https:\/\/www.montanheiros.com\/wp-content\/uploads\/2020\/10\/121421041_3655926831118306_8683992214457802064_o-1200x800.jpg\" title=\"\">            <div class=\"box has-hover gallery-box box-none\">\n              <div class=\"box-image\" style=\"width:75%;\">\n                <img loading=\"lazy\" decoding=\"async\" width=\"280\" height=\"280\" src=\"https:\/\/www.montanheiros.com\/wp-content\/uploads\/2020\/10\/121421041_3655926831118306_8683992214457802064_o-280x280.jpg\" class=\"attachment-thumbnail size-thumbnail\" alt=\"\" ids=\"13363,13365\" style=\"none\" type=\"slider\" columns=\"1\" image_width=\"75\" image_size=\"thumbnail\" srcset=\"https:\/\/www.montanheiros.com\/wp-content\/uploads\/2020\/10\/121421041_3655926831118306_8683992214457802064_o-280x280.jpg 280w, https:\/\/www.montanheiros.com\/wp-content\/uploads\/2020\/10\/121421041_3655926831118306_8683992214457802064_o-300x300.jpg 300w, https:\/\/www.montanheiros.com\/wp-content\/uploads\/2020\/10\/121421041_3655926831118306_8683992214457802064_o-100x100.jpg 100w\" sizes=\"auto, (max-width: 280px) 100vw, 280px\" \/>                                                              <\/div>\n              <div class=\"box-text text-left\" >\n                 <p><\/p>\n              <\/div>\n            <\/div>\n            <\/a>          <\/div>\n         <\/div><\/div>\n\n\n\t\t<\/div>\n\t\t\t\t\t<\/div>\n\n\t\n\n\t<div id=\"col-114596208\" class=\"col medium-4 small-12 large-4\"  >\n\t\t\t\t<div class=\"col-inner\"  >\n\t\t\t\n\t\t\t\n\n<p>Apresenta\u00e7\u00e3o do videoclipe de Fl\u00e1vio Crist\u00f3vam no Algar do Carv\u00e3o (Foto: Timothy Lima), 09out2020 &#8211; ilha Terceira<\/p>\n\t<div class=\"img has-hover x md-x lg-x y md-y lg-y\" id=\"image_1311780322\">\n\t\t\t\t\t\t\t\t<div class=\"img-inner dark\" >\n\t\t\t<img loading=\"lazy\" decoding=\"async\" width=\"1020\" height=\"680\" src=\"https:\/\/www.montanheiros.com\/wp-content\/uploads\/2020\/10\/Algar-do-Carvao-scaled-1-1200x800.jpg\" class=\"attachment-large size-large\" alt=\"\" srcset=\"https:\/\/www.montanheiros.com\/wp-content\/uploads\/2020\/10\/Algar-do-Carvao-scaled-1-1200x800.jpg 1200w, https:\/\/www.montanheiros.com\/wp-content\/uploads\/2020\/10\/Algar-do-Carvao-scaled-1-600x400.jpg 600w, https:\/\/www.montanheiros.com\/wp-content\/uploads\/2020\/10\/Algar-do-Carvao-scaled-1-768x512.jpg 768w, https:\/\/www.montanheiros.com\/wp-content\/uploads\/2020\/10\/Algar-do-Carvao-scaled-1-1536x1024.jpg 1536w, https:\/\/www.montanheiros.com\/wp-content\/uploads\/2020\/10\/Algar-do-Carvao-scaled-1-2048x1366.jpg 2048w, https:\/\/www.montanheiros.com\/wp-content\/uploads\/2020\/10\/Algar-do-Carvao-scaled-1-500x333.jpg 500w\" sizes=\"auto, (max-width: 1020px) 100vw, 1020px\" \/>\t\t\t\t\t\t\n\t\t\t\t\t<\/div>\n\t\t\t\t\t\t\t\t\n<style>\n#image_1311780322 {\n  width: 67%;\n}\n<\/style>\n\t<\/div>\n\t\n\n\n\t\t<\/div>\n\t\t\t\t\t<\/div>\n\n\t\n\n<\/div>\n<div class=\"container section-title-container\" ><h4 class=\"section-title section-title-normal\"><b><\/b><span class=\"section-title-main\" >2019<\/span><b><\/b><\/h4><\/div>\n\n<div class=\"row\"  id=\"row-1837472145\">\n\n\n\t<div id=\"col-719140654\" class=\"col medium-3 small-12 large-3\"  >\n\t\t\t\t<div class=\"col-inner\"  >\n\t\t\t\n\t\t\t\n\n<p>Visita da Sra. Secret\u00e1ria Regional da Energia, Ambiente e Turismo \u00e0 Sede da Associa\u00e7\u00e3o Os Montanheiros, 22out2019 &#8211; ilha Terceira<\/p>\n\n  \n    <div class=\"row large-columns-1 medium-columns- small-columns- slider row-slider slider-nav-reveal\"  data-flickity-options='{\"imagesLoaded\": true, \"groupCells\": \"100%\", \"dragThreshold\" : 5, \"cellAlign\": \"left\",\"wrapAround\": true,\"prevNextButtons\": true,\"percentPosition\": true,\"pageDots\": false, \"rightToLeft\": false, \"autoPlay\" : false}'>\n\n  <div class=\"gallery-col col\" >\n          <div class=\"col-inner\">\n            <a class=\"image-lightbox lightbox-gallery\" href=\"https:\/\/www.montanheiros.com\/wp-content\/uploads\/2019\/11\/big1_1571828317.jpg\" title=\"\">            <div class=\"box has-hover gallery-box box-none\">\n              <div class=\"box-image\" style=\"width:67%;\">\n                <img loading=\"lazy\" decoding=\"async\" width=\"280\" height=\"280\" src=\"https:\/\/www.montanheiros.com\/wp-content\/uploads\/2019\/11\/big1_1571828317-280x280.jpg\" class=\"attachment-thumbnail size-thumbnail\" alt=\"\" ids=\"11131\" style=\"none\" type=\"slider\" columns=\"1\" image_width=\"67\" image_size=\"thumbnail\" srcset=\"https:\/\/www.montanheiros.com\/wp-content\/uploads\/2019\/11\/big1_1571828317-280x280.jpg 280w, https:\/\/www.montanheiros.com\/wp-content\/uploads\/2019\/11\/big1_1571828317-300x300.jpg 300w, https:\/\/www.montanheiros.com\/wp-content\/uploads\/2019\/11\/big1_1571828317-100x100.jpg 100w\" sizes=\"auto, (max-width: 280px) 100vw, 280px\" \/>                                                              <\/div>\n              <div class=\"box-text text-left\" >\n                 <p><\/p>\n              <\/div>\n            <\/div>\n            <\/a>          <\/div>\n         <\/div><\/div>\n\n\n\t\t<\/div>\n\t\t\t\t\t<\/div>\n\n\t\n\n\t<div id=\"col-429771147\" class=\"col medium-3 small-12 large-3\"  >\n\t\t\t\t<div class=\"col-inner\"  >\n\t\t\t\n\t\t\t\n\n<p>Atividade de orienta\u00e7\u00e3o para alunos do Curso Profissional T\u00e9cnico de Informa\u00e7\u00e3o e Anima\u00e7\u00e3o Turistica, 19mar2019 &#8211; ilha Terceira<\/p>\n\n  \n    <div class=\"row large-columns-1 medium-columns- small-columns- slider row-slider slider-nav-reveal\"  data-flickity-options='{\"imagesLoaded\": true, \"groupCells\": \"100%\", \"dragThreshold\" : 5, \"cellAlign\": \"left\",\"wrapAround\": true,\"prevNextButtons\": true,\"percentPosition\": true,\"pageDots\": false, \"rightToLeft\": false, \"autoPlay\" : false}'>\n\n  <div class=\"gallery-col col\" >\n          <div class=\"col-inner\">\n            <a class=\"image-lightbox lightbox-gallery\" href=\"https:\/\/www.montanheiros.com\/wp-content\/uploads\/2019\/05\/big2_1553093839.jpg\" title=\"Atividade de orienta\u00e7\u00e3o para alunos do Curso Profissional T\u00e9cnico de Informa\u00e7\u00e3o e Anima\u00e7\u00e3o Turistica, 19mar2019 - ilha Terceira\">            <div class=\"box has-hover gallery-box box-none\">\n              <div class=\"box-image\" style=\"width:67%;\">\n                <img loading=\"lazy\" decoding=\"async\" width=\"280\" height=\"280\" src=\"https:\/\/www.montanheiros.com\/wp-content\/uploads\/2019\/05\/big2_1553093839-280x280.jpg\" class=\"attachment-thumbnail size-thumbnail\" alt=\"\" ids=\"4898,4899,4900,4901,4902\" style=\"none\" type=\"slider\" columns=\"1\" image_width=\"67\" image_size=\"thumbnail\" srcset=\"https:\/\/www.montanheiros.com\/wp-content\/uploads\/2019\/05\/big2_1553093839-280x280.jpg 280w, https:\/\/www.montanheiros.com\/wp-content\/uploads\/2019\/05\/big2_1553093839-300x300.jpg 300w, https:\/\/www.montanheiros.com\/wp-content\/uploads\/2019\/05\/big2_1553093839-100x100.jpg 100w\" sizes=\"auto, (max-width: 280px) 100vw, 280px\" \/>                                                              <\/div>\n              <div class=\"box-text text-left\" >\n                 <p>Atividade de orienta\u00e7\u00e3o para alunos do Curso Profissional T\u00e9cnico de Informa\u00e7\u00e3o e Anima\u00e7\u00e3o Turistica, 19mar2019 - ilha Terceira<\/p>\n              <\/div>\n            <\/div>\n            <\/a>          <\/div>\n         <\/div><div class=\"gallery-col col\" >\n          <div class=\"col-inner\">\n            <a class=\"image-lightbox lightbox-gallery\" href=\"https:\/\/www.montanheiros.com\/wp-content\/uploads\/2019\/05\/big3_1553093839.jpg\" title=\"Atividade de orienta\u00e7\u00e3o para alunos do Curso Profissional T\u00e9cnico de Informa\u00e7\u00e3o e Anima\u00e7\u00e3o Turistica, 19mar2019 - ilha Terceira\">            <div class=\"box has-hover gallery-box box-none\">\n              <div class=\"box-image\" style=\"width:67%;\">\n                <img loading=\"lazy\" decoding=\"async\" width=\"280\" height=\"280\" src=\"https:\/\/www.montanheiros.com\/wp-content\/uploads\/2019\/05\/big3_1553093839-280x280.jpg\" class=\"attachment-thumbnail size-thumbnail\" alt=\"\" ids=\"4898,4899,4900,4901,4902\" style=\"none\" type=\"slider\" columns=\"1\" image_width=\"67\" image_size=\"thumbnail\" srcset=\"https:\/\/www.montanheiros.com\/wp-content\/uploads\/2019\/05\/big3_1553093839-280x280.jpg 280w, https:\/\/www.montanheiros.com\/wp-content\/uploads\/2019\/05\/big3_1553093839-300x300.jpg 300w, https:\/\/www.montanheiros.com\/wp-content\/uploads\/2019\/05\/big3_1553093839-100x100.jpg 100w\" sizes=\"auto, (max-width: 280px) 100vw, 280px\" \/>                                                              <\/div>\n              <div class=\"box-text text-left\" >\n                 <p>Atividade de orienta\u00e7\u00e3o para alunos do Curso Profissional T\u00e9cnico de Informa\u00e7\u00e3o e Anima\u00e7\u00e3o Turistica, 19mar2019 - ilha Terceira<\/p>\n              <\/div>\n            <\/div>\n            <\/a>          <\/div>\n         <\/div><div class=\"gallery-col col\" >\n          <div class=\"col-inner\">\n            <a class=\"image-lightbox lightbox-gallery\" href=\"https:\/\/www.montanheiros.com\/wp-content\/uploads\/2019\/05\/big5_1553093839.jpg\" title=\"Atividade de orienta\u00e7\u00e3o para alunos do Curso Profissional T\u00e9cnico de Informa\u00e7\u00e3o e Anima\u00e7\u00e3o Turistica, 19mar2019 - ilha Terceira\">            <div class=\"box has-hover gallery-box box-none\">\n              <div class=\"box-image\" style=\"width:67%;\">\n                <img loading=\"lazy\" decoding=\"async\" width=\"280\" height=\"280\" src=\"https:\/\/www.montanheiros.com\/wp-content\/uploads\/2019\/05\/big5_1553093839-280x280.jpg\" class=\"attachment-thumbnail size-thumbnail\" alt=\"\" ids=\"4898,4899,4900,4901,4902\" style=\"none\" type=\"slider\" columns=\"1\" image_width=\"67\" image_size=\"thumbnail\" srcset=\"https:\/\/www.montanheiros.com\/wp-content\/uploads\/2019\/05\/big5_1553093839-280x280.jpg 280w, https:\/\/www.montanheiros.com\/wp-content\/uploads\/2019\/05\/big5_1553093839-300x300.jpg 300w, https:\/\/www.montanheiros.com\/wp-content\/uploads\/2019\/05\/big5_1553093839-100x100.jpg 100w\" sizes=\"auto, (max-width: 280px) 100vw, 280px\" \/>                                                              <\/div>\n              <div class=\"box-text text-left\" >\n                 <p>Atividade de orienta\u00e7\u00e3o para alunos do Curso Profissional T\u00e9cnico de Informa\u00e7\u00e3o e Anima\u00e7\u00e3o Turistica, 19mar2019 - ilha Terceira<\/p>\n              <\/div>\n            <\/div>\n            <\/a>          <\/div>\n         <\/div><div class=\"gallery-col col\" >\n          <div class=\"col-inner\">\n            <a class=\"image-lightbox lightbox-gallery\" href=\"https:\/\/www.montanheiros.com\/wp-content\/uploads\/2019\/05\/big1_1553093838.jpg\" title=\"Atividade de orienta\u00e7\u00e3o para alunos do Curso Profissional T\u00e9cnico de Informa\u00e7\u00e3o e Anima\u00e7\u00e3o Turistica, 19mar2019 - ilha Terceira\">            <div class=\"box has-hover gallery-box box-none\">\n              <div class=\"box-image\" style=\"width:67%;\">\n                <img loading=\"lazy\" decoding=\"async\" width=\"280\" height=\"280\" src=\"https:\/\/www.montanheiros.com\/wp-content\/uploads\/2019\/05\/big1_1553093838-280x280.jpg\" class=\"attachment-thumbnail size-thumbnail\" alt=\"\" ids=\"4898,4899,4900,4901,4902\" style=\"none\" type=\"slider\" columns=\"1\" image_width=\"67\" image_size=\"thumbnail\" srcset=\"https:\/\/www.montanheiros.com\/wp-content\/uploads\/2019\/05\/big1_1553093838-280x280.jpg 280w, https:\/\/www.montanheiros.com\/wp-content\/uploads\/2019\/05\/big1_1553093838-300x300.jpg 300w, https:\/\/www.montanheiros.com\/wp-content\/uploads\/2019\/05\/big1_1553093838-100x100.jpg 100w\" sizes=\"auto, (max-width: 280px) 100vw, 280px\" \/>                                                              <\/div>\n              <div class=\"box-text text-left\" >\n                 <p>Atividade de orienta\u00e7\u00e3o para alunos do Curso Profissional T\u00e9cnico de Informa\u00e7\u00e3o e Anima\u00e7\u00e3o Turistica, 19mar2019 - ilha Terceira<\/p>\n              <\/div>\n            <\/div>\n            <\/a>          <\/div>\n         <\/div><div class=\"gallery-col col\" >\n          <div class=\"col-inner\">\n            <a class=\"image-lightbox lightbox-gallery\" href=\"https:\/\/www.montanheiros.com\/wp-content\/uploads\/2019\/05\/big4_1553093839.jpg\" title=\"Atividade de orienta\u00e7\u00e3o para alunos do Curso Profissional T\u00e9cnico de Informa\u00e7\u00e3o e Anima\u00e7\u00e3o Turistica, 19mar2019 - ilha Terceira\">            <div class=\"box has-hover gallery-box box-none\">\n              <div class=\"box-image\" style=\"width:67%;\">\n                <img loading=\"lazy\" decoding=\"async\" width=\"280\" height=\"280\" src=\"https:\/\/www.montanheiros.com\/wp-content\/uploads\/2019\/05\/big4_1553093839-280x280.jpg\" class=\"attachment-thumbnail size-thumbnail\" alt=\"\" ids=\"4898,4899,4900,4901,4902\" style=\"none\" type=\"slider\" columns=\"1\" image_width=\"67\" image_size=\"thumbnail\" srcset=\"https:\/\/www.montanheiros.com\/wp-content\/uploads\/2019\/05\/big4_1553093839-280x280.jpg 280w, https:\/\/www.montanheiros.com\/wp-content\/uploads\/2019\/05\/big4_1553093839-300x300.jpg 300w, https:\/\/www.montanheiros.com\/wp-content\/uploads\/2019\/05\/big4_1553093839-100x100.jpg 100w\" sizes=\"auto, (max-width: 280px) 100vw, 280px\" \/>                                                              <\/div>\n              <div class=\"box-text text-left\" >\n                 <p>Atividade de orienta\u00e7\u00e3o para alunos do Curso Profissional T\u00e9cnico de Informa\u00e7\u00e3o e Anima\u00e7\u00e3o Turistica, 19mar2019 - ilha Terceira<\/p>\n              <\/div>\n            <\/div>\n            <\/a>          <\/div>\n         <\/div><\/div>\n\n\n\t\t<\/div>\n\t\t\t\t\t<\/div>\n\n\t\n\n<\/div>\n<div class=\"container section-title-container\" ><h4 class=\"section-title section-title-normal\"><b><\/b><span class=\"section-title-main\" >2018<\/span><b><\/b><\/h4><\/div>\n\n<div class=\"row\"  id=\"row-1704664957\">\n\n\n\t<div id=\"col-1210750195\" class=\"col medium-3 small-12 large-3\"  >\n\t\t\t\t<div class=\"col-inner\"  >\n\t\t\t\n\t\t\t\n\n<p>Concerto de Sitar no Algar do Carv\u00e3o (fotos de Margarida Quinteiro), 22set2018 &#8211; ilha Terceira<\/p>\n\n  \n    <div class=\"row large-columns-1 medium-columns- small-columns- slider row-slider slider-nav-reveal\"  data-flickity-options='{\"imagesLoaded\": true, \"groupCells\": \"100%\", \"dragThreshold\" : 5, \"cellAlign\": \"left\",\"wrapAround\": true,\"prevNextButtons\": true,\"percentPosition\": true,\"pageDots\": false, \"rightToLeft\": false, \"autoPlay\" : false}'>\n\n  <div class=\"gallery-col col\" >\n          <div class=\"col-inner\">\n            <a class=\"image-lightbox lightbox-gallery\" href=\"https:\/\/www.montanheiros.com\/wp-content\/uploads\/2019\/05\/big1_1537868429.jpg\" title=\"Concerto de Sitar no Algar do Carv\u00e3o (fotos de Margarida Quinteiro), 22set2018 - ilha Terceira\">            <div class=\"box has-hover gallery-box box-none\">\n              <div class=\"box-image\" style=\"width:67%;\">\n                <img loading=\"lazy\" decoding=\"async\" width=\"280\" height=\"280\" src=\"https:\/\/www.montanheiros.com\/wp-content\/uploads\/2019\/05\/big1_1537868429-280x280.jpg\" class=\"attachment-thumbnail size-thumbnail\" alt=\"\" ids=\"4883,4884,4885,4886,4887,4888,4889,4890,4891,4892,4893,4894\" style=\"none\" type=\"slider\" columns=\"1\" image_width=\"67\" image_size=\"thumbnail\" srcset=\"https:\/\/www.montanheiros.com\/wp-content\/uploads\/2019\/05\/big1_1537868429-280x280.jpg 280w, https:\/\/www.montanheiros.com\/wp-content\/uploads\/2019\/05\/big1_1537868429-300x300.jpg 300w, https:\/\/www.montanheiros.com\/wp-content\/uploads\/2019\/05\/big1_1537868429-100x100.jpg 100w\" sizes=\"auto, (max-width: 280px) 100vw, 280px\" \/>                                                              <\/div>\n              <div class=\"box-text text-left\" >\n                 <p>Concerto de Sitar no Algar do Carv\u00e3o (fotos de Margarida Quinteiro), 22set2018 - ilha Terceira<\/p>\n              <\/div>\n            <\/div>\n            <\/a>          <\/div>\n         <\/div><div class=\"gallery-col col\" >\n          <div class=\"col-inner\">\n            <a class=\"image-lightbox lightbox-gallery\" href=\"https:\/\/www.montanheiros.com\/wp-content\/uploads\/2019\/05\/big2_1537868430.jpg\" title=\"Concerto de Sitar no Algar do Carv\u00e3o (fotos de Margarida Quinteiro), 22set2018 - ilha Terceira\">            <div class=\"box has-hover gallery-box box-none\">\n              <div class=\"box-image\" style=\"width:67%;\">\n                <img loading=\"lazy\" decoding=\"async\" width=\"280\" height=\"280\" src=\"https:\/\/www.montanheiros.com\/wp-content\/uploads\/2019\/05\/big2_1537868430-280x280.jpg\" class=\"attachment-thumbnail size-thumbnail\" alt=\"\" ids=\"4883,4884,4885,4886,4887,4888,4889,4890,4891,4892,4893,4894\" style=\"none\" type=\"slider\" columns=\"1\" image_width=\"67\" image_size=\"thumbnail\" srcset=\"https:\/\/www.montanheiros.com\/wp-content\/uploads\/2019\/05\/big2_1537868430-280x280.jpg 280w, https:\/\/www.montanheiros.com\/wp-content\/uploads\/2019\/05\/big2_1537868430-300x300.jpg 300w, https:\/\/www.montanheiros.com\/wp-content\/uploads\/2019\/05\/big2_1537868430-100x100.jpg 100w\" sizes=\"auto, (max-width: 280px) 100vw, 280px\" \/>                                                              <\/div>\n              <div class=\"box-text text-left\" >\n                 <p>Concerto de Sitar no Algar do Carv\u00e3o (fotos de Margarida Quinteiro), 22set2018 - ilha Terceira<\/p>\n              <\/div>\n            <\/div>\n            <\/a>          <\/div>\n         <\/div><div class=\"gallery-col col\" >\n          <div class=\"col-inner\">\n            <a class=\"image-lightbox lightbox-gallery\" href=\"https:\/\/www.montanheiros.com\/wp-content\/uploads\/2019\/05\/big3_1537868431.jpg\" title=\"Concerto de Sitar no Algar do Carv\u00e3o (fotos de Margarida Quinteiro), 22set2018 - ilha Terceira\">            <div class=\"box has-hover gallery-box box-none\">\n              <div class=\"box-image\" style=\"width:67%;\">\n                <img loading=\"lazy\" decoding=\"async\" width=\"280\" height=\"280\" src=\"https:\/\/www.montanheiros.com\/wp-content\/uploads\/2019\/05\/big3_1537868431-280x280.jpg\" class=\"attachment-thumbnail size-thumbnail\" alt=\"\" ids=\"4883,4884,4885,4886,4887,4888,4889,4890,4891,4892,4893,4894\" style=\"none\" type=\"slider\" columns=\"1\" image_width=\"67\" image_size=\"thumbnail\" srcset=\"https:\/\/www.montanheiros.com\/wp-content\/uploads\/2019\/05\/big3_1537868431-280x280.jpg 280w, https:\/\/www.montanheiros.com\/wp-content\/uploads\/2019\/05\/big3_1537868431-300x300.jpg 300w, https:\/\/www.montanheiros.com\/wp-content\/uploads\/2019\/05\/big3_1537868431-100x100.jpg 100w\" sizes=\"auto, (max-width: 280px) 100vw, 280px\" \/>                                                              <\/div>\n              <div class=\"box-text text-left\" >\n                 <p>Concerto de Sitar no Algar do Carv\u00e3o (fotos de Margarida Quinteiro), 22set2018 - ilha Terceira<\/p>\n              <\/div>\n            <\/div>\n            <\/a>          <\/div>\n         <\/div><div class=\"gallery-col col\" >\n          <div class=\"col-inner\">\n            <a class=\"image-lightbox lightbox-gallery\" href=\"https:\/\/www.montanheiros.com\/wp-content\/uploads\/2019\/05\/big6_1537868440.jpg\" title=\"Concerto de Sitar no Algar do Carv\u00e3o (fotos de Margarida Quinteiro), 22set2018 - ilha Terceira\">            <div class=\"box has-hover gallery-box box-none\">\n              <div class=\"box-image\" style=\"width:67%;\">\n                <img loading=\"lazy\" decoding=\"async\" width=\"280\" height=\"280\" src=\"https:\/\/www.montanheiros.com\/wp-content\/uploads\/2019\/05\/big6_1537868440-280x280.jpg\" class=\"attachment-thumbnail size-thumbnail\" alt=\"\" ids=\"4883,4884,4885,4886,4887,4888,4889,4890,4891,4892,4893,4894\" style=\"none\" type=\"slider\" columns=\"1\" image_width=\"67\" image_size=\"thumbnail\" srcset=\"https:\/\/www.montanheiros.com\/wp-content\/uploads\/2019\/05\/big6_1537868440-280x280.jpg 280w, https:\/\/www.montanheiros.com\/wp-content\/uploads\/2019\/05\/big6_1537868440-300x300.jpg 300w, https:\/\/www.montanheiros.com\/wp-content\/uploads\/2019\/05\/big6_1537868440-100x100.jpg 100w\" sizes=\"auto, (max-width: 280px) 100vw, 280px\" \/>                                                              <\/div>\n              <div class=\"box-text text-left\" >\n                 <p>Concerto de Sitar no Algar do Carv\u00e3o (fotos de Margarida Quinteiro), 22set2018 - ilha Terceira<\/p>\n              <\/div>\n            <\/div>\n            <\/a>          <\/div>\n         <\/div><div class=\"gallery-col col\" >\n          <div class=\"col-inner\">\n            <a class=\"image-lightbox lightbox-gallery\" href=\"https:\/\/www.montanheiros.com\/wp-content\/uploads\/2019\/05\/big4_1537868433.jpg\" title=\"Concerto de Sitar no Algar do Carv\u00e3o (fotos de Margarida Quinteiro), 22set2018 - ilha Terceira\">            <div class=\"box has-hover gallery-box box-none\">\n              <div class=\"box-image\" style=\"width:67%;\">\n                <img loading=\"lazy\" decoding=\"async\" width=\"280\" height=\"280\" src=\"https:\/\/www.montanheiros.com\/wp-content\/uploads\/2019\/05\/big4_1537868433-280x280.jpg\" class=\"attachment-thumbnail size-thumbnail\" alt=\"\" ids=\"4883,4884,4885,4886,4887,4888,4889,4890,4891,4892,4893,4894\" style=\"none\" type=\"slider\" columns=\"1\" image_width=\"67\" image_size=\"thumbnail\" srcset=\"https:\/\/www.montanheiros.com\/wp-content\/uploads\/2019\/05\/big4_1537868433-280x280.jpg 280w, https:\/\/www.montanheiros.com\/wp-content\/uploads\/2019\/05\/big4_1537868433-300x300.jpg 300w, https:\/\/www.montanheiros.com\/wp-content\/uploads\/2019\/05\/big4_1537868433-100x100.jpg 100w\" sizes=\"auto, (max-width: 280px) 100vw, 280px\" \/>                                                              <\/div>\n              <div class=\"box-text text-left\" >\n                 <p>Concerto de Sitar no Algar do Carv\u00e3o (fotos de Margarida Quinteiro), 22set2018 - ilha Terceira<\/p>\n              <\/div>\n            <\/div>\n            <\/a>          <\/div>\n         <\/div><div class=\"gallery-col col\" >\n          <div class=\"col-inner\">\n            <a class=\"image-lightbox lightbox-gallery\" href=\"https:\/\/www.montanheiros.com\/wp-content\/uploads\/2019\/05\/big8_1537868442.jpg\" title=\"Concerto de Sitar no Algar do Carv\u00e3o (fotos de Margarida Quinteiro), 22set2018 - ilha Terceira\">            <div class=\"box has-hover gallery-box box-none\">\n              <div class=\"box-image\" style=\"width:67%;\">\n                <img loading=\"lazy\" decoding=\"async\" width=\"280\" height=\"280\" src=\"https:\/\/www.montanheiros.com\/wp-content\/uploads\/2019\/05\/big8_1537868442-280x280.jpg\" class=\"attachment-thumbnail size-thumbnail\" alt=\"\" ids=\"4883,4884,4885,4886,4887,4888,4889,4890,4891,4892,4893,4894\" style=\"none\" type=\"slider\" columns=\"1\" image_width=\"67\" image_size=\"thumbnail\" srcset=\"https:\/\/www.montanheiros.com\/wp-content\/uploads\/2019\/05\/big8_1537868442-280x280.jpg 280w, https:\/\/www.montanheiros.com\/wp-content\/uploads\/2019\/05\/big8_1537868442-300x300.jpg 300w, https:\/\/www.montanheiros.com\/wp-content\/uploads\/2019\/05\/big8_1537868442-100x100.jpg 100w\" sizes=\"auto, (max-width: 280px) 100vw, 280px\" \/>                                                              <\/div>\n              <div class=\"box-text text-left\" >\n                 <p>Concerto de Sitar no Algar do Carv\u00e3o (fotos de Margarida Quinteiro), 22set2018 - ilha Terceira<\/p>\n              <\/div>\n            <\/div>\n            <\/a>          <\/div>\n         <\/div><div class=\"gallery-col col\" >\n          <div class=\"col-inner\">\n            <a class=\"image-lightbox lightbox-gallery\" href=\"https:\/\/www.montanheiros.com\/wp-content\/uploads\/2019\/05\/big12_1537868450.jpg\" title=\"Concerto de Sitar no Algar do Carv\u00e3o (fotos de Margarida Quinteiro), 22set2018 - ilha Terceira\">            <div class=\"box has-hover gallery-box box-none\">\n              <div class=\"box-image\" style=\"width:67%;\">\n                <img loading=\"lazy\" decoding=\"async\" width=\"280\" height=\"280\" src=\"https:\/\/www.montanheiros.com\/wp-content\/uploads\/2019\/05\/big12_1537868450-280x280.jpg\" class=\"attachment-thumbnail size-thumbnail\" alt=\"\" ids=\"4883,4884,4885,4886,4887,4888,4889,4890,4891,4892,4893,4894\" style=\"none\" type=\"slider\" columns=\"1\" image_width=\"67\" image_size=\"thumbnail\" srcset=\"https:\/\/www.montanheiros.com\/wp-content\/uploads\/2019\/05\/big12_1537868450-280x280.jpg 280w, https:\/\/www.montanheiros.com\/wp-content\/uploads\/2019\/05\/big12_1537868450-300x300.jpg 300w, https:\/\/www.montanheiros.com\/wp-content\/uploads\/2019\/05\/big12_1537868450-100x100.jpg 100w\" sizes=\"auto, (max-width: 280px) 100vw, 280px\" \/>                                                              <\/div>\n              <div class=\"box-text text-left\" >\n                 <p>Concerto de Sitar no Algar do Carv\u00e3o (fotos de Margarida Quinteiro), 22set2018 - ilha Terceira<\/p>\n              <\/div>\n            <\/div>\n            <\/a>          <\/div>\n         <\/div><div class=\"gallery-col col\" >\n          <div class=\"col-inner\">\n            <a class=\"image-lightbox lightbox-gallery\" href=\"https:\/\/www.montanheiros.com\/wp-content\/uploads\/2019\/05\/big10_1537868448.jpg\" title=\"Concerto de Sitar no Algar do Carv\u00e3o (fotos de Margarida Quinteiro), 22set2018 - ilha Terceira\">            <div class=\"box has-hover gallery-box box-none\">\n              <div class=\"box-image\" style=\"width:67%;\">\n                <img loading=\"lazy\" decoding=\"async\" width=\"280\" height=\"280\" src=\"https:\/\/www.montanheiros.com\/wp-content\/uploads\/2019\/05\/big10_1537868448-280x280.jpg\" class=\"attachment-thumbnail size-thumbnail\" alt=\"\" ids=\"4883,4884,4885,4886,4887,4888,4889,4890,4891,4892,4893,4894\" style=\"none\" type=\"slider\" columns=\"1\" image_width=\"67\" image_size=\"thumbnail\" srcset=\"https:\/\/www.montanheiros.com\/wp-content\/uploads\/2019\/05\/big10_1537868448-280x280.jpg 280w, https:\/\/www.montanheiros.com\/wp-content\/uploads\/2019\/05\/big10_1537868448-300x300.jpg 300w, https:\/\/www.montanheiros.com\/wp-content\/uploads\/2019\/05\/big10_1537868448-100x100.jpg 100w\" sizes=\"auto, (max-width: 280px) 100vw, 280px\" \/>                                                              <\/div>\n              <div class=\"box-text text-left\" >\n                 <p>Concerto de Sitar no Algar do Carv\u00e3o (fotos de Margarida Quinteiro), 22set2018 - ilha Terceira<\/p>\n              <\/div>\n            <\/div>\n            <\/a>          <\/div>\n         <\/div><div class=\"gallery-col col\" >\n          <div class=\"col-inner\">\n            <a class=\"image-lightbox lightbox-gallery\" href=\"https:\/\/www.montanheiros.com\/wp-content\/uploads\/2019\/05\/big5_1537868436.jpg\" title=\"Concerto de Sitar no Algar do Carv\u00e3o (fotos de Margarida Quinteiro), 22set2018 - ilha Terceira\">            <div class=\"box has-hover gallery-box box-none\">\n              <div class=\"box-image\" style=\"width:67%;\">\n                <img loading=\"lazy\" decoding=\"async\" width=\"280\" height=\"280\" src=\"https:\/\/www.montanheiros.com\/wp-content\/uploads\/2019\/05\/big5_1537868436-280x280.jpg\" class=\"attachment-thumbnail size-thumbnail\" alt=\"\" ids=\"4883,4884,4885,4886,4887,4888,4889,4890,4891,4892,4893,4894\" style=\"none\" type=\"slider\" columns=\"1\" image_width=\"67\" image_size=\"thumbnail\" srcset=\"https:\/\/www.montanheiros.com\/wp-content\/uploads\/2019\/05\/big5_1537868436-280x280.jpg 280w, https:\/\/www.montanheiros.com\/wp-content\/uploads\/2019\/05\/big5_1537868436-300x300.jpg 300w, https:\/\/www.montanheiros.com\/wp-content\/uploads\/2019\/05\/big5_1537868436-100x100.jpg 100w\" sizes=\"auto, (max-width: 280px) 100vw, 280px\" \/>                                                              <\/div>\n              <div class=\"box-text text-left\" >\n                 <p>Concerto de Sitar no Algar do Carv\u00e3o (fotos de Margarida Quinteiro), 22set2018 - ilha Terceira<\/p>\n              <\/div>\n            <\/div>\n            <\/a>          <\/div>\n         <\/div><div class=\"gallery-col col\" >\n          <div class=\"col-inner\">\n            <a class=\"image-lightbox lightbox-gallery\" href=\"https:\/\/www.montanheiros.com\/wp-content\/uploads\/2019\/05\/big11_1537868449-534x800.jpg\" title=\"Concerto de Sitar no Algar do Carv\u00e3o (fotos de Margarida Quinteiro), 22set2018 - ilha Terceira\">            <div class=\"box has-hover gallery-box box-none\">\n              <div class=\"box-image\" style=\"width:67%;\">\n                <img loading=\"lazy\" decoding=\"async\" width=\"280\" height=\"280\" src=\"https:\/\/www.montanheiros.com\/wp-content\/uploads\/2019\/05\/big11_1537868449-280x280.jpg\" class=\"attachment-thumbnail size-thumbnail\" alt=\"\" ids=\"4883,4884,4885,4886,4887,4888,4889,4890,4891,4892,4893,4894\" style=\"none\" type=\"slider\" columns=\"1\" image_width=\"67\" image_size=\"thumbnail\" srcset=\"https:\/\/www.montanheiros.com\/wp-content\/uploads\/2019\/05\/big11_1537868449-280x280.jpg 280w, https:\/\/www.montanheiros.com\/wp-content\/uploads\/2019\/05\/big11_1537868449-300x300.jpg 300w, https:\/\/www.montanheiros.com\/wp-content\/uploads\/2019\/05\/big11_1537868449-100x100.jpg 100w\" sizes=\"auto, (max-width: 280px) 100vw, 280px\" \/>                                                              <\/div>\n              <div class=\"box-text text-left\" >\n                 <p>Concerto de Sitar no Algar do Carv\u00e3o (fotos de Margarida Quinteiro), 22set2018 - ilha Terceira<\/p>\n              <\/div>\n            <\/div>\n            <\/a>          <\/div>\n         <\/div><div class=\"gallery-col col\" >\n          <div class=\"col-inner\">\n            <a class=\"image-lightbox lightbox-gallery\" href=\"https:\/\/www.montanheiros.com\/wp-content\/uploads\/2019\/05\/big7_1537868441.jpg\" title=\"Concerto de Sitar no Algar do Carv\u00e3o (fotos de Margarida Quinteiro), 22set2018 - ilha Terceira\">            <div class=\"box has-hover gallery-box box-none\">\n              <div class=\"box-image\" style=\"width:67%;\">\n                <img loading=\"lazy\" decoding=\"async\" width=\"280\" height=\"280\" src=\"https:\/\/www.montanheiros.com\/wp-content\/uploads\/2019\/05\/big7_1537868441-280x280.jpg\" class=\"attachment-thumbnail size-thumbnail\" alt=\"\" ids=\"4883,4884,4885,4886,4887,4888,4889,4890,4891,4892,4893,4894\" style=\"none\" type=\"slider\" columns=\"1\" image_width=\"67\" image_size=\"thumbnail\" srcset=\"https:\/\/www.montanheiros.com\/wp-content\/uploads\/2019\/05\/big7_1537868441-280x280.jpg 280w, https:\/\/www.montanheiros.com\/wp-content\/uploads\/2019\/05\/big7_1537868441-300x300.jpg 300w, https:\/\/www.montanheiros.com\/wp-content\/uploads\/2019\/05\/big7_1537868441-100x100.jpg 100w\" sizes=\"auto, (max-width: 280px) 100vw, 280px\" \/>                                                              <\/div>\n              <div class=\"box-text text-left\" >\n                 <p>Concerto de Sitar no Algar do Carv\u00e3o (fotos de Margarida Quinteiro), 22set2018 - ilha Terceira<\/p>\n              <\/div>\n            <\/div>\n            <\/a>          <\/div>\n         <\/div><div class=\"gallery-col col\" >\n          <div class=\"col-inner\">\n            <a class=\"image-lightbox lightbox-gallery\" href=\"https:\/\/www.montanheiros.com\/wp-content\/uploads\/2019\/05\/big9_1537868447.jpg\" title=\"Concerto de Sitar no Algar do Carv\u00e3o (fotos de Margarida Quinteiro), 22set2018 - ilha Terceira\">            <div class=\"box has-hover gallery-box box-none\">\n              <div class=\"box-image\" style=\"width:67%;\">\n                <img loading=\"lazy\" decoding=\"async\" width=\"280\" height=\"280\" src=\"https:\/\/www.montanheiros.com\/wp-content\/uploads\/2019\/05\/big9_1537868447-280x280.jpg\" class=\"attachment-thumbnail size-thumbnail\" alt=\"\" ids=\"4883,4884,4885,4886,4887,4888,4889,4890,4891,4892,4893,4894\" style=\"none\" type=\"slider\" columns=\"1\" image_width=\"67\" image_size=\"thumbnail\" srcset=\"https:\/\/www.montanheiros.com\/wp-content\/uploads\/2019\/05\/big9_1537868447-280x280.jpg 280w, https:\/\/www.montanheiros.com\/wp-content\/uploads\/2019\/05\/big9_1537868447-300x300.jpg 300w, https:\/\/www.montanheiros.com\/wp-content\/uploads\/2019\/05\/big9_1537868447-100x100.jpg 100w\" sizes=\"auto, (max-width: 280px) 100vw, 280px\" \/>                                                              <\/div>\n              <div class=\"box-text text-left\" >\n                 <p>Concerto de Sitar no Algar do Carv\u00e3o (fotos de Margarida Quinteiro), 22set2018 - ilha Terceira<\/p>\n              <\/div>\n            <\/div>\n            <\/a>          <\/div>\n         <\/div><\/div>\n\n\n\t\t<\/div>\n\t\t\t\t\t<\/div>\n\n\t\n\n\t<div id=\"col-39398718\" class=\"col medium-3 small-12 large-3\"  >\n\t\t\t\t<div class=\"col-inner\"  >\n\t\t\t\n\t\t\t\n\n\n\t\t<\/div>\n\t\t\t\t\t<\/div>\n\n\t\n\n<\/div>\n<div class=\"container section-title-container\" ><h4 class=\"section-title section-title-normal\"><b><\/b><span class=\"section-title-main\" >2017<\/span><b><\/b><\/h4><\/div>\n\n<div class=\"row\"  id=\"row-620538437\">\n\n\n\t<div id=\"col-1502013143\" class=\"col medium-3 small-12 large-3\"  >\n\t\t\t\t<div class=\"col-inner\"  >\n\t\t\t\n\t\t\t\n\n<p>Clube de Observa\u00e7\u00e3o de Aves do Faial, visitou a Exposi\u00e7\u00e3o de Aves de R\u00faben Coelho, 09dez2017 &#8211; ilha Terceira<\/p>\n\n  \n    <div class=\"row large-columns-1 medium-columns- small-columns- slider row-slider slider-nav-reveal\"  data-flickity-options='{\"imagesLoaded\": true, \"groupCells\": \"100%\", \"dragThreshold\" : 5, \"cellAlign\": \"left\",\"wrapAround\": true,\"prevNextButtons\": true,\"percentPosition\": true,\"pageDots\": false, \"rightToLeft\": false, \"autoPlay\" : false}'>\n\n  <div class=\"gallery-col col\" >\n          <div class=\"col-inner\">\n            <a class=\"image-lightbox lightbox-gallery\" href=\"https:\/\/www.montanheiros.com\/wp-content\/uploads\/2019\/05\/big1_1513767151.jpeg\" title=\"Clube de Observa\u00e7\u00e3o de Aves do Faial, visitou a Exposi\u00e7\u00e3o de Aves de R\u00faben Coelho, 09dez2017 - ilha Terceira\">            <div class=\"box has-hover gallery-box box-none\">\n              <div class=\"box-image\" style=\"width:67%;\">\n                <img loading=\"lazy\" decoding=\"async\" width=\"280\" height=\"280\" src=\"https:\/\/www.montanheiros.com\/wp-content\/uploads\/2019\/05\/big1_1513767151-280x280.jpeg\" class=\"attachment-thumbnail size-thumbnail\" alt=\"\" ids=\"4876\" style=\"none\" type=\"slider\" columns=\"1\" image_width=\"67\" image_size=\"thumbnail\" srcset=\"https:\/\/www.montanheiros.com\/wp-content\/uploads\/2019\/05\/big1_1513767151-280x280.jpeg 280w, https:\/\/www.montanheiros.com\/wp-content\/uploads\/2019\/05\/big1_1513767151-300x300.jpeg 300w, https:\/\/www.montanheiros.com\/wp-content\/uploads\/2019\/05\/big1_1513767151-100x100.jpeg 100w\" sizes=\"auto, (max-width: 280px) 100vw, 280px\" \/>                                                              <\/div>\n              <div class=\"box-text text-left\" >\n                 <p>Clube de Observa\u00e7\u00e3o de Aves do Faial, visitou a Exposi\u00e7\u00e3o de Aves de R\u00faben Coelho, 09dez2017 - ilha Terceira<\/p>\n              <\/div>\n            <\/div>\n            <\/a>          <\/div>\n         <\/div><\/div>\n\n\n\t\t<\/div>\n\t\t\t\t\t<\/div>\n\n\t\n\n\t<div id=\"col-979880936\" class=\"col medium-3 small-12 large-3\"  >\n\t\t\t\t<div class=\"col-inner\"  >\n\t\t\t\n\t\t\t\n\n<p>Equipa de filmagens com Diogo Morgado, no Algar do Carv\u00e3o, 22out2017 &#8211; ilha Terceira<\/p>\n\n  \n    <div class=\"row large-columns-1 medium-columns- small-columns- slider row-slider slider-nav-reveal\"  data-flickity-options='{\"imagesLoaded\": true, \"groupCells\": \"100%\", \"dragThreshold\" : 5, \"cellAlign\": \"left\",\"wrapAround\": true,\"prevNextButtons\": true,\"percentPosition\": true,\"pageDots\": false, \"rightToLeft\": false, \"autoPlay\" : false}'>\n\n  <div class=\"gallery-col col\" >\n          <div class=\"col-inner\">\n            <a class=\"image-lightbox lightbox-gallery\" href=\"https:\/\/www.montanheiros.com\/wp-content\/uploads\/2019\/05\/big1_1513766971.jpg\" title=\"Equipa de filmagens com Diogo Morgado, no Algar do Carv\u00e3o, 22out2017 - ilha Terceira\">            <div class=\"box has-hover gallery-box box-none\">\n              <div class=\"box-image\" style=\"width:67%;\">\n                <img loading=\"lazy\" decoding=\"async\" width=\"280\" height=\"280\" src=\"https:\/\/www.montanheiros.com\/wp-content\/uploads\/2019\/05\/big1_1513766971-280x280.jpg\" class=\"attachment-thumbnail size-thumbnail\" alt=\"\" ids=\"4874\" style=\"none\" type=\"slider\" columns=\"1\" image_width=\"67\" image_size=\"thumbnail\" srcset=\"https:\/\/www.montanheiros.com\/wp-content\/uploads\/2019\/05\/big1_1513766971-280x280.jpg 280w, https:\/\/www.montanheiros.com\/wp-content\/uploads\/2019\/05\/big1_1513766971-300x300.jpg 300w, https:\/\/www.montanheiros.com\/wp-content\/uploads\/2019\/05\/big1_1513766971-100x100.jpg 100w\" sizes=\"auto, (max-width: 280px) 100vw, 280px\" \/>                                                              <\/div>\n              <div class=\"box-text text-left\" >\n                 <p>Equipa de filmagens com Diogo Morgado, no Algar do Carv\u00e3o, 22out2017 - ilha Terceira<\/p>\n              <\/div>\n            <\/div>\n            <\/a>          <\/div>\n         <\/div><\/div>\n\n\n\t\t<\/div>\n\t\t\t\t\t<\/div>\n\n\t\n\n\t<div id=\"col-756727080\" class=\"col medium-3 small-12 large-3\"  >\n\t\t\t\t<div class=\"col-inner\"  >\n\t\t\t\n\t\t\t\n\n<p>Desfile do Desporto nas Sanjoaninas, Clube Desportivo Os Montanheiros, 29jun2017 &#8211; ilha Terceira<\/p>\n\n  \n    <div class=\"row large-columns-1 medium-columns- small-columns- slider row-slider slider-nav-reveal\"  data-flickity-options='{\"imagesLoaded\": true, \"groupCells\": \"100%\", \"dragThreshold\" : 5, \"cellAlign\": \"left\",\"wrapAround\": true,\"prevNextButtons\": true,\"percentPosition\": true,\"pageDots\": false, \"rightToLeft\": false, \"autoPlay\" : false}'>\n\n  <div class=\"gallery-col col\" >\n          <div class=\"col-inner\">\n            <a class=\"image-lightbox lightbox-gallery\" href=\"https:\/\/www.montanheiros.com\/wp-content\/uploads\/2019\/05\/big1_1498837644.jpg\" title=\"Desfile do Desporto nas Sanjoaninas, Clube Desportivo Os Montanheiros, 29jun2017 - ilha Terceira\">            <div class=\"box has-hover gallery-box box-none\">\n              <div class=\"box-image\" style=\"width:67%;\">\n                <img loading=\"lazy\" decoding=\"async\" width=\"280\" height=\"280\" src=\"https:\/\/www.montanheiros.com\/wp-content\/uploads\/2019\/05\/big1_1498837644-280x280.jpg\" class=\"attachment-thumbnail size-thumbnail\" alt=\"\" ids=\"4867,4868,4869,4870,4871,4872\" style=\"none\" type=\"slider\" columns=\"1\" image_width=\"67\" image_size=\"thumbnail\" srcset=\"https:\/\/www.montanheiros.com\/wp-content\/uploads\/2019\/05\/big1_1498837644-280x280.jpg 280w, https:\/\/www.montanheiros.com\/wp-content\/uploads\/2019\/05\/big1_1498837644-300x300.jpg 300w, https:\/\/www.montanheiros.com\/wp-content\/uploads\/2019\/05\/big1_1498837644-100x100.jpg 100w\" sizes=\"auto, (max-width: 280px) 100vw, 280px\" \/>                                                              <\/div>\n              <div class=\"box-text text-left\" >\n                 <p>Desfile do Desporto nas Sanjoaninas, Clube Desportivo Os Montanheiros, 29jun2017 - ilha Terceira<\/p>\n              <\/div>\n            <\/div>\n            <\/a>          <\/div>\n         <\/div><div class=\"gallery-col col\" >\n          <div class=\"col-inner\">\n            <a class=\"image-lightbox lightbox-gallery\" href=\"https:\/\/www.montanheiros.com\/wp-content\/uploads\/2019\/05\/big4_1498837652.jpg\" title=\"Desfile do Desporto nas Sanjoaninas, Clube Desportivo Os Montanheiros, 29jun2017 - ilha Terceira\">            <div class=\"box has-hover gallery-box box-none\">\n              <div class=\"box-image\" style=\"width:67%;\">\n                <img loading=\"lazy\" decoding=\"async\" width=\"280\" height=\"280\" src=\"https:\/\/www.montanheiros.com\/wp-content\/uploads\/2019\/05\/big4_1498837652-280x280.jpg\" class=\"attachment-thumbnail size-thumbnail\" alt=\"\" ids=\"4867,4868,4869,4870,4871,4872\" style=\"none\" type=\"slider\" columns=\"1\" image_width=\"67\" image_size=\"thumbnail\" srcset=\"https:\/\/www.montanheiros.com\/wp-content\/uploads\/2019\/05\/big4_1498837652-280x280.jpg 280w, https:\/\/www.montanheiros.com\/wp-content\/uploads\/2019\/05\/big4_1498837652-300x300.jpg 300w, https:\/\/www.montanheiros.com\/wp-content\/uploads\/2019\/05\/big4_1498837652-100x100.jpg 100w\" sizes=\"auto, (max-width: 280px) 100vw, 280px\" \/>                                                              <\/div>\n              <div class=\"box-text text-left\" >\n                 <p>Desfile do Desporto nas Sanjoaninas, Clube Desportivo Os Montanheiros, 29jun2017 - ilha Terceira<\/p>\n              <\/div>\n            <\/div>\n            <\/a>          <\/div>\n         <\/div><div class=\"gallery-col col\" >\n          <div class=\"col-inner\">\n            <a class=\"image-lightbox lightbox-gallery\" href=\"https:\/\/www.montanheiros.com\/wp-content\/uploads\/2019\/05\/big6_1498837702.jpg\" title=\"Desfile do Desporto nas Sanjoaninas, Clube Desportivo Os Montanheiros, 29jun2017 - ilha Terceira\">            <div class=\"box has-hover gallery-box box-none\">\n              <div class=\"box-image\" style=\"width:67%;\">\n                <img loading=\"lazy\" decoding=\"async\" width=\"280\" height=\"280\" src=\"https:\/\/www.montanheiros.com\/wp-content\/uploads\/2019\/05\/big6_1498837702-280x280.jpg\" class=\"attachment-thumbnail size-thumbnail\" alt=\"\" ids=\"4867,4868,4869,4870,4871,4872\" style=\"none\" type=\"slider\" columns=\"1\" image_width=\"67\" image_size=\"thumbnail\" srcset=\"https:\/\/www.montanheiros.com\/wp-content\/uploads\/2019\/05\/big6_1498837702-280x280.jpg 280w, https:\/\/www.montanheiros.com\/wp-content\/uploads\/2019\/05\/big6_1498837702-300x300.jpg 300w, https:\/\/www.montanheiros.com\/wp-content\/uploads\/2019\/05\/big6_1498837702-100x100.jpg 100w\" sizes=\"auto, (max-width: 280px) 100vw, 280px\" \/>                                                              <\/div>\n              <div class=\"box-text text-left\" >\n                 <p>Desfile do Desporto nas Sanjoaninas, Clube Desportivo Os Montanheiros, 29jun2017 - ilha Terceira<\/p>\n              <\/div>\n            <\/div>\n            <\/a>          <\/div>\n         <\/div><div class=\"gallery-col col\" >\n          <div class=\"col-inner\">\n            <a class=\"image-lightbox lightbox-gallery\" href=\"https:\/\/www.montanheiros.com\/wp-content\/uploads\/2019\/05\/big2_1498837650.jpg\" title=\"Desfile do Desporto nas Sanjoaninas, Clube Desportivo Os Montanheiros, 29jun2017 - ilha Terceira\">            <div class=\"box has-hover gallery-box box-none\">\n              <div class=\"box-image\" style=\"width:67%;\">\n                <img loading=\"lazy\" decoding=\"async\" width=\"280\" height=\"280\" src=\"https:\/\/www.montanheiros.com\/wp-content\/uploads\/2019\/05\/big2_1498837650-280x280.jpg\" class=\"attachment-thumbnail size-thumbnail\" alt=\"\" ids=\"4867,4868,4869,4870,4871,4872\" style=\"none\" type=\"slider\" columns=\"1\" image_width=\"67\" image_size=\"thumbnail\" srcset=\"https:\/\/www.montanheiros.com\/wp-content\/uploads\/2019\/05\/big2_1498837650-280x280.jpg 280w, https:\/\/www.montanheiros.com\/wp-content\/uploads\/2019\/05\/big2_1498837650-300x300.jpg 300w, https:\/\/www.montanheiros.com\/wp-content\/uploads\/2019\/05\/big2_1498837650-100x100.jpg 100w\" sizes=\"auto, (max-width: 280px) 100vw, 280px\" \/>                                                              <\/div>\n              <div class=\"box-text text-left\" >\n                 <p>Desfile do Desporto nas Sanjoaninas, Clube Desportivo Os Montanheiros, 29jun2017 - ilha Terceira<\/p>\n              <\/div>\n            <\/div>\n            <\/a>          <\/div>\n         <\/div><div class=\"gallery-col col\" >\n          <div class=\"col-inner\">\n            <a class=\"image-lightbox lightbox-gallery\" href=\"https:\/\/www.montanheiros.com\/wp-content\/uploads\/2019\/05\/big3_1498837651.jpg\" title=\"Desfile do Desporto nas Sanjoaninas, Clube Desportivo Os Montanheiros, 29jun2017 - ilha Terceira\">            <div class=\"box has-hover gallery-box box-none\">\n              <div class=\"box-image\" style=\"width:67%;\">\n                <img loading=\"lazy\" decoding=\"async\" width=\"280\" height=\"280\" src=\"https:\/\/www.montanheiros.com\/wp-content\/uploads\/2019\/05\/big3_1498837651-280x280.jpg\" class=\"attachment-thumbnail size-thumbnail\" alt=\"\" ids=\"4867,4868,4869,4870,4871,4872\" style=\"none\" type=\"slider\" columns=\"1\" image_width=\"67\" image_size=\"thumbnail\" srcset=\"https:\/\/www.montanheiros.com\/wp-content\/uploads\/2019\/05\/big3_1498837651-280x280.jpg 280w, https:\/\/www.montanheiros.com\/wp-content\/uploads\/2019\/05\/big3_1498837651-300x300.jpg 300w, https:\/\/www.montanheiros.com\/wp-content\/uploads\/2019\/05\/big3_1498837651-100x100.jpg 100w\" sizes=\"auto, (max-width: 280px) 100vw, 280px\" \/>                                                              <\/div>\n              <div class=\"box-text text-left\" >\n                 <p>Desfile do Desporto nas Sanjoaninas, Clube Desportivo Os Montanheiros, 29jun2017 - ilha Terceira<\/p>\n              <\/div>\n            <\/div>\n            <\/a>          <\/div>\n         <\/div><div class=\"gallery-col col\" >\n          <div class=\"col-inner\">\n            <a class=\"image-lightbox lightbox-gallery\" href=\"https:\/\/www.montanheiros.com\/wp-content\/uploads\/2019\/05\/big5_1498837656.jpg\" title=\"Desfile do Desporto nas Sanjoaninas, Clube Desportivo Os Montanheiros, 29jun2017 - ilha Terceira\">            <div class=\"box has-hover gallery-box box-none\">\n              <div class=\"box-image\" style=\"width:67%;\">\n                <img loading=\"lazy\" decoding=\"async\" width=\"280\" height=\"280\" src=\"https:\/\/www.montanheiros.com\/wp-content\/uploads\/2019\/05\/big5_1498837656-280x280.jpg\" class=\"attachment-thumbnail size-thumbnail\" alt=\"\" ids=\"4867,4868,4869,4870,4871,4872\" style=\"none\" type=\"slider\" columns=\"1\" image_width=\"67\" image_size=\"thumbnail\" srcset=\"https:\/\/www.montanheiros.com\/wp-content\/uploads\/2019\/05\/big5_1498837656-280x280.jpg 280w, https:\/\/www.montanheiros.com\/wp-content\/uploads\/2019\/05\/big5_1498837656-300x300.jpg 300w, https:\/\/www.montanheiros.com\/wp-content\/uploads\/2019\/05\/big5_1498837656-100x100.jpg 100w\" sizes=\"auto, (max-width: 280px) 100vw, 280px\" \/>                                                              <\/div>\n              <div class=\"box-text text-left\" >\n                 <p>Desfile do Desporto nas Sanjoaninas, Clube Desportivo Os Montanheiros, 29jun2017 - ilha Terceira<\/p>\n              <\/div>\n            <\/div>\n            <\/a>          <\/div>\n         <\/div><\/div>\n\n\n\t\t<\/div>\n\t\t\t\t\t<\/div>\n\n\t\n\n\t<div id=\"col-1222044484\" class=\"col medium-3 small-12 large-3\"  >\n\t\t\t\t<div class=\"col-inner\"  >\n\t\t\t\n\t\t\t\n\n<p>P\u00e9zinho das Festas dos Quatro Cantos, 07jun2017 &#8211; ilha Terceira<\/p>\n\n  \n    <div class=\"row large-columns-1 medium-columns- small-columns- slider row-slider slider-nav-reveal\"  data-flickity-options='{\"imagesLoaded\": true, \"groupCells\": \"100%\", \"dragThreshold\" : 5, \"cellAlign\": \"left\",\"wrapAround\": true,\"prevNextButtons\": true,\"percentPosition\": true,\"pageDots\": false, \"rightToLeft\": false, \"autoPlay\" : false}'>\n\n  <div class=\"gallery-col col\" >\n          <div class=\"col-inner\">\n            <a class=\"image-lightbox lightbox-gallery\" href=\"https:\/\/www.montanheiros.com\/wp-content\/uploads\/2019\/05\/big5_1498732505.jpg\" title=\"P\u00e9zinho das Festas dos Quatro Cantos, 07jun2017 - ilha Terceira\">            <div class=\"box has-hover gallery-box box-none\">\n              <div class=\"box-image\" style=\"width:67%;\">\n                <img loading=\"lazy\" decoding=\"async\" width=\"280\" height=\"280\" src=\"https:\/\/www.montanheiros.com\/wp-content\/uploads\/2019\/05\/big5_1498732505-280x280.jpg\" class=\"attachment-thumbnail size-thumbnail\" alt=\"\" ids=\"4857,4858,4859,4860,4861,4862,4863,4864,4865\" style=\"none\" type=\"slider\" columns=\"1\" image_width=\"67\" image_size=\"thumbnail\" srcset=\"https:\/\/www.montanheiros.com\/wp-content\/uploads\/2019\/05\/big5_1498732505-280x280.jpg 280w, https:\/\/www.montanheiros.com\/wp-content\/uploads\/2019\/05\/big5_1498732505-300x300.jpg 300w, https:\/\/www.montanheiros.com\/wp-content\/uploads\/2019\/05\/big5_1498732505-100x100.jpg 100w\" sizes=\"auto, (max-width: 280px) 100vw, 280px\" \/>                                                              <\/div>\n              <div class=\"box-text text-left\" >\n                 <p>P\u00e9zinho das Festas dos Quatro Cantos, 07jun2017 - ilha Terceira<\/p>\n              <\/div>\n            <\/div>\n            <\/a>          <\/div>\n         <\/div><div class=\"gallery-col col\" >\n          <div class=\"col-inner\">\n            <a class=\"image-lightbox lightbox-gallery\" href=\"https:\/\/www.montanheiros.com\/wp-content\/uploads\/2019\/05\/big12_1498732865.jpg\" title=\"P\u00e9zinho das Festas dos Quatro Cantos, 07jun2017 - ilha Terceira\">            <div class=\"box has-hover gallery-box box-none\">\n              <div class=\"box-image\" style=\"width:67%;\">\n                <img loading=\"lazy\" decoding=\"async\" width=\"280\" height=\"280\" src=\"https:\/\/www.montanheiros.com\/wp-content\/uploads\/2019\/05\/big12_1498732865-280x280.jpg\" class=\"attachment-thumbnail size-thumbnail\" alt=\"\" ids=\"4857,4858,4859,4860,4861,4862,4863,4864,4865\" style=\"none\" type=\"slider\" columns=\"1\" image_width=\"67\" image_size=\"thumbnail\" srcset=\"https:\/\/www.montanheiros.com\/wp-content\/uploads\/2019\/05\/big12_1498732865-280x280.jpg 280w, https:\/\/www.montanheiros.com\/wp-content\/uploads\/2019\/05\/big12_1498732865-300x300.jpg 300w, https:\/\/www.montanheiros.com\/wp-content\/uploads\/2019\/05\/big12_1498732865-100x100.jpg 100w\" sizes=\"auto, (max-width: 280px) 100vw, 280px\" \/>                                                              <\/div>\n              <div class=\"box-text text-left\" >\n                 <p>P\u00e9zinho das Festas dos Quatro Cantos, 07jun2017 - ilha Terceira<\/p>\n              <\/div>\n            <\/div>\n            <\/a>          <\/div>\n         <\/div><div class=\"gallery-col col\" >\n          <div class=\"col-inner\">\n            <a class=\"image-lightbox lightbox-gallery\" href=\"https:\/\/www.montanheiros.com\/wp-content\/uploads\/2019\/05\/big2_1498732474.jpg\" title=\"P\u00e9zinho das Festas dos Quatro Cantos, 07jun2017 - ilha Terceira\">            <div class=\"box has-hover gallery-box box-none\">\n              <div class=\"box-image\" style=\"width:67%;\">\n                <img loading=\"lazy\" decoding=\"async\" width=\"280\" height=\"280\" src=\"https:\/\/www.montanheiros.com\/wp-content\/uploads\/2019\/05\/big2_1498732474-280x280.jpg\" class=\"attachment-thumbnail size-thumbnail\" alt=\"\" ids=\"4857,4858,4859,4860,4861,4862,4863,4864,4865\" style=\"none\" type=\"slider\" columns=\"1\" image_width=\"67\" image_size=\"thumbnail\" srcset=\"https:\/\/www.montanheiros.com\/wp-content\/uploads\/2019\/05\/big2_1498732474-280x280.jpg 280w, https:\/\/www.montanheiros.com\/wp-content\/uploads\/2019\/05\/big2_1498732474-300x300.jpg 300w, https:\/\/www.montanheiros.com\/wp-content\/uploads\/2019\/05\/big2_1498732474-100x100.jpg 100w\" sizes=\"auto, (max-width: 280px) 100vw, 280px\" \/>                                                              <\/div>\n              <div class=\"box-text text-left\" >\n                 <p>P\u00e9zinho das Festas dos Quatro Cantos, 07jun2017 - ilha Terceira<\/p>\n              <\/div>\n            <\/div>\n            <\/a>          <\/div>\n         <\/div><div class=\"gallery-col col\" >\n          <div class=\"col-inner\">\n            <a class=\"image-lightbox lightbox-gallery\" href=\"https:\/\/www.montanheiros.com\/wp-content\/uploads\/2019\/05\/big9_1498732629.jpg\" title=\"P\u00e9zinho das Festas dos Quatro Cantos, 07jun2017 - ilha Terceira\">            <div class=\"box has-hover gallery-box box-none\">\n              <div class=\"box-image\" style=\"width:67%;\">\n                <img loading=\"lazy\" decoding=\"async\" width=\"280\" height=\"280\" src=\"https:\/\/www.montanheiros.com\/wp-content\/uploads\/2019\/05\/big9_1498732629-280x280.jpg\" class=\"attachment-thumbnail size-thumbnail\" alt=\"\" ids=\"4857,4858,4859,4860,4861,4862,4863,4864,4865\" style=\"none\" type=\"slider\" columns=\"1\" image_width=\"67\" image_size=\"thumbnail\" srcset=\"https:\/\/www.montanheiros.com\/wp-content\/uploads\/2019\/05\/big9_1498732629-280x280.jpg 280w, https:\/\/www.montanheiros.com\/wp-content\/uploads\/2019\/05\/big9_1498732629-300x300.jpg 300w, https:\/\/www.montanheiros.com\/wp-content\/uploads\/2019\/05\/big9_1498732629-100x100.jpg 100w\" sizes=\"auto, (max-width: 280px) 100vw, 280px\" \/>                                                              <\/div>\n              <div class=\"box-text text-left\" >\n                 <p>P\u00e9zinho das Festas dos Quatro Cantos, 07jun2017 - ilha Terceira<\/p>\n              <\/div>\n            <\/div>\n            <\/a>          <\/div>\n         <\/div><div class=\"gallery-col col\" >\n          <div class=\"col-inner\">\n            <a class=\"image-lightbox lightbox-gallery\" href=\"https:\/\/www.montanheiros.com\/wp-content\/uploads\/2019\/05\/big1_1498732444.jpg\" title=\"P\u00e9zinho das Festas dos Quatro Cantos, 07jun2017 - ilha Terceira\">            <div class=\"box has-hover gallery-box box-none\">\n              <div class=\"box-image\" style=\"width:67%;\">\n                <img loading=\"lazy\" decoding=\"async\" width=\"280\" height=\"280\" src=\"https:\/\/www.montanheiros.com\/wp-content\/uploads\/2019\/05\/big1_1498732444-280x280.jpg\" class=\"attachment-thumbnail size-thumbnail\" alt=\"\" ids=\"4857,4858,4859,4860,4861,4862,4863,4864,4865\" style=\"none\" type=\"slider\" columns=\"1\" image_width=\"67\" image_size=\"thumbnail\" srcset=\"https:\/\/www.montanheiros.com\/wp-content\/uploads\/2019\/05\/big1_1498732444-280x280.jpg 280w, https:\/\/www.montanheiros.com\/wp-content\/uploads\/2019\/05\/big1_1498732444-300x300.jpg 300w, https:\/\/www.montanheiros.com\/wp-content\/uploads\/2019\/05\/big1_1498732444-100x100.jpg 100w\" sizes=\"auto, (max-width: 280px) 100vw, 280px\" \/>                                                              <\/div>\n              <div class=\"box-text text-left\" >\n                 <p>P\u00e9zinho das Festas dos Quatro Cantos, 07jun2017 - ilha Terceira<\/p>\n              <\/div>\n            <\/div>\n            <\/a>          <\/div>\n         <\/div><div class=\"gallery-col col\" >\n          <div class=\"col-inner\">\n            <a class=\"image-lightbox lightbox-gallery\" href=\"https:\/\/www.montanheiros.com\/wp-content\/uploads\/2019\/05\/big4_1498732492.jpg\" title=\"P\u00e9zinho das Festas dos Quatro Cantos, 07jun2017 - ilha Terceira\">            <div class=\"box has-hover gallery-box box-none\">\n              <div class=\"box-image\" style=\"width:67%;\">\n                <img loading=\"lazy\" decoding=\"async\" width=\"280\" height=\"280\" src=\"https:\/\/www.montanheiros.com\/wp-content\/uploads\/2019\/05\/big4_1498732492-280x280.jpg\" class=\"attachment-thumbnail size-thumbnail\" alt=\"\" ids=\"4857,4858,4859,4860,4861,4862,4863,4864,4865\" style=\"none\" type=\"slider\" columns=\"1\" image_width=\"67\" image_size=\"thumbnail\" srcset=\"https:\/\/www.montanheiros.com\/wp-content\/uploads\/2019\/05\/big4_1498732492-280x280.jpg 280w, https:\/\/www.montanheiros.com\/wp-content\/uploads\/2019\/05\/big4_1498732492-300x300.jpg 300w, https:\/\/www.montanheiros.com\/wp-content\/uploads\/2019\/05\/big4_1498732492-100x100.jpg 100w\" sizes=\"auto, (max-width: 280px) 100vw, 280px\" \/>                                                              <\/div>\n              <div class=\"box-text text-left\" >\n                 <p>P\u00e9zinho das Festas dos Quatro Cantos, 07jun2017 - ilha Terceira<\/p>\n              <\/div>\n            <\/div>\n            <\/a>          <\/div>\n         <\/div><div class=\"gallery-col col\" >\n          <div class=\"col-inner\">\n            <a class=\"image-lightbox lightbox-gallery\" href=\"https:\/\/www.montanheiros.com\/wp-content\/uploads\/2019\/05\/big6_1498732517.jpg\" title=\"P\u00e9zinho das Festas dos Quatro Cantos, 07jun2017 - ilha Terceira\">            <div class=\"box has-hover gallery-box box-none\">\n              <div class=\"box-image\" style=\"width:67%;\">\n                <img loading=\"lazy\" decoding=\"async\" width=\"280\" height=\"280\" src=\"https:\/\/www.montanheiros.com\/wp-content\/uploads\/2019\/05\/big6_1498732517-280x280.jpg\" class=\"attachment-thumbnail size-thumbnail\" alt=\"\" ids=\"4857,4858,4859,4860,4861,4862,4863,4864,4865\" style=\"none\" type=\"slider\" columns=\"1\" image_width=\"67\" image_size=\"thumbnail\" srcset=\"https:\/\/www.montanheiros.com\/wp-content\/uploads\/2019\/05\/big6_1498732517-280x280.jpg 280w, https:\/\/www.montanheiros.com\/wp-content\/uploads\/2019\/05\/big6_1498732517-300x300.jpg 300w, https:\/\/www.montanheiros.com\/wp-content\/uploads\/2019\/05\/big6_1498732517-100x100.jpg 100w\" sizes=\"auto, (max-width: 280px) 100vw, 280px\" \/>                                                              <\/div>\n              <div class=\"box-text text-left\" >\n                 <p>P\u00e9zinho das Festas dos Quatro Cantos, 07jun2017 - ilha Terceira<\/p>\n              <\/div>\n            <\/div>\n            <\/a>          <\/div>\n         <\/div><div class=\"gallery-col col\" >\n          <div class=\"col-inner\">\n            <a class=\"image-lightbox lightbox-gallery\" href=\"https:\/\/www.montanheiros.com\/wp-content\/uploads\/2019\/05\/big3_1498732480.jpg\" title=\"P\u00e9zinho das Festas dos Quatro Cantos, 07jun2017 - ilha Terceira\">            <div class=\"box has-hover gallery-box box-none\">\n              <div class=\"box-image\" style=\"width:67%;\">\n                <img loading=\"lazy\" decoding=\"async\" width=\"280\" height=\"280\" src=\"https:\/\/www.montanheiros.com\/wp-content\/uploads\/2019\/05\/big3_1498732480-280x280.jpg\" class=\"attachment-thumbnail size-thumbnail\" alt=\"\" ids=\"4857,4858,4859,4860,4861,4862,4863,4864,4865\" style=\"none\" type=\"slider\" columns=\"1\" image_width=\"67\" image_size=\"thumbnail\" srcset=\"https:\/\/www.montanheiros.com\/wp-content\/uploads\/2019\/05\/big3_1498732480-280x280.jpg 280w, https:\/\/www.montanheiros.com\/wp-content\/uploads\/2019\/05\/big3_1498732480-300x300.jpg 300w, https:\/\/www.montanheiros.com\/wp-content\/uploads\/2019\/05\/big3_1498732480-100x100.jpg 100w\" sizes=\"auto, (max-width: 280px) 100vw, 280px\" \/>                                                              <\/div>\n              <div class=\"box-text text-left\" >\n                 <p>P\u00e9zinho das Festas dos Quatro Cantos, 07jun2017 - ilha Terceira<\/p>\n              <\/div>\n            <\/div>\n            <\/a>          <\/div>\n         <\/div><div class=\"gallery-col col\" >\n          <div class=\"col-inner\">\n            <a class=\"image-lightbox lightbox-gallery\" href=\"https:\/\/www.montanheiros.com\/wp-content\/uploads\/2019\/05\/big10_1498732638.jpg\" title=\"P\u00e9zinho das Festas dos Quatro Cantos, 07jun2017 - ilha Terceira\">            <div class=\"box has-hover gallery-box box-none\">\n              <div class=\"box-image\" style=\"width:67%;\">\n                <img loading=\"lazy\" decoding=\"async\" width=\"280\" height=\"280\" src=\"https:\/\/www.montanheiros.com\/wp-content\/uploads\/2019\/05\/big10_1498732638-280x280.jpg\" class=\"attachment-thumbnail size-thumbnail\" alt=\"\" ids=\"4857,4858,4859,4860,4861,4862,4863,4864,4865\" style=\"none\" type=\"slider\" columns=\"1\" image_width=\"67\" image_size=\"thumbnail\" srcset=\"https:\/\/www.montanheiros.com\/wp-content\/uploads\/2019\/05\/big10_1498732638-280x280.jpg 280w, https:\/\/www.montanheiros.com\/wp-content\/uploads\/2019\/05\/big10_1498732638-300x300.jpg 300w, https:\/\/www.montanheiros.com\/wp-content\/uploads\/2019\/05\/big10_1498732638-100x100.jpg 100w\" sizes=\"auto, (max-width: 280px) 100vw, 280px\" \/>                                                              <\/div>\n              <div class=\"box-text text-left\" >\n                 <p>P\u00e9zinho das Festas dos Quatro Cantos, 07jun2017 - ilha Terceira<\/p>\n              <\/div>\n            <\/div>\n            <\/a>          <\/div>\n         <\/div><\/div>\n\n\n\t\t<\/div>\n\t\t\t\t\t<\/div>\n\n\t\n\n<\/div>\n<div class=\"row\"  id=\"row-2071988727\">\n\n\n\t<div id=\"col-1875394103\" class=\"col medium-3 small-12 large-3\"  >\n\t\t\t\t<div class=\"col-inner\"  >\n\t\t\t\n\t\t\t\n\n<p>Limpeza de vegeta\u00e7\u00e3o junto \u00e0 abertuda do Algar do Carv\u00e3o com a colabora\u00e7\u00e3o dos Servi\u00e7os Florestais, 14mar2017 &#8211; ilha Terceira<\/p>\n\n  \n    <div class=\"row large-columns-1 medium-columns- small-columns- slider row-slider slider-nav-reveal\"  data-flickity-options='{\"imagesLoaded\": true, \"groupCells\": \"100%\", \"dragThreshold\" : 5, \"cellAlign\": \"left\",\"wrapAround\": true,\"prevNextButtons\": true,\"percentPosition\": true,\"pageDots\": false, \"rightToLeft\": false, \"autoPlay\" : false}'>\n\n  <div class=\"gallery-col col\" >\n          <div class=\"col-inner\">\n            <a class=\"image-lightbox lightbox-gallery\" href=\"https:\/\/www.montanheiros.com\/wp-content\/uploads\/2019\/05\/big1_1489509301-533x800.jpg\" title=\"Limpeza de vegeta\u00e7\u00e3o junto \u00e0 abertuda do Algar do Carv\u00e3o com a colabora\u00e7\u00e3o dos Servi\u00e7os Florestais, 14mar2017 - ilha Terceira\">            <div class=\"box has-hover gallery-box box-none\">\n              <div class=\"box-image\" style=\"width:59%;\">\n                <img loading=\"lazy\" decoding=\"async\" width=\"280\" height=\"280\" src=\"https:\/\/www.montanheiros.com\/wp-content\/uploads\/2019\/05\/big1_1489509301-280x280.jpg\" class=\"attachment-thumbnail size-thumbnail\" alt=\"\" ids=\"4846,4847,4848,4849,4850,4851,4852,4853,4854,4855\" style=\"none\" type=\"slider\" columns=\"1\" image_width=\"59\" image_size=\"thumbnail\" srcset=\"https:\/\/www.montanheiros.com\/wp-content\/uploads\/2019\/05\/big1_1489509301-280x280.jpg 280w, https:\/\/www.montanheiros.com\/wp-content\/uploads\/2019\/05\/big1_1489509301-300x300.jpg 300w, https:\/\/www.montanheiros.com\/wp-content\/uploads\/2019\/05\/big1_1489509301-100x100.jpg 100w\" sizes=\"auto, (max-width: 280px) 100vw, 280px\" \/>                                                              <\/div>\n              <div class=\"box-text text-left\" >\n                 <p>Limpeza de vegeta\u00e7\u00e3o junto \u00e0 abertuda do Algar do Carv\u00e3o com a colabora\u00e7\u00e3o dos Servi\u00e7os Florestais, 14mar2017 - ilha Terceira<\/p>\n              <\/div>\n            <\/div>\n            <\/a>          <\/div>\n         <\/div><div class=\"gallery-col col\" >\n          <div class=\"col-inner\">\n            <a class=\"image-lightbox lightbox-gallery\" href=\"https:\/\/www.montanheiros.com\/wp-content\/uploads\/2019\/05\/big6_1489509322.jpg\" title=\"Limpeza de vegeta\u00e7\u00e3o junto \u00e0 abertuda do Algar do Carv\u00e3o com a colabora\u00e7\u00e3o dos Servi\u00e7os Florestais, 14mar2017 - ilha Terceira\">            <div class=\"box has-hover gallery-box box-none\">\n              <div class=\"box-image\" style=\"width:59%;\">\n                <img loading=\"lazy\" decoding=\"async\" width=\"280\" height=\"280\" src=\"https:\/\/www.montanheiros.com\/wp-content\/uploads\/2019\/05\/big6_1489509322-280x280.jpg\" class=\"attachment-thumbnail size-thumbnail\" alt=\"\" ids=\"4846,4847,4848,4849,4850,4851,4852,4853,4854,4855\" style=\"none\" type=\"slider\" columns=\"1\" image_width=\"59\" image_size=\"thumbnail\" srcset=\"https:\/\/www.montanheiros.com\/wp-content\/uploads\/2019\/05\/big6_1489509322-280x280.jpg 280w, https:\/\/www.montanheiros.com\/wp-content\/uploads\/2019\/05\/big6_1489509322-300x300.jpg 300w, https:\/\/www.montanheiros.com\/wp-content\/uploads\/2019\/05\/big6_1489509322-100x100.jpg 100w\" sizes=\"auto, (max-width: 280px) 100vw, 280px\" \/>                                                              <\/div>\n              <div class=\"box-text text-left\" >\n                 <p>Limpeza de vegeta\u00e7\u00e3o junto \u00e0 abertuda do Algar do Carv\u00e3o com a colabora\u00e7\u00e3o dos Servi\u00e7os Florestais, 14mar2017 - ilha Terceira<\/p>\n              <\/div>\n            <\/div>\n            <\/a>          <\/div>\n         <\/div><div class=\"gallery-col col\" >\n          <div class=\"col-inner\">\n            <a class=\"image-lightbox lightbox-gallery\" href=\"https:\/\/www.montanheiros.com\/wp-content\/uploads\/2019\/05\/big4_1489509314.jpg\" title=\"Limpeza de vegeta\u00e7\u00e3o junto \u00e0 abertuda do Algar do Carv\u00e3o com a colabora\u00e7\u00e3o dos Servi\u00e7os Florestais, 14mar2017 - ilha Terceira\">            <div class=\"box has-hover gallery-box box-none\">\n              <div class=\"box-image\" style=\"width:59%;\">\n                <img loading=\"lazy\" decoding=\"async\" width=\"280\" height=\"280\" src=\"https:\/\/www.montanheiros.com\/wp-content\/uploads\/2019\/05\/big4_1489509314-280x280.jpg\" class=\"attachment-thumbnail size-thumbnail\" alt=\"\" ids=\"4846,4847,4848,4849,4850,4851,4852,4853,4854,4855\" style=\"none\" type=\"slider\" columns=\"1\" image_width=\"59\" image_size=\"thumbnail\" srcset=\"https:\/\/www.montanheiros.com\/wp-content\/uploads\/2019\/05\/big4_1489509314-280x280.jpg 280w, https:\/\/www.montanheiros.com\/wp-content\/uploads\/2019\/05\/big4_1489509314-300x300.jpg 300w, https:\/\/www.montanheiros.com\/wp-content\/uploads\/2019\/05\/big4_1489509314-100x100.jpg 100w\" sizes=\"auto, (max-width: 280px) 100vw, 280px\" \/>                                                              <\/div>\n              <div class=\"box-text text-left\" >\n                 <p>Limpeza de vegeta\u00e7\u00e3o junto \u00e0 abertuda do Algar do Carv\u00e3o com a colabora\u00e7\u00e3o dos Servi\u00e7os Florestais, 14mar2017 - ilha Terceira<\/p>\n              <\/div>\n            <\/div>\n            <\/a>          <\/div>\n         <\/div><div class=\"gallery-col col\" >\n          <div class=\"col-inner\">\n            <a class=\"image-lightbox lightbox-gallery\" href=\"https:\/\/www.montanheiros.com\/wp-content\/uploads\/2019\/05\/big2_1489509311.jpg\" title=\"Limpeza de vegeta\u00e7\u00e3o junto \u00e0 abertuda do Algar do Carv\u00e3o com a colabora\u00e7\u00e3o dos Servi\u00e7os Florestais, 14mar2017 - ilha Terceira\">            <div class=\"box has-hover gallery-box box-none\">\n              <div class=\"box-image\" style=\"width:59%;\">\n                <img loading=\"lazy\" decoding=\"async\" width=\"280\" height=\"280\" src=\"https:\/\/www.montanheiros.com\/wp-content\/uploads\/2019\/05\/big2_1489509311-280x280.jpg\" class=\"attachment-thumbnail size-thumbnail\" alt=\"\" ids=\"4846,4847,4848,4849,4850,4851,4852,4853,4854,4855\" style=\"none\" type=\"slider\" columns=\"1\" image_width=\"59\" image_size=\"thumbnail\" srcset=\"https:\/\/www.montanheiros.com\/wp-content\/uploads\/2019\/05\/big2_1489509311-280x280.jpg 280w, https:\/\/www.montanheiros.com\/wp-content\/uploads\/2019\/05\/big2_1489509311-300x300.jpg 300w, https:\/\/www.montanheiros.com\/wp-content\/uploads\/2019\/05\/big2_1489509311-100x100.jpg 100w\" sizes=\"auto, (max-width: 280px) 100vw, 280px\" \/>                                                              <\/div>\n              <div class=\"box-text text-left\" >\n                 <p>Limpeza de vegeta\u00e7\u00e3o junto \u00e0 abertuda do Algar do Carv\u00e3o com a colabora\u00e7\u00e3o dos Servi\u00e7os Florestais, 14mar2017 - ilha Terceira<\/p>\n              <\/div>\n            <\/div>\n            <\/a>          <\/div>\n         <\/div><div class=\"gallery-col col\" >\n          <div class=\"col-inner\">\n            <a class=\"image-lightbox lightbox-gallery\" href=\"https:\/\/www.montanheiros.com\/wp-content\/uploads\/2019\/05\/big3_1489509312.jpg\" title=\"Limpeza de vegeta\u00e7\u00e3o junto \u00e0 abertuda do Algar do Carv\u00e3o com a colabora\u00e7\u00e3o dos Servi\u00e7os Florestais, 14mar2017 - ilha Terceira\">            <div class=\"box has-hover gallery-box box-none\">\n              <div class=\"box-image\" style=\"width:59%;\">\n                <img loading=\"lazy\" decoding=\"async\" width=\"280\" height=\"280\" src=\"https:\/\/www.montanheiros.com\/wp-content\/uploads\/2019\/05\/big3_1489509312-280x280.jpg\" class=\"attachment-thumbnail size-thumbnail\" alt=\"\" ids=\"4846,4847,4848,4849,4850,4851,4852,4853,4854,4855\" style=\"none\" type=\"slider\" columns=\"1\" image_width=\"59\" image_size=\"thumbnail\" srcset=\"https:\/\/www.montanheiros.com\/wp-content\/uploads\/2019\/05\/big3_1489509312-280x280.jpg 280w, https:\/\/www.montanheiros.com\/wp-content\/uploads\/2019\/05\/big3_1489509312-300x300.jpg 300w, https:\/\/www.montanheiros.com\/wp-content\/uploads\/2019\/05\/big3_1489509312-100x100.jpg 100w\" sizes=\"auto, (max-width: 280px) 100vw, 280px\" \/>                                                              <\/div>\n              <div class=\"box-text text-left\" >\n                 <p>Limpeza de vegeta\u00e7\u00e3o junto \u00e0 abertuda do Algar do Carv\u00e3o com a colabora\u00e7\u00e3o dos Servi\u00e7os Florestais, 14mar2017 - ilha Terceira<\/p>\n              <\/div>\n            <\/div>\n            <\/a>          <\/div>\n         <\/div><div class=\"gallery-col col\" >\n          <div class=\"col-inner\">\n            <a class=\"image-lightbox lightbox-gallery\" href=\"https:\/\/www.montanheiros.com\/wp-content\/uploads\/2019\/05\/big5_1489509321.jpg\" title=\"Limpeza de vegeta\u00e7\u00e3o junto \u00e0 abertuda do Algar do Carv\u00e3o com a colabora\u00e7\u00e3o dos Servi\u00e7os Florestais, 14mar2017 - ilha Terceira\">            <div class=\"box has-hover gallery-box box-none\">\n              <div class=\"box-image\" style=\"width:59%;\">\n                <img loading=\"lazy\" decoding=\"async\" width=\"280\" height=\"280\" src=\"https:\/\/www.montanheiros.com\/wp-content\/uploads\/2019\/05\/big5_1489509321-280x280.jpg\" class=\"attachment-thumbnail size-thumbnail\" alt=\"\" ids=\"4846,4847,4848,4849,4850,4851,4852,4853,4854,4855\" style=\"none\" type=\"slider\" columns=\"1\" image_width=\"59\" image_size=\"thumbnail\" srcset=\"https:\/\/www.montanheiros.com\/wp-content\/uploads\/2019\/05\/big5_1489509321-280x280.jpg 280w, https:\/\/www.montanheiros.com\/wp-content\/uploads\/2019\/05\/big5_1489509321-300x300.jpg 300w, https:\/\/www.montanheiros.com\/wp-content\/uploads\/2019\/05\/big5_1489509321-100x100.jpg 100w\" sizes=\"auto, (max-width: 280px) 100vw, 280px\" \/>                                                              <\/div>\n              <div class=\"box-text text-left\" >\n                 <p>Limpeza de vegeta\u00e7\u00e3o junto \u00e0 abertuda do Algar do Carv\u00e3o com a colabora\u00e7\u00e3o dos Servi\u00e7os Florestais, 14mar2017 - ilha Terceira<\/p>\n              <\/div>\n            <\/div>\n            <\/a>          <\/div>\n         <\/div><div class=\"gallery-col col\" >\n          <div class=\"col-inner\">\n            <a class=\"image-lightbox lightbox-gallery\" href=\"https:\/\/www.montanheiros.com\/wp-content\/uploads\/2019\/05\/big7_1489509327.jpg\" title=\"Limpeza de vegeta\u00e7\u00e3o junto \u00e0 abertuda do Algar do Carv\u00e3o com a colabora\u00e7\u00e3o dos Servi\u00e7os Florestais, 14mar2017 - ilha Terceira\">            <div class=\"box has-hover gallery-box box-none\">\n              <div class=\"box-image\" style=\"width:59%;\">\n                <img loading=\"lazy\" decoding=\"async\" width=\"280\" height=\"280\" src=\"https:\/\/www.montanheiros.com\/wp-content\/uploads\/2019\/05\/big7_1489509327-280x280.jpg\" class=\"attachment-thumbnail size-thumbnail\" alt=\"\" ids=\"4846,4847,4848,4849,4850,4851,4852,4853,4854,4855\" style=\"none\" type=\"slider\" columns=\"1\" image_width=\"59\" image_size=\"thumbnail\" srcset=\"https:\/\/www.montanheiros.com\/wp-content\/uploads\/2019\/05\/big7_1489509327-280x280.jpg 280w, https:\/\/www.montanheiros.com\/wp-content\/uploads\/2019\/05\/big7_1489509327-300x300.jpg 300w, https:\/\/www.montanheiros.com\/wp-content\/uploads\/2019\/05\/big7_1489509327-100x100.jpg 100w\" sizes=\"auto, (max-width: 280px) 100vw, 280px\" \/>                                                              <\/div>\n              <div class=\"box-text text-left\" >\n                 <p>Limpeza de vegeta\u00e7\u00e3o junto \u00e0 abertuda do Algar do Carv\u00e3o com a colabora\u00e7\u00e3o dos Servi\u00e7os Florestais, 14mar2017 - ilha Terceira<\/p>\n              <\/div>\n            <\/div>\n            <\/a>          <\/div>\n         <\/div><div class=\"gallery-col col\" >\n          <div class=\"col-inner\">\n            <a class=\"image-lightbox lightbox-gallery\" href=\"https:\/\/www.montanheiros.com\/wp-content\/uploads\/2019\/05\/big8_1489509327.jpg\" title=\"Limpeza de vegeta\u00e7\u00e3o junto \u00e0 abertuda do Algar do Carv\u00e3o com a colabora\u00e7\u00e3o dos Servi\u00e7os Florestais, 14mar2017 - ilha Terceira\">            <div class=\"box has-hover gallery-box box-none\">\n              <div class=\"box-image\" style=\"width:59%;\">\n                <img loading=\"lazy\" decoding=\"async\" width=\"280\" height=\"280\" src=\"https:\/\/www.montanheiros.com\/wp-content\/uploads\/2019\/05\/big8_1489509327-280x280.jpg\" class=\"attachment-thumbnail size-thumbnail\" alt=\"\" ids=\"4846,4847,4848,4849,4850,4851,4852,4853,4854,4855\" style=\"none\" type=\"slider\" columns=\"1\" image_width=\"59\" image_size=\"thumbnail\" srcset=\"https:\/\/www.montanheiros.com\/wp-content\/uploads\/2019\/05\/big8_1489509327-280x280.jpg 280w, https:\/\/www.montanheiros.com\/wp-content\/uploads\/2019\/05\/big8_1489509327-300x300.jpg 300w, https:\/\/www.montanheiros.com\/wp-content\/uploads\/2019\/05\/big8_1489509327-100x100.jpg 100w\" sizes=\"auto, (max-width: 280px) 100vw, 280px\" \/>                                                              <\/div>\n              <div class=\"box-text text-left\" >\n                 <p>Limpeza de vegeta\u00e7\u00e3o junto \u00e0 abertuda do Algar do Carv\u00e3o com a colabora\u00e7\u00e3o dos Servi\u00e7os Florestais, 14mar2017 - ilha Terceira<\/p>\n              <\/div>\n            <\/div>\n            <\/a>          <\/div>\n         <\/div><div class=\"gallery-col col\" >\n          <div class=\"col-inner\">\n            <a class=\"image-lightbox lightbox-gallery\" href=\"https:\/\/www.montanheiros.com\/wp-content\/uploads\/2019\/05\/big9_1489509391.jpg\" title=\"Limpeza de vegeta\u00e7\u00e3o junto \u00e0 abertuda do Algar do Carv\u00e3o com a colabora\u00e7\u00e3o dos Servi\u00e7os Florestais, 14mar2017 - ilha Terceira\">            <div class=\"box has-hover gallery-box box-none\">\n              <div class=\"box-image\" style=\"width:59%;\">\n                <img loading=\"lazy\" decoding=\"async\" width=\"280\" height=\"280\" src=\"https:\/\/www.montanheiros.com\/wp-content\/uploads\/2019\/05\/big9_1489509391-280x280.jpg\" class=\"attachment-thumbnail size-thumbnail\" alt=\"\" ids=\"4846,4847,4848,4849,4850,4851,4852,4853,4854,4855\" style=\"none\" type=\"slider\" columns=\"1\" image_width=\"59\" image_size=\"thumbnail\" srcset=\"https:\/\/www.montanheiros.com\/wp-content\/uploads\/2019\/05\/big9_1489509391-280x280.jpg 280w, https:\/\/www.montanheiros.com\/wp-content\/uploads\/2019\/05\/big9_1489509391-300x300.jpg 300w, https:\/\/www.montanheiros.com\/wp-content\/uploads\/2019\/05\/big9_1489509391-100x100.jpg 100w\" sizes=\"auto, (max-width: 280px) 100vw, 280px\" \/>                                                              <\/div>\n              <div class=\"box-text text-left\" >\n                 <p>Limpeza de vegeta\u00e7\u00e3o junto \u00e0 abertuda do Algar do Carv\u00e3o com a colabora\u00e7\u00e3o dos Servi\u00e7os Florestais, 14mar2017 - ilha Terceira<\/p>\n              <\/div>\n            <\/div>\n            <\/a>          <\/div>\n         <\/div><div class=\"gallery-col col\" >\n          <div class=\"col-inner\">\n            <a class=\"image-lightbox lightbox-gallery\" href=\"https:\/\/www.montanheiros.com\/wp-content\/uploads\/2019\/05\/big10_1489509397.jpg\" title=\"Limpeza de vegeta\u00e7\u00e3o junto \u00e0 abertuda do Algar do Carv\u00e3o com a colabora\u00e7\u00e3o dos Servi\u00e7os Florestais, 14mar2017 - ilha Terceira\">            <div class=\"box has-hover gallery-box box-none\">\n              <div class=\"box-image\" style=\"width:59%;\">\n                <img loading=\"lazy\" decoding=\"async\" width=\"280\" height=\"280\" src=\"https:\/\/www.montanheiros.com\/wp-content\/uploads\/2019\/05\/big10_1489509397-280x280.jpg\" class=\"attachment-thumbnail size-thumbnail\" alt=\"\" ids=\"4846,4847,4848,4849,4850,4851,4852,4853,4854,4855\" style=\"none\" type=\"slider\" columns=\"1\" image_width=\"59\" image_size=\"thumbnail\" srcset=\"https:\/\/www.montanheiros.com\/wp-content\/uploads\/2019\/05\/big10_1489509397-280x280.jpg 280w, https:\/\/www.montanheiros.com\/wp-content\/uploads\/2019\/05\/big10_1489509397-300x300.jpg 300w, https:\/\/www.montanheiros.com\/wp-content\/uploads\/2019\/05\/big10_1489509397-100x100.jpg 100w\" sizes=\"auto, (max-width: 280px) 100vw, 280px\" \/>                                                              <\/div>\n              <div class=\"box-text text-left\" >\n                 <p>Limpeza de vegeta\u00e7\u00e3o junto \u00e0 abertuda do Algar do Carv\u00e3o com a colabora\u00e7\u00e3o dos Servi\u00e7os Florestais, 14mar2017 - ilha Terceira<\/p>\n              <\/div>\n            <\/div>\n            <\/a>          <\/div>\n         <\/div><\/div>\n\n\n\t\t<\/div>\n\t\t\t\t\t<\/div>\n\n\t\n\n<\/div>\n<div class=\"container section-title-container\" ><h4 class=\"section-title section-title-normal\"><b><\/b><span class=\"section-title-main\" >2016<\/span><b><\/b><\/h4><\/div>\n\n<div class=\"row\"  id=\"row-171133401\">\n\n\n\t<div id=\"col-1667935210\" class=\"col medium-3 small-12 large-3\"  >\n\t\t\t\t<div class=\"col-inner\"  >\n\t\t\t\n\t\t\t\n\n<p>Curso Primeiros Socorros promovido pelo SRPCBA, 9dez2016<\/p>\n\n  \n    <div class=\"row large-columns-1 medium-columns- small-columns- slider row-slider slider-nav-reveal\"  data-flickity-options='{\"imagesLoaded\": true, \"groupCells\": \"100%\", \"dragThreshold\" : 5, \"cellAlign\": \"left\",\"wrapAround\": true,\"prevNextButtons\": true,\"percentPosition\": true,\"pageDots\": false, \"rightToLeft\": false, \"autoPlay\" : false}'>\n\n  <div class=\"gallery-col col\" >\n          <div class=\"col-inner\">\n            <a class=\"image-lightbox lightbox-gallery\" href=\"https:\/\/www.montanheiros.com\/wp-content\/uploads\/2019\/05\/big1_1482410987.jpg\" title=\"Curso Primeiros Socorros promovito pelo SRPCBA, 9dez2016 (Foto: SRPCBA) - ilha Terceira\">            <div class=\"box has-hover gallery-box box-none\">\n              <div class=\"box-image\" style=\"width:67%;\">\n                <img loading=\"lazy\" decoding=\"async\" width=\"280\" height=\"280\" src=\"https:\/\/www.montanheiros.com\/wp-content\/uploads\/2019\/05\/big1_1482410987-280x280.jpg\" class=\"attachment-thumbnail size-thumbnail\" alt=\"\" ids=\"4842,4843,4844\" style=\"none\" type=\"slider\" columns=\"1\" image_width=\"67\" image_size=\"thumbnail\" srcset=\"https:\/\/www.montanheiros.com\/wp-content\/uploads\/2019\/05\/big1_1482410987-280x280.jpg 280w, https:\/\/www.montanheiros.com\/wp-content\/uploads\/2019\/05\/big1_1482410987-300x300.jpg 300w, https:\/\/www.montanheiros.com\/wp-content\/uploads\/2019\/05\/big1_1482410987-100x100.jpg 100w\" sizes=\"auto, (max-width: 280px) 100vw, 280px\" \/>                                                              <\/div>\n              <div class=\"box-text text-left\" >\n                 <p>Curso Primeiros Socorros promovito pelo SRPCBA, 9dez2016 (Foto: SRPCBA) - ilha Terceira<\/p>\n              <\/div>\n            <\/div>\n            <\/a>          <\/div>\n         <\/div><div class=\"gallery-col col\" >\n          <div class=\"col-inner\">\n            <a class=\"image-lightbox lightbox-gallery\" href=\"https:\/\/www.montanheiros.com\/wp-content\/uploads\/2019\/05\/big3_1482410988.jpg\" title=\"Curso Primeiros Socorros promovito pelo SRPCBA, 9dez2016 (Foto: SRPCBA) - ilha Terceira\">            <div class=\"box has-hover gallery-box box-none\">\n              <div class=\"box-image\" style=\"width:67%;\">\n                <img loading=\"lazy\" decoding=\"async\" width=\"280\" height=\"280\" src=\"https:\/\/www.montanheiros.com\/wp-content\/uploads\/2019\/05\/big3_1482410988-280x280.jpg\" class=\"attachment-thumbnail size-thumbnail\" alt=\"\" ids=\"4842,4843,4844\" style=\"none\" type=\"slider\" columns=\"1\" image_width=\"67\" image_size=\"thumbnail\" srcset=\"https:\/\/www.montanheiros.com\/wp-content\/uploads\/2019\/05\/big3_1482410988-280x280.jpg 280w, https:\/\/www.montanheiros.com\/wp-content\/uploads\/2019\/05\/big3_1482410988-300x300.jpg 300w, https:\/\/www.montanheiros.com\/wp-content\/uploads\/2019\/05\/big3_1482410988-100x100.jpg 100w\" sizes=\"auto, (max-width: 280px) 100vw, 280px\" \/>                                                              <\/div>\n              <div class=\"box-text text-left\" >\n                 <p>Curso Primeiros Socorros promovito pelo SRPCBA, 9dez2016 (Foto: SRPCBA) - ilha Terceira<\/p>\n              <\/div>\n            <\/div>\n            <\/a>          <\/div>\n         <\/div><div class=\"gallery-col col\" >\n          <div class=\"col-inner\">\n            <a class=\"image-lightbox lightbox-gallery\" href=\"https:\/\/www.montanheiros.com\/wp-content\/uploads\/2019\/05\/big2_1482410988.jpg\" title=\"Curso Primeiros Socorros promovito pelo SRPCBA, 9dez2016 (Foto: SRPCBA) - ilha Terceira\">            <div class=\"box has-hover gallery-box box-none\">\n              <div class=\"box-image\" style=\"width:67%;\">\n                <img loading=\"lazy\" decoding=\"async\" width=\"280\" height=\"280\" src=\"https:\/\/www.montanheiros.com\/wp-content\/uploads\/2019\/05\/big2_1482410988-280x280.jpg\" class=\"attachment-thumbnail size-thumbnail\" alt=\"\" ids=\"4842,4843,4844\" style=\"none\" type=\"slider\" columns=\"1\" image_width=\"67\" image_size=\"thumbnail\" srcset=\"https:\/\/www.montanheiros.com\/wp-content\/uploads\/2019\/05\/big2_1482410988-280x280.jpg 280w, https:\/\/www.montanheiros.com\/wp-content\/uploads\/2019\/05\/big2_1482410988-300x300.jpg 300w, https:\/\/www.montanheiros.com\/wp-content\/uploads\/2019\/05\/big2_1482410988-100x100.jpg 100w\" sizes=\"auto, (max-width: 280px) 100vw, 280px\" \/>                                                              <\/div>\n              <div class=\"box-text text-left\" >\n                 <p>Curso Primeiros Socorros promovito pelo SRPCBA, 9dez2016 (Foto: SRPCBA) - ilha Terceira<\/p>\n              <\/div>\n            <\/div>\n            <\/a>          <\/div>\n         <\/div><\/div>\n\n\n\t\t<\/div>\n\t\t\t\t\t<\/div>\n\n\t\n\n\t<div id=\"col-1621540500\" class=\"col medium-3 small-12 large-3\"  >\n\t\t\t\t<div class=\"col-inner\"  >\n\t\t\t\n\t\t\t\n\n<p>53\u00ba Anivers\u00e1rio dos Montanheiros, Atividade de Rappel, 01dez16 &#8211; ilha Terceira<\/p>\n\n  \n    <div class=\"row large-columns-1 medium-columns- small-columns- slider row-slider slider-nav-reveal\"  data-flickity-options='{\"imagesLoaded\": true, \"groupCells\": \"100%\", \"dragThreshold\" : 5, \"cellAlign\": \"left\",\"wrapAround\": true,\"prevNextButtons\": true,\"percentPosition\": true,\"pageDots\": false, \"rightToLeft\": false, \"autoPlay\" : false}'>\n\n  <div class=\"gallery-col col\" >\n          <div class=\"col-inner\">\n            <a class=\"image-lightbox lightbox-gallery\" href=\"https:\/\/www.montanheiros.com\/wp-content\/uploads\/2019\/05\/big4_1481112744.jpg\" title=\"53\u00ba Anivers\u00e1rio dos Montanheiros, Atividade de Rappel, 01dez16 - ilha Terceira\">            <div class=\"box has-hover gallery-box box-none\">\n              <div class=\"box-image\" style=\"width:67%;\">\n                <img loading=\"lazy\" decoding=\"async\" width=\"280\" height=\"280\" src=\"https:\/\/www.montanheiros.com\/wp-content\/uploads\/2019\/05\/big4_1481112744-280x280.jpg\" class=\"attachment-thumbnail size-thumbnail\" alt=\"\" ids=\"4839,4840\" style=\"none\" type=\"slider\" columns=\"1\" image_width=\"67\" image_size=\"thumbnail\" srcset=\"https:\/\/www.montanheiros.com\/wp-content\/uploads\/2019\/05\/big4_1481112744-280x280.jpg 280w, https:\/\/www.montanheiros.com\/wp-content\/uploads\/2019\/05\/big4_1481112744-300x300.jpg 300w, https:\/\/www.montanheiros.com\/wp-content\/uploads\/2019\/05\/big4_1481112744-100x100.jpg 100w\" sizes=\"auto, (max-width: 280px) 100vw, 280px\" \/>                                                              <\/div>\n              <div class=\"box-text text-left\" >\n                 <p>53\u00ba Anivers\u00e1rio dos Montanheiros, Atividade de Rappel, 01dez16 - ilha Terceira<\/p>\n              <\/div>\n            <\/div>\n            <\/a>          <\/div>\n         <\/div><div class=\"gallery-col col\" >\n          <div class=\"col-inner\">\n            <a class=\"image-lightbox lightbox-gallery\" href=\"https:\/\/www.montanheiros.com\/wp-content\/uploads\/2019\/05\/big5_1481112746.jpg\" title=\"53\u00ba Anivers\u00e1rio dos Montanheiros, Atividade de Rappel, 01dez16 - ilha Terceira\">            <div class=\"box has-hover gallery-box box-none\">\n              <div class=\"box-image\" style=\"width:67%;\">\n                <img loading=\"lazy\" decoding=\"async\" width=\"280\" height=\"280\" src=\"https:\/\/www.montanheiros.com\/wp-content\/uploads\/2019\/05\/big5_1481112746-280x280.jpg\" class=\"attachment-thumbnail size-thumbnail\" alt=\"\" ids=\"4839,4840\" style=\"none\" type=\"slider\" columns=\"1\" image_width=\"67\" image_size=\"thumbnail\" srcset=\"https:\/\/www.montanheiros.com\/wp-content\/uploads\/2019\/05\/big5_1481112746-280x280.jpg 280w, https:\/\/www.montanheiros.com\/wp-content\/uploads\/2019\/05\/big5_1481112746-300x300.jpg 300w, https:\/\/www.montanheiros.com\/wp-content\/uploads\/2019\/05\/big5_1481112746-100x100.jpg 100w\" sizes=\"auto, (max-width: 280px) 100vw, 280px\" \/>                                                              <\/div>\n              <div class=\"box-text text-left\" >\n                 <p>53\u00ba Anivers\u00e1rio dos Montanheiros, Atividade de Rappel, 01dez16 - ilha Terceira<\/p>\n              <\/div>\n            <\/div>\n            <\/a>          <\/div>\n         <\/div><\/div>\n\n\n\t\t<\/div>\n\t\t\t\t\t<\/div>\n\n\t\n\n\t<div id=\"col-1393658679\" class=\"col medium-3 small-12 large-3\"  >\n\t\t\t\t<div class=\"col-inner\"  >\n\t\t\t\n\t\t\t\n\n<p>Curso de fotografia com Jos\u00e9 Franco, 27out-01nov2016 &#8211; ilha Terceira<\/p>\n\n  \n    <div class=\"row large-columns-1 medium-columns- small-columns- slider row-slider slider-nav-reveal\"  data-flickity-options='{\"imagesLoaded\": true, \"groupCells\": \"100%\", \"dragThreshold\" : 5, \"cellAlign\": \"left\",\"wrapAround\": true,\"prevNextButtons\": true,\"percentPosition\": true,\"pageDots\": false, \"rightToLeft\": false, \"autoPlay\" : false}'>\n\n  <div class=\"gallery-col col\" >\n          <div class=\"col-inner\">\n            <a class=\"image-lightbox lightbox-gallery\" href=\"https:\/\/www.montanheiros.com\/wp-content\/uploads\/2019\/05\/big2_1478803676.jpg\" title=\"Curso de fotografia com Jos\u00e9 Franco, 27out-01nov2016 - ilha Terceira \">            <div class=\"box has-hover gallery-box box-none\">\n              <div class=\"box-image\" style=\"width:67%;\">\n                <img loading=\"lazy\" decoding=\"async\" width=\"280\" height=\"280\" src=\"https:\/\/www.montanheiros.com\/wp-content\/uploads\/2019\/05\/big2_1478803676-280x280.jpg\" class=\"attachment-thumbnail size-thumbnail\" alt=\"\" ids=\"4836,4837,4838\" style=\"none\" type=\"slider\" columns=\"1\" image_width=\"67\" image_size=\"thumbnail\" srcset=\"https:\/\/www.montanheiros.com\/wp-content\/uploads\/2019\/05\/big2_1478803676-280x280.jpg 280w, https:\/\/www.montanheiros.com\/wp-content\/uploads\/2019\/05\/big2_1478803676-300x300.jpg 300w, https:\/\/www.montanheiros.com\/wp-content\/uploads\/2019\/05\/big2_1478803676-100x100.jpg 100w\" sizes=\"auto, (max-width: 280px) 100vw, 280px\" \/>                                                              <\/div>\n              <div class=\"box-text text-left\" >\n                 <p>Curso de fotografia com Jos\u00e9 Franco, 27out-01nov2016 - ilha Terceira <\/p>\n              <\/div>\n            <\/div>\n            <\/a>          <\/div>\n         <\/div><div class=\"gallery-col col\" >\n          <div class=\"col-inner\">\n            <a class=\"image-lightbox lightbox-gallery\" href=\"https:\/\/www.montanheiros.com\/wp-content\/uploads\/2019\/05\/big3_1478803678.jpg\" title=\"Curso de fotografia com Jos\u00e9 Franco, 27out-01nov2016 - ilha Terceira \">            <div class=\"box has-hover gallery-box box-none\">\n              <div class=\"box-image\" style=\"width:67%;\">\n                <img loading=\"lazy\" decoding=\"async\" width=\"280\" height=\"280\" src=\"https:\/\/www.montanheiros.com\/wp-content\/uploads\/2019\/05\/big3_1478803678-280x280.jpg\" class=\"attachment-thumbnail size-thumbnail\" alt=\"\" ids=\"4836,4837,4838\" style=\"none\" type=\"slider\" columns=\"1\" image_width=\"67\" image_size=\"thumbnail\" srcset=\"https:\/\/www.montanheiros.com\/wp-content\/uploads\/2019\/05\/big3_1478803678-280x280.jpg 280w, https:\/\/www.montanheiros.com\/wp-content\/uploads\/2019\/05\/big3_1478803678-300x300.jpg 300w, https:\/\/www.montanheiros.com\/wp-content\/uploads\/2019\/05\/big3_1478803678-100x100.jpg 100w\" sizes=\"auto, (max-width: 280px) 100vw, 280px\" \/>                                                              <\/div>\n              <div class=\"box-text text-left\" >\n                 <p>Curso de fotografia com Jos\u00e9 Franco, 27out-01nov2016 - ilha Terceira <\/p>\n              <\/div>\n            <\/div>\n            <\/a>          <\/div>\n         <\/div><div class=\"gallery-col col\" >\n          <div class=\"col-inner\">\n            <a class=\"image-lightbox lightbox-gallery\" href=\"https:\/\/www.montanheiros.com\/wp-content\/uploads\/2019\/05\/big1_1478803676.jpg\" title=\"Curso de fotografia com Jos\u00e9 Franco, 27out-01nov2016 - ilha Terceira \">            <div class=\"box has-hover gallery-box box-none\">\n              <div class=\"box-image\" style=\"width:67%;\">\n                <img loading=\"lazy\" decoding=\"async\" width=\"280\" height=\"280\" src=\"https:\/\/www.montanheiros.com\/wp-content\/uploads\/2019\/05\/big1_1478803676-280x280.jpg\" class=\"attachment-thumbnail size-thumbnail\" alt=\"\" ids=\"4836,4837,4838\" style=\"none\" type=\"slider\" columns=\"1\" image_width=\"67\" image_size=\"thumbnail\" srcset=\"https:\/\/www.montanheiros.com\/wp-content\/uploads\/2019\/05\/big1_1478803676-280x280.jpg 280w, https:\/\/www.montanheiros.com\/wp-content\/uploads\/2019\/05\/big1_1478803676-300x300.jpg 300w, https:\/\/www.montanheiros.com\/wp-content\/uploads\/2019\/05\/big1_1478803676-100x100.jpg 100w\" sizes=\"auto, (max-width: 280px) 100vw, 280px\" \/>                                                              <\/div>\n              <div class=\"box-text text-left\" >\n                 <p>Curso de fotografia com Jos\u00e9 Franco, 27out-01nov2016 - ilha Terceira <\/p>\n              <\/div>\n            <\/div>\n            <\/a>          <\/div>\n         <\/div><\/div>\n\n\n\t\t<\/div>\n\t\t\t\t\t<\/div>\n\n\t\n\n\t<div id=\"col-754757253\" class=\"col medium-3 small-12 large-3\"  >\n\t\t\t\t<div class=\"col-inner\"  >\n\t\t\t\n\t\t\t\n\n<p>Performance a solo de saxofone por Luis Senra, &#8220;Entre grutas e algares&#8221;, Algar do Carv\u00e3o, 03jul2016 &#8211; ilha Terceira<\/p>\n\n  \n    <div class=\"row large-columns-1 medium-columns- small-columns- slider row-slider slider-nav-reveal\"  data-flickity-options='{\"imagesLoaded\": true, \"groupCells\": \"100%\", \"dragThreshold\" : 5, \"cellAlign\": \"left\",\"wrapAround\": true,\"prevNextButtons\": true,\"percentPosition\": true,\"pageDots\": false, \"rightToLeft\": false, \"autoPlay\" : false}'>\n\n  <div class=\"gallery-col col\" >\n          <div class=\"col-inner\">\n            <a class=\"image-lightbox lightbox-gallery\" href=\"https:\/\/www.montanheiros.com\/wp-content\/uploads\/2019\/05\/big9_1467732286.jpg\" title=\"Performance a solo de saxofone por Luis Senra, &quot;Entre grutas e algares&quot;, Algar do Carv\u00e3o, 03jul2016 - ilha Terceira\">            <div class=\"box has-hover gallery-box box-none\">\n              <div class=\"box-image\" style=\"width:67%;\">\n                <img loading=\"lazy\" decoding=\"async\" width=\"280\" height=\"280\" src=\"https:\/\/www.montanheiros.com\/wp-content\/uploads\/2019\/05\/big9_1467732286-280x280.jpg\" class=\"attachment-thumbnail size-thumbnail\" alt=\"\" ids=\"4826,4827,4828,4829,4830,4831,4832,4833,4834\" style=\"none\" type=\"slider\" columns=\"1\" image_width=\"67\" image_size=\"thumbnail\" srcset=\"https:\/\/www.montanheiros.com\/wp-content\/uploads\/2019\/05\/big9_1467732286-280x280.jpg 280w, https:\/\/www.montanheiros.com\/wp-content\/uploads\/2019\/05\/big9_1467732286-300x300.jpg 300w, https:\/\/www.montanheiros.com\/wp-content\/uploads\/2019\/05\/big9_1467732286-100x100.jpg 100w\" sizes=\"auto, (max-width: 280px) 100vw, 280px\" \/>                                                              <\/div>\n              <div class=\"box-text text-left\" >\n                 <p>Performance a solo de saxofone por Luis Senra, \"Entre grutas e algares\", Algar do Carv\u00e3o, 03jul2016 - ilha Terceira<\/p>\n              <\/div>\n            <\/div>\n            <\/a>          <\/div>\n         <\/div><div class=\"gallery-col col\" >\n          <div class=\"col-inner\">\n            <a class=\"image-lightbox lightbox-gallery\" href=\"https:\/\/www.montanheiros.com\/wp-content\/uploads\/2019\/05\/big8_1467732285.jpg\" title=\"Performance a solo de saxofone por Luis Senra, &quot;Entre grutas e algares&quot;, Algar do Carv\u00e3o, 03jul2016 - ilha Terceira\">            <div class=\"box has-hover gallery-box box-none\">\n              <div class=\"box-image\" style=\"width:67%;\">\n                <img loading=\"lazy\" decoding=\"async\" width=\"280\" height=\"280\" src=\"https:\/\/www.montanheiros.com\/wp-content\/uploads\/2019\/05\/big8_1467732285-280x280.jpg\" class=\"attachment-thumbnail size-thumbnail\" alt=\"\" ids=\"4826,4827,4828,4829,4830,4831,4832,4833,4834\" style=\"none\" type=\"slider\" columns=\"1\" image_width=\"67\" image_size=\"thumbnail\" srcset=\"https:\/\/www.montanheiros.com\/wp-content\/uploads\/2019\/05\/big8_1467732285-280x280.jpg 280w, https:\/\/www.montanheiros.com\/wp-content\/uploads\/2019\/05\/big8_1467732285-300x300.jpg 300w, https:\/\/www.montanheiros.com\/wp-content\/uploads\/2019\/05\/big8_1467732285-100x100.jpg 100w\" sizes=\"auto, (max-width: 280px) 100vw, 280px\" \/>                                                              <\/div>\n              <div class=\"box-text text-left\" >\n                 <p>Performance a solo de saxofone por Luis Senra, \"Entre grutas e algares\", Algar do Carv\u00e3o, 03jul2016 - ilha Terceira<\/p>\n              <\/div>\n            <\/div>\n            <\/a>          <\/div>\n         <\/div><div class=\"gallery-col col\" >\n          <div class=\"col-inner\">\n            <a class=\"image-lightbox lightbox-gallery\" href=\"https:\/\/www.montanheiros.com\/wp-content\/uploads\/2019\/05\/big6_1467732281.jpg\" title=\"Performance a solo de saxofone por Luis Senra, &quot;Entre grutas e algares&quot;, Algar do Carv\u00e3o, 03jul2016 - ilha Terceira\">            <div class=\"box has-hover gallery-box box-none\">\n              <div class=\"box-image\" style=\"width:67%;\">\n                <img loading=\"lazy\" decoding=\"async\" width=\"280\" height=\"280\" src=\"https:\/\/www.montanheiros.com\/wp-content\/uploads\/2019\/05\/big6_1467732281-280x280.jpg\" class=\"attachment-thumbnail size-thumbnail\" alt=\"\" ids=\"4826,4827,4828,4829,4830,4831,4832,4833,4834\" style=\"none\" type=\"slider\" columns=\"1\" image_width=\"67\" image_size=\"thumbnail\" srcset=\"https:\/\/www.montanheiros.com\/wp-content\/uploads\/2019\/05\/big6_1467732281-280x280.jpg 280w, https:\/\/www.montanheiros.com\/wp-content\/uploads\/2019\/05\/big6_1467732281-300x300.jpg 300w, https:\/\/www.montanheiros.com\/wp-content\/uploads\/2019\/05\/big6_1467732281-100x100.jpg 100w\" sizes=\"auto, (max-width: 280px) 100vw, 280px\" \/>                                                              <\/div>\n              <div class=\"box-text text-left\" >\n                 <p>Performance a solo de saxofone por Luis Senra, \"Entre grutas e algares\", Algar do Carv\u00e3o, 03jul2016 - ilha Terceira<\/p>\n              <\/div>\n            <\/div>\n            <\/a>          <\/div>\n         <\/div><div class=\"gallery-col col\" >\n          <div class=\"col-inner\">\n            <a class=\"image-lightbox lightbox-gallery\" href=\"https:\/\/www.montanheiros.com\/wp-content\/uploads\/2019\/05\/big3_1467732277.jpg\" title=\"Performance a solo de saxofone por Luis Senra, &quot;Entre grutas e algares&quot;, Algar do Carv\u00e3o, 03jul2016 - ilha Terceira\">            <div class=\"box has-hover gallery-box box-none\">\n              <div class=\"box-image\" style=\"width:67%;\">\n                <img loading=\"lazy\" decoding=\"async\" width=\"280\" height=\"280\" src=\"https:\/\/www.montanheiros.com\/wp-content\/uploads\/2019\/05\/big3_1467732277-280x280.jpg\" class=\"attachment-thumbnail size-thumbnail\" alt=\"\" ids=\"4826,4827,4828,4829,4830,4831,4832,4833,4834\" style=\"none\" type=\"slider\" columns=\"1\" image_width=\"67\" image_size=\"thumbnail\" srcset=\"https:\/\/www.montanheiros.com\/wp-content\/uploads\/2019\/05\/big3_1467732277-280x280.jpg 280w, https:\/\/www.montanheiros.com\/wp-content\/uploads\/2019\/05\/big3_1467732277-300x300.jpg 300w, https:\/\/www.montanheiros.com\/wp-content\/uploads\/2019\/05\/big3_1467732277-100x100.jpg 100w\" sizes=\"auto, (max-width: 280px) 100vw, 280px\" \/>                                                              <\/div>\n              <div class=\"box-text text-left\" >\n                 <p>Performance a solo de saxofone por Luis Senra, \"Entre grutas e algares\", Algar do Carv\u00e3o, 03jul2016 - ilha Terceira<\/p>\n              <\/div>\n            <\/div>\n            <\/a>          <\/div>\n         <\/div><div class=\"gallery-col col\" >\n          <div class=\"col-inner\">\n            <a class=\"image-lightbox lightbox-gallery\" href=\"https:\/\/www.montanheiros.com\/wp-content\/uploads\/2019\/05\/big4_1467732278.jpg\" title=\"Performance a solo de saxofone por Luis Senra, &quot;Entre grutas e algares&quot;, Algar do Carv\u00e3o, 03jul2016 - ilha Terceira\">            <div class=\"box has-hover gallery-box box-none\">\n              <div class=\"box-image\" style=\"width:67%;\">\n                <img loading=\"lazy\" decoding=\"async\" width=\"280\" height=\"280\" src=\"https:\/\/www.montanheiros.com\/wp-content\/uploads\/2019\/05\/big4_1467732278-280x280.jpg\" class=\"attachment-thumbnail size-thumbnail\" alt=\"\" ids=\"4826,4827,4828,4829,4830,4831,4832,4833,4834\" style=\"none\" type=\"slider\" columns=\"1\" image_width=\"67\" image_size=\"thumbnail\" srcset=\"https:\/\/www.montanheiros.com\/wp-content\/uploads\/2019\/05\/big4_1467732278-280x280.jpg 280w, https:\/\/www.montanheiros.com\/wp-content\/uploads\/2019\/05\/big4_1467732278-300x300.jpg 300w, https:\/\/www.montanheiros.com\/wp-content\/uploads\/2019\/05\/big4_1467732278-100x100.jpg 100w\" sizes=\"auto, (max-width: 280px) 100vw, 280px\" \/>                                                              <\/div>\n              <div class=\"box-text text-left\" >\n                 <p>Performance a solo de saxofone por Luis Senra, \"Entre grutas e algares\", Algar do Carv\u00e3o, 03jul2016 - ilha Terceira<\/p>\n              <\/div>\n            <\/div>\n            <\/a>          <\/div>\n         <\/div><div class=\"gallery-col col\" >\n          <div class=\"col-inner\">\n            <a class=\"image-lightbox lightbox-gallery\" href=\"https:\/\/www.montanheiros.com\/wp-content\/uploads\/2019\/05\/big7_1467732282.jpg\" title=\"\">            <div class=\"box has-hover gallery-box box-none\">\n              <div class=\"box-image\" style=\"width:67%;\">\n                <img loading=\"lazy\" decoding=\"async\" width=\"280\" height=\"280\" src=\"https:\/\/www.montanheiros.com\/wp-content\/uploads\/2019\/05\/big7_1467732282-280x280.jpg\" class=\"attachment-thumbnail size-thumbnail\" alt=\"\" ids=\"4826,4827,4828,4829,4830,4831,4832,4833,4834\" style=\"none\" type=\"slider\" columns=\"1\" image_width=\"67\" image_size=\"thumbnail\" srcset=\"https:\/\/www.montanheiros.com\/wp-content\/uploads\/2019\/05\/big7_1467732282-280x280.jpg 280w, https:\/\/www.montanheiros.com\/wp-content\/uploads\/2019\/05\/big7_1467732282-300x300.jpg 300w, https:\/\/www.montanheiros.com\/wp-content\/uploads\/2019\/05\/big7_1467732282-100x100.jpg 100w\" sizes=\"auto, (max-width: 280px) 100vw, 280px\" \/>                                                              <\/div>\n              <div class=\"box-text text-left\" >\n                 <p><\/p>\n              <\/div>\n            <\/div>\n            <\/a>          <\/div>\n         <\/div><div class=\"gallery-col col\" >\n          <div class=\"col-inner\">\n            <a class=\"image-lightbox lightbox-gallery\" href=\"https:\/\/www.montanheiros.com\/wp-content\/uploads\/2019\/05\/big5_1467732279.jpg\" title=\"Performance a solo de saxofone por Luis Senra, &quot;Entre grutas e algares&quot;, Algar do Carv\u00e3o, 03jul2016 - ilha Terceira\">            <div class=\"box has-hover gallery-box box-none\">\n              <div class=\"box-image\" style=\"width:67%;\">\n                <img loading=\"lazy\" decoding=\"async\" width=\"280\" height=\"280\" src=\"https:\/\/www.montanheiros.com\/wp-content\/uploads\/2019\/05\/big5_1467732279-280x280.jpg\" class=\"attachment-thumbnail size-thumbnail\" alt=\"\" ids=\"4826,4827,4828,4829,4830,4831,4832,4833,4834\" style=\"none\" type=\"slider\" columns=\"1\" image_width=\"67\" image_size=\"thumbnail\" srcset=\"https:\/\/www.montanheiros.com\/wp-content\/uploads\/2019\/05\/big5_1467732279-280x280.jpg 280w, https:\/\/www.montanheiros.com\/wp-content\/uploads\/2019\/05\/big5_1467732279-300x300.jpg 300w, https:\/\/www.montanheiros.com\/wp-content\/uploads\/2019\/05\/big5_1467732279-100x100.jpg 100w\" sizes=\"auto, (max-width: 280px) 100vw, 280px\" \/>                                                              <\/div>\n              <div class=\"box-text text-left\" >\n                 <p>Performance a solo de saxofone por Luis Senra, \"Entre grutas e algares\", Algar do Carv\u00e3o, 03jul2016 - ilha Terceira<\/p>\n              <\/div>\n            <\/div>\n            <\/a>          <\/div>\n         <\/div><div class=\"gallery-col col\" >\n          <div class=\"col-inner\">\n            <a class=\"image-lightbox lightbox-gallery\" href=\"https:\/\/www.montanheiros.com\/wp-content\/uploads\/2019\/05\/big2_1467732276.jpg\" title=\"Performance a solo de saxofone por Luis Senra, &quot;Entre grutas e algares&quot;, Algar do Carv\u00e3o, 03jul2016 - ilha Terceira\">            <div class=\"box has-hover gallery-box box-none\">\n              <div class=\"box-image\" style=\"width:67%;\">\n                <img loading=\"lazy\" decoding=\"async\" width=\"280\" height=\"280\" src=\"https:\/\/www.montanheiros.com\/wp-content\/uploads\/2019\/05\/big2_1467732276-280x280.jpg\" class=\"attachment-thumbnail size-thumbnail\" alt=\"\" ids=\"4826,4827,4828,4829,4830,4831,4832,4833,4834\" style=\"none\" type=\"slider\" columns=\"1\" image_width=\"67\" image_size=\"thumbnail\" srcset=\"https:\/\/www.montanheiros.com\/wp-content\/uploads\/2019\/05\/big2_1467732276-280x280.jpg 280w, https:\/\/www.montanheiros.com\/wp-content\/uploads\/2019\/05\/big2_1467732276-300x300.jpg 300w, https:\/\/www.montanheiros.com\/wp-content\/uploads\/2019\/05\/big2_1467732276-100x100.jpg 100w\" sizes=\"auto, (max-width: 280px) 100vw, 280px\" \/>                                                              <\/div>\n              <div class=\"box-text text-left\" >\n                 <p>Performance a solo de saxofone por Luis Senra, \"Entre grutas e algares\", Algar do Carv\u00e3o, 03jul2016 - ilha Terceira<\/p>\n              <\/div>\n            <\/div>\n            <\/a>          <\/div>\n         <\/div><div class=\"gallery-col col\" >\n          <div class=\"col-inner\">\n            <a class=\"image-lightbox lightbox-gallery\" href=\"https:\/\/www.montanheiros.com\/wp-content\/uploads\/2019\/05\/big1_1467732274.jpg\" title=\"Performance a solo de saxofone por Luis Senra, &quot;Entre grutas e algares&quot;, Algar do Carv\u00e3o, 03jul2016 - ilha Terceira\">            <div class=\"box has-hover gallery-box box-none\">\n              <div class=\"box-image\" style=\"width:67%;\">\n                <img loading=\"lazy\" decoding=\"async\" width=\"280\" height=\"280\" src=\"https:\/\/www.montanheiros.com\/wp-content\/uploads\/2019\/05\/big1_1467732274-280x280.jpg\" class=\"attachment-thumbnail size-thumbnail\" alt=\"\" ids=\"4826,4827,4828,4829,4830,4831,4832,4833,4834\" style=\"none\" type=\"slider\" columns=\"1\" image_width=\"67\" image_size=\"thumbnail\" srcset=\"https:\/\/www.montanheiros.com\/wp-content\/uploads\/2019\/05\/big1_1467732274-280x280.jpg 280w, https:\/\/www.montanheiros.com\/wp-content\/uploads\/2019\/05\/big1_1467732274-300x300.jpg 300w, https:\/\/www.montanheiros.com\/wp-content\/uploads\/2019\/05\/big1_1467732274-100x100.jpg 100w\" sizes=\"auto, (max-width: 280px) 100vw, 280px\" \/>                                                              <\/div>\n              <div class=\"box-text text-left\" >\n                 <p>Performance a solo de saxofone por Luis Senra, \"Entre grutas e algares\", Algar do Carv\u00e3o, 03jul2016 - ilha Terceira<\/p>\n              <\/div>\n            <\/div>\n            <\/a>          <\/div>\n         <\/div><\/div>\n\n\n\t\t<\/div>\n\t\t\t\t\t<\/div>\n\n\t\n\n<\/div>\n<div class=\"row\"  id=\"row-279739576\">\n\n\n\t<div id=\"col-205678775\" class=\"col medium-3 small-12 large-3\"  >\n\t\t\t\t<div class=\"col-inner\"  >\n\t\t\t\n\t\t\t\n\n<p>Comemora\u00e7\u00f5es do Dia do Ambiente com a colabora\u00e7\u00e3o dos Montanheiros<\/p>\n\n  \n    <div class=\"row large-columns-1 medium-columns- small-columns- slider row-slider slider-nav-reveal\"  data-flickity-options='{\"imagesLoaded\": true, \"groupCells\": \"100%\", \"dragThreshold\" : 5, \"cellAlign\": \"left\",\"wrapAround\": true,\"prevNextButtons\": true,\"percentPosition\": true,\"pageDots\": false, \"rightToLeft\": false, \"autoPlay\" : false}'>\n\n  <div class=\"gallery-col col\" >\n          <div class=\"col-inner\">\n            <a class=\"image-lightbox lightbox-gallery\" href=\"https:\/\/www.montanheiros.com\/wp-content\/uploads\/2019\/05\/big8_1465393271.jpg\" title=\"Comemora\u00e7\u00f5es do Dia do Ambiente com a colabora\u00e7\u00e3o dos Montanheiros\">            <div class=\"box has-hover gallery-box box-none\">\n              <div class=\"box-image\" style=\"width:59%;\">\n                <img loading=\"lazy\" decoding=\"async\" width=\"280\" height=\"280\" src=\"https:\/\/www.montanheiros.com\/wp-content\/uploads\/2019\/05\/big8_1465393271-280x280.jpg\" class=\"attachment-thumbnail size-thumbnail\" alt=\"\" ids=\"4825\" style=\"none\" type=\"slider\" columns=\"1\" image_width=\"59\" image_size=\"thumbnail\" srcset=\"https:\/\/www.montanheiros.com\/wp-content\/uploads\/2019\/05\/big8_1465393271-280x280.jpg 280w, https:\/\/www.montanheiros.com\/wp-content\/uploads\/2019\/05\/big8_1465393271-300x300.jpg 300w, https:\/\/www.montanheiros.com\/wp-content\/uploads\/2019\/05\/big8_1465393271-100x100.jpg 100w\" sizes=\"auto, (max-width: 280px) 100vw, 280px\" \/>                                                              <\/div>\n              <div class=\"box-text text-left\" >\n                 <p>Comemora\u00e7\u00f5es do Dia do Ambiente com a colabora\u00e7\u00e3o dos Montanheiros<\/p>\n              <\/div>\n            <\/div>\n            <\/a>          <\/div>\n         <\/div><\/div>\n\n\n\t\t<\/div>\n\t\t\t\t\t<\/div>\n\n\t\n\n<\/div>\n<div class=\"container section-title-container\" ><h4 class=\"section-title section-title-normal\"><b><\/b><span class=\"section-title-main\" >2015<\/span><b><\/b><\/h4><\/div>\n\n<div class=\"row\"  id=\"row-89436066\">\n\n\n\t<div id=\"col-172139970\" class=\"col medium-3 small-12 large-3\"  >\n\t\t\t\t<div class=\"col-inner\"  >\n\t\t\t\n\t\t\t\n\n<p>Campanha SOS Cagarro, nov15 &#8211; ilha Terceira<\/p>\n\n  \n    <div class=\"row large-columns-1 medium-columns- small-columns- slider row-slider slider-nav-reveal\"  data-flickity-options='{\"imagesLoaded\": true, \"groupCells\": \"100%\", \"dragThreshold\" : 5, \"cellAlign\": \"left\",\"wrapAround\": true,\"prevNextButtons\": true,\"percentPosition\": true,\"pageDots\": false, \"rightToLeft\": false, \"autoPlay\" : false}'>\n\n  <div class=\"gallery-col col\" >\n          <div class=\"col-inner\">\n            <a class=\"image-lightbox lightbox-gallery\" href=\"https:\/\/www.montanheiros.com\/wp-content\/uploads\/2019\/05\/big2_1447933391-600x800.jpg\" title=\"Campanha SOS Cagarro, nov15 - ilha Terceira\">            <div class=\"box has-hover gallery-box box-none\">\n              <div class=\"box-image\" style=\"width:67%;\">\n                <img loading=\"lazy\" decoding=\"async\" width=\"280\" height=\"280\" src=\"https:\/\/www.montanheiros.com\/wp-content\/uploads\/2019\/05\/big2_1447933391-280x280.jpg\" class=\"attachment-thumbnail size-thumbnail\" alt=\"\" ids=\"4820,4821,4822,4823,4824\" style=\"none\" type=\"slider\" columns=\"1\" image_width=\"67\" image_size=\"thumbnail\" srcset=\"https:\/\/www.montanheiros.com\/wp-content\/uploads\/2019\/05\/big2_1447933391-280x280.jpg 280w, https:\/\/www.montanheiros.com\/wp-content\/uploads\/2019\/05\/big2_1447933391-300x300.jpg 300w, https:\/\/www.montanheiros.com\/wp-content\/uploads\/2019\/05\/big2_1447933391-100x100.jpg 100w\" sizes=\"auto, (max-width: 280px) 100vw, 280px\" \/>                                                              <\/div>\n              <div class=\"box-text text-left\" >\n                 <p>Campanha SOS Cagarro, nov15 - ilha Terceira<\/p>\n              <\/div>\n            <\/div>\n            <\/a>          <\/div>\n         <\/div><div class=\"gallery-col col\" >\n          <div class=\"col-inner\">\n            <a class=\"image-lightbox lightbox-gallery\" href=\"https:\/\/www.montanheiros.com\/wp-content\/uploads\/2019\/05\/big1_1447933374.jpg\" title=\"Campanha SOS Cagarro, nov15 - ilha Terceira\">            <div class=\"box has-hover gallery-box box-none\">\n              <div class=\"box-image\" style=\"width:67%;\">\n                <img loading=\"lazy\" decoding=\"async\" width=\"280\" height=\"280\" src=\"https:\/\/www.montanheiros.com\/wp-content\/uploads\/2019\/05\/big1_1447933374-280x280.jpg\" class=\"attachment-thumbnail size-thumbnail\" alt=\"\" ids=\"4820,4821,4822,4823,4824\" style=\"none\" type=\"slider\" columns=\"1\" image_width=\"67\" image_size=\"thumbnail\" srcset=\"https:\/\/www.montanheiros.com\/wp-content\/uploads\/2019\/05\/big1_1447933374-280x280.jpg 280w, https:\/\/www.montanheiros.com\/wp-content\/uploads\/2019\/05\/big1_1447933374-300x300.jpg 300w, https:\/\/www.montanheiros.com\/wp-content\/uploads\/2019\/05\/big1_1447933374-100x100.jpg 100w\" sizes=\"auto, (max-width: 280px) 100vw, 280px\" \/>                                                              <\/div>\n              <div class=\"box-text text-left\" >\n                 <p>Campanha SOS Cagarro, nov15 - ilha Terceira<\/p>\n              <\/div>\n            <\/div>\n            <\/a>          <\/div>\n         <\/div><div class=\"gallery-col col\" >\n          <div class=\"col-inner\">\n            <a class=\"image-lightbox lightbox-gallery\" href=\"https:\/\/www.montanheiros.com\/wp-content\/uploads\/2019\/05\/big5_1447933417.jpg\" title=\"Campanha SOS Cagarro, nov15 - ilha Terceira\">            <div class=\"box has-hover gallery-box box-none\">\n              <div class=\"box-image\" style=\"width:67%;\">\n                <img loading=\"lazy\" decoding=\"async\" width=\"280\" height=\"280\" src=\"https:\/\/www.montanheiros.com\/wp-content\/uploads\/2019\/05\/big5_1447933417-280x280.jpg\" class=\"attachment-thumbnail size-thumbnail\" alt=\"\" ids=\"4820,4821,4822,4823,4824\" style=\"none\" type=\"slider\" columns=\"1\" image_width=\"67\" image_size=\"thumbnail\" srcset=\"https:\/\/www.montanheiros.com\/wp-content\/uploads\/2019\/05\/big5_1447933417-280x280.jpg 280w, https:\/\/www.montanheiros.com\/wp-content\/uploads\/2019\/05\/big5_1447933417-300x300.jpg 300w, https:\/\/www.montanheiros.com\/wp-content\/uploads\/2019\/05\/big5_1447933417-100x100.jpg 100w\" sizes=\"auto, (max-width: 280px) 100vw, 280px\" \/>                                                              <\/div>\n              <div class=\"box-text text-left\" >\n                 <p>Campanha SOS Cagarro, nov15 - ilha Terceira<\/p>\n              <\/div>\n            <\/div>\n            <\/a>          <\/div>\n         <\/div><div class=\"gallery-col col\" >\n          <div class=\"col-inner\">\n            <a class=\"image-lightbox lightbox-gallery\" href=\"https:\/\/www.montanheiros.com\/wp-content\/uploads\/2019\/05\/big3_1447933412.jpg\" title=\"Campanha SOS Cagarro, nov15 - ilha Terceira\">            <div class=\"box has-hover gallery-box box-none\">\n              <div class=\"box-image\" style=\"width:67%;\">\n                <img loading=\"lazy\" decoding=\"async\" width=\"280\" height=\"280\" src=\"https:\/\/www.montanheiros.com\/wp-content\/uploads\/2019\/05\/big3_1447933412-280x280.jpg\" class=\"attachment-thumbnail size-thumbnail\" alt=\"\" ids=\"4820,4821,4822,4823,4824\" style=\"none\" type=\"slider\" columns=\"1\" image_width=\"67\" image_size=\"thumbnail\" srcset=\"https:\/\/www.montanheiros.com\/wp-content\/uploads\/2019\/05\/big3_1447933412-280x280.jpg 280w, https:\/\/www.montanheiros.com\/wp-content\/uploads\/2019\/05\/big3_1447933412-300x300.jpg 300w, https:\/\/www.montanheiros.com\/wp-content\/uploads\/2019\/05\/big3_1447933412-100x100.jpg 100w\" sizes=\"auto, (max-width: 280px) 100vw, 280px\" \/>                                                              <\/div>\n              <div class=\"box-text text-left\" >\n                 <p>Campanha SOS Cagarro, nov15 - ilha Terceira<\/p>\n              <\/div>\n            <\/div>\n            <\/a>          <\/div>\n         <\/div><div class=\"gallery-col col\" >\n          <div class=\"col-inner\">\n            <a class=\"image-lightbox lightbox-gallery\" href=\"https:\/\/www.montanheiros.com\/wp-content\/uploads\/2019\/05\/big4_1447933413.jpg\" title=\"Campanha SOS Cagarro, nov15 - ilha Terceira\">            <div class=\"box has-hover gallery-box box-none\">\n              <div class=\"box-image\" style=\"width:67%;\">\n                <img loading=\"lazy\" decoding=\"async\" width=\"280\" height=\"280\" src=\"https:\/\/www.montanheiros.com\/wp-content\/uploads\/2019\/05\/big4_1447933413-280x280.jpg\" class=\"attachment-thumbnail size-thumbnail\" alt=\"\" ids=\"4820,4821,4822,4823,4824\" style=\"none\" type=\"slider\" columns=\"1\" image_width=\"67\" image_size=\"thumbnail\" srcset=\"https:\/\/www.montanheiros.com\/wp-content\/uploads\/2019\/05\/big4_1447933413-280x280.jpg 280w, https:\/\/www.montanheiros.com\/wp-content\/uploads\/2019\/05\/big4_1447933413-300x300.jpg 300w, https:\/\/www.montanheiros.com\/wp-content\/uploads\/2019\/05\/big4_1447933413-100x100.jpg 100w\" sizes=\"auto, (max-width: 280px) 100vw, 280px\" \/>                                                              <\/div>\n              <div class=\"box-text text-left\" >\n                 <p>Campanha SOS Cagarro, nov15 - ilha Terceira<\/p>\n              <\/div>\n            <\/div>\n            <\/a>          <\/div>\n         <\/div><\/div>\n\n\n\t\t<\/div>\n\t\t\t\t\t<\/div>\n\n\t\n\n\t<div id=\"col-331962462\" class=\"col medium-3 small-12 large-3\"  >\n\t\t\t\t<div class=\"col-inner\"  >\n\t\t\t\n\t\t\t\n\n<p>Subida ao p\u00f3dio no Algar do Carv\u00e3o, dos finalistas do VI Grande Pr\u00e9mio Ciclismo Estrada, 17jul2015 &#8211; ilha Terceira.<\/p>\n\n  \n    <div class=\"row large-columns-1 medium-columns- small-columns- slider row-slider slider-nav-reveal\"  data-flickity-options='{\"imagesLoaded\": true, \"groupCells\": \"100%\", \"dragThreshold\" : 5, \"cellAlign\": \"left\",\"wrapAround\": true,\"prevNextButtons\": true,\"percentPosition\": true,\"pageDots\": false, \"rightToLeft\": false, \"autoPlay\" : false}'>\n\n  <div class=\"gallery-col col\" >\n          <div class=\"col-inner\">\n            <a class=\"image-lightbox lightbox-gallery\" href=\"https:\/\/www.montanheiros.com\/wp-content\/uploads\/2019\/05\/big1_1437563711-531x800.jpg\" title=\"Subida ao p\u00f3dio no Algar do Carv\u00e3o, dos finalistas do VI Grande Pr\u00e9mio Ciclismo Estrada, 17jul2015 - ilha Terceira. \">            <div class=\"box has-hover gallery-box box-none\">\n              <div class=\"box-image\" style=\"width:64%;\">\n                <img loading=\"lazy\" decoding=\"async\" width=\"280\" height=\"280\" src=\"https:\/\/www.montanheiros.com\/wp-content\/uploads\/2019\/05\/big1_1437563711-280x280.jpg\" class=\"attachment-thumbnail size-thumbnail\" alt=\"\" ids=\"4817,4818\" style=\"none\" type=\"slider\" columns=\"1\" image_width=\"64\" image_size=\"thumbnail\" srcset=\"https:\/\/www.montanheiros.com\/wp-content\/uploads\/2019\/05\/big1_1437563711-280x280.jpg 280w, https:\/\/www.montanheiros.com\/wp-content\/uploads\/2019\/05\/big1_1437563711-300x300.jpg 300w, https:\/\/www.montanheiros.com\/wp-content\/uploads\/2019\/05\/big1_1437563711-100x100.jpg 100w\" sizes=\"auto, (max-width: 280px) 100vw, 280px\" \/>                                                              <\/div>\n              <div class=\"box-text text-left\" >\n                 <p>Subida ao p\u00f3dio no Algar do Carv\u00e3o, dos finalistas do VI Grande Pr\u00e9mio Ciclismo Estrada, 17jul2015 - ilha Terceira. <\/p>\n              <\/div>\n            <\/div>\n            <\/a>          <\/div>\n         <\/div><div class=\"gallery-col col\" >\n          <div class=\"col-inner\">\n            <a class=\"image-lightbox lightbox-gallery\" href=\"https:\/\/www.montanheiros.com\/wp-content\/uploads\/2019\/05\/big2_1437563789-531x800.jpg\" title=\"Subida ao p\u00f3dio no Algar do Carv\u00e3o, dos finalistas do VI Grande Pr\u00e9mio Ciclismo Estrada, 17jul2015 - ilha Terceira. \">            <div class=\"box has-hover gallery-box box-none\">\n              <div class=\"box-image\" style=\"width:64%;\">\n                <img loading=\"lazy\" decoding=\"async\" width=\"280\" height=\"280\" src=\"https:\/\/www.montanheiros.com\/wp-content\/uploads\/2019\/05\/big2_1437563789-280x280.jpg\" class=\"attachment-thumbnail size-thumbnail\" alt=\"\" ids=\"4817,4818\" style=\"none\" type=\"slider\" columns=\"1\" image_width=\"64\" image_size=\"thumbnail\" srcset=\"https:\/\/www.montanheiros.com\/wp-content\/uploads\/2019\/05\/big2_1437563789-280x280.jpg 280w, https:\/\/www.montanheiros.com\/wp-content\/uploads\/2019\/05\/big2_1437563789-300x300.jpg 300w, https:\/\/www.montanheiros.com\/wp-content\/uploads\/2019\/05\/big2_1437563789-100x100.jpg 100w\" sizes=\"auto, (max-width: 280px) 100vw, 280px\" \/>                                                              <\/div>\n              <div class=\"box-text text-left\" >\n                 <p>Subida ao p\u00f3dio no Algar do Carv\u00e3o, dos finalistas do VI Grande Pr\u00e9mio Ciclismo Estrada, 17jul2015 - ilha Terceira. <\/p>\n              <\/div>\n            <\/div>\n            <\/a>          <\/div>\n         <\/div><\/div>\n\n\n\t\t<\/div>\n\t\t\t\t\t<\/div>\n\n\t\n\n\t<div id=\"col-960114701\" class=\"col medium-3 small-12 large-3\"  >\n\t\t\t\t<div class=\"col-inner\"  >\n\t\t\t\n\t\t\t\n\n<p>Workshops participativos para elabora\u00e7\u00e3o de uma estrat\u00e9gia de Turismo Ornitol\u00f3gico para os A\u00e7ores, 11 junho 2015 &#8211; ilha Terceira<\/p>\n\n  \n    <div class=\"row large-columns-1 medium-columns- small-columns- slider row-slider slider-nav-reveal\"  data-flickity-options='{\"imagesLoaded\": true, \"groupCells\": \"100%\", \"dragThreshold\" : 5, \"cellAlign\": \"left\",\"wrapAround\": true,\"prevNextButtons\": true,\"percentPosition\": true,\"pageDots\": false, \"rightToLeft\": false, \"autoPlay\" : false}'>\n\n  <div class=\"gallery-col col\" >\n          <div class=\"col-inner\">\n            <a class=\"image-lightbox lightbox-gallery\" href=\"https:\/\/www.montanheiros.com\/wp-content\/uploads\/2019\/05\/big1_1434466211.jpg\" title=\"Workshops participativos para elabora\u00e7\u00e3o de uma estrat\u00e9gia de Turismo Ornitol\u00f3gico para os A\u00e7ores, 11 junho 2015 - ilha Terceira\">            <div class=\"box has-hover gallery-box box-none\">\n              <div class=\"box-image\" style=\"width:74%;\">\n                <img loading=\"lazy\" decoding=\"async\" width=\"280\" height=\"280\" src=\"https:\/\/www.montanheiros.com\/wp-content\/uploads\/2019\/05\/big1_1434466211-280x280.jpg\" class=\"attachment-thumbnail size-thumbnail\" alt=\"\" ids=\"4809,4810,4811,4812,4813,4814,4815\" style=\"none\" type=\"slider\" columns=\"1\" image_width=\"74\" image_size=\"thumbnail\" srcset=\"https:\/\/www.montanheiros.com\/wp-content\/uploads\/2019\/05\/big1_1434466211-280x280.jpg 280w, https:\/\/www.montanheiros.com\/wp-content\/uploads\/2019\/05\/big1_1434466211-300x300.jpg 300w, https:\/\/www.montanheiros.com\/wp-content\/uploads\/2019\/05\/big1_1434466211-100x100.jpg 100w\" sizes=\"auto, (max-width: 280px) 100vw, 280px\" \/>                                                              <\/div>\n              <div class=\"box-text text-left\" >\n                 <p>Workshops participativos para elabora\u00e7\u00e3o de uma estrat\u00e9gia de Turismo Ornitol\u00f3gico para os A\u00e7ores, 11 junho 2015 - ilha Terceira<\/p>\n              <\/div>\n            <\/div>\n            <\/a>          <\/div>\n         <\/div><div class=\"gallery-col col\" >\n          <div class=\"col-inner\">\n            <a class=\"image-lightbox lightbox-gallery\" href=\"https:\/\/www.montanheiros.com\/wp-content\/uploads\/2019\/05\/big7_1434466259.jpg\" title=\"Workshops participativos para elabora\u00e7\u00e3o de uma estrat\u00e9gia de Turismo Ornitol\u00f3gico para os A\u00e7ores, 11 junho 2015 - ilha Terceira\">            <div class=\"box has-hover gallery-box box-none\">\n              <div class=\"box-image\" style=\"width:74%;\">\n                <img loading=\"lazy\" decoding=\"async\" width=\"280\" height=\"280\" src=\"https:\/\/www.montanheiros.com\/wp-content\/uploads\/2019\/05\/big7_1434466259-280x280.jpg\" class=\"attachment-thumbnail size-thumbnail\" alt=\"\" ids=\"4809,4810,4811,4812,4813,4814,4815\" style=\"none\" type=\"slider\" columns=\"1\" image_width=\"74\" image_size=\"thumbnail\" srcset=\"https:\/\/www.montanheiros.com\/wp-content\/uploads\/2019\/05\/big7_1434466259-280x280.jpg 280w, https:\/\/www.montanheiros.com\/wp-content\/uploads\/2019\/05\/big7_1434466259-300x300.jpg 300w, https:\/\/www.montanheiros.com\/wp-content\/uploads\/2019\/05\/big7_1434466259-100x100.jpg 100w\" sizes=\"auto, (max-width: 280px) 100vw, 280px\" \/>                                                              <\/div>\n              <div class=\"box-text text-left\" >\n                 <p>Workshops participativos para elabora\u00e7\u00e3o de uma estrat\u00e9gia de Turismo Ornitol\u00f3gico para os A\u00e7ores, 11 junho 2015 - ilha Terceira<\/p>\n              <\/div>\n            <\/div>\n            <\/a>          <\/div>\n         <\/div><div class=\"gallery-col col\" >\n          <div class=\"col-inner\">\n            <a class=\"image-lightbox lightbox-gallery\" href=\"https:\/\/www.montanheiros.com\/wp-content\/uploads\/2019\/05\/big6_1434466215.jpg\" title=\"Workshops participativos para elabora\u00e7\u00e3o de uma estrat\u00e9gia de Turismo Ornitol\u00f3gico para os A\u00e7ores, 11 junho 2015 - ilha Terceira\">            <div class=\"box has-hover gallery-box box-none\">\n              <div class=\"box-image\" style=\"width:74%;\">\n                <img loading=\"lazy\" decoding=\"async\" width=\"280\" height=\"280\" src=\"https:\/\/www.montanheiros.com\/wp-content\/uploads\/2019\/05\/big6_1434466215-280x280.jpg\" class=\"attachment-thumbnail size-thumbnail\" alt=\"\" ids=\"4809,4810,4811,4812,4813,4814,4815\" style=\"none\" type=\"slider\" columns=\"1\" image_width=\"74\" image_size=\"thumbnail\" srcset=\"https:\/\/www.montanheiros.com\/wp-content\/uploads\/2019\/05\/big6_1434466215-280x280.jpg 280w, https:\/\/www.montanheiros.com\/wp-content\/uploads\/2019\/05\/big6_1434466215-300x300.jpg 300w, https:\/\/www.montanheiros.com\/wp-content\/uploads\/2019\/05\/big6_1434466215-100x100.jpg 100w\" sizes=\"auto, (max-width: 280px) 100vw, 280px\" \/>                                                              <\/div>\n              <div class=\"box-text text-left\" >\n                 <p>Workshops participativos para elabora\u00e7\u00e3o de uma estrat\u00e9gia de Turismo Ornitol\u00f3gico para os A\u00e7ores, 11 junho 2015 - ilha Terceira<\/p>\n              <\/div>\n            <\/div>\n            <\/a>          <\/div>\n         <\/div><div class=\"gallery-col col\" >\n          <div class=\"col-inner\">\n            <a class=\"image-lightbox lightbox-gallery\" href=\"https:\/\/www.montanheiros.com\/wp-content\/uploads\/2019\/05\/big2_1434466212.jpg\" title=\"\">            <div class=\"box has-hover gallery-box box-none\">\n              <div class=\"box-image\" style=\"width:74%;\">\n                <img loading=\"lazy\" decoding=\"async\" width=\"280\" height=\"280\" src=\"https:\/\/www.montanheiros.com\/wp-content\/uploads\/2019\/05\/big2_1434466212-280x280.jpg\" class=\"attachment-thumbnail size-thumbnail\" alt=\"\" ids=\"4809,4810,4811,4812,4813,4814,4815\" style=\"none\" type=\"slider\" columns=\"1\" image_width=\"74\" image_size=\"thumbnail\" srcset=\"https:\/\/www.montanheiros.com\/wp-content\/uploads\/2019\/05\/big2_1434466212-280x280.jpg 280w, https:\/\/www.montanheiros.com\/wp-content\/uploads\/2019\/05\/big2_1434466212-300x300.jpg 300w, https:\/\/www.montanheiros.com\/wp-content\/uploads\/2019\/05\/big2_1434466212-100x100.jpg 100w\" sizes=\"auto, (max-width: 280px) 100vw, 280px\" \/>                                                              <\/div>\n              <div class=\"box-text text-left\" >\n                 <p><\/p>\n              <\/div>\n            <\/div>\n            <\/a>          <\/div>\n         <\/div><div class=\"gallery-col col\" >\n          <div class=\"col-inner\">\n            <a class=\"image-lightbox lightbox-gallery\" href=\"https:\/\/www.montanheiros.com\/wp-content\/uploads\/2019\/05\/big4_1434466214.jpg\" title=\"Workshops participativos para elabora\u00e7\u00e3o de uma estrat\u00e9gia de Turismo Ornitol\u00f3gico para os A\u00e7ores, 11 junho 2015 - ilha Terceira\">            <div class=\"box has-hover gallery-box box-none\">\n              <div class=\"box-image\" style=\"width:74%;\">\n                <img loading=\"lazy\" decoding=\"async\" width=\"280\" height=\"280\" src=\"https:\/\/www.montanheiros.com\/wp-content\/uploads\/2019\/05\/big4_1434466214-280x280.jpg\" class=\"attachment-thumbnail size-thumbnail\" alt=\"\" ids=\"4809,4810,4811,4812,4813,4814,4815\" style=\"none\" type=\"slider\" columns=\"1\" image_width=\"74\" image_size=\"thumbnail\" srcset=\"https:\/\/www.montanheiros.com\/wp-content\/uploads\/2019\/05\/big4_1434466214-280x280.jpg 280w, https:\/\/www.montanheiros.com\/wp-content\/uploads\/2019\/05\/big4_1434466214-300x300.jpg 300w, https:\/\/www.montanheiros.com\/wp-content\/uploads\/2019\/05\/big4_1434466214-100x100.jpg 100w\" sizes=\"auto, (max-width: 280px) 100vw, 280px\" \/>                                                              <\/div>\n              <div class=\"box-text text-left\" >\n                 <p>Workshops participativos para elabora\u00e7\u00e3o de uma estrat\u00e9gia de Turismo Ornitol\u00f3gico para os A\u00e7ores, 11 junho 2015 - ilha Terceira<\/p>\n              <\/div>\n            <\/div>\n            <\/a>          <\/div>\n         <\/div><div class=\"gallery-col col\" >\n          <div class=\"col-inner\">\n            <a class=\"image-lightbox lightbox-gallery\" href=\"https:\/\/www.montanheiros.com\/wp-content\/uploads\/2019\/05\/big3_1434466213.jpg\" title=\"Workshops participativos para elabora\u00e7\u00e3o de uma estrat\u00e9gia de Turismo Ornitol\u00f3gico para os A\u00e7ores, 11 junho 2015 - ilha Terceira\">            <div class=\"box has-hover gallery-box box-none\">\n              <div class=\"box-image\" style=\"width:74%;\">\n                <img loading=\"lazy\" decoding=\"async\" width=\"280\" height=\"280\" src=\"https:\/\/www.montanheiros.com\/wp-content\/uploads\/2019\/05\/big3_1434466213-280x280.jpg\" class=\"attachment-thumbnail size-thumbnail\" alt=\"\" ids=\"4809,4810,4811,4812,4813,4814,4815\" style=\"none\" type=\"slider\" columns=\"1\" image_width=\"74\" image_size=\"thumbnail\" srcset=\"https:\/\/www.montanheiros.com\/wp-content\/uploads\/2019\/05\/big3_1434466213-280x280.jpg 280w, https:\/\/www.montanheiros.com\/wp-content\/uploads\/2019\/05\/big3_1434466213-300x300.jpg 300w, https:\/\/www.montanheiros.com\/wp-content\/uploads\/2019\/05\/big3_1434466213-100x100.jpg 100w\" sizes=\"auto, (max-width: 280px) 100vw, 280px\" \/>                                                              <\/div>\n              <div class=\"box-text text-left\" >\n                 <p>Workshops participativos para elabora\u00e7\u00e3o de uma estrat\u00e9gia de Turismo Ornitol\u00f3gico para os A\u00e7ores, 11 junho 2015 - ilha Terceira<\/p>\n              <\/div>\n            <\/div>\n            <\/a>          <\/div>\n         <\/div><div class=\"gallery-col col\" >\n          <div class=\"col-inner\">\n            <a class=\"image-lightbox lightbox-gallery\" href=\"https:\/\/www.montanheiros.com\/wp-content\/uploads\/2019\/05\/big5_1434466214.jpg\" title=\"Workshops participativos para elabora\u00e7\u00e3o de uma estrat\u00e9gia de Turismo Ornitol\u00f3gico para os A\u00e7ores, 11 junho 2015 - ilha Terceira\">            <div class=\"box has-hover gallery-box box-none\">\n              <div class=\"box-image\" style=\"width:74%;\">\n                <img loading=\"lazy\" decoding=\"async\" width=\"280\" height=\"280\" src=\"https:\/\/www.montanheiros.com\/wp-content\/uploads\/2019\/05\/big5_1434466214-280x280.jpg\" class=\"attachment-thumbnail size-thumbnail\" alt=\"\" ids=\"4809,4810,4811,4812,4813,4814,4815\" style=\"none\" type=\"slider\" columns=\"1\" image_width=\"74\" image_size=\"thumbnail\" srcset=\"https:\/\/www.montanheiros.com\/wp-content\/uploads\/2019\/05\/big5_1434466214-280x280.jpg 280w, https:\/\/www.montanheiros.com\/wp-content\/uploads\/2019\/05\/big5_1434466214-300x300.jpg 300w, https:\/\/www.montanheiros.com\/wp-content\/uploads\/2019\/05\/big5_1434466214-100x100.jpg 100w\" sizes=\"auto, (max-width: 280px) 100vw, 280px\" \/>                                                              <\/div>\n              <div class=\"box-text text-left\" >\n                 <p>Workshops participativos para elabora\u00e7\u00e3o de uma estrat\u00e9gia de Turismo Ornitol\u00f3gico para os A\u00e7ores, 11 junho 2015 - ilha Terceira<\/p>\n              <\/div>\n            <\/div>\n            <\/a>          <\/div>\n         <\/div><\/div>\n\n\n\t\t<\/div>\n\t\t\t\t\t<\/div>\n\n\t\n\n<\/div>\n\n\t\t<\/div>\n\t\t\t\t\t<\/div>\n\n\t\n\n<\/div>\n\n","protected":false},"excerpt":{"rendered":"<p>Galeria \/ Outras Atividades 2022-2015 2014-2009 2008 2007 2006-1990 2022 Presen\u00e7a do realizador Daniel Pinheiro no Algar do Carv\u00e3o, para a recolha de imagens para um novo document\u00e1rio na RTP sobre a vida selvagem em Portugal, 11abr2022 &#8211; ilha Terceira 2021 Trabalhos de limpeza de infestantes no interior da Caldeira do Cabe\u00e7o Verde no \u00e2mbito [&#8230;]\n","protected":false},"author":1,"featured_media":0,"parent":0,"menu_order":0,"comment_status":"closed","ping_status":"closed","template":"","meta":{"jetpack_post_was_ever_published":false,"footnotes":""},"class_list":["post-4807","page","type-page","status-publish","hentry"],"jetpack_sharing_enabled":true,"jetpack_shortlink":"https:\/\/wp.me\/PaT0CI-1fx","_links":{"self":[{"href":"https:\/\/www.montanheiros.com\/en\/wp-json\/wp\/v2\/pages\/4807","targetHints":{"allow":["GET"]}}],"collection":[{"href":"https:\/\/www.montanheiros.com\/en\/wp-json\/wp\/v2\/pages"}],"about":[{"href":"https:\/\/www.montanheiros.com\/en\/wp-json\/wp\/v2\/types\/page"}],"author":[{"embeddable":true,"href":"https:\/\/www.montanheiros.com\/en\/wp-json\/wp\/v2\/users\/1"}],"replies":[{"embeddable":true,"href":"https:\/\/www.montanheiros.com\/en\/wp-json\/wp\/v2\/comments?post=4807"}],"version-history":[{"count":30,"href":"https:\/\/www.montanheiros.com\/en\/wp-json\/wp\/v2\/pages\/4807\/revisions"}],"predecessor-version":[{"id":14589,"href":"https:\/\/www.montanheiros.com\/en\/wp-json\/wp\/v2\/pages\/4807\/revisions\/14589"}],"wp:attachment":[{"href":"https:\/\/www.montanheiros.com\/en\/wp-json\/wp\/v2\/media?parent=4807"}],"curies":[{"name":"wp","href":"https:\/\/api.w.org\/{rel}","templated":true}]}}