{"id":5393,"date":"2019-05-06T14:25:48","date_gmt":"2019-05-06T14:25:48","guid":{"rendered":"http:\/\/montanheiros.cecilia-designs.com\/?page_id=5393"},"modified":"2026-04-15T09:14:19","modified_gmt":"2026-04-15T09:14:19","slug":"pedestre2015","status":"publish","type":"page","link":"https:\/\/www.montanheiros.com\/en\/pedestre2015\/","title":{"rendered":"Passeios Pedestres 2015"},"content":{"rendered":"\n<h3 class=\"thin-font\"><span style=\"font-size: 120%\">Galeria \/ <\/span><span style=\"font-size: 180%\"><span style=\"font-size: 100%\">Passeios Pedestres<\/span><br \/><\/span><\/h3>\n<div class=\"row\"  id=\"row-88001128\">\n\n\n\t<div id=\"col-1574949260\" class=\"col small-12 large-12\"  >\n\t\t\t\t<div class=\"col-inner\"  >\n\t\t\t\n\t\t\t\n\n<a href=\"http:\/\/montanheiros.com\/pedestres2015\" target=\"_self\" class=\"button success is-underline\"  >\n    <span>2026-2015<\/span>\n  <\/a>\n\n\n<a href=\"http:\/\/montanheiros.com\/pedestres2010\" target=\"_self\" class=\"button primary is-underline\"  >\n    <span>2014-2010<\/span>\n  <\/a>\n\n\n<a href=\"http:\/\/montanheiros.com\/pedestres2006\" target=\"_self\" class=\"button primary is-underline\"  >\n    <span>2009-2006<\/span>\n  <\/a>\n\n\n<a href=\"http:\/\/montanheiros.com\/passeios-pedestres1990\" target=\"_self\" class=\"button primary is-underline\"  >\n    <span>1998-1990<\/span>\n  <\/a>\n\n\n<div class=\"container section-title-container\" ><h4 class=\"section-title section-title-normal\"><b><\/b><span class=\"section-title-main\" >2026<\/span><b><\/b><\/h4><\/div>\n\n<div class=\"row\"  id=\"row-1793285764\">\n\n\n\t<div id=\"col-233085556\" class=\"col medium-4 small-12 large-4\"  >\n\t\t\t\t<div class=\"col-inner\"  >\n\t\t\t\n\t\t\t\n\n\n\t\t<\/div>\n\t\t\t\t\t<\/div>\n\n\t\n\n\t<div id=\"col-1240732435\" class=\"col medium-4 small-12 large-4\"  >\n\t\t\t\t<div class=\"col-inner\"  >\n\t\t\t\n\t\t\t\n\n\n\t\t<\/div>\n\t\t\t\t\t<\/div>\n\n\t\n\n\t<div id=\"col-528818360\" class=\"col medium-4 small-12 large-4\"  >\n\t\t\t\t<div class=\"col-inner\"  >\n\t\t\t\n\t\t\t\n\n<p>Passeio pedestre nas comemora\u00e7\u00f5es do Dia Mundial da Sa\u00fade e Dia Mundial da Atividade F\u00edsica, Monte Brasil, 12abr2026 &#8211; ilha Terceira<\/p>\n\n  \n    <div class=\"row large-columns-1 medium-columns- small-columns- row-full-width slider row-slider slider-nav-reveal\"  data-flickity-options='{\"imagesLoaded\": true, \"groupCells\": \"100%\", \"dragThreshold\" : 5, \"cellAlign\": \"left\",\"wrapAround\": true,\"prevNextButtons\": true,\"percentPosition\": true,\"pageDots\": false, \"rightToLeft\": false, \"autoPlay\" : false}'>\n\n  <div class=\"gallery-col col\" >\n          <div class=\"col-inner\">\n            <a class=\"image-lightbox lightbox-gallery\" href=\"https:\/\/www.montanheiros.com\/wp-content\/uploads\/2026\/04\/Foto-grupo-1067x800.jpeg\" title=\"\">            <div class=\"box has-hover gallery-box box-none\">\n              <div class=\"box-image\" style=\"width:63%;\">\n                <img loading=\"lazy\" decoding=\"async\" width=\"280\" height=\"280\" src=\"https:\/\/www.montanheiros.com\/wp-content\/uploads\/2026\/04\/Foto-grupo-280x280.jpeg\" class=\"attachment-thumbnail size-thumbnail\" alt=\"\" ids=\"18281,18276,18270,18273,18268,18269,18271,18275,18267,18272,18279,18265,18266,18274,18277,18278,18280\" style=\"none\" type=\"slider\" columns=\"1\" image_width=\"63\" image_size=\"thumbnail\" text_align=\"center\" srcset=\"https:\/\/www.montanheiros.com\/wp-content\/uploads\/2026\/04\/Foto-grupo-280x280.jpeg 280w, https:\/\/www.montanheiros.com\/wp-content\/uploads\/2026\/04\/Foto-grupo-300x300.jpeg 300w, https:\/\/www.montanheiros.com\/wp-content\/uploads\/2026\/04\/Foto-grupo-100x100.jpeg 100w\" sizes=\"auto, (max-width: 280px) 100vw, 280px\" \/>                                                              <\/div>\n              <div class=\"box-text text-center\" >\n                 <p><\/p>\n              <\/div>\n            <\/div>\n            <\/a>          <\/div>\n         <\/div><div class=\"gallery-col col\" >\n          <div class=\"col-inner\">\n            <a class=\"image-lightbox lightbox-gallery\" href=\"https:\/\/www.montanheiros.com\/wp-content\/uploads\/2026\/04\/669864522_26687916904172876_3478555283273511491_n-1400x788.jpg\" title=\"\">            <div class=\"box has-hover gallery-box box-none\">\n              <div class=\"box-image\" style=\"width:63%;\">\n                <img loading=\"lazy\" decoding=\"async\" width=\"280\" height=\"280\" src=\"https:\/\/www.montanheiros.com\/wp-content\/uploads\/2026\/04\/669864522_26687916904172876_3478555283273511491_n-280x280.jpg\" class=\"attachment-thumbnail size-thumbnail\" alt=\"\" ids=\"18281,18276,18270,18273,18268,18269,18271,18275,18267,18272,18279,18265,18266,18274,18277,18278,18280\" style=\"none\" type=\"slider\" columns=\"1\" image_width=\"63\" image_size=\"thumbnail\" text_align=\"center\" srcset=\"https:\/\/www.montanheiros.com\/wp-content\/uploads\/2026\/04\/669864522_26687916904172876_3478555283273511491_n-280x280.jpg 280w, https:\/\/www.montanheiros.com\/wp-content\/uploads\/2026\/04\/669864522_26687916904172876_3478555283273511491_n-300x300.jpg 300w, https:\/\/www.montanheiros.com\/wp-content\/uploads\/2026\/04\/669864522_26687916904172876_3478555283273511491_n-100x100.jpg 100w\" sizes=\"auto, (max-width: 280px) 100vw, 280px\" \/>                                                              <\/div>\n              <div class=\"box-text text-center\" >\n                 <p><\/p>\n              <\/div>\n            <\/div>\n            <\/a>          <\/div>\n         <\/div><div class=\"gallery-col col\" >\n          <div class=\"col-inner\">\n            <a class=\"image-lightbox lightbox-gallery\" href=\"https:\/\/www.montanheiros.com\/wp-content\/uploads\/2026\/04\/669575355_26687919350839298_5186596669170701218_n-1400x788.jpg\" title=\"\">            <div class=\"box has-hover gallery-box box-none\">\n              <div class=\"box-image\" style=\"width:63%;\">\n                <img loading=\"lazy\" decoding=\"async\" width=\"280\" height=\"280\" src=\"https:\/\/www.montanheiros.com\/wp-content\/uploads\/2026\/04\/669575355_26687919350839298_5186596669170701218_n-280x280.jpg\" class=\"attachment-thumbnail size-thumbnail\" alt=\"\" ids=\"18281,18276,18270,18273,18268,18269,18271,18275,18267,18272,18279,18265,18266,18274,18277,18278,18280\" style=\"none\" type=\"slider\" columns=\"1\" image_width=\"63\" image_size=\"thumbnail\" text_align=\"center\" srcset=\"https:\/\/www.montanheiros.com\/wp-content\/uploads\/2026\/04\/669575355_26687919350839298_5186596669170701218_n-280x280.jpg 280w, https:\/\/www.montanheiros.com\/wp-content\/uploads\/2026\/04\/669575355_26687919350839298_5186596669170701218_n-300x300.jpg 300w, https:\/\/www.montanheiros.com\/wp-content\/uploads\/2026\/04\/669575355_26687919350839298_5186596669170701218_n-100x100.jpg 100w\" sizes=\"auto, (max-width: 280px) 100vw, 280px\" \/>                                                              <\/div>\n              <div class=\"box-text text-center\" >\n                 <p><\/p>\n              <\/div>\n            <\/div>\n            <\/a>          <\/div>\n         <\/div><div class=\"gallery-col col\" >\n          <div class=\"col-inner\">\n            <a class=\"image-lightbox lightbox-gallery\" href=\"https:\/\/www.montanheiros.com\/wp-content\/uploads\/2026\/04\/669587662_26687963157501584_40198974151885039_n-1400x788.jpg\" title=\"\">            <div class=\"box has-hover gallery-box box-none\">\n              <div class=\"box-image\" style=\"width:63%;\">\n                <img loading=\"lazy\" decoding=\"async\" width=\"280\" height=\"280\" src=\"https:\/\/www.montanheiros.com\/wp-content\/uploads\/2026\/04\/669587662_26687963157501584_40198974151885039_n-280x280.jpg\" class=\"attachment-thumbnail size-thumbnail\" alt=\"\" ids=\"18281,18276,18270,18273,18268,18269,18271,18275,18267,18272,18279,18265,18266,18274,18277,18278,18280\" style=\"none\" type=\"slider\" columns=\"1\" image_width=\"63\" image_size=\"thumbnail\" text_align=\"center\" srcset=\"https:\/\/www.montanheiros.com\/wp-content\/uploads\/2026\/04\/669587662_26687963157501584_40198974151885039_n-280x280.jpg 280w, https:\/\/www.montanheiros.com\/wp-content\/uploads\/2026\/04\/669587662_26687963157501584_40198974151885039_n-300x300.jpg 300w, https:\/\/www.montanheiros.com\/wp-content\/uploads\/2026\/04\/669587662_26687963157501584_40198974151885039_n-100x100.jpg 100w\" sizes=\"auto, (max-width: 280px) 100vw, 280px\" \/>                                                              <\/div>\n              <div class=\"box-text text-center\" >\n                 <p><\/p>\n              <\/div>\n            <\/div>\n            <\/a>          <\/div>\n         <\/div><div class=\"gallery-col col\" >\n          <div class=\"col-inner\">\n            <a class=\"image-lightbox lightbox-gallery\" href=\"https:\/\/www.montanheiros.com\/wp-content\/uploads\/2026\/04\/669502693_26687991264165440_1267575959609904310_n-1400x788.jpg\" title=\"\">            <div class=\"box has-hover gallery-box box-none\">\n              <div class=\"box-image\" style=\"width:63%;\">\n                <img loading=\"lazy\" decoding=\"async\" width=\"280\" height=\"280\" src=\"https:\/\/www.montanheiros.com\/wp-content\/uploads\/2026\/04\/669502693_26687991264165440_1267575959609904310_n-280x280.jpg\" class=\"attachment-thumbnail size-thumbnail\" alt=\"\" ids=\"18281,18276,18270,18273,18268,18269,18271,18275,18267,18272,18279,18265,18266,18274,18277,18278,18280\" style=\"none\" type=\"slider\" columns=\"1\" image_width=\"63\" image_size=\"thumbnail\" text_align=\"center\" srcset=\"https:\/\/www.montanheiros.com\/wp-content\/uploads\/2026\/04\/669502693_26687991264165440_1267575959609904310_n-280x280.jpg 280w, https:\/\/www.montanheiros.com\/wp-content\/uploads\/2026\/04\/669502693_26687991264165440_1267575959609904310_n-300x300.jpg 300w, https:\/\/www.montanheiros.com\/wp-content\/uploads\/2026\/04\/669502693_26687991264165440_1267575959609904310_n-100x100.jpg 100w\" sizes=\"auto, (max-width: 280px) 100vw, 280px\" \/>                                                              <\/div>\n              <div class=\"box-text text-center\" >\n                 <p><\/p>\n              <\/div>\n            <\/div>\n            <\/a>          <\/div>\n         <\/div><div class=\"gallery-col col\" >\n          <div class=\"col-inner\">\n            <a class=\"image-lightbox lightbox-gallery\" href=\"https:\/\/www.montanheiros.com\/wp-content\/uploads\/2026\/04\/669557415_26687949100836323_2618953232774834608_n-1400x788.jpg\" title=\"\">            <div class=\"box has-hover gallery-box box-none\">\n              <div class=\"box-image\" style=\"width:63%;\">\n                <img loading=\"lazy\" decoding=\"async\" width=\"280\" height=\"280\" src=\"https:\/\/www.montanheiros.com\/wp-content\/uploads\/2026\/04\/669557415_26687949100836323_2618953232774834608_n-280x280.jpg\" class=\"attachment-thumbnail size-thumbnail\" alt=\"\" ids=\"18281,18276,18270,18273,18268,18269,18271,18275,18267,18272,18279,18265,18266,18274,18277,18278,18280\" style=\"none\" type=\"slider\" columns=\"1\" image_width=\"63\" image_size=\"thumbnail\" text_align=\"center\" srcset=\"https:\/\/www.montanheiros.com\/wp-content\/uploads\/2026\/04\/669557415_26687949100836323_2618953232774834608_n-280x280.jpg 280w, https:\/\/www.montanheiros.com\/wp-content\/uploads\/2026\/04\/669557415_26687949100836323_2618953232774834608_n-300x300.jpg 300w, https:\/\/www.montanheiros.com\/wp-content\/uploads\/2026\/04\/669557415_26687949100836323_2618953232774834608_n-100x100.jpg 100w\" sizes=\"auto, (max-width: 280px) 100vw, 280px\" \/>                                                              <\/div>\n              <div class=\"box-text text-center\" >\n                 <p><\/p>\n              <\/div>\n            <\/div>\n            <\/a>          <\/div>\n         <\/div><div class=\"gallery-col col\" >\n          <div class=\"col-inner\">\n            <a class=\"image-lightbox lightbox-gallery\" href=\"https:\/\/www.montanheiros.com\/wp-content\/uploads\/2026\/04\/669584443_26687982827499617_4637392525534912154_n-1400x788.jpg\" title=\"\">            <div class=\"box has-hover gallery-box box-none\">\n              <div class=\"box-image\" style=\"width:63%;\">\n                <img loading=\"lazy\" decoding=\"async\" width=\"280\" height=\"280\" src=\"https:\/\/www.montanheiros.com\/wp-content\/uploads\/2026\/04\/669584443_26687982827499617_4637392525534912154_n-280x280.jpg\" class=\"attachment-thumbnail size-thumbnail\" alt=\"\" ids=\"18281,18276,18270,18273,18268,18269,18271,18275,18267,18272,18279,18265,18266,18274,18277,18278,18280\" style=\"none\" type=\"slider\" columns=\"1\" image_width=\"63\" image_size=\"thumbnail\" text_align=\"center\" srcset=\"https:\/\/www.montanheiros.com\/wp-content\/uploads\/2026\/04\/669584443_26687982827499617_4637392525534912154_n-280x280.jpg 280w, https:\/\/www.montanheiros.com\/wp-content\/uploads\/2026\/04\/669584443_26687982827499617_4637392525534912154_n-300x300.jpg 300w, https:\/\/www.montanheiros.com\/wp-content\/uploads\/2026\/04\/669584443_26687982827499617_4637392525534912154_n-100x100.jpg 100w\" sizes=\"auto, (max-width: 280px) 100vw, 280px\" \/>                                                              <\/div>\n              <div class=\"box-text text-center\" >\n                 <p><\/p>\n              <\/div>\n            <\/div>\n            <\/a>          <\/div>\n         <\/div><div class=\"gallery-col col\" >\n          <div class=\"col-inner\">\n            <a class=\"image-lightbox lightbox-gallery\" href=\"https:\/\/www.montanheiros.com\/wp-content\/uploads\/2026\/04\/669848056_26687985437499356_38656772703850085_n-1400x788.jpg\" title=\"\">            <div class=\"box has-hover gallery-box box-none\">\n              <div class=\"box-image\" style=\"width:63%;\">\n                <img loading=\"lazy\" decoding=\"async\" width=\"280\" height=\"280\" src=\"https:\/\/www.montanheiros.com\/wp-content\/uploads\/2026\/04\/669848056_26687985437499356_38656772703850085_n-280x280.jpg\" class=\"attachment-thumbnail size-thumbnail\" alt=\"\" ids=\"18281,18276,18270,18273,18268,18269,18271,18275,18267,18272,18279,18265,18266,18274,18277,18278,18280\" style=\"none\" type=\"slider\" columns=\"1\" image_width=\"63\" image_size=\"thumbnail\" text_align=\"center\" srcset=\"https:\/\/www.montanheiros.com\/wp-content\/uploads\/2026\/04\/669848056_26687985437499356_38656772703850085_n-280x280.jpg 280w, https:\/\/www.montanheiros.com\/wp-content\/uploads\/2026\/04\/669848056_26687985437499356_38656772703850085_n-300x300.jpg 300w, https:\/\/www.montanheiros.com\/wp-content\/uploads\/2026\/04\/669848056_26687985437499356_38656772703850085_n-100x100.jpg 100w\" sizes=\"auto, (max-width: 280px) 100vw, 280px\" \/>                                                              <\/div>\n              <div class=\"box-text text-center\" >\n                 <p><\/p>\n              <\/div>\n            <\/div>\n            <\/a>          <\/div>\n         <\/div><div class=\"gallery-col col\" >\n          <div class=\"col-inner\">\n            <a class=\"image-lightbox lightbox-gallery\" href=\"https:\/\/www.montanheiros.com\/wp-content\/uploads\/2026\/04\/669342430_26687987057499194_1067691308650358487_n-1400x788.jpg\" title=\"\">            <div class=\"box has-hover gallery-box box-none\">\n              <div class=\"box-image\" style=\"width:63%;\">\n                <img loading=\"lazy\" decoding=\"async\" width=\"280\" height=\"280\" src=\"https:\/\/www.montanheiros.com\/wp-content\/uploads\/2026\/04\/669342430_26687987057499194_1067691308650358487_n-280x280.jpg\" class=\"attachment-thumbnail size-thumbnail\" alt=\"\" ids=\"18281,18276,18270,18273,18268,18269,18271,18275,18267,18272,18279,18265,18266,18274,18277,18278,18280\" style=\"none\" type=\"slider\" columns=\"1\" image_width=\"63\" image_size=\"thumbnail\" text_align=\"center\" srcset=\"https:\/\/www.montanheiros.com\/wp-content\/uploads\/2026\/04\/669342430_26687987057499194_1067691308650358487_n-280x280.jpg 280w, https:\/\/www.montanheiros.com\/wp-content\/uploads\/2026\/04\/669342430_26687987057499194_1067691308650358487_n-300x300.jpg 300w, https:\/\/www.montanheiros.com\/wp-content\/uploads\/2026\/04\/669342430_26687987057499194_1067691308650358487_n-100x100.jpg 100w\" sizes=\"auto, (max-width: 280px) 100vw, 280px\" \/>                                                              <\/div>\n              <div class=\"box-text text-center\" >\n                 <p><\/p>\n              <\/div>\n            <\/div>\n            <\/a>          <\/div>\n         <\/div><div class=\"gallery-col col\" >\n          <div class=\"col-inner\">\n            <a class=\"image-lightbox lightbox-gallery\" href=\"https:\/\/www.montanheiros.com\/wp-content\/uploads\/2026\/04\/669586514_26687965490834684_6893018818024375548_n-1400x788.jpg\" title=\"\">            <div class=\"box has-hover gallery-box box-none\">\n              <div class=\"box-image\" style=\"width:63%;\">\n                <img loading=\"lazy\" decoding=\"async\" width=\"280\" height=\"280\" src=\"https:\/\/www.montanheiros.com\/wp-content\/uploads\/2026\/04\/669586514_26687965490834684_6893018818024375548_n-280x280.jpg\" class=\"attachment-thumbnail size-thumbnail\" alt=\"\" ids=\"18281,18276,18270,18273,18268,18269,18271,18275,18267,18272,18279,18265,18266,18274,18277,18278,18280\" style=\"none\" type=\"slider\" columns=\"1\" image_width=\"63\" image_size=\"thumbnail\" text_align=\"center\" srcset=\"https:\/\/www.montanheiros.com\/wp-content\/uploads\/2026\/04\/669586514_26687965490834684_6893018818024375548_n-280x280.jpg 280w, https:\/\/www.montanheiros.com\/wp-content\/uploads\/2026\/04\/669586514_26687965490834684_6893018818024375548_n-300x300.jpg 300w, https:\/\/www.montanheiros.com\/wp-content\/uploads\/2026\/04\/669586514_26687965490834684_6893018818024375548_n-100x100.jpg 100w\" sizes=\"auto, (max-width: 280px) 100vw, 280px\" \/>                                                              <\/div>\n              <div class=\"box-text text-center\" >\n                 <p><\/p>\n              <\/div>\n            <\/div>\n            <\/a>          <\/div>\n         <\/div><div class=\"gallery-col col\" >\n          <div class=\"col-inner\">\n            <a class=\"image-lightbox lightbox-gallery\" href=\"https:\/\/www.montanheiros.com\/wp-content\/uploads\/2026\/04\/670834062_26687988067499093_4333422803360984853_n-1400x788.jpg\" title=\"\">            <div class=\"box has-hover gallery-box box-none\">\n              <div class=\"box-image\" style=\"width:63%;\">\n                <img loading=\"lazy\" decoding=\"async\" width=\"280\" height=\"280\" src=\"https:\/\/www.montanheiros.com\/wp-content\/uploads\/2026\/04\/670834062_26687988067499093_4333422803360984853_n-280x280.jpg\" class=\"attachment-thumbnail size-thumbnail\" alt=\"\" ids=\"18281,18276,18270,18273,18268,18269,18271,18275,18267,18272,18279,18265,18266,18274,18277,18278,18280\" style=\"none\" type=\"slider\" columns=\"1\" image_width=\"63\" image_size=\"thumbnail\" text_align=\"center\" srcset=\"https:\/\/www.montanheiros.com\/wp-content\/uploads\/2026\/04\/670834062_26687988067499093_4333422803360984853_n-280x280.jpg 280w, https:\/\/www.montanheiros.com\/wp-content\/uploads\/2026\/04\/670834062_26687988067499093_4333422803360984853_n-300x300.jpg 300w, https:\/\/www.montanheiros.com\/wp-content\/uploads\/2026\/04\/670834062_26687988067499093_4333422803360984853_n-100x100.jpg 100w\" sizes=\"auto, (max-width: 280px) 100vw, 280px\" \/>                                                              <\/div>\n              <div class=\"box-text text-center\" >\n                 <p><\/p>\n              <\/div>\n            <\/div>\n            <\/a>          <\/div>\n         <\/div><div class=\"gallery-col col\" >\n          <div class=\"col-inner\">\n            <a class=\"image-lightbox lightbox-gallery\" href=\"https:\/\/www.montanheiros.com\/wp-content\/uploads\/2026\/04\/668823042_26688001164164450_3268290694460863103_n-1400x788.jpg\" title=\"\">            <div class=\"box has-hover gallery-box box-none\">\n              <div class=\"box-image\" style=\"width:63%;\">\n                <img loading=\"lazy\" decoding=\"async\" width=\"280\" height=\"280\" src=\"https:\/\/www.montanheiros.com\/wp-content\/uploads\/2026\/04\/668823042_26688001164164450_3268290694460863103_n-280x280.jpg\" class=\"attachment-thumbnail size-thumbnail\" alt=\"\" ids=\"18281,18276,18270,18273,18268,18269,18271,18275,18267,18272,18279,18265,18266,18274,18277,18278,18280\" style=\"none\" type=\"slider\" columns=\"1\" image_width=\"63\" image_size=\"thumbnail\" text_align=\"center\" srcset=\"https:\/\/www.montanheiros.com\/wp-content\/uploads\/2026\/04\/668823042_26688001164164450_3268290694460863103_n-280x280.jpg 280w, https:\/\/www.montanheiros.com\/wp-content\/uploads\/2026\/04\/668823042_26688001164164450_3268290694460863103_n-300x300.jpg 300w, https:\/\/www.montanheiros.com\/wp-content\/uploads\/2026\/04\/668823042_26688001164164450_3268290694460863103_n-100x100.jpg 100w\" sizes=\"auto, (max-width: 280px) 100vw, 280px\" \/>                                                              <\/div>\n              <div class=\"box-text text-center\" >\n                 <p><\/p>\n              <\/div>\n            <\/div>\n            <\/a>          <\/div>\n         <\/div><div class=\"gallery-col col\" >\n          <div class=\"col-inner\">\n            <a class=\"image-lightbox lightbox-gallery\" href=\"https:\/\/www.montanheiros.com\/wp-content\/uploads\/2026\/04\/669074009_26687995617498338_8329704510994101019_n-1400x788.jpg\" title=\"\">            <div class=\"box has-hover gallery-box box-none\">\n              <div class=\"box-image\" style=\"width:63%;\">\n                <img loading=\"lazy\" decoding=\"async\" width=\"280\" height=\"280\" src=\"https:\/\/www.montanheiros.com\/wp-content\/uploads\/2026\/04\/669074009_26687995617498338_8329704510994101019_n-280x280.jpg\" class=\"attachment-thumbnail size-thumbnail\" alt=\"\" ids=\"18281,18276,18270,18273,18268,18269,18271,18275,18267,18272,18279,18265,18266,18274,18277,18278,18280\" style=\"none\" type=\"slider\" columns=\"1\" image_width=\"63\" image_size=\"thumbnail\" text_align=\"center\" srcset=\"https:\/\/www.montanheiros.com\/wp-content\/uploads\/2026\/04\/669074009_26687995617498338_8329704510994101019_n-280x280.jpg 280w, https:\/\/www.montanheiros.com\/wp-content\/uploads\/2026\/04\/669074009_26687995617498338_8329704510994101019_n-300x300.jpg 300w, https:\/\/www.montanheiros.com\/wp-content\/uploads\/2026\/04\/669074009_26687995617498338_8329704510994101019_n-100x100.jpg 100w\" sizes=\"auto, (max-width: 280px) 100vw, 280px\" \/>                                                              <\/div>\n              <div class=\"box-text text-center\" >\n                 <p><\/p>\n              <\/div>\n            <\/div>\n            <\/a>          <\/div>\n         <\/div><div class=\"gallery-col col\" >\n          <div class=\"col-inner\">\n            <a class=\"image-lightbox lightbox-gallery\" href=\"https:\/\/www.montanheiros.com\/wp-content\/uploads\/2026\/04\/669684637_26687998334164733_4191700678210737733_n-1400x788.jpg\" title=\"\">            <div class=\"box has-hover gallery-box box-none\">\n              <div class=\"box-image\" style=\"width:63%;\">\n                <img loading=\"lazy\" decoding=\"async\" width=\"280\" height=\"280\" src=\"https:\/\/www.montanheiros.com\/wp-content\/uploads\/2026\/04\/669684637_26687998334164733_4191700678210737733_n-280x280.jpg\" class=\"attachment-thumbnail size-thumbnail\" alt=\"\" ids=\"18281,18276,18270,18273,18268,18269,18271,18275,18267,18272,18279,18265,18266,18274,18277,18278,18280\" style=\"none\" type=\"slider\" columns=\"1\" image_width=\"63\" image_size=\"thumbnail\" text_align=\"center\" srcset=\"https:\/\/www.montanheiros.com\/wp-content\/uploads\/2026\/04\/669684637_26687998334164733_4191700678210737733_n-280x280.jpg 280w, https:\/\/www.montanheiros.com\/wp-content\/uploads\/2026\/04\/669684637_26687998334164733_4191700678210737733_n-300x300.jpg 300w, https:\/\/www.montanheiros.com\/wp-content\/uploads\/2026\/04\/669684637_26687998334164733_4191700678210737733_n-100x100.jpg 100w\" sizes=\"auto, (max-width: 280px) 100vw, 280px\" \/>                                                              <\/div>\n              <div class=\"box-text text-center\" >\n                 <p><\/p>\n              <\/div>\n            <\/div>\n            <\/a>          <\/div>\n         <\/div><div class=\"gallery-col col\" >\n          <div class=\"col-inner\">\n            <a class=\"image-lightbox lightbox-gallery\" href=\"https:\/\/www.montanheiros.com\/wp-content\/uploads\/2026\/04\/670493603_26688005207497379_3106421110526438472_n-1400x788.jpg\" title=\"\">            <div class=\"box has-hover gallery-box box-none\">\n              <div class=\"box-image\" style=\"width:63%;\">\n                <img loading=\"lazy\" decoding=\"async\" width=\"280\" height=\"280\" src=\"https:\/\/www.montanheiros.com\/wp-content\/uploads\/2026\/04\/670493603_26688005207497379_3106421110526438472_n-280x280.jpg\" class=\"attachment-thumbnail size-thumbnail\" alt=\"\" ids=\"18281,18276,18270,18273,18268,18269,18271,18275,18267,18272,18279,18265,18266,18274,18277,18278,18280\" style=\"none\" type=\"slider\" columns=\"1\" image_width=\"63\" image_size=\"thumbnail\" text_align=\"center\" srcset=\"https:\/\/www.montanheiros.com\/wp-content\/uploads\/2026\/04\/670493603_26688005207497379_3106421110526438472_n-280x280.jpg 280w, https:\/\/www.montanheiros.com\/wp-content\/uploads\/2026\/04\/670493603_26688005207497379_3106421110526438472_n-300x300.jpg 300w, https:\/\/www.montanheiros.com\/wp-content\/uploads\/2026\/04\/670493603_26688005207497379_3106421110526438472_n-100x100.jpg 100w\" sizes=\"auto, (max-width: 280px) 100vw, 280px\" \/>                                                              <\/div>\n              <div class=\"box-text text-center\" >\n                 <p><\/p>\n              <\/div>\n            <\/div>\n            <\/a>          <\/div>\n         <\/div><div class=\"gallery-col col\" >\n          <div class=\"col-inner\">\n            <a class=\"image-lightbox lightbox-gallery\" href=\"https:\/\/www.montanheiros.com\/wp-content\/uploads\/2026\/04\/670545463_26687993964165170_931610545105890063_n-1400x788.jpg\" title=\"\">            <div class=\"box has-hover gallery-box box-none\">\n              <div class=\"box-image\" style=\"width:63%;\">\n                <img loading=\"lazy\" decoding=\"async\" width=\"280\" height=\"280\" src=\"https:\/\/www.montanheiros.com\/wp-content\/uploads\/2026\/04\/670545463_26687993964165170_931610545105890063_n-280x280.jpg\" class=\"attachment-thumbnail size-thumbnail\" alt=\"\" ids=\"18281,18276,18270,18273,18268,18269,18271,18275,18267,18272,18279,18265,18266,18274,18277,18278,18280\" style=\"none\" type=\"slider\" columns=\"1\" image_width=\"63\" image_size=\"thumbnail\" text_align=\"center\" srcset=\"https:\/\/www.montanheiros.com\/wp-content\/uploads\/2026\/04\/670545463_26687993964165170_931610545105890063_n-280x280.jpg 280w, https:\/\/www.montanheiros.com\/wp-content\/uploads\/2026\/04\/670545463_26687993964165170_931610545105890063_n-300x300.jpg 300w, https:\/\/www.montanheiros.com\/wp-content\/uploads\/2026\/04\/670545463_26687993964165170_931610545105890063_n-100x100.jpg 100w\" sizes=\"auto, (max-width: 280px) 100vw, 280px\" \/>                                                              <\/div>\n              <div class=\"box-text text-center\" >\n                 <p><\/p>\n              <\/div>\n            <\/div>\n            <\/a>          <\/div>\n         <\/div><div class=\"gallery-col col\" >\n          <div class=\"col-inner\">\n            <a class=\"image-lightbox lightbox-gallery\" href=\"https:\/\/www.montanheiros.com\/wp-content\/uploads\/2026\/04\/671559532_26688004717497428_1184431253933031792_n-1400x788.jpg\" title=\"\">            <div class=\"box has-hover gallery-box box-none\">\n              <div class=\"box-image\" style=\"width:63%;\">\n                <img loading=\"lazy\" decoding=\"async\" width=\"280\" height=\"280\" src=\"https:\/\/www.montanheiros.com\/wp-content\/uploads\/2026\/04\/671559532_26688004717497428_1184431253933031792_n-280x280.jpg\" class=\"attachment-thumbnail size-thumbnail\" alt=\"\" ids=\"18281,18276,18270,18273,18268,18269,18271,18275,18267,18272,18279,18265,18266,18274,18277,18278,18280\" style=\"none\" type=\"slider\" columns=\"1\" image_width=\"63\" image_size=\"thumbnail\" text_align=\"center\" srcset=\"https:\/\/www.montanheiros.com\/wp-content\/uploads\/2026\/04\/671559532_26688004717497428_1184431253933031792_n-280x280.jpg 280w, https:\/\/www.montanheiros.com\/wp-content\/uploads\/2026\/04\/671559532_26688004717497428_1184431253933031792_n-300x300.jpg 300w, https:\/\/www.montanheiros.com\/wp-content\/uploads\/2026\/04\/671559532_26688004717497428_1184431253933031792_n-100x100.jpg 100w\" sizes=\"auto, (max-width: 280px) 100vw, 280px\" \/>                                                              <\/div>\n              <div class=\"box-text text-center\" >\n                 <p><\/p>\n              <\/div>\n            <\/div>\n            <\/a>          <\/div>\n         <\/div><\/div>\n\n\n\t\t<\/div>\n\t\t\t\t\t<\/div>\n\n\t\n\n<\/div>\n<div class=\"container section-title-container\" ><h4 class=\"section-title section-title-normal\"><b><\/b><span class=\"section-title-main\" >2025<\/span><b><\/b><\/h4><\/div>\n\n<div class=\"row\"  id=\"row-1147216510\">\n\n\n\t<div id=\"col-137345320\" class=\"col medium-4 small-12 large-4\"  >\n\t\t\t\t<div class=\"col-inner\"  >\n\t\t\t\n\t\t\t\n\n<p>Passeio ao Sanguinhal, 21set2025 &#8211; ilha Terceira<\/p>\n\n  \n    <div class=\"row large-columns-1 medium-columns- small-columns- row-full-width slider row-slider slider-nav-reveal\"  data-flickity-options='{\"imagesLoaded\": true, \"groupCells\": \"100%\", \"dragThreshold\" : 5, \"cellAlign\": \"left\",\"wrapAround\": true,\"prevNextButtons\": true,\"percentPosition\": true,\"pageDots\": false, \"rightToLeft\": false, \"autoPlay\" : false}'>\n\n  <div class=\"gallery-col col\" >\n          <div class=\"col-inner\">\n            <a class=\"image-lightbox lightbox-gallery\" href=\"https:\/\/www.montanheiros.com\/wp-content\/uploads\/2025\/09\/548859417_25803579695909962_4779887389908933373_n-1400x788.jpg\" title=\"\">            <div class=\"box has-hover gallery-box box-none\">\n              <div class=\"box-image\" style=\"width:63%;\">\n                <img loading=\"lazy\" decoding=\"async\" width=\"280\" height=\"280\" src=\"https:\/\/www.montanheiros.com\/wp-content\/uploads\/2025\/09\/548859417_25803579695909962_4779887389908933373_n-280x280.jpg\" class=\"attachment-thumbnail size-thumbnail\" alt=\"\" ids=\"17753,17754,17755,17756,17757,17759,17760,17761,17762\" style=\"none\" type=\"slider\" columns=\"1\" image_width=\"63\" image_size=\"thumbnail\" text_align=\"center\" srcset=\"https:\/\/www.montanheiros.com\/wp-content\/uploads\/2025\/09\/548859417_25803579695909962_4779887389908933373_n-280x280.jpg 280w, https:\/\/www.montanheiros.com\/wp-content\/uploads\/2025\/09\/548859417_25803579695909962_4779887389908933373_n-300x300.jpg 300w, https:\/\/www.montanheiros.com\/wp-content\/uploads\/2025\/09\/548859417_25803579695909962_4779887389908933373_n-100x100.jpg 100w\" sizes=\"auto, (max-width: 280px) 100vw, 280px\" \/>                                                              <\/div>\n              <div class=\"box-text text-center\" >\n                 <p><\/p>\n              <\/div>\n            <\/div>\n            <\/a>          <\/div>\n         <\/div><div class=\"gallery-col col\" >\n          <div class=\"col-inner\">\n            <a class=\"image-lightbox lightbox-gallery\" href=\"https:\/\/www.montanheiros.com\/wp-content\/uploads\/2025\/09\/548921494_25803578575910074_5254149634386616310_n-1400x788.jpg\" title=\"\">            <div class=\"box has-hover gallery-box box-none\">\n              <div class=\"box-image\" style=\"width:63%;\">\n                <img loading=\"lazy\" decoding=\"async\" width=\"280\" height=\"280\" src=\"https:\/\/www.montanheiros.com\/wp-content\/uploads\/2025\/09\/548921494_25803578575910074_5254149634386616310_n-280x280.jpg\" class=\"attachment-thumbnail size-thumbnail\" alt=\"\" ids=\"17753,17754,17755,17756,17757,17759,17760,17761,17762\" style=\"none\" type=\"slider\" columns=\"1\" image_width=\"63\" image_size=\"thumbnail\" text_align=\"center\" srcset=\"https:\/\/www.montanheiros.com\/wp-content\/uploads\/2025\/09\/548921494_25803578575910074_5254149634386616310_n-280x280.jpg 280w, https:\/\/www.montanheiros.com\/wp-content\/uploads\/2025\/09\/548921494_25803578575910074_5254149634386616310_n-300x300.jpg 300w, https:\/\/www.montanheiros.com\/wp-content\/uploads\/2025\/09\/548921494_25803578575910074_5254149634386616310_n-100x100.jpg 100w\" sizes=\"auto, (max-width: 280px) 100vw, 280px\" \/>                                                              <\/div>\n              <div class=\"box-text text-center\" >\n                 <p><\/p>\n              <\/div>\n            <\/div>\n            <\/a>          <\/div>\n         <\/div><div class=\"gallery-col col\" >\n          <div class=\"col-inner\">\n            <a class=\"image-lightbox lightbox-gallery\" href=\"https:\/\/www.montanheiros.com\/wp-content\/uploads\/2025\/09\/549806203_25803579202576678_1101177257418997075_n-1400x788.jpg\" title=\"\">            <div class=\"box has-hover gallery-box box-none\">\n              <div class=\"box-image\" style=\"width:63%;\">\n                <img loading=\"lazy\" decoding=\"async\" width=\"280\" height=\"280\" src=\"https:\/\/www.montanheiros.com\/wp-content\/uploads\/2025\/09\/549806203_25803579202576678_1101177257418997075_n-280x280.jpg\" class=\"attachment-thumbnail size-thumbnail\" alt=\"\" ids=\"17753,17754,17755,17756,17757,17759,17760,17761,17762\" style=\"none\" type=\"slider\" columns=\"1\" image_width=\"63\" image_size=\"thumbnail\" text_align=\"center\" srcset=\"https:\/\/www.montanheiros.com\/wp-content\/uploads\/2025\/09\/549806203_25803579202576678_1101177257418997075_n-280x280.jpg 280w, https:\/\/www.montanheiros.com\/wp-content\/uploads\/2025\/09\/549806203_25803579202576678_1101177257418997075_n-300x300.jpg 300w, https:\/\/www.montanheiros.com\/wp-content\/uploads\/2025\/09\/549806203_25803579202576678_1101177257418997075_n-100x100.jpg 100w\" sizes=\"auto, (max-width: 280px) 100vw, 280px\" \/>                                                              <\/div>\n              <div class=\"box-text text-center\" >\n                 <p><\/p>\n              <\/div>\n            <\/div>\n            <\/a>          <\/div>\n         <\/div><div class=\"gallery-col col\" >\n          <div class=\"col-inner\">\n            <a class=\"image-lightbox lightbox-gallery\" href=\"https:\/\/www.montanheiros.com\/wp-content\/uploads\/2025\/09\/549924336_25803578465910085_6908970767643341971_n-1400x788.jpg\" title=\"\">            <div class=\"box has-hover gallery-box box-none\">\n              <div class=\"box-image\" style=\"width:63%;\">\n                <img loading=\"lazy\" decoding=\"async\" width=\"280\" height=\"280\" src=\"https:\/\/www.montanheiros.com\/wp-content\/uploads\/2025\/09\/549924336_25803578465910085_6908970767643341971_n-280x280.jpg\" class=\"attachment-thumbnail size-thumbnail\" alt=\"\" ids=\"17753,17754,17755,17756,17757,17759,17760,17761,17762\" style=\"none\" type=\"slider\" columns=\"1\" image_width=\"63\" image_size=\"thumbnail\" text_align=\"center\" srcset=\"https:\/\/www.montanheiros.com\/wp-content\/uploads\/2025\/09\/549924336_25803578465910085_6908970767643341971_n-280x280.jpg 280w, https:\/\/www.montanheiros.com\/wp-content\/uploads\/2025\/09\/549924336_25803578465910085_6908970767643341971_n-300x300.jpg 300w, https:\/\/www.montanheiros.com\/wp-content\/uploads\/2025\/09\/549924336_25803578465910085_6908970767643341971_n-100x100.jpg 100w\" sizes=\"auto, (max-width: 280px) 100vw, 280px\" \/>                                                              <\/div>\n              <div class=\"box-text text-center\" >\n                 <p><\/p>\n              <\/div>\n            <\/div>\n            <\/a>          <\/div>\n         <\/div><div class=\"gallery-col col\" >\n          <div class=\"col-inner\">\n            <a class=\"image-lightbox lightbox-gallery\" href=\"https:\/\/www.montanheiros.com\/wp-content\/uploads\/2025\/09\/550091997_25803579879243277_2444484839595617674_n-1-1400x788.jpg\" title=\"\">            <div class=\"box has-hover gallery-box box-none\">\n              <div class=\"box-image\" style=\"width:63%;\">\n                <img loading=\"lazy\" decoding=\"async\" width=\"280\" height=\"280\" src=\"https:\/\/www.montanheiros.com\/wp-content\/uploads\/2025\/09\/550091997_25803579879243277_2444484839595617674_n-1-280x280.jpg\" class=\"attachment-thumbnail size-thumbnail\" alt=\"\" ids=\"17753,17754,17755,17756,17757,17759,17760,17761,17762\" style=\"none\" type=\"slider\" columns=\"1\" image_width=\"63\" image_size=\"thumbnail\" text_align=\"center\" srcset=\"https:\/\/www.montanheiros.com\/wp-content\/uploads\/2025\/09\/550091997_25803579879243277_2444484839595617674_n-1-280x280.jpg 280w, https:\/\/www.montanheiros.com\/wp-content\/uploads\/2025\/09\/550091997_25803579879243277_2444484839595617674_n-1-300x300.jpg 300w, https:\/\/www.montanheiros.com\/wp-content\/uploads\/2025\/09\/550091997_25803579879243277_2444484839595617674_n-1-100x100.jpg 100w\" sizes=\"auto, (max-width: 280px) 100vw, 280px\" \/>                                                              <\/div>\n              <div class=\"box-text text-center\" >\n                 <p><\/p>\n              <\/div>\n            <\/div>\n            <\/a>          <\/div>\n         <\/div><div class=\"gallery-col col\" >\n          <div class=\"col-inner\">\n            <a class=\"image-lightbox lightbox-gallery\" href=\"https:\/\/www.montanheiros.com\/wp-content\/uploads\/2025\/09\/550149135_25803578185910113_4735077969697557305_n-1400x788.jpg\" title=\"\">            <div class=\"box has-hover gallery-box box-none\">\n              <div class=\"box-image\" style=\"width:63%;\">\n                <img loading=\"lazy\" decoding=\"async\" width=\"280\" height=\"280\" src=\"https:\/\/www.montanheiros.com\/wp-content\/uploads\/2025\/09\/550149135_25803578185910113_4735077969697557305_n-280x280.jpg\" class=\"attachment-thumbnail size-thumbnail\" alt=\"\" ids=\"17753,17754,17755,17756,17757,17759,17760,17761,17762\" style=\"none\" type=\"slider\" columns=\"1\" image_width=\"63\" image_size=\"thumbnail\" text_align=\"center\" srcset=\"https:\/\/www.montanheiros.com\/wp-content\/uploads\/2025\/09\/550149135_25803578185910113_4735077969697557305_n-280x280.jpg 280w, https:\/\/www.montanheiros.com\/wp-content\/uploads\/2025\/09\/550149135_25803578185910113_4735077969697557305_n-300x300.jpg 300w, https:\/\/www.montanheiros.com\/wp-content\/uploads\/2025\/09\/550149135_25803578185910113_4735077969697557305_n-100x100.jpg 100w\" sizes=\"auto, (max-width: 280px) 100vw, 280px\" \/>                                                              <\/div>\n              <div class=\"box-text text-center\" >\n                 <p><\/p>\n              <\/div>\n            <\/div>\n            <\/a>          <\/div>\n         <\/div><div class=\"gallery-col col\" >\n          <div class=\"col-inner\">\n            <a class=\"image-lightbox lightbox-gallery\" href=\"https:\/\/www.montanheiros.com\/wp-content\/uploads\/2025\/09\/550226901_25803578119243453_2199345765472917682_n-1400x788.jpg\" title=\"\">            <div class=\"box has-hover gallery-box box-none\">\n              <div class=\"box-image\" style=\"width:63%;\">\n                <img loading=\"lazy\" decoding=\"async\" width=\"280\" height=\"280\" src=\"https:\/\/www.montanheiros.com\/wp-content\/uploads\/2025\/09\/550226901_25803578119243453_2199345765472917682_n-280x280.jpg\" class=\"attachment-thumbnail size-thumbnail\" alt=\"\" ids=\"17753,17754,17755,17756,17757,17759,17760,17761,17762\" style=\"none\" type=\"slider\" columns=\"1\" image_width=\"63\" image_size=\"thumbnail\" text_align=\"center\" srcset=\"https:\/\/www.montanheiros.com\/wp-content\/uploads\/2025\/09\/550226901_25803578119243453_2199345765472917682_n-280x280.jpg 280w, https:\/\/www.montanheiros.com\/wp-content\/uploads\/2025\/09\/550226901_25803578119243453_2199345765472917682_n-300x300.jpg 300w, https:\/\/www.montanheiros.com\/wp-content\/uploads\/2025\/09\/550226901_25803578119243453_2199345765472917682_n-100x100.jpg 100w\" sizes=\"auto, (max-width: 280px) 100vw, 280px\" \/>                                                              <\/div>\n              <div class=\"box-text text-center\" >\n                 <p><\/p>\n              <\/div>\n            <\/div>\n            <\/a>          <\/div>\n         <\/div><div class=\"gallery-col col\" >\n          <div class=\"col-inner\">\n            <a class=\"image-lightbox lightbox-gallery\" href=\"https:\/\/www.montanheiros.com\/wp-content\/uploads\/2025\/09\/550314994_25803578745910057_1308146023897121086_n-1400x788.jpg\" title=\"\">            <div class=\"box has-hover gallery-box box-none\">\n              <div class=\"box-image\" style=\"width:63%;\">\n                <img loading=\"lazy\" decoding=\"async\" width=\"280\" height=\"280\" src=\"https:\/\/www.montanheiros.com\/wp-content\/uploads\/2025\/09\/550314994_25803578745910057_1308146023897121086_n-280x280.jpg\" class=\"attachment-thumbnail size-thumbnail\" alt=\"\" ids=\"17753,17754,17755,17756,17757,17759,17760,17761,17762\" style=\"none\" type=\"slider\" columns=\"1\" image_width=\"63\" image_size=\"thumbnail\" text_align=\"center\" srcset=\"https:\/\/www.montanheiros.com\/wp-content\/uploads\/2025\/09\/550314994_25803578745910057_1308146023897121086_n-280x280.jpg 280w, https:\/\/www.montanheiros.com\/wp-content\/uploads\/2025\/09\/550314994_25803578745910057_1308146023897121086_n-300x300.jpg 300w, https:\/\/www.montanheiros.com\/wp-content\/uploads\/2025\/09\/550314994_25803578745910057_1308146023897121086_n-100x100.jpg 100w\" sizes=\"auto, (max-width: 280px) 100vw, 280px\" \/>                                                              <\/div>\n              <div class=\"box-text text-center\" >\n                 <p><\/p>\n              <\/div>\n            <\/div>\n            <\/a>          <\/div>\n         <\/div><div class=\"gallery-col col\" >\n          <div class=\"col-inner\">\n            <a class=\"image-lightbox lightbox-gallery\" href=\"https:\/\/www.montanheiros.com\/wp-content\/uploads\/2025\/09\/552425877_25803578282576770_3236936262390720703_n-1400x788.jpg\" title=\"\">            <div class=\"box has-hover gallery-box box-none\">\n              <div class=\"box-image\" style=\"width:63%;\">\n                <img loading=\"lazy\" decoding=\"async\" width=\"280\" height=\"280\" src=\"https:\/\/www.montanheiros.com\/wp-content\/uploads\/2025\/09\/552425877_25803578282576770_3236936262390720703_n-280x280.jpg\" class=\"attachment-thumbnail size-thumbnail\" alt=\"\" ids=\"17753,17754,17755,17756,17757,17759,17760,17761,17762\" style=\"none\" type=\"slider\" columns=\"1\" image_width=\"63\" image_size=\"thumbnail\" text_align=\"center\" srcset=\"https:\/\/www.montanheiros.com\/wp-content\/uploads\/2025\/09\/552425877_25803578282576770_3236936262390720703_n-280x280.jpg 280w, https:\/\/www.montanheiros.com\/wp-content\/uploads\/2025\/09\/552425877_25803578282576770_3236936262390720703_n-300x300.jpg 300w, https:\/\/www.montanheiros.com\/wp-content\/uploads\/2025\/09\/552425877_25803578282576770_3236936262390720703_n-100x100.jpg 100w\" sizes=\"auto, (max-width: 280px) 100vw, 280px\" \/>                                                              <\/div>\n              <div class=\"box-text text-center\" >\n                 <p><\/p>\n              <\/div>\n            <\/div>\n            <\/a>          <\/div>\n         <\/div><\/div>\n\n\n\t\t<\/div>\n\t\t\t\t\t<\/div>\n\n\t\n\n\t<div id=\"col-537695025\" class=\"col medium-4 small-12 large-4\"  >\n\t\t\t\t<div class=\"col-inner\"  >\n\t\t\t\n\t\t\t\n\n<p>O Mar aos nossos p\u00e9s, na Campanha Peda\u00e7os de Mar e Ambiente, 8junho2025 &#8211; ilha Terceira<\/p>\n\n  \n    <div class=\"row large-columns-1 medium-columns- small-columns- row-full-width slider row-slider slider-nav-reveal\"  data-flickity-options='{\"imagesLoaded\": true, \"groupCells\": \"100%\", \"dragThreshold\" : 5, \"cellAlign\": \"left\",\"wrapAround\": true,\"prevNextButtons\": true,\"percentPosition\": true,\"pageDots\": false, \"rightToLeft\": false, \"autoPlay\" : false}'>\n\n  <div class=\"gallery-col col\" >\n          <div class=\"col-inner\">\n            <a class=\"image-lightbox lightbox-gallery\" href=\"https:\/\/www.montanheiros.com\/wp-content\/uploads\/2025\/09\/493344593_23937564972541430_5405906137851680462_n-1400x788.jpg\" title=\"\">            <div class=\"box has-hover gallery-box box-none\">\n              <div class=\"box-image\" style=\"width:63%;\">\n                <img loading=\"lazy\" decoding=\"async\" width=\"280\" height=\"280\" src=\"https:\/\/www.montanheiros.com\/wp-content\/uploads\/2025\/09\/493344593_23937564972541430_5405906137851680462_n-280x280.jpg\" class=\"attachment-thumbnail size-thumbnail\" alt=\"\" ids=\"17729,17730,17731,17732,17733,17734,17735,17736,17737,17738,17739,17740,17741,17742,17743,17744,17745,17746,17747,17748,17749,17750,17751\" style=\"none\" type=\"slider\" columns=\"1\" image_width=\"63\" image_size=\"thumbnail\" text_align=\"center\" srcset=\"https:\/\/www.montanheiros.com\/wp-content\/uploads\/2025\/09\/493344593_23937564972541430_5405906137851680462_n-280x280.jpg 280w, https:\/\/www.montanheiros.com\/wp-content\/uploads\/2025\/09\/493344593_23937564972541430_5405906137851680462_n-300x300.jpg 300w, https:\/\/www.montanheiros.com\/wp-content\/uploads\/2025\/09\/493344593_23937564972541430_5405906137851680462_n-100x100.jpg 100w\" sizes=\"auto, (max-width: 280px) 100vw, 280px\" \/>                                                              <\/div>\n              <div class=\"box-text text-center\" >\n                 <p><\/p>\n              <\/div>\n            <\/div>\n            <\/a>          <\/div>\n         <\/div><div class=\"gallery-col col\" >\n          <div class=\"col-inner\">\n            <a class=\"image-lightbox lightbox-gallery\" href=\"https:\/\/www.montanheiros.com\/wp-content\/uploads\/2025\/09\/500578534_23938310925800168_7283251676161987068_n-1400x788.jpg\" title=\"\">            <div class=\"box has-hover gallery-box box-none\">\n              <div class=\"box-image\" style=\"width:63%;\">\n                <img loading=\"lazy\" decoding=\"async\" width=\"280\" height=\"280\" src=\"https:\/\/www.montanheiros.com\/wp-content\/uploads\/2025\/09\/500578534_23938310925800168_7283251676161987068_n-280x280.jpg\" class=\"attachment-thumbnail size-thumbnail\" alt=\"\" ids=\"17729,17730,17731,17732,17733,17734,17735,17736,17737,17738,17739,17740,17741,17742,17743,17744,17745,17746,17747,17748,17749,17750,17751\" style=\"none\" type=\"slider\" columns=\"1\" image_width=\"63\" image_size=\"thumbnail\" text_align=\"center\" srcset=\"https:\/\/www.montanheiros.com\/wp-content\/uploads\/2025\/09\/500578534_23938310925800168_7283251676161987068_n-280x280.jpg 280w, https:\/\/www.montanheiros.com\/wp-content\/uploads\/2025\/09\/500578534_23938310925800168_7283251676161987068_n-300x300.jpg 300w, https:\/\/www.montanheiros.com\/wp-content\/uploads\/2025\/09\/500578534_23938310925800168_7283251676161987068_n-100x100.jpg 100w\" sizes=\"auto, (max-width: 280px) 100vw, 280px\" \/>                                                              <\/div>\n              <div class=\"box-text text-center\" >\n                 <p><\/p>\n              <\/div>\n            <\/div>\n            <\/a>          <\/div>\n         <\/div><div class=\"gallery-col col\" >\n          <div class=\"col-inner\">\n            <a class=\"image-lightbox lightbox-gallery\" href=\"https:\/\/www.montanheiros.com\/wp-content\/uploads\/2025\/09\/502491195_23937567112541216_1182704710267172315_n-1400x788.jpg\" title=\"\">            <div class=\"box has-hover gallery-box box-none\">\n              <div class=\"box-image\" style=\"width:63%;\">\n                <img loading=\"lazy\" decoding=\"async\" width=\"280\" height=\"280\" src=\"https:\/\/www.montanheiros.com\/wp-content\/uploads\/2025\/09\/502491195_23937567112541216_1182704710267172315_n-280x280.jpg\" class=\"attachment-thumbnail size-thumbnail\" alt=\"\" ids=\"17729,17730,17731,17732,17733,17734,17735,17736,17737,17738,17739,17740,17741,17742,17743,17744,17745,17746,17747,17748,17749,17750,17751\" style=\"none\" type=\"slider\" columns=\"1\" image_width=\"63\" image_size=\"thumbnail\" text_align=\"center\" srcset=\"https:\/\/www.montanheiros.com\/wp-content\/uploads\/2025\/09\/502491195_23937567112541216_1182704710267172315_n-280x280.jpg 280w, https:\/\/www.montanheiros.com\/wp-content\/uploads\/2025\/09\/502491195_23937567112541216_1182704710267172315_n-300x300.jpg 300w, https:\/\/www.montanheiros.com\/wp-content\/uploads\/2025\/09\/502491195_23937567112541216_1182704710267172315_n-100x100.jpg 100w\" sizes=\"auto, (max-width: 280px) 100vw, 280px\" \/>                                                              <\/div>\n              <div class=\"box-text text-center\" >\n                 <p><\/p>\n              <\/div>\n            <\/div>\n            <\/a>          <\/div>\n         <\/div><div class=\"gallery-col col\" >\n          <div class=\"col-inner\">\n            <a class=\"image-lightbox lightbox-gallery\" href=\"https:\/\/www.montanheiros.com\/wp-content\/uploads\/2025\/09\/502531367_23937560325875228_3007085733662426956_n-1400x788.jpg\" title=\"\">            <div class=\"box has-hover gallery-box box-none\">\n              <div class=\"box-image\" style=\"width:63%;\">\n                <img loading=\"lazy\" decoding=\"async\" width=\"280\" height=\"280\" src=\"https:\/\/www.montanheiros.com\/wp-content\/uploads\/2025\/09\/502531367_23937560325875228_3007085733662426956_n-280x280.jpg\" class=\"attachment-thumbnail size-thumbnail\" alt=\"\" ids=\"17729,17730,17731,17732,17733,17734,17735,17736,17737,17738,17739,17740,17741,17742,17743,17744,17745,17746,17747,17748,17749,17750,17751\" style=\"none\" type=\"slider\" columns=\"1\" image_width=\"63\" image_size=\"thumbnail\" text_align=\"center\" srcset=\"https:\/\/www.montanheiros.com\/wp-content\/uploads\/2025\/09\/502531367_23937560325875228_3007085733662426956_n-280x280.jpg 280w, https:\/\/www.montanheiros.com\/wp-content\/uploads\/2025\/09\/502531367_23937560325875228_3007085733662426956_n-300x300.jpg 300w, https:\/\/www.montanheiros.com\/wp-content\/uploads\/2025\/09\/502531367_23937560325875228_3007085733662426956_n-100x100.jpg 100w\" sizes=\"auto, (max-width: 280px) 100vw, 280px\" \/>                                                              <\/div>\n              <div class=\"box-text text-center\" >\n                 <p><\/p>\n              <\/div>\n            <\/div>\n            <\/a>          <\/div>\n         <\/div><div class=\"gallery-col col\" >\n          <div class=\"col-inner\">\n            <a class=\"image-lightbox lightbox-gallery\" href=\"https:\/\/www.montanheiros.com\/wp-content\/uploads\/2025\/09\/502628562_23937560882541839_8949733658226155001_n-1400x788.jpg\" title=\"\">            <div class=\"box has-hover gallery-box box-none\">\n              <div class=\"box-image\" style=\"width:63%;\">\n                <img loading=\"lazy\" decoding=\"async\" width=\"280\" height=\"280\" src=\"https:\/\/www.montanheiros.com\/wp-content\/uploads\/2025\/09\/502628562_23937560882541839_8949733658226155001_n-280x280.jpg\" class=\"attachment-thumbnail size-thumbnail\" alt=\"\" ids=\"17729,17730,17731,17732,17733,17734,17735,17736,17737,17738,17739,17740,17741,17742,17743,17744,17745,17746,17747,17748,17749,17750,17751\" style=\"none\" type=\"slider\" columns=\"1\" image_width=\"63\" image_size=\"thumbnail\" text_align=\"center\" srcset=\"https:\/\/www.montanheiros.com\/wp-content\/uploads\/2025\/09\/502628562_23937560882541839_8949733658226155001_n-280x280.jpg 280w, https:\/\/www.montanheiros.com\/wp-content\/uploads\/2025\/09\/502628562_23937560882541839_8949733658226155001_n-300x300.jpg 300w, https:\/\/www.montanheiros.com\/wp-content\/uploads\/2025\/09\/502628562_23937560882541839_8949733658226155001_n-100x100.jpg 100w\" sizes=\"auto, (max-width: 280px) 100vw, 280px\" \/>                                                              <\/div>\n              <div class=\"box-text text-center\" >\n                 <p><\/p>\n              <\/div>\n            <\/div>\n            <\/a>          <\/div>\n         <\/div><div class=\"gallery-col col\" >\n          <div class=\"col-inner\">\n            <a class=\"image-lightbox lightbox-gallery\" href=\"https:\/\/www.montanheiros.com\/wp-content\/uploads\/2025\/09\/503493698_23937564315874829_7905923106395448624_n-1400x788.jpg\" title=\"\">            <div class=\"box has-hover gallery-box box-none\">\n              <div class=\"box-image\" style=\"width:63%;\">\n                <img loading=\"lazy\" decoding=\"async\" width=\"280\" height=\"280\" src=\"https:\/\/www.montanheiros.com\/wp-content\/uploads\/2025\/09\/503493698_23937564315874829_7905923106395448624_n-280x280.jpg\" class=\"attachment-thumbnail size-thumbnail\" alt=\"\" ids=\"17729,17730,17731,17732,17733,17734,17735,17736,17737,17738,17739,17740,17741,17742,17743,17744,17745,17746,17747,17748,17749,17750,17751\" style=\"none\" type=\"slider\" columns=\"1\" image_width=\"63\" image_size=\"thumbnail\" text_align=\"center\" srcset=\"https:\/\/www.montanheiros.com\/wp-content\/uploads\/2025\/09\/503493698_23937564315874829_7905923106395448624_n-280x280.jpg 280w, https:\/\/www.montanheiros.com\/wp-content\/uploads\/2025\/09\/503493698_23937564315874829_7905923106395448624_n-300x300.jpg 300w, https:\/\/www.montanheiros.com\/wp-content\/uploads\/2025\/09\/503493698_23937564315874829_7905923106395448624_n-100x100.jpg 100w\" sizes=\"auto, (max-width: 280px) 100vw, 280px\" \/>                                                              <\/div>\n              <div class=\"box-text text-center\" >\n                 <p><\/p>\n              <\/div>\n            <\/div>\n            <\/a>          <\/div>\n         <\/div><div class=\"gallery-col col\" >\n          <div class=\"col-inner\">\n            <a class=\"image-lightbox lightbox-gallery\" href=\"https:\/\/www.montanheiros.com\/wp-content\/uploads\/2025\/09\/503725199_23937561309208463_7575852639365994900_n-1400x788.jpg\" title=\"\">            <div class=\"box has-hover gallery-box box-none\">\n              <div class=\"box-image\" style=\"width:63%;\">\n                <img loading=\"lazy\" decoding=\"async\" width=\"280\" height=\"280\" src=\"https:\/\/www.montanheiros.com\/wp-content\/uploads\/2025\/09\/503725199_23937561309208463_7575852639365994900_n-280x280.jpg\" class=\"attachment-thumbnail size-thumbnail\" alt=\"\" ids=\"17729,17730,17731,17732,17733,17734,17735,17736,17737,17738,17739,17740,17741,17742,17743,17744,17745,17746,17747,17748,17749,17750,17751\" style=\"none\" type=\"slider\" columns=\"1\" image_width=\"63\" image_size=\"thumbnail\" text_align=\"center\" srcset=\"https:\/\/www.montanheiros.com\/wp-content\/uploads\/2025\/09\/503725199_23937561309208463_7575852639365994900_n-280x280.jpg 280w, https:\/\/www.montanheiros.com\/wp-content\/uploads\/2025\/09\/503725199_23937561309208463_7575852639365994900_n-300x300.jpg 300w, https:\/\/www.montanheiros.com\/wp-content\/uploads\/2025\/09\/503725199_23937561309208463_7575852639365994900_n-100x100.jpg 100w\" sizes=\"auto, (max-width: 280px) 100vw, 280px\" \/>                                                              <\/div>\n              <div class=\"box-text text-center\" >\n                 <p><\/p>\n              <\/div>\n            <\/div>\n            <\/a>          <\/div>\n         <\/div><div class=\"gallery-col col\" >\n          <div class=\"col-inner\">\n            <a class=\"image-lightbox lightbox-gallery\" href=\"https:\/\/www.montanheiros.com\/wp-content\/uploads\/2025\/09\/503810909_23937568849207709_5871598773065227821_n-1400x788.jpg\" title=\"\">            <div class=\"box has-hover gallery-box box-none\">\n              <div class=\"box-image\" style=\"width:63%;\">\n                <img loading=\"lazy\" decoding=\"async\" width=\"280\" height=\"280\" src=\"https:\/\/www.montanheiros.com\/wp-content\/uploads\/2025\/09\/503810909_23937568849207709_5871598773065227821_n-280x280.jpg\" class=\"attachment-thumbnail size-thumbnail\" alt=\"\" ids=\"17729,17730,17731,17732,17733,17734,17735,17736,17737,17738,17739,17740,17741,17742,17743,17744,17745,17746,17747,17748,17749,17750,17751\" style=\"none\" type=\"slider\" columns=\"1\" image_width=\"63\" image_size=\"thumbnail\" text_align=\"center\" srcset=\"https:\/\/www.montanheiros.com\/wp-content\/uploads\/2025\/09\/503810909_23937568849207709_5871598773065227821_n-280x280.jpg 280w, https:\/\/www.montanheiros.com\/wp-content\/uploads\/2025\/09\/503810909_23937568849207709_5871598773065227821_n-300x300.jpg 300w, https:\/\/www.montanheiros.com\/wp-content\/uploads\/2025\/09\/503810909_23937568849207709_5871598773065227821_n-100x100.jpg 100w\" sizes=\"auto, (max-width: 280px) 100vw, 280px\" \/>                                                              <\/div>\n              <div class=\"box-text text-center\" >\n                 <p><\/p>\n              <\/div>\n            <\/div>\n            <\/a>          <\/div>\n         <\/div><div class=\"gallery-col col\" >\n          <div class=\"col-inner\">\n            <a class=\"image-lightbox lightbox-gallery\" href=\"https:\/\/www.montanheiros.com\/wp-content\/uploads\/2025\/09\/503913249_23937621725869088_5228771798607584772_n-1400x788.jpg\" title=\"\">            <div class=\"box has-hover gallery-box box-none\">\n              <div class=\"box-image\" style=\"width:63%;\">\n                <img loading=\"lazy\" decoding=\"async\" width=\"280\" height=\"280\" src=\"https:\/\/www.montanheiros.com\/wp-content\/uploads\/2025\/09\/503913249_23937621725869088_5228771798607584772_n-280x280.jpg\" class=\"attachment-thumbnail size-thumbnail\" alt=\"\" ids=\"17729,17730,17731,17732,17733,17734,17735,17736,17737,17738,17739,17740,17741,17742,17743,17744,17745,17746,17747,17748,17749,17750,17751\" style=\"none\" type=\"slider\" columns=\"1\" image_width=\"63\" image_size=\"thumbnail\" text_align=\"center\" srcset=\"https:\/\/www.montanheiros.com\/wp-content\/uploads\/2025\/09\/503913249_23937621725869088_5228771798607584772_n-280x280.jpg 280w, https:\/\/www.montanheiros.com\/wp-content\/uploads\/2025\/09\/503913249_23937621725869088_5228771798607584772_n-300x300.jpg 300w, https:\/\/www.montanheiros.com\/wp-content\/uploads\/2025\/09\/503913249_23937621725869088_5228771798607584772_n-100x100.jpg 100w\" sizes=\"auto, (max-width: 280px) 100vw, 280px\" \/>                                                              <\/div>\n              <div class=\"box-text text-center\" >\n                 <p><\/p>\n              <\/div>\n            <\/div>\n            <\/a>          <\/div>\n         <\/div><div class=\"gallery-col col\" >\n          <div class=\"col-inner\">\n            <a class=\"image-lightbox lightbox-gallery\" href=\"https:\/\/www.montanheiros.com\/wp-content\/uploads\/2025\/09\/504098048_23937561982541729_6785765342615449555_n-1400x788.jpg\" title=\"\">            <div class=\"box has-hover gallery-box box-none\">\n              <div class=\"box-image\" style=\"width:63%;\">\n                <img loading=\"lazy\" decoding=\"async\" width=\"280\" height=\"280\" src=\"https:\/\/www.montanheiros.com\/wp-content\/uploads\/2025\/09\/504098048_23937561982541729_6785765342615449555_n-280x280.jpg\" class=\"attachment-thumbnail size-thumbnail\" alt=\"\" ids=\"17729,17730,17731,17732,17733,17734,17735,17736,17737,17738,17739,17740,17741,17742,17743,17744,17745,17746,17747,17748,17749,17750,17751\" style=\"none\" type=\"slider\" columns=\"1\" image_width=\"63\" image_size=\"thumbnail\" text_align=\"center\" srcset=\"https:\/\/www.montanheiros.com\/wp-content\/uploads\/2025\/09\/504098048_23937561982541729_6785765342615449555_n-280x280.jpg 280w, https:\/\/www.montanheiros.com\/wp-content\/uploads\/2025\/09\/504098048_23937561982541729_6785765342615449555_n-300x300.jpg 300w, https:\/\/www.montanheiros.com\/wp-content\/uploads\/2025\/09\/504098048_23937561982541729_6785765342615449555_n-100x100.jpg 100w\" sizes=\"auto, (max-width: 280px) 100vw, 280px\" \/>                                                              <\/div>\n              <div class=\"box-text text-center\" >\n                 <p><\/p>\n              <\/div>\n            <\/div>\n            <\/a>          <\/div>\n         <\/div><div class=\"gallery-col col\" >\n          <div class=\"col-inner\">\n            <a class=\"image-lightbox lightbox-gallery\" href=\"https:\/\/www.montanheiros.com\/wp-content\/uploads\/2025\/09\/504212139_23937570785874182_8672705582888756335_n-1400x788.jpg\" title=\"\">            <div class=\"box has-hover gallery-box box-none\">\n              <div class=\"box-image\" style=\"width:63%;\">\n                <img loading=\"lazy\" decoding=\"async\" width=\"280\" height=\"280\" src=\"https:\/\/www.montanheiros.com\/wp-content\/uploads\/2025\/09\/504212139_23937570785874182_8672705582888756335_n-280x280.jpg\" class=\"attachment-thumbnail size-thumbnail\" alt=\"\" ids=\"17729,17730,17731,17732,17733,17734,17735,17736,17737,17738,17739,17740,17741,17742,17743,17744,17745,17746,17747,17748,17749,17750,17751\" style=\"none\" type=\"slider\" columns=\"1\" image_width=\"63\" image_size=\"thumbnail\" text_align=\"center\" srcset=\"https:\/\/www.montanheiros.com\/wp-content\/uploads\/2025\/09\/504212139_23937570785874182_8672705582888756335_n-280x280.jpg 280w, https:\/\/www.montanheiros.com\/wp-content\/uploads\/2025\/09\/504212139_23937570785874182_8672705582888756335_n-300x300.jpg 300w, https:\/\/www.montanheiros.com\/wp-content\/uploads\/2025\/09\/504212139_23937570785874182_8672705582888756335_n-100x100.jpg 100w\" sizes=\"auto, (max-width: 280px) 100vw, 280px\" \/>                                                              <\/div>\n              <div class=\"box-text text-center\" >\n                 <p><\/p>\n              <\/div>\n            <\/div>\n            <\/a>          <\/div>\n         <\/div><div class=\"gallery-col col\" >\n          <div class=\"col-inner\">\n            <a class=\"image-lightbox lightbox-gallery\" href=\"https:\/\/www.montanheiros.com\/wp-content\/uploads\/2025\/09\/504257640_23937563502541577_8514261064570114795_n-1400x788.jpg\" title=\"\">            <div class=\"box has-hover gallery-box box-none\">\n              <div class=\"box-image\" style=\"width:63%;\">\n                <img loading=\"lazy\" decoding=\"async\" width=\"280\" height=\"280\" src=\"https:\/\/www.montanheiros.com\/wp-content\/uploads\/2025\/09\/504257640_23937563502541577_8514261064570114795_n-280x280.jpg\" class=\"attachment-thumbnail size-thumbnail\" alt=\"\" ids=\"17729,17730,17731,17732,17733,17734,17735,17736,17737,17738,17739,17740,17741,17742,17743,17744,17745,17746,17747,17748,17749,17750,17751\" style=\"none\" type=\"slider\" columns=\"1\" image_width=\"63\" image_size=\"thumbnail\" text_align=\"center\" srcset=\"https:\/\/www.montanheiros.com\/wp-content\/uploads\/2025\/09\/504257640_23937563502541577_8514261064570114795_n-280x280.jpg 280w, https:\/\/www.montanheiros.com\/wp-content\/uploads\/2025\/09\/504257640_23937563502541577_8514261064570114795_n-300x300.jpg 300w, https:\/\/www.montanheiros.com\/wp-content\/uploads\/2025\/09\/504257640_23937563502541577_8514261064570114795_n-100x100.jpg 100w\" sizes=\"auto, (max-width: 280px) 100vw, 280px\" \/>                                                              <\/div>\n              <div class=\"box-text text-center\" >\n                 <p><\/p>\n              <\/div>\n            <\/div>\n            <\/a>          <\/div>\n         <\/div><div class=\"gallery-col col\" >\n          <div class=\"col-inner\">\n            <a class=\"image-lightbox lightbox-gallery\" href=\"https:\/\/www.montanheiros.com\/wp-content\/uploads\/2025\/09\/504263802_23937569179207676_6328121724341504363_n-1400x788.jpg\" title=\"\">            <div class=\"box has-hover gallery-box box-none\">\n              <div class=\"box-image\" style=\"width:63%;\">\n                <img loading=\"lazy\" decoding=\"async\" width=\"280\" height=\"280\" src=\"https:\/\/www.montanheiros.com\/wp-content\/uploads\/2025\/09\/504263802_23937569179207676_6328121724341504363_n-280x280.jpg\" class=\"attachment-thumbnail size-thumbnail\" alt=\"\" ids=\"17729,17730,17731,17732,17733,17734,17735,17736,17737,17738,17739,17740,17741,17742,17743,17744,17745,17746,17747,17748,17749,17750,17751\" style=\"none\" type=\"slider\" columns=\"1\" image_width=\"63\" image_size=\"thumbnail\" text_align=\"center\" srcset=\"https:\/\/www.montanheiros.com\/wp-content\/uploads\/2025\/09\/504263802_23937569179207676_6328121724341504363_n-280x280.jpg 280w, https:\/\/www.montanheiros.com\/wp-content\/uploads\/2025\/09\/504263802_23937569179207676_6328121724341504363_n-300x300.jpg 300w, https:\/\/www.montanheiros.com\/wp-content\/uploads\/2025\/09\/504263802_23937569179207676_6328121724341504363_n-100x100.jpg 100w\" sizes=\"auto, (max-width: 280px) 100vw, 280px\" \/>                                                              <\/div>\n              <div class=\"box-text text-center\" >\n                 <p><\/p>\n              <\/div>\n            <\/div>\n            <\/a>          <\/div>\n         <\/div><div class=\"gallery-col col\" >\n          <div class=\"col-inner\">\n            <a class=\"image-lightbox lightbox-gallery\" href=\"https:\/\/www.montanheiros.com\/wp-content\/uploads\/2025\/09\/504275466_23937562709208323_2466414739244839383_n-1400x788.jpg\" title=\"\">            <div class=\"box has-hover gallery-box box-none\">\n              <div class=\"box-image\" style=\"width:63%;\">\n                <img loading=\"lazy\" decoding=\"async\" width=\"280\" height=\"280\" src=\"https:\/\/www.montanheiros.com\/wp-content\/uploads\/2025\/09\/504275466_23937562709208323_2466414739244839383_n-280x280.jpg\" class=\"attachment-thumbnail size-thumbnail\" alt=\"\" ids=\"17729,17730,17731,17732,17733,17734,17735,17736,17737,17738,17739,17740,17741,17742,17743,17744,17745,17746,17747,17748,17749,17750,17751\" style=\"none\" type=\"slider\" columns=\"1\" image_width=\"63\" image_size=\"thumbnail\" text_align=\"center\" srcset=\"https:\/\/www.montanheiros.com\/wp-content\/uploads\/2025\/09\/504275466_23937562709208323_2466414739244839383_n-280x280.jpg 280w, https:\/\/www.montanheiros.com\/wp-content\/uploads\/2025\/09\/504275466_23937562709208323_2466414739244839383_n-300x300.jpg 300w, https:\/\/www.montanheiros.com\/wp-content\/uploads\/2025\/09\/504275466_23937562709208323_2466414739244839383_n-100x100.jpg 100w\" sizes=\"auto, (max-width: 280px) 100vw, 280px\" \/>                                                              <\/div>\n              <div class=\"box-text text-center\" >\n                 <p><\/p>\n              <\/div>\n            <\/div>\n            <\/a>          <\/div>\n         <\/div><div class=\"gallery-col col\" >\n          <div class=\"col-inner\">\n            <a class=\"image-lightbox lightbox-gallery\" href=\"https:\/\/www.montanheiros.com\/wp-content\/uploads\/2025\/09\/504425292_23937621449202449_1166536263436398949_n-1400x788.jpg\" title=\"\">            <div class=\"box has-hover gallery-box box-none\">\n              <div class=\"box-image\" style=\"width:63%;\">\n                <img loading=\"lazy\" decoding=\"async\" width=\"280\" height=\"280\" src=\"https:\/\/www.montanheiros.com\/wp-content\/uploads\/2025\/09\/504425292_23937621449202449_1166536263436398949_n-280x280.jpg\" class=\"attachment-thumbnail size-thumbnail\" alt=\"\" ids=\"17729,17730,17731,17732,17733,17734,17735,17736,17737,17738,17739,17740,17741,17742,17743,17744,17745,17746,17747,17748,17749,17750,17751\" style=\"none\" type=\"slider\" columns=\"1\" image_width=\"63\" image_size=\"thumbnail\" text_align=\"center\" srcset=\"https:\/\/www.montanheiros.com\/wp-content\/uploads\/2025\/09\/504425292_23937621449202449_1166536263436398949_n-280x280.jpg 280w, https:\/\/www.montanheiros.com\/wp-content\/uploads\/2025\/09\/504425292_23937621449202449_1166536263436398949_n-300x300.jpg 300w, https:\/\/www.montanheiros.com\/wp-content\/uploads\/2025\/09\/504425292_23937621449202449_1166536263436398949_n-100x100.jpg 100w\" sizes=\"auto, (max-width: 280px) 100vw, 280px\" \/>                                                              <\/div>\n              <div class=\"box-text text-center\" >\n                 <p><\/p>\n              <\/div>\n            <\/div>\n            <\/a>          <\/div>\n         <\/div><div class=\"gallery-col col\" >\n          <div class=\"col-inner\">\n            <a class=\"image-lightbox lightbox-gallery\" href=\"https:\/\/www.montanheiros.com\/wp-content\/uploads\/2025\/09\/504427575_23937620792535848_5521774618808416045_n-1400x788.jpg\" title=\"\">            <div class=\"box has-hover gallery-box box-none\">\n              <div class=\"box-image\" style=\"width:63%;\">\n                <img loading=\"lazy\" decoding=\"async\" width=\"280\" height=\"280\" src=\"https:\/\/www.montanheiros.com\/wp-content\/uploads\/2025\/09\/504427575_23937620792535848_5521774618808416045_n-280x280.jpg\" class=\"attachment-thumbnail size-thumbnail\" alt=\"\" ids=\"17729,17730,17731,17732,17733,17734,17735,17736,17737,17738,17739,17740,17741,17742,17743,17744,17745,17746,17747,17748,17749,17750,17751\" style=\"none\" type=\"slider\" columns=\"1\" image_width=\"63\" image_size=\"thumbnail\" text_align=\"center\" srcset=\"https:\/\/www.montanheiros.com\/wp-content\/uploads\/2025\/09\/504427575_23937620792535848_5521774618808416045_n-280x280.jpg 280w, https:\/\/www.montanheiros.com\/wp-content\/uploads\/2025\/09\/504427575_23937620792535848_5521774618808416045_n-300x300.jpg 300w, https:\/\/www.montanheiros.com\/wp-content\/uploads\/2025\/09\/504427575_23937620792535848_5521774618808416045_n-100x100.jpg 100w\" sizes=\"auto, (max-width: 280px) 100vw, 280px\" \/>                                                              <\/div>\n              <div class=\"box-text text-center\" >\n                 <p><\/p>\n              <\/div>\n            <\/div>\n            <\/a>          <\/div>\n         <\/div><div class=\"gallery-col col\" >\n          <div class=\"col-inner\">\n            <a class=\"image-lightbox lightbox-gallery\" href=\"https:\/\/www.montanheiros.com\/wp-content\/uploads\/2025\/09\/504428921_23937559589208635_1034892066119099011_n-1400x788.jpg\" title=\"\">            <div class=\"box has-hover gallery-box box-none\">\n              <div class=\"box-image\" style=\"width:63%;\">\n                <img loading=\"lazy\" decoding=\"async\" width=\"280\" height=\"280\" src=\"https:\/\/www.montanheiros.com\/wp-content\/uploads\/2025\/09\/504428921_23937559589208635_1034892066119099011_n-280x280.jpg\" class=\"attachment-thumbnail size-thumbnail\" alt=\"\" ids=\"17729,17730,17731,17732,17733,17734,17735,17736,17737,17738,17739,17740,17741,17742,17743,17744,17745,17746,17747,17748,17749,17750,17751\" style=\"none\" type=\"slider\" columns=\"1\" image_width=\"63\" image_size=\"thumbnail\" text_align=\"center\" srcset=\"https:\/\/www.montanheiros.com\/wp-content\/uploads\/2025\/09\/504428921_23937559589208635_1034892066119099011_n-280x280.jpg 280w, https:\/\/www.montanheiros.com\/wp-content\/uploads\/2025\/09\/504428921_23937559589208635_1034892066119099011_n-300x300.jpg 300w, https:\/\/www.montanheiros.com\/wp-content\/uploads\/2025\/09\/504428921_23937559589208635_1034892066119099011_n-100x100.jpg 100w\" sizes=\"auto, (max-width: 280px) 100vw, 280px\" \/>                                                              <\/div>\n              <div class=\"box-text text-center\" >\n                 <p><\/p>\n              <\/div>\n            <\/div>\n            <\/a>          <\/div>\n         <\/div><div class=\"gallery-col col\" >\n          <div class=\"col-inner\">\n            <a class=\"image-lightbox lightbox-gallery\" href=\"https:\/\/www.montanheiros.com\/wp-content\/uploads\/2025\/09\/504432626_23937568575874403_1880496823946036315_n-1400x788.jpg\" title=\"\">            <div class=\"box has-hover gallery-box box-none\">\n              <div class=\"box-image\" style=\"width:63%;\">\n                <img loading=\"lazy\" decoding=\"async\" width=\"280\" height=\"280\" src=\"https:\/\/www.montanheiros.com\/wp-content\/uploads\/2025\/09\/504432626_23937568575874403_1880496823946036315_n-280x280.jpg\" class=\"attachment-thumbnail size-thumbnail\" alt=\"\" ids=\"17729,17730,17731,17732,17733,17734,17735,17736,17737,17738,17739,17740,17741,17742,17743,17744,17745,17746,17747,17748,17749,17750,17751\" style=\"none\" type=\"slider\" columns=\"1\" image_width=\"63\" image_size=\"thumbnail\" text_align=\"center\" srcset=\"https:\/\/www.montanheiros.com\/wp-content\/uploads\/2025\/09\/504432626_23937568575874403_1880496823946036315_n-280x280.jpg 280w, https:\/\/www.montanheiros.com\/wp-content\/uploads\/2025\/09\/504432626_23937568575874403_1880496823946036315_n-300x300.jpg 300w, https:\/\/www.montanheiros.com\/wp-content\/uploads\/2025\/09\/504432626_23937568575874403_1880496823946036315_n-100x100.jpg 100w\" sizes=\"auto, (max-width: 280px) 100vw, 280px\" \/>                                                              <\/div>\n              <div class=\"box-text text-center\" >\n                 <p><\/p>\n              <\/div>\n            <\/div>\n            <\/a>          <\/div>\n         <\/div><div class=\"gallery-col col\" >\n          <div class=\"col-inner\">\n            <a class=\"image-lightbox lightbox-gallery\" href=\"https:\/\/www.montanheiros.com\/wp-content\/uploads\/2025\/09\/504737645_23937570395874221_4022240918354142692_n-1400x788.jpg\" title=\"\">            <div class=\"box has-hover gallery-box box-none\">\n              <div class=\"box-image\" style=\"width:63%;\">\n                <img loading=\"lazy\" decoding=\"async\" width=\"280\" height=\"280\" src=\"https:\/\/www.montanheiros.com\/wp-content\/uploads\/2025\/09\/504737645_23937570395874221_4022240918354142692_n-280x280.jpg\" class=\"attachment-thumbnail size-thumbnail\" alt=\"\" ids=\"17729,17730,17731,17732,17733,17734,17735,17736,17737,17738,17739,17740,17741,17742,17743,17744,17745,17746,17747,17748,17749,17750,17751\" style=\"none\" type=\"slider\" columns=\"1\" image_width=\"63\" image_size=\"thumbnail\" text_align=\"center\" srcset=\"https:\/\/www.montanheiros.com\/wp-content\/uploads\/2025\/09\/504737645_23937570395874221_4022240918354142692_n-280x280.jpg 280w, https:\/\/www.montanheiros.com\/wp-content\/uploads\/2025\/09\/504737645_23937570395874221_4022240918354142692_n-300x300.jpg 300w, https:\/\/www.montanheiros.com\/wp-content\/uploads\/2025\/09\/504737645_23937570395874221_4022240918354142692_n-100x100.jpg 100w\" sizes=\"auto, (max-width: 280px) 100vw, 280px\" \/>                                                              <\/div>\n              <div class=\"box-text text-center\" >\n                 <p><\/p>\n              <\/div>\n            <\/div>\n            <\/a>          <\/div>\n         <\/div><div class=\"gallery-col col\" >\n          <div class=\"col-inner\">\n            <a class=\"image-lightbox lightbox-gallery\" href=\"https:\/\/www.montanheiros.com\/wp-content\/uploads\/2025\/09\/505018940_23937560575875203_1751367066392912398_n-1400x788.jpg\" title=\"\">            <div class=\"box has-hover gallery-box box-none\">\n              <div class=\"box-image\" style=\"width:63%;\">\n                <img loading=\"lazy\" decoding=\"async\" width=\"280\" height=\"280\" src=\"https:\/\/www.montanheiros.com\/wp-content\/uploads\/2025\/09\/505018940_23937560575875203_1751367066392912398_n-280x280.jpg\" class=\"attachment-thumbnail size-thumbnail\" alt=\"\" ids=\"17729,17730,17731,17732,17733,17734,17735,17736,17737,17738,17739,17740,17741,17742,17743,17744,17745,17746,17747,17748,17749,17750,17751\" style=\"none\" type=\"slider\" columns=\"1\" image_width=\"63\" image_size=\"thumbnail\" text_align=\"center\" srcset=\"https:\/\/www.montanheiros.com\/wp-content\/uploads\/2025\/09\/505018940_23937560575875203_1751367066392912398_n-280x280.jpg 280w, https:\/\/www.montanheiros.com\/wp-content\/uploads\/2025\/09\/505018940_23937560575875203_1751367066392912398_n-300x300.jpg 300w, https:\/\/www.montanheiros.com\/wp-content\/uploads\/2025\/09\/505018940_23937560575875203_1751367066392912398_n-100x100.jpg 100w\" sizes=\"auto, (max-width: 280px) 100vw, 280px\" \/>                                                              <\/div>\n              <div class=\"box-text text-center\" >\n                 <p><\/p>\n              <\/div>\n            <\/div>\n            <\/a>          <\/div>\n         <\/div><div class=\"gallery-col col\" >\n          <div class=\"col-inner\">\n            <a class=\"image-lightbox lightbox-gallery\" href=\"https:\/\/www.montanheiros.com\/wp-content\/uploads\/2025\/09\/505200241_23937561679208426_4813829460608984178_n-1400x788.jpg\" title=\"\">            <div class=\"box has-hover gallery-box box-none\">\n              <div class=\"box-image\" style=\"width:63%;\">\n                <img loading=\"lazy\" decoding=\"async\" width=\"280\" height=\"280\" src=\"https:\/\/www.montanheiros.com\/wp-content\/uploads\/2025\/09\/505200241_23937561679208426_4813829460608984178_n-280x280.jpg\" class=\"attachment-thumbnail size-thumbnail\" alt=\"\" ids=\"17729,17730,17731,17732,17733,17734,17735,17736,17737,17738,17739,17740,17741,17742,17743,17744,17745,17746,17747,17748,17749,17750,17751\" style=\"none\" type=\"slider\" columns=\"1\" image_width=\"63\" image_size=\"thumbnail\" text_align=\"center\" srcset=\"https:\/\/www.montanheiros.com\/wp-content\/uploads\/2025\/09\/505200241_23937561679208426_4813829460608984178_n-280x280.jpg 280w, https:\/\/www.montanheiros.com\/wp-content\/uploads\/2025\/09\/505200241_23937561679208426_4813829460608984178_n-300x300.jpg 300w, https:\/\/www.montanheiros.com\/wp-content\/uploads\/2025\/09\/505200241_23937561679208426_4813829460608984178_n-100x100.jpg 100w\" sizes=\"auto, (max-width: 280px) 100vw, 280px\" \/>                                                              <\/div>\n              <div class=\"box-text text-center\" >\n                 <p><\/p>\n              <\/div>\n            <\/div>\n            <\/a>          <\/div>\n         <\/div><div class=\"gallery-col col\" >\n          <div class=\"col-inner\">\n            <a class=\"image-lightbox lightbox-gallery\" href=\"https:\/\/www.montanheiros.com\/wp-content\/uploads\/2025\/09\/505368839_23937623069202287_6536783717634110178_n-1400x788.jpg\" title=\"\">            <div class=\"box has-hover gallery-box box-none\">\n              <div class=\"box-image\" style=\"width:63%;\">\n                <img loading=\"lazy\" decoding=\"async\" width=\"280\" height=\"280\" src=\"https:\/\/www.montanheiros.com\/wp-content\/uploads\/2025\/09\/505368839_23937623069202287_6536783717634110178_n-280x280.jpg\" class=\"attachment-thumbnail size-thumbnail\" alt=\"\" ids=\"17729,17730,17731,17732,17733,17734,17735,17736,17737,17738,17739,17740,17741,17742,17743,17744,17745,17746,17747,17748,17749,17750,17751\" style=\"none\" type=\"slider\" columns=\"1\" image_width=\"63\" image_size=\"thumbnail\" text_align=\"center\" srcset=\"https:\/\/www.montanheiros.com\/wp-content\/uploads\/2025\/09\/505368839_23937623069202287_6536783717634110178_n-280x280.jpg 280w, https:\/\/www.montanheiros.com\/wp-content\/uploads\/2025\/09\/505368839_23937623069202287_6536783717634110178_n-300x300.jpg 300w, https:\/\/www.montanheiros.com\/wp-content\/uploads\/2025\/09\/505368839_23937623069202287_6536783717634110178_n-100x100.jpg 100w\" sizes=\"auto, (max-width: 280px) 100vw, 280px\" \/>                                                              <\/div>\n              <div class=\"box-text text-center\" >\n                 <p><\/p>\n              <\/div>\n            <\/div>\n            <\/a>          <\/div>\n         <\/div><div class=\"gallery-col col\" >\n          <div class=\"col-inner\">\n            <a class=\"image-lightbox lightbox-gallery\" href=\"https:\/\/www.montanheiros.com\/wp-content\/uploads\/2025\/09\/505630080_23937619782535949_1671565734077043838_n-1400x788.jpg\" title=\"\">            <div class=\"box has-hover gallery-box box-none\">\n              <div class=\"box-image\" style=\"width:63%;\">\n                <img loading=\"lazy\" decoding=\"async\" width=\"280\" height=\"280\" src=\"https:\/\/www.montanheiros.com\/wp-content\/uploads\/2025\/09\/505630080_23937619782535949_1671565734077043838_n-280x280.jpg\" class=\"attachment-thumbnail size-thumbnail\" alt=\"\" ids=\"17729,17730,17731,17732,17733,17734,17735,17736,17737,17738,17739,17740,17741,17742,17743,17744,17745,17746,17747,17748,17749,17750,17751\" style=\"none\" type=\"slider\" columns=\"1\" image_width=\"63\" image_size=\"thumbnail\" text_align=\"center\" srcset=\"https:\/\/www.montanheiros.com\/wp-content\/uploads\/2025\/09\/505630080_23937619782535949_1671565734077043838_n-280x280.jpg 280w, https:\/\/www.montanheiros.com\/wp-content\/uploads\/2025\/09\/505630080_23937619782535949_1671565734077043838_n-300x300.jpg 300w, https:\/\/www.montanheiros.com\/wp-content\/uploads\/2025\/09\/505630080_23937619782535949_1671565734077043838_n-100x100.jpg 100w\" sizes=\"auto, (max-width: 280px) 100vw, 280px\" \/>                                                              <\/div>\n              <div class=\"box-text text-center\" >\n                 <p><\/p>\n              <\/div>\n            <\/div>\n            <\/a>          <\/div>\n         <\/div><\/div>\n\n\n\t\t<\/div>\n\t\t\t\t\t<\/div>\n\n\t\n\n\t<div id=\"col-1256772806\" class=\"col medium-4 small-12 large-4\"  >\n\t\t\t\t<div class=\"col-inner\"  >\n\t\t\t\n\t\t\t\n\n<p>Trilho das Cisternas, 11mai2025 &#8211; ilha Terceira<\/p>\n\n  \n    <div class=\"row large-columns-1 medium-columns- small-columns- row-full-width slider row-slider slider-nav-reveal\"  data-flickity-options='{\"imagesLoaded\": true, \"groupCells\": \"100%\", \"dragThreshold\" : 5, \"cellAlign\": \"left\",\"wrapAround\": true,\"prevNextButtons\": true,\"percentPosition\": true,\"pageDots\": false, \"rightToLeft\": false, \"autoPlay\" : false}'>\n\n  <div class=\"gallery-col col\" >\n          <div class=\"col-inner\">\n            <a class=\"image-lightbox lightbox-gallery\" href=\"https:\/\/www.montanheiros.com\/wp-content\/uploads\/2025\/09\/01ad5083-bcd7-44c3-8cbc-7dea97aff314-1400x647.jpeg\" title=\"\">            <div class=\"box has-hover gallery-box box-none\">\n              <div class=\"box-image\" style=\"width:63%;\">\n                <img loading=\"lazy\" decoding=\"async\" width=\"280\" height=\"280\" src=\"https:\/\/www.montanheiros.com\/wp-content\/uploads\/2025\/09\/01ad5083-bcd7-44c3-8cbc-7dea97aff314-280x280.jpeg\" class=\"attachment-thumbnail size-thumbnail\" alt=\"\" ids=\"17695,17696,17697,17698,17699,17700,17701,17702,17703,17704,17705,17706,17707,17708,17709,17710,17711,17712,17713,17714,17715,17716,17717,17718,17719,17720,17721,17722,17723,17724,17725,17726,17727,17728\" style=\"none\" type=\"slider\" columns=\"1\" image_width=\"63\" image_size=\"thumbnail\" text_align=\"center\" srcset=\"https:\/\/www.montanheiros.com\/wp-content\/uploads\/2025\/09\/01ad5083-bcd7-44c3-8cbc-7dea97aff314-280x280.jpeg 280w, https:\/\/www.montanheiros.com\/wp-content\/uploads\/2025\/09\/01ad5083-bcd7-44c3-8cbc-7dea97aff314-300x300.jpeg 300w, https:\/\/www.montanheiros.com\/wp-content\/uploads\/2025\/09\/01ad5083-bcd7-44c3-8cbc-7dea97aff314-100x100.jpeg 100w\" sizes=\"auto, (max-width: 280px) 100vw, 280px\" \/>                                                              <\/div>\n              <div class=\"box-text text-center\" >\n                 <p><\/p>\n              <\/div>\n            <\/div>\n            <\/a>          <\/div>\n         <\/div><div class=\"gallery-col col\" >\n          <div class=\"col-inner\">\n            <a class=\"image-lightbox lightbox-gallery\" href=\"https:\/\/www.montanheiros.com\/wp-content\/uploads\/2025\/09\/1-2-1400x647.jpeg\" title=\"\">            <div class=\"box has-hover gallery-box box-none\">\n              <div class=\"box-image\" style=\"width:63%;\">\n                <img loading=\"lazy\" decoding=\"async\" width=\"280\" height=\"280\" src=\"https:\/\/www.montanheiros.com\/wp-content\/uploads\/2025\/09\/1-2-280x280.jpeg\" class=\"attachment-thumbnail size-thumbnail\" alt=\"\" ids=\"17695,17696,17697,17698,17699,17700,17701,17702,17703,17704,17705,17706,17707,17708,17709,17710,17711,17712,17713,17714,17715,17716,17717,17718,17719,17720,17721,17722,17723,17724,17725,17726,17727,17728\" style=\"none\" type=\"slider\" columns=\"1\" image_width=\"63\" image_size=\"thumbnail\" text_align=\"center\" srcset=\"https:\/\/www.montanheiros.com\/wp-content\/uploads\/2025\/09\/1-2-280x280.jpeg 280w, https:\/\/www.montanheiros.com\/wp-content\/uploads\/2025\/09\/1-2-300x300.jpeg 300w, https:\/\/www.montanheiros.com\/wp-content\/uploads\/2025\/09\/1-2-100x100.jpeg 100w\" sizes=\"auto, (max-width: 280px) 100vw, 280px\" \/>                                                              <\/div>\n              <div class=\"box-text text-center\" >\n                 <p><\/p>\n              <\/div>\n            <\/div>\n            <\/a>          <\/div>\n         <\/div><div class=\"gallery-col col\" >\n          <div class=\"col-inner\">\n            <a class=\"image-lightbox lightbox-gallery\" href=\"https:\/\/www.montanheiros.com\/wp-content\/uploads\/2025\/09\/1f510314-32ff-4874-a1ad-8aa3d97ffdcf-1400x647.jpeg\" title=\"\">            <div class=\"box has-hover gallery-box box-none\">\n              <div class=\"box-image\" style=\"width:63%;\">\n                <img loading=\"lazy\" decoding=\"async\" width=\"280\" height=\"280\" src=\"https:\/\/www.montanheiros.com\/wp-content\/uploads\/2025\/09\/1f510314-32ff-4874-a1ad-8aa3d97ffdcf-280x280.jpeg\" class=\"attachment-thumbnail size-thumbnail\" alt=\"\" ids=\"17695,17696,17697,17698,17699,17700,17701,17702,17703,17704,17705,17706,17707,17708,17709,17710,17711,17712,17713,17714,17715,17716,17717,17718,17719,17720,17721,17722,17723,17724,17725,17726,17727,17728\" style=\"none\" type=\"slider\" columns=\"1\" image_width=\"63\" image_size=\"thumbnail\" text_align=\"center\" srcset=\"https:\/\/www.montanheiros.com\/wp-content\/uploads\/2025\/09\/1f510314-32ff-4874-a1ad-8aa3d97ffdcf-280x280.jpeg 280w, https:\/\/www.montanheiros.com\/wp-content\/uploads\/2025\/09\/1f510314-32ff-4874-a1ad-8aa3d97ffdcf-300x300.jpeg 300w, https:\/\/www.montanheiros.com\/wp-content\/uploads\/2025\/09\/1f510314-32ff-4874-a1ad-8aa3d97ffdcf-100x100.jpeg 100w\" sizes=\"auto, (max-width: 280px) 100vw, 280px\" \/>                                                              <\/div>\n              <div class=\"box-text text-center\" >\n                 <p><\/p>\n              <\/div>\n            <\/div>\n            <\/a>          <\/div>\n         <\/div><div class=\"gallery-col col\" >\n          <div class=\"col-inner\">\n            <a class=\"image-lightbox lightbox-gallery\" href=\"https:\/\/www.montanheiros.com\/wp-content\/uploads\/2025\/09\/02ab5e02-1213-4244-89c3-0333c1dfa4f1-600x800.jpeg\" title=\"\">            <div class=\"box has-hover gallery-box box-none\">\n              <div class=\"box-image\" style=\"width:63%;\">\n                <img loading=\"lazy\" decoding=\"async\" width=\"280\" height=\"280\" src=\"https:\/\/www.montanheiros.com\/wp-content\/uploads\/2025\/09\/02ab5e02-1213-4244-89c3-0333c1dfa4f1-280x280.jpeg\" class=\"attachment-thumbnail size-thumbnail\" alt=\"\" ids=\"17695,17696,17697,17698,17699,17700,17701,17702,17703,17704,17705,17706,17707,17708,17709,17710,17711,17712,17713,17714,17715,17716,17717,17718,17719,17720,17721,17722,17723,17724,17725,17726,17727,17728\" style=\"none\" type=\"slider\" columns=\"1\" image_width=\"63\" image_size=\"thumbnail\" text_align=\"center\" srcset=\"https:\/\/www.montanheiros.com\/wp-content\/uploads\/2025\/09\/02ab5e02-1213-4244-89c3-0333c1dfa4f1-280x280.jpeg 280w, https:\/\/www.montanheiros.com\/wp-content\/uploads\/2025\/09\/02ab5e02-1213-4244-89c3-0333c1dfa4f1-300x300.jpeg 300w, https:\/\/www.montanheiros.com\/wp-content\/uploads\/2025\/09\/02ab5e02-1213-4244-89c3-0333c1dfa4f1-100x100.jpeg 100w\" sizes=\"auto, (max-width: 280px) 100vw, 280px\" \/>                                                              <\/div>\n              <div class=\"box-text text-center\" >\n                 <p><\/p>\n              <\/div>\n            <\/div>\n            <\/a>          <\/div>\n         <\/div><div class=\"gallery-col col\" >\n          <div class=\"col-inner\">\n            <a class=\"image-lightbox lightbox-gallery\" href=\"https:\/\/www.montanheiros.com\/wp-content\/uploads\/2025\/09\/2-1400x647.jpeg\" title=\"\">            <div class=\"box has-hover gallery-box box-none\">\n              <div class=\"box-image\" style=\"width:63%;\">\n                <img loading=\"lazy\" decoding=\"async\" width=\"280\" height=\"280\" src=\"https:\/\/www.montanheiros.com\/wp-content\/uploads\/2025\/09\/2-280x280.jpeg\" class=\"attachment-thumbnail size-thumbnail\" alt=\"\" ids=\"17695,17696,17697,17698,17699,17700,17701,17702,17703,17704,17705,17706,17707,17708,17709,17710,17711,17712,17713,17714,17715,17716,17717,17718,17719,17720,17721,17722,17723,17724,17725,17726,17727,17728\" style=\"none\" type=\"slider\" columns=\"1\" image_width=\"63\" image_size=\"thumbnail\" text_align=\"center\" srcset=\"https:\/\/www.montanheiros.com\/wp-content\/uploads\/2025\/09\/2-280x280.jpeg 280w, https:\/\/www.montanheiros.com\/wp-content\/uploads\/2025\/09\/2-300x300.jpeg 300w, https:\/\/www.montanheiros.com\/wp-content\/uploads\/2025\/09\/2-100x100.jpeg 100w\" sizes=\"auto, (max-width: 280px) 100vw, 280px\" \/>                                                              <\/div>\n              <div class=\"box-text text-center\" >\n                 <p><\/p>\n              <\/div>\n            <\/div>\n            <\/a>          <\/div>\n         <\/div><div class=\"gallery-col col\" >\n          <div class=\"col-inner\">\n            <a class=\"image-lightbox lightbox-gallery\" href=\"https:\/\/www.montanheiros.com\/wp-content\/uploads\/2025\/09\/2a2d391b-1966-4049-97af-f68d3bb668dc-1400x647.jpeg\" title=\"\">            <div class=\"box has-hover gallery-box box-none\">\n              <div class=\"box-image\" style=\"width:63%;\">\n                <img loading=\"lazy\" decoding=\"async\" width=\"280\" height=\"280\" src=\"https:\/\/www.montanheiros.com\/wp-content\/uploads\/2025\/09\/2a2d391b-1966-4049-97af-f68d3bb668dc-280x280.jpeg\" class=\"attachment-thumbnail size-thumbnail\" alt=\"\" ids=\"17695,17696,17697,17698,17699,17700,17701,17702,17703,17704,17705,17706,17707,17708,17709,17710,17711,17712,17713,17714,17715,17716,17717,17718,17719,17720,17721,17722,17723,17724,17725,17726,17727,17728\" style=\"none\" type=\"slider\" columns=\"1\" image_width=\"63\" image_size=\"thumbnail\" text_align=\"center\" srcset=\"https:\/\/www.montanheiros.com\/wp-content\/uploads\/2025\/09\/2a2d391b-1966-4049-97af-f68d3bb668dc-280x280.jpeg 280w, https:\/\/www.montanheiros.com\/wp-content\/uploads\/2025\/09\/2a2d391b-1966-4049-97af-f68d3bb668dc-300x300.jpeg 300w, https:\/\/www.montanheiros.com\/wp-content\/uploads\/2025\/09\/2a2d391b-1966-4049-97af-f68d3bb668dc-100x100.jpeg 100w\" sizes=\"auto, (max-width: 280px) 100vw, 280px\" \/>                                                              <\/div>\n              <div class=\"box-text text-center\" >\n                 <p><\/p>\n              <\/div>\n            <\/div>\n            <\/a>          <\/div>\n         <\/div><div class=\"gallery-col col\" >\n          <div class=\"col-inner\">\n            <a class=\"image-lightbox lightbox-gallery\" href=\"https:\/\/www.montanheiros.com\/wp-content\/uploads\/2025\/09\/3a8f2c33-7ff0-4c9e-976d-59aab4b3b2ac-1400x647.jpeg\" title=\"\">            <div class=\"box has-hover gallery-box box-none\">\n              <div class=\"box-image\" style=\"width:63%;\">\n                <img loading=\"lazy\" decoding=\"async\" width=\"280\" height=\"280\" src=\"https:\/\/www.montanheiros.com\/wp-content\/uploads\/2025\/09\/3a8f2c33-7ff0-4c9e-976d-59aab4b3b2ac-280x280.jpeg\" class=\"attachment-thumbnail size-thumbnail\" alt=\"\" ids=\"17695,17696,17697,17698,17699,17700,17701,17702,17703,17704,17705,17706,17707,17708,17709,17710,17711,17712,17713,17714,17715,17716,17717,17718,17719,17720,17721,17722,17723,17724,17725,17726,17727,17728\" style=\"none\" type=\"slider\" columns=\"1\" image_width=\"63\" image_size=\"thumbnail\" text_align=\"center\" srcset=\"https:\/\/www.montanheiros.com\/wp-content\/uploads\/2025\/09\/3a8f2c33-7ff0-4c9e-976d-59aab4b3b2ac-280x280.jpeg 280w, https:\/\/www.montanheiros.com\/wp-content\/uploads\/2025\/09\/3a8f2c33-7ff0-4c9e-976d-59aab4b3b2ac-300x300.jpeg 300w, https:\/\/www.montanheiros.com\/wp-content\/uploads\/2025\/09\/3a8f2c33-7ff0-4c9e-976d-59aab4b3b2ac-100x100.jpeg 100w\" sizes=\"auto, (max-width: 280px) 100vw, 280px\" \/>                                                              <\/div>\n              <div class=\"box-text text-center\" >\n                 <p><\/p>\n              <\/div>\n            <\/div>\n            <\/a>          <\/div>\n         <\/div><div class=\"gallery-col col\" >\n          <div class=\"col-inner\">\n            <a class=\"image-lightbox lightbox-gallery\" href=\"https:\/\/www.montanheiros.com\/wp-content\/uploads\/2025\/09\/05fba55d-c724-4b18-8c2e-a2697cdaddc9-1400x647.jpeg\" title=\"\">            <div class=\"box has-hover gallery-box box-none\">\n              <div class=\"box-image\" style=\"width:63%;\">\n                <img loading=\"lazy\" decoding=\"async\" width=\"280\" height=\"280\" src=\"https:\/\/www.montanheiros.com\/wp-content\/uploads\/2025\/09\/05fba55d-c724-4b18-8c2e-a2697cdaddc9-280x280.jpeg\" class=\"attachment-thumbnail size-thumbnail\" alt=\"\" ids=\"17695,17696,17697,17698,17699,17700,17701,17702,17703,17704,17705,17706,17707,17708,17709,17710,17711,17712,17713,17714,17715,17716,17717,17718,17719,17720,17721,17722,17723,17724,17725,17726,17727,17728\" style=\"none\" type=\"slider\" columns=\"1\" image_width=\"63\" image_size=\"thumbnail\" text_align=\"center\" srcset=\"https:\/\/www.montanheiros.com\/wp-content\/uploads\/2025\/09\/05fba55d-c724-4b18-8c2e-a2697cdaddc9-280x280.jpeg 280w, https:\/\/www.montanheiros.com\/wp-content\/uploads\/2025\/09\/05fba55d-c724-4b18-8c2e-a2697cdaddc9-300x300.jpeg 300w, https:\/\/www.montanheiros.com\/wp-content\/uploads\/2025\/09\/05fba55d-c724-4b18-8c2e-a2697cdaddc9-100x100.jpeg 100w\" sizes=\"auto, (max-width: 280px) 100vw, 280px\" \/>                                                              <\/div>\n              <div class=\"box-text text-center\" >\n                 <p><\/p>\n              <\/div>\n            <\/div>\n            <\/a>          <\/div>\n         <\/div><div class=\"gallery-col col\" >\n          <div class=\"col-inner\">\n            <a class=\"image-lightbox lightbox-gallery\" href=\"https:\/\/www.montanheiros.com\/wp-content\/uploads\/2025\/09\/5dd25fef-49e1-408e-95cc-d66c3d8e2e2b-1400x647.jpeg\" title=\"\">            <div class=\"box has-hover gallery-box box-none\">\n              <div class=\"box-image\" style=\"width:63%;\">\n                <img loading=\"lazy\" decoding=\"async\" width=\"280\" height=\"280\" src=\"https:\/\/www.montanheiros.com\/wp-content\/uploads\/2025\/09\/5dd25fef-49e1-408e-95cc-d66c3d8e2e2b-280x280.jpeg\" class=\"attachment-thumbnail size-thumbnail\" alt=\"\" ids=\"17695,17696,17697,17698,17699,17700,17701,17702,17703,17704,17705,17706,17707,17708,17709,17710,17711,17712,17713,17714,17715,17716,17717,17718,17719,17720,17721,17722,17723,17724,17725,17726,17727,17728\" style=\"none\" type=\"slider\" columns=\"1\" image_width=\"63\" image_size=\"thumbnail\" text_align=\"center\" srcset=\"https:\/\/www.montanheiros.com\/wp-content\/uploads\/2025\/09\/5dd25fef-49e1-408e-95cc-d66c3d8e2e2b-280x280.jpeg 280w, https:\/\/www.montanheiros.com\/wp-content\/uploads\/2025\/09\/5dd25fef-49e1-408e-95cc-d66c3d8e2e2b-300x300.jpeg 300w, https:\/\/www.montanheiros.com\/wp-content\/uploads\/2025\/09\/5dd25fef-49e1-408e-95cc-d66c3d8e2e2b-100x100.jpeg 100w\" sizes=\"auto, (max-width: 280px) 100vw, 280px\" \/>                                                              <\/div>\n              <div class=\"box-text text-center\" >\n                 <p><\/p>\n              <\/div>\n            <\/div>\n            <\/a>          <\/div>\n         <\/div><div class=\"gallery-col col\" >\n          <div class=\"col-inner\">\n            <a class=\"image-lightbox lightbox-gallery\" href=\"https:\/\/www.montanheiros.com\/wp-content\/uploads\/2025\/09\/09f67839-a204-4b78-9471-c9f7fd9bb8d5-1067x800.jpeg\" title=\"\">            <div class=\"box has-hover gallery-box box-none\">\n              <div class=\"box-image\" style=\"width:63%;\">\n                <img loading=\"lazy\" decoding=\"async\" width=\"280\" height=\"280\" src=\"https:\/\/www.montanheiros.com\/wp-content\/uploads\/2025\/09\/09f67839-a204-4b78-9471-c9f7fd9bb8d5-280x280.jpeg\" class=\"attachment-thumbnail size-thumbnail\" alt=\"\" ids=\"17695,17696,17697,17698,17699,17700,17701,17702,17703,17704,17705,17706,17707,17708,17709,17710,17711,17712,17713,17714,17715,17716,17717,17718,17719,17720,17721,17722,17723,17724,17725,17726,17727,17728\" style=\"none\" type=\"slider\" columns=\"1\" image_width=\"63\" image_size=\"thumbnail\" text_align=\"center\" srcset=\"https:\/\/www.montanheiros.com\/wp-content\/uploads\/2025\/09\/09f67839-a204-4b78-9471-c9f7fd9bb8d5-280x280.jpeg 280w, https:\/\/www.montanheiros.com\/wp-content\/uploads\/2025\/09\/09f67839-a204-4b78-9471-c9f7fd9bb8d5-300x300.jpeg 300w, https:\/\/www.montanheiros.com\/wp-content\/uploads\/2025\/09\/09f67839-a204-4b78-9471-c9f7fd9bb8d5-100x100.jpeg 100w\" sizes=\"auto, (max-width: 280px) 100vw, 280px\" \/>                                                              <\/div>\n              <div class=\"box-text text-center\" >\n                 <p><\/p>\n              <\/div>\n            <\/div>\n            <\/a>          <\/div>\n         <\/div><div class=\"gallery-col col\" >\n          <div class=\"col-inner\">\n            <a class=\"image-lightbox lightbox-gallery\" href=\"https:\/\/www.montanheiros.com\/wp-content\/uploads\/2025\/09\/11caba1e-cbf3-4d48-aa67-9d0b3e8ba419-1400x647.jpeg\" title=\"\">            <div class=\"box has-hover gallery-box box-none\">\n              <div class=\"box-image\" style=\"width:63%;\">\n                <img loading=\"lazy\" decoding=\"async\" width=\"280\" height=\"280\" src=\"https:\/\/www.montanheiros.com\/wp-content\/uploads\/2025\/09\/11caba1e-cbf3-4d48-aa67-9d0b3e8ba419-280x280.jpeg\" class=\"attachment-thumbnail size-thumbnail\" alt=\"\" ids=\"17695,17696,17697,17698,17699,17700,17701,17702,17703,17704,17705,17706,17707,17708,17709,17710,17711,17712,17713,17714,17715,17716,17717,17718,17719,17720,17721,17722,17723,17724,17725,17726,17727,17728\" style=\"none\" type=\"slider\" columns=\"1\" image_width=\"63\" image_size=\"thumbnail\" text_align=\"center\" srcset=\"https:\/\/www.montanheiros.com\/wp-content\/uploads\/2025\/09\/11caba1e-cbf3-4d48-aa67-9d0b3e8ba419-280x280.jpeg 280w, https:\/\/www.montanheiros.com\/wp-content\/uploads\/2025\/09\/11caba1e-cbf3-4d48-aa67-9d0b3e8ba419-300x300.jpeg 300w, https:\/\/www.montanheiros.com\/wp-content\/uploads\/2025\/09\/11caba1e-cbf3-4d48-aa67-9d0b3e8ba419-100x100.jpeg 100w\" sizes=\"auto, (max-width: 280px) 100vw, 280px\" \/>                                                              <\/div>\n              <div class=\"box-text text-center\" >\n                 <p><\/p>\n              <\/div>\n            <\/div>\n            <\/a>          <\/div>\n         <\/div><div class=\"gallery-col col\" >\n          <div class=\"col-inner\">\n            <a class=\"image-lightbox lightbox-gallery\" href=\"https:\/\/www.montanheiros.com\/wp-content\/uploads\/2025\/09\/36b2849e-476e-402e-9d57-739ef33eadc1-1400x647.jpeg\" title=\"\">            <div class=\"box has-hover gallery-box box-none\">\n              <div class=\"box-image\" style=\"width:63%;\">\n                <img loading=\"lazy\" decoding=\"async\" width=\"280\" height=\"280\" src=\"https:\/\/www.montanheiros.com\/wp-content\/uploads\/2025\/09\/36b2849e-476e-402e-9d57-739ef33eadc1-280x280.jpeg\" class=\"attachment-thumbnail size-thumbnail\" alt=\"\" ids=\"17695,17696,17697,17698,17699,17700,17701,17702,17703,17704,17705,17706,17707,17708,17709,17710,17711,17712,17713,17714,17715,17716,17717,17718,17719,17720,17721,17722,17723,17724,17725,17726,17727,17728\" style=\"none\" type=\"slider\" columns=\"1\" image_width=\"63\" image_size=\"thumbnail\" text_align=\"center\" srcset=\"https:\/\/www.montanheiros.com\/wp-content\/uploads\/2025\/09\/36b2849e-476e-402e-9d57-739ef33eadc1-280x280.jpeg 280w, https:\/\/www.montanheiros.com\/wp-content\/uploads\/2025\/09\/36b2849e-476e-402e-9d57-739ef33eadc1-300x300.jpeg 300w, https:\/\/www.montanheiros.com\/wp-content\/uploads\/2025\/09\/36b2849e-476e-402e-9d57-739ef33eadc1-100x100.jpeg 100w\" sizes=\"auto, (max-width: 280px) 100vw, 280px\" \/>                                                              <\/div>\n              <div class=\"box-text text-center\" >\n                 <p><\/p>\n              <\/div>\n            <\/div>\n            <\/a>          <\/div>\n         <\/div><div class=\"gallery-col col\" >\n          <div class=\"col-inner\">\n            <a class=\"image-lightbox lightbox-gallery\" href=\"https:\/\/www.montanheiros.com\/wp-content\/uploads\/2025\/09\/68f4b6b5-79ad-48ab-8405-d2f5cc7714bd-600x800.jpeg\" title=\"\">            <div class=\"box has-hover gallery-box box-none\">\n              <div class=\"box-image\" style=\"width:63%;\">\n                <img loading=\"lazy\" decoding=\"async\" width=\"280\" height=\"280\" src=\"https:\/\/www.montanheiros.com\/wp-content\/uploads\/2025\/09\/68f4b6b5-79ad-48ab-8405-d2f5cc7714bd-280x280.jpeg\" class=\"attachment-thumbnail size-thumbnail\" alt=\"\" ids=\"17695,17696,17697,17698,17699,17700,17701,17702,17703,17704,17705,17706,17707,17708,17709,17710,17711,17712,17713,17714,17715,17716,17717,17718,17719,17720,17721,17722,17723,17724,17725,17726,17727,17728\" style=\"none\" type=\"slider\" columns=\"1\" image_width=\"63\" image_size=\"thumbnail\" text_align=\"center\" srcset=\"https:\/\/www.montanheiros.com\/wp-content\/uploads\/2025\/09\/68f4b6b5-79ad-48ab-8405-d2f5cc7714bd-280x280.jpeg 280w, https:\/\/www.montanheiros.com\/wp-content\/uploads\/2025\/09\/68f4b6b5-79ad-48ab-8405-d2f5cc7714bd-300x300.jpeg 300w, https:\/\/www.montanheiros.com\/wp-content\/uploads\/2025\/09\/68f4b6b5-79ad-48ab-8405-d2f5cc7714bd-100x100.jpeg 100w\" sizes=\"auto, (max-width: 280px) 100vw, 280px\" \/>                                                              <\/div>\n              <div class=\"box-text text-center\" >\n                 <p><\/p>\n              <\/div>\n            <\/div>\n            <\/a>          <\/div>\n         <\/div><div class=\"gallery-col col\" >\n          <div class=\"col-inner\">\n            <a class=\"image-lightbox lightbox-gallery\" href=\"https:\/\/www.montanheiros.com\/wp-content\/uploads\/2025\/09\/140ef22f-50ca-4b71-85f2-1a8410447a8b-1400x647.jpeg\" title=\"\">            <div class=\"box has-hover gallery-box box-none\">\n              <div class=\"box-image\" style=\"width:63%;\">\n                <img loading=\"lazy\" decoding=\"async\" width=\"280\" height=\"280\" src=\"https:\/\/www.montanheiros.com\/wp-content\/uploads\/2025\/09\/140ef22f-50ca-4b71-85f2-1a8410447a8b-280x280.jpeg\" class=\"attachment-thumbnail size-thumbnail\" alt=\"\" ids=\"17695,17696,17697,17698,17699,17700,17701,17702,17703,17704,17705,17706,17707,17708,17709,17710,17711,17712,17713,17714,17715,17716,17717,17718,17719,17720,17721,17722,17723,17724,17725,17726,17727,17728\" style=\"none\" type=\"slider\" columns=\"1\" image_width=\"63\" image_size=\"thumbnail\" text_align=\"center\" srcset=\"https:\/\/www.montanheiros.com\/wp-content\/uploads\/2025\/09\/140ef22f-50ca-4b71-85f2-1a8410447a8b-280x280.jpeg 280w, https:\/\/www.montanheiros.com\/wp-content\/uploads\/2025\/09\/140ef22f-50ca-4b71-85f2-1a8410447a8b-300x300.jpeg 300w, https:\/\/www.montanheiros.com\/wp-content\/uploads\/2025\/09\/140ef22f-50ca-4b71-85f2-1a8410447a8b-100x100.jpeg 100w\" sizes=\"auto, (max-width: 280px) 100vw, 280px\" \/>                                                              <\/div>\n              <div class=\"box-text text-center\" >\n                 <p><\/p>\n              <\/div>\n            <\/div>\n            <\/a>          <\/div>\n         <\/div><div class=\"gallery-col col\" >\n          <div class=\"col-inner\">\n            <a class=\"image-lightbox lightbox-gallery\" href=\"https:\/\/www.montanheiros.com\/wp-content\/uploads\/2025\/09\/263cd5d4-6daa-4788-be3c-0a4d49f613cc-1400x647.jpeg\" title=\"\">            <div class=\"box has-hover gallery-box box-none\">\n              <div class=\"box-image\" style=\"width:63%;\">\n                <img loading=\"lazy\" decoding=\"async\" width=\"280\" height=\"280\" src=\"https:\/\/www.montanheiros.com\/wp-content\/uploads\/2025\/09\/263cd5d4-6daa-4788-be3c-0a4d49f613cc-280x280.jpeg\" class=\"attachment-thumbnail size-thumbnail\" alt=\"\" ids=\"17695,17696,17697,17698,17699,17700,17701,17702,17703,17704,17705,17706,17707,17708,17709,17710,17711,17712,17713,17714,17715,17716,17717,17718,17719,17720,17721,17722,17723,17724,17725,17726,17727,17728\" style=\"none\" type=\"slider\" columns=\"1\" image_width=\"63\" image_size=\"thumbnail\" text_align=\"center\" srcset=\"https:\/\/www.montanheiros.com\/wp-content\/uploads\/2025\/09\/263cd5d4-6daa-4788-be3c-0a4d49f613cc-280x280.jpeg 280w, https:\/\/www.montanheiros.com\/wp-content\/uploads\/2025\/09\/263cd5d4-6daa-4788-be3c-0a4d49f613cc-300x300.jpeg 300w, https:\/\/www.montanheiros.com\/wp-content\/uploads\/2025\/09\/263cd5d4-6daa-4788-be3c-0a4d49f613cc-100x100.jpeg 100w\" sizes=\"auto, (max-width: 280px) 100vw, 280px\" \/>                                                              <\/div>\n              <div class=\"box-text text-center\" >\n                 <p><\/p>\n              <\/div>\n            <\/div>\n            <\/a>          <\/div>\n         <\/div><div class=\"gallery-col col\" >\n          <div class=\"col-inner\">\n            <a class=\"image-lightbox lightbox-gallery\" href=\"https:\/\/www.montanheiros.com\/wp-content\/uploads\/2025\/09\/398e3489-654e-47c2-a863-d1554ae42130-1400x647.jpeg\" title=\"\">            <div class=\"box has-hover gallery-box box-none\">\n              <div class=\"box-image\" style=\"width:63%;\">\n                <img loading=\"lazy\" decoding=\"async\" width=\"280\" height=\"280\" src=\"https:\/\/www.montanheiros.com\/wp-content\/uploads\/2025\/09\/398e3489-654e-47c2-a863-d1554ae42130-280x280.jpeg\" class=\"attachment-thumbnail size-thumbnail\" alt=\"\" ids=\"17695,17696,17697,17698,17699,17700,17701,17702,17703,17704,17705,17706,17707,17708,17709,17710,17711,17712,17713,17714,17715,17716,17717,17718,17719,17720,17721,17722,17723,17724,17725,17726,17727,17728\" style=\"none\" type=\"slider\" columns=\"1\" image_width=\"63\" image_size=\"thumbnail\" text_align=\"center\" srcset=\"https:\/\/www.montanheiros.com\/wp-content\/uploads\/2025\/09\/398e3489-654e-47c2-a863-d1554ae42130-280x280.jpeg 280w, https:\/\/www.montanheiros.com\/wp-content\/uploads\/2025\/09\/398e3489-654e-47c2-a863-d1554ae42130-300x300.jpeg 300w, https:\/\/www.montanheiros.com\/wp-content\/uploads\/2025\/09\/398e3489-654e-47c2-a863-d1554ae42130-100x100.jpeg 100w\" sizes=\"auto, (max-width: 280px) 100vw, 280px\" \/>                                                              <\/div>\n              <div class=\"box-text text-center\" >\n                 <p><\/p>\n              <\/div>\n            <\/div>\n            <\/a>          <\/div>\n         <\/div><div class=\"gallery-col col\" >\n          <div class=\"col-inner\">\n            <a class=\"image-lightbox lightbox-gallery\" href=\"https:\/\/www.montanheiros.com\/wp-content\/uploads\/2025\/09\/57118d60-5232-4c33-8664-56f656ee12b6-1400x647.jpeg\" title=\"\">            <div class=\"box has-hover gallery-box box-none\">\n              <div class=\"box-image\" style=\"width:63%;\">\n                <img loading=\"lazy\" decoding=\"async\" width=\"280\" height=\"280\" src=\"https:\/\/www.montanheiros.com\/wp-content\/uploads\/2025\/09\/57118d60-5232-4c33-8664-56f656ee12b6-280x280.jpeg\" class=\"attachment-thumbnail size-thumbnail\" alt=\"\" ids=\"17695,17696,17697,17698,17699,17700,17701,17702,17703,17704,17705,17706,17707,17708,17709,17710,17711,17712,17713,17714,17715,17716,17717,17718,17719,17720,17721,17722,17723,17724,17725,17726,17727,17728\" style=\"none\" type=\"slider\" columns=\"1\" image_width=\"63\" image_size=\"thumbnail\" text_align=\"center\" srcset=\"https:\/\/www.montanheiros.com\/wp-content\/uploads\/2025\/09\/57118d60-5232-4c33-8664-56f656ee12b6-280x280.jpeg 280w, https:\/\/www.montanheiros.com\/wp-content\/uploads\/2025\/09\/57118d60-5232-4c33-8664-56f656ee12b6-300x300.jpeg 300w, https:\/\/www.montanheiros.com\/wp-content\/uploads\/2025\/09\/57118d60-5232-4c33-8664-56f656ee12b6-100x100.jpeg 100w\" sizes=\"auto, (max-width: 280px) 100vw, 280px\" \/>                                                              <\/div>\n              <div class=\"box-text text-center\" >\n                 <p><\/p>\n              <\/div>\n            <\/div>\n            <\/a>          <\/div>\n         <\/div><div class=\"gallery-col col\" >\n          <div class=\"col-inner\">\n            <a class=\"image-lightbox lightbox-gallery\" href=\"https:\/\/www.montanheiros.com\/wp-content\/uploads\/2025\/09\/58041c85-b62d-4e51-97f0-0c033b996bc1-1067x800.jpeg\" title=\"\">            <div class=\"box has-hover gallery-box box-none\">\n              <div class=\"box-image\" style=\"width:63%;\">\n                <img loading=\"lazy\" decoding=\"async\" width=\"280\" height=\"280\" src=\"https:\/\/www.montanheiros.com\/wp-content\/uploads\/2025\/09\/58041c85-b62d-4e51-97f0-0c033b996bc1-280x280.jpeg\" class=\"attachment-thumbnail size-thumbnail\" alt=\"\" ids=\"17695,17696,17697,17698,17699,17700,17701,17702,17703,17704,17705,17706,17707,17708,17709,17710,17711,17712,17713,17714,17715,17716,17717,17718,17719,17720,17721,17722,17723,17724,17725,17726,17727,17728\" style=\"none\" type=\"slider\" columns=\"1\" image_width=\"63\" image_size=\"thumbnail\" text_align=\"center\" srcset=\"https:\/\/www.montanheiros.com\/wp-content\/uploads\/2025\/09\/58041c85-b62d-4e51-97f0-0c033b996bc1-280x280.jpeg 280w, https:\/\/www.montanheiros.com\/wp-content\/uploads\/2025\/09\/58041c85-b62d-4e51-97f0-0c033b996bc1-300x300.jpeg 300w, https:\/\/www.montanheiros.com\/wp-content\/uploads\/2025\/09\/58041c85-b62d-4e51-97f0-0c033b996bc1-100x100.jpeg 100w\" sizes=\"auto, (max-width: 280px) 100vw, 280px\" \/>                                                              <\/div>\n              <div class=\"box-text text-center\" >\n                 <p><\/p>\n              <\/div>\n            <\/div>\n            <\/a>          <\/div>\n         <\/div><div class=\"gallery-col col\" >\n          <div class=\"col-inner\">\n            <a class=\"image-lightbox lightbox-gallery\" href=\"https:\/\/www.montanheiros.com\/wp-content\/uploads\/2025\/09\/a74f344a-a7d3-4665-bf93-bb6cfe7f3521-1067x800.jpeg\" title=\"\">            <div class=\"box has-hover gallery-box box-none\">\n              <div class=\"box-image\" style=\"width:63%;\">\n                <img loading=\"lazy\" decoding=\"async\" width=\"280\" height=\"280\" src=\"https:\/\/www.montanheiros.com\/wp-content\/uploads\/2025\/09\/a74f344a-a7d3-4665-bf93-bb6cfe7f3521-280x280.jpeg\" class=\"attachment-thumbnail size-thumbnail\" alt=\"\" ids=\"17695,17696,17697,17698,17699,17700,17701,17702,17703,17704,17705,17706,17707,17708,17709,17710,17711,17712,17713,17714,17715,17716,17717,17718,17719,17720,17721,17722,17723,17724,17725,17726,17727,17728\" style=\"none\" type=\"slider\" columns=\"1\" image_width=\"63\" image_size=\"thumbnail\" text_align=\"center\" srcset=\"https:\/\/www.montanheiros.com\/wp-content\/uploads\/2025\/09\/a74f344a-a7d3-4665-bf93-bb6cfe7f3521-280x280.jpeg 280w, https:\/\/www.montanheiros.com\/wp-content\/uploads\/2025\/09\/a74f344a-a7d3-4665-bf93-bb6cfe7f3521-300x300.jpeg 300w, https:\/\/www.montanheiros.com\/wp-content\/uploads\/2025\/09\/a74f344a-a7d3-4665-bf93-bb6cfe7f3521-100x100.jpeg 100w\" sizes=\"auto, (max-width: 280px) 100vw, 280px\" \/>                                                              <\/div>\n              <div class=\"box-text text-center\" >\n                 <p><\/p>\n              <\/div>\n            <\/div>\n            <\/a>          <\/div>\n         <\/div><div class=\"gallery-col col\" >\n          <div class=\"col-inner\">\n            <a class=\"image-lightbox lightbox-gallery\" href=\"https:\/\/www.montanheiros.com\/wp-content\/uploads\/2025\/09\/aad0cfe6-39be-41d9-a4ae-c17991ec6012-1400x647.jpeg\" title=\"\">            <div class=\"box has-hover gallery-box box-none\">\n              <div class=\"box-image\" style=\"width:63%;\">\n                <img loading=\"lazy\" decoding=\"async\" width=\"280\" height=\"280\" src=\"https:\/\/www.montanheiros.com\/wp-content\/uploads\/2025\/09\/aad0cfe6-39be-41d9-a4ae-c17991ec6012-280x280.jpeg\" class=\"attachment-thumbnail size-thumbnail\" alt=\"\" ids=\"17695,17696,17697,17698,17699,17700,17701,17702,17703,17704,17705,17706,17707,17708,17709,17710,17711,17712,17713,17714,17715,17716,17717,17718,17719,17720,17721,17722,17723,17724,17725,17726,17727,17728\" style=\"none\" type=\"slider\" columns=\"1\" image_width=\"63\" image_size=\"thumbnail\" text_align=\"center\" srcset=\"https:\/\/www.montanheiros.com\/wp-content\/uploads\/2025\/09\/aad0cfe6-39be-41d9-a4ae-c17991ec6012-280x280.jpeg 280w, https:\/\/www.montanheiros.com\/wp-content\/uploads\/2025\/09\/aad0cfe6-39be-41d9-a4ae-c17991ec6012-300x300.jpeg 300w, https:\/\/www.montanheiros.com\/wp-content\/uploads\/2025\/09\/aad0cfe6-39be-41d9-a4ae-c17991ec6012-100x100.jpeg 100w\" sizes=\"auto, (max-width: 280px) 100vw, 280px\" \/>                                                              <\/div>\n              <div class=\"box-text text-center\" >\n                 <p><\/p>\n              <\/div>\n            <\/div>\n            <\/a>          <\/div>\n         <\/div><div class=\"gallery-col col\" >\n          <div class=\"col-inner\">\n            <a class=\"image-lightbox lightbox-gallery\" href=\"https:\/\/www.montanheiros.com\/wp-content\/uploads\/2025\/09\/ad0be72f-cceb-4ab0-804c-0c72c19eb7b9-1400x647.jpeg\" title=\"\">            <div class=\"box has-hover gallery-box box-none\">\n              <div class=\"box-image\" style=\"width:63%;\">\n                <img loading=\"lazy\" decoding=\"async\" width=\"280\" height=\"280\" src=\"https:\/\/www.montanheiros.com\/wp-content\/uploads\/2025\/09\/ad0be72f-cceb-4ab0-804c-0c72c19eb7b9-280x280.jpeg\" class=\"attachment-thumbnail size-thumbnail\" alt=\"\" ids=\"17695,17696,17697,17698,17699,17700,17701,17702,17703,17704,17705,17706,17707,17708,17709,17710,17711,17712,17713,17714,17715,17716,17717,17718,17719,17720,17721,17722,17723,17724,17725,17726,17727,17728\" style=\"none\" type=\"slider\" columns=\"1\" image_width=\"63\" image_size=\"thumbnail\" text_align=\"center\" srcset=\"https:\/\/www.montanheiros.com\/wp-content\/uploads\/2025\/09\/ad0be72f-cceb-4ab0-804c-0c72c19eb7b9-280x280.jpeg 280w, https:\/\/www.montanheiros.com\/wp-content\/uploads\/2025\/09\/ad0be72f-cceb-4ab0-804c-0c72c19eb7b9-300x300.jpeg 300w, https:\/\/www.montanheiros.com\/wp-content\/uploads\/2025\/09\/ad0be72f-cceb-4ab0-804c-0c72c19eb7b9-100x100.jpeg 100w\" sizes=\"auto, (max-width: 280px) 100vw, 280px\" \/>                                                              <\/div>\n              <div class=\"box-text text-center\" >\n                 <p><\/p>\n              <\/div>\n            <\/div>\n            <\/a>          <\/div>\n         <\/div><div class=\"gallery-col col\" >\n          <div class=\"col-inner\">\n            <a class=\"image-lightbox lightbox-gallery\" href=\"https:\/\/www.montanheiros.com\/wp-content\/uploads\/2025\/09\/b7b0edfd-afc5-4cd4-9c94-2d78ac7ce600-1400x647.jpeg\" title=\"\">            <div class=\"box has-hover gallery-box box-none\">\n              <div class=\"box-image\" style=\"width:63%;\">\n                <img loading=\"lazy\" decoding=\"async\" width=\"280\" height=\"280\" src=\"https:\/\/www.montanheiros.com\/wp-content\/uploads\/2025\/09\/b7b0edfd-afc5-4cd4-9c94-2d78ac7ce600-280x280.jpeg\" class=\"attachment-thumbnail size-thumbnail\" alt=\"\" ids=\"17695,17696,17697,17698,17699,17700,17701,17702,17703,17704,17705,17706,17707,17708,17709,17710,17711,17712,17713,17714,17715,17716,17717,17718,17719,17720,17721,17722,17723,17724,17725,17726,17727,17728\" style=\"none\" type=\"slider\" columns=\"1\" image_width=\"63\" image_size=\"thumbnail\" text_align=\"center\" srcset=\"https:\/\/www.montanheiros.com\/wp-content\/uploads\/2025\/09\/b7b0edfd-afc5-4cd4-9c94-2d78ac7ce600-280x280.jpeg 280w, https:\/\/www.montanheiros.com\/wp-content\/uploads\/2025\/09\/b7b0edfd-afc5-4cd4-9c94-2d78ac7ce600-300x300.jpeg 300w, https:\/\/www.montanheiros.com\/wp-content\/uploads\/2025\/09\/b7b0edfd-afc5-4cd4-9c94-2d78ac7ce600-100x100.jpeg 100w\" sizes=\"auto, (max-width: 280px) 100vw, 280px\" \/>                                                              <\/div>\n              <div class=\"box-text text-center\" >\n                 <p><\/p>\n              <\/div>\n            <\/div>\n            <\/a>          <\/div>\n         <\/div><div class=\"gallery-col col\" >\n          <div class=\"col-inner\">\n            <a class=\"image-lightbox lightbox-gallery\" href=\"https:\/\/www.montanheiros.com\/wp-content\/uploads\/2025\/09\/bd44cc1a-44d8-4cee-af34-ff6e6883611e-1400x647.jpeg\" title=\"\">            <div class=\"box has-hover gallery-box box-none\">\n              <div class=\"box-image\" style=\"width:63%;\">\n                <img loading=\"lazy\" decoding=\"async\" width=\"280\" height=\"280\" src=\"https:\/\/www.montanheiros.com\/wp-content\/uploads\/2025\/09\/bd44cc1a-44d8-4cee-af34-ff6e6883611e-280x280.jpeg\" class=\"attachment-thumbnail size-thumbnail\" alt=\"\" ids=\"17695,17696,17697,17698,17699,17700,17701,17702,17703,17704,17705,17706,17707,17708,17709,17710,17711,17712,17713,17714,17715,17716,17717,17718,17719,17720,17721,17722,17723,17724,17725,17726,17727,17728\" style=\"none\" type=\"slider\" columns=\"1\" image_width=\"63\" image_size=\"thumbnail\" text_align=\"center\" srcset=\"https:\/\/www.montanheiros.com\/wp-content\/uploads\/2025\/09\/bd44cc1a-44d8-4cee-af34-ff6e6883611e-280x280.jpeg 280w, https:\/\/www.montanheiros.com\/wp-content\/uploads\/2025\/09\/bd44cc1a-44d8-4cee-af34-ff6e6883611e-300x300.jpeg 300w, https:\/\/www.montanheiros.com\/wp-content\/uploads\/2025\/09\/bd44cc1a-44d8-4cee-af34-ff6e6883611e-100x100.jpeg 100w\" sizes=\"auto, (max-width: 280px) 100vw, 280px\" \/>                                                              <\/div>\n              <div class=\"box-text text-center\" >\n                 <p><\/p>\n              <\/div>\n            <\/div>\n            <\/a>          <\/div>\n         <\/div><div class=\"gallery-col col\" >\n          <div class=\"col-inner\">\n            <a class=\"image-lightbox lightbox-gallery\" href=\"https:\/\/www.montanheiros.com\/wp-content\/uploads\/2025\/09\/bd45c4bc-4518-4f80-832b-6fac12d77419-1067x800.jpeg\" title=\"\">            <div class=\"box has-hover gallery-box box-none\">\n              <div class=\"box-image\" style=\"width:63%;\">\n                <img loading=\"lazy\" decoding=\"async\" width=\"280\" height=\"280\" src=\"https:\/\/www.montanheiros.com\/wp-content\/uploads\/2025\/09\/bd45c4bc-4518-4f80-832b-6fac12d77419-280x280.jpeg\" class=\"attachment-thumbnail size-thumbnail\" alt=\"\" ids=\"17695,17696,17697,17698,17699,17700,17701,17702,17703,17704,17705,17706,17707,17708,17709,17710,17711,17712,17713,17714,17715,17716,17717,17718,17719,17720,17721,17722,17723,17724,17725,17726,17727,17728\" style=\"none\" type=\"slider\" columns=\"1\" image_width=\"63\" image_size=\"thumbnail\" text_align=\"center\" srcset=\"https:\/\/www.montanheiros.com\/wp-content\/uploads\/2025\/09\/bd45c4bc-4518-4f80-832b-6fac12d77419-280x280.jpeg 280w, https:\/\/www.montanheiros.com\/wp-content\/uploads\/2025\/09\/bd45c4bc-4518-4f80-832b-6fac12d77419-300x300.jpeg 300w, https:\/\/www.montanheiros.com\/wp-content\/uploads\/2025\/09\/bd45c4bc-4518-4f80-832b-6fac12d77419-100x100.jpeg 100w\" sizes=\"auto, (max-width: 280px) 100vw, 280px\" \/>                                                              <\/div>\n              <div class=\"box-text text-center\" >\n                 <p><\/p>\n              <\/div>\n            <\/div>\n            <\/a>          <\/div>\n         <\/div><div class=\"gallery-col col\" >\n          <div class=\"col-inner\">\n            <a class=\"image-lightbox lightbox-gallery\" href=\"https:\/\/www.montanheiros.com\/wp-content\/uploads\/2025\/09\/c59f59e7-befb-4908-a9e0-c7c93a2a243e-1400x647.jpeg\" title=\"\">            <div class=\"box has-hover gallery-box box-none\">\n              <div class=\"box-image\" style=\"width:63%;\">\n                <img loading=\"lazy\" decoding=\"async\" width=\"280\" height=\"280\" src=\"https:\/\/www.montanheiros.com\/wp-content\/uploads\/2025\/09\/c59f59e7-befb-4908-a9e0-c7c93a2a243e-280x280.jpeg\" class=\"attachment-thumbnail size-thumbnail\" alt=\"\" ids=\"17695,17696,17697,17698,17699,17700,17701,17702,17703,17704,17705,17706,17707,17708,17709,17710,17711,17712,17713,17714,17715,17716,17717,17718,17719,17720,17721,17722,17723,17724,17725,17726,17727,17728\" style=\"none\" type=\"slider\" columns=\"1\" image_width=\"63\" image_size=\"thumbnail\" text_align=\"center\" srcset=\"https:\/\/www.montanheiros.com\/wp-content\/uploads\/2025\/09\/c59f59e7-befb-4908-a9e0-c7c93a2a243e-280x280.jpeg 280w, https:\/\/www.montanheiros.com\/wp-content\/uploads\/2025\/09\/c59f59e7-befb-4908-a9e0-c7c93a2a243e-300x300.jpeg 300w, https:\/\/www.montanheiros.com\/wp-content\/uploads\/2025\/09\/c59f59e7-befb-4908-a9e0-c7c93a2a243e-100x100.jpeg 100w\" sizes=\"auto, (max-width: 280px) 100vw, 280px\" \/>                                                              <\/div>\n              <div class=\"box-text text-center\" >\n                 <p><\/p>\n              <\/div>\n            <\/div>\n            <\/a>          <\/div>\n         <\/div><div class=\"gallery-col col\" >\n          <div class=\"col-inner\">\n            <a class=\"image-lightbox lightbox-gallery\" href=\"https:\/\/www.montanheiros.com\/wp-content\/uploads\/2025\/09\/ca077147-8b86-4b67-a285-8d633b445ef9-1400x647.jpeg\" title=\"\">            <div class=\"box has-hover gallery-box box-none\">\n              <div class=\"box-image\" style=\"width:63%;\">\n                <img loading=\"lazy\" decoding=\"async\" width=\"280\" height=\"280\" src=\"https:\/\/www.montanheiros.com\/wp-content\/uploads\/2025\/09\/ca077147-8b86-4b67-a285-8d633b445ef9-280x280.jpeg\" class=\"attachment-thumbnail size-thumbnail\" alt=\"\" ids=\"17695,17696,17697,17698,17699,17700,17701,17702,17703,17704,17705,17706,17707,17708,17709,17710,17711,17712,17713,17714,17715,17716,17717,17718,17719,17720,17721,17722,17723,17724,17725,17726,17727,17728\" style=\"none\" type=\"slider\" columns=\"1\" image_width=\"63\" image_size=\"thumbnail\" text_align=\"center\" srcset=\"https:\/\/www.montanheiros.com\/wp-content\/uploads\/2025\/09\/ca077147-8b86-4b67-a285-8d633b445ef9-280x280.jpeg 280w, https:\/\/www.montanheiros.com\/wp-content\/uploads\/2025\/09\/ca077147-8b86-4b67-a285-8d633b445ef9-300x300.jpeg 300w, https:\/\/www.montanheiros.com\/wp-content\/uploads\/2025\/09\/ca077147-8b86-4b67-a285-8d633b445ef9-100x100.jpeg 100w\" sizes=\"auto, (max-width: 280px) 100vw, 280px\" \/>                                                              <\/div>\n              <div class=\"box-text text-center\" >\n                 <p><\/p>\n              <\/div>\n            <\/div>\n            <\/a>          <\/div>\n         <\/div><div class=\"gallery-col col\" >\n          <div class=\"col-inner\">\n            <a class=\"image-lightbox lightbox-gallery\" href=\"https:\/\/www.montanheiros.com\/wp-content\/uploads\/2025\/09\/d8599e90-9047-4d0b-8fcf-244f9f2c4492-1400x647.jpeg\" title=\"\">            <div class=\"box has-hover gallery-box box-none\">\n              <div class=\"box-image\" style=\"width:63%;\">\n                <img loading=\"lazy\" decoding=\"async\" width=\"280\" height=\"280\" src=\"https:\/\/www.montanheiros.com\/wp-content\/uploads\/2025\/09\/d8599e90-9047-4d0b-8fcf-244f9f2c4492-280x280.jpeg\" class=\"attachment-thumbnail size-thumbnail\" alt=\"\" ids=\"17695,17696,17697,17698,17699,17700,17701,17702,17703,17704,17705,17706,17707,17708,17709,17710,17711,17712,17713,17714,17715,17716,17717,17718,17719,17720,17721,17722,17723,17724,17725,17726,17727,17728\" style=\"none\" type=\"slider\" columns=\"1\" image_width=\"63\" image_size=\"thumbnail\" text_align=\"center\" srcset=\"https:\/\/www.montanheiros.com\/wp-content\/uploads\/2025\/09\/d8599e90-9047-4d0b-8fcf-244f9f2c4492-280x280.jpeg 280w, https:\/\/www.montanheiros.com\/wp-content\/uploads\/2025\/09\/d8599e90-9047-4d0b-8fcf-244f9f2c4492-300x300.jpeg 300w, https:\/\/www.montanheiros.com\/wp-content\/uploads\/2025\/09\/d8599e90-9047-4d0b-8fcf-244f9f2c4492-100x100.jpeg 100w\" sizes=\"auto, (max-width: 280px) 100vw, 280px\" \/>                                                              <\/div>\n              <div class=\"box-text text-center\" >\n                 <p><\/p>\n              <\/div>\n            <\/div>\n            <\/a>          <\/div>\n         <\/div><div class=\"gallery-col col\" >\n          <div class=\"col-inner\">\n            <a class=\"image-lightbox lightbox-gallery\" href=\"https:\/\/www.montanheiros.com\/wp-content\/uploads\/2025\/09\/e3dee80a-aeac-4c11-b4f7-0fc820113543-600x800.jpeg\" title=\"\">            <div class=\"box has-hover gallery-box box-none\">\n              <div class=\"box-image\" style=\"width:63%;\">\n                <img loading=\"lazy\" decoding=\"async\" width=\"280\" height=\"280\" src=\"https:\/\/www.montanheiros.com\/wp-content\/uploads\/2025\/09\/e3dee80a-aeac-4c11-b4f7-0fc820113543-280x280.jpeg\" class=\"attachment-thumbnail size-thumbnail\" alt=\"\" ids=\"17695,17696,17697,17698,17699,17700,17701,17702,17703,17704,17705,17706,17707,17708,17709,17710,17711,17712,17713,17714,17715,17716,17717,17718,17719,17720,17721,17722,17723,17724,17725,17726,17727,17728\" style=\"none\" type=\"slider\" columns=\"1\" image_width=\"63\" image_size=\"thumbnail\" text_align=\"center\" srcset=\"https:\/\/www.montanheiros.com\/wp-content\/uploads\/2025\/09\/e3dee80a-aeac-4c11-b4f7-0fc820113543-280x280.jpeg 280w, https:\/\/www.montanheiros.com\/wp-content\/uploads\/2025\/09\/e3dee80a-aeac-4c11-b4f7-0fc820113543-300x300.jpeg 300w, https:\/\/www.montanheiros.com\/wp-content\/uploads\/2025\/09\/e3dee80a-aeac-4c11-b4f7-0fc820113543-100x100.jpeg 100w\" sizes=\"auto, (max-width: 280px) 100vw, 280px\" \/>                                                              <\/div>\n              <div class=\"box-text text-center\" >\n                 <p><\/p>\n              <\/div>\n            <\/div>\n            <\/a>          <\/div>\n         <\/div><div class=\"gallery-col col\" >\n          <div class=\"col-inner\">\n            <a class=\"image-lightbox lightbox-gallery\" href=\"https:\/\/www.montanheiros.com\/wp-content\/uploads\/2025\/09\/e67da4cd-d02e-435d-9f01-41976ca6bb17-1067x800.jpeg\" title=\"\">            <div class=\"box has-hover gallery-box box-none\">\n              <div class=\"box-image\" style=\"width:63%;\">\n                <img loading=\"lazy\" decoding=\"async\" width=\"280\" height=\"280\" src=\"https:\/\/www.montanheiros.com\/wp-content\/uploads\/2025\/09\/e67da4cd-d02e-435d-9f01-41976ca6bb17-280x280.jpeg\" class=\"attachment-thumbnail size-thumbnail\" alt=\"\" ids=\"17695,17696,17697,17698,17699,17700,17701,17702,17703,17704,17705,17706,17707,17708,17709,17710,17711,17712,17713,17714,17715,17716,17717,17718,17719,17720,17721,17722,17723,17724,17725,17726,17727,17728\" style=\"none\" type=\"slider\" columns=\"1\" image_width=\"63\" image_size=\"thumbnail\" text_align=\"center\" srcset=\"https:\/\/www.montanheiros.com\/wp-content\/uploads\/2025\/09\/e67da4cd-d02e-435d-9f01-41976ca6bb17-280x280.jpeg 280w, https:\/\/www.montanheiros.com\/wp-content\/uploads\/2025\/09\/e67da4cd-d02e-435d-9f01-41976ca6bb17-300x300.jpeg 300w, https:\/\/www.montanheiros.com\/wp-content\/uploads\/2025\/09\/e67da4cd-d02e-435d-9f01-41976ca6bb17-100x100.jpeg 100w\" sizes=\"auto, (max-width: 280px) 100vw, 280px\" \/>                                                              <\/div>\n              <div class=\"box-text text-center\" >\n                 <p><\/p>\n              <\/div>\n            <\/div>\n            <\/a>          <\/div>\n         <\/div><div class=\"gallery-col col\" >\n          <div class=\"col-inner\">\n            <a class=\"image-lightbox lightbox-gallery\" href=\"https:\/\/www.montanheiros.com\/wp-content\/uploads\/2025\/09\/e654100a-7b5c-49f3-9f62-7caf1e849301-1400x647.jpeg\" title=\"\">            <div class=\"box has-hover gallery-box box-none\">\n              <div class=\"box-image\" style=\"width:63%;\">\n                <img loading=\"lazy\" decoding=\"async\" width=\"280\" height=\"280\" src=\"https:\/\/www.montanheiros.com\/wp-content\/uploads\/2025\/09\/e654100a-7b5c-49f3-9f62-7caf1e849301-280x280.jpeg\" class=\"attachment-thumbnail size-thumbnail\" alt=\"\" ids=\"17695,17696,17697,17698,17699,17700,17701,17702,17703,17704,17705,17706,17707,17708,17709,17710,17711,17712,17713,17714,17715,17716,17717,17718,17719,17720,17721,17722,17723,17724,17725,17726,17727,17728\" style=\"none\" type=\"slider\" columns=\"1\" image_width=\"63\" image_size=\"thumbnail\" text_align=\"center\" srcset=\"https:\/\/www.montanheiros.com\/wp-content\/uploads\/2025\/09\/e654100a-7b5c-49f3-9f62-7caf1e849301-280x280.jpeg 280w, https:\/\/www.montanheiros.com\/wp-content\/uploads\/2025\/09\/e654100a-7b5c-49f3-9f62-7caf1e849301-300x300.jpeg 300w, https:\/\/www.montanheiros.com\/wp-content\/uploads\/2025\/09\/e654100a-7b5c-49f3-9f62-7caf1e849301-100x100.jpeg 100w\" sizes=\"auto, (max-width: 280px) 100vw, 280px\" \/>                                                              <\/div>\n              <div class=\"box-text text-center\" >\n                 <p><\/p>\n              <\/div>\n            <\/div>\n            <\/a>          <\/div>\n         <\/div><div class=\"gallery-col col\" >\n          <div class=\"col-inner\">\n            <a class=\"image-lightbox lightbox-gallery\" href=\"https:\/\/www.montanheiros.com\/wp-content\/uploads\/2025\/09\/ef09dd6a-6058-4bb1-a555-475336f10d5d-1400x647.jpeg\" title=\"\">            <div class=\"box has-hover gallery-box box-none\">\n              <div class=\"box-image\" style=\"width:63%;\">\n                <img loading=\"lazy\" decoding=\"async\" width=\"280\" height=\"280\" src=\"https:\/\/www.montanheiros.com\/wp-content\/uploads\/2025\/09\/ef09dd6a-6058-4bb1-a555-475336f10d5d-280x280.jpeg\" class=\"attachment-thumbnail size-thumbnail\" alt=\"\" ids=\"17695,17696,17697,17698,17699,17700,17701,17702,17703,17704,17705,17706,17707,17708,17709,17710,17711,17712,17713,17714,17715,17716,17717,17718,17719,17720,17721,17722,17723,17724,17725,17726,17727,17728\" style=\"none\" type=\"slider\" columns=\"1\" image_width=\"63\" image_size=\"thumbnail\" text_align=\"center\" srcset=\"https:\/\/www.montanheiros.com\/wp-content\/uploads\/2025\/09\/ef09dd6a-6058-4bb1-a555-475336f10d5d-280x280.jpeg 280w, https:\/\/www.montanheiros.com\/wp-content\/uploads\/2025\/09\/ef09dd6a-6058-4bb1-a555-475336f10d5d-300x300.jpeg 300w, https:\/\/www.montanheiros.com\/wp-content\/uploads\/2025\/09\/ef09dd6a-6058-4bb1-a555-475336f10d5d-100x100.jpeg 100w\" sizes=\"auto, (max-width: 280px) 100vw, 280px\" \/>                                                              <\/div>\n              <div class=\"box-text text-center\" >\n                 <p><\/p>\n              <\/div>\n            <\/div>\n            <\/a>          <\/div>\n         <\/div><div class=\"gallery-col col\" >\n          <div class=\"col-inner\">\n            <a class=\"image-lightbox lightbox-gallery\" href=\"https:\/\/www.montanheiros.com\/wp-content\/uploads\/2025\/09\/f36c14e7-feb5-4a10-95ff-4f2815a36454-1400x647.jpeg\" title=\"\">            <div class=\"box has-hover gallery-box box-none\">\n              <div class=\"box-image\" style=\"width:63%;\">\n                <img loading=\"lazy\" decoding=\"async\" width=\"280\" height=\"280\" src=\"https:\/\/www.montanheiros.com\/wp-content\/uploads\/2025\/09\/f36c14e7-feb5-4a10-95ff-4f2815a36454-280x280.jpeg\" class=\"attachment-thumbnail size-thumbnail\" alt=\"\" ids=\"17695,17696,17697,17698,17699,17700,17701,17702,17703,17704,17705,17706,17707,17708,17709,17710,17711,17712,17713,17714,17715,17716,17717,17718,17719,17720,17721,17722,17723,17724,17725,17726,17727,17728\" style=\"none\" type=\"slider\" columns=\"1\" image_width=\"63\" image_size=\"thumbnail\" text_align=\"center\" srcset=\"https:\/\/www.montanheiros.com\/wp-content\/uploads\/2025\/09\/f36c14e7-feb5-4a10-95ff-4f2815a36454-280x280.jpeg 280w, https:\/\/www.montanheiros.com\/wp-content\/uploads\/2025\/09\/f36c14e7-feb5-4a10-95ff-4f2815a36454-300x300.jpeg 300w, https:\/\/www.montanheiros.com\/wp-content\/uploads\/2025\/09\/f36c14e7-feb5-4a10-95ff-4f2815a36454-100x100.jpeg 100w\" sizes=\"auto, (max-width: 280px) 100vw, 280px\" \/>                                                              <\/div>\n              <div class=\"box-text text-center\" >\n                 <p><\/p>\n              <\/div>\n            <\/div>\n            <\/a>          <\/div>\n         <\/div><div class=\"gallery-col col\" >\n          <div class=\"col-inner\">\n            <a class=\"image-lightbox lightbox-gallery\" href=\"https:\/\/www.montanheiros.com\/wp-content\/uploads\/2025\/09\/fb2f5775-f04f-4c01-b32d-a3a325d7612b-1400x647.jpeg\" title=\"\">            <div class=\"box has-hover gallery-box box-none\">\n              <div class=\"box-image\" style=\"width:63%;\">\n                <img loading=\"lazy\" decoding=\"async\" width=\"280\" height=\"280\" src=\"https:\/\/www.montanheiros.com\/wp-content\/uploads\/2025\/09\/fb2f5775-f04f-4c01-b32d-a3a325d7612b-280x280.jpeg\" class=\"attachment-thumbnail size-thumbnail\" alt=\"\" ids=\"17695,17696,17697,17698,17699,17700,17701,17702,17703,17704,17705,17706,17707,17708,17709,17710,17711,17712,17713,17714,17715,17716,17717,17718,17719,17720,17721,17722,17723,17724,17725,17726,17727,17728\" style=\"none\" type=\"slider\" columns=\"1\" image_width=\"63\" image_size=\"thumbnail\" text_align=\"center\" srcset=\"https:\/\/www.montanheiros.com\/wp-content\/uploads\/2025\/09\/fb2f5775-f04f-4c01-b32d-a3a325d7612b-280x280.jpeg 280w, https:\/\/www.montanheiros.com\/wp-content\/uploads\/2025\/09\/fb2f5775-f04f-4c01-b32d-a3a325d7612b-300x300.jpeg 300w, https:\/\/www.montanheiros.com\/wp-content\/uploads\/2025\/09\/fb2f5775-f04f-4c01-b32d-a3a325d7612b-100x100.jpeg 100w\" sizes=\"auto, (max-width: 280px) 100vw, 280px\" \/>                                                              <\/div>\n              <div class=\"box-text text-center\" >\n                 <p><\/p>\n              <\/div>\n            <\/div>\n            <\/a>          <\/div>\n         <\/div><div class=\"gallery-col col\" >\n          <div class=\"col-inner\">\n            <a class=\"image-lightbox lightbox-gallery\" href=\"https:\/\/www.montanheiros.com\/wp-content\/uploads\/2025\/09\/ff172a88-b205-45b6-b0a0-d1d6cb1a5a55-1400x647.jpeg\" title=\"\">            <div class=\"box has-hover gallery-box box-none\">\n              <div class=\"box-image\" style=\"width:63%;\">\n                <img loading=\"lazy\" decoding=\"async\" width=\"280\" height=\"280\" src=\"https:\/\/www.montanheiros.com\/wp-content\/uploads\/2025\/09\/ff172a88-b205-45b6-b0a0-d1d6cb1a5a55-280x280.jpeg\" class=\"attachment-thumbnail size-thumbnail\" alt=\"\" ids=\"17695,17696,17697,17698,17699,17700,17701,17702,17703,17704,17705,17706,17707,17708,17709,17710,17711,17712,17713,17714,17715,17716,17717,17718,17719,17720,17721,17722,17723,17724,17725,17726,17727,17728\" style=\"none\" type=\"slider\" columns=\"1\" image_width=\"63\" image_size=\"thumbnail\" text_align=\"center\" srcset=\"https:\/\/www.montanheiros.com\/wp-content\/uploads\/2025\/09\/ff172a88-b205-45b6-b0a0-d1d6cb1a5a55-280x280.jpeg 280w, https:\/\/www.montanheiros.com\/wp-content\/uploads\/2025\/09\/ff172a88-b205-45b6-b0a0-d1d6cb1a5a55-300x300.jpeg 300w, https:\/\/www.montanheiros.com\/wp-content\/uploads\/2025\/09\/ff172a88-b205-45b6-b0a0-d1d6cb1a5a55-100x100.jpeg 100w\" sizes=\"auto, (max-width: 280px) 100vw, 280px\" \/>                                                              <\/div>\n              <div class=\"box-text text-center\" >\n                 <p><\/p>\n              <\/div>\n            <\/div>\n            <\/a>          <\/div>\n         <\/div><\/div>\n\n\n\t\t<\/div>\n\t\t\t\t\t<\/div>\n\n\t\n\n\t<div id=\"col-1897394629\" class=\"col medium-4 small-12 large-4\"  >\n\t\t\t\t<div class=\"col-inner\"  >\n\t\t\t\n\t\t\t\n\n<p>Passeio \u00e0 cria\u00e7\u00e3o Alta. 30mar2025 &#8211; ilha Terceira<\/p>\n\n  \n    <div class=\"row large-columns-1 medium-columns- small-columns- row-full-width slider row-slider slider-nav-reveal\"  data-flickity-options='{\"imagesLoaded\": true, \"groupCells\": \"100%\", \"dragThreshold\" : 5, \"cellAlign\": \"left\",\"wrapAround\": true,\"prevNextButtons\": true,\"percentPosition\": true,\"pageDots\": false, \"rightToLeft\": false, \"autoPlay\" : false}'>\n\n  <div class=\"gallery-col col\" >\n          <div class=\"col-inner\">\n            <a class=\"image-lightbox lightbox-gallery\" href=\"https:\/\/www.montanheiros.com\/wp-content\/uploads\/2025\/09\/0a28d57f-6196-4046-9982-060e1eb4442b-Copia-1400x647.jpeg\" title=\"\">            <div class=\"box has-hover gallery-box box-none\">\n              <div class=\"box-image\" style=\"width:63%;\">\n                <img loading=\"lazy\" decoding=\"async\" width=\"280\" height=\"280\" src=\"https:\/\/www.montanheiros.com\/wp-content\/uploads\/2025\/09\/0a28d57f-6196-4046-9982-060e1eb4442b-Copia-280x280.jpeg\" class=\"attachment-thumbnail size-thumbnail\" alt=\"\" ids=\"17682,17684,17685,17687,17688,17689,17690,17691,17692,17693,17694\" style=\"none\" type=\"slider\" columns=\"1\" image_width=\"63\" image_size=\"thumbnail\" text_align=\"center\" srcset=\"https:\/\/www.montanheiros.com\/wp-content\/uploads\/2025\/09\/0a28d57f-6196-4046-9982-060e1eb4442b-Copia-280x280.jpeg 280w, https:\/\/www.montanheiros.com\/wp-content\/uploads\/2025\/09\/0a28d57f-6196-4046-9982-060e1eb4442b-Copia-300x300.jpeg 300w, https:\/\/www.montanheiros.com\/wp-content\/uploads\/2025\/09\/0a28d57f-6196-4046-9982-060e1eb4442b-Copia-100x100.jpeg 100w\" sizes=\"auto, (max-width: 280px) 100vw, 280px\" \/>                                                              <\/div>\n              <div class=\"box-text text-center\" >\n                 <p><\/p>\n              <\/div>\n            <\/div>\n            <\/a>          <\/div>\n         <\/div><div class=\"gallery-col col\" >\n          <div class=\"col-inner\">\n            <a class=\"image-lightbox lightbox-gallery\" href=\"https:\/\/www.montanheiros.com\/wp-content\/uploads\/2025\/09\/1-1-1400x647.jpeg\" title=\"\">            <div class=\"box has-hover gallery-box box-none\">\n              <div class=\"box-image\" style=\"width:63%;\">\n                <img loading=\"lazy\" decoding=\"async\" width=\"280\" height=\"280\" src=\"https:\/\/www.montanheiros.com\/wp-content\/uploads\/2025\/09\/1-1-280x280.jpeg\" class=\"attachment-thumbnail size-thumbnail\" alt=\"\" ids=\"17682,17684,17685,17687,17688,17689,17690,17691,17692,17693,17694\" style=\"none\" type=\"slider\" columns=\"1\" image_width=\"63\" image_size=\"thumbnail\" text_align=\"center\" srcset=\"https:\/\/www.montanheiros.com\/wp-content\/uploads\/2025\/09\/1-1-280x280.jpeg 280w, https:\/\/www.montanheiros.com\/wp-content\/uploads\/2025\/09\/1-1-300x300.jpeg 300w, https:\/\/www.montanheiros.com\/wp-content\/uploads\/2025\/09\/1-1-100x100.jpeg 100w\" sizes=\"auto, (max-width: 280px) 100vw, 280px\" \/>                                                              <\/div>\n              <div class=\"box-text text-center\" >\n                 <p><\/p>\n              <\/div>\n            <\/div>\n            <\/a>          <\/div>\n         <\/div><div class=\"gallery-col col\" >\n          <div class=\"col-inner\">\n            <a class=\"image-lightbox lightbox-gallery\" href=\"https:\/\/www.montanheiros.com\/wp-content\/uploads\/2025\/09\/1ee44b67-ce49-4877-8fe5-1f9036a4a553-1-1400x647.jpeg\" title=\"\">            <div class=\"box has-hover gallery-box box-none\">\n              <div class=\"box-image\" style=\"width:63%;\">\n                <img loading=\"lazy\" decoding=\"async\" width=\"280\" height=\"280\" src=\"https:\/\/www.montanheiros.com\/wp-content\/uploads\/2025\/09\/1ee44b67-ce49-4877-8fe5-1f9036a4a553-1-280x280.jpeg\" class=\"attachment-thumbnail size-thumbnail\" alt=\"\" ids=\"17682,17684,17685,17687,17688,17689,17690,17691,17692,17693,17694\" style=\"none\" type=\"slider\" columns=\"1\" image_width=\"63\" image_size=\"thumbnail\" text_align=\"center\" srcset=\"https:\/\/www.montanheiros.com\/wp-content\/uploads\/2025\/09\/1ee44b67-ce49-4877-8fe5-1f9036a4a553-1-280x280.jpeg 280w, https:\/\/www.montanheiros.com\/wp-content\/uploads\/2025\/09\/1ee44b67-ce49-4877-8fe5-1f9036a4a553-1-300x300.jpeg 300w, https:\/\/www.montanheiros.com\/wp-content\/uploads\/2025\/09\/1ee44b67-ce49-4877-8fe5-1f9036a4a553-1-100x100.jpeg 100w\" sizes=\"auto, (max-width: 280px) 100vw, 280px\" \/>                                                              <\/div>\n              <div class=\"box-text text-center\" >\n                 <p><\/p>\n              <\/div>\n            <\/div>\n            <\/a>          <\/div>\n         <\/div><div class=\"gallery-col col\" >\n          <div class=\"col-inner\">\n            <a class=\"image-lightbox lightbox-gallery\" href=\"https:\/\/www.montanheiros.com\/wp-content\/uploads\/2025\/09\/2c05eb1c-5ad0-47de-842c-c1e70354b0ee-1-1400x647.jpeg\" title=\"\">            <div class=\"box has-hover gallery-box box-none\">\n              <div class=\"box-image\" style=\"width:63%;\">\n                <img loading=\"lazy\" decoding=\"async\" width=\"280\" height=\"280\" src=\"https:\/\/www.montanheiros.com\/wp-content\/uploads\/2025\/09\/2c05eb1c-5ad0-47de-842c-c1e70354b0ee-1-280x280.jpeg\" class=\"attachment-thumbnail size-thumbnail\" alt=\"\" ids=\"17682,17684,17685,17687,17688,17689,17690,17691,17692,17693,17694\" style=\"none\" type=\"slider\" columns=\"1\" image_width=\"63\" image_size=\"thumbnail\" text_align=\"center\" srcset=\"https:\/\/www.montanheiros.com\/wp-content\/uploads\/2025\/09\/2c05eb1c-5ad0-47de-842c-c1e70354b0ee-1-280x280.jpeg 280w, https:\/\/www.montanheiros.com\/wp-content\/uploads\/2025\/09\/2c05eb1c-5ad0-47de-842c-c1e70354b0ee-1-300x300.jpeg 300w, https:\/\/www.montanheiros.com\/wp-content\/uploads\/2025\/09\/2c05eb1c-5ad0-47de-842c-c1e70354b0ee-1-100x100.jpeg 100w\" sizes=\"auto, (max-width: 280px) 100vw, 280px\" \/>                                                              <\/div>\n              <div class=\"box-text text-center\" >\n                 <p><\/p>\n              <\/div>\n            <\/div>\n            <\/a>          <\/div>\n         <\/div><div class=\"gallery-col col\" >\n          <div class=\"col-inner\">\n            <a class=\"image-lightbox lightbox-gallery\" href=\"https:\/\/www.montanheiros.com\/wp-content\/uploads\/2025\/09\/6c8d8c65-43bf-4098-b122-407fa426e168-Copia-1400x647.jpeg\" title=\"\">            <div class=\"box has-hover gallery-box box-none\">\n              <div class=\"box-image\" style=\"width:63%;\">\n                <img loading=\"lazy\" decoding=\"async\" width=\"280\" height=\"280\" src=\"https:\/\/www.montanheiros.com\/wp-content\/uploads\/2025\/09\/6c8d8c65-43bf-4098-b122-407fa426e168-Copia-280x280.jpeg\" class=\"attachment-thumbnail size-thumbnail\" alt=\"\" ids=\"17682,17684,17685,17687,17688,17689,17690,17691,17692,17693,17694\" style=\"none\" type=\"slider\" columns=\"1\" image_width=\"63\" image_size=\"thumbnail\" text_align=\"center\" srcset=\"https:\/\/www.montanheiros.com\/wp-content\/uploads\/2025\/09\/6c8d8c65-43bf-4098-b122-407fa426e168-Copia-280x280.jpeg 280w, https:\/\/www.montanheiros.com\/wp-content\/uploads\/2025\/09\/6c8d8c65-43bf-4098-b122-407fa426e168-Copia-300x300.jpeg 300w, https:\/\/www.montanheiros.com\/wp-content\/uploads\/2025\/09\/6c8d8c65-43bf-4098-b122-407fa426e168-Copia-100x100.jpeg 100w\" sizes=\"auto, (max-width: 280px) 100vw, 280px\" \/>                                                              <\/div>\n              <div class=\"box-text text-center\" >\n                 <p><\/p>\n              <\/div>\n            <\/div>\n            <\/a>          <\/div>\n         <\/div><div class=\"gallery-col col\" >\n          <div class=\"col-inner\">\n            <a class=\"image-lightbox lightbox-gallery\" href=\"https:\/\/www.montanheiros.com\/wp-content\/uploads\/2025\/09\/15b92541-081b-43c6-b515-0cd37b4b3b87-1-1400x647.jpeg\" title=\"\">            <div class=\"box has-hover gallery-box box-none\">\n              <div class=\"box-image\" style=\"width:63%;\">\n                <img loading=\"lazy\" decoding=\"async\" width=\"280\" height=\"280\" src=\"https:\/\/www.montanheiros.com\/wp-content\/uploads\/2025\/09\/15b92541-081b-43c6-b515-0cd37b4b3b87-1-280x280.jpeg\" class=\"attachment-thumbnail size-thumbnail\" alt=\"\" ids=\"17682,17684,17685,17687,17688,17689,17690,17691,17692,17693,17694\" style=\"none\" type=\"slider\" columns=\"1\" image_width=\"63\" image_size=\"thumbnail\" text_align=\"center\" srcset=\"https:\/\/www.montanheiros.com\/wp-content\/uploads\/2025\/09\/15b92541-081b-43c6-b515-0cd37b4b3b87-1-280x280.jpeg 280w, https:\/\/www.montanheiros.com\/wp-content\/uploads\/2025\/09\/15b92541-081b-43c6-b515-0cd37b4b3b87-1-300x300.jpeg 300w, https:\/\/www.montanheiros.com\/wp-content\/uploads\/2025\/09\/15b92541-081b-43c6-b515-0cd37b4b3b87-1-100x100.jpeg 100w\" sizes=\"auto, (max-width: 280px) 100vw, 280px\" \/>                                                              <\/div>\n              <div class=\"box-text text-center\" >\n                 <p><\/p>\n              <\/div>\n            <\/div>\n            <\/a>          <\/div>\n         <\/div><div class=\"gallery-col col\" >\n          <div class=\"col-inner\">\n            <a class=\"image-lightbox lightbox-gallery\" href=\"https:\/\/www.montanheiros.com\/wp-content\/uploads\/2025\/09\/80b81074-7595-443c-8517-a0be47ab8619-1-1400x647.jpeg\" title=\"\">            <div class=\"box has-hover gallery-box box-none\">\n              <div class=\"box-image\" style=\"width:63%;\">\n                <img loading=\"lazy\" decoding=\"async\" width=\"280\" height=\"280\" src=\"https:\/\/www.montanheiros.com\/wp-content\/uploads\/2025\/09\/80b81074-7595-443c-8517-a0be47ab8619-1-280x280.jpeg\" class=\"attachment-thumbnail size-thumbnail\" alt=\"\" ids=\"17682,17684,17685,17687,17688,17689,17690,17691,17692,17693,17694\" style=\"none\" type=\"slider\" columns=\"1\" image_width=\"63\" image_size=\"thumbnail\" text_align=\"center\" srcset=\"https:\/\/www.montanheiros.com\/wp-content\/uploads\/2025\/09\/80b81074-7595-443c-8517-a0be47ab8619-1-280x280.jpeg 280w, https:\/\/www.montanheiros.com\/wp-content\/uploads\/2025\/09\/80b81074-7595-443c-8517-a0be47ab8619-1-300x300.jpeg 300w, https:\/\/www.montanheiros.com\/wp-content\/uploads\/2025\/09\/80b81074-7595-443c-8517-a0be47ab8619-1-100x100.jpeg 100w\" sizes=\"auto, (max-width: 280px) 100vw, 280px\" \/>                                                              <\/div>\n              <div class=\"box-text text-center\" >\n                 <p><\/p>\n              <\/div>\n            <\/div>\n            <\/a>          <\/div>\n         <\/div><div class=\"gallery-col col\" >\n          <div class=\"col-inner\">\n            <a class=\"image-lightbox lightbox-gallery\" href=\"https:\/\/www.montanheiros.com\/wp-content\/uploads\/2025\/09\/738e140c-3bf1-4846-a739-0b5a69c99546-1400x647.jpeg\" title=\"\">            <div class=\"box has-hover gallery-box box-none\">\n              <div class=\"box-image\" style=\"width:63%;\">\n                <img loading=\"lazy\" decoding=\"async\" width=\"280\" height=\"280\" src=\"https:\/\/www.montanheiros.com\/wp-content\/uploads\/2025\/09\/738e140c-3bf1-4846-a739-0b5a69c99546-280x280.jpeg\" class=\"attachment-thumbnail size-thumbnail\" alt=\"\" ids=\"17682,17684,17685,17687,17688,17689,17690,17691,17692,17693,17694\" style=\"none\" type=\"slider\" columns=\"1\" image_width=\"63\" image_size=\"thumbnail\" text_align=\"center\" srcset=\"https:\/\/www.montanheiros.com\/wp-content\/uploads\/2025\/09\/738e140c-3bf1-4846-a739-0b5a69c99546-280x280.jpeg 280w, https:\/\/www.montanheiros.com\/wp-content\/uploads\/2025\/09\/738e140c-3bf1-4846-a739-0b5a69c99546-300x300.jpeg 300w, https:\/\/www.montanheiros.com\/wp-content\/uploads\/2025\/09\/738e140c-3bf1-4846-a739-0b5a69c99546-100x100.jpeg 100w\" sizes=\"auto, (max-width: 280px) 100vw, 280px\" \/>                                                              <\/div>\n              <div class=\"box-text text-center\" >\n                 <p><\/p>\n              <\/div>\n            <\/div>\n            <\/a>          <\/div>\n         <\/div><div class=\"gallery-col col\" >\n          <div class=\"col-inner\">\n            <a class=\"image-lightbox lightbox-gallery\" href=\"https:\/\/www.montanheiros.com\/wp-content\/uploads\/2025\/09\/3184e252-bc60-440d-ba0e-ff1e65f032a1-1400x647.jpeg\" title=\"\">            <div class=\"box has-hover gallery-box box-none\">\n              <div class=\"box-image\" style=\"width:63%;\">\n                <img loading=\"lazy\" decoding=\"async\" width=\"280\" height=\"280\" src=\"https:\/\/www.montanheiros.com\/wp-content\/uploads\/2025\/09\/3184e252-bc60-440d-ba0e-ff1e65f032a1-280x280.jpeg\" class=\"attachment-thumbnail size-thumbnail\" alt=\"\" ids=\"17682,17684,17685,17687,17688,17689,17690,17691,17692,17693,17694\" style=\"none\" type=\"slider\" columns=\"1\" image_width=\"63\" image_size=\"thumbnail\" text_align=\"center\" srcset=\"https:\/\/www.montanheiros.com\/wp-content\/uploads\/2025\/09\/3184e252-bc60-440d-ba0e-ff1e65f032a1-280x280.jpeg 280w, https:\/\/www.montanheiros.com\/wp-content\/uploads\/2025\/09\/3184e252-bc60-440d-ba0e-ff1e65f032a1-300x300.jpeg 300w, https:\/\/www.montanheiros.com\/wp-content\/uploads\/2025\/09\/3184e252-bc60-440d-ba0e-ff1e65f032a1-100x100.jpeg 100w\" sizes=\"auto, (max-width: 280px) 100vw, 280px\" \/>                                                              <\/div>\n              <div class=\"box-text text-center\" >\n                 <p><\/p>\n              <\/div>\n            <\/div>\n            <\/a>          <\/div>\n         <\/div><div class=\"gallery-col col\" >\n          <div class=\"col-inner\">\n            <a class=\"image-lightbox lightbox-gallery\" href=\"https:\/\/www.montanheiros.com\/wp-content\/uploads\/2025\/09\/232660f6-d2db-4110-ba2e-fc2e00faead1-1400x647.jpeg\" title=\"\">            <div class=\"box has-hover gallery-box box-none\">\n              <div class=\"box-image\" style=\"width:63%;\">\n                <img loading=\"lazy\" decoding=\"async\" width=\"280\" height=\"280\" src=\"https:\/\/www.montanheiros.com\/wp-content\/uploads\/2025\/09\/232660f6-d2db-4110-ba2e-fc2e00faead1-280x280.jpeg\" class=\"attachment-thumbnail size-thumbnail\" alt=\"\" ids=\"17682,17684,17685,17687,17688,17689,17690,17691,17692,17693,17694\" style=\"none\" type=\"slider\" columns=\"1\" image_width=\"63\" image_size=\"thumbnail\" text_align=\"center\" srcset=\"https:\/\/www.montanheiros.com\/wp-content\/uploads\/2025\/09\/232660f6-d2db-4110-ba2e-fc2e00faead1-280x280.jpeg 280w, https:\/\/www.montanheiros.com\/wp-content\/uploads\/2025\/09\/232660f6-d2db-4110-ba2e-fc2e00faead1-300x300.jpeg 300w, https:\/\/www.montanheiros.com\/wp-content\/uploads\/2025\/09\/232660f6-d2db-4110-ba2e-fc2e00faead1-100x100.jpeg 100w\" sizes=\"auto, (max-width: 280px) 100vw, 280px\" \/>                                                              <\/div>\n              <div class=\"box-text text-center\" >\n                 <p><\/p>\n              <\/div>\n            <\/div>\n            <\/a>          <\/div>\n         <\/div><div class=\"gallery-col col\" >\n          <div class=\"col-inner\">\n            <a class=\"image-lightbox lightbox-gallery\" href=\"https:\/\/www.montanheiros.com\/wp-content\/uploads\/2025\/09\/320564cf-6e1e-4f89-a943-b6f3a7b56eea-1-1400x647.jpeg\" title=\"\">            <div class=\"box has-hover gallery-box box-none\">\n              <div class=\"box-image\" style=\"width:63%;\">\n                <img loading=\"lazy\" decoding=\"async\" width=\"280\" height=\"280\" src=\"https:\/\/www.montanheiros.com\/wp-content\/uploads\/2025\/09\/320564cf-6e1e-4f89-a943-b6f3a7b56eea-1-280x280.jpeg\" class=\"attachment-thumbnail size-thumbnail\" alt=\"\" ids=\"17682,17684,17685,17687,17688,17689,17690,17691,17692,17693,17694\" style=\"none\" type=\"slider\" columns=\"1\" image_width=\"63\" image_size=\"thumbnail\" text_align=\"center\" srcset=\"https:\/\/www.montanheiros.com\/wp-content\/uploads\/2025\/09\/320564cf-6e1e-4f89-a943-b6f3a7b56eea-1-280x280.jpeg 280w, https:\/\/www.montanheiros.com\/wp-content\/uploads\/2025\/09\/320564cf-6e1e-4f89-a943-b6f3a7b56eea-1-300x300.jpeg 300w, https:\/\/www.montanheiros.com\/wp-content\/uploads\/2025\/09\/320564cf-6e1e-4f89-a943-b6f3a7b56eea-1-100x100.jpeg 100w\" sizes=\"auto, (max-width: 280px) 100vw, 280px\" \/>                                                              <\/div>\n              <div class=\"box-text text-center\" >\n                 <p><\/p>\n              <\/div>\n            <\/div>\n            <\/a>          <\/div>\n         <\/div><\/div>\n\n\n\t\t<\/div>\n\t\t\t\t\t<\/div>\n\n\t\n\n<\/div>\n<div class=\"container section-title-container\" ><h4 class=\"section-title section-title-normal\"><b><\/b><span class=\"section-title-main\" >2024<\/span><b><\/b><\/h4><\/div>\n\n<div class=\"row\"  id=\"row-1246411440\">\n\n\n\t<div id=\"col-145141700\" class=\"col medium-4 small-12 large-4\"  >\n\t\t\t\t<div class=\"col-inner\"  >\n\t\t\t\n\t\t\t\n\n<p>Encerramento da temporada de caminhadas &#8220;Juntos \u00e0 descoberta&#8221;, 13out2024 &#8211; ilha Terceira<\/p>\n\n  \n    <div class=\"row large-columns-1 medium-columns- small-columns- row-full-width slider row-slider slider-nav-reveal\"  data-flickity-options='{\"imagesLoaded\": true, \"groupCells\": \"100%\", \"dragThreshold\" : 5, \"cellAlign\": \"left\",\"wrapAround\": true,\"prevNextButtons\": true,\"percentPosition\": true,\"pageDots\": false, \"rightToLeft\": false, \"autoPlay\" : false}'>\n\n  <div class=\"gallery-col col\" >\n          <div class=\"col-inner\">\n            <a class=\"image-lightbox lightbox-gallery\" href=\"https:\/\/www.montanheiros.com\/wp-content\/uploads\/2024\/10\/DSC_8691-1200x800.jpg\" title=\"\">            <div class=\"box has-hover gallery-box box-none\">\n              <div class=\"box-image\" style=\"width:63%;\">\n                <img loading=\"lazy\" decoding=\"async\" width=\"280\" height=\"280\" src=\"https:\/\/www.montanheiros.com\/wp-content\/uploads\/2024\/10\/DSC_8691-280x280.jpg\" class=\"attachment-thumbnail size-thumbnail\" alt=\"\" ids=\"17006,17007,17008,17009,17010,17011,17012,17013,17014,17015,17016,17017,17018,17019,17020,17021,17022,17023,17024,17025,17026,,16806,16807,16808,16809,16810,16811,16812\" style=\"none\" type=\"slider\" columns=\"1\" image_width=\"63\" image_size=\"thumbnail\" text_align=\"center\" srcset=\"https:\/\/www.montanheiros.com\/wp-content\/uploads\/2024\/10\/DSC_8691-280x280.jpg 280w, https:\/\/www.montanheiros.com\/wp-content\/uploads\/2024\/10\/DSC_8691-300x300.jpg 300w, https:\/\/www.montanheiros.com\/wp-content\/uploads\/2024\/10\/DSC_8691-100x100.jpg 100w\" sizes=\"auto, (max-width: 280px) 100vw, 280px\" \/>                                                              <\/div>\n              <div class=\"box-text text-center\" >\n                 <p><\/p>\n              <\/div>\n            <\/div>\n            <\/a>          <\/div>\n         <\/div><div class=\"gallery-col col\" >\n          <div class=\"col-inner\">\n            <a class=\"image-lightbox lightbox-gallery\" href=\"https:\/\/www.montanheiros.com\/wp-content\/uploads\/2024\/10\/DSC_8693-1200x800.jpg\" title=\"\">            <div class=\"box has-hover gallery-box box-none\">\n              <div class=\"box-image\" style=\"width:63%;\">\n                <img loading=\"lazy\" decoding=\"async\" width=\"280\" height=\"280\" src=\"https:\/\/www.montanheiros.com\/wp-content\/uploads\/2024\/10\/DSC_8693-280x280.jpg\" class=\"attachment-thumbnail size-thumbnail\" alt=\"\" ids=\"17006,17007,17008,17009,17010,17011,17012,17013,17014,17015,17016,17017,17018,17019,17020,17021,17022,17023,17024,17025,17026,,16806,16807,16808,16809,16810,16811,16812\" style=\"none\" type=\"slider\" columns=\"1\" image_width=\"63\" image_size=\"thumbnail\" text_align=\"center\" srcset=\"https:\/\/www.montanheiros.com\/wp-content\/uploads\/2024\/10\/DSC_8693-280x280.jpg 280w, https:\/\/www.montanheiros.com\/wp-content\/uploads\/2024\/10\/DSC_8693-300x300.jpg 300w, https:\/\/www.montanheiros.com\/wp-content\/uploads\/2024\/10\/DSC_8693-100x100.jpg 100w\" sizes=\"auto, (max-width: 280px) 100vw, 280px\" \/>                                                              <\/div>\n              <div class=\"box-text text-center\" >\n                 <p><\/p>\n              <\/div>\n            <\/div>\n            <\/a>          <\/div>\n         <\/div><div class=\"gallery-col col\" >\n          <div class=\"col-inner\">\n            <a class=\"image-lightbox lightbox-gallery\" href=\"https:\/\/www.montanheiros.com\/wp-content\/uploads\/2024\/10\/DSC_8705-1200x800.jpg\" title=\"\">            <div class=\"box has-hover gallery-box box-none\">\n              <div class=\"box-image\" style=\"width:63%;\">\n                <img loading=\"lazy\" decoding=\"async\" width=\"280\" height=\"280\" src=\"https:\/\/www.montanheiros.com\/wp-content\/uploads\/2024\/10\/DSC_8705-280x280.jpg\" class=\"attachment-thumbnail size-thumbnail\" alt=\"\" ids=\"17006,17007,17008,17009,17010,17011,17012,17013,17014,17015,17016,17017,17018,17019,17020,17021,17022,17023,17024,17025,17026,,16806,16807,16808,16809,16810,16811,16812\" style=\"none\" type=\"slider\" columns=\"1\" image_width=\"63\" image_size=\"thumbnail\" text_align=\"center\" srcset=\"https:\/\/www.montanheiros.com\/wp-content\/uploads\/2024\/10\/DSC_8705-280x280.jpg 280w, https:\/\/www.montanheiros.com\/wp-content\/uploads\/2024\/10\/DSC_8705-300x300.jpg 300w, https:\/\/www.montanheiros.com\/wp-content\/uploads\/2024\/10\/DSC_8705-100x100.jpg 100w\" sizes=\"auto, (max-width: 280px) 100vw, 280px\" \/>                                                              <\/div>\n              <div class=\"box-text text-center\" >\n                 <p><\/p>\n              <\/div>\n            <\/div>\n            <\/a>          <\/div>\n         <\/div><div class=\"gallery-col col\" >\n          <div class=\"col-inner\">\n            <a class=\"image-lightbox lightbox-gallery\" href=\"https:\/\/www.montanheiros.com\/wp-content\/uploads\/2024\/10\/DSC_8711-1200x800.jpg\" title=\"\">            <div class=\"box has-hover gallery-box box-none\">\n              <div class=\"box-image\" style=\"width:63%;\">\n                <img loading=\"lazy\" decoding=\"async\" width=\"280\" height=\"280\" src=\"https:\/\/www.montanheiros.com\/wp-content\/uploads\/2024\/10\/DSC_8711-280x280.jpg\" class=\"attachment-thumbnail size-thumbnail\" alt=\"\" ids=\"17006,17007,17008,17009,17010,17011,17012,17013,17014,17015,17016,17017,17018,17019,17020,17021,17022,17023,17024,17025,17026,,16806,16807,16808,16809,16810,16811,16812\" style=\"none\" type=\"slider\" columns=\"1\" image_width=\"63\" image_size=\"thumbnail\" text_align=\"center\" srcset=\"https:\/\/www.montanheiros.com\/wp-content\/uploads\/2024\/10\/DSC_8711-280x280.jpg 280w, https:\/\/www.montanheiros.com\/wp-content\/uploads\/2024\/10\/DSC_8711-300x300.jpg 300w, https:\/\/www.montanheiros.com\/wp-content\/uploads\/2024\/10\/DSC_8711-100x100.jpg 100w\" sizes=\"auto, (max-width: 280px) 100vw, 280px\" \/>                                                              <\/div>\n              <div class=\"box-text text-center\" >\n                 <p><\/p>\n              <\/div>\n            <\/div>\n            <\/a>          <\/div>\n         <\/div><div class=\"gallery-col col\" >\n          <div class=\"col-inner\">\n            <a class=\"image-lightbox lightbox-gallery\" href=\"https:\/\/www.montanheiros.com\/wp-content\/uploads\/2024\/10\/DSC_8716-1200x800.jpg\" title=\"\">            <div class=\"box has-hover gallery-box box-none\">\n              <div class=\"box-image\" style=\"width:63%;\">\n                <img loading=\"lazy\" decoding=\"async\" width=\"280\" height=\"280\" src=\"https:\/\/www.montanheiros.com\/wp-content\/uploads\/2024\/10\/DSC_8716-280x280.jpg\" class=\"attachment-thumbnail size-thumbnail\" alt=\"\" ids=\"17006,17007,17008,17009,17010,17011,17012,17013,17014,17015,17016,17017,17018,17019,17020,17021,17022,17023,17024,17025,17026,,16806,16807,16808,16809,16810,16811,16812\" style=\"none\" type=\"slider\" columns=\"1\" image_width=\"63\" image_size=\"thumbnail\" text_align=\"center\" srcset=\"https:\/\/www.montanheiros.com\/wp-content\/uploads\/2024\/10\/DSC_8716-280x280.jpg 280w, https:\/\/www.montanheiros.com\/wp-content\/uploads\/2024\/10\/DSC_8716-300x300.jpg 300w, https:\/\/www.montanheiros.com\/wp-content\/uploads\/2024\/10\/DSC_8716-100x100.jpg 100w\" sizes=\"auto, (max-width: 280px) 100vw, 280px\" \/>                                                              <\/div>\n              <div class=\"box-text text-center\" >\n                 <p><\/p>\n              <\/div>\n            <\/div>\n            <\/a>          <\/div>\n         <\/div><div class=\"gallery-col col\" >\n          <div class=\"col-inner\">\n            <a class=\"image-lightbox lightbox-gallery\" href=\"https:\/\/www.montanheiros.com\/wp-content\/uploads\/2024\/10\/DSC_8717-1200x800.jpg\" title=\"\">            <div class=\"box has-hover gallery-box box-none\">\n              <div class=\"box-image\" style=\"width:63%;\">\n                <img loading=\"lazy\" decoding=\"async\" width=\"280\" height=\"280\" src=\"https:\/\/www.montanheiros.com\/wp-content\/uploads\/2024\/10\/DSC_8717-280x280.jpg\" class=\"attachment-thumbnail size-thumbnail\" alt=\"\" ids=\"17006,17007,17008,17009,17010,17011,17012,17013,17014,17015,17016,17017,17018,17019,17020,17021,17022,17023,17024,17025,17026,,16806,16807,16808,16809,16810,16811,16812\" style=\"none\" type=\"slider\" columns=\"1\" image_width=\"63\" image_size=\"thumbnail\" text_align=\"center\" srcset=\"https:\/\/www.montanheiros.com\/wp-content\/uploads\/2024\/10\/DSC_8717-280x280.jpg 280w, https:\/\/www.montanheiros.com\/wp-content\/uploads\/2024\/10\/DSC_8717-300x300.jpg 300w, https:\/\/www.montanheiros.com\/wp-content\/uploads\/2024\/10\/DSC_8717-100x100.jpg 100w\" sizes=\"auto, (max-width: 280px) 100vw, 280px\" \/>                                                              <\/div>\n              <div class=\"box-text text-center\" >\n                 <p><\/p>\n              <\/div>\n            <\/div>\n            <\/a>          <\/div>\n         <\/div><div class=\"gallery-col col\" >\n          <div class=\"col-inner\">\n            <a class=\"image-lightbox lightbox-gallery\" href=\"https:\/\/www.montanheiros.com\/wp-content\/uploads\/2024\/10\/DSC_8718-1200x800.jpg\" title=\"\">            <div class=\"box has-hover gallery-box box-none\">\n              <div class=\"box-image\" style=\"width:63%;\">\n                <img loading=\"lazy\" decoding=\"async\" width=\"280\" height=\"280\" src=\"https:\/\/www.montanheiros.com\/wp-content\/uploads\/2024\/10\/DSC_8718-280x280.jpg\" class=\"attachment-thumbnail size-thumbnail\" alt=\"\" ids=\"17006,17007,17008,17009,17010,17011,17012,17013,17014,17015,17016,17017,17018,17019,17020,17021,17022,17023,17024,17025,17026,,16806,16807,16808,16809,16810,16811,16812\" style=\"none\" type=\"slider\" columns=\"1\" image_width=\"63\" image_size=\"thumbnail\" text_align=\"center\" srcset=\"https:\/\/www.montanheiros.com\/wp-content\/uploads\/2024\/10\/DSC_8718-280x280.jpg 280w, https:\/\/www.montanheiros.com\/wp-content\/uploads\/2024\/10\/DSC_8718-300x300.jpg 300w, https:\/\/www.montanheiros.com\/wp-content\/uploads\/2024\/10\/DSC_8718-100x100.jpg 100w\" sizes=\"auto, (max-width: 280px) 100vw, 280px\" \/>                                                              <\/div>\n              <div class=\"box-text text-center\" >\n                 <p><\/p>\n              <\/div>\n            <\/div>\n            <\/a>          <\/div>\n         <\/div><div class=\"gallery-col col\" >\n          <div class=\"col-inner\">\n            <a class=\"image-lightbox lightbox-gallery\" href=\"https:\/\/www.montanheiros.com\/wp-content\/uploads\/2024\/10\/DSC_8728-1200x800.jpg\" title=\"\">            <div class=\"box has-hover gallery-box box-none\">\n              <div class=\"box-image\" style=\"width:63%;\">\n                <img loading=\"lazy\" decoding=\"async\" width=\"280\" height=\"280\" src=\"https:\/\/www.montanheiros.com\/wp-content\/uploads\/2024\/10\/DSC_8728-280x280.jpg\" class=\"attachment-thumbnail size-thumbnail\" alt=\"\" ids=\"17006,17007,17008,17009,17010,17011,17012,17013,17014,17015,17016,17017,17018,17019,17020,17021,17022,17023,17024,17025,17026,,16806,16807,16808,16809,16810,16811,16812\" style=\"none\" type=\"slider\" columns=\"1\" image_width=\"63\" image_size=\"thumbnail\" text_align=\"center\" srcset=\"https:\/\/www.montanheiros.com\/wp-content\/uploads\/2024\/10\/DSC_8728-280x280.jpg 280w, https:\/\/www.montanheiros.com\/wp-content\/uploads\/2024\/10\/DSC_8728-300x300.jpg 300w, https:\/\/www.montanheiros.com\/wp-content\/uploads\/2024\/10\/DSC_8728-100x100.jpg 100w\" sizes=\"auto, (max-width: 280px) 100vw, 280px\" \/>                                                              <\/div>\n              <div class=\"box-text text-center\" >\n                 <p><\/p>\n              <\/div>\n            <\/div>\n            <\/a>          <\/div>\n         <\/div><div class=\"gallery-col col\" >\n          <div class=\"col-inner\">\n            <a class=\"image-lightbox lightbox-gallery\" href=\"https:\/\/www.montanheiros.com\/wp-content\/uploads\/2024\/10\/DSC_8731-1200x800.jpg\" title=\"\">            <div class=\"box has-hover gallery-box box-none\">\n              <div class=\"box-image\" style=\"width:63%;\">\n                <img loading=\"lazy\" decoding=\"async\" width=\"280\" height=\"280\" src=\"https:\/\/www.montanheiros.com\/wp-content\/uploads\/2024\/10\/DSC_8731-280x280.jpg\" class=\"attachment-thumbnail size-thumbnail\" alt=\"\" ids=\"17006,17007,17008,17009,17010,17011,17012,17013,17014,17015,17016,17017,17018,17019,17020,17021,17022,17023,17024,17025,17026,,16806,16807,16808,16809,16810,16811,16812\" style=\"none\" type=\"slider\" columns=\"1\" image_width=\"63\" image_size=\"thumbnail\" text_align=\"center\" srcset=\"https:\/\/www.montanheiros.com\/wp-content\/uploads\/2024\/10\/DSC_8731-280x280.jpg 280w, https:\/\/www.montanheiros.com\/wp-content\/uploads\/2024\/10\/DSC_8731-300x300.jpg 300w, https:\/\/www.montanheiros.com\/wp-content\/uploads\/2024\/10\/DSC_8731-100x100.jpg 100w\" sizes=\"auto, (max-width: 280px) 100vw, 280px\" \/>                                                              <\/div>\n              <div class=\"box-text text-center\" >\n                 <p><\/p>\n              <\/div>\n            <\/div>\n            <\/a>          <\/div>\n         <\/div><div class=\"gallery-col col\" >\n          <div class=\"col-inner\">\n            <a class=\"image-lightbox lightbox-gallery\" href=\"https:\/\/www.montanheiros.com\/wp-content\/uploads\/2024\/10\/DSC_8735-1200x800.jpg\" title=\"\">            <div class=\"box has-hover gallery-box box-none\">\n              <div class=\"box-image\" style=\"width:63%;\">\n                <img loading=\"lazy\" decoding=\"async\" width=\"280\" height=\"280\" src=\"https:\/\/www.montanheiros.com\/wp-content\/uploads\/2024\/10\/DSC_8735-280x280.jpg\" class=\"attachment-thumbnail size-thumbnail\" alt=\"\" ids=\"17006,17007,17008,17009,17010,17011,17012,17013,17014,17015,17016,17017,17018,17019,17020,17021,17022,17023,17024,17025,17026,,16806,16807,16808,16809,16810,16811,16812\" style=\"none\" type=\"slider\" columns=\"1\" image_width=\"63\" image_size=\"thumbnail\" text_align=\"center\" srcset=\"https:\/\/www.montanheiros.com\/wp-content\/uploads\/2024\/10\/DSC_8735-280x280.jpg 280w, https:\/\/www.montanheiros.com\/wp-content\/uploads\/2024\/10\/DSC_8735-300x300.jpg 300w, https:\/\/www.montanheiros.com\/wp-content\/uploads\/2024\/10\/DSC_8735-100x100.jpg 100w\" sizes=\"auto, (max-width: 280px) 100vw, 280px\" \/>                                                              <\/div>\n              <div class=\"box-text text-center\" >\n                 <p><\/p>\n              <\/div>\n            <\/div>\n            <\/a>          <\/div>\n         <\/div><div class=\"gallery-col col\" >\n          <div class=\"col-inner\">\n            <a class=\"image-lightbox lightbox-gallery\" href=\"https:\/\/www.montanheiros.com\/wp-content\/uploads\/2024\/10\/DSC_8736-1200x800.jpg\" title=\"\">            <div class=\"box has-hover gallery-box box-none\">\n              <div class=\"box-image\" style=\"width:63%;\">\n                <img loading=\"lazy\" decoding=\"async\" width=\"280\" height=\"280\" src=\"https:\/\/www.montanheiros.com\/wp-content\/uploads\/2024\/10\/DSC_8736-280x280.jpg\" class=\"attachment-thumbnail size-thumbnail\" alt=\"\" ids=\"17006,17007,17008,17009,17010,17011,17012,17013,17014,17015,17016,17017,17018,17019,17020,17021,17022,17023,17024,17025,17026,,16806,16807,16808,16809,16810,16811,16812\" style=\"none\" type=\"slider\" columns=\"1\" image_width=\"63\" image_size=\"thumbnail\" text_align=\"center\" srcset=\"https:\/\/www.montanheiros.com\/wp-content\/uploads\/2024\/10\/DSC_8736-280x280.jpg 280w, https:\/\/www.montanheiros.com\/wp-content\/uploads\/2024\/10\/DSC_8736-300x300.jpg 300w, https:\/\/www.montanheiros.com\/wp-content\/uploads\/2024\/10\/DSC_8736-100x100.jpg 100w\" sizes=\"auto, (max-width: 280px) 100vw, 280px\" \/>                                                              <\/div>\n              <div class=\"box-text text-center\" >\n                 <p><\/p>\n              <\/div>\n            <\/div>\n            <\/a>          <\/div>\n         <\/div><div class=\"gallery-col col\" >\n          <div class=\"col-inner\">\n            <a class=\"image-lightbox lightbox-gallery\" href=\"https:\/\/www.montanheiros.com\/wp-content\/uploads\/2024\/10\/DSC_8739-1200x800.jpg\" title=\"\">            <div class=\"box has-hover gallery-box box-none\">\n              <div class=\"box-image\" style=\"width:63%;\">\n                <img loading=\"lazy\" decoding=\"async\" width=\"280\" height=\"280\" src=\"https:\/\/www.montanheiros.com\/wp-content\/uploads\/2024\/10\/DSC_8739-280x280.jpg\" class=\"attachment-thumbnail size-thumbnail\" alt=\"\" ids=\"17006,17007,17008,17009,17010,17011,17012,17013,17014,17015,17016,17017,17018,17019,17020,17021,17022,17023,17024,17025,17026,,16806,16807,16808,16809,16810,16811,16812\" style=\"none\" type=\"slider\" columns=\"1\" image_width=\"63\" image_size=\"thumbnail\" text_align=\"center\" srcset=\"https:\/\/www.montanheiros.com\/wp-content\/uploads\/2024\/10\/DSC_8739-280x280.jpg 280w, https:\/\/www.montanheiros.com\/wp-content\/uploads\/2024\/10\/DSC_8739-300x300.jpg 300w, https:\/\/www.montanheiros.com\/wp-content\/uploads\/2024\/10\/DSC_8739-100x100.jpg 100w\" sizes=\"auto, (max-width: 280px) 100vw, 280px\" \/>                                                              <\/div>\n              <div class=\"box-text text-center\" >\n                 <p><\/p>\n              <\/div>\n            <\/div>\n            <\/a>          <\/div>\n         <\/div><div class=\"gallery-col col\" >\n          <div class=\"col-inner\">\n            <a class=\"image-lightbox lightbox-gallery\" href=\"https:\/\/www.montanheiros.com\/wp-content\/uploads\/2024\/10\/DSC_8746-1200x800.jpg\" title=\"\">            <div class=\"box has-hover gallery-box box-none\">\n              <div class=\"box-image\" style=\"width:63%;\">\n                <img loading=\"lazy\" decoding=\"async\" width=\"280\" height=\"280\" src=\"https:\/\/www.montanheiros.com\/wp-content\/uploads\/2024\/10\/DSC_8746-280x280.jpg\" class=\"attachment-thumbnail size-thumbnail\" alt=\"\" ids=\"17006,17007,17008,17009,17010,17011,17012,17013,17014,17015,17016,17017,17018,17019,17020,17021,17022,17023,17024,17025,17026,,16806,16807,16808,16809,16810,16811,16812\" style=\"none\" type=\"slider\" columns=\"1\" image_width=\"63\" image_size=\"thumbnail\" text_align=\"center\" srcset=\"https:\/\/www.montanheiros.com\/wp-content\/uploads\/2024\/10\/DSC_8746-280x280.jpg 280w, https:\/\/www.montanheiros.com\/wp-content\/uploads\/2024\/10\/DSC_8746-300x300.jpg 300w, https:\/\/www.montanheiros.com\/wp-content\/uploads\/2024\/10\/DSC_8746-100x100.jpg 100w\" sizes=\"auto, (max-width: 280px) 100vw, 280px\" \/>                                                              <\/div>\n              <div class=\"box-text text-center\" >\n                 <p><\/p>\n              <\/div>\n            <\/div>\n            <\/a>          <\/div>\n         <\/div><div class=\"gallery-col col\" >\n          <div class=\"col-inner\">\n            <a class=\"image-lightbox lightbox-gallery\" href=\"https:\/\/www.montanheiros.com\/wp-content\/uploads\/2024\/10\/DSC_8750-1200x800.jpg\" title=\"\">            <div class=\"box has-hover gallery-box box-none\">\n              <div class=\"box-image\" style=\"width:63%;\">\n                <img loading=\"lazy\" decoding=\"async\" width=\"280\" height=\"280\" src=\"https:\/\/www.montanheiros.com\/wp-content\/uploads\/2024\/10\/DSC_8750-280x280.jpg\" class=\"attachment-thumbnail size-thumbnail\" alt=\"\" ids=\"17006,17007,17008,17009,17010,17011,17012,17013,17014,17015,17016,17017,17018,17019,17020,17021,17022,17023,17024,17025,17026,,16806,16807,16808,16809,16810,16811,16812\" style=\"none\" type=\"slider\" columns=\"1\" image_width=\"63\" image_size=\"thumbnail\" text_align=\"center\" srcset=\"https:\/\/www.montanheiros.com\/wp-content\/uploads\/2024\/10\/DSC_8750-280x280.jpg 280w, https:\/\/www.montanheiros.com\/wp-content\/uploads\/2024\/10\/DSC_8750-300x300.jpg 300w, https:\/\/www.montanheiros.com\/wp-content\/uploads\/2024\/10\/DSC_8750-100x100.jpg 100w\" sizes=\"auto, (max-width: 280px) 100vw, 280px\" \/>                                                              <\/div>\n              <div class=\"box-text text-center\" >\n                 <p><\/p>\n              <\/div>\n            <\/div>\n            <\/a>          <\/div>\n         <\/div><div class=\"gallery-col col\" >\n          <div class=\"col-inner\">\n            <a class=\"image-lightbox lightbox-gallery\" href=\"https:\/\/www.montanheiros.com\/wp-content\/uploads\/2024\/10\/DSC_8755-1200x800.jpg\" title=\"\">            <div class=\"box has-hover gallery-box box-none\">\n              <div class=\"box-image\" style=\"width:63%;\">\n                <img loading=\"lazy\" decoding=\"async\" width=\"280\" height=\"280\" src=\"https:\/\/www.montanheiros.com\/wp-content\/uploads\/2024\/10\/DSC_8755-280x280.jpg\" class=\"attachment-thumbnail size-thumbnail\" alt=\"\" ids=\"17006,17007,17008,17009,17010,17011,17012,17013,17014,17015,17016,17017,17018,17019,17020,17021,17022,17023,17024,17025,17026,,16806,16807,16808,16809,16810,16811,16812\" style=\"none\" type=\"slider\" columns=\"1\" image_width=\"63\" image_size=\"thumbnail\" text_align=\"center\" srcset=\"https:\/\/www.montanheiros.com\/wp-content\/uploads\/2024\/10\/DSC_8755-280x280.jpg 280w, https:\/\/www.montanheiros.com\/wp-content\/uploads\/2024\/10\/DSC_8755-300x300.jpg 300w, https:\/\/www.montanheiros.com\/wp-content\/uploads\/2024\/10\/DSC_8755-100x100.jpg 100w\" sizes=\"auto, (max-width: 280px) 100vw, 280px\" \/>                                                              <\/div>\n              <div class=\"box-text text-center\" >\n                 <p><\/p>\n              <\/div>\n            <\/div>\n            <\/a>          <\/div>\n         <\/div><div class=\"gallery-col col\" >\n          <div class=\"col-inner\">\n            <a class=\"image-lightbox lightbox-gallery\" href=\"https:\/\/www.montanheiros.com\/wp-content\/uploads\/2024\/10\/DSC_8756-1200x800.jpg\" title=\"\">            <div class=\"box has-hover gallery-box box-none\">\n              <div class=\"box-image\" style=\"width:63%;\">\n                <img loading=\"lazy\" decoding=\"async\" width=\"280\" height=\"280\" src=\"https:\/\/www.montanheiros.com\/wp-content\/uploads\/2024\/10\/DSC_8756-280x280.jpg\" class=\"attachment-thumbnail size-thumbnail\" alt=\"\" ids=\"17006,17007,17008,17009,17010,17011,17012,17013,17014,17015,17016,17017,17018,17019,17020,17021,17022,17023,17024,17025,17026,,16806,16807,16808,16809,16810,16811,16812\" style=\"none\" type=\"slider\" columns=\"1\" image_width=\"63\" image_size=\"thumbnail\" text_align=\"center\" srcset=\"https:\/\/www.montanheiros.com\/wp-content\/uploads\/2024\/10\/DSC_8756-280x280.jpg 280w, https:\/\/www.montanheiros.com\/wp-content\/uploads\/2024\/10\/DSC_8756-300x300.jpg 300w, https:\/\/www.montanheiros.com\/wp-content\/uploads\/2024\/10\/DSC_8756-100x100.jpg 100w\" sizes=\"auto, (max-width: 280px) 100vw, 280px\" \/>                                                              <\/div>\n              <div class=\"box-text text-center\" >\n                 <p><\/p>\n              <\/div>\n            <\/div>\n            <\/a>          <\/div>\n         <\/div><div class=\"gallery-col col\" >\n          <div class=\"col-inner\">\n            <a class=\"image-lightbox lightbox-gallery\" href=\"https:\/\/www.montanheiros.com\/wp-content\/uploads\/2024\/10\/DSC_8763-1200x800.jpg\" title=\"\">            <div class=\"box has-hover gallery-box box-none\">\n              <div class=\"box-image\" style=\"width:63%;\">\n                <img loading=\"lazy\" decoding=\"async\" width=\"280\" height=\"280\" src=\"https:\/\/www.montanheiros.com\/wp-content\/uploads\/2024\/10\/DSC_8763-280x280.jpg\" class=\"attachment-thumbnail size-thumbnail\" alt=\"\" ids=\"17006,17007,17008,17009,17010,17011,17012,17013,17014,17015,17016,17017,17018,17019,17020,17021,17022,17023,17024,17025,17026,,16806,16807,16808,16809,16810,16811,16812\" style=\"none\" type=\"slider\" columns=\"1\" image_width=\"63\" image_size=\"thumbnail\" text_align=\"center\" srcset=\"https:\/\/www.montanheiros.com\/wp-content\/uploads\/2024\/10\/DSC_8763-280x280.jpg 280w, https:\/\/www.montanheiros.com\/wp-content\/uploads\/2024\/10\/DSC_8763-300x300.jpg 300w, https:\/\/www.montanheiros.com\/wp-content\/uploads\/2024\/10\/DSC_8763-100x100.jpg 100w\" sizes=\"auto, (max-width: 280px) 100vw, 280px\" \/>                                                              <\/div>\n              <div class=\"box-text text-center\" >\n                 <p><\/p>\n              <\/div>\n            <\/div>\n            <\/a>          <\/div>\n         <\/div><div class=\"gallery-col col\" >\n          <div class=\"col-inner\">\n            <a class=\"image-lightbox lightbox-gallery\" href=\"https:\/\/www.montanheiros.com\/wp-content\/uploads\/2024\/10\/DSC_8773-1200x800.jpg\" title=\"\">            <div class=\"box has-hover gallery-box box-none\">\n              <div class=\"box-image\" style=\"width:63%;\">\n                <img loading=\"lazy\" decoding=\"async\" width=\"280\" height=\"280\" src=\"https:\/\/www.montanheiros.com\/wp-content\/uploads\/2024\/10\/DSC_8773-280x280.jpg\" class=\"attachment-thumbnail size-thumbnail\" alt=\"\" ids=\"17006,17007,17008,17009,17010,17011,17012,17013,17014,17015,17016,17017,17018,17019,17020,17021,17022,17023,17024,17025,17026,,16806,16807,16808,16809,16810,16811,16812\" style=\"none\" type=\"slider\" columns=\"1\" image_width=\"63\" image_size=\"thumbnail\" text_align=\"center\" srcset=\"https:\/\/www.montanheiros.com\/wp-content\/uploads\/2024\/10\/DSC_8773-280x280.jpg 280w, https:\/\/www.montanheiros.com\/wp-content\/uploads\/2024\/10\/DSC_8773-300x300.jpg 300w, https:\/\/www.montanheiros.com\/wp-content\/uploads\/2024\/10\/DSC_8773-100x100.jpg 100w\" sizes=\"auto, (max-width: 280px) 100vw, 280px\" \/>                                                              <\/div>\n              <div class=\"box-text text-center\" >\n                 <p><\/p>\n              <\/div>\n            <\/div>\n            <\/a>          <\/div>\n         <\/div><div class=\"gallery-col col\" >\n          <div class=\"col-inner\">\n            <a class=\"image-lightbox lightbox-gallery\" href=\"https:\/\/www.montanheiros.com\/wp-content\/uploads\/2024\/10\/DSC_8777-1200x800.jpg\" title=\"\">            <div class=\"box has-hover gallery-box box-none\">\n              <div class=\"box-image\" style=\"width:63%;\">\n                <img loading=\"lazy\" decoding=\"async\" width=\"280\" height=\"280\" src=\"https:\/\/www.montanheiros.com\/wp-content\/uploads\/2024\/10\/DSC_8777-280x280.jpg\" class=\"attachment-thumbnail size-thumbnail\" alt=\"\" ids=\"17006,17007,17008,17009,17010,17011,17012,17013,17014,17015,17016,17017,17018,17019,17020,17021,17022,17023,17024,17025,17026,,16806,16807,16808,16809,16810,16811,16812\" style=\"none\" type=\"slider\" columns=\"1\" image_width=\"63\" image_size=\"thumbnail\" text_align=\"center\" srcset=\"https:\/\/www.montanheiros.com\/wp-content\/uploads\/2024\/10\/DSC_8777-280x280.jpg 280w, https:\/\/www.montanheiros.com\/wp-content\/uploads\/2024\/10\/DSC_8777-300x300.jpg 300w, https:\/\/www.montanheiros.com\/wp-content\/uploads\/2024\/10\/DSC_8777-100x100.jpg 100w\" sizes=\"auto, (max-width: 280px) 100vw, 280px\" \/>                                                              <\/div>\n              <div class=\"box-text text-center\" >\n                 <p><\/p>\n              <\/div>\n            <\/div>\n            <\/a>          <\/div>\n         <\/div><div class=\"gallery-col col\" >\n          <div class=\"col-inner\">\n            <a class=\"image-lightbox lightbox-gallery\" href=\"https:\/\/www.montanheiros.com\/wp-content\/uploads\/2024\/10\/DSC_8783-533x800.jpg\" title=\"\">            <div class=\"box has-hover gallery-box box-none\">\n              <div class=\"box-image\" style=\"width:63%;\">\n                <img loading=\"lazy\" decoding=\"async\" width=\"280\" height=\"280\" src=\"https:\/\/www.montanheiros.com\/wp-content\/uploads\/2024\/10\/DSC_8783-280x280.jpg\" class=\"attachment-thumbnail size-thumbnail\" alt=\"\" ids=\"17006,17007,17008,17009,17010,17011,17012,17013,17014,17015,17016,17017,17018,17019,17020,17021,17022,17023,17024,17025,17026,,16806,16807,16808,16809,16810,16811,16812\" style=\"none\" type=\"slider\" columns=\"1\" image_width=\"63\" image_size=\"thumbnail\" text_align=\"center\" srcset=\"https:\/\/www.montanheiros.com\/wp-content\/uploads\/2024\/10\/DSC_8783-280x280.jpg 280w, https:\/\/www.montanheiros.com\/wp-content\/uploads\/2024\/10\/DSC_8783-300x300.jpg 300w, https:\/\/www.montanheiros.com\/wp-content\/uploads\/2024\/10\/DSC_8783-100x100.jpg 100w\" sizes=\"auto, (max-width: 280px) 100vw, 280px\" \/>                                                              <\/div>\n              <div class=\"box-text text-center\" >\n                 <p><\/p>\n              <\/div>\n            <\/div>\n            <\/a>          <\/div>\n         <\/div><div class=\"gallery-col col\" >\n          <div class=\"col-inner\">\n            <a class=\"image-lightbox lightbox-gallery\" href=\"https:\/\/www.montanheiros.com\/wp-content\/uploads\/2024\/10\/DSC_8786-1200x800.jpg\" title=\"\">            <div class=\"box has-hover gallery-box box-none\">\n              <div class=\"box-image\" style=\"width:63%;\">\n                <img loading=\"lazy\" decoding=\"async\" width=\"280\" height=\"280\" src=\"https:\/\/www.montanheiros.com\/wp-content\/uploads\/2024\/10\/DSC_8786-280x280.jpg\" class=\"attachment-thumbnail size-thumbnail\" alt=\"\" ids=\"17006,17007,17008,17009,17010,17011,17012,17013,17014,17015,17016,17017,17018,17019,17020,17021,17022,17023,17024,17025,17026,,16806,16807,16808,16809,16810,16811,16812\" style=\"none\" type=\"slider\" columns=\"1\" image_width=\"63\" image_size=\"thumbnail\" text_align=\"center\" srcset=\"https:\/\/www.montanheiros.com\/wp-content\/uploads\/2024\/10\/DSC_8786-280x280.jpg 280w, https:\/\/www.montanheiros.com\/wp-content\/uploads\/2024\/10\/DSC_8786-300x300.jpg 300w, https:\/\/www.montanheiros.com\/wp-content\/uploads\/2024\/10\/DSC_8786-100x100.jpg 100w\" sizes=\"auto, (max-width: 280px) 100vw, 280px\" \/>                                                              <\/div>\n              <div class=\"box-text text-center\" >\n                 <p><\/p>\n              <\/div>\n            <\/div>\n            <\/a>          <\/div>\n         <\/div><div class=\"gallery-col col\" >\n          <div class=\"col-inner\">\n            <a class=\"image-lightbox lightbox-gallery\" href=\"https:\/\/www.montanheiros.com\/wp-content\/uploads\/2024\/06\/aed6b85e-4175-4c49-9384-396f2871bf16-1067x800.jpg\" title=\"\">            <div class=\"box has-hover gallery-box box-none\">\n              <div class=\"box-image\" style=\"width:63%;\">\n                <img loading=\"lazy\" decoding=\"async\" width=\"280\" height=\"280\" src=\"https:\/\/www.montanheiros.com\/wp-content\/uploads\/2024\/06\/aed6b85e-4175-4c49-9384-396f2871bf16-280x280.jpg\" class=\"attachment-thumbnail size-thumbnail\" alt=\"\" ids=\"17006,17007,17008,17009,17010,17011,17012,17013,17014,17015,17016,17017,17018,17019,17020,17021,17022,17023,17024,17025,17026,,16806,16807,16808,16809,16810,16811,16812\" style=\"none\" type=\"slider\" columns=\"1\" image_width=\"63\" image_size=\"thumbnail\" text_align=\"center\" srcset=\"https:\/\/www.montanheiros.com\/wp-content\/uploads\/2024\/06\/aed6b85e-4175-4c49-9384-396f2871bf16-280x280.jpg 280w, https:\/\/www.montanheiros.com\/wp-content\/uploads\/2024\/06\/aed6b85e-4175-4c49-9384-396f2871bf16-300x300.jpg 300w, https:\/\/www.montanheiros.com\/wp-content\/uploads\/2024\/06\/aed6b85e-4175-4c49-9384-396f2871bf16-100x100.jpg 100w\" sizes=\"auto, (max-width: 280px) 100vw, 280px\" \/>                                                              <\/div>\n              <div class=\"box-text text-center\" >\n                 <p><\/p>\n              <\/div>\n            <\/div>\n            <\/a>          <\/div>\n         <\/div><div class=\"gallery-col col\" >\n          <div class=\"col-inner\">\n            <a class=\"image-lightbox lightbox-gallery\" href=\"https:\/\/www.montanheiros.com\/wp-content\/uploads\/2024\/06\/54962f8f-2a5f-4dba-ba1c-7f17a3248229-1067x800.jpg\" title=\"\">            <div class=\"box has-hover gallery-box box-none\">\n              <div class=\"box-image\" style=\"width:63%;\">\n                <img loading=\"lazy\" decoding=\"async\" width=\"280\" height=\"280\" src=\"https:\/\/www.montanheiros.com\/wp-content\/uploads\/2024\/06\/54962f8f-2a5f-4dba-ba1c-7f17a3248229-280x280.jpg\" class=\"attachment-thumbnail size-thumbnail\" alt=\"\" ids=\"17006,17007,17008,17009,17010,17011,17012,17013,17014,17015,17016,17017,17018,17019,17020,17021,17022,17023,17024,17025,17026,,16806,16807,16808,16809,16810,16811,16812\" style=\"none\" type=\"slider\" columns=\"1\" image_width=\"63\" image_size=\"thumbnail\" text_align=\"center\" srcset=\"https:\/\/www.montanheiros.com\/wp-content\/uploads\/2024\/06\/54962f8f-2a5f-4dba-ba1c-7f17a3248229-280x280.jpg 280w, https:\/\/www.montanheiros.com\/wp-content\/uploads\/2024\/06\/54962f8f-2a5f-4dba-ba1c-7f17a3248229-300x300.jpg 300w, https:\/\/www.montanheiros.com\/wp-content\/uploads\/2024\/06\/54962f8f-2a5f-4dba-ba1c-7f17a3248229-100x100.jpg 100w\" sizes=\"auto, (max-width: 280px) 100vw, 280px\" \/>                                                              <\/div>\n              <div class=\"box-text text-center\" >\n                 <p><\/p>\n              <\/div>\n            <\/div>\n            <\/a>          <\/div>\n         <\/div><div class=\"gallery-col col\" >\n          <div class=\"col-inner\">\n            <a class=\"image-lightbox lightbox-gallery\" href=\"https:\/\/www.montanheiros.com\/wp-content\/uploads\/2024\/06\/686ae3c5-220f-4e8e-98e0-26cd3b79fb11-1067x800.jpg\" title=\"\">            <div class=\"box has-hover gallery-box box-none\">\n              <div class=\"box-image\" style=\"width:63%;\">\n                <img loading=\"lazy\" decoding=\"async\" width=\"280\" height=\"280\" src=\"https:\/\/www.montanheiros.com\/wp-content\/uploads\/2024\/06\/686ae3c5-220f-4e8e-98e0-26cd3b79fb11-280x280.jpg\" class=\"attachment-thumbnail size-thumbnail\" alt=\"\" ids=\"17006,17007,17008,17009,17010,17011,17012,17013,17014,17015,17016,17017,17018,17019,17020,17021,17022,17023,17024,17025,17026,,16806,16807,16808,16809,16810,16811,16812\" style=\"none\" type=\"slider\" columns=\"1\" image_width=\"63\" image_size=\"thumbnail\" text_align=\"center\" srcset=\"https:\/\/www.montanheiros.com\/wp-content\/uploads\/2024\/06\/686ae3c5-220f-4e8e-98e0-26cd3b79fb11-280x280.jpg 280w, https:\/\/www.montanheiros.com\/wp-content\/uploads\/2024\/06\/686ae3c5-220f-4e8e-98e0-26cd3b79fb11-300x300.jpg 300w, https:\/\/www.montanheiros.com\/wp-content\/uploads\/2024\/06\/686ae3c5-220f-4e8e-98e0-26cd3b79fb11-100x100.jpg 100w\" sizes=\"auto, (max-width: 280px) 100vw, 280px\" \/>                                                              <\/div>\n              <div class=\"box-text text-center\" >\n                 <p><\/p>\n              <\/div>\n            <\/div>\n            <\/a>          <\/div>\n         <\/div><div class=\"gallery-col col\" >\n          <div class=\"col-inner\">\n            <a class=\"image-lightbox lightbox-gallery\" href=\"https:\/\/www.montanheiros.com\/wp-content\/uploads\/2024\/06\/12b0be07-49ae-4395-b066-2db9a324bd38-600x800.jpg\" title=\"\">            <div class=\"box has-hover gallery-box box-none\">\n              <div class=\"box-image\" style=\"width:63%;\">\n                <img loading=\"lazy\" decoding=\"async\" width=\"280\" height=\"280\" src=\"https:\/\/www.montanheiros.com\/wp-content\/uploads\/2024\/06\/12b0be07-49ae-4395-b066-2db9a324bd38-280x280.jpg\" class=\"attachment-thumbnail size-thumbnail\" alt=\"\" ids=\"17006,17007,17008,17009,17010,17011,17012,17013,17014,17015,17016,17017,17018,17019,17020,17021,17022,17023,17024,17025,17026,,16806,16807,16808,16809,16810,16811,16812\" style=\"none\" type=\"slider\" columns=\"1\" image_width=\"63\" image_size=\"thumbnail\" text_align=\"center\" srcset=\"https:\/\/www.montanheiros.com\/wp-content\/uploads\/2024\/06\/12b0be07-49ae-4395-b066-2db9a324bd38-280x280.jpg 280w, https:\/\/www.montanheiros.com\/wp-content\/uploads\/2024\/06\/12b0be07-49ae-4395-b066-2db9a324bd38-300x300.jpg 300w, https:\/\/www.montanheiros.com\/wp-content\/uploads\/2024\/06\/12b0be07-49ae-4395-b066-2db9a324bd38-100x100.jpg 100w\" sizes=\"auto, (max-width: 280px) 100vw, 280px\" \/>                                                              <\/div>\n              <div class=\"box-text text-center\" >\n                 <p><\/p>\n              <\/div>\n            <\/div>\n            <\/a>          <\/div>\n         <\/div><div class=\"gallery-col col\" >\n          <div class=\"col-inner\">\n            <a class=\"image-lightbox lightbox-gallery\" href=\"https:\/\/www.montanheiros.com\/wp-content\/uploads\/2024\/06\/034f778b-1b44-4ad9-a69e-4eab4e1d3646-1067x800.jpg\" title=\"\">            <div class=\"box has-hover gallery-box box-none\">\n              <div class=\"box-image\" style=\"width:63%;\">\n                <img loading=\"lazy\" decoding=\"async\" width=\"280\" height=\"280\" src=\"https:\/\/www.montanheiros.com\/wp-content\/uploads\/2024\/06\/034f778b-1b44-4ad9-a69e-4eab4e1d3646-280x280.jpg\" class=\"attachment-thumbnail size-thumbnail\" alt=\"\" ids=\"17006,17007,17008,17009,17010,17011,17012,17013,17014,17015,17016,17017,17018,17019,17020,17021,17022,17023,17024,17025,17026,,16806,16807,16808,16809,16810,16811,16812\" style=\"none\" type=\"slider\" columns=\"1\" image_width=\"63\" image_size=\"thumbnail\" text_align=\"center\" srcset=\"https:\/\/www.montanheiros.com\/wp-content\/uploads\/2024\/06\/034f778b-1b44-4ad9-a69e-4eab4e1d3646-280x280.jpg 280w, https:\/\/www.montanheiros.com\/wp-content\/uploads\/2024\/06\/034f778b-1b44-4ad9-a69e-4eab4e1d3646-300x300.jpg 300w, https:\/\/www.montanheiros.com\/wp-content\/uploads\/2024\/06\/034f778b-1b44-4ad9-a69e-4eab4e1d3646-100x100.jpg 100w\" sizes=\"auto, (max-width: 280px) 100vw, 280px\" \/>                                                              <\/div>\n              <div class=\"box-text text-center\" >\n                 <p><\/p>\n              <\/div>\n            <\/div>\n            <\/a>          <\/div>\n         <\/div><div class=\"gallery-col col\" >\n          <div class=\"col-inner\">\n            <a class=\"image-lightbox lightbox-gallery\" href=\"https:\/\/www.montanheiros.com\/wp-content\/uploads\/2024\/06\/0b170657-a8a0-40c6-8300-2265c0a48c36-1067x800.jpg\" title=\"\">            <div class=\"box has-hover gallery-box box-none\">\n              <div class=\"box-image\" style=\"width:63%;\">\n                <img loading=\"lazy\" decoding=\"async\" width=\"280\" height=\"280\" src=\"https:\/\/www.montanheiros.com\/wp-content\/uploads\/2024\/06\/0b170657-a8a0-40c6-8300-2265c0a48c36-280x280.jpg\" class=\"attachment-thumbnail size-thumbnail\" alt=\"\" ids=\"17006,17007,17008,17009,17010,17011,17012,17013,17014,17015,17016,17017,17018,17019,17020,17021,17022,17023,17024,17025,17026,,16806,16807,16808,16809,16810,16811,16812\" style=\"none\" type=\"slider\" columns=\"1\" image_width=\"63\" image_size=\"thumbnail\" text_align=\"center\" srcset=\"https:\/\/www.montanheiros.com\/wp-content\/uploads\/2024\/06\/0b170657-a8a0-40c6-8300-2265c0a48c36-280x280.jpg 280w, https:\/\/www.montanheiros.com\/wp-content\/uploads\/2024\/06\/0b170657-a8a0-40c6-8300-2265c0a48c36-300x300.jpg 300w, https:\/\/www.montanheiros.com\/wp-content\/uploads\/2024\/06\/0b170657-a8a0-40c6-8300-2265c0a48c36-100x100.jpg 100w\" sizes=\"auto, (max-width: 280px) 100vw, 280px\" \/>                                                              <\/div>\n              <div class=\"box-text text-center\" >\n                 <p><\/p>\n              <\/div>\n            <\/div>\n            <\/a>          <\/div>\n         <\/div><div class=\"gallery-col col\" >\n          <div class=\"col-inner\">\n            <a class=\"image-lightbox lightbox-gallery\" href=\"https:\/\/www.montanheiros.com\/wp-content\/uploads\/2024\/06\/ea042fbe-2bc2-4ba1-aecd-6142153294db-1067x800.jpg\" title=\"\">            <div class=\"box has-hover gallery-box box-none\">\n              <div class=\"box-image\" style=\"width:63%;\">\n                <img loading=\"lazy\" decoding=\"async\" width=\"280\" height=\"280\" src=\"https:\/\/www.montanheiros.com\/wp-content\/uploads\/2024\/06\/ea042fbe-2bc2-4ba1-aecd-6142153294db-280x280.jpg\" class=\"attachment-thumbnail size-thumbnail\" alt=\"\" ids=\"17006,17007,17008,17009,17010,17011,17012,17013,17014,17015,17016,17017,17018,17019,17020,17021,17022,17023,17024,17025,17026,,16806,16807,16808,16809,16810,16811,16812\" style=\"none\" type=\"slider\" columns=\"1\" image_width=\"63\" image_size=\"thumbnail\" text_align=\"center\" srcset=\"https:\/\/www.montanheiros.com\/wp-content\/uploads\/2024\/06\/ea042fbe-2bc2-4ba1-aecd-6142153294db-280x280.jpg 280w, https:\/\/www.montanheiros.com\/wp-content\/uploads\/2024\/06\/ea042fbe-2bc2-4ba1-aecd-6142153294db-300x300.jpg 300w, https:\/\/www.montanheiros.com\/wp-content\/uploads\/2024\/06\/ea042fbe-2bc2-4ba1-aecd-6142153294db-100x100.jpg 100w\" sizes=\"auto, (max-width: 280px) 100vw, 280px\" \/>                                                              <\/div>\n              <div class=\"box-text text-center\" >\n                 <p><\/p>\n              <\/div>\n            <\/div>\n            <\/a>          <\/div>\n         <\/div><\/div>\n\n\n\t\t<\/div>\n\t\t\t\t\t<\/div>\n\n\t\n\n\t<div id=\"col-562513245\" class=\"col medium-4 small-12 large-4\"  >\n\t\t\t\t<div class=\"col-inner\"  >\n\t\t\t\n\t\t\t\n\n<p>Passeio \u00e0s Nascentes da Agualva, 16junho2024 &#8211; ilha Terceira<\/p>\n\n  \n    <div class=\"row large-columns-1 medium-columns- small-columns- row-full-width slider row-slider slider-nav-reveal\"  data-flickity-options='{\"imagesLoaded\": true, \"groupCells\": \"100%\", \"dragThreshold\" : 5, \"cellAlign\": \"left\",\"wrapAround\": true,\"prevNextButtons\": true,\"percentPosition\": true,\"pageDots\": false, \"rightToLeft\": false, \"autoPlay\" : false}'>\n\n  <div class=\"gallery-col col\" >\n          <div class=\"col-inner\">\n            <a class=\"image-lightbox lightbox-gallery\" href=\"https:\/\/www.montanheiros.com\/wp-content\/uploads\/2024\/06\/aed6b85e-4175-4c49-9384-396f2871bf16-1067x800.jpg\" title=\"\">            <div class=\"box has-hover gallery-box box-none\">\n              <div class=\"box-image\" style=\"width:63%;\">\n                <img loading=\"lazy\" decoding=\"async\" width=\"280\" height=\"280\" src=\"https:\/\/www.montanheiros.com\/wp-content\/uploads\/2024\/06\/aed6b85e-4175-4c49-9384-396f2871bf16-280x280.jpg\" class=\"attachment-thumbnail size-thumbnail\" alt=\"\" ids=\"16806,16807,16808,16809,16810,16811,16812\" style=\"none\" type=\"slider\" columns=\"1\" image_width=\"63\" image_size=\"thumbnail\" text_align=\"center\" srcset=\"https:\/\/www.montanheiros.com\/wp-content\/uploads\/2024\/06\/aed6b85e-4175-4c49-9384-396f2871bf16-280x280.jpg 280w, https:\/\/www.montanheiros.com\/wp-content\/uploads\/2024\/06\/aed6b85e-4175-4c49-9384-396f2871bf16-300x300.jpg 300w, https:\/\/www.montanheiros.com\/wp-content\/uploads\/2024\/06\/aed6b85e-4175-4c49-9384-396f2871bf16-100x100.jpg 100w\" sizes=\"auto, (max-width: 280px) 100vw, 280px\" \/>                                                              <\/div>\n              <div class=\"box-text text-center\" >\n                 <p><\/p>\n              <\/div>\n            <\/div>\n            <\/a>          <\/div>\n         <\/div><div class=\"gallery-col col\" >\n          <div class=\"col-inner\">\n            <a class=\"image-lightbox lightbox-gallery\" href=\"https:\/\/www.montanheiros.com\/wp-content\/uploads\/2024\/06\/54962f8f-2a5f-4dba-ba1c-7f17a3248229-1067x800.jpg\" title=\"\">            <div class=\"box has-hover gallery-box box-none\">\n              <div class=\"box-image\" style=\"width:63%;\">\n                <img loading=\"lazy\" decoding=\"async\" width=\"280\" height=\"280\" src=\"https:\/\/www.montanheiros.com\/wp-content\/uploads\/2024\/06\/54962f8f-2a5f-4dba-ba1c-7f17a3248229-280x280.jpg\" class=\"attachment-thumbnail size-thumbnail\" alt=\"\" ids=\"16806,16807,16808,16809,16810,16811,16812\" style=\"none\" type=\"slider\" columns=\"1\" image_width=\"63\" image_size=\"thumbnail\" text_align=\"center\" srcset=\"https:\/\/www.montanheiros.com\/wp-content\/uploads\/2024\/06\/54962f8f-2a5f-4dba-ba1c-7f17a3248229-280x280.jpg 280w, https:\/\/www.montanheiros.com\/wp-content\/uploads\/2024\/06\/54962f8f-2a5f-4dba-ba1c-7f17a3248229-300x300.jpg 300w, https:\/\/www.montanheiros.com\/wp-content\/uploads\/2024\/06\/54962f8f-2a5f-4dba-ba1c-7f17a3248229-100x100.jpg 100w\" sizes=\"auto, (max-width: 280px) 100vw, 280px\" \/>                                                              <\/div>\n              <div class=\"box-text text-center\" >\n                 <p><\/p>\n              <\/div>\n            <\/div>\n            <\/a>          <\/div>\n         <\/div><div class=\"gallery-col col\" >\n          <div class=\"col-inner\">\n            <a class=\"image-lightbox lightbox-gallery\" href=\"https:\/\/www.montanheiros.com\/wp-content\/uploads\/2024\/06\/686ae3c5-220f-4e8e-98e0-26cd3b79fb11-1067x800.jpg\" title=\"\">            <div class=\"box has-hover gallery-box box-none\">\n              <div class=\"box-image\" style=\"width:63%;\">\n                <img loading=\"lazy\" decoding=\"async\" width=\"280\" height=\"280\" src=\"https:\/\/www.montanheiros.com\/wp-content\/uploads\/2024\/06\/686ae3c5-220f-4e8e-98e0-26cd3b79fb11-280x280.jpg\" class=\"attachment-thumbnail size-thumbnail\" alt=\"\" ids=\"16806,16807,16808,16809,16810,16811,16812\" style=\"none\" type=\"slider\" columns=\"1\" image_width=\"63\" image_size=\"thumbnail\" text_align=\"center\" srcset=\"https:\/\/www.montanheiros.com\/wp-content\/uploads\/2024\/06\/686ae3c5-220f-4e8e-98e0-26cd3b79fb11-280x280.jpg 280w, https:\/\/www.montanheiros.com\/wp-content\/uploads\/2024\/06\/686ae3c5-220f-4e8e-98e0-26cd3b79fb11-300x300.jpg 300w, https:\/\/www.montanheiros.com\/wp-content\/uploads\/2024\/06\/686ae3c5-220f-4e8e-98e0-26cd3b79fb11-100x100.jpg 100w\" sizes=\"auto, (max-width: 280px) 100vw, 280px\" \/>                                                              <\/div>\n              <div class=\"box-text text-center\" >\n                 <p><\/p>\n              <\/div>\n            <\/div>\n            <\/a>          <\/div>\n         <\/div><div class=\"gallery-col col\" >\n          <div class=\"col-inner\">\n            <a class=\"image-lightbox lightbox-gallery\" href=\"https:\/\/www.montanheiros.com\/wp-content\/uploads\/2024\/06\/12b0be07-49ae-4395-b066-2db9a324bd38-600x800.jpg\" title=\"\">            <div class=\"box has-hover gallery-box box-none\">\n              <div class=\"box-image\" style=\"width:63%;\">\n                <img loading=\"lazy\" decoding=\"async\" width=\"280\" height=\"280\" src=\"https:\/\/www.montanheiros.com\/wp-content\/uploads\/2024\/06\/12b0be07-49ae-4395-b066-2db9a324bd38-280x280.jpg\" class=\"attachment-thumbnail size-thumbnail\" alt=\"\" ids=\"16806,16807,16808,16809,16810,16811,16812\" style=\"none\" type=\"slider\" columns=\"1\" image_width=\"63\" image_size=\"thumbnail\" text_align=\"center\" srcset=\"https:\/\/www.montanheiros.com\/wp-content\/uploads\/2024\/06\/12b0be07-49ae-4395-b066-2db9a324bd38-280x280.jpg 280w, https:\/\/www.montanheiros.com\/wp-content\/uploads\/2024\/06\/12b0be07-49ae-4395-b066-2db9a324bd38-300x300.jpg 300w, https:\/\/www.montanheiros.com\/wp-content\/uploads\/2024\/06\/12b0be07-49ae-4395-b066-2db9a324bd38-100x100.jpg 100w\" sizes=\"auto, (max-width: 280px) 100vw, 280px\" \/>                                                              <\/div>\n              <div class=\"box-text text-center\" >\n                 <p><\/p>\n              <\/div>\n            <\/div>\n            <\/a>          <\/div>\n         <\/div><div class=\"gallery-col col\" >\n          <div class=\"col-inner\">\n            <a class=\"image-lightbox lightbox-gallery\" href=\"https:\/\/www.montanheiros.com\/wp-content\/uploads\/2024\/06\/034f778b-1b44-4ad9-a69e-4eab4e1d3646-1067x800.jpg\" title=\"\">            <div class=\"box has-hover gallery-box box-none\">\n              <div class=\"box-image\" style=\"width:63%;\">\n                <img loading=\"lazy\" decoding=\"async\" width=\"280\" height=\"280\" src=\"https:\/\/www.montanheiros.com\/wp-content\/uploads\/2024\/06\/034f778b-1b44-4ad9-a69e-4eab4e1d3646-280x280.jpg\" class=\"attachment-thumbnail size-thumbnail\" alt=\"\" ids=\"16806,16807,16808,16809,16810,16811,16812\" style=\"none\" type=\"slider\" columns=\"1\" image_width=\"63\" image_size=\"thumbnail\" text_align=\"center\" srcset=\"https:\/\/www.montanheiros.com\/wp-content\/uploads\/2024\/06\/034f778b-1b44-4ad9-a69e-4eab4e1d3646-280x280.jpg 280w, https:\/\/www.montanheiros.com\/wp-content\/uploads\/2024\/06\/034f778b-1b44-4ad9-a69e-4eab4e1d3646-300x300.jpg 300w, https:\/\/www.montanheiros.com\/wp-content\/uploads\/2024\/06\/034f778b-1b44-4ad9-a69e-4eab4e1d3646-100x100.jpg 100w\" sizes=\"auto, (max-width: 280px) 100vw, 280px\" \/>                                                              <\/div>\n              <div class=\"box-text text-center\" >\n                 <p><\/p>\n              <\/div>\n            <\/div>\n            <\/a>          <\/div>\n         <\/div><div class=\"gallery-col col\" >\n          <div class=\"col-inner\">\n            <a class=\"image-lightbox lightbox-gallery\" href=\"https:\/\/www.montanheiros.com\/wp-content\/uploads\/2024\/06\/0b170657-a8a0-40c6-8300-2265c0a48c36-1067x800.jpg\" title=\"\">            <div class=\"box has-hover gallery-box box-none\">\n              <div class=\"box-image\" style=\"width:63%;\">\n                <img loading=\"lazy\" decoding=\"async\" width=\"280\" height=\"280\" src=\"https:\/\/www.montanheiros.com\/wp-content\/uploads\/2024\/06\/0b170657-a8a0-40c6-8300-2265c0a48c36-280x280.jpg\" class=\"attachment-thumbnail size-thumbnail\" alt=\"\" ids=\"16806,16807,16808,16809,16810,16811,16812\" style=\"none\" type=\"slider\" columns=\"1\" image_width=\"63\" image_size=\"thumbnail\" text_align=\"center\" srcset=\"https:\/\/www.montanheiros.com\/wp-content\/uploads\/2024\/06\/0b170657-a8a0-40c6-8300-2265c0a48c36-280x280.jpg 280w, https:\/\/www.montanheiros.com\/wp-content\/uploads\/2024\/06\/0b170657-a8a0-40c6-8300-2265c0a48c36-300x300.jpg 300w, https:\/\/www.montanheiros.com\/wp-content\/uploads\/2024\/06\/0b170657-a8a0-40c6-8300-2265c0a48c36-100x100.jpg 100w\" sizes=\"auto, (max-width: 280px) 100vw, 280px\" \/>                                                              <\/div>\n              <div class=\"box-text text-center\" >\n                 <p><\/p>\n              <\/div>\n            <\/div>\n            <\/a>          <\/div>\n         <\/div><div class=\"gallery-col col\" >\n          <div class=\"col-inner\">\n            <a class=\"image-lightbox lightbox-gallery\" href=\"https:\/\/www.montanheiros.com\/wp-content\/uploads\/2024\/06\/ea042fbe-2bc2-4ba1-aecd-6142153294db-1067x800.jpg\" title=\"\">            <div class=\"box has-hover gallery-box box-none\">\n              <div class=\"box-image\" style=\"width:63%;\">\n                <img loading=\"lazy\" decoding=\"async\" width=\"280\" height=\"280\" src=\"https:\/\/www.montanheiros.com\/wp-content\/uploads\/2024\/06\/ea042fbe-2bc2-4ba1-aecd-6142153294db-280x280.jpg\" class=\"attachment-thumbnail size-thumbnail\" alt=\"\" ids=\"16806,16807,16808,16809,16810,16811,16812\" style=\"none\" type=\"slider\" columns=\"1\" image_width=\"63\" image_size=\"thumbnail\" text_align=\"center\" srcset=\"https:\/\/www.montanheiros.com\/wp-content\/uploads\/2024\/06\/ea042fbe-2bc2-4ba1-aecd-6142153294db-280x280.jpg 280w, https:\/\/www.montanheiros.com\/wp-content\/uploads\/2024\/06\/ea042fbe-2bc2-4ba1-aecd-6142153294db-300x300.jpg 300w, https:\/\/www.montanheiros.com\/wp-content\/uploads\/2024\/06\/ea042fbe-2bc2-4ba1-aecd-6142153294db-100x100.jpg 100w\" sizes=\"auto, (max-width: 280px) 100vw, 280px\" \/>                                                              <\/div>\n              <div class=\"box-text text-center\" >\n                 <p><\/p>\n              <\/div>\n            <\/div>\n            <\/a>          <\/div>\n         <\/div><\/div>\n\n\n\t\t<\/div>\n\t\t\t\t\t<\/div>\n\n\t\n\n\t<div id=\"col-502840597\" class=\"col medium-4 small-12 large-4\"  >\n\t\t\t\t<div class=\"col-inner\"  >\n\t\t\t\n\t\t\t\n\n<p>Passeio \u00e0s Lavas do Pico da Ruivinha, 26maio2024 &#8211; ilha Terceira<\/p>\n\n  \n    <div class=\"row large-columns-1 medium-columns- small-columns- row-full-width slider row-slider slider-nav-reveal\"  data-flickity-options='{\"imagesLoaded\": true, \"groupCells\": \"100%\", \"dragThreshold\" : 5, \"cellAlign\": \"left\",\"wrapAround\": true,\"prevNextButtons\": true,\"percentPosition\": true,\"pageDots\": false, \"rightToLeft\": false, \"autoPlay\" : false}'>\n\n  <div class=\"gallery-col col\" >\n          <div class=\"col-inner\">\n            <a class=\"image-lightbox lightbox-gallery\" href=\"https:\/\/www.montanheiros.com\/wp-content\/uploads\/2024\/06\/01e4565e-801f-4015-b562-e5ae4078223b-1400x788.jpg\" title=\"\">            <div class=\"box has-hover gallery-box box-none\">\n              <div class=\"box-image\" style=\"width:63%;\">\n                <img loading=\"lazy\" decoding=\"async\" width=\"280\" height=\"280\" src=\"https:\/\/www.montanheiros.com\/wp-content\/uploads\/2024\/06\/01e4565e-801f-4015-b562-e5ae4078223b-280x280.jpg\" class=\"attachment-thumbnail size-thumbnail\" alt=\"\" ids=\"16752,16753,16754,16755,16756,16757,16758,16759\" style=\"none\" type=\"slider\" columns=\"1\" image_width=\"63\" image_size=\"thumbnail\" text_align=\"center\" srcset=\"https:\/\/www.montanheiros.com\/wp-content\/uploads\/2024\/06\/01e4565e-801f-4015-b562-e5ae4078223b-280x280.jpg 280w, https:\/\/www.montanheiros.com\/wp-content\/uploads\/2024\/06\/01e4565e-801f-4015-b562-e5ae4078223b-300x300.jpg 300w, https:\/\/www.montanheiros.com\/wp-content\/uploads\/2024\/06\/01e4565e-801f-4015-b562-e5ae4078223b-100x100.jpg 100w\" sizes=\"auto, (max-width: 280px) 100vw, 280px\" \/>                                                              <\/div>\n              <div class=\"box-text text-center\" >\n                 <p><\/p>\n              <\/div>\n            <\/div>\n            <\/a>          <\/div>\n         <\/div><div class=\"gallery-col col\" >\n          <div class=\"col-inner\">\n            <a class=\"image-lightbox lightbox-gallery\" href=\"https:\/\/www.montanheiros.com\/wp-content\/uploads\/2024\/06\/8ea87fa9-e73a-4a6d-87d8-a49700adfbae-1400x788.jpg\" title=\"\">            <div class=\"box has-hover gallery-box box-none\">\n              <div class=\"box-image\" style=\"width:63%;\">\n                <img loading=\"lazy\" decoding=\"async\" width=\"280\" height=\"280\" src=\"https:\/\/www.montanheiros.com\/wp-content\/uploads\/2024\/06\/8ea87fa9-e73a-4a6d-87d8-a49700adfbae-280x280.jpg\" class=\"attachment-thumbnail size-thumbnail\" alt=\"\" ids=\"16752,16753,16754,16755,16756,16757,16758,16759\" style=\"none\" type=\"slider\" columns=\"1\" image_width=\"63\" image_size=\"thumbnail\" text_align=\"center\" srcset=\"https:\/\/www.montanheiros.com\/wp-content\/uploads\/2024\/06\/8ea87fa9-e73a-4a6d-87d8-a49700adfbae-280x280.jpg 280w, https:\/\/www.montanheiros.com\/wp-content\/uploads\/2024\/06\/8ea87fa9-e73a-4a6d-87d8-a49700adfbae-300x300.jpg 300w, https:\/\/www.montanheiros.com\/wp-content\/uploads\/2024\/06\/8ea87fa9-e73a-4a6d-87d8-a49700adfbae-100x100.jpg 100w\" sizes=\"auto, (max-width: 280px) 100vw, 280px\" \/>                                                              <\/div>\n              <div class=\"box-text text-center\" >\n                 <p><\/p>\n              <\/div>\n            <\/div>\n            <\/a>          <\/div>\n         <\/div><div class=\"gallery-col col\" >\n          <div class=\"col-inner\">\n            <a class=\"image-lightbox lightbox-gallery\" href=\"https:\/\/www.montanheiros.com\/wp-content\/uploads\/2024\/06\/47add0b9-2c10-4e8e-ac6f-231f81a24d62-1400x788.jpg\" title=\"\">            <div class=\"box has-hover gallery-box box-none\">\n              <div class=\"box-image\" style=\"width:63%;\">\n                <img loading=\"lazy\" decoding=\"async\" width=\"280\" height=\"280\" src=\"https:\/\/www.montanheiros.com\/wp-content\/uploads\/2024\/06\/47add0b9-2c10-4e8e-ac6f-231f81a24d62-280x280.jpg\" class=\"attachment-thumbnail size-thumbnail\" alt=\"\" ids=\"16752,16753,16754,16755,16756,16757,16758,16759\" style=\"none\" type=\"slider\" columns=\"1\" image_width=\"63\" image_size=\"thumbnail\" text_align=\"center\" srcset=\"https:\/\/www.montanheiros.com\/wp-content\/uploads\/2024\/06\/47add0b9-2c10-4e8e-ac6f-231f81a24d62-280x280.jpg 280w, https:\/\/www.montanheiros.com\/wp-content\/uploads\/2024\/06\/47add0b9-2c10-4e8e-ac6f-231f81a24d62-300x300.jpg 300w, https:\/\/www.montanheiros.com\/wp-content\/uploads\/2024\/06\/47add0b9-2c10-4e8e-ac6f-231f81a24d62-100x100.jpg 100w\" sizes=\"auto, (max-width: 280px) 100vw, 280px\" \/>                                                              <\/div>\n              <div class=\"box-text text-center\" >\n                 <p><\/p>\n              <\/div>\n            <\/div>\n            <\/a>          <\/div>\n         <\/div><div class=\"gallery-col col\" >\n          <div class=\"col-inner\">\n            <a class=\"image-lightbox lightbox-gallery\" href=\"https:\/\/www.montanheiros.com\/wp-content\/uploads\/2024\/06\/53c78db5-f0ef-4e2b-b531-e5c288676abe-1400x788.jpg\" title=\"\">            <div class=\"box has-hover gallery-box box-none\">\n              <div class=\"box-image\" style=\"width:63%;\">\n                <img loading=\"lazy\" decoding=\"async\" width=\"280\" height=\"280\" src=\"https:\/\/www.montanheiros.com\/wp-content\/uploads\/2024\/06\/53c78db5-f0ef-4e2b-b531-e5c288676abe-280x280.jpg\" class=\"attachment-thumbnail size-thumbnail\" alt=\"\" ids=\"16752,16753,16754,16755,16756,16757,16758,16759\" style=\"none\" type=\"slider\" columns=\"1\" image_width=\"63\" image_size=\"thumbnail\" text_align=\"center\" srcset=\"https:\/\/www.montanheiros.com\/wp-content\/uploads\/2024\/06\/53c78db5-f0ef-4e2b-b531-e5c288676abe-280x280.jpg 280w, https:\/\/www.montanheiros.com\/wp-content\/uploads\/2024\/06\/53c78db5-f0ef-4e2b-b531-e5c288676abe-300x300.jpg 300w, https:\/\/www.montanheiros.com\/wp-content\/uploads\/2024\/06\/53c78db5-f0ef-4e2b-b531-e5c288676abe-100x100.jpg 100w\" sizes=\"auto, (max-width: 280px) 100vw, 280px\" \/>                                                              <\/div>\n              <div class=\"box-text text-center\" >\n                 <p><\/p>\n              <\/div>\n            <\/div>\n            <\/a>          <\/div>\n         <\/div><div class=\"gallery-col col\" >\n          <div class=\"col-inner\">\n            <a class=\"image-lightbox lightbox-gallery\" href=\"https:\/\/www.montanheiros.com\/wp-content\/uploads\/2024\/06\/219bb836-1b98-4cad-898e-9c787c286059-1400x788.jpg\" title=\"\">            <div class=\"box has-hover gallery-box box-none\">\n              <div class=\"box-image\" style=\"width:63%;\">\n                <img loading=\"lazy\" decoding=\"async\" width=\"280\" height=\"280\" src=\"https:\/\/www.montanheiros.com\/wp-content\/uploads\/2024\/06\/219bb836-1b98-4cad-898e-9c787c286059-280x280.jpg\" class=\"attachment-thumbnail size-thumbnail\" alt=\"\" ids=\"16752,16753,16754,16755,16756,16757,16758,16759\" style=\"none\" type=\"slider\" columns=\"1\" image_width=\"63\" image_size=\"thumbnail\" text_align=\"center\" srcset=\"https:\/\/www.montanheiros.com\/wp-content\/uploads\/2024\/06\/219bb836-1b98-4cad-898e-9c787c286059-280x280.jpg 280w, https:\/\/www.montanheiros.com\/wp-content\/uploads\/2024\/06\/219bb836-1b98-4cad-898e-9c787c286059-300x300.jpg 300w, https:\/\/www.montanheiros.com\/wp-content\/uploads\/2024\/06\/219bb836-1b98-4cad-898e-9c787c286059-100x100.jpg 100w\" sizes=\"auto, (max-width: 280px) 100vw, 280px\" \/>                                                              <\/div>\n              <div class=\"box-text text-center\" >\n                 <p><\/p>\n              <\/div>\n            <\/div>\n            <\/a>          <\/div>\n         <\/div><div class=\"gallery-col col\" >\n          <div class=\"col-inner\">\n            <a class=\"image-lightbox lightbox-gallery\" href=\"https:\/\/www.montanheiros.com\/wp-content\/uploads\/2024\/06\/1765094c-2be0-4062-a6bc-75b11198ccbf-1400x788.jpg\" title=\"\">            <div class=\"box has-hover gallery-box box-none\">\n              <div class=\"box-image\" style=\"width:63%;\">\n                <img loading=\"lazy\" decoding=\"async\" width=\"280\" height=\"280\" src=\"https:\/\/www.montanheiros.com\/wp-content\/uploads\/2024\/06\/1765094c-2be0-4062-a6bc-75b11198ccbf-280x280.jpg\" class=\"attachment-thumbnail size-thumbnail\" alt=\"\" ids=\"16752,16753,16754,16755,16756,16757,16758,16759\" style=\"none\" type=\"slider\" columns=\"1\" image_width=\"63\" image_size=\"thumbnail\" text_align=\"center\" srcset=\"https:\/\/www.montanheiros.com\/wp-content\/uploads\/2024\/06\/1765094c-2be0-4062-a6bc-75b11198ccbf-280x280.jpg 280w, https:\/\/www.montanheiros.com\/wp-content\/uploads\/2024\/06\/1765094c-2be0-4062-a6bc-75b11198ccbf-300x300.jpg 300w, https:\/\/www.montanheiros.com\/wp-content\/uploads\/2024\/06\/1765094c-2be0-4062-a6bc-75b11198ccbf-100x100.jpg 100w\" sizes=\"auto, (max-width: 280px) 100vw, 280px\" \/>                                                              <\/div>\n              <div class=\"box-text text-center\" >\n                 <p><\/p>\n              <\/div>\n            <\/div>\n            <\/a>          <\/div>\n         <\/div><div class=\"gallery-col col\" >\n          <div class=\"col-inner\">\n            <a class=\"image-lightbox lightbox-gallery\" href=\"https:\/\/www.montanheiros.com\/wp-content\/uploads\/2024\/06\/81940887-9b68-46db-904f-440f16ad9911-1400x788.jpg\" title=\"\">            <div class=\"box has-hover gallery-box box-none\">\n              <div class=\"box-image\" style=\"width:63%;\">\n                <img loading=\"lazy\" decoding=\"async\" width=\"280\" height=\"280\" src=\"https:\/\/www.montanheiros.com\/wp-content\/uploads\/2024\/06\/81940887-9b68-46db-904f-440f16ad9911-280x280.jpg\" class=\"attachment-thumbnail size-thumbnail\" alt=\"\" ids=\"16752,16753,16754,16755,16756,16757,16758,16759\" style=\"none\" type=\"slider\" columns=\"1\" image_width=\"63\" image_size=\"thumbnail\" text_align=\"center\" srcset=\"https:\/\/www.montanheiros.com\/wp-content\/uploads\/2024\/06\/81940887-9b68-46db-904f-440f16ad9911-280x280.jpg 280w, https:\/\/www.montanheiros.com\/wp-content\/uploads\/2024\/06\/81940887-9b68-46db-904f-440f16ad9911-300x300.jpg 300w, https:\/\/www.montanheiros.com\/wp-content\/uploads\/2024\/06\/81940887-9b68-46db-904f-440f16ad9911-100x100.jpg 100w\" sizes=\"auto, (max-width: 280px) 100vw, 280px\" \/>                                                              <\/div>\n              <div class=\"box-text text-center\" >\n                 <p><\/p>\n              <\/div>\n            <\/div>\n            <\/a>          <\/div>\n         <\/div><div class=\"gallery-col col\" >\n          <div class=\"col-inner\">\n            <a class=\"image-lightbox lightbox-gallery\" href=\"https:\/\/www.montanheiros.com\/wp-content\/uploads\/2024\/06\/a4ece79a-0544-49da-a418-ace8b01b6052-1400x788.jpg\" title=\"\">            <div class=\"box has-hover gallery-box box-none\">\n              <div class=\"box-image\" style=\"width:63%;\">\n                <img loading=\"lazy\" decoding=\"async\" width=\"280\" height=\"280\" src=\"https:\/\/www.montanheiros.com\/wp-content\/uploads\/2024\/06\/a4ece79a-0544-49da-a418-ace8b01b6052-280x280.jpg\" class=\"attachment-thumbnail size-thumbnail\" alt=\"\" ids=\"16752,16753,16754,16755,16756,16757,16758,16759\" style=\"none\" type=\"slider\" columns=\"1\" image_width=\"63\" image_size=\"thumbnail\" text_align=\"center\" srcset=\"https:\/\/www.montanheiros.com\/wp-content\/uploads\/2024\/06\/a4ece79a-0544-49da-a418-ace8b01b6052-280x280.jpg 280w, https:\/\/www.montanheiros.com\/wp-content\/uploads\/2024\/06\/a4ece79a-0544-49da-a418-ace8b01b6052-300x300.jpg 300w, https:\/\/www.montanheiros.com\/wp-content\/uploads\/2024\/06\/a4ece79a-0544-49da-a418-ace8b01b6052-100x100.jpg 100w\" sizes=\"auto, (max-width: 280px) 100vw, 280px\" \/>                                                              <\/div>\n              <div class=\"box-text text-center\" >\n                 <p><\/p>\n              <\/div>\n            <\/div>\n            <\/a>          <\/div>\n         <\/div><\/div>\n\n\n\t\t<\/div>\n\t\t\t\t\t<\/div>\n\n\t\n\n\t<div id=\"col-715400772\" class=\"col medium-4 small-12 large-4\"  >\n\t\t\t\t<div class=\"col-inner\"  >\n\t\t\t\n\t\t\t\n\n<p>Passeio ao Pico do Boi, 21abril2024 &#8211; ilha Terceira<\/p>\n\n  \n    <div class=\"row large-columns-1 medium-columns- small-columns- row-full-width slider row-slider slider-nav-reveal\"  data-flickity-options='{\"imagesLoaded\": true, \"groupCells\": \"100%\", \"dragThreshold\" : 5, \"cellAlign\": \"left\",\"wrapAround\": true,\"prevNextButtons\": true,\"percentPosition\": true,\"pageDots\": false, \"rightToLeft\": false, \"autoPlay\" : false}'>\n\n  <div class=\"gallery-col col\" >\n          <div class=\"col-inner\">\n            <a class=\"image-lightbox lightbox-gallery\" href=\"https:\/\/www.montanheiros.com\/wp-content\/uploads\/2024\/06\/438646014_8586335108061022_8812976351498397597_n-1400x647.jpg\" title=\"\">            <div class=\"box has-hover gallery-box box-none\">\n              <div class=\"box-image\" style=\"width:63%;\">\n                <img loading=\"lazy\" decoding=\"async\" width=\"280\" height=\"280\" src=\"https:\/\/www.montanheiros.com\/wp-content\/uploads\/2024\/06\/438646014_8586335108061022_8812976351498397597_n-280x280.jpg\" class=\"attachment-thumbnail size-thumbnail\" alt=\"\" ids=\"16744,16745,16746,16747,16748,16749,16750,16751\" style=\"none\" type=\"slider\" columns=\"1\" image_width=\"63\" image_size=\"thumbnail\" text_align=\"center\" srcset=\"https:\/\/www.montanheiros.com\/wp-content\/uploads\/2024\/06\/438646014_8586335108061022_8812976351498397597_n-280x280.jpg 280w, https:\/\/www.montanheiros.com\/wp-content\/uploads\/2024\/06\/438646014_8586335108061022_8812976351498397597_n-300x300.jpg 300w, https:\/\/www.montanheiros.com\/wp-content\/uploads\/2024\/06\/438646014_8586335108061022_8812976351498397597_n-100x100.jpg 100w\" sizes=\"auto, (max-width: 280px) 100vw, 280px\" \/>                                                              <\/div>\n              <div class=\"box-text text-center\" >\n                 <p><\/p>\n              <\/div>\n            <\/div>\n            <\/a>          <\/div>\n         <\/div><div class=\"gallery-col col\" >\n          <div class=\"col-inner\">\n            <a class=\"image-lightbox lightbox-gallery\" href=\"https:\/\/www.montanheiros.com\/wp-content\/uploads\/2024\/06\/438119390_8586334548061078_6673992211884252593_n-1067x800.jpg\" title=\"\">            <div class=\"box has-hover gallery-box box-none\">\n              <div class=\"box-image\" style=\"width:63%;\">\n                <img loading=\"lazy\" decoding=\"async\" width=\"280\" height=\"280\" src=\"https:\/\/www.montanheiros.com\/wp-content\/uploads\/2024\/06\/438119390_8586334548061078_6673992211884252593_n-280x280.jpg\" class=\"attachment-thumbnail size-thumbnail\" alt=\"\" ids=\"16744,16745,16746,16747,16748,16749,16750,16751\" style=\"none\" type=\"slider\" columns=\"1\" image_width=\"63\" image_size=\"thumbnail\" text_align=\"center\" srcset=\"https:\/\/www.montanheiros.com\/wp-content\/uploads\/2024\/06\/438119390_8586334548061078_6673992211884252593_n-280x280.jpg 280w, https:\/\/www.montanheiros.com\/wp-content\/uploads\/2024\/06\/438119390_8586334548061078_6673992211884252593_n-300x300.jpg 300w, https:\/\/www.montanheiros.com\/wp-content\/uploads\/2024\/06\/438119390_8586334548061078_6673992211884252593_n-100x100.jpg 100w\" sizes=\"auto, (max-width: 280px) 100vw, 280px\" \/>                                                              <\/div>\n              <div class=\"box-text text-center\" >\n                 <p><\/p>\n              <\/div>\n            <\/div>\n            <\/a>          <\/div>\n         <\/div><div class=\"gallery-col col\" >\n          <div class=\"col-inner\">\n            <a class=\"image-lightbox lightbox-gallery\" href=\"https:\/\/www.montanheiros.com\/wp-content\/uploads\/2024\/06\/438078050_8586334468061086_4773654162762844001_n-1067x800.jpg\" title=\"\">            <div class=\"box has-hover gallery-box box-none\">\n              <div class=\"box-image\" style=\"width:63%;\">\n                <img loading=\"lazy\" decoding=\"async\" width=\"280\" height=\"280\" src=\"https:\/\/www.montanheiros.com\/wp-content\/uploads\/2024\/06\/438078050_8586334468061086_4773654162762844001_n-280x280.jpg\" class=\"attachment-thumbnail size-thumbnail\" alt=\"\" ids=\"16744,16745,16746,16747,16748,16749,16750,16751\" style=\"none\" type=\"slider\" columns=\"1\" image_width=\"63\" image_size=\"thumbnail\" text_align=\"center\" srcset=\"https:\/\/www.montanheiros.com\/wp-content\/uploads\/2024\/06\/438078050_8586334468061086_4773654162762844001_n-280x280.jpg 280w, https:\/\/www.montanheiros.com\/wp-content\/uploads\/2024\/06\/438078050_8586334468061086_4773654162762844001_n-300x300.jpg 300w, https:\/\/www.montanheiros.com\/wp-content\/uploads\/2024\/06\/438078050_8586334468061086_4773654162762844001_n-100x100.jpg 100w\" sizes=\"auto, (max-width: 280px) 100vw, 280px\" \/>                                                              <\/div>\n              <div class=\"box-text text-center\" >\n                 <p><\/p>\n              <\/div>\n            <\/div>\n            <\/a>          <\/div>\n         <\/div><div class=\"gallery-col col\" >\n          <div class=\"col-inner\">\n            <a class=\"image-lightbox lightbox-gallery\" href=\"https:\/\/www.montanheiros.com\/wp-content\/uploads\/2024\/06\/438697396_8586334451394421_1376054523552554793_n-1067x800.jpg\" title=\"\">            <div class=\"box has-hover gallery-box box-none\">\n              <div class=\"box-image\" style=\"width:63%;\">\n                <img loading=\"lazy\" decoding=\"async\" width=\"280\" height=\"280\" src=\"https:\/\/www.montanheiros.com\/wp-content\/uploads\/2024\/06\/438697396_8586334451394421_1376054523552554793_n-280x280.jpg\" class=\"attachment-thumbnail size-thumbnail\" alt=\"\" ids=\"16744,16745,16746,16747,16748,16749,16750,16751\" style=\"none\" type=\"slider\" columns=\"1\" image_width=\"63\" image_size=\"thumbnail\" text_align=\"center\" srcset=\"https:\/\/www.montanheiros.com\/wp-content\/uploads\/2024\/06\/438697396_8586334451394421_1376054523552554793_n-280x280.jpg 280w, https:\/\/www.montanheiros.com\/wp-content\/uploads\/2024\/06\/438697396_8586334451394421_1376054523552554793_n-300x300.jpg 300w, https:\/\/www.montanheiros.com\/wp-content\/uploads\/2024\/06\/438697396_8586334451394421_1376054523552554793_n-100x100.jpg 100w\" sizes=\"auto, (max-width: 280px) 100vw, 280px\" \/>                                                              <\/div>\n              <div class=\"box-text text-center\" >\n                 <p><\/p>\n              <\/div>\n            <\/div>\n            <\/a>          <\/div>\n         <\/div><div class=\"gallery-col col\" >\n          <div class=\"col-inner\">\n            <a class=\"image-lightbox lightbox-gallery\" href=\"https:\/\/www.montanheiros.com\/wp-content\/uploads\/2024\/06\/438680983_8586334258061107_8044516669526256326_n-1067x800.jpg\" title=\"\">            <div class=\"box has-hover gallery-box box-none\">\n              <div class=\"box-image\" style=\"width:63%;\">\n                <img loading=\"lazy\" decoding=\"async\" width=\"280\" height=\"280\" src=\"https:\/\/www.montanheiros.com\/wp-content\/uploads\/2024\/06\/438680983_8586334258061107_8044516669526256326_n-280x280.jpg\" class=\"attachment-thumbnail size-thumbnail\" alt=\"\" ids=\"16744,16745,16746,16747,16748,16749,16750,16751\" style=\"none\" type=\"slider\" columns=\"1\" image_width=\"63\" image_size=\"thumbnail\" text_align=\"center\" srcset=\"https:\/\/www.montanheiros.com\/wp-content\/uploads\/2024\/06\/438680983_8586334258061107_8044516669526256326_n-280x280.jpg 280w, https:\/\/www.montanheiros.com\/wp-content\/uploads\/2024\/06\/438680983_8586334258061107_8044516669526256326_n-300x300.jpg 300w, https:\/\/www.montanheiros.com\/wp-content\/uploads\/2024\/06\/438680983_8586334258061107_8044516669526256326_n-100x100.jpg 100w\" sizes=\"auto, (max-width: 280px) 100vw, 280px\" \/>                                                              <\/div>\n              <div class=\"box-text text-center\" >\n                 <p><\/p>\n              <\/div>\n            <\/div>\n            <\/a>          <\/div>\n         <\/div><div class=\"gallery-col col\" >\n          <div class=\"col-inner\">\n            <a class=\"image-lightbox lightbox-gallery\" href=\"https:\/\/www.montanheiros.com\/wp-content\/uploads\/2024\/06\/438087302_8586333954727804_1365132513722738799_n-1400x630.jpg\" title=\"\">            <div class=\"box has-hover gallery-box box-none\">\n              <div class=\"box-image\" style=\"width:63%;\">\n                <img loading=\"lazy\" decoding=\"async\" width=\"280\" height=\"280\" src=\"https:\/\/www.montanheiros.com\/wp-content\/uploads\/2024\/06\/438087302_8586333954727804_1365132513722738799_n-280x280.jpg\" class=\"attachment-thumbnail size-thumbnail\" alt=\"\" ids=\"16744,16745,16746,16747,16748,16749,16750,16751\" style=\"none\" type=\"slider\" columns=\"1\" image_width=\"63\" image_size=\"thumbnail\" text_align=\"center\" srcset=\"https:\/\/www.montanheiros.com\/wp-content\/uploads\/2024\/06\/438087302_8586333954727804_1365132513722738799_n-280x280.jpg 280w, https:\/\/www.montanheiros.com\/wp-content\/uploads\/2024\/06\/438087302_8586333954727804_1365132513722738799_n-300x300.jpg 300w, https:\/\/www.montanheiros.com\/wp-content\/uploads\/2024\/06\/438087302_8586333954727804_1365132513722738799_n-100x100.jpg 100w\" sizes=\"auto, (max-width: 280px) 100vw, 280px\" \/>                                                              <\/div>\n              <div class=\"box-text text-center\" >\n                 <p><\/p>\n              <\/div>\n            <\/div>\n            <\/a>          <\/div>\n         <\/div><div class=\"gallery-col col\" >\n          <div class=\"col-inner\">\n            <a class=\"image-lightbox lightbox-gallery\" href=\"https:\/\/www.montanheiros.com\/wp-content\/uploads\/2024\/06\/438680960_8586333741394492_8918758952691147838_n-1067x800.jpg\" title=\"\">            <div class=\"box has-hover gallery-box box-none\">\n              <div class=\"box-image\" style=\"width:63%;\">\n                <img loading=\"lazy\" decoding=\"async\" width=\"280\" height=\"280\" src=\"https:\/\/www.montanheiros.com\/wp-content\/uploads\/2024\/06\/438680960_8586333741394492_8918758952691147838_n-280x280.jpg\" class=\"attachment-thumbnail size-thumbnail\" alt=\"\" ids=\"16744,16745,16746,16747,16748,16749,16750,16751\" style=\"none\" type=\"slider\" columns=\"1\" image_width=\"63\" image_size=\"thumbnail\" text_align=\"center\" srcset=\"https:\/\/www.montanheiros.com\/wp-content\/uploads\/2024\/06\/438680960_8586333741394492_8918758952691147838_n-280x280.jpg 280w, https:\/\/www.montanheiros.com\/wp-content\/uploads\/2024\/06\/438680960_8586333741394492_8918758952691147838_n-300x300.jpg 300w, https:\/\/www.montanheiros.com\/wp-content\/uploads\/2024\/06\/438680960_8586333741394492_8918758952691147838_n-100x100.jpg 100w\" sizes=\"auto, (max-width: 280px) 100vw, 280px\" \/>                                                              <\/div>\n              <div class=\"box-text text-center\" >\n                 <p><\/p>\n              <\/div>\n            <\/div>\n            <\/a>          <\/div>\n         <\/div><div class=\"gallery-col col\" >\n          <div class=\"col-inner\">\n            <a class=\"image-lightbox lightbox-gallery\" href=\"https:\/\/www.montanheiros.com\/wp-content\/uploads\/2024\/06\/438773532_8586333681394498_1050775437648752666_n-1400x647.jpg\" title=\"\">            <div class=\"box has-hover gallery-box box-none\">\n              <div class=\"box-image\" style=\"width:63%;\">\n                <img loading=\"lazy\" decoding=\"async\" width=\"280\" height=\"280\" src=\"https:\/\/www.montanheiros.com\/wp-content\/uploads\/2024\/06\/438773532_8586333681394498_1050775437648752666_n-280x280.jpg\" class=\"attachment-thumbnail size-thumbnail\" alt=\"\" ids=\"16744,16745,16746,16747,16748,16749,16750,16751\" style=\"none\" type=\"slider\" columns=\"1\" image_width=\"63\" image_size=\"thumbnail\" text_align=\"center\" srcset=\"https:\/\/www.montanheiros.com\/wp-content\/uploads\/2024\/06\/438773532_8586333681394498_1050775437648752666_n-280x280.jpg 280w, https:\/\/www.montanheiros.com\/wp-content\/uploads\/2024\/06\/438773532_8586333681394498_1050775437648752666_n-300x300.jpg 300w, https:\/\/www.montanheiros.com\/wp-content\/uploads\/2024\/06\/438773532_8586333681394498_1050775437648752666_n-100x100.jpg 100w\" sizes=\"auto, (max-width: 280px) 100vw, 280px\" \/>                                                              <\/div>\n              <div class=\"box-text text-center\" >\n                 <p><\/p>\n              <\/div>\n            <\/div>\n            <\/a>          <\/div>\n         <\/div><\/div>\n\n\n\t\t<\/div>\n\t\t\t\t\t<\/div>\n\n\t\n\n\t<div id=\"col-823451351\" class=\"col medium-4 small-12 large-4\"  >\n\t\t\t\t<div class=\"col-inner\"  >\n\t\t\t\n\t\t\t\n\n<p>Passeio ao Biscoito das \u00c1guas e Faj\u00e3 do Meio, 24mar2024 &#8211; ilha Terceira<\/p>\n\n  \n    <div class=\"row large-columns-1 medium-columns- small-columns- row-full-width slider row-slider slider-nav-reveal\"  data-flickity-options='{\"imagesLoaded\": true, \"groupCells\": \"100%\", \"dragThreshold\" : 5, \"cellAlign\": \"left\",\"wrapAround\": true,\"prevNextButtons\": true,\"percentPosition\": true,\"pageDots\": false, \"rightToLeft\": false, \"autoPlay\" : false}'>\n\n  <div class=\"gallery-col col\" >\n          <div class=\"col-inner\">\n            <a class=\"image-lightbox lightbox-gallery\" href=\"https:\/\/www.montanheiros.com\/wp-content\/uploads\/2024\/03\/432773975_8466082036752997_8599562481742102934_n-1067x800.jpg\" title=\"\">            <div class=\"box has-hover gallery-box box-none\">\n              <div class=\"box-image\" style=\"width:63%;\">\n                <img loading=\"lazy\" decoding=\"async\" width=\"280\" height=\"280\" src=\"https:\/\/www.montanheiros.com\/wp-content\/uploads\/2024\/03\/432773975_8466082036752997_8599562481742102934_n-280x280.jpg\" class=\"attachment-thumbnail size-thumbnail\" alt=\"\" ids=\"16599,16600,16601,16602,16603,16604,16605,16606,16607,16608,16609,16610,16611,16612,16613,16614,16615,16616,16617,16618,16619,16620,16621,16622\" style=\"none\" type=\"slider\" columns=\"1\" image_width=\"63\" image_size=\"thumbnail\" text_align=\"center\" srcset=\"https:\/\/www.montanheiros.com\/wp-content\/uploads\/2024\/03\/432773975_8466082036752997_8599562481742102934_n-280x280.jpg 280w, https:\/\/www.montanheiros.com\/wp-content\/uploads\/2024\/03\/432773975_8466082036752997_8599562481742102934_n-300x300.jpg 300w, https:\/\/www.montanheiros.com\/wp-content\/uploads\/2024\/03\/432773975_8466082036752997_8599562481742102934_n-100x100.jpg 100w\" sizes=\"auto, (max-width: 280px) 100vw, 280px\" \/>                                                              <\/div>\n              <div class=\"box-text text-center\" >\n                 <p><\/p>\n              <\/div>\n            <\/div>\n            <\/a>          <\/div>\n         <\/div><div class=\"gallery-col col\" >\n          <div class=\"col-inner\">\n            <a class=\"image-lightbox lightbox-gallery\" href=\"https:\/\/www.montanheiros.com\/wp-content\/uploads\/2024\/03\/432777210_8466084240086110_4341366673592310337_n-1067x800.jpg\" title=\"\">            <div class=\"box has-hover gallery-box box-none\">\n              <div class=\"box-image\" style=\"width:63%;\">\n                <img loading=\"lazy\" decoding=\"async\" width=\"280\" height=\"280\" src=\"https:\/\/www.montanheiros.com\/wp-content\/uploads\/2024\/03\/432777210_8466084240086110_4341366673592310337_n-280x280.jpg\" class=\"attachment-thumbnail size-thumbnail\" alt=\"\" ids=\"16599,16600,16601,16602,16603,16604,16605,16606,16607,16608,16609,16610,16611,16612,16613,16614,16615,16616,16617,16618,16619,16620,16621,16622\" style=\"none\" type=\"slider\" columns=\"1\" image_width=\"63\" image_size=\"thumbnail\" text_align=\"center\" srcset=\"https:\/\/www.montanheiros.com\/wp-content\/uploads\/2024\/03\/432777210_8466084240086110_4341366673592310337_n-280x280.jpg 280w, https:\/\/www.montanheiros.com\/wp-content\/uploads\/2024\/03\/432777210_8466084240086110_4341366673592310337_n-300x300.jpg 300w, https:\/\/www.montanheiros.com\/wp-content\/uploads\/2024\/03\/432777210_8466084240086110_4341366673592310337_n-100x100.jpg 100w\" sizes=\"auto, (max-width: 280px) 100vw, 280px\" \/>                                                              <\/div>\n              <div class=\"box-text text-center\" >\n                 <p><\/p>\n              <\/div>\n            <\/div>\n            <\/a>          <\/div>\n         <\/div><div class=\"gallery-col col\" >\n          <div class=\"col-inner\">\n            <a class=\"image-lightbox lightbox-gallery\" href=\"https:\/\/www.montanheiros.com\/wp-content\/uploads\/2024\/03\/432777519_8466083976752803_5779843279434860290_n-1199x800.jpg\" title=\"\">            <div class=\"box has-hover gallery-box box-none\">\n              <div class=\"box-image\" style=\"width:63%;\">\n                <img loading=\"lazy\" decoding=\"async\" width=\"280\" height=\"280\" src=\"https:\/\/www.montanheiros.com\/wp-content\/uploads\/2024\/03\/432777519_8466083976752803_5779843279434860290_n-280x280.jpg\" class=\"attachment-thumbnail size-thumbnail\" alt=\"\" ids=\"16599,16600,16601,16602,16603,16604,16605,16606,16607,16608,16609,16610,16611,16612,16613,16614,16615,16616,16617,16618,16619,16620,16621,16622\" style=\"none\" type=\"slider\" columns=\"1\" image_width=\"63\" image_size=\"thumbnail\" text_align=\"center\" srcset=\"https:\/\/www.montanheiros.com\/wp-content\/uploads\/2024\/03\/432777519_8466083976752803_5779843279434860290_n-280x280.jpg 280w, https:\/\/www.montanheiros.com\/wp-content\/uploads\/2024\/03\/432777519_8466083976752803_5779843279434860290_n-300x300.jpg 300w, https:\/\/www.montanheiros.com\/wp-content\/uploads\/2024\/03\/432777519_8466083976752803_5779843279434860290_n-100x100.jpg 100w\" sizes=\"auto, (max-width: 280px) 100vw, 280px\" \/>                                                              <\/div>\n              <div class=\"box-text text-center\" >\n                 <p><\/p>\n              <\/div>\n            <\/div>\n            <\/a>          <\/div>\n         <\/div><div class=\"gallery-col col\" >\n          <div class=\"col-inner\">\n            <a class=\"image-lightbox lightbox-gallery\" href=\"https:\/\/www.montanheiros.com\/wp-content\/uploads\/2024\/03\/432777695_8466082770086257_8306112474555852865_n-1200x800.jpg\" title=\"\">            <div class=\"box has-hover gallery-box box-none\">\n              <div class=\"box-image\" style=\"width:63%;\">\n                <img loading=\"lazy\" decoding=\"async\" width=\"280\" height=\"280\" src=\"https:\/\/www.montanheiros.com\/wp-content\/uploads\/2024\/03\/432777695_8466082770086257_8306112474555852865_n-280x280.jpg\" class=\"attachment-thumbnail size-thumbnail\" alt=\"\" ids=\"16599,16600,16601,16602,16603,16604,16605,16606,16607,16608,16609,16610,16611,16612,16613,16614,16615,16616,16617,16618,16619,16620,16621,16622\" style=\"none\" type=\"slider\" columns=\"1\" image_width=\"63\" image_size=\"thumbnail\" text_align=\"center\" srcset=\"https:\/\/www.montanheiros.com\/wp-content\/uploads\/2024\/03\/432777695_8466082770086257_8306112474555852865_n-280x280.jpg 280w, https:\/\/www.montanheiros.com\/wp-content\/uploads\/2024\/03\/432777695_8466082770086257_8306112474555852865_n-300x300.jpg 300w, https:\/\/www.montanheiros.com\/wp-content\/uploads\/2024\/03\/432777695_8466082770086257_8306112474555852865_n-100x100.jpg 100w\" sizes=\"auto, (max-width: 280px) 100vw, 280px\" \/>                                                              <\/div>\n              <div class=\"box-text text-center\" >\n                 <p><\/p>\n              <\/div>\n            <\/div>\n            <\/a>          <\/div>\n         <\/div><div class=\"gallery-col col\" >\n          <div class=\"col-inner\">\n            <a class=\"image-lightbox lightbox-gallery\" href=\"https:\/\/www.montanheiros.com\/wp-content\/uploads\/2024\/03\/432782887_8466081463419721_7436129055466402053_n-1067x800.jpg\" title=\"\">            <div class=\"box has-hover gallery-box box-none\">\n              <div class=\"box-image\" style=\"width:63%;\">\n                <img loading=\"lazy\" decoding=\"async\" width=\"280\" height=\"280\" src=\"https:\/\/www.montanheiros.com\/wp-content\/uploads\/2024\/03\/432782887_8466081463419721_7436129055466402053_n-280x280.jpg\" class=\"attachment-thumbnail size-thumbnail\" alt=\"\" ids=\"16599,16600,16601,16602,16603,16604,16605,16606,16607,16608,16609,16610,16611,16612,16613,16614,16615,16616,16617,16618,16619,16620,16621,16622\" style=\"none\" type=\"slider\" columns=\"1\" image_width=\"63\" image_size=\"thumbnail\" text_align=\"center\" srcset=\"https:\/\/www.montanheiros.com\/wp-content\/uploads\/2024\/03\/432782887_8466081463419721_7436129055466402053_n-280x280.jpg 280w, https:\/\/www.montanheiros.com\/wp-content\/uploads\/2024\/03\/432782887_8466081463419721_7436129055466402053_n-300x300.jpg 300w, https:\/\/www.montanheiros.com\/wp-content\/uploads\/2024\/03\/432782887_8466081463419721_7436129055466402053_n-100x100.jpg 100w\" sizes=\"auto, (max-width: 280px) 100vw, 280px\" \/>                                                              <\/div>\n              <div class=\"box-text text-center\" >\n                 <p><\/p>\n              <\/div>\n            <\/div>\n            <\/a>          <\/div>\n         <\/div><div class=\"gallery-col col\" >\n          <div class=\"col-inner\">\n            <a class=\"image-lightbox lightbox-gallery\" href=\"https:\/\/www.montanheiros.com\/wp-content\/uploads\/2024\/03\/432784301_8466084206752780_8803642942723999939_n-1067x800.jpg\" title=\"\">            <div class=\"box has-hover gallery-box box-none\">\n              <div class=\"box-image\" style=\"width:63%;\">\n                <img loading=\"lazy\" decoding=\"async\" width=\"280\" height=\"280\" src=\"https:\/\/www.montanheiros.com\/wp-content\/uploads\/2024\/03\/432784301_8466084206752780_8803642942723999939_n-280x280.jpg\" class=\"attachment-thumbnail size-thumbnail\" alt=\"\" ids=\"16599,16600,16601,16602,16603,16604,16605,16606,16607,16608,16609,16610,16611,16612,16613,16614,16615,16616,16617,16618,16619,16620,16621,16622\" style=\"none\" type=\"slider\" columns=\"1\" image_width=\"63\" image_size=\"thumbnail\" text_align=\"center\" srcset=\"https:\/\/www.montanheiros.com\/wp-content\/uploads\/2024\/03\/432784301_8466084206752780_8803642942723999939_n-280x280.jpg 280w, https:\/\/www.montanheiros.com\/wp-content\/uploads\/2024\/03\/432784301_8466084206752780_8803642942723999939_n-300x300.jpg 300w, https:\/\/www.montanheiros.com\/wp-content\/uploads\/2024\/03\/432784301_8466084206752780_8803642942723999939_n-100x100.jpg 100w\" sizes=\"auto, (max-width: 280px) 100vw, 280px\" \/>                                                              <\/div>\n              <div class=\"box-text text-center\" >\n                 <p><\/p>\n              <\/div>\n            <\/div>\n            <\/a>          <\/div>\n         <\/div><div class=\"gallery-col col\" >\n          <div class=\"col-inner\">\n            <a class=\"image-lightbox lightbox-gallery\" href=\"https:\/\/www.montanheiros.com\/wp-content\/uploads\/2024\/03\/432787646_8466084886752712_2509512756728673516_n-1200x800.jpg\" title=\"\">            <div class=\"box has-hover gallery-box box-none\">\n              <div class=\"box-image\" style=\"width:63%;\">\n                <img loading=\"lazy\" decoding=\"async\" width=\"280\" height=\"280\" src=\"https:\/\/www.montanheiros.com\/wp-content\/uploads\/2024\/03\/432787646_8466084886752712_2509512756728673516_n-280x280.jpg\" class=\"attachment-thumbnail size-thumbnail\" alt=\"\" ids=\"16599,16600,16601,16602,16603,16604,16605,16606,16607,16608,16609,16610,16611,16612,16613,16614,16615,16616,16617,16618,16619,16620,16621,16622\" style=\"none\" type=\"slider\" columns=\"1\" image_width=\"63\" image_size=\"thumbnail\" text_align=\"center\" srcset=\"https:\/\/www.montanheiros.com\/wp-content\/uploads\/2024\/03\/432787646_8466084886752712_2509512756728673516_n-280x280.jpg 280w, https:\/\/www.montanheiros.com\/wp-content\/uploads\/2024\/03\/432787646_8466084886752712_2509512756728673516_n-300x300.jpg 300w, https:\/\/www.montanheiros.com\/wp-content\/uploads\/2024\/03\/432787646_8466084886752712_2509512756728673516_n-100x100.jpg 100w\" sizes=\"auto, (max-width: 280px) 100vw, 280px\" \/>                                                              <\/div>\n              <div class=\"box-text text-center\" >\n                 <p><\/p>\n              <\/div>\n            <\/div>\n            <\/a>          <\/div>\n         <\/div><div class=\"gallery-col col\" >\n          <div class=\"col-inner\">\n            <a class=\"image-lightbox lightbox-gallery\" href=\"https:\/\/www.montanheiros.com\/wp-content\/uploads\/2024\/03\/432788417_8466082546752946_155464395440566719_n-1067x800.jpg\" title=\"\">            <div class=\"box has-hover gallery-box box-none\">\n              <div class=\"box-image\" style=\"width:63%;\">\n                <img loading=\"lazy\" decoding=\"async\" width=\"280\" height=\"280\" src=\"https:\/\/www.montanheiros.com\/wp-content\/uploads\/2024\/03\/432788417_8466082546752946_155464395440566719_n-280x280.jpg\" class=\"attachment-thumbnail size-thumbnail\" alt=\"\" ids=\"16599,16600,16601,16602,16603,16604,16605,16606,16607,16608,16609,16610,16611,16612,16613,16614,16615,16616,16617,16618,16619,16620,16621,16622\" style=\"none\" type=\"slider\" columns=\"1\" image_width=\"63\" image_size=\"thumbnail\" text_align=\"center\" srcset=\"https:\/\/www.montanheiros.com\/wp-content\/uploads\/2024\/03\/432788417_8466082546752946_155464395440566719_n-280x280.jpg 280w, https:\/\/www.montanheiros.com\/wp-content\/uploads\/2024\/03\/432788417_8466082546752946_155464395440566719_n-300x300.jpg 300w, https:\/\/www.montanheiros.com\/wp-content\/uploads\/2024\/03\/432788417_8466082546752946_155464395440566719_n-100x100.jpg 100w\" sizes=\"auto, (max-width: 280px) 100vw, 280px\" \/>                                                              <\/div>\n              <div class=\"box-text text-center\" >\n                 <p><\/p>\n              <\/div>\n            <\/div>\n            <\/a>          <\/div>\n         <\/div><div class=\"gallery-col col\" >\n          <div class=\"col-inner\">\n            <a class=\"image-lightbox lightbox-gallery\" href=\"https:\/\/www.montanheiros.com\/wp-content\/uploads\/2024\/03\/432835878_8466082860086248_7968552779746406984_n-1067x800.jpg\" title=\"\">            <div class=\"box has-hover gallery-box box-none\">\n              <div class=\"box-image\" style=\"width:63%;\">\n                <img loading=\"lazy\" decoding=\"async\" width=\"280\" height=\"280\" src=\"https:\/\/www.montanheiros.com\/wp-content\/uploads\/2024\/03\/432835878_8466082860086248_7968552779746406984_n-280x280.jpg\" class=\"attachment-thumbnail size-thumbnail\" alt=\"\" ids=\"16599,16600,16601,16602,16603,16604,16605,16606,16607,16608,16609,16610,16611,16612,16613,16614,16615,16616,16617,16618,16619,16620,16621,16622\" style=\"none\" type=\"slider\" columns=\"1\" image_width=\"63\" image_size=\"thumbnail\" text_align=\"center\" srcset=\"https:\/\/www.montanheiros.com\/wp-content\/uploads\/2024\/03\/432835878_8466082860086248_7968552779746406984_n-280x280.jpg 280w, https:\/\/www.montanheiros.com\/wp-content\/uploads\/2024\/03\/432835878_8466082860086248_7968552779746406984_n-300x300.jpg 300w, https:\/\/www.montanheiros.com\/wp-content\/uploads\/2024\/03\/432835878_8466082860086248_7968552779746406984_n-100x100.jpg 100w\" sizes=\"auto, (max-width: 280px) 100vw, 280px\" \/>                                                              <\/div>\n              <div class=\"box-text text-center\" >\n                 <p><\/p>\n              <\/div>\n            <\/div>\n            <\/a>          <\/div>\n         <\/div><div class=\"gallery-col col\" >\n          <div class=\"col-inner\">\n            <a class=\"image-lightbox lightbox-gallery\" href=\"https:\/\/www.montanheiros.com\/wp-content\/uploads\/2024\/03\/432912134_8466081736753027_5707766253830099781_n-533x800.jpg\" title=\"\">            <div class=\"box has-hover gallery-box box-none\">\n              <div class=\"box-image\" style=\"width:63%;\">\n                <img loading=\"lazy\" decoding=\"async\" width=\"280\" height=\"280\" src=\"https:\/\/www.montanheiros.com\/wp-content\/uploads\/2024\/03\/432912134_8466081736753027_5707766253830099781_n-280x280.jpg\" class=\"attachment-thumbnail size-thumbnail\" alt=\"\" ids=\"16599,16600,16601,16602,16603,16604,16605,16606,16607,16608,16609,16610,16611,16612,16613,16614,16615,16616,16617,16618,16619,16620,16621,16622\" style=\"none\" type=\"slider\" columns=\"1\" image_width=\"63\" image_size=\"thumbnail\" text_align=\"center\" srcset=\"https:\/\/www.montanheiros.com\/wp-content\/uploads\/2024\/03\/432912134_8466081736753027_5707766253830099781_n-280x280.jpg 280w, https:\/\/www.montanheiros.com\/wp-content\/uploads\/2024\/03\/432912134_8466081736753027_5707766253830099781_n-300x300.jpg 300w, https:\/\/www.montanheiros.com\/wp-content\/uploads\/2024\/03\/432912134_8466081736753027_5707766253830099781_n-100x100.jpg 100w\" sizes=\"auto, (max-width: 280px) 100vw, 280px\" \/>                                                              <\/div>\n              <div class=\"box-text text-center\" >\n                 <p><\/p>\n              <\/div>\n            <\/div>\n            <\/a>          <\/div>\n         <\/div><div class=\"gallery-col col\" >\n          <div class=\"col-inner\">\n            <a class=\"image-lightbox lightbox-gallery\" href=\"https:\/\/www.montanheiros.com\/wp-content\/uploads\/2024\/03\/432913940_8466081730086361_3138787807554812171_n-1067x800.jpg\" title=\"\">            <div class=\"box has-hover gallery-box box-none\">\n              <div class=\"box-image\" style=\"width:63%;\">\n                <img loading=\"lazy\" decoding=\"async\" width=\"280\" height=\"280\" src=\"https:\/\/www.montanheiros.com\/wp-content\/uploads\/2024\/03\/432913940_8466081730086361_3138787807554812171_n-280x280.jpg\" class=\"attachment-thumbnail size-thumbnail\" alt=\"\" ids=\"16599,16600,16601,16602,16603,16604,16605,16606,16607,16608,16609,16610,16611,16612,16613,16614,16615,16616,16617,16618,16619,16620,16621,16622\" style=\"none\" type=\"slider\" columns=\"1\" image_width=\"63\" image_size=\"thumbnail\" text_align=\"center\" srcset=\"https:\/\/www.montanheiros.com\/wp-content\/uploads\/2024\/03\/432913940_8466081730086361_3138787807554812171_n-280x280.jpg 280w, https:\/\/www.montanheiros.com\/wp-content\/uploads\/2024\/03\/432913940_8466081730086361_3138787807554812171_n-300x300.jpg 300w, https:\/\/www.montanheiros.com\/wp-content\/uploads\/2024\/03\/432913940_8466081730086361_3138787807554812171_n-100x100.jpg 100w\" sizes=\"auto, (max-width: 280px) 100vw, 280px\" \/>                                                              <\/div>\n              <div class=\"box-text text-center\" >\n                 <p><\/p>\n              <\/div>\n            <\/div>\n            <\/a>          <\/div>\n         <\/div><div class=\"gallery-col col\" >\n          <div class=\"col-inner\">\n            <a class=\"image-lightbox lightbox-gallery\" href=\"https:\/\/www.montanheiros.com\/wp-content\/uploads\/2024\/03\/432934708_8466082076752993_456746909895613552_n-1067x800.jpg\" title=\"\">            <div class=\"box has-hover gallery-box box-none\">\n              <div class=\"box-image\" style=\"width:63%;\">\n                <img loading=\"lazy\" decoding=\"async\" width=\"280\" height=\"280\" src=\"https:\/\/www.montanheiros.com\/wp-content\/uploads\/2024\/03\/432934708_8466082076752993_456746909895613552_n-280x280.jpg\" class=\"attachment-thumbnail size-thumbnail\" alt=\"\" ids=\"16599,16600,16601,16602,16603,16604,16605,16606,16607,16608,16609,16610,16611,16612,16613,16614,16615,16616,16617,16618,16619,16620,16621,16622\" style=\"none\" type=\"slider\" columns=\"1\" image_width=\"63\" image_size=\"thumbnail\" text_align=\"center\" srcset=\"https:\/\/www.montanheiros.com\/wp-content\/uploads\/2024\/03\/432934708_8466082076752993_456746909895613552_n-280x280.jpg 280w, https:\/\/www.montanheiros.com\/wp-content\/uploads\/2024\/03\/432934708_8466082076752993_456746909895613552_n-300x300.jpg 300w, https:\/\/www.montanheiros.com\/wp-content\/uploads\/2024\/03\/432934708_8466082076752993_456746909895613552_n-100x100.jpg 100w\" sizes=\"auto, (max-width: 280px) 100vw, 280px\" \/>                                                              <\/div>\n              <div class=\"box-text text-center\" >\n                 <p><\/p>\n              <\/div>\n            <\/div>\n            <\/a>          <\/div>\n         <\/div><div class=\"gallery-col col\" >\n          <div class=\"col-inner\">\n            <a class=\"image-lightbox lightbox-gallery\" href=\"https:\/\/www.montanheiros.com\/wp-content\/uploads\/2024\/03\/432946249_8466081393419728_5452780030611162451_n-1067x800.jpg\" title=\"\">            <div class=\"box has-hover gallery-box box-none\">\n              <div class=\"box-image\" style=\"width:63%;\">\n                <img loading=\"lazy\" decoding=\"async\" width=\"280\" height=\"280\" src=\"https:\/\/www.montanheiros.com\/wp-content\/uploads\/2024\/03\/432946249_8466081393419728_5452780030611162451_n-280x280.jpg\" class=\"attachment-thumbnail size-thumbnail\" alt=\"\" ids=\"16599,16600,16601,16602,16603,16604,16605,16606,16607,16608,16609,16610,16611,16612,16613,16614,16615,16616,16617,16618,16619,16620,16621,16622\" style=\"none\" type=\"slider\" columns=\"1\" image_width=\"63\" image_size=\"thumbnail\" text_align=\"center\" srcset=\"https:\/\/www.montanheiros.com\/wp-content\/uploads\/2024\/03\/432946249_8466081393419728_5452780030611162451_n-280x280.jpg 280w, https:\/\/www.montanheiros.com\/wp-content\/uploads\/2024\/03\/432946249_8466081393419728_5452780030611162451_n-300x300.jpg 300w, https:\/\/www.montanheiros.com\/wp-content\/uploads\/2024\/03\/432946249_8466081393419728_5452780030611162451_n-100x100.jpg 100w\" sizes=\"auto, (max-width: 280px) 100vw, 280px\" \/>                                                              <\/div>\n              <div class=\"box-text text-center\" >\n                 <p><\/p>\n              <\/div>\n            <\/div>\n            <\/a>          <\/div>\n         <\/div><div class=\"gallery-col col\" >\n          <div class=\"col-inner\">\n            <a class=\"image-lightbox lightbox-gallery\" href=\"https:\/\/www.montanheiros.com\/wp-content\/uploads\/2024\/03\/432971608_8466083333419534_8764509277882742912_n-1067x800.jpg\" title=\"\">            <div class=\"box has-hover gallery-box box-none\">\n              <div class=\"box-image\" style=\"width:63%;\">\n                <img loading=\"lazy\" decoding=\"async\" width=\"280\" height=\"280\" src=\"https:\/\/www.montanheiros.com\/wp-content\/uploads\/2024\/03\/432971608_8466083333419534_8764509277882742912_n-280x280.jpg\" class=\"attachment-thumbnail size-thumbnail\" alt=\"\" ids=\"16599,16600,16601,16602,16603,16604,16605,16606,16607,16608,16609,16610,16611,16612,16613,16614,16615,16616,16617,16618,16619,16620,16621,16622\" style=\"none\" type=\"slider\" columns=\"1\" image_width=\"63\" image_size=\"thumbnail\" text_align=\"center\" srcset=\"https:\/\/www.montanheiros.com\/wp-content\/uploads\/2024\/03\/432971608_8466083333419534_8764509277882742912_n-280x280.jpg 280w, https:\/\/www.montanheiros.com\/wp-content\/uploads\/2024\/03\/432971608_8466083333419534_8764509277882742912_n-300x300.jpg 300w, https:\/\/www.montanheiros.com\/wp-content\/uploads\/2024\/03\/432971608_8466083333419534_8764509277882742912_n-100x100.jpg 100w\" sizes=\"auto, (max-width: 280px) 100vw, 280px\" \/>                                                              <\/div>\n              <div class=\"box-text text-center\" >\n                 <p><\/p>\n              <\/div>\n            <\/div>\n            <\/a>          <\/div>\n         <\/div><div class=\"gallery-col col\" >\n          <div class=\"col-inner\">\n            <a class=\"image-lightbox lightbox-gallery\" href=\"https:\/\/www.montanheiros.com\/wp-content\/uploads\/2024\/03\/432987702_8466082073419660_285646336013247568_n-1067x800.jpg\" title=\"\">            <div class=\"box has-hover gallery-box box-none\">\n              <div class=\"box-image\" style=\"width:63%;\">\n                <img loading=\"lazy\" decoding=\"async\" width=\"280\" height=\"280\" src=\"https:\/\/www.montanheiros.com\/wp-content\/uploads\/2024\/03\/432987702_8466082073419660_285646336013247568_n-280x280.jpg\" class=\"attachment-thumbnail size-thumbnail\" alt=\"\" ids=\"16599,16600,16601,16602,16603,16604,16605,16606,16607,16608,16609,16610,16611,16612,16613,16614,16615,16616,16617,16618,16619,16620,16621,16622\" style=\"none\" type=\"slider\" columns=\"1\" image_width=\"63\" image_size=\"thumbnail\" text_align=\"center\" srcset=\"https:\/\/www.montanheiros.com\/wp-content\/uploads\/2024\/03\/432987702_8466082073419660_285646336013247568_n-280x280.jpg 280w, https:\/\/www.montanheiros.com\/wp-content\/uploads\/2024\/03\/432987702_8466082073419660_285646336013247568_n-300x300.jpg 300w, https:\/\/www.montanheiros.com\/wp-content\/uploads\/2024\/03\/432987702_8466082073419660_285646336013247568_n-100x100.jpg 100w\" sizes=\"auto, (max-width: 280px) 100vw, 280px\" \/>                                                              <\/div>\n              <div class=\"box-text text-center\" >\n                 <p><\/p>\n              <\/div>\n            <\/div>\n            <\/a>          <\/div>\n         <\/div><div class=\"gallery-col col\" >\n          <div class=\"col-inner\">\n            <a class=\"image-lightbox lightbox-gallery\" href=\"https:\/\/www.montanheiros.com\/wp-content\/uploads\/2024\/03\/433135373_8466082933419574_2736343262017754620_n-1067x800.jpg\" title=\"\">            <div class=\"box has-hover gallery-box box-none\">\n              <div class=\"box-image\" style=\"width:63%;\">\n                <img loading=\"lazy\" decoding=\"async\" width=\"280\" height=\"280\" src=\"https:\/\/www.montanheiros.com\/wp-content\/uploads\/2024\/03\/433135373_8466082933419574_2736343262017754620_n-280x280.jpg\" class=\"attachment-thumbnail size-thumbnail\" alt=\"\" ids=\"16599,16600,16601,16602,16603,16604,16605,16606,16607,16608,16609,16610,16611,16612,16613,16614,16615,16616,16617,16618,16619,16620,16621,16622\" style=\"none\" type=\"slider\" columns=\"1\" image_width=\"63\" image_size=\"thumbnail\" text_align=\"center\" srcset=\"https:\/\/www.montanheiros.com\/wp-content\/uploads\/2024\/03\/433135373_8466082933419574_2736343262017754620_n-280x280.jpg 280w, https:\/\/www.montanheiros.com\/wp-content\/uploads\/2024\/03\/433135373_8466082933419574_2736343262017754620_n-300x300.jpg 300w, https:\/\/www.montanheiros.com\/wp-content\/uploads\/2024\/03\/433135373_8466082933419574_2736343262017754620_n-100x100.jpg 100w\" sizes=\"auto, (max-width: 280px) 100vw, 280px\" \/>                                                              <\/div>\n              <div class=\"box-text text-center\" >\n                 <p><\/p>\n              <\/div>\n            <\/div>\n            <\/a>          <\/div>\n         <\/div><div class=\"gallery-col col\" >\n          <div class=\"col-inner\">\n            <a class=\"image-lightbox lightbox-gallery\" href=\"https:\/\/www.montanheiros.com\/wp-content\/uploads\/2024\/03\/433411252_8466081370086397_2204265122075361551_n-1067x800.jpg\" title=\"\">            <div class=\"box has-hover gallery-box box-none\">\n              <div class=\"box-image\" style=\"width:63%;\">\n                <img loading=\"lazy\" decoding=\"async\" width=\"280\" height=\"280\" src=\"https:\/\/www.montanheiros.com\/wp-content\/uploads\/2024\/03\/433411252_8466081370086397_2204265122075361551_n-280x280.jpg\" class=\"attachment-thumbnail size-thumbnail\" alt=\"\" ids=\"16599,16600,16601,16602,16603,16604,16605,16606,16607,16608,16609,16610,16611,16612,16613,16614,16615,16616,16617,16618,16619,16620,16621,16622\" style=\"none\" type=\"slider\" columns=\"1\" image_width=\"63\" image_size=\"thumbnail\" text_align=\"center\" srcset=\"https:\/\/www.montanheiros.com\/wp-content\/uploads\/2024\/03\/433411252_8466081370086397_2204265122075361551_n-280x280.jpg 280w, https:\/\/www.montanheiros.com\/wp-content\/uploads\/2024\/03\/433411252_8466081370086397_2204265122075361551_n-300x300.jpg 300w, https:\/\/www.montanheiros.com\/wp-content\/uploads\/2024\/03\/433411252_8466081370086397_2204265122075361551_n-100x100.jpg 100w\" sizes=\"auto, (max-width: 280px) 100vw, 280px\" \/>                                                              <\/div>\n              <div class=\"box-text text-center\" >\n                 <p><\/p>\n              <\/div>\n            <\/div>\n            <\/a>          <\/div>\n         <\/div><div class=\"gallery-col col\" >\n          <div class=\"col-inner\">\n            <a class=\"image-lightbox lightbox-gallery\" href=\"https:\/\/www.montanheiros.com\/wp-content\/uploads\/2024\/03\/433469340_8466083010086233_5618569946140962905_n-1200x800.jpg\" title=\"\">            <div class=\"box has-hover gallery-box box-none\">\n              <div class=\"box-image\" style=\"width:63%;\">\n                <img loading=\"lazy\" decoding=\"async\" width=\"280\" height=\"280\" src=\"https:\/\/www.montanheiros.com\/wp-content\/uploads\/2024\/03\/433469340_8466083010086233_5618569946140962905_n-280x280.jpg\" class=\"attachment-thumbnail size-thumbnail\" alt=\"\" ids=\"16599,16600,16601,16602,16603,16604,16605,16606,16607,16608,16609,16610,16611,16612,16613,16614,16615,16616,16617,16618,16619,16620,16621,16622\" style=\"none\" type=\"slider\" columns=\"1\" image_width=\"63\" image_size=\"thumbnail\" text_align=\"center\" srcset=\"https:\/\/www.montanheiros.com\/wp-content\/uploads\/2024\/03\/433469340_8466083010086233_5618569946140962905_n-280x280.jpg 280w, https:\/\/www.montanheiros.com\/wp-content\/uploads\/2024\/03\/433469340_8466083010086233_5618569946140962905_n-300x300.jpg 300w, https:\/\/www.montanheiros.com\/wp-content\/uploads\/2024\/03\/433469340_8466083010086233_5618569946140962905_n-100x100.jpg 100w\" sizes=\"auto, (max-width: 280px) 100vw, 280px\" \/>                                                              <\/div>\n              <div class=\"box-text text-center\" >\n                 <p><\/p>\n              <\/div>\n            <\/div>\n            <\/a>          <\/div>\n         <\/div><div class=\"gallery-col col\" >\n          <div class=\"col-inner\">\n            <a class=\"image-lightbox lightbox-gallery\" href=\"https:\/\/www.montanheiros.com\/wp-content\/uploads\/2024\/03\/433472096_8466083793419488_6708795613188173205_n-1067x800.jpg\" title=\"\">            <div class=\"box has-hover gallery-box box-none\">\n              <div class=\"box-image\" style=\"width:63%;\">\n                <img loading=\"lazy\" decoding=\"async\" width=\"280\" height=\"280\" src=\"https:\/\/www.montanheiros.com\/wp-content\/uploads\/2024\/03\/433472096_8466083793419488_6708795613188173205_n-280x280.jpg\" class=\"attachment-thumbnail size-thumbnail\" alt=\"\" ids=\"16599,16600,16601,16602,16603,16604,16605,16606,16607,16608,16609,16610,16611,16612,16613,16614,16615,16616,16617,16618,16619,16620,16621,16622\" style=\"none\" type=\"slider\" columns=\"1\" image_width=\"63\" image_size=\"thumbnail\" text_align=\"center\" srcset=\"https:\/\/www.montanheiros.com\/wp-content\/uploads\/2024\/03\/433472096_8466083793419488_6708795613188173205_n-280x280.jpg 280w, https:\/\/www.montanheiros.com\/wp-content\/uploads\/2024\/03\/433472096_8466083793419488_6708795613188173205_n-300x300.jpg 300w, https:\/\/www.montanheiros.com\/wp-content\/uploads\/2024\/03\/433472096_8466083793419488_6708795613188173205_n-100x100.jpg 100w\" sizes=\"auto, (max-width: 280px) 100vw, 280px\" \/>                                                              <\/div>\n              <div class=\"box-text text-center\" >\n                 <p><\/p>\n              <\/div>\n            <\/div>\n            <\/a>          <\/div>\n         <\/div><div class=\"gallery-col col\" >\n          <div class=\"col-inner\">\n            <a class=\"image-lightbox lightbox-gallery\" href=\"https:\/\/www.montanheiros.com\/wp-content\/uploads\/2024\/03\/433518293_8466081850086349_416683160835612867_n-1067x800.jpg\" title=\"\">            <div class=\"box has-hover gallery-box box-none\">\n              <div class=\"box-image\" style=\"width:63%;\">\n                <img loading=\"lazy\" decoding=\"async\" width=\"280\" height=\"280\" src=\"https:\/\/www.montanheiros.com\/wp-content\/uploads\/2024\/03\/433518293_8466081850086349_416683160835612867_n-280x280.jpg\" class=\"attachment-thumbnail size-thumbnail\" alt=\"\" ids=\"16599,16600,16601,16602,16603,16604,16605,16606,16607,16608,16609,16610,16611,16612,16613,16614,16615,16616,16617,16618,16619,16620,16621,16622\" style=\"none\" type=\"slider\" columns=\"1\" image_width=\"63\" image_size=\"thumbnail\" text_align=\"center\" srcset=\"https:\/\/www.montanheiros.com\/wp-content\/uploads\/2024\/03\/433518293_8466081850086349_416683160835612867_n-280x280.jpg 280w, https:\/\/www.montanheiros.com\/wp-content\/uploads\/2024\/03\/433518293_8466081850086349_416683160835612867_n-300x300.jpg 300w, https:\/\/www.montanheiros.com\/wp-content\/uploads\/2024\/03\/433518293_8466081850086349_416683160835612867_n-100x100.jpg 100w\" sizes=\"auto, (max-width: 280px) 100vw, 280px\" \/>                                                              <\/div>\n              <div class=\"box-text text-center\" >\n                 <p><\/p>\n              <\/div>\n            <\/div>\n            <\/a>          <\/div>\n         <\/div><div class=\"gallery-col col\" >\n          <div class=\"col-inner\">\n            <a class=\"image-lightbox lightbox-gallery\" href=\"https:\/\/www.montanheiros.com\/wp-content\/uploads\/2024\/03\/434120936_8466083290086205_4446147127265898525_n-1067x800.jpg\" title=\"\">            <div class=\"box has-hover gallery-box box-none\">\n              <div class=\"box-image\" style=\"width:63%;\">\n                <img loading=\"lazy\" decoding=\"async\" width=\"280\" height=\"280\" src=\"https:\/\/www.montanheiros.com\/wp-content\/uploads\/2024\/03\/434120936_8466083290086205_4446147127265898525_n-280x280.jpg\" class=\"attachment-thumbnail size-thumbnail\" alt=\"\" ids=\"16599,16600,16601,16602,16603,16604,16605,16606,16607,16608,16609,16610,16611,16612,16613,16614,16615,16616,16617,16618,16619,16620,16621,16622\" style=\"none\" type=\"slider\" columns=\"1\" image_width=\"63\" image_size=\"thumbnail\" text_align=\"center\" srcset=\"https:\/\/www.montanheiros.com\/wp-content\/uploads\/2024\/03\/434120936_8466083290086205_4446147127265898525_n-280x280.jpg 280w, https:\/\/www.montanheiros.com\/wp-content\/uploads\/2024\/03\/434120936_8466083290086205_4446147127265898525_n-300x300.jpg 300w, https:\/\/www.montanheiros.com\/wp-content\/uploads\/2024\/03\/434120936_8466083290086205_4446147127265898525_n-100x100.jpg 100w\" sizes=\"auto, (max-width: 280px) 100vw, 280px\" \/>                                                              <\/div>\n              <div class=\"box-text text-center\" >\n                 <p><\/p>\n              <\/div>\n            <\/div>\n            <\/a>          <\/div>\n         <\/div><div class=\"gallery-col col\" >\n          <div class=\"col-inner\">\n            <a class=\"image-lightbox lightbox-gallery\" href=\"https:\/\/www.montanheiros.com\/wp-content\/uploads\/2024\/03\/434122795_8466081770086357_5574421659373609290_n-1067x800.jpg\" title=\"\">            <div class=\"box has-hover gallery-box box-none\">\n              <div class=\"box-image\" style=\"width:63%;\">\n                <img loading=\"lazy\" decoding=\"async\" width=\"280\" height=\"280\" src=\"https:\/\/www.montanheiros.com\/wp-content\/uploads\/2024\/03\/434122795_8466081770086357_5574421659373609290_n-280x280.jpg\" class=\"attachment-thumbnail size-thumbnail\" alt=\"\" ids=\"16599,16600,16601,16602,16603,16604,16605,16606,16607,16608,16609,16610,16611,16612,16613,16614,16615,16616,16617,16618,16619,16620,16621,16622\" style=\"none\" type=\"slider\" columns=\"1\" image_width=\"63\" image_size=\"thumbnail\" text_align=\"center\" srcset=\"https:\/\/www.montanheiros.com\/wp-content\/uploads\/2024\/03\/434122795_8466081770086357_5574421659373609290_n-280x280.jpg 280w, https:\/\/www.montanheiros.com\/wp-content\/uploads\/2024\/03\/434122795_8466081770086357_5574421659373609290_n-300x300.jpg 300w, https:\/\/www.montanheiros.com\/wp-content\/uploads\/2024\/03\/434122795_8466081770086357_5574421659373609290_n-100x100.jpg 100w\" sizes=\"auto, (max-width: 280px) 100vw, 280px\" \/>                                                              <\/div>\n              <div class=\"box-text text-center\" >\n                 <p><\/p>\n              <\/div>\n            <\/div>\n            <\/a>          <\/div>\n         <\/div><div class=\"gallery-col col\" >\n          <div class=\"col-inner\">\n            <a class=\"image-lightbox lightbox-gallery\" href=\"https:\/\/www.montanheiros.com\/wp-content\/uploads\/2024\/03\/434125296_8466084983419369_8193344699614159137_n-1200x800.jpg\" title=\"\">            <div class=\"box has-hover gallery-box box-none\">\n              <div class=\"box-image\" style=\"width:63%;\">\n                <img loading=\"lazy\" decoding=\"async\" width=\"280\" height=\"280\" src=\"https:\/\/www.montanheiros.com\/wp-content\/uploads\/2024\/03\/434125296_8466084983419369_8193344699614159137_n-280x280.jpg\" class=\"attachment-thumbnail size-thumbnail\" alt=\"\" ids=\"16599,16600,16601,16602,16603,16604,16605,16606,16607,16608,16609,16610,16611,16612,16613,16614,16615,16616,16617,16618,16619,16620,16621,16622\" style=\"none\" type=\"slider\" columns=\"1\" image_width=\"63\" image_size=\"thumbnail\" text_align=\"center\" srcset=\"https:\/\/www.montanheiros.com\/wp-content\/uploads\/2024\/03\/434125296_8466084983419369_8193344699614159137_n-280x280.jpg 280w, https:\/\/www.montanheiros.com\/wp-content\/uploads\/2024\/03\/434125296_8466084983419369_8193344699614159137_n-300x300.jpg 300w, https:\/\/www.montanheiros.com\/wp-content\/uploads\/2024\/03\/434125296_8466084983419369_8193344699614159137_n-100x100.jpg 100w\" sizes=\"auto, (max-width: 280px) 100vw, 280px\" \/>                                                              <\/div>\n              <div class=\"box-text text-center\" >\n                 <p><\/p>\n              <\/div>\n            <\/div>\n            <\/a>          <\/div>\n         <\/div><div class=\"gallery-col col\" >\n          <div class=\"col-inner\">\n            <a class=\"image-lightbox lightbox-gallery\" href=\"https:\/\/www.montanheiros.com\/wp-content\/uploads\/2024\/03\/434125686_8466082450086289_3283990989520757619_n-1067x800.jpg\" title=\"\">            <div class=\"box has-hover gallery-box box-none\">\n              <div class=\"box-image\" style=\"width:63%;\">\n                <img loading=\"lazy\" decoding=\"async\" width=\"280\" height=\"280\" src=\"https:\/\/www.montanheiros.com\/wp-content\/uploads\/2024\/03\/434125686_8466082450086289_3283990989520757619_n-280x280.jpg\" class=\"attachment-thumbnail size-thumbnail\" alt=\"\" ids=\"16599,16600,16601,16602,16603,16604,16605,16606,16607,16608,16609,16610,16611,16612,16613,16614,16615,16616,16617,16618,16619,16620,16621,16622\" style=\"none\" type=\"slider\" columns=\"1\" image_width=\"63\" image_size=\"thumbnail\" text_align=\"center\" srcset=\"https:\/\/www.montanheiros.com\/wp-content\/uploads\/2024\/03\/434125686_8466082450086289_3283990989520757619_n-280x280.jpg 280w, https:\/\/www.montanheiros.com\/wp-content\/uploads\/2024\/03\/434125686_8466082450086289_3283990989520757619_n-300x300.jpg 300w, https:\/\/www.montanheiros.com\/wp-content\/uploads\/2024\/03\/434125686_8466082450086289_3283990989520757619_n-100x100.jpg 100w\" sizes=\"auto, (max-width: 280px) 100vw, 280px\" \/>                                                              <\/div>\n              <div class=\"box-text text-center\" >\n                 <p><\/p>\n              <\/div>\n            <\/div>\n            <\/a>          <\/div>\n         <\/div><\/div>\n\n\n\t\t<\/div>\n\t\t\t\t\t<\/div>\n\n\t\n\n<\/div>\n<div class=\"container section-title-container\" ><h4 class=\"section-title section-title-normal\"><b><\/b><span class=\"section-title-main\" >2023<\/span><b><\/b><\/h4><\/div>\n\n<div class=\"row\"  id=\"row-1377624720\">\n\n\n\t<div id=\"col-250391095\" class=\"col medium-4 small-12 large-4\"  >\n\t\t\t\t<div class=\"col-inner\"  >\n\t\t\t\n\t\t\t\n\n<p>Passeio ao Pico da Bagacina-Algar do Carv\u00e3o, 15out23 &#8211; ilha Terceira<\/p>\n\n  \n    <div class=\"row large-columns-1 medium-columns- small-columns- row-full-width slider row-slider slider-nav-reveal\"  data-flickity-options='{\"imagesLoaded\": true, \"groupCells\": \"100%\", \"dragThreshold\" : 5, \"cellAlign\": \"left\",\"wrapAround\": true,\"prevNextButtons\": true,\"percentPosition\": true,\"pageDots\": false, \"rightToLeft\": false, \"autoPlay\" : false}'>\n\n  <div class=\"gallery-col col\" >\n          <div class=\"col-inner\">\n            <a class=\"image-lightbox lightbox-gallery\" href=\"https:\/\/www.montanheiros.com\/wp-content\/uploads\/2024\/03\/384249813_7845145208846686_4325991402810951754_n-1200x800.jpg\" title=\"\">            <div class=\"box has-hover gallery-box box-none\">\n              <div class=\"box-image\" style=\"width:63%;\">\n                <img loading=\"lazy\" decoding=\"async\" width=\"280\" height=\"280\" src=\"https:\/\/www.montanheiros.com\/wp-content\/uploads\/2024\/03\/384249813_7845145208846686_4325991402810951754_n-280x280.jpg\" class=\"attachment-thumbnail size-thumbnail\" alt=\"\" ids=\"16464,16465,16466,16467,16468,16469,16470,16471,16472,16473,16474,16475,16476,16477,16478,16479,16480\" style=\"none\" type=\"slider\" columns=\"1\" image_width=\"63\" image_size=\"thumbnail\" text_align=\"center\" srcset=\"https:\/\/www.montanheiros.com\/wp-content\/uploads\/2024\/03\/384249813_7845145208846686_4325991402810951754_n-280x280.jpg 280w, https:\/\/www.montanheiros.com\/wp-content\/uploads\/2024\/03\/384249813_7845145208846686_4325991402810951754_n-300x300.jpg 300w, https:\/\/www.montanheiros.com\/wp-content\/uploads\/2024\/03\/384249813_7845145208846686_4325991402810951754_n-100x100.jpg 100w\" sizes=\"auto, (max-width: 280px) 100vw, 280px\" \/>                                                              <\/div>\n              <div class=\"box-text text-center\" >\n                 <p><\/p>\n              <\/div>\n            <\/div>\n            <\/a>          <\/div>\n         <\/div><div class=\"gallery-col col\" >\n          <div class=\"col-inner\">\n            <a class=\"image-lightbox lightbox-gallery\" href=\"https:\/\/www.montanheiros.com\/wp-content\/uploads\/2024\/03\/384258021_7845146058846601_1049533928297622929_n-1200x800.jpg\" title=\"\">            <div class=\"box has-hover gallery-box box-none\">\n              <div class=\"box-image\" style=\"width:63%;\">\n                <img loading=\"lazy\" decoding=\"async\" width=\"280\" height=\"280\" src=\"https:\/\/www.montanheiros.com\/wp-content\/uploads\/2024\/03\/384258021_7845146058846601_1049533928297622929_n-280x280.jpg\" class=\"attachment-thumbnail size-thumbnail\" alt=\"\" ids=\"16464,16465,16466,16467,16468,16469,16470,16471,16472,16473,16474,16475,16476,16477,16478,16479,16480\" style=\"none\" type=\"slider\" columns=\"1\" image_width=\"63\" image_size=\"thumbnail\" text_align=\"center\" srcset=\"https:\/\/www.montanheiros.com\/wp-content\/uploads\/2024\/03\/384258021_7845146058846601_1049533928297622929_n-280x280.jpg 280w, https:\/\/www.montanheiros.com\/wp-content\/uploads\/2024\/03\/384258021_7845146058846601_1049533928297622929_n-300x300.jpg 300w, https:\/\/www.montanheiros.com\/wp-content\/uploads\/2024\/03\/384258021_7845146058846601_1049533928297622929_n-100x100.jpg 100w\" sizes=\"auto, (max-width: 280px) 100vw, 280px\" \/>                                                              <\/div>\n              <div class=\"box-text text-center\" >\n                 <p><\/p>\n              <\/div>\n            <\/div>\n            <\/a>          <\/div>\n         <\/div><div class=\"gallery-col col\" >\n          <div class=\"col-inner\">\n            <a class=\"image-lightbox lightbox-gallery\" href=\"https:\/\/www.montanheiros.com\/wp-content\/uploads\/2024\/03\/384267609_7845145928846614_5544372642013406516_n-533x800.jpg\" title=\"\">            <div class=\"box has-hover gallery-box box-none\">\n              <div class=\"box-image\" style=\"width:63%;\">\n                <img loading=\"lazy\" decoding=\"async\" width=\"280\" height=\"280\" src=\"https:\/\/www.montanheiros.com\/wp-content\/uploads\/2024\/03\/384267609_7845145928846614_5544372642013406516_n-280x280.jpg\" class=\"attachment-thumbnail size-thumbnail\" alt=\"\" ids=\"16464,16465,16466,16467,16468,16469,16470,16471,16472,16473,16474,16475,16476,16477,16478,16479,16480\" style=\"none\" type=\"slider\" columns=\"1\" image_width=\"63\" image_size=\"thumbnail\" text_align=\"center\" srcset=\"https:\/\/www.montanheiros.com\/wp-content\/uploads\/2024\/03\/384267609_7845145928846614_5544372642013406516_n-280x280.jpg 280w, https:\/\/www.montanheiros.com\/wp-content\/uploads\/2024\/03\/384267609_7845145928846614_5544372642013406516_n-300x300.jpg 300w, https:\/\/www.montanheiros.com\/wp-content\/uploads\/2024\/03\/384267609_7845145928846614_5544372642013406516_n-100x100.jpg 100w\" sizes=\"auto, (max-width: 280px) 100vw, 280px\" \/>                                                              <\/div>\n              <div class=\"box-text text-center\" >\n                 <p><\/p>\n              <\/div>\n            <\/div>\n            <\/a>          <\/div>\n         <\/div><div class=\"gallery-col col\" >\n          <div class=\"col-inner\">\n            <a class=\"image-lightbox lightbox-gallery\" href=\"https:\/\/www.montanheiros.com\/wp-content\/uploads\/2024\/03\/384279110_7845149282179612_5832454126879189837_n-1200x800.jpg\" title=\"\">            <div class=\"box has-hover gallery-box box-none\">\n              <div class=\"box-image\" style=\"width:63%;\">\n                <img loading=\"lazy\" decoding=\"async\" width=\"280\" height=\"280\" src=\"https:\/\/www.montanheiros.com\/wp-content\/uploads\/2024\/03\/384279110_7845149282179612_5832454126879189837_n-280x280.jpg\" class=\"attachment-thumbnail size-thumbnail\" alt=\"\" ids=\"16464,16465,16466,16467,16468,16469,16470,16471,16472,16473,16474,16475,16476,16477,16478,16479,16480\" style=\"none\" type=\"slider\" columns=\"1\" image_width=\"63\" image_size=\"thumbnail\" text_align=\"center\" srcset=\"https:\/\/www.montanheiros.com\/wp-content\/uploads\/2024\/03\/384279110_7845149282179612_5832454126879189837_n-280x280.jpg 280w, https:\/\/www.montanheiros.com\/wp-content\/uploads\/2024\/03\/384279110_7845149282179612_5832454126879189837_n-300x300.jpg 300w, https:\/\/www.montanheiros.com\/wp-content\/uploads\/2024\/03\/384279110_7845149282179612_5832454126879189837_n-100x100.jpg 100w\" sizes=\"auto, (max-width: 280px) 100vw, 280px\" \/>                                                              <\/div>\n              <div class=\"box-text text-center\" >\n                 <p><\/p>\n              <\/div>\n            <\/div>\n            <\/a>          <\/div>\n         <\/div><div class=\"gallery-col col\" >\n          <div class=\"col-inner\">\n            <a class=\"image-lightbox lightbox-gallery\" href=\"https:\/\/www.montanheiros.com\/wp-content\/uploads\/2024\/03\/384291256_7845150242179516_6906248210386082128_n-1200x800.jpg\" title=\"\">            <div class=\"box has-hover gallery-box box-none\">\n              <div class=\"box-image\" style=\"width:63%;\">\n                <img loading=\"lazy\" decoding=\"async\" width=\"280\" height=\"280\" src=\"https:\/\/www.montanheiros.com\/wp-content\/uploads\/2024\/03\/384291256_7845150242179516_6906248210386082128_n-280x280.jpg\" class=\"attachment-thumbnail size-thumbnail\" alt=\"\" ids=\"16464,16465,16466,16467,16468,16469,16470,16471,16472,16473,16474,16475,16476,16477,16478,16479,16480\" style=\"none\" type=\"slider\" columns=\"1\" image_width=\"63\" image_size=\"thumbnail\" text_align=\"center\" srcset=\"https:\/\/www.montanheiros.com\/wp-content\/uploads\/2024\/03\/384291256_7845150242179516_6906248210386082128_n-280x280.jpg 280w, https:\/\/www.montanheiros.com\/wp-content\/uploads\/2024\/03\/384291256_7845150242179516_6906248210386082128_n-300x300.jpg 300w, https:\/\/www.montanheiros.com\/wp-content\/uploads\/2024\/03\/384291256_7845150242179516_6906248210386082128_n-100x100.jpg 100w\" sizes=\"auto, (max-width: 280px) 100vw, 280px\" \/>                                                              <\/div>\n              <div class=\"box-text text-center\" >\n                 <p><\/p>\n              <\/div>\n            <\/div>\n            <\/a>          <\/div>\n         <\/div><div class=\"gallery-col col\" >\n          <div class=\"col-inner\">\n            <a class=\"image-lightbox lightbox-gallery\" href=\"https:\/\/www.montanheiros.com\/wp-content\/uploads\/2024\/03\/387875894_7845144202180120_420805945490636771_n-1200x800.jpg\" title=\"\">            <div class=\"box has-hover gallery-box box-none\">\n              <div class=\"box-image\" style=\"width:63%;\">\n                <img loading=\"lazy\" decoding=\"async\" width=\"280\" height=\"280\" src=\"https:\/\/www.montanheiros.com\/wp-content\/uploads\/2024\/03\/387875894_7845144202180120_420805945490636771_n-280x280.jpg\" class=\"attachment-thumbnail size-thumbnail\" alt=\"\" ids=\"16464,16465,16466,16467,16468,16469,16470,16471,16472,16473,16474,16475,16476,16477,16478,16479,16480\" style=\"none\" type=\"slider\" columns=\"1\" image_width=\"63\" image_size=\"thumbnail\" text_align=\"center\" srcset=\"https:\/\/www.montanheiros.com\/wp-content\/uploads\/2024\/03\/387875894_7845144202180120_420805945490636771_n-280x280.jpg 280w, https:\/\/www.montanheiros.com\/wp-content\/uploads\/2024\/03\/387875894_7845144202180120_420805945490636771_n-300x300.jpg 300w, https:\/\/www.montanheiros.com\/wp-content\/uploads\/2024\/03\/387875894_7845144202180120_420805945490636771_n-100x100.jpg 100w\" sizes=\"auto, (max-width: 280px) 100vw, 280px\" \/>                                                              <\/div>\n              <div class=\"box-text text-center\" >\n                 <p><\/p>\n              <\/div>\n            <\/div>\n            <\/a>          <\/div>\n         <\/div><div class=\"gallery-col col\" >\n          <div class=\"col-inner\">\n            <a class=\"image-lightbox lightbox-gallery\" href=\"https:\/\/www.montanheiros.com\/wp-content\/uploads\/2024\/03\/387876045_7845146428846564_6434709227536320660_n-1200x800.jpg\" title=\"\">            <div class=\"box has-hover gallery-box box-none\">\n              <div class=\"box-image\" style=\"width:63%;\">\n                <img loading=\"lazy\" decoding=\"async\" width=\"280\" height=\"280\" src=\"https:\/\/www.montanheiros.com\/wp-content\/uploads\/2024\/03\/387876045_7845146428846564_6434709227536320660_n-280x280.jpg\" class=\"attachment-thumbnail size-thumbnail\" alt=\"\" ids=\"16464,16465,16466,16467,16468,16469,16470,16471,16472,16473,16474,16475,16476,16477,16478,16479,16480\" style=\"none\" type=\"slider\" columns=\"1\" image_width=\"63\" image_size=\"thumbnail\" text_align=\"center\" srcset=\"https:\/\/www.montanheiros.com\/wp-content\/uploads\/2024\/03\/387876045_7845146428846564_6434709227536320660_n-280x280.jpg 280w, https:\/\/www.montanheiros.com\/wp-content\/uploads\/2024\/03\/387876045_7845146428846564_6434709227536320660_n-300x300.jpg 300w, https:\/\/www.montanheiros.com\/wp-content\/uploads\/2024\/03\/387876045_7845146428846564_6434709227536320660_n-100x100.jpg 100w\" sizes=\"auto, (max-width: 280px) 100vw, 280px\" \/>                                                              <\/div>\n              <div class=\"box-text text-center\" >\n                 <p><\/p>\n              <\/div>\n            <\/div>\n            <\/a>          <\/div>\n         <\/div><div class=\"gallery-col col\" >\n          <div class=\"col-inner\">\n            <a class=\"image-lightbox lightbox-gallery\" href=\"https:\/\/www.montanheiros.com\/wp-content\/uploads\/2024\/03\/387876409_7845143758846831_9132317246457673244_n-1200x800.jpg\" title=\"\">            <div class=\"box has-hover gallery-box box-none\">\n              <div class=\"box-image\" style=\"width:63%;\">\n                <img loading=\"lazy\" decoding=\"async\" width=\"280\" height=\"280\" src=\"https:\/\/www.montanheiros.com\/wp-content\/uploads\/2024\/03\/387876409_7845143758846831_9132317246457673244_n-280x280.jpg\" class=\"attachment-thumbnail size-thumbnail\" alt=\"\" ids=\"16464,16465,16466,16467,16468,16469,16470,16471,16472,16473,16474,16475,16476,16477,16478,16479,16480\" style=\"none\" type=\"slider\" columns=\"1\" image_width=\"63\" image_size=\"thumbnail\" text_align=\"center\" srcset=\"https:\/\/www.montanheiros.com\/wp-content\/uploads\/2024\/03\/387876409_7845143758846831_9132317246457673244_n-280x280.jpg 280w, https:\/\/www.montanheiros.com\/wp-content\/uploads\/2024\/03\/387876409_7845143758846831_9132317246457673244_n-300x300.jpg 300w, https:\/\/www.montanheiros.com\/wp-content\/uploads\/2024\/03\/387876409_7845143758846831_9132317246457673244_n-100x100.jpg 100w\" sizes=\"auto, (max-width: 280px) 100vw, 280px\" \/>                                                              <\/div>\n              <div class=\"box-text text-center\" >\n                 <p><\/p>\n              <\/div>\n            <\/div>\n            <\/a>          <\/div>\n         <\/div><div class=\"gallery-col col\" >\n          <div class=\"col-inner\">\n            <a class=\"image-lightbox lightbox-gallery\" href=\"https:\/\/www.montanheiros.com\/wp-content\/uploads\/2024\/03\/387877201_7845147575513116_7638899683548422263_n-1200x800.jpg\" title=\"\">            <div class=\"box has-hover gallery-box box-none\">\n              <div class=\"box-image\" style=\"width:63%;\">\n                <img loading=\"lazy\" decoding=\"async\" width=\"280\" height=\"280\" src=\"https:\/\/www.montanheiros.com\/wp-content\/uploads\/2024\/03\/387877201_7845147575513116_7638899683548422263_n-280x280.jpg\" class=\"attachment-thumbnail size-thumbnail\" alt=\"\" ids=\"16464,16465,16466,16467,16468,16469,16470,16471,16472,16473,16474,16475,16476,16477,16478,16479,16480\" style=\"none\" type=\"slider\" columns=\"1\" image_width=\"63\" image_size=\"thumbnail\" text_align=\"center\" srcset=\"https:\/\/www.montanheiros.com\/wp-content\/uploads\/2024\/03\/387877201_7845147575513116_7638899683548422263_n-280x280.jpg 280w, https:\/\/www.montanheiros.com\/wp-content\/uploads\/2024\/03\/387877201_7845147575513116_7638899683548422263_n-300x300.jpg 300w, https:\/\/www.montanheiros.com\/wp-content\/uploads\/2024\/03\/387877201_7845147575513116_7638899683548422263_n-100x100.jpg 100w\" sizes=\"auto, (max-width: 280px) 100vw, 280px\" \/>                                                              <\/div>\n              <div class=\"box-text text-center\" >\n                 <p><\/p>\n              <\/div>\n            <\/div>\n            <\/a>          <\/div>\n         <\/div><div class=\"gallery-col col\" >\n          <div class=\"col-inner\">\n            <a class=\"image-lightbox lightbox-gallery\" href=\"https:\/\/www.montanheiros.com\/wp-content\/uploads\/2024\/03\/387877204_7845146592179881_5272669648635882148_n-1200x800.jpg\" title=\"\">            <div class=\"box has-hover gallery-box box-none\">\n              <div class=\"box-image\" style=\"width:63%;\">\n                <img loading=\"lazy\" decoding=\"async\" width=\"280\" height=\"280\" src=\"https:\/\/www.montanheiros.com\/wp-content\/uploads\/2024\/03\/387877204_7845146592179881_5272669648635882148_n-280x280.jpg\" class=\"attachment-thumbnail size-thumbnail\" alt=\"\" ids=\"16464,16465,16466,16467,16468,16469,16470,16471,16472,16473,16474,16475,16476,16477,16478,16479,16480\" style=\"none\" type=\"slider\" columns=\"1\" image_width=\"63\" image_size=\"thumbnail\" text_align=\"center\" srcset=\"https:\/\/www.montanheiros.com\/wp-content\/uploads\/2024\/03\/387877204_7845146592179881_5272669648635882148_n-280x280.jpg 280w, https:\/\/www.montanheiros.com\/wp-content\/uploads\/2024\/03\/387877204_7845146592179881_5272669648635882148_n-300x300.jpg 300w, https:\/\/www.montanheiros.com\/wp-content\/uploads\/2024\/03\/387877204_7845146592179881_5272669648635882148_n-100x100.jpg 100w\" sizes=\"auto, (max-width: 280px) 100vw, 280px\" \/>                                                              <\/div>\n              <div class=\"box-text text-center\" >\n                 <p><\/p>\n              <\/div>\n            <\/div>\n            <\/a>          <\/div>\n         <\/div><div class=\"gallery-col col\" >\n          <div class=\"col-inner\">\n            <a class=\"image-lightbox lightbox-gallery\" href=\"https:\/\/www.montanheiros.com\/wp-content\/uploads\/2024\/03\/387878491_7845146832179857_1688351607831244172_n-1200x800.jpg\" title=\"\">            <div class=\"box has-hover gallery-box box-none\">\n              <div class=\"box-image\" style=\"width:63%;\">\n                <img loading=\"lazy\" decoding=\"async\" width=\"280\" height=\"280\" src=\"https:\/\/www.montanheiros.com\/wp-content\/uploads\/2024\/03\/387878491_7845146832179857_1688351607831244172_n-280x280.jpg\" class=\"attachment-thumbnail size-thumbnail\" alt=\"\" ids=\"16464,16465,16466,16467,16468,16469,16470,16471,16472,16473,16474,16475,16476,16477,16478,16479,16480\" style=\"none\" type=\"slider\" columns=\"1\" image_width=\"63\" image_size=\"thumbnail\" text_align=\"center\" srcset=\"https:\/\/www.montanheiros.com\/wp-content\/uploads\/2024\/03\/387878491_7845146832179857_1688351607831244172_n-280x280.jpg 280w, https:\/\/www.montanheiros.com\/wp-content\/uploads\/2024\/03\/387878491_7845146832179857_1688351607831244172_n-300x300.jpg 300w, https:\/\/www.montanheiros.com\/wp-content\/uploads\/2024\/03\/387878491_7845146832179857_1688351607831244172_n-100x100.jpg 100w\" sizes=\"auto, (max-width: 280px) 100vw, 280px\" \/>                                                              <\/div>\n              <div class=\"box-text text-center\" >\n                 <p><\/p>\n              <\/div>\n            <\/div>\n            <\/a>          <\/div>\n         <\/div><div class=\"gallery-col col\" >\n          <div class=\"col-inner\">\n            <a class=\"image-lightbox lightbox-gallery\" href=\"https:\/\/www.montanheiros.com\/wp-content\/uploads\/2024\/03\/387879040_7845144168846790_3427808212540422372_n-1200x800.jpg\" title=\"\">            <div class=\"box has-hover gallery-box box-none\">\n              <div class=\"box-image\" style=\"width:63%;\">\n                <img loading=\"lazy\" decoding=\"async\" width=\"280\" height=\"280\" src=\"https:\/\/www.montanheiros.com\/wp-content\/uploads\/2024\/03\/387879040_7845144168846790_3427808212540422372_n-280x280.jpg\" class=\"attachment-thumbnail size-thumbnail\" alt=\"\" ids=\"16464,16465,16466,16467,16468,16469,16470,16471,16472,16473,16474,16475,16476,16477,16478,16479,16480\" style=\"none\" type=\"slider\" columns=\"1\" image_width=\"63\" image_size=\"thumbnail\" text_align=\"center\" srcset=\"https:\/\/www.montanheiros.com\/wp-content\/uploads\/2024\/03\/387879040_7845144168846790_3427808212540422372_n-280x280.jpg 280w, https:\/\/www.montanheiros.com\/wp-content\/uploads\/2024\/03\/387879040_7845144168846790_3427808212540422372_n-300x300.jpg 300w, https:\/\/www.montanheiros.com\/wp-content\/uploads\/2024\/03\/387879040_7845144168846790_3427808212540422372_n-100x100.jpg 100w\" sizes=\"auto, (max-width: 280px) 100vw, 280px\" \/>                                                              <\/div>\n              <div class=\"box-text text-center\" >\n                 <p><\/p>\n              <\/div>\n            <\/div>\n            <\/a>          <\/div>\n         <\/div><div class=\"gallery-col col\" >\n          <div class=\"col-inner\">\n            <a class=\"image-lightbox lightbox-gallery\" href=\"https:\/\/www.montanheiros.com\/wp-content\/uploads\/2024\/03\/387879898_7845147082179832_1310643933604791489_n-1200x800.jpg\" title=\"\">            <div class=\"box has-hover gallery-box box-none\">\n              <div class=\"box-image\" style=\"width:63%;\">\n                <img loading=\"lazy\" decoding=\"async\" width=\"280\" height=\"280\" src=\"https:\/\/www.montanheiros.com\/wp-content\/uploads\/2024\/03\/387879898_7845147082179832_1310643933604791489_n-280x280.jpg\" class=\"attachment-thumbnail size-thumbnail\" alt=\"\" ids=\"16464,16465,16466,16467,16468,16469,16470,16471,16472,16473,16474,16475,16476,16477,16478,16479,16480\" style=\"none\" type=\"slider\" columns=\"1\" image_width=\"63\" image_size=\"thumbnail\" text_align=\"center\" srcset=\"https:\/\/www.montanheiros.com\/wp-content\/uploads\/2024\/03\/387879898_7845147082179832_1310643933604791489_n-280x280.jpg 280w, https:\/\/www.montanheiros.com\/wp-content\/uploads\/2024\/03\/387879898_7845147082179832_1310643933604791489_n-300x300.jpg 300w, https:\/\/www.montanheiros.com\/wp-content\/uploads\/2024\/03\/387879898_7845147082179832_1310643933604791489_n-100x100.jpg 100w\" sizes=\"auto, (max-width: 280px) 100vw, 280px\" \/>                                                              <\/div>\n              <div class=\"box-text text-center\" >\n                 <p><\/p>\n              <\/div>\n            <\/div>\n            <\/a>          <\/div>\n         <\/div><div class=\"gallery-col col\" >\n          <div class=\"col-inner\">\n            <a class=\"image-lightbox lightbox-gallery\" href=\"https:\/\/www.montanheiros.com\/wp-content\/uploads\/2024\/03\/392743265_7845148595513014_63647519907775991_n-1200x800.jpg\" title=\"\">            <div class=\"box has-hover gallery-box box-none\">\n              <div class=\"box-image\" style=\"width:63%;\">\n                <img loading=\"lazy\" decoding=\"async\" width=\"280\" height=\"280\" src=\"https:\/\/www.montanheiros.com\/wp-content\/uploads\/2024\/03\/392743265_7845148595513014_63647519907775991_n-280x280.jpg\" class=\"attachment-thumbnail size-thumbnail\" alt=\"\" ids=\"16464,16465,16466,16467,16468,16469,16470,16471,16472,16473,16474,16475,16476,16477,16478,16479,16480\" style=\"none\" type=\"slider\" columns=\"1\" image_width=\"63\" image_size=\"thumbnail\" text_align=\"center\" srcset=\"https:\/\/www.montanheiros.com\/wp-content\/uploads\/2024\/03\/392743265_7845148595513014_63647519907775991_n-280x280.jpg 280w, https:\/\/www.montanheiros.com\/wp-content\/uploads\/2024\/03\/392743265_7845148595513014_63647519907775991_n-300x300.jpg 300w, https:\/\/www.montanheiros.com\/wp-content\/uploads\/2024\/03\/392743265_7845148595513014_63647519907775991_n-100x100.jpg 100w\" sizes=\"auto, (max-width: 280px) 100vw, 280px\" \/>                                                              <\/div>\n              <div class=\"box-text text-center\" >\n                 <p><\/p>\n              <\/div>\n            <\/div>\n            <\/a>          <\/div>\n         <\/div><div class=\"gallery-col col\" >\n          <div class=\"col-inner\">\n            <a class=\"image-lightbox lightbox-gallery\" href=\"https:\/\/www.montanheiros.com\/wp-content\/uploads\/2024\/03\/392744759_7845144122180128_6469616761114985501_n-1200x800.jpg\" title=\"\">            <div class=\"box has-hover gallery-box box-none\">\n              <div class=\"box-image\" style=\"width:63%;\">\n                <img loading=\"lazy\" decoding=\"async\" width=\"280\" height=\"280\" src=\"https:\/\/www.montanheiros.com\/wp-content\/uploads\/2024\/03\/392744759_7845144122180128_6469616761114985501_n-280x280.jpg\" class=\"attachment-thumbnail size-thumbnail\" alt=\"\" ids=\"16464,16465,16466,16467,16468,16469,16470,16471,16472,16473,16474,16475,16476,16477,16478,16479,16480\" style=\"none\" type=\"slider\" columns=\"1\" image_width=\"63\" image_size=\"thumbnail\" text_align=\"center\" srcset=\"https:\/\/www.montanheiros.com\/wp-content\/uploads\/2024\/03\/392744759_7845144122180128_6469616761114985501_n-280x280.jpg 280w, https:\/\/www.montanheiros.com\/wp-content\/uploads\/2024\/03\/392744759_7845144122180128_6469616761114985501_n-300x300.jpg 300w, https:\/\/www.montanheiros.com\/wp-content\/uploads\/2024\/03\/392744759_7845144122180128_6469616761114985501_n-100x100.jpg 100w\" sizes=\"auto, (max-width: 280px) 100vw, 280px\" \/>                                                              <\/div>\n              <div class=\"box-text text-center\" >\n                 <p><\/p>\n              <\/div>\n            <\/div>\n            <\/a>          <\/div>\n         <\/div><div class=\"gallery-col col\" >\n          <div class=\"col-inner\">\n            <a class=\"image-lightbox lightbox-gallery\" href=\"https:\/\/www.montanheiros.com\/wp-content\/uploads\/2024\/03\/392805095_7845145005513373_1024153472345484429_n-533x800.jpg\" title=\"\">            <div class=\"box has-hover gallery-box box-none\">\n              <div class=\"box-image\" style=\"width:63%;\">\n                <img loading=\"lazy\" decoding=\"async\" width=\"280\" height=\"280\" src=\"https:\/\/www.montanheiros.com\/wp-content\/uploads\/2024\/03\/392805095_7845145005513373_1024153472345484429_n-280x280.jpg\" class=\"attachment-thumbnail size-thumbnail\" alt=\"\" ids=\"16464,16465,16466,16467,16468,16469,16470,16471,16472,16473,16474,16475,16476,16477,16478,16479,16480\" style=\"none\" type=\"slider\" columns=\"1\" image_width=\"63\" image_size=\"thumbnail\" text_align=\"center\" srcset=\"https:\/\/www.montanheiros.com\/wp-content\/uploads\/2024\/03\/392805095_7845145005513373_1024153472345484429_n-280x280.jpg 280w, https:\/\/www.montanheiros.com\/wp-content\/uploads\/2024\/03\/392805095_7845145005513373_1024153472345484429_n-300x300.jpg 300w, https:\/\/www.montanheiros.com\/wp-content\/uploads\/2024\/03\/392805095_7845145005513373_1024153472345484429_n-100x100.jpg 100w\" sizes=\"auto, (max-width: 280px) 100vw, 280px\" \/>                                                              <\/div>\n              <div class=\"box-text text-center\" >\n                 <p><\/p>\n              <\/div>\n            <\/div>\n            <\/a>          <\/div>\n         <\/div><div class=\"gallery-col col\" >\n          <div class=\"col-inner\">\n            <a class=\"image-lightbox lightbox-gallery\" href=\"https:\/\/www.montanheiros.com\/wp-content\/uploads\/2024\/03\/393361956_7845145692179971_572509434724123994_n-1200x800.jpg\" title=\"\">            <div class=\"box has-hover gallery-box box-none\">\n              <div class=\"box-image\" style=\"width:63%;\">\n                <img loading=\"lazy\" decoding=\"async\" width=\"280\" height=\"280\" src=\"https:\/\/www.montanheiros.com\/wp-content\/uploads\/2024\/03\/393361956_7845145692179971_572509434724123994_n-280x280.jpg\" class=\"attachment-thumbnail size-thumbnail\" alt=\"\" ids=\"16464,16465,16466,16467,16468,16469,16470,16471,16472,16473,16474,16475,16476,16477,16478,16479,16480\" style=\"none\" type=\"slider\" columns=\"1\" image_width=\"63\" image_size=\"thumbnail\" text_align=\"center\" srcset=\"https:\/\/www.montanheiros.com\/wp-content\/uploads\/2024\/03\/393361956_7845145692179971_572509434724123994_n-280x280.jpg 280w, https:\/\/www.montanheiros.com\/wp-content\/uploads\/2024\/03\/393361956_7845145692179971_572509434724123994_n-300x300.jpg 300w, https:\/\/www.montanheiros.com\/wp-content\/uploads\/2024\/03\/393361956_7845145692179971_572509434724123994_n-100x100.jpg 100w\" sizes=\"auto, (max-width: 280px) 100vw, 280px\" \/>                                                              <\/div>\n              <div class=\"box-text text-center\" >\n                 <p><\/p>\n              <\/div>\n            <\/div>\n            <\/a>          <\/div>\n         <\/div><\/div>\n\n\n\t\t<\/div>\n\t\t\t\t\t<\/div>\n\n\t\n\n\t<div id=\"col-1688246707\" class=\"col medium-4 small-12 large-4\"  >\n\t\t\t\t<div class=\"col-inner\"  >\n\t\t\t\n\t\t\t\n\n<p>Passeio ao Pico Agudo e Pico Alto, 17set23 &#8211; ilha Terceira<\/p>\n\n  \n    <div class=\"row large-columns-1 medium-columns- small-columns- row-full-width slider row-slider slider-nav-reveal\"  data-flickity-options='{\"imagesLoaded\": true, \"groupCells\": \"100%\", \"dragThreshold\" : 5, \"cellAlign\": \"left\",\"wrapAround\": true,\"prevNextButtons\": true,\"percentPosition\": true,\"pageDots\": false, \"rightToLeft\": false, \"autoPlay\" : false}'>\n\n  <div class=\"gallery-col col\" >\n          <div class=\"col-inner\">\n            <a class=\"image-lightbox lightbox-gallery\" href=\"https:\/\/www.montanheiros.com\/wp-content\/uploads\/2023\/10\/379361398_7697569473604261_6791245715593832977_n-1200x800.jpg\" title=\"\">            <div class=\"box has-hover gallery-box box-none\">\n              <div class=\"box-image\" style=\"width:63%;\">\n                <img loading=\"lazy\" decoding=\"async\" width=\"280\" height=\"280\" src=\"https:\/\/www.montanheiros.com\/wp-content\/uploads\/2023\/10\/379361398_7697569473604261_6791245715593832977_n-280x280.jpg\" class=\"attachment-thumbnail size-thumbnail\" alt=\"\" ids=\"16075,16076,16077,16078,16079,16080,16081,16082,16083\" style=\"none\" type=\"slider\" columns=\"1\" image_width=\"63\" image_size=\"thumbnail\" text_align=\"center\" srcset=\"https:\/\/www.montanheiros.com\/wp-content\/uploads\/2023\/10\/379361398_7697569473604261_6791245715593832977_n-280x280.jpg 280w, https:\/\/www.montanheiros.com\/wp-content\/uploads\/2023\/10\/379361398_7697569473604261_6791245715593832977_n-300x300.jpg 300w, https:\/\/www.montanheiros.com\/wp-content\/uploads\/2023\/10\/379361398_7697569473604261_6791245715593832977_n-100x100.jpg 100w\" sizes=\"auto, (max-width: 280px) 100vw, 280px\" \/>                                                              <\/div>\n              <div class=\"box-text text-center\" >\n                 <p><\/p>\n              <\/div>\n            <\/div>\n            <\/a>          <\/div>\n         <\/div><div class=\"gallery-col col\" >\n          <div class=\"col-inner\">\n            <a class=\"image-lightbox lightbox-gallery\" href=\"https:\/\/www.montanheiros.com\/wp-content\/uploads\/2023\/10\/379371626_7697570513604157_8203321575819796255_n-1067x800.jpg\" title=\"\">            <div class=\"box has-hover gallery-box box-none\">\n              <div class=\"box-image\" style=\"width:63%;\">\n                <img loading=\"lazy\" decoding=\"async\" width=\"280\" height=\"280\" src=\"https:\/\/www.montanheiros.com\/wp-content\/uploads\/2023\/10\/379371626_7697570513604157_8203321575819796255_n-280x280.jpg\" class=\"attachment-thumbnail size-thumbnail\" alt=\"\" ids=\"16075,16076,16077,16078,16079,16080,16081,16082,16083\" style=\"none\" type=\"slider\" columns=\"1\" image_width=\"63\" image_size=\"thumbnail\" text_align=\"center\" srcset=\"https:\/\/www.montanheiros.com\/wp-content\/uploads\/2023\/10\/379371626_7697570513604157_8203321575819796255_n-280x280.jpg 280w, https:\/\/www.montanheiros.com\/wp-content\/uploads\/2023\/10\/379371626_7697570513604157_8203321575819796255_n-300x300.jpg 300w, https:\/\/www.montanheiros.com\/wp-content\/uploads\/2023\/10\/379371626_7697570513604157_8203321575819796255_n-100x100.jpg 100w\" sizes=\"auto, (max-width: 280px) 100vw, 280px\" \/>                                                              <\/div>\n              <div class=\"box-text text-center\" >\n                 <p><\/p>\n              <\/div>\n            <\/div>\n            <\/a>          <\/div>\n         <\/div><div class=\"gallery-col col\" >\n          <div class=\"col-inner\">\n            <a class=\"image-lightbox lightbox-gallery\" href=\"https:\/\/www.montanheiros.com\/wp-content\/uploads\/2023\/10\/379381784_7697568923604316_9107242101934668005_n-1067x800.jpg\" title=\"\">            <div class=\"box has-hover gallery-box box-none\">\n              <div class=\"box-image\" style=\"width:63%;\">\n                <img loading=\"lazy\" decoding=\"async\" width=\"280\" height=\"280\" src=\"https:\/\/www.montanheiros.com\/wp-content\/uploads\/2023\/10\/379381784_7697568923604316_9107242101934668005_n-280x280.jpg\" class=\"attachment-thumbnail size-thumbnail\" alt=\"\" ids=\"16075,16076,16077,16078,16079,16080,16081,16082,16083\" style=\"none\" type=\"slider\" columns=\"1\" image_width=\"63\" image_size=\"thumbnail\" text_align=\"center\" srcset=\"https:\/\/www.montanheiros.com\/wp-content\/uploads\/2023\/10\/379381784_7697568923604316_9107242101934668005_n-280x280.jpg 280w, https:\/\/www.montanheiros.com\/wp-content\/uploads\/2023\/10\/379381784_7697568923604316_9107242101934668005_n-300x300.jpg 300w, https:\/\/www.montanheiros.com\/wp-content\/uploads\/2023\/10\/379381784_7697568923604316_9107242101934668005_n-100x100.jpg 100w\" sizes=\"auto, (max-width: 280px) 100vw, 280px\" \/>                                                              <\/div>\n              <div class=\"box-text text-center\" >\n                 <p><\/p>\n              <\/div>\n            <\/div>\n            <\/a>          <\/div>\n         <\/div><div class=\"gallery-col col\" >\n          <div class=\"col-inner\">\n            <a class=\"image-lightbox lightbox-gallery\" href=\"https:\/\/www.montanheiros.com\/wp-content\/uploads\/2023\/10\/379383325_7697569486937593_7576829582948655303_n-1199x800.jpg\" title=\"\">            <div class=\"box has-hover gallery-box box-none\">\n              <div class=\"box-image\" style=\"width:63%;\">\n                <img loading=\"lazy\" decoding=\"async\" width=\"280\" height=\"280\" src=\"https:\/\/www.montanheiros.com\/wp-content\/uploads\/2023\/10\/379383325_7697569486937593_7576829582948655303_n-280x280.jpg\" class=\"attachment-thumbnail size-thumbnail\" alt=\"\" ids=\"16075,16076,16077,16078,16079,16080,16081,16082,16083\" style=\"none\" type=\"slider\" columns=\"1\" image_width=\"63\" image_size=\"thumbnail\" text_align=\"center\" srcset=\"https:\/\/www.montanheiros.com\/wp-content\/uploads\/2023\/10\/379383325_7697569486937593_7576829582948655303_n-280x280.jpg 280w, https:\/\/www.montanheiros.com\/wp-content\/uploads\/2023\/10\/379383325_7697569486937593_7576829582948655303_n-300x300.jpg 300w, https:\/\/www.montanheiros.com\/wp-content\/uploads\/2023\/10\/379383325_7697569486937593_7576829582948655303_n-100x100.jpg 100w\" sizes=\"auto, (max-width: 280px) 100vw, 280px\" \/>                                                              <\/div>\n              <div class=\"box-text text-center\" >\n                 <p><\/p>\n              <\/div>\n            <\/div>\n            <\/a>          <\/div>\n         <\/div><div class=\"gallery-col col\" >\n          <div class=\"col-inner\">\n            <a class=\"image-lightbox lightbox-gallery\" href=\"https:\/\/www.montanheiros.com\/wp-content\/uploads\/2023\/10\/379401037_7697569493604259_1065953794765344439_n-1200x800.jpg\" title=\"\">            <div class=\"box has-hover gallery-box box-none\">\n              <div class=\"box-image\" style=\"width:63%;\">\n                <img loading=\"lazy\" decoding=\"async\" width=\"280\" height=\"280\" src=\"https:\/\/www.montanheiros.com\/wp-content\/uploads\/2023\/10\/379401037_7697569493604259_1065953794765344439_n-280x280.jpg\" class=\"attachment-thumbnail size-thumbnail\" alt=\"\" ids=\"16075,16076,16077,16078,16079,16080,16081,16082,16083\" style=\"none\" type=\"slider\" columns=\"1\" image_width=\"63\" image_size=\"thumbnail\" text_align=\"center\" srcset=\"https:\/\/www.montanheiros.com\/wp-content\/uploads\/2023\/10\/379401037_7697569493604259_1065953794765344439_n-280x280.jpg 280w, https:\/\/www.montanheiros.com\/wp-content\/uploads\/2023\/10\/379401037_7697569493604259_1065953794765344439_n-300x300.jpg 300w, https:\/\/www.montanheiros.com\/wp-content\/uploads\/2023\/10\/379401037_7697569493604259_1065953794765344439_n-100x100.jpg 100w\" sizes=\"auto, (max-width: 280px) 100vw, 280px\" \/>                                                              <\/div>\n              <div class=\"box-text text-center\" >\n                 <p><\/p>\n              <\/div>\n            <\/div>\n            <\/a>          <\/div>\n         <\/div><div class=\"gallery-col col\" >\n          <div class=\"col-inner\">\n            <a class=\"image-lightbox lightbox-gallery\" href=\"https:\/\/www.montanheiros.com\/wp-content\/uploads\/2023\/10\/379527057_7697570343604174_4274620576873881772_n-1200x800.jpg\" title=\"\">            <div class=\"box has-hover gallery-box box-none\">\n              <div class=\"box-image\" style=\"width:63%;\">\n                <img loading=\"lazy\" decoding=\"async\" width=\"280\" height=\"280\" src=\"https:\/\/www.montanheiros.com\/wp-content\/uploads\/2023\/10\/379527057_7697570343604174_4274620576873881772_n-280x280.jpg\" class=\"attachment-thumbnail size-thumbnail\" alt=\"\" ids=\"16075,16076,16077,16078,16079,16080,16081,16082,16083\" style=\"none\" type=\"slider\" columns=\"1\" image_width=\"63\" image_size=\"thumbnail\" text_align=\"center\" srcset=\"https:\/\/www.montanheiros.com\/wp-content\/uploads\/2023\/10\/379527057_7697570343604174_4274620576873881772_n-280x280.jpg 280w, https:\/\/www.montanheiros.com\/wp-content\/uploads\/2023\/10\/379527057_7697570343604174_4274620576873881772_n-300x300.jpg 300w, https:\/\/www.montanheiros.com\/wp-content\/uploads\/2023\/10\/379527057_7697570343604174_4274620576873881772_n-100x100.jpg 100w\" sizes=\"auto, (max-width: 280px) 100vw, 280px\" \/>                                                              <\/div>\n              <div class=\"box-text text-center\" >\n                 <p><\/p>\n              <\/div>\n            <\/div>\n            <\/a>          <\/div>\n         <\/div><div class=\"gallery-col col\" >\n          <div class=\"col-inner\">\n            <a class=\"image-lightbox lightbox-gallery\" href=\"https:\/\/www.montanheiros.com\/wp-content\/uploads\/2023\/10\/380364606_7697569583604250_1917152258930022707_n-600x800.jpg\" title=\"\">            <div class=\"box has-hover gallery-box box-none\">\n              <div class=\"box-image\" style=\"width:63%;\">\n                <img loading=\"lazy\" decoding=\"async\" width=\"280\" height=\"280\" src=\"https:\/\/www.montanheiros.com\/wp-content\/uploads\/2023\/10\/380364606_7697569583604250_1917152258930022707_n-280x280.jpg\" class=\"attachment-thumbnail size-thumbnail\" alt=\"\" ids=\"16075,16076,16077,16078,16079,16080,16081,16082,16083\" style=\"none\" type=\"slider\" columns=\"1\" image_width=\"63\" image_size=\"thumbnail\" text_align=\"center\" srcset=\"https:\/\/www.montanheiros.com\/wp-content\/uploads\/2023\/10\/380364606_7697569583604250_1917152258930022707_n-280x280.jpg 280w, https:\/\/www.montanheiros.com\/wp-content\/uploads\/2023\/10\/380364606_7697569583604250_1917152258930022707_n-300x300.jpg 300w, https:\/\/www.montanheiros.com\/wp-content\/uploads\/2023\/10\/380364606_7697569583604250_1917152258930022707_n-100x100.jpg 100w\" sizes=\"auto, (max-width: 280px) 100vw, 280px\" \/>                                                              <\/div>\n              <div class=\"box-text text-center\" >\n                 <p><\/p>\n              <\/div>\n            <\/div>\n            <\/a>          <\/div>\n         <\/div><div class=\"gallery-col col\" >\n          <div class=\"col-inner\">\n            <a class=\"image-lightbox lightbox-gallery\" href=\"https:\/\/www.montanheiros.com\/wp-content\/uploads\/2023\/10\/380374667_7697569740270901_7378444582556376150_n-1067x800.jpg\" title=\"\">            <div class=\"box has-hover gallery-box box-none\">\n              <div class=\"box-image\" style=\"width:63%;\">\n                <img loading=\"lazy\" decoding=\"async\" width=\"280\" height=\"280\" src=\"https:\/\/www.montanheiros.com\/wp-content\/uploads\/2023\/10\/380374667_7697569740270901_7378444582556376150_n-280x280.jpg\" class=\"attachment-thumbnail size-thumbnail\" alt=\"\" ids=\"16075,16076,16077,16078,16079,16080,16081,16082,16083\" style=\"none\" type=\"slider\" columns=\"1\" image_width=\"63\" image_size=\"thumbnail\" text_align=\"center\" srcset=\"https:\/\/www.montanheiros.com\/wp-content\/uploads\/2023\/10\/380374667_7697569740270901_7378444582556376150_n-280x280.jpg 280w, https:\/\/www.montanheiros.com\/wp-content\/uploads\/2023\/10\/380374667_7697569740270901_7378444582556376150_n-300x300.jpg 300w, https:\/\/www.montanheiros.com\/wp-content\/uploads\/2023\/10\/380374667_7697569740270901_7378444582556376150_n-100x100.jpg 100w\" sizes=\"auto, (max-width: 280px) 100vw, 280px\" \/>                                                              <\/div>\n              <div class=\"box-text text-center\" >\n                 <p><\/p>\n              <\/div>\n            <\/div>\n            <\/a>          <\/div>\n         <\/div><div class=\"gallery-col col\" >\n          <div class=\"col-inner\">\n            <a class=\"image-lightbox lightbox-gallery\" href=\"https:\/\/www.montanheiros.com\/wp-content\/uploads\/2023\/10\/380395372_7697569400270935_1001937969180809506_n-1200x800.jpg\" title=\"\">            <div class=\"box has-hover gallery-box box-none\">\n              <div class=\"box-image\" style=\"width:63%;\">\n                <img loading=\"lazy\" decoding=\"async\" width=\"280\" height=\"280\" src=\"https:\/\/www.montanheiros.com\/wp-content\/uploads\/2023\/10\/380395372_7697569400270935_1001937969180809506_n-280x280.jpg\" class=\"attachment-thumbnail size-thumbnail\" alt=\"\" ids=\"16075,16076,16077,16078,16079,16080,16081,16082,16083\" style=\"none\" type=\"slider\" columns=\"1\" image_width=\"63\" image_size=\"thumbnail\" text_align=\"center\" srcset=\"https:\/\/www.montanheiros.com\/wp-content\/uploads\/2023\/10\/380395372_7697569400270935_1001937969180809506_n-280x280.jpg 280w, https:\/\/www.montanheiros.com\/wp-content\/uploads\/2023\/10\/380395372_7697569400270935_1001937969180809506_n-300x300.jpg 300w, https:\/\/www.montanheiros.com\/wp-content\/uploads\/2023\/10\/380395372_7697569400270935_1001937969180809506_n-100x100.jpg 100w\" sizes=\"auto, (max-width: 280px) 100vw, 280px\" \/>                                                              <\/div>\n              <div class=\"box-text text-center\" >\n                 <p><\/p>\n              <\/div>\n            <\/div>\n            <\/a>          <\/div>\n         <\/div><\/div>\n\n\n\t\t<\/div>\n\t\t\t\t\t<\/div>\n\n\t\n\n\t<div id=\"col-436638756\" class=\"col medium-3 small-6 large-3\"  >\n\t\t\t\t<div class=\"col-inner\"  >\n\t\t\t\n\t\t\t\n\n<p>Passeio aos Mist\u00e9rios Negros e Vereda dos Aguilh\u00f5es, 25jun2023 &#8211; ilha Terceira<\/p>\n\n  \n    <div class=\"row large-columns-1 medium-columns- small-columns- row-full-width slider row-slider slider-nav-reveal\"  data-flickity-options='{\"imagesLoaded\": true, \"groupCells\": \"100%\", \"dragThreshold\" : 5, \"cellAlign\": \"left\",\"wrapAround\": true,\"prevNextButtons\": true,\"percentPosition\": true,\"pageDots\": false, \"rightToLeft\": false, \"autoPlay\" : false}'>\n\n  <div class=\"gallery-col col\" >\n          <div class=\"col-inner\">\n            <a class=\"image-lightbox lightbox-gallery\" href=\"https:\/\/www.montanheiros.com\/wp-content\/uploads\/2023\/07\/1-1.jpg\" title=\"\">            <div class=\"box has-hover gallery-box box-none\">\n              <div class=\"box-image\" style=\"width:63%;\">\n                <img loading=\"lazy\" decoding=\"async\" width=\"280\" height=\"280\" src=\"https:\/\/www.montanheiros.com\/wp-content\/uploads\/2023\/07\/1-1-280x280.jpg\" class=\"attachment-thumbnail size-thumbnail\" alt=\"\" ids=\"15704,15705,15707,15708,15706,15703,15702,15701,15700,15699,15698\" style=\"none\" type=\"slider\" columns=\"1\" image_width=\"63\" image_size=\"thumbnail\" text_align=\"center\" srcset=\"https:\/\/www.montanheiros.com\/wp-content\/uploads\/2023\/07\/1-1-280x280.jpg 280w, https:\/\/www.montanheiros.com\/wp-content\/uploads\/2023\/07\/1-1-300x300.jpg 300w, https:\/\/www.montanheiros.com\/wp-content\/uploads\/2023\/07\/1-1-100x100.jpg 100w\" sizes=\"auto, (max-width: 280px) 100vw, 280px\" \/>                                                              <\/div>\n              <div class=\"box-text text-center\" >\n                 <p><\/p>\n              <\/div>\n            <\/div>\n            <\/a>          <\/div>\n         <\/div><div class=\"gallery-col col\" >\n          <div class=\"col-inner\">\n            <a class=\"image-lightbox lightbox-gallery\" href=\"https:\/\/www.montanheiros.com\/wp-content\/uploads\/2023\/07\/2.jpg\" title=\"\">            <div class=\"box has-hover gallery-box box-none\">\n              <div class=\"box-image\" style=\"width:63%;\">\n                <img loading=\"lazy\" decoding=\"async\" width=\"280\" height=\"280\" src=\"https:\/\/www.montanheiros.com\/wp-content\/uploads\/2023\/07\/2-280x280.jpg\" class=\"attachment-thumbnail size-thumbnail\" alt=\"\" ids=\"15704,15705,15707,15708,15706,15703,15702,15701,15700,15699,15698\" style=\"none\" type=\"slider\" columns=\"1\" image_width=\"63\" image_size=\"thumbnail\" text_align=\"center\" srcset=\"https:\/\/www.montanheiros.com\/wp-content\/uploads\/2023\/07\/2-280x280.jpg 280w, https:\/\/www.montanheiros.com\/wp-content\/uploads\/2023\/07\/2-300x300.jpg 300w, https:\/\/www.montanheiros.com\/wp-content\/uploads\/2023\/07\/2-100x100.jpg 100w\" sizes=\"auto, (max-width: 280px) 100vw, 280px\" \/>                                                              <\/div>\n              <div class=\"box-text text-center\" >\n                 <p><\/p>\n              <\/div>\n            <\/div>\n            <\/a>          <\/div>\n         <\/div><div class=\"gallery-col col\" >\n          <div class=\"col-inner\">\n            <a class=\"image-lightbox lightbox-gallery\" href=\"https:\/\/www.montanheiros.com\/wp-content\/uploads\/2023\/07\/4-600x800.jpg\" title=\"\">            <div class=\"box has-hover gallery-box box-none\">\n              <div class=\"box-image\" style=\"width:63%;\">\n                <img loading=\"lazy\" decoding=\"async\" width=\"280\" height=\"280\" src=\"https:\/\/www.montanheiros.com\/wp-content\/uploads\/2023\/07\/4-280x280.jpg\" class=\"attachment-thumbnail size-thumbnail\" alt=\"\" ids=\"15704,15705,15707,15708,15706,15703,15702,15701,15700,15699,15698\" style=\"none\" type=\"slider\" columns=\"1\" image_width=\"63\" image_size=\"thumbnail\" text_align=\"center\" srcset=\"https:\/\/www.montanheiros.com\/wp-content\/uploads\/2023\/07\/4-280x280.jpg 280w, https:\/\/www.montanheiros.com\/wp-content\/uploads\/2023\/07\/4-300x300.jpg 300w, https:\/\/www.montanheiros.com\/wp-content\/uploads\/2023\/07\/4-100x100.jpg 100w\" sizes=\"auto, (max-width: 280px) 100vw, 280px\" \/>                                                              <\/div>\n              <div class=\"box-text text-center\" >\n                 <p><\/p>\n              <\/div>\n            <\/div>\n            <\/a>          <\/div>\n         <\/div><div class=\"gallery-col col\" >\n          <div class=\"col-inner\">\n            <a class=\"image-lightbox lightbox-gallery\" href=\"https:\/\/www.montanheiros.com\/wp-content\/uploads\/2023\/07\/5.jpg\" title=\"\">            <div class=\"box has-hover gallery-box box-none\">\n              <div class=\"box-image\" style=\"width:63%;\">\n                <img loading=\"lazy\" decoding=\"async\" width=\"280\" height=\"210\" src=\"https:\/\/www.montanheiros.com\/wp-content\/uploads\/2023\/07\/5.jpg\" class=\"attachment-thumbnail size-thumbnail\" alt=\"\" ids=\"15704,15705,15707,15708,15706,15703,15702,15701,15700,15699,15698\" style=\"none\" type=\"slider\" columns=\"1\" image_width=\"63\" image_size=\"thumbnail\" text_align=\"center\" \/>                                                              <\/div>\n              <div class=\"box-text text-center\" >\n                 <p><\/p>\n              <\/div>\n            <\/div>\n            <\/a>          <\/div>\n         <\/div><div class=\"gallery-col col\" >\n          <div class=\"col-inner\">\n            <a class=\"image-lightbox lightbox-gallery\" href=\"https:\/\/www.montanheiros.com\/wp-content\/uploads\/2023\/07\/3.jpg\" title=\"\">            <div class=\"box has-hover gallery-box box-none\">\n              <div class=\"box-image\" style=\"width:63%;\">\n                <img loading=\"lazy\" decoding=\"async\" width=\"280\" height=\"210\" src=\"https:\/\/www.montanheiros.com\/wp-content\/uploads\/2023\/07\/3.jpg\" class=\"attachment-thumbnail size-thumbnail\" alt=\"\" ids=\"15704,15705,15707,15708,15706,15703,15702,15701,15700,15699,15698\" style=\"none\" type=\"slider\" columns=\"1\" image_width=\"63\" image_size=\"thumbnail\" text_align=\"center\" \/>                                                              <\/div>\n              <div class=\"box-text text-center\" >\n                 <p><\/p>\n              <\/div>\n            <\/div>\n            <\/a>          <\/div>\n         <\/div><div class=\"gallery-col col\" >\n          <div class=\"col-inner\">\n            <a class=\"image-lightbox lightbox-gallery\" href=\"https:\/\/www.montanheiros.com\/wp-content\/uploads\/2023\/07\/IMG_0143.jpg\" title=\"\">            <div class=\"box has-hover gallery-box box-none\">\n              <div class=\"box-image\" style=\"width:63%;\">\n                <img loading=\"lazy\" decoding=\"async\" width=\"1\" height=\"1\" src=\"https:\/\/www.montanheiros.com\/wp-content\/uploads\/2023\/07\/IMG_0143.jpg\" class=\"attachment-thumbnail size-thumbnail\" alt=\"\" ids=\"15704,15705,15707,15708,15706,15703,15702,15701,15700,15699,15698\" style=\"none\" type=\"slider\" columns=\"1\" image_width=\"63\" image_size=\"thumbnail\" text_align=\"center\" \/>                                                              <\/div>\n              <div class=\"box-text text-center\" >\n                 <p><\/p>\n              <\/div>\n            <\/div>\n            <\/a>          <\/div>\n         <\/div><div class=\"gallery-col col\" >\n          <div class=\"col-inner\">\n            <a class=\"image-lightbox lightbox-gallery\" href=\"https:\/\/www.montanheiros.com\/wp-content\/uploads\/2023\/07\/IMG_0130-1067x800.jpg\" title=\"\">            <div class=\"box has-hover gallery-box box-none\">\n              <div class=\"box-image\" style=\"width:63%;\">\n                <img loading=\"lazy\" decoding=\"async\" width=\"280\" height=\"280\" src=\"https:\/\/www.montanheiros.com\/wp-content\/uploads\/2023\/07\/IMG_0130-280x280.jpg\" class=\"attachment-thumbnail size-thumbnail\" alt=\"\" ids=\"15704,15705,15707,15708,15706,15703,15702,15701,15700,15699,15698\" style=\"none\" type=\"slider\" columns=\"1\" image_width=\"63\" image_size=\"thumbnail\" text_align=\"center\" srcset=\"https:\/\/www.montanheiros.com\/wp-content\/uploads\/2023\/07\/IMG_0130-280x280.jpg 280w, https:\/\/www.montanheiros.com\/wp-content\/uploads\/2023\/07\/IMG_0130-300x300.jpg 300w, https:\/\/www.montanheiros.com\/wp-content\/uploads\/2023\/07\/IMG_0130-100x100.jpg 100w\" sizes=\"auto, (max-width: 280px) 100vw, 280px\" \/>                                                              <\/div>\n              <div class=\"box-text text-center\" >\n                 <p><\/p>\n              <\/div>\n            <\/div>\n            <\/a>          <\/div>\n         <\/div><div class=\"gallery-col col\" >\n          <div class=\"col-inner\">\n            <a class=\"image-lightbox lightbox-gallery\" href=\"https:\/\/www.montanheiros.com\/wp-content\/uploads\/2023\/07\/IMG_0128-1067x800.jpg\" title=\"\">            <div class=\"box has-hover gallery-box box-none\">\n              <div class=\"box-image\" style=\"width:63%;\">\n                <img loading=\"lazy\" decoding=\"async\" width=\"280\" height=\"280\" src=\"https:\/\/www.montanheiros.com\/wp-content\/uploads\/2023\/07\/IMG_0128-280x280.jpg\" class=\"attachment-thumbnail size-thumbnail\" alt=\"\" ids=\"15704,15705,15707,15708,15706,15703,15702,15701,15700,15699,15698\" style=\"none\" type=\"slider\" columns=\"1\" image_width=\"63\" image_size=\"thumbnail\" text_align=\"center\" srcset=\"https:\/\/www.montanheiros.com\/wp-content\/uploads\/2023\/07\/IMG_0128-280x280.jpg 280w, https:\/\/www.montanheiros.com\/wp-content\/uploads\/2023\/07\/IMG_0128-300x300.jpg 300w, https:\/\/www.montanheiros.com\/wp-content\/uploads\/2023\/07\/IMG_0128-100x100.jpg 100w\" sizes=\"auto, (max-width: 280px) 100vw, 280px\" \/>                                                              <\/div>\n              <div class=\"box-text text-center\" >\n                 <p><\/p>\n              <\/div>\n            <\/div>\n            <\/a>          <\/div>\n         <\/div><div class=\"gallery-col col\" >\n          <div class=\"col-inner\">\n            <a class=\"image-lightbox lightbox-gallery\" href=\"https:\/\/www.montanheiros.com\/wp-content\/uploads\/2023\/07\/IMG_0123.jpg\" title=\"\">            <div class=\"box has-hover gallery-box box-none\">\n              <div class=\"box-image\" style=\"width:63%;\">\n                <img loading=\"lazy\" decoding=\"async\" width=\"1\" height=\"1\" src=\"https:\/\/www.montanheiros.com\/wp-content\/uploads\/2023\/07\/IMG_0123.jpg\" class=\"attachment-thumbnail size-thumbnail\" alt=\"\" ids=\"15704,15705,15707,15708,15706,15703,15702,15701,15700,15699,15698\" style=\"none\" type=\"slider\" columns=\"1\" image_width=\"63\" image_size=\"thumbnail\" text_align=\"center\" \/>                                                              <\/div>\n              <div class=\"box-text text-center\" >\n                 <p><\/p>\n              <\/div>\n            <\/div>\n            <\/a>          <\/div>\n         <\/div><div class=\"gallery-col col\" >\n          <div class=\"col-inner\">\n            <a class=\"image-lightbox lightbox-gallery\" href=\"https:\/\/www.montanheiros.com\/wp-content\/uploads\/2023\/07\/IMG_0121-1067x800.jpg\" title=\"\">            <div class=\"box has-hover gallery-box box-none\">\n              <div class=\"box-image\" style=\"width:63%;\">\n                <img loading=\"lazy\" decoding=\"async\" width=\"280\" height=\"280\" src=\"https:\/\/www.montanheiros.com\/wp-content\/uploads\/2023\/07\/IMG_0121-280x280.jpg\" class=\"attachment-thumbnail size-thumbnail\" alt=\"\" ids=\"15704,15705,15707,15708,15706,15703,15702,15701,15700,15699,15698\" style=\"none\" type=\"slider\" columns=\"1\" image_width=\"63\" image_size=\"thumbnail\" text_align=\"center\" srcset=\"https:\/\/www.montanheiros.com\/wp-content\/uploads\/2023\/07\/IMG_0121-280x280.jpg 280w, https:\/\/www.montanheiros.com\/wp-content\/uploads\/2023\/07\/IMG_0121-300x300.jpg 300w, https:\/\/www.montanheiros.com\/wp-content\/uploads\/2023\/07\/IMG_0121-100x100.jpg 100w\" sizes=\"auto, (max-width: 280px) 100vw, 280px\" \/>                                                              <\/div>\n              <div class=\"box-text text-center\" >\n                 <p><\/p>\n              <\/div>\n            <\/div>\n            <\/a>          <\/div>\n         <\/div><div class=\"gallery-col col\" >\n          <div class=\"col-inner\">\n            <a class=\"image-lightbox lightbox-gallery\" href=\"https:\/\/www.montanheiros.com\/wp-content\/uploads\/2023\/07\/1.jpg\" title=\"\">            <div class=\"box has-hover gallery-box box-none\">\n              <div class=\"box-image\" style=\"width:63%;\">\n                <img loading=\"lazy\" decoding=\"async\" width=\"280\" height=\"210\" src=\"https:\/\/www.montanheiros.com\/wp-content\/uploads\/2023\/07\/1.jpg\" class=\"attachment-thumbnail size-thumbnail\" alt=\"\" ids=\"15704,15705,15707,15708,15706,15703,15702,15701,15700,15699,15698\" style=\"none\" type=\"slider\" columns=\"1\" image_width=\"63\" image_size=\"thumbnail\" text_align=\"center\" \/>                                                              <\/div>\n              <div class=\"box-text text-center\" >\n                 <p><\/p>\n              <\/div>\n            <\/div>\n            <\/a>          <\/div>\n         <\/div><\/div>\n\n\n\t\t<\/div>\n\t\t\t\t\t<\/div>\n\n\t\n\n\t<div id=\"col-1163468692\" class=\"col medium-3 small-6 large-3\"  >\n\t\t\t\t<div class=\"col-inner\"  >\n\t\t\t\n\t\t\t\n\n<p>Passeio ao Pico do Nari\u00e3o, 28mai2023 &#8211; ilha Terceira<\/p>\n\n  \n    <div class=\"row large-columns-1 medium-columns- small-columns- row-full-width slider row-slider slider-nav-reveal\"  data-flickity-options='{\"imagesLoaded\": true, \"groupCells\": \"100%\", \"dragThreshold\" : 5, \"cellAlign\": \"left\",\"wrapAround\": true,\"prevNextButtons\": true,\"percentPosition\": true,\"pageDots\": false, \"rightToLeft\": false, \"autoPlay\" : false}'>\n\n  <div class=\"gallery-col col\" >\n          <div class=\"col-inner\">\n            <a class=\"image-lightbox lightbox-gallery\" href=\"https:\/\/www.montanheiros.com\/wp-content\/uploads\/2023\/06\/8c531467-6985-4b04-9c0d-dabc8e71b7db-1-1400x646.jpg\" title=\"\">            <div class=\"box has-hover gallery-box box-none\">\n              <div class=\"box-image\" style=\"width:63%;\">\n                <img loading=\"lazy\" decoding=\"async\" width=\"280\" height=\"280\" src=\"https:\/\/www.montanheiros.com\/wp-content\/uploads\/2023\/06\/8c531467-6985-4b04-9c0d-dabc8e71b7db-1-280x280.jpg\" class=\"attachment-thumbnail size-thumbnail\" alt=\"\" ids=\"15651,15653,15654,15655\" style=\"none\" type=\"slider\" columns=\"1\" image_width=\"63\" image_size=\"thumbnail\" text_align=\"center\" srcset=\"https:\/\/www.montanheiros.com\/wp-content\/uploads\/2023\/06\/8c531467-6985-4b04-9c0d-dabc8e71b7db-1-280x280.jpg 280w, https:\/\/www.montanheiros.com\/wp-content\/uploads\/2023\/06\/8c531467-6985-4b04-9c0d-dabc8e71b7db-1-300x300.jpg 300w, https:\/\/www.montanheiros.com\/wp-content\/uploads\/2023\/06\/8c531467-6985-4b04-9c0d-dabc8e71b7db-1-100x100.jpg 100w\" sizes=\"auto, (max-width: 280px) 100vw, 280px\" \/>                                                              <\/div>\n              <div class=\"box-text text-center\" >\n                 <p><\/p>\n              <\/div>\n            <\/div>\n            <\/a>          <\/div>\n         <\/div><div class=\"gallery-col col\" >\n          <div class=\"col-inner\">\n            <a class=\"image-lightbox lightbox-gallery\" href=\"https:\/\/www.montanheiros.com\/wp-content\/uploads\/2023\/06\/350121095_924604385315678_3454943786552907136_n-1-1200x800.jpg\" title=\"\">            <div class=\"box has-hover gallery-box box-none\">\n              <div class=\"box-image\" style=\"width:63%;\">\n                <img loading=\"lazy\" decoding=\"async\" width=\"280\" height=\"280\" src=\"https:\/\/www.montanheiros.com\/wp-content\/uploads\/2023\/06\/350121095_924604385315678_3454943786552907136_n-1-280x280.jpg\" class=\"attachment-thumbnail size-thumbnail\" alt=\"\" ids=\"15651,15653,15654,15655\" style=\"none\" type=\"slider\" columns=\"1\" image_width=\"63\" image_size=\"thumbnail\" text_align=\"center\" srcset=\"https:\/\/www.montanheiros.com\/wp-content\/uploads\/2023\/06\/350121095_924604385315678_3454943786552907136_n-1-280x280.jpg 280w, https:\/\/www.montanheiros.com\/wp-content\/uploads\/2023\/06\/350121095_924604385315678_3454943786552907136_n-1-300x300.jpg 300w, https:\/\/www.montanheiros.com\/wp-content\/uploads\/2023\/06\/350121095_924604385315678_3454943786552907136_n-1-100x100.jpg 100w\" sizes=\"auto, (max-width: 280px) 100vw, 280px\" \/>                                                              <\/div>\n              <div class=\"box-text text-center\" >\n                 <p><\/p>\n              <\/div>\n            <\/div>\n            <\/a>          <\/div>\n         <\/div><div class=\"gallery-col col\" >\n          <div class=\"col-inner\">\n            <a class=\"image-lightbox lightbox-gallery\" href=\"https:\/\/www.montanheiros.com\/wp-content\/uploads\/2023\/06\/e3331e48-4f41-40ae-97d6-0801b4e481aa-1-369x800.jpg\" title=\"\">            <div class=\"box has-hover gallery-box box-none\">\n              <div class=\"box-image\" style=\"width:63%;\">\n                <img loading=\"lazy\" decoding=\"async\" width=\"280\" height=\"280\" src=\"https:\/\/www.montanheiros.com\/wp-content\/uploads\/2023\/06\/e3331e48-4f41-40ae-97d6-0801b4e481aa-1-280x280.jpg\" class=\"attachment-thumbnail size-thumbnail\" alt=\"\" ids=\"15651,15653,15654,15655\" style=\"none\" type=\"slider\" columns=\"1\" image_width=\"63\" image_size=\"thumbnail\" text_align=\"center\" srcset=\"https:\/\/www.montanheiros.com\/wp-content\/uploads\/2023\/06\/e3331e48-4f41-40ae-97d6-0801b4e481aa-1-280x280.jpg 280w, https:\/\/www.montanheiros.com\/wp-content\/uploads\/2023\/06\/e3331e48-4f41-40ae-97d6-0801b4e481aa-1-300x300.jpg 300w, https:\/\/www.montanheiros.com\/wp-content\/uploads\/2023\/06\/e3331e48-4f41-40ae-97d6-0801b4e481aa-1-100x100.jpg 100w\" sizes=\"auto, (max-width: 280px) 100vw, 280px\" \/>                                                              <\/div>\n              <div class=\"box-text text-center\" >\n                 <p><\/p>\n              <\/div>\n            <\/div>\n            <\/a>          <\/div>\n         <\/div><div class=\"gallery-col col\" >\n          <div class=\"col-inner\">\n            <a class=\"image-lightbox lightbox-gallery\" href=\"https:\/\/www.montanheiros.com\/wp-content\/uploads\/2023\/06\/fb058c18-5fa0-49f4-bebc-e3883217d80c-1-369x800.jpg\" title=\"\">            <div class=\"box has-hover gallery-box box-none\">\n              <div class=\"box-image\" style=\"width:63%;\">\n                <img loading=\"lazy\" decoding=\"async\" width=\"280\" height=\"280\" src=\"https:\/\/www.montanheiros.com\/wp-content\/uploads\/2023\/06\/fb058c18-5fa0-49f4-bebc-e3883217d80c-1-280x280.jpg\" class=\"attachment-thumbnail size-thumbnail\" alt=\"\" ids=\"15651,15653,15654,15655\" style=\"none\" type=\"slider\" columns=\"1\" image_width=\"63\" image_size=\"thumbnail\" text_align=\"center\" srcset=\"https:\/\/www.montanheiros.com\/wp-content\/uploads\/2023\/06\/fb058c18-5fa0-49f4-bebc-e3883217d80c-1-280x280.jpg 280w, https:\/\/www.montanheiros.com\/wp-content\/uploads\/2023\/06\/fb058c18-5fa0-49f4-bebc-e3883217d80c-1-300x300.jpg 300w, https:\/\/www.montanheiros.com\/wp-content\/uploads\/2023\/06\/fb058c18-5fa0-49f4-bebc-e3883217d80c-1-100x100.jpg 100w\" sizes=\"auto, (max-width: 280px) 100vw, 280px\" \/>                                                              <\/div>\n              <div class=\"box-text text-center\" >\n                 <p><\/p>\n              <\/div>\n            <\/div>\n            <\/a>          <\/div>\n         <\/div><\/div>\n\n\n\t\t<\/div>\n\t\t\t\t\t<\/div>\n\n\t\n\n\t<div id=\"col-1722344582\" class=\"col medium-3 small-6 large-3\"  >\n\t\t\t\t<div class=\"col-inner\"  >\n\t\t\t\n\t\t\t\n\n<p>Rota do Mar na Vila Nova, 23abr2023 &#8211; ilha Terceira<\/p>\n\n  \n    <div class=\"row large-columns-1 medium-columns- small-columns- row-full-width slider row-slider slider-nav-reveal\"  data-flickity-options='{\"imagesLoaded\": true, \"groupCells\": \"100%\", \"dragThreshold\" : 5, \"cellAlign\": \"left\",\"wrapAround\": true,\"prevNextButtons\": true,\"percentPosition\": true,\"pageDots\": false, \"rightToLeft\": false, \"autoPlay\" : false}'>\n\n  <div class=\"gallery-col col\" >\n          <div class=\"col-inner\">\n            <a class=\"image-lightbox lightbox-gallery\" href=\"https:\/\/www.montanheiros.com\/wp-content\/uploads\/2023\/05\/342824265_248584311067994_4348437959203661115_n-1067x800.jpg\" title=\"\">            <div class=\"box has-hover gallery-box box-none\">\n              <div class=\"box-image\" style=\"width:63%;\">\n                <img loading=\"lazy\" decoding=\"async\" width=\"280\" height=\"280\" src=\"https:\/\/www.montanheiros.com\/wp-content\/uploads\/2023\/05\/342824265_248584311067994_4348437959203661115_n-280x280.jpg\" class=\"attachment-thumbnail size-thumbnail\" alt=\"\" ids=\"15512,15513,15514,15515,15516,15517,15518,15519,15520,15521,15522,15523,15524,15525,15526,15527,15528\" style=\"none\" type=\"slider\" columns=\"1\" image_width=\"63\" image_size=\"thumbnail\" text_align=\"center\" srcset=\"https:\/\/www.montanheiros.com\/wp-content\/uploads\/2023\/05\/342824265_248584311067994_4348437959203661115_n-280x280.jpg 280w, https:\/\/www.montanheiros.com\/wp-content\/uploads\/2023\/05\/342824265_248584311067994_4348437959203661115_n-300x300.jpg 300w, https:\/\/www.montanheiros.com\/wp-content\/uploads\/2023\/05\/342824265_248584311067994_4348437959203661115_n-100x100.jpg 100w\" sizes=\"auto, (max-width: 280px) 100vw, 280px\" \/>                                                              <\/div>\n              <div class=\"box-text text-center\" >\n                 <p><\/p>\n              <\/div>\n            <\/div>\n            <\/a>          <\/div>\n         <\/div><div class=\"gallery-col col\" >\n          <div class=\"col-inner\">\n            <a class=\"image-lightbox lightbox-gallery\" href=\"https:\/\/www.montanheiros.com\/wp-content\/uploads\/2023\/05\/342877778_898655521429562_5395242726616181067_n-1067x800.jpg\" title=\"\">            <div class=\"box has-hover gallery-box box-none\">\n              <div class=\"box-image\" style=\"width:63%;\">\n                <img loading=\"lazy\" decoding=\"async\" width=\"280\" height=\"280\" src=\"https:\/\/www.montanheiros.com\/wp-content\/uploads\/2023\/05\/342877778_898655521429562_5395242726616181067_n-280x280.jpg\" class=\"attachment-thumbnail size-thumbnail\" alt=\"\" ids=\"15512,15513,15514,15515,15516,15517,15518,15519,15520,15521,15522,15523,15524,15525,15526,15527,15528\" style=\"none\" type=\"slider\" columns=\"1\" image_width=\"63\" image_size=\"thumbnail\" text_align=\"center\" srcset=\"https:\/\/www.montanheiros.com\/wp-content\/uploads\/2023\/05\/342877778_898655521429562_5395242726616181067_n-280x280.jpg 280w, https:\/\/www.montanheiros.com\/wp-content\/uploads\/2023\/05\/342877778_898655521429562_5395242726616181067_n-300x300.jpg 300w, https:\/\/www.montanheiros.com\/wp-content\/uploads\/2023\/05\/342877778_898655521429562_5395242726616181067_n-100x100.jpg 100w\" sizes=\"auto, (max-width: 280px) 100vw, 280px\" \/>                                                              <\/div>\n              <div class=\"box-text text-center\" >\n                 <p><\/p>\n              <\/div>\n            <\/div>\n            <\/a>          <\/div>\n         <\/div><div class=\"gallery-col col\" >\n          <div class=\"col-inner\">\n            <a class=\"image-lightbox lightbox-gallery\" href=\"https:\/\/www.montanheiros.com\/wp-content\/uploads\/2023\/05\/342913225_261645159771087_6889202137900216648_n-1067x800.jpg\" title=\"\">            <div class=\"box has-hover gallery-box box-none\">\n              <div class=\"box-image\" style=\"width:63%;\">\n                <img loading=\"lazy\" decoding=\"async\" width=\"280\" height=\"280\" src=\"https:\/\/www.montanheiros.com\/wp-content\/uploads\/2023\/05\/342913225_261645159771087_6889202137900216648_n-280x280.jpg\" class=\"attachment-thumbnail size-thumbnail\" alt=\"\" ids=\"15512,15513,15514,15515,15516,15517,15518,15519,15520,15521,15522,15523,15524,15525,15526,15527,15528\" style=\"none\" type=\"slider\" columns=\"1\" image_width=\"63\" image_size=\"thumbnail\" text_align=\"center\" srcset=\"https:\/\/www.montanheiros.com\/wp-content\/uploads\/2023\/05\/342913225_261645159771087_6889202137900216648_n-280x280.jpg 280w, https:\/\/www.montanheiros.com\/wp-content\/uploads\/2023\/05\/342913225_261645159771087_6889202137900216648_n-300x300.jpg 300w, https:\/\/www.montanheiros.com\/wp-content\/uploads\/2023\/05\/342913225_261645159771087_6889202137900216648_n-100x100.jpg 100w\" sizes=\"auto, (max-width: 280px) 100vw, 280px\" \/>                                                              <\/div>\n              <div class=\"box-text text-center\" >\n                 <p><\/p>\n              <\/div>\n            <\/div>\n            <\/a>          <\/div>\n         <\/div><div class=\"gallery-col col\" >\n          <div class=\"col-inner\">\n            <a class=\"image-lightbox lightbox-gallery\" href=\"https:\/\/www.montanheiros.com\/wp-content\/uploads\/2023\/05\/342915059_257385070062873_3336318258676931962_n-1199x800.jpg\" title=\"\">            <div class=\"box has-hover gallery-box box-none\">\n              <div class=\"box-image\" style=\"width:63%;\">\n                <img loading=\"lazy\" decoding=\"async\" width=\"280\" height=\"280\" src=\"https:\/\/www.montanheiros.com\/wp-content\/uploads\/2023\/05\/342915059_257385070062873_3336318258676931962_n-280x280.jpg\" class=\"attachment-thumbnail size-thumbnail\" alt=\"\" ids=\"15512,15513,15514,15515,15516,15517,15518,15519,15520,15521,15522,15523,15524,15525,15526,15527,15528\" style=\"none\" type=\"slider\" columns=\"1\" image_width=\"63\" image_size=\"thumbnail\" text_align=\"center\" srcset=\"https:\/\/www.montanheiros.com\/wp-content\/uploads\/2023\/05\/342915059_257385070062873_3336318258676931962_n-280x280.jpg 280w, https:\/\/www.montanheiros.com\/wp-content\/uploads\/2023\/05\/342915059_257385070062873_3336318258676931962_n-300x300.jpg 300w, https:\/\/www.montanheiros.com\/wp-content\/uploads\/2023\/05\/342915059_257385070062873_3336318258676931962_n-100x100.jpg 100w\" sizes=\"auto, (max-width: 280px) 100vw, 280px\" \/>                                                              <\/div>\n              <div class=\"box-text text-center\" >\n                 <p><\/p>\n              <\/div>\n            <\/div>\n            <\/a>          <\/div>\n         <\/div><div class=\"gallery-col col\" >\n          <div class=\"col-inner\">\n            <a class=\"image-lightbox lightbox-gallery\" href=\"https:\/\/www.montanheiros.com\/wp-content\/uploads\/2023\/05\/342917005_777834850413244_9138307389507505598_n-1199x800.jpg\" title=\"\">            <div class=\"box has-hover gallery-box box-none\">\n              <div class=\"box-image\" style=\"width:63%;\">\n                <img loading=\"lazy\" decoding=\"async\" width=\"280\" height=\"280\" src=\"https:\/\/www.montanheiros.com\/wp-content\/uploads\/2023\/05\/342917005_777834850413244_9138307389507505598_n-280x280.jpg\" class=\"attachment-thumbnail size-thumbnail\" alt=\"\" ids=\"15512,15513,15514,15515,15516,15517,15518,15519,15520,15521,15522,15523,15524,15525,15526,15527,15528\" style=\"none\" type=\"slider\" columns=\"1\" image_width=\"63\" image_size=\"thumbnail\" text_align=\"center\" srcset=\"https:\/\/www.montanheiros.com\/wp-content\/uploads\/2023\/05\/342917005_777834850413244_9138307389507505598_n-280x280.jpg 280w, https:\/\/www.montanheiros.com\/wp-content\/uploads\/2023\/05\/342917005_777834850413244_9138307389507505598_n-300x300.jpg 300w, https:\/\/www.montanheiros.com\/wp-content\/uploads\/2023\/05\/342917005_777834850413244_9138307389507505598_n-100x100.jpg 100w\" sizes=\"auto, (max-width: 280px) 100vw, 280px\" \/>                                                              <\/div>\n              <div class=\"box-text text-center\" >\n                 <p><\/p>\n              <\/div>\n            <\/div>\n            <\/a>          <\/div>\n         <\/div><div class=\"gallery-col col\" >\n          <div class=\"col-inner\">\n            <a class=\"image-lightbox lightbox-gallery\" href=\"https:\/\/www.montanheiros.com\/wp-content\/uploads\/2023\/05\/342969647_782540903299274_1416043675643198557_n-1199x800.jpg\" title=\"\">            <div class=\"box has-hover gallery-box box-none\">\n              <div class=\"box-image\" style=\"width:63%;\">\n                <img loading=\"lazy\" decoding=\"async\" width=\"280\" height=\"280\" src=\"https:\/\/www.montanheiros.com\/wp-content\/uploads\/2023\/05\/342969647_782540903299274_1416043675643198557_n-280x280.jpg\" class=\"attachment-thumbnail size-thumbnail\" alt=\"\" ids=\"15512,15513,15514,15515,15516,15517,15518,15519,15520,15521,15522,15523,15524,15525,15526,15527,15528\" style=\"none\" type=\"slider\" columns=\"1\" image_width=\"63\" image_size=\"thumbnail\" text_align=\"center\" srcset=\"https:\/\/www.montanheiros.com\/wp-content\/uploads\/2023\/05\/342969647_782540903299274_1416043675643198557_n-280x280.jpg 280w, https:\/\/www.montanheiros.com\/wp-content\/uploads\/2023\/05\/342969647_782540903299274_1416043675643198557_n-300x300.jpg 300w, https:\/\/www.montanheiros.com\/wp-content\/uploads\/2023\/05\/342969647_782540903299274_1416043675643198557_n-100x100.jpg 100w\" sizes=\"auto, (max-width: 280px) 100vw, 280px\" \/>                                                              <\/div>\n              <div class=\"box-text text-center\" >\n                 <p><\/p>\n              <\/div>\n            <\/div>\n            <\/a>          <\/div>\n         <\/div><div class=\"gallery-col col\" >\n          <div class=\"col-inner\">\n            <a class=\"image-lightbox lightbox-gallery\" href=\"https:\/\/www.montanheiros.com\/wp-content\/uploads\/2023\/05\/342976555_1258505021691898_4962177776093788460_n-1067x800.jpg\" title=\"\">            <div class=\"box has-hover gallery-box box-none\">\n              <div class=\"box-image\" style=\"width:63%;\">\n                <img loading=\"lazy\" decoding=\"async\" width=\"280\" height=\"280\" src=\"https:\/\/www.montanheiros.com\/wp-content\/uploads\/2023\/05\/342976555_1258505021691898_4962177776093788460_n-280x280.jpg\" class=\"attachment-thumbnail size-thumbnail\" alt=\"\" ids=\"15512,15513,15514,15515,15516,15517,15518,15519,15520,15521,15522,15523,15524,15525,15526,15527,15528\" style=\"none\" type=\"slider\" columns=\"1\" image_width=\"63\" image_size=\"thumbnail\" text_align=\"center\" srcset=\"https:\/\/www.montanheiros.com\/wp-content\/uploads\/2023\/05\/342976555_1258505021691898_4962177776093788460_n-280x280.jpg 280w, https:\/\/www.montanheiros.com\/wp-content\/uploads\/2023\/05\/342976555_1258505021691898_4962177776093788460_n-300x300.jpg 300w, https:\/\/www.montanheiros.com\/wp-content\/uploads\/2023\/05\/342976555_1258505021691898_4962177776093788460_n-100x100.jpg 100w\" sizes=\"auto, (max-width: 280px) 100vw, 280px\" \/>                                                              <\/div>\n              <div class=\"box-text text-center\" >\n                 <p><\/p>\n              <\/div>\n            <\/div>\n            <\/a>          <\/div>\n         <\/div><div class=\"gallery-col col\" >\n          <div class=\"col-inner\">\n            <a class=\"image-lightbox lightbox-gallery\" href=\"https:\/\/www.montanheiros.com\/wp-content\/uploads\/2023\/05\/342980093_1365747443997551_5278081840606575578_n-1067x800.jpg\" title=\"\">            <div class=\"box has-hover gallery-box box-none\">\n              <div class=\"box-image\" style=\"width:63%;\">\n                <img loading=\"lazy\" decoding=\"async\" width=\"280\" height=\"280\" src=\"https:\/\/www.montanheiros.com\/wp-content\/uploads\/2023\/05\/342980093_1365747443997551_5278081840606575578_n-280x280.jpg\" class=\"attachment-thumbnail size-thumbnail\" alt=\"\" ids=\"15512,15513,15514,15515,15516,15517,15518,15519,15520,15521,15522,15523,15524,15525,15526,15527,15528\" style=\"none\" type=\"slider\" columns=\"1\" image_width=\"63\" image_size=\"thumbnail\" text_align=\"center\" srcset=\"https:\/\/www.montanheiros.com\/wp-content\/uploads\/2023\/05\/342980093_1365747443997551_5278081840606575578_n-280x280.jpg 280w, https:\/\/www.montanheiros.com\/wp-content\/uploads\/2023\/05\/342980093_1365747443997551_5278081840606575578_n-300x300.jpg 300w, https:\/\/www.montanheiros.com\/wp-content\/uploads\/2023\/05\/342980093_1365747443997551_5278081840606575578_n-100x100.jpg 100w\" sizes=\"auto, (max-width: 280px) 100vw, 280px\" \/>                                                              <\/div>\n              <div class=\"box-text text-center\" >\n                 <p><\/p>\n              <\/div>\n            <\/div>\n            <\/a>          <\/div>\n         <\/div><div class=\"gallery-col col\" >\n          <div class=\"col-inner\">\n            <a class=\"image-lightbox lightbox-gallery\" href=\"https:\/\/www.montanheiros.com\/wp-content\/uploads\/2023\/05\/342988561_761824962138982_2288187479784858961_n-1067x800.jpg\" title=\"\">            <div class=\"box has-hover gallery-box box-none\">\n              <div class=\"box-image\" style=\"width:63%;\">\n                <img loading=\"lazy\" decoding=\"async\" width=\"280\" height=\"280\" src=\"https:\/\/www.montanheiros.com\/wp-content\/uploads\/2023\/05\/342988561_761824962138982_2288187479784858961_n-280x280.jpg\" class=\"attachment-thumbnail size-thumbnail\" alt=\"\" ids=\"15512,15513,15514,15515,15516,15517,15518,15519,15520,15521,15522,15523,15524,15525,15526,15527,15528\" style=\"none\" type=\"slider\" columns=\"1\" image_width=\"63\" image_size=\"thumbnail\" text_align=\"center\" srcset=\"https:\/\/www.montanheiros.com\/wp-content\/uploads\/2023\/05\/342988561_761824962138982_2288187479784858961_n-280x280.jpg 280w, https:\/\/www.montanheiros.com\/wp-content\/uploads\/2023\/05\/342988561_761824962138982_2288187479784858961_n-300x300.jpg 300w, https:\/\/www.montanheiros.com\/wp-content\/uploads\/2023\/05\/342988561_761824962138982_2288187479784858961_n-100x100.jpg 100w\" sizes=\"auto, (max-width: 280px) 100vw, 280px\" \/>                                                              <\/div>\n              <div class=\"box-text text-center\" >\n                 <p><\/p>\n              <\/div>\n            <\/div>\n            <\/a>          <\/div>\n         <\/div><div class=\"gallery-col col\" >\n          <div class=\"col-inner\">\n            <a class=\"image-lightbox lightbox-gallery\" href=\"https:\/\/www.montanheiros.com\/wp-content\/uploads\/2023\/05\/342997702_613471090678589_8709303420417585913_n-1200x800.jpg\" title=\"\">            <div class=\"box has-hover gallery-box box-none\">\n              <div class=\"box-image\" style=\"width:63%;\">\n                <img loading=\"lazy\" decoding=\"async\" width=\"280\" height=\"280\" src=\"https:\/\/www.montanheiros.com\/wp-content\/uploads\/2023\/05\/342997702_613471090678589_8709303420417585913_n-280x280.jpg\" class=\"attachment-thumbnail size-thumbnail\" alt=\"\" ids=\"15512,15513,15514,15515,15516,15517,15518,15519,15520,15521,15522,15523,15524,15525,15526,15527,15528\" style=\"none\" type=\"slider\" columns=\"1\" image_width=\"63\" image_size=\"thumbnail\" text_align=\"center\" srcset=\"https:\/\/www.montanheiros.com\/wp-content\/uploads\/2023\/05\/342997702_613471090678589_8709303420417585913_n-280x280.jpg 280w, https:\/\/www.montanheiros.com\/wp-content\/uploads\/2023\/05\/342997702_613471090678589_8709303420417585913_n-300x300.jpg 300w, https:\/\/www.montanheiros.com\/wp-content\/uploads\/2023\/05\/342997702_613471090678589_8709303420417585913_n-100x100.jpg 100w\" sizes=\"auto, (max-width: 280px) 100vw, 280px\" \/>                                                              <\/div>\n              <div class=\"box-text text-center\" >\n                 <p><\/p>\n              <\/div>\n            <\/div>\n            <\/a>          <\/div>\n         <\/div><div class=\"gallery-col col\" >\n          <div class=\"col-inner\">\n            <a class=\"image-lightbox lightbox-gallery\" href=\"https:\/\/www.montanheiros.com\/wp-content\/uploads\/2023\/05\/343002031_1318605118999882_7011128047868906794_n-1067x800.jpg\" title=\"\">            <div class=\"box has-hover gallery-box box-none\">\n              <div class=\"box-image\" style=\"width:63%;\">\n                <img loading=\"lazy\" decoding=\"async\" width=\"280\" height=\"280\" src=\"https:\/\/www.montanheiros.com\/wp-content\/uploads\/2023\/05\/343002031_1318605118999882_7011128047868906794_n-280x280.jpg\" class=\"attachment-thumbnail size-thumbnail\" alt=\"\" ids=\"15512,15513,15514,15515,15516,15517,15518,15519,15520,15521,15522,15523,15524,15525,15526,15527,15528\" style=\"none\" type=\"slider\" columns=\"1\" image_width=\"63\" image_size=\"thumbnail\" text_align=\"center\" srcset=\"https:\/\/www.montanheiros.com\/wp-content\/uploads\/2023\/05\/343002031_1318605118999882_7011128047868906794_n-280x280.jpg 280w, https:\/\/www.montanheiros.com\/wp-content\/uploads\/2023\/05\/343002031_1318605118999882_7011128047868906794_n-300x300.jpg 300w, https:\/\/www.montanheiros.com\/wp-content\/uploads\/2023\/05\/343002031_1318605118999882_7011128047868906794_n-100x100.jpg 100w\" sizes=\"auto, (max-width: 280px) 100vw, 280px\" \/>                                                              <\/div>\n              <div class=\"box-text text-center\" >\n                 <p><\/p>\n              <\/div>\n            <\/div>\n            <\/a>          <\/div>\n         <\/div><div class=\"gallery-col col\" >\n          <div class=\"col-inner\">\n            <a class=\"image-lightbox lightbox-gallery\" href=\"https:\/\/www.montanheiros.com\/wp-content\/uploads\/2023\/05\/343049249_150790027947616_8908369622598989250_n-1400x788.jpg\" title=\"\">            <div class=\"box has-hover gallery-box box-none\">\n              <div class=\"box-image\" style=\"width:63%;\">\n                <img loading=\"lazy\" decoding=\"async\" width=\"280\" height=\"280\" src=\"https:\/\/www.montanheiros.com\/wp-content\/uploads\/2023\/05\/343049249_150790027947616_8908369622598989250_n-280x280.jpg\" class=\"attachment-thumbnail size-thumbnail\" alt=\"\" ids=\"15512,15513,15514,15515,15516,15517,15518,15519,15520,15521,15522,15523,15524,15525,15526,15527,15528\" style=\"none\" type=\"slider\" columns=\"1\" image_width=\"63\" image_size=\"thumbnail\" text_align=\"center\" srcset=\"https:\/\/www.montanheiros.com\/wp-content\/uploads\/2023\/05\/343049249_150790027947616_8908369622598989250_n-280x280.jpg 280w, https:\/\/www.montanheiros.com\/wp-content\/uploads\/2023\/05\/343049249_150790027947616_8908369622598989250_n-300x300.jpg 300w, https:\/\/www.montanheiros.com\/wp-content\/uploads\/2023\/05\/343049249_150790027947616_8908369622598989250_n-100x100.jpg 100w\" sizes=\"auto, (max-width: 280px) 100vw, 280px\" \/>                                                              <\/div>\n              <div class=\"box-text text-center\" >\n                 <p><\/p>\n              <\/div>\n            <\/div>\n            <\/a>          <\/div>\n         <\/div><div class=\"gallery-col col\" >\n          <div class=\"col-inner\">\n            <a class=\"image-lightbox lightbox-gallery\" href=\"https:\/\/www.montanheiros.com\/wp-content\/uploads\/2023\/05\/343054790_3357442907851047_2180101730763894765_n-1067x800.jpg\" title=\"\">            <div class=\"box has-hover gallery-box box-none\">\n              <div class=\"box-image\" style=\"width:63%;\">\n                <img loading=\"lazy\" decoding=\"async\" width=\"280\" height=\"280\" src=\"https:\/\/www.montanheiros.com\/wp-content\/uploads\/2023\/05\/343054790_3357442907851047_2180101730763894765_n-280x280.jpg\" class=\"attachment-thumbnail size-thumbnail\" alt=\"\" ids=\"15512,15513,15514,15515,15516,15517,15518,15519,15520,15521,15522,15523,15524,15525,15526,15527,15528\" style=\"none\" type=\"slider\" columns=\"1\" image_width=\"63\" image_size=\"thumbnail\" text_align=\"center\" srcset=\"https:\/\/www.montanheiros.com\/wp-content\/uploads\/2023\/05\/343054790_3357442907851047_2180101730763894765_n-280x280.jpg 280w, https:\/\/www.montanheiros.com\/wp-content\/uploads\/2023\/05\/343054790_3357442907851047_2180101730763894765_n-300x300.jpg 300w, https:\/\/www.montanheiros.com\/wp-content\/uploads\/2023\/05\/343054790_3357442907851047_2180101730763894765_n-100x100.jpg 100w\" sizes=\"auto, (max-width: 280px) 100vw, 280px\" \/>                                                              <\/div>\n              <div class=\"box-text text-center\" >\n                 <p><\/p>\n              <\/div>\n            <\/div>\n            <\/a>          <\/div>\n         <\/div><div class=\"gallery-col col\" >\n          <div class=\"col-inner\">\n            <a class=\"image-lightbox lightbox-gallery\" href=\"https:\/\/www.montanheiros.com\/wp-content\/uploads\/2023\/05\/343065905_574747734469553_1385775216669914266_n-1-1067x800.jpg\" title=\"\">            <div class=\"box has-hover gallery-box box-none\">\n              <div class=\"box-image\" style=\"width:63%;\">\n                <img loading=\"lazy\" decoding=\"async\" width=\"280\" height=\"280\" src=\"https:\/\/www.montanheiros.com\/wp-content\/uploads\/2023\/05\/343065905_574747734469553_1385775216669914266_n-1-280x280.jpg\" class=\"attachment-thumbnail size-thumbnail\" alt=\"\" ids=\"15512,15513,15514,15515,15516,15517,15518,15519,15520,15521,15522,15523,15524,15525,15526,15527,15528\" style=\"none\" type=\"slider\" columns=\"1\" image_width=\"63\" image_size=\"thumbnail\" text_align=\"center\" srcset=\"https:\/\/www.montanheiros.com\/wp-content\/uploads\/2023\/05\/343065905_574747734469553_1385775216669914266_n-1-280x280.jpg 280w, https:\/\/www.montanheiros.com\/wp-content\/uploads\/2023\/05\/343065905_574747734469553_1385775216669914266_n-1-300x300.jpg 300w, https:\/\/www.montanheiros.com\/wp-content\/uploads\/2023\/05\/343065905_574747734469553_1385775216669914266_n-1-100x100.jpg 100w\" sizes=\"auto, (max-width: 280px) 100vw, 280px\" \/>                                                              <\/div>\n              <div class=\"box-text text-center\" >\n                 <p><\/p>\n              <\/div>\n            <\/div>\n            <\/a>          <\/div>\n         <\/div><div class=\"gallery-col col\" >\n          <div class=\"col-inner\">\n            <a class=\"image-lightbox lightbox-gallery\" href=\"https:\/\/www.montanheiros.com\/wp-content\/uploads\/2023\/05\/343065905_574747734469553_1385775216669914266_n-1067x800.jpg\" title=\"\">            <div class=\"box has-hover gallery-box box-none\">\n              <div class=\"box-image\" style=\"width:63%;\">\n                <img loading=\"lazy\" decoding=\"async\" width=\"280\" height=\"280\" src=\"https:\/\/www.montanheiros.com\/wp-content\/uploads\/2023\/05\/343065905_574747734469553_1385775216669914266_n-280x280.jpg\" class=\"attachment-thumbnail size-thumbnail\" alt=\"\" ids=\"15512,15513,15514,15515,15516,15517,15518,15519,15520,15521,15522,15523,15524,15525,15526,15527,15528\" style=\"none\" type=\"slider\" columns=\"1\" image_width=\"63\" image_size=\"thumbnail\" text_align=\"center\" srcset=\"https:\/\/www.montanheiros.com\/wp-content\/uploads\/2023\/05\/343065905_574747734469553_1385775216669914266_n-280x280.jpg 280w, https:\/\/www.montanheiros.com\/wp-content\/uploads\/2023\/05\/343065905_574747734469553_1385775216669914266_n-300x300.jpg 300w, https:\/\/www.montanheiros.com\/wp-content\/uploads\/2023\/05\/343065905_574747734469553_1385775216669914266_n-100x100.jpg 100w\" sizes=\"auto, (max-width: 280px) 100vw, 280px\" \/>                                                              <\/div>\n              <div class=\"box-text text-center\" >\n                 <p><\/p>\n              <\/div>\n            <\/div>\n            <\/a>          <\/div>\n         <\/div><div class=\"gallery-col col\" >\n          <div class=\"col-inner\">\n            <a class=\"image-lightbox lightbox-gallery\" href=\"https:\/\/www.montanheiros.com\/wp-content\/uploads\/2023\/05\/343157580_453500330309474_826352081114059463_n-600x800.jpg\" title=\"\">            <div class=\"box has-hover gallery-box box-none\">\n              <div class=\"box-image\" style=\"width:63%;\">\n                <img loading=\"lazy\" decoding=\"async\" width=\"280\" height=\"280\" src=\"https:\/\/www.montanheiros.com\/wp-content\/uploads\/2023\/05\/343157580_453500330309474_826352081114059463_n-280x280.jpg\" class=\"attachment-thumbnail size-thumbnail\" alt=\"\" ids=\"15512,15513,15514,15515,15516,15517,15518,15519,15520,15521,15522,15523,15524,15525,15526,15527,15528\" style=\"none\" type=\"slider\" columns=\"1\" image_width=\"63\" image_size=\"thumbnail\" text_align=\"center\" srcset=\"https:\/\/www.montanheiros.com\/wp-content\/uploads\/2023\/05\/343157580_453500330309474_826352081114059463_n-280x280.jpg 280w, https:\/\/www.montanheiros.com\/wp-content\/uploads\/2023\/05\/343157580_453500330309474_826352081114059463_n-300x300.jpg 300w, https:\/\/www.montanheiros.com\/wp-content\/uploads\/2023\/05\/343157580_453500330309474_826352081114059463_n-100x100.jpg 100w\" sizes=\"auto, (max-width: 280px) 100vw, 280px\" \/>                                                              <\/div>\n              <div class=\"box-text text-center\" >\n                 <p><\/p>\n              <\/div>\n            <\/div>\n            <\/a>          <\/div>\n         <\/div><div class=\"gallery-col col\" >\n          <div class=\"col-inner\">\n            <a class=\"image-lightbox lightbox-gallery\" href=\"https:\/\/www.montanheiros.com\/wp-content\/uploads\/2023\/05\/343291832_1197306330971060_5879705925130460248_n-1199x800.jpg\" title=\"\">            <div class=\"box has-hover gallery-box box-none\">\n              <div class=\"box-image\" style=\"width:63%;\">\n                <img loading=\"lazy\" decoding=\"async\" width=\"280\" height=\"280\" src=\"https:\/\/www.montanheiros.com\/wp-content\/uploads\/2023\/05\/343291832_1197306330971060_5879705925130460248_n-280x280.jpg\" class=\"attachment-thumbnail size-thumbnail\" alt=\"\" ids=\"15512,15513,15514,15515,15516,15517,15518,15519,15520,15521,15522,15523,15524,15525,15526,15527,15528\" style=\"none\" type=\"slider\" columns=\"1\" image_width=\"63\" image_size=\"thumbnail\" text_align=\"center\" srcset=\"https:\/\/www.montanheiros.com\/wp-content\/uploads\/2023\/05\/343291832_1197306330971060_5879705925130460248_n-280x280.jpg 280w, https:\/\/www.montanheiros.com\/wp-content\/uploads\/2023\/05\/343291832_1197306330971060_5879705925130460248_n-300x300.jpg 300w, https:\/\/www.montanheiros.com\/wp-content\/uploads\/2023\/05\/343291832_1197306330971060_5879705925130460248_n-100x100.jpg 100w\" sizes=\"auto, (max-width: 280px) 100vw, 280px\" \/>                                                              <\/div>\n              <div class=\"box-text text-center\" >\n                 <p><\/p>\n              <\/div>\n            <\/div>\n            <\/a>          <\/div>\n         <\/div><\/div>\n\n\n\t\t<\/div>\n\t\t\t\t\t<\/div>\n\n\t\n\n\t<div id=\"col-1729554316\" class=\"col medium-3 small-6 large-3\"  >\n\t\t\t\t<div class=\"col-inner\"  >\n\t\t\t\n\t\t\t\n\n<p>\u00a0Trilho das Beiras, 26mar2023 &#8211; ilha Terceira<\/p>\n\n  \n    <div class=\"row large-columns-1 medium-columns- small-columns- row-full-width slider row-slider slider-nav-reveal\"  data-flickity-options='{\"imagesLoaded\": true, \"groupCells\": \"100%\", \"dragThreshold\" : 5, \"cellAlign\": \"left\",\"wrapAround\": true,\"prevNextButtons\": true,\"percentPosition\": true,\"pageDots\": false, \"rightToLeft\": false, \"autoPlay\" : false}'>\n\n  <div class=\"gallery-col col\" >\n          <div class=\"col-inner\">\n            <a class=\"image-lightbox lightbox-gallery\" href=\"https:\/\/www.montanheiros.com\/wp-content\/uploads\/2023\/03\/image_50434049-1067x800.jpg\" title=\"\">            <div class=\"box has-hover gallery-box box-none\">\n              <div class=\"box-image\" style=\"width:63%;\">\n                <img loading=\"lazy\" decoding=\"async\" width=\"280\" height=\"280\" src=\"https:\/\/www.montanheiros.com\/wp-content\/uploads\/2023\/03\/image_50434049-280x280.jpg\" class=\"attachment-thumbnail size-thumbnail\" alt=\"\" ids=\"15433,15434,15435,15436,15437,15438,15439,15440,15441,15442,15443,15444,15445,15446,15447,15448,15449,15450,15451,15452,15453,15454,15455,15456,15457,15458\" style=\"none\" type=\"slider\" columns=\"1\" image_width=\"63\" image_size=\"thumbnail\" text_align=\"center\" srcset=\"https:\/\/www.montanheiros.com\/wp-content\/uploads\/2023\/03\/image_50434049-280x280.jpg 280w, https:\/\/www.montanheiros.com\/wp-content\/uploads\/2023\/03\/image_50434049-300x300.jpg 300w, https:\/\/www.montanheiros.com\/wp-content\/uploads\/2023\/03\/image_50434049-100x100.jpg 100w\" sizes=\"auto, (max-width: 280px) 100vw, 280px\" \/>                                                              <\/div>\n              <div class=\"box-text text-center\" >\n                 <p><\/p>\n              <\/div>\n            <\/div>\n            <\/a>          <\/div>\n         <\/div><div class=\"gallery-col col\" >\n          <div class=\"col-inner\">\n            <a class=\"image-lightbox lightbox-gallery\" href=\"https:\/\/www.montanheiros.com\/wp-content\/uploads\/2023\/03\/337262679_957989068535459_8895369056676216276_n-533x800.jpg\" title=\"\">            <div class=\"box has-hover gallery-box box-none\">\n              <div class=\"box-image\" style=\"width:63%;\">\n                <img loading=\"lazy\" decoding=\"async\" width=\"280\" height=\"280\" src=\"https:\/\/www.montanheiros.com\/wp-content\/uploads\/2023\/03\/337262679_957989068535459_8895369056676216276_n-280x280.jpg\" class=\"attachment-thumbnail size-thumbnail\" alt=\"\" ids=\"15433,15434,15435,15436,15437,15438,15439,15440,15441,15442,15443,15444,15445,15446,15447,15448,15449,15450,15451,15452,15453,15454,15455,15456,15457,15458\" style=\"none\" type=\"slider\" columns=\"1\" image_width=\"63\" image_size=\"thumbnail\" text_align=\"center\" srcset=\"https:\/\/www.montanheiros.com\/wp-content\/uploads\/2023\/03\/337262679_957989068535459_8895369056676216276_n-280x280.jpg 280w, https:\/\/www.montanheiros.com\/wp-content\/uploads\/2023\/03\/337262679_957989068535459_8895369056676216276_n-300x300.jpg 300w, https:\/\/www.montanheiros.com\/wp-content\/uploads\/2023\/03\/337262679_957989068535459_8895369056676216276_n-100x100.jpg 100w\" sizes=\"auto, (max-width: 280px) 100vw, 280px\" \/>                                                              <\/div>\n              <div class=\"box-text text-center\" >\n                 <p><\/p>\n              <\/div>\n            <\/div>\n            <\/a>          <\/div>\n         <\/div><div class=\"gallery-col col\" >\n          <div class=\"col-inner\">\n            <a class=\"image-lightbox lightbox-gallery\" href=\"https:\/\/www.montanheiros.com\/wp-content\/uploads\/2023\/03\/337267581_174966788731494_3155194073284257009_n-1200x800.jpg\" title=\"\">            <div class=\"box has-hover gallery-box box-none\">\n              <div class=\"box-image\" style=\"width:63%;\">\n                <img loading=\"lazy\" decoding=\"async\" width=\"280\" height=\"280\" src=\"https:\/\/www.montanheiros.com\/wp-content\/uploads\/2023\/03\/337267581_174966788731494_3155194073284257009_n-280x280.jpg\" class=\"attachment-thumbnail size-thumbnail\" alt=\"\" ids=\"15433,15434,15435,15436,15437,15438,15439,15440,15441,15442,15443,15444,15445,15446,15447,15448,15449,15450,15451,15452,15453,15454,15455,15456,15457,15458\" style=\"none\" type=\"slider\" columns=\"1\" image_width=\"63\" image_size=\"thumbnail\" text_align=\"center\" srcset=\"https:\/\/www.montanheiros.com\/wp-content\/uploads\/2023\/03\/337267581_174966788731494_3155194073284257009_n-280x280.jpg 280w, https:\/\/www.montanheiros.com\/wp-content\/uploads\/2023\/03\/337267581_174966788731494_3155194073284257009_n-300x300.jpg 300w, https:\/\/www.montanheiros.com\/wp-content\/uploads\/2023\/03\/337267581_174966788731494_3155194073284257009_n-100x100.jpg 100w\" sizes=\"auto, (max-width: 280px) 100vw, 280px\" \/>                                                              <\/div>\n              <div class=\"box-text text-center\" >\n                 <p><\/p>\n              <\/div>\n            <\/div>\n            <\/a>          <\/div>\n         <\/div><div class=\"gallery-col col\" >\n          <div class=\"col-inner\">\n            <a class=\"image-lightbox lightbox-gallery\" href=\"https:\/\/www.montanheiros.com\/wp-content\/uploads\/2023\/03\/337271608_165500419708676_3696695548418066478_n-1200x800.jpg\" title=\"\">            <div class=\"box has-hover gallery-box box-none\">\n              <div class=\"box-image\" style=\"width:63%;\">\n                <img loading=\"lazy\" decoding=\"async\" width=\"280\" height=\"280\" src=\"https:\/\/www.montanheiros.com\/wp-content\/uploads\/2023\/03\/337271608_165500419708676_3696695548418066478_n-280x280.jpg\" class=\"attachment-thumbnail size-thumbnail\" alt=\"\" ids=\"15433,15434,15435,15436,15437,15438,15439,15440,15441,15442,15443,15444,15445,15446,15447,15448,15449,15450,15451,15452,15453,15454,15455,15456,15457,15458\" style=\"none\" type=\"slider\" columns=\"1\" image_width=\"63\" image_size=\"thumbnail\" text_align=\"center\" srcset=\"https:\/\/www.montanheiros.com\/wp-content\/uploads\/2023\/03\/337271608_165500419708676_3696695548418066478_n-280x280.jpg 280w, https:\/\/www.montanheiros.com\/wp-content\/uploads\/2023\/03\/337271608_165500419708676_3696695548418066478_n-300x300.jpg 300w, https:\/\/www.montanheiros.com\/wp-content\/uploads\/2023\/03\/337271608_165500419708676_3696695548418066478_n-100x100.jpg 100w\" sizes=\"auto, (max-width: 280px) 100vw, 280px\" \/>                                                              <\/div>\n              <div class=\"box-text text-center\" >\n                 <p><\/p>\n              <\/div>\n            <\/div>\n            <\/a>          <\/div>\n         <\/div><div class=\"gallery-col col\" >\n          <div class=\"col-inner\">\n            <a class=\"image-lightbox lightbox-gallery\" href=\"https:\/\/www.montanheiros.com\/wp-content\/uploads\/2023\/03\/337276895_1266770457264999_3509704014194153789_n-1200x800.jpg\" title=\"\">            <div class=\"box has-hover gallery-box box-none\">\n              <div class=\"box-image\" style=\"width:63%;\">\n                <img loading=\"lazy\" decoding=\"async\" width=\"280\" height=\"280\" src=\"https:\/\/www.montanheiros.com\/wp-content\/uploads\/2023\/03\/337276895_1266770457264999_3509704014194153789_n-280x280.jpg\" class=\"attachment-thumbnail size-thumbnail\" alt=\"\" ids=\"15433,15434,15435,15436,15437,15438,15439,15440,15441,15442,15443,15444,15445,15446,15447,15448,15449,15450,15451,15452,15453,15454,15455,15456,15457,15458\" style=\"none\" type=\"slider\" columns=\"1\" image_width=\"63\" image_size=\"thumbnail\" text_align=\"center\" srcset=\"https:\/\/www.montanheiros.com\/wp-content\/uploads\/2023\/03\/337276895_1266770457264999_3509704014194153789_n-280x280.jpg 280w, https:\/\/www.montanheiros.com\/wp-content\/uploads\/2023\/03\/337276895_1266770457264999_3509704014194153789_n-300x300.jpg 300w, https:\/\/www.montanheiros.com\/wp-content\/uploads\/2023\/03\/337276895_1266770457264999_3509704014194153789_n-100x100.jpg 100w\" sizes=\"auto, (max-width: 280px) 100vw, 280px\" \/>                                                              <\/div>\n              <div class=\"box-text text-center\" >\n                 <p><\/p>\n              <\/div>\n            <\/div>\n            <\/a>          <\/div>\n         <\/div><div class=\"gallery-col col\" >\n          <div class=\"col-inner\">\n            <a class=\"image-lightbox lightbox-gallery\" href=\"https:\/\/www.montanheiros.com\/wp-content\/uploads\/2023\/03\/337279384_1364181014149352_797300815767078055_n-1200x800.jpg\" title=\"\">            <div class=\"box has-hover gallery-box box-none\">\n              <div class=\"box-image\" style=\"width:63%;\">\n                <img loading=\"lazy\" decoding=\"async\" width=\"280\" height=\"280\" src=\"https:\/\/www.montanheiros.com\/wp-content\/uploads\/2023\/03\/337279384_1364181014149352_797300815767078055_n-280x280.jpg\" class=\"attachment-thumbnail size-thumbnail\" alt=\"\" ids=\"15433,15434,15435,15436,15437,15438,15439,15440,15441,15442,15443,15444,15445,15446,15447,15448,15449,15450,15451,15452,15453,15454,15455,15456,15457,15458\" style=\"none\" type=\"slider\" columns=\"1\" image_width=\"63\" image_size=\"thumbnail\" text_align=\"center\" srcset=\"https:\/\/www.montanheiros.com\/wp-content\/uploads\/2023\/03\/337279384_1364181014149352_797300815767078055_n-280x280.jpg 280w, https:\/\/www.montanheiros.com\/wp-content\/uploads\/2023\/03\/337279384_1364181014149352_797300815767078055_n-300x300.jpg 300w, https:\/\/www.montanheiros.com\/wp-content\/uploads\/2023\/03\/337279384_1364181014149352_797300815767078055_n-100x100.jpg 100w\" sizes=\"auto, (max-width: 280px) 100vw, 280px\" \/>                                                              <\/div>\n              <div class=\"box-text text-center\" >\n                 <p><\/p>\n              <\/div>\n            <\/div>\n            <\/a>          <\/div>\n         <\/div><div class=\"gallery-col col\" >\n          <div class=\"col-inner\">\n            <a class=\"image-lightbox lightbox-gallery\" href=\"https:\/\/www.montanheiros.com\/wp-content\/uploads\/2023\/03\/337284153_646099090590990_2989241489602854544_n-1200x800.jpg\" title=\"\">            <div class=\"box has-hover gallery-box box-none\">\n              <div class=\"box-image\" style=\"width:63%;\">\n                <img loading=\"lazy\" decoding=\"async\" width=\"280\" height=\"280\" src=\"https:\/\/www.montanheiros.com\/wp-content\/uploads\/2023\/03\/337284153_646099090590990_2989241489602854544_n-280x280.jpg\" class=\"attachment-thumbnail size-thumbnail\" alt=\"\" ids=\"15433,15434,15435,15436,15437,15438,15439,15440,15441,15442,15443,15444,15445,15446,15447,15448,15449,15450,15451,15452,15453,15454,15455,15456,15457,15458\" style=\"none\" type=\"slider\" columns=\"1\" image_width=\"63\" image_size=\"thumbnail\" text_align=\"center\" srcset=\"https:\/\/www.montanheiros.com\/wp-content\/uploads\/2023\/03\/337284153_646099090590990_2989241489602854544_n-280x280.jpg 280w, https:\/\/www.montanheiros.com\/wp-content\/uploads\/2023\/03\/337284153_646099090590990_2989241489602854544_n-300x300.jpg 300w, https:\/\/www.montanheiros.com\/wp-content\/uploads\/2023\/03\/337284153_646099090590990_2989241489602854544_n-100x100.jpg 100w\" sizes=\"auto, (max-width: 280px) 100vw, 280px\" \/>                                                              <\/div>\n              <div class=\"box-text text-center\" >\n                 <p><\/p>\n              <\/div>\n            <\/div>\n            <\/a>          <\/div>\n         <\/div><div class=\"gallery-col col\" >\n          <div class=\"col-inner\">\n            <a class=\"image-lightbox lightbox-gallery\" href=\"https:\/\/www.montanheiros.com\/wp-content\/uploads\/2023\/03\/337293208_3333301766937402_206382024004324701_n-1200x800.jpg\" title=\"\">            <div class=\"box has-hover gallery-box box-none\">\n              <div class=\"box-image\" style=\"width:63%;\">\n                <img loading=\"lazy\" decoding=\"async\" width=\"280\" height=\"280\" src=\"https:\/\/www.montanheiros.com\/wp-content\/uploads\/2023\/03\/337293208_3333301766937402_206382024004324701_n-280x280.jpg\" class=\"attachment-thumbnail size-thumbnail\" alt=\"\" ids=\"15433,15434,15435,15436,15437,15438,15439,15440,15441,15442,15443,15444,15445,15446,15447,15448,15449,15450,15451,15452,15453,15454,15455,15456,15457,15458\" style=\"none\" type=\"slider\" columns=\"1\" image_width=\"63\" image_size=\"thumbnail\" text_align=\"center\" srcset=\"https:\/\/www.montanheiros.com\/wp-content\/uploads\/2023\/03\/337293208_3333301766937402_206382024004324701_n-280x280.jpg 280w, https:\/\/www.montanheiros.com\/wp-content\/uploads\/2023\/03\/337293208_3333301766937402_206382024004324701_n-300x300.jpg 300w, https:\/\/www.montanheiros.com\/wp-content\/uploads\/2023\/03\/337293208_3333301766937402_206382024004324701_n-100x100.jpg 100w\" sizes=\"auto, (max-width: 280px) 100vw, 280px\" \/>                                                              <\/div>\n              <div class=\"box-text text-center\" >\n                 <p><\/p>\n              <\/div>\n            <\/div>\n            <\/a>          <\/div>\n         <\/div><div class=\"gallery-col col\" >\n          <div class=\"col-inner\">\n            <a class=\"image-lightbox lightbox-gallery\" href=\"https:\/\/www.montanheiros.com\/wp-content\/uploads\/2023\/03\/337293859_1578685802641421_3091722290569923888_n-1200x800.jpg\" title=\"\">            <div class=\"box has-hover gallery-box box-none\">\n              <div class=\"box-image\" style=\"width:63%;\">\n                <img loading=\"lazy\" decoding=\"async\" width=\"280\" height=\"280\" src=\"https:\/\/www.montanheiros.com\/wp-content\/uploads\/2023\/03\/337293859_1578685802641421_3091722290569923888_n-280x280.jpg\" class=\"attachment-thumbnail size-thumbnail\" alt=\"\" ids=\"15433,15434,15435,15436,15437,15438,15439,15440,15441,15442,15443,15444,15445,15446,15447,15448,15449,15450,15451,15452,15453,15454,15455,15456,15457,15458\" style=\"none\" type=\"slider\" columns=\"1\" image_width=\"63\" image_size=\"thumbnail\" text_align=\"center\" srcset=\"https:\/\/www.montanheiros.com\/wp-content\/uploads\/2023\/03\/337293859_1578685802641421_3091722290569923888_n-280x280.jpg 280w, https:\/\/www.montanheiros.com\/wp-content\/uploads\/2023\/03\/337293859_1578685802641421_3091722290569923888_n-300x300.jpg 300w, https:\/\/www.montanheiros.com\/wp-content\/uploads\/2023\/03\/337293859_1578685802641421_3091722290569923888_n-100x100.jpg 100w\" sizes=\"auto, (max-width: 280px) 100vw, 280px\" \/>                                                              <\/div>\n              <div class=\"box-text text-center\" >\n                 <p><\/p>\n              <\/div>\n            <\/div>\n            <\/a>          <\/div>\n         <\/div><div class=\"gallery-col col\" >\n          <div class=\"col-inner\">\n            <a class=\"image-lightbox lightbox-gallery\" href=\"https:\/\/www.montanheiros.com\/wp-content\/uploads\/2023\/03\/337296083_216808380935680_9098222605804470940_n-1067x800.jpg\" title=\"\">            <div class=\"box has-hover gallery-box box-none\">\n              <div class=\"box-image\" style=\"width:63%;\">\n                <img loading=\"lazy\" decoding=\"async\" width=\"280\" height=\"280\" src=\"https:\/\/www.montanheiros.com\/wp-content\/uploads\/2023\/03\/337296083_216808380935680_9098222605804470940_n-280x280.jpg\" class=\"attachment-thumbnail size-thumbnail\" alt=\"\" ids=\"15433,15434,15435,15436,15437,15438,15439,15440,15441,15442,15443,15444,15445,15446,15447,15448,15449,15450,15451,15452,15453,15454,15455,15456,15457,15458\" style=\"none\" type=\"slider\" columns=\"1\" image_width=\"63\" image_size=\"thumbnail\" text_align=\"center\" srcset=\"https:\/\/www.montanheiros.com\/wp-content\/uploads\/2023\/03\/337296083_216808380935680_9098222605804470940_n-280x280.jpg 280w, https:\/\/www.montanheiros.com\/wp-content\/uploads\/2023\/03\/337296083_216808380935680_9098222605804470940_n-300x300.jpg 300w, https:\/\/www.montanheiros.com\/wp-content\/uploads\/2023\/03\/337296083_216808380935680_9098222605804470940_n-100x100.jpg 100w\" sizes=\"auto, (max-width: 280px) 100vw, 280px\" \/>                                                              <\/div>\n              <div class=\"box-text text-center\" >\n                 <p><\/p>\n              <\/div>\n            <\/div>\n            <\/a>          <\/div>\n         <\/div><div class=\"gallery-col col\" >\n          <div class=\"col-inner\">\n            <a class=\"image-lightbox lightbox-gallery\" href=\"https:\/\/www.montanheiros.com\/wp-content\/uploads\/2023\/03\/337297734_767659994583679_7117316849022199702_n-1200x800.jpg\" title=\"\">            <div class=\"box has-hover gallery-box box-none\">\n              <div class=\"box-image\" style=\"width:63%;\">\n                <img loading=\"lazy\" decoding=\"async\" width=\"280\" height=\"280\" src=\"https:\/\/www.montanheiros.com\/wp-content\/uploads\/2023\/03\/337297734_767659994583679_7117316849022199702_n-280x280.jpg\" class=\"attachment-thumbnail size-thumbnail\" alt=\"\" ids=\"15433,15434,15435,15436,15437,15438,15439,15440,15441,15442,15443,15444,15445,15446,15447,15448,15449,15450,15451,15452,15453,15454,15455,15456,15457,15458\" style=\"none\" type=\"slider\" columns=\"1\" image_width=\"63\" image_size=\"thumbnail\" text_align=\"center\" srcset=\"https:\/\/www.montanheiros.com\/wp-content\/uploads\/2023\/03\/337297734_767659994583679_7117316849022199702_n-280x280.jpg 280w, https:\/\/www.montanheiros.com\/wp-content\/uploads\/2023\/03\/337297734_767659994583679_7117316849022199702_n-300x300.jpg 300w, https:\/\/www.montanheiros.com\/wp-content\/uploads\/2023\/03\/337297734_767659994583679_7117316849022199702_n-100x100.jpg 100w\" sizes=\"auto, (max-width: 280px) 100vw, 280px\" \/>                                                              <\/div>\n              <div class=\"box-text text-center\" >\n                 <p><\/p>\n              <\/div>\n            <\/div>\n            <\/a>          <\/div>\n         <\/div><div class=\"gallery-col col\" >\n          <div class=\"col-inner\">\n            <a class=\"image-lightbox lightbox-gallery\" href=\"https:\/\/www.montanheiros.com\/wp-content\/uploads\/2023\/03\/337298908_202497049154475_7537054831187003105_n-533x800.jpg\" title=\"\">            <div class=\"box has-hover gallery-box box-none\">\n              <div class=\"box-image\" style=\"width:63%;\">\n                <img loading=\"lazy\" decoding=\"async\" width=\"280\" height=\"280\" src=\"https:\/\/www.montanheiros.com\/wp-content\/uploads\/2023\/03\/337298908_202497049154475_7537054831187003105_n-280x280.jpg\" class=\"attachment-thumbnail size-thumbnail\" alt=\"\" ids=\"15433,15434,15435,15436,15437,15438,15439,15440,15441,15442,15443,15444,15445,15446,15447,15448,15449,15450,15451,15452,15453,15454,15455,15456,15457,15458\" style=\"none\" type=\"slider\" columns=\"1\" image_width=\"63\" image_size=\"thumbnail\" text_align=\"center\" srcset=\"https:\/\/www.montanheiros.com\/wp-content\/uploads\/2023\/03\/337298908_202497049154475_7537054831187003105_n-280x280.jpg 280w, https:\/\/www.montanheiros.com\/wp-content\/uploads\/2023\/03\/337298908_202497049154475_7537054831187003105_n-300x300.jpg 300w, https:\/\/www.montanheiros.com\/wp-content\/uploads\/2023\/03\/337298908_202497049154475_7537054831187003105_n-100x100.jpg 100w\" sizes=\"auto, (max-width: 280px) 100vw, 280px\" \/>                                                              <\/div>\n              <div class=\"box-text text-center\" >\n                 <p><\/p>\n              <\/div>\n            <\/div>\n            <\/a>          <\/div>\n         <\/div><div class=\"gallery-col col\" >\n          <div class=\"col-inner\">\n            <a class=\"image-lightbox lightbox-gallery\" href=\"https:\/\/www.montanheiros.com\/wp-content\/uploads\/2023\/03\/337349134_913804793230530_5366613391096716490_n-1200x800.jpg\" title=\"\">            <div class=\"box has-hover gallery-box box-none\">\n              <div class=\"box-image\" style=\"width:63%;\">\n                <img loading=\"lazy\" decoding=\"async\" width=\"280\" height=\"280\" src=\"https:\/\/www.montanheiros.com\/wp-content\/uploads\/2023\/03\/337349134_913804793230530_5366613391096716490_n-280x280.jpg\" class=\"attachment-thumbnail size-thumbnail\" alt=\"\" ids=\"15433,15434,15435,15436,15437,15438,15439,15440,15441,15442,15443,15444,15445,15446,15447,15448,15449,15450,15451,15452,15453,15454,15455,15456,15457,15458\" style=\"none\" type=\"slider\" columns=\"1\" image_width=\"63\" image_size=\"thumbnail\" text_align=\"center\" srcset=\"https:\/\/www.montanheiros.com\/wp-content\/uploads\/2023\/03\/337349134_913804793230530_5366613391096716490_n-280x280.jpg 280w, https:\/\/www.montanheiros.com\/wp-content\/uploads\/2023\/03\/337349134_913804793230530_5366613391096716490_n-300x300.jpg 300w, https:\/\/www.montanheiros.com\/wp-content\/uploads\/2023\/03\/337349134_913804793230530_5366613391096716490_n-100x100.jpg 100w\" sizes=\"auto, (max-width: 280px) 100vw, 280px\" \/>                                                              <\/div>\n              <div class=\"box-text text-center\" >\n                 <p><\/p>\n              <\/div>\n            <\/div>\n            <\/a>          <\/div>\n         <\/div><div class=\"gallery-col col\" >\n          <div class=\"col-inner\">\n            <a class=\"image-lightbox lightbox-gallery\" href=\"https:\/\/www.montanheiros.com\/wp-content\/uploads\/2023\/03\/337353745_884158752652266_4601306850618525693_n-1200x800.jpg\" title=\"\">            <div class=\"box has-hover gallery-box box-none\">\n              <div class=\"box-image\" style=\"width:63%;\">\n                <img loading=\"lazy\" decoding=\"async\" width=\"280\" height=\"280\" src=\"https:\/\/www.montanheiros.com\/wp-content\/uploads\/2023\/03\/337353745_884158752652266_4601306850618525693_n-280x280.jpg\" class=\"attachment-thumbnail size-thumbnail\" alt=\"\" ids=\"15433,15434,15435,15436,15437,15438,15439,15440,15441,15442,15443,15444,15445,15446,15447,15448,15449,15450,15451,15452,15453,15454,15455,15456,15457,15458\" style=\"none\" type=\"slider\" columns=\"1\" image_width=\"63\" image_size=\"thumbnail\" text_align=\"center\" srcset=\"https:\/\/www.montanheiros.com\/wp-content\/uploads\/2023\/03\/337353745_884158752652266_4601306850618525693_n-280x280.jpg 280w, https:\/\/www.montanheiros.com\/wp-content\/uploads\/2023\/03\/337353745_884158752652266_4601306850618525693_n-300x300.jpg 300w, https:\/\/www.montanheiros.com\/wp-content\/uploads\/2023\/03\/337353745_884158752652266_4601306850618525693_n-100x100.jpg 100w\" sizes=\"auto, (max-width: 280px) 100vw, 280px\" \/>                                                              <\/div>\n              <div class=\"box-text text-center\" >\n                 <p><\/p>\n              <\/div>\n            <\/div>\n            <\/a>          <\/div>\n         <\/div><div class=\"gallery-col col\" >\n          <div class=\"col-inner\">\n            <a class=\"image-lightbox lightbox-gallery\" href=\"https:\/\/www.montanheiros.com\/wp-content\/uploads\/2023\/03\/337366790_151142287580122_7556990249961734734_n-1200x800.jpg\" title=\"\">            <div class=\"box has-hover gallery-box box-none\">\n              <div class=\"box-image\" style=\"width:63%;\">\n                <img loading=\"lazy\" decoding=\"async\" width=\"280\" height=\"280\" src=\"https:\/\/www.montanheiros.com\/wp-content\/uploads\/2023\/03\/337366790_151142287580122_7556990249961734734_n-280x280.jpg\" class=\"attachment-thumbnail size-thumbnail\" alt=\"\" ids=\"15433,15434,15435,15436,15437,15438,15439,15440,15441,15442,15443,15444,15445,15446,15447,15448,15449,15450,15451,15452,15453,15454,15455,15456,15457,15458\" style=\"none\" type=\"slider\" columns=\"1\" image_width=\"63\" image_size=\"thumbnail\" text_align=\"center\" srcset=\"https:\/\/www.montanheiros.com\/wp-content\/uploads\/2023\/03\/337366790_151142287580122_7556990249961734734_n-280x280.jpg 280w, https:\/\/www.montanheiros.com\/wp-content\/uploads\/2023\/03\/337366790_151142287580122_7556990249961734734_n-300x300.jpg 300w, https:\/\/www.montanheiros.com\/wp-content\/uploads\/2023\/03\/337366790_151142287580122_7556990249961734734_n-100x100.jpg 100w\" sizes=\"auto, (max-width: 280px) 100vw, 280px\" \/>                                                              <\/div>\n              <div class=\"box-text text-center\" >\n                 <p><\/p>\n              <\/div>\n            <\/div>\n            <\/a>          <\/div>\n         <\/div><div class=\"gallery-col col\" >\n          <div class=\"col-inner\">\n            <a class=\"image-lightbox lightbox-gallery\" href=\"https:\/\/www.montanheiros.com\/wp-content\/uploads\/2023\/03\/337376077_1003375270820706_2970785965707331740_n-1200x800.jpg\" title=\"\">            <div class=\"box has-hover gallery-box box-none\">\n              <div class=\"box-image\" style=\"width:63%;\">\n                <img loading=\"lazy\" decoding=\"async\" width=\"280\" height=\"280\" src=\"https:\/\/www.montanheiros.com\/wp-content\/uploads\/2023\/03\/337376077_1003375270820706_2970785965707331740_n-280x280.jpg\" class=\"attachment-thumbnail size-thumbnail\" alt=\"\" ids=\"15433,15434,15435,15436,15437,15438,15439,15440,15441,15442,15443,15444,15445,15446,15447,15448,15449,15450,15451,15452,15453,15454,15455,15456,15457,15458\" style=\"none\" type=\"slider\" columns=\"1\" image_width=\"63\" image_size=\"thumbnail\" text_align=\"center\" srcset=\"https:\/\/www.montanheiros.com\/wp-content\/uploads\/2023\/03\/337376077_1003375270820706_2970785965707331740_n-280x280.jpg 280w, https:\/\/www.montanheiros.com\/wp-content\/uploads\/2023\/03\/337376077_1003375270820706_2970785965707331740_n-300x300.jpg 300w, https:\/\/www.montanheiros.com\/wp-content\/uploads\/2023\/03\/337376077_1003375270820706_2970785965707331740_n-100x100.jpg 100w\" sizes=\"auto, (max-width: 280px) 100vw, 280px\" \/>                                                              <\/div>\n              <div class=\"box-text text-center\" >\n                 <p><\/p>\n              <\/div>\n            <\/div>\n            <\/a>          <\/div>\n         <\/div><div class=\"gallery-col col\" >\n          <div class=\"col-inner\">\n            <a class=\"image-lightbox lightbox-gallery\" href=\"https:\/\/www.montanheiros.com\/wp-content\/uploads\/2023\/03\/337393307_248178237551662_4339689302936770896_n-533x800.jpg\" title=\"\">            <div class=\"box has-hover gallery-box box-none\">\n              <div class=\"box-image\" style=\"width:63%;\">\n                <img loading=\"lazy\" decoding=\"async\" width=\"280\" height=\"280\" src=\"https:\/\/www.montanheiros.com\/wp-content\/uploads\/2023\/03\/337393307_248178237551662_4339689302936770896_n-280x280.jpg\" class=\"attachment-thumbnail size-thumbnail\" alt=\"\" ids=\"15433,15434,15435,15436,15437,15438,15439,15440,15441,15442,15443,15444,15445,15446,15447,15448,15449,15450,15451,15452,15453,15454,15455,15456,15457,15458\" style=\"none\" type=\"slider\" columns=\"1\" image_width=\"63\" image_size=\"thumbnail\" text_align=\"center\" srcset=\"https:\/\/www.montanheiros.com\/wp-content\/uploads\/2023\/03\/337393307_248178237551662_4339689302936770896_n-280x280.jpg 280w, https:\/\/www.montanheiros.com\/wp-content\/uploads\/2023\/03\/337393307_248178237551662_4339689302936770896_n-300x300.jpg 300w, https:\/\/www.montanheiros.com\/wp-content\/uploads\/2023\/03\/337393307_248178237551662_4339689302936770896_n-100x100.jpg 100w\" sizes=\"auto, (max-width: 280px) 100vw, 280px\" \/>                                                              <\/div>\n              <div class=\"box-text text-center\" >\n                 <p><\/p>\n              <\/div>\n            <\/div>\n            <\/a>          <\/div>\n         <\/div><div class=\"gallery-col col\" >\n          <div class=\"col-inner\">\n            <a class=\"image-lightbox lightbox-gallery\" href=\"https:\/\/www.montanheiros.com\/wp-content\/uploads\/2023\/03\/337408038_756196242800284_7619549099348970056_n-534x800.jpg\" title=\"\">            <div class=\"box has-hover gallery-box box-none\">\n              <div class=\"box-image\" style=\"width:63%;\">\n                <img loading=\"lazy\" decoding=\"async\" width=\"280\" height=\"280\" src=\"https:\/\/www.montanheiros.com\/wp-content\/uploads\/2023\/03\/337408038_756196242800284_7619549099348970056_n-280x280.jpg\" class=\"attachment-thumbnail size-thumbnail\" alt=\"\" ids=\"15433,15434,15435,15436,15437,15438,15439,15440,15441,15442,15443,15444,15445,15446,15447,15448,15449,15450,15451,15452,15453,15454,15455,15456,15457,15458\" style=\"none\" type=\"slider\" columns=\"1\" image_width=\"63\" image_size=\"thumbnail\" text_align=\"center\" srcset=\"https:\/\/www.montanheiros.com\/wp-content\/uploads\/2023\/03\/337408038_756196242800284_7619549099348970056_n-280x280.jpg 280w, https:\/\/www.montanheiros.com\/wp-content\/uploads\/2023\/03\/337408038_756196242800284_7619549099348970056_n-300x300.jpg 300w, https:\/\/www.montanheiros.com\/wp-content\/uploads\/2023\/03\/337408038_756196242800284_7619549099348970056_n-100x100.jpg 100w\" sizes=\"auto, (max-width: 280px) 100vw, 280px\" \/>                                                              <\/div>\n              <div class=\"box-text text-center\" >\n                 <p><\/p>\n              <\/div>\n            <\/div>\n            <\/a>          <\/div>\n         <\/div><div class=\"gallery-col col\" >\n          <div class=\"col-inner\">\n            <a class=\"image-lightbox lightbox-gallery\" href=\"https:\/\/www.montanheiros.com\/wp-content\/uploads\/2023\/03\/337498761_626286105986607_6581537643530012655_n-1200x800.jpg\" title=\"\">            <div class=\"box has-hover gallery-box box-none\">\n              <div class=\"box-image\" style=\"width:63%;\">\n                <img loading=\"lazy\" decoding=\"async\" width=\"280\" height=\"280\" src=\"https:\/\/www.montanheiros.com\/wp-content\/uploads\/2023\/03\/337498761_626286105986607_6581537643530012655_n-280x280.jpg\" class=\"attachment-thumbnail size-thumbnail\" alt=\"\" ids=\"15433,15434,15435,15436,15437,15438,15439,15440,15441,15442,15443,15444,15445,15446,15447,15448,15449,15450,15451,15452,15453,15454,15455,15456,15457,15458\" style=\"none\" type=\"slider\" columns=\"1\" image_width=\"63\" image_size=\"thumbnail\" text_align=\"center\" srcset=\"https:\/\/www.montanheiros.com\/wp-content\/uploads\/2023\/03\/337498761_626286105986607_6581537643530012655_n-280x280.jpg 280w, https:\/\/www.montanheiros.com\/wp-content\/uploads\/2023\/03\/337498761_626286105986607_6581537643530012655_n-300x300.jpg 300w, https:\/\/www.montanheiros.com\/wp-content\/uploads\/2023\/03\/337498761_626286105986607_6581537643530012655_n-100x100.jpg 100w\" sizes=\"auto, (max-width: 280px) 100vw, 280px\" \/>                                                              <\/div>\n              <div class=\"box-text text-center\" >\n                 <p><\/p>\n              <\/div>\n            <\/div>\n            <\/a>          <\/div>\n         <\/div><div class=\"gallery-col col\" >\n          <div class=\"col-inner\">\n            <a class=\"image-lightbox lightbox-gallery\" href=\"https:\/\/www.montanheiros.com\/wp-content\/uploads\/2023\/03\/337510975_529149056038196_3839361602186043990_n-533x800.jpg\" title=\"\">            <div class=\"box has-hover gallery-box box-none\">\n              <div class=\"box-image\" style=\"width:63%;\">\n                <img loading=\"lazy\" decoding=\"async\" width=\"280\" height=\"280\" src=\"https:\/\/www.montanheiros.com\/wp-content\/uploads\/2023\/03\/337510975_529149056038196_3839361602186043990_n-280x280.jpg\" class=\"attachment-thumbnail size-thumbnail\" alt=\"\" ids=\"15433,15434,15435,15436,15437,15438,15439,15440,15441,15442,15443,15444,15445,15446,15447,15448,15449,15450,15451,15452,15453,15454,15455,15456,15457,15458\" style=\"none\" type=\"slider\" columns=\"1\" image_width=\"63\" image_size=\"thumbnail\" text_align=\"center\" srcset=\"https:\/\/www.montanheiros.com\/wp-content\/uploads\/2023\/03\/337510975_529149056038196_3839361602186043990_n-280x280.jpg 280w, https:\/\/www.montanheiros.com\/wp-content\/uploads\/2023\/03\/337510975_529149056038196_3839361602186043990_n-300x300.jpg 300w, https:\/\/www.montanheiros.com\/wp-content\/uploads\/2023\/03\/337510975_529149056038196_3839361602186043990_n-100x100.jpg 100w\" sizes=\"auto, (max-width: 280px) 100vw, 280px\" \/>                                                              <\/div>\n              <div class=\"box-text text-center\" >\n                 <p><\/p>\n              <\/div>\n            <\/div>\n            <\/a>          <\/div>\n         <\/div><div class=\"gallery-col col\" >\n          <div class=\"col-inner\">\n            <a class=\"image-lightbox lightbox-gallery\" href=\"https:\/\/www.montanheiros.com\/wp-content\/uploads\/2023\/03\/337551811_242401121581867_4489754071102755110_n-1200x800.jpg\" title=\"\">            <div class=\"box has-hover gallery-box box-none\">\n              <div class=\"box-image\" style=\"width:63%;\">\n                <img loading=\"lazy\" decoding=\"async\" width=\"280\" height=\"280\" src=\"https:\/\/www.montanheiros.com\/wp-content\/uploads\/2023\/03\/337551811_242401121581867_4489754071102755110_n-280x280.jpg\" class=\"attachment-thumbnail size-thumbnail\" alt=\"\" ids=\"15433,15434,15435,15436,15437,15438,15439,15440,15441,15442,15443,15444,15445,15446,15447,15448,15449,15450,15451,15452,15453,15454,15455,15456,15457,15458\" style=\"none\" type=\"slider\" columns=\"1\" image_width=\"63\" image_size=\"thumbnail\" text_align=\"center\" srcset=\"https:\/\/www.montanheiros.com\/wp-content\/uploads\/2023\/03\/337551811_242401121581867_4489754071102755110_n-280x280.jpg 280w, https:\/\/www.montanheiros.com\/wp-content\/uploads\/2023\/03\/337551811_242401121581867_4489754071102755110_n-300x300.jpg 300w, https:\/\/www.montanheiros.com\/wp-content\/uploads\/2023\/03\/337551811_242401121581867_4489754071102755110_n-100x100.jpg 100w\" sizes=\"auto, (max-width: 280px) 100vw, 280px\" \/>                                                              <\/div>\n              <div class=\"box-text text-center\" >\n                 <p><\/p>\n              <\/div>\n            <\/div>\n            <\/a>          <\/div>\n         <\/div><div class=\"gallery-col col\" >\n          <div class=\"col-inner\">\n            <a class=\"image-lightbox lightbox-gallery\" href=\"https:\/\/www.montanheiros.com\/wp-content\/uploads\/2023\/03\/337672874_1140745083270406_9080889017300663188_n-1199x800.jpg\" title=\"\">            <div class=\"box has-hover gallery-box box-none\">\n              <div class=\"box-image\" style=\"width:63%;\">\n                <img loading=\"lazy\" decoding=\"async\" width=\"280\" height=\"280\" src=\"https:\/\/www.montanheiros.com\/wp-content\/uploads\/2023\/03\/337672874_1140745083270406_9080889017300663188_n-280x280.jpg\" class=\"attachment-thumbnail size-thumbnail\" alt=\"\" ids=\"15433,15434,15435,15436,15437,15438,15439,15440,15441,15442,15443,15444,15445,15446,15447,15448,15449,15450,15451,15452,15453,15454,15455,15456,15457,15458\" style=\"none\" type=\"slider\" columns=\"1\" image_width=\"63\" image_size=\"thumbnail\" text_align=\"center\" srcset=\"https:\/\/www.montanheiros.com\/wp-content\/uploads\/2023\/03\/337672874_1140745083270406_9080889017300663188_n-280x280.jpg 280w, https:\/\/www.montanheiros.com\/wp-content\/uploads\/2023\/03\/337672874_1140745083270406_9080889017300663188_n-300x300.jpg 300w, https:\/\/www.montanheiros.com\/wp-content\/uploads\/2023\/03\/337672874_1140745083270406_9080889017300663188_n-100x100.jpg 100w\" sizes=\"auto, (max-width: 280px) 100vw, 280px\" \/>                                                              <\/div>\n              <div class=\"box-text text-center\" >\n                 <p><\/p>\n              <\/div>\n            <\/div>\n            <\/a>          <\/div>\n         <\/div><div class=\"gallery-col col\" >\n          <div class=\"col-inner\">\n            <a class=\"image-lightbox lightbox-gallery\" href=\"https:\/\/www.montanheiros.com\/wp-content\/uploads\/2023\/03\/338186956_1189054035305880_1519080575864681258_n-1199x800.jpg\" title=\"\">            <div class=\"box has-hover gallery-box box-none\">\n              <div class=\"box-image\" style=\"width:63%;\">\n                <img loading=\"lazy\" decoding=\"async\" width=\"280\" height=\"280\" src=\"https:\/\/www.montanheiros.com\/wp-content\/uploads\/2023\/03\/338186956_1189054035305880_1519080575864681258_n-280x280.jpg\" class=\"attachment-thumbnail size-thumbnail\" alt=\"\" ids=\"15433,15434,15435,15436,15437,15438,15439,15440,15441,15442,15443,15444,15445,15446,15447,15448,15449,15450,15451,15452,15453,15454,15455,15456,15457,15458\" style=\"none\" type=\"slider\" columns=\"1\" image_width=\"63\" image_size=\"thumbnail\" text_align=\"center\" srcset=\"https:\/\/www.montanheiros.com\/wp-content\/uploads\/2023\/03\/338186956_1189054035305880_1519080575864681258_n-280x280.jpg 280w, https:\/\/www.montanheiros.com\/wp-content\/uploads\/2023\/03\/338186956_1189054035305880_1519080575864681258_n-300x300.jpg 300w, https:\/\/www.montanheiros.com\/wp-content\/uploads\/2023\/03\/338186956_1189054035305880_1519080575864681258_n-100x100.jpg 100w\" sizes=\"auto, (max-width: 280px) 100vw, 280px\" \/>                                                              <\/div>\n              <div class=\"box-text text-center\" >\n                 <p><\/p>\n              <\/div>\n            <\/div>\n            <\/a>          <\/div>\n         <\/div><div class=\"gallery-col col\" >\n          <div class=\"col-inner\">\n            <a class=\"image-lightbox lightbox-gallery\" href=\"https:\/\/www.montanheiros.com\/wp-content\/uploads\/2023\/03\/image_50772993-1067x800.jpg\" title=\"\">            <div class=\"box has-hover gallery-box box-none\">\n              <div class=\"box-image\" style=\"width:63%;\">\n                <img loading=\"lazy\" decoding=\"async\" width=\"280\" height=\"280\" src=\"https:\/\/www.montanheiros.com\/wp-content\/uploads\/2023\/03\/image_50772993-280x280.jpg\" class=\"attachment-thumbnail size-thumbnail\" alt=\"\" ids=\"15433,15434,15435,15436,15437,15438,15439,15440,15441,15442,15443,15444,15445,15446,15447,15448,15449,15450,15451,15452,15453,15454,15455,15456,15457,15458\" style=\"none\" type=\"slider\" columns=\"1\" image_width=\"63\" image_size=\"thumbnail\" text_align=\"center\" srcset=\"https:\/\/www.montanheiros.com\/wp-content\/uploads\/2023\/03\/image_50772993-280x280.jpg 280w, https:\/\/www.montanheiros.com\/wp-content\/uploads\/2023\/03\/image_50772993-300x300.jpg 300w, https:\/\/www.montanheiros.com\/wp-content\/uploads\/2023\/03\/image_50772993-100x100.jpg 100w\" sizes=\"auto, (max-width: 280px) 100vw, 280px\" \/>                                                              <\/div>\n              <div class=\"box-text text-center\" >\n                 <p><\/p>\n              <\/div>\n            <\/div>\n            <\/a>          <\/div>\n         <\/div><div class=\"gallery-col col\" >\n          <div class=\"col-inner\">\n            <a class=\"image-lightbox lightbox-gallery\" href=\"https:\/\/www.montanheiros.com\/wp-content\/uploads\/2023\/03\/image_67210753-600x800.jpg\" title=\"\">            <div class=\"box has-hover gallery-box box-none\">\n              <div class=\"box-image\" style=\"width:63%;\">\n                <img loading=\"lazy\" decoding=\"async\" width=\"280\" height=\"280\" src=\"https:\/\/www.montanheiros.com\/wp-content\/uploads\/2023\/03\/image_67210753-280x280.jpg\" class=\"attachment-thumbnail size-thumbnail\" alt=\"\" ids=\"15433,15434,15435,15436,15437,15438,15439,15440,15441,15442,15443,15444,15445,15446,15447,15448,15449,15450,15451,15452,15453,15454,15455,15456,15457,15458\" style=\"none\" type=\"slider\" columns=\"1\" image_width=\"63\" image_size=\"thumbnail\" text_align=\"center\" srcset=\"https:\/\/www.montanheiros.com\/wp-content\/uploads\/2023\/03\/image_67210753-280x280.jpg 280w, https:\/\/www.montanheiros.com\/wp-content\/uploads\/2023\/03\/image_67210753-300x300.jpg 300w, https:\/\/www.montanheiros.com\/wp-content\/uploads\/2023\/03\/image_67210753-100x100.jpg 100w\" sizes=\"auto, (max-width: 280px) 100vw, 280px\" \/>                                                              <\/div>\n              <div class=\"box-text text-center\" >\n                 <p><\/p>\n              <\/div>\n            <\/div>\n            <\/a>          <\/div>\n         <\/div><div class=\"gallery-col col\" >\n          <div class=\"col-inner\">\n            <a class=\"image-lightbox lightbox-gallery\" href=\"https:\/\/www.montanheiros.com\/wp-content\/uploads\/2023\/03\/image_67513857-600x800.jpg\" title=\"\">            <div class=\"box has-hover gallery-box box-none\">\n              <div class=\"box-image\" style=\"width:63%;\">\n                <img loading=\"lazy\" decoding=\"async\" width=\"280\" height=\"280\" src=\"https:\/\/www.montanheiros.com\/wp-content\/uploads\/2023\/03\/image_67513857-280x280.jpg\" class=\"attachment-thumbnail size-thumbnail\" alt=\"\" ids=\"15433,15434,15435,15436,15437,15438,15439,15440,15441,15442,15443,15444,15445,15446,15447,15448,15449,15450,15451,15452,15453,15454,15455,15456,15457,15458\" style=\"none\" type=\"slider\" columns=\"1\" image_width=\"63\" image_size=\"thumbnail\" text_align=\"center\" srcset=\"https:\/\/www.montanheiros.com\/wp-content\/uploads\/2023\/03\/image_67513857-280x280.jpg 280w, https:\/\/www.montanheiros.com\/wp-content\/uploads\/2023\/03\/image_67513857-300x300.jpg 300w, https:\/\/www.montanheiros.com\/wp-content\/uploads\/2023\/03\/image_67513857-100x100.jpg 100w\" sizes=\"auto, (max-width: 280px) 100vw, 280px\" \/>                                                              <\/div>\n              <div class=\"box-text text-center\" >\n                 <p><\/p>\n              <\/div>\n            <\/div>\n            <\/a>          <\/div>\n         <\/div><\/div>\n\n\n\t\t<\/div>\n\t\t\t\t\t<\/div>\n\n\t\n\n<\/div>\n<div class=\"container section-title-container\" ><h4 class=\"section-title section-title-normal\"><b><\/b><span class=\"section-title-main\" >2022<\/span><b><\/b><\/h4><\/div>\n\n<div class=\"row\"  id=\"row-150433383\">\n\n\n\t<div id=\"col-2089115038\" class=\"col medium-3 small-6 large-3\"  >\n\t\t\t\t<div class=\"col-inner\"  >\n\t\t\t\n\t\t\t\n\n<p>Passeio pedestre \u00e0 Serra do Cume, 22mai2022 &#8211; ilha Terceira<\/p>\n\n  \n    <div class=\"row large-columns-1 medium-columns- small-columns- row-full-width slider row-slider slider-nav-reveal\"  data-flickity-options='{\"imagesLoaded\": true, \"groupCells\": \"100%\", \"dragThreshold\" : 5, \"cellAlign\": \"left\",\"wrapAround\": true,\"prevNextButtons\": true,\"percentPosition\": true,\"pageDots\": false, \"rightToLeft\": false, \"autoPlay\" : false}'>\n\n  <div class=\"gallery-col col\" >\n          <div class=\"col-inner\">\n            <a class=\"image-lightbox lightbox-gallery\" href=\"https:\/\/www.montanheiros.com\/wp-content\/uploads\/2022\/09\/IMG_0001-1067x800.jpg\" title=\"\">            <div class=\"box has-hover gallery-box box-none\">\n              <div class=\"box-image\" style=\"width:63%;\">\n                <img loading=\"lazy\" decoding=\"async\" width=\"280\" height=\"280\" src=\"https:\/\/www.montanheiros.com\/wp-content\/uploads\/2022\/09\/IMG_0001-280x280.jpg\" class=\"attachment-thumbnail size-thumbnail\" alt=\"\" ids=\"14947,14948,14949,14950,14951,14952,14953,14954,14955,14956,14957,14958,14959,14960,14961,14962,14963\" style=\"none\" type=\"slider\" columns=\"1\" image_width=\"63\" image_size=\"thumbnail\" text_align=\"center\" srcset=\"https:\/\/www.montanheiros.com\/wp-content\/uploads\/2022\/09\/IMG_0001-280x280.jpg 280w, https:\/\/www.montanheiros.com\/wp-content\/uploads\/2022\/09\/IMG_0001-300x300.jpg 300w, https:\/\/www.montanheiros.com\/wp-content\/uploads\/2022\/09\/IMG_0001-100x100.jpg 100w\" sizes=\"auto, (max-width: 280px) 100vw, 280px\" \/>                                                              <\/div>\n              <div class=\"box-text text-center\" >\n                 <p><\/p>\n              <\/div>\n            <\/div>\n            <\/a>          <\/div>\n         <\/div><div class=\"gallery-col col\" >\n          <div class=\"col-inner\">\n            <a class=\"image-lightbox lightbox-gallery\" href=\"https:\/\/www.montanheiros.com\/wp-content\/uploads\/2022\/09\/IMG_0006-1067x800.jpg\" title=\"\">            <div class=\"box has-hover gallery-box box-none\">\n              <div class=\"box-image\" style=\"width:63%;\">\n                <img loading=\"lazy\" decoding=\"async\" width=\"280\" height=\"280\" src=\"https:\/\/www.montanheiros.com\/wp-content\/uploads\/2022\/09\/IMG_0006-280x280.jpg\" class=\"attachment-thumbnail size-thumbnail\" alt=\"\" ids=\"14947,14948,14949,14950,14951,14952,14953,14954,14955,14956,14957,14958,14959,14960,14961,14962,14963\" style=\"none\" type=\"slider\" columns=\"1\" image_width=\"63\" image_size=\"thumbnail\" text_align=\"center\" srcset=\"https:\/\/www.montanheiros.com\/wp-content\/uploads\/2022\/09\/IMG_0006-280x280.jpg 280w, https:\/\/www.montanheiros.com\/wp-content\/uploads\/2022\/09\/IMG_0006-300x300.jpg 300w, https:\/\/www.montanheiros.com\/wp-content\/uploads\/2022\/09\/IMG_0006-100x100.jpg 100w\" sizes=\"auto, (max-width: 280px) 100vw, 280px\" \/>                                                              <\/div>\n              <div class=\"box-text text-center\" >\n                 <p><\/p>\n              <\/div>\n            <\/div>\n            <\/a>          <\/div>\n         <\/div><div class=\"gallery-col col\" >\n          <div class=\"col-inner\">\n            <a class=\"image-lightbox lightbox-gallery\" href=\"https:\/\/www.montanheiros.com\/wp-content\/uploads\/2022\/09\/IMG_0007-1067x800.jpg\" title=\"\">            <div class=\"box has-hover gallery-box box-none\">\n              <div class=\"box-image\" style=\"width:63%;\">\n                <img loading=\"lazy\" decoding=\"async\" width=\"280\" height=\"280\" src=\"https:\/\/www.montanheiros.com\/wp-content\/uploads\/2022\/09\/IMG_0007-280x280.jpg\" class=\"attachment-thumbnail size-thumbnail\" alt=\"\" ids=\"14947,14948,14949,14950,14951,14952,14953,14954,14955,14956,14957,14958,14959,14960,14961,14962,14963\" style=\"none\" type=\"slider\" columns=\"1\" image_width=\"63\" image_size=\"thumbnail\" text_align=\"center\" srcset=\"https:\/\/www.montanheiros.com\/wp-content\/uploads\/2022\/09\/IMG_0007-280x280.jpg 280w, https:\/\/www.montanheiros.com\/wp-content\/uploads\/2022\/09\/IMG_0007-300x300.jpg 300w, https:\/\/www.montanheiros.com\/wp-content\/uploads\/2022\/09\/IMG_0007-100x100.jpg 100w\" sizes=\"auto, (max-width: 280px) 100vw, 280px\" \/>                                                              <\/div>\n              <div class=\"box-text text-center\" >\n                 <p><\/p>\n              <\/div>\n            <\/div>\n            <\/a>          <\/div>\n         <\/div><div class=\"gallery-col col\" >\n          <div class=\"col-inner\">\n            <a class=\"image-lightbox lightbox-gallery\" href=\"https:\/\/www.montanheiros.com\/wp-content\/uploads\/2022\/09\/IMG_0009-1067x800.jpg\" title=\"\">            <div class=\"box has-hover gallery-box box-none\">\n              <div class=\"box-image\" style=\"width:63%;\">\n                <img loading=\"lazy\" decoding=\"async\" width=\"280\" height=\"280\" src=\"https:\/\/www.montanheiros.com\/wp-content\/uploads\/2022\/09\/IMG_0009-280x280.jpg\" class=\"attachment-thumbnail size-thumbnail\" alt=\"\" ids=\"14947,14948,14949,14950,14951,14952,14953,14954,14955,14956,14957,14958,14959,14960,14961,14962,14963\" style=\"none\" type=\"slider\" columns=\"1\" image_width=\"63\" image_size=\"thumbnail\" text_align=\"center\" srcset=\"https:\/\/www.montanheiros.com\/wp-content\/uploads\/2022\/09\/IMG_0009-280x280.jpg 280w, https:\/\/www.montanheiros.com\/wp-content\/uploads\/2022\/09\/IMG_0009-300x300.jpg 300w, https:\/\/www.montanheiros.com\/wp-content\/uploads\/2022\/09\/IMG_0009-100x100.jpg 100w\" sizes=\"auto, (max-width: 280px) 100vw, 280px\" \/>                                                              <\/div>\n              <div class=\"box-text text-center\" >\n                 <p><\/p>\n              <\/div>\n            <\/div>\n            <\/a>          <\/div>\n         <\/div><div class=\"gallery-col col\" >\n          <div class=\"col-inner\">\n            <a class=\"image-lightbox lightbox-gallery\" href=\"https:\/\/www.montanheiros.com\/wp-content\/uploads\/2022\/09\/IMG_0010-1067x800.jpg\" title=\"\">            <div class=\"box has-hover gallery-box box-none\">\n              <div class=\"box-image\" style=\"width:63%;\">\n                <img loading=\"lazy\" decoding=\"async\" width=\"280\" height=\"280\" src=\"https:\/\/www.montanheiros.com\/wp-content\/uploads\/2022\/09\/IMG_0010-280x280.jpg\" class=\"attachment-thumbnail size-thumbnail\" alt=\"\" ids=\"14947,14948,14949,14950,14951,14952,14953,14954,14955,14956,14957,14958,14959,14960,14961,14962,14963\" style=\"none\" type=\"slider\" columns=\"1\" image_width=\"63\" image_size=\"thumbnail\" text_align=\"center\" srcset=\"https:\/\/www.montanheiros.com\/wp-content\/uploads\/2022\/09\/IMG_0010-280x280.jpg 280w, https:\/\/www.montanheiros.com\/wp-content\/uploads\/2022\/09\/IMG_0010-300x300.jpg 300w, https:\/\/www.montanheiros.com\/wp-content\/uploads\/2022\/09\/IMG_0010-100x100.jpg 100w\" sizes=\"auto, (max-width: 280px) 100vw, 280px\" \/>                                                              <\/div>\n              <div class=\"box-text text-center\" >\n                 <p><\/p>\n              <\/div>\n            <\/div>\n            <\/a>          <\/div>\n         <\/div><div class=\"gallery-col col\" >\n          <div class=\"col-inner\">\n            <a class=\"image-lightbox lightbox-gallery\" href=\"https:\/\/www.montanheiros.com\/wp-content\/uploads\/2022\/09\/IMG_0012-1067x800.jpg\" title=\"\">            <div class=\"box has-hover gallery-box box-none\">\n              <div class=\"box-image\" style=\"width:63%;\">\n                <img loading=\"lazy\" decoding=\"async\" width=\"280\" height=\"280\" src=\"https:\/\/www.montanheiros.com\/wp-content\/uploads\/2022\/09\/IMG_0012-280x280.jpg\" class=\"attachment-thumbnail size-thumbnail\" alt=\"\" ids=\"14947,14948,14949,14950,14951,14952,14953,14954,14955,14956,14957,14958,14959,14960,14961,14962,14963\" style=\"none\" type=\"slider\" columns=\"1\" image_width=\"63\" image_size=\"thumbnail\" text_align=\"center\" srcset=\"https:\/\/www.montanheiros.com\/wp-content\/uploads\/2022\/09\/IMG_0012-280x280.jpg 280w, https:\/\/www.montanheiros.com\/wp-content\/uploads\/2022\/09\/IMG_0012-300x300.jpg 300w, https:\/\/www.montanheiros.com\/wp-content\/uploads\/2022\/09\/IMG_0012-100x100.jpg 100w\" sizes=\"auto, (max-width: 280px) 100vw, 280px\" \/>                                                              <\/div>\n              <div class=\"box-text text-center\" >\n                 <p><\/p>\n              <\/div>\n            <\/div>\n            <\/a>          <\/div>\n         <\/div><div class=\"gallery-col col\" >\n          <div class=\"col-inner\">\n            <a class=\"image-lightbox lightbox-gallery\" href=\"https:\/\/www.montanheiros.com\/wp-content\/uploads\/2022\/09\/IMG_0014-1067x800.jpg\" title=\"\">            <div class=\"box has-hover gallery-box box-none\">\n              <div class=\"box-image\" style=\"width:63%;\">\n                <img loading=\"lazy\" decoding=\"async\" width=\"280\" height=\"280\" src=\"https:\/\/www.montanheiros.com\/wp-content\/uploads\/2022\/09\/IMG_0014-280x280.jpg\" class=\"attachment-thumbnail size-thumbnail\" alt=\"\" ids=\"14947,14948,14949,14950,14951,14952,14953,14954,14955,14956,14957,14958,14959,14960,14961,14962,14963\" style=\"none\" type=\"slider\" columns=\"1\" image_width=\"63\" image_size=\"thumbnail\" text_align=\"center\" srcset=\"https:\/\/www.montanheiros.com\/wp-content\/uploads\/2022\/09\/IMG_0014-280x280.jpg 280w, https:\/\/www.montanheiros.com\/wp-content\/uploads\/2022\/09\/IMG_0014-300x300.jpg 300w, https:\/\/www.montanheiros.com\/wp-content\/uploads\/2022\/09\/IMG_0014-100x100.jpg 100w\" sizes=\"auto, (max-width: 280px) 100vw, 280px\" \/>                                                              <\/div>\n              <div class=\"box-text text-center\" >\n                 <p><\/p>\n              <\/div>\n            <\/div>\n            <\/a>          <\/div>\n         <\/div><div class=\"gallery-col col\" >\n          <div class=\"col-inner\">\n            <a class=\"image-lightbox lightbox-gallery\" href=\"https:\/\/www.montanheiros.com\/wp-content\/uploads\/2022\/09\/IMG_0017-1067x800.jpg\" title=\"\">            <div class=\"box has-hover gallery-box box-none\">\n              <div class=\"box-image\" style=\"width:63%;\">\n                <img loading=\"lazy\" decoding=\"async\" width=\"280\" height=\"280\" src=\"https:\/\/www.montanheiros.com\/wp-content\/uploads\/2022\/09\/IMG_0017-280x280.jpg\" class=\"attachment-thumbnail size-thumbnail\" alt=\"\" ids=\"14947,14948,14949,14950,14951,14952,14953,14954,14955,14956,14957,14958,14959,14960,14961,14962,14963\" style=\"none\" type=\"slider\" columns=\"1\" image_width=\"63\" image_size=\"thumbnail\" text_align=\"center\" srcset=\"https:\/\/www.montanheiros.com\/wp-content\/uploads\/2022\/09\/IMG_0017-280x280.jpg 280w, https:\/\/www.montanheiros.com\/wp-content\/uploads\/2022\/09\/IMG_0017-300x300.jpg 300w, https:\/\/www.montanheiros.com\/wp-content\/uploads\/2022\/09\/IMG_0017-100x100.jpg 100w\" sizes=\"auto, (max-width: 280px) 100vw, 280px\" \/>                                                              <\/div>\n              <div class=\"box-text text-center\" >\n                 <p><\/p>\n              <\/div>\n            <\/div>\n            <\/a>          <\/div>\n         <\/div><div class=\"gallery-col col\" >\n          <div class=\"col-inner\">\n            <a class=\"image-lightbox lightbox-gallery\" href=\"https:\/\/www.montanheiros.com\/wp-content\/uploads\/2022\/09\/IMG_0021-1067x800.jpg\" title=\"\">            <div class=\"box has-hover gallery-box box-none\">\n              <div class=\"box-image\" style=\"width:63%;\">\n                <img loading=\"lazy\" decoding=\"async\" width=\"280\" height=\"280\" src=\"https:\/\/www.montanheiros.com\/wp-content\/uploads\/2022\/09\/IMG_0021-280x280.jpg\" class=\"attachment-thumbnail size-thumbnail\" alt=\"\" ids=\"14947,14948,14949,14950,14951,14952,14953,14954,14955,14956,14957,14958,14959,14960,14961,14962,14963\" style=\"none\" type=\"slider\" columns=\"1\" image_width=\"63\" image_size=\"thumbnail\" text_align=\"center\" srcset=\"https:\/\/www.montanheiros.com\/wp-content\/uploads\/2022\/09\/IMG_0021-280x280.jpg 280w, https:\/\/www.montanheiros.com\/wp-content\/uploads\/2022\/09\/IMG_0021-300x300.jpg 300w, https:\/\/www.montanheiros.com\/wp-content\/uploads\/2022\/09\/IMG_0021-100x100.jpg 100w\" sizes=\"auto, (max-width: 280px) 100vw, 280px\" \/>                                                              <\/div>\n              <div class=\"box-text text-center\" >\n                 <p><\/p>\n              <\/div>\n            <\/div>\n            <\/a>          <\/div>\n         <\/div><div class=\"gallery-col col\" >\n          <div class=\"col-inner\">\n            <a class=\"image-lightbox lightbox-gallery\" href=\"https:\/\/www.montanheiros.com\/wp-content\/uploads\/2022\/09\/IMG_0024-1067x800.jpg\" title=\"\">            <div class=\"box has-hover gallery-box box-none\">\n              <div class=\"box-image\" style=\"width:63%;\">\n                <img loading=\"lazy\" decoding=\"async\" width=\"280\" height=\"280\" src=\"https:\/\/www.montanheiros.com\/wp-content\/uploads\/2022\/09\/IMG_0024-280x280.jpg\" class=\"attachment-thumbnail size-thumbnail\" alt=\"\" ids=\"14947,14948,14949,14950,14951,14952,14953,14954,14955,14956,14957,14958,14959,14960,14961,14962,14963\" style=\"none\" type=\"slider\" columns=\"1\" image_width=\"63\" image_size=\"thumbnail\" text_align=\"center\" srcset=\"https:\/\/www.montanheiros.com\/wp-content\/uploads\/2022\/09\/IMG_0024-280x280.jpg 280w, https:\/\/www.montanheiros.com\/wp-content\/uploads\/2022\/09\/IMG_0024-300x300.jpg 300w, https:\/\/www.montanheiros.com\/wp-content\/uploads\/2022\/09\/IMG_0024-100x100.jpg 100w\" sizes=\"auto, (max-width: 280px) 100vw, 280px\" \/>                                                              <\/div>\n              <div class=\"box-text text-center\" >\n                 <p><\/p>\n              <\/div>\n            <\/div>\n            <\/a>          <\/div>\n         <\/div><div class=\"gallery-col col\" >\n          <div class=\"col-inner\">\n            <a class=\"image-lightbox lightbox-gallery\" href=\"https:\/\/www.montanheiros.com\/wp-content\/uploads\/2022\/09\/IMG_0028-1067x800.jpg\" title=\"\">            <div class=\"box has-hover gallery-box box-none\">\n              <div class=\"box-image\" style=\"width:63%;\">\n                <img loading=\"lazy\" decoding=\"async\" width=\"280\" height=\"280\" src=\"https:\/\/www.montanheiros.com\/wp-content\/uploads\/2022\/09\/IMG_0028-280x280.jpg\" class=\"attachment-thumbnail size-thumbnail\" alt=\"\" ids=\"14947,14948,14949,14950,14951,14952,14953,14954,14955,14956,14957,14958,14959,14960,14961,14962,14963\" style=\"none\" type=\"slider\" columns=\"1\" image_width=\"63\" image_size=\"thumbnail\" text_align=\"center\" srcset=\"https:\/\/www.montanheiros.com\/wp-content\/uploads\/2022\/09\/IMG_0028-280x280.jpg 280w, https:\/\/www.montanheiros.com\/wp-content\/uploads\/2022\/09\/IMG_0028-300x300.jpg 300w, https:\/\/www.montanheiros.com\/wp-content\/uploads\/2022\/09\/IMG_0028-100x100.jpg 100w\" sizes=\"auto, (max-width: 280px) 100vw, 280px\" \/>                                                              <\/div>\n              <div class=\"box-text text-center\" >\n                 <p><\/p>\n              <\/div>\n            <\/div>\n            <\/a>          <\/div>\n         <\/div><div class=\"gallery-col col\" >\n          <div class=\"col-inner\">\n            <a class=\"image-lightbox lightbox-gallery\" href=\"https:\/\/www.montanheiros.com\/wp-content\/uploads\/2022\/09\/IMG_0030-1067x800.jpg\" title=\"\">            <div class=\"box has-hover gallery-box box-none\">\n              <div class=\"box-image\" style=\"width:63%;\">\n                <img loading=\"lazy\" decoding=\"async\" width=\"280\" height=\"280\" src=\"https:\/\/www.montanheiros.com\/wp-content\/uploads\/2022\/09\/IMG_0030-280x280.jpg\" class=\"attachment-thumbnail size-thumbnail\" alt=\"\" ids=\"14947,14948,14949,14950,14951,14952,14953,14954,14955,14956,14957,14958,14959,14960,14961,14962,14963\" style=\"none\" type=\"slider\" columns=\"1\" image_width=\"63\" image_size=\"thumbnail\" text_align=\"center\" srcset=\"https:\/\/www.montanheiros.com\/wp-content\/uploads\/2022\/09\/IMG_0030-280x280.jpg 280w, https:\/\/www.montanheiros.com\/wp-content\/uploads\/2022\/09\/IMG_0030-300x300.jpg 300w, https:\/\/www.montanheiros.com\/wp-content\/uploads\/2022\/09\/IMG_0030-100x100.jpg 100w\" sizes=\"auto, (max-width: 280px) 100vw, 280px\" \/>                                                              <\/div>\n              <div class=\"box-text text-center\" >\n                 <p><\/p>\n              <\/div>\n            <\/div>\n            <\/a>          <\/div>\n         <\/div><div class=\"gallery-col col\" >\n          <div class=\"col-inner\">\n            <a class=\"image-lightbox lightbox-gallery\" href=\"https:\/\/www.montanheiros.com\/wp-content\/uploads\/2022\/09\/IMG_0031-1067x800.jpg\" title=\"\">            <div class=\"box has-hover gallery-box box-none\">\n              <div class=\"box-image\" style=\"width:63%;\">\n                <img loading=\"lazy\" decoding=\"async\" width=\"280\" height=\"280\" src=\"https:\/\/www.montanheiros.com\/wp-content\/uploads\/2022\/09\/IMG_0031-280x280.jpg\" class=\"attachment-thumbnail size-thumbnail\" alt=\"\" ids=\"14947,14948,14949,14950,14951,14952,14953,14954,14955,14956,14957,14958,14959,14960,14961,14962,14963\" style=\"none\" type=\"slider\" columns=\"1\" image_width=\"63\" image_size=\"thumbnail\" text_align=\"center\" srcset=\"https:\/\/www.montanheiros.com\/wp-content\/uploads\/2022\/09\/IMG_0031-280x280.jpg 280w, https:\/\/www.montanheiros.com\/wp-content\/uploads\/2022\/09\/IMG_0031-300x300.jpg 300w, https:\/\/www.montanheiros.com\/wp-content\/uploads\/2022\/09\/IMG_0031-100x100.jpg 100w\" sizes=\"auto, (max-width: 280px) 100vw, 280px\" \/>                                                              <\/div>\n              <div class=\"box-text text-center\" >\n                 <p><\/p>\n              <\/div>\n            <\/div>\n            <\/a>          <\/div>\n         <\/div><div class=\"gallery-col col\" >\n          <div class=\"col-inner\">\n            <a class=\"image-lightbox lightbox-gallery\" href=\"https:\/\/www.montanheiros.com\/wp-content\/uploads\/2022\/09\/IMG_0032-600x800.jpg\" title=\"\">            <div class=\"box has-hover gallery-box box-none\">\n              <div class=\"box-image\" style=\"width:63%;\">\n                <img loading=\"lazy\" decoding=\"async\" width=\"280\" height=\"280\" src=\"https:\/\/www.montanheiros.com\/wp-content\/uploads\/2022\/09\/IMG_0032-280x280.jpg\" class=\"attachment-thumbnail size-thumbnail\" alt=\"\" ids=\"14947,14948,14949,14950,14951,14952,14953,14954,14955,14956,14957,14958,14959,14960,14961,14962,14963\" style=\"none\" type=\"slider\" columns=\"1\" image_width=\"63\" image_size=\"thumbnail\" text_align=\"center\" srcset=\"https:\/\/www.montanheiros.com\/wp-content\/uploads\/2022\/09\/IMG_0032-280x280.jpg 280w, https:\/\/www.montanheiros.com\/wp-content\/uploads\/2022\/09\/IMG_0032-300x300.jpg 300w, https:\/\/www.montanheiros.com\/wp-content\/uploads\/2022\/09\/IMG_0032-100x100.jpg 100w\" sizes=\"auto, (max-width: 280px) 100vw, 280px\" \/>                                                              <\/div>\n              <div class=\"box-text text-center\" >\n                 <p><\/p>\n              <\/div>\n            <\/div>\n            <\/a>          <\/div>\n         <\/div><div class=\"gallery-col col\" >\n          <div class=\"col-inner\">\n            <a class=\"image-lightbox lightbox-gallery\" href=\"https:\/\/www.montanheiros.com\/wp-content\/uploads\/2022\/09\/IMG_0043-1067x800.jpg\" title=\"\">            <div class=\"box has-hover gallery-box box-none\">\n              <div class=\"box-image\" style=\"width:63%;\">\n                <img loading=\"lazy\" decoding=\"async\" width=\"280\" height=\"280\" src=\"https:\/\/www.montanheiros.com\/wp-content\/uploads\/2022\/09\/IMG_0043-280x280.jpg\" class=\"attachment-thumbnail size-thumbnail\" alt=\"\" ids=\"14947,14948,14949,14950,14951,14952,14953,14954,14955,14956,14957,14958,14959,14960,14961,14962,14963\" style=\"none\" type=\"slider\" columns=\"1\" image_width=\"63\" image_size=\"thumbnail\" text_align=\"center\" srcset=\"https:\/\/www.montanheiros.com\/wp-content\/uploads\/2022\/09\/IMG_0043-280x280.jpg 280w, https:\/\/www.montanheiros.com\/wp-content\/uploads\/2022\/09\/IMG_0043-300x300.jpg 300w, https:\/\/www.montanheiros.com\/wp-content\/uploads\/2022\/09\/IMG_0043-100x100.jpg 100w\" sizes=\"auto, (max-width: 280px) 100vw, 280px\" \/>                                                              <\/div>\n              <div class=\"box-text text-center\" >\n                 <p><\/p>\n              <\/div>\n            <\/div>\n            <\/a>          <\/div>\n         <\/div><div class=\"gallery-col col\" >\n          <div class=\"col-inner\">\n            <a class=\"image-lightbox lightbox-gallery\" href=\"https:\/\/www.montanheiros.com\/wp-content\/uploads\/2022\/09\/IMG_0044-1067x800.jpg\" title=\"\">            <div class=\"box has-hover gallery-box box-none\">\n              <div class=\"box-image\" style=\"width:63%;\">\n                <img loading=\"lazy\" decoding=\"async\" width=\"280\" height=\"280\" src=\"https:\/\/www.montanheiros.com\/wp-content\/uploads\/2022\/09\/IMG_0044-280x280.jpg\" class=\"attachment-thumbnail size-thumbnail\" alt=\"\" ids=\"14947,14948,14949,14950,14951,14952,14953,14954,14955,14956,14957,14958,14959,14960,14961,14962,14963\" style=\"none\" type=\"slider\" columns=\"1\" image_width=\"63\" image_size=\"thumbnail\" text_align=\"center\" srcset=\"https:\/\/www.montanheiros.com\/wp-content\/uploads\/2022\/09\/IMG_0044-280x280.jpg 280w, https:\/\/www.montanheiros.com\/wp-content\/uploads\/2022\/09\/IMG_0044-300x300.jpg 300w, https:\/\/www.montanheiros.com\/wp-content\/uploads\/2022\/09\/IMG_0044-100x100.jpg 100w\" sizes=\"auto, (max-width: 280px) 100vw, 280px\" \/>                                                              <\/div>\n              <div class=\"box-text text-center\" >\n                 <p><\/p>\n              <\/div>\n            <\/div>\n            <\/a>          <\/div>\n         <\/div><div class=\"gallery-col col\" >\n          <div class=\"col-inner\">\n            <a class=\"image-lightbox lightbox-gallery\" href=\"https:\/\/www.montanheiros.com\/wp-content\/uploads\/2022\/09\/IMG_0065-1067x800.jpg\" title=\"\">            <div class=\"box has-hover gallery-box box-none\">\n              <div class=\"box-image\" style=\"width:63%;\">\n                <img loading=\"lazy\" decoding=\"async\" width=\"280\" height=\"280\" src=\"https:\/\/www.montanheiros.com\/wp-content\/uploads\/2022\/09\/IMG_0065-280x280.jpg\" class=\"attachment-thumbnail size-thumbnail\" alt=\"\" ids=\"14947,14948,14949,14950,14951,14952,14953,14954,14955,14956,14957,14958,14959,14960,14961,14962,14963\" style=\"none\" type=\"slider\" columns=\"1\" image_width=\"63\" image_size=\"thumbnail\" text_align=\"center\" srcset=\"https:\/\/www.montanheiros.com\/wp-content\/uploads\/2022\/09\/IMG_0065-280x280.jpg 280w, https:\/\/www.montanheiros.com\/wp-content\/uploads\/2022\/09\/IMG_0065-300x300.jpg 300w, https:\/\/www.montanheiros.com\/wp-content\/uploads\/2022\/09\/IMG_0065-100x100.jpg 100w\" sizes=\"auto, (max-width: 280px) 100vw, 280px\" \/>                                                              <\/div>\n              <div class=\"box-text text-center\" >\n                 <p><\/p>\n              <\/div>\n            <\/div>\n            <\/a>          <\/div>\n         <\/div><\/div>\n\n\n\t\t<\/div>\n\t\t\t\t\t<\/div>\n\n\t\n\n\t<div id=\"col-536630423\" class=\"col medium-3 small-6 large-3\"  >\n\t\t\t\t<div class=\"col-inner\"  >\n\t\t\t\n\t\t\t\n\n<p>Passeio pedestre \u00e0 Alagoa da Faj\u00e3zinha, 22mai2022 &#8211; ilha Terceira<\/p>\n\n  \n    <div class=\"row large-columns-1 medium-columns- small-columns- row-full-width slider row-slider slider-nav-reveal\"  data-flickity-options='{\"imagesLoaded\": true, \"groupCells\": \"100%\", \"dragThreshold\" : 5, \"cellAlign\": \"left\",\"wrapAround\": true,\"prevNextButtons\": true,\"percentPosition\": true,\"pageDots\": false, \"rightToLeft\": false, \"autoPlay\" : false}'>\n\n  <div class=\"gallery-col col\" >\n          <div class=\"col-inner\">\n            <a class=\"image-lightbox lightbox-gallery\" href=\"https:\/\/www.montanheiros.com\/wp-content\/uploads\/2022\/05\/DSCF6267-1067x800.jpg\" title=\"\">            <div class=\"box has-hover gallery-box box-none\">\n              <div class=\"box-image\" style=\"width:63%;\">\n                <img loading=\"lazy\" decoding=\"async\" width=\"280\" height=\"280\" src=\"https:\/\/www.montanheiros.com\/wp-content\/uploads\/2022\/05\/DSCF6267-280x280.jpg\" class=\"attachment-thumbnail size-thumbnail\" alt=\"\" ids=\"14703,14704,14705,14706,14707,14708,14709,14710,14711\" style=\"none\" type=\"slider\" columns=\"1\" image_width=\"63\" image_size=\"thumbnail\" text_align=\"center\" srcset=\"https:\/\/www.montanheiros.com\/wp-content\/uploads\/2022\/05\/DSCF6267-280x280.jpg 280w, https:\/\/www.montanheiros.com\/wp-content\/uploads\/2022\/05\/DSCF6267-300x300.jpg 300w, https:\/\/www.montanheiros.com\/wp-content\/uploads\/2022\/05\/DSCF6267-100x100.jpg 100w\" sizes=\"auto, (max-width: 280px) 100vw, 280px\" \/>                                                              <\/div>\n              <div class=\"box-text text-center\" >\n                 <p><\/p>\n              <\/div>\n            <\/div>\n            <\/a>          <\/div>\n         <\/div><div class=\"gallery-col col\" >\n          <div class=\"col-inner\">\n            <a class=\"image-lightbox lightbox-gallery\" href=\"https:\/\/www.montanheiros.com\/wp-content\/uploads\/2022\/05\/DSCF6273-1067x800.jpg\" title=\"\">            <div class=\"box has-hover gallery-box box-none\">\n              <div class=\"box-image\" style=\"width:63%;\">\n                <img loading=\"lazy\" decoding=\"async\" width=\"280\" height=\"280\" src=\"https:\/\/www.montanheiros.com\/wp-content\/uploads\/2022\/05\/DSCF6273-280x280.jpg\" class=\"attachment-thumbnail size-thumbnail\" alt=\"\" ids=\"14703,14704,14705,14706,14707,14708,14709,14710,14711\" style=\"none\" type=\"slider\" columns=\"1\" image_width=\"63\" image_size=\"thumbnail\" text_align=\"center\" srcset=\"https:\/\/www.montanheiros.com\/wp-content\/uploads\/2022\/05\/DSCF6273-280x280.jpg 280w, https:\/\/www.montanheiros.com\/wp-content\/uploads\/2022\/05\/DSCF6273-300x300.jpg 300w, https:\/\/www.montanheiros.com\/wp-content\/uploads\/2022\/05\/DSCF6273-100x100.jpg 100w\" sizes=\"auto, (max-width: 280px) 100vw, 280px\" \/>                                                              <\/div>\n              <div class=\"box-text text-center\" >\n                 <p><\/p>\n              <\/div>\n            <\/div>\n            <\/a>          <\/div>\n         <\/div><div class=\"gallery-col col\" >\n          <div class=\"col-inner\">\n            <a class=\"image-lightbox lightbox-gallery\" href=\"https:\/\/www.montanheiros.com\/wp-content\/uploads\/2022\/05\/DSCF6278-1067x800.jpg\" title=\"\">            <div class=\"box has-hover gallery-box box-none\">\n              <div class=\"box-image\" style=\"width:63%;\">\n                <img loading=\"lazy\" decoding=\"async\" width=\"280\" height=\"280\" src=\"https:\/\/www.montanheiros.com\/wp-content\/uploads\/2022\/05\/DSCF6278-280x280.jpg\" class=\"attachment-thumbnail size-thumbnail\" alt=\"\" ids=\"14703,14704,14705,14706,14707,14708,14709,14710,14711\" style=\"none\" type=\"slider\" columns=\"1\" image_width=\"63\" image_size=\"thumbnail\" text_align=\"center\" srcset=\"https:\/\/www.montanheiros.com\/wp-content\/uploads\/2022\/05\/DSCF6278-280x280.jpg 280w, https:\/\/www.montanheiros.com\/wp-content\/uploads\/2022\/05\/DSCF6278-300x300.jpg 300w, https:\/\/www.montanheiros.com\/wp-content\/uploads\/2022\/05\/DSCF6278-100x100.jpg 100w\" sizes=\"auto, (max-width: 280px) 100vw, 280px\" \/>                                                              <\/div>\n              <div class=\"box-text text-center\" >\n                 <p><\/p>\n              <\/div>\n            <\/div>\n            <\/a>          <\/div>\n         <\/div><div class=\"gallery-col col\" >\n          <div class=\"col-inner\">\n            <a class=\"image-lightbox lightbox-gallery\" href=\"https:\/\/www.montanheiros.com\/wp-content\/uploads\/2022\/05\/DSCF6283-1067x800.jpg\" title=\"\">            <div class=\"box has-hover gallery-box box-none\">\n              <div class=\"box-image\" style=\"width:63%;\">\n                <img loading=\"lazy\" decoding=\"async\" width=\"280\" height=\"280\" src=\"https:\/\/www.montanheiros.com\/wp-content\/uploads\/2022\/05\/DSCF6283-280x280.jpg\" class=\"attachment-thumbnail size-thumbnail\" alt=\"\" ids=\"14703,14704,14705,14706,14707,14708,14709,14710,14711\" style=\"none\" type=\"slider\" columns=\"1\" image_width=\"63\" image_size=\"thumbnail\" text_align=\"center\" srcset=\"https:\/\/www.montanheiros.com\/wp-content\/uploads\/2022\/05\/DSCF6283-280x280.jpg 280w, https:\/\/www.montanheiros.com\/wp-content\/uploads\/2022\/05\/DSCF6283-300x300.jpg 300w, https:\/\/www.montanheiros.com\/wp-content\/uploads\/2022\/05\/DSCF6283-100x100.jpg 100w\" sizes=\"auto, (max-width: 280px) 100vw, 280px\" \/>                                                              <\/div>\n              <div class=\"box-text text-center\" >\n                 <p><\/p>\n              <\/div>\n            <\/div>\n            <\/a>          <\/div>\n         <\/div><div class=\"gallery-col col\" >\n          <div class=\"col-inner\">\n            <a class=\"image-lightbox lightbox-gallery\" href=\"https:\/\/www.montanheiros.com\/wp-content\/uploads\/2022\/05\/DSCF6286-600x800.jpg\" title=\"\">            <div class=\"box has-hover gallery-box box-none\">\n              <div class=\"box-image\" style=\"width:63%;\">\n                <img loading=\"lazy\" decoding=\"async\" width=\"280\" height=\"280\" src=\"https:\/\/www.montanheiros.com\/wp-content\/uploads\/2022\/05\/DSCF6286-280x280.jpg\" class=\"attachment-thumbnail size-thumbnail\" alt=\"\" ids=\"14703,14704,14705,14706,14707,14708,14709,14710,14711\" style=\"none\" type=\"slider\" columns=\"1\" image_width=\"63\" image_size=\"thumbnail\" text_align=\"center\" srcset=\"https:\/\/www.montanheiros.com\/wp-content\/uploads\/2022\/05\/DSCF6286-280x280.jpg 280w, https:\/\/www.montanheiros.com\/wp-content\/uploads\/2022\/05\/DSCF6286-300x300.jpg 300w, https:\/\/www.montanheiros.com\/wp-content\/uploads\/2022\/05\/DSCF6286-100x100.jpg 100w\" sizes=\"auto, (max-width: 280px) 100vw, 280px\" \/>                                                              <\/div>\n              <div class=\"box-text text-center\" >\n                 <p><\/p>\n              <\/div>\n            <\/div>\n            <\/a>          <\/div>\n         <\/div><div class=\"gallery-col col\" >\n          <div class=\"col-inner\">\n            <a class=\"image-lightbox lightbox-gallery\" href=\"https:\/\/www.montanheiros.com\/wp-content\/uploads\/2022\/05\/DSCF6292-1067x800.jpg\" title=\"\">            <div class=\"box has-hover gallery-box box-none\">\n              <div class=\"box-image\" style=\"width:63%;\">\n                <img loading=\"lazy\" decoding=\"async\" width=\"280\" height=\"280\" src=\"https:\/\/www.montanheiros.com\/wp-content\/uploads\/2022\/05\/DSCF6292-280x280.jpg\" class=\"attachment-thumbnail size-thumbnail\" alt=\"\" ids=\"14703,14704,14705,14706,14707,14708,14709,14710,14711\" style=\"none\" type=\"slider\" columns=\"1\" image_width=\"63\" image_size=\"thumbnail\" text_align=\"center\" srcset=\"https:\/\/www.montanheiros.com\/wp-content\/uploads\/2022\/05\/DSCF6292-280x280.jpg 280w, https:\/\/www.montanheiros.com\/wp-content\/uploads\/2022\/05\/DSCF6292-300x300.jpg 300w, https:\/\/www.montanheiros.com\/wp-content\/uploads\/2022\/05\/DSCF6292-100x100.jpg 100w\" sizes=\"auto, (max-width: 280px) 100vw, 280px\" \/>                                                              <\/div>\n              <div class=\"box-text text-center\" >\n                 <p><\/p>\n              <\/div>\n            <\/div>\n            <\/a>          <\/div>\n         <\/div><div class=\"gallery-col col\" >\n          <div class=\"col-inner\">\n            <a class=\"image-lightbox lightbox-gallery\" href=\"https:\/\/www.montanheiros.com\/wp-content\/uploads\/2022\/05\/DSCF6293-1067x800.jpg\" title=\"\">            <div class=\"box has-hover gallery-box box-none\">\n              <div class=\"box-image\" style=\"width:63%;\">\n                <img loading=\"lazy\" decoding=\"async\" width=\"280\" height=\"280\" src=\"https:\/\/www.montanheiros.com\/wp-content\/uploads\/2022\/05\/DSCF6293-280x280.jpg\" class=\"attachment-thumbnail size-thumbnail\" alt=\"\" ids=\"14703,14704,14705,14706,14707,14708,14709,14710,14711\" style=\"none\" type=\"slider\" columns=\"1\" image_width=\"63\" image_size=\"thumbnail\" text_align=\"center\" srcset=\"https:\/\/www.montanheiros.com\/wp-content\/uploads\/2022\/05\/DSCF6293-280x280.jpg 280w, https:\/\/www.montanheiros.com\/wp-content\/uploads\/2022\/05\/DSCF6293-300x300.jpg 300w, https:\/\/www.montanheiros.com\/wp-content\/uploads\/2022\/05\/DSCF6293-100x100.jpg 100w\" sizes=\"auto, (max-width: 280px) 100vw, 280px\" \/>                                                              <\/div>\n              <div class=\"box-text text-center\" >\n                 <p><\/p>\n              <\/div>\n            <\/div>\n            <\/a>          <\/div>\n         <\/div><div class=\"gallery-col col\" >\n          <div class=\"col-inner\">\n            <a class=\"image-lightbox lightbox-gallery\" href=\"https:\/\/www.montanheiros.com\/wp-content\/uploads\/2022\/05\/DSCF6294-1067x800.jpg\" title=\"\">            <div class=\"box has-hover gallery-box box-none\">\n              <div class=\"box-image\" style=\"width:63%;\">\n                <img loading=\"lazy\" decoding=\"async\" width=\"280\" height=\"280\" src=\"https:\/\/www.montanheiros.com\/wp-content\/uploads\/2022\/05\/DSCF6294-280x280.jpg\" class=\"attachment-thumbnail size-thumbnail\" alt=\"\" ids=\"14703,14704,14705,14706,14707,14708,14709,14710,14711\" style=\"none\" type=\"slider\" columns=\"1\" image_width=\"63\" image_size=\"thumbnail\" text_align=\"center\" srcset=\"https:\/\/www.montanheiros.com\/wp-content\/uploads\/2022\/05\/DSCF6294-280x280.jpg 280w, https:\/\/www.montanheiros.com\/wp-content\/uploads\/2022\/05\/DSCF6294-300x300.jpg 300w, https:\/\/www.montanheiros.com\/wp-content\/uploads\/2022\/05\/DSCF6294-100x100.jpg 100w\" sizes=\"auto, (max-width: 280px) 100vw, 280px\" \/>                                                              <\/div>\n              <div class=\"box-text text-center\" >\n                 <p><\/p>\n              <\/div>\n            <\/div>\n            <\/a>          <\/div>\n         <\/div><div class=\"gallery-col col\" >\n          <div class=\"col-inner\">\n            <a class=\"image-lightbox lightbox-gallery\" href=\"https:\/\/www.montanheiros.com\/wp-content\/uploads\/2022\/05\/DSCF6326-1067x800.jpg\" title=\"\">            <div class=\"box has-hover gallery-box box-none\">\n              <div class=\"box-image\" style=\"width:63%;\">\n                <img loading=\"lazy\" decoding=\"async\" width=\"280\" height=\"280\" src=\"https:\/\/www.montanheiros.com\/wp-content\/uploads\/2022\/05\/DSCF6326-280x280.jpg\" class=\"attachment-thumbnail size-thumbnail\" alt=\"\" ids=\"14703,14704,14705,14706,14707,14708,14709,14710,14711\" style=\"none\" type=\"slider\" columns=\"1\" image_width=\"63\" image_size=\"thumbnail\" text_align=\"center\" srcset=\"https:\/\/www.montanheiros.com\/wp-content\/uploads\/2022\/05\/DSCF6326-280x280.jpg 280w, https:\/\/www.montanheiros.com\/wp-content\/uploads\/2022\/05\/DSCF6326-300x300.jpg 300w, https:\/\/www.montanheiros.com\/wp-content\/uploads\/2022\/05\/DSCF6326-100x100.jpg 100w\" sizes=\"auto, (max-width: 280px) 100vw, 280px\" \/>                                                              <\/div>\n              <div class=\"box-text text-center\" >\n                 <p><\/p>\n              <\/div>\n            <\/div>\n            <\/a>          <\/div>\n         <\/div><\/div>\n\n\n\t\t<\/div>\n\t\t\t\t\t<\/div>\n\n\t\n\n\t<div id=\"col-1197852292\" class=\"col medium-3 small-6 large-3\"  >\n\t\t\t\t<div class=\"col-inner\"  >\n\t\t\t\n\t\t\t\n\n<p>Passeio na Serreta, 22mar2022 &#8211; ilha Terceira<\/p>\n\n  \n    <div class=\"row large-columns-1 medium-columns- small-columns- row-full-width slider row-slider slider-nav-reveal\"  data-flickity-options='{\"imagesLoaded\": true, \"groupCells\": \"100%\", \"dragThreshold\" : 5, \"cellAlign\": \"left\",\"wrapAround\": true,\"prevNextButtons\": true,\"percentPosition\": true,\"pageDots\": false, \"rightToLeft\": false, \"autoPlay\" : false}'>\n\n  <div class=\"gallery-col col\" >\n          <div class=\"col-inner\">\n            <a class=\"image-lightbox lightbox-gallery\" href=\"https:\/\/www.montanheiros.com\/wp-content\/uploads\/2022\/03\/276127874_5966337136727512_9094479648006503387_n-1-1200x800.jpg\" title=\"\">            <div class=\"box has-hover gallery-box box-none\">\n              <div class=\"box-image\" style=\"width:63%;\">\n                <img loading=\"lazy\" decoding=\"async\" width=\"280\" height=\"280\" src=\"https:\/\/www.montanheiros.com\/wp-content\/uploads\/2022\/03\/276127874_5966337136727512_9094479648006503387_n-1-280x280.jpg\" class=\"attachment-thumbnail size-thumbnail\" alt=\"\" ids=\"14545,14546,14547,14548\" style=\"none\" type=\"slider\" columns=\"1\" image_width=\"63\" image_size=\"thumbnail\" text_align=\"center\" srcset=\"https:\/\/www.montanheiros.com\/wp-content\/uploads\/2022\/03\/276127874_5966337136727512_9094479648006503387_n-1-280x280.jpg 280w, https:\/\/www.montanheiros.com\/wp-content\/uploads\/2022\/03\/276127874_5966337136727512_9094479648006503387_n-1-300x300.jpg 300w, https:\/\/www.montanheiros.com\/wp-content\/uploads\/2022\/03\/276127874_5966337136727512_9094479648006503387_n-1-100x100.jpg 100w\" sizes=\"auto, (max-width: 280px) 100vw, 280px\" \/>                                                              <\/div>\n              <div class=\"box-text text-center\" >\n                 <p><\/p>\n              <\/div>\n            <\/div>\n            <\/a>          <\/div>\n         <\/div><div class=\"gallery-col col\" >\n          <div class=\"col-inner\">\n            <a class=\"image-lightbox lightbox-gallery\" href=\"https:\/\/www.montanheiros.com\/wp-content\/uploads\/2022\/03\/276108956_5966336993394193_7115512634465020615_n-1-1200x800.jpg\" title=\"\">            <div class=\"box has-hover gallery-box box-none\">\n              <div class=\"box-image\" style=\"width:63%;\">\n                <img loading=\"lazy\" decoding=\"async\" width=\"280\" height=\"280\" src=\"https:\/\/www.montanheiros.com\/wp-content\/uploads\/2022\/03\/276108956_5966336993394193_7115512634465020615_n-1-280x280.jpg\" class=\"attachment-thumbnail size-thumbnail\" alt=\"\" ids=\"14545,14546,14547,14548\" style=\"none\" type=\"slider\" columns=\"1\" image_width=\"63\" image_size=\"thumbnail\" text_align=\"center\" srcset=\"https:\/\/www.montanheiros.com\/wp-content\/uploads\/2022\/03\/276108956_5966336993394193_7115512634465020615_n-1-280x280.jpg 280w, https:\/\/www.montanheiros.com\/wp-content\/uploads\/2022\/03\/276108956_5966336993394193_7115512634465020615_n-1-300x300.jpg 300w, https:\/\/www.montanheiros.com\/wp-content\/uploads\/2022\/03\/276108956_5966336993394193_7115512634465020615_n-1-100x100.jpg 100w\" sizes=\"auto, (max-width: 280px) 100vw, 280px\" \/>                                                              <\/div>\n              <div class=\"box-text text-center\" >\n                 <p><\/p>\n              <\/div>\n            <\/div>\n            <\/a>          <\/div>\n         <\/div><div class=\"gallery-col col\" >\n          <div class=\"col-inner\">\n            <a class=\"image-lightbox lightbox-gallery\" href=\"https:\/\/www.montanheiros.com\/wp-content\/uploads\/2022\/03\/276126383_5966336756727550_1915723026526701308_n-1-1200x800.jpg\" title=\"\">            <div class=\"box has-hover gallery-box box-none\">\n              <div class=\"box-image\" style=\"width:63%;\">\n                <img loading=\"lazy\" decoding=\"async\" width=\"280\" height=\"280\" src=\"https:\/\/www.montanheiros.com\/wp-content\/uploads\/2022\/03\/276126383_5966336756727550_1915723026526701308_n-1-280x280.jpg\" class=\"attachment-thumbnail size-thumbnail\" alt=\"\" ids=\"14545,14546,14547,14548\" style=\"none\" type=\"slider\" columns=\"1\" image_width=\"63\" image_size=\"thumbnail\" text_align=\"center\" srcset=\"https:\/\/www.montanheiros.com\/wp-content\/uploads\/2022\/03\/276126383_5966336756727550_1915723026526701308_n-1-280x280.jpg 280w, https:\/\/www.montanheiros.com\/wp-content\/uploads\/2022\/03\/276126383_5966336756727550_1915723026526701308_n-1-300x300.jpg 300w, https:\/\/www.montanheiros.com\/wp-content\/uploads\/2022\/03\/276126383_5966336756727550_1915723026526701308_n-1-100x100.jpg 100w\" sizes=\"auto, (max-width: 280px) 100vw, 280px\" \/>                                                              <\/div>\n              <div class=\"box-text text-center\" >\n                 <p><\/p>\n              <\/div>\n            <\/div>\n            <\/a>          <\/div>\n         <\/div><div class=\"gallery-col col\" >\n          <div class=\"col-inner\">\n            <a class=\"image-lightbox lightbox-gallery\" href=\"https:\/\/www.montanheiros.com\/wp-content\/uploads\/2022\/03\/276108353_5966336696727556_8654015004449493675_n-1-1200x800.jpg\" title=\"\">            <div class=\"box has-hover gallery-box box-none\">\n              <div class=\"box-image\" style=\"width:63%;\">\n                <img loading=\"lazy\" decoding=\"async\" width=\"280\" height=\"280\" src=\"https:\/\/www.montanheiros.com\/wp-content\/uploads\/2022\/03\/276108353_5966336696727556_8654015004449493675_n-1-280x280.jpg\" class=\"attachment-thumbnail size-thumbnail\" alt=\"\" ids=\"14545,14546,14547,14548\" style=\"none\" type=\"slider\" columns=\"1\" image_width=\"63\" image_size=\"thumbnail\" text_align=\"center\" srcset=\"https:\/\/www.montanheiros.com\/wp-content\/uploads\/2022\/03\/276108353_5966336696727556_8654015004449493675_n-1-280x280.jpg 280w, https:\/\/www.montanheiros.com\/wp-content\/uploads\/2022\/03\/276108353_5966336696727556_8654015004449493675_n-1-300x300.jpg 300w, https:\/\/www.montanheiros.com\/wp-content\/uploads\/2022\/03\/276108353_5966336696727556_8654015004449493675_n-1-100x100.jpg 100w\" sizes=\"auto, (max-width: 280px) 100vw, 280px\" \/>                                                              <\/div>\n              <div class=\"box-text text-center\" >\n                 <p><\/p>\n              <\/div>\n            <\/div>\n            <\/a>          <\/div>\n         <\/div><\/div>\n\n\n\t\t<\/div>\n\t\t\t\t\t<\/div>\n\n\t\n\n<\/div>\n<div class=\"container section-title-container\" ><h4 class=\"section-title section-title-normal\"><b><\/b><span class=\"section-title-main\" >2019<\/span><b><\/b><\/h4><\/div>\n\n<div class=\"row row-dashed\"  id=\"row-371227633\">\n\n\n\t<div id=\"col-183744949\" class=\"col medium-3 small-12 large-3\"  >\n\t\t\t\t<div class=\"col-inner\"  >\n\t\t\t\n\t\t\t\n\n<p>Passeio pedestre \u00e0s Vinhas dos Biscoitos, 06out2019 &#8211; ilha Terceira<\/p>\n\n  \n    <div class=\"row large-columns-1 medium-columns- small-columns- row-full-width slider row-slider slider-nav-reveal\"  data-flickity-options='{\"imagesLoaded\": true, \"groupCells\": \"100%\", \"dragThreshold\" : 5, \"cellAlign\": \"left\",\"wrapAround\": true,\"prevNextButtons\": true,\"percentPosition\": true,\"pageDots\": false, \"rightToLeft\": false, \"autoPlay\" : false}'>\n\n  <div class=\"gallery-col col\" >\n          <div class=\"col-inner\">\n            <a class=\"image-lightbox lightbox-gallery\" href=\"https:\/\/www.montanheiros.com\/wp-content\/uploads\/2019\/11\/big1_1571393144.jpg\" title=\"\">            <div class=\"box has-hover gallery-box box-none\">\n              <div class=\"box-image\" style=\"width:63%;\">\n                <img loading=\"lazy\" decoding=\"async\" width=\"280\" height=\"280\" src=\"https:\/\/www.montanheiros.com\/wp-content\/uploads\/2019\/11\/big1_1571393144-280x280.jpg\" class=\"attachment-thumbnail size-thumbnail\" alt=\"\" ids=\"11177,11178,11179,11180,11181,11182,11183,11184,11185,11186,11187,11188,11189,11190,11191,11192,11193,11194,11195,11196,11197,11198\" style=\"none\" type=\"slider\" columns=\"1\" image_width=\"63\" image_size=\"thumbnail\" text_align=\"center\" srcset=\"https:\/\/www.montanheiros.com\/wp-content\/uploads\/2019\/11\/big1_1571393144-280x280.jpg 280w, https:\/\/www.montanheiros.com\/wp-content\/uploads\/2019\/11\/big1_1571393144-300x300.jpg 300w, https:\/\/www.montanheiros.com\/wp-content\/uploads\/2019\/11\/big1_1571393144-100x100.jpg 100w\" sizes=\"auto, (max-width: 280px) 100vw, 280px\" \/>                                                              <\/div>\n              <div class=\"box-text text-center\" >\n                 <p><\/p>\n              <\/div>\n            <\/div>\n            <\/a>          <\/div>\n         <\/div><div class=\"gallery-col col\" >\n          <div class=\"col-inner\">\n            <a class=\"image-lightbox lightbox-gallery\" href=\"https:\/\/www.montanheiros.com\/wp-content\/uploads\/2019\/11\/big3_1571393146.jpg\" title=\"\">            <div class=\"box has-hover gallery-box box-none\">\n              <div class=\"box-image\" style=\"width:63%;\">\n                <img loading=\"lazy\" decoding=\"async\" width=\"280\" height=\"280\" src=\"https:\/\/www.montanheiros.com\/wp-content\/uploads\/2019\/11\/big3_1571393146-280x280.jpg\" class=\"attachment-thumbnail size-thumbnail\" alt=\"\" ids=\"11177,11178,11179,11180,11181,11182,11183,11184,11185,11186,11187,11188,11189,11190,11191,11192,11193,11194,11195,11196,11197,11198\" style=\"none\" type=\"slider\" columns=\"1\" image_width=\"63\" image_size=\"thumbnail\" text_align=\"center\" srcset=\"https:\/\/www.montanheiros.com\/wp-content\/uploads\/2019\/11\/big3_1571393146-280x280.jpg 280w, https:\/\/www.montanheiros.com\/wp-content\/uploads\/2019\/11\/big3_1571393146-300x300.jpg 300w, https:\/\/www.montanheiros.com\/wp-content\/uploads\/2019\/11\/big3_1571393146-100x100.jpg 100w\" sizes=\"auto, (max-width: 280px) 100vw, 280px\" \/>                                                              <\/div>\n              <div class=\"box-text text-center\" >\n                 <p><\/p>\n              <\/div>\n            <\/div>\n            <\/a>          <\/div>\n         <\/div><div class=\"gallery-col col\" >\n          <div class=\"col-inner\">\n            <a class=\"image-lightbox lightbox-gallery\" href=\"https:\/\/www.montanheiros.com\/wp-content\/uploads\/2019\/11\/big8_1571393148.jpg\" title=\"\">            <div class=\"box has-hover gallery-box box-none\">\n              <div class=\"box-image\" style=\"width:63%;\">\n                <img loading=\"lazy\" decoding=\"async\" width=\"280\" height=\"280\" src=\"https:\/\/www.montanheiros.com\/wp-content\/uploads\/2019\/11\/big8_1571393148-280x280.jpg\" class=\"attachment-thumbnail size-thumbnail\" alt=\"\" ids=\"11177,11178,11179,11180,11181,11182,11183,11184,11185,11186,11187,11188,11189,11190,11191,11192,11193,11194,11195,11196,11197,11198\" style=\"none\" type=\"slider\" columns=\"1\" image_width=\"63\" image_size=\"thumbnail\" text_align=\"center\" srcset=\"https:\/\/www.montanheiros.com\/wp-content\/uploads\/2019\/11\/big8_1571393148-280x280.jpg 280w, https:\/\/www.montanheiros.com\/wp-content\/uploads\/2019\/11\/big8_1571393148-300x300.jpg 300w, https:\/\/www.montanheiros.com\/wp-content\/uploads\/2019\/11\/big8_1571393148-100x100.jpg 100w\" sizes=\"auto, (max-width: 280px) 100vw, 280px\" \/>                                                              <\/div>\n              <div class=\"box-text text-center\" >\n                 <p><\/p>\n              <\/div>\n            <\/div>\n            <\/a>          <\/div>\n         <\/div><div class=\"gallery-col col\" >\n          <div class=\"col-inner\">\n            <a class=\"image-lightbox lightbox-gallery\" href=\"https:\/\/www.montanheiros.com\/wp-content\/uploads\/2019\/11\/big6_1571393147.jpg\" title=\"\">            <div class=\"box has-hover gallery-box box-none\">\n              <div class=\"box-image\" style=\"width:63%;\">\n                <img loading=\"lazy\" decoding=\"async\" width=\"280\" height=\"280\" src=\"https:\/\/www.montanheiros.com\/wp-content\/uploads\/2019\/11\/big6_1571393147-280x280.jpg\" class=\"attachment-thumbnail size-thumbnail\" alt=\"\" ids=\"11177,11178,11179,11180,11181,11182,11183,11184,11185,11186,11187,11188,11189,11190,11191,11192,11193,11194,11195,11196,11197,11198\" style=\"none\" type=\"slider\" columns=\"1\" image_width=\"63\" image_size=\"thumbnail\" text_align=\"center\" srcset=\"https:\/\/www.montanheiros.com\/wp-content\/uploads\/2019\/11\/big6_1571393147-280x280.jpg 280w, https:\/\/www.montanheiros.com\/wp-content\/uploads\/2019\/11\/big6_1571393147-300x300.jpg 300w, https:\/\/www.montanheiros.com\/wp-content\/uploads\/2019\/11\/big6_1571393147-100x100.jpg 100w\" sizes=\"auto, (max-width: 280px) 100vw, 280px\" \/>                                                              <\/div>\n              <div class=\"box-text text-center\" >\n                 <p><\/p>\n              <\/div>\n            <\/div>\n            <\/a>          <\/div>\n         <\/div><div class=\"gallery-col col\" >\n          <div class=\"col-inner\">\n            <a class=\"image-lightbox lightbox-gallery\" href=\"https:\/\/www.montanheiros.com\/wp-content\/uploads\/2019\/11\/big2_1571393145.jpg\" title=\"\">            <div class=\"box has-hover gallery-box box-none\">\n              <div class=\"box-image\" style=\"width:63%;\">\n                <img loading=\"lazy\" decoding=\"async\" width=\"280\" height=\"280\" src=\"https:\/\/www.montanheiros.com\/wp-content\/uploads\/2019\/11\/big2_1571393145-280x280.jpg\" class=\"attachment-thumbnail size-thumbnail\" alt=\"\" ids=\"11177,11178,11179,11180,11181,11182,11183,11184,11185,11186,11187,11188,11189,11190,11191,11192,11193,11194,11195,11196,11197,11198\" style=\"none\" type=\"slider\" columns=\"1\" image_width=\"63\" image_size=\"thumbnail\" text_align=\"center\" srcset=\"https:\/\/www.montanheiros.com\/wp-content\/uploads\/2019\/11\/big2_1571393145-280x280.jpg 280w, https:\/\/www.montanheiros.com\/wp-content\/uploads\/2019\/11\/big2_1571393145-300x300.jpg 300w, https:\/\/www.montanheiros.com\/wp-content\/uploads\/2019\/11\/big2_1571393145-100x100.jpg 100w\" sizes=\"auto, (max-width: 280px) 100vw, 280px\" \/>                                                              <\/div>\n              <div class=\"box-text text-center\" >\n                 <p><\/p>\n              <\/div>\n            <\/div>\n            <\/a>          <\/div>\n         <\/div><div class=\"gallery-col col\" >\n          <div class=\"col-inner\">\n            <a class=\"image-lightbox lightbox-gallery\" href=\"https:\/\/www.montanheiros.com\/wp-content\/uploads\/2019\/11\/big4_1571393146.jpg\" title=\"\">            <div class=\"box has-hover gallery-box box-none\">\n              <div class=\"box-image\" style=\"width:63%;\">\n                <img loading=\"lazy\" decoding=\"async\" width=\"280\" height=\"280\" src=\"https:\/\/www.montanheiros.com\/wp-content\/uploads\/2019\/11\/big4_1571393146-280x280.jpg\" class=\"attachment-thumbnail size-thumbnail\" alt=\"\" ids=\"11177,11178,11179,11180,11181,11182,11183,11184,11185,11186,11187,11188,11189,11190,11191,11192,11193,11194,11195,11196,11197,11198\" style=\"none\" type=\"slider\" columns=\"1\" image_width=\"63\" image_size=\"thumbnail\" text_align=\"center\" srcset=\"https:\/\/www.montanheiros.com\/wp-content\/uploads\/2019\/11\/big4_1571393146-280x280.jpg 280w, https:\/\/www.montanheiros.com\/wp-content\/uploads\/2019\/11\/big4_1571393146-300x300.jpg 300w, https:\/\/www.montanheiros.com\/wp-content\/uploads\/2019\/11\/big4_1571393146-100x100.jpg 100w\" sizes=\"auto, (max-width: 280px) 100vw, 280px\" \/>                                                              <\/div>\n              <div class=\"box-text text-center\" >\n                 <p><\/p>\n              <\/div>\n            <\/div>\n            <\/a>          <\/div>\n         <\/div><div class=\"gallery-col col\" >\n          <div class=\"col-inner\">\n            <a class=\"image-lightbox lightbox-gallery\" href=\"https:\/\/www.montanheiros.com\/wp-content\/uploads\/2019\/11\/big9_1571393148.jpg\" title=\"\">            <div class=\"box has-hover gallery-box box-none\">\n              <div class=\"box-image\" style=\"width:63%;\">\n                <img loading=\"lazy\" decoding=\"async\" width=\"280\" height=\"280\" src=\"https:\/\/www.montanheiros.com\/wp-content\/uploads\/2019\/11\/big9_1571393148-280x280.jpg\" class=\"attachment-thumbnail size-thumbnail\" alt=\"\" ids=\"11177,11178,11179,11180,11181,11182,11183,11184,11185,11186,11187,11188,11189,11190,11191,11192,11193,11194,11195,11196,11197,11198\" style=\"none\" type=\"slider\" columns=\"1\" image_width=\"63\" image_size=\"thumbnail\" text_align=\"center\" srcset=\"https:\/\/www.montanheiros.com\/wp-content\/uploads\/2019\/11\/big9_1571393148-280x280.jpg 280w, https:\/\/www.montanheiros.com\/wp-content\/uploads\/2019\/11\/big9_1571393148-300x300.jpg 300w, https:\/\/www.montanheiros.com\/wp-content\/uploads\/2019\/11\/big9_1571393148-100x100.jpg 100w\" sizes=\"auto, (max-width: 280px) 100vw, 280px\" \/>                                                              <\/div>\n              <div class=\"box-text text-center\" >\n                 <p><\/p>\n              <\/div>\n            <\/div>\n            <\/a>          <\/div>\n         <\/div><div class=\"gallery-col col\" >\n          <div class=\"col-inner\">\n            <a class=\"image-lightbox lightbox-gallery\" href=\"https:\/\/www.montanheiros.com\/wp-content\/uploads\/2019\/11\/big7_1571393148.jpg\" title=\"\">            <div class=\"box has-hover gallery-box box-none\">\n              <div class=\"box-image\" style=\"width:63%;\">\n                <img loading=\"lazy\" decoding=\"async\" width=\"280\" height=\"280\" src=\"https:\/\/www.montanheiros.com\/wp-content\/uploads\/2019\/11\/big7_1571393148-280x280.jpg\" class=\"attachment-thumbnail size-thumbnail\" alt=\"\" ids=\"11177,11178,11179,11180,11181,11182,11183,11184,11185,11186,11187,11188,11189,11190,11191,11192,11193,11194,11195,11196,11197,11198\" style=\"none\" type=\"slider\" columns=\"1\" image_width=\"63\" image_size=\"thumbnail\" text_align=\"center\" srcset=\"https:\/\/www.montanheiros.com\/wp-content\/uploads\/2019\/11\/big7_1571393148-280x280.jpg 280w, https:\/\/www.montanheiros.com\/wp-content\/uploads\/2019\/11\/big7_1571393148-300x300.jpg 300w, https:\/\/www.montanheiros.com\/wp-content\/uploads\/2019\/11\/big7_1571393148-100x100.jpg 100w\" sizes=\"auto, (max-width: 280px) 100vw, 280px\" \/>                                                              <\/div>\n              <div class=\"box-text text-center\" >\n                 <p><\/p>\n              <\/div>\n            <\/div>\n            <\/a>          <\/div>\n         <\/div><div class=\"gallery-col col\" >\n          <div class=\"col-inner\">\n            <a class=\"image-lightbox lightbox-gallery\" href=\"https:\/\/www.montanheiros.com\/wp-content\/uploads\/2019\/11\/big11_1571393149.jpg\" title=\"\">            <div class=\"box has-hover gallery-box box-none\">\n              <div class=\"box-image\" style=\"width:63%;\">\n                <img loading=\"lazy\" decoding=\"async\" width=\"280\" height=\"280\" src=\"https:\/\/www.montanheiros.com\/wp-content\/uploads\/2019\/11\/big11_1571393149-280x280.jpg\" class=\"attachment-thumbnail size-thumbnail\" alt=\"\" ids=\"11177,11178,11179,11180,11181,11182,11183,11184,11185,11186,11187,11188,11189,11190,11191,11192,11193,11194,11195,11196,11197,11198\" style=\"none\" type=\"slider\" columns=\"1\" image_width=\"63\" image_size=\"thumbnail\" text_align=\"center\" srcset=\"https:\/\/www.montanheiros.com\/wp-content\/uploads\/2019\/11\/big11_1571393149-280x280.jpg 280w, https:\/\/www.montanheiros.com\/wp-content\/uploads\/2019\/11\/big11_1571393149-300x300.jpg 300w, https:\/\/www.montanheiros.com\/wp-content\/uploads\/2019\/11\/big11_1571393149-100x100.jpg 100w\" sizes=\"auto, (max-width: 280px) 100vw, 280px\" \/>                                                              <\/div>\n              <div class=\"box-text text-center\" >\n                 <p><\/p>\n              <\/div>\n            <\/div>\n            <\/a>          <\/div>\n         <\/div><div class=\"gallery-col col\" >\n          <div class=\"col-inner\">\n            <a class=\"image-lightbox lightbox-gallery\" href=\"https:\/\/www.montanheiros.com\/wp-content\/uploads\/2019\/11\/big10_1571393149.jpg\" title=\"\">            <div class=\"box has-hover gallery-box box-none\">\n              <div class=\"box-image\" style=\"width:63%;\">\n                <img loading=\"lazy\" decoding=\"async\" width=\"280\" height=\"280\" src=\"https:\/\/www.montanheiros.com\/wp-content\/uploads\/2019\/11\/big10_1571393149-280x280.jpg\" class=\"attachment-thumbnail size-thumbnail\" alt=\"\" ids=\"11177,11178,11179,11180,11181,11182,11183,11184,11185,11186,11187,11188,11189,11190,11191,11192,11193,11194,11195,11196,11197,11198\" style=\"none\" type=\"slider\" columns=\"1\" image_width=\"63\" image_size=\"thumbnail\" text_align=\"center\" srcset=\"https:\/\/www.montanheiros.com\/wp-content\/uploads\/2019\/11\/big10_1571393149-280x280.jpg 280w, https:\/\/www.montanheiros.com\/wp-content\/uploads\/2019\/11\/big10_1571393149-300x300.jpg 300w, https:\/\/www.montanheiros.com\/wp-content\/uploads\/2019\/11\/big10_1571393149-100x100.jpg 100w\" sizes=\"auto, (max-width: 280px) 100vw, 280px\" \/>                                                              <\/div>\n              <div class=\"box-text text-center\" >\n                 <p><\/p>\n              <\/div>\n            <\/div>\n            <\/a>          <\/div>\n         <\/div><div class=\"gallery-col col\" >\n          <div class=\"col-inner\">\n            <a class=\"image-lightbox lightbox-gallery\" href=\"https:\/\/www.montanheiros.com\/wp-content\/uploads\/2019\/11\/big5_1571393147.jpg\" title=\"\">            <div class=\"box has-hover gallery-box box-none\">\n              <div class=\"box-image\" style=\"width:63%;\">\n                <img loading=\"lazy\" decoding=\"async\" width=\"280\" height=\"280\" src=\"https:\/\/www.montanheiros.com\/wp-content\/uploads\/2019\/11\/big5_1571393147-280x280.jpg\" class=\"attachment-thumbnail size-thumbnail\" alt=\"\" ids=\"11177,11178,11179,11180,11181,11182,11183,11184,11185,11186,11187,11188,11189,11190,11191,11192,11193,11194,11195,11196,11197,11198\" style=\"none\" type=\"slider\" columns=\"1\" image_width=\"63\" image_size=\"thumbnail\" text_align=\"center\" srcset=\"https:\/\/www.montanheiros.com\/wp-content\/uploads\/2019\/11\/big5_1571393147-280x280.jpg 280w, https:\/\/www.montanheiros.com\/wp-content\/uploads\/2019\/11\/big5_1571393147-300x300.jpg 300w, https:\/\/www.montanheiros.com\/wp-content\/uploads\/2019\/11\/big5_1571393147-100x100.jpg 100w\" sizes=\"auto, (max-width: 280px) 100vw, 280px\" \/>                                                              <\/div>\n              <div class=\"box-text text-center\" >\n                 <p><\/p>\n              <\/div>\n            <\/div>\n            <\/a>          <\/div>\n         <\/div><div class=\"gallery-col col\" >\n          <div class=\"col-inner\">\n            <a class=\"image-lightbox lightbox-gallery\" href=\"https:\/\/www.montanheiros.com\/wp-content\/uploads\/2019\/11\/big13_1571393150.jpg\" title=\"\">            <div class=\"box has-hover gallery-box box-none\">\n              <div class=\"box-image\" style=\"width:63%;\">\n                <img loading=\"lazy\" decoding=\"async\" width=\"280\" height=\"280\" src=\"https:\/\/www.montanheiros.com\/wp-content\/uploads\/2019\/11\/big13_1571393150-280x280.jpg\" class=\"attachment-thumbnail size-thumbnail\" alt=\"\" ids=\"11177,11178,11179,11180,11181,11182,11183,11184,11185,11186,11187,11188,11189,11190,11191,11192,11193,11194,11195,11196,11197,11198\" style=\"none\" type=\"slider\" columns=\"1\" image_width=\"63\" image_size=\"thumbnail\" text_align=\"center\" srcset=\"https:\/\/www.montanheiros.com\/wp-content\/uploads\/2019\/11\/big13_1571393150-280x280.jpg 280w, https:\/\/www.montanheiros.com\/wp-content\/uploads\/2019\/11\/big13_1571393150-300x300.jpg 300w, https:\/\/www.montanheiros.com\/wp-content\/uploads\/2019\/11\/big13_1571393150-100x100.jpg 100w\" sizes=\"auto, (max-width: 280px) 100vw, 280px\" \/>                                                              <\/div>\n              <div class=\"box-text text-center\" >\n                 <p><\/p>\n              <\/div>\n            <\/div>\n            <\/a>          <\/div>\n         <\/div><div class=\"gallery-col col\" >\n          <div class=\"col-inner\">\n            <a class=\"image-lightbox lightbox-gallery\" href=\"https:\/\/www.montanheiros.com\/wp-content\/uploads\/2019\/11\/big14_1571393150.jpg\" title=\"\">            <div class=\"box has-hover gallery-box box-none\">\n              <div class=\"box-image\" style=\"width:63%;\">\n                <img loading=\"lazy\" decoding=\"async\" width=\"280\" height=\"280\" src=\"https:\/\/www.montanheiros.com\/wp-content\/uploads\/2019\/11\/big14_1571393150-280x280.jpg\" class=\"attachment-thumbnail size-thumbnail\" alt=\"\" ids=\"11177,11178,11179,11180,11181,11182,11183,11184,11185,11186,11187,11188,11189,11190,11191,11192,11193,11194,11195,11196,11197,11198\" style=\"none\" type=\"slider\" columns=\"1\" image_width=\"63\" image_size=\"thumbnail\" text_align=\"center\" srcset=\"https:\/\/www.montanheiros.com\/wp-content\/uploads\/2019\/11\/big14_1571393150-280x280.jpg 280w, https:\/\/www.montanheiros.com\/wp-content\/uploads\/2019\/11\/big14_1571393150-300x300.jpg 300w, https:\/\/www.montanheiros.com\/wp-content\/uploads\/2019\/11\/big14_1571393150-100x100.jpg 100w\" sizes=\"auto, (max-width: 280px) 100vw, 280px\" \/>                                                              <\/div>\n              <div class=\"box-text text-center\" >\n                 <p><\/p>\n              <\/div>\n            <\/div>\n            <\/a>          <\/div>\n         <\/div><div class=\"gallery-col col\" >\n          <div class=\"col-inner\">\n            <a class=\"image-lightbox lightbox-gallery\" href=\"https:\/\/www.montanheiros.com\/wp-content\/uploads\/2019\/11\/big12_1571393150.jpg\" title=\"\">            <div class=\"box has-hover gallery-box box-none\">\n              <div class=\"box-image\" style=\"width:63%;\">\n                <img loading=\"lazy\" decoding=\"async\" width=\"280\" height=\"280\" src=\"https:\/\/www.montanheiros.com\/wp-content\/uploads\/2019\/11\/big12_1571393150-280x280.jpg\" class=\"attachment-thumbnail size-thumbnail\" alt=\"\" ids=\"11177,11178,11179,11180,11181,11182,11183,11184,11185,11186,11187,11188,11189,11190,11191,11192,11193,11194,11195,11196,11197,11198\" style=\"none\" type=\"slider\" columns=\"1\" image_width=\"63\" image_size=\"thumbnail\" text_align=\"center\" srcset=\"https:\/\/www.montanheiros.com\/wp-content\/uploads\/2019\/11\/big12_1571393150-280x280.jpg 280w, https:\/\/www.montanheiros.com\/wp-content\/uploads\/2019\/11\/big12_1571393150-300x300.jpg 300w, https:\/\/www.montanheiros.com\/wp-content\/uploads\/2019\/11\/big12_1571393150-100x100.jpg 100w\" sizes=\"auto, (max-width: 280px) 100vw, 280px\" \/>                                                              <\/div>\n              <div class=\"box-text text-center\" >\n                 <p><\/p>\n              <\/div>\n            <\/div>\n            <\/a>          <\/div>\n         <\/div><div class=\"gallery-col col\" >\n          <div class=\"col-inner\">\n            <a class=\"image-lightbox lightbox-gallery\" href=\"https:\/\/www.montanheiros.com\/wp-content\/uploads\/2019\/11\/big17_1571393150.jpg\" title=\"\">            <div class=\"box has-hover gallery-box box-none\">\n              <div class=\"box-image\" style=\"width:63%;\">\n                <img loading=\"lazy\" decoding=\"async\" width=\"280\" height=\"280\" src=\"https:\/\/www.montanheiros.com\/wp-content\/uploads\/2019\/11\/big17_1571393150-280x280.jpg\" class=\"attachment-thumbnail size-thumbnail\" alt=\"\" ids=\"11177,11178,11179,11180,11181,11182,11183,11184,11185,11186,11187,11188,11189,11190,11191,11192,11193,11194,11195,11196,11197,11198\" style=\"none\" type=\"slider\" columns=\"1\" image_width=\"63\" image_size=\"thumbnail\" text_align=\"center\" srcset=\"https:\/\/www.montanheiros.com\/wp-content\/uploads\/2019\/11\/big17_1571393150-280x280.jpg 280w, https:\/\/www.montanheiros.com\/wp-content\/uploads\/2019\/11\/big17_1571393150-300x300.jpg 300w, https:\/\/www.montanheiros.com\/wp-content\/uploads\/2019\/11\/big17_1571393150-100x100.jpg 100w\" sizes=\"auto, (max-width: 280px) 100vw, 280px\" \/>                                                              <\/div>\n              <div class=\"box-text text-center\" >\n                 <p><\/p>\n              <\/div>\n            <\/div>\n            <\/a>          <\/div>\n         <\/div><div class=\"gallery-col col\" >\n          <div class=\"col-inner\">\n            <a class=\"image-lightbox lightbox-gallery\" href=\"https:\/\/www.montanheiros.com\/wp-content\/uploads\/2019\/11\/big16_1571393150.jpg\" title=\"\">            <div class=\"box has-hover gallery-box box-none\">\n              <div class=\"box-image\" style=\"width:63%;\">\n                <img loading=\"lazy\" decoding=\"async\" width=\"280\" height=\"280\" src=\"https:\/\/www.montanheiros.com\/wp-content\/uploads\/2019\/11\/big16_1571393150-280x280.jpg\" class=\"attachment-thumbnail size-thumbnail\" alt=\"\" ids=\"11177,11178,11179,11180,11181,11182,11183,11184,11185,11186,11187,11188,11189,11190,11191,11192,11193,11194,11195,11196,11197,11198\" style=\"none\" type=\"slider\" columns=\"1\" image_width=\"63\" image_size=\"thumbnail\" text_align=\"center\" srcset=\"https:\/\/www.montanheiros.com\/wp-content\/uploads\/2019\/11\/big16_1571393150-280x280.jpg 280w, https:\/\/www.montanheiros.com\/wp-content\/uploads\/2019\/11\/big16_1571393150-300x300.jpg 300w, https:\/\/www.montanheiros.com\/wp-content\/uploads\/2019\/11\/big16_1571393150-100x100.jpg 100w\" sizes=\"auto, (max-width: 280px) 100vw, 280px\" \/>                                                              <\/div>\n              <div class=\"box-text text-center\" >\n                 <p><\/p>\n              <\/div>\n            <\/div>\n            <\/a>          <\/div>\n         <\/div><div class=\"gallery-col col\" >\n          <div class=\"col-inner\">\n            <a class=\"image-lightbox lightbox-gallery\" href=\"https:\/\/www.montanheiros.com\/wp-content\/uploads\/2019\/11\/big15_1571393150.jpg\" title=\"\">            <div class=\"box has-hover gallery-box box-none\">\n              <div class=\"box-image\" style=\"width:63%;\">\n                <img loading=\"lazy\" decoding=\"async\" width=\"280\" height=\"280\" src=\"https:\/\/www.montanheiros.com\/wp-content\/uploads\/2019\/11\/big15_1571393150-280x280.jpg\" class=\"attachment-thumbnail size-thumbnail\" alt=\"\" ids=\"11177,11178,11179,11180,11181,11182,11183,11184,11185,11186,11187,11188,11189,11190,11191,11192,11193,11194,11195,11196,11197,11198\" style=\"none\" type=\"slider\" columns=\"1\" image_width=\"63\" image_size=\"thumbnail\" text_align=\"center\" srcset=\"https:\/\/www.montanheiros.com\/wp-content\/uploads\/2019\/11\/big15_1571393150-280x280.jpg 280w, https:\/\/www.montanheiros.com\/wp-content\/uploads\/2019\/11\/big15_1571393150-300x300.jpg 300w, https:\/\/www.montanheiros.com\/wp-content\/uploads\/2019\/11\/big15_1571393150-100x100.jpg 100w\" sizes=\"auto, (max-width: 280px) 100vw, 280px\" \/>                                                              <\/div>\n              <div class=\"box-text text-center\" >\n                 <p><\/p>\n              <\/div>\n            <\/div>\n            <\/a>          <\/div>\n         <\/div><div class=\"gallery-col col\" >\n          <div class=\"col-inner\">\n            <a class=\"image-lightbox lightbox-gallery\" href=\"https:\/\/www.montanheiros.com\/wp-content\/uploads\/2019\/11\/big18_1571393151.jpg\" title=\"\">            <div class=\"box has-hover gallery-box box-none\">\n              <div class=\"box-image\" style=\"width:63%;\">\n                <img loading=\"lazy\" decoding=\"async\" width=\"280\" height=\"280\" src=\"https:\/\/www.montanheiros.com\/wp-content\/uploads\/2019\/11\/big18_1571393151-280x280.jpg\" class=\"attachment-thumbnail size-thumbnail\" alt=\"\" ids=\"11177,11178,11179,11180,11181,11182,11183,11184,11185,11186,11187,11188,11189,11190,11191,11192,11193,11194,11195,11196,11197,11198\" style=\"none\" type=\"slider\" columns=\"1\" image_width=\"63\" image_size=\"thumbnail\" text_align=\"center\" srcset=\"https:\/\/www.montanheiros.com\/wp-content\/uploads\/2019\/11\/big18_1571393151-280x280.jpg 280w, https:\/\/www.montanheiros.com\/wp-content\/uploads\/2019\/11\/big18_1571393151-300x300.jpg 300w, https:\/\/www.montanheiros.com\/wp-content\/uploads\/2019\/11\/big18_1571393151-100x100.jpg 100w\" sizes=\"auto, (max-width: 280px) 100vw, 280px\" \/>                                                              <\/div>\n              <div class=\"box-text text-center\" >\n                 <p><\/p>\n              <\/div>\n            <\/div>\n            <\/a>          <\/div>\n         <\/div><div class=\"gallery-col col\" >\n          <div class=\"col-inner\">\n            <a class=\"image-lightbox lightbox-gallery\" href=\"https:\/\/www.montanheiros.com\/wp-content\/uploads\/2019\/11\/big19_1571393151.jpg\" title=\"\">            <div class=\"box has-hover gallery-box box-none\">\n              <div class=\"box-image\" style=\"width:63%;\">\n                <img loading=\"lazy\" decoding=\"async\" width=\"280\" height=\"280\" src=\"https:\/\/www.montanheiros.com\/wp-content\/uploads\/2019\/11\/big19_1571393151-280x280.jpg\" class=\"attachment-thumbnail size-thumbnail\" alt=\"\" ids=\"11177,11178,11179,11180,11181,11182,11183,11184,11185,11186,11187,11188,11189,11190,11191,11192,11193,11194,11195,11196,11197,11198\" style=\"none\" type=\"slider\" columns=\"1\" image_width=\"63\" image_size=\"thumbnail\" text_align=\"center\" srcset=\"https:\/\/www.montanheiros.com\/wp-content\/uploads\/2019\/11\/big19_1571393151-280x280.jpg 280w, https:\/\/www.montanheiros.com\/wp-content\/uploads\/2019\/11\/big19_1571393151-300x300.jpg 300w, https:\/\/www.montanheiros.com\/wp-content\/uploads\/2019\/11\/big19_1571393151-100x100.jpg 100w\" sizes=\"auto, (max-width: 280px) 100vw, 280px\" \/>                                                              <\/div>\n              <div class=\"box-text text-center\" >\n                 <p><\/p>\n              <\/div>\n            <\/div>\n            <\/a>          <\/div>\n         <\/div><div class=\"gallery-col col\" >\n          <div class=\"col-inner\">\n            <a class=\"image-lightbox lightbox-gallery\" href=\"https:\/\/www.montanheiros.com\/wp-content\/uploads\/2019\/11\/big20_1571393151.jpg\" title=\"\">            <div class=\"box has-hover gallery-box box-none\">\n              <div class=\"box-image\" style=\"width:63%;\">\n                <img loading=\"lazy\" decoding=\"async\" width=\"280\" height=\"280\" src=\"https:\/\/www.montanheiros.com\/wp-content\/uploads\/2019\/11\/big20_1571393151-280x280.jpg\" class=\"attachment-thumbnail size-thumbnail\" alt=\"\" ids=\"11177,11178,11179,11180,11181,11182,11183,11184,11185,11186,11187,11188,11189,11190,11191,11192,11193,11194,11195,11196,11197,11198\" style=\"none\" type=\"slider\" columns=\"1\" image_width=\"63\" image_size=\"thumbnail\" text_align=\"center\" srcset=\"https:\/\/www.montanheiros.com\/wp-content\/uploads\/2019\/11\/big20_1571393151-280x280.jpg 280w, https:\/\/www.montanheiros.com\/wp-content\/uploads\/2019\/11\/big20_1571393151-300x300.jpg 300w, https:\/\/www.montanheiros.com\/wp-content\/uploads\/2019\/11\/big20_1571393151-100x100.jpg 100w\" sizes=\"auto, (max-width: 280px) 100vw, 280px\" \/>                                                              <\/div>\n              <div class=\"box-text text-center\" >\n                 <p><\/p>\n              <\/div>\n            <\/div>\n            <\/a>          <\/div>\n         <\/div><div class=\"gallery-col col\" >\n          <div class=\"col-inner\">\n            <a class=\"image-lightbox lightbox-gallery\" href=\"https:\/\/www.montanheiros.com\/wp-content\/uploads\/2019\/11\/big21_1571393152.jpg\" title=\"\">            <div class=\"box has-hover gallery-box box-none\">\n              <div class=\"box-image\" style=\"width:63%;\">\n                <img loading=\"lazy\" decoding=\"async\" width=\"280\" height=\"280\" src=\"https:\/\/www.montanheiros.com\/wp-content\/uploads\/2019\/11\/big21_1571393152-280x280.jpg\" class=\"attachment-thumbnail size-thumbnail\" alt=\"\" ids=\"11177,11178,11179,11180,11181,11182,11183,11184,11185,11186,11187,11188,11189,11190,11191,11192,11193,11194,11195,11196,11197,11198\" style=\"none\" type=\"slider\" columns=\"1\" image_width=\"63\" image_size=\"thumbnail\" text_align=\"center\" srcset=\"https:\/\/www.montanheiros.com\/wp-content\/uploads\/2019\/11\/big21_1571393152-280x280.jpg 280w, https:\/\/www.montanheiros.com\/wp-content\/uploads\/2019\/11\/big21_1571393152-300x300.jpg 300w, https:\/\/www.montanheiros.com\/wp-content\/uploads\/2019\/11\/big21_1571393152-100x100.jpg 100w\" sizes=\"auto, (max-width: 280px) 100vw, 280px\" \/>                                                              <\/div>\n              <div class=\"box-text text-center\" >\n                 <p><\/p>\n              <\/div>\n            <\/div>\n            <\/a>          <\/div>\n         <\/div><div class=\"gallery-col col\" >\n          <div class=\"col-inner\">\n            <a class=\"image-lightbox lightbox-gallery\" href=\"https:\/\/www.montanheiros.com\/wp-content\/uploads\/2019\/11\/big22_1571393152.jpg\" title=\"\">            <div class=\"box has-hover gallery-box box-none\">\n              <div class=\"box-image\" style=\"width:63%;\">\n                <img loading=\"lazy\" decoding=\"async\" width=\"280\" height=\"280\" src=\"https:\/\/www.montanheiros.com\/wp-content\/uploads\/2019\/11\/big22_1571393152-280x280.jpg\" class=\"attachment-thumbnail size-thumbnail\" alt=\"\" ids=\"11177,11178,11179,11180,11181,11182,11183,11184,11185,11186,11187,11188,11189,11190,11191,11192,11193,11194,11195,11196,11197,11198\" style=\"none\" type=\"slider\" columns=\"1\" image_width=\"63\" image_size=\"thumbnail\" text_align=\"center\" srcset=\"https:\/\/www.montanheiros.com\/wp-content\/uploads\/2019\/11\/big22_1571393152-280x280.jpg 280w, https:\/\/www.montanheiros.com\/wp-content\/uploads\/2019\/11\/big22_1571393152-300x300.jpg 300w, https:\/\/www.montanheiros.com\/wp-content\/uploads\/2019\/11\/big22_1571393152-100x100.jpg 100w\" sizes=\"auto, (max-width: 280px) 100vw, 280px\" \/>                                                              <\/div>\n              <div class=\"box-text text-center\" >\n                 <p><\/p>\n              <\/div>\n            <\/div>\n            <\/a>          <\/div>\n         <\/div><\/div>\n\n\n\t\t<\/div>\n\t\t\t\t\t<\/div>\n\n\t\n\n\t<div id=\"col-1127827689\" class=\"col medium-3 small-12 large-3\"  >\n\t\t\t\t<div class=\"col-inner\"  >\n\t\t\t\n\t\t\t\n\n<p>Passeio Pedestre \u00e0 Caldeira das Lajes, 01set2019 &#8211; ilha Terceira<\/p>\n\n  \n    <div class=\"row large-columns-1 medium-columns- small-columns- row-full-width slider row-slider slider-nav-reveal\"  data-flickity-options='{\"imagesLoaded\": true, \"groupCells\": \"100%\", \"dragThreshold\" : 5, \"cellAlign\": \"left\",\"wrapAround\": true,\"prevNextButtons\": true,\"percentPosition\": true,\"pageDots\": false, \"rightToLeft\": false, \"autoPlay\" : false}'>\n\n  <div class=\"gallery-col col\" >\n          <div class=\"col-inner\">\n            <a class=\"image-lightbox lightbox-gallery\" href=\"https:\/\/www.montanheiros.com\/wp-content\/uploads\/2019\/11\/big3_1567499665.jpg\" title=\"\">            <div class=\"box has-hover gallery-box box-none\">\n              <div class=\"box-image\" style=\"width:63%;\">\n                <img loading=\"lazy\" decoding=\"async\" width=\"280\" height=\"280\" src=\"https:\/\/www.montanheiros.com\/wp-content\/uploads\/2019\/11\/big3_1567499665-280x280.jpg\" class=\"attachment-thumbnail size-thumbnail\" alt=\"\" ids=\"11151,11152,11153,11154,11155,11156,11157,11158,11159,11160,11161,11162,11163,11164,11165,11166,11167,11168,11169,11170,11171,11172,11173,11174,11175,11176\" style=\"none\" type=\"slider\" columns=\"1\" image_width=\"63\" image_size=\"thumbnail\" text_align=\"center\" srcset=\"https:\/\/www.montanheiros.com\/wp-content\/uploads\/2019\/11\/big3_1567499665-280x280.jpg 280w, https:\/\/www.montanheiros.com\/wp-content\/uploads\/2019\/11\/big3_1567499665-300x300.jpg 300w, https:\/\/www.montanheiros.com\/wp-content\/uploads\/2019\/11\/big3_1567499665-100x100.jpg 100w\" sizes=\"auto, (max-width: 280px) 100vw, 280px\" \/>                                                              <\/div>\n              <div class=\"box-text text-center\" >\n                 <p><\/p>\n              <\/div>\n            <\/div>\n            <\/a>          <\/div>\n         <\/div><div class=\"gallery-col col\" >\n          <div class=\"col-inner\">\n            <a class=\"image-lightbox lightbox-gallery\" href=\"https:\/\/www.montanheiros.com\/wp-content\/uploads\/2019\/11\/big2_1567499664.jpg\" title=\"\">            <div class=\"box has-hover gallery-box box-none\">\n              <div class=\"box-image\" style=\"width:63%;\">\n                <img loading=\"lazy\" decoding=\"async\" width=\"280\" height=\"280\" src=\"https:\/\/www.montanheiros.com\/wp-content\/uploads\/2019\/11\/big2_1567499664-280x280.jpg\" class=\"attachment-thumbnail size-thumbnail\" alt=\"\" ids=\"11151,11152,11153,11154,11155,11156,11157,11158,11159,11160,11161,11162,11163,11164,11165,11166,11167,11168,11169,11170,11171,11172,11173,11174,11175,11176\" style=\"none\" type=\"slider\" columns=\"1\" image_width=\"63\" image_size=\"thumbnail\" text_align=\"center\" srcset=\"https:\/\/www.montanheiros.com\/wp-content\/uploads\/2019\/11\/big2_1567499664-280x280.jpg 280w, https:\/\/www.montanheiros.com\/wp-content\/uploads\/2019\/11\/big2_1567499664-300x300.jpg 300w, https:\/\/www.montanheiros.com\/wp-content\/uploads\/2019\/11\/big2_1567499664-100x100.jpg 100w\" sizes=\"auto, (max-width: 280px) 100vw, 280px\" \/>                                                              <\/div>\n              <div class=\"box-text text-center\" >\n                 <p><\/p>\n              <\/div>\n            <\/div>\n            <\/a>          <\/div>\n         <\/div><div class=\"gallery-col col\" >\n          <div class=\"col-inner\">\n            <a class=\"image-lightbox lightbox-gallery\" href=\"https:\/\/www.montanheiros.com\/wp-content\/uploads\/2019\/11\/big1_1567499664.jpg\" title=\"\">            <div class=\"box has-hover gallery-box box-none\">\n              <div class=\"box-image\" style=\"width:63%;\">\n                <img loading=\"lazy\" decoding=\"async\" width=\"280\" height=\"280\" src=\"https:\/\/www.montanheiros.com\/wp-content\/uploads\/2019\/11\/big1_1567499664-280x280.jpg\" class=\"attachment-thumbnail size-thumbnail\" alt=\"\" ids=\"11151,11152,11153,11154,11155,11156,11157,11158,11159,11160,11161,11162,11163,11164,11165,11166,11167,11168,11169,11170,11171,11172,11173,11174,11175,11176\" style=\"none\" type=\"slider\" columns=\"1\" image_width=\"63\" image_size=\"thumbnail\" text_align=\"center\" srcset=\"https:\/\/www.montanheiros.com\/wp-content\/uploads\/2019\/11\/big1_1567499664-280x280.jpg 280w, https:\/\/www.montanheiros.com\/wp-content\/uploads\/2019\/11\/big1_1567499664-300x300.jpg 300w, https:\/\/www.montanheiros.com\/wp-content\/uploads\/2019\/11\/big1_1567499664-100x100.jpg 100w\" sizes=\"auto, (max-width: 280px) 100vw, 280px\" \/>                                                              <\/div>\n              <div class=\"box-text text-center\" >\n                 <p><\/p>\n              <\/div>\n            <\/div>\n            <\/a>          <\/div>\n         <\/div><div class=\"gallery-col col\" >\n          <div class=\"col-inner\">\n            <a class=\"image-lightbox lightbox-gallery\" href=\"https:\/\/www.montanheiros.com\/wp-content\/uploads\/2019\/11\/big6_1567499666.jpg\" title=\"\">            <div class=\"box has-hover gallery-box box-none\">\n              <div class=\"box-image\" style=\"width:63%;\">\n                <img loading=\"lazy\" decoding=\"async\" width=\"280\" height=\"280\" src=\"https:\/\/www.montanheiros.com\/wp-content\/uploads\/2019\/11\/big6_1567499666-280x280.jpg\" class=\"attachment-thumbnail size-thumbnail\" alt=\"\" ids=\"11151,11152,11153,11154,11155,11156,11157,11158,11159,11160,11161,11162,11163,11164,11165,11166,11167,11168,11169,11170,11171,11172,11173,11174,11175,11176\" style=\"none\" type=\"slider\" columns=\"1\" image_width=\"63\" image_size=\"thumbnail\" text_align=\"center\" srcset=\"https:\/\/www.montanheiros.com\/wp-content\/uploads\/2019\/11\/big6_1567499666-280x280.jpg 280w, https:\/\/www.montanheiros.com\/wp-content\/uploads\/2019\/11\/big6_1567499666-300x300.jpg 300w, https:\/\/www.montanheiros.com\/wp-content\/uploads\/2019\/11\/big6_1567499666-100x100.jpg 100w\" sizes=\"auto, (max-width: 280px) 100vw, 280px\" \/>                                                              <\/div>\n              <div class=\"box-text text-center\" >\n                 <p><\/p>\n              <\/div>\n            <\/div>\n            <\/a>          <\/div>\n         <\/div><div class=\"gallery-col col\" >\n          <div class=\"col-inner\">\n            <a class=\"image-lightbox lightbox-gallery\" href=\"https:\/\/www.montanheiros.com\/wp-content\/uploads\/2019\/11\/big4_1567499665.jpg\" title=\"\">            <div class=\"box has-hover gallery-box box-none\">\n              <div class=\"box-image\" style=\"width:63%;\">\n                <img loading=\"lazy\" decoding=\"async\" width=\"280\" height=\"280\" src=\"https:\/\/www.montanheiros.com\/wp-content\/uploads\/2019\/11\/big4_1567499665-280x280.jpg\" class=\"attachment-thumbnail size-thumbnail\" alt=\"\" ids=\"11151,11152,11153,11154,11155,11156,11157,11158,11159,11160,11161,11162,11163,11164,11165,11166,11167,11168,11169,11170,11171,11172,11173,11174,11175,11176\" style=\"none\" type=\"slider\" columns=\"1\" image_width=\"63\" image_size=\"thumbnail\" text_align=\"center\" srcset=\"https:\/\/www.montanheiros.com\/wp-content\/uploads\/2019\/11\/big4_1567499665-280x280.jpg 280w, https:\/\/www.montanheiros.com\/wp-content\/uploads\/2019\/11\/big4_1567499665-300x300.jpg 300w, https:\/\/www.montanheiros.com\/wp-content\/uploads\/2019\/11\/big4_1567499665-100x100.jpg 100w\" sizes=\"auto, (max-width: 280px) 100vw, 280px\" \/>                                                              <\/div>\n              <div class=\"box-text text-center\" >\n                 <p><\/p>\n              <\/div>\n            <\/div>\n            <\/a>          <\/div>\n         <\/div><div class=\"gallery-col col\" >\n          <div class=\"col-inner\">\n            <a class=\"image-lightbox lightbox-gallery\" href=\"https:\/\/www.montanheiros.com\/wp-content\/uploads\/2019\/11\/big7_1567499666.jpg\" title=\"\">            <div class=\"box has-hover gallery-box box-none\">\n              <div class=\"box-image\" style=\"width:63%;\">\n                <img loading=\"lazy\" decoding=\"async\" width=\"280\" height=\"280\" src=\"https:\/\/www.montanheiros.com\/wp-content\/uploads\/2019\/11\/big7_1567499666-280x280.jpg\" class=\"attachment-thumbnail size-thumbnail\" alt=\"\" ids=\"11151,11152,11153,11154,11155,11156,11157,11158,11159,11160,11161,11162,11163,11164,11165,11166,11167,11168,11169,11170,11171,11172,11173,11174,11175,11176\" style=\"none\" type=\"slider\" columns=\"1\" image_width=\"63\" image_size=\"thumbnail\" text_align=\"center\" srcset=\"https:\/\/www.montanheiros.com\/wp-content\/uploads\/2019\/11\/big7_1567499666-280x280.jpg 280w, https:\/\/www.montanheiros.com\/wp-content\/uploads\/2019\/11\/big7_1567499666-300x300.jpg 300w, https:\/\/www.montanheiros.com\/wp-content\/uploads\/2019\/11\/big7_1567499666-100x100.jpg 100w\" sizes=\"auto, (max-width: 280px) 100vw, 280px\" \/>                                                              <\/div>\n              <div class=\"box-text text-center\" >\n                 <p><\/p>\n              <\/div>\n            <\/div>\n            <\/a>          <\/div>\n         <\/div><div class=\"gallery-col col\" >\n          <div class=\"col-inner\">\n            <a class=\"image-lightbox lightbox-gallery\" href=\"https:\/\/www.montanheiros.com\/wp-content\/uploads\/2019\/11\/big11_1567499668.jpg\" title=\"\">            <div class=\"box has-hover gallery-box box-none\">\n              <div class=\"box-image\" style=\"width:63%;\">\n                <img loading=\"lazy\" decoding=\"async\" width=\"280\" height=\"280\" src=\"https:\/\/www.montanheiros.com\/wp-content\/uploads\/2019\/11\/big11_1567499668-280x280.jpg\" class=\"attachment-thumbnail size-thumbnail\" alt=\"\" ids=\"11151,11152,11153,11154,11155,11156,11157,11158,11159,11160,11161,11162,11163,11164,11165,11166,11167,11168,11169,11170,11171,11172,11173,11174,11175,11176\" style=\"none\" type=\"slider\" columns=\"1\" image_width=\"63\" image_size=\"thumbnail\" text_align=\"center\" srcset=\"https:\/\/www.montanheiros.com\/wp-content\/uploads\/2019\/11\/big11_1567499668-280x280.jpg 280w, https:\/\/www.montanheiros.com\/wp-content\/uploads\/2019\/11\/big11_1567499668-300x300.jpg 300w, https:\/\/www.montanheiros.com\/wp-content\/uploads\/2019\/11\/big11_1567499668-100x100.jpg 100w\" sizes=\"auto, (max-width: 280px) 100vw, 280px\" \/>                                                              <\/div>\n              <div class=\"box-text text-center\" >\n                 <p><\/p>\n              <\/div>\n            <\/div>\n            <\/a>          <\/div>\n         <\/div><div class=\"gallery-col col\" >\n          <div class=\"col-inner\">\n            <a class=\"image-lightbox lightbox-gallery\" href=\"https:\/\/www.montanheiros.com\/wp-content\/uploads\/2019\/11\/big12_1567499669.jpg\" title=\"\">            <div class=\"box has-hover gallery-box box-none\">\n              <div class=\"box-image\" style=\"width:63%;\">\n                <img loading=\"lazy\" decoding=\"async\" width=\"280\" height=\"280\" src=\"https:\/\/www.montanheiros.com\/wp-content\/uploads\/2019\/11\/big12_1567499669-280x280.jpg\" class=\"attachment-thumbnail size-thumbnail\" alt=\"\" ids=\"11151,11152,11153,11154,11155,11156,11157,11158,11159,11160,11161,11162,11163,11164,11165,11166,11167,11168,11169,11170,11171,11172,11173,11174,11175,11176\" style=\"none\" type=\"slider\" columns=\"1\" image_width=\"63\" image_size=\"thumbnail\" text_align=\"center\" srcset=\"https:\/\/www.montanheiros.com\/wp-content\/uploads\/2019\/11\/big12_1567499669-280x280.jpg 280w, https:\/\/www.montanheiros.com\/wp-content\/uploads\/2019\/11\/big12_1567499669-300x300.jpg 300w, https:\/\/www.montanheiros.com\/wp-content\/uploads\/2019\/11\/big12_1567499669-100x100.jpg 100w\" sizes=\"auto, (max-width: 280px) 100vw, 280px\" \/>                                                              <\/div>\n              <div class=\"box-text text-center\" >\n                 <p><\/p>\n              <\/div>\n            <\/div>\n            <\/a>          <\/div>\n         <\/div><div class=\"gallery-col col\" >\n          <div class=\"col-inner\">\n            <a class=\"image-lightbox lightbox-gallery\" href=\"https:\/\/www.montanheiros.com\/wp-content\/uploads\/2019\/11\/big10_1567499668.jpg\" title=\"\">            <div class=\"box has-hover gallery-box box-none\">\n              <div class=\"box-image\" style=\"width:63%;\">\n                <img loading=\"lazy\" decoding=\"async\" width=\"280\" height=\"280\" src=\"https:\/\/www.montanheiros.com\/wp-content\/uploads\/2019\/11\/big10_1567499668-280x280.jpg\" class=\"attachment-thumbnail size-thumbnail\" alt=\"\" ids=\"11151,11152,11153,11154,11155,11156,11157,11158,11159,11160,11161,11162,11163,11164,11165,11166,11167,11168,11169,11170,11171,11172,11173,11174,11175,11176\" style=\"none\" type=\"slider\" columns=\"1\" image_width=\"63\" image_size=\"thumbnail\" text_align=\"center\" srcset=\"https:\/\/www.montanheiros.com\/wp-content\/uploads\/2019\/11\/big10_1567499668-280x280.jpg 280w, https:\/\/www.montanheiros.com\/wp-content\/uploads\/2019\/11\/big10_1567499668-300x300.jpg 300w, https:\/\/www.montanheiros.com\/wp-content\/uploads\/2019\/11\/big10_1567499668-100x100.jpg 100w\" sizes=\"auto, (max-width: 280px) 100vw, 280px\" \/>                                                              <\/div>\n              <div class=\"box-text text-center\" >\n                 <p><\/p>\n              <\/div>\n            <\/div>\n            <\/a>          <\/div>\n         <\/div><div class=\"gallery-col col\" >\n          <div class=\"col-inner\">\n            <a class=\"image-lightbox lightbox-gallery\" href=\"https:\/\/www.montanheiros.com\/wp-content\/uploads\/2019\/11\/big16_1567499670.jpg\" title=\"\">            <div class=\"box has-hover gallery-box box-none\">\n              <div class=\"box-image\" style=\"width:63%;\">\n                <img loading=\"lazy\" decoding=\"async\" width=\"280\" height=\"280\" src=\"https:\/\/www.montanheiros.com\/wp-content\/uploads\/2019\/11\/big16_1567499670-280x280.jpg\" class=\"attachment-thumbnail size-thumbnail\" alt=\"\" ids=\"11151,11152,11153,11154,11155,11156,11157,11158,11159,11160,11161,11162,11163,11164,11165,11166,11167,11168,11169,11170,11171,11172,11173,11174,11175,11176\" style=\"none\" type=\"slider\" columns=\"1\" image_width=\"63\" image_size=\"thumbnail\" text_align=\"center\" srcset=\"https:\/\/www.montanheiros.com\/wp-content\/uploads\/2019\/11\/big16_1567499670-280x280.jpg 280w, https:\/\/www.montanheiros.com\/wp-content\/uploads\/2019\/11\/big16_1567499670-300x300.jpg 300w, https:\/\/www.montanheiros.com\/wp-content\/uploads\/2019\/11\/big16_1567499670-100x100.jpg 100w\" sizes=\"auto, (max-width: 280px) 100vw, 280px\" \/>                                                              <\/div>\n              <div class=\"box-text text-center\" >\n                 <p><\/p>\n              <\/div>\n            <\/div>\n            <\/a>          <\/div>\n         <\/div><div class=\"gallery-col col\" >\n          <div class=\"col-inner\">\n            <a class=\"image-lightbox lightbox-gallery\" href=\"https:\/\/www.montanheiros.com\/wp-content\/uploads\/2019\/11\/big20_1567499671.jpg\" title=\"\">            <div class=\"box has-hover gallery-box box-none\">\n              <div class=\"box-image\" style=\"width:63%;\">\n                <img loading=\"lazy\" decoding=\"async\" width=\"280\" height=\"280\" src=\"https:\/\/www.montanheiros.com\/wp-content\/uploads\/2019\/11\/big20_1567499671-280x280.jpg\" class=\"attachment-thumbnail size-thumbnail\" alt=\"\" ids=\"11151,11152,11153,11154,11155,11156,11157,11158,11159,11160,11161,11162,11163,11164,11165,11166,11167,11168,11169,11170,11171,11172,11173,11174,11175,11176\" style=\"none\" type=\"slider\" columns=\"1\" image_width=\"63\" image_size=\"thumbnail\" text_align=\"center\" srcset=\"https:\/\/www.montanheiros.com\/wp-content\/uploads\/2019\/11\/big20_1567499671-280x280.jpg 280w, https:\/\/www.montanheiros.com\/wp-content\/uploads\/2019\/11\/big20_1567499671-300x300.jpg 300w, https:\/\/www.montanheiros.com\/wp-content\/uploads\/2019\/11\/big20_1567499671-100x100.jpg 100w\" sizes=\"auto, (max-width: 280px) 100vw, 280px\" \/>                                                              <\/div>\n              <div class=\"box-text text-center\" >\n                 <p><\/p>\n              <\/div>\n            <\/div>\n            <\/a>          <\/div>\n         <\/div><div class=\"gallery-col col\" >\n          <div class=\"col-inner\">\n            <a class=\"image-lightbox lightbox-gallery\" href=\"https:\/\/www.montanheiros.com\/wp-content\/uploads\/2019\/11\/big9_1567499667.jpg\" title=\"\">            <div class=\"box has-hover gallery-box box-none\">\n              <div class=\"box-image\" style=\"width:63%;\">\n                <img loading=\"lazy\" decoding=\"async\" width=\"280\" height=\"280\" src=\"https:\/\/www.montanheiros.com\/wp-content\/uploads\/2019\/11\/big9_1567499667-280x280.jpg\" class=\"attachment-thumbnail size-thumbnail\" alt=\"\" ids=\"11151,11152,11153,11154,11155,11156,11157,11158,11159,11160,11161,11162,11163,11164,11165,11166,11167,11168,11169,11170,11171,11172,11173,11174,11175,11176\" style=\"none\" type=\"slider\" columns=\"1\" image_width=\"63\" image_size=\"thumbnail\" text_align=\"center\" srcset=\"https:\/\/www.montanheiros.com\/wp-content\/uploads\/2019\/11\/big9_1567499667-280x280.jpg 280w, https:\/\/www.montanheiros.com\/wp-content\/uploads\/2019\/11\/big9_1567499667-300x300.jpg 300w, https:\/\/www.montanheiros.com\/wp-content\/uploads\/2019\/11\/big9_1567499667-100x100.jpg 100w\" sizes=\"auto, (max-width: 280px) 100vw, 280px\" \/>                                                              <\/div>\n              <div class=\"box-text text-center\" >\n                 <p><\/p>\n              <\/div>\n            <\/div>\n            <\/a>          <\/div>\n         <\/div><div class=\"gallery-col col\" >\n          <div class=\"col-inner\">\n            <a class=\"image-lightbox lightbox-gallery\" href=\"https:\/\/www.montanheiros.com\/wp-content\/uploads\/2019\/11\/big8_1567499667.jpg\" title=\"\">            <div class=\"box has-hover gallery-box box-none\">\n              <div class=\"box-image\" style=\"width:63%;\">\n                <img loading=\"lazy\" decoding=\"async\" width=\"280\" height=\"280\" src=\"https:\/\/www.montanheiros.com\/wp-content\/uploads\/2019\/11\/big8_1567499667-280x280.jpg\" class=\"attachment-thumbnail size-thumbnail\" alt=\"\" ids=\"11151,11152,11153,11154,11155,11156,11157,11158,11159,11160,11161,11162,11163,11164,11165,11166,11167,11168,11169,11170,11171,11172,11173,11174,11175,11176\" style=\"none\" type=\"slider\" columns=\"1\" image_width=\"63\" image_size=\"thumbnail\" text_align=\"center\" srcset=\"https:\/\/www.montanheiros.com\/wp-content\/uploads\/2019\/11\/big8_1567499667-280x280.jpg 280w, https:\/\/www.montanheiros.com\/wp-content\/uploads\/2019\/11\/big8_1567499667-300x300.jpg 300w, https:\/\/www.montanheiros.com\/wp-content\/uploads\/2019\/11\/big8_1567499667-100x100.jpg 100w\" sizes=\"auto, (max-width: 280px) 100vw, 280px\" \/>                                                              <\/div>\n              <div class=\"box-text text-center\" >\n                 <p><\/p>\n              <\/div>\n            <\/div>\n            <\/a>          <\/div>\n         <\/div><div class=\"gallery-col col\" >\n          <div class=\"col-inner\">\n            <a class=\"image-lightbox lightbox-gallery\" href=\"https:\/\/www.montanheiros.com\/wp-content\/uploads\/2019\/11\/big13_1567499669.jpg\" title=\"\">            <div class=\"box has-hover gallery-box box-none\">\n              <div class=\"box-image\" style=\"width:63%;\">\n                <img loading=\"lazy\" decoding=\"async\" width=\"280\" height=\"280\" src=\"https:\/\/www.montanheiros.com\/wp-content\/uploads\/2019\/11\/big13_1567499669-280x280.jpg\" class=\"attachment-thumbnail size-thumbnail\" alt=\"\" ids=\"11151,11152,11153,11154,11155,11156,11157,11158,11159,11160,11161,11162,11163,11164,11165,11166,11167,11168,11169,11170,11171,11172,11173,11174,11175,11176\" style=\"none\" type=\"slider\" columns=\"1\" image_width=\"63\" image_size=\"thumbnail\" text_align=\"center\" srcset=\"https:\/\/www.montanheiros.com\/wp-content\/uploads\/2019\/11\/big13_1567499669-280x280.jpg 280w, https:\/\/www.montanheiros.com\/wp-content\/uploads\/2019\/11\/big13_1567499669-300x300.jpg 300w, https:\/\/www.montanheiros.com\/wp-content\/uploads\/2019\/11\/big13_1567499669-100x100.jpg 100w\" sizes=\"auto, (max-width: 280px) 100vw, 280px\" \/>                                                              <\/div>\n              <div class=\"box-text text-center\" >\n                 <p><\/p>\n              <\/div>\n            <\/div>\n            <\/a>          <\/div>\n         <\/div><div class=\"gallery-col col\" >\n          <div class=\"col-inner\">\n            <a class=\"image-lightbox lightbox-gallery\" href=\"https:\/\/www.montanheiros.com\/wp-content\/uploads\/2019\/11\/big14_1567499669.jpg\" title=\"\">            <div class=\"box has-hover gallery-box box-none\">\n              <div class=\"box-image\" style=\"width:63%;\">\n                <img loading=\"lazy\" decoding=\"async\" width=\"280\" height=\"280\" src=\"https:\/\/www.montanheiros.com\/wp-content\/uploads\/2019\/11\/big14_1567499669-280x280.jpg\" class=\"attachment-thumbnail size-thumbnail\" alt=\"\" ids=\"11151,11152,11153,11154,11155,11156,11157,11158,11159,11160,11161,11162,11163,11164,11165,11166,11167,11168,11169,11170,11171,11172,11173,11174,11175,11176\" style=\"none\" type=\"slider\" columns=\"1\" image_width=\"63\" image_size=\"thumbnail\" text_align=\"center\" srcset=\"https:\/\/www.montanheiros.com\/wp-content\/uploads\/2019\/11\/big14_1567499669-280x280.jpg 280w, https:\/\/www.montanheiros.com\/wp-content\/uploads\/2019\/11\/big14_1567499669-300x300.jpg 300w, https:\/\/www.montanheiros.com\/wp-content\/uploads\/2019\/11\/big14_1567499669-100x100.jpg 100w\" sizes=\"auto, (max-width: 280px) 100vw, 280px\" \/>                                                              <\/div>\n              <div class=\"box-text text-center\" >\n                 <p><\/p>\n              <\/div>\n            <\/div>\n            <\/a>          <\/div>\n         <\/div><div class=\"gallery-col col\" >\n          <div class=\"col-inner\">\n            <a class=\"image-lightbox lightbox-gallery\" href=\"https:\/\/www.montanheiros.com\/wp-content\/uploads\/2019\/11\/big18_1567499671.jpg\" title=\"\">            <div class=\"box has-hover gallery-box box-none\">\n              <div class=\"box-image\" style=\"width:63%;\">\n                <img loading=\"lazy\" decoding=\"async\" width=\"280\" height=\"280\" src=\"https:\/\/www.montanheiros.com\/wp-content\/uploads\/2019\/11\/big18_1567499671-280x280.jpg\" class=\"attachment-thumbnail size-thumbnail\" alt=\"\" ids=\"11151,11152,11153,11154,11155,11156,11157,11158,11159,11160,11161,11162,11163,11164,11165,11166,11167,11168,11169,11170,11171,11172,11173,11174,11175,11176\" style=\"none\" type=\"slider\" columns=\"1\" image_width=\"63\" image_size=\"thumbnail\" text_align=\"center\" srcset=\"https:\/\/www.montanheiros.com\/wp-content\/uploads\/2019\/11\/big18_1567499671-280x280.jpg 280w, https:\/\/www.montanheiros.com\/wp-content\/uploads\/2019\/11\/big18_1567499671-300x300.jpg 300w, https:\/\/www.montanheiros.com\/wp-content\/uploads\/2019\/11\/big18_1567499671-100x100.jpg 100w\" sizes=\"auto, (max-width: 280px) 100vw, 280px\" \/>                                                              <\/div>\n              <div class=\"box-text text-center\" >\n                 <p><\/p>\n              <\/div>\n            <\/div>\n            <\/a>          <\/div>\n         <\/div><div class=\"gallery-col col\" >\n          <div class=\"col-inner\">\n            <a class=\"image-lightbox lightbox-gallery\" href=\"https:\/\/www.montanheiros.com\/wp-content\/uploads\/2019\/11\/big19_1567499671.jpg\" title=\"\">            <div class=\"box has-hover gallery-box box-none\">\n              <div class=\"box-image\" style=\"width:63%;\">\n                <img loading=\"lazy\" decoding=\"async\" width=\"280\" height=\"280\" src=\"https:\/\/www.montanheiros.com\/wp-content\/uploads\/2019\/11\/big19_1567499671-280x280.jpg\" class=\"attachment-thumbnail size-thumbnail\" alt=\"\" ids=\"11151,11152,11153,11154,11155,11156,11157,11158,11159,11160,11161,11162,11163,11164,11165,11166,11167,11168,11169,11170,11171,11172,11173,11174,11175,11176\" style=\"none\" type=\"slider\" columns=\"1\" image_width=\"63\" image_size=\"thumbnail\" text_align=\"center\" srcset=\"https:\/\/www.montanheiros.com\/wp-content\/uploads\/2019\/11\/big19_1567499671-280x280.jpg 280w, https:\/\/www.montanheiros.com\/wp-content\/uploads\/2019\/11\/big19_1567499671-300x300.jpg 300w, https:\/\/www.montanheiros.com\/wp-content\/uploads\/2019\/11\/big19_1567499671-100x100.jpg 100w\" sizes=\"auto, (max-width: 280px) 100vw, 280px\" \/>                                                              <\/div>\n              <div class=\"box-text text-center\" >\n                 <p><\/p>\n              <\/div>\n            <\/div>\n            <\/a>          <\/div>\n         <\/div><div class=\"gallery-col col\" >\n          <div class=\"col-inner\">\n            <a class=\"image-lightbox lightbox-gallery\" href=\"https:\/\/www.montanheiros.com\/wp-content\/uploads\/2019\/11\/big17_1567499670.jpg\" title=\"\">            <div class=\"box has-hover gallery-box box-none\">\n              <div class=\"box-image\" style=\"width:63%;\">\n                <img loading=\"lazy\" decoding=\"async\" width=\"280\" height=\"280\" src=\"https:\/\/www.montanheiros.com\/wp-content\/uploads\/2019\/11\/big17_1567499670-280x280.jpg\" class=\"attachment-thumbnail size-thumbnail\" alt=\"\" ids=\"11151,11152,11153,11154,11155,11156,11157,11158,11159,11160,11161,11162,11163,11164,11165,11166,11167,11168,11169,11170,11171,11172,11173,11174,11175,11176\" style=\"none\" type=\"slider\" columns=\"1\" image_width=\"63\" image_size=\"thumbnail\" text_align=\"center\" srcset=\"https:\/\/www.montanheiros.com\/wp-content\/uploads\/2019\/11\/big17_1567499670-280x280.jpg 280w, https:\/\/www.montanheiros.com\/wp-content\/uploads\/2019\/11\/big17_1567499670-300x300.jpg 300w, https:\/\/www.montanheiros.com\/wp-content\/uploads\/2019\/11\/big17_1567499670-100x100.jpg 100w\" sizes=\"auto, (max-width: 280px) 100vw, 280px\" \/>                                                              <\/div>\n              <div class=\"box-text text-center\" >\n                 <p><\/p>\n              <\/div>\n            <\/div>\n            <\/a>          <\/div>\n         <\/div><div class=\"gallery-col col\" >\n          <div class=\"col-inner\">\n            <a class=\"image-lightbox lightbox-gallery\" href=\"https:\/\/www.montanheiros.com\/wp-content\/uploads\/2019\/11\/big15_1567499670.jpg\" title=\"\">            <div class=\"box has-hover gallery-box box-none\">\n              <div class=\"box-image\" style=\"width:63%;\">\n                <img loading=\"lazy\" decoding=\"async\" width=\"280\" height=\"280\" src=\"https:\/\/www.montanheiros.com\/wp-content\/uploads\/2019\/11\/big15_1567499670-280x280.jpg\" class=\"attachment-thumbnail size-thumbnail\" alt=\"\" ids=\"11151,11152,11153,11154,11155,11156,11157,11158,11159,11160,11161,11162,11163,11164,11165,11166,11167,11168,11169,11170,11171,11172,11173,11174,11175,11176\" style=\"none\" type=\"slider\" columns=\"1\" image_width=\"63\" image_size=\"thumbnail\" text_align=\"center\" srcset=\"https:\/\/www.montanheiros.com\/wp-content\/uploads\/2019\/11\/big15_1567499670-280x280.jpg 280w, https:\/\/www.montanheiros.com\/wp-content\/uploads\/2019\/11\/big15_1567499670-300x300.jpg 300w, https:\/\/www.montanheiros.com\/wp-content\/uploads\/2019\/11\/big15_1567499670-100x100.jpg 100w\" sizes=\"auto, (max-width: 280px) 100vw, 280px\" \/>                                                              <\/div>\n              <div class=\"box-text text-center\" >\n                 <p><\/p>\n              <\/div>\n            <\/div>\n            <\/a>          <\/div>\n         <\/div><div class=\"gallery-col col\" >\n          <div class=\"col-inner\">\n            <a class=\"image-lightbox lightbox-gallery\" href=\"https:\/\/www.montanheiros.com\/wp-content\/uploads\/2019\/11\/big21_1567499671.jpg\" title=\"\">            <div class=\"box has-hover gallery-box box-none\">\n              <div class=\"box-image\" style=\"width:63%;\">\n                <img loading=\"lazy\" decoding=\"async\" width=\"280\" height=\"280\" src=\"https:\/\/www.montanheiros.com\/wp-content\/uploads\/2019\/11\/big21_1567499671-280x280.jpg\" class=\"attachment-thumbnail size-thumbnail\" alt=\"\" ids=\"11151,11152,11153,11154,11155,11156,11157,11158,11159,11160,11161,11162,11163,11164,11165,11166,11167,11168,11169,11170,11171,11172,11173,11174,11175,11176\" style=\"none\" type=\"slider\" columns=\"1\" image_width=\"63\" image_size=\"thumbnail\" text_align=\"center\" srcset=\"https:\/\/www.montanheiros.com\/wp-content\/uploads\/2019\/11\/big21_1567499671-280x280.jpg 280w, https:\/\/www.montanheiros.com\/wp-content\/uploads\/2019\/11\/big21_1567499671-300x300.jpg 300w, https:\/\/www.montanheiros.com\/wp-content\/uploads\/2019\/11\/big21_1567499671-100x100.jpg 100w\" sizes=\"auto, (max-width: 280px) 100vw, 280px\" \/>                                                              <\/div>\n              <div class=\"box-text text-center\" >\n                 <p><\/p>\n              <\/div>\n            <\/div>\n            <\/a>          <\/div>\n         <\/div><div class=\"gallery-col col\" >\n          <div class=\"col-inner\">\n            <a class=\"image-lightbox lightbox-gallery\" href=\"https:\/\/www.montanheiros.com\/wp-content\/uploads\/2019\/11\/big22_1567499671.jpg\" title=\"\">            <div class=\"box has-hover gallery-box box-none\">\n              <div class=\"box-image\" style=\"width:63%;\">\n                <img loading=\"lazy\" decoding=\"async\" width=\"280\" height=\"280\" src=\"https:\/\/www.montanheiros.com\/wp-content\/uploads\/2019\/11\/big22_1567499671-280x280.jpg\" class=\"attachment-thumbnail size-thumbnail\" alt=\"\" ids=\"11151,11152,11153,11154,11155,11156,11157,11158,11159,11160,11161,11162,11163,11164,11165,11166,11167,11168,11169,11170,11171,11172,11173,11174,11175,11176\" style=\"none\" type=\"slider\" columns=\"1\" image_width=\"63\" image_size=\"thumbnail\" text_align=\"center\" srcset=\"https:\/\/www.montanheiros.com\/wp-content\/uploads\/2019\/11\/big22_1567499671-280x280.jpg 280w, https:\/\/www.montanheiros.com\/wp-content\/uploads\/2019\/11\/big22_1567499671-300x300.jpg 300w, https:\/\/www.montanheiros.com\/wp-content\/uploads\/2019\/11\/big22_1567499671-100x100.jpg 100w\" sizes=\"auto, (max-width: 280px) 100vw, 280px\" \/>                                                              <\/div>\n              <div class=\"box-text text-center\" >\n                 <p><\/p>\n              <\/div>\n            <\/div>\n            <\/a>          <\/div>\n         <\/div><div class=\"gallery-col col\" >\n          <div class=\"col-inner\">\n            <a class=\"image-lightbox lightbox-gallery\" href=\"https:\/\/www.montanheiros.com\/wp-content\/uploads\/2019\/11\/big23_1567499671.jpg\" title=\"\">            <div class=\"box has-hover gallery-box box-none\">\n              <div class=\"box-image\" style=\"width:63%;\">\n                <img loading=\"lazy\" decoding=\"async\" width=\"280\" height=\"280\" src=\"https:\/\/www.montanheiros.com\/wp-content\/uploads\/2019\/11\/big23_1567499671-280x280.jpg\" class=\"attachment-thumbnail size-thumbnail\" alt=\"\" ids=\"11151,11152,11153,11154,11155,11156,11157,11158,11159,11160,11161,11162,11163,11164,11165,11166,11167,11168,11169,11170,11171,11172,11173,11174,11175,11176\" style=\"none\" type=\"slider\" columns=\"1\" image_width=\"63\" image_size=\"thumbnail\" text_align=\"center\" srcset=\"https:\/\/www.montanheiros.com\/wp-content\/uploads\/2019\/11\/big23_1567499671-280x280.jpg 280w, https:\/\/www.montanheiros.com\/wp-content\/uploads\/2019\/11\/big23_1567499671-300x300.jpg 300w, https:\/\/www.montanheiros.com\/wp-content\/uploads\/2019\/11\/big23_1567499671-100x100.jpg 100w\" sizes=\"auto, (max-width: 280px) 100vw, 280px\" \/>                                                              <\/div>\n              <div class=\"box-text text-center\" >\n                 <p><\/p>\n              <\/div>\n            <\/div>\n            <\/a>          <\/div>\n         <\/div><div class=\"gallery-col col\" >\n          <div class=\"col-inner\">\n            <a class=\"image-lightbox lightbox-gallery\" href=\"https:\/\/www.montanheiros.com\/wp-content\/uploads\/2019\/11\/big25_1567499672.jpg\" title=\"\">            <div class=\"box has-hover gallery-box box-none\">\n              <div class=\"box-image\" style=\"width:63%;\">\n                <img loading=\"lazy\" decoding=\"async\" width=\"280\" height=\"280\" src=\"https:\/\/www.montanheiros.com\/wp-content\/uploads\/2019\/11\/big25_1567499672-280x280.jpg\" class=\"attachment-thumbnail size-thumbnail\" alt=\"\" ids=\"11151,11152,11153,11154,11155,11156,11157,11158,11159,11160,11161,11162,11163,11164,11165,11166,11167,11168,11169,11170,11171,11172,11173,11174,11175,11176\" style=\"none\" type=\"slider\" columns=\"1\" image_width=\"63\" image_size=\"thumbnail\" text_align=\"center\" srcset=\"https:\/\/www.montanheiros.com\/wp-content\/uploads\/2019\/11\/big25_1567499672-280x280.jpg 280w, https:\/\/www.montanheiros.com\/wp-content\/uploads\/2019\/11\/big25_1567499672-300x300.jpg 300w, https:\/\/www.montanheiros.com\/wp-content\/uploads\/2019\/11\/big25_1567499672-100x100.jpg 100w\" sizes=\"auto, (max-width: 280px) 100vw, 280px\" \/>                                                              <\/div>\n              <div class=\"box-text text-center\" >\n                 <p><\/p>\n              <\/div>\n            <\/div>\n            <\/a>          <\/div>\n         <\/div><div class=\"gallery-col col\" >\n          <div class=\"col-inner\">\n            <a class=\"image-lightbox lightbox-gallery\" href=\"https:\/\/www.montanheiros.com\/wp-content\/uploads\/2019\/11\/big24_1567499672.jpg\" title=\"\">            <div class=\"box has-hover gallery-box box-none\">\n              <div class=\"box-image\" style=\"width:63%;\">\n                <img loading=\"lazy\" decoding=\"async\" width=\"280\" height=\"280\" src=\"https:\/\/www.montanheiros.com\/wp-content\/uploads\/2019\/11\/big24_1567499672-280x280.jpg\" class=\"attachment-thumbnail size-thumbnail\" alt=\"\" ids=\"11151,11152,11153,11154,11155,11156,11157,11158,11159,11160,11161,11162,11163,11164,11165,11166,11167,11168,11169,11170,11171,11172,11173,11174,11175,11176\" style=\"none\" type=\"slider\" columns=\"1\" image_width=\"63\" image_size=\"thumbnail\" text_align=\"center\" srcset=\"https:\/\/www.montanheiros.com\/wp-content\/uploads\/2019\/11\/big24_1567499672-280x280.jpg 280w, https:\/\/www.montanheiros.com\/wp-content\/uploads\/2019\/11\/big24_1567499672-300x300.jpg 300w, https:\/\/www.montanheiros.com\/wp-content\/uploads\/2019\/11\/big24_1567499672-100x100.jpg 100w\" sizes=\"auto, (max-width: 280px) 100vw, 280px\" \/>                                                              <\/div>\n              <div class=\"box-text text-center\" >\n                 <p><\/p>\n              <\/div>\n            <\/div>\n            <\/a>          <\/div>\n         <\/div><div class=\"gallery-col col\" >\n          <div class=\"col-inner\">\n            <a class=\"image-lightbox lightbox-gallery\" href=\"https:\/\/www.montanheiros.com\/wp-content\/uploads\/2019\/11\/big26_1567499672.jpg\" title=\"\">            <div class=\"box has-hover gallery-box box-none\">\n              <div class=\"box-image\" style=\"width:63%;\">\n                <img loading=\"lazy\" decoding=\"async\" width=\"280\" height=\"280\" src=\"https:\/\/www.montanheiros.com\/wp-content\/uploads\/2019\/11\/big26_1567499672-280x280.jpg\" class=\"attachment-thumbnail size-thumbnail\" alt=\"\" ids=\"11151,11152,11153,11154,11155,11156,11157,11158,11159,11160,11161,11162,11163,11164,11165,11166,11167,11168,11169,11170,11171,11172,11173,11174,11175,11176\" style=\"none\" type=\"slider\" columns=\"1\" image_width=\"63\" image_size=\"thumbnail\" text_align=\"center\" srcset=\"https:\/\/www.montanheiros.com\/wp-content\/uploads\/2019\/11\/big26_1567499672-280x280.jpg 280w, https:\/\/www.montanheiros.com\/wp-content\/uploads\/2019\/11\/big26_1567499672-300x300.jpg 300w, https:\/\/www.montanheiros.com\/wp-content\/uploads\/2019\/11\/big26_1567499672-100x100.jpg 100w\" sizes=\"auto, (max-width: 280px) 100vw, 280px\" \/>                                                              <\/div>\n              <div class=\"box-text text-center\" >\n                 <p><\/p>\n              <\/div>\n            <\/div>\n            <\/a>          <\/div>\n         <\/div><div class=\"gallery-col col\" >\n          <div class=\"col-inner\">\n            <a class=\"image-lightbox lightbox-gallery\" href=\"https:\/\/www.montanheiros.com\/wp-content\/uploads\/2019\/11\/big27_1567499673.jpg\" title=\"\">            <div class=\"box has-hover gallery-box box-none\">\n              <div class=\"box-image\" style=\"width:63%;\">\n                <img loading=\"lazy\" decoding=\"async\" width=\"280\" height=\"280\" src=\"https:\/\/www.montanheiros.com\/wp-content\/uploads\/2019\/11\/big27_1567499673-280x280.jpg\" class=\"attachment-thumbnail size-thumbnail\" alt=\"\" ids=\"11151,11152,11153,11154,11155,11156,11157,11158,11159,11160,11161,11162,11163,11164,11165,11166,11167,11168,11169,11170,11171,11172,11173,11174,11175,11176\" style=\"none\" type=\"slider\" columns=\"1\" image_width=\"63\" image_size=\"thumbnail\" text_align=\"center\" srcset=\"https:\/\/www.montanheiros.com\/wp-content\/uploads\/2019\/11\/big27_1567499673-280x280.jpg 280w, https:\/\/www.montanheiros.com\/wp-content\/uploads\/2019\/11\/big27_1567499673-300x300.jpg 300w, https:\/\/www.montanheiros.com\/wp-content\/uploads\/2019\/11\/big27_1567499673-100x100.jpg 100w\" sizes=\"auto, (max-width: 280px) 100vw, 280px\" \/>                                                              <\/div>\n              <div class=\"box-text text-center\" >\n                 <p><\/p>\n              <\/div>\n            <\/div>\n            <\/a>          <\/div>\n         <\/div><\/div>\n\n\n\t\t<\/div>\n\t\t\t\t\t<\/div>\n\n\t\n\n\t<div id=\"col-1350207327\" class=\"col medium-3 small-12 large-3\"  >\n\t\t\t\t<div class=\"col-inner\"  >\n\t\t\t\n\t\t\t\n\n<p>Passeio Pedestre aos Mist\u00e9rios Negros e Lombas da Serra, 19mai2019 &#8211; ilha Terceira<\/p>\n\n  \n    <div class=\"row large-columns-1 medium-columns- small-columns- row-full-width slider row-slider slider-nav-reveal\"  data-flickity-options='{\"imagesLoaded\": true, \"groupCells\": \"100%\", \"dragThreshold\" : 5, \"cellAlign\": \"left\",\"wrapAround\": true,\"prevNextButtons\": true,\"percentPosition\": true,\"pageDots\": false, \"rightToLeft\": false, \"autoPlay\" : false}'>\n\n  <div class=\"gallery-col col\" >\n          <div class=\"col-inner\">\n            <a class=\"image-lightbox lightbox-gallery\" href=\"https:\/\/www.montanheiros.com\/wp-content\/uploads\/2019\/11\/big1_1558368335.jpg\" title=\"\">            <div class=\"box has-hover gallery-box box-none\">\n              <div class=\"box-image\" style=\"width:63%;\">\n                <img loading=\"lazy\" decoding=\"async\" width=\"280\" height=\"280\" src=\"https:\/\/www.montanheiros.com\/wp-content\/uploads\/2019\/11\/big1_1558368335-280x280.jpg\" class=\"attachment-thumbnail size-thumbnail\" alt=\"\" ids=\"11133,11134,11135,11136,11137,11138,11139,11140,11141,11142,11143,11144,11145,11146,11147,11148,11149,11150\" style=\"none\" type=\"slider\" columns=\"1\" image_width=\"63\" image_size=\"thumbnail\" text_align=\"center\" srcset=\"https:\/\/www.montanheiros.com\/wp-content\/uploads\/2019\/11\/big1_1558368335-280x280.jpg 280w, https:\/\/www.montanheiros.com\/wp-content\/uploads\/2019\/11\/big1_1558368335-300x300.jpg 300w, https:\/\/www.montanheiros.com\/wp-content\/uploads\/2019\/11\/big1_1558368335-100x100.jpg 100w\" sizes=\"auto, (max-width: 280px) 100vw, 280px\" \/>                                                              <\/div>\n              <div class=\"box-text text-center\" >\n                 <p><\/p>\n              <\/div>\n            <\/div>\n            <\/a>          <\/div>\n         <\/div><div class=\"gallery-col col\" >\n          <div class=\"col-inner\">\n            <a class=\"image-lightbox lightbox-gallery\" href=\"https:\/\/www.montanheiros.com\/wp-content\/uploads\/2019\/11\/big2_1558368335.jpg\" title=\"\">            <div class=\"box has-hover gallery-box box-none\">\n              <div class=\"box-image\" style=\"width:63%;\">\n                <img loading=\"lazy\" decoding=\"async\" width=\"280\" height=\"280\" src=\"https:\/\/www.montanheiros.com\/wp-content\/uploads\/2019\/11\/big2_1558368335-280x280.jpg\" class=\"attachment-thumbnail size-thumbnail\" alt=\"\" ids=\"11133,11134,11135,11136,11137,11138,11139,11140,11141,11142,11143,11144,11145,11146,11147,11148,11149,11150\" style=\"none\" type=\"slider\" columns=\"1\" image_width=\"63\" image_size=\"thumbnail\" text_align=\"center\" srcset=\"https:\/\/www.montanheiros.com\/wp-content\/uploads\/2019\/11\/big2_1558368335-280x280.jpg 280w, https:\/\/www.montanheiros.com\/wp-content\/uploads\/2019\/11\/big2_1558368335-300x300.jpg 300w, https:\/\/www.montanheiros.com\/wp-content\/uploads\/2019\/11\/big2_1558368335-100x100.jpg 100w\" sizes=\"auto, (max-width: 280px) 100vw, 280px\" \/>                                                              <\/div>\n              <div class=\"box-text text-center\" >\n                 <p><\/p>\n              <\/div>\n            <\/div>\n            <\/a>          <\/div>\n         <\/div><div class=\"gallery-col col\" >\n          <div class=\"col-inner\">\n            <a class=\"image-lightbox lightbox-gallery\" href=\"https:\/\/www.montanheiros.com\/wp-content\/uploads\/2019\/11\/big3_1558368336.jpg\" title=\"\">            <div class=\"box has-hover gallery-box box-none\">\n              <div class=\"box-image\" style=\"width:63%;\">\n                <img loading=\"lazy\" decoding=\"async\" width=\"280\" height=\"280\" src=\"https:\/\/www.montanheiros.com\/wp-content\/uploads\/2019\/11\/big3_1558368336-280x280.jpg\" class=\"attachment-thumbnail size-thumbnail\" alt=\"\" ids=\"11133,11134,11135,11136,11137,11138,11139,11140,11141,11142,11143,11144,11145,11146,11147,11148,11149,11150\" style=\"none\" type=\"slider\" columns=\"1\" image_width=\"63\" image_size=\"thumbnail\" text_align=\"center\" srcset=\"https:\/\/www.montanheiros.com\/wp-content\/uploads\/2019\/11\/big3_1558368336-280x280.jpg 280w, https:\/\/www.montanheiros.com\/wp-content\/uploads\/2019\/11\/big3_1558368336-300x300.jpg 300w, https:\/\/www.montanheiros.com\/wp-content\/uploads\/2019\/11\/big3_1558368336-100x100.jpg 100w\" sizes=\"auto, (max-width: 280px) 100vw, 280px\" \/>                                                              <\/div>\n              <div class=\"box-text text-center\" >\n                 <p><\/p>\n              <\/div>\n            <\/div>\n            <\/a>          <\/div>\n         <\/div><div class=\"gallery-col col\" >\n          <div class=\"col-inner\">\n            <a class=\"image-lightbox lightbox-gallery\" href=\"https:\/\/www.montanheiros.com\/wp-content\/uploads\/2019\/11\/big6_1558368342.jpg\" title=\"\">            <div class=\"box has-hover gallery-box box-none\">\n              <div class=\"box-image\" style=\"width:63%;\">\n                <img loading=\"lazy\" decoding=\"async\" width=\"280\" height=\"280\" src=\"https:\/\/www.montanheiros.com\/wp-content\/uploads\/2019\/11\/big6_1558368342-280x280.jpg\" class=\"attachment-thumbnail size-thumbnail\" alt=\"\" ids=\"11133,11134,11135,11136,11137,11138,11139,11140,11141,11142,11143,11144,11145,11146,11147,11148,11149,11150\" style=\"none\" type=\"slider\" columns=\"1\" image_width=\"63\" image_size=\"thumbnail\" text_align=\"center\" srcset=\"https:\/\/www.montanheiros.com\/wp-content\/uploads\/2019\/11\/big6_1558368342-280x280.jpg 280w, https:\/\/www.montanheiros.com\/wp-content\/uploads\/2019\/11\/big6_1558368342-300x300.jpg 300w, https:\/\/www.montanheiros.com\/wp-content\/uploads\/2019\/11\/big6_1558368342-100x100.jpg 100w\" sizes=\"auto, (max-width: 280px) 100vw, 280px\" \/>                                                              <\/div>\n              <div class=\"box-text text-center\" >\n                 <p><\/p>\n              <\/div>\n            <\/div>\n            <\/a>          <\/div>\n         <\/div><div class=\"gallery-col col\" >\n          <div class=\"col-inner\">\n            <a class=\"image-lightbox lightbox-gallery\" href=\"https:\/\/www.montanheiros.com\/wp-content\/uploads\/2019\/11\/big4_1558368337.jpg\" title=\"\">            <div class=\"box has-hover gallery-box box-none\">\n              <div class=\"box-image\" style=\"width:63%;\">\n                <img loading=\"lazy\" decoding=\"async\" width=\"280\" height=\"280\" src=\"https:\/\/www.montanheiros.com\/wp-content\/uploads\/2019\/11\/big4_1558368337-280x280.jpg\" class=\"attachment-thumbnail size-thumbnail\" alt=\"\" ids=\"11133,11134,11135,11136,11137,11138,11139,11140,11141,11142,11143,11144,11145,11146,11147,11148,11149,11150\" style=\"none\" type=\"slider\" columns=\"1\" image_width=\"63\" image_size=\"thumbnail\" text_align=\"center\" srcset=\"https:\/\/www.montanheiros.com\/wp-content\/uploads\/2019\/11\/big4_1558368337-280x280.jpg 280w, https:\/\/www.montanheiros.com\/wp-content\/uploads\/2019\/11\/big4_1558368337-300x300.jpg 300w, https:\/\/www.montanheiros.com\/wp-content\/uploads\/2019\/11\/big4_1558368337-100x100.jpg 100w\" sizes=\"auto, (max-width: 280px) 100vw, 280px\" \/>                                                              <\/div>\n              <div class=\"box-text text-center\" >\n                 <p><\/p>\n              <\/div>\n            <\/div>\n            <\/a>          <\/div>\n         <\/div><div class=\"gallery-col col\" >\n          <div class=\"col-inner\">\n            <a class=\"image-lightbox lightbox-gallery\" href=\"https:\/\/www.montanheiros.com\/wp-content\/uploads\/2019\/11\/big7_1558368343.jpg\" title=\"\">            <div class=\"box has-hover gallery-box box-none\">\n              <div class=\"box-image\" style=\"width:63%;\">\n                <img loading=\"lazy\" decoding=\"async\" width=\"280\" height=\"280\" src=\"https:\/\/www.montanheiros.com\/wp-content\/uploads\/2019\/11\/big7_1558368343-280x280.jpg\" class=\"attachment-thumbnail size-thumbnail\" alt=\"\" ids=\"11133,11134,11135,11136,11137,11138,11139,11140,11141,11142,11143,11144,11145,11146,11147,11148,11149,11150\" style=\"none\" type=\"slider\" columns=\"1\" image_width=\"63\" image_size=\"thumbnail\" text_align=\"center\" srcset=\"https:\/\/www.montanheiros.com\/wp-content\/uploads\/2019\/11\/big7_1558368343-280x280.jpg 280w, https:\/\/www.montanheiros.com\/wp-content\/uploads\/2019\/11\/big7_1558368343-300x300.jpg 300w, https:\/\/www.montanheiros.com\/wp-content\/uploads\/2019\/11\/big7_1558368343-100x100.jpg 100w\" sizes=\"auto, (max-width: 280px) 100vw, 280px\" \/>                                                              <\/div>\n              <div class=\"box-text text-center\" >\n                 <p><\/p>\n              <\/div>\n            <\/div>\n            <\/a>          <\/div>\n         <\/div><div class=\"gallery-col col\" >\n          <div class=\"col-inner\">\n            <a class=\"image-lightbox lightbox-gallery\" href=\"https:\/\/www.montanheiros.com\/wp-content\/uploads\/2019\/11\/big5_1558368337.jpg\" title=\"\">            <div class=\"box has-hover gallery-box box-none\">\n              <div class=\"box-image\" style=\"width:63%;\">\n                <img loading=\"lazy\" decoding=\"async\" width=\"280\" height=\"280\" src=\"https:\/\/www.montanheiros.com\/wp-content\/uploads\/2019\/11\/big5_1558368337-280x280.jpg\" class=\"attachment-thumbnail size-thumbnail\" alt=\"\" ids=\"11133,11134,11135,11136,11137,11138,11139,11140,11141,11142,11143,11144,11145,11146,11147,11148,11149,11150\" style=\"none\" type=\"slider\" columns=\"1\" image_width=\"63\" image_size=\"thumbnail\" text_align=\"center\" srcset=\"https:\/\/www.montanheiros.com\/wp-content\/uploads\/2019\/11\/big5_1558368337-280x280.jpg 280w, https:\/\/www.montanheiros.com\/wp-content\/uploads\/2019\/11\/big5_1558368337-300x300.jpg 300w, https:\/\/www.montanheiros.com\/wp-content\/uploads\/2019\/11\/big5_1558368337-100x100.jpg 100w\" sizes=\"auto, (max-width: 280px) 100vw, 280px\" \/>                                                              <\/div>\n              <div class=\"box-text text-center\" >\n                 <p><\/p>\n              <\/div>\n            <\/div>\n            <\/a>          <\/div>\n         <\/div><div class=\"gallery-col col\" >\n          <div class=\"col-inner\">\n            <a class=\"image-lightbox lightbox-gallery\" href=\"https:\/\/www.montanheiros.com\/wp-content\/uploads\/2019\/11\/big10_1558368343.jpg\" title=\"\">            <div class=\"box has-hover gallery-box box-none\">\n              <div class=\"box-image\" style=\"width:63%;\">\n                <img loading=\"lazy\" decoding=\"async\" width=\"280\" height=\"280\" src=\"https:\/\/www.montanheiros.com\/wp-content\/uploads\/2019\/11\/big10_1558368343-280x280.jpg\" class=\"attachment-thumbnail size-thumbnail\" alt=\"\" ids=\"11133,11134,11135,11136,11137,11138,11139,11140,11141,11142,11143,11144,11145,11146,11147,11148,11149,11150\" style=\"none\" type=\"slider\" columns=\"1\" image_width=\"63\" image_size=\"thumbnail\" text_align=\"center\" srcset=\"https:\/\/www.montanheiros.com\/wp-content\/uploads\/2019\/11\/big10_1558368343-280x280.jpg 280w, https:\/\/www.montanheiros.com\/wp-content\/uploads\/2019\/11\/big10_1558368343-300x300.jpg 300w, https:\/\/www.montanheiros.com\/wp-content\/uploads\/2019\/11\/big10_1558368343-100x100.jpg 100w\" sizes=\"auto, (max-width: 280px) 100vw, 280px\" \/>                                                              <\/div>\n              <div class=\"box-text text-center\" >\n                 <p><\/p>\n              <\/div>\n            <\/div>\n            <\/a>          <\/div>\n         <\/div><div class=\"gallery-col col\" >\n          <div class=\"col-inner\">\n            <a class=\"image-lightbox lightbox-gallery\" href=\"https:\/\/www.montanheiros.com\/wp-content\/uploads\/2019\/11\/big9_1558368343.jpg\" title=\"\">            <div class=\"box has-hover gallery-box box-none\">\n              <div class=\"box-image\" style=\"width:63%;\">\n                <img loading=\"lazy\" decoding=\"async\" width=\"280\" height=\"280\" src=\"https:\/\/www.montanheiros.com\/wp-content\/uploads\/2019\/11\/big9_1558368343-280x280.jpg\" class=\"attachment-thumbnail size-thumbnail\" alt=\"\" ids=\"11133,11134,11135,11136,11137,11138,11139,11140,11141,11142,11143,11144,11145,11146,11147,11148,11149,11150\" style=\"none\" type=\"slider\" columns=\"1\" image_width=\"63\" image_size=\"thumbnail\" text_align=\"center\" srcset=\"https:\/\/www.montanheiros.com\/wp-content\/uploads\/2019\/11\/big9_1558368343-280x280.jpg 280w, https:\/\/www.montanheiros.com\/wp-content\/uploads\/2019\/11\/big9_1558368343-300x300.jpg 300w, https:\/\/www.montanheiros.com\/wp-content\/uploads\/2019\/11\/big9_1558368343-100x100.jpg 100w\" sizes=\"auto, (max-width: 280px) 100vw, 280px\" \/>                                                              <\/div>\n              <div class=\"box-text text-center\" >\n                 <p><\/p>\n              <\/div>\n            <\/div>\n            <\/a>          <\/div>\n         <\/div><div class=\"gallery-col col\" >\n          <div class=\"col-inner\">\n            <a class=\"image-lightbox lightbox-gallery\" href=\"https:\/\/www.montanheiros.com\/wp-content\/uploads\/2019\/11\/big11_1558368343.jpg\" title=\"\">            <div class=\"box has-hover gallery-box box-none\">\n              <div class=\"box-image\" style=\"width:63%;\">\n                <img loading=\"lazy\" decoding=\"async\" width=\"280\" height=\"280\" src=\"https:\/\/www.montanheiros.com\/wp-content\/uploads\/2019\/11\/big11_1558368343-280x280.jpg\" class=\"attachment-thumbnail size-thumbnail\" alt=\"\" ids=\"11133,11134,11135,11136,11137,11138,11139,11140,11141,11142,11143,11144,11145,11146,11147,11148,11149,11150\" style=\"none\" type=\"slider\" columns=\"1\" image_width=\"63\" image_size=\"thumbnail\" text_align=\"center\" srcset=\"https:\/\/www.montanheiros.com\/wp-content\/uploads\/2019\/11\/big11_1558368343-280x280.jpg 280w, https:\/\/www.montanheiros.com\/wp-content\/uploads\/2019\/11\/big11_1558368343-300x300.jpg 300w, https:\/\/www.montanheiros.com\/wp-content\/uploads\/2019\/11\/big11_1558368343-100x100.jpg 100w\" sizes=\"auto, (max-width: 280px) 100vw, 280px\" \/>                                                              <\/div>\n              <div class=\"box-text text-center\" >\n                 <p><\/p>\n              <\/div>\n            <\/div>\n            <\/a>          <\/div>\n         <\/div><div class=\"gallery-col col\" >\n          <div class=\"col-inner\">\n            <a class=\"image-lightbox lightbox-gallery\" href=\"https:\/\/www.montanheiros.com\/wp-content\/uploads\/2019\/11\/big12_1558368344.jpg\" title=\"\">            <div class=\"box has-hover gallery-box box-none\">\n              <div class=\"box-image\" style=\"width:63%;\">\n                <img loading=\"lazy\" decoding=\"async\" width=\"280\" height=\"280\" src=\"https:\/\/www.montanheiros.com\/wp-content\/uploads\/2019\/11\/big12_1558368344-280x280.jpg\" class=\"attachment-thumbnail size-thumbnail\" alt=\"\" ids=\"11133,11134,11135,11136,11137,11138,11139,11140,11141,11142,11143,11144,11145,11146,11147,11148,11149,11150\" style=\"none\" type=\"slider\" columns=\"1\" image_width=\"63\" image_size=\"thumbnail\" text_align=\"center\" srcset=\"https:\/\/www.montanheiros.com\/wp-content\/uploads\/2019\/11\/big12_1558368344-280x280.jpg 280w, https:\/\/www.montanheiros.com\/wp-content\/uploads\/2019\/11\/big12_1558368344-300x300.jpg 300w, https:\/\/www.montanheiros.com\/wp-content\/uploads\/2019\/11\/big12_1558368344-100x100.jpg 100w\" sizes=\"auto, (max-width: 280px) 100vw, 280px\" \/>                                                              <\/div>\n              <div class=\"box-text text-center\" >\n                 <p><\/p>\n              <\/div>\n            <\/div>\n            <\/a>          <\/div>\n         <\/div><div class=\"gallery-col col\" >\n          <div class=\"col-inner\">\n            <a class=\"image-lightbox lightbox-gallery\" href=\"https:\/\/www.montanheiros.com\/wp-content\/uploads\/2019\/11\/big14_1558368345.jpg\" title=\"\">            <div class=\"box has-hover gallery-box box-none\">\n              <div class=\"box-image\" style=\"width:63%;\">\n                <img loading=\"lazy\" decoding=\"async\" width=\"280\" height=\"280\" src=\"https:\/\/www.montanheiros.com\/wp-content\/uploads\/2019\/11\/big14_1558368345-280x280.jpg\" class=\"attachment-thumbnail size-thumbnail\" alt=\"\" ids=\"11133,11134,11135,11136,11137,11138,11139,11140,11141,11142,11143,11144,11145,11146,11147,11148,11149,11150\" style=\"none\" type=\"slider\" columns=\"1\" image_width=\"63\" image_size=\"thumbnail\" text_align=\"center\" srcset=\"https:\/\/www.montanheiros.com\/wp-content\/uploads\/2019\/11\/big14_1558368345-280x280.jpg 280w, https:\/\/www.montanheiros.com\/wp-content\/uploads\/2019\/11\/big14_1558368345-300x300.jpg 300w, https:\/\/www.montanheiros.com\/wp-content\/uploads\/2019\/11\/big14_1558368345-100x100.jpg 100w\" sizes=\"auto, (max-width: 280px) 100vw, 280px\" \/>                                                              <\/div>\n              <div class=\"box-text text-center\" >\n                 <p><\/p>\n              <\/div>\n            <\/div>\n            <\/a>          <\/div>\n         <\/div><div class=\"gallery-col col\" >\n          <div class=\"col-inner\">\n            <a class=\"image-lightbox lightbox-gallery\" href=\"https:\/\/www.montanheiros.com\/wp-content\/uploads\/2019\/11\/big16_1558368345.jpg\" title=\"\">            <div class=\"box has-hover gallery-box box-none\">\n              <div class=\"box-image\" style=\"width:63%;\">\n                <img loading=\"lazy\" decoding=\"async\" width=\"280\" height=\"280\" src=\"https:\/\/www.montanheiros.com\/wp-content\/uploads\/2019\/11\/big16_1558368345-280x280.jpg\" class=\"attachment-thumbnail size-thumbnail\" alt=\"\" ids=\"11133,11134,11135,11136,11137,11138,11139,11140,11141,11142,11143,11144,11145,11146,11147,11148,11149,11150\" style=\"none\" type=\"slider\" columns=\"1\" image_width=\"63\" image_size=\"thumbnail\" text_align=\"center\" srcset=\"https:\/\/www.montanheiros.com\/wp-content\/uploads\/2019\/11\/big16_1558368345-280x280.jpg 280w, https:\/\/www.montanheiros.com\/wp-content\/uploads\/2019\/11\/big16_1558368345-300x300.jpg 300w, https:\/\/www.montanheiros.com\/wp-content\/uploads\/2019\/11\/big16_1558368345-100x100.jpg 100w\" sizes=\"auto, (max-width: 280px) 100vw, 280px\" \/>                                                              <\/div>\n              <div class=\"box-text text-center\" >\n                 <p><\/p>\n              <\/div>\n            <\/div>\n            <\/a>          <\/div>\n         <\/div><div class=\"gallery-col col\" >\n          <div class=\"col-inner\">\n            <a class=\"image-lightbox lightbox-gallery\" href=\"https:\/\/www.montanheiros.com\/wp-content\/uploads\/2019\/11\/big8_1558368343.jpg\" title=\"\">            <div class=\"box has-hover gallery-box box-none\">\n              <div class=\"box-image\" style=\"width:63%;\">\n                <img loading=\"lazy\" decoding=\"async\" width=\"280\" height=\"280\" src=\"https:\/\/www.montanheiros.com\/wp-content\/uploads\/2019\/11\/big8_1558368343-280x280.jpg\" class=\"attachment-thumbnail size-thumbnail\" alt=\"\" ids=\"11133,11134,11135,11136,11137,11138,11139,11140,11141,11142,11143,11144,11145,11146,11147,11148,11149,11150\" style=\"none\" type=\"slider\" columns=\"1\" image_width=\"63\" image_size=\"thumbnail\" text_align=\"center\" srcset=\"https:\/\/www.montanheiros.com\/wp-content\/uploads\/2019\/11\/big8_1558368343-280x280.jpg 280w, https:\/\/www.montanheiros.com\/wp-content\/uploads\/2019\/11\/big8_1558368343-300x300.jpg 300w, https:\/\/www.montanheiros.com\/wp-content\/uploads\/2019\/11\/big8_1558368343-100x100.jpg 100w\" sizes=\"auto, (max-width: 280px) 100vw, 280px\" \/>                                                              <\/div>\n              <div class=\"box-text text-center\" >\n                 <p><\/p>\n              <\/div>\n            <\/div>\n            <\/a>          <\/div>\n         <\/div><div class=\"gallery-col col\" >\n          <div class=\"col-inner\">\n            <a class=\"image-lightbox lightbox-gallery\" href=\"https:\/\/www.montanheiros.com\/wp-content\/uploads\/2019\/11\/big13_1558368344.jpg\" title=\"\">            <div class=\"box has-hover gallery-box box-none\">\n              <div class=\"box-image\" style=\"width:63%;\">\n                <img loading=\"lazy\" decoding=\"async\" width=\"280\" height=\"280\" src=\"https:\/\/www.montanheiros.com\/wp-content\/uploads\/2019\/11\/big13_1558368344-280x280.jpg\" class=\"attachment-thumbnail size-thumbnail\" alt=\"\" ids=\"11133,11134,11135,11136,11137,11138,11139,11140,11141,11142,11143,11144,11145,11146,11147,11148,11149,11150\" style=\"none\" type=\"slider\" columns=\"1\" image_width=\"63\" image_size=\"thumbnail\" text_align=\"center\" srcset=\"https:\/\/www.montanheiros.com\/wp-content\/uploads\/2019\/11\/big13_1558368344-280x280.jpg 280w, https:\/\/www.montanheiros.com\/wp-content\/uploads\/2019\/11\/big13_1558368344-300x300.jpg 300w, https:\/\/www.montanheiros.com\/wp-content\/uploads\/2019\/11\/big13_1558368344-100x100.jpg 100w\" sizes=\"auto, (max-width: 280px) 100vw, 280px\" \/>                                                              <\/div>\n              <div class=\"box-text text-center\" >\n                 <p><\/p>\n              <\/div>\n            <\/div>\n            <\/a>          <\/div>\n         <\/div><div class=\"gallery-col col\" >\n          <div class=\"col-inner\">\n            <a class=\"image-lightbox lightbox-gallery\" href=\"https:\/\/www.montanheiros.com\/wp-content\/uploads\/2019\/11\/big17_1558368346.jpg\" title=\"\">            <div class=\"box has-hover gallery-box box-none\">\n              <div class=\"box-image\" style=\"width:63%;\">\n                <img loading=\"lazy\" decoding=\"async\" width=\"280\" height=\"280\" src=\"https:\/\/www.montanheiros.com\/wp-content\/uploads\/2019\/11\/big17_1558368346-280x280.jpg\" class=\"attachment-thumbnail size-thumbnail\" alt=\"\" ids=\"11133,11134,11135,11136,11137,11138,11139,11140,11141,11142,11143,11144,11145,11146,11147,11148,11149,11150\" style=\"none\" type=\"slider\" columns=\"1\" image_width=\"63\" image_size=\"thumbnail\" text_align=\"center\" srcset=\"https:\/\/www.montanheiros.com\/wp-content\/uploads\/2019\/11\/big17_1558368346-280x280.jpg 280w, https:\/\/www.montanheiros.com\/wp-content\/uploads\/2019\/11\/big17_1558368346-300x300.jpg 300w, https:\/\/www.montanheiros.com\/wp-content\/uploads\/2019\/11\/big17_1558368346-100x100.jpg 100w\" sizes=\"auto, (max-width: 280px) 100vw, 280px\" \/>                                                              <\/div>\n              <div class=\"box-text text-center\" >\n                 <p><\/p>\n              <\/div>\n            <\/div>\n            <\/a>          <\/div>\n         <\/div><div class=\"gallery-col col\" >\n          <div class=\"col-inner\">\n            <a class=\"image-lightbox lightbox-gallery\" href=\"https:\/\/www.montanheiros.com\/wp-content\/uploads\/2019\/11\/big15_1558368345.jpg\" title=\"\">            <div class=\"box has-hover gallery-box box-none\">\n              <div class=\"box-image\" style=\"width:63%;\">\n                <img loading=\"lazy\" decoding=\"async\" width=\"280\" height=\"280\" src=\"https:\/\/www.montanheiros.com\/wp-content\/uploads\/2019\/11\/big15_1558368345-280x280.jpg\" class=\"attachment-thumbnail size-thumbnail\" alt=\"\" ids=\"11133,11134,11135,11136,11137,11138,11139,11140,11141,11142,11143,11144,11145,11146,11147,11148,11149,11150\" style=\"none\" type=\"slider\" columns=\"1\" image_width=\"63\" image_size=\"thumbnail\" text_align=\"center\" srcset=\"https:\/\/www.montanheiros.com\/wp-content\/uploads\/2019\/11\/big15_1558368345-280x280.jpg 280w, https:\/\/www.montanheiros.com\/wp-content\/uploads\/2019\/11\/big15_1558368345-300x300.jpg 300w, https:\/\/www.montanheiros.com\/wp-content\/uploads\/2019\/11\/big15_1558368345-100x100.jpg 100w\" sizes=\"auto, (max-width: 280px) 100vw, 280px\" \/>                                                              <\/div>\n              <div class=\"box-text text-center\" >\n                 <p><\/p>\n              <\/div>\n            <\/div>\n            <\/a>          <\/div>\n         <\/div><div class=\"gallery-col col\" >\n          <div class=\"col-inner\">\n            <a class=\"image-lightbox lightbox-gallery\" href=\"https:\/\/www.montanheiros.com\/wp-content\/uploads\/2019\/11\/big18_1558368347.jpg\" title=\"\">            <div class=\"box has-hover gallery-box box-none\">\n              <div class=\"box-image\" style=\"width:63%;\">\n                <img loading=\"lazy\" decoding=\"async\" width=\"280\" height=\"280\" src=\"https:\/\/www.montanheiros.com\/wp-content\/uploads\/2019\/11\/big18_1558368347-280x280.jpg\" class=\"attachment-thumbnail size-thumbnail\" alt=\"\" ids=\"11133,11134,11135,11136,11137,11138,11139,11140,11141,11142,11143,11144,11145,11146,11147,11148,11149,11150\" style=\"none\" type=\"slider\" columns=\"1\" image_width=\"63\" image_size=\"thumbnail\" text_align=\"center\" srcset=\"https:\/\/www.montanheiros.com\/wp-content\/uploads\/2019\/11\/big18_1558368347-280x280.jpg 280w, https:\/\/www.montanheiros.com\/wp-content\/uploads\/2019\/11\/big18_1558368347-300x300.jpg 300w, https:\/\/www.montanheiros.com\/wp-content\/uploads\/2019\/11\/big18_1558368347-100x100.jpg 100w\" sizes=\"auto, (max-width: 280px) 100vw, 280px\" \/>                                                              <\/div>\n              <div class=\"box-text text-center\" >\n                 <p><\/p>\n              <\/div>\n            <\/div>\n            <\/a>          <\/div>\n         <\/div><\/div>\n\n\n\t\t<\/div>\n\t\t\t\t\t<\/div>\n\n\t\n\n\t<div id=\"col-206181227\" class=\"col medium-3 small-12 large-3\"  >\n\t\t\t\t<div class=\"col-inner\"  >\n\t\t\t\n\t\t\t\n\n<p>Passeio Pedestre \u00e0 Serra do Mori\u00e3o, 24mar2019 &#8211; ilha Terceira<\/p>\n\n  \n    <div class=\"row large-columns-1 medium-columns- small-columns- row-full-width slider row-slider slider-nav-reveal\"  data-flickity-options='{\"imagesLoaded\": true, \"groupCells\": \"100%\", \"dragThreshold\" : 5, \"cellAlign\": \"left\",\"wrapAround\": true,\"prevNextButtons\": true,\"percentPosition\": true,\"pageDots\": false, \"rightToLeft\": false, \"autoPlay\" : false}'>\n\n  <div class=\"gallery-col col\" >\n          <div class=\"col-inner\">\n            <a class=\"image-lightbox lightbox-gallery\" href=\"https:\/\/www.montanheiros.com\/wp-content\/uploads\/2019\/05\/big3_1553526635-1.jpg\" title=\"Passeio Pedestre \u00e0 Serra do Mori\u00e3o, 24mar2019 - ilha Terceira\">            <div class=\"box has-hover gallery-box box-none\">\n              <div class=\"box-image\" style=\"width:63%;\">\n                <img loading=\"lazy\" decoding=\"async\" width=\"280\" height=\"280\" src=\"https:\/\/www.montanheiros.com\/wp-content\/uploads\/2019\/05\/big3_1553526635-1-280x280.jpg\" class=\"attachment-thumbnail size-thumbnail\" alt=\"\" ids=\"6581,6582,6583,6584,6585,6586,6587,6588,6589,6590,6591,6592,6593,6594,6595,6596,6597,6598,6599,6600,6601,6602,6603,6604,6605,6606,6607,6608,6609,6610\" style=\"none\" type=\"slider\" columns=\"1\" image_width=\"63\" image_size=\"thumbnail\" text_align=\"center\" srcset=\"https:\/\/www.montanheiros.com\/wp-content\/uploads\/2019\/05\/big3_1553526635-1-280x280.jpg 280w, https:\/\/www.montanheiros.com\/wp-content\/uploads\/2019\/05\/big3_1553526635-1-300x300.jpg 300w, https:\/\/www.montanheiros.com\/wp-content\/uploads\/2019\/05\/big3_1553526635-1-100x100.jpg 100w\" sizes=\"auto, (max-width: 280px) 100vw, 280px\" \/>                                                              <\/div>\n              <div class=\"box-text text-center\" >\n                 <p>Passeio Pedestre \u00e0 Serra do Mori\u00e3o, 24mar2019 - ilha Terceira<\/p>\n              <\/div>\n            <\/div>\n            <\/a>          <\/div>\n         <\/div><div class=\"gallery-col col\" >\n          <div class=\"col-inner\">\n            <a class=\"image-lightbox lightbox-gallery\" href=\"https:\/\/www.montanheiros.com\/wp-content\/uploads\/2019\/05\/big1_1553526635-1.jpg\" title=\"Passeio Pedestre \u00e0 Serra do Mori\u00e3o, 24mar2019 - ilha Terceira\">            <div class=\"box has-hover gallery-box box-none\">\n              <div class=\"box-image\" style=\"width:63%;\">\n                <img loading=\"lazy\" decoding=\"async\" width=\"280\" height=\"280\" src=\"https:\/\/www.montanheiros.com\/wp-content\/uploads\/2019\/05\/big1_1553526635-1-280x280.jpg\" class=\"attachment-thumbnail size-thumbnail\" alt=\"\" ids=\"6581,6582,6583,6584,6585,6586,6587,6588,6589,6590,6591,6592,6593,6594,6595,6596,6597,6598,6599,6600,6601,6602,6603,6604,6605,6606,6607,6608,6609,6610\" style=\"none\" type=\"slider\" columns=\"1\" image_width=\"63\" image_size=\"thumbnail\" text_align=\"center\" srcset=\"https:\/\/www.montanheiros.com\/wp-content\/uploads\/2019\/05\/big1_1553526635-1-280x280.jpg 280w, https:\/\/www.montanheiros.com\/wp-content\/uploads\/2019\/05\/big1_1553526635-1-300x300.jpg 300w, https:\/\/www.montanheiros.com\/wp-content\/uploads\/2019\/05\/big1_1553526635-1-100x100.jpg 100w\" sizes=\"auto, (max-width: 280px) 100vw, 280px\" \/>                                                              <\/div>\n              <div class=\"box-text text-center\" >\n                 <p>Passeio Pedestre \u00e0 Serra do Mori\u00e3o, 24mar2019 - ilha Terceira<\/p>\n              <\/div>\n            <\/div>\n            <\/a>          <\/div>\n         <\/div><div class=\"gallery-col col\" >\n          <div class=\"col-inner\">\n            <a class=\"image-lightbox lightbox-gallery\" href=\"https:\/\/www.montanheiros.com\/wp-content\/uploads\/2019\/05\/big4_1553526635.jpg\" title=\"Passeio Pedestre \u00e0 Serra do Mori\u00e3o, 24mar2019 - ilha Terceira\">            <div class=\"box has-hover gallery-box box-none\">\n              <div class=\"box-image\" style=\"width:63%;\">\n                <img loading=\"lazy\" decoding=\"async\" width=\"280\" height=\"280\" src=\"https:\/\/www.montanheiros.com\/wp-content\/uploads\/2019\/05\/big4_1553526635-280x280.jpg\" class=\"attachment-thumbnail size-thumbnail\" alt=\"\" ids=\"6581,6582,6583,6584,6585,6586,6587,6588,6589,6590,6591,6592,6593,6594,6595,6596,6597,6598,6599,6600,6601,6602,6603,6604,6605,6606,6607,6608,6609,6610\" style=\"none\" type=\"slider\" columns=\"1\" image_width=\"63\" image_size=\"thumbnail\" text_align=\"center\" srcset=\"https:\/\/www.montanheiros.com\/wp-content\/uploads\/2019\/05\/big4_1553526635-280x280.jpg 280w, https:\/\/www.montanheiros.com\/wp-content\/uploads\/2019\/05\/big4_1553526635-300x300.jpg 300w, https:\/\/www.montanheiros.com\/wp-content\/uploads\/2019\/05\/big4_1553526635-100x100.jpg 100w\" sizes=\"auto, (max-width: 280px) 100vw, 280px\" \/>                                                              <\/div>\n              <div class=\"box-text text-center\" >\n                 <p>Passeio Pedestre \u00e0 Serra do Mori\u00e3o, 24mar2019 - ilha Terceira<\/p>\n              <\/div>\n            <\/div>\n            <\/a>          <\/div>\n         <\/div><div class=\"gallery-col col\" >\n          <div class=\"col-inner\">\n            <a class=\"image-lightbox lightbox-gallery\" href=\"https:\/\/www.montanheiros.com\/wp-content\/uploads\/2019\/05\/big6_1553526636-1.jpg\" title=\"Passeio Pedestre \u00e0 Serra do Mori\u00e3o, 24mar2019 - ilha Terceira\">            <div class=\"box has-hover gallery-box box-none\">\n              <div class=\"box-image\" style=\"width:63%;\">\n                <img loading=\"lazy\" decoding=\"async\" width=\"280\" height=\"280\" src=\"https:\/\/www.montanheiros.com\/wp-content\/uploads\/2019\/05\/big6_1553526636-1-280x280.jpg\" class=\"attachment-thumbnail size-thumbnail\" alt=\"\" ids=\"6581,6582,6583,6584,6585,6586,6587,6588,6589,6590,6591,6592,6593,6594,6595,6596,6597,6598,6599,6600,6601,6602,6603,6604,6605,6606,6607,6608,6609,6610\" style=\"none\" type=\"slider\" columns=\"1\" image_width=\"63\" image_size=\"thumbnail\" text_align=\"center\" srcset=\"https:\/\/www.montanheiros.com\/wp-content\/uploads\/2019\/05\/big6_1553526636-1-280x280.jpg 280w, https:\/\/www.montanheiros.com\/wp-content\/uploads\/2019\/05\/big6_1553526636-1-300x300.jpg 300w, https:\/\/www.montanheiros.com\/wp-content\/uploads\/2019\/05\/big6_1553526636-1-100x100.jpg 100w\" sizes=\"auto, (max-width: 280px) 100vw, 280px\" \/>                                                              <\/div>\n              <div class=\"box-text text-center\" >\n                 <p>Passeio Pedestre \u00e0 Serra do Mori\u00e3o, 24mar2019 - ilha Terceira<\/p>\n              <\/div>\n            <\/div>\n            <\/a>          <\/div>\n         <\/div><div class=\"gallery-col col\" >\n          <div class=\"col-inner\">\n            <a class=\"image-lightbox lightbox-gallery\" href=\"https:\/\/www.montanheiros.com\/wp-content\/uploads\/2019\/05\/big2_1553526635-1.jpg\" title=\"Passeio Pedestre \u00e0 Serra do Mori\u00e3o, 24mar2019 - ilha Terceira\">            <div class=\"box has-hover gallery-box box-none\">\n              <div class=\"box-image\" style=\"width:63%;\">\n                <img loading=\"lazy\" decoding=\"async\" width=\"280\" height=\"280\" src=\"https:\/\/www.montanheiros.com\/wp-content\/uploads\/2019\/05\/big2_1553526635-1-280x280.jpg\" class=\"attachment-thumbnail size-thumbnail\" alt=\"\" ids=\"6581,6582,6583,6584,6585,6586,6587,6588,6589,6590,6591,6592,6593,6594,6595,6596,6597,6598,6599,6600,6601,6602,6603,6604,6605,6606,6607,6608,6609,6610\" style=\"none\" type=\"slider\" columns=\"1\" image_width=\"63\" image_size=\"thumbnail\" text_align=\"center\" srcset=\"https:\/\/www.montanheiros.com\/wp-content\/uploads\/2019\/05\/big2_1553526635-1-280x280.jpg 280w, https:\/\/www.montanheiros.com\/wp-content\/uploads\/2019\/05\/big2_1553526635-1-300x300.jpg 300w, https:\/\/www.montanheiros.com\/wp-content\/uploads\/2019\/05\/big2_1553526635-1-100x100.jpg 100w\" sizes=\"auto, (max-width: 280px) 100vw, 280px\" \/>                                                              <\/div>\n              <div class=\"box-text text-center\" >\n                 <p>Passeio Pedestre \u00e0 Serra do Mori\u00e3o, 24mar2019 - ilha Terceira<\/p>\n              <\/div>\n            <\/div>\n            <\/a>          <\/div>\n         <\/div><div class=\"gallery-col col\" >\n          <div class=\"col-inner\">\n            <a class=\"image-lightbox lightbox-gallery\" href=\"https:\/\/www.montanheiros.com\/wp-content\/uploads\/2019\/05\/big5_1553526636-1.jpg\" title=\"Passeio Pedestre \u00e0 Serra do Mori\u00e3o, 24mar2019 - ilha Terceira\">            <div class=\"box has-hover gallery-box box-none\">\n              <div class=\"box-image\" style=\"width:63%;\">\n                <img loading=\"lazy\" decoding=\"async\" width=\"280\" height=\"280\" src=\"https:\/\/www.montanheiros.com\/wp-content\/uploads\/2019\/05\/big5_1553526636-1-280x280.jpg\" class=\"attachment-thumbnail size-thumbnail\" alt=\"\" ids=\"6581,6582,6583,6584,6585,6586,6587,6588,6589,6590,6591,6592,6593,6594,6595,6596,6597,6598,6599,6600,6601,6602,6603,6604,6605,6606,6607,6608,6609,6610\" style=\"none\" type=\"slider\" columns=\"1\" image_width=\"63\" image_size=\"thumbnail\" text_align=\"center\" srcset=\"https:\/\/www.montanheiros.com\/wp-content\/uploads\/2019\/05\/big5_1553526636-1-280x280.jpg 280w, https:\/\/www.montanheiros.com\/wp-content\/uploads\/2019\/05\/big5_1553526636-1-300x300.jpg 300w, https:\/\/www.montanheiros.com\/wp-content\/uploads\/2019\/05\/big5_1553526636-1-100x100.jpg 100w\" sizes=\"auto, (max-width: 280px) 100vw, 280px\" \/>                                                              <\/div>\n              <div class=\"box-text text-center\" >\n                 <p>Passeio Pedestre \u00e0 Serra do Mori\u00e3o, 24mar2019 - ilha Terceira<\/p>\n              <\/div>\n            <\/div>\n            <\/a>          <\/div>\n         <\/div><div class=\"gallery-col col\" >\n          <div class=\"col-inner\">\n            <a class=\"image-lightbox lightbox-gallery\" href=\"https:\/\/www.montanheiros.com\/wp-content\/uploads\/2019\/05\/big7_1553526637-1.jpg\" title=\"Passeio Pedestre \u00e0 Serra do Mori\u00e3o, 24mar2019 - ilha Terceira\">            <div class=\"box has-hover gallery-box box-none\">\n              <div class=\"box-image\" style=\"width:63%;\">\n                <img loading=\"lazy\" decoding=\"async\" width=\"280\" height=\"280\" src=\"https:\/\/www.montanheiros.com\/wp-content\/uploads\/2019\/05\/big7_1553526637-1-280x280.jpg\" class=\"attachment-thumbnail size-thumbnail\" alt=\"\" ids=\"6581,6582,6583,6584,6585,6586,6587,6588,6589,6590,6591,6592,6593,6594,6595,6596,6597,6598,6599,6600,6601,6602,6603,6604,6605,6606,6607,6608,6609,6610\" style=\"none\" type=\"slider\" columns=\"1\" image_width=\"63\" image_size=\"thumbnail\" text_align=\"center\" srcset=\"https:\/\/www.montanheiros.com\/wp-content\/uploads\/2019\/05\/big7_1553526637-1-280x280.jpg 280w, https:\/\/www.montanheiros.com\/wp-content\/uploads\/2019\/05\/big7_1553526637-1-300x300.jpg 300w, https:\/\/www.montanheiros.com\/wp-content\/uploads\/2019\/05\/big7_1553526637-1-100x100.jpg 100w\" sizes=\"auto, (max-width: 280px) 100vw, 280px\" \/>                                                              <\/div>\n              <div class=\"box-text text-center\" >\n                 <p>Passeio Pedestre \u00e0 Serra do Mori\u00e3o, 24mar2019 - ilha Terceira<\/p>\n              <\/div>\n            <\/div>\n            <\/a>          <\/div>\n         <\/div><div class=\"gallery-col col\" >\n          <div class=\"col-inner\">\n            <a class=\"image-lightbox lightbox-gallery\" href=\"https:\/\/www.montanheiros.com\/wp-content\/uploads\/2019\/05\/big11_1553526638-1.jpg\" title=\"Passeio Pedestre \u00e0 Serra do Mori\u00e3o, 24mar2019 - ilha Terceira\">            <div class=\"box has-hover gallery-box box-none\">\n              <div class=\"box-image\" style=\"width:63%;\">\n                <img loading=\"lazy\" decoding=\"async\" width=\"280\" height=\"280\" src=\"https:\/\/www.montanheiros.com\/wp-content\/uploads\/2019\/05\/big11_1553526638-1-280x280.jpg\" class=\"attachment-thumbnail size-thumbnail\" alt=\"\" ids=\"6581,6582,6583,6584,6585,6586,6587,6588,6589,6590,6591,6592,6593,6594,6595,6596,6597,6598,6599,6600,6601,6602,6603,6604,6605,6606,6607,6608,6609,6610\" style=\"none\" type=\"slider\" columns=\"1\" image_width=\"63\" image_size=\"thumbnail\" text_align=\"center\" srcset=\"https:\/\/www.montanheiros.com\/wp-content\/uploads\/2019\/05\/big11_1553526638-1-280x280.jpg 280w, https:\/\/www.montanheiros.com\/wp-content\/uploads\/2019\/05\/big11_1553526638-1-300x300.jpg 300w, https:\/\/www.montanheiros.com\/wp-content\/uploads\/2019\/05\/big11_1553526638-1-100x100.jpg 100w\" sizes=\"auto, (max-width: 280px) 100vw, 280px\" \/>                                                              <\/div>\n              <div class=\"box-text text-center\" >\n                 <p>Passeio Pedestre \u00e0 Serra do Mori\u00e3o, 24mar2019 - ilha Terceira<\/p>\n              <\/div>\n            <\/div>\n            <\/a>          <\/div>\n         <\/div><div class=\"gallery-col col\" >\n          <div class=\"col-inner\">\n            <a class=\"image-lightbox lightbox-gallery\" href=\"https:\/\/www.montanheiros.com\/wp-content\/uploads\/2019\/05\/big9_1553526638-1.jpg\" title=\"Passeio Pedestre \u00e0 Serra do Mori\u00e3o, 24mar2019 - ilha Terceira\">            <div class=\"box has-hover gallery-box box-none\">\n              <div class=\"box-image\" style=\"width:63%;\">\n                <img loading=\"lazy\" decoding=\"async\" width=\"280\" height=\"280\" src=\"https:\/\/www.montanheiros.com\/wp-content\/uploads\/2019\/05\/big9_1553526638-1-280x280.jpg\" class=\"attachment-thumbnail size-thumbnail\" alt=\"\" ids=\"6581,6582,6583,6584,6585,6586,6587,6588,6589,6590,6591,6592,6593,6594,6595,6596,6597,6598,6599,6600,6601,6602,6603,6604,6605,6606,6607,6608,6609,6610\" style=\"none\" type=\"slider\" columns=\"1\" image_width=\"63\" image_size=\"thumbnail\" text_align=\"center\" srcset=\"https:\/\/www.montanheiros.com\/wp-content\/uploads\/2019\/05\/big9_1553526638-1-280x280.jpg 280w, https:\/\/www.montanheiros.com\/wp-content\/uploads\/2019\/05\/big9_1553526638-1-300x300.jpg 300w, https:\/\/www.montanheiros.com\/wp-content\/uploads\/2019\/05\/big9_1553526638-1-100x100.jpg 100w\" sizes=\"auto, (max-width: 280px) 100vw, 280px\" \/>                                                              <\/div>\n              <div class=\"box-text text-center\" >\n                 <p>Passeio Pedestre \u00e0 Serra do Mori\u00e3o, 24mar2019 - ilha Terceira<\/p>\n              <\/div>\n            <\/div>\n            <\/a>          <\/div>\n         <\/div><div class=\"gallery-col col\" >\n          <div class=\"col-inner\">\n            <a class=\"image-lightbox lightbox-gallery\" href=\"https:\/\/www.montanheiros.com\/wp-content\/uploads\/2019\/05\/big8_1553526638-1.jpg\" title=\"Passeio Pedestre \u00e0 Serra do Mori\u00e3o, 24mar2019 - ilha Terceira\">            <div class=\"box has-hover gallery-box box-none\">\n              <div class=\"box-image\" style=\"width:63%;\">\n                <img loading=\"lazy\" decoding=\"async\" width=\"280\" height=\"280\" src=\"https:\/\/www.montanheiros.com\/wp-content\/uploads\/2019\/05\/big8_1553526638-1-280x280.jpg\" class=\"attachment-thumbnail size-thumbnail\" alt=\"\" ids=\"6581,6582,6583,6584,6585,6586,6587,6588,6589,6590,6591,6592,6593,6594,6595,6596,6597,6598,6599,6600,6601,6602,6603,6604,6605,6606,6607,6608,6609,6610\" style=\"none\" type=\"slider\" columns=\"1\" image_width=\"63\" image_size=\"thumbnail\" text_align=\"center\" srcset=\"https:\/\/www.montanheiros.com\/wp-content\/uploads\/2019\/05\/big8_1553526638-1-280x280.jpg 280w, https:\/\/www.montanheiros.com\/wp-content\/uploads\/2019\/05\/big8_1553526638-1-300x300.jpg 300w, https:\/\/www.montanheiros.com\/wp-content\/uploads\/2019\/05\/big8_1553526638-1-100x100.jpg 100w\" sizes=\"auto, (max-width: 280px) 100vw, 280px\" \/>                                                              <\/div>\n              <div class=\"box-text text-center\" >\n                 <p>Passeio Pedestre \u00e0 Serra do Mori\u00e3o, 24mar2019 - ilha Terceira<\/p>\n              <\/div>\n            <\/div>\n            <\/a>          <\/div>\n         <\/div><div class=\"gallery-col col\" >\n          <div class=\"col-inner\">\n            <a class=\"image-lightbox lightbox-gallery\" href=\"https:\/\/www.montanheiros.com\/wp-content\/uploads\/2019\/05\/big10_1553526638-1.jpg\" title=\"Passeio Pedestre \u00e0 Serra do Mori\u00e3o, 24mar2019 - ilha Terceira\">            <div class=\"box has-hover gallery-box box-none\">\n              <div class=\"box-image\" style=\"width:63%;\">\n                <img loading=\"lazy\" decoding=\"async\" width=\"280\" height=\"280\" src=\"https:\/\/www.montanheiros.com\/wp-content\/uploads\/2019\/05\/big10_1553526638-1-280x280.jpg\" class=\"attachment-thumbnail size-thumbnail\" alt=\"\" ids=\"6581,6582,6583,6584,6585,6586,6587,6588,6589,6590,6591,6592,6593,6594,6595,6596,6597,6598,6599,6600,6601,6602,6603,6604,6605,6606,6607,6608,6609,6610\" style=\"none\" type=\"slider\" columns=\"1\" image_width=\"63\" image_size=\"thumbnail\" text_align=\"center\" srcset=\"https:\/\/www.montanheiros.com\/wp-content\/uploads\/2019\/05\/big10_1553526638-1-280x280.jpg 280w, https:\/\/www.montanheiros.com\/wp-content\/uploads\/2019\/05\/big10_1553526638-1-300x300.jpg 300w, https:\/\/www.montanheiros.com\/wp-content\/uploads\/2019\/05\/big10_1553526638-1-100x100.jpg 100w\" sizes=\"auto, (max-width: 280px) 100vw, 280px\" \/>                                                              <\/div>\n              <div class=\"box-text text-center\" >\n                 <p>Passeio Pedestre \u00e0 Serra do Mori\u00e3o, 24mar2019 - ilha Terceira<\/p>\n              <\/div>\n            <\/div>\n            <\/a>          <\/div>\n         <\/div><div class=\"gallery-col col\" >\n          <div class=\"col-inner\">\n            <a class=\"image-lightbox lightbox-gallery\" href=\"https:\/\/www.montanheiros.com\/wp-content\/uploads\/2019\/05\/big16_1553526640-1.jpg\" title=\"Passeio Pedestre \u00e0 Serra do Mori\u00e3o, 24mar2019 - ilha Terceira\">            <div class=\"box has-hover gallery-box box-none\">\n              <div class=\"box-image\" style=\"width:63%;\">\n                <img loading=\"lazy\" decoding=\"async\" width=\"280\" height=\"280\" src=\"https:\/\/www.montanheiros.com\/wp-content\/uploads\/2019\/05\/big16_1553526640-1-280x280.jpg\" class=\"attachment-thumbnail size-thumbnail\" alt=\"\" ids=\"6581,6582,6583,6584,6585,6586,6587,6588,6589,6590,6591,6592,6593,6594,6595,6596,6597,6598,6599,6600,6601,6602,6603,6604,6605,6606,6607,6608,6609,6610\" style=\"none\" type=\"slider\" columns=\"1\" image_width=\"63\" image_size=\"thumbnail\" text_align=\"center\" srcset=\"https:\/\/www.montanheiros.com\/wp-content\/uploads\/2019\/05\/big16_1553526640-1-280x280.jpg 280w, https:\/\/www.montanheiros.com\/wp-content\/uploads\/2019\/05\/big16_1553526640-1-300x300.jpg 300w, https:\/\/www.montanheiros.com\/wp-content\/uploads\/2019\/05\/big16_1553526640-1-100x100.jpg 100w\" sizes=\"auto, (max-width: 280px) 100vw, 280px\" \/>                                                              <\/div>\n              <div class=\"box-text text-center\" >\n                 <p>Passeio Pedestre \u00e0 Serra do Mori\u00e3o, 24mar2019 - ilha Terceira<\/p>\n              <\/div>\n            <\/div>\n            <\/a>          <\/div>\n         <\/div><div class=\"gallery-col col\" >\n          <div class=\"col-inner\">\n            <a class=\"image-lightbox lightbox-gallery\" href=\"https:\/\/www.montanheiros.com\/wp-content\/uploads\/2019\/05\/big12_1553526639-1.jpg\" title=\"Passeio Pedestre \u00e0 Serra do Mori\u00e3o, 24mar2019 - ilha Terceira\">            <div class=\"box has-hover gallery-box box-none\">\n              <div class=\"box-image\" style=\"width:63%;\">\n                <img loading=\"lazy\" decoding=\"async\" width=\"280\" height=\"280\" src=\"https:\/\/www.montanheiros.com\/wp-content\/uploads\/2019\/05\/big12_1553526639-1-280x280.jpg\" class=\"attachment-thumbnail size-thumbnail\" alt=\"\" ids=\"6581,6582,6583,6584,6585,6586,6587,6588,6589,6590,6591,6592,6593,6594,6595,6596,6597,6598,6599,6600,6601,6602,6603,6604,6605,6606,6607,6608,6609,6610\" style=\"none\" type=\"slider\" columns=\"1\" image_width=\"63\" image_size=\"thumbnail\" text_align=\"center\" srcset=\"https:\/\/www.montanheiros.com\/wp-content\/uploads\/2019\/05\/big12_1553526639-1-280x280.jpg 280w, https:\/\/www.montanheiros.com\/wp-content\/uploads\/2019\/05\/big12_1553526639-1-300x300.jpg 300w, https:\/\/www.montanheiros.com\/wp-content\/uploads\/2019\/05\/big12_1553526639-1-100x100.jpg 100w\" sizes=\"auto, (max-width: 280px) 100vw, 280px\" \/>                                                              <\/div>\n              <div class=\"box-text text-center\" >\n                 <p>Passeio Pedestre \u00e0 Serra do Mori\u00e3o, 24mar2019 - ilha Terceira<\/p>\n              <\/div>\n            <\/div>\n            <\/a>          <\/div>\n         <\/div><div class=\"gallery-col col\" >\n          <div class=\"col-inner\">\n            <a class=\"image-lightbox lightbox-gallery\" href=\"https:\/\/www.montanheiros.com\/wp-content\/uploads\/2019\/05\/big13_1553526639-1.jpg\" title=\"Passeio Pedestre \u00e0 Serra do Mori\u00e3o, 24mar2019 - ilha Terceira\">            <div class=\"box has-hover gallery-box box-none\">\n              <div class=\"box-image\" style=\"width:63%;\">\n                <img loading=\"lazy\" decoding=\"async\" width=\"280\" height=\"280\" src=\"https:\/\/www.montanheiros.com\/wp-content\/uploads\/2019\/05\/big13_1553526639-1-280x280.jpg\" class=\"attachment-thumbnail size-thumbnail\" alt=\"\" ids=\"6581,6582,6583,6584,6585,6586,6587,6588,6589,6590,6591,6592,6593,6594,6595,6596,6597,6598,6599,6600,6601,6602,6603,6604,6605,6606,6607,6608,6609,6610\" style=\"none\" type=\"slider\" columns=\"1\" image_width=\"63\" image_size=\"thumbnail\" text_align=\"center\" srcset=\"https:\/\/www.montanheiros.com\/wp-content\/uploads\/2019\/05\/big13_1553526639-1-280x280.jpg 280w, https:\/\/www.montanheiros.com\/wp-content\/uploads\/2019\/05\/big13_1553526639-1-300x300.jpg 300w, https:\/\/www.montanheiros.com\/wp-content\/uploads\/2019\/05\/big13_1553526639-1-100x100.jpg 100w\" sizes=\"auto, (max-width: 280px) 100vw, 280px\" \/>                                                              <\/div>\n              <div class=\"box-text text-center\" >\n                 <p>Passeio Pedestre \u00e0 Serra do Mori\u00e3o, 24mar2019 - ilha Terceira<\/p>\n              <\/div>\n            <\/div>\n            <\/a>          <\/div>\n         <\/div><div class=\"gallery-col col\" >\n          <div class=\"col-inner\">\n            <a class=\"image-lightbox lightbox-gallery\" href=\"https:\/\/www.montanheiros.com\/wp-content\/uploads\/2019\/05\/big17_1553526640-1.jpg\" title=\"Passeio Pedestre \u00e0 Serra do Mori\u00e3o, 24mar2019 - ilha Terceira\">            <div class=\"box has-hover gallery-box box-none\">\n              <div class=\"box-image\" style=\"width:63%;\">\n                <img loading=\"lazy\" decoding=\"async\" width=\"280\" height=\"280\" src=\"https:\/\/www.montanheiros.com\/wp-content\/uploads\/2019\/05\/big17_1553526640-1-280x280.jpg\" class=\"attachment-thumbnail size-thumbnail\" alt=\"\" ids=\"6581,6582,6583,6584,6585,6586,6587,6588,6589,6590,6591,6592,6593,6594,6595,6596,6597,6598,6599,6600,6601,6602,6603,6604,6605,6606,6607,6608,6609,6610\" style=\"none\" type=\"slider\" columns=\"1\" image_width=\"63\" image_size=\"thumbnail\" text_align=\"center\" srcset=\"https:\/\/www.montanheiros.com\/wp-content\/uploads\/2019\/05\/big17_1553526640-1-280x280.jpg 280w, https:\/\/www.montanheiros.com\/wp-content\/uploads\/2019\/05\/big17_1553526640-1-300x300.jpg 300w, https:\/\/www.montanheiros.com\/wp-content\/uploads\/2019\/05\/big17_1553526640-1-100x100.jpg 100w\" sizes=\"auto, (max-width: 280px) 100vw, 280px\" \/>                                                              <\/div>\n              <div class=\"box-text text-center\" >\n                 <p>Passeio Pedestre \u00e0 Serra do Mori\u00e3o, 24mar2019 - ilha Terceira<\/p>\n              <\/div>\n            <\/div>\n            <\/a>          <\/div>\n         <\/div><div class=\"gallery-col col\" >\n          <div class=\"col-inner\">\n            <a class=\"image-lightbox lightbox-gallery\" href=\"https:\/\/www.montanheiros.com\/wp-content\/uploads\/2019\/05\/big14_1553526639-1.jpg\" title=\"Passeio Pedestre \u00e0 Serra do Mori\u00e3o, 24mar2019 - ilha Terceira\">            <div class=\"box has-hover gallery-box box-none\">\n              <div class=\"box-image\" style=\"width:63%;\">\n                <img loading=\"lazy\" decoding=\"async\" width=\"280\" height=\"280\" src=\"https:\/\/www.montanheiros.com\/wp-content\/uploads\/2019\/05\/big14_1553526639-1-280x280.jpg\" class=\"attachment-thumbnail size-thumbnail\" alt=\"\" ids=\"6581,6582,6583,6584,6585,6586,6587,6588,6589,6590,6591,6592,6593,6594,6595,6596,6597,6598,6599,6600,6601,6602,6603,6604,6605,6606,6607,6608,6609,6610\" style=\"none\" type=\"slider\" columns=\"1\" image_width=\"63\" image_size=\"thumbnail\" text_align=\"center\" srcset=\"https:\/\/www.montanheiros.com\/wp-content\/uploads\/2019\/05\/big14_1553526639-1-280x280.jpg 280w, https:\/\/www.montanheiros.com\/wp-content\/uploads\/2019\/05\/big14_1553526639-1-300x300.jpg 300w, https:\/\/www.montanheiros.com\/wp-content\/uploads\/2019\/05\/big14_1553526639-1-100x100.jpg 100w\" sizes=\"auto, (max-width: 280px) 100vw, 280px\" \/>                                                              <\/div>\n              <div class=\"box-text text-center\" >\n                 <p>Passeio Pedestre \u00e0 Serra do Mori\u00e3o, 24mar2019 - ilha Terceira<\/p>\n              <\/div>\n            <\/div>\n            <\/a>          <\/div>\n         <\/div><div class=\"gallery-col col\" >\n          <div class=\"col-inner\">\n            <a class=\"image-lightbox lightbox-gallery\" href=\"https:\/\/www.montanheiros.com\/wp-content\/uploads\/2019\/05\/big32_1553526645-1.jpg\" title=\"Passeio Pedestre \u00e0 Serra do Mori\u00e3o, 24mar2019 - ilha Terceira\">            <div class=\"box has-hover gallery-box box-none\">\n              <div class=\"box-image\" style=\"width:63%;\">\n                <img loading=\"lazy\" decoding=\"async\" width=\"280\" height=\"280\" src=\"https:\/\/www.montanheiros.com\/wp-content\/uploads\/2019\/05\/big32_1553526645-1-280x280.jpg\" class=\"attachment-thumbnail size-thumbnail\" alt=\"\" ids=\"6581,6582,6583,6584,6585,6586,6587,6588,6589,6590,6591,6592,6593,6594,6595,6596,6597,6598,6599,6600,6601,6602,6603,6604,6605,6606,6607,6608,6609,6610\" style=\"none\" type=\"slider\" columns=\"1\" image_width=\"63\" image_size=\"thumbnail\" text_align=\"center\" srcset=\"https:\/\/www.montanheiros.com\/wp-content\/uploads\/2019\/05\/big32_1553526645-1-280x280.jpg 280w, https:\/\/www.montanheiros.com\/wp-content\/uploads\/2019\/05\/big32_1553526645-1-300x300.jpg 300w, https:\/\/www.montanheiros.com\/wp-content\/uploads\/2019\/05\/big32_1553526645-1-100x100.jpg 100w\" sizes=\"auto, (max-width: 280px) 100vw, 280px\" \/>                                                              <\/div>\n              <div class=\"box-text text-center\" >\n                 <p>Passeio Pedestre \u00e0 Serra do Mori\u00e3o, 24mar2019 - ilha Terceira<\/p>\n              <\/div>\n            <\/div>\n            <\/a>          <\/div>\n         <\/div><div class=\"gallery-col col\" >\n          <div class=\"col-inner\">\n            <a class=\"image-lightbox lightbox-gallery\" href=\"https:\/\/www.montanheiros.com\/wp-content\/uploads\/2019\/05\/big19_1553526641-1.jpg\" title=\"Passeio Pedestre \u00e0 Serra do Mori\u00e3o, 24mar2019 - ilha Terceira\">            <div class=\"box has-hover gallery-box box-none\">\n              <div class=\"box-image\" style=\"width:63%;\">\n                <img loading=\"lazy\" decoding=\"async\" width=\"280\" height=\"280\" src=\"https:\/\/www.montanheiros.com\/wp-content\/uploads\/2019\/05\/big19_1553526641-1-280x280.jpg\" class=\"attachment-thumbnail size-thumbnail\" alt=\"\" ids=\"6581,6582,6583,6584,6585,6586,6587,6588,6589,6590,6591,6592,6593,6594,6595,6596,6597,6598,6599,6600,6601,6602,6603,6604,6605,6606,6607,6608,6609,6610\" style=\"none\" type=\"slider\" columns=\"1\" image_width=\"63\" image_size=\"thumbnail\" text_align=\"center\" srcset=\"https:\/\/www.montanheiros.com\/wp-content\/uploads\/2019\/05\/big19_1553526641-1-280x280.jpg 280w, https:\/\/www.montanheiros.com\/wp-content\/uploads\/2019\/05\/big19_1553526641-1-300x300.jpg 300w, https:\/\/www.montanheiros.com\/wp-content\/uploads\/2019\/05\/big19_1553526641-1-100x100.jpg 100w\" sizes=\"auto, (max-width: 280px) 100vw, 280px\" \/>                                                              <\/div>\n              <div class=\"box-text text-center\" >\n                 <p>Passeio Pedestre \u00e0 Serra do Mori\u00e3o, 24mar2019 - ilha Terceira<\/p>\n              <\/div>\n            <\/div>\n            <\/a>          <\/div>\n         <\/div><div class=\"gallery-col col\" >\n          <div class=\"col-inner\">\n            <a class=\"image-lightbox lightbox-gallery\" href=\"https:\/\/www.montanheiros.com\/wp-content\/uploads\/2019\/05\/big20_1553526641-1.jpg\" title=\"Passeio Pedestre \u00e0 Serra do Mori\u00e3o, 24mar2019 - ilha Terceira\">            <div class=\"box has-hover gallery-box box-none\">\n              <div class=\"box-image\" style=\"width:63%;\">\n                <img loading=\"lazy\" decoding=\"async\" width=\"280\" height=\"280\" src=\"https:\/\/www.montanheiros.com\/wp-content\/uploads\/2019\/05\/big20_1553526641-1-280x280.jpg\" class=\"attachment-thumbnail size-thumbnail\" alt=\"\" ids=\"6581,6582,6583,6584,6585,6586,6587,6588,6589,6590,6591,6592,6593,6594,6595,6596,6597,6598,6599,6600,6601,6602,6603,6604,6605,6606,6607,6608,6609,6610\" style=\"none\" type=\"slider\" columns=\"1\" image_width=\"63\" image_size=\"thumbnail\" text_align=\"center\" srcset=\"https:\/\/www.montanheiros.com\/wp-content\/uploads\/2019\/05\/big20_1553526641-1-280x280.jpg 280w, https:\/\/www.montanheiros.com\/wp-content\/uploads\/2019\/05\/big20_1553526641-1-300x300.jpg 300w, https:\/\/www.montanheiros.com\/wp-content\/uploads\/2019\/05\/big20_1553526641-1-100x100.jpg 100w\" sizes=\"auto, (max-width: 280px) 100vw, 280px\" \/>                                                              <\/div>\n              <div class=\"box-text text-center\" >\n                 <p>Passeio Pedestre \u00e0 Serra do Mori\u00e3o, 24mar2019 - ilha Terceira<\/p>\n              <\/div>\n            <\/div>\n            <\/a>          <\/div>\n         <\/div><div class=\"gallery-col col\" >\n          <div class=\"col-inner\">\n            <a class=\"image-lightbox lightbox-gallery\" href=\"https:\/\/www.montanheiros.com\/wp-content\/uploads\/2019\/05\/big21_1553526641.jpg\" title=\"Passeio Pedestre \u00e0 Serra do Mori\u00e3o, 24mar2019 - ilha Terceira\">            <div class=\"box has-hover gallery-box box-none\">\n              <div class=\"box-image\" style=\"width:63%;\">\n                <img loading=\"lazy\" decoding=\"async\" width=\"280\" height=\"280\" src=\"https:\/\/www.montanheiros.com\/wp-content\/uploads\/2019\/05\/big21_1553526641-280x280.jpg\" class=\"attachment-thumbnail size-thumbnail\" alt=\"\" ids=\"6581,6582,6583,6584,6585,6586,6587,6588,6589,6590,6591,6592,6593,6594,6595,6596,6597,6598,6599,6600,6601,6602,6603,6604,6605,6606,6607,6608,6609,6610\" style=\"none\" type=\"slider\" columns=\"1\" image_width=\"63\" image_size=\"thumbnail\" text_align=\"center\" srcset=\"https:\/\/www.montanheiros.com\/wp-content\/uploads\/2019\/05\/big21_1553526641-280x280.jpg 280w, https:\/\/www.montanheiros.com\/wp-content\/uploads\/2019\/05\/big21_1553526641-300x300.jpg 300w, https:\/\/www.montanheiros.com\/wp-content\/uploads\/2019\/05\/big21_1553526641-100x100.jpg 100w\" sizes=\"auto, (max-width: 280px) 100vw, 280px\" \/>                                                              <\/div>\n              <div class=\"box-text text-center\" >\n                 <p>Passeio Pedestre \u00e0 Serra do Mori\u00e3o, 24mar2019 - ilha Terceira<\/p>\n              <\/div>\n            <\/div>\n            <\/a>          <\/div>\n         <\/div><div class=\"gallery-col col\" >\n          <div class=\"col-inner\">\n            <a class=\"image-lightbox lightbox-gallery\" href=\"https:\/\/www.montanheiros.com\/wp-content\/uploads\/2019\/05\/big30_1553526645.jpg\" title=\"Passeio Pedestre \u00e0 Serra do Mori\u00e3o, 24mar2019 - ilha Terceira\">            <div class=\"box has-hover gallery-box box-none\">\n              <div class=\"box-image\" style=\"width:63%;\">\n                <img loading=\"lazy\" decoding=\"async\" width=\"280\" height=\"280\" src=\"https:\/\/www.montanheiros.com\/wp-content\/uploads\/2019\/05\/big30_1553526645-280x280.jpg\" class=\"attachment-thumbnail size-thumbnail\" alt=\"\" ids=\"6581,6582,6583,6584,6585,6586,6587,6588,6589,6590,6591,6592,6593,6594,6595,6596,6597,6598,6599,6600,6601,6602,6603,6604,6605,6606,6607,6608,6609,6610\" style=\"none\" type=\"slider\" columns=\"1\" image_width=\"63\" image_size=\"thumbnail\" text_align=\"center\" srcset=\"https:\/\/www.montanheiros.com\/wp-content\/uploads\/2019\/05\/big30_1553526645-280x280.jpg 280w, https:\/\/www.montanheiros.com\/wp-content\/uploads\/2019\/05\/big30_1553526645-300x300.jpg 300w, https:\/\/www.montanheiros.com\/wp-content\/uploads\/2019\/05\/big30_1553526645-100x100.jpg 100w\" sizes=\"auto, (max-width: 280px) 100vw, 280px\" \/>                                                              <\/div>\n              <div class=\"box-text text-center\" >\n                 <p>Passeio Pedestre \u00e0 Serra do Mori\u00e3o, 24mar2019 - ilha Terceira<\/p>\n              <\/div>\n            <\/div>\n            <\/a>          <\/div>\n         <\/div><div class=\"gallery-col col\" >\n          <div class=\"col-inner\">\n            <a class=\"image-lightbox lightbox-gallery\" href=\"https:\/\/www.montanheiros.com\/wp-content\/uploads\/2019\/05\/big22_1553526643.jpg\" title=\"Passeio Pedestre \u00e0 Serra do Mori\u00e3o, 24mar2019 - ilha Terceira\">            <div class=\"box has-hover gallery-box box-none\">\n              <div class=\"box-image\" style=\"width:63%;\">\n                <img loading=\"lazy\" decoding=\"async\" width=\"280\" height=\"280\" src=\"https:\/\/www.montanheiros.com\/wp-content\/uploads\/2019\/05\/big22_1553526643-280x280.jpg\" class=\"attachment-thumbnail size-thumbnail\" alt=\"\" ids=\"6581,6582,6583,6584,6585,6586,6587,6588,6589,6590,6591,6592,6593,6594,6595,6596,6597,6598,6599,6600,6601,6602,6603,6604,6605,6606,6607,6608,6609,6610\" style=\"none\" type=\"slider\" columns=\"1\" image_width=\"63\" image_size=\"thumbnail\" text_align=\"center\" srcset=\"https:\/\/www.montanheiros.com\/wp-content\/uploads\/2019\/05\/big22_1553526643-280x280.jpg 280w, https:\/\/www.montanheiros.com\/wp-content\/uploads\/2019\/05\/big22_1553526643-300x300.jpg 300w, https:\/\/www.montanheiros.com\/wp-content\/uploads\/2019\/05\/big22_1553526643-100x100.jpg 100w\" sizes=\"auto, (max-width: 280px) 100vw, 280px\" \/>                                                              <\/div>\n              <div class=\"box-text text-center\" >\n                 <p>Passeio Pedestre \u00e0 Serra do Mori\u00e3o, 24mar2019 - ilha Terceira<\/p>\n              <\/div>\n            <\/div>\n            <\/a>          <\/div>\n         <\/div><div class=\"gallery-col col\" >\n          <div class=\"col-inner\">\n            <a class=\"image-lightbox lightbox-gallery\" href=\"https:\/\/www.montanheiros.com\/wp-content\/uploads\/2019\/05\/big23_1553526643.jpg\" title=\"Passeio Pedestre \u00e0 Serra do Mori\u00e3o, 24mar2019 - ilha Terceira\">            <div class=\"box has-hover gallery-box box-none\">\n              <div class=\"box-image\" style=\"width:63%;\">\n                <img loading=\"lazy\" decoding=\"async\" width=\"280\" height=\"280\" src=\"https:\/\/www.montanheiros.com\/wp-content\/uploads\/2019\/05\/big23_1553526643-280x280.jpg\" class=\"attachment-thumbnail size-thumbnail\" alt=\"\" ids=\"6581,6582,6583,6584,6585,6586,6587,6588,6589,6590,6591,6592,6593,6594,6595,6596,6597,6598,6599,6600,6601,6602,6603,6604,6605,6606,6607,6608,6609,6610\" style=\"none\" type=\"slider\" columns=\"1\" image_width=\"63\" image_size=\"thumbnail\" text_align=\"center\" srcset=\"https:\/\/www.montanheiros.com\/wp-content\/uploads\/2019\/05\/big23_1553526643-280x280.jpg 280w, https:\/\/www.montanheiros.com\/wp-content\/uploads\/2019\/05\/big23_1553526643-300x300.jpg 300w, https:\/\/www.montanheiros.com\/wp-content\/uploads\/2019\/05\/big23_1553526643-100x100.jpg 100w\" sizes=\"auto, (max-width: 280px) 100vw, 280px\" \/>                                                              <\/div>\n              <div class=\"box-text text-center\" >\n                 <p>Passeio Pedestre \u00e0 Serra do Mori\u00e3o, 24mar2019 - ilha Terceira<\/p>\n              <\/div>\n            <\/div>\n            <\/a>          <\/div>\n         <\/div><div class=\"gallery-col col\" >\n          <div class=\"col-inner\">\n            <a class=\"image-lightbox lightbox-gallery\" href=\"https:\/\/www.montanheiros.com\/wp-content\/uploads\/2019\/05\/big24_1553526644.jpg\" title=\"Passeio Pedestre \u00e0 Serra do Mori\u00e3o, 24mar2019 - ilha Terceira\">            <div class=\"box has-hover gallery-box box-none\">\n              <div class=\"box-image\" style=\"width:63%;\">\n                <img loading=\"lazy\" decoding=\"async\" width=\"280\" height=\"280\" src=\"https:\/\/www.montanheiros.com\/wp-content\/uploads\/2019\/05\/big24_1553526644-280x280.jpg\" class=\"attachment-thumbnail size-thumbnail\" alt=\"\" ids=\"6581,6582,6583,6584,6585,6586,6587,6588,6589,6590,6591,6592,6593,6594,6595,6596,6597,6598,6599,6600,6601,6602,6603,6604,6605,6606,6607,6608,6609,6610\" style=\"none\" type=\"slider\" columns=\"1\" image_width=\"63\" image_size=\"thumbnail\" text_align=\"center\" srcset=\"https:\/\/www.montanheiros.com\/wp-content\/uploads\/2019\/05\/big24_1553526644-280x280.jpg 280w, https:\/\/www.montanheiros.com\/wp-content\/uploads\/2019\/05\/big24_1553526644-300x300.jpg 300w, https:\/\/www.montanheiros.com\/wp-content\/uploads\/2019\/05\/big24_1553526644-100x100.jpg 100w\" sizes=\"auto, (max-width: 280px) 100vw, 280px\" \/>                                                              <\/div>\n              <div class=\"box-text text-center\" >\n                 <p>Passeio Pedestre \u00e0 Serra do Mori\u00e3o, 24mar2019 - ilha Terceira<\/p>\n              <\/div>\n            <\/div>\n            <\/a>          <\/div>\n         <\/div><div class=\"gallery-col col\" >\n          <div class=\"col-inner\">\n            <a class=\"image-lightbox lightbox-gallery\" href=\"https:\/\/www.montanheiros.com\/wp-content\/uploads\/2019\/05\/big29_1553526645.jpg\" title=\"Passeio Pedestre \u00e0 Serra do Mori\u00e3o, 24mar2019 - ilha Terceira\">            <div class=\"box has-hover gallery-box box-none\">\n              <div class=\"box-image\" style=\"width:63%;\">\n                <img loading=\"lazy\" decoding=\"async\" width=\"280\" height=\"280\" src=\"https:\/\/www.montanheiros.com\/wp-content\/uploads\/2019\/05\/big29_1553526645-280x280.jpg\" class=\"attachment-thumbnail size-thumbnail\" alt=\"\" ids=\"6581,6582,6583,6584,6585,6586,6587,6588,6589,6590,6591,6592,6593,6594,6595,6596,6597,6598,6599,6600,6601,6602,6603,6604,6605,6606,6607,6608,6609,6610\" style=\"none\" type=\"slider\" columns=\"1\" image_width=\"63\" image_size=\"thumbnail\" text_align=\"center\" srcset=\"https:\/\/www.montanheiros.com\/wp-content\/uploads\/2019\/05\/big29_1553526645-280x280.jpg 280w, https:\/\/www.montanheiros.com\/wp-content\/uploads\/2019\/05\/big29_1553526645-300x300.jpg 300w, https:\/\/www.montanheiros.com\/wp-content\/uploads\/2019\/05\/big29_1553526645-100x100.jpg 100w\" sizes=\"auto, (max-width: 280px) 100vw, 280px\" \/>                                                              <\/div>\n              <div class=\"box-text text-center\" >\n                 <p>Passeio Pedestre \u00e0 Serra do Mori\u00e3o, 24mar2019 - ilha Terceira<\/p>\n              <\/div>\n            <\/div>\n            <\/a>          <\/div>\n         <\/div><div class=\"gallery-col col\" >\n          <div class=\"col-inner\">\n            <a class=\"image-lightbox lightbox-gallery\" href=\"https:\/\/www.montanheiros.com\/wp-content\/uploads\/2019\/05\/big31_1553526645.jpg\" title=\"Passeio Pedestre \u00e0 Serra do Mori\u00e3o, 24mar2019 - ilha Terceira\">            <div class=\"box has-hover gallery-box box-none\">\n              <div class=\"box-image\" style=\"width:63%;\">\n                <img loading=\"lazy\" decoding=\"async\" width=\"280\" height=\"280\" src=\"https:\/\/www.montanheiros.com\/wp-content\/uploads\/2019\/05\/big31_1553526645-280x280.jpg\" class=\"attachment-thumbnail size-thumbnail\" alt=\"\" ids=\"6581,6582,6583,6584,6585,6586,6587,6588,6589,6590,6591,6592,6593,6594,6595,6596,6597,6598,6599,6600,6601,6602,6603,6604,6605,6606,6607,6608,6609,6610\" style=\"none\" type=\"slider\" columns=\"1\" image_width=\"63\" image_size=\"thumbnail\" text_align=\"center\" srcset=\"https:\/\/www.montanheiros.com\/wp-content\/uploads\/2019\/05\/big31_1553526645-280x280.jpg 280w, https:\/\/www.montanheiros.com\/wp-content\/uploads\/2019\/05\/big31_1553526645-300x300.jpg 300w, https:\/\/www.montanheiros.com\/wp-content\/uploads\/2019\/05\/big31_1553526645-100x100.jpg 100w\" sizes=\"auto, (max-width: 280px) 100vw, 280px\" \/>                                                              <\/div>\n              <div class=\"box-text text-center\" >\n                 <p>Passeio Pedestre \u00e0 Serra do Mori\u00e3o, 24mar2019 - ilha Terceira<\/p>\n              <\/div>\n            <\/div>\n            <\/a>          <\/div>\n         <\/div><div class=\"gallery-col col\" >\n          <div class=\"col-inner\">\n            <a class=\"image-lightbox lightbox-gallery\" href=\"https:\/\/www.montanheiros.com\/wp-content\/uploads\/2019\/05\/big27_1553526645.jpg\" title=\"Passeio Pedestre \u00e0 Serra do Mori\u00e3o, 24mar2019 - ilha Terceira\">            <div class=\"box has-hover gallery-box box-none\">\n              <div class=\"box-image\" style=\"width:63%;\">\n                <img loading=\"lazy\" decoding=\"async\" width=\"280\" height=\"280\" src=\"https:\/\/www.montanheiros.com\/wp-content\/uploads\/2019\/05\/big27_1553526645-280x280.jpg\" class=\"attachment-thumbnail size-thumbnail\" alt=\"\" ids=\"6581,6582,6583,6584,6585,6586,6587,6588,6589,6590,6591,6592,6593,6594,6595,6596,6597,6598,6599,6600,6601,6602,6603,6604,6605,6606,6607,6608,6609,6610\" style=\"none\" type=\"slider\" columns=\"1\" image_width=\"63\" image_size=\"thumbnail\" text_align=\"center\" srcset=\"https:\/\/www.montanheiros.com\/wp-content\/uploads\/2019\/05\/big27_1553526645-280x280.jpg 280w, https:\/\/www.montanheiros.com\/wp-content\/uploads\/2019\/05\/big27_1553526645-300x300.jpg 300w, https:\/\/www.montanheiros.com\/wp-content\/uploads\/2019\/05\/big27_1553526645-100x100.jpg 100w\" sizes=\"auto, (max-width: 280px) 100vw, 280px\" \/>                                                              <\/div>\n              <div class=\"box-text text-center\" >\n                 <p>Passeio Pedestre \u00e0 Serra do Mori\u00e3o, 24mar2019 - ilha Terceira<\/p>\n              <\/div>\n            <\/div>\n            <\/a>          <\/div>\n         <\/div><div class=\"gallery-col col\" >\n          <div class=\"col-inner\">\n            <a class=\"image-lightbox lightbox-gallery\" href=\"https:\/\/www.montanheiros.com\/wp-content\/uploads\/2019\/05\/big28_1553526645.jpg\" title=\"Passeio Pedestre \u00e0 Serra do Mori\u00e3o, 24mar2019 - ilha Terceira\">            <div class=\"box has-hover gallery-box box-none\">\n              <div class=\"box-image\" style=\"width:63%;\">\n                <img loading=\"lazy\" decoding=\"async\" width=\"280\" height=\"280\" src=\"https:\/\/www.montanheiros.com\/wp-content\/uploads\/2019\/05\/big28_1553526645-280x280.jpg\" class=\"attachment-thumbnail size-thumbnail\" alt=\"\" ids=\"6581,6582,6583,6584,6585,6586,6587,6588,6589,6590,6591,6592,6593,6594,6595,6596,6597,6598,6599,6600,6601,6602,6603,6604,6605,6606,6607,6608,6609,6610\" style=\"none\" type=\"slider\" columns=\"1\" image_width=\"63\" image_size=\"thumbnail\" text_align=\"center\" srcset=\"https:\/\/www.montanheiros.com\/wp-content\/uploads\/2019\/05\/big28_1553526645-280x280.jpg 280w, https:\/\/www.montanheiros.com\/wp-content\/uploads\/2019\/05\/big28_1553526645-300x300.jpg 300w, https:\/\/www.montanheiros.com\/wp-content\/uploads\/2019\/05\/big28_1553526645-100x100.jpg 100w\" sizes=\"auto, (max-width: 280px) 100vw, 280px\" \/>                                                              <\/div>\n              <div class=\"box-text text-center\" >\n                 <p>Passeio Pedestre \u00e0 Serra do Mori\u00e3o, 24mar2019 - ilha Terceira<\/p>\n              <\/div>\n            <\/div>\n            <\/a>          <\/div>\n         <\/div><div class=\"gallery-col col\" >\n          <div class=\"col-inner\">\n            <a class=\"image-lightbox lightbox-gallery\" href=\"https:\/\/www.montanheiros.com\/wp-content\/uploads\/2019\/05\/big26_1553526644.jpg\" title=\"Passeio Pedestre \u00e0 Serra do Mori\u00e3o, 24mar2019 - ilha Terceira\">            <div class=\"box has-hover gallery-box box-none\">\n              <div class=\"box-image\" style=\"width:63%;\">\n                <img loading=\"lazy\" decoding=\"async\" width=\"280\" height=\"280\" src=\"https:\/\/www.montanheiros.com\/wp-content\/uploads\/2019\/05\/big26_1553526644-280x280.jpg\" class=\"attachment-thumbnail size-thumbnail\" alt=\"\" ids=\"6581,6582,6583,6584,6585,6586,6587,6588,6589,6590,6591,6592,6593,6594,6595,6596,6597,6598,6599,6600,6601,6602,6603,6604,6605,6606,6607,6608,6609,6610\" style=\"none\" type=\"slider\" columns=\"1\" image_width=\"63\" image_size=\"thumbnail\" text_align=\"center\" srcset=\"https:\/\/www.montanheiros.com\/wp-content\/uploads\/2019\/05\/big26_1553526644-280x280.jpg 280w, https:\/\/www.montanheiros.com\/wp-content\/uploads\/2019\/05\/big26_1553526644-300x300.jpg 300w, https:\/\/www.montanheiros.com\/wp-content\/uploads\/2019\/05\/big26_1553526644-100x100.jpg 100w\" sizes=\"auto, (max-width: 280px) 100vw, 280px\" \/>                                                              <\/div>\n              <div class=\"box-text text-center\" >\n                 <p>Passeio Pedestre \u00e0 Serra do Mori\u00e3o, 24mar2019 - ilha Terceira<\/p>\n              <\/div>\n            <\/div>\n            <\/a>          <\/div>\n         <\/div><div class=\"gallery-col col\" >\n          <div class=\"col-inner\">\n            <a class=\"image-lightbox lightbox-gallery\" href=\"https:\/\/www.montanheiros.com\/wp-content\/uploads\/2019\/05\/big25_1553526644.jpg\" title=\"Passeio Pedestre \u00e0 Serra do Mori\u00e3o, 24mar2019 - ilha Terceira\">            <div class=\"box has-hover gallery-box box-none\">\n              <div class=\"box-image\" style=\"width:63%;\">\n                <img loading=\"lazy\" decoding=\"async\" width=\"280\" height=\"280\" src=\"https:\/\/www.montanheiros.com\/wp-content\/uploads\/2019\/05\/big25_1553526644-280x280.jpg\" class=\"attachment-thumbnail size-thumbnail\" alt=\"\" ids=\"6581,6582,6583,6584,6585,6586,6587,6588,6589,6590,6591,6592,6593,6594,6595,6596,6597,6598,6599,6600,6601,6602,6603,6604,6605,6606,6607,6608,6609,6610\" style=\"none\" type=\"slider\" columns=\"1\" image_width=\"63\" image_size=\"thumbnail\" text_align=\"center\" srcset=\"https:\/\/www.montanheiros.com\/wp-content\/uploads\/2019\/05\/big25_1553526644-280x280.jpg 280w, https:\/\/www.montanheiros.com\/wp-content\/uploads\/2019\/05\/big25_1553526644-300x300.jpg 300w, https:\/\/www.montanheiros.com\/wp-content\/uploads\/2019\/05\/big25_1553526644-100x100.jpg 100w\" sizes=\"auto, (max-width: 280px) 100vw, 280px\" \/>                                                              <\/div>\n              <div class=\"box-text text-center\" >\n                 <p>Passeio Pedestre \u00e0 Serra do Mori\u00e3o, 24mar2019 - ilha Terceira<\/p>\n              <\/div>\n            <\/div>\n            <\/a>          <\/div>\n         <\/div><\/div>\n\n\n\t\t<\/div>\n\t\t\t\t\t<\/div>\n\n\t\n\n<\/div>\n\t<div id=\"gap-328774493\" class=\"gap-element clearfix\" style=\"display:block; height:auto;\">\n\t\t\n<style>\n#gap-328774493 {\n  padding-top: 30px;\n}\n<\/style>\n\t<\/div>\n\t\n\n<div class=\"container section-title-container\" ><h4 class=\"section-title section-title-normal\"><b><\/b><span class=\"section-title-main\" >2018<\/span><b><\/b><\/h4><\/div>\n\n<div class=\"row row-dashed\"  id=\"row-1538682343\">\n\n\n\t<div id=\"col-1971831928\" class=\"col medium-3 small-12 large-3\"  >\n\t\t\t\t<div class=\"col-inner\"  >\n\t\t\t\n\t\t\t\n\n<p>Excurs\u00e3o a S. Jorge, Trilho Bardinhos, 29jul2017 &#8211; ilha S.Jorge<\/p>\n\n  \n    <div class=\"row large-columns-1 medium-columns- small-columns- slider row-slider slider-nav-reveal\"  data-flickity-options='{\"imagesLoaded\": true, \"groupCells\": \"100%\", \"dragThreshold\" : 5, \"cellAlign\": \"left\",\"wrapAround\": true,\"prevNextButtons\": true,\"percentPosition\": true,\"pageDots\": false, \"rightToLeft\": false, \"autoPlay\" : false}'>\n\n  <div class=\"gallery-col col\" >\n          <div class=\"col-inner\">\n            <a class=\"image-lightbox lightbox-gallery\" href=\"https:\/\/www.montanheiros.com\/wp-content\/uploads\/2019\/05\/big16_1540815757.jpg\" title=\"Encerramento da temporada de caminhadas na natureza 2018 &quot;Nos meandros da natureza&quot;, Pico Gaspar e Churrascada, 28out2018 - ilha Terceira \">            <div class=\"box has-hover gallery-box box-none\">\n              <div class=\"box-image\" style=\"width:56%;\">\n                <img loading=\"lazy\" decoding=\"async\" width=\"280\" height=\"280\" src=\"https:\/\/www.montanheiros.com\/wp-content\/uploads\/2019\/05\/big16_1540815757-280x280.jpg\" class=\"attachment-thumbnail size-thumbnail\" alt=\"\" ids=\"6557,6558,6559,6560,6561,6562,6563,6564,6565,6566,6567,6568,6569,6570,6571,6572,6573,6574,6575,6576,6577,6578\" style=\"none\" type=\"slider\" columns=\"1\" image_width=\"56\" image_size=\"thumbnail\" srcset=\"https:\/\/www.montanheiros.com\/wp-content\/uploads\/2019\/05\/big16_1540815757-280x280.jpg 280w, https:\/\/www.montanheiros.com\/wp-content\/uploads\/2019\/05\/big16_1540815757-300x300.jpg 300w, https:\/\/www.montanheiros.com\/wp-content\/uploads\/2019\/05\/big16_1540815757-100x100.jpg 100w\" sizes=\"auto, (max-width: 280px) 100vw, 280px\" \/>                                                              <\/div>\n              <div class=\"box-text text-left\" >\n                 <p>Encerramento da temporada de caminhadas na natureza 2018 \"Nos meandros da natureza\", Pico Gaspar e Churrascada, 28out2018 - ilha Terceira <\/p>\n              <\/div>\n            <\/div>\n            <\/a>          <\/div>\n         <\/div><div class=\"gallery-col col\" >\n          <div class=\"col-inner\">\n            <a class=\"image-lightbox lightbox-gallery\" href=\"https:\/\/www.montanheiros.com\/wp-content\/uploads\/2019\/05\/big3_1540815706.jpg\" title=\"Encerramento da temporada de caminhadas na natureza 2018 &quot;Nos meandros da natureza&quot;, Pico Gaspar e Churrascada, 28out2018 - ilha Terceira \">            <div class=\"box has-hover gallery-box box-none\">\n              <div class=\"box-image\" style=\"width:56%;\">\n                <img loading=\"lazy\" decoding=\"async\" width=\"280\" height=\"280\" src=\"https:\/\/www.montanheiros.com\/wp-content\/uploads\/2019\/05\/big3_1540815706-280x280.jpg\" class=\"attachment-thumbnail size-thumbnail\" alt=\"\" ids=\"6557,6558,6559,6560,6561,6562,6563,6564,6565,6566,6567,6568,6569,6570,6571,6572,6573,6574,6575,6576,6577,6578\" style=\"none\" type=\"slider\" columns=\"1\" image_width=\"56\" image_size=\"thumbnail\" srcset=\"https:\/\/www.montanheiros.com\/wp-content\/uploads\/2019\/05\/big3_1540815706-280x280.jpg 280w, https:\/\/www.montanheiros.com\/wp-content\/uploads\/2019\/05\/big3_1540815706-300x300.jpg 300w, https:\/\/www.montanheiros.com\/wp-content\/uploads\/2019\/05\/big3_1540815706-100x100.jpg 100w\" sizes=\"auto, (max-width: 280px) 100vw, 280px\" \/>                                                              <\/div>\n              <div class=\"box-text text-left\" >\n                 <p>Encerramento da temporada de caminhadas na natureza 2018 \"Nos meandros da natureza\", Pico Gaspar e Churrascada, 28out2018 - ilha Terceira <\/p>\n              <\/div>\n            <\/div>\n            <\/a>          <\/div>\n         <\/div><div class=\"gallery-col col\" >\n          <div class=\"col-inner\">\n            <a class=\"image-lightbox lightbox-gallery\" href=\"https:\/\/www.montanheiros.com\/wp-content\/uploads\/2019\/05\/big1_1540815699.jpg\" title=\"Encerramento da temporada de caminhadas na natureza 2018 &quot;Nos meandros da natureza&quot;, Pico Gaspar e Churrascada, 28out2018 - ilha Terceira \">            <div class=\"box has-hover gallery-box box-none\">\n              <div class=\"box-image\" style=\"width:56%;\">\n                <img loading=\"lazy\" decoding=\"async\" width=\"280\" height=\"280\" src=\"https:\/\/www.montanheiros.com\/wp-content\/uploads\/2019\/05\/big1_1540815699-280x280.jpg\" class=\"attachment-thumbnail size-thumbnail\" alt=\"\" ids=\"6557,6558,6559,6560,6561,6562,6563,6564,6565,6566,6567,6568,6569,6570,6571,6572,6573,6574,6575,6576,6577,6578\" style=\"none\" type=\"slider\" columns=\"1\" image_width=\"56\" image_size=\"thumbnail\" srcset=\"https:\/\/www.montanheiros.com\/wp-content\/uploads\/2019\/05\/big1_1540815699-280x280.jpg 280w, https:\/\/www.montanheiros.com\/wp-content\/uploads\/2019\/05\/big1_1540815699-300x300.jpg 300w, https:\/\/www.montanheiros.com\/wp-content\/uploads\/2019\/05\/big1_1540815699-100x100.jpg 100w\" sizes=\"auto, (max-width: 280px) 100vw, 280px\" \/>                                                              <\/div>\n              <div class=\"box-text text-left\" >\n                 <p>Encerramento da temporada de caminhadas na natureza 2018 \"Nos meandros da natureza\", Pico Gaspar e Churrascada, 28out2018 - ilha Terceira <\/p>\n              <\/div>\n            <\/div>\n            <\/a>          <\/div>\n         <\/div><div class=\"gallery-col col\" >\n          <div class=\"col-inner\">\n            <a class=\"image-lightbox lightbox-gallery\" href=\"https:\/\/www.montanheiros.com\/wp-content\/uploads\/2019\/05\/big5_1540815722.jpg\" title=\"Encerramento da temporada de caminhadas na natureza 2018 &quot;Nos meandros da natureza&quot;, Pico Gaspar e Churrascada, 28out2018 - ilha Terceira \">            <div class=\"box has-hover gallery-box box-none\">\n              <div class=\"box-image\" style=\"width:56%;\">\n                <img loading=\"lazy\" decoding=\"async\" width=\"280\" height=\"280\" src=\"https:\/\/www.montanheiros.com\/wp-content\/uploads\/2019\/05\/big5_1540815722-280x280.jpg\" class=\"attachment-thumbnail size-thumbnail\" alt=\"\" ids=\"6557,6558,6559,6560,6561,6562,6563,6564,6565,6566,6567,6568,6569,6570,6571,6572,6573,6574,6575,6576,6577,6578\" style=\"none\" type=\"slider\" columns=\"1\" image_width=\"56\" image_size=\"thumbnail\" srcset=\"https:\/\/www.montanheiros.com\/wp-content\/uploads\/2019\/05\/big5_1540815722-280x280.jpg 280w, https:\/\/www.montanheiros.com\/wp-content\/uploads\/2019\/05\/big5_1540815722-300x300.jpg 300w, https:\/\/www.montanheiros.com\/wp-content\/uploads\/2019\/05\/big5_1540815722-100x100.jpg 100w\" sizes=\"auto, (max-width: 280px) 100vw, 280px\" \/>                                                              <\/div>\n              <div class=\"box-text text-left\" >\n                 <p>Encerramento da temporada de caminhadas na natureza 2018 \"Nos meandros da natureza\", Pico Gaspar e Churrascada, 28out2018 - ilha Terceira <\/p>\n              <\/div>\n            <\/div>\n            <\/a>          <\/div>\n         <\/div><div class=\"gallery-col col\" >\n          <div class=\"col-inner\">\n            <a class=\"image-lightbox lightbox-gallery\" href=\"https:\/\/www.montanheiros.com\/wp-content\/uploads\/2019\/05\/big15_1540815750.jpg\" title=\"Encerramento da temporada de caminhadas na natureza 2018 &quot;Nos meandros da natureza&quot;, Pico Gaspar e Churrascada, 28out2018 - ilha Terceira \">            <div class=\"box has-hover gallery-box box-none\">\n              <div class=\"box-image\" style=\"width:56%;\">\n                <img loading=\"lazy\" decoding=\"async\" width=\"280\" height=\"280\" src=\"https:\/\/www.montanheiros.com\/wp-content\/uploads\/2019\/05\/big15_1540815750-280x280.jpg\" class=\"attachment-thumbnail size-thumbnail\" alt=\"\" ids=\"6557,6558,6559,6560,6561,6562,6563,6564,6565,6566,6567,6568,6569,6570,6571,6572,6573,6574,6575,6576,6577,6578\" style=\"none\" type=\"slider\" columns=\"1\" image_width=\"56\" image_size=\"thumbnail\" srcset=\"https:\/\/www.montanheiros.com\/wp-content\/uploads\/2019\/05\/big15_1540815750-280x280.jpg 280w, https:\/\/www.montanheiros.com\/wp-content\/uploads\/2019\/05\/big15_1540815750-300x300.jpg 300w, https:\/\/www.montanheiros.com\/wp-content\/uploads\/2019\/05\/big15_1540815750-100x100.jpg 100w\" sizes=\"auto, (max-width: 280px) 100vw, 280px\" \/>                                                              <\/div>\n              <div class=\"box-text text-left\" >\n                 <p>Encerramento da temporada de caminhadas na natureza 2018 \"Nos meandros da natureza\", Pico Gaspar e Churrascada, 28out2018 - ilha Terceira <\/p>\n              <\/div>\n            <\/div>\n            <\/a>          <\/div>\n         <\/div><div class=\"gallery-col col\" >\n          <div class=\"col-inner\">\n            <a class=\"image-lightbox lightbox-gallery\" href=\"https:\/\/www.montanheiros.com\/wp-content\/uploads\/2019\/05\/big6_1540815722.jpg\" title=\"Encerramento da temporada de caminhadas na natureza 2018 &quot;Nos meandros da natureza&quot;, Pico Gaspar e Churrascada, 28out2018 - ilha Terceira \">            <div class=\"box has-hover gallery-box box-none\">\n              <div class=\"box-image\" style=\"width:56%;\">\n                <img loading=\"lazy\" decoding=\"async\" width=\"280\" height=\"280\" src=\"https:\/\/www.montanheiros.com\/wp-content\/uploads\/2019\/05\/big6_1540815722-280x280.jpg\" class=\"attachment-thumbnail size-thumbnail\" alt=\"\" ids=\"6557,6558,6559,6560,6561,6562,6563,6564,6565,6566,6567,6568,6569,6570,6571,6572,6573,6574,6575,6576,6577,6578\" style=\"none\" type=\"slider\" columns=\"1\" image_width=\"56\" image_size=\"thumbnail\" srcset=\"https:\/\/www.montanheiros.com\/wp-content\/uploads\/2019\/05\/big6_1540815722-280x280.jpg 280w, https:\/\/www.montanheiros.com\/wp-content\/uploads\/2019\/05\/big6_1540815722-300x300.jpg 300w, https:\/\/www.montanheiros.com\/wp-content\/uploads\/2019\/05\/big6_1540815722-100x100.jpg 100w\" sizes=\"auto, (max-width: 280px) 100vw, 280px\" \/>                                                              <\/div>\n              <div class=\"box-text text-left\" >\n                 <p>Encerramento da temporada de caminhadas na natureza 2018 \"Nos meandros da natureza\", Pico Gaspar e Churrascada, 28out2018 - ilha Terceira <\/p>\n              <\/div>\n            <\/div>\n            <\/a>          <\/div>\n         <\/div><div class=\"gallery-col col\" >\n          <div class=\"col-inner\">\n            <a class=\"image-lightbox lightbox-gallery\" href=\"https:\/\/www.montanheiros.com\/wp-content\/uploads\/2019\/05\/big4_1540815720.jpg\" title=\"Encerramento da temporada de caminhadas na natureza 2018 &quot;Nos meandros da natureza&quot;, Pico Gaspar e Churrascada, 28out2018 - ilha Terceira \">            <div class=\"box has-hover gallery-box box-none\">\n              <div class=\"box-image\" style=\"width:56%;\">\n                <img loading=\"lazy\" decoding=\"async\" width=\"280\" height=\"280\" src=\"https:\/\/www.montanheiros.com\/wp-content\/uploads\/2019\/05\/big4_1540815720-280x280.jpg\" class=\"attachment-thumbnail size-thumbnail\" alt=\"\" ids=\"6557,6558,6559,6560,6561,6562,6563,6564,6565,6566,6567,6568,6569,6570,6571,6572,6573,6574,6575,6576,6577,6578\" style=\"none\" type=\"slider\" columns=\"1\" image_width=\"56\" image_size=\"thumbnail\" srcset=\"https:\/\/www.montanheiros.com\/wp-content\/uploads\/2019\/05\/big4_1540815720-280x280.jpg 280w, https:\/\/www.montanheiros.com\/wp-content\/uploads\/2019\/05\/big4_1540815720-300x300.jpg 300w, https:\/\/www.montanheiros.com\/wp-content\/uploads\/2019\/05\/big4_1540815720-100x100.jpg 100w\" sizes=\"auto, (max-width: 280px) 100vw, 280px\" \/>                                                              <\/div>\n              <div class=\"box-text text-left\" >\n                 <p>Encerramento da temporada de caminhadas na natureza 2018 \"Nos meandros da natureza\", Pico Gaspar e Churrascada, 28out2018 - ilha Terceira <\/p>\n              <\/div>\n            <\/div>\n            <\/a>          <\/div>\n         <\/div><div class=\"gallery-col col\" >\n          <div class=\"col-inner\">\n            <a class=\"image-lightbox lightbox-gallery\" href=\"https:\/\/www.montanheiros.com\/wp-content\/uploads\/2019\/05\/big2_1540815702.jpg\" title=\"Encerramento da temporada de caminhadas na natureza 2018 &quot;Nos meandros da natureza&quot;, Pico Gaspar e Churrascada, 28out2018 - ilha Terceira \">            <div class=\"box has-hover gallery-box box-none\">\n              <div class=\"box-image\" style=\"width:56%;\">\n                <img loading=\"lazy\" decoding=\"async\" width=\"280\" height=\"280\" src=\"https:\/\/www.montanheiros.com\/wp-content\/uploads\/2019\/05\/big2_1540815702-280x280.jpg\" class=\"attachment-thumbnail size-thumbnail\" alt=\"\" ids=\"6557,6558,6559,6560,6561,6562,6563,6564,6565,6566,6567,6568,6569,6570,6571,6572,6573,6574,6575,6576,6577,6578\" style=\"none\" type=\"slider\" columns=\"1\" image_width=\"56\" image_size=\"thumbnail\" srcset=\"https:\/\/www.montanheiros.com\/wp-content\/uploads\/2019\/05\/big2_1540815702-280x280.jpg 280w, https:\/\/www.montanheiros.com\/wp-content\/uploads\/2019\/05\/big2_1540815702-300x300.jpg 300w, https:\/\/www.montanheiros.com\/wp-content\/uploads\/2019\/05\/big2_1540815702-100x100.jpg 100w\" sizes=\"auto, (max-width: 280px) 100vw, 280px\" \/>                                                              <\/div>\n              <div class=\"box-text text-left\" >\n                 <p>Encerramento da temporada de caminhadas na natureza 2018 \"Nos meandros da natureza\", Pico Gaspar e Churrascada, 28out2018 - ilha Terceira <\/p>\n              <\/div>\n            <\/div>\n            <\/a>          <\/div>\n         <\/div><div class=\"gallery-col col\" >\n          <div class=\"col-inner\">\n            <a class=\"image-lightbox lightbox-gallery\" href=\"https:\/\/www.montanheiros.com\/wp-content\/uploads\/2019\/05\/big13_1540815734.jpg\" title=\"Encerramento da temporada de caminhadas na natureza 2018 &quot;Nos meandros da natureza&quot;, Pico Gaspar e Churrascada, 28out2018 - ilha Terceira \">            <div class=\"box has-hover gallery-box box-none\">\n              <div class=\"box-image\" style=\"width:56%;\">\n                <img loading=\"lazy\" decoding=\"async\" width=\"280\" height=\"280\" src=\"https:\/\/www.montanheiros.com\/wp-content\/uploads\/2019\/05\/big13_1540815734-280x280.jpg\" class=\"attachment-thumbnail size-thumbnail\" alt=\"\" ids=\"6557,6558,6559,6560,6561,6562,6563,6564,6565,6566,6567,6568,6569,6570,6571,6572,6573,6574,6575,6576,6577,6578\" style=\"none\" type=\"slider\" columns=\"1\" image_width=\"56\" image_size=\"thumbnail\" srcset=\"https:\/\/www.montanheiros.com\/wp-content\/uploads\/2019\/05\/big13_1540815734-280x280.jpg 280w, https:\/\/www.montanheiros.com\/wp-content\/uploads\/2019\/05\/big13_1540815734-300x300.jpg 300w, https:\/\/www.montanheiros.com\/wp-content\/uploads\/2019\/05\/big13_1540815734-100x100.jpg 100w\" sizes=\"auto, (max-width: 280px) 100vw, 280px\" \/>                                                              <\/div>\n              <div class=\"box-text text-left\" >\n                 <p>Encerramento da temporada de caminhadas na natureza 2018 \"Nos meandros da natureza\", Pico Gaspar e Churrascada, 28out2018 - ilha Terceira <\/p>\n              <\/div>\n            <\/div>\n            <\/a>          <\/div>\n         <\/div><div class=\"gallery-col col\" >\n          <div class=\"col-inner\">\n            <a class=\"image-lightbox lightbox-gallery\" href=\"https:\/\/www.montanheiros.com\/wp-content\/uploads\/2019\/05\/big9_1540815729.jpg\" title=\"Encerramento da temporada de caminhadas na natureza 2018 &quot;Nos meandros da natureza&quot;, Pico Gaspar e Churrascada, 28out2018 - ilha Terceira \">            <div class=\"box has-hover gallery-box box-none\">\n              <div class=\"box-image\" style=\"width:56%;\">\n                <img loading=\"lazy\" decoding=\"async\" width=\"280\" height=\"280\" src=\"https:\/\/www.montanheiros.com\/wp-content\/uploads\/2019\/05\/big9_1540815729-280x280.jpg\" class=\"attachment-thumbnail size-thumbnail\" alt=\"\" ids=\"6557,6558,6559,6560,6561,6562,6563,6564,6565,6566,6567,6568,6569,6570,6571,6572,6573,6574,6575,6576,6577,6578\" style=\"none\" type=\"slider\" columns=\"1\" image_width=\"56\" image_size=\"thumbnail\" srcset=\"https:\/\/www.montanheiros.com\/wp-content\/uploads\/2019\/05\/big9_1540815729-280x280.jpg 280w, https:\/\/www.montanheiros.com\/wp-content\/uploads\/2019\/05\/big9_1540815729-300x300.jpg 300w, https:\/\/www.montanheiros.com\/wp-content\/uploads\/2019\/05\/big9_1540815729-100x100.jpg 100w\" sizes=\"auto, (max-width: 280px) 100vw, 280px\" \/>                                                              <\/div>\n              <div class=\"box-text text-left\" >\n                 <p>Encerramento da temporada de caminhadas na natureza 2018 \"Nos meandros da natureza\", Pico Gaspar e Churrascada, 28out2018 - ilha Terceira <\/p>\n              <\/div>\n            <\/div>\n            <\/a>          <\/div>\n         <\/div><div class=\"gallery-col col\" >\n          <div class=\"col-inner\">\n            <a class=\"image-lightbox lightbox-gallery\" href=\"https:\/\/www.montanheiros.com\/wp-content\/uploads\/2019\/05\/big10_1540815729.jpg\" title=\"Encerramento da temporada de caminhadas na natureza 2018 &quot;Nos meandros da natureza&quot;, Pico Gaspar e Churrascada, 28out2018 - ilha Terceira \">            <div class=\"box has-hover gallery-box box-none\">\n              <div class=\"box-image\" style=\"width:56%;\">\n                <img loading=\"lazy\" decoding=\"async\" width=\"280\" height=\"280\" src=\"https:\/\/www.montanheiros.com\/wp-content\/uploads\/2019\/05\/big10_1540815729-280x280.jpg\" class=\"attachment-thumbnail size-thumbnail\" alt=\"\" ids=\"6557,6558,6559,6560,6561,6562,6563,6564,6565,6566,6567,6568,6569,6570,6571,6572,6573,6574,6575,6576,6577,6578\" style=\"none\" type=\"slider\" columns=\"1\" image_width=\"56\" image_size=\"thumbnail\" srcset=\"https:\/\/www.montanheiros.com\/wp-content\/uploads\/2019\/05\/big10_1540815729-280x280.jpg 280w, https:\/\/www.montanheiros.com\/wp-content\/uploads\/2019\/05\/big10_1540815729-300x300.jpg 300w, https:\/\/www.montanheiros.com\/wp-content\/uploads\/2019\/05\/big10_1540815729-100x100.jpg 100w\" sizes=\"auto, (max-width: 280px) 100vw, 280px\" \/>                                                              <\/div>\n              <div class=\"box-text text-left\" >\n                 <p>Encerramento da temporada de caminhadas na natureza 2018 \"Nos meandros da natureza\", Pico Gaspar e Churrascada, 28out2018 - ilha Terceira <\/p>\n              <\/div>\n            <\/div>\n            <\/a>          <\/div>\n         <\/div><div class=\"gallery-col col\" >\n          <div class=\"col-inner\">\n            <a class=\"image-lightbox lightbox-gallery\" href=\"https:\/\/www.montanheiros.com\/wp-content\/uploads\/2019\/05\/big26_1540815827.jpg\" title=\"Encerramento da temporada de caminhadas na natureza 2018 &quot;Nos meandros da natureza&quot;, Pico Gaspar e Churrascada, 28out2018 - ilha Terceira \">            <div class=\"box has-hover gallery-box box-none\">\n              <div class=\"box-image\" style=\"width:56%;\">\n                <img loading=\"lazy\" decoding=\"async\" width=\"280\" height=\"280\" src=\"https:\/\/www.montanheiros.com\/wp-content\/uploads\/2019\/05\/big26_1540815827-280x280.jpg\" class=\"attachment-thumbnail size-thumbnail\" alt=\"\" ids=\"6557,6558,6559,6560,6561,6562,6563,6564,6565,6566,6567,6568,6569,6570,6571,6572,6573,6574,6575,6576,6577,6578\" style=\"none\" type=\"slider\" columns=\"1\" image_width=\"56\" image_size=\"thumbnail\" srcset=\"https:\/\/www.montanheiros.com\/wp-content\/uploads\/2019\/05\/big26_1540815827-280x280.jpg 280w, https:\/\/www.montanheiros.com\/wp-content\/uploads\/2019\/05\/big26_1540815827-300x300.jpg 300w, https:\/\/www.montanheiros.com\/wp-content\/uploads\/2019\/05\/big26_1540815827-100x100.jpg 100w\" sizes=\"auto, (max-width: 280px) 100vw, 280px\" \/>                                                              <\/div>\n              <div class=\"box-text text-left\" >\n                 <p>Encerramento da temporada de caminhadas na natureza 2018 \"Nos meandros da natureza\", Pico Gaspar e Churrascada, 28out2018 - ilha Terceira <\/p>\n              <\/div>\n            <\/div>\n            <\/a>          <\/div>\n         <\/div><div class=\"gallery-col col\" >\n          <div class=\"col-inner\">\n            <a class=\"image-lightbox lightbox-gallery\" href=\"https:\/\/www.montanheiros.com\/wp-content\/uploads\/2019\/05\/big11_1540815732.jpg\" title=\"Encerramento da temporada de caminhadas na natureza 2018 &quot;Nos meandros da natureza&quot;, Pico Gaspar e Churrascada, 28out2018 - ilha Terceira \">            <div class=\"box has-hover gallery-box box-none\">\n              <div class=\"box-image\" style=\"width:56%;\">\n                <img loading=\"lazy\" decoding=\"async\" width=\"280\" height=\"280\" src=\"https:\/\/www.montanheiros.com\/wp-content\/uploads\/2019\/05\/big11_1540815732-280x280.jpg\" class=\"attachment-thumbnail size-thumbnail\" alt=\"\" ids=\"6557,6558,6559,6560,6561,6562,6563,6564,6565,6566,6567,6568,6569,6570,6571,6572,6573,6574,6575,6576,6577,6578\" style=\"none\" type=\"slider\" columns=\"1\" image_width=\"56\" image_size=\"thumbnail\" srcset=\"https:\/\/www.montanheiros.com\/wp-content\/uploads\/2019\/05\/big11_1540815732-280x280.jpg 280w, https:\/\/www.montanheiros.com\/wp-content\/uploads\/2019\/05\/big11_1540815732-300x300.jpg 300w, https:\/\/www.montanheiros.com\/wp-content\/uploads\/2019\/05\/big11_1540815732-100x100.jpg 100w\" sizes=\"auto, (max-width: 280px) 100vw, 280px\" \/>                                                              <\/div>\n              <div class=\"box-text text-left\" >\n                 <p>Encerramento da temporada de caminhadas na natureza 2018 \"Nos meandros da natureza\", Pico Gaspar e Churrascada, 28out2018 - ilha Terceira <\/p>\n              <\/div>\n            <\/div>\n            <\/a>          <\/div>\n         <\/div><div class=\"gallery-col col\" >\n          <div class=\"col-inner\">\n            <a class=\"image-lightbox lightbox-gallery\" href=\"https:\/\/www.montanheiros.com\/wp-content\/uploads\/2019\/05\/big17_1540815761.jpg\" title=\"Encerramento da temporada de caminhadas na natureza 2018 &quot;Nos meandros da natureza&quot;, Pico Gaspar e Churrascada, 28out2018 - ilha Terceira \">            <div class=\"box has-hover gallery-box box-none\">\n              <div class=\"box-image\" style=\"width:56%;\">\n                <img loading=\"lazy\" decoding=\"async\" width=\"280\" height=\"280\" src=\"https:\/\/www.montanheiros.com\/wp-content\/uploads\/2019\/05\/big17_1540815761-280x280.jpg\" class=\"attachment-thumbnail size-thumbnail\" alt=\"\" ids=\"6557,6558,6559,6560,6561,6562,6563,6564,6565,6566,6567,6568,6569,6570,6571,6572,6573,6574,6575,6576,6577,6578\" style=\"none\" type=\"slider\" columns=\"1\" image_width=\"56\" image_size=\"thumbnail\" srcset=\"https:\/\/www.montanheiros.com\/wp-content\/uploads\/2019\/05\/big17_1540815761-280x280.jpg 280w, https:\/\/www.montanheiros.com\/wp-content\/uploads\/2019\/05\/big17_1540815761-300x300.jpg 300w, https:\/\/www.montanheiros.com\/wp-content\/uploads\/2019\/05\/big17_1540815761-100x100.jpg 100w\" sizes=\"auto, (max-width: 280px) 100vw, 280px\" \/>                                                              <\/div>\n              <div class=\"box-text text-left\" >\n                 <p>Encerramento da temporada de caminhadas na natureza 2018 \"Nos meandros da natureza\", Pico Gaspar e Churrascada, 28out2018 - ilha Terceira <\/p>\n              <\/div>\n            <\/div>\n            <\/a>          <\/div>\n         <\/div><div class=\"gallery-col col\" >\n          <div class=\"col-inner\">\n            <a class=\"image-lightbox lightbox-gallery\" href=\"https:\/\/www.montanheiros.com\/wp-content\/uploads\/2019\/05\/big18_1540815772.jpg\" title=\"Encerramento da temporada de caminhadas na natureza 2018 &quot;Nos meandros da natureza&quot;, Pico Gaspar e Churrascada, 28out2018 - ilha Terceira \">            <div class=\"box has-hover gallery-box box-none\">\n              <div class=\"box-image\" style=\"width:56%;\">\n                <img loading=\"lazy\" decoding=\"async\" width=\"280\" height=\"280\" src=\"https:\/\/www.montanheiros.com\/wp-content\/uploads\/2019\/05\/big18_1540815772-280x280.jpg\" class=\"attachment-thumbnail size-thumbnail\" alt=\"\" ids=\"6557,6558,6559,6560,6561,6562,6563,6564,6565,6566,6567,6568,6569,6570,6571,6572,6573,6574,6575,6576,6577,6578\" style=\"none\" type=\"slider\" columns=\"1\" image_width=\"56\" image_size=\"thumbnail\" srcset=\"https:\/\/www.montanheiros.com\/wp-content\/uploads\/2019\/05\/big18_1540815772-280x280.jpg 280w, https:\/\/www.montanheiros.com\/wp-content\/uploads\/2019\/05\/big18_1540815772-300x300.jpg 300w, https:\/\/www.montanheiros.com\/wp-content\/uploads\/2019\/05\/big18_1540815772-100x100.jpg 100w\" sizes=\"auto, (max-width: 280px) 100vw, 280px\" \/>                                                              <\/div>\n              <div class=\"box-text text-left\" >\n                 <p>Encerramento da temporada de caminhadas na natureza 2018 \"Nos meandros da natureza\", Pico Gaspar e Churrascada, 28out2018 - ilha Terceira <\/p>\n              <\/div>\n            <\/div>\n            <\/a>          <\/div>\n         <\/div><div class=\"gallery-col col\" >\n          <div class=\"col-inner\">\n            <a class=\"image-lightbox lightbox-gallery\" href=\"https:\/\/www.montanheiros.com\/wp-content\/uploads\/2019\/05\/big20_1540815777.jpg\" title=\"Encerramento da temporada de caminhadas na natureza 2018 &quot;Nos meandros da natureza&quot;, Pico Gaspar e Churrascada, 28out2018 - ilha Terceira \">            <div class=\"box has-hover gallery-box box-none\">\n              <div class=\"box-image\" style=\"width:56%;\">\n                <img loading=\"lazy\" decoding=\"async\" width=\"280\" height=\"280\" src=\"https:\/\/www.montanheiros.com\/wp-content\/uploads\/2019\/05\/big20_1540815777-280x280.jpg\" class=\"attachment-thumbnail size-thumbnail\" alt=\"\" ids=\"6557,6558,6559,6560,6561,6562,6563,6564,6565,6566,6567,6568,6569,6570,6571,6572,6573,6574,6575,6576,6577,6578\" style=\"none\" type=\"slider\" columns=\"1\" image_width=\"56\" image_size=\"thumbnail\" srcset=\"https:\/\/www.montanheiros.com\/wp-content\/uploads\/2019\/05\/big20_1540815777-280x280.jpg 280w, https:\/\/www.montanheiros.com\/wp-content\/uploads\/2019\/05\/big20_1540815777-300x300.jpg 300w, https:\/\/www.montanheiros.com\/wp-content\/uploads\/2019\/05\/big20_1540815777-100x100.jpg 100w\" sizes=\"auto, (max-width: 280px) 100vw, 280px\" \/>                                                              <\/div>\n              <div class=\"box-text text-left\" >\n                 <p>Encerramento da temporada de caminhadas na natureza 2018 \"Nos meandros da natureza\", Pico Gaspar e Churrascada, 28out2018 - ilha Terceira <\/p>\n              <\/div>\n            <\/div>\n            <\/a>          <\/div>\n         <\/div><div class=\"gallery-col col\" >\n          <div class=\"col-inner\">\n            <a class=\"image-lightbox lightbox-gallery\" href=\"https:\/\/www.montanheiros.com\/wp-content\/uploads\/2019\/05\/big22_1540815785.jpg\" title=\"Encerramento da temporada de caminhadas na natureza 2018 &quot;Nos meandros da natureza&quot;, Pico Gaspar e Churrascada, 28out2018 - ilha Terceira \">            <div class=\"box has-hover gallery-box box-none\">\n              <div class=\"box-image\" style=\"width:56%;\">\n                <img loading=\"lazy\" decoding=\"async\" width=\"280\" height=\"280\" src=\"https:\/\/www.montanheiros.com\/wp-content\/uploads\/2019\/05\/big22_1540815785-280x280.jpg\" class=\"attachment-thumbnail size-thumbnail\" alt=\"\" ids=\"6557,6558,6559,6560,6561,6562,6563,6564,6565,6566,6567,6568,6569,6570,6571,6572,6573,6574,6575,6576,6577,6578\" style=\"none\" type=\"slider\" columns=\"1\" image_width=\"56\" image_size=\"thumbnail\" srcset=\"https:\/\/www.montanheiros.com\/wp-content\/uploads\/2019\/05\/big22_1540815785-280x280.jpg 280w, https:\/\/www.montanheiros.com\/wp-content\/uploads\/2019\/05\/big22_1540815785-300x300.jpg 300w, https:\/\/www.montanheiros.com\/wp-content\/uploads\/2019\/05\/big22_1540815785-100x100.jpg 100w\" sizes=\"auto, (max-width: 280px) 100vw, 280px\" \/>                                                              <\/div>\n              <div class=\"box-text text-left\" >\n                 <p>Encerramento da temporada de caminhadas na natureza 2018 \"Nos meandros da natureza\", Pico Gaspar e Churrascada, 28out2018 - ilha Terceira <\/p>\n              <\/div>\n            <\/div>\n            <\/a>          <\/div>\n         <\/div><div class=\"gallery-col col\" >\n          <div class=\"col-inner\">\n            <a class=\"image-lightbox lightbox-gallery\" href=\"https:\/\/www.montanheiros.com\/wp-content\/uploads\/2019\/05\/big24_1540815786.jpg\" title=\"Encerramento da temporada de caminhadas na natureza 2018 &quot;Nos meandros da natureza&quot;, Pico Gaspar e Churrascada, 28out2018 - ilha Terceira \">            <div class=\"box has-hover gallery-box box-none\">\n              <div class=\"box-image\" style=\"width:56%;\">\n                <img loading=\"lazy\" decoding=\"async\" width=\"280\" height=\"280\" src=\"https:\/\/www.montanheiros.com\/wp-content\/uploads\/2019\/05\/big24_1540815786-280x280.jpg\" class=\"attachment-thumbnail size-thumbnail\" alt=\"\" ids=\"6557,6558,6559,6560,6561,6562,6563,6564,6565,6566,6567,6568,6569,6570,6571,6572,6573,6574,6575,6576,6577,6578\" style=\"none\" type=\"slider\" columns=\"1\" image_width=\"56\" image_size=\"thumbnail\" srcset=\"https:\/\/www.montanheiros.com\/wp-content\/uploads\/2019\/05\/big24_1540815786-280x280.jpg 280w, https:\/\/www.montanheiros.com\/wp-content\/uploads\/2019\/05\/big24_1540815786-300x300.jpg 300w, https:\/\/www.montanheiros.com\/wp-content\/uploads\/2019\/05\/big24_1540815786-100x100.jpg 100w\" sizes=\"auto, (max-width: 280px) 100vw, 280px\" \/>                                                              <\/div>\n              <div class=\"box-text text-left\" >\n                 <p>Encerramento da temporada de caminhadas na natureza 2018 \"Nos meandros da natureza\", Pico Gaspar e Churrascada, 28out2018 - ilha Terceira <\/p>\n              <\/div>\n            <\/div>\n            <\/a>          <\/div>\n         <\/div><div class=\"gallery-col col\" >\n          <div class=\"col-inner\">\n            <a class=\"image-lightbox lightbox-gallery\" href=\"https:\/\/www.montanheiros.com\/wp-content\/uploads\/2019\/05\/big19_1540815777.jpg\" title=\"Encerramento da temporada de caminhadas na natureza 2018 &quot;Nos meandros da natureza&quot;, Pico Gaspar e Churrascada, 28out2018 - ilha Terceira \">            <div class=\"box has-hover gallery-box box-none\">\n              <div class=\"box-image\" style=\"width:56%;\">\n                <img loading=\"lazy\" decoding=\"async\" width=\"280\" height=\"280\" src=\"https:\/\/www.montanheiros.com\/wp-content\/uploads\/2019\/05\/big19_1540815777-280x280.jpg\" class=\"attachment-thumbnail size-thumbnail\" alt=\"\" ids=\"6557,6558,6559,6560,6561,6562,6563,6564,6565,6566,6567,6568,6569,6570,6571,6572,6573,6574,6575,6576,6577,6578\" style=\"none\" type=\"slider\" columns=\"1\" image_width=\"56\" image_size=\"thumbnail\" srcset=\"https:\/\/www.montanheiros.com\/wp-content\/uploads\/2019\/05\/big19_1540815777-280x280.jpg 280w, https:\/\/www.montanheiros.com\/wp-content\/uploads\/2019\/05\/big19_1540815777-300x300.jpg 300w, https:\/\/www.montanheiros.com\/wp-content\/uploads\/2019\/05\/big19_1540815777-100x100.jpg 100w\" sizes=\"auto, (max-width: 280px) 100vw, 280px\" \/>                                                              <\/div>\n              <div class=\"box-text text-left\" >\n                 <p>Encerramento da temporada de caminhadas na natureza 2018 \"Nos meandros da natureza\", Pico Gaspar e Churrascada, 28out2018 - ilha Terceira <\/p>\n              <\/div>\n            <\/div>\n            <\/a>          <\/div>\n         <\/div><div class=\"gallery-col col\" >\n          <div class=\"col-inner\">\n            <a class=\"image-lightbox lightbox-gallery\" href=\"https:\/\/www.montanheiros.com\/wp-content\/uploads\/2019\/05\/big25_1540815787.jpg\" title=\"Encerramento da temporada de caminhadas na natureza 2018 &quot;Nos meandros da natureza&quot;, Pico Gaspar e Churrascada, 28out2018 - ilha Terceira \">            <div class=\"box has-hover gallery-box box-none\">\n              <div class=\"box-image\" style=\"width:56%;\">\n                <img loading=\"lazy\" decoding=\"async\" width=\"280\" height=\"280\" src=\"https:\/\/www.montanheiros.com\/wp-content\/uploads\/2019\/05\/big25_1540815787-280x280.jpg\" class=\"attachment-thumbnail size-thumbnail\" alt=\"\" ids=\"6557,6558,6559,6560,6561,6562,6563,6564,6565,6566,6567,6568,6569,6570,6571,6572,6573,6574,6575,6576,6577,6578\" style=\"none\" type=\"slider\" columns=\"1\" image_width=\"56\" image_size=\"thumbnail\" srcset=\"https:\/\/www.montanheiros.com\/wp-content\/uploads\/2019\/05\/big25_1540815787-280x280.jpg 280w, https:\/\/www.montanheiros.com\/wp-content\/uploads\/2019\/05\/big25_1540815787-300x300.jpg 300w, https:\/\/www.montanheiros.com\/wp-content\/uploads\/2019\/05\/big25_1540815787-100x100.jpg 100w\" sizes=\"auto, (max-width: 280px) 100vw, 280px\" \/>                                                              <\/div>\n              <div class=\"box-text text-left\" >\n                 <p>Encerramento da temporada de caminhadas na natureza 2018 \"Nos meandros da natureza\", Pico Gaspar e Churrascada, 28out2018 - ilha Terceira <\/p>\n              <\/div>\n            <\/div>\n            <\/a>          <\/div>\n         <\/div><div class=\"gallery-col col\" >\n          <div class=\"col-inner\">\n            <a class=\"image-lightbox lightbox-gallery\" href=\"https:\/\/www.montanheiros.com\/wp-content\/uploads\/2019\/05\/big23_1540815785.jpg\" title=\"Encerramento da temporada de caminhadas na natureza 2018 &quot;Nos meandros da natureza&quot;, Pico Gaspar e Churrascada, 28out2018 - ilha Terceira \">            <div class=\"box has-hover gallery-box box-none\">\n              <div class=\"box-image\" style=\"width:56%;\">\n                <img loading=\"lazy\" decoding=\"async\" width=\"280\" height=\"280\" src=\"https:\/\/www.montanheiros.com\/wp-content\/uploads\/2019\/05\/big23_1540815785-280x280.jpg\" class=\"attachment-thumbnail size-thumbnail\" alt=\"\" ids=\"6557,6558,6559,6560,6561,6562,6563,6564,6565,6566,6567,6568,6569,6570,6571,6572,6573,6574,6575,6576,6577,6578\" style=\"none\" type=\"slider\" columns=\"1\" image_width=\"56\" image_size=\"thumbnail\" srcset=\"https:\/\/www.montanheiros.com\/wp-content\/uploads\/2019\/05\/big23_1540815785-280x280.jpg 280w, https:\/\/www.montanheiros.com\/wp-content\/uploads\/2019\/05\/big23_1540815785-300x300.jpg 300w, https:\/\/www.montanheiros.com\/wp-content\/uploads\/2019\/05\/big23_1540815785-100x100.jpg 100w\" sizes=\"auto, (max-width: 280px) 100vw, 280px\" \/>                                                              <\/div>\n              <div class=\"box-text text-left\" >\n                 <p>Encerramento da temporada de caminhadas na natureza 2018 \"Nos meandros da natureza\", Pico Gaspar e Churrascada, 28out2018 - ilha Terceira <\/p>\n              <\/div>\n            <\/div>\n            <\/a>          <\/div>\n         <\/div><div class=\"gallery-col col\" >\n          <div class=\"col-inner\">\n            <a class=\"image-lightbox lightbox-gallery\" href=\"https:\/\/www.montanheiros.com\/wp-content\/uploads\/2019\/05\/big21_1540815782.jpg\" title=\"Encerramento da temporada de caminhadas na natureza 2018 &quot;Nos meandros da natureza&quot;, Pico Gaspar e Churrascada, 28out2018 - ilha Terceira \">            <div class=\"box has-hover gallery-box box-none\">\n              <div class=\"box-image\" style=\"width:56%;\">\n                <img loading=\"lazy\" decoding=\"async\" width=\"280\" height=\"280\" src=\"https:\/\/www.montanheiros.com\/wp-content\/uploads\/2019\/05\/big21_1540815782-280x280.jpg\" class=\"attachment-thumbnail size-thumbnail\" alt=\"\" ids=\"6557,6558,6559,6560,6561,6562,6563,6564,6565,6566,6567,6568,6569,6570,6571,6572,6573,6574,6575,6576,6577,6578\" style=\"none\" type=\"slider\" columns=\"1\" image_width=\"56\" image_size=\"thumbnail\" srcset=\"https:\/\/www.montanheiros.com\/wp-content\/uploads\/2019\/05\/big21_1540815782-280x280.jpg 280w, https:\/\/www.montanheiros.com\/wp-content\/uploads\/2019\/05\/big21_1540815782-300x300.jpg 300w, https:\/\/www.montanheiros.com\/wp-content\/uploads\/2019\/05\/big21_1540815782-100x100.jpg 100w\" sizes=\"auto, (max-width: 280px) 100vw, 280px\" \/>                                                              <\/div>\n              <div class=\"box-text text-left\" >\n                 <p>Encerramento da temporada de caminhadas na natureza 2018 \"Nos meandros da natureza\", Pico Gaspar e Churrascada, 28out2018 - ilha Terceira <\/p>\n              <\/div>\n            <\/div>\n            <\/a>          <\/div>\n         <\/div><\/div>\n\n\n\t\t<\/div>\n\t\t\t\t\t<\/div>\n\n\t\n\n\t<div id=\"col-1309244206\" class=\"col medium-3 small-12 large-3\"  >\n\t\t\t\t<div class=\"col-inner\"  >\n\t\t\t\n\t\t\t\n\n<p>Excurs\u00e3o a S. Jorge, Trilho Bardinhos, 29jul2017 &#8211; ilha S.Jorge<\/p>\n\n  \n    <div class=\"row large-columns-1 medium-columns- small-columns- row-full-width slider row-slider slider-nav-reveal\"  data-flickity-options='{\"imagesLoaded\": true, \"groupCells\": \"100%\", \"dragThreshold\" : 5, \"cellAlign\": \"left\",\"wrapAround\": true,\"prevNextButtons\": true,\"percentPosition\": true,\"pageDots\": false, \"rightToLeft\": false, \"autoPlay\" : false}'>\n\n  <div class=\"gallery-col col\" >\n          <div class=\"col-inner\">\n            <a class=\"image-lightbox lightbox-gallery\" href=\"https:\/\/www.montanheiros.com\/wp-content\/uploads\/2019\/05\/big1_1532962798.jpg\" title=\"Excurs\u00e3o a S. Jorge, Trilho Bardinhos, 29jul2017 - ilha S.Jorge \">            <div class=\"box has-hover gallery-box box-none\">\n              <div class=\"box-image\" style=\"width:63%;\">\n                <img loading=\"lazy\" decoding=\"async\" width=\"280\" height=\"280\" src=\"https:\/\/www.montanheiros.com\/wp-content\/uploads\/2019\/05\/big1_1532962798-280x280.jpg\" class=\"attachment-thumbnail size-thumbnail\" alt=\"\" ids=\"6495,6496,6497,6498,6499,6500,6501,6502,6503,6504,6505,6506,6507,6508,6509,6510,6511,6512,6513,6514,6515,6516,6517,6518,6519,6520,6521,6522,6523,6524,6525,6526,6527,6528,6529,6530,6531,6532,6533,6534,6535,6536,6537,6538,6539,6540,6541,6542,6543,6544,6545,6546,6547,6548,6549,6550,6551,6552,6553,6554,6555\" style=\"none\" type=\"slider\" columns=\"1\" image_width=\"63\" image_size=\"thumbnail\" text_align=\"center\" srcset=\"https:\/\/www.montanheiros.com\/wp-content\/uploads\/2019\/05\/big1_1532962798-280x280.jpg 280w, https:\/\/www.montanheiros.com\/wp-content\/uploads\/2019\/05\/big1_1532962798-300x300.jpg 300w, https:\/\/www.montanheiros.com\/wp-content\/uploads\/2019\/05\/big1_1532962798-100x100.jpg 100w\" sizes=\"auto, (max-width: 280px) 100vw, 280px\" \/>                                                              <\/div>\n              <div class=\"box-text text-center\" >\n                 <p>Excurs\u00e3o a S. Jorge, Trilho Bardinhos, 29jul2017 - ilha S.Jorge <\/p>\n              <\/div>\n            <\/div>\n            <\/a>          <\/div>\n         <\/div><div class=\"gallery-col col\" >\n          <div class=\"col-inner\">\n            <a class=\"image-lightbox lightbox-gallery\" href=\"https:\/\/www.montanheiros.com\/wp-content\/uploads\/2019\/05\/big4_1532962819.jpg\" title=\"Excurs\u00e3o a S. Jorge, Trilho Bardinhos, 29jul2017 - ilha S.Jorge \">            <div class=\"box has-hover gallery-box box-none\">\n              <div class=\"box-image\" style=\"width:63%;\">\n                <img loading=\"lazy\" decoding=\"async\" width=\"280\" height=\"280\" src=\"https:\/\/www.montanheiros.com\/wp-content\/uploads\/2019\/05\/big4_1532962819-280x280.jpg\" class=\"attachment-thumbnail size-thumbnail\" alt=\"\" ids=\"6495,6496,6497,6498,6499,6500,6501,6502,6503,6504,6505,6506,6507,6508,6509,6510,6511,6512,6513,6514,6515,6516,6517,6518,6519,6520,6521,6522,6523,6524,6525,6526,6527,6528,6529,6530,6531,6532,6533,6534,6535,6536,6537,6538,6539,6540,6541,6542,6543,6544,6545,6546,6547,6548,6549,6550,6551,6552,6553,6554,6555\" style=\"none\" type=\"slider\" columns=\"1\" image_width=\"63\" image_size=\"thumbnail\" text_align=\"center\" srcset=\"https:\/\/www.montanheiros.com\/wp-content\/uploads\/2019\/05\/big4_1532962819-280x280.jpg 280w, https:\/\/www.montanheiros.com\/wp-content\/uploads\/2019\/05\/big4_1532962819-300x300.jpg 300w, https:\/\/www.montanheiros.com\/wp-content\/uploads\/2019\/05\/big4_1532962819-100x100.jpg 100w\" sizes=\"auto, (max-width: 280px) 100vw, 280px\" \/>                                                              <\/div>\n              <div class=\"box-text text-center\" >\n                 <p>Excurs\u00e3o a S. Jorge, Trilho Bardinhos, 29jul2017 - ilha S.Jorge <\/p>\n              <\/div>\n            <\/div>\n            <\/a>          <\/div>\n         <\/div><div class=\"gallery-col col\" >\n          <div class=\"col-inner\">\n            <a class=\"image-lightbox lightbox-gallery\" href=\"https:\/\/www.montanheiros.com\/wp-content\/uploads\/2019\/05\/big17_1532963018.jpg\" title=\"Excurs\u00e3o a S. Jorge, Trilho Bardinhos, 29jul2017 - ilha S.Jorge \">            <div class=\"box has-hover gallery-box box-none\">\n              <div class=\"box-image\" style=\"width:63%;\">\n                <img loading=\"lazy\" decoding=\"async\" width=\"280\" height=\"280\" src=\"https:\/\/www.montanheiros.com\/wp-content\/uploads\/2019\/05\/big17_1532963018-280x280.jpg\" class=\"attachment-thumbnail size-thumbnail\" alt=\"\" ids=\"6495,6496,6497,6498,6499,6500,6501,6502,6503,6504,6505,6506,6507,6508,6509,6510,6511,6512,6513,6514,6515,6516,6517,6518,6519,6520,6521,6522,6523,6524,6525,6526,6527,6528,6529,6530,6531,6532,6533,6534,6535,6536,6537,6538,6539,6540,6541,6542,6543,6544,6545,6546,6547,6548,6549,6550,6551,6552,6553,6554,6555\" style=\"none\" type=\"slider\" columns=\"1\" image_width=\"63\" image_size=\"thumbnail\" text_align=\"center\" srcset=\"https:\/\/www.montanheiros.com\/wp-content\/uploads\/2019\/05\/big17_1532963018-280x280.jpg 280w, https:\/\/www.montanheiros.com\/wp-content\/uploads\/2019\/05\/big17_1532963018-300x300.jpg 300w, https:\/\/www.montanheiros.com\/wp-content\/uploads\/2019\/05\/big17_1532963018-100x100.jpg 100w\" sizes=\"auto, (max-width: 280px) 100vw, 280px\" \/>                                                              <\/div>\n              <div class=\"box-text text-center\" >\n                 <p>Excurs\u00e3o a S. Jorge, Trilho Bardinhos, 29jul2017 - ilha S.Jorge <\/p>\n              <\/div>\n            <\/div>\n            <\/a>          <\/div>\n         <\/div><div class=\"gallery-col col\" >\n          <div class=\"col-inner\">\n            <a class=\"image-lightbox lightbox-gallery\" href=\"https:\/\/www.montanheiros.com\/wp-content\/uploads\/2019\/05\/big5_1532962821.jpg\" title=\"Excurs\u00e3o a S. Jorge, Trilho Bardinhos, 29jul2017 - ilha S.Jorge \">            <div class=\"box has-hover gallery-box box-none\">\n              <div class=\"box-image\" style=\"width:63%;\">\n                <img loading=\"lazy\" decoding=\"async\" width=\"280\" height=\"280\" src=\"https:\/\/www.montanheiros.com\/wp-content\/uploads\/2019\/05\/big5_1532962821-280x280.jpg\" class=\"attachment-thumbnail size-thumbnail\" alt=\"\" ids=\"6495,6496,6497,6498,6499,6500,6501,6502,6503,6504,6505,6506,6507,6508,6509,6510,6511,6512,6513,6514,6515,6516,6517,6518,6519,6520,6521,6522,6523,6524,6525,6526,6527,6528,6529,6530,6531,6532,6533,6534,6535,6536,6537,6538,6539,6540,6541,6542,6543,6544,6545,6546,6547,6548,6549,6550,6551,6552,6553,6554,6555\" style=\"none\" type=\"slider\" columns=\"1\" image_width=\"63\" image_size=\"thumbnail\" text_align=\"center\" srcset=\"https:\/\/www.montanheiros.com\/wp-content\/uploads\/2019\/05\/big5_1532962821-280x280.jpg 280w, https:\/\/www.montanheiros.com\/wp-content\/uploads\/2019\/05\/big5_1532962821-300x300.jpg 300w, https:\/\/www.montanheiros.com\/wp-content\/uploads\/2019\/05\/big5_1532962821-100x100.jpg 100w\" sizes=\"auto, (max-width: 280px) 100vw, 280px\" \/>                                                              <\/div>\n              <div class=\"box-text text-center\" >\n                 <p>Excurs\u00e3o a S. Jorge, Trilho Bardinhos, 29jul2017 - ilha S.Jorge <\/p>\n              <\/div>\n            <\/div>\n            <\/a>          <\/div>\n         <\/div><div class=\"gallery-col col\" >\n          <div class=\"col-inner\">\n            <a class=\"image-lightbox lightbox-gallery\" href=\"https:\/\/www.montanheiros.com\/wp-content\/uploads\/2019\/05\/big18_1532963020.jpg\" title=\"Excurs\u00e3o a S. Jorge, Trilho Bardinhos, 29jul2017 - ilha S.Jorge \">            <div class=\"box has-hover gallery-box box-none\">\n              <div class=\"box-image\" style=\"width:63%;\">\n                <img loading=\"lazy\" decoding=\"async\" width=\"280\" height=\"280\" src=\"https:\/\/www.montanheiros.com\/wp-content\/uploads\/2019\/05\/big18_1532963020-280x280.jpg\" class=\"attachment-thumbnail size-thumbnail\" alt=\"\" ids=\"6495,6496,6497,6498,6499,6500,6501,6502,6503,6504,6505,6506,6507,6508,6509,6510,6511,6512,6513,6514,6515,6516,6517,6518,6519,6520,6521,6522,6523,6524,6525,6526,6527,6528,6529,6530,6531,6532,6533,6534,6535,6536,6537,6538,6539,6540,6541,6542,6543,6544,6545,6546,6547,6548,6549,6550,6551,6552,6553,6554,6555\" style=\"none\" type=\"slider\" columns=\"1\" image_width=\"63\" image_size=\"thumbnail\" text_align=\"center\" srcset=\"https:\/\/www.montanheiros.com\/wp-content\/uploads\/2019\/05\/big18_1532963020-280x280.jpg 280w, https:\/\/www.montanheiros.com\/wp-content\/uploads\/2019\/05\/big18_1532963020-300x300.jpg 300w, https:\/\/www.montanheiros.com\/wp-content\/uploads\/2019\/05\/big18_1532963020-100x100.jpg 100w\" sizes=\"auto, (max-width: 280px) 100vw, 280px\" \/>                                                              <\/div>\n              <div class=\"box-text text-center\" >\n                 <p>Excurs\u00e3o a S. Jorge, Trilho Bardinhos, 29jul2017 - ilha S.Jorge <\/p>\n              <\/div>\n            <\/div>\n            <\/a>          <\/div>\n         <\/div><div class=\"gallery-col col\" >\n          <div class=\"col-inner\">\n            <a class=\"image-lightbox lightbox-gallery\" href=\"https:\/\/www.montanheiros.com\/wp-content\/uploads\/2019\/05\/big19_1532963028-1.jpg\" title=\"Excurs\u00e3o a S. Jorge, Trilho Bardinhos, 29jul2017 - ilha S.Jorge \">            <div class=\"box has-hover gallery-box box-none\">\n              <div class=\"box-image\" style=\"width:63%;\">\n                <img loading=\"lazy\" decoding=\"async\" width=\"280\" height=\"280\" src=\"https:\/\/www.montanheiros.com\/wp-content\/uploads\/2019\/05\/big19_1532963028-1-280x280.jpg\" class=\"attachment-thumbnail size-thumbnail\" alt=\"\" ids=\"6495,6496,6497,6498,6499,6500,6501,6502,6503,6504,6505,6506,6507,6508,6509,6510,6511,6512,6513,6514,6515,6516,6517,6518,6519,6520,6521,6522,6523,6524,6525,6526,6527,6528,6529,6530,6531,6532,6533,6534,6535,6536,6537,6538,6539,6540,6541,6542,6543,6544,6545,6546,6547,6548,6549,6550,6551,6552,6553,6554,6555\" style=\"none\" type=\"slider\" columns=\"1\" image_width=\"63\" image_size=\"thumbnail\" text_align=\"center\" srcset=\"https:\/\/www.montanheiros.com\/wp-content\/uploads\/2019\/05\/big19_1532963028-1-280x280.jpg 280w, https:\/\/www.montanheiros.com\/wp-content\/uploads\/2019\/05\/big19_1532963028-1-300x300.jpg 300w, https:\/\/www.montanheiros.com\/wp-content\/uploads\/2019\/05\/big19_1532963028-1-100x100.jpg 100w\" sizes=\"auto, (max-width: 280px) 100vw, 280px\" \/>                                                              <\/div>\n              <div class=\"box-text text-center\" >\n                 <p>Excurs\u00e3o a S. Jorge, Trilho Bardinhos, 29jul2017 - ilha S.Jorge <\/p>\n              <\/div>\n            <\/div>\n            <\/a>          <\/div>\n         <\/div><div class=\"gallery-col col\" >\n          <div class=\"col-inner\">\n            <a class=\"image-lightbox lightbox-gallery\" href=\"https:\/\/www.montanheiros.com\/wp-content\/uploads\/2019\/05\/big19_1532963028.jpg\" title=\"Excurs\u00e3o a S. Jorge, Trilho Bardinhos, 29jul2017 - ilha S.Jorge \">            <div class=\"box has-hover gallery-box box-none\">\n              <div class=\"box-image\" style=\"width:63%;\">\n                <img loading=\"lazy\" decoding=\"async\" width=\"280\" height=\"280\" src=\"https:\/\/www.montanheiros.com\/wp-content\/uploads\/2019\/05\/big19_1532963028-280x280.jpg\" class=\"attachment-thumbnail size-thumbnail\" alt=\"\" ids=\"6495,6496,6497,6498,6499,6500,6501,6502,6503,6504,6505,6506,6507,6508,6509,6510,6511,6512,6513,6514,6515,6516,6517,6518,6519,6520,6521,6522,6523,6524,6525,6526,6527,6528,6529,6530,6531,6532,6533,6534,6535,6536,6537,6538,6539,6540,6541,6542,6543,6544,6545,6546,6547,6548,6549,6550,6551,6552,6553,6554,6555\" style=\"none\" type=\"slider\" columns=\"1\" image_width=\"63\" image_size=\"thumbnail\" text_align=\"center\" srcset=\"https:\/\/www.montanheiros.com\/wp-content\/uploads\/2019\/05\/big19_1532963028-280x280.jpg 280w, https:\/\/www.montanheiros.com\/wp-content\/uploads\/2019\/05\/big19_1532963028-300x300.jpg 300w, https:\/\/www.montanheiros.com\/wp-content\/uploads\/2019\/05\/big19_1532963028-100x100.jpg 100w\" sizes=\"auto, (max-width: 280px) 100vw, 280px\" \/>                                                              <\/div>\n              <div class=\"box-text text-center\" >\n                 <p>Excurs\u00e3o a S. Jorge, Trilho Bardinhos, 29jul2017 - ilha S.Jorge <\/p>\n              <\/div>\n            <\/div>\n            <\/a>          <\/div>\n         <\/div><div class=\"gallery-col col\" >\n          <div class=\"col-inner\">\n            <a class=\"image-lightbox lightbox-gallery\" href=\"https:\/\/www.montanheiros.com\/wp-content\/uploads\/2019\/05\/big2_1532962809.jpg\" title=\"Excurs\u00e3o a S. Jorge, Trilho Bardinhos, 29jul2017 - ilha S.Jorge \">            <div class=\"box has-hover gallery-box box-none\">\n              <div class=\"box-image\" style=\"width:63%;\">\n                <img loading=\"lazy\" decoding=\"async\" width=\"280\" height=\"280\" src=\"https:\/\/www.montanheiros.com\/wp-content\/uploads\/2019\/05\/big2_1532962809-280x280.jpg\" class=\"attachment-thumbnail size-thumbnail\" alt=\"\" ids=\"6495,6496,6497,6498,6499,6500,6501,6502,6503,6504,6505,6506,6507,6508,6509,6510,6511,6512,6513,6514,6515,6516,6517,6518,6519,6520,6521,6522,6523,6524,6525,6526,6527,6528,6529,6530,6531,6532,6533,6534,6535,6536,6537,6538,6539,6540,6541,6542,6543,6544,6545,6546,6547,6548,6549,6550,6551,6552,6553,6554,6555\" style=\"none\" type=\"slider\" columns=\"1\" image_width=\"63\" image_size=\"thumbnail\" text_align=\"center\" srcset=\"https:\/\/www.montanheiros.com\/wp-content\/uploads\/2019\/05\/big2_1532962809-280x280.jpg 280w, https:\/\/www.montanheiros.com\/wp-content\/uploads\/2019\/05\/big2_1532962809-300x300.jpg 300w, https:\/\/www.montanheiros.com\/wp-content\/uploads\/2019\/05\/big2_1532962809-100x100.jpg 100w\" sizes=\"auto, (max-width: 280px) 100vw, 280px\" \/>                                                              <\/div>\n              <div class=\"box-text text-center\" >\n                 <p>Excurs\u00e3o a S. Jorge, Trilho Bardinhos, 29jul2017 - ilha S.Jorge <\/p>\n              <\/div>\n            <\/div>\n            <\/a>          <\/div>\n         <\/div><div class=\"gallery-col col\" >\n          <div class=\"col-inner\">\n            <a class=\"image-lightbox lightbox-gallery\" href=\"https:\/\/www.montanheiros.com\/wp-content\/uploads\/2019\/05\/big20_1532963039.jpg\" title=\"Excurs\u00e3o a S. Jorge, Trilho Bardinhos, 29jul2017 - ilha S.Jorge \">            <div class=\"box has-hover gallery-box box-none\">\n              <div class=\"box-image\" style=\"width:63%;\">\n                <img loading=\"lazy\" decoding=\"async\" width=\"280\" height=\"280\" src=\"https:\/\/www.montanheiros.com\/wp-content\/uploads\/2019\/05\/big20_1532963039-280x280.jpg\" class=\"attachment-thumbnail size-thumbnail\" alt=\"\" ids=\"6495,6496,6497,6498,6499,6500,6501,6502,6503,6504,6505,6506,6507,6508,6509,6510,6511,6512,6513,6514,6515,6516,6517,6518,6519,6520,6521,6522,6523,6524,6525,6526,6527,6528,6529,6530,6531,6532,6533,6534,6535,6536,6537,6538,6539,6540,6541,6542,6543,6544,6545,6546,6547,6548,6549,6550,6551,6552,6553,6554,6555\" style=\"none\" type=\"slider\" columns=\"1\" image_width=\"63\" image_size=\"thumbnail\" text_align=\"center\" srcset=\"https:\/\/www.montanheiros.com\/wp-content\/uploads\/2019\/05\/big20_1532963039-280x280.jpg 280w, https:\/\/www.montanheiros.com\/wp-content\/uploads\/2019\/05\/big20_1532963039-300x300.jpg 300w, https:\/\/www.montanheiros.com\/wp-content\/uploads\/2019\/05\/big20_1532963039-100x100.jpg 100w\" sizes=\"auto, (max-width: 280px) 100vw, 280px\" \/>                                                              <\/div>\n              <div class=\"box-text text-center\" >\n                 <p>Excurs\u00e3o a S. Jorge, Trilho Bardinhos, 29jul2017 - ilha S.Jorge <\/p>\n              <\/div>\n            <\/div>\n            <\/a>          <\/div>\n         <\/div><div class=\"gallery-col col\" >\n          <div class=\"col-inner\">\n            <a class=\"image-lightbox lightbox-gallery\" href=\"https:\/\/www.montanheiros.com\/wp-content\/uploads\/2019\/05\/big24_1532963057.jpg\" title=\"Excurs\u00e3o a S. Jorge, Trilho Bardinhos, 29jul2017 - ilha S.Jorge \">            <div class=\"box has-hover gallery-box box-none\">\n              <div class=\"box-image\" style=\"width:63%;\">\n                <img loading=\"lazy\" decoding=\"async\" width=\"280\" height=\"280\" src=\"https:\/\/www.montanheiros.com\/wp-content\/uploads\/2019\/05\/big24_1532963057-280x280.jpg\" class=\"attachment-thumbnail size-thumbnail\" alt=\"\" ids=\"6495,6496,6497,6498,6499,6500,6501,6502,6503,6504,6505,6506,6507,6508,6509,6510,6511,6512,6513,6514,6515,6516,6517,6518,6519,6520,6521,6522,6523,6524,6525,6526,6527,6528,6529,6530,6531,6532,6533,6534,6535,6536,6537,6538,6539,6540,6541,6542,6543,6544,6545,6546,6547,6548,6549,6550,6551,6552,6553,6554,6555\" style=\"none\" type=\"slider\" columns=\"1\" image_width=\"63\" image_size=\"thumbnail\" text_align=\"center\" srcset=\"https:\/\/www.montanheiros.com\/wp-content\/uploads\/2019\/05\/big24_1532963057-280x280.jpg 280w, https:\/\/www.montanheiros.com\/wp-content\/uploads\/2019\/05\/big24_1532963057-300x300.jpg 300w, https:\/\/www.montanheiros.com\/wp-content\/uploads\/2019\/05\/big24_1532963057-100x100.jpg 100w\" sizes=\"auto, (max-width: 280px) 100vw, 280px\" \/>                                                              <\/div>\n              <div class=\"box-text text-center\" >\n                 <p>Excurs\u00e3o a S. Jorge, Trilho Bardinhos, 29jul2017 - ilha S.Jorge <\/p>\n              <\/div>\n            <\/div>\n            <\/a>          <\/div>\n         <\/div><div class=\"gallery-col col\" >\n          <div class=\"col-inner\">\n            <a class=\"image-lightbox lightbox-gallery\" href=\"https:\/\/www.montanheiros.com\/wp-content\/uploads\/2019\/05\/big23_1532963052.jpg\" title=\"Excurs\u00e3o a S. Jorge, Trilho Bardinhos, 29jul2017 - ilha S.Jorge \">            <div class=\"box has-hover gallery-box box-none\">\n              <div class=\"box-image\" style=\"width:63%;\">\n                <img loading=\"lazy\" decoding=\"async\" width=\"280\" height=\"280\" src=\"https:\/\/www.montanheiros.com\/wp-content\/uploads\/2019\/05\/big23_1532963052-280x280.jpg\" class=\"attachment-thumbnail size-thumbnail\" alt=\"\" ids=\"6495,6496,6497,6498,6499,6500,6501,6502,6503,6504,6505,6506,6507,6508,6509,6510,6511,6512,6513,6514,6515,6516,6517,6518,6519,6520,6521,6522,6523,6524,6525,6526,6527,6528,6529,6530,6531,6532,6533,6534,6535,6536,6537,6538,6539,6540,6541,6542,6543,6544,6545,6546,6547,6548,6549,6550,6551,6552,6553,6554,6555\" style=\"none\" type=\"slider\" columns=\"1\" image_width=\"63\" image_size=\"thumbnail\" text_align=\"center\" srcset=\"https:\/\/www.montanheiros.com\/wp-content\/uploads\/2019\/05\/big23_1532963052-280x280.jpg 280w, https:\/\/www.montanheiros.com\/wp-content\/uploads\/2019\/05\/big23_1532963052-300x300.jpg 300w, https:\/\/www.montanheiros.com\/wp-content\/uploads\/2019\/05\/big23_1532963052-100x100.jpg 100w\" sizes=\"auto, (max-width: 280px) 100vw, 280px\" \/>                                                              <\/div>\n              <div class=\"box-text text-center\" >\n                 <p>Excurs\u00e3o a S. Jorge, Trilho Bardinhos, 29jul2017 - ilha S.Jorge <\/p>\n              <\/div>\n            <\/div>\n            <\/a>          <\/div>\n         <\/div><div class=\"gallery-col col\" >\n          <div class=\"col-inner\">\n            <a class=\"image-lightbox lightbox-gallery\" href=\"https:\/\/www.montanheiros.com\/wp-content\/uploads\/2019\/05\/big3_1532962810.jpg\" title=\"Excurs\u00e3o a S. Jorge, Trilho Bardinhos, 29jul2017 - ilha S.Jorge \">            <div class=\"box has-hover gallery-box box-none\">\n              <div class=\"box-image\" style=\"width:63%;\">\n                <img loading=\"lazy\" decoding=\"async\" width=\"280\" height=\"280\" src=\"https:\/\/www.montanheiros.com\/wp-content\/uploads\/2019\/05\/big3_1532962810-280x280.jpg\" class=\"attachment-thumbnail size-thumbnail\" alt=\"\" ids=\"6495,6496,6497,6498,6499,6500,6501,6502,6503,6504,6505,6506,6507,6508,6509,6510,6511,6512,6513,6514,6515,6516,6517,6518,6519,6520,6521,6522,6523,6524,6525,6526,6527,6528,6529,6530,6531,6532,6533,6534,6535,6536,6537,6538,6539,6540,6541,6542,6543,6544,6545,6546,6547,6548,6549,6550,6551,6552,6553,6554,6555\" style=\"none\" type=\"slider\" columns=\"1\" image_width=\"63\" image_size=\"thumbnail\" text_align=\"center\" srcset=\"https:\/\/www.montanheiros.com\/wp-content\/uploads\/2019\/05\/big3_1532962810-280x280.jpg 280w, https:\/\/www.montanheiros.com\/wp-content\/uploads\/2019\/05\/big3_1532962810-300x300.jpg 300w, https:\/\/www.montanheiros.com\/wp-content\/uploads\/2019\/05\/big3_1532962810-100x100.jpg 100w\" sizes=\"auto, (max-width: 280px) 100vw, 280px\" \/>                                                              <\/div>\n              <div class=\"box-text text-center\" >\n                 <p>Excurs\u00e3o a S. Jorge, Trilho Bardinhos, 29jul2017 - ilha S.Jorge <\/p>\n              <\/div>\n            <\/div>\n            <\/a>          <\/div>\n         <\/div><div class=\"gallery-col col\" >\n          <div class=\"col-inner\">\n            <a class=\"image-lightbox lightbox-gallery\" href=\"https:\/\/www.montanheiros.com\/wp-content\/uploads\/2019\/05\/big22_1532963051.jpg\" title=\"Excurs\u00e3o a S. Jorge, Trilho Bardinhos, 29jul2017 - ilha S.Jorge \">            <div class=\"box has-hover gallery-box box-none\">\n              <div class=\"box-image\" style=\"width:63%;\">\n                <img loading=\"lazy\" decoding=\"async\" width=\"280\" height=\"280\" src=\"https:\/\/www.montanheiros.com\/wp-content\/uploads\/2019\/05\/big22_1532963051-280x280.jpg\" class=\"attachment-thumbnail size-thumbnail\" alt=\"\" ids=\"6495,6496,6497,6498,6499,6500,6501,6502,6503,6504,6505,6506,6507,6508,6509,6510,6511,6512,6513,6514,6515,6516,6517,6518,6519,6520,6521,6522,6523,6524,6525,6526,6527,6528,6529,6530,6531,6532,6533,6534,6535,6536,6537,6538,6539,6540,6541,6542,6543,6544,6545,6546,6547,6548,6549,6550,6551,6552,6553,6554,6555\" style=\"none\" type=\"slider\" columns=\"1\" image_width=\"63\" image_size=\"thumbnail\" text_align=\"center\" srcset=\"https:\/\/www.montanheiros.com\/wp-content\/uploads\/2019\/05\/big22_1532963051-280x280.jpg 280w, https:\/\/www.montanheiros.com\/wp-content\/uploads\/2019\/05\/big22_1532963051-300x300.jpg 300w, https:\/\/www.montanheiros.com\/wp-content\/uploads\/2019\/05\/big22_1532963051-100x100.jpg 100w\" sizes=\"auto, (max-width: 280px) 100vw, 280px\" \/>                                                              <\/div>\n              <div class=\"box-text text-center\" >\n                 <p>Excurs\u00e3o a S. Jorge, Trilho Bardinhos, 29jul2017 - ilha S.Jorge <\/p>\n              <\/div>\n            <\/div>\n            <\/a>          <\/div>\n         <\/div><div class=\"gallery-col col\" >\n          <div class=\"col-inner\">\n            <a class=\"image-lightbox lightbox-gallery\" href=\"https:\/\/www.montanheiros.com\/wp-content\/uploads\/2019\/05\/big50_1532963152.jpg\" title=\"Excurs\u00e3o a S. Jorge, Trilho Bardinhos, 29jul2017 - ilha S.Jorge \">            <div class=\"box has-hover gallery-box box-none\">\n              <div class=\"box-image\" style=\"width:63%;\">\n                <img loading=\"lazy\" decoding=\"async\" width=\"280\" height=\"280\" src=\"https:\/\/www.montanheiros.com\/wp-content\/uploads\/2019\/05\/big50_1532963152-280x280.jpg\" class=\"attachment-thumbnail size-thumbnail\" alt=\"\" ids=\"6495,6496,6497,6498,6499,6500,6501,6502,6503,6504,6505,6506,6507,6508,6509,6510,6511,6512,6513,6514,6515,6516,6517,6518,6519,6520,6521,6522,6523,6524,6525,6526,6527,6528,6529,6530,6531,6532,6533,6534,6535,6536,6537,6538,6539,6540,6541,6542,6543,6544,6545,6546,6547,6548,6549,6550,6551,6552,6553,6554,6555\" style=\"none\" type=\"slider\" columns=\"1\" image_width=\"63\" image_size=\"thumbnail\" text_align=\"center\" srcset=\"https:\/\/www.montanheiros.com\/wp-content\/uploads\/2019\/05\/big50_1532963152-280x280.jpg 280w, https:\/\/www.montanheiros.com\/wp-content\/uploads\/2019\/05\/big50_1532963152-300x300.jpg 300w, https:\/\/www.montanheiros.com\/wp-content\/uploads\/2019\/05\/big50_1532963152-100x100.jpg 100w\" sizes=\"auto, (max-width: 280px) 100vw, 280px\" \/>                                                              <\/div>\n              <div class=\"box-text text-center\" >\n                 <p>Excurs\u00e3o a S. Jorge, Trilho Bardinhos, 29jul2017 - ilha S.Jorge <\/p>\n              <\/div>\n            <\/div>\n            <\/a>          <\/div>\n         <\/div><div class=\"gallery-col col\" >\n          <div class=\"col-inner\">\n            <a class=\"image-lightbox lightbox-gallery\" href=\"https:\/\/www.montanheiros.com\/wp-content\/uploads\/2019\/05\/big49_1532963148.jpg\" title=\"Excurs\u00e3o a S. Jorge, Trilho Bardinhos, 29jul2017 - ilha S.Jorge \">            <div class=\"box has-hover gallery-box box-none\">\n              <div class=\"box-image\" style=\"width:63%;\">\n                <img loading=\"lazy\" decoding=\"async\" width=\"280\" height=\"280\" src=\"https:\/\/www.montanheiros.com\/wp-content\/uploads\/2019\/05\/big49_1532963148-280x280.jpg\" class=\"attachment-thumbnail size-thumbnail\" alt=\"\" ids=\"6495,6496,6497,6498,6499,6500,6501,6502,6503,6504,6505,6506,6507,6508,6509,6510,6511,6512,6513,6514,6515,6516,6517,6518,6519,6520,6521,6522,6523,6524,6525,6526,6527,6528,6529,6530,6531,6532,6533,6534,6535,6536,6537,6538,6539,6540,6541,6542,6543,6544,6545,6546,6547,6548,6549,6550,6551,6552,6553,6554,6555\" style=\"none\" type=\"slider\" columns=\"1\" image_width=\"63\" image_size=\"thumbnail\" text_align=\"center\" srcset=\"https:\/\/www.montanheiros.com\/wp-content\/uploads\/2019\/05\/big49_1532963148-280x280.jpg 280w, https:\/\/www.montanheiros.com\/wp-content\/uploads\/2019\/05\/big49_1532963148-300x300.jpg 300w, https:\/\/www.montanheiros.com\/wp-content\/uploads\/2019\/05\/big49_1532963148-100x100.jpg 100w\" sizes=\"auto, (max-width: 280px) 100vw, 280px\" \/>                                                              <\/div>\n              <div class=\"box-text text-center\" >\n                 <p>Excurs\u00e3o a S. Jorge, Trilho Bardinhos, 29jul2017 - ilha S.Jorge <\/p>\n              <\/div>\n            <\/div>\n            <\/a>          <\/div>\n         <\/div><div class=\"gallery-col col\" >\n          <div class=\"col-inner\">\n            <a class=\"image-lightbox lightbox-gallery\" href=\"https:\/\/www.montanheiros.com\/wp-content\/uploads\/2019\/05\/big72_1532963398.jpg\" title=\"Excurs\u00e3o a S. Jorge, Trilho Bardinhos, 29jul2017 - ilha S.Jorge \">            <div class=\"box has-hover gallery-box box-none\">\n              <div class=\"box-image\" style=\"width:63%;\">\n                <img loading=\"lazy\" decoding=\"async\" width=\"280\" height=\"280\" src=\"https:\/\/www.montanheiros.com\/wp-content\/uploads\/2019\/05\/big72_1532963398-280x280.jpg\" class=\"attachment-thumbnail size-thumbnail\" alt=\"\" ids=\"6495,6496,6497,6498,6499,6500,6501,6502,6503,6504,6505,6506,6507,6508,6509,6510,6511,6512,6513,6514,6515,6516,6517,6518,6519,6520,6521,6522,6523,6524,6525,6526,6527,6528,6529,6530,6531,6532,6533,6534,6535,6536,6537,6538,6539,6540,6541,6542,6543,6544,6545,6546,6547,6548,6549,6550,6551,6552,6553,6554,6555\" style=\"none\" type=\"slider\" columns=\"1\" image_width=\"63\" image_size=\"thumbnail\" text_align=\"center\" srcset=\"https:\/\/www.montanheiros.com\/wp-content\/uploads\/2019\/05\/big72_1532963398-280x280.jpg 280w, https:\/\/www.montanheiros.com\/wp-content\/uploads\/2019\/05\/big72_1532963398-300x300.jpg 300w, https:\/\/www.montanheiros.com\/wp-content\/uploads\/2019\/05\/big72_1532963398-100x100.jpg 100w\" sizes=\"auto, (max-width: 280px) 100vw, 280px\" \/>                                                              <\/div>\n              <div class=\"box-text text-center\" >\n                 <p>Excurs\u00e3o a S. Jorge, Trilho Bardinhos, 29jul2017 - ilha S.Jorge <\/p>\n              <\/div>\n            <\/div>\n            <\/a>          <\/div>\n         <\/div><div class=\"gallery-col col\" >\n          <div class=\"col-inner\">\n            <a class=\"image-lightbox lightbox-gallery\" href=\"https:\/\/www.montanheiros.com\/wp-content\/uploads\/2019\/05\/big27_1532963078.jpg\" title=\"Excurs\u00e3o a S. Jorge, Trilho Bardinhos, 29jul2017 - ilha S.Jorge \">            <div class=\"box has-hover gallery-box box-none\">\n              <div class=\"box-image\" style=\"width:63%;\">\n                <img loading=\"lazy\" decoding=\"async\" width=\"280\" height=\"280\" src=\"https:\/\/www.montanheiros.com\/wp-content\/uploads\/2019\/05\/big27_1532963078-280x280.jpg\" class=\"attachment-thumbnail size-thumbnail\" alt=\"\" ids=\"6495,6496,6497,6498,6499,6500,6501,6502,6503,6504,6505,6506,6507,6508,6509,6510,6511,6512,6513,6514,6515,6516,6517,6518,6519,6520,6521,6522,6523,6524,6525,6526,6527,6528,6529,6530,6531,6532,6533,6534,6535,6536,6537,6538,6539,6540,6541,6542,6543,6544,6545,6546,6547,6548,6549,6550,6551,6552,6553,6554,6555\" style=\"none\" type=\"slider\" columns=\"1\" image_width=\"63\" image_size=\"thumbnail\" text_align=\"center\" srcset=\"https:\/\/www.montanheiros.com\/wp-content\/uploads\/2019\/05\/big27_1532963078-280x280.jpg 280w, https:\/\/www.montanheiros.com\/wp-content\/uploads\/2019\/05\/big27_1532963078-300x300.jpg 300w, https:\/\/www.montanheiros.com\/wp-content\/uploads\/2019\/05\/big27_1532963078-100x100.jpg 100w\" sizes=\"auto, (max-width: 280px) 100vw, 280px\" \/>                                                              <\/div>\n              <div class=\"box-text text-center\" >\n                 <p>Excurs\u00e3o a S. Jorge, Trilho Bardinhos, 29jul2017 - ilha S.Jorge <\/p>\n              <\/div>\n            <\/div>\n            <\/a>          <\/div>\n         <\/div><div class=\"gallery-col col\" >\n          <div class=\"col-inner\">\n            <a class=\"image-lightbox lightbox-gallery\" href=\"https:\/\/www.montanheiros.com\/wp-content\/uploads\/2019\/05\/big74_1532963406.jpg\" title=\"Excurs\u00e3o a S. Jorge, Trilho Bardinhos, 29jul2017 - ilha S.Jorge \">            <div class=\"box has-hover gallery-box box-none\">\n              <div class=\"box-image\" style=\"width:63%;\">\n                <img loading=\"lazy\" decoding=\"async\" width=\"280\" height=\"280\" src=\"https:\/\/www.montanheiros.com\/wp-content\/uploads\/2019\/05\/big74_1532963406-280x280.jpg\" class=\"attachment-thumbnail size-thumbnail\" alt=\"\" ids=\"6495,6496,6497,6498,6499,6500,6501,6502,6503,6504,6505,6506,6507,6508,6509,6510,6511,6512,6513,6514,6515,6516,6517,6518,6519,6520,6521,6522,6523,6524,6525,6526,6527,6528,6529,6530,6531,6532,6533,6534,6535,6536,6537,6538,6539,6540,6541,6542,6543,6544,6545,6546,6547,6548,6549,6550,6551,6552,6553,6554,6555\" style=\"none\" type=\"slider\" columns=\"1\" image_width=\"63\" image_size=\"thumbnail\" text_align=\"center\" srcset=\"https:\/\/www.montanheiros.com\/wp-content\/uploads\/2019\/05\/big74_1532963406-280x280.jpg 280w, https:\/\/www.montanheiros.com\/wp-content\/uploads\/2019\/05\/big74_1532963406-300x300.jpg 300w, https:\/\/www.montanheiros.com\/wp-content\/uploads\/2019\/05\/big74_1532963406-100x100.jpg 100w\" sizes=\"auto, (max-width: 280px) 100vw, 280px\" \/>                                                              <\/div>\n              <div class=\"box-text text-center\" >\n                 <p>Excurs\u00e3o a S. Jorge, Trilho Bardinhos, 29jul2017 - ilha S.Jorge <\/p>\n              <\/div>\n            <\/div>\n            <\/a>          <\/div>\n         <\/div><div class=\"gallery-col col\" >\n          <div class=\"col-inner\">\n            <a class=\"image-lightbox lightbox-gallery\" href=\"https:\/\/www.montanheiros.com\/wp-content\/uploads\/2019\/05\/big26_1532963076.jpg\" title=\"Excurs\u00e3o a S. Jorge, Trilho Bardinhos, 29jul2017 - ilha S.Jorge \">            <div class=\"box has-hover gallery-box box-none\">\n              <div class=\"box-image\" style=\"width:63%;\">\n                <img loading=\"lazy\" decoding=\"async\" width=\"280\" height=\"280\" src=\"https:\/\/www.montanheiros.com\/wp-content\/uploads\/2019\/05\/big26_1532963076-280x280.jpg\" class=\"attachment-thumbnail size-thumbnail\" alt=\"\" ids=\"6495,6496,6497,6498,6499,6500,6501,6502,6503,6504,6505,6506,6507,6508,6509,6510,6511,6512,6513,6514,6515,6516,6517,6518,6519,6520,6521,6522,6523,6524,6525,6526,6527,6528,6529,6530,6531,6532,6533,6534,6535,6536,6537,6538,6539,6540,6541,6542,6543,6544,6545,6546,6547,6548,6549,6550,6551,6552,6553,6554,6555\" style=\"none\" type=\"slider\" columns=\"1\" image_width=\"63\" image_size=\"thumbnail\" text_align=\"center\" srcset=\"https:\/\/www.montanheiros.com\/wp-content\/uploads\/2019\/05\/big26_1532963076-280x280.jpg 280w, https:\/\/www.montanheiros.com\/wp-content\/uploads\/2019\/05\/big26_1532963076-300x300.jpg 300w, https:\/\/www.montanheiros.com\/wp-content\/uploads\/2019\/05\/big26_1532963076-100x100.jpg 100w\" sizes=\"auto, (max-width: 280px) 100vw, 280px\" \/>                                                              <\/div>\n              <div class=\"box-text text-center\" >\n                 <p>Excurs\u00e3o a S. Jorge, Trilho Bardinhos, 29jul2017 - ilha S.Jorge <\/p>\n              <\/div>\n            <\/div>\n            <\/a>          <\/div>\n         <\/div><div class=\"gallery-col col\" >\n          <div class=\"col-inner\">\n            <a class=\"image-lightbox lightbox-gallery\" href=\"https:\/\/www.montanheiros.com\/wp-content\/uploads\/2019\/05\/big37_1532963109.jpg\" title=\"Excurs\u00e3o a S. Jorge, Trilho Bardinhos, 29jul2017 - ilha S.Jorge \">            <div class=\"box has-hover gallery-box box-none\">\n              <div class=\"box-image\" style=\"width:63%;\">\n                <img loading=\"lazy\" decoding=\"async\" width=\"280\" height=\"280\" src=\"https:\/\/www.montanheiros.com\/wp-content\/uploads\/2019\/05\/big37_1532963109-280x280.jpg\" class=\"attachment-thumbnail size-thumbnail\" alt=\"\" ids=\"6495,6496,6497,6498,6499,6500,6501,6502,6503,6504,6505,6506,6507,6508,6509,6510,6511,6512,6513,6514,6515,6516,6517,6518,6519,6520,6521,6522,6523,6524,6525,6526,6527,6528,6529,6530,6531,6532,6533,6534,6535,6536,6537,6538,6539,6540,6541,6542,6543,6544,6545,6546,6547,6548,6549,6550,6551,6552,6553,6554,6555\" style=\"none\" type=\"slider\" columns=\"1\" image_width=\"63\" image_size=\"thumbnail\" text_align=\"center\" srcset=\"https:\/\/www.montanheiros.com\/wp-content\/uploads\/2019\/05\/big37_1532963109-280x280.jpg 280w, https:\/\/www.montanheiros.com\/wp-content\/uploads\/2019\/05\/big37_1532963109-300x300.jpg 300w, https:\/\/www.montanheiros.com\/wp-content\/uploads\/2019\/05\/big37_1532963109-100x100.jpg 100w\" sizes=\"auto, (max-width: 280px) 100vw, 280px\" \/>                                                              <\/div>\n              <div class=\"box-text text-center\" >\n                 <p>Excurs\u00e3o a S. Jorge, Trilho Bardinhos, 29jul2017 - ilha S.Jorge <\/p>\n              <\/div>\n            <\/div>\n            <\/a>          <\/div>\n         <\/div><div class=\"gallery-col col\" >\n          <div class=\"col-inner\">\n            <a class=\"image-lightbox lightbox-gallery\" href=\"https:\/\/www.montanheiros.com\/wp-content\/uploads\/2019\/05\/big30_1532963095.jpg\" title=\"Excurs\u00e3o a S. Jorge, Trilho Bardinhos, 29jul2017 - ilha S.Jorge \">            <div class=\"box has-hover gallery-box box-none\">\n              <div class=\"box-image\" style=\"width:63%;\">\n                <img loading=\"lazy\" decoding=\"async\" width=\"280\" height=\"280\" src=\"https:\/\/www.montanheiros.com\/wp-content\/uploads\/2019\/05\/big30_1532963095-280x280.jpg\" class=\"attachment-thumbnail size-thumbnail\" alt=\"\" ids=\"6495,6496,6497,6498,6499,6500,6501,6502,6503,6504,6505,6506,6507,6508,6509,6510,6511,6512,6513,6514,6515,6516,6517,6518,6519,6520,6521,6522,6523,6524,6525,6526,6527,6528,6529,6530,6531,6532,6533,6534,6535,6536,6537,6538,6539,6540,6541,6542,6543,6544,6545,6546,6547,6548,6549,6550,6551,6552,6553,6554,6555\" style=\"none\" type=\"slider\" columns=\"1\" image_width=\"63\" image_size=\"thumbnail\" text_align=\"center\" srcset=\"https:\/\/www.montanheiros.com\/wp-content\/uploads\/2019\/05\/big30_1532963095-280x280.jpg 280w, https:\/\/www.montanheiros.com\/wp-content\/uploads\/2019\/05\/big30_1532963095-300x300.jpg 300w, https:\/\/www.montanheiros.com\/wp-content\/uploads\/2019\/05\/big30_1532963095-100x100.jpg 100w\" sizes=\"auto, (max-width: 280px) 100vw, 280px\" \/>                                                              <\/div>\n              <div class=\"box-text text-center\" >\n                 <p>Excurs\u00e3o a S. Jorge, Trilho Bardinhos, 29jul2017 - ilha S.Jorge <\/p>\n              <\/div>\n            <\/div>\n            <\/a>          <\/div>\n         <\/div><div class=\"gallery-col col\" >\n          <div class=\"col-inner\">\n            <a class=\"image-lightbox lightbox-gallery\" href=\"https:\/\/www.montanheiros.com\/wp-content\/uploads\/2019\/05\/big41_1532963123.jpg\" title=\"Excurs\u00e3o a S. Jorge, Trilho Bardinhos, 29jul2017 - ilha S.Jorge \">            <div class=\"box has-hover gallery-box box-none\">\n              <div class=\"box-image\" style=\"width:63%;\">\n                <img loading=\"lazy\" decoding=\"async\" width=\"280\" height=\"280\" src=\"https:\/\/www.montanheiros.com\/wp-content\/uploads\/2019\/05\/big41_1532963123-280x280.jpg\" class=\"attachment-thumbnail size-thumbnail\" alt=\"\" ids=\"6495,6496,6497,6498,6499,6500,6501,6502,6503,6504,6505,6506,6507,6508,6509,6510,6511,6512,6513,6514,6515,6516,6517,6518,6519,6520,6521,6522,6523,6524,6525,6526,6527,6528,6529,6530,6531,6532,6533,6534,6535,6536,6537,6538,6539,6540,6541,6542,6543,6544,6545,6546,6547,6548,6549,6550,6551,6552,6553,6554,6555\" style=\"none\" type=\"slider\" columns=\"1\" image_width=\"63\" image_size=\"thumbnail\" text_align=\"center\" srcset=\"https:\/\/www.montanheiros.com\/wp-content\/uploads\/2019\/05\/big41_1532963123-280x280.jpg 280w, https:\/\/www.montanheiros.com\/wp-content\/uploads\/2019\/05\/big41_1532963123-300x300.jpg 300w, https:\/\/www.montanheiros.com\/wp-content\/uploads\/2019\/05\/big41_1532963123-100x100.jpg 100w\" sizes=\"auto, (max-width: 280px) 100vw, 280px\" \/>                                                              <\/div>\n              <div class=\"box-text text-center\" >\n                 <p>Excurs\u00e3o a S. Jorge, Trilho Bardinhos, 29jul2017 - ilha S.Jorge <\/p>\n              <\/div>\n            <\/div>\n            <\/a>          <\/div>\n         <\/div><div class=\"gallery-col col\" >\n          <div class=\"col-inner\">\n            <a class=\"image-lightbox lightbox-gallery\" href=\"https:\/\/www.montanheiros.com\/wp-content\/uploads\/2019\/05\/big51_1532963310.jpg\" title=\"Excurs\u00e3o a S. Jorge, Trilho Bardinhos, 29jul2017 - ilha S.Jorge \">            <div class=\"box has-hover gallery-box box-none\">\n              <div class=\"box-image\" style=\"width:63%;\">\n                <img loading=\"lazy\" decoding=\"async\" width=\"280\" height=\"280\" src=\"https:\/\/www.montanheiros.com\/wp-content\/uploads\/2019\/05\/big51_1532963310-280x280.jpg\" class=\"attachment-thumbnail size-thumbnail\" alt=\"\" ids=\"6495,6496,6497,6498,6499,6500,6501,6502,6503,6504,6505,6506,6507,6508,6509,6510,6511,6512,6513,6514,6515,6516,6517,6518,6519,6520,6521,6522,6523,6524,6525,6526,6527,6528,6529,6530,6531,6532,6533,6534,6535,6536,6537,6538,6539,6540,6541,6542,6543,6544,6545,6546,6547,6548,6549,6550,6551,6552,6553,6554,6555\" style=\"none\" type=\"slider\" columns=\"1\" image_width=\"63\" image_size=\"thumbnail\" text_align=\"center\" srcset=\"https:\/\/www.montanheiros.com\/wp-content\/uploads\/2019\/05\/big51_1532963310-280x280.jpg 280w, https:\/\/www.montanheiros.com\/wp-content\/uploads\/2019\/05\/big51_1532963310-300x300.jpg 300w, https:\/\/www.montanheiros.com\/wp-content\/uploads\/2019\/05\/big51_1532963310-100x100.jpg 100w\" sizes=\"auto, (max-width: 280px) 100vw, 280px\" \/>                                                              <\/div>\n              <div class=\"box-text text-center\" >\n                 <p>Excurs\u00e3o a S. Jorge, Trilho Bardinhos, 29jul2017 - ilha S.Jorge <\/p>\n              <\/div>\n            <\/div>\n            <\/a>          <\/div>\n         <\/div><div class=\"gallery-col col\" >\n          <div class=\"col-inner\">\n            <a class=\"image-lightbox lightbox-gallery\" href=\"https:\/\/www.montanheiros.com\/wp-content\/uploads\/2019\/05\/big52_1532963317.jpg\" title=\"Excurs\u00e3o a S. Jorge, Trilho Bardinhos, 29jul2017 - ilha S.Jorge \">            <div class=\"box has-hover gallery-box box-none\">\n              <div class=\"box-image\" style=\"width:63%;\">\n                <img loading=\"lazy\" decoding=\"async\" width=\"280\" height=\"280\" src=\"https:\/\/www.montanheiros.com\/wp-content\/uploads\/2019\/05\/big52_1532963317-280x280.jpg\" class=\"attachment-thumbnail size-thumbnail\" alt=\"\" ids=\"6495,6496,6497,6498,6499,6500,6501,6502,6503,6504,6505,6506,6507,6508,6509,6510,6511,6512,6513,6514,6515,6516,6517,6518,6519,6520,6521,6522,6523,6524,6525,6526,6527,6528,6529,6530,6531,6532,6533,6534,6535,6536,6537,6538,6539,6540,6541,6542,6543,6544,6545,6546,6547,6548,6549,6550,6551,6552,6553,6554,6555\" style=\"none\" type=\"slider\" columns=\"1\" image_width=\"63\" image_size=\"thumbnail\" text_align=\"center\" srcset=\"https:\/\/www.montanheiros.com\/wp-content\/uploads\/2019\/05\/big52_1532963317-280x280.jpg 280w, https:\/\/www.montanheiros.com\/wp-content\/uploads\/2019\/05\/big52_1532963317-300x300.jpg 300w, https:\/\/www.montanheiros.com\/wp-content\/uploads\/2019\/05\/big52_1532963317-100x100.jpg 100w\" sizes=\"auto, (max-width: 280px) 100vw, 280px\" \/>                                                              <\/div>\n              <div class=\"box-text text-center\" >\n                 <p>Excurs\u00e3o a S. Jorge, Trilho Bardinhos, 29jul2017 - ilha S.Jorge <\/p>\n              <\/div>\n            <\/div>\n            <\/a>          <\/div>\n         <\/div><div class=\"gallery-col col\" >\n          <div class=\"col-inner\">\n            <a class=\"image-lightbox lightbox-gallery\" href=\"https:\/\/www.montanheiros.com\/wp-content\/uploads\/2019\/05\/big55_1532963336.jpg\" title=\"Excurs\u00e3o a S. Jorge, Trilho Bardinhos, 29jul2017 - ilha S.Jorge \">            <div class=\"box has-hover gallery-box box-none\">\n              <div class=\"box-image\" style=\"width:63%;\">\n                <img loading=\"lazy\" decoding=\"async\" width=\"280\" height=\"280\" src=\"https:\/\/www.montanheiros.com\/wp-content\/uploads\/2019\/05\/big55_1532963336-280x280.jpg\" class=\"attachment-thumbnail size-thumbnail\" alt=\"\" ids=\"6495,6496,6497,6498,6499,6500,6501,6502,6503,6504,6505,6506,6507,6508,6509,6510,6511,6512,6513,6514,6515,6516,6517,6518,6519,6520,6521,6522,6523,6524,6525,6526,6527,6528,6529,6530,6531,6532,6533,6534,6535,6536,6537,6538,6539,6540,6541,6542,6543,6544,6545,6546,6547,6548,6549,6550,6551,6552,6553,6554,6555\" style=\"none\" type=\"slider\" columns=\"1\" image_width=\"63\" image_size=\"thumbnail\" text_align=\"center\" srcset=\"https:\/\/www.montanheiros.com\/wp-content\/uploads\/2019\/05\/big55_1532963336-280x280.jpg 280w, https:\/\/www.montanheiros.com\/wp-content\/uploads\/2019\/05\/big55_1532963336-300x300.jpg 300w, https:\/\/www.montanheiros.com\/wp-content\/uploads\/2019\/05\/big55_1532963336-100x100.jpg 100w\" sizes=\"auto, (max-width: 280px) 100vw, 280px\" \/>                                                              <\/div>\n              <div class=\"box-text text-center\" >\n                 <p>Excurs\u00e3o a S. Jorge, Trilho Bardinhos, 29jul2017 - ilha S.Jorge <\/p>\n              <\/div>\n            <\/div>\n            <\/a>          <\/div>\n         <\/div><div class=\"gallery-col col\" >\n          <div class=\"col-inner\">\n            <a class=\"image-lightbox lightbox-gallery\" href=\"https:\/\/www.montanheiros.com\/wp-content\/uploads\/2019\/05\/big57_1532963348.jpg\" title=\"Excurs\u00e3o a S. Jorge, Trilho Bardinhos, 29jul2017 - ilha S.Jorge \">            <div class=\"box has-hover gallery-box box-none\">\n              <div class=\"box-image\" style=\"width:63%;\">\n                <img loading=\"lazy\" decoding=\"async\" width=\"280\" height=\"280\" src=\"https:\/\/www.montanheiros.com\/wp-content\/uploads\/2019\/05\/big57_1532963348-280x280.jpg\" class=\"attachment-thumbnail size-thumbnail\" alt=\"\" ids=\"6495,6496,6497,6498,6499,6500,6501,6502,6503,6504,6505,6506,6507,6508,6509,6510,6511,6512,6513,6514,6515,6516,6517,6518,6519,6520,6521,6522,6523,6524,6525,6526,6527,6528,6529,6530,6531,6532,6533,6534,6535,6536,6537,6538,6539,6540,6541,6542,6543,6544,6545,6546,6547,6548,6549,6550,6551,6552,6553,6554,6555\" style=\"none\" type=\"slider\" columns=\"1\" image_width=\"63\" image_size=\"thumbnail\" text_align=\"center\" srcset=\"https:\/\/www.montanheiros.com\/wp-content\/uploads\/2019\/05\/big57_1532963348-280x280.jpg 280w, https:\/\/www.montanheiros.com\/wp-content\/uploads\/2019\/05\/big57_1532963348-300x300.jpg 300w, https:\/\/www.montanheiros.com\/wp-content\/uploads\/2019\/05\/big57_1532963348-100x100.jpg 100w\" sizes=\"auto, (max-width: 280px) 100vw, 280px\" \/>                                                              <\/div>\n              <div class=\"box-text text-center\" >\n                 <p>Excurs\u00e3o a S. Jorge, Trilho Bardinhos, 29jul2017 - ilha S.Jorge <\/p>\n              <\/div>\n            <\/div>\n            <\/a>          <\/div>\n         <\/div><div class=\"gallery-col col\" >\n          <div class=\"col-inner\">\n            <a class=\"image-lightbox lightbox-gallery\" href=\"https:\/\/www.montanheiros.com\/wp-content\/uploads\/2019\/05\/big77_1532963414.jpg\" title=\"Excurs\u00e3o a S. Jorge, Trilho Bardinhos, 29jul2017 - ilha S.Jorge \">            <div class=\"box has-hover gallery-box box-none\">\n              <div class=\"box-image\" style=\"width:63%;\">\n                <img loading=\"lazy\" decoding=\"async\" width=\"280\" height=\"280\" src=\"https:\/\/www.montanheiros.com\/wp-content\/uploads\/2019\/05\/big77_1532963414-280x280.jpg\" class=\"attachment-thumbnail size-thumbnail\" alt=\"\" ids=\"6495,6496,6497,6498,6499,6500,6501,6502,6503,6504,6505,6506,6507,6508,6509,6510,6511,6512,6513,6514,6515,6516,6517,6518,6519,6520,6521,6522,6523,6524,6525,6526,6527,6528,6529,6530,6531,6532,6533,6534,6535,6536,6537,6538,6539,6540,6541,6542,6543,6544,6545,6546,6547,6548,6549,6550,6551,6552,6553,6554,6555\" style=\"none\" type=\"slider\" columns=\"1\" image_width=\"63\" image_size=\"thumbnail\" text_align=\"center\" srcset=\"https:\/\/www.montanheiros.com\/wp-content\/uploads\/2019\/05\/big77_1532963414-280x280.jpg 280w, https:\/\/www.montanheiros.com\/wp-content\/uploads\/2019\/05\/big77_1532963414-300x300.jpg 300w, https:\/\/www.montanheiros.com\/wp-content\/uploads\/2019\/05\/big77_1532963414-100x100.jpg 100w\" sizes=\"auto, (max-width: 280px) 100vw, 280px\" \/>                                                              <\/div>\n              <div class=\"box-text text-center\" >\n                 <p>Excurs\u00e3o a S. Jorge, Trilho Bardinhos, 29jul2017 - ilha S.Jorge <\/p>\n              <\/div>\n            <\/div>\n            <\/a>          <\/div>\n         <\/div><div class=\"gallery-col col\" >\n          <div class=\"col-inner\">\n            <a class=\"image-lightbox lightbox-gallery\" href=\"https:\/\/www.montanheiros.com\/wp-content\/uploads\/2019\/05\/big56_1532963346.jpg\" title=\"Excurs\u00e3o a S. Jorge, Trilho Bardinhos, 29jul2017 - ilha S.Jorge \">            <div class=\"box has-hover gallery-box box-none\">\n              <div class=\"box-image\" style=\"width:63%;\">\n                <img loading=\"lazy\" decoding=\"async\" width=\"280\" height=\"280\" src=\"https:\/\/www.montanheiros.com\/wp-content\/uploads\/2019\/05\/big56_1532963346-280x280.jpg\" class=\"attachment-thumbnail size-thumbnail\" alt=\"\" ids=\"6495,6496,6497,6498,6499,6500,6501,6502,6503,6504,6505,6506,6507,6508,6509,6510,6511,6512,6513,6514,6515,6516,6517,6518,6519,6520,6521,6522,6523,6524,6525,6526,6527,6528,6529,6530,6531,6532,6533,6534,6535,6536,6537,6538,6539,6540,6541,6542,6543,6544,6545,6546,6547,6548,6549,6550,6551,6552,6553,6554,6555\" style=\"none\" type=\"slider\" columns=\"1\" image_width=\"63\" image_size=\"thumbnail\" text_align=\"center\" srcset=\"https:\/\/www.montanheiros.com\/wp-content\/uploads\/2019\/05\/big56_1532963346-280x280.jpg 280w, https:\/\/www.montanheiros.com\/wp-content\/uploads\/2019\/05\/big56_1532963346-300x300.jpg 300w, https:\/\/www.montanheiros.com\/wp-content\/uploads\/2019\/05\/big56_1532963346-100x100.jpg 100w\" sizes=\"auto, (max-width: 280px) 100vw, 280px\" \/>                                                              <\/div>\n              <div class=\"box-text text-center\" >\n                 <p>Excurs\u00e3o a S. Jorge, Trilho Bardinhos, 29jul2017 - ilha S.Jorge <\/p>\n              <\/div>\n            <\/div>\n            <\/a>          <\/div>\n         <\/div><div class=\"gallery-col col\" >\n          <div class=\"col-inner\">\n            <a class=\"image-lightbox lightbox-gallery\" href=\"https:\/\/www.montanheiros.com\/wp-content\/uploads\/2019\/05\/big59_1532963355.jpg\" title=\"Excurs\u00e3o a S. Jorge, Trilho Bardinhos, 29jul2017 - ilha S.Jorge \">            <div class=\"box has-hover gallery-box box-none\">\n              <div class=\"box-image\" style=\"width:63%;\">\n                <img loading=\"lazy\" decoding=\"async\" width=\"280\" height=\"280\" src=\"https:\/\/www.montanheiros.com\/wp-content\/uploads\/2019\/05\/big59_1532963355-280x280.jpg\" class=\"attachment-thumbnail size-thumbnail\" alt=\"\" ids=\"6495,6496,6497,6498,6499,6500,6501,6502,6503,6504,6505,6506,6507,6508,6509,6510,6511,6512,6513,6514,6515,6516,6517,6518,6519,6520,6521,6522,6523,6524,6525,6526,6527,6528,6529,6530,6531,6532,6533,6534,6535,6536,6537,6538,6539,6540,6541,6542,6543,6544,6545,6546,6547,6548,6549,6550,6551,6552,6553,6554,6555\" style=\"none\" type=\"slider\" columns=\"1\" image_width=\"63\" image_size=\"thumbnail\" text_align=\"center\" srcset=\"https:\/\/www.montanheiros.com\/wp-content\/uploads\/2019\/05\/big59_1532963355-280x280.jpg 280w, https:\/\/www.montanheiros.com\/wp-content\/uploads\/2019\/05\/big59_1532963355-300x300.jpg 300w, https:\/\/www.montanheiros.com\/wp-content\/uploads\/2019\/05\/big59_1532963355-100x100.jpg 100w\" sizes=\"auto, (max-width: 280px) 100vw, 280px\" \/>                                                              <\/div>\n              <div class=\"box-text text-center\" >\n                 <p>Excurs\u00e3o a S. Jorge, Trilho Bardinhos, 29jul2017 - ilha S.Jorge <\/p>\n              <\/div>\n            <\/div>\n            <\/a>          <\/div>\n         <\/div><div class=\"gallery-col col\" >\n          <div class=\"col-inner\">\n            <a class=\"image-lightbox lightbox-gallery\" href=\"https:\/\/www.montanheiros.com\/wp-content\/uploads\/2019\/05\/big54_1532963335.jpg\" title=\"Excurs\u00e3o a S. Jorge, Trilho Bardinhos, 29jul2017 - ilha S.Jorge \">            <div class=\"box has-hover gallery-box box-none\">\n              <div class=\"box-image\" style=\"width:63%;\">\n                <img loading=\"lazy\" decoding=\"async\" width=\"280\" height=\"280\" src=\"https:\/\/www.montanheiros.com\/wp-content\/uploads\/2019\/05\/big54_1532963335-280x280.jpg\" class=\"attachment-thumbnail size-thumbnail\" alt=\"\" ids=\"6495,6496,6497,6498,6499,6500,6501,6502,6503,6504,6505,6506,6507,6508,6509,6510,6511,6512,6513,6514,6515,6516,6517,6518,6519,6520,6521,6522,6523,6524,6525,6526,6527,6528,6529,6530,6531,6532,6533,6534,6535,6536,6537,6538,6539,6540,6541,6542,6543,6544,6545,6546,6547,6548,6549,6550,6551,6552,6553,6554,6555\" style=\"none\" type=\"slider\" columns=\"1\" image_width=\"63\" image_size=\"thumbnail\" text_align=\"center\" srcset=\"https:\/\/www.montanheiros.com\/wp-content\/uploads\/2019\/05\/big54_1532963335-280x280.jpg 280w, https:\/\/www.montanheiros.com\/wp-content\/uploads\/2019\/05\/big54_1532963335-300x300.jpg 300w, https:\/\/www.montanheiros.com\/wp-content\/uploads\/2019\/05\/big54_1532963335-100x100.jpg 100w\" sizes=\"auto, (max-width: 280px) 100vw, 280px\" \/>                                                              <\/div>\n              <div class=\"box-text text-center\" >\n                 <p>Excurs\u00e3o a S. Jorge, Trilho Bardinhos, 29jul2017 - ilha S.Jorge <\/p>\n              <\/div>\n            <\/div>\n            <\/a>          <\/div>\n         <\/div><div class=\"gallery-col col\" >\n          <div class=\"col-inner\">\n            <a class=\"image-lightbox lightbox-gallery\" href=\"https:\/\/www.montanheiros.com\/wp-content\/uploads\/2019\/05\/big63_1532963368.jpg\" title=\"Excurs\u00e3o a S. Jorge, Trilho Bardinhos, 29jul2017 - ilha S.Jorge \">            <div class=\"box has-hover gallery-box box-none\">\n              <div class=\"box-image\" style=\"width:63%;\">\n                <img loading=\"lazy\" decoding=\"async\" width=\"280\" height=\"280\" src=\"https:\/\/www.montanheiros.com\/wp-content\/uploads\/2019\/05\/big63_1532963368-280x280.jpg\" class=\"attachment-thumbnail size-thumbnail\" alt=\"\" ids=\"6495,6496,6497,6498,6499,6500,6501,6502,6503,6504,6505,6506,6507,6508,6509,6510,6511,6512,6513,6514,6515,6516,6517,6518,6519,6520,6521,6522,6523,6524,6525,6526,6527,6528,6529,6530,6531,6532,6533,6534,6535,6536,6537,6538,6539,6540,6541,6542,6543,6544,6545,6546,6547,6548,6549,6550,6551,6552,6553,6554,6555\" style=\"none\" type=\"slider\" columns=\"1\" image_width=\"63\" image_size=\"thumbnail\" text_align=\"center\" srcset=\"https:\/\/www.montanheiros.com\/wp-content\/uploads\/2019\/05\/big63_1532963368-280x280.jpg 280w, https:\/\/www.montanheiros.com\/wp-content\/uploads\/2019\/05\/big63_1532963368-300x300.jpg 300w, https:\/\/www.montanheiros.com\/wp-content\/uploads\/2019\/05\/big63_1532963368-100x100.jpg 100w\" sizes=\"auto, (max-width: 280px) 100vw, 280px\" \/>                                                              <\/div>\n              <div class=\"box-text text-center\" >\n                 <p>Excurs\u00e3o a S. Jorge, Trilho Bardinhos, 29jul2017 - ilha S.Jorge <\/p>\n              <\/div>\n            <\/div>\n            <\/a>          <\/div>\n         <\/div><div class=\"gallery-col col\" >\n          <div class=\"col-inner\">\n            <a class=\"image-lightbox lightbox-gallery\" href=\"https:\/\/www.montanheiros.com\/wp-content\/uploads\/2019\/05\/big66_1532963378.jpg\" title=\"Excurs\u00e3o a S. Jorge, Trilho Bardinhos, 29jul2017 - ilha S.Jorge \">            <div class=\"box has-hover gallery-box box-none\">\n              <div class=\"box-image\" style=\"width:63%;\">\n                <img loading=\"lazy\" decoding=\"async\" width=\"280\" height=\"280\" src=\"https:\/\/www.montanheiros.com\/wp-content\/uploads\/2019\/05\/big66_1532963378-280x280.jpg\" class=\"attachment-thumbnail size-thumbnail\" alt=\"\" ids=\"6495,6496,6497,6498,6499,6500,6501,6502,6503,6504,6505,6506,6507,6508,6509,6510,6511,6512,6513,6514,6515,6516,6517,6518,6519,6520,6521,6522,6523,6524,6525,6526,6527,6528,6529,6530,6531,6532,6533,6534,6535,6536,6537,6538,6539,6540,6541,6542,6543,6544,6545,6546,6547,6548,6549,6550,6551,6552,6553,6554,6555\" style=\"none\" type=\"slider\" columns=\"1\" image_width=\"63\" image_size=\"thumbnail\" text_align=\"center\" srcset=\"https:\/\/www.montanheiros.com\/wp-content\/uploads\/2019\/05\/big66_1532963378-280x280.jpg 280w, https:\/\/www.montanheiros.com\/wp-content\/uploads\/2019\/05\/big66_1532963378-300x300.jpg 300w, https:\/\/www.montanheiros.com\/wp-content\/uploads\/2019\/05\/big66_1532963378-100x100.jpg 100w\" sizes=\"auto, (max-width: 280px) 100vw, 280px\" \/>                                                              <\/div>\n              <div class=\"box-text text-center\" >\n                 <p>Excurs\u00e3o a S. Jorge, Trilho Bardinhos, 29jul2017 - ilha S.Jorge <\/p>\n              <\/div>\n            <\/div>\n            <\/a>          <\/div>\n         <\/div><div class=\"gallery-col col\" >\n          <div class=\"col-inner\">\n            <a class=\"image-lightbox lightbox-gallery\" href=\"https:\/\/www.montanheiros.com\/wp-content\/uploads\/2019\/05\/big64_1532963375.jpg\" title=\"Excurs\u00e3o a S. Jorge, Trilho Bardinhos, 29jul2017 - ilha S.Jorge \">            <div class=\"box has-hover gallery-box box-none\">\n              <div class=\"box-image\" style=\"width:63%;\">\n                <img loading=\"lazy\" decoding=\"async\" width=\"280\" height=\"280\" src=\"https:\/\/www.montanheiros.com\/wp-content\/uploads\/2019\/05\/big64_1532963375-280x280.jpg\" class=\"attachment-thumbnail size-thumbnail\" alt=\"\" ids=\"6495,6496,6497,6498,6499,6500,6501,6502,6503,6504,6505,6506,6507,6508,6509,6510,6511,6512,6513,6514,6515,6516,6517,6518,6519,6520,6521,6522,6523,6524,6525,6526,6527,6528,6529,6530,6531,6532,6533,6534,6535,6536,6537,6538,6539,6540,6541,6542,6543,6544,6545,6546,6547,6548,6549,6550,6551,6552,6553,6554,6555\" style=\"none\" type=\"slider\" columns=\"1\" image_width=\"63\" image_size=\"thumbnail\" text_align=\"center\" srcset=\"https:\/\/www.montanheiros.com\/wp-content\/uploads\/2019\/05\/big64_1532963375-280x280.jpg 280w, https:\/\/www.montanheiros.com\/wp-content\/uploads\/2019\/05\/big64_1532963375-300x300.jpg 300w, https:\/\/www.montanheiros.com\/wp-content\/uploads\/2019\/05\/big64_1532963375-100x100.jpg 100w\" sizes=\"auto, (max-width: 280px) 100vw, 280px\" \/>                                                              <\/div>\n              <div class=\"box-text text-center\" >\n                 <p>Excurs\u00e3o a S. Jorge, Trilho Bardinhos, 29jul2017 - ilha S.Jorge <\/p>\n              <\/div>\n            <\/div>\n            <\/a>          <\/div>\n         <\/div><div class=\"gallery-col col\" >\n          <div class=\"col-inner\">\n            <a class=\"image-lightbox lightbox-gallery\" href=\"https:\/\/www.montanheiros.com\/wp-content\/uploads\/2019\/05\/big61_1532963363.jpg\" title=\"Excurs\u00e3o a S. Jorge, Trilho Bardinhos, 29jul2017 - ilha S.Jorge \">            <div class=\"box has-hover gallery-box box-none\">\n              <div class=\"box-image\" style=\"width:63%;\">\n                <img loading=\"lazy\" decoding=\"async\" width=\"280\" height=\"280\" src=\"https:\/\/www.montanheiros.com\/wp-content\/uploads\/2019\/05\/big61_1532963363-280x280.jpg\" class=\"attachment-thumbnail size-thumbnail\" alt=\"\" ids=\"6495,6496,6497,6498,6499,6500,6501,6502,6503,6504,6505,6506,6507,6508,6509,6510,6511,6512,6513,6514,6515,6516,6517,6518,6519,6520,6521,6522,6523,6524,6525,6526,6527,6528,6529,6530,6531,6532,6533,6534,6535,6536,6537,6538,6539,6540,6541,6542,6543,6544,6545,6546,6547,6548,6549,6550,6551,6552,6553,6554,6555\" style=\"none\" type=\"slider\" columns=\"1\" image_width=\"63\" image_size=\"thumbnail\" text_align=\"center\" srcset=\"https:\/\/www.montanheiros.com\/wp-content\/uploads\/2019\/05\/big61_1532963363-280x280.jpg 280w, https:\/\/www.montanheiros.com\/wp-content\/uploads\/2019\/05\/big61_1532963363-300x300.jpg 300w, https:\/\/www.montanheiros.com\/wp-content\/uploads\/2019\/05\/big61_1532963363-100x100.jpg 100w\" sizes=\"auto, (max-width: 280px) 100vw, 280px\" \/>                                                              <\/div>\n              <div class=\"box-text text-center\" >\n                 <p>Excurs\u00e3o a S. Jorge, Trilho Bardinhos, 29jul2017 - ilha S.Jorge <\/p>\n              <\/div>\n            <\/div>\n            <\/a>          <\/div>\n         <\/div><div class=\"gallery-col col\" >\n          <div class=\"col-inner\">\n            <a class=\"image-lightbox lightbox-gallery\" href=\"https:\/\/www.montanheiros.com\/wp-content\/uploads\/2019\/05\/big65_1532963376.jpg\" title=\"Excurs\u00e3o a S. Jorge, Trilho Bardinhos, 29jul2017 - ilha S.Jorge \">            <div class=\"box has-hover gallery-box box-none\">\n              <div class=\"box-image\" style=\"width:63%;\">\n                <img loading=\"lazy\" decoding=\"async\" width=\"280\" height=\"280\" src=\"https:\/\/www.montanheiros.com\/wp-content\/uploads\/2019\/05\/big65_1532963376-280x280.jpg\" class=\"attachment-thumbnail size-thumbnail\" alt=\"\" ids=\"6495,6496,6497,6498,6499,6500,6501,6502,6503,6504,6505,6506,6507,6508,6509,6510,6511,6512,6513,6514,6515,6516,6517,6518,6519,6520,6521,6522,6523,6524,6525,6526,6527,6528,6529,6530,6531,6532,6533,6534,6535,6536,6537,6538,6539,6540,6541,6542,6543,6544,6545,6546,6547,6548,6549,6550,6551,6552,6553,6554,6555\" style=\"none\" type=\"slider\" columns=\"1\" image_width=\"63\" image_size=\"thumbnail\" text_align=\"center\" srcset=\"https:\/\/www.montanheiros.com\/wp-content\/uploads\/2019\/05\/big65_1532963376-280x280.jpg 280w, https:\/\/www.montanheiros.com\/wp-content\/uploads\/2019\/05\/big65_1532963376-300x300.jpg 300w, https:\/\/www.montanheiros.com\/wp-content\/uploads\/2019\/05\/big65_1532963376-100x100.jpg 100w\" sizes=\"auto, (max-width: 280px) 100vw, 280px\" \/>                                                              <\/div>\n              <div class=\"box-text text-center\" >\n                 <p>Excurs\u00e3o a S. Jorge, Trilho Bardinhos, 29jul2017 - ilha S.Jorge <\/p>\n              <\/div>\n            <\/div>\n            <\/a>          <\/div>\n         <\/div><div class=\"gallery-col col\" >\n          <div class=\"col-inner\">\n            <a class=\"image-lightbox lightbox-gallery\" href=\"https:\/\/www.montanheiros.com\/wp-content\/uploads\/2019\/05\/big67_1532963383.jpg\" title=\"Excurs\u00e3o a S. Jorge, Trilho Bardinhos, 29jul2017 - ilha S.Jorge \">            <div class=\"box has-hover gallery-box box-none\">\n              <div class=\"box-image\" style=\"width:63%;\">\n                <img loading=\"lazy\" decoding=\"async\" width=\"280\" height=\"280\" src=\"https:\/\/www.montanheiros.com\/wp-content\/uploads\/2019\/05\/big67_1532963383-280x280.jpg\" class=\"attachment-thumbnail size-thumbnail\" alt=\"\" ids=\"6495,6496,6497,6498,6499,6500,6501,6502,6503,6504,6505,6506,6507,6508,6509,6510,6511,6512,6513,6514,6515,6516,6517,6518,6519,6520,6521,6522,6523,6524,6525,6526,6527,6528,6529,6530,6531,6532,6533,6534,6535,6536,6537,6538,6539,6540,6541,6542,6543,6544,6545,6546,6547,6548,6549,6550,6551,6552,6553,6554,6555\" style=\"none\" type=\"slider\" columns=\"1\" image_width=\"63\" image_size=\"thumbnail\" text_align=\"center\" srcset=\"https:\/\/www.montanheiros.com\/wp-content\/uploads\/2019\/05\/big67_1532963383-280x280.jpg 280w, https:\/\/www.montanheiros.com\/wp-content\/uploads\/2019\/05\/big67_1532963383-300x300.jpg 300w, https:\/\/www.montanheiros.com\/wp-content\/uploads\/2019\/05\/big67_1532963383-100x100.jpg 100w\" sizes=\"auto, (max-width: 280px) 100vw, 280px\" \/>                                                              <\/div>\n              <div class=\"box-text text-center\" >\n                 <p>Excurs\u00e3o a S. Jorge, Trilho Bardinhos, 29jul2017 - ilha S.Jorge <\/p>\n              <\/div>\n            <\/div>\n            <\/a>          <\/div>\n         <\/div><div class=\"gallery-col col\" >\n          <div class=\"col-inner\">\n            <a class=\"image-lightbox lightbox-gallery\" href=\"https:\/\/www.montanheiros.com\/wp-content\/uploads\/2019\/05\/big60_1532963359.jpg\" title=\"Excurs\u00e3o a S. Jorge, Trilho Bardinhos, 29jul2017 - ilha S.Jorge \">            <div class=\"box has-hover gallery-box box-none\">\n              <div class=\"box-image\" style=\"width:63%;\">\n                <img loading=\"lazy\" decoding=\"async\" width=\"280\" height=\"280\" src=\"https:\/\/www.montanheiros.com\/wp-content\/uploads\/2019\/05\/big60_1532963359-280x280.jpg\" class=\"attachment-thumbnail size-thumbnail\" alt=\"\" ids=\"6495,6496,6497,6498,6499,6500,6501,6502,6503,6504,6505,6506,6507,6508,6509,6510,6511,6512,6513,6514,6515,6516,6517,6518,6519,6520,6521,6522,6523,6524,6525,6526,6527,6528,6529,6530,6531,6532,6533,6534,6535,6536,6537,6538,6539,6540,6541,6542,6543,6544,6545,6546,6547,6548,6549,6550,6551,6552,6553,6554,6555\" style=\"none\" type=\"slider\" columns=\"1\" image_width=\"63\" image_size=\"thumbnail\" text_align=\"center\" srcset=\"https:\/\/www.montanheiros.com\/wp-content\/uploads\/2019\/05\/big60_1532963359-280x280.jpg 280w, https:\/\/www.montanheiros.com\/wp-content\/uploads\/2019\/05\/big60_1532963359-300x300.jpg 300w, https:\/\/www.montanheiros.com\/wp-content\/uploads\/2019\/05\/big60_1532963359-100x100.jpg 100w\" sizes=\"auto, (max-width: 280px) 100vw, 280px\" \/>                                                              <\/div>\n              <div class=\"box-text text-center\" >\n                 <p>Excurs\u00e3o a S. Jorge, Trilho Bardinhos, 29jul2017 - ilha S.Jorge <\/p>\n              <\/div>\n            <\/div>\n            <\/a>          <\/div>\n         <\/div><div class=\"gallery-col col\" >\n          <div class=\"col-inner\">\n            <a class=\"image-lightbox lightbox-gallery\" href=\"https:\/\/www.montanheiros.com\/wp-content\/uploads\/2019\/05\/big68_1532963386.jpg\" title=\"Excurs\u00e3o a S. Jorge, Trilho Bardinhos, 29jul2017 - ilha S.Jorge \">            <div class=\"box has-hover gallery-box box-none\">\n              <div class=\"box-image\" style=\"width:63%;\">\n                <img loading=\"lazy\" decoding=\"async\" width=\"280\" height=\"280\" src=\"https:\/\/www.montanheiros.com\/wp-content\/uploads\/2019\/05\/big68_1532963386-280x280.jpg\" class=\"attachment-thumbnail size-thumbnail\" alt=\"\" ids=\"6495,6496,6497,6498,6499,6500,6501,6502,6503,6504,6505,6506,6507,6508,6509,6510,6511,6512,6513,6514,6515,6516,6517,6518,6519,6520,6521,6522,6523,6524,6525,6526,6527,6528,6529,6530,6531,6532,6533,6534,6535,6536,6537,6538,6539,6540,6541,6542,6543,6544,6545,6546,6547,6548,6549,6550,6551,6552,6553,6554,6555\" style=\"none\" type=\"slider\" columns=\"1\" image_width=\"63\" image_size=\"thumbnail\" text_align=\"center\" srcset=\"https:\/\/www.montanheiros.com\/wp-content\/uploads\/2019\/05\/big68_1532963386-280x280.jpg 280w, https:\/\/www.montanheiros.com\/wp-content\/uploads\/2019\/05\/big68_1532963386-300x300.jpg 300w, https:\/\/www.montanheiros.com\/wp-content\/uploads\/2019\/05\/big68_1532963386-100x100.jpg 100w\" sizes=\"auto, (max-width: 280px) 100vw, 280px\" \/>                                                              <\/div>\n              <div class=\"box-text text-center\" >\n                 <p>Excurs\u00e3o a S. Jorge, Trilho Bardinhos, 29jul2017 - ilha S.Jorge <\/p>\n              <\/div>\n            <\/div>\n            <\/a>          <\/div>\n         <\/div><div class=\"gallery-col col\" >\n          <div class=\"col-inner\">\n            <a class=\"image-lightbox lightbox-gallery\" href=\"https:\/\/www.montanheiros.com\/wp-content\/uploads\/2019\/05\/big69_1532963388.jpg\" title=\"Excurs\u00e3o a S. Jorge, Trilho Bardinhos, 29jul2017 - ilha S.Jorge \">            <div class=\"box has-hover gallery-box box-none\">\n              <div class=\"box-image\" style=\"width:63%;\">\n                <img loading=\"lazy\" decoding=\"async\" width=\"280\" height=\"280\" src=\"https:\/\/www.montanheiros.com\/wp-content\/uploads\/2019\/05\/big69_1532963388-280x280.jpg\" class=\"attachment-thumbnail size-thumbnail\" alt=\"\" ids=\"6495,6496,6497,6498,6499,6500,6501,6502,6503,6504,6505,6506,6507,6508,6509,6510,6511,6512,6513,6514,6515,6516,6517,6518,6519,6520,6521,6522,6523,6524,6525,6526,6527,6528,6529,6530,6531,6532,6533,6534,6535,6536,6537,6538,6539,6540,6541,6542,6543,6544,6545,6546,6547,6548,6549,6550,6551,6552,6553,6554,6555\" style=\"none\" type=\"slider\" columns=\"1\" image_width=\"63\" image_size=\"thumbnail\" text_align=\"center\" srcset=\"https:\/\/www.montanheiros.com\/wp-content\/uploads\/2019\/05\/big69_1532963388-280x280.jpg 280w, https:\/\/www.montanheiros.com\/wp-content\/uploads\/2019\/05\/big69_1532963388-300x300.jpg 300w, https:\/\/www.montanheiros.com\/wp-content\/uploads\/2019\/05\/big69_1532963388-100x100.jpg 100w\" sizes=\"auto, (max-width: 280px) 100vw, 280px\" \/>                                                              <\/div>\n              <div class=\"box-text text-center\" >\n                 <p>Excurs\u00e3o a S. Jorge, Trilho Bardinhos, 29jul2017 - ilha S.Jorge <\/p>\n              <\/div>\n            <\/div>\n            <\/a>          <\/div>\n         <\/div><div class=\"gallery-col col\" >\n          <div class=\"col-inner\">\n            <a class=\"image-lightbox lightbox-gallery\" href=\"https:\/\/www.montanheiros.com\/wp-content\/uploads\/2019\/05\/big73_1532963400.jpg\" title=\"Excurs\u00e3o a S. Jorge, Trilho Bardinhos, 29jul2017 - ilha S.Jorge \">            <div class=\"box has-hover gallery-box box-none\">\n              <div class=\"box-image\" style=\"width:63%;\">\n                <img loading=\"lazy\" decoding=\"async\" width=\"280\" height=\"280\" src=\"https:\/\/www.montanheiros.com\/wp-content\/uploads\/2019\/05\/big73_1532963400-280x280.jpg\" class=\"attachment-thumbnail size-thumbnail\" alt=\"\" ids=\"6495,6496,6497,6498,6499,6500,6501,6502,6503,6504,6505,6506,6507,6508,6509,6510,6511,6512,6513,6514,6515,6516,6517,6518,6519,6520,6521,6522,6523,6524,6525,6526,6527,6528,6529,6530,6531,6532,6533,6534,6535,6536,6537,6538,6539,6540,6541,6542,6543,6544,6545,6546,6547,6548,6549,6550,6551,6552,6553,6554,6555\" style=\"none\" type=\"slider\" columns=\"1\" image_width=\"63\" image_size=\"thumbnail\" text_align=\"center\" srcset=\"https:\/\/www.montanheiros.com\/wp-content\/uploads\/2019\/05\/big73_1532963400-280x280.jpg 280w, https:\/\/www.montanheiros.com\/wp-content\/uploads\/2019\/05\/big73_1532963400-300x300.jpg 300w, https:\/\/www.montanheiros.com\/wp-content\/uploads\/2019\/05\/big73_1532963400-100x100.jpg 100w\" sizes=\"auto, (max-width: 280px) 100vw, 280px\" \/>                                                              <\/div>\n              <div class=\"box-text text-center\" >\n                 <p>Excurs\u00e3o a S. Jorge, Trilho Bardinhos, 29jul2017 - ilha S.Jorge <\/p>\n              <\/div>\n            <\/div>\n            <\/a>          <\/div>\n         <\/div><div class=\"gallery-col col\" >\n          <div class=\"col-inner\">\n            <a class=\"image-lightbox lightbox-gallery\" href=\"https:\/\/www.montanheiros.com\/wp-content\/uploads\/2019\/05\/big78_1532963420.jpg\" title=\"Excurs\u00e3o a S. Jorge, Trilho Bardinhos, 29jul2017 - ilha S.Jorge \">            <div class=\"box has-hover gallery-box box-none\">\n              <div class=\"box-image\" style=\"width:63%;\">\n                <img loading=\"lazy\" decoding=\"async\" width=\"280\" height=\"280\" src=\"https:\/\/www.montanheiros.com\/wp-content\/uploads\/2019\/05\/big78_1532963420-280x280.jpg\" class=\"attachment-thumbnail size-thumbnail\" alt=\"\" ids=\"6495,6496,6497,6498,6499,6500,6501,6502,6503,6504,6505,6506,6507,6508,6509,6510,6511,6512,6513,6514,6515,6516,6517,6518,6519,6520,6521,6522,6523,6524,6525,6526,6527,6528,6529,6530,6531,6532,6533,6534,6535,6536,6537,6538,6539,6540,6541,6542,6543,6544,6545,6546,6547,6548,6549,6550,6551,6552,6553,6554,6555\" style=\"none\" type=\"slider\" columns=\"1\" image_width=\"63\" image_size=\"thumbnail\" text_align=\"center\" srcset=\"https:\/\/www.montanheiros.com\/wp-content\/uploads\/2019\/05\/big78_1532963420-280x280.jpg 280w, https:\/\/www.montanheiros.com\/wp-content\/uploads\/2019\/05\/big78_1532963420-300x300.jpg 300w, https:\/\/www.montanheiros.com\/wp-content\/uploads\/2019\/05\/big78_1532963420-100x100.jpg 100w\" sizes=\"auto, (max-width: 280px) 100vw, 280px\" \/>                                                              <\/div>\n              <div class=\"box-text text-center\" >\n                 <p>Excurs\u00e3o a S. Jorge, Trilho Bardinhos, 29jul2017 - ilha S.Jorge <\/p>\n              <\/div>\n            <\/div>\n            <\/a>          <\/div>\n         <\/div><div class=\"gallery-col col\" >\n          <div class=\"col-inner\">\n            <a class=\"image-lightbox lightbox-gallery\" href=\"https:\/\/www.montanheiros.com\/wp-content\/uploads\/2019\/05\/big70_1532963393.jpg\" title=\"Excurs\u00e3o a S. Jorge, Trilho Bardinhos, 29jul2017 - ilha S.Jorge \">            <div class=\"box has-hover gallery-box box-none\">\n              <div class=\"box-image\" style=\"width:63%;\">\n                <img loading=\"lazy\" decoding=\"async\" width=\"280\" height=\"280\" src=\"https:\/\/www.montanheiros.com\/wp-content\/uploads\/2019\/05\/big70_1532963393-280x280.jpg\" class=\"attachment-thumbnail size-thumbnail\" alt=\"\" ids=\"6495,6496,6497,6498,6499,6500,6501,6502,6503,6504,6505,6506,6507,6508,6509,6510,6511,6512,6513,6514,6515,6516,6517,6518,6519,6520,6521,6522,6523,6524,6525,6526,6527,6528,6529,6530,6531,6532,6533,6534,6535,6536,6537,6538,6539,6540,6541,6542,6543,6544,6545,6546,6547,6548,6549,6550,6551,6552,6553,6554,6555\" style=\"none\" type=\"slider\" columns=\"1\" image_width=\"63\" image_size=\"thumbnail\" text_align=\"center\" srcset=\"https:\/\/www.montanheiros.com\/wp-content\/uploads\/2019\/05\/big70_1532963393-280x280.jpg 280w, https:\/\/www.montanheiros.com\/wp-content\/uploads\/2019\/05\/big70_1532963393-300x300.jpg 300w, https:\/\/www.montanheiros.com\/wp-content\/uploads\/2019\/05\/big70_1532963393-100x100.jpg 100w\" sizes=\"auto, (max-width: 280px) 100vw, 280px\" \/>                                                              <\/div>\n              <div class=\"box-text text-center\" >\n                 <p>Excurs\u00e3o a S. Jorge, Trilho Bardinhos, 29jul2017 - ilha S.Jorge <\/p>\n              <\/div>\n            <\/div>\n            <\/a>          <\/div>\n         <\/div><div class=\"gallery-col col\" >\n          <div class=\"col-inner\">\n            <a class=\"image-lightbox lightbox-gallery\" href=\"https:\/\/www.montanheiros.com\/wp-content\/uploads\/2019\/05\/big71_1532963397.jpg\" title=\"Excurs\u00e3o a S. Jorge, Trilho Bardinhos, 29jul2017 - ilha S.Jorge \">            <div class=\"box has-hover gallery-box box-none\">\n              <div class=\"box-image\" style=\"width:63%;\">\n                <img loading=\"lazy\" decoding=\"async\" width=\"280\" height=\"280\" src=\"https:\/\/www.montanheiros.com\/wp-content\/uploads\/2019\/05\/big71_1532963397-280x280.jpg\" class=\"attachment-thumbnail size-thumbnail\" alt=\"\" ids=\"6495,6496,6497,6498,6499,6500,6501,6502,6503,6504,6505,6506,6507,6508,6509,6510,6511,6512,6513,6514,6515,6516,6517,6518,6519,6520,6521,6522,6523,6524,6525,6526,6527,6528,6529,6530,6531,6532,6533,6534,6535,6536,6537,6538,6539,6540,6541,6542,6543,6544,6545,6546,6547,6548,6549,6550,6551,6552,6553,6554,6555\" style=\"none\" type=\"slider\" columns=\"1\" image_width=\"63\" image_size=\"thumbnail\" text_align=\"center\" srcset=\"https:\/\/www.montanheiros.com\/wp-content\/uploads\/2019\/05\/big71_1532963397-280x280.jpg 280w, https:\/\/www.montanheiros.com\/wp-content\/uploads\/2019\/05\/big71_1532963397-300x300.jpg 300w, https:\/\/www.montanheiros.com\/wp-content\/uploads\/2019\/05\/big71_1532963397-100x100.jpg 100w\" sizes=\"auto, (max-width: 280px) 100vw, 280px\" \/>                                                              <\/div>\n              <div class=\"box-text text-center\" >\n                 <p>Excurs\u00e3o a S. Jorge, Trilho Bardinhos, 29jul2017 - ilha S.Jorge <\/p>\n              <\/div>\n            <\/div>\n            <\/a>          <\/div>\n         <\/div><div class=\"gallery-col col\" >\n          <div class=\"col-inner\">\n            <a class=\"image-lightbox lightbox-gallery\" href=\"https:\/\/www.montanheiros.com\/wp-content\/uploads\/2019\/05\/big76_1532963407.jpg\" title=\"Excurs\u00e3o a S. Jorge, Trilho Bardinhos, 29jul2017 - ilha S.Jorge \">            <div class=\"box has-hover gallery-box box-none\">\n              <div class=\"box-image\" style=\"width:63%;\">\n                <img loading=\"lazy\" decoding=\"async\" width=\"280\" height=\"280\" src=\"https:\/\/www.montanheiros.com\/wp-content\/uploads\/2019\/05\/big76_1532963407-280x280.jpg\" class=\"attachment-thumbnail size-thumbnail\" alt=\"\" ids=\"6495,6496,6497,6498,6499,6500,6501,6502,6503,6504,6505,6506,6507,6508,6509,6510,6511,6512,6513,6514,6515,6516,6517,6518,6519,6520,6521,6522,6523,6524,6525,6526,6527,6528,6529,6530,6531,6532,6533,6534,6535,6536,6537,6538,6539,6540,6541,6542,6543,6544,6545,6546,6547,6548,6549,6550,6551,6552,6553,6554,6555\" style=\"none\" type=\"slider\" columns=\"1\" image_width=\"63\" image_size=\"thumbnail\" text_align=\"center\" srcset=\"https:\/\/www.montanheiros.com\/wp-content\/uploads\/2019\/05\/big76_1532963407-280x280.jpg 280w, https:\/\/www.montanheiros.com\/wp-content\/uploads\/2019\/05\/big76_1532963407-300x300.jpg 300w, https:\/\/www.montanheiros.com\/wp-content\/uploads\/2019\/05\/big76_1532963407-100x100.jpg 100w\" sizes=\"auto, (max-width: 280px) 100vw, 280px\" \/>                                                              <\/div>\n              <div class=\"box-text text-center\" >\n                 <p>Excurs\u00e3o a S. Jorge, Trilho Bardinhos, 29jul2017 - ilha S.Jorge <\/p>\n              <\/div>\n            <\/div>\n            <\/a>          <\/div>\n         <\/div><div class=\"gallery-col col\" >\n          <div class=\"col-inner\">\n            <a class=\"image-lightbox lightbox-gallery\" href=\"https:\/\/www.montanheiros.com\/wp-content\/uploads\/2019\/05\/big75_1532963407.jpg\" title=\"Excurs\u00e3o a S. Jorge, Trilho Bardinhos, 29jul2017 - ilha S.Jorge \">            <div class=\"box has-hover gallery-box box-none\">\n              <div class=\"box-image\" style=\"width:63%;\">\n                <img loading=\"lazy\" decoding=\"async\" width=\"280\" height=\"280\" src=\"https:\/\/www.montanheiros.com\/wp-content\/uploads\/2019\/05\/big75_1532963407-280x280.jpg\" class=\"attachment-thumbnail size-thumbnail\" alt=\"\" ids=\"6495,6496,6497,6498,6499,6500,6501,6502,6503,6504,6505,6506,6507,6508,6509,6510,6511,6512,6513,6514,6515,6516,6517,6518,6519,6520,6521,6522,6523,6524,6525,6526,6527,6528,6529,6530,6531,6532,6533,6534,6535,6536,6537,6538,6539,6540,6541,6542,6543,6544,6545,6546,6547,6548,6549,6550,6551,6552,6553,6554,6555\" style=\"none\" type=\"slider\" columns=\"1\" image_width=\"63\" image_size=\"thumbnail\" text_align=\"center\" srcset=\"https:\/\/www.montanheiros.com\/wp-content\/uploads\/2019\/05\/big75_1532963407-280x280.jpg 280w, https:\/\/www.montanheiros.com\/wp-content\/uploads\/2019\/05\/big75_1532963407-300x300.jpg 300w, https:\/\/www.montanheiros.com\/wp-content\/uploads\/2019\/05\/big75_1532963407-100x100.jpg 100w\" sizes=\"auto, (max-width: 280px) 100vw, 280px\" \/>                                                              <\/div>\n              <div class=\"box-text text-center\" >\n                 <p>Excurs\u00e3o a S. Jorge, Trilho Bardinhos, 29jul2017 - ilha S.Jorge <\/p>\n              <\/div>\n            <\/div>\n            <\/a>          <\/div>\n         <\/div><div class=\"gallery-col col\" >\n          <div class=\"col-inner\">\n            <a class=\"image-lightbox lightbox-gallery\" href=\"https:\/\/www.montanheiros.com\/wp-content\/uploads\/2019\/05\/big45_1532963144.jpg\" title=\"Excurs\u00e3o a S. Jorge, Trilho Bardinhos, 29jul2017 - ilha S.Jorge \">            <div class=\"box has-hover gallery-box box-none\">\n              <div class=\"box-image\" style=\"width:63%;\">\n                <img loading=\"lazy\" decoding=\"async\" width=\"280\" height=\"280\" src=\"https:\/\/www.montanheiros.com\/wp-content\/uploads\/2019\/05\/big45_1532963144-280x280.jpg\" class=\"attachment-thumbnail size-thumbnail\" alt=\"\" ids=\"6495,6496,6497,6498,6499,6500,6501,6502,6503,6504,6505,6506,6507,6508,6509,6510,6511,6512,6513,6514,6515,6516,6517,6518,6519,6520,6521,6522,6523,6524,6525,6526,6527,6528,6529,6530,6531,6532,6533,6534,6535,6536,6537,6538,6539,6540,6541,6542,6543,6544,6545,6546,6547,6548,6549,6550,6551,6552,6553,6554,6555\" style=\"none\" type=\"slider\" columns=\"1\" image_width=\"63\" image_size=\"thumbnail\" text_align=\"center\" srcset=\"https:\/\/www.montanheiros.com\/wp-content\/uploads\/2019\/05\/big45_1532963144-280x280.jpg 280w, https:\/\/www.montanheiros.com\/wp-content\/uploads\/2019\/05\/big45_1532963144-300x300.jpg 300w, https:\/\/www.montanheiros.com\/wp-content\/uploads\/2019\/05\/big45_1532963144-100x100.jpg 100w\" sizes=\"auto, (max-width: 280px) 100vw, 280px\" \/>                                                              <\/div>\n              <div class=\"box-text text-center\" >\n                 <p>Excurs\u00e3o a S. Jorge, Trilho Bardinhos, 29jul2017 - ilha S.Jorge <\/p>\n              <\/div>\n            <\/div>\n            <\/a>          <\/div>\n         <\/div><div class=\"gallery-col col\" >\n          <div class=\"col-inner\">\n            <a class=\"image-lightbox lightbox-gallery\" href=\"https:\/\/www.montanheiros.com\/wp-content\/uploads\/2019\/05\/big40_1532963123.jpg\" title=\"Excurs\u00e3o a S. Jorge, Trilho Bardinhos, 29jul2017 - ilha S.Jorge \">            <div class=\"box has-hover gallery-box box-none\">\n              <div class=\"box-image\" style=\"width:63%;\">\n                <img loading=\"lazy\" decoding=\"async\" width=\"280\" height=\"280\" src=\"https:\/\/www.montanheiros.com\/wp-content\/uploads\/2019\/05\/big40_1532963123-280x280.jpg\" class=\"attachment-thumbnail size-thumbnail\" alt=\"\" ids=\"6495,6496,6497,6498,6499,6500,6501,6502,6503,6504,6505,6506,6507,6508,6509,6510,6511,6512,6513,6514,6515,6516,6517,6518,6519,6520,6521,6522,6523,6524,6525,6526,6527,6528,6529,6530,6531,6532,6533,6534,6535,6536,6537,6538,6539,6540,6541,6542,6543,6544,6545,6546,6547,6548,6549,6550,6551,6552,6553,6554,6555\" style=\"none\" type=\"slider\" columns=\"1\" image_width=\"63\" image_size=\"thumbnail\" text_align=\"center\" srcset=\"https:\/\/www.montanheiros.com\/wp-content\/uploads\/2019\/05\/big40_1532963123-280x280.jpg 280w, https:\/\/www.montanheiros.com\/wp-content\/uploads\/2019\/05\/big40_1532963123-300x300.jpg 300w, https:\/\/www.montanheiros.com\/wp-content\/uploads\/2019\/05\/big40_1532963123-100x100.jpg 100w\" sizes=\"auto, (max-width: 280px) 100vw, 280px\" \/>                                                              <\/div>\n              <div class=\"box-text text-center\" >\n                 <p>Excurs\u00e3o a S. Jorge, Trilho Bardinhos, 29jul2017 - ilha S.Jorge <\/p>\n              <\/div>\n            <\/div>\n            <\/a>          <\/div>\n         <\/div><div class=\"gallery-col col\" >\n          <div class=\"col-inner\">\n            <a class=\"image-lightbox lightbox-gallery\" href=\"https:\/\/www.montanheiros.com\/wp-content\/uploads\/2019\/05\/big43_1532963138.jpg\" title=\"Excurs\u00e3o a S. Jorge, Trilho Bardinhos, 29jul2017 - ilha S.Jorge \">            <div class=\"box has-hover gallery-box box-none\">\n              <div class=\"box-image\" style=\"width:63%;\">\n                <img loading=\"lazy\" decoding=\"async\" width=\"280\" height=\"280\" src=\"https:\/\/www.montanheiros.com\/wp-content\/uploads\/2019\/05\/big43_1532963138-280x280.jpg\" class=\"attachment-thumbnail size-thumbnail\" alt=\"\" ids=\"6495,6496,6497,6498,6499,6500,6501,6502,6503,6504,6505,6506,6507,6508,6509,6510,6511,6512,6513,6514,6515,6516,6517,6518,6519,6520,6521,6522,6523,6524,6525,6526,6527,6528,6529,6530,6531,6532,6533,6534,6535,6536,6537,6538,6539,6540,6541,6542,6543,6544,6545,6546,6547,6548,6549,6550,6551,6552,6553,6554,6555\" style=\"none\" type=\"slider\" columns=\"1\" image_width=\"63\" image_size=\"thumbnail\" text_align=\"center\" srcset=\"https:\/\/www.montanheiros.com\/wp-content\/uploads\/2019\/05\/big43_1532963138-280x280.jpg 280w, https:\/\/www.montanheiros.com\/wp-content\/uploads\/2019\/05\/big43_1532963138-300x300.jpg 300w, https:\/\/www.montanheiros.com\/wp-content\/uploads\/2019\/05\/big43_1532963138-100x100.jpg 100w\" sizes=\"auto, (max-width: 280px) 100vw, 280px\" \/>                                                              <\/div>\n              <div class=\"box-text text-center\" >\n                 <p>Excurs\u00e3o a S. Jorge, Trilho Bardinhos, 29jul2017 - ilha S.Jorge <\/p>\n              <\/div>\n            <\/div>\n            <\/a>          <\/div>\n         <\/div><div class=\"gallery-col col\" >\n          <div class=\"col-inner\">\n            <a class=\"image-lightbox lightbox-gallery\" href=\"https:\/\/www.montanheiros.com\/wp-content\/uploads\/2019\/05\/big47_1532963146.jpg\" title=\"Excurs\u00e3o a S. Jorge, Trilho Bardinhos, 29jul2017 - ilha S.Jorge \">            <div class=\"box has-hover gallery-box box-none\">\n              <div class=\"box-image\" style=\"width:63%;\">\n                <img loading=\"lazy\" decoding=\"async\" width=\"280\" height=\"280\" src=\"https:\/\/www.montanheiros.com\/wp-content\/uploads\/2019\/05\/big47_1532963146-280x280.jpg\" class=\"attachment-thumbnail size-thumbnail\" alt=\"\" ids=\"6495,6496,6497,6498,6499,6500,6501,6502,6503,6504,6505,6506,6507,6508,6509,6510,6511,6512,6513,6514,6515,6516,6517,6518,6519,6520,6521,6522,6523,6524,6525,6526,6527,6528,6529,6530,6531,6532,6533,6534,6535,6536,6537,6538,6539,6540,6541,6542,6543,6544,6545,6546,6547,6548,6549,6550,6551,6552,6553,6554,6555\" style=\"none\" type=\"slider\" columns=\"1\" image_width=\"63\" image_size=\"thumbnail\" text_align=\"center\" srcset=\"https:\/\/www.montanheiros.com\/wp-content\/uploads\/2019\/05\/big47_1532963146-280x280.jpg 280w, https:\/\/www.montanheiros.com\/wp-content\/uploads\/2019\/05\/big47_1532963146-300x300.jpg 300w, https:\/\/www.montanheiros.com\/wp-content\/uploads\/2019\/05\/big47_1532963146-100x100.jpg 100w\" sizes=\"auto, (max-width: 280px) 100vw, 280px\" \/>                                                              <\/div>\n              <div class=\"box-text text-center\" >\n                 <p>Excurs\u00e3o a S. Jorge, Trilho Bardinhos, 29jul2017 - ilha S.Jorge <\/p>\n              <\/div>\n            <\/div>\n            <\/a>          <\/div>\n         <\/div><div class=\"gallery-col col\" >\n          <div class=\"col-inner\">\n            <a class=\"image-lightbox lightbox-gallery\" href=\"https:\/\/www.montanheiros.com\/wp-content\/uploads\/2019\/05\/big44_1532963141.jpg\" title=\"Excurs\u00e3o a S. Jorge, Trilho Bardinhos, 29jul2017 - ilha S.Jorge \">            <div class=\"box has-hover gallery-box box-none\">\n              <div class=\"box-image\" style=\"width:63%;\">\n                <img loading=\"lazy\" decoding=\"async\" width=\"280\" height=\"280\" src=\"https:\/\/www.montanheiros.com\/wp-content\/uploads\/2019\/05\/big44_1532963141-280x280.jpg\" class=\"attachment-thumbnail size-thumbnail\" alt=\"\" ids=\"6495,6496,6497,6498,6499,6500,6501,6502,6503,6504,6505,6506,6507,6508,6509,6510,6511,6512,6513,6514,6515,6516,6517,6518,6519,6520,6521,6522,6523,6524,6525,6526,6527,6528,6529,6530,6531,6532,6533,6534,6535,6536,6537,6538,6539,6540,6541,6542,6543,6544,6545,6546,6547,6548,6549,6550,6551,6552,6553,6554,6555\" style=\"none\" type=\"slider\" columns=\"1\" image_width=\"63\" image_size=\"thumbnail\" text_align=\"center\" srcset=\"https:\/\/www.montanheiros.com\/wp-content\/uploads\/2019\/05\/big44_1532963141-280x280.jpg 280w, https:\/\/www.montanheiros.com\/wp-content\/uploads\/2019\/05\/big44_1532963141-300x300.jpg 300w, https:\/\/www.montanheiros.com\/wp-content\/uploads\/2019\/05\/big44_1532963141-100x100.jpg 100w\" sizes=\"auto, (max-width: 280px) 100vw, 280px\" \/>                                                              <\/div>\n              <div class=\"box-text text-center\" >\n                 <p>Excurs\u00e3o a S. Jorge, Trilho Bardinhos, 29jul2017 - ilha S.Jorge <\/p>\n              <\/div>\n            <\/div>\n            <\/a>          <\/div>\n         <\/div><div class=\"gallery-col col\" >\n          <div class=\"col-inner\">\n            <a class=\"image-lightbox lightbox-gallery\" href=\"https:\/\/www.montanheiros.com\/wp-content\/uploads\/2019\/05\/big31_1532963102.jpg\" title=\"Excurs\u00e3o a S. Jorge, Trilho Bardinhos, 29jul2017 - ilha S.Jorge \">            <div class=\"box has-hover gallery-box box-none\">\n              <div class=\"box-image\" style=\"width:63%;\">\n                <img loading=\"lazy\" decoding=\"async\" width=\"280\" height=\"280\" src=\"https:\/\/www.montanheiros.com\/wp-content\/uploads\/2019\/05\/big31_1532963102-280x280.jpg\" class=\"attachment-thumbnail size-thumbnail\" alt=\"\" ids=\"6495,6496,6497,6498,6499,6500,6501,6502,6503,6504,6505,6506,6507,6508,6509,6510,6511,6512,6513,6514,6515,6516,6517,6518,6519,6520,6521,6522,6523,6524,6525,6526,6527,6528,6529,6530,6531,6532,6533,6534,6535,6536,6537,6538,6539,6540,6541,6542,6543,6544,6545,6546,6547,6548,6549,6550,6551,6552,6553,6554,6555\" style=\"none\" type=\"slider\" columns=\"1\" image_width=\"63\" image_size=\"thumbnail\" text_align=\"center\" srcset=\"https:\/\/www.montanheiros.com\/wp-content\/uploads\/2019\/05\/big31_1532963102-280x280.jpg 280w, https:\/\/www.montanheiros.com\/wp-content\/uploads\/2019\/05\/big31_1532963102-300x300.jpg 300w, https:\/\/www.montanheiros.com\/wp-content\/uploads\/2019\/05\/big31_1532963102-100x100.jpg 100w\" sizes=\"auto, (max-width: 280px) 100vw, 280px\" \/>                                                              <\/div>\n              <div class=\"box-text text-center\" >\n                 <p>Excurs\u00e3o a S. Jorge, Trilho Bardinhos, 29jul2017 - ilha S.Jorge <\/p>\n              <\/div>\n            <\/div>\n            <\/a>          <\/div>\n         <\/div><div class=\"gallery-col col\" >\n          <div class=\"col-inner\">\n            <a class=\"image-lightbox lightbox-gallery\" href=\"https:\/\/www.montanheiros.com\/wp-content\/uploads\/2019\/05\/big42_1532963136.jpg\" title=\"Excurs\u00e3o a S. Jorge, Trilho Bardinhos, 29jul2017 - ilha S.Jorge \">            <div class=\"box has-hover gallery-box box-none\">\n              <div class=\"box-image\" style=\"width:63%;\">\n                <img loading=\"lazy\" decoding=\"async\" width=\"280\" height=\"280\" src=\"https:\/\/www.montanheiros.com\/wp-content\/uploads\/2019\/05\/big42_1532963136-280x280.jpg\" class=\"attachment-thumbnail size-thumbnail\" alt=\"\" ids=\"6495,6496,6497,6498,6499,6500,6501,6502,6503,6504,6505,6506,6507,6508,6509,6510,6511,6512,6513,6514,6515,6516,6517,6518,6519,6520,6521,6522,6523,6524,6525,6526,6527,6528,6529,6530,6531,6532,6533,6534,6535,6536,6537,6538,6539,6540,6541,6542,6543,6544,6545,6546,6547,6548,6549,6550,6551,6552,6553,6554,6555\" style=\"none\" type=\"slider\" columns=\"1\" image_width=\"63\" image_size=\"thumbnail\" text_align=\"center\" srcset=\"https:\/\/www.montanheiros.com\/wp-content\/uploads\/2019\/05\/big42_1532963136-280x280.jpg 280w, https:\/\/www.montanheiros.com\/wp-content\/uploads\/2019\/05\/big42_1532963136-300x300.jpg 300w, https:\/\/www.montanheiros.com\/wp-content\/uploads\/2019\/05\/big42_1532963136-100x100.jpg 100w\" sizes=\"auto, (max-width: 280px) 100vw, 280px\" \/>                                                              <\/div>\n              <div class=\"box-text text-center\" >\n                 <p>Excurs\u00e3o a S. Jorge, Trilho Bardinhos, 29jul2017 - ilha S.Jorge <\/p>\n              <\/div>\n            <\/div>\n            <\/a>          <\/div>\n         <\/div><div class=\"gallery-col col\" >\n          <div class=\"col-inner\">\n            <a class=\"image-lightbox lightbox-gallery\" href=\"https:\/\/www.montanheiros.com\/wp-content\/uploads\/2019\/05\/big39_1532963120.jpg\" title=\"Excurs\u00e3o a S. Jorge, Trilho Bardinhos, 29jul2017 - ilha S.Jorge \">            <div class=\"box has-hover gallery-box box-none\">\n              <div class=\"box-image\" style=\"width:63%;\">\n                <img loading=\"lazy\" decoding=\"async\" width=\"280\" height=\"280\" src=\"https:\/\/www.montanheiros.com\/wp-content\/uploads\/2019\/05\/big39_1532963120-280x280.jpg\" class=\"attachment-thumbnail size-thumbnail\" alt=\"\" ids=\"6495,6496,6497,6498,6499,6500,6501,6502,6503,6504,6505,6506,6507,6508,6509,6510,6511,6512,6513,6514,6515,6516,6517,6518,6519,6520,6521,6522,6523,6524,6525,6526,6527,6528,6529,6530,6531,6532,6533,6534,6535,6536,6537,6538,6539,6540,6541,6542,6543,6544,6545,6546,6547,6548,6549,6550,6551,6552,6553,6554,6555\" style=\"none\" type=\"slider\" columns=\"1\" image_width=\"63\" image_size=\"thumbnail\" text_align=\"center\" srcset=\"https:\/\/www.montanheiros.com\/wp-content\/uploads\/2019\/05\/big39_1532963120-280x280.jpg 280w, https:\/\/www.montanheiros.com\/wp-content\/uploads\/2019\/05\/big39_1532963120-300x300.jpg 300w, https:\/\/www.montanheiros.com\/wp-content\/uploads\/2019\/05\/big39_1532963120-100x100.jpg 100w\" sizes=\"auto, (max-width: 280px) 100vw, 280px\" \/>                                                              <\/div>\n              <div class=\"box-text text-center\" >\n                 <p>Excurs\u00e3o a S. Jorge, Trilho Bardinhos, 29jul2017 - ilha S.Jorge <\/p>\n              <\/div>\n            <\/div>\n            <\/a>          <\/div>\n         <\/div><div class=\"gallery-col col\" >\n          <div class=\"col-inner\">\n            <a class=\"image-lightbox lightbox-gallery\" href=\"https:\/\/www.montanheiros.com\/wp-content\/uploads\/2019\/05\/big38_1532963112.jpg\" title=\"Excurs\u00e3o a S. Jorge, Trilho Bardinhos, 29jul2017 - ilha S.Jorge \">            <div class=\"box has-hover gallery-box box-none\">\n              <div class=\"box-image\" style=\"width:63%;\">\n                <img loading=\"lazy\" decoding=\"async\" width=\"280\" height=\"280\" src=\"https:\/\/www.montanheiros.com\/wp-content\/uploads\/2019\/05\/big38_1532963112-280x280.jpg\" class=\"attachment-thumbnail size-thumbnail\" alt=\"\" ids=\"6495,6496,6497,6498,6499,6500,6501,6502,6503,6504,6505,6506,6507,6508,6509,6510,6511,6512,6513,6514,6515,6516,6517,6518,6519,6520,6521,6522,6523,6524,6525,6526,6527,6528,6529,6530,6531,6532,6533,6534,6535,6536,6537,6538,6539,6540,6541,6542,6543,6544,6545,6546,6547,6548,6549,6550,6551,6552,6553,6554,6555\" style=\"none\" type=\"slider\" columns=\"1\" image_width=\"63\" image_size=\"thumbnail\" text_align=\"center\" srcset=\"https:\/\/www.montanheiros.com\/wp-content\/uploads\/2019\/05\/big38_1532963112-280x280.jpg 280w, https:\/\/www.montanheiros.com\/wp-content\/uploads\/2019\/05\/big38_1532963112-300x300.jpg 300w, https:\/\/www.montanheiros.com\/wp-content\/uploads\/2019\/05\/big38_1532963112-100x100.jpg 100w\" sizes=\"auto, (max-width: 280px) 100vw, 280px\" \/>                                                              <\/div>\n              <div class=\"box-text text-center\" >\n                 <p>Excurs\u00e3o a S. Jorge, Trilho Bardinhos, 29jul2017 - ilha S.Jorge <\/p>\n              <\/div>\n            <\/div>\n            <\/a>          <\/div>\n         <\/div><div class=\"gallery-col col\" >\n          <div class=\"col-inner\">\n            <a class=\"image-lightbox lightbox-gallery\" href=\"https:\/\/www.montanheiros.com\/wp-content\/uploads\/2019\/05\/big34_1532963105.jpg\" title=\"Excurs\u00e3o a S. Jorge, Trilho Bardinhos, 29jul2017 - ilha S.Jorge \">            <div class=\"box has-hover gallery-box box-none\">\n              <div class=\"box-image\" style=\"width:63%;\">\n                <img loading=\"lazy\" decoding=\"async\" width=\"280\" height=\"280\" src=\"https:\/\/www.montanheiros.com\/wp-content\/uploads\/2019\/05\/big34_1532963105-280x280.jpg\" class=\"attachment-thumbnail size-thumbnail\" alt=\"\" ids=\"6495,6496,6497,6498,6499,6500,6501,6502,6503,6504,6505,6506,6507,6508,6509,6510,6511,6512,6513,6514,6515,6516,6517,6518,6519,6520,6521,6522,6523,6524,6525,6526,6527,6528,6529,6530,6531,6532,6533,6534,6535,6536,6537,6538,6539,6540,6541,6542,6543,6544,6545,6546,6547,6548,6549,6550,6551,6552,6553,6554,6555\" style=\"none\" type=\"slider\" columns=\"1\" image_width=\"63\" image_size=\"thumbnail\" text_align=\"center\" srcset=\"https:\/\/www.montanheiros.com\/wp-content\/uploads\/2019\/05\/big34_1532963105-280x280.jpg 280w, https:\/\/www.montanheiros.com\/wp-content\/uploads\/2019\/05\/big34_1532963105-300x300.jpg 300w, https:\/\/www.montanheiros.com\/wp-content\/uploads\/2019\/05\/big34_1532963105-100x100.jpg 100w\" sizes=\"auto, (max-width: 280px) 100vw, 280px\" \/>                                                              <\/div>\n              <div class=\"box-text text-center\" >\n                 <p>Excurs\u00e3o a S. Jorge, Trilho Bardinhos, 29jul2017 - ilha S.Jorge <\/p>\n              <\/div>\n            <\/div>\n            <\/a>          <\/div>\n         <\/div><div class=\"gallery-col col\" >\n          <div class=\"col-inner\">\n            <a class=\"image-lightbox lightbox-gallery\" href=\"https:\/\/www.montanheiros.com\/wp-content\/uploads\/2019\/05\/big46_1532963145.jpg\" title=\"Excurs\u00e3o a S. Jorge, Trilho Bardinhos, 29jul2017 - ilha S.Jorge \">            <div class=\"box has-hover gallery-box box-none\">\n              <div class=\"box-image\" style=\"width:63%;\">\n                <img loading=\"lazy\" decoding=\"async\" width=\"280\" height=\"280\" src=\"https:\/\/www.montanheiros.com\/wp-content\/uploads\/2019\/05\/big46_1532963145-280x280.jpg\" class=\"attachment-thumbnail size-thumbnail\" alt=\"\" ids=\"6495,6496,6497,6498,6499,6500,6501,6502,6503,6504,6505,6506,6507,6508,6509,6510,6511,6512,6513,6514,6515,6516,6517,6518,6519,6520,6521,6522,6523,6524,6525,6526,6527,6528,6529,6530,6531,6532,6533,6534,6535,6536,6537,6538,6539,6540,6541,6542,6543,6544,6545,6546,6547,6548,6549,6550,6551,6552,6553,6554,6555\" style=\"none\" type=\"slider\" columns=\"1\" image_width=\"63\" image_size=\"thumbnail\" text_align=\"center\" srcset=\"https:\/\/www.montanheiros.com\/wp-content\/uploads\/2019\/05\/big46_1532963145-280x280.jpg 280w, https:\/\/www.montanheiros.com\/wp-content\/uploads\/2019\/05\/big46_1532963145-300x300.jpg 300w, https:\/\/www.montanheiros.com\/wp-content\/uploads\/2019\/05\/big46_1532963145-100x100.jpg 100w\" sizes=\"auto, (max-width: 280px) 100vw, 280px\" \/>                                                              <\/div>\n              <div class=\"box-text text-center\" >\n                 <p>Excurs\u00e3o a S. Jorge, Trilho Bardinhos, 29jul2017 - ilha S.Jorge <\/p>\n              <\/div>\n            <\/div>\n            <\/a>          <\/div>\n         <\/div><div class=\"gallery-col col\" >\n          <div class=\"col-inner\">\n            <a class=\"image-lightbox lightbox-gallery\" href=\"https:\/\/www.montanheiros.com\/wp-content\/uploads\/2019\/05\/big29_1532963087.jpg\" title=\"Excurs\u00e3o a S. Jorge, Trilho Bardinhos, 29jul2017 - ilha S.Jorge \">            <div class=\"box has-hover gallery-box box-none\">\n              <div class=\"box-image\" style=\"width:63%;\">\n                <img loading=\"lazy\" decoding=\"async\" width=\"280\" height=\"280\" src=\"https:\/\/www.montanheiros.com\/wp-content\/uploads\/2019\/05\/big29_1532963087-280x280.jpg\" class=\"attachment-thumbnail size-thumbnail\" alt=\"\" ids=\"6495,6496,6497,6498,6499,6500,6501,6502,6503,6504,6505,6506,6507,6508,6509,6510,6511,6512,6513,6514,6515,6516,6517,6518,6519,6520,6521,6522,6523,6524,6525,6526,6527,6528,6529,6530,6531,6532,6533,6534,6535,6536,6537,6538,6539,6540,6541,6542,6543,6544,6545,6546,6547,6548,6549,6550,6551,6552,6553,6554,6555\" style=\"none\" type=\"slider\" columns=\"1\" image_width=\"63\" image_size=\"thumbnail\" text_align=\"center\" srcset=\"https:\/\/www.montanheiros.com\/wp-content\/uploads\/2019\/05\/big29_1532963087-280x280.jpg 280w, https:\/\/www.montanheiros.com\/wp-content\/uploads\/2019\/05\/big29_1532963087-300x300.jpg 300w, https:\/\/www.montanheiros.com\/wp-content\/uploads\/2019\/05\/big29_1532963087-100x100.jpg 100w\" sizes=\"auto, (max-width: 280px) 100vw, 280px\" \/>                                                              <\/div>\n              <div class=\"box-text text-center\" >\n                 <p>Excurs\u00e3o a S. Jorge, Trilho Bardinhos, 29jul2017 - ilha S.Jorge <\/p>\n              <\/div>\n            <\/div>\n            <\/a>          <\/div>\n         <\/div><div class=\"gallery-col col\" >\n          <div class=\"col-inner\">\n            <a class=\"image-lightbox lightbox-gallery\" href=\"https:\/\/www.montanheiros.com\/wp-content\/uploads\/2019\/05\/big35_1532963107.jpg\" title=\"Excurs\u00e3o a S. Jorge, Trilho Bardinhos, 29jul2017 - ilha S.Jorge \">            <div class=\"box has-hover gallery-box box-none\">\n              <div class=\"box-image\" style=\"width:63%;\">\n                <img loading=\"lazy\" decoding=\"async\" width=\"280\" height=\"280\" src=\"https:\/\/www.montanheiros.com\/wp-content\/uploads\/2019\/05\/big35_1532963107-280x280.jpg\" class=\"attachment-thumbnail size-thumbnail\" alt=\"\" ids=\"6495,6496,6497,6498,6499,6500,6501,6502,6503,6504,6505,6506,6507,6508,6509,6510,6511,6512,6513,6514,6515,6516,6517,6518,6519,6520,6521,6522,6523,6524,6525,6526,6527,6528,6529,6530,6531,6532,6533,6534,6535,6536,6537,6538,6539,6540,6541,6542,6543,6544,6545,6546,6547,6548,6549,6550,6551,6552,6553,6554,6555\" style=\"none\" type=\"slider\" columns=\"1\" image_width=\"63\" image_size=\"thumbnail\" text_align=\"center\" srcset=\"https:\/\/www.montanheiros.com\/wp-content\/uploads\/2019\/05\/big35_1532963107-280x280.jpg 280w, https:\/\/www.montanheiros.com\/wp-content\/uploads\/2019\/05\/big35_1532963107-300x300.jpg 300w, https:\/\/www.montanheiros.com\/wp-content\/uploads\/2019\/05\/big35_1532963107-100x100.jpg 100w\" sizes=\"auto, (max-width: 280px) 100vw, 280px\" \/>                                                              <\/div>\n              <div class=\"box-text text-center\" >\n                 <p>Excurs\u00e3o a S. Jorge, Trilho Bardinhos, 29jul2017 - ilha S.Jorge <\/p>\n              <\/div>\n            <\/div>\n            <\/a>          <\/div>\n         <\/div><div class=\"gallery-col col\" >\n          <div class=\"col-inner\">\n            <a class=\"image-lightbox lightbox-gallery\" href=\"https:\/\/www.montanheiros.com\/wp-content\/uploads\/2019\/05\/big33_1532963103.jpg\" title=\"Excurs\u00e3o a S. Jorge, Trilho Bardinhos, 29jul2017 - ilha S.Jorge \">            <div class=\"box has-hover gallery-box box-none\">\n              <div class=\"box-image\" style=\"width:63%;\">\n                <img loading=\"lazy\" decoding=\"async\" width=\"280\" height=\"280\" src=\"https:\/\/www.montanheiros.com\/wp-content\/uploads\/2019\/05\/big33_1532963103-280x280.jpg\" class=\"attachment-thumbnail size-thumbnail\" alt=\"\" ids=\"6495,6496,6497,6498,6499,6500,6501,6502,6503,6504,6505,6506,6507,6508,6509,6510,6511,6512,6513,6514,6515,6516,6517,6518,6519,6520,6521,6522,6523,6524,6525,6526,6527,6528,6529,6530,6531,6532,6533,6534,6535,6536,6537,6538,6539,6540,6541,6542,6543,6544,6545,6546,6547,6548,6549,6550,6551,6552,6553,6554,6555\" style=\"none\" type=\"slider\" columns=\"1\" image_width=\"63\" image_size=\"thumbnail\" text_align=\"center\" srcset=\"https:\/\/www.montanheiros.com\/wp-content\/uploads\/2019\/05\/big33_1532963103-280x280.jpg 280w, https:\/\/www.montanheiros.com\/wp-content\/uploads\/2019\/05\/big33_1532963103-300x300.jpg 300w, https:\/\/www.montanheiros.com\/wp-content\/uploads\/2019\/05\/big33_1532963103-100x100.jpg 100w\" sizes=\"auto, (max-width: 280px) 100vw, 280px\" \/>                                                              <\/div>\n              <div class=\"box-text text-center\" >\n                 <p>Excurs\u00e3o a S. Jorge, Trilho Bardinhos, 29jul2017 - ilha S.Jorge <\/p>\n              <\/div>\n            <\/div>\n            <\/a>          <\/div>\n         <\/div><div class=\"gallery-col col\" >\n          <div class=\"col-inner\">\n            <a class=\"image-lightbox lightbox-gallery\" href=\"https:\/\/www.montanheiros.com\/wp-content\/uploads\/2019\/05\/big32_1532963103.jpg\" title=\"Excurs\u00e3o a S. Jorge, Trilho Bardinhos, 29jul2017 - ilha S.Jorge \">            <div class=\"box has-hover gallery-box box-none\">\n              <div class=\"box-image\" style=\"width:63%;\">\n                <img loading=\"lazy\" decoding=\"async\" width=\"280\" height=\"280\" src=\"https:\/\/www.montanheiros.com\/wp-content\/uploads\/2019\/05\/big32_1532963103-280x280.jpg\" class=\"attachment-thumbnail size-thumbnail\" alt=\"\" ids=\"6495,6496,6497,6498,6499,6500,6501,6502,6503,6504,6505,6506,6507,6508,6509,6510,6511,6512,6513,6514,6515,6516,6517,6518,6519,6520,6521,6522,6523,6524,6525,6526,6527,6528,6529,6530,6531,6532,6533,6534,6535,6536,6537,6538,6539,6540,6541,6542,6543,6544,6545,6546,6547,6548,6549,6550,6551,6552,6553,6554,6555\" style=\"none\" type=\"slider\" columns=\"1\" image_width=\"63\" image_size=\"thumbnail\" text_align=\"center\" srcset=\"https:\/\/www.montanheiros.com\/wp-content\/uploads\/2019\/05\/big32_1532963103-280x280.jpg 280w, https:\/\/www.montanheiros.com\/wp-content\/uploads\/2019\/05\/big32_1532963103-300x300.jpg 300w, https:\/\/www.montanheiros.com\/wp-content\/uploads\/2019\/05\/big32_1532963103-100x100.jpg 100w\" sizes=\"auto, (max-width: 280px) 100vw, 280px\" \/>                                                              <\/div>\n              <div class=\"box-text text-center\" >\n                 <p>Excurs\u00e3o a S. Jorge, Trilho Bardinhos, 29jul2017 - ilha S.Jorge <\/p>\n              <\/div>\n            <\/div>\n            <\/a>          <\/div>\n         <\/div><div class=\"gallery-col col\" >\n          <div class=\"col-inner\">\n            <a class=\"image-lightbox lightbox-gallery\" href=\"https:\/\/www.montanheiros.com\/wp-content\/uploads\/2019\/05\/big36_1532963107.jpg\" title=\"Excurs\u00e3o a S. Jorge, Trilho Bardinhos, 29jul2017 - ilha S.Jorge \">            <div class=\"box has-hover gallery-box box-none\">\n              <div class=\"box-image\" style=\"width:63%;\">\n                <img loading=\"lazy\" decoding=\"async\" width=\"280\" height=\"280\" src=\"https:\/\/www.montanheiros.com\/wp-content\/uploads\/2019\/05\/big36_1532963107-280x280.jpg\" class=\"attachment-thumbnail size-thumbnail\" alt=\"\" ids=\"6495,6496,6497,6498,6499,6500,6501,6502,6503,6504,6505,6506,6507,6508,6509,6510,6511,6512,6513,6514,6515,6516,6517,6518,6519,6520,6521,6522,6523,6524,6525,6526,6527,6528,6529,6530,6531,6532,6533,6534,6535,6536,6537,6538,6539,6540,6541,6542,6543,6544,6545,6546,6547,6548,6549,6550,6551,6552,6553,6554,6555\" style=\"none\" type=\"slider\" columns=\"1\" image_width=\"63\" image_size=\"thumbnail\" text_align=\"center\" srcset=\"https:\/\/www.montanheiros.com\/wp-content\/uploads\/2019\/05\/big36_1532963107-280x280.jpg 280w, https:\/\/www.montanheiros.com\/wp-content\/uploads\/2019\/05\/big36_1532963107-300x300.jpg 300w, https:\/\/www.montanheiros.com\/wp-content\/uploads\/2019\/05\/big36_1532963107-100x100.jpg 100w\" sizes=\"auto, (max-width: 280px) 100vw, 280px\" \/>                                                              <\/div>\n              <div class=\"box-text text-center\" >\n                 <p>Excurs\u00e3o a S. Jorge, Trilho Bardinhos, 29jul2017 - ilha S.Jorge <\/p>\n              <\/div>\n            <\/div>\n            <\/a>          <\/div>\n         <\/div><\/div>\n\n\n\t\t<\/div>\n\t\t\t\t\t<\/div>\n\n\t\n\n\t<div id=\"col-56241589\" class=\"col medium-3 small-12 large-3\"  >\n\t\t\t\t<div class=\"col-inner\"  >\n\t\t\t\n\t\t\t\n\n<p>Excurs\u00e3o a S. Jorge, Trilho Portal-Fragueira-Faj\u00e3 dos Vimes, 28jul2018 &#8211; ilha S.Jorge<\/p>\n\n  \n    <div class=\"row large-columns-1 medium-columns- small-columns- row-full-width slider row-slider slider-nav-reveal\"  data-flickity-options='{\"imagesLoaded\": true, \"groupCells\": \"100%\", \"dragThreshold\" : 5, \"cellAlign\": \"left\",\"wrapAround\": true,\"prevNextButtons\": true,\"percentPosition\": true,\"pageDots\": false, \"rightToLeft\": false, \"autoPlay\" : false}'>\n\n  <div class=\"gallery-col col\" >\n          <div class=\"col-inner\">\n            <a class=\"image-lightbox lightbox-gallery\" href=\"https:\/\/www.montanheiros.com\/wp-content\/uploads\/2019\/05\/big5_1532961770.jpg\" title=\"Excurs\u00e3o a S. Jorge, Trilho Portal-Fragueira-Faj\u00e3 dos Vimes, 28jul2017 - ilha S.Jorge \">            <div class=\"box has-hover gallery-box box-none\">\n              <div class=\"box-image\" style=\"width:63%;\">\n                <img loading=\"lazy\" decoding=\"async\" width=\"280\" height=\"280\" src=\"https:\/\/www.montanheiros.com\/wp-content\/uploads\/2019\/05\/big5_1532961770-280x280.jpg\" class=\"attachment-thumbnail size-thumbnail\" alt=\"\" ids=\"6450,6451,6452,6453,6454,6455,6456,6457,6458,6459,6460,6461,6462,6463,6464,6465,6466,6467,6468,6469,6470,6471,6472,6473,6474,6475,6476,6477,6478,6479,6480,6481,6482,6483,6485,6486,6487,6488,6489,6490,6491,6492\" style=\"none\" type=\"slider\" columns=\"1\" image_width=\"63\" image_size=\"thumbnail\" text_align=\"center\" srcset=\"https:\/\/www.montanheiros.com\/wp-content\/uploads\/2019\/05\/big5_1532961770-280x280.jpg 280w, https:\/\/www.montanheiros.com\/wp-content\/uploads\/2019\/05\/big5_1532961770-300x300.jpg 300w, https:\/\/www.montanheiros.com\/wp-content\/uploads\/2019\/05\/big5_1532961770-100x100.jpg 100w\" sizes=\"auto, (max-width: 280px) 100vw, 280px\" \/>                                                              <\/div>\n              <div class=\"box-text text-center\" >\n                 <p>Excurs\u00e3o a S. Jorge, Trilho Portal-Fragueira-Faj\u00e3 dos Vimes, 28jul2017 - ilha S.Jorge <\/p>\n              <\/div>\n            <\/div>\n            <\/a>          <\/div>\n         <\/div><div class=\"gallery-col col\" >\n          <div class=\"col-inner\">\n            <a class=\"image-lightbox lightbox-gallery\" href=\"https:\/\/www.montanheiros.com\/wp-content\/uploads\/2019\/05\/big4_1532961763.jpg\" title=\"Excurs\u00e3o a S. Jorge, Trilho Portal-Fragueira-Faj\u00e3 dos Vimes, 28jul2017 - ilha S.Jorge \">            <div class=\"box has-hover gallery-box box-none\">\n              <div class=\"box-image\" style=\"width:63%;\">\n                <img loading=\"lazy\" decoding=\"async\" width=\"280\" height=\"280\" src=\"https:\/\/www.montanheiros.com\/wp-content\/uploads\/2019\/05\/big4_1532961763-280x280.jpg\" class=\"attachment-thumbnail size-thumbnail\" alt=\"\" ids=\"6450,6451,6452,6453,6454,6455,6456,6457,6458,6459,6460,6461,6462,6463,6464,6465,6466,6467,6468,6469,6470,6471,6472,6473,6474,6475,6476,6477,6478,6479,6480,6481,6482,6483,6485,6486,6487,6488,6489,6490,6491,6492\" style=\"none\" type=\"slider\" columns=\"1\" image_width=\"63\" image_size=\"thumbnail\" text_align=\"center\" srcset=\"https:\/\/www.montanheiros.com\/wp-content\/uploads\/2019\/05\/big4_1532961763-280x280.jpg 280w, https:\/\/www.montanheiros.com\/wp-content\/uploads\/2019\/05\/big4_1532961763-300x300.jpg 300w, https:\/\/www.montanheiros.com\/wp-content\/uploads\/2019\/05\/big4_1532961763-100x100.jpg 100w\" sizes=\"auto, (max-width: 280px) 100vw, 280px\" \/>                                                              <\/div>\n              <div class=\"box-text text-center\" >\n                 <p>Excurs\u00e3o a S. Jorge, Trilho Portal-Fragueira-Faj\u00e3 dos Vimes, 28jul2017 - ilha S.Jorge <\/p>\n              <\/div>\n            <\/div>\n            <\/a>          <\/div>\n         <\/div><div class=\"gallery-col col\" >\n          <div class=\"col-inner\">\n            <a class=\"image-lightbox lightbox-gallery\" href=\"https:\/\/www.montanheiros.com\/wp-content\/uploads\/2019\/05\/big6_1532961772.jpg\" title=\"Excurs\u00e3o a S. Jorge, Trilho Portal-Fragueira-Faj\u00e3 dos Vimes, 28jul2017 - ilha S.Jorge \">            <div class=\"box has-hover gallery-box box-none\">\n              <div class=\"box-image\" style=\"width:63%;\">\n                <img loading=\"lazy\" decoding=\"async\" width=\"280\" height=\"280\" src=\"https:\/\/www.montanheiros.com\/wp-content\/uploads\/2019\/05\/big6_1532961772-280x280.jpg\" class=\"attachment-thumbnail size-thumbnail\" alt=\"\" ids=\"6450,6451,6452,6453,6454,6455,6456,6457,6458,6459,6460,6461,6462,6463,6464,6465,6466,6467,6468,6469,6470,6471,6472,6473,6474,6475,6476,6477,6478,6479,6480,6481,6482,6483,6485,6486,6487,6488,6489,6490,6491,6492\" style=\"none\" type=\"slider\" columns=\"1\" image_width=\"63\" image_size=\"thumbnail\" text_align=\"center\" srcset=\"https:\/\/www.montanheiros.com\/wp-content\/uploads\/2019\/05\/big6_1532961772-280x280.jpg 280w, https:\/\/www.montanheiros.com\/wp-content\/uploads\/2019\/05\/big6_1532961772-300x300.jpg 300w, https:\/\/www.montanheiros.com\/wp-content\/uploads\/2019\/05\/big6_1532961772-100x100.jpg 100w\" sizes=\"auto, (max-width: 280px) 100vw, 280px\" \/>                                                              <\/div>\n              <div class=\"box-text text-center\" >\n                 <p>Excurs\u00e3o a S. Jorge, Trilho Portal-Fragueira-Faj\u00e3 dos Vimes, 28jul2017 - ilha S.Jorge <\/p>\n              <\/div>\n            <\/div>\n            <\/a>          <\/div>\n         <\/div><div class=\"gallery-col col\" >\n          <div class=\"col-inner\">\n            <a class=\"image-lightbox lightbox-gallery\" href=\"https:\/\/www.montanheiros.com\/wp-content\/uploads\/2019\/05\/big17_1532962112.jpg\" title=\"Excurs\u00e3o a S. Jorge, Trilho Portal-Fragueira-Faj\u00e3 dos Vimes, 28jul2017 - ilha S.Jorge \">            <div class=\"box has-hover gallery-box box-none\">\n              <div class=\"box-image\" style=\"width:63%;\">\n                <img loading=\"lazy\" decoding=\"async\" width=\"280\" height=\"280\" src=\"https:\/\/www.montanheiros.com\/wp-content\/uploads\/2019\/05\/big17_1532962112-280x280.jpg\" class=\"attachment-thumbnail size-thumbnail\" alt=\"\" ids=\"6450,6451,6452,6453,6454,6455,6456,6457,6458,6459,6460,6461,6462,6463,6464,6465,6466,6467,6468,6469,6470,6471,6472,6473,6474,6475,6476,6477,6478,6479,6480,6481,6482,6483,6485,6486,6487,6488,6489,6490,6491,6492\" style=\"none\" type=\"slider\" columns=\"1\" image_width=\"63\" image_size=\"thumbnail\" text_align=\"center\" srcset=\"https:\/\/www.montanheiros.com\/wp-content\/uploads\/2019\/05\/big17_1532962112-280x280.jpg 280w, https:\/\/www.montanheiros.com\/wp-content\/uploads\/2019\/05\/big17_1532962112-300x300.jpg 300w, https:\/\/www.montanheiros.com\/wp-content\/uploads\/2019\/05\/big17_1532962112-100x100.jpg 100w\" sizes=\"auto, (max-width: 280px) 100vw, 280px\" \/>                                                              <\/div>\n              <div class=\"box-text text-center\" >\n                 <p>Excurs\u00e3o a S. Jorge, Trilho Portal-Fragueira-Faj\u00e3 dos Vimes, 28jul2017 - ilha S.Jorge <\/p>\n              <\/div>\n            <\/div>\n            <\/a>          <\/div>\n         <\/div><div class=\"gallery-col col\" >\n          <div class=\"col-inner\">\n            <a class=\"image-lightbox lightbox-gallery\" href=\"https:\/\/www.montanheiros.com\/wp-content\/uploads\/2019\/05\/big23_1532962164.jpg\" title=\"Excurs\u00e3o a S. Jorge, Trilho Portal-Fragueira-Faj\u00e3 dos Vimes, 28jul2017 - ilha S.Jorge \">            <div class=\"box has-hover gallery-box box-none\">\n              <div class=\"box-image\" style=\"width:63%;\">\n                <img loading=\"lazy\" decoding=\"async\" width=\"280\" height=\"280\" src=\"https:\/\/www.montanheiros.com\/wp-content\/uploads\/2019\/05\/big23_1532962164-280x280.jpg\" class=\"attachment-thumbnail size-thumbnail\" alt=\"\" ids=\"6450,6451,6452,6453,6454,6455,6456,6457,6458,6459,6460,6461,6462,6463,6464,6465,6466,6467,6468,6469,6470,6471,6472,6473,6474,6475,6476,6477,6478,6479,6480,6481,6482,6483,6485,6486,6487,6488,6489,6490,6491,6492\" style=\"none\" type=\"slider\" columns=\"1\" image_width=\"63\" image_size=\"thumbnail\" text_align=\"center\" srcset=\"https:\/\/www.montanheiros.com\/wp-content\/uploads\/2019\/05\/big23_1532962164-280x280.jpg 280w, https:\/\/www.montanheiros.com\/wp-content\/uploads\/2019\/05\/big23_1532962164-300x300.jpg 300w, https:\/\/www.montanheiros.com\/wp-content\/uploads\/2019\/05\/big23_1532962164-100x100.jpg 100w\" sizes=\"auto, (max-width: 280px) 100vw, 280px\" \/>                                                              <\/div>\n              <div class=\"box-text text-center\" >\n                 <p>Excurs\u00e3o a S. Jorge, Trilho Portal-Fragueira-Faj\u00e3 dos Vimes, 28jul2017 - ilha S.Jorge <\/p>\n              <\/div>\n            <\/div>\n            <\/a>          <\/div>\n         <\/div><div class=\"gallery-col col\" >\n          <div class=\"col-inner\">\n            <a class=\"image-lightbox lightbox-gallery\" href=\"https:\/\/www.montanheiros.com\/wp-content\/uploads\/2019\/05\/big18_1532962125.jpg\" title=\"Excurs\u00e3o a S. Jorge, Trilho Portal-Fragueira-Faj\u00e3 dos Vimes, 28jul2017 - ilha S.Jorge \">            <div class=\"box has-hover gallery-box box-none\">\n              <div class=\"box-image\" style=\"width:63%;\">\n                <img loading=\"lazy\" decoding=\"async\" width=\"280\" height=\"280\" src=\"https:\/\/www.montanheiros.com\/wp-content\/uploads\/2019\/05\/big18_1532962125-280x280.jpg\" class=\"attachment-thumbnail size-thumbnail\" alt=\"\" ids=\"6450,6451,6452,6453,6454,6455,6456,6457,6458,6459,6460,6461,6462,6463,6464,6465,6466,6467,6468,6469,6470,6471,6472,6473,6474,6475,6476,6477,6478,6479,6480,6481,6482,6483,6485,6486,6487,6488,6489,6490,6491,6492\" style=\"none\" type=\"slider\" columns=\"1\" image_width=\"63\" image_size=\"thumbnail\" text_align=\"center\" srcset=\"https:\/\/www.montanheiros.com\/wp-content\/uploads\/2019\/05\/big18_1532962125-280x280.jpg 280w, https:\/\/www.montanheiros.com\/wp-content\/uploads\/2019\/05\/big18_1532962125-300x300.jpg 300w, https:\/\/www.montanheiros.com\/wp-content\/uploads\/2019\/05\/big18_1532962125-100x100.jpg 100w\" sizes=\"auto, (max-width: 280px) 100vw, 280px\" \/>                                                              <\/div>\n              <div class=\"box-text text-center\" >\n                 <p>Excurs\u00e3o a S. Jorge, Trilho Portal-Fragueira-Faj\u00e3 dos Vimes, 28jul2017 - ilha S.Jorge <\/p>\n              <\/div>\n            <\/div>\n            <\/a>          <\/div>\n         <\/div><div class=\"gallery-col col\" >\n          <div class=\"col-inner\">\n            <a class=\"image-lightbox lightbox-gallery\" href=\"https:\/\/www.montanheiros.com\/wp-content\/uploads\/2019\/05\/big19_1532962137.jpg\" title=\"Excurs\u00e3o a S. Jorge, Trilho Portal-Fragueira-Faj\u00e3 dos Vimes, 28jul2017 - ilha S.Jorge \">            <div class=\"box has-hover gallery-box box-none\">\n              <div class=\"box-image\" style=\"width:63%;\">\n                <img loading=\"lazy\" decoding=\"async\" width=\"280\" height=\"280\" src=\"https:\/\/www.montanheiros.com\/wp-content\/uploads\/2019\/05\/big19_1532962137-280x280.jpg\" class=\"attachment-thumbnail size-thumbnail\" alt=\"\" ids=\"6450,6451,6452,6453,6454,6455,6456,6457,6458,6459,6460,6461,6462,6463,6464,6465,6466,6467,6468,6469,6470,6471,6472,6473,6474,6475,6476,6477,6478,6479,6480,6481,6482,6483,6485,6486,6487,6488,6489,6490,6491,6492\" style=\"none\" type=\"slider\" columns=\"1\" image_width=\"63\" image_size=\"thumbnail\" text_align=\"center\" srcset=\"https:\/\/www.montanheiros.com\/wp-content\/uploads\/2019\/05\/big19_1532962137-280x280.jpg 280w, https:\/\/www.montanheiros.com\/wp-content\/uploads\/2019\/05\/big19_1532962137-300x300.jpg 300w, https:\/\/www.montanheiros.com\/wp-content\/uploads\/2019\/05\/big19_1532962137-100x100.jpg 100w\" sizes=\"auto, (max-width: 280px) 100vw, 280px\" \/>                                                              <\/div>\n              <div class=\"box-text text-center\" >\n                 <p>Excurs\u00e3o a S. Jorge, Trilho Portal-Fragueira-Faj\u00e3 dos Vimes, 28jul2017 - ilha S.Jorge <\/p>\n              <\/div>\n            <\/div>\n            <\/a>          <\/div>\n         <\/div><div class=\"gallery-col col\" >\n          <div class=\"col-inner\">\n            <a class=\"image-lightbox lightbox-gallery\" href=\"https:\/\/www.montanheiros.com\/wp-content\/uploads\/2019\/05\/big21_1532962145.jpg\" title=\"Excurs\u00e3o a S. Jorge, Trilho Portal-Fragueira-Faj\u00e3 dos Vimes, 28jul2017 - ilha S.Jorge \">            <div class=\"box has-hover gallery-box box-none\">\n              <div class=\"box-image\" style=\"width:63%;\">\n                <img loading=\"lazy\" decoding=\"async\" width=\"280\" height=\"280\" src=\"https:\/\/www.montanheiros.com\/wp-content\/uploads\/2019\/05\/big21_1532962145-280x280.jpg\" class=\"attachment-thumbnail size-thumbnail\" alt=\"\" ids=\"6450,6451,6452,6453,6454,6455,6456,6457,6458,6459,6460,6461,6462,6463,6464,6465,6466,6467,6468,6469,6470,6471,6472,6473,6474,6475,6476,6477,6478,6479,6480,6481,6482,6483,6485,6486,6487,6488,6489,6490,6491,6492\" style=\"none\" type=\"slider\" columns=\"1\" image_width=\"63\" image_size=\"thumbnail\" text_align=\"center\" srcset=\"https:\/\/www.montanheiros.com\/wp-content\/uploads\/2019\/05\/big21_1532962145-280x280.jpg 280w, https:\/\/www.montanheiros.com\/wp-content\/uploads\/2019\/05\/big21_1532962145-300x300.jpg 300w, https:\/\/www.montanheiros.com\/wp-content\/uploads\/2019\/05\/big21_1532962145-100x100.jpg 100w\" sizes=\"auto, (max-width: 280px) 100vw, 280px\" \/>                                                              <\/div>\n              <div class=\"box-text text-center\" >\n                 <p>Excurs\u00e3o a S. Jorge, Trilho Portal-Fragueira-Faj\u00e3 dos Vimes, 28jul2017 - ilha S.Jorge <\/p>\n              <\/div>\n            <\/div>\n            <\/a>          <\/div>\n         <\/div><div class=\"gallery-col col\" >\n          <div class=\"col-inner\">\n            <a class=\"image-lightbox lightbox-gallery\" href=\"https:\/\/www.montanheiros.com\/wp-content\/uploads\/2019\/05\/big20_1532962139.jpg\" title=\"Excurs\u00e3o a S. Jorge, Trilho Portal-Fragueira-Faj\u00e3 dos Vimes, 28jul2017 - ilha S.Jorge \">            <div class=\"box has-hover gallery-box box-none\">\n              <div class=\"box-image\" style=\"width:63%;\">\n                <img loading=\"lazy\" decoding=\"async\" width=\"280\" height=\"280\" src=\"https:\/\/www.montanheiros.com\/wp-content\/uploads\/2019\/05\/big20_1532962139-280x280.jpg\" class=\"attachment-thumbnail size-thumbnail\" alt=\"\" ids=\"6450,6451,6452,6453,6454,6455,6456,6457,6458,6459,6460,6461,6462,6463,6464,6465,6466,6467,6468,6469,6470,6471,6472,6473,6474,6475,6476,6477,6478,6479,6480,6481,6482,6483,6485,6486,6487,6488,6489,6490,6491,6492\" style=\"none\" type=\"slider\" columns=\"1\" image_width=\"63\" image_size=\"thumbnail\" text_align=\"center\" srcset=\"https:\/\/www.montanheiros.com\/wp-content\/uploads\/2019\/05\/big20_1532962139-280x280.jpg 280w, https:\/\/www.montanheiros.com\/wp-content\/uploads\/2019\/05\/big20_1532962139-300x300.jpg 300w, https:\/\/www.montanheiros.com\/wp-content\/uploads\/2019\/05\/big20_1532962139-100x100.jpg 100w\" sizes=\"auto, (max-width: 280px) 100vw, 280px\" \/>                                                              <\/div>\n              <div class=\"box-text text-center\" >\n                 <p>Excurs\u00e3o a S. Jorge, Trilho Portal-Fragueira-Faj\u00e3 dos Vimes, 28jul2017 - ilha S.Jorge <\/p>\n              <\/div>\n            <\/div>\n            <\/a>          <\/div>\n         <\/div><div class=\"gallery-col col\" >\n          <div class=\"col-inner\">\n            <a class=\"image-lightbox lightbox-gallery\" href=\"https:\/\/www.montanheiros.com\/wp-content\/uploads\/2019\/05\/big22_1532962154.jpg\" title=\"Excurs\u00e3o a S. Jorge, Trilho Portal-Fragueira-Faj\u00e3 dos Vimes, 28jul2017 - ilha S.Jorge \">            <div class=\"box has-hover gallery-box box-none\">\n              <div class=\"box-image\" style=\"width:63%;\">\n                <img loading=\"lazy\" decoding=\"async\" width=\"280\" height=\"280\" src=\"https:\/\/www.montanheiros.com\/wp-content\/uploads\/2019\/05\/big22_1532962154-280x280.jpg\" class=\"attachment-thumbnail size-thumbnail\" alt=\"\" ids=\"6450,6451,6452,6453,6454,6455,6456,6457,6458,6459,6460,6461,6462,6463,6464,6465,6466,6467,6468,6469,6470,6471,6472,6473,6474,6475,6476,6477,6478,6479,6480,6481,6482,6483,6485,6486,6487,6488,6489,6490,6491,6492\" style=\"none\" type=\"slider\" columns=\"1\" image_width=\"63\" image_size=\"thumbnail\" text_align=\"center\" srcset=\"https:\/\/www.montanheiros.com\/wp-content\/uploads\/2019\/05\/big22_1532962154-280x280.jpg 280w, https:\/\/www.montanheiros.com\/wp-content\/uploads\/2019\/05\/big22_1532962154-300x300.jpg 300w, https:\/\/www.montanheiros.com\/wp-content\/uploads\/2019\/05\/big22_1532962154-100x100.jpg 100w\" sizes=\"auto, (max-width: 280px) 100vw, 280px\" \/>                                                              <\/div>\n              <div class=\"box-text text-center\" >\n                 <p>Excurs\u00e3o a S. Jorge, Trilho Portal-Fragueira-Faj\u00e3 dos Vimes, 28jul2017 - ilha S.Jorge <\/p>\n              <\/div>\n            <\/div>\n            <\/a>          <\/div>\n         <\/div><div class=\"gallery-col col\" >\n          <div class=\"col-inner\">\n            <a class=\"image-lightbox lightbox-gallery\" href=\"https:\/\/www.montanheiros.com\/wp-content\/uploads\/2019\/05\/big24_1532962170-600x800.jpg\" title=\"Excurs\u00e3o a S. Jorge, Trilho Portal-Fragueira-Faj\u00e3 dos Vimes, 28jul2018 - ilha S.Jorge \">            <div class=\"box has-hover gallery-box box-none\">\n              <div class=\"box-image\" style=\"width:63%;\">\n                <img loading=\"lazy\" decoding=\"async\" width=\"280\" height=\"280\" src=\"https:\/\/www.montanheiros.com\/wp-content\/uploads\/2019\/05\/big24_1532962170-280x280.jpg\" class=\"attachment-thumbnail size-thumbnail\" alt=\"\" ids=\"6450,6451,6452,6453,6454,6455,6456,6457,6458,6459,6460,6461,6462,6463,6464,6465,6466,6467,6468,6469,6470,6471,6472,6473,6474,6475,6476,6477,6478,6479,6480,6481,6482,6483,6485,6486,6487,6488,6489,6490,6491,6492\" style=\"none\" type=\"slider\" columns=\"1\" image_width=\"63\" image_size=\"thumbnail\" text_align=\"center\" srcset=\"https:\/\/www.montanheiros.com\/wp-content\/uploads\/2019\/05\/big24_1532962170-280x280.jpg 280w, https:\/\/www.montanheiros.com\/wp-content\/uploads\/2019\/05\/big24_1532962170-300x300.jpg 300w, https:\/\/www.montanheiros.com\/wp-content\/uploads\/2019\/05\/big24_1532962170-100x100.jpg 100w\" sizes=\"auto, (max-width: 280px) 100vw, 280px\" \/>                                                              <\/div>\n              <div class=\"box-text text-center\" >\n                 <p>Excurs\u00e3o a S. Jorge, Trilho Portal-Fragueira-Faj\u00e3 dos Vimes, 28jul2018 - ilha S.Jorge <\/p>\n              <\/div>\n            <\/div>\n            <\/a>          <\/div>\n         <\/div><div class=\"gallery-col col\" >\n          <div class=\"col-inner\">\n            <a class=\"image-lightbox lightbox-gallery\" href=\"https:\/\/www.montanheiros.com\/wp-content\/uploads\/2019\/05\/big39_1532962465-600x800.jpg\" title=\"Excurs\u00e3o a S. Jorge, Trilho Portal-Fragueira-Faj\u00e3 dos Vimes, 28jul2017 - ilha S.Jorge \">            <div class=\"box has-hover gallery-box box-none\">\n              <div class=\"box-image\" style=\"width:63%;\">\n                <img loading=\"lazy\" decoding=\"async\" width=\"280\" height=\"280\" src=\"https:\/\/www.montanheiros.com\/wp-content\/uploads\/2019\/05\/big39_1532962465-280x280.jpg\" class=\"attachment-thumbnail size-thumbnail\" alt=\"\" ids=\"6450,6451,6452,6453,6454,6455,6456,6457,6458,6459,6460,6461,6462,6463,6464,6465,6466,6467,6468,6469,6470,6471,6472,6473,6474,6475,6476,6477,6478,6479,6480,6481,6482,6483,6485,6486,6487,6488,6489,6490,6491,6492\" style=\"none\" type=\"slider\" columns=\"1\" image_width=\"63\" image_size=\"thumbnail\" text_align=\"center\" srcset=\"https:\/\/www.montanheiros.com\/wp-content\/uploads\/2019\/05\/big39_1532962465-280x280.jpg 280w, https:\/\/www.montanheiros.com\/wp-content\/uploads\/2019\/05\/big39_1532962465-300x300.jpg 300w, https:\/\/www.montanheiros.com\/wp-content\/uploads\/2019\/05\/big39_1532962465-100x100.jpg 100w\" sizes=\"auto, (max-width: 280px) 100vw, 280px\" \/>                                                              <\/div>\n              <div class=\"box-text text-center\" >\n                 <p>Excurs\u00e3o a S. Jorge, Trilho Portal-Fragueira-Faj\u00e3 dos Vimes, 28jul2017 - ilha S.Jorge <\/p>\n              <\/div>\n            <\/div>\n            <\/a>          <\/div>\n         <\/div><div class=\"gallery-col col\" >\n          <div class=\"col-inner\">\n            <a class=\"image-lightbox lightbox-gallery\" href=\"https:\/\/www.montanheiros.com\/wp-content\/uploads\/2019\/05\/big29_1532962181-600x800.jpg\" title=\"Excurs\u00e3o a S. Jorge, Trilho Portal-Fragueira-Faj\u00e3 dos Vimes, 28jul2017 - ilha S.Jorge \">            <div class=\"box has-hover gallery-box box-none\">\n              <div class=\"box-image\" style=\"width:63%;\">\n                <img loading=\"lazy\" decoding=\"async\" width=\"280\" height=\"280\" src=\"https:\/\/www.montanheiros.com\/wp-content\/uploads\/2019\/05\/big29_1532962181-280x280.jpg\" class=\"attachment-thumbnail size-thumbnail\" alt=\"\" ids=\"6450,6451,6452,6453,6454,6455,6456,6457,6458,6459,6460,6461,6462,6463,6464,6465,6466,6467,6468,6469,6470,6471,6472,6473,6474,6475,6476,6477,6478,6479,6480,6481,6482,6483,6485,6486,6487,6488,6489,6490,6491,6492\" style=\"none\" type=\"slider\" columns=\"1\" image_width=\"63\" image_size=\"thumbnail\" text_align=\"center\" srcset=\"https:\/\/www.montanheiros.com\/wp-content\/uploads\/2019\/05\/big29_1532962181-280x280.jpg 280w, https:\/\/www.montanheiros.com\/wp-content\/uploads\/2019\/05\/big29_1532962181-300x300.jpg 300w, https:\/\/www.montanheiros.com\/wp-content\/uploads\/2019\/05\/big29_1532962181-100x100.jpg 100w\" sizes=\"auto, (max-width: 280px) 100vw, 280px\" \/>                                                              <\/div>\n              <div class=\"box-text text-center\" >\n                 <p>Excurs\u00e3o a S. Jorge, Trilho Portal-Fragueira-Faj\u00e3 dos Vimes, 28jul2017 - ilha S.Jorge <\/p>\n              <\/div>\n            <\/div>\n            <\/a>          <\/div>\n         <\/div><div class=\"gallery-col col\" >\n          <div class=\"col-inner\">\n            <a class=\"image-lightbox lightbox-gallery\" href=\"https:\/\/www.montanheiros.com\/wp-content\/uploads\/2019\/05\/big33_1532962196-600x800.jpg\" title=\"Excurs\u00e3o a S. Jorge, Trilho Portal-Fragueira-Faj\u00e3 dos Vimes, 28jul2017 - ilha S.Jorge \">            <div class=\"box has-hover gallery-box box-none\">\n              <div class=\"box-image\" style=\"width:63%;\">\n                <img loading=\"lazy\" decoding=\"async\" width=\"280\" height=\"280\" src=\"https:\/\/www.montanheiros.com\/wp-content\/uploads\/2019\/05\/big33_1532962196-280x280.jpg\" class=\"attachment-thumbnail size-thumbnail\" alt=\"\" ids=\"6450,6451,6452,6453,6454,6455,6456,6457,6458,6459,6460,6461,6462,6463,6464,6465,6466,6467,6468,6469,6470,6471,6472,6473,6474,6475,6476,6477,6478,6479,6480,6481,6482,6483,6485,6486,6487,6488,6489,6490,6491,6492\" style=\"none\" type=\"slider\" columns=\"1\" image_width=\"63\" image_size=\"thumbnail\" text_align=\"center\" srcset=\"https:\/\/www.montanheiros.com\/wp-content\/uploads\/2019\/05\/big33_1532962196-280x280.jpg 280w, https:\/\/www.montanheiros.com\/wp-content\/uploads\/2019\/05\/big33_1532962196-300x300.jpg 300w, https:\/\/www.montanheiros.com\/wp-content\/uploads\/2019\/05\/big33_1532962196-100x100.jpg 100w\" sizes=\"auto, (max-width: 280px) 100vw, 280px\" \/>                                                              <\/div>\n              <div class=\"box-text text-center\" >\n                 <p>Excurs\u00e3o a S. Jorge, Trilho Portal-Fragueira-Faj\u00e3 dos Vimes, 28jul2017 - ilha S.Jorge <\/p>\n              <\/div>\n            <\/div>\n            <\/a>          <\/div>\n         <\/div><div class=\"gallery-col col\" >\n          <div class=\"col-inner\">\n            <a class=\"image-lightbox lightbox-gallery\" href=\"https:\/\/www.montanheiros.com\/wp-content\/uploads\/2019\/05\/big31_1532962191-600x800.jpg\" title=\"Excurs\u00e3o a S. Jorge, Trilho Portal-Fragueira-Faj\u00e3 dos Vimes, 28jul2017 - ilha S.Jorge \">            <div class=\"box has-hover gallery-box box-none\">\n              <div class=\"box-image\" style=\"width:63%;\">\n                <img loading=\"lazy\" decoding=\"async\" width=\"280\" height=\"280\" src=\"https:\/\/www.montanheiros.com\/wp-content\/uploads\/2019\/05\/big31_1532962191-280x280.jpg\" class=\"attachment-thumbnail size-thumbnail\" alt=\"\" ids=\"6450,6451,6452,6453,6454,6455,6456,6457,6458,6459,6460,6461,6462,6463,6464,6465,6466,6467,6468,6469,6470,6471,6472,6473,6474,6475,6476,6477,6478,6479,6480,6481,6482,6483,6485,6486,6487,6488,6489,6490,6491,6492\" style=\"none\" type=\"slider\" columns=\"1\" image_width=\"63\" image_size=\"thumbnail\" text_align=\"center\" srcset=\"https:\/\/www.montanheiros.com\/wp-content\/uploads\/2019\/05\/big31_1532962191-280x280.jpg 280w, https:\/\/www.montanheiros.com\/wp-content\/uploads\/2019\/05\/big31_1532962191-300x300.jpg 300w, https:\/\/www.montanheiros.com\/wp-content\/uploads\/2019\/05\/big31_1532962191-100x100.jpg 100w\" sizes=\"auto, (max-width: 280px) 100vw, 280px\" \/>                                                              <\/div>\n              <div class=\"box-text text-center\" >\n                 <p>Excurs\u00e3o a S. Jorge, Trilho Portal-Fragueira-Faj\u00e3 dos Vimes, 28jul2017 - ilha S.Jorge <\/p>\n              <\/div>\n            <\/div>\n            <\/a>          <\/div>\n         <\/div><div class=\"gallery-col col\" >\n          <div class=\"col-inner\">\n            <a class=\"image-lightbox lightbox-gallery\" href=\"https:\/\/www.montanheiros.com\/wp-content\/uploads\/2019\/05\/big26_1532962173.jpg\" title=\"Excurs\u00e3o a S. Jorge, Trilho Portal-Fragueira-Faj\u00e3 dos Vimes, 28jul2017 - ilha S.Jorge \">            <div class=\"box has-hover gallery-box box-none\">\n              <div class=\"box-image\" style=\"width:63%;\">\n                <img loading=\"lazy\" decoding=\"async\" width=\"280\" height=\"280\" src=\"https:\/\/www.montanheiros.com\/wp-content\/uploads\/2019\/05\/big26_1532962173-280x280.jpg\" class=\"attachment-thumbnail size-thumbnail\" alt=\"\" ids=\"6450,6451,6452,6453,6454,6455,6456,6457,6458,6459,6460,6461,6462,6463,6464,6465,6466,6467,6468,6469,6470,6471,6472,6473,6474,6475,6476,6477,6478,6479,6480,6481,6482,6483,6485,6486,6487,6488,6489,6490,6491,6492\" style=\"none\" type=\"slider\" columns=\"1\" image_width=\"63\" image_size=\"thumbnail\" text_align=\"center\" srcset=\"https:\/\/www.montanheiros.com\/wp-content\/uploads\/2019\/05\/big26_1532962173-280x280.jpg 280w, https:\/\/www.montanheiros.com\/wp-content\/uploads\/2019\/05\/big26_1532962173-300x300.jpg 300w, https:\/\/www.montanheiros.com\/wp-content\/uploads\/2019\/05\/big26_1532962173-100x100.jpg 100w\" sizes=\"auto, (max-width: 280px) 100vw, 280px\" \/>                                                              <\/div>\n              <div class=\"box-text text-center\" >\n                 <p>Excurs\u00e3o a S. Jorge, Trilho Portal-Fragueira-Faj\u00e3 dos Vimes, 28jul2017 - ilha S.Jorge <\/p>\n              <\/div>\n            <\/div>\n            <\/a>          <\/div>\n         <\/div><div class=\"gallery-col col\" >\n          <div class=\"col-inner\">\n            <a class=\"image-lightbox lightbox-gallery\" href=\"https:\/\/www.montanheiros.com\/wp-content\/uploads\/2019\/05\/big28_1532962180.jpg\" title=\"Excurs\u00e3o a S. Jorge, Trilho Portal-Fragueira-Faj\u00e3 dos Vimes, 28jul2017 - ilha S.Jorge \">            <div class=\"box has-hover gallery-box box-none\">\n              <div class=\"box-image\" style=\"width:63%;\">\n                <img loading=\"lazy\" decoding=\"async\" width=\"280\" height=\"280\" src=\"https:\/\/www.montanheiros.com\/wp-content\/uploads\/2019\/05\/big28_1532962180-280x280.jpg\" class=\"attachment-thumbnail size-thumbnail\" alt=\"\" ids=\"6450,6451,6452,6453,6454,6455,6456,6457,6458,6459,6460,6461,6462,6463,6464,6465,6466,6467,6468,6469,6470,6471,6472,6473,6474,6475,6476,6477,6478,6479,6480,6481,6482,6483,6485,6486,6487,6488,6489,6490,6491,6492\" style=\"none\" type=\"slider\" columns=\"1\" image_width=\"63\" image_size=\"thumbnail\" text_align=\"center\" srcset=\"https:\/\/www.montanheiros.com\/wp-content\/uploads\/2019\/05\/big28_1532962180-280x280.jpg 280w, https:\/\/www.montanheiros.com\/wp-content\/uploads\/2019\/05\/big28_1532962180-300x300.jpg 300w, https:\/\/www.montanheiros.com\/wp-content\/uploads\/2019\/05\/big28_1532962180-100x100.jpg 100w\" sizes=\"auto, (max-width: 280px) 100vw, 280px\" \/>                                                              <\/div>\n              <div class=\"box-text text-center\" >\n                 <p>Excurs\u00e3o a S. Jorge, Trilho Portal-Fragueira-Faj\u00e3 dos Vimes, 28jul2017 - ilha S.Jorge <\/p>\n              <\/div>\n            <\/div>\n            <\/a>          <\/div>\n         <\/div><div class=\"gallery-col col\" >\n          <div class=\"col-inner\">\n            <a class=\"image-lightbox lightbox-gallery\" href=\"https:\/\/www.montanheiros.com\/wp-content\/uploads\/2019\/05\/big32_1532962194.jpg\" title=\"Excurs\u00e3o a S. Jorge, Trilho Portal-Fragueira-Faj\u00e3 dos Vimes, 28jul2017 - ilha S.Jorge \">            <div class=\"box has-hover gallery-box box-none\">\n              <div class=\"box-image\" style=\"width:63%;\">\n                <img loading=\"lazy\" decoding=\"async\" width=\"280\" height=\"280\" src=\"https:\/\/www.montanheiros.com\/wp-content\/uploads\/2019\/05\/big32_1532962194-280x280.jpg\" class=\"attachment-thumbnail size-thumbnail\" alt=\"\" ids=\"6450,6451,6452,6453,6454,6455,6456,6457,6458,6459,6460,6461,6462,6463,6464,6465,6466,6467,6468,6469,6470,6471,6472,6473,6474,6475,6476,6477,6478,6479,6480,6481,6482,6483,6485,6486,6487,6488,6489,6490,6491,6492\" style=\"none\" type=\"slider\" columns=\"1\" image_width=\"63\" image_size=\"thumbnail\" text_align=\"center\" srcset=\"https:\/\/www.montanheiros.com\/wp-content\/uploads\/2019\/05\/big32_1532962194-280x280.jpg 280w, https:\/\/www.montanheiros.com\/wp-content\/uploads\/2019\/05\/big32_1532962194-300x300.jpg 300w, https:\/\/www.montanheiros.com\/wp-content\/uploads\/2019\/05\/big32_1532962194-100x100.jpg 100w\" sizes=\"auto, (max-width: 280px) 100vw, 280px\" \/>                                                              <\/div>\n              <div class=\"box-text text-center\" >\n                 <p>Excurs\u00e3o a S. Jorge, Trilho Portal-Fragueira-Faj\u00e3 dos Vimes, 28jul2017 - ilha S.Jorge <\/p>\n              <\/div>\n            <\/div>\n            <\/a>          <\/div>\n         <\/div><div class=\"gallery-col col\" >\n          <div class=\"col-inner\">\n            <a class=\"image-lightbox lightbox-gallery\" href=\"https:\/\/www.montanheiros.com\/wp-content\/uploads\/2019\/05\/big36_1532962203.jpg\" title=\"Excurs\u00e3o a S. Jorge, Trilho Portal-Fragueira-Faj\u00e3 dos Vimes, 28jul2017 - ilha S.Jorge \">            <div class=\"box has-hover gallery-box box-none\">\n              <div class=\"box-image\" style=\"width:63%;\">\n                <img loading=\"lazy\" decoding=\"async\" width=\"280\" height=\"280\" src=\"https:\/\/www.montanheiros.com\/wp-content\/uploads\/2019\/05\/big36_1532962203-280x280.jpg\" class=\"attachment-thumbnail size-thumbnail\" alt=\"\" ids=\"6450,6451,6452,6453,6454,6455,6456,6457,6458,6459,6460,6461,6462,6463,6464,6465,6466,6467,6468,6469,6470,6471,6472,6473,6474,6475,6476,6477,6478,6479,6480,6481,6482,6483,6485,6486,6487,6488,6489,6490,6491,6492\" style=\"none\" type=\"slider\" columns=\"1\" image_width=\"63\" image_size=\"thumbnail\" text_align=\"center\" srcset=\"https:\/\/www.montanheiros.com\/wp-content\/uploads\/2019\/05\/big36_1532962203-280x280.jpg 280w, https:\/\/www.montanheiros.com\/wp-content\/uploads\/2019\/05\/big36_1532962203-300x300.jpg 300w, https:\/\/www.montanheiros.com\/wp-content\/uploads\/2019\/05\/big36_1532962203-100x100.jpg 100w\" sizes=\"auto, (max-width: 280px) 100vw, 280px\" \/>                                                              <\/div>\n              <div class=\"box-text text-center\" >\n                 <p>Excurs\u00e3o a S. Jorge, Trilho Portal-Fragueira-Faj\u00e3 dos Vimes, 28jul2017 - ilha S.Jorge <\/p>\n              <\/div>\n            <\/div>\n            <\/a>          <\/div>\n         <\/div><div class=\"gallery-col col\" >\n          <div class=\"col-inner\">\n            <a class=\"image-lightbox lightbox-gallery\" href=\"https:\/\/www.montanheiros.com\/wp-content\/uploads\/2019\/05\/big34_1532962199.jpg\" title=\"Excurs\u00e3o a S. Jorge, Trilho Portal-Fragueira-Faj\u00e3 dos Vimes, 28jul2017 - ilha S.Jorge \">            <div class=\"box has-hover gallery-box box-none\">\n              <div class=\"box-image\" style=\"width:63%;\">\n                <img loading=\"lazy\" decoding=\"async\" width=\"280\" height=\"280\" src=\"https:\/\/www.montanheiros.com\/wp-content\/uploads\/2019\/05\/big34_1532962199-280x280.jpg\" class=\"attachment-thumbnail size-thumbnail\" alt=\"\" ids=\"6450,6451,6452,6453,6454,6455,6456,6457,6458,6459,6460,6461,6462,6463,6464,6465,6466,6467,6468,6469,6470,6471,6472,6473,6474,6475,6476,6477,6478,6479,6480,6481,6482,6483,6485,6486,6487,6488,6489,6490,6491,6492\" style=\"none\" type=\"slider\" columns=\"1\" image_width=\"63\" image_size=\"thumbnail\" text_align=\"center\" srcset=\"https:\/\/www.montanheiros.com\/wp-content\/uploads\/2019\/05\/big34_1532962199-280x280.jpg 280w, https:\/\/www.montanheiros.com\/wp-content\/uploads\/2019\/05\/big34_1532962199-300x300.jpg 300w, https:\/\/www.montanheiros.com\/wp-content\/uploads\/2019\/05\/big34_1532962199-100x100.jpg 100w\" sizes=\"auto, (max-width: 280px) 100vw, 280px\" \/>                                                              <\/div>\n              <div class=\"box-text text-center\" >\n                 <p>Excurs\u00e3o a S. Jorge, Trilho Portal-Fragueira-Faj\u00e3 dos Vimes, 28jul2017 - ilha S.Jorge <\/p>\n              <\/div>\n            <\/div>\n            <\/a>          <\/div>\n         <\/div><div class=\"gallery-col col\" >\n          <div class=\"col-inner\">\n            <a class=\"image-lightbox lightbox-gallery\" href=\"https:\/\/www.montanheiros.com\/wp-content\/uploads\/2019\/05\/big37_1532962206.jpg\" title=\"Excurs\u00e3o a S. Jorge, Trilho Portal-Fragueira-Faj\u00e3 dos Vimes, 28jul2017 - ilha S.Jorge \">            <div class=\"box has-hover gallery-box box-none\">\n              <div class=\"box-image\" style=\"width:63%;\">\n                <img loading=\"lazy\" decoding=\"async\" width=\"280\" height=\"280\" src=\"https:\/\/www.montanheiros.com\/wp-content\/uploads\/2019\/05\/big37_1532962206-280x280.jpg\" class=\"attachment-thumbnail size-thumbnail\" alt=\"\" ids=\"6450,6451,6452,6453,6454,6455,6456,6457,6458,6459,6460,6461,6462,6463,6464,6465,6466,6467,6468,6469,6470,6471,6472,6473,6474,6475,6476,6477,6478,6479,6480,6481,6482,6483,6485,6486,6487,6488,6489,6490,6491,6492\" style=\"none\" type=\"slider\" columns=\"1\" image_width=\"63\" image_size=\"thumbnail\" text_align=\"center\" srcset=\"https:\/\/www.montanheiros.com\/wp-content\/uploads\/2019\/05\/big37_1532962206-280x280.jpg 280w, https:\/\/www.montanheiros.com\/wp-content\/uploads\/2019\/05\/big37_1532962206-300x300.jpg 300w, https:\/\/www.montanheiros.com\/wp-content\/uploads\/2019\/05\/big37_1532962206-100x100.jpg 100w\" sizes=\"auto, (max-width: 280px) 100vw, 280px\" \/>                                                              <\/div>\n              <div class=\"box-text text-center\" >\n                 <p>Excurs\u00e3o a S. Jorge, Trilho Portal-Fragueira-Faj\u00e3 dos Vimes, 28jul2017 - ilha S.Jorge <\/p>\n              <\/div>\n            <\/div>\n            <\/a>          <\/div>\n         <\/div><div class=\"gallery-col col\" >\n          <div class=\"col-inner\">\n            <a class=\"image-lightbox lightbox-gallery\" href=\"https:\/\/www.montanheiros.com\/wp-content\/uploads\/2019\/05\/big42_1532962484.jpg\" title=\"Excurs\u00e3o a S. Jorge, Trilho Portal-Fragueira-Faj\u00e3 dos Vimes, 28jul2017 - ilha S.Jorge \">            <div class=\"box has-hover gallery-box box-none\">\n              <div class=\"box-image\" style=\"width:63%;\">\n                <img loading=\"lazy\" decoding=\"async\" width=\"280\" height=\"280\" src=\"https:\/\/www.montanheiros.com\/wp-content\/uploads\/2019\/05\/big42_1532962484-280x280.jpg\" class=\"attachment-thumbnail size-thumbnail\" alt=\"\" ids=\"6450,6451,6452,6453,6454,6455,6456,6457,6458,6459,6460,6461,6462,6463,6464,6465,6466,6467,6468,6469,6470,6471,6472,6473,6474,6475,6476,6477,6478,6479,6480,6481,6482,6483,6485,6486,6487,6488,6489,6490,6491,6492\" style=\"none\" type=\"slider\" columns=\"1\" image_width=\"63\" image_size=\"thumbnail\" text_align=\"center\" srcset=\"https:\/\/www.montanheiros.com\/wp-content\/uploads\/2019\/05\/big42_1532962484-280x280.jpg 280w, https:\/\/www.montanheiros.com\/wp-content\/uploads\/2019\/05\/big42_1532962484-300x300.jpg 300w, https:\/\/www.montanheiros.com\/wp-content\/uploads\/2019\/05\/big42_1532962484-100x100.jpg 100w\" sizes=\"auto, (max-width: 280px) 100vw, 280px\" \/>                                                              <\/div>\n              <div class=\"box-text text-center\" >\n                 <p>Excurs\u00e3o a S. Jorge, Trilho Portal-Fragueira-Faj\u00e3 dos Vimes, 28jul2017 - ilha S.Jorge <\/p>\n              <\/div>\n            <\/div>\n            <\/a>          <\/div>\n         <\/div><div class=\"gallery-col col\" >\n          <div class=\"col-inner\">\n            <a class=\"image-lightbox lightbox-gallery\" href=\"https:\/\/www.montanheiros.com\/wp-content\/uploads\/2019\/05\/big35_1532962200.jpg\" title=\"Excurs\u00e3o a S. Jorge, Trilho Portal-Fragueira-Faj\u00e3 dos Vimes, 28jul2017 - ilha S.Jorge \">            <div class=\"box has-hover gallery-box box-none\">\n              <div class=\"box-image\" style=\"width:63%;\">\n                <img loading=\"lazy\" decoding=\"async\" width=\"280\" height=\"280\" src=\"https:\/\/www.montanheiros.com\/wp-content\/uploads\/2019\/05\/big35_1532962200-280x280.jpg\" class=\"attachment-thumbnail size-thumbnail\" alt=\"\" ids=\"6450,6451,6452,6453,6454,6455,6456,6457,6458,6459,6460,6461,6462,6463,6464,6465,6466,6467,6468,6469,6470,6471,6472,6473,6474,6475,6476,6477,6478,6479,6480,6481,6482,6483,6485,6486,6487,6488,6489,6490,6491,6492\" style=\"none\" type=\"slider\" columns=\"1\" image_width=\"63\" image_size=\"thumbnail\" text_align=\"center\" srcset=\"https:\/\/www.montanheiros.com\/wp-content\/uploads\/2019\/05\/big35_1532962200-280x280.jpg 280w, https:\/\/www.montanheiros.com\/wp-content\/uploads\/2019\/05\/big35_1532962200-300x300.jpg 300w, https:\/\/www.montanheiros.com\/wp-content\/uploads\/2019\/05\/big35_1532962200-100x100.jpg 100w\" sizes=\"auto, (max-width: 280px) 100vw, 280px\" \/>                                                              <\/div>\n              <div class=\"box-text text-center\" >\n                 <p>Excurs\u00e3o a S. Jorge, Trilho Portal-Fragueira-Faj\u00e3 dos Vimes, 28jul2017 - ilha S.Jorge <\/p>\n              <\/div>\n            <\/div>\n            <\/a>          <\/div>\n         <\/div><div class=\"gallery-col col\" >\n          <div class=\"col-inner\">\n            <a class=\"image-lightbox lightbox-gallery\" href=\"https:\/\/www.montanheiros.com\/wp-content\/uploads\/2019\/05\/big55_1532962538.jpg\" title=\"Excurs\u00e3o a S. Jorge, Trilho Portal-Fragueira-Faj\u00e3 dos Vimes, 28jul2017 - ilha S.Jorge \">            <div class=\"box has-hover gallery-box box-none\">\n              <div class=\"box-image\" style=\"width:63%;\">\n                <img loading=\"lazy\" decoding=\"async\" width=\"280\" height=\"280\" src=\"https:\/\/www.montanheiros.com\/wp-content\/uploads\/2019\/05\/big55_1532962538-280x280.jpg\" class=\"attachment-thumbnail size-thumbnail\" alt=\"\" ids=\"6450,6451,6452,6453,6454,6455,6456,6457,6458,6459,6460,6461,6462,6463,6464,6465,6466,6467,6468,6469,6470,6471,6472,6473,6474,6475,6476,6477,6478,6479,6480,6481,6482,6483,6485,6486,6487,6488,6489,6490,6491,6492\" style=\"none\" type=\"slider\" columns=\"1\" image_width=\"63\" image_size=\"thumbnail\" text_align=\"center\" srcset=\"https:\/\/www.montanheiros.com\/wp-content\/uploads\/2019\/05\/big55_1532962538-280x280.jpg 280w, https:\/\/www.montanheiros.com\/wp-content\/uploads\/2019\/05\/big55_1532962538-300x300.jpg 300w, https:\/\/www.montanheiros.com\/wp-content\/uploads\/2019\/05\/big55_1532962538-100x100.jpg 100w\" sizes=\"auto, (max-width: 280px) 100vw, 280px\" \/>                                                              <\/div>\n              <div class=\"box-text text-center\" >\n                 <p>Excurs\u00e3o a S. Jorge, Trilho Portal-Fragueira-Faj\u00e3 dos Vimes, 28jul2017 - ilha S.Jorge <\/p>\n              <\/div>\n            <\/div>\n            <\/a>          <\/div>\n         <\/div><div class=\"gallery-col col\" >\n          <div class=\"col-inner\">\n            <a class=\"image-lightbox lightbox-gallery\" href=\"https:\/\/www.montanheiros.com\/wp-content\/uploads\/2019\/05\/big43_1532962504.jpg\" title=\"Excurs\u00e3o a S. Jorge, Trilho Portal-Fragueira-Faj\u00e3 dos Vimes, 28jul2018 - ilha S.Jorge \">            <div class=\"box has-hover gallery-box box-none\">\n              <div class=\"box-image\" style=\"width:63%;\">\n                <img loading=\"lazy\" decoding=\"async\" width=\"280\" height=\"280\" src=\"https:\/\/www.montanheiros.com\/wp-content\/uploads\/2019\/05\/big43_1532962504-280x280.jpg\" class=\"attachment-thumbnail size-thumbnail\" alt=\"\" ids=\"6450,6451,6452,6453,6454,6455,6456,6457,6458,6459,6460,6461,6462,6463,6464,6465,6466,6467,6468,6469,6470,6471,6472,6473,6474,6475,6476,6477,6478,6479,6480,6481,6482,6483,6485,6486,6487,6488,6489,6490,6491,6492\" style=\"none\" type=\"slider\" columns=\"1\" image_width=\"63\" image_size=\"thumbnail\" text_align=\"center\" srcset=\"https:\/\/www.montanheiros.com\/wp-content\/uploads\/2019\/05\/big43_1532962504-280x280.jpg 280w, https:\/\/www.montanheiros.com\/wp-content\/uploads\/2019\/05\/big43_1532962504-300x300.jpg 300w, https:\/\/www.montanheiros.com\/wp-content\/uploads\/2019\/05\/big43_1532962504-100x100.jpg 100w\" sizes=\"auto, (max-width: 280px) 100vw, 280px\" \/>                                                              <\/div>\n              <div class=\"box-text text-center\" >\n                 <p>Excurs\u00e3o a S. Jorge, Trilho Portal-Fragueira-Faj\u00e3 dos Vimes, 28jul2018 - ilha S.Jorge <\/p>\n              <\/div>\n            <\/div>\n            <\/a>          <\/div>\n         <\/div><div class=\"gallery-col col\" >\n          <div class=\"col-inner\">\n            <a class=\"image-lightbox lightbox-gallery\" href=\"https:\/\/www.montanheiros.com\/wp-content\/uploads\/2019\/05\/big46_1532962509.jpg\" title=\"Excurs\u00e3o a S. Jorge, Trilho Portal-Fragueira-Faj\u00e3 dos Vimes, 28jul2018 - ilha S.Jorge \">            <div class=\"box has-hover gallery-box box-none\">\n              <div class=\"box-image\" style=\"width:63%;\">\n                <img loading=\"lazy\" decoding=\"async\" width=\"280\" height=\"280\" src=\"https:\/\/www.montanheiros.com\/wp-content\/uploads\/2019\/05\/big46_1532962509-280x280.jpg\" class=\"attachment-thumbnail size-thumbnail\" alt=\"\" ids=\"6450,6451,6452,6453,6454,6455,6456,6457,6458,6459,6460,6461,6462,6463,6464,6465,6466,6467,6468,6469,6470,6471,6472,6473,6474,6475,6476,6477,6478,6479,6480,6481,6482,6483,6485,6486,6487,6488,6489,6490,6491,6492\" style=\"none\" type=\"slider\" columns=\"1\" image_width=\"63\" image_size=\"thumbnail\" text_align=\"center\" srcset=\"https:\/\/www.montanheiros.com\/wp-content\/uploads\/2019\/05\/big46_1532962509-280x280.jpg 280w, https:\/\/www.montanheiros.com\/wp-content\/uploads\/2019\/05\/big46_1532962509-300x300.jpg 300w, https:\/\/www.montanheiros.com\/wp-content\/uploads\/2019\/05\/big46_1532962509-100x100.jpg 100w\" sizes=\"auto, (max-width: 280px) 100vw, 280px\" \/>                                                              <\/div>\n              <div class=\"box-text text-center\" >\n                 <p>Excurs\u00e3o a S. Jorge, Trilho Portal-Fragueira-Faj\u00e3 dos Vimes, 28jul2018 - ilha S.Jorge <\/p>\n              <\/div>\n            <\/div>\n            <\/a>          <\/div>\n         <\/div><div class=\"gallery-col col\" >\n          <div class=\"col-inner\">\n            <a class=\"image-lightbox lightbox-gallery\" href=\"https:\/\/www.montanheiros.com\/wp-content\/uploads\/2019\/05\/big41_1532962483.jpg\" title=\"Excurs\u00e3o a S. Jorge, Trilho Portal-Fragueira-Faj\u00e3 dos Vimes, 28jul2018 - ilha S.Jorge \">            <div class=\"box has-hover gallery-box box-none\">\n              <div class=\"box-image\" style=\"width:63%;\">\n                <img loading=\"lazy\" decoding=\"async\" width=\"280\" height=\"280\" src=\"https:\/\/www.montanheiros.com\/wp-content\/uploads\/2019\/05\/big41_1532962483-280x280.jpg\" class=\"attachment-thumbnail size-thumbnail\" alt=\"\" ids=\"6450,6451,6452,6453,6454,6455,6456,6457,6458,6459,6460,6461,6462,6463,6464,6465,6466,6467,6468,6469,6470,6471,6472,6473,6474,6475,6476,6477,6478,6479,6480,6481,6482,6483,6485,6486,6487,6488,6489,6490,6491,6492\" style=\"none\" type=\"slider\" columns=\"1\" image_width=\"63\" image_size=\"thumbnail\" text_align=\"center\" srcset=\"https:\/\/www.montanheiros.com\/wp-content\/uploads\/2019\/05\/big41_1532962483-280x280.jpg 280w, https:\/\/www.montanheiros.com\/wp-content\/uploads\/2019\/05\/big41_1532962483-300x300.jpg 300w, https:\/\/www.montanheiros.com\/wp-content\/uploads\/2019\/05\/big41_1532962483-100x100.jpg 100w\" sizes=\"auto, (max-width: 280px) 100vw, 280px\" \/>                                                              <\/div>\n              <div class=\"box-text text-center\" >\n                 <p>Excurs\u00e3o a S. Jorge, Trilho Portal-Fragueira-Faj\u00e3 dos Vimes, 28jul2018 - ilha S.Jorge <\/p>\n              <\/div>\n            <\/div>\n            <\/a>          <\/div>\n         <\/div><div class=\"gallery-col col\" >\n          <div class=\"col-inner\">\n            <a class=\"image-lightbox lightbox-gallery\" href=\"https:\/\/www.montanheiros.com\/wp-content\/uploads\/2019\/05\/big52_1532962532.jpg\" title=\"Excurs\u00e3o a S. Jorge, Trilho Portal-Fragueira-Faj\u00e3 dos Vimes, 28jul2018 - ilha S.Jorge \">            <div class=\"box has-hover gallery-box box-none\">\n              <div class=\"box-image\" style=\"width:63%;\">\n                <img loading=\"lazy\" decoding=\"async\" width=\"280\" height=\"280\" src=\"https:\/\/www.montanheiros.com\/wp-content\/uploads\/2019\/05\/big52_1532962532-280x280.jpg\" class=\"attachment-thumbnail size-thumbnail\" alt=\"\" ids=\"6450,6451,6452,6453,6454,6455,6456,6457,6458,6459,6460,6461,6462,6463,6464,6465,6466,6467,6468,6469,6470,6471,6472,6473,6474,6475,6476,6477,6478,6479,6480,6481,6482,6483,6485,6486,6487,6488,6489,6490,6491,6492\" style=\"none\" type=\"slider\" columns=\"1\" image_width=\"63\" image_size=\"thumbnail\" text_align=\"center\" srcset=\"https:\/\/www.montanheiros.com\/wp-content\/uploads\/2019\/05\/big52_1532962532-280x280.jpg 280w, https:\/\/www.montanheiros.com\/wp-content\/uploads\/2019\/05\/big52_1532962532-300x300.jpg 300w, https:\/\/www.montanheiros.com\/wp-content\/uploads\/2019\/05\/big52_1532962532-100x100.jpg 100w\" sizes=\"auto, (max-width: 280px) 100vw, 280px\" \/>                                                              <\/div>\n              <div class=\"box-text text-center\" >\n                 <p>Excurs\u00e3o a S. Jorge, Trilho Portal-Fragueira-Faj\u00e3 dos Vimes, 28jul2018 - ilha S.Jorge <\/p>\n              <\/div>\n            <\/div>\n            <\/a>          <\/div>\n         <\/div><div class=\"gallery-col col\" >\n          <div class=\"col-inner\">\n            <a class=\"image-lightbox lightbox-gallery\" href=\"https:\/\/www.montanheiros.com\/wp-content\/uploads\/2019\/05\/big57_1532962713.jpg\" title=\"Excurs\u00e3o a S. Jorge, Trilho Portal-Fragueira-Faj\u00e3 dos Vimes, 28jul2018 - ilha S.Jorge \">            <div class=\"box has-hover gallery-box box-none\">\n              <div class=\"box-image\" style=\"width:63%;\">\n                <img loading=\"lazy\" decoding=\"async\" width=\"280\" height=\"280\" src=\"https:\/\/www.montanheiros.com\/wp-content\/uploads\/2019\/05\/big57_1532962713-280x280.jpg\" class=\"attachment-thumbnail size-thumbnail\" alt=\"\" ids=\"6450,6451,6452,6453,6454,6455,6456,6457,6458,6459,6460,6461,6462,6463,6464,6465,6466,6467,6468,6469,6470,6471,6472,6473,6474,6475,6476,6477,6478,6479,6480,6481,6482,6483,6485,6486,6487,6488,6489,6490,6491,6492\" style=\"none\" type=\"slider\" columns=\"1\" image_width=\"63\" image_size=\"thumbnail\" text_align=\"center\" srcset=\"https:\/\/www.montanheiros.com\/wp-content\/uploads\/2019\/05\/big57_1532962713-280x280.jpg 280w, https:\/\/www.montanheiros.com\/wp-content\/uploads\/2019\/05\/big57_1532962713-300x300.jpg 300w, https:\/\/www.montanheiros.com\/wp-content\/uploads\/2019\/05\/big57_1532962713-100x100.jpg 100w\" sizes=\"auto, (max-width: 280px) 100vw, 280px\" \/>                                                              <\/div>\n              <div class=\"box-text text-center\" >\n                 <p>Excurs\u00e3o a S. Jorge, Trilho Portal-Fragueira-Faj\u00e3 dos Vimes, 28jul2018 - ilha S.Jorge <\/p>\n              <\/div>\n            <\/div>\n            <\/a>          <\/div>\n         <\/div><div class=\"gallery-col col\" >\n          <div class=\"col-inner\">\n            <a class=\"image-lightbox lightbox-gallery\" href=\"https:\/\/www.montanheiros.com\/wp-content\/uploads\/2019\/05\/big50_1532962524.jpg\" title=\"Excurs\u00e3o a S. Jorge, Trilho Portal-Fragueira-Faj\u00e3 dos Vimes, 28jul2018 - ilha S.Jorge \">            <div class=\"box has-hover gallery-box box-none\">\n              <div class=\"box-image\" style=\"width:63%;\">\n                <img loading=\"lazy\" decoding=\"async\" width=\"280\" height=\"280\" src=\"https:\/\/www.montanheiros.com\/wp-content\/uploads\/2019\/05\/big50_1532962524-280x280.jpg\" class=\"attachment-thumbnail size-thumbnail\" alt=\"\" ids=\"6450,6451,6452,6453,6454,6455,6456,6457,6458,6459,6460,6461,6462,6463,6464,6465,6466,6467,6468,6469,6470,6471,6472,6473,6474,6475,6476,6477,6478,6479,6480,6481,6482,6483,6485,6486,6487,6488,6489,6490,6491,6492\" style=\"none\" type=\"slider\" columns=\"1\" image_width=\"63\" image_size=\"thumbnail\" text_align=\"center\" srcset=\"https:\/\/www.montanheiros.com\/wp-content\/uploads\/2019\/05\/big50_1532962524-280x280.jpg 280w, https:\/\/www.montanheiros.com\/wp-content\/uploads\/2019\/05\/big50_1532962524-300x300.jpg 300w, https:\/\/www.montanheiros.com\/wp-content\/uploads\/2019\/05\/big50_1532962524-100x100.jpg 100w\" sizes=\"auto, (max-width: 280px) 100vw, 280px\" \/>                                                              <\/div>\n              <div class=\"box-text text-center\" >\n                 <p>Excurs\u00e3o a S. Jorge, Trilho Portal-Fragueira-Faj\u00e3 dos Vimes, 28jul2018 - ilha S.Jorge <\/p>\n              <\/div>\n            <\/div>\n            <\/a>          <\/div>\n         <\/div><div class=\"gallery-col col\" >\n          <div class=\"col-inner\">\n            <a class=\"image-lightbox lightbox-gallery\" href=\"https:\/\/www.montanheiros.com\/wp-content\/uploads\/2019\/05\/big56_1532962552.jpg\" title=\"Excurs\u00e3o a S. Jorge, Trilho Portal-Fragueira-Faj\u00e3 dos Vimes, 28jul2018 - ilha S.Jorge \">            <div class=\"box has-hover gallery-box box-none\">\n              <div class=\"box-image\" style=\"width:63%;\">\n                <img loading=\"lazy\" decoding=\"async\" width=\"280\" height=\"280\" src=\"https:\/\/www.montanheiros.com\/wp-content\/uploads\/2019\/05\/big56_1532962552-280x280.jpg\" class=\"attachment-thumbnail size-thumbnail\" alt=\"\" ids=\"6450,6451,6452,6453,6454,6455,6456,6457,6458,6459,6460,6461,6462,6463,6464,6465,6466,6467,6468,6469,6470,6471,6472,6473,6474,6475,6476,6477,6478,6479,6480,6481,6482,6483,6485,6486,6487,6488,6489,6490,6491,6492\" style=\"none\" type=\"slider\" columns=\"1\" image_width=\"63\" image_size=\"thumbnail\" text_align=\"center\" srcset=\"https:\/\/www.montanheiros.com\/wp-content\/uploads\/2019\/05\/big56_1532962552-280x280.jpg 280w, https:\/\/www.montanheiros.com\/wp-content\/uploads\/2019\/05\/big56_1532962552-300x300.jpg 300w, https:\/\/www.montanheiros.com\/wp-content\/uploads\/2019\/05\/big56_1532962552-100x100.jpg 100w\" sizes=\"auto, (max-width: 280px) 100vw, 280px\" \/>                                                              <\/div>\n              <div class=\"box-text text-center\" >\n                 <p>Excurs\u00e3o a S. Jorge, Trilho Portal-Fragueira-Faj\u00e3 dos Vimes, 28jul2018 - ilha S.Jorge <\/p>\n              <\/div>\n            <\/div>\n            <\/a>          <\/div>\n         <\/div><div class=\"gallery-col col\" >\n          <div class=\"col-inner\">\n            <a class=\"image-lightbox lightbox-gallery\" href=\"https:\/\/www.montanheiros.com\/wp-content\/uploads\/2019\/05\/big51_1532962530.jpg\" title=\"Excurs\u00e3o a S. Jorge, Trilho Portal-Fragueira-Faj\u00e3 dos Vimes, 28jul2018 - ilha S.Jorge \">            <div class=\"box has-hover gallery-box box-none\">\n              <div class=\"box-image\" style=\"width:63%;\">\n                <img loading=\"lazy\" decoding=\"async\" width=\"280\" height=\"280\" src=\"https:\/\/www.montanheiros.com\/wp-content\/uploads\/2019\/05\/big51_1532962530-280x280.jpg\" class=\"attachment-thumbnail size-thumbnail\" alt=\"\" ids=\"6450,6451,6452,6453,6454,6455,6456,6457,6458,6459,6460,6461,6462,6463,6464,6465,6466,6467,6468,6469,6470,6471,6472,6473,6474,6475,6476,6477,6478,6479,6480,6481,6482,6483,6485,6486,6487,6488,6489,6490,6491,6492\" style=\"none\" type=\"slider\" columns=\"1\" image_width=\"63\" image_size=\"thumbnail\" text_align=\"center\" srcset=\"https:\/\/www.montanheiros.com\/wp-content\/uploads\/2019\/05\/big51_1532962530-280x280.jpg 280w, https:\/\/www.montanheiros.com\/wp-content\/uploads\/2019\/05\/big51_1532962530-300x300.jpg 300w, https:\/\/www.montanheiros.com\/wp-content\/uploads\/2019\/05\/big51_1532962530-100x100.jpg 100w\" sizes=\"auto, (max-width: 280px) 100vw, 280px\" \/>                                                              <\/div>\n              <div class=\"box-text text-center\" >\n                 <p>Excurs\u00e3o a S. Jorge, Trilho Portal-Fragueira-Faj\u00e3 dos Vimes, 28jul2018 - ilha S.Jorge <\/p>\n              <\/div>\n            <\/div>\n            <\/a>          <\/div>\n         <\/div><div class=\"gallery-col col\" >\n          <div class=\"col-inner\">\n            <a class=\"image-lightbox lightbox-gallery\" href=\"https:\/\/www.montanheiros.com\/wp-content\/uploads\/2019\/05\/big49_1532962523.jpg\" title=\"Excurs\u00e3o a S. Jorge, Trilho Portal-Fragueira-Faj\u00e3 dos Vimes, 28jul2018 - ilha S.Jorge \">            <div class=\"box has-hover gallery-box box-none\">\n              <div class=\"box-image\" style=\"width:63%;\">\n                <img loading=\"lazy\" decoding=\"async\" width=\"280\" height=\"280\" src=\"https:\/\/www.montanheiros.com\/wp-content\/uploads\/2019\/05\/big49_1532962523-280x280.jpg\" class=\"attachment-thumbnail size-thumbnail\" alt=\"\" ids=\"6450,6451,6452,6453,6454,6455,6456,6457,6458,6459,6460,6461,6462,6463,6464,6465,6466,6467,6468,6469,6470,6471,6472,6473,6474,6475,6476,6477,6478,6479,6480,6481,6482,6483,6485,6486,6487,6488,6489,6490,6491,6492\" style=\"none\" type=\"slider\" columns=\"1\" image_width=\"63\" image_size=\"thumbnail\" text_align=\"center\" srcset=\"https:\/\/www.montanheiros.com\/wp-content\/uploads\/2019\/05\/big49_1532962523-280x280.jpg 280w, https:\/\/www.montanheiros.com\/wp-content\/uploads\/2019\/05\/big49_1532962523-300x300.jpg 300w, https:\/\/www.montanheiros.com\/wp-content\/uploads\/2019\/05\/big49_1532962523-100x100.jpg 100w\" sizes=\"auto, (max-width: 280px) 100vw, 280px\" \/>                                                              <\/div>\n              <div class=\"box-text text-center\" >\n                 <p>Excurs\u00e3o a S. Jorge, Trilho Portal-Fragueira-Faj\u00e3 dos Vimes, 28jul2018 - ilha S.Jorge <\/p>\n              <\/div>\n            <\/div>\n            <\/a>          <\/div>\n         <\/div><div class=\"gallery-col col\" >\n          <div class=\"col-inner\">\n            <a class=\"image-lightbox lightbox-gallery\" href=\"https:\/\/www.montanheiros.com\/wp-content\/uploads\/2019\/05\/big53_1532962534.jpg\" title=\"Excurs\u00e3o a S. Jorge, Trilho Portal-Fragueira-Faj\u00e3 dos Vimes, 28jul2018 - ilha S.Jorge \">            <div class=\"box has-hover gallery-box box-none\">\n              <div class=\"box-image\" style=\"width:63%;\">\n                <img loading=\"lazy\" decoding=\"async\" width=\"280\" height=\"280\" src=\"https:\/\/www.montanheiros.com\/wp-content\/uploads\/2019\/05\/big53_1532962534-280x280.jpg\" class=\"attachment-thumbnail size-thumbnail\" alt=\"\" ids=\"6450,6451,6452,6453,6454,6455,6456,6457,6458,6459,6460,6461,6462,6463,6464,6465,6466,6467,6468,6469,6470,6471,6472,6473,6474,6475,6476,6477,6478,6479,6480,6481,6482,6483,6485,6486,6487,6488,6489,6490,6491,6492\" style=\"none\" type=\"slider\" columns=\"1\" image_width=\"63\" image_size=\"thumbnail\" text_align=\"center\" srcset=\"https:\/\/www.montanheiros.com\/wp-content\/uploads\/2019\/05\/big53_1532962534-280x280.jpg 280w, https:\/\/www.montanheiros.com\/wp-content\/uploads\/2019\/05\/big53_1532962534-300x300.jpg 300w, https:\/\/www.montanheiros.com\/wp-content\/uploads\/2019\/05\/big53_1532962534-100x100.jpg 100w\" sizes=\"auto, (max-width: 280px) 100vw, 280px\" \/>                                                              <\/div>\n              <div class=\"box-text text-center\" >\n                 <p>Excurs\u00e3o a S. Jorge, Trilho Portal-Fragueira-Faj\u00e3 dos Vimes, 28jul2018 - ilha S.Jorge <\/p>\n              <\/div>\n            <\/div>\n            <\/a>          <\/div>\n         <\/div><div class=\"gallery-col col\" >\n          <div class=\"col-inner\">\n            <a class=\"image-lightbox lightbox-gallery\" href=\"https:\/\/www.montanheiros.com\/wp-content\/uploads\/2019\/05\/big38_1532962206.jpg\" title=\"Excurs\u00e3o a S. Jorge, Trilho Portal-Fragueira-Faj\u00e3 dos Vimes, 28jul2018 - ilha S.Jorge \">            <div class=\"box has-hover gallery-box box-none\">\n              <div class=\"box-image\" style=\"width:63%;\">\n                <img loading=\"lazy\" decoding=\"async\" width=\"280\" height=\"280\" src=\"https:\/\/www.montanheiros.com\/wp-content\/uploads\/2019\/05\/big38_1532962206-280x280.jpg\" class=\"attachment-thumbnail size-thumbnail\" alt=\"\" ids=\"6450,6451,6452,6453,6454,6455,6456,6457,6458,6459,6460,6461,6462,6463,6464,6465,6466,6467,6468,6469,6470,6471,6472,6473,6474,6475,6476,6477,6478,6479,6480,6481,6482,6483,6485,6486,6487,6488,6489,6490,6491,6492\" style=\"none\" type=\"slider\" columns=\"1\" image_width=\"63\" image_size=\"thumbnail\" text_align=\"center\" srcset=\"https:\/\/www.montanheiros.com\/wp-content\/uploads\/2019\/05\/big38_1532962206-280x280.jpg 280w, https:\/\/www.montanheiros.com\/wp-content\/uploads\/2019\/05\/big38_1532962206-300x300.jpg 300w, https:\/\/www.montanheiros.com\/wp-content\/uploads\/2019\/05\/big38_1532962206-100x100.jpg 100w\" sizes=\"auto, (max-width: 280px) 100vw, 280px\" \/>                                                              <\/div>\n              <div class=\"box-text text-center\" >\n                 <p>Excurs\u00e3o a S. Jorge, Trilho Portal-Fragueira-Faj\u00e3 dos Vimes, 28jul2018 - ilha S.Jorge <\/p>\n              <\/div>\n            <\/div>\n            <\/a>          <\/div>\n         <\/div><div class=\"gallery-col col\" >\n          <div class=\"col-inner\">\n            <a class=\"image-lightbox lightbox-gallery\" href=\"https:\/\/www.montanheiros.com\/wp-content\/uploads\/2019\/05\/big1_1532942896.jpg\" title=\"Excurs\u00e3o a S. Jorge, partida para a Calheta, 27jul2018 - ilha Terceira \">            <div class=\"box has-hover gallery-box box-none\">\n              <div class=\"box-image\" style=\"width:63%;\">\n                <img loading=\"lazy\" decoding=\"async\" width=\"280\" height=\"280\" src=\"https:\/\/www.montanheiros.com\/wp-content\/uploads\/2019\/05\/big1_1532942896-280x280.jpg\" class=\"attachment-thumbnail size-thumbnail\" alt=\"\" ids=\"6450,6451,6452,6453,6454,6455,6456,6457,6458,6459,6460,6461,6462,6463,6464,6465,6466,6467,6468,6469,6470,6471,6472,6473,6474,6475,6476,6477,6478,6479,6480,6481,6482,6483,6485,6486,6487,6488,6489,6490,6491,6492\" style=\"none\" type=\"slider\" columns=\"1\" image_width=\"63\" image_size=\"thumbnail\" text_align=\"center\" srcset=\"https:\/\/www.montanheiros.com\/wp-content\/uploads\/2019\/05\/big1_1532942896-280x280.jpg 280w, https:\/\/www.montanheiros.com\/wp-content\/uploads\/2019\/05\/big1_1532942896-300x300.jpg 300w, https:\/\/www.montanheiros.com\/wp-content\/uploads\/2019\/05\/big1_1532942896-100x100.jpg 100w\" sizes=\"auto, (max-width: 280px) 100vw, 280px\" \/>                                                              <\/div>\n              <div class=\"box-text text-center\" >\n                 <p>Excurs\u00e3o a S. Jorge, partida para a Calheta, 27jul2018 - ilha Terceira <\/p>\n              <\/div>\n            <\/div>\n            <\/a>          <\/div>\n         <\/div><div class=\"gallery-col col\" >\n          <div class=\"col-inner\">\n            <a class=\"image-lightbox lightbox-gallery\" href=\"https:\/\/www.montanheiros.com\/wp-content\/uploads\/2019\/05\/big1_1533287445.jpg\" title=\"Excurs\u00e3o a S. Jorge, partida para a Calheta, 27jul2018 - ilha Terceira \">            <div class=\"box has-hover gallery-box box-none\">\n              <div class=\"box-image\" style=\"width:63%;\">\n                <img loading=\"lazy\" decoding=\"async\" width=\"280\" height=\"280\" src=\"https:\/\/www.montanheiros.com\/wp-content\/uploads\/2019\/05\/big1_1533287445-280x280.jpg\" class=\"attachment-thumbnail size-thumbnail\" alt=\"\" ids=\"6450,6451,6452,6453,6454,6455,6456,6457,6458,6459,6460,6461,6462,6463,6464,6465,6466,6467,6468,6469,6470,6471,6472,6473,6474,6475,6476,6477,6478,6479,6480,6481,6482,6483,6485,6486,6487,6488,6489,6490,6491,6492\" style=\"none\" type=\"slider\" columns=\"1\" image_width=\"63\" image_size=\"thumbnail\" text_align=\"center\" srcset=\"https:\/\/www.montanheiros.com\/wp-content\/uploads\/2019\/05\/big1_1533287445-280x280.jpg 280w, https:\/\/www.montanheiros.com\/wp-content\/uploads\/2019\/05\/big1_1533287445-300x300.jpg 300w, https:\/\/www.montanheiros.com\/wp-content\/uploads\/2019\/05\/big1_1533287445-100x100.jpg 100w\" sizes=\"auto, (max-width: 280px) 100vw, 280px\" \/>                                                              <\/div>\n              <div class=\"box-text text-center\" >\n                 <p>Excurs\u00e3o a S. Jorge, partida para a Calheta, 27jul2018 - ilha Terceira <\/p>\n              <\/div>\n            <\/div>\n            <\/a>          <\/div>\n         <\/div><div class=\"gallery-col col\" >\n          <div class=\"col-inner\">\n            <a class=\"image-lightbox lightbox-gallery\" href=\"https:\/\/www.montanheiros.com\/wp-content\/uploads\/2019\/05\/big7_1533287462.jpg\" title=\"Excurs\u00e3o a S. Jorge, partida para a Calheta, 27jul2018 - ilha Terceira \">            <div class=\"box has-hover gallery-box box-none\">\n              <div class=\"box-image\" style=\"width:63%;\">\n                <img loading=\"lazy\" decoding=\"async\" width=\"280\" height=\"280\" src=\"https:\/\/www.montanheiros.com\/wp-content\/uploads\/2019\/05\/big7_1533287462-280x280.jpg\" class=\"attachment-thumbnail size-thumbnail\" alt=\"\" ids=\"6450,6451,6452,6453,6454,6455,6456,6457,6458,6459,6460,6461,6462,6463,6464,6465,6466,6467,6468,6469,6470,6471,6472,6473,6474,6475,6476,6477,6478,6479,6480,6481,6482,6483,6485,6486,6487,6488,6489,6490,6491,6492\" style=\"none\" type=\"slider\" columns=\"1\" image_width=\"63\" image_size=\"thumbnail\" text_align=\"center\" srcset=\"https:\/\/www.montanheiros.com\/wp-content\/uploads\/2019\/05\/big7_1533287462-280x280.jpg 280w, https:\/\/www.montanheiros.com\/wp-content\/uploads\/2019\/05\/big7_1533287462-300x300.jpg 300w, https:\/\/www.montanheiros.com\/wp-content\/uploads\/2019\/05\/big7_1533287462-100x100.jpg 100w\" sizes=\"auto, (max-width: 280px) 100vw, 280px\" \/>                                                              <\/div>\n              <div class=\"box-text text-center\" >\n                 <p>Excurs\u00e3o a S. Jorge, partida para a Calheta, 27jul2018 - ilha Terceira <\/p>\n              <\/div>\n            <\/div>\n            <\/a>          <\/div>\n         <\/div><div class=\"gallery-col col\" >\n          <div class=\"col-inner\">\n            <a class=\"image-lightbox lightbox-gallery\" href=\"https:\/\/www.montanheiros.com\/wp-content\/uploads\/2019\/05\/big6_1533287462.jpg\" title=\"Excurs\u00e3o a S. Jorge, partida para a Calheta, 27jul2018 - ilha Terceira \">            <div class=\"box has-hover gallery-box box-none\">\n              <div class=\"box-image\" style=\"width:63%;\">\n                <img loading=\"lazy\" decoding=\"async\" width=\"280\" height=\"280\" src=\"https:\/\/www.montanheiros.com\/wp-content\/uploads\/2019\/05\/big6_1533287462-280x280.jpg\" class=\"attachment-thumbnail size-thumbnail\" alt=\"\" ids=\"6450,6451,6452,6453,6454,6455,6456,6457,6458,6459,6460,6461,6462,6463,6464,6465,6466,6467,6468,6469,6470,6471,6472,6473,6474,6475,6476,6477,6478,6479,6480,6481,6482,6483,6485,6486,6487,6488,6489,6490,6491,6492\" style=\"none\" type=\"slider\" columns=\"1\" image_width=\"63\" image_size=\"thumbnail\" text_align=\"center\" srcset=\"https:\/\/www.montanheiros.com\/wp-content\/uploads\/2019\/05\/big6_1533287462-280x280.jpg 280w, https:\/\/www.montanheiros.com\/wp-content\/uploads\/2019\/05\/big6_1533287462-300x300.jpg 300w, https:\/\/www.montanheiros.com\/wp-content\/uploads\/2019\/05\/big6_1533287462-100x100.jpg 100w\" sizes=\"auto, (max-width: 280px) 100vw, 280px\" \/>                                                              <\/div>\n              <div class=\"box-text text-center\" >\n                 <p>Excurs\u00e3o a S. Jorge, partida para a Calheta, 27jul2018 - ilha Terceira <\/p>\n              <\/div>\n            <\/div>\n            <\/a>          <\/div>\n         <\/div><div class=\"gallery-col col\" >\n          <div class=\"col-inner\">\n            <a class=\"image-lightbox lightbox-gallery\" href=\"https:\/\/www.montanheiros.com\/wp-content\/uploads\/2019\/05\/big2_1533287451.jpg\" title=\"Excurs\u00e3o a S. Jorge, partida para a Calheta, 27jul2018 - ilha Terceira \">            <div class=\"box has-hover gallery-box box-none\">\n              <div class=\"box-image\" style=\"width:63%;\">\n                <img loading=\"lazy\" decoding=\"async\" width=\"280\" height=\"280\" src=\"https:\/\/www.montanheiros.com\/wp-content\/uploads\/2019\/05\/big2_1533287451-280x280.jpg\" class=\"attachment-thumbnail size-thumbnail\" alt=\"\" ids=\"6450,6451,6452,6453,6454,6455,6456,6457,6458,6459,6460,6461,6462,6463,6464,6465,6466,6467,6468,6469,6470,6471,6472,6473,6474,6475,6476,6477,6478,6479,6480,6481,6482,6483,6485,6486,6487,6488,6489,6490,6491,6492\" style=\"none\" type=\"slider\" columns=\"1\" image_width=\"63\" image_size=\"thumbnail\" text_align=\"center\" srcset=\"https:\/\/www.montanheiros.com\/wp-content\/uploads\/2019\/05\/big2_1533287451-280x280.jpg 280w, https:\/\/www.montanheiros.com\/wp-content\/uploads\/2019\/05\/big2_1533287451-300x300.jpg 300w, https:\/\/www.montanheiros.com\/wp-content\/uploads\/2019\/05\/big2_1533287451-100x100.jpg 100w\" sizes=\"auto, (max-width: 280px) 100vw, 280px\" \/>                                                              <\/div>\n              <div class=\"box-text text-center\" >\n                 <p>Excurs\u00e3o a S. Jorge, partida para a Calheta, 27jul2018 - ilha Terceira <\/p>\n              <\/div>\n            <\/div>\n            <\/a>          <\/div>\n         <\/div><div class=\"gallery-col col\" >\n          <div class=\"col-inner\">\n            <a class=\"image-lightbox lightbox-gallery\" href=\"https:\/\/www.montanheiros.com\/wp-content\/uploads\/2019\/05\/big3_1533287452.jpg\" title=\"Excurs\u00e3o a S. Jorge, partida para a Calheta, 27jul2018- ilha Terceira \">            <div class=\"box has-hover gallery-box box-none\">\n              <div class=\"box-image\" style=\"width:63%;\">\n                <img loading=\"lazy\" decoding=\"async\" width=\"280\" height=\"280\" src=\"https:\/\/www.montanheiros.com\/wp-content\/uploads\/2019\/05\/big3_1533287452-280x280.jpg\" class=\"attachment-thumbnail size-thumbnail\" alt=\"\" ids=\"6450,6451,6452,6453,6454,6455,6456,6457,6458,6459,6460,6461,6462,6463,6464,6465,6466,6467,6468,6469,6470,6471,6472,6473,6474,6475,6476,6477,6478,6479,6480,6481,6482,6483,6485,6486,6487,6488,6489,6490,6491,6492\" style=\"none\" type=\"slider\" columns=\"1\" image_width=\"63\" image_size=\"thumbnail\" text_align=\"center\" srcset=\"https:\/\/www.montanheiros.com\/wp-content\/uploads\/2019\/05\/big3_1533287452-280x280.jpg 280w, https:\/\/www.montanheiros.com\/wp-content\/uploads\/2019\/05\/big3_1533287452-300x300.jpg 300w, https:\/\/www.montanheiros.com\/wp-content\/uploads\/2019\/05\/big3_1533287452-100x100.jpg 100w\" sizes=\"auto, (max-width: 280px) 100vw, 280px\" \/>                                                              <\/div>\n              <div class=\"box-text text-center\" >\n                 <p>Excurs\u00e3o a S. Jorge, partida para a Calheta, 27jul2018- ilha Terceira <\/p>\n              <\/div>\n            <\/div>\n            <\/a>          <\/div>\n         <\/div><div class=\"gallery-col col\" >\n          <div class=\"col-inner\">\n            <a class=\"image-lightbox lightbox-gallery\" href=\"https:\/\/www.montanheiros.com\/wp-content\/uploads\/2019\/05\/big5_1533287460.jpg\" title=\"Excurs\u00e3o a S. Jorge, partida para a Calheta, 27jul2018 - ilha Terceira \">            <div class=\"box has-hover gallery-box box-none\">\n              <div class=\"box-image\" style=\"width:63%;\">\n                <img loading=\"lazy\" decoding=\"async\" width=\"280\" height=\"280\" src=\"https:\/\/www.montanheiros.com\/wp-content\/uploads\/2019\/05\/big5_1533287460-280x280.jpg\" class=\"attachment-thumbnail size-thumbnail\" alt=\"\" ids=\"6450,6451,6452,6453,6454,6455,6456,6457,6458,6459,6460,6461,6462,6463,6464,6465,6466,6467,6468,6469,6470,6471,6472,6473,6474,6475,6476,6477,6478,6479,6480,6481,6482,6483,6485,6486,6487,6488,6489,6490,6491,6492\" style=\"none\" type=\"slider\" columns=\"1\" image_width=\"63\" image_size=\"thumbnail\" text_align=\"center\" srcset=\"https:\/\/www.montanheiros.com\/wp-content\/uploads\/2019\/05\/big5_1533287460-280x280.jpg 280w, https:\/\/www.montanheiros.com\/wp-content\/uploads\/2019\/05\/big5_1533287460-300x300.jpg 300w, https:\/\/www.montanheiros.com\/wp-content\/uploads\/2019\/05\/big5_1533287460-100x100.jpg 100w\" sizes=\"auto, (max-width: 280px) 100vw, 280px\" \/>                                                              <\/div>\n              <div class=\"box-text text-center\" >\n                 <p>Excurs\u00e3o a S. Jorge, partida para a Calheta, 27jul2018 - ilha Terceira <\/p>\n              <\/div>\n            <\/div>\n            <\/a>          <\/div>\n         <\/div><\/div>\n\n\n\t\t<\/div>\n\t\t\t\t\t<\/div>\n\n\t\n\n\t<div id=\"col-1423135860\" class=\"col medium-3 small-12 large-3\"  >\n\t\t\t\t<div class=\"col-inner\"  >\n\t\t\t\n\t\t\t\n\n<p>Passeio ao Sanguinhal, 08jul2018 &#8211; ilha Terceira<\/p>\n\n  \n    <div class=\"row large-columns-1 medium-columns- small-columns- row-full-width slider row-slider slider-nav-reveal\"  data-flickity-options='{\"imagesLoaded\": true, \"groupCells\": \"100%\", \"dragThreshold\" : 5, \"cellAlign\": \"left\",\"wrapAround\": true,\"prevNextButtons\": true,\"percentPosition\": true,\"pageDots\": false, \"rightToLeft\": false, \"autoPlay\" : false}'>\n\n  <div class=\"gallery-col col\" >\n          <div class=\"col-inner\">\n            <a class=\"image-lightbox lightbox-gallery\" href=\"https:\/\/www.montanheiros.com\/wp-content\/uploads\/2019\/05\/big19_1531221849.jpg\" title=\"Passeio ao Sanguinhal, 08jul2018 - ilha Terceira\">            <div class=\"box has-hover gallery-box box-none\">\n              <div class=\"box-image\" style=\"width:63%;\">\n                <img loading=\"lazy\" decoding=\"async\" width=\"280\" height=\"280\" src=\"https:\/\/www.montanheiros.com\/wp-content\/uploads\/2019\/05\/big19_1531221849-280x280.jpg\" class=\"attachment-thumbnail size-thumbnail\" alt=\"\" ids=\"6414,6415,6416,6417,6418,6419,6420,6421,6422,6423,6424,6425,6426,6427,6428,6429,6430,6431,6432,6433,6434,6435,6436,6437,6438,6439,6440,6441,6442,6443,6444,6445,6446,6447\" style=\"none\" type=\"slider\" columns=\"1\" image_width=\"63\" image_size=\"thumbnail\" text_align=\"center\" srcset=\"https:\/\/www.montanheiros.com\/wp-content\/uploads\/2019\/05\/big19_1531221849-280x280.jpg 280w, https:\/\/www.montanheiros.com\/wp-content\/uploads\/2019\/05\/big19_1531221849-300x300.jpg 300w, https:\/\/www.montanheiros.com\/wp-content\/uploads\/2019\/05\/big19_1531221849-100x100.jpg 100w\" sizes=\"auto, (max-width: 280px) 100vw, 280px\" \/>                                                              <\/div>\n              <div class=\"box-text text-center\" >\n                 <p>Passeio ao Sanguinhal, 08jul2018 - ilha Terceira<\/p>\n              <\/div>\n            <\/div>\n            <\/a>          <\/div>\n         <\/div><div class=\"gallery-col col\" >\n          <div class=\"col-inner\">\n            <a class=\"image-lightbox lightbox-gallery\" href=\"https:\/\/www.montanheiros.com\/wp-content\/uploads\/2019\/05\/big20_1531221853.jpg\" title=\"Passeio ao Sanguinhal, 08jul2018 - ilha Terceira\">            <div class=\"box has-hover gallery-box box-none\">\n              <div class=\"box-image\" style=\"width:63%;\">\n                <img loading=\"lazy\" decoding=\"async\" width=\"280\" height=\"280\" src=\"https:\/\/www.montanheiros.com\/wp-content\/uploads\/2019\/05\/big20_1531221853-280x280.jpg\" class=\"attachment-thumbnail size-thumbnail\" alt=\"\" ids=\"6414,6415,6416,6417,6418,6419,6420,6421,6422,6423,6424,6425,6426,6427,6428,6429,6430,6431,6432,6433,6434,6435,6436,6437,6438,6439,6440,6441,6442,6443,6444,6445,6446,6447\" style=\"none\" type=\"slider\" columns=\"1\" image_width=\"63\" image_size=\"thumbnail\" text_align=\"center\" srcset=\"https:\/\/www.montanheiros.com\/wp-content\/uploads\/2019\/05\/big20_1531221853-280x280.jpg 280w, https:\/\/www.montanheiros.com\/wp-content\/uploads\/2019\/05\/big20_1531221853-300x300.jpg 300w, https:\/\/www.montanheiros.com\/wp-content\/uploads\/2019\/05\/big20_1531221853-100x100.jpg 100w\" sizes=\"auto, (max-width: 280px) 100vw, 280px\" \/>                                                              <\/div>\n              <div class=\"box-text text-center\" >\n                 <p>Passeio ao Sanguinhal, 08jul2018 - ilha Terceira<\/p>\n              <\/div>\n            <\/div>\n            <\/a>          <\/div>\n         <\/div><div class=\"gallery-col col\" >\n          <div class=\"col-inner\">\n            <a class=\"image-lightbox lightbox-gallery\" href=\"https:\/\/www.montanheiros.com\/wp-content\/uploads\/2019\/05\/big3_1531221459.jpg\" title=\"Passeio ao Sanguinhal, 08jul2018 - ilha Terceira\">            <div class=\"box has-hover gallery-box box-none\">\n              <div class=\"box-image\" style=\"width:63%;\">\n                <img loading=\"lazy\" decoding=\"async\" width=\"280\" height=\"280\" src=\"https:\/\/www.montanheiros.com\/wp-content\/uploads\/2019\/05\/big3_1531221459-280x280.jpg\" class=\"attachment-thumbnail size-thumbnail\" alt=\"\" ids=\"6414,6415,6416,6417,6418,6419,6420,6421,6422,6423,6424,6425,6426,6427,6428,6429,6430,6431,6432,6433,6434,6435,6436,6437,6438,6439,6440,6441,6442,6443,6444,6445,6446,6447\" style=\"none\" type=\"slider\" columns=\"1\" image_width=\"63\" image_size=\"thumbnail\" text_align=\"center\" srcset=\"https:\/\/www.montanheiros.com\/wp-content\/uploads\/2019\/05\/big3_1531221459-280x280.jpg 280w, https:\/\/www.montanheiros.com\/wp-content\/uploads\/2019\/05\/big3_1531221459-300x300.jpg 300w, https:\/\/www.montanheiros.com\/wp-content\/uploads\/2019\/05\/big3_1531221459-100x100.jpg 100w\" sizes=\"auto, (max-width: 280px) 100vw, 280px\" \/>                                                              <\/div>\n              <div class=\"box-text text-center\" >\n                 <p>Passeio ao Sanguinhal, 08jul2018 - ilha Terceira<\/p>\n              <\/div>\n            <\/div>\n            <\/a>          <\/div>\n         <\/div><div class=\"gallery-col col\" >\n          <div class=\"col-inner\">\n            <a class=\"image-lightbox lightbox-gallery\" href=\"https:\/\/www.montanheiros.com\/wp-content\/uploads\/2019\/05\/big1_1531221450.jpg\" title=\"Passeio ao Sanguinhal, 08jul2018 - ilha Terceira\">            <div class=\"box has-hover gallery-box box-none\">\n              <div class=\"box-image\" style=\"width:63%;\">\n                <img loading=\"lazy\" decoding=\"async\" width=\"280\" height=\"280\" src=\"https:\/\/www.montanheiros.com\/wp-content\/uploads\/2019\/05\/big1_1531221450-280x280.jpg\" class=\"attachment-thumbnail size-thumbnail\" alt=\"\" ids=\"6414,6415,6416,6417,6418,6419,6420,6421,6422,6423,6424,6425,6426,6427,6428,6429,6430,6431,6432,6433,6434,6435,6436,6437,6438,6439,6440,6441,6442,6443,6444,6445,6446,6447\" style=\"none\" type=\"slider\" columns=\"1\" image_width=\"63\" image_size=\"thumbnail\" text_align=\"center\" srcset=\"https:\/\/www.montanheiros.com\/wp-content\/uploads\/2019\/05\/big1_1531221450-280x280.jpg 280w, https:\/\/www.montanheiros.com\/wp-content\/uploads\/2019\/05\/big1_1531221450-300x300.jpg 300w, https:\/\/www.montanheiros.com\/wp-content\/uploads\/2019\/05\/big1_1531221450-100x100.jpg 100w\" sizes=\"auto, (max-width: 280px) 100vw, 280px\" \/>                                                              <\/div>\n              <div class=\"box-text text-center\" >\n                 <p>Passeio ao Sanguinhal, 08jul2018 - ilha Terceira<\/p>\n              <\/div>\n            <\/div>\n            <\/a>          <\/div>\n         <\/div><div class=\"gallery-col col\" >\n          <div class=\"col-inner\">\n            <a class=\"image-lightbox lightbox-gallery\" href=\"https:\/\/www.montanheiros.com\/wp-content\/uploads\/2019\/05\/big21_1531221863.jpg\" title=\"Passeio ao Sanguinhal, 08jul2018 - ilha Terceira\">            <div class=\"box has-hover gallery-box box-none\">\n              <div class=\"box-image\" style=\"width:63%;\">\n                <img loading=\"lazy\" decoding=\"async\" width=\"280\" height=\"280\" src=\"https:\/\/www.montanheiros.com\/wp-content\/uploads\/2019\/05\/big21_1531221863-280x280.jpg\" class=\"attachment-thumbnail size-thumbnail\" alt=\"\" ids=\"6414,6415,6416,6417,6418,6419,6420,6421,6422,6423,6424,6425,6426,6427,6428,6429,6430,6431,6432,6433,6434,6435,6436,6437,6438,6439,6440,6441,6442,6443,6444,6445,6446,6447\" style=\"none\" type=\"slider\" columns=\"1\" image_width=\"63\" image_size=\"thumbnail\" text_align=\"center\" srcset=\"https:\/\/www.montanheiros.com\/wp-content\/uploads\/2019\/05\/big21_1531221863-280x280.jpg 280w, https:\/\/www.montanheiros.com\/wp-content\/uploads\/2019\/05\/big21_1531221863-300x300.jpg 300w, https:\/\/www.montanheiros.com\/wp-content\/uploads\/2019\/05\/big21_1531221863-100x100.jpg 100w\" sizes=\"auto, (max-width: 280px) 100vw, 280px\" \/>                                                              <\/div>\n              <div class=\"box-text text-center\" >\n                 <p>Passeio ao Sanguinhal, 08jul2018 - ilha Terceira<\/p>\n              <\/div>\n            <\/div>\n            <\/a>          <\/div>\n         <\/div><div class=\"gallery-col col\" >\n          <div class=\"col-inner\">\n            <a class=\"image-lightbox lightbox-gallery\" href=\"https:\/\/www.montanheiros.com\/wp-content\/uploads\/2019\/05\/big22_1531221873.jpg\" title=\"Passeio ao Sanguinhal, 08jul2018 - ilha Terceira\">            <div class=\"box has-hover gallery-box box-none\">\n              <div class=\"box-image\" style=\"width:63%;\">\n                <img loading=\"lazy\" decoding=\"async\" width=\"280\" height=\"280\" src=\"https:\/\/www.montanheiros.com\/wp-content\/uploads\/2019\/05\/big22_1531221873-280x280.jpg\" class=\"attachment-thumbnail size-thumbnail\" alt=\"\" ids=\"6414,6415,6416,6417,6418,6419,6420,6421,6422,6423,6424,6425,6426,6427,6428,6429,6430,6431,6432,6433,6434,6435,6436,6437,6438,6439,6440,6441,6442,6443,6444,6445,6446,6447\" style=\"none\" type=\"slider\" columns=\"1\" image_width=\"63\" image_size=\"thumbnail\" text_align=\"center\" srcset=\"https:\/\/www.montanheiros.com\/wp-content\/uploads\/2019\/05\/big22_1531221873-280x280.jpg 280w, https:\/\/www.montanheiros.com\/wp-content\/uploads\/2019\/05\/big22_1531221873-300x300.jpg 300w, https:\/\/www.montanheiros.com\/wp-content\/uploads\/2019\/05\/big22_1531221873-100x100.jpg 100w\" sizes=\"auto, (max-width: 280px) 100vw, 280px\" \/>                                                              <\/div>\n              <div class=\"box-text text-center\" >\n                 <p>Passeio ao Sanguinhal, 08jul2018 - ilha Terceira<\/p>\n              <\/div>\n            <\/div>\n            <\/a>          <\/div>\n         <\/div><div class=\"gallery-col col\" >\n          <div class=\"col-inner\">\n            <a class=\"image-lightbox lightbox-gallery\" href=\"https:\/\/www.montanheiros.com\/wp-content\/uploads\/2019\/05\/big25_1531221887-533x800.jpg\" title=\"Passeio ao Sanguinhal, 08jul2018 - ilha Terceira\">            <div class=\"box has-hover gallery-box box-none\">\n              <div class=\"box-image\" style=\"width:63%;\">\n                <img loading=\"lazy\" decoding=\"async\" width=\"280\" height=\"280\" src=\"https:\/\/www.montanheiros.com\/wp-content\/uploads\/2019\/05\/big25_1531221887-280x280.jpg\" class=\"attachment-thumbnail size-thumbnail\" alt=\"\" ids=\"6414,6415,6416,6417,6418,6419,6420,6421,6422,6423,6424,6425,6426,6427,6428,6429,6430,6431,6432,6433,6434,6435,6436,6437,6438,6439,6440,6441,6442,6443,6444,6445,6446,6447\" style=\"none\" type=\"slider\" columns=\"1\" image_width=\"63\" image_size=\"thumbnail\" text_align=\"center\" srcset=\"https:\/\/www.montanheiros.com\/wp-content\/uploads\/2019\/05\/big25_1531221887-280x280.jpg 280w, https:\/\/www.montanheiros.com\/wp-content\/uploads\/2019\/05\/big25_1531221887-300x300.jpg 300w, https:\/\/www.montanheiros.com\/wp-content\/uploads\/2019\/05\/big25_1531221887-100x100.jpg 100w\" sizes=\"auto, (max-width: 280px) 100vw, 280px\" \/>                                                              <\/div>\n              <div class=\"box-text text-center\" >\n                 <p>Passeio ao Sanguinhal, 08jul2018 - ilha Terceira<\/p>\n              <\/div>\n            <\/div>\n            <\/a>          <\/div>\n         <\/div><div class=\"gallery-col col\" >\n          <div class=\"col-inner\">\n            <a class=\"image-lightbox lightbox-gallery\" href=\"https:\/\/www.montanheiros.com\/wp-content\/uploads\/2019\/05\/big24_1531221886.jpg\" title=\"Passeio ao Sanguinhal, 08jul2018 - ilha Terceira\">            <div class=\"box has-hover gallery-box box-none\">\n              <div class=\"box-image\" style=\"width:63%;\">\n                <img loading=\"lazy\" decoding=\"async\" width=\"280\" height=\"280\" src=\"https:\/\/www.montanheiros.com\/wp-content\/uploads\/2019\/05\/big24_1531221886-280x280.jpg\" class=\"attachment-thumbnail size-thumbnail\" alt=\"\" ids=\"6414,6415,6416,6417,6418,6419,6420,6421,6422,6423,6424,6425,6426,6427,6428,6429,6430,6431,6432,6433,6434,6435,6436,6437,6438,6439,6440,6441,6442,6443,6444,6445,6446,6447\" style=\"none\" type=\"slider\" columns=\"1\" image_width=\"63\" image_size=\"thumbnail\" text_align=\"center\" srcset=\"https:\/\/www.montanheiros.com\/wp-content\/uploads\/2019\/05\/big24_1531221886-280x280.jpg 280w, https:\/\/www.montanheiros.com\/wp-content\/uploads\/2019\/05\/big24_1531221886-300x300.jpg 300w, https:\/\/www.montanheiros.com\/wp-content\/uploads\/2019\/05\/big24_1531221886-100x100.jpg 100w\" sizes=\"auto, (max-width: 280px) 100vw, 280px\" \/>                                                              <\/div>\n              <div class=\"box-text text-center\" >\n                 <p>Passeio ao Sanguinhal, 08jul2018 - ilha Terceira<\/p>\n              <\/div>\n            <\/div>\n            <\/a>          <\/div>\n         <\/div><div class=\"gallery-col col\" >\n          <div class=\"col-inner\">\n            <a class=\"image-lightbox lightbox-gallery\" href=\"https:\/\/www.montanheiros.com\/wp-content\/uploads\/2019\/05\/big23_1531221877.jpg\" title=\"Passeio ao Sanguinhal, 08jul2018 - ilha Terceira\">            <div class=\"box has-hover gallery-box box-none\">\n              <div class=\"box-image\" style=\"width:63%;\">\n                <img loading=\"lazy\" decoding=\"async\" width=\"280\" height=\"280\" src=\"https:\/\/www.montanheiros.com\/wp-content\/uploads\/2019\/05\/big23_1531221877-280x280.jpg\" class=\"attachment-thumbnail size-thumbnail\" alt=\"\" ids=\"6414,6415,6416,6417,6418,6419,6420,6421,6422,6423,6424,6425,6426,6427,6428,6429,6430,6431,6432,6433,6434,6435,6436,6437,6438,6439,6440,6441,6442,6443,6444,6445,6446,6447\" style=\"none\" type=\"slider\" columns=\"1\" image_width=\"63\" image_size=\"thumbnail\" text_align=\"center\" srcset=\"https:\/\/www.montanheiros.com\/wp-content\/uploads\/2019\/05\/big23_1531221877-280x280.jpg 280w, https:\/\/www.montanheiros.com\/wp-content\/uploads\/2019\/05\/big23_1531221877-300x300.jpg 300w, https:\/\/www.montanheiros.com\/wp-content\/uploads\/2019\/05\/big23_1531221877-100x100.jpg 100w\" sizes=\"auto, (max-width: 280px) 100vw, 280px\" \/>                                                              <\/div>\n              <div class=\"box-text text-center\" >\n                 <p>Passeio ao Sanguinhal, 08jul2018 - ilha Terceira<\/p>\n              <\/div>\n            <\/div>\n            <\/a>          <\/div>\n         <\/div><div class=\"gallery-col col\" >\n          <div class=\"col-inner\">\n            <a class=\"image-lightbox lightbox-gallery\" href=\"https:\/\/www.montanheiros.com\/wp-content\/uploads\/2019\/05\/big2_1531221457.jpg\" title=\"Passeio ao Sanguinhal, 08jul2018 - ilha Terceira\">            <div class=\"box has-hover gallery-box box-none\">\n              <div class=\"box-image\" style=\"width:63%;\">\n                <img loading=\"lazy\" decoding=\"async\" width=\"280\" height=\"280\" src=\"https:\/\/www.montanheiros.com\/wp-content\/uploads\/2019\/05\/big2_1531221457-280x280.jpg\" class=\"attachment-thumbnail size-thumbnail\" alt=\"\" ids=\"6414,6415,6416,6417,6418,6419,6420,6421,6422,6423,6424,6425,6426,6427,6428,6429,6430,6431,6432,6433,6434,6435,6436,6437,6438,6439,6440,6441,6442,6443,6444,6445,6446,6447\" style=\"none\" type=\"slider\" columns=\"1\" image_width=\"63\" image_size=\"thumbnail\" text_align=\"center\" srcset=\"https:\/\/www.montanheiros.com\/wp-content\/uploads\/2019\/05\/big2_1531221457-280x280.jpg 280w, https:\/\/www.montanheiros.com\/wp-content\/uploads\/2019\/05\/big2_1531221457-300x300.jpg 300w, https:\/\/www.montanheiros.com\/wp-content\/uploads\/2019\/05\/big2_1531221457-100x100.jpg 100w\" sizes=\"auto, (max-width: 280px) 100vw, 280px\" \/>                                                              <\/div>\n              <div class=\"box-text text-center\" >\n                 <p>Passeio ao Sanguinhal, 08jul2018 - ilha Terceira<\/p>\n              <\/div>\n            <\/div>\n            <\/a>          <\/div>\n         <\/div><div class=\"gallery-col col\" >\n          <div class=\"col-inner\">\n            <a class=\"image-lightbox lightbox-gallery\" href=\"https:\/\/www.montanheiros.com\/wp-content\/uploads\/2019\/05\/big30_1531221917.jpg\" title=\"Passeio ao Sanguinhal, 08jul2018 - ilha Terceira\">            <div class=\"box has-hover gallery-box box-none\">\n              <div class=\"box-image\" style=\"width:63%;\">\n                <img loading=\"lazy\" decoding=\"async\" width=\"280\" height=\"280\" src=\"https:\/\/www.montanheiros.com\/wp-content\/uploads\/2019\/05\/big30_1531221917-280x280.jpg\" class=\"attachment-thumbnail size-thumbnail\" alt=\"\" ids=\"6414,6415,6416,6417,6418,6419,6420,6421,6422,6423,6424,6425,6426,6427,6428,6429,6430,6431,6432,6433,6434,6435,6436,6437,6438,6439,6440,6441,6442,6443,6444,6445,6446,6447\" style=\"none\" type=\"slider\" columns=\"1\" image_width=\"63\" image_size=\"thumbnail\" text_align=\"center\" srcset=\"https:\/\/www.montanheiros.com\/wp-content\/uploads\/2019\/05\/big30_1531221917-280x280.jpg 280w, https:\/\/www.montanheiros.com\/wp-content\/uploads\/2019\/05\/big30_1531221917-300x300.jpg 300w, https:\/\/www.montanheiros.com\/wp-content\/uploads\/2019\/05\/big30_1531221917-100x100.jpg 100w\" sizes=\"auto, (max-width: 280px) 100vw, 280px\" \/>                                                              <\/div>\n              <div class=\"box-text text-center\" >\n                 <p>Passeio ao Sanguinhal, 08jul2018 - ilha Terceira<\/p>\n              <\/div>\n            <\/div>\n            <\/a>          <\/div>\n         <\/div><div class=\"gallery-col col\" >\n          <div class=\"col-inner\">\n            <a class=\"image-lightbox lightbox-gallery\" href=\"https:\/\/www.montanheiros.com\/wp-content\/uploads\/2019\/05\/big27_1531221908.jpg\" title=\"Passeio ao Sanguinhal, 08jul2018 - ilha Terceira\">            <div class=\"box has-hover gallery-box box-none\">\n              <div class=\"box-image\" style=\"width:63%;\">\n                <img loading=\"lazy\" decoding=\"async\" width=\"280\" height=\"280\" src=\"https:\/\/www.montanheiros.com\/wp-content\/uploads\/2019\/05\/big27_1531221908-280x280.jpg\" class=\"attachment-thumbnail size-thumbnail\" alt=\"\" ids=\"6414,6415,6416,6417,6418,6419,6420,6421,6422,6423,6424,6425,6426,6427,6428,6429,6430,6431,6432,6433,6434,6435,6436,6437,6438,6439,6440,6441,6442,6443,6444,6445,6446,6447\" style=\"none\" type=\"slider\" columns=\"1\" image_width=\"63\" image_size=\"thumbnail\" text_align=\"center\" srcset=\"https:\/\/www.montanheiros.com\/wp-content\/uploads\/2019\/05\/big27_1531221908-280x280.jpg 280w, https:\/\/www.montanheiros.com\/wp-content\/uploads\/2019\/05\/big27_1531221908-300x300.jpg 300w, https:\/\/www.montanheiros.com\/wp-content\/uploads\/2019\/05\/big27_1531221908-100x100.jpg 100w\" sizes=\"auto, (max-width: 280px) 100vw, 280px\" \/>                                                              <\/div>\n              <div class=\"box-text text-center\" >\n                 <p>Passeio ao Sanguinhal, 08jul2018 - ilha Terceira<\/p>\n              <\/div>\n            <\/div>\n            <\/a>          <\/div>\n         <\/div><div class=\"gallery-col col\" >\n          <div class=\"col-inner\">\n            <a class=\"image-lightbox lightbox-gallery\" href=\"https:\/\/www.montanheiros.com\/wp-content\/uploads\/2019\/05\/big29_1531221915.jpg\" title=\"Passeio ao Sanguinhal, 08jul2018 - ilha Terceira\">            <div class=\"box has-hover gallery-box box-none\">\n              <div class=\"box-image\" style=\"width:63%;\">\n                <img loading=\"lazy\" decoding=\"async\" width=\"280\" height=\"280\" src=\"https:\/\/www.montanheiros.com\/wp-content\/uploads\/2019\/05\/big29_1531221915-280x280.jpg\" class=\"attachment-thumbnail size-thumbnail\" alt=\"\" ids=\"6414,6415,6416,6417,6418,6419,6420,6421,6422,6423,6424,6425,6426,6427,6428,6429,6430,6431,6432,6433,6434,6435,6436,6437,6438,6439,6440,6441,6442,6443,6444,6445,6446,6447\" style=\"none\" type=\"slider\" columns=\"1\" image_width=\"63\" image_size=\"thumbnail\" text_align=\"center\" srcset=\"https:\/\/www.montanheiros.com\/wp-content\/uploads\/2019\/05\/big29_1531221915-280x280.jpg 280w, https:\/\/www.montanheiros.com\/wp-content\/uploads\/2019\/05\/big29_1531221915-300x300.jpg 300w, https:\/\/www.montanheiros.com\/wp-content\/uploads\/2019\/05\/big29_1531221915-100x100.jpg 100w\" sizes=\"auto, (max-width: 280px) 100vw, 280px\" \/>                                                              <\/div>\n              <div class=\"box-text text-center\" >\n                 <p>Passeio ao Sanguinhal, 08jul2018 - ilha Terceira<\/p>\n              <\/div>\n            <\/div>\n            <\/a>          <\/div>\n         <\/div><div class=\"gallery-col col\" >\n          <div class=\"col-inner\">\n            <a class=\"image-lightbox lightbox-gallery\" href=\"https:\/\/www.montanheiros.com\/wp-content\/uploads\/2019\/05\/big26_1531221903.jpg\" title=\"Passeio ao Sanguinhal, 08jul2018 - ilha Terceira\">            <div class=\"box has-hover gallery-box box-none\">\n              <div class=\"box-image\" style=\"width:63%;\">\n                <img loading=\"lazy\" decoding=\"async\" width=\"280\" height=\"280\" src=\"https:\/\/www.montanheiros.com\/wp-content\/uploads\/2019\/05\/big26_1531221903-280x280.jpg\" class=\"attachment-thumbnail size-thumbnail\" alt=\"\" ids=\"6414,6415,6416,6417,6418,6419,6420,6421,6422,6423,6424,6425,6426,6427,6428,6429,6430,6431,6432,6433,6434,6435,6436,6437,6438,6439,6440,6441,6442,6443,6444,6445,6446,6447\" style=\"none\" type=\"slider\" columns=\"1\" image_width=\"63\" image_size=\"thumbnail\" text_align=\"center\" srcset=\"https:\/\/www.montanheiros.com\/wp-content\/uploads\/2019\/05\/big26_1531221903-280x280.jpg 280w, https:\/\/www.montanheiros.com\/wp-content\/uploads\/2019\/05\/big26_1531221903-300x300.jpg 300w, https:\/\/www.montanheiros.com\/wp-content\/uploads\/2019\/05\/big26_1531221903-100x100.jpg 100w\" sizes=\"auto, (max-width: 280px) 100vw, 280px\" \/>                                                              <\/div>\n              <div class=\"box-text text-center\" >\n                 <p>Passeio ao Sanguinhal, 08jul2018 - ilha Terceira<\/p>\n              <\/div>\n            <\/div>\n            <\/a>          <\/div>\n         <\/div><div class=\"gallery-col col\" >\n          <div class=\"col-inner\">\n            <a class=\"image-lightbox lightbox-gallery\" href=\"https:\/\/www.montanheiros.com\/wp-content\/uploads\/2019\/05\/big38_1531221931.jpg\" title=\"Passeio ao Sanguinhal, 08jul2018 - ilha Terceira\">            <div class=\"box has-hover gallery-box box-none\">\n              <div class=\"box-image\" style=\"width:63%;\">\n                <img loading=\"lazy\" decoding=\"async\" width=\"280\" height=\"280\" src=\"https:\/\/www.montanheiros.com\/wp-content\/uploads\/2019\/05\/big38_1531221931-280x280.jpg\" class=\"attachment-thumbnail size-thumbnail\" alt=\"\" ids=\"6414,6415,6416,6417,6418,6419,6420,6421,6422,6423,6424,6425,6426,6427,6428,6429,6430,6431,6432,6433,6434,6435,6436,6437,6438,6439,6440,6441,6442,6443,6444,6445,6446,6447\" style=\"none\" type=\"slider\" columns=\"1\" image_width=\"63\" image_size=\"thumbnail\" text_align=\"center\" srcset=\"https:\/\/www.montanheiros.com\/wp-content\/uploads\/2019\/05\/big38_1531221931-280x280.jpg 280w, https:\/\/www.montanheiros.com\/wp-content\/uploads\/2019\/05\/big38_1531221931-300x300.jpg 300w, https:\/\/www.montanheiros.com\/wp-content\/uploads\/2019\/05\/big38_1531221931-100x100.jpg 100w\" sizes=\"auto, (max-width: 280px) 100vw, 280px\" \/>                                                              <\/div>\n              <div class=\"box-text text-center\" >\n                 <p>Passeio ao Sanguinhal, 08jul2018 - ilha Terceira<\/p>\n              <\/div>\n            <\/div>\n            <\/a>          <\/div>\n         <\/div><div class=\"gallery-col col\" >\n          <div class=\"col-inner\">\n            <a class=\"image-lightbox lightbox-gallery\" href=\"https:\/\/www.montanheiros.com\/wp-content\/uploads\/2019\/05\/big36_1531221928.jpg\" title=\"Passeio ao Sanguinhal, 08jul2018 - ilha Terceira\">            <div class=\"box has-hover gallery-box box-none\">\n              <div class=\"box-image\" style=\"width:63%;\">\n                <img loading=\"lazy\" decoding=\"async\" width=\"280\" height=\"280\" src=\"https:\/\/www.montanheiros.com\/wp-content\/uploads\/2019\/05\/big36_1531221928-280x280.jpg\" class=\"attachment-thumbnail size-thumbnail\" alt=\"\" ids=\"6414,6415,6416,6417,6418,6419,6420,6421,6422,6423,6424,6425,6426,6427,6428,6429,6430,6431,6432,6433,6434,6435,6436,6437,6438,6439,6440,6441,6442,6443,6444,6445,6446,6447\" style=\"none\" type=\"slider\" columns=\"1\" image_width=\"63\" image_size=\"thumbnail\" text_align=\"center\" srcset=\"https:\/\/www.montanheiros.com\/wp-content\/uploads\/2019\/05\/big36_1531221928-280x280.jpg 280w, https:\/\/www.montanheiros.com\/wp-content\/uploads\/2019\/05\/big36_1531221928-300x300.jpg 300w, https:\/\/www.montanheiros.com\/wp-content\/uploads\/2019\/05\/big36_1531221928-100x100.jpg 100w\" sizes=\"auto, (max-width: 280px) 100vw, 280px\" \/>                                                              <\/div>\n              <div class=\"box-text text-center\" >\n                 <p>Passeio ao Sanguinhal, 08jul2018 - ilha Terceira<\/p>\n              <\/div>\n            <\/div>\n            <\/a>          <\/div>\n         <\/div><div class=\"gallery-col col\" >\n          <div class=\"col-inner\">\n            <a class=\"image-lightbox lightbox-gallery\" href=\"https:\/\/www.montanheiros.com\/wp-content\/uploads\/2019\/05\/big32_1531221921.jpg\" title=\"Passeio ao Sanguinhal, 08jul2018 - ilha Terceira\">            <div class=\"box has-hover gallery-box box-none\">\n              <div class=\"box-image\" style=\"width:63%;\">\n                <img loading=\"lazy\" decoding=\"async\" width=\"280\" height=\"280\" src=\"https:\/\/www.montanheiros.com\/wp-content\/uploads\/2019\/05\/big32_1531221921-280x280.jpg\" class=\"attachment-thumbnail size-thumbnail\" alt=\"\" ids=\"6414,6415,6416,6417,6418,6419,6420,6421,6422,6423,6424,6425,6426,6427,6428,6429,6430,6431,6432,6433,6434,6435,6436,6437,6438,6439,6440,6441,6442,6443,6444,6445,6446,6447\" style=\"none\" type=\"slider\" columns=\"1\" image_width=\"63\" image_size=\"thumbnail\" text_align=\"center\" srcset=\"https:\/\/www.montanheiros.com\/wp-content\/uploads\/2019\/05\/big32_1531221921-280x280.jpg 280w, https:\/\/www.montanheiros.com\/wp-content\/uploads\/2019\/05\/big32_1531221921-300x300.jpg 300w, https:\/\/www.montanheiros.com\/wp-content\/uploads\/2019\/05\/big32_1531221921-100x100.jpg 100w\" sizes=\"auto, (max-width: 280px) 100vw, 280px\" \/>                                                              <\/div>\n              <div class=\"box-text text-center\" >\n                 <p>Passeio ao Sanguinhal, 08jul2018 - ilha Terceira<\/p>\n              <\/div>\n            <\/div>\n            <\/a>          <\/div>\n         <\/div><div class=\"gallery-col col\" >\n          <div class=\"col-inner\">\n            <a class=\"image-lightbox lightbox-gallery\" href=\"https:\/\/www.montanheiros.com\/wp-content\/uploads\/2019\/05\/big34_1531221925.jpg\" title=\"Passeio ao Sanguinhal, 08jul2018 - ilha Terceira\">            <div class=\"box has-hover gallery-box box-none\">\n              <div class=\"box-image\" style=\"width:63%;\">\n                <img loading=\"lazy\" decoding=\"async\" width=\"280\" height=\"280\" src=\"https:\/\/www.montanheiros.com\/wp-content\/uploads\/2019\/05\/big34_1531221925-280x280.jpg\" class=\"attachment-thumbnail size-thumbnail\" alt=\"\" ids=\"6414,6415,6416,6417,6418,6419,6420,6421,6422,6423,6424,6425,6426,6427,6428,6429,6430,6431,6432,6433,6434,6435,6436,6437,6438,6439,6440,6441,6442,6443,6444,6445,6446,6447\" style=\"none\" type=\"slider\" columns=\"1\" image_width=\"63\" image_size=\"thumbnail\" text_align=\"center\" srcset=\"https:\/\/www.montanheiros.com\/wp-content\/uploads\/2019\/05\/big34_1531221925-280x280.jpg 280w, https:\/\/www.montanheiros.com\/wp-content\/uploads\/2019\/05\/big34_1531221925-300x300.jpg 300w, https:\/\/www.montanheiros.com\/wp-content\/uploads\/2019\/05\/big34_1531221925-100x100.jpg 100w\" sizes=\"auto, (max-width: 280px) 100vw, 280px\" \/>                                                              <\/div>\n              <div class=\"box-text text-center\" >\n                 <p>Passeio ao Sanguinhal, 08jul2018 - ilha Terceira<\/p>\n              <\/div>\n            <\/div>\n            <\/a>          <\/div>\n         <\/div><div class=\"gallery-col col\" >\n          <div class=\"col-inner\">\n            <a class=\"image-lightbox lightbox-gallery\" href=\"https:\/\/www.montanheiros.com\/wp-content\/uploads\/2019\/05\/big39_1531221934.jpg\" title=\"Passeio ao Sanguinhal, 08jul2018 - ilha Terceira\">            <div class=\"box has-hover gallery-box box-none\">\n              <div class=\"box-image\" style=\"width:63%;\">\n                <img loading=\"lazy\" decoding=\"async\" width=\"280\" height=\"280\" src=\"https:\/\/www.montanheiros.com\/wp-content\/uploads\/2019\/05\/big39_1531221934-280x280.jpg\" class=\"attachment-thumbnail size-thumbnail\" alt=\"\" ids=\"6414,6415,6416,6417,6418,6419,6420,6421,6422,6423,6424,6425,6426,6427,6428,6429,6430,6431,6432,6433,6434,6435,6436,6437,6438,6439,6440,6441,6442,6443,6444,6445,6446,6447\" style=\"none\" type=\"slider\" columns=\"1\" image_width=\"63\" image_size=\"thumbnail\" text_align=\"center\" srcset=\"https:\/\/www.montanheiros.com\/wp-content\/uploads\/2019\/05\/big39_1531221934-280x280.jpg 280w, https:\/\/www.montanheiros.com\/wp-content\/uploads\/2019\/05\/big39_1531221934-300x300.jpg 300w, https:\/\/www.montanheiros.com\/wp-content\/uploads\/2019\/05\/big39_1531221934-100x100.jpg 100w\" sizes=\"auto, (max-width: 280px) 100vw, 280px\" \/>                                                              <\/div>\n              <div class=\"box-text text-center\" >\n                 <p>Passeio ao Sanguinhal, 08jul2018 - ilha Terceira<\/p>\n              <\/div>\n            <\/div>\n            <\/a>          <\/div>\n         <\/div><div class=\"gallery-col col\" >\n          <div class=\"col-inner\">\n            <a class=\"image-lightbox lightbox-gallery\" href=\"https:\/\/www.montanheiros.com\/wp-content\/uploads\/2019\/05\/big37_1531221928.jpg\" title=\"Passeio ao Sanguinhal, 08jul2018 - ilha Terceira\">            <div class=\"box has-hover gallery-box box-none\">\n              <div class=\"box-image\" style=\"width:63%;\">\n                <img loading=\"lazy\" decoding=\"async\" width=\"280\" height=\"280\" src=\"https:\/\/www.montanheiros.com\/wp-content\/uploads\/2019\/05\/big37_1531221928-280x280.jpg\" class=\"attachment-thumbnail size-thumbnail\" alt=\"\" ids=\"6414,6415,6416,6417,6418,6419,6420,6421,6422,6423,6424,6425,6426,6427,6428,6429,6430,6431,6432,6433,6434,6435,6436,6437,6438,6439,6440,6441,6442,6443,6444,6445,6446,6447\" style=\"none\" type=\"slider\" columns=\"1\" image_width=\"63\" image_size=\"thumbnail\" text_align=\"center\" srcset=\"https:\/\/www.montanheiros.com\/wp-content\/uploads\/2019\/05\/big37_1531221928-280x280.jpg 280w, https:\/\/www.montanheiros.com\/wp-content\/uploads\/2019\/05\/big37_1531221928-300x300.jpg 300w, https:\/\/www.montanheiros.com\/wp-content\/uploads\/2019\/05\/big37_1531221928-100x100.jpg 100w\" sizes=\"auto, (max-width: 280px) 100vw, 280px\" \/>                                                              <\/div>\n              <div class=\"box-text text-center\" >\n                 <p>Passeio ao Sanguinhal, 08jul2018 - ilha Terceira<\/p>\n              <\/div>\n            <\/div>\n            <\/a>          <\/div>\n         <\/div><div class=\"gallery-col col\" >\n          <div class=\"col-inner\">\n            <a class=\"image-lightbox lightbox-gallery\" href=\"https:\/\/www.montanheiros.com\/wp-content\/uploads\/2019\/05\/big40_1531221942.jpg\" title=\"Passeio ao Sanguinhal, 08jul2018 - ilha Terceira\">            <div class=\"box has-hover gallery-box box-none\">\n              <div class=\"box-image\" style=\"width:63%;\">\n                <img loading=\"lazy\" decoding=\"async\" width=\"280\" height=\"280\" src=\"https:\/\/www.montanheiros.com\/wp-content\/uploads\/2019\/05\/big40_1531221942-280x280.jpg\" class=\"attachment-thumbnail size-thumbnail\" alt=\"\" ids=\"6414,6415,6416,6417,6418,6419,6420,6421,6422,6423,6424,6425,6426,6427,6428,6429,6430,6431,6432,6433,6434,6435,6436,6437,6438,6439,6440,6441,6442,6443,6444,6445,6446,6447\" style=\"none\" type=\"slider\" columns=\"1\" image_width=\"63\" image_size=\"thumbnail\" text_align=\"center\" srcset=\"https:\/\/www.montanheiros.com\/wp-content\/uploads\/2019\/05\/big40_1531221942-280x280.jpg 280w, https:\/\/www.montanheiros.com\/wp-content\/uploads\/2019\/05\/big40_1531221942-300x300.jpg 300w, https:\/\/www.montanheiros.com\/wp-content\/uploads\/2019\/05\/big40_1531221942-100x100.jpg 100w\" sizes=\"auto, (max-width: 280px) 100vw, 280px\" \/>                                                              <\/div>\n              <div class=\"box-text text-center\" >\n                 <p>Passeio ao Sanguinhal, 08jul2018 - ilha Terceira<\/p>\n              <\/div>\n            <\/div>\n            <\/a>          <\/div>\n         <\/div><div class=\"gallery-col col\" >\n          <div class=\"col-inner\">\n            <a class=\"image-lightbox lightbox-gallery\" href=\"https:\/\/www.montanheiros.com\/wp-content\/uploads\/2019\/05\/big42_1531221956.jpg\" title=\"Passeio ao Sanguinhal, 08jul2018 - ilha Terceira\">            <div class=\"box has-hover gallery-box box-none\">\n              <div class=\"box-image\" style=\"width:63%;\">\n                <img loading=\"lazy\" decoding=\"async\" width=\"280\" height=\"280\" src=\"https:\/\/www.montanheiros.com\/wp-content\/uploads\/2019\/05\/big42_1531221956-280x280.jpg\" class=\"attachment-thumbnail size-thumbnail\" alt=\"\" ids=\"6414,6415,6416,6417,6418,6419,6420,6421,6422,6423,6424,6425,6426,6427,6428,6429,6430,6431,6432,6433,6434,6435,6436,6437,6438,6439,6440,6441,6442,6443,6444,6445,6446,6447\" style=\"none\" type=\"slider\" columns=\"1\" image_width=\"63\" image_size=\"thumbnail\" text_align=\"center\" srcset=\"https:\/\/www.montanheiros.com\/wp-content\/uploads\/2019\/05\/big42_1531221956-280x280.jpg 280w, https:\/\/www.montanheiros.com\/wp-content\/uploads\/2019\/05\/big42_1531221956-300x300.jpg 300w, https:\/\/www.montanheiros.com\/wp-content\/uploads\/2019\/05\/big42_1531221956-100x100.jpg 100w\" sizes=\"auto, (max-width: 280px) 100vw, 280px\" \/>                                                              <\/div>\n              <div class=\"box-text text-center\" >\n                 <p>Passeio ao Sanguinhal, 08jul2018 - ilha Terceira<\/p>\n              <\/div>\n            <\/div>\n            <\/a>          <\/div>\n         <\/div><div class=\"gallery-col col\" >\n          <div class=\"col-inner\">\n            <a class=\"image-lightbox lightbox-gallery\" href=\"https:\/\/www.montanheiros.com\/wp-content\/uploads\/2019\/05\/big41_1531221950.jpg\" title=\"Passeio ao Sanguinhal, 08jul2018 - ilha Terceira\">            <div class=\"box has-hover gallery-box box-none\">\n              <div class=\"box-image\" style=\"width:63%;\">\n                <img loading=\"lazy\" decoding=\"async\" width=\"280\" height=\"280\" src=\"https:\/\/www.montanheiros.com\/wp-content\/uploads\/2019\/05\/big41_1531221950-280x280.jpg\" class=\"attachment-thumbnail size-thumbnail\" alt=\"\" ids=\"6414,6415,6416,6417,6418,6419,6420,6421,6422,6423,6424,6425,6426,6427,6428,6429,6430,6431,6432,6433,6434,6435,6436,6437,6438,6439,6440,6441,6442,6443,6444,6445,6446,6447\" style=\"none\" type=\"slider\" columns=\"1\" image_width=\"63\" image_size=\"thumbnail\" text_align=\"center\" srcset=\"https:\/\/www.montanheiros.com\/wp-content\/uploads\/2019\/05\/big41_1531221950-280x280.jpg 280w, https:\/\/www.montanheiros.com\/wp-content\/uploads\/2019\/05\/big41_1531221950-300x300.jpg 300w, https:\/\/www.montanheiros.com\/wp-content\/uploads\/2019\/05\/big41_1531221950-100x100.jpg 100w\" sizes=\"auto, (max-width: 280px) 100vw, 280px\" \/>                                                              <\/div>\n              <div class=\"box-text text-center\" >\n                 <p>Passeio ao Sanguinhal, 08jul2018 - ilha Terceira<\/p>\n              <\/div>\n            <\/div>\n            <\/a>          <\/div>\n         <\/div><div class=\"gallery-col col\" >\n          <div class=\"col-inner\">\n            <a class=\"image-lightbox lightbox-gallery\" href=\"https:\/\/www.montanheiros.com\/wp-content\/uploads\/2019\/05\/big46_1531221987.jpg\" title=\"Passeio ao Sanguinhal, 08jul2018 - ilha Terceira\">            <div class=\"box has-hover gallery-box box-none\">\n              <div class=\"box-image\" style=\"width:63%;\">\n                <img loading=\"lazy\" decoding=\"async\" width=\"280\" height=\"280\" src=\"https:\/\/www.montanheiros.com\/wp-content\/uploads\/2019\/05\/big46_1531221987-280x280.jpg\" class=\"attachment-thumbnail size-thumbnail\" alt=\"\" ids=\"6414,6415,6416,6417,6418,6419,6420,6421,6422,6423,6424,6425,6426,6427,6428,6429,6430,6431,6432,6433,6434,6435,6436,6437,6438,6439,6440,6441,6442,6443,6444,6445,6446,6447\" style=\"none\" type=\"slider\" columns=\"1\" image_width=\"63\" image_size=\"thumbnail\" text_align=\"center\" srcset=\"https:\/\/www.montanheiros.com\/wp-content\/uploads\/2019\/05\/big46_1531221987-280x280.jpg 280w, https:\/\/www.montanheiros.com\/wp-content\/uploads\/2019\/05\/big46_1531221987-300x300.jpg 300w, https:\/\/www.montanheiros.com\/wp-content\/uploads\/2019\/05\/big46_1531221987-100x100.jpg 100w\" sizes=\"auto, (max-width: 280px) 100vw, 280px\" \/>                                                              <\/div>\n              <div class=\"box-text text-center\" >\n                 <p>Passeio ao Sanguinhal, 08jul2018 - ilha Terceira<\/p>\n              <\/div>\n            <\/div>\n            <\/a>          <\/div>\n         <\/div><div class=\"gallery-col col\" >\n          <div class=\"col-inner\">\n            <a class=\"image-lightbox lightbox-gallery\" href=\"https:\/\/www.montanheiros.com\/wp-content\/uploads\/2019\/05\/big43_1531221977.jpg\" title=\"Passeio ao Sanguinhal, 08jul2018 - ilha Terceira\">            <div class=\"box has-hover gallery-box box-none\">\n              <div class=\"box-image\" style=\"width:63%;\">\n                <img loading=\"lazy\" decoding=\"async\" width=\"280\" height=\"280\" src=\"https:\/\/www.montanheiros.com\/wp-content\/uploads\/2019\/05\/big43_1531221977-280x280.jpg\" class=\"attachment-thumbnail size-thumbnail\" alt=\"\" ids=\"6414,6415,6416,6417,6418,6419,6420,6421,6422,6423,6424,6425,6426,6427,6428,6429,6430,6431,6432,6433,6434,6435,6436,6437,6438,6439,6440,6441,6442,6443,6444,6445,6446,6447\" style=\"none\" type=\"slider\" columns=\"1\" image_width=\"63\" image_size=\"thumbnail\" text_align=\"center\" srcset=\"https:\/\/www.montanheiros.com\/wp-content\/uploads\/2019\/05\/big43_1531221977-280x280.jpg 280w, https:\/\/www.montanheiros.com\/wp-content\/uploads\/2019\/05\/big43_1531221977-300x300.jpg 300w, https:\/\/www.montanheiros.com\/wp-content\/uploads\/2019\/05\/big43_1531221977-100x100.jpg 100w\" sizes=\"auto, (max-width: 280px) 100vw, 280px\" \/>                                                              <\/div>\n              <div class=\"box-text text-center\" >\n                 <p>Passeio ao Sanguinhal, 08jul2018 - ilha Terceira<\/p>\n              <\/div>\n            <\/div>\n            <\/a>          <\/div>\n         <\/div><div class=\"gallery-col col\" >\n          <div class=\"col-inner\">\n            <a class=\"image-lightbox lightbox-gallery\" href=\"https:\/\/www.montanheiros.com\/wp-content\/uploads\/2019\/05\/big55_1531222208.jpg\" title=\"Passeio ao Sanguinhal, 08jul2018 - ilha Terceira\">            <div class=\"box has-hover gallery-box box-none\">\n              <div class=\"box-image\" style=\"width:63%;\">\n                <img loading=\"lazy\" decoding=\"async\" width=\"280\" height=\"280\" src=\"https:\/\/www.montanheiros.com\/wp-content\/uploads\/2019\/05\/big55_1531222208-280x280.jpg\" class=\"attachment-thumbnail size-thumbnail\" alt=\"\" ids=\"6414,6415,6416,6417,6418,6419,6420,6421,6422,6423,6424,6425,6426,6427,6428,6429,6430,6431,6432,6433,6434,6435,6436,6437,6438,6439,6440,6441,6442,6443,6444,6445,6446,6447\" style=\"none\" type=\"slider\" columns=\"1\" image_width=\"63\" image_size=\"thumbnail\" text_align=\"center\" srcset=\"https:\/\/www.montanheiros.com\/wp-content\/uploads\/2019\/05\/big55_1531222208-280x280.jpg 280w, https:\/\/www.montanheiros.com\/wp-content\/uploads\/2019\/05\/big55_1531222208-300x300.jpg 300w, https:\/\/www.montanheiros.com\/wp-content\/uploads\/2019\/05\/big55_1531222208-100x100.jpg 100w\" sizes=\"auto, (max-width: 280px) 100vw, 280px\" \/>                                                              <\/div>\n              <div class=\"box-text text-center\" >\n                 <p>Passeio ao Sanguinhal, 08jul2018 - ilha Terceira<\/p>\n              <\/div>\n            <\/div>\n            <\/a>          <\/div>\n         <\/div><div class=\"gallery-col col\" >\n          <div class=\"col-inner\">\n            <a class=\"image-lightbox lightbox-gallery\" href=\"https:\/\/www.montanheiros.com\/wp-content\/uploads\/2019\/05\/big45_1531221981.jpg\" title=\"Passeio ao Sanguinhal, 08jul2018 - ilha Terceira\">            <div class=\"box has-hover gallery-box box-none\">\n              <div class=\"box-image\" style=\"width:63%;\">\n                <img loading=\"lazy\" decoding=\"async\" width=\"280\" height=\"280\" src=\"https:\/\/www.montanheiros.com\/wp-content\/uploads\/2019\/05\/big45_1531221981-280x280.jpg\" class=\"attachment-thumbnail size-thumbnail\" alt=\"\" ids=\"6414,6415,6416,6417,6418,6419,6420,6421,6422,6423,6424,6425,6426,6427,6428,6429,6430,6431,6432,6433,6434,6435,6436,6437,6438,6439,6440,6441,6442,6443,6444,6445,6446,6447\" style=\"none\" type=\"slider\" columns=\"1\" image_width=\"63\" image_size=\"thumbnail\" text_align=\"center\" srcset=\"https:\/\/www.montanheiros.com\/wp-content\/uploads\/2019\/05\/big45_1531221981-280x280.jpg 280w, https:\/\/www.montanheiros.com\/wp-content\/uploads\/2019\/05\/big45_1531221981-300x300.jpg 300w, https:\/\/www.montanheiros.com\/wp-content\/uploads\/2019\/05\/big45_1531221981-100x100.jpg 100w\" sizes=\"auto, (max-width: 280px) 100vw, 280px\" \/>                                                              <\/div>\n              <div class=\"box-text text-center\" >\n                 <p>Passeio ao Sanguinhal, 08jul2018 - ilha Terceira<\/p>\n              <\/div>\n            <\/div>\n            <\/a>          <\/div>\n         <\/div><div class=\"gallery-col col\" >\n          <div class=\"col-inner\">\n            <a class=\"image-lightbox lightbox-gallery\" href=\"https:\/\/www.montanheiros.com\/wp-content\/uploads\/2019\/05\/big48_1531221990.jpg\" title=\"Passeio ao Sanguinhal, 08jul2018 - ilha Terceira\">            <div class=\"box has-hover gallery-box box-none\">\n              <div class=\"box-image\" style=\"width:63%;\">\n                <img loading=\"lazy\" decoding=\"async\" width=\"280\" height=\"280\" src=\"https:\/\/www.montanheiros.com\/wp-content\/uploads\/2019\/05\/big48_1531221990-280x280.jpg\" class=\"attachment-thumbnail size-thumbnail\" alt=\"\" ids=\"6414,6415,6416,6417,6418,6419,6420,6421,6422,6423,6424,6425,6426,6427,6428,6429,6430,6431,6432,6433,6434,6435,6436,6437,6438,6439,6440,6441,6442,6443,6444,6445,6446,6447\" style=\"none\" type=\"slider\" columns=\"1\" image_width=\"63\" image_size=\"thumbnail\" text_align=\"center\" srcset=\"https:\/\/www.montanheiros.com\/wp-content\/uploads\/2019\/05\/big48_1531221990-280x280.jpg 280w, https:\/\/www.montanheiros.com\/wp-content\/uploads\/2019\/05\/big48_1531221990-300x300.jpg 300w, https:\/\/www.montanheiros.com\/wp-content\/uploads\/2019\/05\/big48_1531221990-100x100.jpg 100w\" sizes=\"auto, (max-width: 280px) 100vw, 280px\" \/>                                                              <\/div>\n              <div class=\"box-text text-center\" >\n                 <p>Passeio ao Sanguinhal, 08jul2018 - ilha Terceira<\/p>\n              <\/div>\n            <\/div>\n            <\/a>          <\/div>\n         <\/div><div class=\"gallery-col col\" >\n          <div class=\"col-inner\">\n            <a class=\"image-lightbox lightbox-gallery\" href=\"https:\/\/www.montanheiros.com\/wp-content\/uploads\/2019\/05\/big54_1531222208.jpg\" title=\"Passeio ao Sanguinhal, 08jul2018 - ilha Terceira\">            <div class=\"box has-hover gallery-box box-none\">\n              <div class=\"box-image\" style=\"width:63%;\">\n                <img loading=\"lazy\" decoding=\"async\" width=\"280\" height=\"280\" src=\"https:\/\/www.montanheiros.com\/wp-content\/uploads\/2019\/05\/big54_1531222208-280x280.jpg\" class=\"attachment-thumbnail size-thumbnail\" alt=\"\" ids=\"6414,6415,6416,6417,6418,6419,6420,6421,6422,6423,6424,6425,6426,6427,6428,6429,6430,6431,6432,6433,6434,6435,6436,6437,6438,6439,6440,6441,6442,6443,6444,6445,6446,6447\" style=\"none\" type=\"slider\" columns=\"1\" image_width=\"63\" image_size=\"thumbnail\" text_align=\"center\" srcset=\"https:\/\/www.montanheiros.com\/wp-content\/uploads\/2019\/05\/big54_1531222208-280x280.jpg 280w, https:\/\/www.montanheiros.com\/wp-content\/uploads\/2019\/05\/big54_1531222208-300x300.jpg 300w, https:\/\/www.montanheiros.com\/wp-content\/uploads\/2019\/05\/big54_1531222208-100x100.jpg 100w\" sizes=\"auto, (max-width: 280px) 100vw, 280px\" \/>                                                              <\/div>\n              <div class=\"box-text text-center\" >\n                 <p>Passeio ao Sanguinhal, 08jul2018 - ilha Terceira<\/p>\n              <\/div>\n            <\/div>\n            <\/a>          <\/div>\n         <\/div><div class=\"gallery-col col\" >\n          <div class=\"col-inner\">\n            <a class=\"image-lightbox lightbox-gallery\" href=\"https:\/\/www.montanheiros.com\/wp-content\/uploads\/2019\/05\/big49_1531221992.jpg\" title=\"Passeio ao Sanguinhal, 08jul2018 - ilha Terceira\">            <div class=\"box has-hover gallery-box box-none\">\n              <div class=\"box-image\" style=\"width:63%;\">\n                <img loading=\"lazy\" decoding=\"async\" width=\"280\" height=\"280\" src=\"https:\/\/www.montanheiros.com\/wp-content\/uploads\/2019\/05\/big49_1531221992-280x280.jpg\" class=\"attachment-thumbnail size-thumbnail\" alt=\"\" ids=\"6414,6415,6416,6417,6418,6419,6420,6421,6422,6423,6424,6425,6426,6427,6428,6429,6430,6431,6432,6433,6434,6435,6436,6437,6438,6439,6440,6441,6442,6443,6444,6445,6446,6447\" style=\"none\" type=\"slider\" columns=\"1\" image_width=\"63\" image_size=\"thumbnail\" text_align=\"center\" srcset=\"https:\/\/www.montanheiros.com\/wp-content\/uploads\/2019\/05\/big49_1531221992-280x280.jpg 280w, https:\/\/www.montanheiros.com\/wp-content\/uploads\/2019\/05\/big49_1531221992-300x300.jpg 300w, https:\/\/www.montanheiros.com\/wp-content\/uploads\/2019\/05\/big49_1531221992-100x100.jpg 100w\" sizes=\"auto, (max-width: 280px) 100vw, 280px\" \/>                                                              <\/div>\n              <div class=\"box-text text-center\" >\n                 <p>Passeio ao Sanguinhal, 08jul2018 - ilha Terceira<\/p>\n              <\/div>\n            <\/div>\n            <\/a>          <\/div>\n         <\/div><div class=\"gallery-col col\" >\n          <div class=\"col-inner\">\n            <a class=\"image-lightbox lightbox-gallery\" href=\"https:\/\/www.montanheiros.com\/wp-content\/uploads\/2019\/05\/big52_1531221998.jpg\" title=\"Passeio ao Sanguinhal, 08jul2018 - ilha Terceira\">            <div class=\"box has-hover gallery-box box-none\">\n              <div class=\"box-image\" style=\"width:63%;\">\n                <img loading=\"lazy\" decoding=\"async\" width=\"280\" height=\"280\" src=\"https:\/\/www.montanheiros.com\/wp-content\/uploads\/2019\/05\/big52_1531221998-280x280.jpg\" class=\"attachment-thumbnail size-thumbnail\" alt=\"\" ids=\"6414,6415,6416,6417,6418,6419,6420,6421,6422,6423,6424,6425,6426,6427,6428,6429,6430,6431,6432,6433,6434,6435,6436,6437,6438,6439,6440,6441,6442,6443,6444,6445,6446,6447\" style=\"none\" type=\"slider\" columns=\"1\" image_width=\"63\" image_size=\"thumbnail\" text_align=\"center\" srcset=\"https:\/\/www.montanheiros.com\/wp-content\/uploads\/2019\/05\/big52_1531221998-280x280.jpg 280w, https:\/\/www.montanheiros.com\/wp-content\/uploads\/2019\/05\/big52_1531221998-300x300.jpg 300w, https:\/\/www.montanheiros.com\/wp-content\/uploads\/2019\/05\/big52_1531221998-100x100.jpg 100w\" sizes=\"auto, (max-width: 280px) 100vw, 280px\" \/>                                                              <\/div>\n              <div class=\"box-text text-center\" >\n                 <p>Passeio ao Sanguinhal, 08jul2018 - ilha Terceira<\/p>\n              <\/div>\n            <\/div>\n            <\/a>          <\/div>\n         <\/div><div class=\"gallery-col col\" >\n          <div class=\"col-inner\">\n            <a class=\"image-lightbox lightbox-gallery\" href=\"https:\/\/www.montanheiros.com\/wp-content\/uploads\/2019\/05\/big47_1531221990.jpg\" title=\"Passeio ao Sanguinhal, 08jul2018 - ilha Terceira\">            <div class=\"box has-hover gallery-box box-none\">\n              <div class=\"box-image\" style=\"width:63%;\">\n                <img loading=\"lazy\" decoding=\"async\" width=\"280\" height=\"280\" src=\"https:\/\/www.montanheiros.com\/wp-content\/uploads\/2019\/05\/big47_1531221990-280x280.jpg\" class=\"attachment-thumbnail size-thumbnail\" alt=\"\" ids=\"6414,6415,6416,6417,6418,6419,6420,6421,6422,6423,6424,6425,6426,6427,6428,6429,6430,6431,6432,6433,6434,6435,6436,6437,6438,6439,6440,6441,6442,6443,6444,6445,6446,6447\" style=\"none\" type=\"slider\" columns=\"1\" image_width=\"63\" image_size=\"thumbnail\" text_align=\"center\" srcset=\"https:\/\/www.montanheiros.com\/wp-content\/uploads\/2019\/05\/big47_1531221990-280x280.jpg 280w, https:\/\/www.montanheiros.com\/wp-content\/uploads\/2019\/05\/big47_1531221990-300x300.jpg 300w, https:\/\/www.montanheiros.com\/wp-content\/uploads\/2019\/05\/big47_1531221990-100x100.jpg 100w\" sizes=\"auto, (max-width: 280px) 100vw, 280px\" \/>                                                              <\/div>\n              <div class=\"box-text text-center\" >\n                 <p>Passeio ao Sanguinhal, 08jul2018 - ilha Terceira<\/p>\n              <\/div>\n            <\/div>\n            <\/a>          <\/div>\n         <\/div><div class=\"gallery-col col\" >\n          <div class=\"col-inner\">\n            <a class=\"image-lightbox lightbox-gallery\" href=\"https:\/\/www.montanheiros.com\/wp-content\/uploads\/2019\/05\/big50_1531221993.jpg\" title=\"Passeio ao Sanguinhal, 08jul2018 - ilha Terceira\">            <div class=\"box has-hover gallery-box box-none\">\n              <div class=\"box-image\" style=\"width:63%;\">\n                <img loading=\"lazy\" decoding=\"async\" width=\"280\" height=\"280\" src=\"https:\/\/www.montanheiros.com\/wp-content\/uploads\/2019\/05\/big50_1531221993-280x280.jpg\" class=\"attachment-thumbnail size-thumbnail\" alt=\"\" ids=\"6414,6415,6416,6417,6418,6419,6420,6421,6422,6423,6424,6425,6426,6427,6428,6429,6430,6431,6432,6433,6434,6435,6436,6437,6438,6439,6440,6441,6442,6443,6444,6445,6446,6447\" style=\"none\" type=\"slider\" columns=\"1\" image_width=\"63\" image_size=\"thumbnail\" text_align=\"center\" srcset=\"https:\/\/www.montanheiros.com\/wp-content\/uploads\/2019\/05\/big50_1531221993-280x280.jpg 280w, https:\/\/www.montanheiros.com\/wp-content\/uploads\/2019\/05\/big50_1531221993-300x300.jpg 300w, https:\/\/www.montanheiros.com\/wp-content\/uploads\/2019\/05\/big50_1531221993-100x100.jpg 100w\" sizes=\"auto, (max-width: 280px) 100vw, 280px\" \/>                                                              <\/div>\n              <div class=\"box-text text-center\" >\n                 <p>Passeio ao Sanguinhal, 08jul2018 - ilha Terceira<\/p>\n              <\/div>\n            <\/div>\n            <\/a>          <\/div>\n         <\/div><div class=\"gallery-col col\" >\n          <div class=\"col-inner\">\n            <a class=\"image-lightbox lightbox-gallery\" href=\"https:\/\/www.montanheiros.com\/wp-content\/uploads\/2019\/05\/big51_1531221995.jpg\" title=\"Passeio ao Sanguinhal, 08jul2018 - ilha Terceira\">            <div class=\"box has-hover gallery-box box-none\">\n              <div class=\"box-image\" style=\"width:63%;\">\n                <img loading=\"lazy\" decoding=\"async\" width=\"280\" height=\"280\" src=\"https:\/\/www.montanheiros.com\/wp-content\/uploads\/2019\/05\/big51_1531221995-280x280.jpg\" class=\"attachment-thumbnail size-thumbnail\" alt=\"\" ids=\"6414,6415,6416,6417,6418,6419,6420,6421,6422,6423,6424,6425,6426,6427,6428,6429,6430,6431,6432,6433,6434,6435,6436,6437,6438,6439,6440,6441,6442,6443,6444,6445,6446,6447\" style=\"none\" type=\"slider\" columns=\"1\" image_width=\"63\" image_size=\"thumbnail\" text_align=\"center\" srcset=\"https:\/\/www.montanheiros.com\/wp-content\/uploads\/2019\/05\/big51_1531221995-280x280.jpg 280w, https:\/\/www.montanheiros.com\/wp-content\/uploads\/2019\/05\/big51_1531221995-300x300.jpg 300w, https:\/\/www.montanheiros.com\/wp-content\/uploads\/2019\/05\/big51_1531221995-100x100.jpg 100w\" sizes=\"auto, (max-width: 280px) 100vw, 280px\" \/>                                                              <\/div>\n              <div class=\"box-text text-center\" >\n                 <p>Passeio ao Sanguinhal, 08jul2018 - ilha Terceira<\/p>\n              <\/div>\n            <\/div>\n            <\/a>          <\/div>\n         <\/div><\/div>\n\n\n\t\t<\/div>\n\t\t\t\t\t<\/div>\n\n\t\n\n<\/div>\n<div class=\"row row-dashed\"  id=\"row-1164313496\">\n\n\n\t<div id=\"col-459865747\" class=\"col medium-3 small-12 large-3\"  >\n\t\t\t\t<div class=\"col-inner\"  >\n\t\t\t\n\t\t\t\n\n<p>Passeio Curral Velho | Outeiro do C\u00e3o Morto, 17jun2018 &#8211; ilha Terceira<\/p>\n\n  \n    <div class=\"row large-columns-1 medium-columns- small-columns- row-full-width slider row-slider slider-nav-reveal\"  data-flickity-options='{\"imagesLoaded\": true, \"groupCells\": \"100%\", \"dragThreshold\" : 5, \"cellAlign\": \"left\",\"wrapAround\": true,\"prevNextButtons\": true,\"percentPosition\": true,\"pageDots\": false, \"rightToLeft\": false, \"autoPlay\" : false}'>\n\n  <div class=\"gallery-col col\" >\n          <div class=\"col-inner\">\n            <a class=\"image-lightbox lightbox-gallery\" href=\"https:\/\/www.montanheiros.com\/wp-content\/uploads\/2019\/05\/big4_1529316501.jpg\" title=\"Passeio Curral Velho | Outeiro do C\u00e3o Morto, 17jun2018 - ilha Terceira\">            <div class=\"box has-hover gallery-box box-none\">\n              <div class=\"box-image\" style=\"width:63%;\">\n                <img loading=\"lazy\" decoding=\"async\" width=\"280\" height=\"280\" src=\"https:\/\/www.montanheiros.com\/wp-content\/uploads\/2019\/05\/big4_1529316501-280x280.jpg\" class=\"attachment-thumbnail size-thumbnail\" alt=\"\" ids=\"6399,6400,6401,6402,6403,6404,6405,6406,6407,6408,6409,6410,6411,6412,6413\" style=\"none\" type=\"slider\" columns=\"1\" image_width=\"63\" image_size=\"thumbnail\" text_align=\"center\" srcset=\"https:\/\/www.montanheiros.com\/wp-content\/uploads\/2019\/05\/big4_1529316501-280x280.jpg 280w, https:\/\/www.montanheiros.com\/wp-content\/uploads\/2019\/05\/big4_1529316501-300x300.jpg 300w, https:\/\/www.montanheiros.com\/wp-content\/uploads\/2019\/05\/big4_1529316501-100x100.jpg 100w\" sizes=\"auto, (max-width: 280px) 100vw, 280px\" \/>                                                              <\/div>\n              <div class=\"box-text text-center\" >\n                 <p>Passeio Curral Velho | Outeiro do C\u00e3o Morto, 17jun2018 - ilha Terceira<\/p>\n              <\/div>\n            <\/div>\n            <\/a>          <\/div>\n         <\/div><div class=\"gallery-col col\" >\n          <div class=\"col-inner\">\n            <a class=\"image-lightbox lightbox-gallery\" href=\"https:\/\/www.montanheiros.com\/wp-content\/uploads\/2019\/05\/big3_1529316500.jpg\" title=\"Passeio Curral Velho | Outeiro do C\u00e3o Morto, 17jun2018 - ilha Terceira\">            <div class=\"box has-hover gallery-box box-none\">\n              <div class=\"box-image\" style=\"width:63%;\">\n                <img loading=\"lazy\" decoding=\"async\" width=\"280\" height=\"280\" src=\"https:\/\/www.montanheiros.com\/wp-content\/uploads\/2019\/05\/big3_1529316500-280x280.jpg\" class=\"attachment-thumbnail size-thumbnail\" alt=\"\" ids=\"6399,6400,6401,6402,6403,6404,6405,6406,6407,6408,6409,6410,6411,6412,6413\" style=\"none\" type=\"slider\" columns=\"1\" image_width=\"63\" image_size=\"thumbnail\" text_align=\"center\" srcset=\"https:\/\/www.montanheiros.com\/wp-content\/uploads\/2019\/05\/big3_1529316500-280x280.jpg 280w, https:\/\/www.montanheiros.com\/wp-content\/uploads\/2019\/05\/big3_1529316500-300x300.jpg 300w, https:\/\/www.montanheiros.com\/wp-content\/uploads\/2019\/05\/big3_1529316500-100x100.jpg 100w\" sizes=\"auto, (max-width: 280px) 100vw, 280px\" \/>                                                              <\/div>\n              <div class=\"box-text text-center\" >\n                 <p>Passeio Curral Velho | Outeiro do C\u00e3o Morto, 17jun2018 - ilha Terceira<\/p>\n              <\/div>\n            <\/div>\n            <\/a>          <\/div>\n         <\/div><div class=\"gallery-col col\" >\n          <div class=\"col-inner\">\n            <a class=\"image-lightbox lightbox-gallery\" href=\"https:\/\/www.montanheiros.com\/wp-content\/uploads\/2019\/05\/big5_1529316503.jpg\" title=\"Passeio Curral Velho | Outeiro do C\u00e3o Morto, 17jun2018 - ilha Terceira\">            <div class=\"box has-hover gallery-box box-none\">\n              <div class=\"box-image\" style=\"width:63%;\">\n                <img loading=\"lazy\" decoding=\"async\" width=\"280\" height=\"280\" src=\"https:\/\/www.montanheiros.com\/wp-content\/uploads\/2019\/05\/big5_1529316503-280x280.jpg\" class=\"attachment-thumbnail size-thumbnail\" alt=\"\" ids=\"6399,6400,6401,6402,6403,6404,6405,6406,6407,6408,6409,6410,6411,6412,6413\" style=\"none\" type=\"slider\" columns=\"1\" image_width=\"63\" image_size=\"thumbnail\" text_align=\"center\" srcset=\"https:\/\/www.montanheiros.com\/wp-content\/uploads\/2019\/05\/big5_1529316503-280x280.jpg 280w, https:\/\/www.montanheiros.com\/wp-content\/uploads\/2019\/05\/big5_1529316503-300x300.jpg 300w, https:\/\/www.montanheiros.com\/wp-content\/uploads\/2019\/05\/big5_1529316503-100x100.jpg 100w\" sizes=\"auto, (max-width: 280px) 100vw, 280px\" \/>                                                              <\/div>\n              <div class=\"box-text text-center\" >\n                 <p>Passeio Curral Velho | Outeiro do C\u00e3o Morto, 17jun2018 - ilha Terceira<\/p>\n              <\/div>\n            <\/div>\n            <\/a>          <\/div>\n         <\/div><div class=\"gallery-col col\" >\n          <div class=\"col-inner\">\n            <a class=\"image-lightbox lightbox-gallery\" href=\"https:\/\/www.montanheiros.com\/wp-content\/uploads\/2019\/05\/big1_1529316496.jpg\" title=\"Passeio Curral Velho | Outeiro do C\u00e3o Morto, 17jun2018 - ilha Terceira\">            <div class=\"box has-hover gallery-box box-none\">\n              <div class=\"box-image\" style=\"width:63%;\">\n                <img loading=\"lazy\" decoding=\"async\" width=\"280\" height=\"280\" src=\"https:\/\/www.montanheiros.com\/wp-content\/uploads\/2019\/05\/big1_1529316496-280x280.jpg\" class=\"attachment-thumbnail size-thumbnail\" alt=\"\" ids=\"6399,6400,6401,6402,6403,6404,6405,6406,6407,6408,6409,6410,6411,6412,6413\" style=\"none\" type=\"slider\" columns=\"1\" image_width=\"63\" image_size=\"thumbnail\" text_align=\"center\" srcset=\"https:\/\/www.montanheiros.com\/wp-content\/uploads\/2019\/05\/big1_1529316496-280x280.jpg 280w, https:\/\/www.montanheiros.com\/wp-content\/uploads\/2019\/05\/big1_1529316496-300x300.jpg 300w, https:\/\/www.montanheiros.com\/wp-content\/uploads\/2019\/05\/big1_1529316496-100x100.jpg 100w\" sizes=\"auto, (max-width: 280px) 100vw, 280px\" \/>                                                              <\/div>\n              <div class=\"box-text text-center\" >\n                 <p>Passeio Curral Velho | Outeiro do C\u00e3o Morto, 17jun2018 - ilha Terceira<\/p>\n              <\/div>\n            <\/div>\n            <\/a>          <\/div>\n         <\/div><div class=\"gallery-col col\" >\n          <div class=\"col-inner\">\n            <a class=\"image-lightbox lightbox-gallery\" href=\"https:\/\/www.montanheiros.com\/wp-content\/uploads\/2019\/05\/big2_1529316499.jpg\" title=\"Passeio Curral Velho | Outeiro do C\u00e3o Morto, 17jun2018 - ilha Terceira\">            <div class=\"box has-hover gallery-box box-none\">\n              <div class=\"box-image\" style=\"width:63%;\">\n                <img loading=\"lazy\" decoding=\"async\" width=\"280\" height=\"280\" src=\"https:\/\/www.montanheiros.com\/wp-content\/uploads\/2019\/05\/big2_1529316499-280x280.jpg\" class=\"attachment-thumbnail size-thumbnail\" alt=\"\" ids=\"6399,6400,6401,6402,6403,6404,6405,6406,6407,6408,6409,6410,6411,6412,6413\" style=\"none\" type=\"slider\" columns=\"1\" image_width=\"63\" image_size=\"thumbnail\" text_align=\"center\" srcset=\"https:\/\/www.montanheiros.com\/wp-content\/uploads\/2019\/05\/big2_1529316499-280x280.jpg 280w, https:\/\/www.montanheiros.com\/wp-content\/uploads\/2019\/05\/big2_1529316499-300x300.jpg 300w, https:\/\/www.montanheiros.com\/wp-content\/uploads\/2019\/05\/big2_1529316499-100x100.jpg 100w\" sizes=\"auto, (max-width: 280px) 100vw, 280px\" \/>                                                              <\/div>\n              <div class=\"box-text text-center\" >\n                 <p>Passeio Curral Velho | Outeiro do C\u00e3o Morto, 17jun2018 - ilha Terceira<\/p>\n              <\/div>\n            <\/div>\n            <\/a>          <\/div>\n         <\/div><div class=\"gallery-col col\" >\n          <div class=\"col-inner\">\n            <a class=\"image-lightbox lightbox-gallery\" href=\"https:\/\/www.montanheiros.com\/wp-content\/uploads\/2019\/05\/big11_1529316561.jpg\" title=\"Passeio Curral Velho | Outeiro do C\u00e3o Morto, 17jun2018 - ilha Terceira\">            <div class=\"box has-hover gallery-box box-none\">\n              <div class=\"box-image\" style=\"width:63%;\">\n                <img loading=\"lazy\" decoding=\"async\" width=\"280\" height=\"280\" src=\"https:\/\/www.montanheiros.com\/wp-content\/uploads\/2019\/05\/big11_1529316561-280x280.jpg\" class=\"attachment-thumbnail size-thumbnail\" alt=\"\" ids=\"6399,6400,6401,6402,6403,6404,6405,6406,6407,6408,6409,6410,6411,6412,6413\" style=\"none\" type=\"slider\" columns=\"1\" image_width=\"63\" image_size=\"thumbnail\" text_align=\"center\" srcset=\"https:\/\/www.montanheiros.com\/wp-content\/uploads\/2019\/05\/big11_1529316561-280x280.jpg 280w, https:\/\/www.montanheiros.com\/wp-content\/uploads\/2019\/05\/big11_1529316561-300x300.jpg 300w, https:\/\/www.montanheiros.com\/wp-content\/uploads\/2019\/05\/big11_1529316561-100x100.jpg 100w\" sizes=\"auto, (max-width: 280px) 100vw, 280px\" \/>                                                              <\/div>\n              <div class=\"box-text text-center\" >\n                 <p>Passeio Curral Velho | Outeiro do C\u00e3o Morto, 17jun2018 - ilha Terceira<\/p>\n              <\/div>\n            <\/div>\n            <\/a>          <\/div>\n         <\/div><div class=\"gallery-col col\" >\n          <div class=\"col-inner\">\n            <a class=\"image-lightbox lightbox-gallery\" href=\"https:\/\/www.montanheiros.com\/wp-content\/uploads\/2019\/05\/big16_1529316611.jpg\" title=\"Passeio Curral Velho | Outeiro do C\u00e3o Morto, 17jun2018 - ilha Terceira\">            <div class=\"box has-hover gallery-box box-none\">\n              <div class=\"box-image\" style=\"width:63%;\">\n                <img loading=\"lazy\" decoding=\"async\" width=\"280\" height=\"280\" src=\"https:\/\/www.montanheiros.com\/wp-content\/uploads\/2019\/05\/big16_1529316611-280x280.jpg\" class=\"attachment-thumbnail size-thumbnail\" alt=\"\" ids=\"6399,6400,6401,6402,6403,6404,6405,6406,6407,6408,6409,6410,6411,6412,6413\" style=\"none\" type=\"slider\" columns=\"1\" image_width=\"63\" image_size=\"thumbnail\" text_align=\"center\" srcset=\"https:\/\/www.montanheiros.com\/wp-content\/uploads\/2019\/05\/big16_1529316611-280x280.jpg 280w, https:\/\/www.montanheiros.com\/wp-content\/uploads\/2019\/05\/big16_1529316611-300x300.jpg 300w, https:\/\/www.montanheiros.com\/wp-content\/uploads\/2019\/05\/big16_1529316611-100x100.jpg 100w\" sizes=\"auto, (max-width: 280px) 100vw, 280px\" \/>                                                              <\/div>\n              <div class=\"box-text text-center\" >\n                 <p>Passeio Curral Velho | Outeiro do C\u00e3o Morto, 17jun2018 - ilha Terceira<\/p>\n              <\/div>\n            <\/div>\n            <\/a>          <\/div>\n         <\/div><div class=\"gallery-col col\" >\n          <div class=\"col-inner\">\n            <a class=\"image-lightbox lightbox-gallery\" href=\"https:\/\/www.montanheiros.com\/wp-content\/uploads\/2019\/05\/big12_1529316564.jpg\" title=\"Passeio Curral Velho | Outeiro do C\u00e3o Morto, 17jun2018 - ilha Terceira\">            <div class=\"box has-hover gallery-box box-none\">\n              <div class=\"box-image\" style=\"width:63%;\">\n                <img loading=\"lazy\" decoding=\"async\" width=\"280\" height=\"280\" src=\"https:\/\/www.montanheiros.com\/wp-content\/uploads\/2019\/05\/big12_1529316564-280x280.jpg\" class=\"attachment-thumbnail size-thumbnail\" alt=\"\" ids=\"6399,6400,6401,6402,6403,6404,6405,6406,6407,6408,6409,6410,6411,6412,6413\" style=\"none\" type=\"slider\" columns=\"1\" image_width=\"63\" image_size=\"thumbnail\" text_align=\"center\" srcset=\"https:\/\/www.montanheiros.com\/wp-content\/uploads\/2019\/05\/big12_1529316564-280x280.jpg 280w, https:\/\/www.montanheiros.com\/wp-content\/uploads\/2019\/05\/big12_1529316564-300x300.jpg 300w, https:\/\/www.montanheiros.com\/wp-content\/uploads\/2019\/05\/big12_1529316564-100x100.jpg 100w\" sizes=\"auto, (max-width: 280px) 100vw, 280px\" \/>                                                              <\/div>\n              <div class=\"box-text text-center\" >\n                 <p>Passeio Curral Velho | Outeiro do C\u00e3o Morto, 17jun2018 - ilha Terceira<\/p>\n              <\/div>\n            <\/div>\n            <\/a>          <\/div>\n         <\/div><div class=\"gallery-col col\" >\n          <div class=\"col-inner\">\n            <a class=\"image-lightbox lightbox-gallery\" href=\"https:\/\/www.montanheiros.com\/wp-content\/uploads\/2019\/05\/big8_1529316554.jpg\" title=\"Passeio Curral Velho | Outeiro do C\u00e3o Morto, 17jun2018 - ilha Terceira\">            <div class=\"box has-hover gallery-box box-none\">\n              <div class=\"box-image\" style=\"width:63%;\">\n                <img loading=\"lazy\" decoding=\"async\" width=\"280\" height=\"280\" src=\"https:\/\/www.montanheiros.com\/wp-content\/uploads\/2019\/05\/big8_1529316554-280x280.jpg\" class=\"attachment-thumbnail size-thumbnail\" alt=\"\" ids=\"6399,6400,6401,6402,6403,6404,6405,6406,6407,6408,6409,6410,6411,6412,6413\" style=\"none\" type=\"slider\" columns=\"1\" image_width=\"63\" image_size=\"thumbnail\" text_align=\"center\" srcset=\"https:\/\/www.montanheiros.com\/wp-content\/uploads\/2019\/05\/big8_1529316554-280x280.jpg 280w, https:\/\/www.montanheiros.com\/wp-content\/uploads\/2019\/05\/big8_1529316554-300x300.jpg 300w, https:\/\/www.montanheiros.com\/wp-content\/uploads\/2019\/05\/big8_1529316554-100x100.jpg 100w\" sizes=\"auto, (max-width: 280px) 100vw, 280px\" \/>                                                              <\/div>\n              <div class=\"box-text text-center\" >\n                 <p>Passeio Curral Velho | Outeiro do C\u00e3o Morto, 17jun2018 - ilha Terceira<\/p>\n              <\/div>\n            <\/div>\n            <\/a>          <\/div>\n         <\/div><div class=\"gallery-col col\" >\n          <div class=\"col-inner\">\n            <a class=\"image-lightbox lightbox-gallery\" href=\"https:\/\/www.montanheiros.com\/wp-content\/uploads\/2019\/05\/big13_1529316565.jpg\" title=\"Passeio Curral Velho | Outeiro do C\u00e3o Morto, 17jun2018 - ilha Terceira\">            <div class=\"box has-hover gallery-box box-none\">\n              <div class=\"box-image\" style=\"width:63%;\">\n                <img loading=\"lazy\" decoding=\"async\" width=\"280\" height=\"280\" src=\"https:\/\/www.montanheiros.com\/wp-content\/uploads\/2019\/05\/big13_1529316565-280x280.jpg\" class=\"attachment-thumbnail size-thumbnail\" alt=\"\" ids=\"6399,6400,6401,6402,6403,6404,6405,6406,6407,6408,6409,6410,6411,6412,6413\" style=\"none\" type=\"slider\" columns=\"1\" image_width=\"63\" image_size=\"thumbnail\" text_align=\"center\" srcset=\"https:\/\/www.montanheiros.com\/wp-content\/uploads\/2019\/05\/big13_1529316565-280x280.jpg 280w, https:\/\/www.montanheiros.com\/wp-content\/uploads\/2019\/05\/big13_1529316565-300x300.jpg 300w, https:\/\/www.montanheiros.com\/wp-content\/uploads\/2019\/05\/big13_1529316565-100x100.jpg 100w\" sizes=\"auto, (max-width: 280px) 100vw, 280px\" \/>                                                              <\/div>\n              <div class=\"box-text text-center\" >\n                 <p>Passeio Curral Velho | Outeiro do C\u00e3o Morto, 17jun2018 - ilha Terceira<\/p>\n              <\/div>\n            <\/div>\n            <\/a>          <\/div>\n         <\/div><div class=\"gallery-col col\" >\n          <div class=\"col-inner\">\n            <a class=\"image-lightbox lightbox-gallery\" href=\"https:\/\/www.montanheiros.com\/wp-content\/uploads\/2019\/05\/big9_1529316555.jpg\" title=\"Passeio Curral Velho | Outeiro do C\u00e3o Morto, 17jun2018 - ilha Terceira\">            <div class=\"box has-hover gallery-box box-none\">\n              <div class=\"box-image\" style=\"width:63%;\">\n                <img loading=\"lazy\" decoding=\"async\" width=\"280\" height=\"280\" src=\"https:\/\/www.montanheiros.com\/wp-content\/uploads\/2019\/05\/big9_1529316555-280x280.jpg\" class=\"attachment-thumbnail size-thumbnail\" alt=\"\" ids=\"6399,6400,6401,6402,6403,6404,6405,6406,6407,6408,6409,6410,6411,6412,6413\" style=\"none\" type=\"slider\" columns=\"1\" image_width=\"63\" image_size=\"thumbnail\" text_align=\"center\" srcset=\"https:\/\/www.montanheiros.com\/wp-content\/uploads\/2019\/05\/big9_1529316555-280x280.jpg 280w, https:\/\/www.montanheiros.com\/wp-content\/uploads\/2019\/05\/big9_1529316555-300x300.jpg 300w, https:\/\/www.montanheiros.com\/wp-content\/uploads\/2019\/05\/big9_1529316555-100x100.jpg 100w\" sizes=\"auto, (max-width: 280px) 100vw, 280px\" \/>                                                              <\/div>\n              <div class=\"box-text text-center\" >\n                 <p>Passeio Curral Velho | Outeiro do C\u00e3o Morto, 17jun2018 - ilha Terceira<\/p>\n              <\/div>\n            <\/div>\n            <\/a>          <\/div>\n         <\/div><div class=\"gallery-col col\" >\n          <div class=\"col-inner\">\n            <a class=\"image-lightbox lightbox-gallery\" href=\"https:\/\/www.montanheiros.com\/wp-content\/uploads\/2019\/05\/big6_1529316545.jpg\" title=\"Passeio Curral Velho | Outeiro do C\u00e3o Morto, 17jun2018 - ilha Terceira\">            <div class=\"box has-hover gallery-box box-none\">\n              <div class=\"box-image\" style=\"width:63%;\">\n                <img loading=\"lazy\" decoding=\"async\" width=\"280\" height=\"280\" src=\"https:\/\/www.montanheiros.com\/wp-content\/uploads\/2019\/05\/big6_1529316545-280x280.jpg\" class=\"attachment-thumbnail size-thumbnail\" alt=\"\" ids=\"6399,6400,6401,6402,6403,6404,6405,6406,6407,6408,6409,6410,6411,6412,6413\" style=\"none\" type=\"slider\" columns=\"1\" image_width=\"63\" image_size=\"thumbnail\" text_align=\"center\" srcset=\"https:\/\/www.montanheiros.com\/wp-content\/uploads\/2019\/05\/big6_1529316545-280x280.jpg 280w, https:\/\/www.montanheiros.com\/wp-content\/uploads\/2019\/05\/big6_1529316545-300x300.jpg 300w, https:\/\/www.montanheiros.com\/wp-content\/uploads\/2019\/05\/big6_1529316545-100x100.jpg 100w\" sizes=\"auto, (max-width: 280px) 100vw, 280px\" \/>                                                              <\/div>\n              <div class=\"box-text text-center\" >\n                 <p>Passeio Curral Velho | Outeiro do C\u00e3o Morto, 17jun2018 - ilha Terceira<\/p>\n              <\/div>\n            <\/div>\n            <\/a>          <\/div>\n         <\/div><div class=\"gallery-col col\" >\n          <div class=\"col-inner\">\n            <a class=\"image-lightbox lightbox-gallery\" href=\"https:\/\/www.montanheiros.com\/wp-content\/uploads\/2019\/05\/big15_1529316573.jpg\" title=\"Passeio Curral Velho | Outeiro do C\u00e3o Morto, 17jun2018 - ilha Terceira\">            <div class=\"box has-hover gallery-box box-none\">\n              <div class=\"box-image\" style=\"width:63%;\">\n                <img loading=\"lazy\" decoding=\"async\" width=\"280\" height=\"280\" src=\"https:\/\/www.montanheiros.com\/wp-content\/uploads\/2019\/05\/big15_1529316573-280x280.jpg\" class=\"attachment-thumbnail size-thumbnail\" alt=\"\" ids=\"6399,6400,6401,6402,6403,6404,6405,6406,6407,6408,6409,6410,6411,6412,6413\" style=\"none\" type=\"slider\" columns=\"1\" image_width=\"63\" image_size=\"thumbnail\" text_align=\"center\" srcset=\"https:\/\/www.montanheiros.com\/wp-content\/uploads\/2019\/05\/big15_1529316573-280x280.jpg 280w, https:\/\/www.montanheiros.com\/wp-content\/uploads\/2019\/05\/big15_1529316573-300x300.jpg 300w, https:\/\/www.montanheiros.com\/wp-content\/uploads\/2019\/05\/big15_1529316573-100x100.jpg 100w\" sizes=\"auto, (max-width: 280px) 100vw, 280px\" \/>                                                              <\/div>\n              <div class=\"box-text text-center\" >\n                 <p>Passeio Curral Velho | Outeiro do C\u00e3o Morto, 17jun2018 - ilha Terceira<\/p>\n              <\/div>\n            <\/div>\n            <\/a>          <\/div>\n         <\/div><div class=\"gallery-col col\" >\n          <div class=\"col-inner\">\n            <a class=\"image-lightbox lightbox-gallery\" href=\"https:\/\/www.montanheiros.com\/wp-content\/uploads\/2019\/05\/big10_1529316561.jpg\" title=\"Passeio Curral Velho | Outeiro do C\u00e3o Morto, 17jun2018 - ilha Terceira\">            <div class=\"box has-hover gallery-box box-none\">\n              <div class=\"box-image\" style=\"width:63%;\">\n                <img loading=\"lazy\" decoding=\"async\" width=\"280\" height=\"280\" src=\"https:\/\/www.montanheiros.com\/wp-content\/uploads\/2019\/05\/big10_1529316561-280x280.jpg\" class=\"attachment-thumbnail size-thumbnail\" alt=\"\" ids=\"6399,6400,6401,6402,6403,6404,6405,6406,6407,6408,6409,6410,6411,6412,6413\" style=\"none\" type=\"slider\" columns=\"1\" image_width=\"63\" image_size=\"thumbnail\" text_align=\"center\" srcset=\"https:\/\/www.montanheiros.com\/wp-content\/uploads\/2019\/05\/big10_1529316561-280x280.jpg 280w, https:\/\/www.montanheiros.com\/wp-content\/uploads\/2019\/05\/big10_1529316561-300x300.jpg 300w, https:\/\/www.montanheiros.com\/wp-content\/uploads\/2019\/05\/big10_1529316561-100x100.jpg 100w\" sizes=\"auto, (max-width: 280px) 100vw, 280px\" \/>                                                              <\/div>\n              <div class=\"box-text text-center\" >\n                 <p>Passeio Curral Velho | Outeiro do C\u00e3o Morto, 17jun2018 - ilha Terceira<\/p>\n              <\/div>\n            <\/div>\n            <\/a>          <\/div>\n         <\/div><div class=\"gallery-col col\" >\n          <div class=\"col-inner\">\n            <a class=\"image-lightbox lightbox-gallery\" href=\"https:\/\/www.montanheiros.com\/wp-content\/uploads\/2019\/05\/big14_1529316566.jpg\" title=\"Passeio Curral Velho | Outeiro do C\u00e3o Morto, 17jun2018 - ilha Terceira\">            <div class=\"box has-hover gallery-box box-none\">\n              <div class=\"box-image\" style=\"width:63%;\">\n                <img loading=\"lazy\" decoding=\"async\" width=\"280\" height=\"280\" src=\"https:\/\/www.montanheiros.com\/wp-content\/uploads\/2019\/05\/big14_1529316566-280x280.jpg\" class=\"attachment-thumbnail size-thumbnail\" alt=\"\" ids=\"6399,6400,6401,6402,6403,6404,6405,6406,6407,6408,6409,6410,6411,6412,6413\" style=\"none\" type=\"slider\" columns=\"1\" image_width=\"63\" image_size=\"thumbnail\" text_align=\"center\" srcset=\"https:\/\/www.montanheiros.com\/wp-content\/uploads\/2019\/05\/big14_1529316566-280x280.jpg 280w, https:\/\/www.montanheiros.com\/wp-content\/uploads\/2019\/05\/big14_1529316566-300x300.jpg 300w, https:\/\/www.montanheiros.com\/wp-content\/uploads\/2019\/05\/big14_1529316566-100x100.jpg 100w\" sizes=\"auto, (max-width: 280px) 100vw, 280px\" \/>                                                              <\/div>\n              <div class=\"box-text text-center\" >\n                 <p>Passeio Curral Velho | Outeiro do C\u00e3o Morto, 17jun2018 - ilha Terceira<\/p>\n              <\/div>\n            <\/div>\n            <\/a>          <\/div>\n         <\/div><\/div>\n\n\n\t\t<\/div>\n\t\t\t\t\t<\/div>\n\n\t\n\n\t<div id=\"col-2049159520\" class=\"col medium-3 small-12 large-3\"  >\n\t\t\t\t<div class=\"col-inner\"  >\n\t\t\t\n\t\t\t\n\n<p>Passeio pedestre \u00e0 Costaneira da Serra do Mori\u00e3o, 13mai2018 &#8211; ilha Terceira<\/p>\n\n  \n    <div class=\"row large-columns-1 medium-columns- small-columns- row-full-width slider row-slider slider-nav-reveal\"  data-flickity-options='{\"imagesLoaded\": true, \"groupCells\": \"100%\", \"dragThreshold\" : 5, \"cellAlign\": \"left\",\"wrapAround\": true,\"prevNextButtons\": true,\"percentPosition\": true,\"pageDots\": false, \"rightToLeft\": false, \"autoPlay\" : false}'>\n\n  <div class=\"gallery-col col\" >\n          <div class=\"col-inner\">\n            <a class=\"image-lightbox lightbox-gallery\" href=\"https:\/\/www.montanheiros.com\/wp-content\/uploads\/2019\/05\/big1_1526550825.jpg\" title=\"Passeio pedestre \u00e0 Costaneira da Serra do Mori\u00e3o, 13mai2018 - ilha Terceira \">            <div class=\"box has-hover gallery-box box-none\">\n              <div class=\"box-image\" style=\"width:63%;\">\n                <img loading=\"lazy\" decoding=\"async\" width=\"280\" height=\"280\" src=\"https:\/\/www.montanheiros.com\/wp-content\/uploads\/2019\/05\/big1_1526550825-280x280.jpg\" class=\"attachment-thumbnail size-thumbnail\" alt=\"\" ids=\"6376,6377,6378,6379,6380,6381,6382,6383,6384,6385,6386,6387,6388,6389,6390,6391,6392,6393,6394,6395,6396,6397,6398\" style=\"none\" type=\"slider\" columns=\"1\" image_width=\"63\" image_size=\"thumbnail\" text_align=\"center\" srcset=\"https:\/\/www.montanheiros.com\/wp-content\/uploads\/2019\/05\/big1_1526550825-280x280.jpg 280w, https:\/\/www.montanheiros.com\/wp-content\/uploads\/2019\/05\/big1_1526550825-300x300.jpg 300w, https:\/\/www.montanheiros.com\/wp-content\/uploads\/2019\/05\/big1_1526550825-100x100.jpg 100w\" sizes=\"auto, (max-width: 280px) 100vw, 280px\" \/>                                                              <\/div>\n              <div class=\"box-text text-center\" >\n                 <p>Passeio pedestre \u00e0 Costaneira da Serra do Mori\u00e3o, 13mai2018 - ilha Terceira <\/p>\n              <\/div>\n            <\/div>\n            <\/a>          <\/div>\n         <\/div><div class=\"gallery-col col\" >\n          <div class=\"col-inner\">\n            <a class=\"image-lightbox lightbox-gallery\" href=\"https:\/\/www.montanheiros.com\/wp-content\/uploads\/2019\/05\/big3_1526550828.jpg\" title=\"Passeio pedestre \u00e0 Costaneira da Serra do Mori\u00e3o, 13mai2018 - ilha Terceira \">            <div class=\"box has-hover gallery-box box-none\">\n              <div class=\"box-image\" style=\"width:63%;\">\n                <img loading=\"lazy\" decoding=\"async\" width=\"280\" height=\"280\" src=\"https:\/\/www.montanheiros.com\/wp-content\/uploads\/2019\/05\/big3_1526550828-280x280.jpg\" class=\"attachment-thumbnail size-thumbnail\" alt=\"\" ids=\"6376,6377,6378,6379,6380,6381,6382,6383,6384,6385,6386,6387,6388,6389,6390,6391,6392,6393,6394,6395,6396,6397,6398\" style=\"none\" type=\"slider\" columns=\"1\" image_width=\"63\" image_size=\"thumbnail\" text_align=\"center\" srcset=\"https:\/\/www.montanheiros.com\/wp-content\/uploads\/2019\/05\/big3_1526550828-280x280.jpg 280w, https:\/\/www.montanheiros.com\/wp-content\/uploads\/2019\/05\/big3_1526550828-300x300.jpg 300w, https:\/\/www.montanheiros.com\/wp-content\/uploads\/2019\/05\/big3_1526550828-100x100.jpg 100w\" sizes=\"auto, (max-width: 280px) 100vw, 280px\" \/>                                                              <\/div>\n              <div class=\"box-text text-center\" >\n                 <p>Passeio pedestre \u00e0 Costaneira da Serra do Mori\u00e3o, 13mai2018 - ilha Terceira <\/p>\n              <\/div>\n            <\/div>\n            <\/a>          <\/div>\n         <\/div><div class=\"gallery-col col\" >\n          <div class=\"col-inner\">\n            <a class=\"image-lightbox lightbox-gallery\" href=\"https:\/\/www.montanheiros.com\/wp-content\/uploads\/2019\/05\/big5_1526550829.jpg\" title=\"Passeio pedestre \u00e0 Costaneira da Serra do Mori\u00e3o, 13mai2018 - ilha Terceira \">            <div class=\"box has-hover gallery-box box-none\">\n              <div class=\"box-image\" style=\"width:63%;\">\n                <img loading=\"lazy\" decoding=\"async\" width=\"280\" height=\"280\" src=\"https:\/\/www.montanheiros.com\/wp-content\/uploads\/2019\/05\/big5_1526550829-280x280.jpg\" class=\"attachment-thumbnail size-thumbnail\" alt=\"\" ids=\"6376,6377,6378,6379,6380,6381,6382,6383,6384,6385,6386,6387,6388,6389,6390,6391,6392,6393,6394,6395,6396,6397,6398\" style=\"none\" type=\"slider\" columns=\"1\" image_width=\"63\" image_size=\"thumbnail\" text_align=\"center\" srcset=\"https:\/\/www.montanheiros.com\/wp-content\/uploads\/2019\/05\/big5_1526550829-280x280.jpg 280w, https:\/\/www.montanheiros.com\/wp-content\/uploads\/2019\/05\/big5_1526550829-300x300.jpg 300w, https:\/\/www.montanheiros.com\/wp-content\/uploads\/2019\/05\/big5_1526550829-100x100.jpg 100w\" sizes=\"auto, (max-width: 280px) 100vw, 280px\" \/>                                                              <\/div>\n              <div class=\"box-text text-center\" >\n                 <p>Passeio pedestre \u00e0 Costaneira da Serra do Mori\u00e3o, 13mai2018 - ilha Terceira <\/p>\n              <\/div>\n            <\/div>\n            <\/a>          <\/div>\n         <\/div><div class=\"gallery-col col\" >\n          <div class=\"col-inner\">\n            <a class=\"image-lightbox lightbox-gallery\" href=\"https:\/\/www.montanheiros.com\/wp-content\/uploads\/2019\/05\/big4_1526550829.jpg\" title=\"Passeio pedestre \u00e0 Costaneira da Serra do Mori\u00e3o, 13mai2018 - ilha Terceira \">            <div class=\"box has-hover gallery-box box-none\">\n              <div class=\"box-image\" style=\"width:63%;\">\n                <img loading=\"lazy\" decoding=\"async\" width=\"280\" height=\"280\" src=\"https:\/\/www.montanheiros.com\/wp-content\/uploads\/2019\/05\/big4_1526550829-280x280.jpg\" class=\"attachment-thumbnail size-thumbnail\" alt=\"\" ids=\"6376,6377,6378,6379,6380,6381,6382,6383,6384,6385,6386,6387,6388,6389,6390,6391,6392,6393,6394,6395,6396,6397,6398\" style=\"none\" type=\"slider\" columns=\"1\" image_width=\"63\" image_size=\"thumbnail\" text_align=\"center\" srcset=\"https:\/\/www.montanheiros.com\/wp-content\/uploads\/2019\/05\/big4_1526550829-280x280.jpg 280w, https:\/\/www.montanheiros.com\/wp-content\/uploads\/2019\/05\/big4_1526550829-300x300.jpg 300w, https:\/\/www.montanheiros.com\/wp-content\/uploads\/2019\/05\/big4_1526550829-100x100.jpg 100w\" sizes=\"auto, (max-width: 280px) 100vw, 280px\" \/>                                                              <\/div>\n              <div class=\"box-text text-center\" >\n                 <p>Passeio pedestre \u00e0 Costaneira da Serra do Mori\u00e3o, 13mai2018 - ilha Terceira <\/p>\n              <\/div>\n            <\/div>\n            <\/a>          <\/div>\n         <\/div><div class=\"gallery-col col\" >\n          <div class=\"col-inner\">\n            <a class=\"image-lightbox lightbox-gallery\" href=\"https:\/\/www.montanheiros.com\/wp-content\/uploads\/2019\/05\/big6_1526550829.jpg\" title=\"Passeio pedestre \u00e0 Costaneira da Serra do Mori\u00e3o, 13mai2018 - ilha Terceira \">            <div class=\"box has-hover gallery-box box-none\">\n              <div class=\"box-image\" style=\"width:63%;\">\n                <img loading=\"lazy\" decoding=\"async\" width=\"280\" height=\"280\" src=\"https:\/\/www.montanheiros.com\/wp-content\/uploads\/2019\/05\/big6_1526550829-280x280.jpg\" class=\"attachment-thumbnail size-thumbnail\" alt=\"\" ids=\"6376,6377,6378,6379,6380,6381,6382,6383,6384,6385,6386,6387,6388,6389,6390,6391,6392,6393,6394,6395,6396,6397,6398\" style=\"none\" type=\"slider\" columns=\"1\" image_width=\"63\" image_size=\"thumbnail\" text_align=\"center\" srcset=\"https:\/\/www.montanheiros.com\/wp-content\/uploads\/2019\/05\/big6_1526550829-280x280.jpg 280w, https:\/\/www.montanheiros.com\/wp-content\/uploads\/2019\/05\/big6_1526550829-300x300.jpg 300w, https:\/\/www.montanheiros.com\/wp-content\/uploads\/2019\/05\/big6_1526550829-100x100.jpg 100w\" sizes=\"auto, (max-width: 280px) 100vw, 280px\" \/>                                                              <\/div>\n              <div class=\"box-text text-center\" >\n                 <p>Passeio pedestre \u00e0 Costaneira da Serra do Mori\u00e3o, 13mai2018 - ilha Terceira <\/p>\n              <\/div>\n            <\/div>\n            <\/a>          <\/div>\n         <\/div><div class=\"gallery-col col\" >\n          <div class=\"col-inner\">\n            <a class=\"image-lightbox lightbox-gallery\" href=\"https:\/\/www.montanheiros.com\/wp-content\/uploads\/2019\/05\/big11_1526550834.jpg\" title=\"Passeio pedestre \u00e0 Costaneira da Serra do Mori\u00e3o, 13mai2018 - ilha Terceira \">            <div class=\"box has-hover gallery-box box-none\">\n              <div class=\"box-image\" style=\"width:63%;\">\n                <img loading=\"lazy\" decoding=\"async\" width=\"280\" height=\"280\" src=\"https:\/\/www.montanheiros.com\/wp-content\/uploads\/2019\/05\/big11_1526550834-280x280.jpg\" class=\"attachment-thumbnail size-thumbnail\" alt=\"\" ids=\"6376,6377,6378,6379,6380,6381,6382,6383,6384,6385,6386,6387,6388,6389,6390,6391,6392,6393,6394,6395,6396,6397,6398\" style=\"none\" type=\"slider\" columns=\"1\" image_width=\"63\" image_size=\"thumbnail\" text_align=\"center\" srcset=\"https:\/\/www.montanheiros.com\/wp-content\/uploads\/2019\/05\/big11_1526550834-280x280.jpg 280w, https:\/\/www.montanheiros.com\/wp-content\/uploads\/2019\/05\/big11_1526550834-300x300.jpg 300w, https:\/\/www.montanheiros.com\/wp-content\/uploads\/2019\/05\/big11_1526550834-100x100.jpg 100w\" sizes=\"auto, (max-width: 280px) 100vw, 280px\" \/>                                                              <\/div>\n              <div class=\"box-text text-center\" >\n                 <p>Passeio pedestre \u00e0 Costaneira da Serra do Mori\u00e3o, 13mai2018 - ilha Terceira <\/p>\n              <\/div>\n            <\/div>\n            <\/a>          <\/div>\n         <\/div><div class=\"gallery-col col\" >\n          <div class=\"col-inner\">\n            <a class=\"image-lightbox lightbox-gallery\" href=\"https:\/\/www.montanheiros.com\/wp-content\/uploads\/2019\/05\/big9_1526550833.jpg\" title=\"Passeio pedestre \u00e0 Costaneira da Serra do Mori\u00e3o, 13mai2018 - ilha Terceira \">            <div class=\"box has-hover gallery-box box-none\">\n              <div class=\"box-image\" style=\"width:63%;\">\n                <img loading=\"lazy\" decoding=\"async\" width=\"280\" height=\"280\" src=\"https:\/\/www.montanheiros.com\/wp-content\/uploads\/2019\/05\/big9_1526550833-280x280.jpg\" class=\"attachment-thumbnail size-thumbnail\" alt=\"\" ids=\"6376,6377,6378,6379,6380,6381,6382,6383,6384,6385,6386,6387,6388,6389,6390,6391,6392,6393,6394,6395,6396,6397,6398\" style=\"none\" type=\"slider\" columns=\"1\" image_width=\"63\" image_size=\"thumbnail\" text_align=\"center\" srcset=\"https:\/\/www.montanheiros.com\/wp-content\/uploads\/2019\/05\/big9_1526550833-280x280.jpg 280w, https:\/\/www.montanheiros.com\/wp-content\/uploads\/2019\/05\/big9_1526550833-300x300.jpg 300w, https:\/\/www.montanheiros.com\/wp-content\/uploads\/2019\/05\/big9_1526550833-100x100.jpg 100w\" sizes=\"auto, (max-width: 280px) 100vw, 280px\" \/>                                                              <\/div>\n              <div class=\"box-text text-center\" >\n                 <p>Passeio pedestre \u00e0 Costaneira da Serra do Mori\u00e3o, 13mai2018 - ilha Terceira <\/p>\n              <\/div>\n            <\/div>\n            <\/a>          <\/div>\n         <\/div><div class=\"gallery-col col\" >\n          <div class=\"col-inner\">\n            <a class=\"image-lightbox lightbox-gallery\" href=\"https:\/\/www.montanheiros.com\/wp-content\/uploads\/2019\/05\/big8_1526550832.jpg\" title=\"Passeio pedestre \u00e0 Costaneira da Serra do Mori\u00e3o, 13mai2018 - ilha Terceira \">            <div class=\"box has-hover gallery-box box-none\">\n              <div class=\"box-image\" style=\"width:63%;\">\n                <img loading=\"lazy\" decoding=\"async\" width=\"280\" height=\"280\" src=\"https:\/\/www.montanheiros.com\/wp-content\/uploads\/2019\/05\/big8_1526550832-280x280.jpg\" class=\"attachment-thumbnail size-thumbnail\" alt=\"\" ids=\"6376,6377,6378,6379,6380,6381,6382,6383,6384,6385,6386,6387,6388,6389,6390,6391,6392,6393,6394,6395,6396,6397,6398\" style=\"none\" type=\"slider\" columns=\"1\" image_width=\"63\" image_size=\"thumbnail\" text_align=\"center\" srcset=\"https:\/\/www.montanheiros.com\/wp-content\/uploads\/2019\/05\/big8_1526550832-280x280.jpg 280w, https:\/\/www.montanheiros.com\/wp-content\/uploads\/2019\/05\/big8_1526550832-300x300.jpg 300w, https:\/\/www.montanheiros.com\/wp-content\/uploads\/2019\/05\/big8_1526550832-100x100.jpg 100w\" sizes=\"auto, (max-width: 280px) 100vw, 280px\" \/>                                                              <\/div>\n              <div class=\"box-text text-center\" >\n                 <p>Passeio pedestre \u00e0 Costaneira da Serra do Mori\u00e3o, 13mai2018 - ilha Terceira <\/p>\n              <\/div>\n            <\/div>\n            <\/a>          <\/div>\n         <\/div><div class=\"gallery-col col\" >\n          <div class=\"col-inner\">\n            <a class=\"image-lightbox lightbox-gallery\" href=\"https:\/\/www.montanheiros.com\/wp-content\/uploads\/2019\/05\/big21_1526550840-531x800.jpg\" title=\"Passeio pedestre \u00e0 Costaneira da Serra do Mori\u00e3o, 13mai2018 - ilha Terceira \">            <div class=\"box has-hover gallery-box box-none\">\n              <div class=\"box-image\" style=\"width:63%;\">\n                <img loading=\"lazy\" decoding=\"async\" width=\"280\" height=\"280\" src=\"https:\/\/www.montanheiros.com\/wp-content\/uploads\/2019\/05\/big21_1526550840-280x280.jpg\" class=\"attachment-thumbnail size-thumbnail\" alt=\"\" ids=\"6376,6377,6378,6379,6380,6381,6382,6383,6384,6385,6386,6387,6388,6389,6390,6391,6392,6393,6394,6395,6396,6397,6398\" style=\"none\" type=\"slider\" columns=\"1\" image_width=\"63\" image_size=\"thumbnail\" text_align=\"center\" srcset=\"https:\/\/www.montanheiros.com\/wp-content\/uploads\/2019\/05\/big21_1526550840-280x280.jpg 280w, https:\/\/www.montanheiros.com\/wp-content\/uploads\/2019\/05\/big21_1526550840-300x300.jpg 300w, https:\/\/www.montanheiros.com\/wp-content\/uploads\/2019\/05\/big21_1526550840-100x100.jpg 100w\" sizes=\"auto, (max-width: 280px) 100vw, 280px\" \/>                                                              <\/div>\n              <div class=\"box-text text-center\" >\n                 <p>Passeio pedestre \u00e0 Costaneira da Serra do Mori\u00e3o, 13mai2018 - ilha Terceira <\/p>\n              <\/div>\n            <\/div>\n            <\/a>          <\/div>\n         <\/div><div class=\"gallery-col col\" >\n          <div class=\"col-inner\">\n            <a class=\"image-lightbox lightbox-gallery\" href=\"https:\/\/www.montanheiros.com\/wp-content\/uploads\/2019\/05\/big23_1526550841.jpg\" title=\"Passeio pedestre \u00e0 Costaneira da Serra do Mori\u00e3o, 13mai2018 - ilha Terceira \">            <div class=\"box has-hover gallery-box box-none\">\n              <div class=\"box-image\" style=\"width:63%;\">\n                <img loading=\"lazy\" decoding=\"async\" width=\"280\" height=\"280\" src=\"https:\/\/www.montanheiros.com\/wp-content\/uploads\/2019\/05\/big23_1526550841-280x280.jpg\" class=\"attachment-thumbnail size-thumbnail\" alt=\"\" ids=\"6376,6377,6378,6379,6380,6381,6382,6383,6384,6385,6386,6387,6388,6389,6390,6391,6392,6393,6394,6395,6396,6397,6398\" style=\"none\" type=\"slider\" columns=\"1\" image_width=\"63\" image_size=\"thumbnail\" text_align=\"center\" srcset=\"https:\/\/www.montanheiros.com\/wp-content\/uploads\/2019\/05\/big23_1526550841-280x280.jpg 280w, https:\/\/www.montanheiros.com\/wp-content\/uploads\/2019\/05\/big23_1526550841-300x300.jpg 300w, https:\/\/www.montanheiros.com\/wp-content\/uploads\/2019\/05\/big23_1526550841-100x100.jpg 100w\" sizes=\"auto, (max-width: 280px) 100vw, 280px\" \/>                                                              <\/div>\n              <div class=\"box-text text-center\" >\n                 <p>Passeio pedestre \u00e0 Costaneira da Serra do Mori\u00e3o, 13mai2018 - ilha Terceira <\/p>\n              <\/div>\n            <\/div>\n            <\/a>          <\/div>\n         <\/div><div class=\"gallery-col col\" >\n          <div class=\"col-inner\">\n            <a class=\"image-lightbox lightbox-gallery\" href=\"https:\/\/www.montanheiros.com\/wp-content\/uploads\/2019\/05\/big13_1526550835.jpg\" title=\"Passeio pedestre \u00e0 Costaneira da Serra do Mori\u00e3o, 13mai2018 - ilha Terceira \">            <div class=\"box has-hover gallery-box box-none\">\n              <div class=\"box-image\" style=\"width:63%;\">\n                <img loading=\"lazy\" decoding=\"async\" width=\"280\" height=\"280\" src=\"https:\/\/www.montanheiros.com\/wp-content\/uploads\/2019\/05\/big13_1526550835-280x280.jpg\" class=\"attachment-thumbnail size-thumbnail\" alt=\"\" ids=\"6376,6377,6378,6379,6380,6381,6382,6383,6384,6385,6386,6387,6388,6389,6390,6391,6392,6393,6394,6395,6396,6397,6398\" style=\"none\" type=\"slider\" columns=\"1\" image_width=\"63\" image_size=\"thumbnail\" text_align=\"center\" srcset=\"https:\/\/www.montanheiros.com\/wp-content\/uploads\/2019\/05\/big13_1526550835-280x280.jpg 280w, https:\/\/www.montanheiros.com\/wp-content\/uploads\/2019\/05\/big13_1526550835-300x300.jpg 300w, https:\/\/www.montanheiros.com\/wp-content\/uploads\/2019\/05\/big13_1526550835-100x100.jpg 100w\" sizes=\"auto, (max-width: 280px) 100vw, 280px\" \/>                                                              <\/div>\n              <div class=\"box-text text-center\" >\n                 <p>Passeio pedestre \u00e0 Costaneira da Serra do Mori\u00e3o, 13mai2018 - ilha Terceira <\/p>\n              <\/div>\n            <\/div>\n            <\/a>          <\/div>\n         <\/div><div class=\"gallery-col col\" >\n          <div class=\"col-inner\">\n            <a class=\"image-lightbox lightbox-gallery\" href=\"https:\/\/www.montanheiros.com\/wp-content\/uploads\/2019\/05\/big16_1526550837.jpg\" title=\"Passeio pedestre \u00e0 Costaneira da Serra do Mori\u00e3o, 13mai2018 - ilha Terceira \">            <div class=\"box has-hover gallery-box box-none\">\n              <div class=\"box-image\" style=\"width:63%;\">\n                <img loading=\"lazy\" decoding=\"async\" width=\"280\" height=\"280\" src=\"https:\/\/www.montanheiros.com\/wp-content\/uploads\/2019\/05\/big16_1526550837-280x280.jpg\" class=\"attachment-thumbnail size-thumbnail\" alt=\"\" ids=\"6376,6377,6378,6379,6380,6381,6382,6383,6384,6385,6386,6387,6388,6389,6390,6391,6392,6393,6394,6395,6396,6397,6398\" style=\"none\" type=\"slider\" columns=\"1\" image_width=\"63\" image_size=\"thumbnail\" text_align=\"center\" srcset=\"https:\/\/www.montanheiros.com\/wp-content\/uploads\/2019\/05\/big16_1526550837-280x280.jpg 280w, https:\/\/www.montanheiros.com\/wp-content\/uploads\/2019\/05\/big16_1526550837-300x300.jpg 300w, https:\/\/www.montanheiros.com\/wp-content\/uploads\/2019\/05\/big16_1526550837-100x100.jpg 100w\" sizes=\"auto, (max-width: 280px) 100vw, 280px\" \/>                                                              <\/div>\n              <div class=\"box-text text-center\" >\n                 <p>Passeio pedestre \u00e0 Costaneira da Serra do Mori\u00e3o, 13mai2018 - ilha Terceira <\/p>\n              <\/div>\n            <\/div>\n            <\/a>          <\/div>\n         <\/div><div class=\"gallery-col col\" >\n          <div class=\"col-inner\">\n            <a class=\"image-lightbox lightbox-gallery\" href=\"https:\/\/www.montanheiros.com\/wp-content\/uploads\/2019\/05\/big10_1526550833.jpg\" title=\"Passeio pedestre \u00e0 Costaneira da Serra do Mori\u00e3o, 13mai2018 - ilha Terceira \">            <div class=\"box has-hover gallery-box box-none\">\n              <div class=\"box-image\" style=\"width:63%;\">\n                <img loading=\"lazy\" decoding=\"async\" width=\"280\" height=\"280\" src=\"https:\/\/www.montanheiros.com\/wp-content\/uploads\/2019\/05\/big10_1526550833-280x280.jpg\" class=\"attachment-thumbnail size-thumbnail\" alt=\"\" ids=\"6376,6377,6378,6379,6380,6381,6382,6383,6384,6385,6386,6387,6388,6389,6390,6391,6392,6393,6394,6395,6396,6397,6398\" style=\"none\" type=\"slider\" columns=\"1\" image_width=\"63\" image_size=\"thumbnail\" text_align=\"center\" srcset=\"https:\/\/www.montanheiros.com\/wp-content\/uploads\/2019\/05\/big10_1526550833-280x280.jpg 280w, https:\/\/www.montanheiros.com\/wp-content\/uploads\/2019\/05\/big10_1526550833-300x300.jpg 300w, https:\/\/www.montanheiros.com\/wp-content\/uploads\/2019\/05\/big10_1526550833-100x100.jpg 100w\" sizes=\"auto, (max-width: 280px) 100vw, 280px\" \/>                                                              <\/div>\n              <div class=\"box-text text-center\" >\n                 <p>Passeio pedestre \u00e0 Costaneira da Serra do Mori\u00e3o, 13mai2018 - ilha Terceira <\/p>\n              <\/div>\n            <\/div>\n            <\/a>          <\/div>\n         <\/div><div class=\"gallery-col col\" >\n          <div class=\"col-inner\">\n            <a class=\"image-lightbox lightbox-gallery\" href=\"https:\/\/www.montanheiros.com\/wp-content\/uploads\/2019\/05\/big7_1526550830.jpg\" title=\"Passeio pedestre \u00e0 Costaneira da Serra do Mori\u00e3o, 13mai2018 - ilha Terceira \">            <div class=\"box has-hover gallery-box box-none\">\n              <div class=\"box-image\" style=\"width:63%;\">\n                <img loading=\"lazy\" decoding=\"async\" width=\"280\" height=\"280\" src=\"https:\/\/www.montanheiros.com\/wp-content\/uploads\/2019\/05\/big7_1526550830-280x280.jpg\" class=\"attachment-thumbnail size-thumbnail\" alt=\"\" ids=\"6376,6377,6378,6379,6380,6381,6382,6383,6384,6385,6386,6387,6388,6389,6390,6391,6392,6393,6394,6395,6396,6397,6398\" style=\"none\" type=\"slider\" columns=\"1\" image_width=\"63\" image_size=\"thumbnail\" text_align=\"center\" srcset=\"https:\/\/www.montanheiros.com\/wp-content\/uploads\/2019\/05\/big7_1526550830-280x280.jpg 280w, https:\/\/www.montanheiros.com\/wp-content\/uploads\/2019\/05\/big7_1526550830-300x300.jpg 300w, https:\/\/www.montanheiros.com\/wp-content\/uploads\/2019\/05\/big7_1526550830-100x100.jpg 100w\" sizes=\"auto, (max-width: 280px) 100vw, 280px\" \/>                                                              <\/div>\n              <div class=\"box-text text-center\" >\n                 <p>Passeio pedestre \u00e0 Costaneira da Serra do Mori\u00e3o, 13mai2018 - ilha Terceira <\/p>\n              <\/div>\n            <\/div>\n            <\/a>          <\/div>\n         <\/div><div class=\"gallery-col col\" >\n          <div class=\"col-inner\">\n            <a class=\"image-lightbox lightbox-gallery\" href=\"https:\/\/www.montanheiros.com\/wp-content\/uploads\/2019\/05\/big24_1526550849.jpg\" title=\"Passeio pedestre \u00e0 Costaneira da Serra do Mori\u00e3o, 13mai2018 - ilha Terceira \">            <div class=\"box has-hover gallery-box box-none\">\n              <div class=\"box-image\" style=\"width:63%;\">\n                <img loading=\"lazy\" decoding=\"async\" width=\"280\" height=\"280\" src=\"https:\/\/www.montanheiros.com\/wp-content\/uploads\/2019\/05\/big24_1526550849-280x280.jpg\" class=\"attachment-thumbnail size-thumbnail\" alt=\"\" ids=\"6376,6377,6378,6379,6380,6381,6382,6383,6384,6385,6386,6387,6388,6389,6390,6391,6392,6393,6394,6395,6396,6397,6398\" style=\"none\" type=\"slider\" columns=\"1\" image_width=\"63\" image_size=\"thumbnail\" text_align=\"center\" srcset=\"https:\/\/www.montanheiros.com\/wp-content\/uploads\/2019\/05\/big24_1526550849-280x280.jpg 280w, https:\/\/www.montanheiros.com\/wp-content\/uploads\/2019\/05\/big24_1526550849-300x300.jpg 300w, https:\/\/www.montanheiros.com\/wp-content\/uploads\/2019\/05\/big24_1526550849-100x100.jpg 100w\" sizes=\"auto, (max-width: 280px) 100vw, 280px\" \/>                                                              <\/div>\n              <div class=\"box-text text-center\" >\n                 <p>Passeio pedestre \u00e0 Costaneira da Serra do Mori\u00e3o, 13mai2018 - ilha Terceira <\/p>\n              <\/div>\n            <\/div>\n            <\/a>          <\/div>\n         <\/div><div class=\"gallery-col col\" >\n          <div class=\"col-inner\">\n            <a class=\"image-lightbox lightbox-gallery\" href=\"https:\/\/www.montanheiros.com\/wp-content\/uploads\/2019\/05\/big15_1526550837.jpg\" title=\"Passeio pedestre \u00e0 Costaneira da Serra do Mori\u00e3o, 13mai2018 - ilha Terceira \">            <div class=\"box has-hover gallery-box box-none\">\n              <div class=\"box-image\" style=\"width:63%;\">\n                <img loading=\"lazy\" decoding=\"async\" width=\"280\" height=\"280\" src=\"https:\/\/www.montanheiros.com\/wp-content\/uploads\/2019\/05\/big15_1526550837-280x280.jpg\" class=\"attachment-thumbnail size-thumbnail\" alt=\"\" ids=\"6376,6377,6378,6379,6380,6381,6382,6383,6384,6385,6386,6387,6388,6389,6390,6391,6392,6393,6394,6395,6396,6397,6398\" style=\"none\" type=\"slider\" columns=\"1\" image_width=\"63\" image_size=\"thumbnail\" text_align=\"center\" srcset=\"https:\/\/www.montanheiros.com\/wp-content\/uploads\/2019\/05\/big15_1526550837-280x280.jpg 280w, https:\/\/www.montanheiros.com\/wp-content\/uploads\/2019\/05\/big15_1526550837-300x300.jpg 300w, https:\/\/www.montanheiros.com\/wp-content\/uploads\/2019\/05\/big15_1526550837-100x100.jpg 100w\" sizes=\"auto, (max-width: 280px) 100vw, 280px\" \/>                                                              <\/div>\n              <div class=\"box-text text-center\" >\n                 <p>Passeio pedestre \u00e0 Costaneira da Serra do Mori\u00e3o, 13mai2018 - ilha Terceira <\/p>\n              <\/div>\n            <\/div>\n            <\/a>          <\/div>\n         <\/div><div class=\"gallery-col col\" >\n          <div class=\"col-inner\">\n            <a class=\"image-lightbox lightbox-gallery\" href=\"https:\/\/www.montanheiros.com\/wp-content\/uploads\/2019\/05\/big18_1526550838.jpg\" title=\"Passeio pedestre \u00e0 Costaneira da Serra do Mori\u00e3o, 13mai2018 - ilha Terceira \">            <div class=\"box has-hover gallery-box box-none\">\n              <div class=\"box-image\" style=\"width:63%;\">\n                <img loading=\"lazy\" decoding=\"async\" width=\"280\" height=\"280\" src=\"https:\/\/www.montanheiros.com\/wp-content\/uploads\/2019\/05\/big18_1526550838-280x280.jpg\" class=\"attachment-thumbnail size-thumbnail\" alt=\"\" ids=\"6376,6377,6378,6379,6380,6381,6382,6383,6384,6385,6386,6387,6388,6389,6390,6391,6392,6393,6394,6395,6396,6397,6398\" style=\"none\" type=\"slider\" columns=\"1\" image_width=\"63\" image_size=\"thumbnail\" text_align=\"center\" srcset=\"https:\/\/www.montanheiros.com\/wp-content\/uploads\/2019\/05\/big18_1526550838-280x280.jpg 280w, https:\/\/www.montanheiros.com\/wp-content\/uploads\/2019\/05\/big18_1526550838-300x300.jpg 300w, https:\/\/www.montanheiros.com\/wp-content\/uploads\/2019\/05\/big18_1526550838-100x100.jpg 100w\" sizes=\"auto, (max-width: 280px) 100vw, 280px\" \/>                                                              <\/div>\n              <div class=\"box-text text-center\" >\n                 <p>Passeio pedestre \u00e0 Costaneira da Serra do Mori\u00e3o, 13mai2018 - ilha Terceira <\/p>\n              <\/div>\n            <\/div>\n            <\/a>          <\/div>\n         <\/div><div class=\"gallery-col col\" >\n          <div class=\"col-inner\">\n            <a class=\"image-lightbox lightbox-gallery\" href=\"https:\/\/www.montanheiros.com\/wp-content\/uploads\/2019\/05\/big20_1526550840.jpg\" title=\"Passeio pedestre \u00e0 Costaneira da Serra do Mori\u00e3o, 13mai2018 - ilha Terceira \">            <div class=\"box has-hover gallery-box box-none\">\n              <div class=\"box-image\" style=\"width:63%;\">\n                <img loading=\"lazy\" decoding=\"async\" width=\"280\" height=\"280\" src=\"https:\/\/www.montanheiros.com\/wp-content\/uploads\/2019\/05\/big20_1526550840-280x280.jpg\" class=\"attachment-thumbnail size-thumbnail\" alt=\"\" ids=\"6376,6377,6378,6379,6380,6381,6382,6383,6384,6385,6386,6387,6388,6389,6390,6391,6392,6393,6394,6395,6396,6397,6398\" style=\"none\" type=\"slider\" columns=\"1\" image_width=\"63\" image_size=\"thumbnail\" text_align=\"center\" srcset=\"https:\/\/www.montanheiros.com\/wp-content\/uploads\/2019\/05\/big20_1526550840-280x280.jpg 280w, https:\/\/www.montanheiros.com\/wp-content\/uploads\/2019\/05\/big20_1526550840-300x300.jpg 300w, https:\/\/www.montanheiros.com\/wp-content\/uploads\/2019\/05\/big20_1526550840-100x100.jpg 100w\" sizes=\"auto, (max-width: 280px) 100vw, 280px\" \/>                                                              <\/div>\n              <div class=\"box-text text-center\" >\n                 <p>Passeio pedestre \u00e0 Costaneira da Serra do Mori\u00e3o, 13mai2018 - ilha Terceira <\/p>\n              <\/div>\n            <\/div>\n            <\/a>          <\/div>\n         <\/div><div class=\"gallery-col col\" >\n          <div class=\"col-inner\">\n            <a class=\"image-lightbox lightbox-gallery\" href=\"https:\/\/www.montanheiros.com\/wp-content\/uploads\/2019\/05\/big22_1526550841.jpg\" title=\"Passeio pedestre \u00e0 Costaneira da Serra do Mori\u00e3o, 13mai2018 - ilha Terceira \">            <div class=\"box has-hover gallery-box box-none\">\n              <div class=\"box-image\" style=\"width:63%;\">\n                <img loading=\"lazy\" decoding=\"async\" width=\"280\" height=\"280\" src=\"https:\/\/www.montanheiros.com\/wp-content\/uploads\/2019\/05\/big22_1526550841-280x280.jpg\" class=\"attachment-thumbnail size-thumbnail\" alt=\"\" ids=\"6376,6377,6378,6379,6380,6381,6382,6383,6384,6385,6386,6387,6388,6389,6390,6391,6392,6393,6394,6395,6396,6397,6398\" style=\"none\" type=\"slider\" columns=\"1\" image_width=\"63\" image_size=\"thumbnail\" text_align=\"center\" srcset=\"https:\/\/www.montanheiros.com\/wp-content\/uploads\/2019\/05\/big22_1526550841-280x280.jpg 280w, https:\/\/www.montanheiros.com\/wp-content\/uploads\/2019\/05\/big22_1526550841-300x300.jpg 300w, https:\/\/www.montanheiros.com\/wp-content\/uploads\/2019\/05\/big22_1526550841-100x100.jpg 100w\" sizes=\"auto, (max-width: 280px) 100vw, 280px\" \/>                                                              <\/div>\n              <div class=\"box-text text-center\" >\n                 <p>Passeio pedestre \u00e0 Costaneira da Serra do Mori\u00e3o, 13mai2018 - ilha Terceira <\/p>\n              <\/div>\n            <\/div>\n            <\/a>          <\/div>\n         <\/div><div class=\"gallery-col col\" >\n          <div class=\"col-inner\">\n            <a class=\"image-lightbox lightbox-gallery\" href=\"https:\/\/www.montanheiros.com\/wp-content\/uploads\/2019\/05\/big12_1526550835.jpg\" title=\"Passeio pedestre \u00e0 Costaneira da Serra do Mori\u00e3o, 13mai2018 - ilha Terceira \">            <div class=\"box has-hover gallery-box box-none\">\n              <div class=\"box-image\" style=\"width:63%;\">\n                <img loading=\"lazy\" decoding=\"async\" width=\"280\" height=\"280\" src=\"https:\/\/www.montanheiros.com\/wp-content\/uploads\/2019\/05\/big12_1526550835-280x280.jpg\" class=\"attachment-thumbnail size-thumbnail\" alt=\"\" ids=\"6376,6377,6378,6379,6380,6381,6382,6383,6384,6385,6386,6387,6388,6389,6390,6391,6392,6393,6394,6395,6396,6397,6398\" style=\"none\" type=\"slider\" columns=\"1\" image_width=\"63\" image_size=\"thumbnail\" text_align=\"center\" srcset=\"https:\/\/www.montanheiros.com\/wp-content\/uploads\/2019\/05\/big12_1526550835-280x280.jpg 280w, https:\/\/www.montanheiros.com\/wp-content\/uploads\/2019\/05\/big12_1526550835-300x300.jpg 300w, https:\/\/www.montanheiros.com\/wp-content\/uploads\/2019\/05\/big12_1526550835-100x100.jpg 100w\" sizes=\"auto, (max-width: 280px) 100vw, 280px\" \/>                                                              <\/div>\n              <div class=\"box-text text-center\" >\n                 <p>Passeio pedestre \u00e0 Costaneira da Serra do Mori\u00e3o, 13mai2018 - ilha Terceira <\/p>\n              <\/div>\n            <\/div>\n            <\/a>          <\/div>\n         <\/div><div class=\"gallery-col col\" >\n          <div class=\"col-inner\">\n            <a class=\"image-lightbox lightbox-gallery\" href=\"https:\/\/www.montanheiros.com\/wp-content\/uploads\/2019\/05\/big14_1526550835.jpg\" title=\"Passeio pedestre \u00e0 Costaneira da Serra do Mori\u00e3o, 13mai2018 - ilha Terceira \">            <div class=\"box has-hover gallery-box box-none\">\n              <div class=\"box-image\" style=\"width:63%;\">\n                <img loading=\"lazy\" decoding=\"async\" width=\"280\" height=\"280\" src=\"https:\/\/www.montanheiros.com\/wp-content\/uploads\/2019\/05\/big14_1526550835-280x280.jpg\" class=\"attachment-thumbnail size-thumbnail\" alt=\"\" ids=\"6376,6377,6378,6379,6380,6381,6382,6383,6384,6385,6386,6387,6388,6389,6390,6391,6392,6393,6394,6395,6396,6397,6398\" style=\"none\" type=\"slider\" columns=\"1\" image_width=\"63\" image_size=\"thumbnail\" text_align=\"center\" srcset=\"https:\/\/www.montanheiros.com\/wp-content\/uploads\/2019\/05\/big14_1526550835-280x280.jpg 280w, https:\/\/www.montanheiros.com\/wp-content\/uploads\/2019\/05\/big14_1526550835-300x300.jpg 300w, https:\/\/www.montanheiros.com\/wp-content\/uploads\/2019\/05\/big14_1526550835-100x100.jpg 100w\" sizes=\"auto, (max-width: 280px) 100vw, 280px\" \/>                                                              <\/div>\n              <div class=\"box-text text-center\" >\n                 <p>Passeio pedestre \u00e0 Costaneira da Serra do Mori\u00e3o, 13mai2018 - ilha Terceira <\/p>\n              <\/div>\n            <\/div>\n            <\/a>          <\/div>\n         <\/div><div class=\"gallery-col col\" >\n          <div class=\"col-inner\">\n            <a class=\"image-lightbox lightbox-gallery\" href=\"https:\/\/www.montanheiros.com\/wp-content\/uploads\/2019\/05\/big19_1526550838.jpg\" title=\"Passeio pedestre \u00e0 Costaneira da Serra do Mori\u00e3o, 13mai2018 - ilha Terceira \">            <div class=\"box has-hover gallery-box box-none\">\n              <div class=\"box-image\" style=\"width:63%;\">\n                <img loading=\"lazy\" decoding=\"async\" width=\"280\" height=\"280\" src=\"https:\/\/www.montanheiros.com\/wp-content\/uploads\/2019\/05\/big19_1526550838-280x280.jpg\" class=\"attachment-thumbnail size-thumbnail\" alt=\"\" ids=\"6376,6377,6378,6379,6380,6381,6382,6383,6384,6385,6386,6387,6388,6389,6390,6391,6392,6393,6394,6395,6396,6397,6398\" style=\"none\" type=\"slider\" columns=\"1\" image_width=\"63\" image_size=\"thumbnail\" text_align=\"center\" srcset=\"https:\/\/www.montanheiros.com\/wp-content\/uploads\/2019\/05\/big19_1526550838-280x280.jpg 280w, https:\/\/www.montanheiros.com\/wp-content\/uploads\/2019\/05\/big19_1526550838-300x300.jpg 300w, https:\/\/www.montanheiros.com\/wp-content\/uploads\/2019\/05\/big19_1526550838-100x100.jpg 100w\" sizes=\"auto, (max-width: 280px) 100vw, 280px\" \/>                                                              <\/div>\n              <div class=\"box-text text-center\" >\n                 <p>Passeio pedestre \u00e0 Costaneira da Serra do Mori\u00e3o, 13mai2018 - ilha Terceira <\/p>\n              <\/div>\n            <\/div>\n            <\/a>          <\/div>\n         <\/div><div class=\"gallery-col col\" >\n          <div class=\"col-inner\">\n            <a class=\"image-lightbox lightbox-gallery\" href=\"https:\/\/www.montanheiros.com\/wp-content\/uploads\/2019\/05\/big17_1526550837.jpg\" title=\"Passeio pedestre \u00e0 Costaneira da Serra do Mori\u00e3o, 13mai2018 - ilha Terceira \">            <div class=\"box has-hover gallery-box box-none\">\n              <div class=\"box-image\" style=\"width:63%;\">\n                <img loading=\"lazy\" decoding=\"async\" width=\"280\" height=\"280\" src=\"https:\/\/www.montanheiros.com\/wp-content\/uploads\/2019\/05\/big17_1526550837-280x280.jpg\" class=\"attachment-thumbnail size-thumbnail\" alt=\"\" ids=\"6376,6377,6378,6379,6380,6381,6382,6383,6384,6385,6386,6387,6388,6389,6390,6391,6392,6393,6394,6395,6396,6397,6398\" style=\"none\" type=\"slider\" columns=\"1\" image_width=\"63\" image_size=\"thumbnail\" text_align=\"center\" srcset=\"https:\/\/www.montanheiros.com\/wp-content\/uploads\/2019\/05\/big17_1526550837-280x280.jpg 280w, https:\/\/www.montanheiros.com\/wp-content\/uploads\/2019\/05\/big17_1526550837-300x300.jpg 300w, https:\/\/www.montanheiros.com\/wp-content\/uploads\/2019\/05\/big17_1526550837-100x100.jpg 100w\" sizes=\"auto, (max-width: 280px) 100vw, 280px\" \/>                                                              <\/div>\n              <div class=\"box-text text-center\" >\n                 <p>Passeio pedestre \u00e0 Costaneira da Serra do Mori\u00e3o, 13mai2018 - ilha Terceira <\/p>\n              <\/div>\n            <\/div>\n            <\/a>          <\/div>\n         <\/div><\/div>\n\n\n\t\t<\/div>\n\t\t\t\t\t<\/div>\n\n\t\n\n\t<div id=\"col-1646083936\" class=\"col medium-3 small-12 large-3\"  >\n\t\t\t\t<div class=\"col-inner\"  >\n\t\t\t\n\t\t\t\n\n<p>Passeio \u00e0 Faj\u00e3 da Serreta, 22abr2018 &#8211; ilha Terceira<\/p>\n\n  \n    <div class=\"row large-columns-1 medium-columns- small-columns- row-full-width slider row-slider slider-nav-reveal\"  data-flickity-options='{\"imagesLoaded\": true, \"groupCells\": \"100%\", \"dragThreshold\" : 5, \"cellAlign\": \"left\",\"wrapAround\": true,\"prevNextButtons\": true,\"percentPosition\": true,\"pageDots\": false, \"rightToLeft\": false, \"autoPlay\" : false}'>\n\n  <div class=\"gallery-col col\" >\n          <div class=\"col-inner\">\n            <a class=\"image-lightbox lightbox-gallery\" href=\"https:\/\/www.montanheiros.com\/wp-content\/uploads\/2019\/05\/big2_1524562818.jpg\" title=\"Passeio \u00e0 Faj\u00e3 da Serreta, 22abr2018 - ilha Terceira \">            <div class=\"box has-hover gallery-box box-none\">\n              <div class=\"box-image\" style=\"width:63%;\">\n                <img loading=\"lazy\" decoding=\"async\" width=\"280\" height=\"280\" src=\"https:\/\/www.montanheiros.com\/wp-content\/uploads\/2019\/05\/big2_1524562818-280x280.jpg\" class=\"attachment-thumbnail size-thumbnail\" alt=\"\" ids=\"6367,6368,6369,6370,6371,6372,6373,6374\" style=\"none\" type=\"slider\" columns=\"1\" image_width=\"63\" image_size=\"thumbnail\" text_align=\"center\" srcset=\"https:\/\/www.montanheiros.com\/wp-content\/uploads\/2019\/05\/big2_1524562818-280x280.jpg 280w, https:\/\/www.montanheiros.com\/wp-content\/uploads\/2019\/05\/big2_1524562818-300x300.jpg 300w, https:\/\/www.montanheiros.com\/wp-content\/uploads\/2019\/05\/big2_1524562818-100x100.jpg 100w\" sizes=\"auto, (max-width: 280px) 100vw, 280px\" \/>                                                              <\/div>\n              <div class=\"box-text text-center\" >\n                 <p>Passeio \u00e0 Faj\u00e3 da Serreta, 22abr2018 - ilha Terceira <\/p>\n              <\/div>\n            <\/div>\n            <\/a>          <\/div>\n         <\/div><div class=\"gallery-col col\" >\n          <div class=\"col-inner\">\n            <a class=\"image-lightbox lightbox-gallery\" href=\"https:\/\/www.montanheiros.com\/wp-content\/uploads\/2019\/05\/big1_1524562816.jpg\" title=\"Passeio \u00e0 Faj\u00e3 da Serreta, 22abr2018 - ilha Terceira \">            <div class=\"box has-hover gallery-box box-none\">\n              <div class=\"box-image\" style=\"width:63%;\">\n                <img loading=\"lazy\" decoding=\"async\" width=\"280\" height=\"280\" src=\"https:\/\/www.montanheiros.com\/wp-content\/uploads\/2019\/05\/big1_1524562816-280x280.jpg\" class=\"attachment-thumbnail size-thumbnail\" alt=\"\" ids=\"6367,6368,6369,6370,6371,6372,6373,6374\" style=\"none\" type=\"slider\" columns=\"1\" image_width=\"63\" image_size=\"thumbnail\" text_align=\"center\" srcset=\"https:\/\/www.montanheiros.com\/wp-content\/uploads\/2019\/05\/big1_1524562816-280x280.jpg 280w, https:\/\/www.montanheiros.com\/wp-content\/uploads\/2019\/05\/big1_1524562816-300x300.jpg 300w, https:\/\/www.montanheiros.com\/wp-content\/uploads\/2019\/05\/big1_1524562816-100x100.jpg 100w\" sizes=\"auto, (max-width: 280px) 100vw, 280px\" \/>                                                              <\/div>\n              <div class=\"box-text text-center\" >\n                 <p>Passeio \u00e0 Faj\u00e3 da Serreta, 22abr2018 - ilha Terceira <\/p>\n              <\/div>\n            <\/div>\n            <\/a>          <\/div>\n         <\/div><div class=\"gallery-col col\" >\n          <div class=\"col-inner\">\n            <a class=\"image-lightbox lightbox-gallery\" href=\"https:\/\/www.montanheiros.com\/wp-content\/uploads\/2019\/05\/big6_1524562821.jpg\" title=\"Passeio \u00e0 Faj\u00e3 da Serreta, 22abr2018 - ilha Terceira \">            <div class=\"box has-hover gallery-box box-none\">\n              <div class=\"box-image\" style=\"width:63%;\">\n                <img loading=\"lazy\" decoding=\"async\" width=\"280\" height=\"280\" src=\"https:\/\/www.montanheiros.com\/wp-content\/uploads\/2019\/05\/big6_1524562821-280x280.jpg\" class=\"attachment-thumbnail size-thumbnail\" alt=\"\" ids=\"6367,6368,6369,6370,6371,6372,6373,6374\" style=\"none\" type=\"slider\" columns=\"1\" image_width=\"63\" image_size=\"thumbnail\" text_align=\"center\" srcset=\"https:\/\/www.montanheiros.com\/wp-content\/uploads\/2019\/05\/big6_1524562821-280x280.jpg 280w, https:\/\/www.montanheiros.com\/wp-content\/uploads\/2019\/05\/big6_1524562821-300x300.jpg 300w, https:\/\/www.montanheiros.com\/wp-content\/uploads\/2019\/05\/big6_1524562821-100x100.jpg 100w\" sizes=\"auto, (max-width: 280px) 100vw, 280px\" \/>                                                              <\/div>\n              <div class=\"box-text text-center\" >\n                 <p>Passeio \u00e0 Faj\u00e3 da Serreta, 22abr2018 - ilha Terceira <\/p>\n              <\/div>\n            <\/div>\n            <\/a>          <\/div>\n         <\/div><div class=\"gallery-col col\" >\n          <div class=\"col-inner\">\n            <a class=\"image-lightbox lightbox-gallery\" href=\"https:\/\/www.montanheiros.com\/wp-content\/uploads\/2019\/05\/big5_1524562820.jpg\" title=\"Passeio \u00e0 Faj\u00e3 da Serreta, 22abr2018 - ilha Terceira \">            <div class=\"box has-hover gallery-box box-none\">\n              <div class=\"box-image\" style=\"width:63%;\">\n                <img loading=\"lazy\" decoding=\"async\" width=\"280\" height=\"280\" src=\"https:\/\/www.montanheiros.com\/wp-content\/uploads\/2019\/05\/big5_1524562820-280x280.jpg\" class=\"attachment-thumbnail size-thumbnail\" alt=\"\" ids=\"6367,6368,6369,6370,6371,6372,6373,6374\" style=\"none\" type=\"slider\" columns=\"1\" image_width=\"63\" image_size=\"thumbnail\" text_align=\"center\" srcset=\"https:\/\/www.montanheiros.com\/wp-content\/uploads\/2019\/05\/big5_1524562820-280x280.jpg 280w, https:\/\/www.montanheiros.com\/wp-content\/uploads\/2019\/05\/big5_1524562820-300x300.jpg 300w, https:\/\/www.montanheiros.com\/wp-content\/uploads\/2019\/05\/big5_1524562820-100x100.jpg 100w\" sizes=\"auto, (max-width: 280px) 100vw, 280px\" \/>                                                              <\/div>\n              <div class=\"box-text text-center\" >\n                 <p>Passeio \u00e0 Faj\u00e3 da Serreta, 22abr2018 - ilha Terceira <\/p>\n              <\/div>\n            <\/div>\n            <\/a>          <\/div>\n         <\/div><div class=\"gallery-col col\" >\n          <div class=\"col-inner\">\n            <a class=\"image-lightbox lightbox-gallery\" href=\"https:\/\/www.montanheiros.com\/wp-content\/uploads\/2019\/05\/big3_1524562819.jpg\" title=\"Passeio \u00e0 Faj\u00e3 da Serreta, 22abr2018 - ilha Terceira \">            <div class=\"box has-hover gallery-box box-none\">\n              <div class=\"box-image\" style=\"width:63%;\">\n                <img loading=\"lazy\" decoding=\"async\" width=\"280\" height=\"280\" src=\"https:\/\/www.montanheiros.com\/wp-content\/uploads\/2019\/05\/big3_1524562819-280x280.jpg\" class=\"attachment-thumbnail size-thumbnail\" alt=\"\" ids=\"6367,6368,6369,6370,6371,6372,6373,6374\" style=\"none\" type=\"slider\" columns=\"1\" image_width=\"63\" image_size=\"thumbnail\" text_align=\"center\" srcset=\"https:\/\/www.montanheiros.com\/wp-content\/uploads\/2019\/05\/big3_1524562819-280x280.jpg 280w, https:\/\/www.montanheiros.com\/wp-content\/uploads\/2019\/05\/big3_1524562819-300x300.jpg 300w, https:\/\/www.montanheiros.com\/wp-content\/uploads\/2019\/05\/big3_1524562819-100x100.jpg 100w\" sizes=\"auto, (max-width: 280px) 100vw, 280px\" \/>                                                              <\/div>\n              <div class=\"box-text text-center\" >\n                 <p>Passeio \u00e0 Faj\u00e3 da Serreta, 22abr2018 - ilha Terceira <\/p>\n              <\/div>\n            <\/div>\n            <\/a>          <\/div>\n         <\/div><div class=\"gallery-col col\" >\n          <div class=\"col-inner\">\n            <a class=\"image-lightbox lightbox-gallery\" href=\"https:\/\/www.montanheiros.com\/wp-content\/uploads\/2019\/05\/big4_1524562820.jpg\" title=\"Passeio \u00e0 Faj\u00e3 da Serreta, 22abr2018 - ilha Terceira \">            <div class=\"box has-hover gallery-box box-none\">\n              <div class=\"box-image\" style=\"width:63%;\">\n                <img loading=\"lazy\" decoding=\"async\" width=\"280\" height=\"280\" src=\"https:\/\/www.montanheiros.com\/wp-content\/uploads\/2019\/05\/big4_1524562820-280x280.jpg\" class=\"attachment-thumbnail size-thumbnail\" alt=\"\" ids=\"6367,6368,6369,6370,6371,6372,6373,6374\" style=\"none\" type=\"slider\" columns=\"1\" image_width=\"63\" image_size=\"thumbnail\" text_align=\"center\" srcset=\"https:\/\/www.montanheiros.com\/wp-content\/uploads\/2019\/05\/big4_1524562820-280x280.jpg 280w, https:\/\/www.montanheiros.com\/wp-content\/uploads\/2019\/05\/big4_1524562820-300x300.jpg 300w, https:\/\/www.montanheiros.com\/wp-content\/uploads\/2019\/05\/big4_1524562820-100x100.jpg 100w\" sizes=\"auto, (max-width: 280px) 100vw, 280px\" \/>                                                              <\/div>\n              <div class=\"box-text text-center\" >\n                 <p>Passeio \u00e0 Faj\u00e3 da Serreta, 22abr2018 - ilha Terceira <\/p>\n              <\/div>\n            <\/div>\n            <\/a>          <\/div>\n         <\/div><div class=\"gallery-col col\" >\n          <div class=\"col-inner\">\n            <a class=\"image-lightbox lightbox-gallery\" href=\"https:\/\/www.montanheiros.com\/wp-content\/uploads\/2019\/05\/big7_1524562822.jpg\" title=\"Passeio \u00e0 Faj\u00e3 da Serreta, 22abr2018 - ilha Terceira \">            <div class=\"box has-hover gallery-box box-none\">\n              <div class=\"box-image\" style=\"width:63%;\">\n                <img loading=\"lazy\" decoding=\"async\" width=\"280\" height=\"280\" src=\"https:\/\/www.montanheiros.com\/wp-content\/uploads\/2019\/05\/big7_1524562822-280x280.jpg\" class=\"attachment-thumbnail size-thumbnail\" alt=\"\" ids=\"6367,6368,6369,6370,6371,6372,6373,6374\" style=\"none\" type=\"slider\" columns=\"1\" image_width=\"63\" image_size=\"thumbnail\" text_align=\"center\" srcset=\"https:\/\/www.montanheiros.com\/wp-content\/uploads\/2019\/05\/big7_1524562822-280x280.jpg 280w, https:\/\/www.montanheiros.com\/wp-content\/uploads\/2019\/05\/big7_1524562822-300x300.jpg 300w, https:\/\/www.montanheiros.com\/wp-content\/uploads\/2019\/05\/big7_1524562822-100x100.jpg 100w\" sizes=\"auto, (max-width: 280px) 100vw, 280px\" \/>                                                              <\/div>\n              <div class=\"box-text text-center\" >\n                 <p>Passeio \u00e0 Faj\u00e3 da Serreta, 22abr2018 - ilha Terceira <\/p>\n              <\/div>\n            <\/div>\n            <\/a>          <\/div>\n         <\/div><div class=\"gallery-col col\" >\n          <div class=\"col-inner\">\n            <a class=\"image-lightbox lightbox-gallery\" href=\"https:\/\/www.montanheiros.com\/wp-content\/uploads\/2019\/05\/big8_1524562822.jpg\" title=\"Passeio \u00e0 Faj\u00e3 da Serreta, 22abr2018 - ilha Terceira \">            <div class=\"box has-hover gallery-box box-none\">\n              <div class=\"box-image\" style=\"width:63%;\">\n                <img loading=\"lazy\" decoding=\"async\" width=\"280\" height=\"280\" src=\"https:\/\/www.montanheiros.com\/wp-content\/uploads\/2019\/05\/big8_1524562822-280x280.jpg\" class=\"attachment-thumbnail size-thumbnail\" alt=\"\" ids=\"6367,6368,6369,6370,6371,6372,6373,6374\" style=\"none\" type=\"slider\" columns=\"1\" image_width=\"63\" image_size=\"thumbnail\" text_align=\"center\" srcset=\"https:\/\/www.montanheiros.com\/wp-content\/uploads\/2019\/05\/big8_1524562822-280x280.jpg 280w, https:\/\/www.montanheiros.com\/wp-content\/uploads\/2019\/05\/big8_1524562822-300x300.jpg 300w, https:\/\/www.montanheiros.com\/wp-content\/uploads\/2019\/05\/big8_1524562822-100x100.jpg 100w\" sizes=\"auto, (max-width: 280px) 100vw, 280px\" \/>                                                              <\/div>\n              <div class=\"box-text text-center\" >\n                 <p>Passeio \u00e0 Faj\u00e3 da Serreta, 22abr2018 - ilha Terceira <\/p>\n              <\/div>\n            <\/div>\n            <\/a>          <\/div>\n         <\/div><\/div>\n\n\n\t\t<\/div>\n\t\t\t\t\t<\/div>\n\n\t\n\n\t<div id=\"col-1445666337\" class=\"col medium-3 small-12 large-3\"  >\n\t\t\t\t<div class=\"col-inner\"  >\n\t\t\t\n\t\t\t\n\n<p>Subida \u00e0 Montanha do Pico com gelo &#8211; TOP do ATL\u00c2NTICO &#8211; 18abr2018 &#8211; ilha do Pico<\/p>\n\n  \n    <div class=\"row large-columns-1 medium-columns- small-columns- row-full-width slider row-slider slider-nav-reveal\"  data-flickity-options='{\"imagesLoaded\": true, \"groupCells\": \"100%\", \"dragThreshold\" : 5, \"cellAlign\": \"left\",\"wrapAround\": true,\"prevNextButtons\": true,\"percentPosition\": true,\"pageDots\": false, \"rightToLeft\": false, \"autoPlay\" : false}'>\n\n  <div class=\"gallery-col col\" >\n          <div class=\"col-inner\">\n            <a class=\"image-lightbox lightbox-gallery\" href=\"https:\/\/www.montanheiros.com\/wp-content\/uploads\/2019\/05\/big17_1524495588-600x800.jpg\" title=\"Subida \u00e0 Montanha do Pico com gelo - TOP do ATL\u00c2NTICO - 18abr2018 - ilha do Pico \">            <div class=\"box has-hover gallery-box box-none\">\n              <div class=\"box-image\" style=\"width:63%;\">\n                <img loading=\"lazy\" decoding=\"async\" width=\"280\" height=\"280\" src=\"https:\/\/www.montanheiros.com\/wp-content\/uploads\/2019\/05\/big17_1524495588-280x280.jpg\" class=\"attachment-thumbnail size-thumbnail\" alt=\"\" ids=\"6337,6338,6339,6340,6341,6342,6343,6344,6345,6346,6347,6348,6349,6350,6351,6352,6353,6354,6355,6356,6357,6358,6359,6360,6361,6362,6363,6364,6365,6366\" style=\"none\" type=\"slider\" columns=\"1\" image_width=\"63\" image_size=\"thumbnail\" text_align=\"center\" srcset=\"https:\/\/www.montanheiros.com\/wp-content\/uploads\/2019\/05\/big17_1524495588-280x280.jpg 280w, https:\/\/www.montanheiros.com\/wp-content\/uploads\/2019\/05\/big17_1524495588-300x300.jpg 300w, https:\/\/www.montanheiros.com\/wp-content\/uploads\/2019\/05\/big17_1524495588-100x100.jpg 100w\" sizes=\"auto, (max-width: 280px) 100vw, 280px\" \/>                                                              <\/div>\n              <div class=\"box-text text-center\" >\n                 <p>Subida \u00e0 Montanha do Pico com gelo - TOP do ATL\u00c2NTICO - 18abr2018 - ilha do Pico <\/p>\n              <\/div>\n            <\/div>\n            <\/a>          <\/div>\n         <\/div><div class=\"gallery-col col\" >\n          <div class=\"col-inner\">\n            <a class=\"image-lightbox lightbox-gallery\" href=\"https:\/\/www.montanheiros.com\/wp-content\/uploads\/2019\/05\/big18_1524495589-600x800.jpg\" title=\"Subida \u00e0 Montanha do Pico com gelo - TOP do ATL\u00c2NTICO - 18abr2018 - ilha do Pico \">            <div class=\"box has-hover gallery-box box-none\">\n              <div class=\"box-image\" style=\"width:63%;\">\n                <img loading=\"lazy\" decoding=\"async\" width=\"280\" height=\"280\" src=\"https:\/\/www.montanheiros.com\/wp-content\/uploads\/2019\/05\/big18_1524495589-280x280.jpg\" class=\"attachment-thumbnail size-thumbnail\" alt=\"\" ids=\"6337,6338,6339,6340,6341,6342,6343,6344,6345,6346,6347,6348,6349,6350,6351,6352,6353,6354,6355,6356,6357,6358,6359,6360,6361,6362,6363,6364,6365,6366\" style=\"none\" type=\"slider\" columns=\"1\" image_width=\"63\" image_size=\"thumbnail\" text_align=\"center\" srcset=\"https:\/\/www.montanheiros.com\/wp-content\/uploads\/2019\/05\/big18_1524495589-280x280.jpg 280w, https:\/\/www.montanheiros.com\/wp-content\/uploads\/2019\/05\/big18_1524495589-300x300.jpg 300w, https:\/\/www.montanheiros.com\/wp-content\/uploads\/2019\/05\/big18_1524495589-100x100.jpg 100w\" sizes=\"auto, (max-width: 280px) 100vw, 280px\" \/>                                                              <\/div>\n              <div class=\"box-text text-center\" >\n                 <p>Subida \u00e0 Montanha do Pico com gelo - TOP do ATL\u00c2NTICO - 18abr2018 - ilha do Pico <\/p>\n              <\/div>\n            <\/div>\n            <\/a>          <\/div>\n         <\/div><div class=\"gallery-col col\" >\n          <div class=\"col-inner\">\n            <a class=\"image-lightbox lightbox-gallery\" href=\"https:\/\/www.montanheiros.com\/wp-content\/uploads\/2019\/05\/big13_1524495482.jpg\" title=\"Subida \u00e0 Montanha do Pico com gelo - TOP do ATL\u00c2NTICO - 18abr2018 - ilha do Pico \">            <div class=\"box has-hover gallery-box box-none\">\n              <div class=\"box-image\" style=\"width:63%;\">\n                <img loading=\"lazy\" decoding=\"async\" width=\"280\" height=\"280\" src=\"https:\/\/www.montanheiros.com\/wp-content\/uploads\/2019\/05\/big13_1524495482-280x280.jpg\" class=\"attachment-thumbnail size-thumbnail\" alt=\"\" ids=\"6337,6338,6339,6340,6341,6342,6343,6344,6345,6346,6347,6348,6349,6350,6351,6352,6353,6354,6355,6356,6357,6358,6359,6360,6361,6362,6363,6364,6365,6366\" style=\"none\" type=\"slider\" columns=\"1\" image_width=\"63\" image_size=\"thumbnail\" text_align=\"center\" srcset=\"https:\/\/www.montanheiros.com\/wp-content\/uploads\/2019\/05\/big13_1524495482-280x280.jpg 280w, https:\/\/www.montanheiros.com\/wp-content\/uploads\/2019\/05\/big13_1524495482-300x300.jpg 300w, https:\/\/www.montanheiros.com\/wp-content\/uploads\/2019\/05\/big13_1524495482-100x100.jpg 100w\" sizes=\"auto, (max-width: 280px) 100vw, 280px\" \/>                                                              <\/div>\n              <div class=\"box-text text-center\" >\n                 <p>Subida \u00e0 Montanha do Pico com gelo - TOP do ATL\u00c2NTICO - 18abr2018 - ilha do Pico <\/p>\n              <\/div>\n            <\/div>\n            <\/a>          <\/div>\n         <\/div><div class=\"gallery-col col\" >\n          <div class=\"col-inner\">\n            <a class=\"image-lightbox lightbox-gallery\" href=\"https:\/\/www.montanheiros.com\/wp-content\/uploads\/2019\/05\/big23_1524495628.jpg\" title=\"Subida \u00e0 Montanha do Pico com gelo - TOP do ATL\u00c2NTICO - 18abr2018 - ilha do Pico \">            <div class=\"box has-hover gallery-box box-none\">\n              <div class=\"box-image\" style=\"width:63%;\">\n                <img loading=\"lazy\" decoding=\"async\" width=\"280\" height=\"280\" src=\"https:\/\/www.montanheiros.com\/wp-content\/uploads\/2019\/05\/big23_1524495628-280x280.jpg\" class=\"attachment-thumbnail size-thumbnail\" alt=\"\" ids=\"6337,6338,6339,6340,6341,6342,6343,6344,6345,6346,6347,6348,6349,6350,6351,6352,6353,6354,6355,6356,6357,6358,6359,6360,6361,6362,6363,6364,6365,6366\" style=\"none\" type=\"slider\" columns=\"1\" image_width=\"63\" image_size=\"thumbnail\" text_align=\"center\" srcset=\"https:\/\/www.montanheiros.com\/wp-content\/uploads\/2019\/05\/big23_1524495628-280x280.jpg 280w, https:\/\/www.montanheiros.com\/wp-content\/uploads\/2019\/05\/big23_1524495628-300x300.jpg 300w, https:\/\/www.montanheiros.com\/wp-content\/uploads\/2019\/05\/big23_1524495628-100x100.jpg 100w\" sizes=\"auto, (max-width: 280px) 100vw, 280px\" \/>                                                              <\/div>\n              <div class=\"box-text text-center\" >\n                 <p>Subida \u00e0 Montanha do Pico com gelo - TOP do ATL\u00c2NTICO - 18abr2018 - ilha do Pico <\/p>\n              <\/div>\n            <\/div>\n            <\/a>          <\/div>\n         <\/div><div class=\"gallery-col col\" >\n          <div class=\"col-inner\">\n            <a class=\"image-lightbox lightbox-gallery\" href=\"https:\/\/www.montanheiros.com\/wp-content\/uploads\/2019\/05\/big24_1524495634-600x800.jpg\" title=\"Subida \u00e0 Montanha do Pico com gelo - TOP do ATL\u00c2NTICO - 18abr2018 - ilha do Pico \">            <div class=\"box has-hover gallery-box box-none\">\n              <div class=\"box-image\" style=\"width:63%;\">\n                <img loading=\"lazy\" decoding=\"async\" width=\"280\" height=\"280\" src=\"https:\/\/www.montanheiros.com\/wp-content\/uploads\/2019\/05\/big24_1524495634-280x280.jpg\" class=\"attachment-thumbnail size-thumbnail\" alt=\"\" ids=\"6337,6338,6339,6340,6341,6342,6343,6344,6345,6346,6347,6348,6349,6350,6351,6352,6353,6354,6355,6356,6357,6358,6359,6360,6361,6362,6363,6364,6365,6366\" style=\"none\" type=\"slider\" columns=\"1\" image_width=\"63\" image_size=\"thumbnail\" text_align=\"center\" srcset=\"https:\/\/www.montanheiros.com\/wp-content\/uploads\/2019\/05\/big24_1524495634-280x280.jpg 280w, https:\/\/www.montanheiros.com\/wp-content\/uploads\/2019\/05\/big24_1524495634-300x300.jpg 300w, https:\/\/www.montanheiros.com\/wp-content\/uploads\/2019\/05\/big24_1524495634-100x100.jpg 100w\" sizes=\"auto, (max-width: 280px) 100vw, 280px\" \/>                                                              <\/div>\n              <div class=\"box-text text-center\" >\n                 <p>Subida \u00e0 Montanha do Pico com gelo - TOP do ATL\u00c2NTICO - 18abr2018 - ilha do Pico <\/p>\n              <\/div>\n            <\/div>\n            <\/a>          <\/div>\n         <\/div><div class=\"gallery-col col\" >\n          <div class=\"col-inner\">\n            <a class=\"image-lightbox lightbox-gallery\" href=\"https:\/\/www.montanheiros.com\/wp-content\/uploads\/2019\/05\/big14_1524495502-600x800.jpg\" title=\"Subida \u00e0 Montanha do Pico com gelo - TOP do ATL\u00c2NTICO - 18abr2018 - ilha do Pico \">            <div class=\"box has-hover gallery-box box-none\">\n              <div class=\"box-image\" style=\"width:63%;\">\n                <img loading=\"lazy\" decoding=\"async\" width=\"280\" height=\"280\" src=\"https:\/\/www.montanheiros.com\/wp-content\/uploads\/2019\/05\/big14_1524495502-280x280.jpg\" class=\"attachment-thumbnail size-thumbnail\" alt=\"\" ids=\"6337,6338,6339,6340,6341,6342,6343,6344,6345,6346,6347,6348,6349,6350,6351,6352,6353,6354,6355,6356,6357,6358,6359,6360,6361,6362,6363,6364,6365,6366\" style=\"none\" type=\"slider\" columns=\"1\" image_width=\"63\" image_size=\"thumbnail\" text_align=\"center\" srcset=\"https:\/\/www.montanheiros.com\/wp-content\/uploads\/2019\/05\/big14_1524495502-280x280.jpg 280w, https:\/\/www.montanheiros.com\/wp-content\/uploads\/2019\/05\/big14_1524495502-300x300.jpg 300w, https:\/\/www.montanheiros.com\/wp-content\/uploads\/2019\/05\/big14_1524495502-100x100.jpg 100w\" sizes=\"auto, (max-width: 280px) 100vw, 280px\" \/>                                                              <\/div>\n              <div class=\"box-text text-center\" >\n                 <p>Subida \u00e0 Montanha do Pico com gelo - TOP do ATL\u00c2NTICO - 18abr2018 - ilha do Pico <\/p>\n              <\/div>\n            <\/div>\n            <\/a>          <\/div>\n         <\/div><div class=\"gallery-col col\" >\n          <div class=\"col-inner\">\n            <a class=\"image-lightbox lightbox-gallery\" href=\"https:\/\/www.montanheiros.com\/wp-content\/uploads\/2019\/05\/big25_1524495659-600x800.jpg\" title=\"Subida \u00e0 Montanha do Pico com gelo - TOP do ATL\u00c2NTICO - 18abr2018 - ilha do Pico \">            <div class=\"box has-hover gallery-box box-none\">\n              <div class=\"box-image\" style=\"width:63%;\">\n                <img loading=\"lazy\" decoding=\"async\" width=\"280\" height=\"280\" src=\"https:\/\/www.montanheiros.com\/wp-content\/uploads\/2019\/05\/big25_1524495659-280x280.jpg\" class=\"attachment-thumbnail size-thumbnail\" alt=\"\" ids=\"6337,6338,6339,6340,6341,6342,6343,6344,6345,6346,6347,6348,6349,6350,6351,6352,6353,6354,6355,6356,6357,6358,6359,6360,6361,6362,6363,6364,6365,6366\" style=\"none\" type=\"slider\" columns=\"1\" image_width=\"63\" image_size=\"thumbnail\" text_align=\"center\" srcset=\"https:\/\/www.montanheiros.com\/wp-content\/uploads\/2019\/05\/big25_1524495659-280x280.jpg 280w, https:\/\/www.montanheiros.com\/wp-content\/uploads\/2019\/05\/big25_1524495659-300x300.jpg 300w, https:\/\/www.montanheiros.com\/wp-content\/uploads\/2019\/05\/big25_1524495659-100x100.jpg 100w\" sizes=\"auto, (max-width: 280px) 100vw, 280px\" \/>                                                              <\/div>\n              <div class=\"box-text text-center\" >\n                 <p>Subida \u00e0 Montanha do Pico com gelo - TOP do ATL\u00c2NTICO - 18abr2018 - ilha do Pico <\/p>\n              <\/div>\n            <\/div>\n            <\/a>          <\/div>\n         <\/div><div class=\"gallery-col col\" >\n          <div class=\"col-inner\">\n            <a class=\"image-lightbox lightbox-gallery\" href=\"https:\/\/www.montanheiros.com\/wp-content\/uploads\/2019\/05\/big21_1524495616-600x800.jpg\" title=\"Subida \u00e0 Montanha do Pico com gelo - TOP do ATL\u00c2NTICO - 18abr2018 - ilha do Pico \">            <div class=\"box has-hover gallery-box box-none\">\n              <div class=\"box-image\" style=\"width:63%;\">\n                <img loading=\"lazy\" decoding=\"async\" width=\"280\" height=\"280\" src=\"https:\/\/www.montanheiros.com\/wp-content\/uploads\/2019\/05\/big21_1524495616-280x280.jpg\" class=\"attachment-thumbnail size-thumbnail\" alt=\"\" ids=\"6337,6338,6339,6340,6341,6342,6343,6344,6345,6346,6347,6348,6349,6350,6351,6352,6353,6354,6355,6356,6357,6358,6359,6360,6361,6362,6363,6364,6365,6366\" style=\"none\" type=\"slider\" columns=\"1\" image_width=\"63\" image_size=\"thumbnail\" text_align=\"center\" srcset=\"https:\/\/www.montanheiros.com\/wp-content\/uploads\/2019\/05\/big21_1524495616-280x280.jpg 280w, https:\/\/www.montanheiros.com\/wp-content\/uploads\/2019\/05\/big21_1524495616-300x300.jpg 300w, https:\/\/www.montanheiros.com\/wp-content\/uploads\/2019\/05\/big21_1524495616-100x100.jpg 100w\" sizes=\"auto, (max-width: 280px) 100vw, 280px\" \/>                                                              <\/div>\n              <div class=\"box-text text-center\" >\n                 <p>Subida \u00e0 Montanha do Pico com gelo - TOP do ATL\u00c2NTICO - 18abr2018 - ilha do Pico <\/p>\n              <\/div>\n            <\/div>\n            <\/a>          <\/div>\n         <\/div><div class=\"gallery-col col\" >\n          <div class=\"col-inner\">\n            <a class=\"image-lightbox lightbox-gallery\" href=\"https:\/\/www.montanheiros.com\/wp-content\/uploads\/2019\/05\/big19_1524495594-600x800.jpg\" title=\"Subida \u00e0 MSubida \u00e0 Montanha do Pico com gelo - TOP do ATL\u00c2NTICO - 18abr2018 - ilha do Pico ontanha do Pico com gelo - TOP do ATL\u00c2NTICO - 18abr2018 - ilha do Pico \">            <div class=\"box has-hover gallery-box box-none\">\n              <div class=\"box-image\" style=\"width:63%;\">\n                <img loading=\"lazy\" decoding=\"async\" width=\"280\" height=\"280\" src=\"https:\/\/www.montanheiros.com\/wp-content\/uploads\/2019\/05\/big19_1524495594-280x280.jpg\" class=\"attachment-thumbnail size-thumbnail\" alt=\"\" ids=\"6337,6338,6339,6340,6341,6342,6343,6344,6345,6346,6347,6348,6349,6350,6351,6352,6353,6354,6355,6356,6357,6358,6359,6360,6361,6362,6363,6364,6365,6366\" style=\"none\" type=\"slider\" columns=\"1\" image_width=\"63\" image_size=\"thumbnail\" text_align=\"center\" srcset=\"https:\/\/www.montanheiros.com\/wp-content\/uploads\/2019\/05\/big19_1524495594-280x280.jpg 280w, https:\/\/www.montanheiros.com\/wp-content\/uploads\/2019\/05\/big19_1524495594-300x300.jpg 300w, https:\/\/www.montanheiros.com\/wp-content\/uploads\/2019\/05\/big19_1524495594-100x100.jpg 100w\" sizes=\"auto, (max-width: 280px) 100vw, 280px\" \/>                                                              <\/div>\n              <div class=\"box-text text-center\" >\n                 <p>Subida \u00e0 MSubida \u00e0 Montanha do Pico com gelo - TOP do ATL\u00c2NTICO - 18abr2018 - ilha do Pico ontanha do Pico com gelo - TOP do ATL\u00c2NTICO - 18abr2018 - ilha do Pico <\/p>\n              <\/div>\n            <\/div>\n            <\/a>          <\/div>\n         <\/div><div class=\"gallery-col col\" >\n          <div class=\"col-inner\">\n            <a class=\"image-lightbox lightbox-gallery\" href=\"https:\/\/www.montanheiros.com\/wp-content\/uploads\/2019\/05\/big16_1524495575-600x800.jpg\" title=\"Subida \u00e0 Montanha do Pico com gelo - TOP do ATL\u00c2NTICO - 18abr2018 - ilha do Pico \">            <div class=\"box has-hover gallery-box box-none\">\n              <div class=\"box-image\" style=\"width:63%;\">\n                <img loading=\"lazy\" decoding=\"async\" width=\"280\" height=\"280\" src=\"https:\/\/www.montanheiros.com\/wp-content\/uploads\/2019\/05\/big16_1524495575-280x280.jpg\" class=\"attachment-thumbnail size-thumbnail\" alt=\"\" ids=\"6337,6338,6339,6340,6341,6342,6343,6344,6345,6346,6347,6348,6349,6350,6351,6352,6353,6354,6355,6356,6357,6358,6359,6360,6361,6362,6363,6364,6365,6366\" style=\"none\" type=\"slider\" columns=\"1\" image_width=\"63\" image_size=\"thumbnail\" text_align=\"center\" srcset=\"https:\/\/www.montanheiros.com\/wp-content\/uploads\/2019\/05\/big16_1524495575-280x280.jpg 280w, https:\/\/www.montanheiros.com\/wp-content\/uploads\/2019\/05\/big16_1524495575-300x300.jpg 300w, https:\/\/www.montanheiros.com\/wp-content\/uploads\/2019\/05\/big16_1524495575-100x100.jpg 100w\" sizes=\"auto, (max-width: 280px) 100vw, 280px\" \/>                                                              <\/div>\n              <div class=\"box-text text-center\" >\n                 <p>Subida \u00e0 Montanha do Pico com gelo - TOP do ATL\u00c2NTICO - 18abr2018 - ilha do Pico <\/p>\n              <\/div>\n            <\/div>\n            <\/a>          <\/div>\n         <\/div><div class=\"gallery-col col\" >\n          <div class=\"col-inner\">\n            <a class=\"image-lightbox lightbox-gallery\" href=\"https:\/\/www.montanheiros.com\/wp-content\/uploads\/2019\/05\/big15_1524495506-600x800.jpg\" title=\"Subida \u00e0 Montanha do Pico com gelo - TOP do ATL\u00c2NTICO - 18abr2018 - ilha do Pico \">            <div class=\"box has-hover gallery-box box-none\">\n              <div class=\"box-image\" style=\"width:63%;\">\n                <img loading=\"lazy\" decoding=\"async\" width=\"280\" height=\"280\" src=\"https:\/\/www.montanheiros.com\/wp-content\/uploads\/2019\/05\/big15_1524495506-280x280.jpg\" class=\"attachment-thumbnail size-thumbnail\" alt=\"\" ids=\"6337,6338,6339,6340,6341,6342,6343,6344,6345,6346,6347,6348,6349,6350,6351,6352,6353,6354,6355,6356,6357,6358,6359,6360,6361,6362,6363,6364,6365,6366\" style=\"none\" type=\"slider\" columns=\"1\" image_width=\"63\" image_size=\"thumbnail\" text_align=\"center\" srcset=\"https:\/\/www.montanheiros.com\/wp-content\/uploads\/2019\/05\/big15_1524495506-280x280.jpg 280w, https:\/\/www.montanheiros.com\/wp-content\/uploads\/2019\/05\/big15_1524495506-300x300.jpg 300w, https:\/\/www.montanheiros.com\/wp-content\/uploads\/2019\/05\/big15_1524495506-100x100.jpg 100w\" sizes=\"auto, (max-width: 280px) 100vw, 280px\" \/>                                                              <\/div>\n              <div class=\"box-text text-center\" >\n                 <p>Subida \u00e0 Montanha do Pico com gelo - TOP do ATL\u00c2NTICO - 18abr2018 - ilha do Pico <\/p>\n              <\/div>\n            <\/div>\n            <\/a>          <\/div>\n         <\/div><div class=\"gallery-col col\" >\n          <div class=\"col-inner\">\n            <a class=\"image-lightbox lightbox-gallery\" href=\"https:\/\/www.montanheiros.com\/wp-content\/uploads\/2019\/05\/big26_1524495869-600x800.jpg\" title=\"Subida \u00e0 Montanha do Pico com gelo - TOP do ATL\u00c2NTICO - 18abr2018 - ilha do Pico \">            <div class=\"box has-hover gallery-box box-none\">\n              <div class=\"box-image\" style=\"width:63%;\">\n                <img loading=\"lazy\" decoding=\"async\" width=\"280\" height=\"280\" src=\"https:\/\/www.montanheiros.com\/wp-content\/uploads\/2019\/05\/big26_1524495869-280x280.jpg\" class=\"attachment-thumbnail size-thumbnail\" alt=\"\" ids=\"6337,6338,6339,6340,6341,6342,6343,6344,6345,6346,6347,6348,6349,6350,6351,6352,6353,6354,6355,6356,6357,6358,6359,6360,6361,6362,6363,6364,6365,6366\" style=\"none\" type=\"slider\" columns=\"1\" image_width=\"63\" image_size=\"thumbnail\" text_align=\"center\" srcset=\"https:\/\/www.montanheiros.com\/wp-content\/uploads\/2019\/05\/big26_1524495869-280x280.jpg 280w, https:\/\/www.montanheiros.com\/wp-content\/uploads\/2019\/05\/big26_1524495869-300x300.jpg 300w, https:\/\/www.montanheiros.com\/wp-content\/uploads\/2019\/05\/big26_1524495869-100x100.jpg 100w\" sizes=\"auto, (max-width: 280px) 100vw, 280px\" \/>                                                              <\/div>\n              <div class=\"box-text text-center\" >\n                 <p>Subida \u00e0 Montanha do Pico com gelo - TOP do ATL\u00c2NTICO - 18abr2018 - ilha do Pico <\/p>\n              <\/div>\n            <\/div>\n            <\/a>          <\/div>\n         <\/div><div class=\"gallery-col col\" >\n          <div class=\"col-inner\">\n            <a class=\"image-lightbox lightbox-gallery\" href=\"https:\/\/www.montanheiros.com\/wp-content\/uploads\/2019\/05\/big28_1524495903-600x800.jpg\" title=\"Subida \u00e0 Montanha do Pico com gelo - TOP do ATL\u00c2NTICO - 18abr2018 - ilha do Pico \">            <div class=\"box has-hover gallery-box box-none\">\n              <div class=\"box-image\" style=\"width:63%;\">\n                <img loading=\"lazy\" decoding=\"async\" width=\"280\" height=\"280\" src=\"https:\/\/www.montanheiros.com\/wp-content\/uploads\/2019\/05\/big28_1524495903-280x280.jpg\" class=\"attachment-thumbnail size-thumbnail\" alt=\"\" ids=\"6337,6338,6339,6340,6341,6342,6343,6344,6345,6346,6347,6348,6349,6350,6351,6352,6353,6354,6355,6356,6357,6358,6359,6360,6361,6362,6363,6364,6365,6366\" style=\"none\" type=\"slider\" columns=\"1\" image_width=\"63\" image_size=\"thumbnail\" text_align=\"center\" srcset=\"https:\/\/www.montanheiros.com\/wp-content\/uploads\/2019\/05\/big28_1524495903-280x280.jpg 280w, https:\/\/www.montanheiros.com\/wp-content\/uploads\/2019\/05\/big28_1524495903-300x300.jpg 300w, https:\/\/www.montanheiros.com\/wp-content\/uploads\/2019\/05\/big28_1524495903-100x100.jpg 100w\" sizes=\"auto, (max-width: 280px) 100vw, 280px\" \/>                                                              <\/div>\n              <div class=\"box-text text-center\" >\n                 <p>Subida \u00e0 Montanha do Pico com gelo - TOP do ATL\u00c2NTICO - 18abr2018 - ilha do Pico <\/p>\n              <\/div>\n            <\/div>\n            <\/a>          <\/div>\n         <\/div><div class=\"gallery-col col\" >\n          <div class=\"col-inner\">\n            <a class=\"image-lightbox lightbox-gallery\" href=\"https:\/\/www.montanheiros.com\/wp-content\/uploads\/2019\/05\/big29_1524495907.jpg\" title=\"Subida \u00e0 Montanha do Pico com gelo - TOP do ATL\u00c2NTICO - 18abr2018 - ilha do Pico \">            <div class=\"box has-hover gallery-box box-none\">\n              <div class=\"box-image\" style=\"width:63%;\">\n                <img loading=\"lazy\" decoding=\"async\" width=\"280\" height=\"280\" src=\"https:\/\/www.montanheiros.com\/wp-content\/uploads\/2019\/05\/big29_1524495907-280x280.jpg\" class=\"attachment-thumbnail size-thumbnail\" alt=\"\" ids=\"6337,6338,6339,6340,6341,6342,6343,6344,6345,6346,6347,6348,6349,6350,6351,6352,6353,6354,6355,6356,6357,6358,6359,6360,6361,6362,6363,6364,6365,6366\" style=\"none\" type=\"slider\" columns=\"1\" image_width=\"63\" image_size=\"thumbnail\" text_align=\"center\" srcset=\"https:\/\/www.montanheiros.com\/wp-content\/uploads\/2019\/05\/big29_1524495907-280x280.jpg 280w, https:\/\/www.montanheiros.com\/wp-content\/uploads\/2019\/05\/big29_1524495907-300x300.jpg 300w, https:\/\/www.montanheiros.com\/wp-content\/uploads\/2019\/05\/big29_1524495907-100x100.jpg 100w\" sizes=\"auto, (max-width: 280px) 100vw, 280px\" \/>                                                              <\/div>\n              <div class=\"box-text text-center\" >\n                 <p>Subida \u00e0 Montanha do Pico com gelo - TOP do ATL\u00c2NTICO - 18abr2018 - ilha do Pico <\/p>\n              <\/div>\n            <\/div>\n            <\/a>          <\/div>\n         <\/div><div class=\"gallery-col col\" >\n          <div class=\"col-inner\">\n            <a class=\"image-lightbox lightbox-gallery\" href=\"https:\/\/www.montanheiros.com\/wp-content\/uploads\/2019\/05\/big27_1524495881-600x800.jpg\" title=\"Subida \u00e0 Montanha do Pico com gelo - TOP do ATL\u00c2NTICO - 18abr2018 - ilha do Pico \">            <div class=\"box has-hover gallery-box box-none\">\n              <div class=\"box-image\" style=\"width:63%;\">\n                <img loading=\"lazy\" decoding=\"async\" width=\"280\" height=\"280\" src=\"https:\/\/www.montanheiros.com\/wp-content\/uploads\/2019\/05\/big27_1524495881-280x280.jpg\" class=\"attachment-thumbnail size-thumbnail\" alt=\"\" ids=\"6337,6338,6339,6340,6341,6342,6343,6344,6345,6346,6347,6348,6349,6350,6351,6352,6353,6354,6355,6356,6357,6358,6359,6360,6361,6362,6363,6364,6365,6366\" style=\"none\" type=\"slider\" columns=\"1\" image_width=\"63\" image_size=\"thumbnail\" text_align=\"center\" srcset=\"https:\/\/www.montanheiros.com\/wp-content\/uploads\/2019\/05\/big27_1524495881-280x280.jpg 280w, https:\/\/www.montanheiros.com\/wp-content\/uploads\/2019\/05\/big27_1524495881-300x300.jpg 300w, https:\/\/www.montanheiros.com\/wp-content\/uploads\/2019\/05\/big27_1524495881-100x100.jpg 100w\" sizes=\"auto, (max-width: 280px) 100vw, 280px\" \/>                                                              <\/div>\n              <div class=\"box-text text-center\" >\n                 <p>Subida \u00e0 Montanha do Pico com gelo - TOP do ATL\u00c2NTICO - 18abr2018 - ilha do Pico <\/p>\n              <\/div>\n            <\/div>\n            <\/a>          <\/div>\n         <\/div><div class=\"gallery-col col\" >\n          <div class=\"col-inner\">\n            <a class=\"image-lightbox lightbox-gallery\" href=\"https:\/\/www.montanheiros.com\/wp-content\/uploads\/2019\/05\/big1_1524561047.jpg\" title=\"Subida \u00e0 Montanha do Pico com gelo - TOP do ATL\u00c2NTICO - 18abr2018 - ilha do Pico \">            <div class=\"box has-hover gallery-box box-none\">\n              <div class=\"box-image\" style=\"width:63%;\">\n                <img loading=\"lazy\" decoding=\"async\" width=\"280\" height=\"280\" src=\"https:\/\/www.montanheiros.com\/wp-content\/uploads\/2019\/05\/big1_1524561047-280x280.jpg\" class=\"attachment-thumbnail size-thumbnail\" alt=\"\" ids=\"6337,6338,6339,6340,6341,6342,6343,6344,6345,6346,6347,6348,6349,6350,6351,6352,6353,6354,6355,6356,6357,6358,6359,6360,6361,6362,6363,6364,6365,6366\" style=\"none\" type=\"slider\" columns=\"1\" image_width=\"63\" image_size=\"thumbnail\" text_align=\"center\" srcset=\"https:\/\/www.montanheiros.com\/wp-content\/uploads\/2019\/05\/big1_1524561047-280x280.jpg 280w, https:\/\/www.montanheiros.com\/wp-content\/uploads\/2019\/05\/big1_1524561047-300x300.jpg 300w, https:\/\/www.montanheiros.com\/wp-content\/uploads\/2019\/05\/big1_1524561047-100x100.jpg 100w\" sizes=\"auto, (max-width: 280px) 100vw, 280px\" \/>                                                              <\/div>\n              <div class=\"box-text text-center\" >\n                 <p>Subida \u00e0 Montanha do Pico com gelo - TOP do ATL\u00c2NTICO - 18abr2018 - ilha do Pico <\/p>\n              <\/div>\n            <\/div>\n            <\/a>          <\/div>\n         <\/div><div class=\"gallery-col col\" >\n          <div class=\"col-inner\">\n            <a class=\"image-lightbox lightbox-gallery\" href=\"https:\/\/www.montanheiros.com\/wp-content\/uploads\/2019\/05\/big5_1524561067.jpg\" title=\"Subida \u00e0 Montanha do Pico com gelo - TOP do ATL\u00c2NTICO - 18abr2018 - ilha do Pico \">            <div class=\"box has-hover gallery-box box-none\">\n              <div class=\"box-image\" style=\"width:63%;\">\n                <img loading=\"lazy\" decoding=\"async\" width=\"280\" height=\"280\" src=\"https:\/\/www.montanheiros.com\/wp-content\/uploads\/2019\/05\/big5_1524561067-280x280.jpg\" class=\"attachment-thumbnail size-thumbnail\" alt=\"\" ids=\"6337,6338,6339,6340,6341,6342,6343,6344,6345,6346,6347,6348,6349,6350,6351,6352,6353,6354,6355,6356,6357,6358,6359,6360,6361,6362,6363,6364,6365,6366\" style=\"none\" type=\"slider\" columns=\"1\" image_width=\"63\" image_size=\"thumbnail\" text_align=\"center\" srcset=\"https:\/\/www.montanheiros.com\/wp-content\/uploads\/2019\/05\/big5_1524561067-280x280.jpg 280w, https:\/\/www.montanheiros.com\/wp-content\/uploads\/2019\/05\/big5_1524561067-300x300.jpg 300w, https:\/\/www.montanheiros.com\/wp-content\/uploads\/2019\/05\/big5_1524561067-100x100.jpg 100w\" sizes=\"auto, (max-width: 280px) 100vw, 280px\" \/>                                                              <\/div>\n              <div class=\"box-text text-center\" >\n                 <p>Subida \u00e0 Montanha do Pico com gelo - TOP do ATL\u00c2NTICO - 18abr2018 - ilha do Pico <\/p>\n              <\/div>\n            <\/div>\n            <\/a>          <\/div>\n         <\/div><div class=\"gallery-col col\" >\n          <div class=\"col-inner\">\n            <a class=\"image-lightbox lightbox-gallery\" href=\"https:\/\/www.montanheiros.com\/wp-content\/uploads\/2019\/05\/big4_1524561056.jpg\" title=\"Subida \u00e0 Montanha do Pico com gelo - TOP do ATL\u00c2NTICO - 18abr2018 - ilha do Pico \">            <div class=\"box has-hover gallery-box box-none\">\n              <div class=\"box-image\" style=\"width:63%;\">\n                <img loading=\"lazy\" decoding=\"async\" width=\"280\" height=\"280\" src=\"https:\/\/www.montanheiros.com\/wp-content\/uploads\/2019\/05\/big4_1524561056-280x280.jpg\" class=\"attachment-thumbnail size-thumbnail\" alt=\"\" ids=\"6337,6338,6339,6340,6341,6342,6343,6344,6345,6346,6347,6348,6349,6350,6351,6352,6353,6354,6355,6356,6357,6358,6359,6360,6361,6362,6363,6364,6365,6366\" style=\"none\" type=\"slider\" columns=\"1\" image_width=\"63\" image_size=\"thumbnail\" text_align=\"center\" srcset=\"https:\/\/www.montanheiros.com\/wp-content\/uploads\/2019\/05\/big4_1524561056-280x280.jpg 280w, https:\/\/www.montanheiros.com\/wp-content\/uploads\/2019\/05\/big4_1524561056-300x300.jpg 300w, https:\/\/www.montanheiros.com\/wp-content\/uploads\/2019\/05\/big4_1524561056-100x100.jpg 100w\" sizes=\"auto, (max-width: 280px) 100vw, 280px\" \/>                                                              <\/div>\n              <div class=\"box-text text-center\" >\n                 <p>Subida \u00e0 Montanha do Pico com gelo - TOP do ATL\u00c2NTICO - 18abr2018 - ilha do Pico <\/p>\n              <\/div>\n            <\/div>\n            <\/a>          <\/div>\n         <\/div><div class=\"gallery-col col\" >\n          <div class=\"col-inner\">\n            <a class=\"image-lightbox lightbox-gallery\" href=\"https:\/\/www.montanheiros.com\/wp-content\/uploads\/2019\/05\/big7_1524561073.jpg\" title=\"Subida \u00e0 Montanha do Pico com gelo - TOP do ATL\u00c2NTICO - 18abr2018 - ilha do Pico \">            <div class=\"box has-hover gallery-box box-none\">\n              <div class=\"box-image\" style=\"width:63%;\">\n                <img loading=\"lazy\" decoding=\"async\" width=\"280\" height=\"280\" src=\"https:\/\/www.montanheiros.com\/wp-content\/uploads\/2019\/05\/big7_1524561073-280x280.jpg\" class=\"attachment-thumbnail size-thumbnail\" alt=\"\" ids=\"6337,6338,6339,6340,6341,6342,6343,6344,6345,6346,6347,6348,6349,6350,6351,6352,6353,6354,6355,6356,6357,6358,6359,6360,6361,6362,6363,6364,6365,6366\" style=\"none\" type=\"slider\" columns=\"1\" image_width=\"63\" image_size=\"thumbnail\" text_align=\"center\" srcset=\"https:\/\/www.montanheiros.com\/wp-content\/uploads\/2019\/05\/big7_1524561073-280x280.jpg 280w, https:\/\/www.montanheiros.com\/wp-content\/uploads\/2019\/05\/big7_1524561073-300x300.jpg 300w, https:\/\/www.montanheiros.com\/wp-content\/uploads\/2019\/05\/big7_1524561073-100x100.jpg 100w\" sizes=\"auto, (max-width: 280px) 100vw, 280px\" \/>                                                              <\/div>\n              <div class=\"box-text text-center\" >\n                 <p>Subida \u00e0 Montanha do Pico com gelo - TOP do ATL\u00c2NTICO - 18abr2018 - ilha do Pico <\/p>\n              <\/div>\n            <\/div>\n            <\/a>          <\/div>\n         <\/div><div class=\"gallery-col col\" >\n          <div class=\"col-inner\">\n            <a class=\"image-lightbox lightbox-gallery\" href=\"https:\/\/www.montanheiros.com\/wp-content\/uploads\/2019\/05\/big15_1524561081.jpg\" title=\"Subida \u00e0 Montanha do Pico com gelo - TOP do ATL\u00c2NTICO - 18abr2018 - ilha do Pico \">            <div class=\"box has-hover gallery-box box-none\">\n              <div class=\"box-image\" style=\"width:63%;\">\n                <img loading=\"lazy\" decoding=\"async\" width=\"280\" height=\"280\" src=\"https:\/\/www.montanheiros.com\/wp-content\/uploads\/2019\/05\/big15_1524561081-280x280.jpg\" class=\"attachment-thumbnail size-thumbnail\" alt=\"\" ids=\"6337,6338,6339,6340,6341,6342,6343,6344,6345,6346,6347,6348,6349,6350,6351,6352,6353,6354,6355,6356,6357,6358,6359,6360,6361,6362,6363,6364,6365,6366\" style=\"none\" type=\"slider\" columns=\"1\" image_width=\"63\" image_size=\"thumbnail\" text_align=\"center\" srcset=\"https:\/\/www.montanheiros.com\/wp-content\/uploads\/2019\/05\/big15_1524561081-280x280.jpg 280w, https:\/\/www.montanheiros.com\/wp-content\/uploads\/2019\/05\/big15_1524561081-300x300.jpg 300w, https:\/\/www.montanheiros.com\/wp-content\/uploads\/2019\/05\/big15_1524561081-100x100.jpg 100w\" sizes=\"auto, (max-width: 280px) 100vw, 280px\" \/>                                                              <\/div>\n              <div class=\"box-text text-center\" >\n                 <p>Subida \u00e0 Montanha do Pico com gelo - TOP do ATL\u00c2NTICO - 18abr2018 - ilha do Pico <\/p>\n              <\/div>\n            <\/div>\n            <\/a>          <\/div>\n         <\/div><div class=\"gallery-col col\" >\n          <div class=\"col-inner\">\n            <a class=\"image-lightbox lightbox-gallery\" href=\"https:\/\/www.montanheiros.com\/wp-content\/uploads\/2019\/05\/big13_1524561076.jpg\" title=\"Subida \u00e0 Montanha do Pico com gelo - TOP do ATL\u00c2NTICO - 18abr2018 - ilha do Pico \">            <div class=\"box has-hover gallery-box box-none\">\n              <div class=\"box-image\" style=\"width:63%;\">\n                <img loading=\"lazy\" decoding=\"async\" width=\"280\" height=\"280\" src=\"https:\/\/www.montanheiros.com\/wp-content\/uploads\/2019\/05\/big13_1524561076-280x280.jpg\" class=\"attachment-thumbnail size-thumbnail\" alt=\"\" ids=\"6337,6338,6339,6340,6341,6342,6343,6344,6345,6346,6347,6348,6349,6350,6351,6352,6353,6354,6355,6356,6357,6358,6359,6360,6361,6362,6363,6364,6365,6366\" style=\"none\" type=\"slider\" columns=\"1\" image_width=\"63\" image_size=\"thumbnail\" text_align=\"center\" srcset=\"https:\/\/www.montanheiros.com\/wp-content\/uploads\/2019\/05\/big13_1524561076-280x280.jpg 280w, https:\/\/www.montanheiros.com\/wp-content\/uploads\/2019\/05\/big13_1524561076-300x300.jpg 300w, https:\/\/www.montanheiros.com\/wp-content\/uploads\/2019\/05\/big13_1524561076-100x100.jpg 100w\" sizes=\"auto, (max-width: 280px) 100vw, 280px\" \/>                                                              <\/div>\n              <div class=\"box-text text-center\" >\n                 <p>Subida \u00e0 Montanha do Pico com gelo - TOP do ATL\u00c2NTICO - 18abr2018 - ilha do Pico <\/p>\n              <\/div>\n            <\/div>\n            <\/a>          <\/div>\n         <\/div><div class=\"gallery-col col\" >\n          <div class=\"col-inner\">\n            <a class=\"image-lightbox lightbox-gallery\" href=\"https:\/\/www.montanheiros.com\/wp-content\/uploads\/2019\/05\/big8_1524561074.jpg\" title=\"Subida \u00e0 Montanha do Pico com gelo - TOP do ATL\u00c2NTICO - 18abr2018 - ilha do Pico \">            <div class=\"box has-hover gallery-box box-none\">\n              <div class=\"box-image\" style=\"width:63%;\">\n                <img loading=\"lazy\" decoding=\"async\" width=\"280\" height=\"280\" src=\"https:\/\/www.montanheiros.com\/wp-content\/uploads\/2019\/05\/big8_1524561074-280x280.jpg\" class=\"attachment-thumbnail size-thumbnail\" alt=\"\" ids=\"6337,6338,6339,6340,6341,6342,6343,6344,6345,6346,6347,6348,6349,6350,6351,6352,6353,6354,6355,6356,6357,6358,6359,6360,6361,6362,6363,6364,6365,6366\" style=\"none\" type=\"slider\" columns=\"1\" image_width=\"63\" image_size=\"thumbnail\" text_align=\"center\" srcset=\"https:\/\/www.montanheiros.com\/wp-content\/uploads\/2019\/05\/big8_1524561074-280x280.jpg 280w, https:\/\/www.montanheiros.com\/wp-content\/uploads\/2019\/05\/big8_1524561074-300x300.jpg 300w, https:\/\/www.montanheiros.com\/wp-content\/uploads\/2019\/05\/big8_1524561074-100x100.jpg 100w\" sizes=\"auto, (max-width: 280px) 100vw, 280px\" \/>                                                              <\/div>\n              <div class=\"box-text text-center\" >\n                 <p>Subida \u00e0 Montanha do Pico com gelo - TOP do ATL\u00c2NTICO - 18abr2018 - ilha do Pico <\/p>\n              <\/div>\n            <\/div>\n            <\/a>          <\/div>\n         <\/div><div class=\"gallery-col col\" >\n          <div class=\"col-inner\">\n            <a class=\"image-lightbox lightbox-gallery\" href=\"https:\/\/www.montanheiros.com\/wp-content\/uploads\/2019\/05\/big2_1524561051-600x800.jpg\" title=\"Subida \u00e0 Montanha do Pico com gelo - TOP do ATL\u00c2NTICO - 18abr2018 - ilha do Pico \">            <div class=\"box has-hover gallery-box box-none\">\n              <div class=\"box-image\" style=\"width:63%;\">\n                <img loading=\"lazy\" decoding=\"async\" width=\"280\" height=\"280\" src=\"https:\/\/www.montanheiros.com\/wp-content\/uploads\/2019\/05\/big2_1524561051-280x280.jpg\" class=\"attachment-thumbnail size-thumbnail\" alt=\"\" ids=\"6337,6338,6339,6340,6341,6342,6343,6344,6345,6346,6347,6348,6349,6350,6351,6352,6353,6354,6355,6356,6357,6358,6359,6360,6361,6362,6363,6364,6365,6366\" style=\"none\" type=\"slider\" columns=\"1\" image_width=\"63\" image_size=\"thumbnail\" text_align=\"center\" srcset=\"https:\/\/www.montanheiros.com\/wp-content\/uploads\/2019\/05\/big2_1524561051-280x280.jpg 280w, https:\/\/www.montanheiros.com\/wp-content\/uploads\/2019\/05\/big2_1524561051-300x300.jpg 300w, https:\/\/www.montanheiros.com\/wp-content\/uploads\/2019\/05\/big2_1524561051-100x100.jpg 100w\" sizes=\"auto, (max-width: 280px) 100vw, 280px\" \/>                                                              <\/div>\n              <div class=\"box-text text-center\" >\n                 <p>Subida \u00e0 Montanha do Pico com gelo - TOP do ATL\u00c2NTICO - 18abr2018 - ilha do Pico <\/p>\n              <\/div>\n            <\/div>\n            <\/a>          <\/div>\n         <\/div><div class=\"gallery-col col\" >\n          <div class=\"col-inner\">\n            <a class=\"image-lightbox lightbox-gallery\" href=\"https:\/\/www.montanheiros.com\/wp-content\/uploads\/2019\/05\/big14_1524561080.jpg\" title=\"Subida \u00e0 Montanha do Pico com gelo - TOP do ATL\u00c2NTICO - 18abr2018 - ilha do Pico \">            <div class=\"box has-hover gallery-box box-none\">\n              <div class=\"box-image\" style=\"width:63%;\">\n                <img loading=\"lazy\" decoding=\"async\" width=\"280\" height=\"280\" src=\"https:\/\/www.montanheiros.com\/wp-content\/uploads\/2019\/05\/big14_1524561080-280x280.jpg\" class=\"attachment-thumbnail size-thumbnail\" alt=\"\" ids=\"6337,6338,6339,6340,6341,6342,6343,6344,6345,6346,6347,6348,6349,6350,6351,6352,6353,6354,6355,6356,6357,6358,6359,6360,6361,6362,6363,6364,6365,6366\" style=\"none\" type=\"slider\" columns=\"1\" image_width=\"63\" image_size=\"thumbnail\" text_align=\"center\" srcset=\"https:\/\/www.montanheiros.com\/wp-content\/uploads\/2019\/05\/big14_1524561080-280x280.jpg 280w, https:\/\/www.montanheiros.com\/wp-content\/uploads\/2019\/05\/big14_1524561080-300x300.jpg 300w, https:\/\/www.montanheiros.com\/wp-content\/uploads\/2019\/05\/big14_1524561080-100x100.jpg 100w\" sizes=\"auto, (max-width: 280px) 100vw, 280px\" \/>                                                              <\/div>\n              <div class=\"box-text text-center\" >\n                 <p>Subida \u00e0 Montanha do Pico com gelo - TOP do ATL\u00c2NTICO - 18abr2018 - ilha do Pico <\/p>\n              <\/div>\n            <\/div>\n            <\/a>          <\/div>\n         <\/div><div class=\"gallery-col col\" >\n          <div class=\"col-inner\">\n            <a class=\"image-lightbox lightbox-gallery\" href=\"https:\/\/www.montanheiros.com\/wp-content\/uploads\/2019\/05\/big6_1524561067.jpg\" title=\"Subida \u00e0 Montanha do Pico com gelo - TOP do ATL\u00c2NTICO - 18abr2018 - ilha do Pico \">            <div class=\"box has-hover gallery-box box-none\">\n              <div class=\"box-image\" style=\"width:63%;\">\n                <img loading=\"lazy\" decoding=\"async\" width=\"280\" height=\"280\" src=\"https:\/\/www.montanheiros.com\/wp-content\/uploads\/2019\/05\/big6_1524561067-280x280.jpg\" class=\"attachment-thumbnail size-thumbnail\" alt=\"\" ids=\"6337,6338,6339,6340,6341,6342,6343,6344,6345,6346,6347,6348,6349,6350,6351,6352,6353,6354,6355,6356,6357,6358,6359,6360,6361,6362,6363,6364,6365,6366\" style=\"none\" type=\"slider\" columns=\"1\" image_width=\"63\" image_size=\"thumbnail\" text_align=\"center\" srcset=\"https:\/\/www.montanheiros.com\/wp-content\/uploads\/2019\/05\/big6_1524561067-280x280.jpg 280w, https:\/\/www.montanheiros.com\/wp-content\/uploads\/2019\/05\/big6_1524561067-300x300.jpg 300w, https:\/\/www.montanheiros.com\/wp-content\/uploads\/2019\/05\/big6_1524561067-100x100.jpg 100w\" sizes=\"auto, (max-width: 280px) 100vw, 280px\" \/>                                                              <\/div>\n              <div class=\"box-text text-center\" >\n                 <p>Subida \u00e0 Montanha do Pico com gelo - TOP do ATL\u00c2NTICO - 18abr2018 - ilha do Pico <\/p>\n              <\/div>\n            <\/div>\n            <\/a>          <\/div>\n         <\/div><div class=\"gallery-col col\" >\n          <div class=\"col-inner\">\n            <a class=\"image-lightbox lightbox-gallery\" href=\"https:\/\/www.montanheiros.com\/wp-content\/uploads\/2019\/05\/big17_1524561135-600x800.jpg\" title=\"Subida \u00e0 Montanha do Pico com gelo - TOP do ATL\u00c2NTICO - 18abr2018 - ilha do Pico \">            <div class=\"box has-hover gallery-box box-none\">\n              <div class=\"box-image\" style=\"width:63%;\">\n                <img loading=\"lazy\" decoding=\"async\" width=\"280\" height=\"280\" src=\"https:\/\/www.montanheiros.com\/wp-content\/uploads\/2019\/05\/big17_1524561135-280x280.jpg\" class=\"attachment-thumbnail size-thumbnail\" alt=\"\" ids=\"6337,6338,6339,6340,6341,6342,6343,6344,6345,6346,6347,6348,6349,6350,6351,6352,6353,6354,6355,6356,6357,6358,6359,6360,6361,6362,6363,6364,6365,6366\" style=\"none\" type=\"slider\" columns=\"1\" image_width=\"63\" image_size=\"thumbnail\" text_align=\"center\" srcset=\"https:\/\/www.montanheiros.com\/wp-content\/uploads\/2019\/05\/big17_1524561135-280x280.jpg 280w, https:\/\/www.montanheiros.com\/wp-content\/uploads\/2019\/05\/big17_1524561135-300x300.jpg 300w, https:\/\/www.montanheiros.com\/wp-content\/uploads\/2019\/05\/big17_1524561135-100x100.jpg 100w\" sizes=\"auto, (max-width: 280px) 100vw, 280px\" \/>                                                              <\/div>\n              <div class=\"box-text text-center\" >\n                 <p>Subida \u00e0 Montanha do Pico com gelo - TOP do ATL\u00c2NTICO - 18abr2018 - ilha do Pico <\/p>\n              <\/div>\n            <\/div>\n            <\/a>          <\/div>\n         <\/div><div class=\"gallery-col col\" >\n          <div class=\"col-inner\">\n            <a class=\"image-lightbox lightbox-gallery\" href=\"https:\/\/www.montanheiros.com\/wp-content\/uploads\/2019\/05\/big3_1524561056.jpg\" title=\"Subida \u00e0 Montanha do Pico com gelo - TOP do ATL\u00c2NTICO - 18abr2018 - ilha do Pico \">            <div class=\"box has-hover gallery-box box-none\">\n              <div class=\"box-image\" style=\"width:63%;\">\n                <img loading=\"lazy\" decoding=\"async\" width=\"280\" height=\"280\" src=\"https:\/\/www.montanheiros.com\/wp-content\/uploads\/2019\/05\/big3_1524561056-280x280.jpg\" class=\"attachment-thumbnail size-thumbnail\" alt=\"\" ids=\"6337,6338,6339,6340,6341,6342,6343,6344,6345,6346,6347,6348,6349,6350,6351,6352,6353,6354,6355,6356,6357,6358,6359,6360,6361,6362,6363,6364,6365,6366\" style=\"none\" type=\"slider\" columns=\"1\" image_width=\"63\" image_size=\"thumbnail\" text_align=\"center\" srcset=\"https:\/\/www.montanheiros.com\/wp-content\/uploads\/2019\/05\/big3_1524561056-280x280.jpg 280w, https:\/\/www.montanheiros.com\/wp-content\/uploads\/2019\/05\/big3_1524561056-300x300.jpg 300w, https:\/\/www.montanheiros.com\/wp-content\/uploads\/2019\/05\/big3_1524561056-100x100.jpg 100w\" sizes=\"auto, (max-width: 280px) 100vw, 280px\" \/>                                                              <\/div>\n              <div class=\"box-text text-center\" >\n                 <p>Subida \u00e0 Montanha do Pico com gelo - TOP do ATL\u00c2NTICO - 18abr2018 - ilha do Pico <\/p>\n              <\/div>\n            <\/div>\n            <\/a>          <\/div>\n         <\/div><div class=\"gallery-col col\" >\n          <div class=\"col-inner\">\n            <a class=\"image-lightbox lightbox-gallery\" href=\"https:\/\/www.montanheiros.com\/wp-content\/uploads\/2019\/05\/big9_1524561074.jpg\" title=\"Subida \u00e0 Montanha do Pico com gelo - TOP do ATL\u00c2NTICO - 18abr2018 - ilha do Pico \">            <div class=\"box has-hover gallery-box box-none\">\n              <div class=\"box-image\" style=\"width:63%;\">\n                <img loading=\"lazy\" decoding=\"async\" width=\"280\" height=\"280\" src=\"https:\/\/www.montanheiros.com\/wp-content\/uploads\/2019\/05\/big9_1524561074-280x280.jpg\" class=\"attachment-thumbnail size-thumbnail\" alt=\"\" ids=\"6337,6338,6339,6340,6341,6342,6343,6344,6345,6346,6347,6348,6349,6350,6351,6352,6353,6354,6355,6356,6357,6358,6359,6360,6361,6362,6363,6364,6365,6366\" style=\"none\" type=\"slider\" columns=\"1\" image_width=\"63\" image_size=\"thumbnail\" text_align=\"center\" srcset=\"https:\/\/www.montanheiros.com\/wp-content\/uploads\/2019\/05\/big9_1524561074-280x280.jpg 280w, https:\/\/www.montanheiros.com\/wp-content\/uploads\/2019\/05\/big9_1524561074-300x300.jpg 300w, https:\/\/www.montanheiros.com\/wp-content\/uploads\/2019\/05\/big9_1524561074-100x100.jpg 100w\" sizes=\"auto, (max-width: 280px) 100vw, 280px\" \/>                                                              <\/div>\n              <div class=\"box-text text-center\" >\n                 <p>Subida \u00e0 Montanha do Pico com gelo - TOP do ATL\u00c2NTICO - 18abr2018 - ilha do Pico <\/p>\n              <\/div>\n            <\/div>\n            <\/a>          <\/div>\n         <\/div><div class=\"gallery-col col\" >\n          <div class=\"col-inner\">\n            <a class=\"image-lightbox lightbox-gallery\" href=\"https:\/\/www.montanheiros.com\/wp-content\/uploads\/2019\/05\/big11_1524561075.jpg\" title=\"Subida \u00e0 Montanha do Pico com gelo - TOP do ATL\u00c2NTICO - 18abr2018 - ilha do Pico \">            <div class=\"box has-hover gallery-box box-none\">\n              <div class=\"box-image\" style=\"width:63%;\">\n                <img loading=\"lazy\" decoding=\"async\" width=\"280\" height=\"280\" src=\"https:\/\/www.montanheiros.com\/wp-content\/uploads\/2019\/05\/big11_1524561075-280x280.jpg\" class=\"attachment-thumbnail size-thumbnail\" alt=\"\" ids=\"6337,6338,6339,6340,6341,6342,6343,6344,6345,6346,6347,6348,6349,6350,6351,6352,6353,6354,6355,6356,6357,6358,6359,6360,6361,6362,6363,6364,6365,6366\" style=\"none\" type=\"slider\" columns=\"1\" image_width=\"63\" image_size=\"thumbnail\" text_align=\"center\" srcset=\"https:\/\/www.montanheiros.com\/wp-content\/uploads\/2019\/05\/big11_1524561075-280x280.jpg 280w, https:\/\/www.montanheiros.com\/wp-content\/uploads\/2019\/05\/big11_1524561075-300x300.jpg 300w, https:\/\/www.montanheiros.com\/wp-content\/uploads\/2019\/05\/big11_1524561075-100x100.jpg 100w\" sizes=\"auto, (max-width: 280px) 100vw, 280px\" \/>                                                              <\/div>\n              <div class=\"box-text text-center\" >\n                 <p>Subida \u00e0 Montanha do Pico com gelo - TOP do ATL\u00c2NTICO - 18abr2018 - ilha do Pico <\/p>\n              <\/div>\n            <\/div>\n            <\/a>          <\/div>\n         <\/div><div class=\"gallery-col col\" >\n          <div class=\"col-inner\">\n            <a class=\"image-lightbox lightbox-gallery\" href=\"https:\/\/www.montanheiros.com\/wp-content\/uploads\/2019\/05\/big10_1524561074.jpg\" title=\"Subida \u00e0 Montanha do Pico com gelo - TOP do ATL\u00c2NTICO - 18abr2018 - ilha do Pico \">            <div class=\"box has-hover gallery-box box-none\">\n              <div class=\"box-image\" style=\"width:63%;\">\n                <img loading=\"lazy\" decoding=\"async\" width=\"280\" height=\"280\" src=\"https:\/\/www.montanheiros.com\/wp-content\/uploads\/2019\/05\/big10_1524561074-280x280.jpg\" class=\"attachment-thumbnail size-thumbnail\" alt=\"\" ids=\"6337,6338,6339,6340,6341,6342,6343,6344,6345,6346,6347,6348,6349,6350,6351,6352,6353,6354,6355,6356,6357,6358,6359,6360,6361,6362,6363,6364,6365,6366\" style=\"none\" type=\"slider\" columns=\"1\" image_width=\"63\" image_size=\"thumbnail\" text_align=\"center\" srcset=\"https:\/\/www.montanheiros.com\/wp-content\/uploads\/2019\/05\/big10_1524561074-280x280.jpg 280w, https:\/\/www.montanheiros.com\/wp-content\/uploads\/2019\/05\/big10_1524561074-300x300.jpg 300w, https:\/\/www.montanheiros.com\/wp-content\/uploads\/2019\/05\/big10_1524561074-100x100.jpg 100w\" sizes=\"auto, (max-width: 280px) 100vw, 280px\" \/>                                                              <\/div>\n              <div class=\"box-text text-center\" >\n                 <p>Subida \u00e0 Montanha do Pico com gelo - TOP do ATL\u00c2NTICO - 18abr2018 - ilha do Pico <\/p>\n              <\/div>\n            <\/div>\n            <\/a>          <\/div>\n         <\/div><\/div>\n\n\n\t\t<\/div>\n\t\t\t\t\t<\/div>\n\n\t\n\n<\/div>\n<div class=\"row row-dashed\"  id=\"row-697578196\">\n\n\n\t<div id=\"col-1173134334\" class=\"col medium-3 small-12 large-3\"  >\n\t\t\t\t<div class=\"col-inner\"  >\n\t\t\t\n\t\t\t\n\n<p>Passeio pedestre ao Mist\u00e9rio Velho, 25mar2018 &#8211; ilha Terceira<\/p>\n\n  \n    <div class=\"row large-columns-1 medium-columns- small-columns- row-full-width slider row-slider slider-nav-reveal\"  data-flickity-options='{\"imagesLoaded\": true, \"groupCells\": \"100%\", \"dragThreshold\" : 5, \"cellAlign\": \"left\",\"wrapAround\": true,\"prevNextButtons\": true,\"percentPosition\": true,\"pageDots\": false, \"rightToLeft\": false, \"autoPlay\" : false}'>\n\n  <div class=\"gallery-col col\" >\n          <div class=\"col-inner\">\n            <a class=\"image-lightbox lightbox-gallery\" href=\"https:\/\/www.montanheiros.com\/wp-content\/uploads\/2019\/05\/big2_1524562179.jpg\" title=\"Passeio pedestre ao Mist\u00e9rio Velho, 25mar2018 - ilha Terceira\">            <div class=\"box has-hover gallery-box box-none\">\n              <div class=\"box-image\" style=\"width:63%;\">\n                <img loading=\"lazy\" decoding=\"async\" width=\"280\" height=\"280\" src=\"https:\/\/www.montanheiros.com\/wp-content\/uploads\/2019\/05\/big2_1524562179-280x280.jpg\" class=\"attachment-thumbnail size-thumbnail\" alt=\"\" ids=\"6320,6321,6322,6323,6324,6325,6326,6327,6328,6329,6330,6331,6332,6333,6334,6335\" style=\"none\" type=\"slider\" columns=\"1\" image_width=\"63\" image_size=\"thumbnail\" text_align=\"center\" srcset=\"https:\/\/www.montanheiros.com\/wp-content\/uploads\/2019\/05\/big2_1524562179-280x280.jpg 280w, https:\/\/www.montanheiros.com\/wp-content\/uploads\/2019\/05\/big2_1524562179-300x300.jpg 300w, https:\/\/www.montanheiros.com\/wp-content\/uploads\/2019\/05\/big2_1524562179-100x100.jpg 100w\" sizes=\"auto, (max-width: 280px) 100vw, 280px\" \/>                                                              <\/div>\n              <div class=\"box-text text-center\" >\n                 <p>Passeio pedestre ao Mist\u00e9rio Velho, 25mar2018 - ilha Terceira<\/p>\n              <\/div>\n            <\/div>\n            <\/a>          <\/div>\n         <\/div><div class=\"gallery-col col\" >\n          <div class=\"col-inner\">\n            <a class=\"image-lightbox lightbox-gallery\" href=\"https:\/\/www.montanheiros.com\/wp-content\/uploads\/2019\/05\/big1_1524562174.jpg\" title=\"Passeio pedestre ao Mist\u00e9rio Velho, 25mar2018 - ilha Terceira\">            <div class=\"box has-hover gallery-box box-none\">\n              <div class=\"box-image\" style=\"width:63%;\">\n                <img loading=\"lazy\" decoding=\"async\" width=\"280\" height=\"280\" src=\"https:\/\/www.montanheiros.com\/wp-content\/uploads\/2019\/05\/big1_1524562174-280x280.jpg\" class=\"attachment-thumbnail size-thumbnail\" alt=\"\" ids=\"6320,6321,6322,6323,6324,6325,6326,6327,6328,6329,6330,6331,6332,6333,6334,6335\" style=\"none\" type=\"slider\" columns=\"1\" image_width=\"63\" image_size=\"thumbnail\" text_align=\"center\" srcset=\"https:\/\/www.montanheiros.com\/wp-content\/uploads\/2019\/05\/big1_1524562174-280x280.jpg 280w, https:\/\/www.montanheiros.com\/wp-content\/uploads\/2019\/05\/big1_1524562174-300x300.jpg 300w, https:\/\/www.montanheiros.com\/wp-content\/uploads\/2019\/05\/big1_1524562174-100x100.jpg 100w\" sizes=\"auto, (max-width: 280px) 100vw, 280px\" \/>                                                              <\/div>\n              <div class=\"box-text text-center\" >\n                 <p>Passeio pedestre ao Mist\u00e9rio Velho, 25mar2018 - ilha Terceira<\/p>\n              <\/div>\n            <\/div>\n            <\/a>          <\/div>\n         <\/div><div class=\"gallery-col col\" >\n          <div class=\"col-inner\">\n            <a class=\"image-lightbox lightbox-gallery\" href=\"https:\/\/www.montanheiros.com\/wp-content\/uploads\/2019\/05\/big10_1524562199.jpg\" title=\"Passeio pedestre ao Mist\u00e9rio Velho, 25mar2018 - ilha Terceira\">            <div class=\"box has-hover gallery-box box-none\">\n              <div class=\"box-image\" style=\"width:63%;\">\n                <img loading=\"lazy\" decoding=\"async\" width=\"280\" height=\"280\" src=\"https:\/\/www.montanheiros.com\/wp-content\/uploads\/2019\/05\/big10_1524562199-280x280.jpg\" class=\"attachment-thumbnail size-thumbnail\" alt=\"\" ids=\"6320,6321,6322,6323,6324,6325,6326,6327,6328,6329,6330,6331,6332,6333,6334,6335\" style=\"none\" type=\"slider\" columns=\"1\" image_width=\"63\" image_size=\"thumbnail\" text_align=\"center\" srcset=\"https:\/\/www.montanheiros.com\/wp-content\/uploads\/2019\/05\/big10_1524562199-280x280.jpg 280w, https:\/\/www.montanheiros.com\/wp-content\/uploads\/2019\/05\/big10_1524562199-300x300.jpg 300w, https:\/\/www.montanheiros.com\/wp-content\/uploads\/2019\/05\/big10_1524562199-100x100.jpg 100w\" sizes=\"auto, (max-width: 280px) 100vw, 280px\" \/>                                                              <\/div>\n              <div class=\"box-text text-center\" >\n                 <p>Passeio pedestre ao Mist\u00e9rio Velho, 25mar2018 - ilha Terceira<\/p>\n              <\/div>\n            <\/div>\n            <\/a>          <\/div>\n         <\/div><div class=\"gallery-col col\" >\n          <div class=\"col-inner\">\n            <a class=\"image-lightbox lightbox-gallery\" href=\"https:\/\/www.montanheiros.com\/wp-content\/uploads\/2019\/05\/big3_1524562182.jpg\" title=\"Passeio pedestre ao Mist\u00e9rio Velho, 25mar2018 - ilha Terceira\">            <div class=\"box has-hover gallery-box box-none\">\n              <div class=\"box-image\" style=\"width:63%;\">\n                <img loading=\"lazy\" decoding=\"async\" width=\"280\" height=\"280\" src=\"https:\/\/www.montanheiros.com\/wp-content\/uploads\/2019\/05\/big3_1524562182-280x280.jpg\" class=\"attachment-thumbnail size-thumbnail\" alt=\"\" ids=\"6320,6321,6322,6323,6324,6325,6326,6327,6328,6329,6330,6331,6332,6333,6334,6335\" style=\"none\" type=\"slider\" columns=\"1\" image_width=\"63\" image_size=\"thumbnail\" text_align=\"center\" srcset=\"https:\/\/www.montanheiros.com\/wp-content\/uploads\/2019\/05\/big3_1524562182-280x280.jpg 280w, https:\/\/www.montanheiros.com\/wp-content\/uploads\/2019\/05\/big3_1524562182-300x300.jpg 300w, https:\/\/www.montanheiros.com\/wp-content\/uploads\/2019\/05\/big3_1524562182-100x100.jpg 100w\" sizes=\"auto, (max-width: 280px) 100vw, 280px\" \/>                                                              <\/div>\n              <div class=\"box-text text-center\" >\n                 <p>Passeio pedestre ao Mist\u00e9rio Velho, 25mar2018 - ilha Terceira<\/p>\n              <\/div>\n            <\/div>\n            <\/a>          <\/div>\n         <\/div><div class=\"gallery-col col\" >\n          <div class=\"col-inner\">\n            <a class=\"image-lightbox lightbox-gallery\" href=\"https:\/\/www.montanheiros.com\/wp-content\/uploads\/2019\/05\/big4_1524562183.jpg\" title=\"Passeio pedestre ao Mist\u00e9rio Velho, 25mar2018 - ilha Terceira\">            <div class=\"box has-hover gallery-box box-none\">\n              <div class=\"box-image\" style=\"width:63%;\">\n                <img loading=\"lazy\" decoding=\"async\" width=\"280\" height=\"280\" src=\"https:\/\/www.montanheiros.com\/wp-content\/uploads\/2019\/05\/big4_1524562183-280x280.jpg\" class=\"attachment-thumbnail size-thumbnail\" alt=\"\" ids=\"6320,6321,6322,6323,6324,6325,6326,6327,6328,6329,6330,6331,6332,6333,6334,6335\" style=\"none\" type=\"slider\" columns=\"1\" image_width=\"63\" image_size=\"thumbnail\" text_align=\"center\" srcset=\"https:\/\/www.montanheiros.com\/wp-content\/uploads\/2019\/05\/big4_1524562183-280x280.jpg 280w, https:\/\/www.montanheiros.com\/wp-content\/uploads\/2019\/05\/big4_1524562183-300x300.jpg 300w, https:\/\/www.montanheiros.com\/wp-content\/uploads\/2019\/05\/big4_1524562183-100x100.jpg 100w\" sizes=\"auto, (max-width: 280px) 100vw, 280px\" \/>                                                              <\/div>\n              <div class=\"box-text text-center\" >\n                 <p>Passeio pedestre ao Mist\u00e9rio Velho, 25mar2018 - ilha Terceira<\/p>\n              <\/div>\n            <\/div>\n            <\/a>          <\/div>\n         <\/div><div class=\"gallery-col col\" >\n          <div class=\"col-inner\">\n            <a class=\"image-lightbox lightbox-gallery\" href=\"https:\/\/www.montanheiros.com\/wp-content\/uploads\/2019\/05\/big7_1524562190.jpg\" title=\"Passeio pedestre ao Mist\u00e9rio Velho, 25mar2018 - ilha Terceira\">            <div class=\"box has-hover gallery-box box-none\">\n              <div class=\"box-image\" style=\"width:63%;\">\n                <img loading=\"lazy\" decoding=\"async\" width=\"280\" height=\"280\" src=\"https:\/\/www.montanheiros.com\/wp-content\/uploads\/2019\/05\/big7_1524562190-280x280.jpg\" class=\"attachment-thumbnail size-thumbnail\" alt=\"\" ids=\"6320,6321,6322,6323,6324,6325,6326,6327,6328,6329,6330,6331,6332,6333,6334,6335\" style=\"none\" type=\"slider\" columns=\"1\" image_width=\"63\" image_size=\"thumbnail\" text_align=\"center\" srcset=\"https:\/\/www.montanheiros.com\/wp-content\/uploads\/2019\/05\/big7_1524562190-280x280.jpg 280w, https:\/\/www.montanheiros.com\/wp-content\/uploads\/2019\/05\/big7_1524562190-300x300.jpg 300w, https:\/\/www.montanheiros.com\/wp-content\/uploads\/2019\/05\/big7_1524562190-100x100.jpg 100w\" sizes=\"auto, (max-width: 280px) 100vw, 280px\" \/>                                                              <\/div>\n              <div class=\"box-text text-center\" >\n                 <p>Passeio pedestre ao Mist\u00e9rio Velho, 25mar2018 - ilha Terceira<\/p>\n              <\/div>\n            <\/div>\n            <\/a>          <\/div>\n         <\/div><div class=\"gallery-col col\" >\n          <div class=\"col-inner\">\n            <a class=\"image-lightbox lightbox-gallery\" href=\"https:\/\/www.montanheiros.com\/wp-content\/uploads\/2019\/05\/big8_1524562195.jpg\" title=\"Passeio pedestre ao Mist\u00e9rio Velho, 25mar2018 - ilha Terceira\">            <div class=\"box has-hover gallery-box box-none\">\n              <div class=\"box-image\" style=\"width:63%;\">\n                <img loading=\"lazy\" decoding=\"async\" width=\"280\" height=\"280\" src=\"https:\/\/www.montanheiros.com\/wp-content\/uploads\/2019\/05\/big8_1524562195-280x280.jpg\" class=\"attachment-thumbnail size-thumbnail\" alt=\"\" ids=\"6320,6321,6322,6323,6324,6325,6326,6327,6328,6329,6330,6331,6332,6333,6334,6335\" style=\"none\" type=\"slider\" columns=\"1\" image_width=\"63\" image_size=\"thumbnail\" text_align=\"center\" srcset=\"https:\/\/www.montanheiros.com\/wp-content\/uploads\/2019\/05\/big8_1524562195-280x280.jpg 280w, https:\/\/www.montanheiros.com\/wp-content\/uploads\/2019\/05\/big8_1524562195-300x300.jpg 300w, https:\/\/www.montanheiros.com\/wp-content\/uploads\/2019\/05\/big8_1524562195-100x100.jpg 100w\" sizes=\"auto, (max-width: 280px) 100vw, 280px\" \/>                                                              <\/div>\n              <div class=\"box-text text-center\" >\n                 <p>Passeio pedestre ao Mist\u00e9rio Velho, 25mar2018 - ilha Terceira<\/p>\n              <\/div>\n            <\/div>\n            <\/a>          <\/div>\n         <\/div><div class=\"gallery-col col\" >\n          <div class=\"col-inner\">\n            <a class=\"image-lightbox lightbox-gallery\" href=\"https:\/\/www.montanheiros.com\/wp-content\/uploads\/2019\/05\/big13_1524562203.jpg\" title=\"Passeio pedestre ao Mist\u00e9rio Velho, 25mar2018 - ilha Terceira\">            <div class=\"box has-hover gallery-box box-none\">\n              <div class=\"box-image\" style=\"width:63%;\">\n                <img loading=\"lazy\" decoding=\"async\" width=\"280\" height=\"280\" src=\"https:\/\/www.montanheiros.com\/wp-content\/uploads\/2019\/05\/big13_1524562203-280x280.jpg\" class=\"attachment-thumbnail size-thumbnail\" alt=\"\" ids=\"6320,6321,6322,6323,6324,6325,6326,6327,6328,6329,6330,6331,6332,6333,6334,6335\" style=\"none\" type=\"slider\" columns=\"1\" image_width=\"63\" image_size=\"thumbnail\" text_align=\"center\" srcset=\"https:\/\/www.montanheiros.com\/wp-content\/uploads\/2019\/05\/big13_1524562203-280x280.jpg 280w, https:\/\/www.montanheiros.com\/wp-content\/uploads\/2019\/05\/big13_1524562203-300x300.jpg 300w, https:\/\/www.montanheiros.com\/wp-content\/uploads\/2019\/05\/big13_1524562203-100x100.jpg 100w\" sizes=\"auto, (max-width: 280px) 100vw, 280px\" \/>                                                              <\/div>\n              <div class=\"box-text text-center\" >\n                 <p>Passeio pedestre ao Mist\u00e9rio Velho, 25mar2018 - ilha Terceira<\/p>\n              <\/div>\n            <\/div>\n            <\/a>          <\/div>\n         <\/div><div class=\"gallery-col col\" >\n          <div class=\"col-inner\">\n            <a class=\"image-lightbox lightbox-gallery\" href=\"https:\/\/www.montanheiros.com\/wp-content\/uploads\/2019\/05\/big15_1524562206.jpg\" title=\"Passeio pedestre ao Mist\u00e9rio Velho, 25mar2018 - ilha Terceira\">            <div class=\"box has-hover gallery-box box-none\">\n              <div class=\"box-image\" style=\"width:63%;\">\n                <img loading=\"lazy\" decoding=\"async\" width=\"280\" height=\"280\" src=\"https:\/\/www.montanheiros.com\/wp-content\/uploads\/2019\/05\/big15_1524562206-280x280.jpg\" class=\"attachment-thumbnail size-thumbnail\" alt=\"\" ids=\"6320,6321,6322,6323,6324,6325,6326,6327,6328,6329,6330,6331,6332,6333,6334,6335\" style=\"none\" type=\"slider\" columns=\"1\" image_width=\"63\" image_size=\"thumbnail\" text_align=\"center\" srcset=\"https:\/\/www.montanheiros.com\/wp-content\/uploads\/2019\/05\/big15_1524562206-280x280.jpg 280w, https:\/\/www.montanheiros.com\/wp-content\/uploads\/2019\/05\/big15_1524562206-300x300.jpg 300w, https:\/\/www.montanheiros.com\/wp-content\/uploads\/2019\/05\/big15_1524562206-100x100.jpg 100w\" sizes=\"auto, (max-width: 280px) 100vw, 280px\" \/>                                                              <\/div>\n              <div class=\"box-text text-center\" >\n                 <p>Passeio pedestre ao Mist\u00e9rio Velho, 25mar2018 - ilha Terceira<\/p>\n              <\/div>\n            <\/div>\n            <\/a>          <\/div>\n         <\/div><div class=\"gallery-col col\" >\n          <div class=\"col-inner\">\n            <a class=\"image-lightbox lightbox-gallery\" href=\"https:\/\/www.montanheiros.com\/wp-content\/uploads\/2019\/05\/big9_1524562198.jpg\" title=\"Passeio pedestre ao Mist\u00e9rio Velho, 25mar2018 - ilha Terceira\">            <div class=\"box has-hover gallery-box box-none\">\n              <div class=\"box-image\" style=\"width:63%;\">\n                <img loading=\"lazy\" decoding=\"async\" width=\"280\" height=\"280\" src=\"https:\/\/www.montanheiros.com\/wp-content\/uploads\/2019\/05\/big9_1524562198-280x280.jpg\" class=\"attachment-thumbnail size-thumbnail\" alt=\"\" ids=\"6320,6321,6322,6323,6324,6325,6326,6327,6328,6329,6330,6331,6332,6333,6334,6335\" style=\"none\" type=\"slider\" columns=\"1\" image_width=\"63\" image_size=\"thumbnail\" text_align=\"center\" srcset=\"https:\/\/www.montanheiros.com\/wp-content\/uploads\/2019\/05\/big9_1524562198-280x280.jpg 280w, https:\/\/www.montanheiros.com\/wp-content\/uploads\/2019\/05\/big9_1524562198-300x300.jpg 300w, https:\/\/www.montanheiros.com\/wp-content\/uploads\/2019\/05\/big9_1524562198-100x100.jpg 100w\" sizes=\"auto, (max-width: 280px) 100vw, 280px\" \/>                                                              <\/div>\n              <div class=\"box-text text-center\" >\n                 <p>Passeio pedestre ao Mist\u00e9rio Velho, 25mar2018 - ilha Terceira<\/p>\n              <\/div>\n            <\/div>\n            <\/a>          <\/div>\n         <\/div><div class=\"gallery-col col\" >\n          <div class=\"col-inner\">\n            <a class=\"image-lightbox lightbox-gallery\" href=\"https:\/\/www.montanheiros.com\/wp-content\/uploads\/2019\/05\/big6_1524562189.jpg\" title=\"Passeio pedestre ao Mist\u00e9rio Velho, 25mar2018 - ilha Terceira\">            <div class=\"box has-hover gallery-box box-none\">\n              <div class=\"box-image\" style=\"width:63%;\">\n                <img loading=\"lazy\" decoding=\"async\" width=\"280\" height=\"280\" src=\"https:\/\/www.montanheiros.com\/wp-content\/uploads\/2019\/05\/big6_1524562189-280x280.jpg\" class=\"attachment-thumbnail size-thumbnail\" alt=\"\" ids=\"6320,6321,6322,6323,6324,6325,6326,6327,6328,6329,6330,6331,6332,6333,6334,6335\" style=\"none\" type=\"slider\" columns=\"1\" image_width=\"63\" image_size=\"thumbnail\" text_align=\"center\" srcset=\"https:\/\/www.montanheiros.com\/wp-content\/uploads\/2019\/05\/big6_1524562189-280x280.jpg 280w, https:\/\/www.montanheiros.com\/wp-content\/uploads\/2019\/05\/big6_1524562189-300x300.jpg 300w, https:\/\/www.montanheiros.com\/wp-content\/uploads\/2019\/05\/big6_1524562189-100x100.jpg 100w\" sizes=\"auto, (max-width: 280px) 100vw, 280px\" \/>                                                              <\/div>\n              <div class=\"box-text text-center\" >\n                 <p>Passeio pedestre ao Mist\u00e9rio Velho, 25mar2018 - ilha Terceira<\/p>\n              <\/div>\n            <\/div>\n            <\/a>          <\/div>\n         <\/div><div class=\"gallery-col col\" >\n          <div class=\"col-inner\">\n            <a class=\"image-lightbox lightbox-gallery\" href=\"https:\/\/www.montanheiros.com\/wp-content\/uploads\/2019\/05\/big5_1524562187.jpg\" title=\"Passeio pedestre ao Mist\u00e9rio Velho, 25mar2018 - ilha Terceira\">            <div class=\"box has-hover gallery-box box-none\">\n              <div class=\"box-image\" style=\"width:63%;\">\n                <img loading=\"lazy\" decoding=\"async\" width=\"280\" height=\"280\" src=\"https:\/\/www.montanheiros.com\/wp-content\/uploads\/2019\/05\/big5_1524562187-280x280.jpg\" class=\"attachment-thumbnail size-thumbnail\" alt=\"\" ids=\"6320,6321,6322,6323,6324,6325,6326,6327,6328,6329,6330,6331,6332,6333,6334,6335\" style=\"none\" type=\"slider\" columns=\"1\" image_width=\"63\" image_size=\"thumbnail\" text_align=\"center\" srcset=\"https:\/\/www.montanheiros.com\/wp-content\/uploads\/2019\/05\/big5_1524562187-280x280.jpg 280w, https:\/\/www.montanheiros.com\/wp-content\/uploads\/2019\/05\/big5_1524562187-300x300.jpg 300w, https:\/\/www.montanheiros.com\/wp-content\/uploads\/2019\/05\/big5_1524562187-100x100.jpg 100w\" sizes=\"auto, (max-width: 280px) 100vw, 280px\" \/>                                                              <\/div>\n              <div class=\"box-text text-center\" >\n                 <p>Passeio pedestre ao Mist\u00e9rio Velho, 25mar2018 - ilha Terceira<\/p>\n              <\/div>\n            <\/div>\n            <\/a>          <\/div>\n         <\/div><div class=\"gallery-col col\" >\n          <div class=\"col-inner\">\n            <a class=\"image-lightbox lightbox-gallery\" href=\"https:\/\/www.montanheiros.com\/wp-content\/uploads\/2019\/05\/big12_1524562202.jpg\" title=\"Passeio pedestre ao Mist\u00e9rio Velho, 25mar2018 - ilha Terceira\">            <div class=\"box has-hover gallery-box box-none\">\n              <div class=\"box-image\" style=\"width:63%;\">\n                <img loading=\"lazy\" decoding=\"async\" width=\"280\" height=\"280\" src=\"https:\/\/www.montanheiros.com\/wp-content\/uploads\/2019\/05\/big12_1524562202-280x280.jpg\" class=\"attachment-thumbnail size-thumbnail\" alt=\"\" ids=\"6320,6321,6322,6323,6324,6325,6326,6327,6328,6329,6330,6331,6332,6333,6334,6335\" style=\"none\" type=\"slider\" columns=\"1\" image_width=\"63\" image_size=\"thumbnail\" text_align=\"center\" srcset=\"https:\/\/www.montanheiros.com\/wp-content\/uploads\/2019\/05\/big12_1524562202-280x280.jpg 280w, https:\/\/www.montanheiros.com\/wp-content\/uploads\/2019\/05\/big12_1524562202-300x300.jpg 300w, https:\/\/www.montanheiros.com\/wp-content\/uploads\/2019\/05\/big12_1524562202-100x100.jpg 100w\" sizes=\"auto, (max-width: 280px) 100vw, 280px\" \/>                                                              <\/div>\n              <div class=\"box-text text-center\" >\n                 <p>Passeio pedestre ao Mist\u00e9rio Velho, 25mar2018 - ilha Terceira<\/p>\n              <\/div>\n            <\/div>\n            <\/a>          <\/div>\n         <\/div><div class=\"gallery-col col\" >\n          <div class=\"col-inner\">\n            <a class=\"image-lightbox lightbox-gallery\" href=\"https:\/\/www.montanheiros.com\/wp-content\/uploads\/2019\/05\/big11_1524562202.jpg\" title=\"Passeio pedestre ao Mist\u00e9rio Velho, 25mar2018 - ilha Terceira\">            <div class=\"box has-hover gallery-box box-none\">\n              <div class=\"box-image\" style=\"width:63%;\">\n                <img loading=\"lazy\" decoding=\"async\" width=\"280\" height=\"280\" src=\"https:\/\/www.montanheiros.com\/wp-content\/uploads\/2019\/05\/big11_1524562202-280x280.jpg\" class=\"attachment-thumbnail size-thumbnail\" alt=\"\" ids=\"6320,6321,6322,6323,6324,6325,6326,6327,6328,6329,6330,6331,6332,6333,6334,6335\" style=\"none\" type=\"slider\" columns=\"1\" image_width=\"63\" image_size=\"thumbnail\" text_align=\"center\" srcset=\"https:\/\/www.montanheiros.com\/wp-content\/uploads\/2019\/05\/big11_1524562202-280x280.jpg 280w, https:\/\/www.montanheiros.com\/wp-content\/uploads\/2019\/05\/big11_1524562202-300x300.jpg 300w, https:\/\/www.montanheiros.com\/wp-content\/uploads\/2019\/05\/big11_1524562202-100x100.jpg 100w\" sizes=\"auto, (max-width: 280px) 100vw, 280px\" \/>                                                              <\/div>\n              <div class=\"box-text text-center\" >\n                 <p>Passeio pedestre ao Mist\u00e9rio Velho, 25mar2018 - ilha Terceira<\/p>\n              <\/div>\n            <\/div>\n            <\/a>          <\/div>\n         <\/div><div class=\"gallery-col col\" >\n          <div class=\"col-inner\">\n            <a class=\"image-lightbox lightbox-gallery\" href=\"https:\/\/www.montanheiros.com\/wp-content\/uploads\/2019\/05\/big16_1524562207.jpg\" title=\"Passeio pedestre ao Mist\u00e9rio Velho, 25mar2018 - ilha Terceira\">            <div class=\"box has-hover gallery-box box-none\">\n              <div class=\"box-image\" style=\"width:63%;\">\n                <img loading=\"lazy\" decoding=\"async\" width=\"280\" height=\"280\" src=\"https:\/\/www.montanheiros.com\/wp-content\/uploads\/2019\/05\/big16_1524562207-280x280.jpg\" class=\"attachment-thumbnail size-thumbnail\" alt=\"\" ids=\"6320,6321,6322,6323,6324,6325,6326,6327,6328,6329,6330,6331,6332,6333,6334,6335\" style=\"none\" type=\"slider\" columns=\"1\" image_width=\"63\" image_size=\"thumbnail\" text_align=\"center\" srcset=\"https:\/\/www.montanheiros.com\/wp-content\/uploads\/2019\/05\/big16_1524562207-280x280.jpg 280w, https:\/\/www.montanheiros.com\/wp-content\/uploads\/2019\/05\/big16_1524562207-300x300.jpg 300w, https:\/\/www.montanheiros.com\/wp-content\/uploads\/2019\/05\/big16_1524562207-100x100.jpg 100w\" sizes=\"auto, (max-width: 280px) 100vw, 280px\" \/>                                                              <\/div>\n              <div class=\"box-text text-center\" >\n                 <p>Passeio pedestre ao Mist\u00e9rio Velho, 25mar2018 - ilha Terceira<\/p>\n              <\/div>\n            <\/div>\n            <\/a>          <\/div>\n         <\/div><div class=\"gallery-col col\" >\n          <div class=\"col-inner\">\n            <a class=\"image-lightbox lightbox-gallery\" href=\"https:\/\/www.montanheiros.com\/wp-content\/uploads\/2019\/05\/big14_1524562206.jpg\" title=\"Passeio pedestre ao Mist\u00e9rio Velho, 25mar2018 - ilha Terceira\">            <div class=\"box has-hover gallery-box box-none\">\n              <div class=\"box-image\" style=\"width:63%;\">\n                <img loading=\"lazy\" decoding=\"async\" width=\"280\" height=\"280\" src=\"https:\/\/www.montanheiros.com\/wp-content\/uploads\/2019\/05\/big14_1524562206-280x280.jpg\" class=\"attachment-thumbnail size-thumbnail\" alt=\"\" ids=\"6320,6321,6322,6323,6324,6325,6326,6327,6328,6329,6330,6331,6332,6333,6334,6335\" style=\"none\" type=\"slider\" columns=\"1\" image_width=\"63\" image_size=\"thumbnail\" text_align=\"center\" srcset=\"https:\/\/www.montanheiros.com\/wp-content\/uploads\/2019\/05\/big14_1524562206-280x280.jpg 280w, https:\/\/www.montanheiros.com\/wp-content\/uploads\/2019\/05\/big14_1524562206-300x300.jpg 300w, https:\/\/www.montanheiros.com\/wp-content\/uploads\/2019\/05\/big14_1524562206-100x100.jpg 100w\" sizes=\"auto, (max-width: 280px) 100vw, 280px\" \/>                                                              <\/div>\n              <div class=\"box-text text-center\" >\n                 <p>Passeio pedestre ao Mist\u00e9rio Velho, 25mar2018 - ilha Terceira<\/p>\n              <\/div>\n            <\/div>\n            <\/a>          <\/div>\n         <\/div><\/div>\n\n\n\t\t<\/div>\n\t\t\t\t\t<\/div>\n\n\t\n\n<\/div>\n<div class=\"container section-title-container\" ><h4 class=\"section-title section-title-normal\"><b><\/b><span class=\"section-title-main\" >2017<\/span><b><\/b><\/h4><\/div>\n\n<div class=\"row row-dashed\"  id=\"row-1841265810\">\n\n\n\t<div id=\"col-40065304\" class=\"col medium-3 small-12 large-3\"  >\n\t\t\t\t<div class=\"col-inner\"  >\n\t\t\t\n\t\t\t\n\n<p>Passeio \u00e0s Relheiras e encerramento da temporada de caminhadas, ilha Terceira<\/p>\n\n  \n    <div class=\"row large-columns-1 medium-columns- small-columns- row-full-width slider row-slider slider-nav-reveal\"  data-flickity-options='{\"imagesLoaded\": true, \"groupCells\": \"100%\", \"dragThreshold\" : 5, \"cellAlign\": \"left\",\"wrapAround\": true,\"prevNextButtons\": true,\"percentPosition\": true,\"pageDots\": false, \"rightToLeft\": false, \"autoPlay\" : false}'>\n\n  <div class=\"gallery-col col\" >\n          <div class=\"col-inner\">\n            <a class=\"image-lightbox lightbox-gallery\" href=\"https:\/\/www.montanheiros.com\/wp-content\/uploads\/2019\/05\/big18_1509011453.jpg\" title=\"Passeio \u00e0s Relheiras e encerramento da temporada de caminhadas - ilha Terceira \">            <div class=\"box has-hover gallery-box box-none\">\n              <div class=\"box-image\" style=\"width:63%;\">\n                <img loading=\"lazy\" decoding=\"async\" width=\"280\" height=\"280\" src=\"https:\/\/www.montanheiros.com\/wp-content\/uploads\/2019\/05\/big18_1509011453-280x280.jpg\" class=\"attachment-thumbnail size-thumbnail\" alt=\"\" ids=\"6305,6306,6307,6308,6309,6310,6311,6312,6313,6314,6315,6316,6317,6318,6319\" style=\"none\" type=\"slider\" columns=\"1\" image_width=\"63\" image_size=\"thumbnail\" text_align=\"center\" srcset=\"https:\/\/www.montanheiros.com\/wp-content\/uploads\/2019\/05\/big18_1509011453-280x280.jpg 280w, https:\/\/www.montanheiros.com\/wp-content\/uploads\/2019\/05\/big18_1509011453-300x300.jpg 300w, https:\/\/www.montanheiros.com\/wp-content\/uploads\/2019\/05\/big18_1509011453-100x100.jpg 100w\" sizes=\"auto, (max-width: 280px) 100vw, 280px\" \/>                                                              <\/div>\n              <div class=\"box-text text-center\" >\n                 <p>Passeio \u00e0s Relheiras e encerramento da temporada de caminhadas - ilha Terceira <\/p>\n              <\/div>\n            <\/div>\n            <\/a>          <\/div>\n         <\/div><div class=\"gallery-col col\" >\n          <div class=\"col-inner\">\n            <a class=\"image-lightbox lightbox-gallery\" href=\"https:\/\/www.montanheiros.com\/wp-content\/uploads\/2019\/05\/big15_1509011449.jpg\" title=\"Passeio \u00e0s Relheiras e encerramento da temporada de caminhadas - ilha Terceira \">            <div class=\"box has-hover gallery-box box-none\">\n              <div class=\"box-image\" style=\"width:63%;\">\n                <img loading=\"lazy\" decoding=\"async\" width=\"280\" height=\"280\" src=\"https:\/\/www.montanheiros.com\/wp-content\/uploads\/2019\/05\/big15_1509011449-280x280.jpg\" class=\"attachment-thumbnail size-thumbnail\" alt=\"\" ids=\"6305,6306,6307,6308,6309,6310,6311,6312,6313,6314,6315,6316,6317,6318,6319\" style=\"none\" type=\"slider\" columns=\"1\" image_width=\"63\" image_size=\"thumbnail\" text_align=\"center\" srcset=\"https:\/\/www.montanheiros.com\/wp-content\/uploads\/2019\/05\/big15_1509011449-280x280.jpg 280w, https:\/\/www.montanheiros.com\/wp-content\/uploads\/2019\/05\/big15_1509011449-300x300.jpg 300w, https:\/\/www.montanheiros.com\/wp-content\/uploads\/2019\/05\/big15_1509011449-100x100.jpg 100w\" sizes=\"auto, (max-width: 280px) 100vw, 280px\" \/>                                                              <\/div>\n              <div class=\"box-text text-center\" >\n                 <p>Passeio \u00e0s Relheiras e encerramento da temporada de caminhadas - ilha Terceira <\/p>\n              <\/div>\n            <\/div>\n            <\/a>          <\/div>\n         <\/div><div class=\"gallery-col col\" >\n          <div class=\"col-inner\">\n            <a class=\"image-lightbox lightbox-gallery\" href=\"https:\/\/www.montanheiros.com\/wp-content\/uploads\/2019\/05\/big17_1509011451.jpg\" title=\"Passeio \u00e0s Relheiras e encerramento da temporada de caminhadas - ilha Terceira \">            <div class=\"box has-hover gallery-box box-none\">\n              <div class=\"box-image\" style=\"width:63%;\">\n                <img loading=\"lazy\" decoding=\"async\" width=\"280\" height=\"280\" src=\"https:\/\/www.montanheiros.com\/wp-content\/uploads\/2019\/05\/big17_1509011451-280x280.jpg\" class=\"attachment-thumbnail size-thumbnail\" alt=\"\" ids=\"6305,6306,6307,6308,6309,6310,6311,6312,6313,6314,6315,6316,6317,6318,6319\" style=\"none\" type=\"slider\" columns=\"1\" image_width=\"63\" image_size=\"thumbnail\" text_align=\"center\" srcset=\"https:\/\/www.montanheiros.com\/wp-content\/uploads\/2019\/05\/big17_1509011451-280x280.jpg 280w, https:\/\/www.montanheiros.com\/wp-content\/uploads\/2019\/05\/big17_1509011451-300x300.jpg 300w, https:\/\/www.montanheiros.com\/wp-content\/uploads\/2019\/05\/big17_1509011451-100x100.jpg 100w\" sizes=\"auto, (max-width: 280px) 100vw, 280px\" \/>                                                              <\/div>\n              <div class=\"box-text text-center\" >\n                 <p>Passeio \u00e0s Relheiras e encerramento da temporada de caminhadas - ilha Terceira <\/p>\n              <\/div>\n            <\/div>\n            <\/a>          <\/div>\n         <\/div><div class=\"gallery-col col\" >\n          <div class=\"col-inner\">\n            <a class=\"image-lightbox lightbox-gallery\" href=\"https:\/\/www.montanheiros.com\/wp-content\/uploads\/2019\/05\/big16_1509011450.jpg\" title=\"Passeio \u00e0s Relheiras e encerramento da temporada de caminhadas - ilha Terceira \">            <div class=\"box has-hover gallery-box box-none\">\n              <div class=\"box-image\" style=\"width:63%;\">\n                <img loading=\"lazy\" decoding=\"async\" width=\"280\" height=\"280\" src=\"https:\/\/www.montanheiros.com\/wp-content\/uploads\/2019\/05\/big16_1509011450-280x280.jpg\" class=\"attachment-thumbnail size-thumbnail\" alt=\"\" ids=\"6305,6306,6307,6308,6309,6310,6311,6312,6313,6314,6315,6316,6317,6318,6319\" style=\"none\" type=\"slider\" columns=\"1\" image_width=\"63\" image_size=\"thumbnail\" text_align=\"center\" srcset=\"https:\/\/www.montanheiros.com\/wp-content\/uploads\/2019\/05\/big16_1509011450-280x280.jpg 280w, https:\/\/www.montanheiros.com\/wp-content\/uploads\/2019\/05\/big16_1509011450-300x300.jpg 300w, https:\/\/www.montanheiros.com\/wp-content\/uploads\/2019\/05\/big16_1509011450-100x100.jpg 100w\" sizes=\"auto, (max-width: 280px) 100vw, 280px\" \/>                                                              <\/div>\n              <div class=\"box-text text-center\" >\n                 <p>Passeio \u00e0s Relheiras e encerramento da temporada de caminhadas - ilha Terceira <\/p>\n              <\/div>\n            <\/div>\n            <\/a>          <\/div>\n         <\/div><div class=\"gallery-col col\" >\n          <div class=\"col-inner\">\n            <a class=\"image-lightbox lightbox-gallery\" href=\"https:\/\/www.montanheiros.com\/wp-content\/uploads\/2019\/05\/big14_1509011447.jpg\" title=\"Passeio \u00e0s Relheiras e encerramento da temporada de caminhadas - ilha Terceira \">            <div class=\"box has-hover gallery-box box-none\">\n              <div class=\"box-image\" style=\"width:63%;\">\n                <img loading=\"lazy\" decoding=\"async\" width=\"280\" height=\"280\" src=\"https:\/\/www.montanheiros.com\/wp-content\/uploads\/2019\/05\/big14_1509011447-280x280.jpg\" class=\"attachment-thumbnail size-thumbnail\" alt=\"\" ids=\"6305,6306,6307,6308,6309,6310,6311,6312,6313,6314,6315,6316,6317,6318,6319\" style=\"none\" type=\"slider\" columns=\"1\" image_width=\"63\" image_size=\"thumbnail\" text_align=\"center\" srcset=\"https:\/\/www.montanheiros.com\/wp-content\/uploads\/2019\/05\/big14_1509011447-280x280.jpg 280w, https:\/\/www.montanheiros.com\/wp-content\/uploads\/2019\/05\/big14_1509011447-300x300.jpg 300w, https:\/\/www.montanheiros.com\/wp-content\/uploads\/2019\/05\/big14_1509011447-100x100.jpg 100w\" sizes=\"auto, (max-width: 280px) 100vw, 280px\" \/>                                                              <\/div>\n              <div class=\"box-text text-center\" >\n                 <p>Passeio \u00e0s Relheiras e encerramento da temporada de caminhadas - ilha Terceira <\/p>\n              <\/div>\n            <\/div>\n            <\/a>          <\/div>\n         <\/div><div class=\"gallery-col col\" >\n          <div class=\"col-inner\">\n            <a class=\"image-lightbox lightbox-gallery\" href=\"https:\/\/www.montanheiros.com\/wp-content\/uploads\/2019\/05\/big12_1509011441.jpg\" title=\"Passeio \u00e0s Relheiras e encerramento da temporada de caminhadas - ilha Terceira \">            <div class=\"box has-hover gallery-box box-none\">\n              <div class=\"box-image\" style=\"width:63%;\">\n                <img loading=\"lazy\" decoding=\"async\" width=\"280\" height=\"280\" src=\"https:\/\/www.montanheiros.com\/wp-content\/uploads\/2019\/05\/big12_1509011441-280x280.jpg\" class=\"attachment-thumbnail size-thumbnail\" alt=\"\" ids=\"6305,6306,6307,6308,6309,6310,6311,6312,6313,6314,6315,6316,6317,6318,6319\" style=\"none\" type=\"slider\" columns=\"1\" image_width=\"63\" image_size=\"thumbnail\" text_align=\"center\" srcset=\"https:\/\/www.montanheiros.com\/wp-content\/uploads\/2019\/05\/big12_1509011441-280x280.jpg 280w, https:\/\/www.montanheiros.com\/wp-content\/uploads\/2019\/05\/big12_1509011441-300x300.jpg 300w, https:\/\/www.montanheiros.com\/wp-content\/uploads\/2019\/05\/big12_1509011441-100x100.jpg 100w\" sizes=\"auto, (max-width: 280px) 100vw, 280px\" \/>                                                              <\/div>\n              <div class=\"box-text text-center\" >\n                 <p>Passeio \u00e0s Relheiras e encerramento da temporada de caminhadas - ilha Terceira <\/p>\n              <\/div>\n            <\/div>\n            <\/a>          <\/div>\n         <\/div><div class=\"gallery-col col\" >\n          <div class=\"col-inner\">\n            <a class=\"image-lightbox lightbox-gallery\" href=\"https:\/\/www.montanheiros.com\/wp-content\/uploads\/2019\/05\/big10_1509011215.jpg\" title=\"Passeio \u00e0s Relheiras e encerramento da temporada de caminhadas - ilha Terceira \">            <div class=\"box has-hover gallery-box box-none\">\n              <div class=\"box-image\" style=\"width:63%;\">\n                <img loading=\"lazy\" decoding=\"async\" width=\"280\" height=\"280\" src=\"https:\/\/www.montanheiros.com\/wp-content\/uploads\/2019\/05\/big10_1509011215-280x280.jpg\" class=\"attachment-thumbnail size-thumbnail\" alt=\"\" ids=\"6305,6306,6307,6308,6309,6310,6311,6312,6313,6314,6315,6316,6317,6318,6319\" style=\"none\" type=\"slider\" columns=\"1\" image_width=\"63\" image_size=\"thumbnail\" text_align=\"center\" srcset=\"https:\/\/www.montanheiros.com\/wp-content\/uploads\/2019\/05\/big10_1509011215-280x280.jpg 280w, https:\/\/www.montanheiros.com\/wp-content\/uploads\/2019\/05\/big10_1509011215-300x300.jpg 300w, https:\/\/www.montanheiros.com\/wp-content\/uploads\/2019\/05\/big10_1509011215-100x100.jpg 100w\" sizes=\"auto, (max-width: 280px) 100vw, 280px\" \/>                                                              <\/div>\n              <div class=\"box-text text-center\" >\n                 <p>Passeio \u00e0s Relheiras e encerramento da temporada de caminhadas - ilha Terceira <\/p>\n              <\/div>\n            <\/div>\n            <\/a>          <\/div>\n         <\/div><div class=\"gallery-col col\" >\n          <div class=\"col-inner\">\n            <a class=\"image-lightbox lightbox-gallery\" href=\"https:\/\/www.montanheiros.com\/wp-content\/uploads\/2019\/05\/big7_1509011210.jpg\" title=\"Passeio \u00e0s Relheiras e encerramento da temporada de caminhadas - ilha Terceira \">            <div class=\"box has-hover gallery-box box-none\">\n              <div class=\"box-image\" style=\"width:63%;\">\n                <img loading=\"lazy\" decoding=\"async\" width=\"280\" height=\"280\" src=\"https:\/\/www.montanheiros.com\/wp-content\/uploads\/2019\/05\/big7_1509011210-280x280.jpg\" class=\"attachment-thumbnail size-thumbnail\" alt=\"\" ids=\"6305,6306,6307,6308,6309,6310,6311,6312,6313,6314,6315,6316,6317,6318,6319\" style=\"none\" type=\"slider\" columns=\"1\" image_width=\"63\" image_size=\"thumbnail\" text_align=\"center\" srcset=\"https:\/\/www.montanheiros.com\/wp-content\/uploads\/2019\/05\/big7_1509011210-280x280.jpg 280w, https:\/\/www.montanheiros.com\/wp-content\/uploads\/2019\/05\/big7_1509011210-300x300.jpg 300w, https:\/\/www.montanheiros.com\/wp-content\/uploads\/2019\/05\/big7_1509011210-100x100.jpg 100w\" sizes=\"auto, (max-width: 280px) 100vw, 280px\" \/>                                                              <\/div>\n              <div class=\"box-text text-center\" >\n                 <p>Passeio \u00e0s Relheiras e encerramento da temporada de caminhadas - ilha Terceira <\/p>\n              <\/div>\n            <\/div>\n            <\/a>          <\/div>\n         <\/div><div class=\"gallery-col col\" >\n          <div class=\"col-inner\">\n            <a class=\"image-lightbox lightbox-gallery\" href=\"https:\/\/www.montanheiros.com\/wp-content\/uploads\/2019\/05\/big4_1509011204.jpg\" title=\"Passeio \u00e0s Relheiras e encerramento da temporada de caminhadas - ilha Terceira \">            <div class=\"box has-hover gallery-box box-none\">\n              <div class=\"box-image\" style=\"width:63%;\">\n                <img loading=\"lazy\" decoding=\"async\" width=\"280\" height=\"280\" src=\"https:\/\/www.montanheiros.com\/wp-content\/uploads\/2019\/05\/big4_1509011204-280x280.jpg\" class=\"attachment-thumbnail size-thumbnail\" alt=\"\" ids=\"6305,6306,6307,6308,6309,6310,6311,6312,6313,6314,6315,6316,6317,6318,6319\" style=\"none\" type=\"slider\" columns=\"1\" image_width=\"63\" image_size=\"thumbnail\" text_align=\"center\" srcset=\"https:\/\/www.montanheiros.com\/wp-content\/uploads\/2019\/05\/big4_1509011204-280x280.jpg 280w, https:\/\/www.montanheiros.com\/wp-content\/uploads\/2019\/05\/big4_1509011204-300x300.jpg 300w, https:\/\/www.montanheiros.com\/wp-content\/uploads\/2019\/05\/big4_1509011204-100x100.jpg 100w\" sizes=\"auto, (max-width: 280px) 100vw, 280px\" \/>                                                              <\/div>\n              <div class=\"box-text text-center\" >\n                 <p>Passeio \u00e0s Relheiras e encerramento da temporada de caminhadas - ilha Terceira <\/p>\n              <\/div>\n            <\/div>\n            <\/a>          <\/div>\n         <\/div><div class=\"gallery-col col\" >\n          <div class=\"col-inner\">\n            <a class=\"image-lightbox lightbox-gallery\" href=\"https:\/\/www.montanheiros.com\/wp-content\/uploads\/2019\/05\/big5_1509011207.jpg\" title=\"Passeio \u00e0s Relheiras e encerramento da temporada de caminhadas - ilha Terceira \">            <div class=\"box has-hover gallery-box box-none\">\n              <div class=\"box-image\" style=\"width:63%;\">\n                <img loading=\"lazy\" decoding=\"async\" width=\"280\" height=\"280\" src=\"https:\/\/www.montanheiros.com\/wp-content\/uploads\/2019\/05\/big5_1509011207-280x280.jpg\" class=\"attachment-thumbnail size-thumbnail\" alt=\"\" ids=\"6305,6306,6307,6308,6309,6310,6311,6312,6313,6314,6315,6316,6317,6318,6319\" style=\"none\" type=\"slider\" columns=\"1\" image_width=\"63\" image_size=\"thumbnail\" text_align=\"center\" srcset=\"https:\/\/www.montanheiros.com\/wp-content\/uploads\/2019\/05\/big5_1509011207-280x280.jpg 280w, https:\/\/www.montanheiros.com\/wp-content\/uploads\/2019\/05\/big5_1509011207-300x300.jpg 300w, https:\/\/www.montanheiros.com\/wp-content\/uploads\/2019\/05\/big5_1509011207-100x100.jpg 100w\" sizes=\"auto, (max-width: 280px) 100vw, 280px\" \/>                                                              <\/div>\n              <div class=\"box-text text-center\" >\n                 <p>Passeio \u00e0s Relheiras e encerramento da temporada de caminhadas - ilha Terceira <\/p>\n              <\/div>\n            <\/div>\n            <\/a>          <\/div>\n         <\/div><div class=\"gallery-col col\" >\n          <div class=\"col-inner\">\n            <a class=\"image-lightbox lightbox-gallery\" href=\"https:\/\/www.montanheiros.com\/wp-content\/uploads\/2019\/05\/big2_1509011199.jpg\" title=\"Passeio \u00e0s Relheiras e encerramento da temporada de caminhadas - ilha Terceira \">            <div class=\"box has-hover gallery-box box-none\">\n              <div class=\"box-image\" style=\"width:63%;\">\n                <img loading=\"lazy\" decoding=\"async\" width=\"280\" height=\"280\" src=\"https:\/\/www.montanheiros.com\/wp-content\/uploads\/2019\/05\/big2_1509011199-280x280.jpg\" class=\"attachment-thumbnail size-thumbnail\" alt=\"\" ids=\"6305,6306,6307,6308,6309,6310,6311,6312,6313,6314,6315,6316,6317,6318,6319\" style=\"none\" type=\"slider\" columns=\"1\" image_width=\"63\" image_size=\"thumbnail\" text_align=\"center\" srcset=\"https:\/\/www.montanheiros.com\/wp-content\/uploads\/2019\/05\/big2_1509011199-280x280.jpg 280w, https:\/\/www.montanheiros.com\/wp-content\/uploads\/2019\/05\/big2_1509011199-300x300.jpg 300w, https:\/\/www.montanheiros.com\/wp-content\/uploads\/2019\/05\/big2_1509011199-100x100.jpg 100w\" sizes=\"auto, (max-width: 280px) 100vw, 280px\" \/>                                                              <\/div>\n              <div class=\"box-text text-center\" >\n                 <p>Passeio \u00e0s Relheiras e encerramento da temporada de caminhadas - ilha Terceira <\/p>\n              <\/div>\n            <\/div>\n            <\/a>          <\/div>\n         <\/div><div class=\"gallery-col col\" >\n          <div class=\"col-inner\">\n            <a class=\"image-lightbox lightbox-gallery\" href=\"https:\/\/www.montanheiros.com\/wp-content\/uploads\/2019\/05\/big3_1509011203.jpg\" title=\"Passeio \u00e0s Relheiras e encerramento da temporada de caminhadas - ilha Terceira \">            <div class=\"box has-hover gallery-box box-none\">\n              <div class=\"box-image\" style=\"width:63%;\">\n                <img loading=\"lazy\" decoding=\"async\" width=\"280\" height=\"280\" src=\"https:\/\/www.montanheiros.com\/wp-content\/uploads\/2019\/05\/big3_1509011203-280x280.jpg\" class=\"attachment-thumbnail size-thumbnail\" alt=\"\" ids=\"6305,6306,6307,6308,6309,6310,6311,6312,6313,6314,6315,6316,6317,6318,6319\" style=\"none\" type=\"slider\" columns=\"1\" image_width=\"63\" image_size=\"thumbnail\" text_align=\"center\" srcset=\"https:\/\/www.montanheiros.com\/wp-content\/uploads\/2019\/05\/big3_1509011203-280x280.jpg 280w, https:\/\/www.montanheiros.com\/wp-content\/uploads\/2019\/05\/big3_1509011203-300x300.jpg 300w, https:\/\/www.montanheiros.com\/wp-content\/uploads\/2019\/05\/big3_1509011203-100x100.jpg 100w\" sizes=\"auto, (max-width: 280px) 100vw, 280px\" \/>                                                              <\/div>\n              <div class=\"box-text text-center\" >\n                 <p>Passeio \u00e0s Relheiras e encerramento da temporada de caminhadas - ilha Terceira <\/p>\n              <\/div>\n            <\/div>\n            <\/a>          <\/div>\n         <\/div><div class=\"gallery-col col\" >\n          <div class=\"col-inner\">\n            <a class=\"image-lightbox lightbox-gallery\" href=\"https:\/\/www.montanheiros.com\/wp-content\/uploads\/2019\/05\/big8_1509011212.jpg\" title=\"Passeio \u00e0s Relheiras e encerramento da temporada de caminhadas - ilha Terceira \">            <div class=\"box has-hover gallery-box box-none\">\n              <div class=\"box-image\" style=\"width:63%;\">\n                <img loading=\"lazy\" decoding=\"async\" width=\"280\" height=\"280\" src=\"https:\/\/www.montanheiros.com\/wp-content\/uploads\/2019\/05\/big8_1509011212-280x280.jpg\" class=\"attachment-thumbnail size-thumbnail\" alt=\"\" ids=\"6305,6306,6307,6308,6309,6310,6311,6312,6313,6314,6315,6316,6317,6318,6319\" style=\"none\" type=\"slider\" columns=\"1\" image_width=\"63\" image_size=\"thumbnail\" text_align=\"center\" srcset=\"https:\/\/www.montanheiros.com\/wp-content\/uploads\/2019\/05\/big8_1509011212-280x280.jpg 280w, https:\/\/www.montanheiros.com\/wp-content\/uploads\/2019\/05\/big8_1509011212-300x300.jpg 300w, https:\/\/www.montanheiros.com\/wp-content\/uploads\/2019\/05\/big8_1509011212-100x100.jpg 100w\" sizes=\"auto, (max-width: 280px) 100vw, 280px\" \/>                                                              <\/div>\n              <div class=\"box-text text-center\" >\n                 <p>Passeio \u00e0s Relheiras e encerramento da temporada de caminhadas - ilha Terceira <\/p>\n              <\/div>\n            <\/div>\n            <\/a>          <\/div>\n         <\/div><div class=\"gallery-col col\" >\n          <div class=\"col-inner\">\n            <a class=\"image-lightbox lightbox-gallery\" href=\"https:\/\/www.montanheiros.com\/wp-content\/uploads\/2019\/05\/big6_1509011209.jpg\" title=\"Passeio \u00e0s Relheiras e encerramento da temporada de caminhadas - ilha Terceira \">            <div class=\"box has-hover gallery-box box-none\">\n              <div class=\"box-image\" style=\"width:63%;\">\n                <img loading=\"lazy\" decoding=\"async\" width=\"280\" height=\"280\" src=\"https:\/\/www.montanheiros.com\/wp-content\/uploads\/2019\/05\/big6_1509011209-280x280.jpg\" class=\"attachment-thumbnail size-thumbnail\" alt=\"\" ids=\"6305,6306,6307,6308,6309,6310,6311,6312,6313,6314,6315,6316,6317,6318,6319\" style=\"none\" type=\"slider\" columns=\"1\" image_width=\"63\" image_size=\"thumbnail\" text_align=\"center\" srcset=\"https:\/\/www.montanheiros.com\/wp-content\/uploads\/2019\/05\/big6_1509011209-280x280.jpg 280w, https:\/\/www.montanheiros.com\/wp-content\/uploads\/2019\/05\/big6_1509011209-300x300.jpg 300w, https:\/\/www.montanheiros.com\/wp-content\/uploads\/2019\/05\/big6_1509011209-100x100.jpg 100w\" sizes=\"auto, (max-width: 280px) 100vw, 280px\" \/>                                                              <\/div>\n              <div class=\"box-text text-center\" >\n                 <p>Passeio \u00e0s Relheiras e encerramento da temporada de caminhadas - ilha Terceira <\/p>\n              <\/div>\n            <\/div>\n            <\/a>          <\/div>\n         <\/div><div class=\"gallery-col col\" >\n          <div class=\"col-inner\">\n            <a class=\"image-lightbox lightbox-gallery\" href=\"https:\/\/www.montanheiros.com\/wp-content\/uploads\/2019\/05\/big1_1509011197.jpg\" title=\"Passeio \u00e0s Relheiras e encerramento da temporada de caminhadas - ilha Terceira \">            <div class=\"box has-hover gallery-box box-none\">\n              <div class=\"box-image\" style=\"width:63%;\">\n                <img loading=\"lazy\" decoding=\"async\" width=\"280\" height=\"280\" src=\"https:\/\/www.montanheiros.com\/wp-content\/uploads\/2019\/05\/big1_1509011197-280x280.jpg\" class=\"attachment-thumbnail size-thumbnail\" alt=\"\" ids=\"6305,6306,6307,6308,6309,6310,6311,6312,6313,6314,6315,6316,6317,6318,6319\" style=\"none\" type=\"slider\" columns=\"1\" image_width=\"63\" image_size=\"thumbnail\" text_align=\"center\" srcset=\"https:\/\/www.montanheiros.com\/wp-content\/uploads\/2019\/05\/big1_1509011197-280x280.jpg 280w, https:\/\/www.montanheiros.com\/wp-content\/uploads\/2019\/05\/big1_1509011197-300x300.jpg 300w, https:\/\/www.montanheiros.com\/wp-content\/uploads\/2019\/05\/big1_1509011197-100x100.jpg 100w\" sizes=\"auto, (max-width: 280px) 100vw, 280px\" \/>                                                              <\/div>\n              <div class=\"box-text text-center\" >\n                 <p>Passeio \u00e0s Relheiras e encerramento da temporada de caminhadas - ilha Terceira <\/p>\n              <\/div>\n            <\/div>\n            <\/a>          <\/div>\n         <\/div><\/div>\n\n\n\t\t<\/div>\n\t\t\t\t\t<\/div>\n\n\t\n\n\t<div id=\"col-686497886\" class=\"col medium-3 small-12 large-3\"  >\n\t\t\t\t<div class=\"col-inner\"  >\n\t\t\t\n\t\t\t\n\n<p>Passeio pedestre &#8220;Minas da serra&#8221;, 8out2017 &#8211; ilha Terceira<\/p>\n\n  \n    <div class=\"row large-columns-1 medium-columns- small-columns- row-full-width slider row-slider slider-nav-reveal\"  data-flickity-options='{\"imagesLoaded\": true, \"groupCells\": \"100%\", \"dragThreshold\" : 5, \"cellAlign\": \"left\",\"wrapAround\": true,\"prevNextButtons\": true,\"percentPosition\": true,\"pageDots\": false, \"rightToLeft\": false, \"autoPlay\" : false}'>\n\n  <div class=\"gallery-col col\" >\n          <div class=\"col-inner\">\n            <a class=\"image-lightbox lightbox-gallery\" href=\"https:\/\/www.montanheiros.com\/wp-content\/uploads\/2019\/05\/big1_1508167118.jpg\" title=\"Passeio pedestre &quot;Minas da serra&quot;, 8out2017 - ilha Terceira\">            <div class=\"box has-hover gallery-box box-none\">\n              <div class=\"box-image\" style=\"width:63%;\">\n                <img loading=\"lazy\" decoding=\"async\" width=\"280\" height=\"280\" src=\"https:\/\/www.montanheiros.com\/wp-content\/uploads\/2019\/05\/big1_1508167118-280x280.jpg\" class=\"attachment-thumbnail size-thumbnail\" alt=\"\" ids=\"6292,6293,6294,6295,6296,6297,6298,6299,6300,6301,6302,6303\" style=\"none\" type=\"slider\" columns=\"1\" image_width=\"63\" image_size=\"thumbnail\" text_align=\"center\" srcset=\"https:\/\/www.montanheiros.com\/wp-content\/uploads\/2019\/05\/big1_1508167118-280x280.jpg 280w, https:\/\/www.montanheiros.com\/wp-content\/uploads\/2019\/05\/big1_1508167118-300x300.jpg 300w, https:\/\/www.montanheiros.com\/wp-content\/uploads\/2019\/05\/big1_1508167118-100x100.jpg 100w\" sizes=\"auto, (max-width: 280px) 100vw, 280px\" \/>                                                              <\/div>\n              <div class=\"box-text text-center\" >\n                 <p>Passeio pedestre \"Minas da serra\", 8out2017 - ilha Terceira<\/p>\n              <\/div>\n            <\/div>\n            <\/a>          <\/div>\n         <\/div><div class=\"gallery-col col\" >\n          <div class=\"col-inner\">\n            <a class=\"image-lightbox lightbox-gallery\" href=\"https:\/\/www.montanheiros.com\/wp-content\/uploads\/2019\/05\/big4_1508167122.jpg\" title=\"Passeio pedestre &quot;Minas da serra&quot;, 8out2017 - ilha Terceira\">            <div class=\"box has-hover gallery-box box-none\">\n              <div class=\"box-image\" style=\"width:63%;\">\n                <img loading=\"lazy\" decoding=\"async\" width=\"280\" height=\"280\" src=\"https:\/\/www.montanheiros.com\/wp-content\/uploads\/2019\/05\/big4_1508167122-280x280.jpg\" class=\"attachment-thumbnail size-thumbnail\" alt=\"\" ids=\"6292,6293,6294,6295,6296,6297,6298,6299,6300,6301,6302,6303\" style=\"none\" type=\"slider\" columns=\"1\" image_width=\"63\" image_size=\"thumbnail\" text_align=\"center\" srcset=\"https:\/\/www.montanheiros.com\/wp-content\/uploads\/2019\/05\/big4_1508167122-280x280.jpg 280w, https:\/\/www.montanheiros.com\/wp-content\/uploads\/2019\/05\/big4_1508167122-300x300.jpg 300w, https:\/\/www.montanheiros.com\/wp-content\/uploads\/2019\/05\/big4_1508167122-100x100.jpg 100w\" sizes=\"auto, (max-width: 280px) 100vw, 280px\" \/>                                                              <\/div>\n              <div class=\"box-text text-center\" >\n                 <p>Passeio pedestre \"Minas da serra\", 8out2017 - ilha Terceira<\/p>\n              <\/div>\n            <\/div>\n            <\/a>          <\/div>\n         <\/div><div class=\"gallery-col col\" >\n          <div class=\"col-inner\">\n            <a class=\"image-lightbox lightbox-gallery\" href=\"https:\/\/www.montanheiros.com\/wp-content\/uploads\/2019\/05\/big3_1508167122.jpg\" title=\"Passeio pedestre &quot;Minas da serra&quot;, 8out2017 - ilha Terceira\">            <div class=\"box has-hover gallery-box box-none\">\n              <div class=\"box-image\" style=\"width:63%;\">\n                <img loading=\"lazy\" decoding=\"async\" width=\"280\" height=\"280\" src=\"https:\/\/www.montanheiros.com\/wp-content\/uploads\/2019\/05\/big3_1508167122-280x280.jpg\" class=\"attachment-thumbnail size-thumbnail\" alt=\"\" ids=\"6292,6293,6294,6295,6296,6297,6298,6299,6300,6301,6302,6303\" style=\"none\" type=\"slider\" columns=\"1\" image_width=\"63\" image_size=\"thumbnail\" text_align=\"center\" srcset=\"https:\/\/www.montanheiros.com\/wp-content\/uploads\/2019\/05\/big3_1508167122-280x280.jpg 280w, https:\/\/www.montanheiros.com\/wp-content\/uploads\/2019\/05\/big3_1508167122-300x300.jpg 300w, https:\/\/www.montanheiros.com\/wp-content\/uploads\/2019\/05\/big3_1508167122-100x100.jpg 100w\" sizes=\"auto, (max-width: 280px) 100vw, 280px\" \/>                                                              <\/div>\n              <div class=\"box-text text-center\" >\n                 <p>Passeio pedestre \"Minas da serra\", 8out2017 - ilha Terceira<\/p>\n              <\/div>\n            <\/div>\n            <\/a>          <\/div>\n         <\/div><div class=\"gallery-col col\" >\n          <div class=\"col-inner\">\n            <a class=\"image-lightbox lightbox-gallery\" href=\"https:\/\/www.montanheiros.com\/wp-content\/uploads\/2019\/05\/big2_1508167122.jpg\" title=\"Passeio pedestre &quot;Minas da serra&quot;, 8out2017 - ilha Terceira\">            <div class=\"box has-hover gallery-box box-none\">\n              <div class=\"box-image\" style=\"width:63%;\">\n                <img loading=\"lazy\" decoding=\"async\" width=\"280\" height=\"280\" src=\"https:\/\/www.montanheiros.com\/wp-content\/uploads\/2019\/05\/big2_1508167122-280x280.jpg\" class=\"attachment-thumbnail size-thumbnail\" alt=\"\" ids=\"6292,6293,6294,6295,6296,6297,6298,6299,6300,6301,6302,6303\" style=\"none\" type=\"slider\" columns=\"1\" image_width=\"63\" image_size=\"thumbnail\" text_align=\"center\" srcset=\"https:\/\/www.montanheiros.com\/wp-content\/uploads\/2019\/05\/big2_1508167122-280x280.jpg 280w, https:\/\/www.montanheiros.com\/wp-content\/uploads\/2019\/05\/big2_1508167122-300x300.jpg 300w, https:\/\/www.montanheiros.com\/wp-content\/uploads\/2019\/05\/big2_1508167122-100x100.jpg 100w\" sizes=\"auto, (max-width: 280px) 100vw, 280px\" \/>                                                              <\/div>\n              <div class=\"box-text text-center\" >\n                 <p>Passeio pedestre \"Minas da serra\", 8out2017 - ilha Terceira<\/p>\n              <\/div>\n            <\/div>\n            <\/a>          <\/div>\n         <\/div><div class=\"gallery-col col\" >\n          <div class=\"col-inner\">\n            <a class=\"image-lightbox lightbox-gallery\" href=\"https:\/\/www.montanheiros.com\/wp-content\/uploads\/2019\/05\/big5_1508167123.jpg\" title=\"Passeio pedestre &quot;Minas da serra&quot;, 8out2017 - ilha Terceira\">            <div class=\"box has-hover gallery-box box-none\">\n              <div class=\"box-image\" style=\"width:63%;\">\n                <img loading=\"lazy\" decoding=\"async\" width=\"280\" height=\"280\" src=\"https:\/\/www.montanheiros.com\/wp-content\/uploads\/2019\/05\/big5_1508167123-280x280.jpg\" class=\"attachment-thumbnail size-thumbnail\" alt=\"\" ids=\"6292,6293,6294,6295,6296,6297,6298,6299,6300,6301,6302,6303\" style=\"none\" type=\"slider\" columns=\"1\" image_width=\"63\" image_size=\"thumbnail\" text_align=\"center\" srcset=\"https:\/\/www.montanheiros.com\/wp-content\/uploads\/2019\/05\/big5_1508167123-280x280.jpg 280w, https:\/\/www.montanheiros.com\/wp-content\/uploads\/2019\/05\/big5_1508167123-300x300.jpg 300w, https:\/\/www.montanheiros.com\/wp-content\/uploads\/2019\/05\/big5_1508167123-100x100.jpg 100w\" sizes=\"auto, (max-width: 280px) 100vw, 280px\" \/>                                                              <\/div>\n              <div class=\"box-text text-center\" >\n                 <p>Passeio pedestre \"Minas da serra\", 8out2017 - ilha Terceira<\/p>\n              <\/div>\n            <\/div>\n            <\/a>          <\/div>\n         <\/div><div class=\"gallery-col col\" >\n          <div class=\"col-inner\">\n            <a class=\"image-lightbox lightbox-gallery\" href=\"https:\/\/www.montanheiros.com\/wp-content\/uploads\/2019\/05\/big8_1508167607.jpg\" title=\"Passeio pedestre &quot;Minas da serra&quot;, 8out2017 - ilha Terceira\">            <div class=\"box has-hover gallery-box box-none\">\n              <div class=\"box-image\" style=\"width:63%;\">\n                <img loading=\"lazy\" decoding=\"async\" width=\"280\" height=\"280\" src=\"https:\/\/www.montanheiros.com\/wp-content\/uploads\/2019\/05\/big8_1508167607-280x280.jpg\" class=\"attachment-thumbnail size-thumbnail\" alt=\"\" ids=\"6292,6293,6294,6295,6296,6297,6298,6299,6300,6301,6302,6303\" style=\"none\" type=\"slider\" columns=\"1\" image_width=\"63\" image_size=\"thumbnail\" text_align=\"center\" srcset=\"https:\/\/www.montanheiros.com\/wp-content\/uploads\/2019\/05\/big8_1508167607-280x280.jpg 280w, https:\/\/www.montanheiros.com\/wp-content\/uploads\/2019\/05\/big8_1508167607-300x300.jpg 300w, https:\/\/www.montanheiros.com\/wp-content\/uploads\/2019\/05\/big8_1508167607-100x100.jpg 100w\" sizes=\"auto, (max-width: 280px) 100vw, 280px\" \/>                                                              <\/div>\n              <div class=\"box-text text-center\" >\n                 <p>Passeio pedestre \"Minas da serra\", 8out2017 - ilha Terceira<\/p>\n              <\/div>\n            <\/div>\n            <\/a>          <\/div>\n         <\/div><div class=\"gallery-col col\" >\n          <div class=\"col-inner\">\n            <a class=\"image-lightbox lightbox-gallery\" href=\"https:\/\/www.montanheiros.com\/wp-content\/uploads\/2019\/05\/big10_1508167608.jpg\" title=\"Passeio pedestre &quot;Minas da serra&quot;, 8out2017 - ilha Terceira\">            <div class=\"box has-hover gallery-box box-none\">\n              <div class=\"box-image\" style=\"width:63%;\">\n                <img loading=\"lazy\" decoding=\"async\" width=\"280\" height=\"280\" src=\"https:\/\/www.montanheiros.com\/wp-content\/uploads\/2019\/05\/big10_1508167608-280x280.jpg\" class=\"attachment-thumbnail size-thumbnail\" alt=\"\" ids=\"6292,6293,6294,6295,6296,6297,6298,6299,6300,6301,6302,6303\" style=\"none\" type=\"slider\" columns=\"1\" image_width=\"63\" image_size=\"thumbnail\" text_align=\"center\" srcset=\"https:\/\/www.montanheiros.com\/wp-content\/uploads\/2019\/05\/big10_1508167608-280x280.jpg 280w, https:\/\/www.montanheiros.com\/wp-content\/uploads\/2019\/05\/big10_1508167608-300x300.jpg 300w, https:\/\/www.montanheiros.com\/wp-content\/uploads\/2019\/05\/big10_1508167608-100x100.jpg 100w\" sizes=\"auto, (max-width: 280px) 100vw, 280px\" \/>                                                              <\/div>\n              <div class=\"box-text text-center\" >\n                 <p>Passeio pedestre \"Minas da serra\", 8out2017 - ilha Terceira<\/p>\n              <\/div>\n            <\/div>\n            <\/a>          <\/div>\n         <\/div><div class=\"gallery-col col\" >\n          <div class=\"col-inner\">\n            <a class=\"image-lightbox lightbox-gallery\" href=\"https:\/\/www.montanheiros.com\/wp-content\/uploads\/2019\/05\/big12_1508167613.jpg\" title=\"Passeio pedestre &quot;Minas da serra&quot;, 8out2017 - ilha Terceira\">            <div class=\"box has-hover gallery-box box-none\">\n              <div class=\"box-image\" style=\"width:63%;\">\n                <img loading=\"lazy\" decoding=\"async\" width=\"280\" height=\"280\" src=\"https:\/\/www.montanheiros.com\/wp-content\/uploads\/2019\/05\/big12_1508167613-280x280.jpg\" class=\"attachment-thumbnail size-thumbnail\" alt=\"\" ids=\"6292,6293,6294,6295,6296,6297,6298,6299,6300,6301,6302,6303\" style=\"none\" type=\"slider\" columns=\"1\" image_width=\"63\" image_size=\"thumbnail\" text_align=\"center\" srcset=\"https:\/\/www.montanheiros.com\/wp-content\/uploads\/2019\/05\/big12_1508167613-280x280.jpg 280w, https:\/\/www.montanheiros.com\/wp-content\/uploads\/2019\/05\/big12_1508167613-300x300.jpg 300w, https:\/\/www.montanheiros.com\/wp-content\/uploads\/2019\/05\/big12_1508167613-100x100.jpg 100w\" sizes=\"auto, (max-width: 280px) 100vw, 280px\" \/>                                                              <\/div>\n              <div class=\"box-text text-center\" >\n                 <p>Passeio pedestre \"Minas da serra\", 8out2017 - ilha Terceira<\/p>\n              <\/div>\n            <\/div>\n            <\/a>          <\/div>\n         <\/div><div class=\"gallery-col col\" >\n          <div class=\"col-inner\">\n            <a class=\"image-lightbox lightbox-gallery\" href=\"https:\/\/www.montanheiros.com\/wp-content\/uploads\/2019\/05\/big9_1508167608.jpg\" title=\"Passeio pedestre &quot;Minas da serra&quot;, 8out2017 - ilha Terceira\">            <div class=\"box has-hover gallery-box box-none\">\n              <div class=\"box-image\" style=\"width:63%;\">\n                <img loading=\"lazy\" decoding=\"async\" width=\"280\" height=\"280\" src=\"https:\/\/www.montanheiros.com\/wp-content\/uploads\/2019\/05\/big9_1508167608-280x280.jpg\" class=\"attachment-thumbnail size-thumbnail\" alt=\"\" ids=\"6292,6293,6294,6295,6296,6297,6298,6299,6300,6301,6302,6303\" style=\"none\" type=\"slider\" columns=\"1\" image_width=\"63\" image_size=\"thumbnail\" text_align=\"center\" srcset=\"https:\/\/www.montanheiros.com\/wp-content\/uploads\/2019\/05\/big9_1508167608-280x280.jpg 280w, https:\/\/www.montanheiros.com\/wp-content\/uploads\/2019\/05\/big9_1508167608-300x300.jpg 300w, https:\/\/www.montanheiros.com\/wp-content\/uploads\/2019\/05\/big9_1508167608-100x100.jpg 100w\" sizes=\"auto, (max-width: 280px) 100vw, 280px\" \/>                                                              <\/div>\n              <div class=\"box-text text-center\" >\n                 <p>Passeio pedestre \"Minas da serra\", 8out2017 - ilha Terceira<\/p>\n              <\/div>\n            <\/div>\n            <\/a>          <\/div>\n         <\/div><div class=\"gallery-col col\" >\n          <div class=\"col-inner\">\n            <a class=\"image-lightbox lightbox-gallery\" href=\"https:\/\/www.montanheiros.com\/wp-content\/uploads\/2019\/05\/big11_1508167609.jpg\" title=\"Passeio pedestre &quot;Minas da serra&quot;, 8out2017 - ilha Terceira\">            <div class=\"box has-hover gallery-box box-none\">\n              <div class=\"box-image\" style=\"width:63%;\">\n                <img loading=\"lazy\" decoding=\"async\" width=\"280\" height=\"280\" src=\"https:\/\/www.montanheiros.com\/wp-content\/uploads\/2019\/05\/big11_1508167609-280x280.jpg\" class=\"attachment-thumbnail size-thumbnail\" alt=\"\" ids=\"6292,6293,6294,6295,6296,6297,6298,6299,6300,6301,6302,6303\" style=\"none\" type=\"slider\" columns=\"1\" image_width=\"63\" image_size=\"thumbnail\" text_align=\"center\" srcset=\"https:\/\/www.montanheiros.com\/wp-content\/uploads\/2019\/05\/big11_1508167609-280x280.jpg 280w, https:\/\/www.montanheiros.com\/wp-content\/uploads\/2019\/05\/big11_1508167609-300x300.jpg 300w, https:\/\/www.montanheiros.com\/wp-content\/uploads\/2019\/05\/big11_1508167609-100x100.jpg 100w\" sizes=\"auto, (max-width: 280px) 100vw, 280px\" \/>                                                              <\/div>\n              <div class=\"box-text text-center\" >\n                 <p>Passeio pedestre \"Minas da serra\", 8out2017 - ilha Terceira<\/p>\n              <\/div>\n            <\/div>\n            <\/a>          <\/div>\n         <\/div><div class=\"gallery-col col\" >\n          <div class=\"col-inner\">\n            <a class=\"image-lightbox lightbox-gallery\" href=\"https:\/\/www.montanheiros.com\/wp-content\/uploads\/2019\/05\/big6_1508167603.jpg\" title=\"Passeio pedestre &quot;Minas da serra&quot;, 8out2017 - ilha Terceira\">            <div class=\"box has-hover gallery-box box-none\">\n              <div class=\"box-image\" style=\"width:63%;\">\n                <img loading=\"lazy\" decoding=\"async\" width=\"280\" height=\"280\" src=\"https:\/\/www.montanheiros.com\/wp-content\/uploads\/2019\/05\/big6_1508167603-280x280.jpg\" class=\"attachment-thumbnail size-thumbnail\" alt=\"\" ids=\"6292,6293,6294,6295,6296,6297,6298,6299,6300,6301,6302,6303\" style=\"none\" type=\"slider\" columns=\"1\" image_width=\"63\" image_size=\"thumbnail\" text_align=\"center\" srcset=\"https:\/\/www.montanheiros.com\/wp-content\/uploads\/2019\/05\/big6_1508167603-280x280.jpg 280w, https:\/\/www.montanheiros.com\/wp-content\/uploads\/2019\/05\/big6_1508167603-300x300.jpg 300w, https:\/\/www.montanheiros.com\/wp-content\/uploads\/2019\/05\/big6_1508167603-100x100.jpg 100w\" sizes=\"auto, (max-width: 280px) 100vw, 280px\" \/>                                                              <\/div>\n              <div class=\"box-text text-center\" >\n                 <p>Passeio pedestre \"Minas da serra\", 8out2017 - ilha Terceira<\/p>\n              <\/div>\n            <\/div>\n            <\/a>          <\/div>\n         <\/div><div class=\"gallery-col col\" >\n          <div class=\"col-inner\">\n            <a class=\"image-lightbox lightbox-gallery\" href=\"https:\/\/www.montanheiros.com\/wp-content\/uploads\/2019\/05\/big7_1508167605.jpg\" title=\"Passeio pedestre &quot;Minas da serra&quot;, 8out2017 - ilha Terceira\">            <div class=\"box has-hover gallery-box box-none\">\n              <div class=\"box-image\" style=\"width:63%;\">\n                <img loading=\"lazy\" decoding=\"async\" width=\"280\" height=\"280\" src=\"https:\/\/www.montanheiros.com\/wp-content\/uploads\/2019\/05\/big7_1508167605-280x280.jpg\" class=\"attachment-thumbnail size-thumbnail\" alt=\"\" ids=\"6292,6293,6294,6295,6296,6297,6298,6299,6300,6301,6302,6303\" style=\"none\" type=\"slider\" columns=\"1\" image_width=\"63\" image_size=\"thumbnail\" text_align=\"center\" srcset=\"https:\/\/www.montanheiros.com\/wp-content\/uploads\/2019\/05\/big7_1508167605-280x280.jpg 280w, https:\/\/www.montanheiros.com\/wp-content\/uploads\/2019\/05\/big7_1508167605-300x300.jpg 300w, https:\/\/www.montanheiros.com\/wp-content\/uploads\/2019\/05\/big7_1508167605-100x100.jpg 100w\" sizes=\"auto, (max-width: 280px) 100vw, 280px\" \/>                                                              <\/div>\n              <div class=\"box-text text-center\" >\n                 <p>Passeio pedestre \"Minas da serra\", 8out2017 - ilha Terceira<\/p>\n              <\/div>\n            <\/div>\n            <\/a>          <\/div>\n         <\/div><\/div>\n\n\n\t\t<\/div>\n\t\t\t\t\t<\/div>\n\n\t\n\n\t<div id=\"col-515756976\" class=\"col medium-3 small-12 large-3\"  >\n\t\t\t\t<div class=\"col-inner\"  >\n\t\t\t\n\t\t\t\n\n<p>Passeio \u00e0s Faj\u00e3s da Serreta, 03set2017 &#8211; ilha Terceira<\/p>\n\n  \n    <div class=\"row large-columns-1 medium-columns- small-columns- row-full-width slider row-slider slider-nav-reveal\"  data-flickity-options='{\"imagesLoaded\": true, \"groupCells\": \"100%\", \"dragThreshold\" : 5, \"cellAlign\": \"left\",\"wrapAround\": true,\"prevNextButtons\": true,\"percentPosition\": true,\"pageDots\": false, \"rightToLeft\": false, \"autoPlay\" : false}'>\n\n  <div class=\"gallery-col col\" >\n          <div class=\"col-inner\">\n            <a class=\"image-lightbox lightbox-gallery\" href=\"https:\/\/www.montanheiros.com\/wp-content\/uploads\/2019\/05\/big6_1504792839.jpg\" title=\"Passeio \u00e0s Faj\u00e3s da Serreta, 03set2017 - ilha Terceira\">            <div class=\"box has-hover gallery-box box-none\">\n              <div class=\"box-image\" style=\"width:63%;\">\n                <img loading=\"lazy\" decoding=\"async\" width=\"280\" height=\"280\" src=\"https:\/\/www.montanheiros.com\/wp-content\/uploads\/2019\/05\/big6_1504792839-280x280.jpg\" class=\"attachment-thumbnail size-thumbnail\" alt=\"\" ids=\"6278,6279,6280,6281,6282,6283,6284,6285,6286,6287,6288,6289,6290\" style=\"none\" type=\"slider\" columns=\"1\" image_width=\"63\" image_size=\"thumbnail\" text_align=\"center\" srcset=\"https:\/\/www.montanheiros.com\/wp-content\/uploads\/2019\/05\/big6_1504792839-280x280.jpg 280w, https:\/\/www.montanheiros.com\/wp-content\/uploads\/2019\/05\/big6_1504792839-300x300.jpg 300w, https:\/\/www.montanheiros.com\/wp-content\/uploads\/2019\/05\/big6_1504792839-100x100.jpg 100w\" sizes=\"auto, (max-width: 280px) 100vw, 280px\" \/>                                                              <\/div>\n              <div class=\"box-text text-center\" >\n                 <p>Passeio \u00e0s Faj\u00e3s da Serreta, 03set2017 - ilha Terceira<\/p>\n              <\/div>\n            <\/div>\n            <\/a>          <\/div>\n         <\/div><div class=\"gallery-col col\" >\n          <div class=\"col-inner\">\n            <a class=\"image-lightbox lightbox-gallery\" href=\"https:\/\/www.montanheiros.com\/wp-content\/uploads\/2019\/05\/big9_1504792863.jpg\" title=\"Passeio \u00e0s Faj\u00e3s da Serreta, 03set2017 - ilha Terceira\">            <div class=\"box has-hover gallery-box box-none\">\n              <div class=\"box-image\" style=\"width:63%;\">\n                <img loading=\"lazy\" decoding=\"async\" width=\"280\" height=\"280\" src=\"https:\/\/www.montanheiros.com\/wp-content\/uploads\/2019\/05\/big9_1504792863-280x280.jpg\" class=\"attachment-thumbnail size-thumbnail\" alt=\"\" ids=\"6278,6279,6280,6281,6282,6283,6284,6285,6286,6287,6288,6289,6290\" style=\"none\" type=\"slider\" columns=\"1\" image_width=\"63\" image_size=\"thumbnail\" text_align=\"center\" srcset=\"https:\/\/www.montanheiros.com\/wp-content\/uploads\/2019\/05\/big9_1504792863-280x280.jpg 280w, https:\/\/www.montanheiros.com\/wp-content\/uploads\/2019\/05\/big9_1504792863-300x300.jpg 300w, https:\/\/www.montanheiros.com\/wp-content\/uploads\/2019\/05\/big9_1504792863-100x100.jpg 100w\" sizes=\"auto, (max-width: 280px) 100vw, 280px\" \/>                                                              <\/div>\n              <div class=\"box-text text-center\" >\n                 <p>Passeio \u00e0s Faj\u00e3s da Serreta, 03set2017 - ilha Terceira<\/p>\n              <\/div>\n            <\/div>\n            <\/a>          <\/div>\n         <\/div><div class=\"gallery-col col\" >\n          <div class=\"col-inner\">\n            <a class=\"image-lightbox lightbox-gallery\" href=\"https:\/\/www.montanheiros.com\/wp-content\/uploads\/2019\/05\/big10_1504792864.jpg\" title=\"Passeio \u00e0s Faj\u00e3s da Serreta, 03set2017 - ilha Terceira\">            <div class=\"box has-hover gallery-box box-none\">\n              <div class=\"box-image\" style=\"width:63%;\">\n                <img loading=\"lazy\" decoding=\"async\" width=\"280\" height=\"280\" src=\"https:\/\/www.montanheiros.com\/wp-content\/uploads\/2019\/05\/big10_1504792864-280x280.jpg\" class=\"attachment-thumbnail size-thumbnail\" alt=\"\" ids=\"6278,6279,6280,6281,6282,6283,6284,6285,6286,6287,6288,6289,6290\" style=\"none\" type=\"slider\" columns=\"1\" image_width=\"63\" image_size=\"thumbnail\" text_align=\"center\" srcset=\"https:\/\/www.montanheiros.com\/wp-content\/uploads\/2019\/05\/big10_1504792864-280x280.jpg 280w, https:\/\/www.montanheiros.com\/wp-content\/uploads\/2019\/05\/big10_1504792864-300x300.jpg 300w, https:\/\/www.montanheiros.com\/wp-content\/uploads\/2019\/05\/big10_1504792864-100x100.jpg 100w\" sizes=\"auto, (max-width: 280px) 100vw, 280px\" \/>                                                              <\/div>\n              <div class=\"box-text text-center\" >\n                 <p>Passeio \u00e0s Faj\u00e3s da Serreta, 03set2017 - ilha Terceira<\/p>\n              <\/div>\n            <\/div>\n            <\/a>          <\/div>\n         <\/div><div class=\"gallery-col col\" >\n          <div class=\"col-inner\">\n            <a class=\"image-lightbox lightbox-gallery\" href=\"https:\/\/www.montanheiros.com\/wp-content\/uploads\/2019\/05\/big8_1504792859.jpg\" title=\"Passeio \u00e0s Faj\u00e3s da Serreta, 03set2017 - ilha Terceira\">            <div class=\"box has-hover gallery-box box-none\">\n              <div class=\"box-image\" style=\"width:63%;\">\n                <img loading=\"lazy\" decoding=\"async\" width=\"280\" height=\"280\" src=\"https:\/\/www.montanheiros.com\/wp-content\/uploads\/2019\/05\/big8_1504792859-280x280.jpg\" class=\"attachment-thumbnail size-thumbnail\" alt=\"\" ids=\"6278,6279,6280,6281,6282,6283,6284,6285,6286,6287,6288,6289,6290\" style=\"none\" type=\"slider\" columns=\"1\" image_width=\"63\" image_size=\"thumbnail\" text_align=\"center\" srcset=\"https:\/\/www.montanheiros.com\/wp-content\/uploads\/2019\/05\/big8_1504792859-280x280.jpg 280w, https:\/\/www.montanheiros.com\/wp-content\/uploads\/2019\/05\/big8_1504792859-300x300.jpg 300w, https:\/\/www.montanheiros.com\/wp-content\/uploads\/2019\/05\/big8_1504792859-100x100.jpg 100w\" sizes=\"auto, (max-width: 280px) 100vw, 280px\" \/>                                                              <\/div>\n              <div class=\"box-text text-center\" >\n                 <p>Passeio \u00e0s Faj\u00e3s da Serreta, 03set2017 - ilha Terceira<\/p>\n              <\/div>\n            <\/div>\n            <\/a>          <\/div>\n         <\/div><div class=\"gallery-col col\" >\n          <div class=\"col-inner\">\n            <a class=\"image-lightbox lightbox-gallery\" href=\"https:\/\/www.montanheiros.com\/wp-content\/uploads\/2019\/05\/big7_1504792844.jpg\" title=\"Passeio \u00e0s Faj\u00e3s da Serreta, 03set2017 - ilha Terceira\">            <div class=\"box has-hover gallery-box box-none\">\n              <div class=\"box-image\" style=\"width:63%;\">\n                <img loading=\"lazy\" decoding=\"async\" width=\"280\" height=\"280\" src=\"https:\/\/www.montanheiros.com\/wp-content\/uploads\/2019\/05\/big7_1504792844-280x280.jpg\" class=\"attachment-thumbnail size-thumbnail\" alt=\"\" ids=\"6278,6279,6280,6281,6282,6283,6284,6285,6286,6287,6288,6289,6290\" style=\"none\" type=\"slider\" columns=\"1\" image_width=\"63\" image_size=\"thumbnail\" text_align=\"center\" srcset=\"https:\/\/www.montanheiros.com\/wp-content\/uploads\/2019\/05\/big7_1504792844-280x280.jpg 280w, https:\/\/www.montanheiros.com\/wp-content\/uploads\/2019\/05\/big7_1504792844-300x300.jpg 300w, https:\/\/www.montanheiros.com\/wp-content\/uploads\/2019\/05\/big7_1504792844-100x100.jpg 100w\" sizes=\"auto, (max-width: 280px) 100vw, 280px\" \/>                                                              <\/div>\n              <div class=\"box-text text-center\" >\n                 <p>Passeio \u00e0s Faj\u00e3s da Serreta, 03set2017 - ilha Terceira<\/p>\n              <\/div>\n            <\/div>\n            <\/a>          <\/div>\n         <\/div><div class=\"gallery-col col\" >\n          <div class=\"col-inner\">\n            <a class=\"image-lightbox lightbox-gallery\" href=\"https:\/\/www.montanheiros.com\/wp-content\/uploads\/2019\/05\/big4_1504792815-600x800.jpg\" title=\"Passeio \u00e0s Faj\u00e3s da Serreta, 03set2017 - ilha Terceira\">            <div class=\"box has-hover gallery-box box-none\">\n              <div class=\"box-image\" style=\"width:63%;\">\n                <img loading=\"lazy\" decoding=\"async\" width=\"280\" height=\"280\" src=\"https:\/\/www.montanheiros.com\/wp-content\/uploads\/2019\/05\/big4_1504792815-280x280.jpg\" class=\"attachment-thumbnail size-thumbnail\" alt=\"\" ids=\"6278,6279,6280,6281,6282,6283,6284,6285,6286,6287,6288,6289,6290\" style=\"none\" type=\"slider\" columns=\"1\" image_width=\"63\" image_size=\"thumbnail\" text_align=\"center\" srcset=\"https:\/\/www.montanheiros.com\/wp-content\/uploads\/2019\/05\/big4_1504792815-280x280.jpg 280w, https:\/\/www.montanheiros.com\/wp-content\/uploads\/2019\/05\/big4_1504792815-300x300.jpg 300w, https:\/\/www.montanheiros.com\/wp-content\/uploads\/2019\/05\/big4_1504792815-100x100.jpg 100w\" sizes=\"auto, (max-width: 280px) 100vw, 280px\" \/>                                                              <\/div>\n              <div class=\"box-text text-center\" >\n                 <p>Passeio \u00e0s Faj\u00e3s da Serreta, 03set2017 - ilha Terceira<\/p>\n              <\/div>\n            <\/div>\n            <\/a>          <\/div>\n         <\/div><div class=\"gallery-col col\" >\n          <div class=\"col-inner\">\n            <a class=\"image-lightbox lightbox-gallery\" href=\"https:\/\/www.montanheiros.com\/wp-content\/uploads\/2019\/05\/big2_1504792801-600x800.jpg\" title=\"Passeio \u00e0s Faj\u00e3s da Serreta, 03set2017 - ilha Terceira\">            <div class=\"box has-hover gallery-box box-none\">\n              <div class=\"box-image\" style=\"width:63%;\">\n                <img loading=\"lazy\" decoding=\"async\" width=\"280\" height=\"280\" src=\"https:\/\/www.montanheiros.com\/wp-content\/uploads\/2019\/05\/big2_1504792801-280x280.jpg\" class=\"attachment-thumbnail size-thumbnail\" alt=\"\" ids=\"6278,6279,6280,6281,6282,6283,6284,6285,6286,6287,6288,6289,6290\" style=\"none\" type=\"slider\" columns=\"1\" image_width=\"63\" image_size=\"thumbnail\" text_align=\"center\" srcset=\"https:\/\/www.montanheiros.com\/wp-content\/uploads\/2019\/05\/big2_1504792801-280x280.jpg 280w, https:\/\/www.montanheiros.com\/wp-content\/uploads\/2019\/05\/big2_1504792801-300x300.jpg 300w, https:\/\/www.montanheiros.com\/wp-content\/uploads\/2019\/05\/big2_1504792801-100x100.jpg 100w\" sizes=\"auto, (max-width: 280px) 100vw, 280px\" \/>                                                              <\/div>\n              <div class=\"box-text text-center\" >\n                 <p>Passeio \u00e0s Faj\u00e3s da Serreta, 03set2017 - ilha Terceira<\/p>\n              <\/div>\n            <\/div>\n            <\/a>          <\/div>\n         <\/div><div class=\"gallery-col col\" >\n          <div class=\"col-inner\">\n            <a class=\"image-lightbox lightbox-gallery\" href=\"https:\/\/www.montanheiros.com\/wp-content\/uploads\/2019\/05\/big12_1504793262.jpg\" title=\"Passeio \u00e0s Faj\u00e3s da Serreta, 03set2017 - ilha Terceira\">            <div class=\"box has-hover gallery-box box-none\">\n              <div class=\"box-image\" style=\"width:63%;\">\n                <img loading=\"lazy\" decoding=\"async\" width=\"280\" height=\"280\" src=\"https:\/\/www.montanheiros.com\/wp-content\/uploads\/2019\/05\/big12_1504793262-280x280.jpg\" class=\"attachment-thumbnail size-thumbnail\" alt=\"\" ids=\"6278,6279,6280,6281,6282,6283,6284,6285,6286,6287,6288,6289,6290\" style=\"none\" type=\"slider\" columns=\"1\" image_width=\"63\" image_size=\"thumbnail\" text_align=\"center\" srcset=\"https:\/\/www.montanheiros.com\/wp-content\/uploads\/2019\/05\/big12_1504793262-280x280.jpg 280w, https:\/\/www.montanheiros.com\/wp-content\/uploads\/2019\/05\/big12_1504793262-300x300.jpg 300w, https:\/\/www.montanheiros.com\/wp-content\/uploads\/2019\/05\/big12_1504793262-100x100.jpg 100w\" sizes=\"auto, (max-width: 280px) 100vw, 280px\" \/>                                                              <\/div>\n              <div class=\"box-text text-center\" >\n                 <p>Passeio \u00e0s Faj\u00e3s da Serreta, 03set2017 - ilha Terceira<\/p>\n              <\/div>\n            <\/div>\n            <\/a>          <\/div>\n         <\/div><div class=\"gallery-col col\" >\n          <div class=\"col-inner\">\n            <a class=\"image-lightbox lightbox-gallery\" href=\"https:\/\/www.montanheiros.com\/wp-content\/uploads\/2019\/05\/big5_1504792816.jpg\" title=\"Passeio \u00e0s Faj\u00e3s da Serreta, 03set2017 - ilha Terceira\">            <div class=\"box has-hover gallery-box box-none\">\n              <div class=\"box-image\" style=\"width:63%;\">\n                <img loading=\"lazy\" decoding=\"async\" width=\"280\" height=\"280\" src=\"https:\/\/www.montanheiros.com\/wp-content\/uploads\/2019\/05\/big5_1504792816-280x280.jpg\" class=\"attachment-thumbnail size-thumbnail\" alt=\"\" ids=\"6278,6279,6280,6281,6282,6283,6284,6285,6286,6287,6288,6289,6290\" style=\"none\" type=\"slider\" columns=\"1\" image_width=\"63\" image_size=\"thumbnail\" text_align=\"center\" srcset=\"https:\/\/www.montanheiros.com\/wp-content\/uploads\/2019\/05\/big5_1504792816-280x280.jpg 280w, https:\/\/www.montanheiros.com\/wp-content\/uploads\/2019\/05\/big5_1504792816-300x300.jpg 300w, https:\/\/www.montanheiros.com\/wp-content\/uploads\/2019\/05\/big5_1504792816-100x100.jpg 100w\" sizes=\"auto, (max-width: 280px) 100vw, 280px\" \/>                                                              <\/div>\n              <div class=\"box-text text-center\" >\n                 <p>Passeio \u00e0s Faj\u00e3s da Serreta, 03set2017 - ilha Terceira<\/p>\n              <\/div>\n            <\/div>\n            <\/a>          <\/div>\n         <\/div><div class=\"gallery-col col\" >\n          <div class=\"col-inner\">\n            <a class=\"image-lightbox lightbox-gallery\" href=\"https:\/\/www.montanheiros.com\/wp-content\/uploads\/2019\/05\/big3_1504792805.jpg\" title=\"Passeio \u00e0s Faj\u00e3s da Serreta, 03set2017 - ilha Terceira\">            <div class=\"box has-hover gallery-box box-none\">\n              <div class=\"box-image\" style=\"width:63%;\">\n                <img loading=\"lazy\" decoding=\"async\" width=\"280\" height=\"280\" src=\"https:\/\/www.montanheiros.com\/wp-content\/uploads\/2019\/05\/big3_1504792805-280x280.jpg\" class=\"attachment-thumbnail size-thumbnail\" alt=\"\" ids=\"6278,6279,6280,6281,6282,6283,6284,6285,6286,6287,6288,6289,6290\" style=\"none\" type=\"slider\" columns=\"1\" image_width=\"63\" image_size=\"thumbnail\" text_align=\"center\" srcset=\"https:\/\/www.montanheiros.com\/wp-content\/uploads\/2019\/05\/big3_1504792805-280x280.jpg 280w, https:\/\/www.montanheiros.com\/wp-content\/uploads\/2019\/05\/big3_1504792805-300x300.jpg 300w, https:\/\/www.montanheiros.com\/wp-content\/uploads\/2019\/05\/big3_1504792805-100x100.jpg 100w\" sizes=\"auto, (max-width: 280px) 100vw, 280px\" \/>                                                              <\/div>\n              <div class=\"box-text text-center\" >\n                 <p>Passeio \u00e0s Faj\u00e3s da Serreta, 03set2017 - ilha Terceira<\/p>\n              <\/div>\n            <\/div>\n            <\/a>          <\/div>\n         <\/div><div class=\"gallery-col col\" >\n          <div class=\"col-inner\">\n            <a class=\"image-lightbox lightbox-gallery\" href=\"https:\/\/www.montanheiros.com\/wp-content\/uploads\/2019\/05\/big11_1504793241.jpg\" title=\"Passeio \u00e0s Faj\u00e3s da Serreta, 03set2017 - ilha Terceira\">            <div class=\"box has-hover gallery-box box-none\">\n              <div class=\"box-image\" style=\"width:63%;\">\n                <img loading=\"lazy\" decoding=\"async\" width=\"280\" height=\"280\" src=\"https:\/\/www.montanheiros.com\/wp-content\/uploads\/2019\/05\/big11_1504793241-280x280.jpg\" class=\"attachment-thumbnail size-thumbnail\" alt=\"\" ids=\"6278,6279,6280,6281,6282,6283,6284,6285,6286,6287,6288,6289,6290\" style=\"none\" type=\"slider\" columns=\"1\" image_width=\"63\" image_size=\"thumbnail\" text_align=\"center\" srcset=\"https:\/\/www.montanheiros.com\/wp-content\/uploads\/2019\/05\/big11_1504793241-280x280.jpg 280w, https:\/\/www.montanheiros.com\/wp-content\/uploads\/2019\/05\/big11_1504793241-300x300.jpg 300w, https:\/\/www.montanheiros.com\/wp-content\/uploads\/2019\/05\/big11_1504793241-100x100.jpg 100w\" sizes=\"auto, (max-width: 280px) 100vw, 280px\" \/>                                                              <\/div>\n              <div class=\"box-text text-center\" >\n                 <p>Passeio \u00e0s Faj\u00e3s da Serreta, 03set2017 - ilha Terceira<\/p>\n              <\/div>\n            <\/div>\n            <\/a>          <\/div>\n         <\/div><div class=\"gallery-col col\" >\n          <div class=\"col-inner\">\n            <a class=\"image-lightbox lightbox-gallery\" href=\"https:\/\/www.montanheiros.com\/wp-content\/uploads\/2019\/05\/big14_1504793292.jpg\" title=\"\">            <div class=\"box has-hover gallery-box box-none\">\n              <div class=\"box-image\" style=\"width:63%;\">\n                <img loading=\"lazy\" decoding=\"async\" width=\"280\" height=\"280\" src=\"https:\/\/www.montanheiros.com\/wp-content\/uploads\/2019\/05\/big14_1504793292-280x280.jpg\" class=\"attachment-thumbnail size-thumbnail\" alt=\"\" ids=\"6278,6279,6280,6281,6282,6283,6284,6285,6286,6287,6288,6289,6290\" style=\"none\" type=\"slider\" columns=\"1\" image_width=\"63\" image_size=\"thumbnail\" text_align=\"center\" srcset=\"https:\/\/www.montanheiros.com\/wp-content\/uploads\/2019\/05\/big14_1504793292-280x280.jpg 280w, https:\/\/www.montanheiros.com\/wp-content\/uploads\/2019\/05\/big14_1504793292-300x300.jpg 300w, https:\/\/www.montanheiros.com\/wp-content\/uploads\/2019\/05\/big14_1504793292-100x100.jpg 100w\" sizes=\"auto, (max-width: 280px) 100vw, 280px\" \/>                                                              <\/div>\n              <div class=\"box-text text-center\" >\n                 <p><\/p>\n              <\/div>\n            <\/div>\n            <\/a>          <\/div>\n         <\/div><div class=\"gallery-col col\" >\n          <div class=\"col-inner\">\n            <a class=\"image-lightbox lightbox-gallery\" href=\"https:\/\/www.montanheiros.com\/wp-content\/uploads\/2019\/05\/big13_1504793283.jpg\" title=\"Passeio \u00e0s Faj\u00e3s da Serreta, 03set2017 - ilha Terceira\">            <div class=\"box has-hover gallery-box box-none\">\n              <div class=\"box-image\" style=\"width:63%;\">\n                <img loading=\"lazy\" decoding=\"async\" width=\"280\" height=\"280\" src=\"https:\/\/www.montanheiros.com\/wp-content\/uploads\/2019\/05\/big13_1504793283-280x280.jpg\" class=\"attachment-thumbnail size-thumbnail\" alt=\"\" ids=\"6278,6279,6280,6281,6282,6283,6284,6285,6286,6287,6288,6289,6290\" style=\"none\" type=\"slider\" columns=\"1\" image_width=\"63\" image_size=\"thumbnail\" text_align=\"center\" srcset=\"https:\/\/www.montanheiros.com\/wp-content\/uploads\/2019\/05\/big13_1504793283-280x280.jpg 280w, https:\/\/www.montanheiros.com\/wp-content\/uploads\/2019\/05\/big13_1504793283-300x300.jpg 300w, https:\/\/www.montanheiros.com\/wp-content\/uploads\/2019\/05\/big13_1504793283-100x100.jpg 100w\" sizes=\"auto, (max-width: 280px) 100vw, 280px\" \/>                                                              <\/div>\n              <div class=\"box-text text-center\" >\n                 <p>Passeio \u00e0s Faj\u00e3s da Serreta, 03set2017 - ilha Terceira<\/p>\n              <\/div>\n            <\/div>\n            <\/a>          <\/div>\n         <\/div><\/div>\n\n\n\t\t<\/div>\n\t\t\t\t\t<\/div>\n\n\t\n\n\t<div id=\"col-1827407941\" class=\"col medium-3 small-12 large-3\"  >\n\t\t\t\t<div class=\"col-inner\"  >\n\t\t\t\n\t\t\t\n\n<p>Passeio interpretativo \u00e0 Fortaleza de S\u00e3o Jo\u00e3o Batista, 16jul2017 &#8211; ilha Terceira<\/p>\n\n  \n    <div class=\"row large-columns-1 medium-columns- small-columns- row-full-width slider row-slider slider-nav-reveal\"  data-flickity-options='{\"imagesLoaded\": true, \"groupCells\": \"100%\", \"dragThreshold\" : 5, \"cellAlign\": \"left\",\"wrapAround\": true,\"prevNextButtons\": true,\"percentPosition\": true,\"pageDots\": false, \"rightToLeft\": false, \"autoPlay\" : false}'>\n\n  <div class=\"gallery-col col\" >\n          <div class=\"col-inner\">\n            <a class=\"image-lightbox lightbox-gallery\" href=\"https:\/\/www.montanheiros.com\/wp-content\/uploads\/2019\/05\/big2_1500455843.jpg\" title=\"Passeio interpretativo \u00e0 Fortaleza de S\u00e3o Jo\u00e3o Batista, 16jul2017 - ilha Terceira\">            <div class=\"box has-hover gallery-box box-none\">\n              <div class=\"box-image\" style=\"width:63%;\">\n                <img loading=\"lazy\" decoding=\"async\" width=\"280\" height=\"280\" src=\"https:\/\/www.montanheiros.com\/wp-content\/uploads\/2019\/05\/big2_1500455843-280x280.jpg\" class=\"attachment-thumbnail size-thumbnail\" alt=\"\" ids=\"6252,6253,6254,6255,6256,6257,6258,6259,6260,6261,6262,6263,6264,6265\" style=\"none\" type=\"slider\" columns=\"1\" image_width=\"63\" image_size=\"thumbnail\" text_align=\"center\" srcset=\"https:\/\/www.montanheiros.com\/wp-content\/uploads\/2019\/05\/big2_1500455843-280x280.jpg 280w, https:\/\/www.montanheiros.com\/wp-content\/uploads\/2019\/05\/big2_1500455843-300x300.jpg 300w, https:\/\/www.montanheiros.com\/wp-content\/uploads\/2019\/05\/big2_1500455843-100x100.jpg 100w\" sizes=\"auto, (max-width: 280px) 100vw, 280px\" \/>                                                              <\/div>\n              <div class=\"box-text text-center\" >\n                 <p>Passeio interpretativo \u00e0 Fortaleza de S\u00e3o Jo\u00e3o Batista, 16jul2017 - ilha Terceira<\/p>\n              <\/div>\n            <\/div>\n            <\/a>          <\/div>\n         <\/div><div class=\"gallery-col col\" >\n          <div class=\"col-inner\">\n            <a class=\"image-lightbox lightbox-gallery\" href=\"https:\/\/www.montanheiros.com\/wp-content\/uploads\/2019\/05\/big12_1500455853.jpg\" title=\"Passeio interpretativo \u00e0 Fortaleza de S\u00e3o Jo\u00e3o Batista, 16jul2017 - ilha Terceira\">            <div class=\"box has-hover gallery-box box-none\">\n              <div class=\"box-image\" style=\"width:63%;\">\n                <img loading=\"lazy\" decoding=\"async\" width=\"280\" height=\"280\" src=\"https:\/\/www.montanheiros.com\/wp-content\/uploads\/2019\/05\/big12_1500455853-280x280.jpg\" class=\"attachment-thumbnail size-thumbnail\" alt=\"\" ids=\"6252,6253,6254,6255,6256,6257,6258,6259,6260,6261,6262,6263,6264,6265\" style=\"none\" type=\"slider\" columns=\"1\" image_width=\"63\" image_size=\"thumbnail\" text_align=\"center\" srcset=\"https:\/\/www.montanheiros.com\/wp-content\/uploads\/2019\/05\/big12_1500455853-280x280.jpg 280w, https:\/\/www.montanheiros.com\/wp-content\/uploads\/2019\/05\/big12_1500455853-300x300.jpg 300w, https:\/\/www.montanheiros.com\/wp-content\/uploads\/2019\/05\/big12_1500455853-100x100.jpg 100w\" sizes=\"auto, (max-width: 280px) 100vw, 280px\" \/>                                                              <\/div>\n              <div class=\"box-text text-center\" >\n                 <p>Passeio interpretativo \u00e0 Fortaleza de S\u00e3o Jo\u00e3o Batista, 16jul2017 - ilha Terceira<\/p>\n              <\/div>\n            <\/div>\n            <\/a>          <\/div>\n         <\/div><div class=\"gallery-col col\" >\n          <div class=\"col-inner\">\n            <a class=\"image-lightbox lightbox-gallery\" href=\"https:\/\/www.montanheiros.com\/wp-content\/uploads\/2019\/05\/big13_1500455856.jpg\" title=\"Passeio interpretativo \u00e0 Fortaleza de S\u00e3o Jo\u00e3o Batista, 16jul2017 - ilha Terceira\">            <div class=\"box has-hover gallery-box box-none\">\n              <div class=\"box-image\" style=\"width:63%;\">\n                <img loading=\"lazy\" decoding=\"async\" width=\"280\" height=\"280\" src=\"https:\/\/www.montanheiros.com\/wp-content\/uploads\/2019\/05\/big13_1500455856-280x280.jpg\" class=\"attachment-thumbnail size-thumbnail\" alt=\"\" ids=\"6252,6253,6254,6255,6256,6257,6258,6259,6260,6261,6262,6263,6264,6265\" style=\"none\" type=\"slider\" columns=\"1\" image_width=\"63\" image_size=\"thumbnail\" text_align=\"center\" srcset=\"https:\/\/www.montanheiros.com\/wp-content\/uploads\/2019\/05\/big13_1500455856-280x280.jpg 280w, https:\/\/www.montanheiros.com\/wp-content\/uploads\/2019\/05\/big13_1500455856-300x300.jpg 300w, https:\/\/www.montanheiros.com\/wp-content\/uploads\/2019\/05\/big13_1500455856-100x100.jpg 100w\" sizes=\"auto, (max-width: 280px) 100vw, 280px\" \/>                                                              <\/div>\n              <div class=\"box-text text-center\" >\n                 <p>Passeio interpretativo \u00e0 Fortaleza de S\u00e3o Jo\u00e3o Batista, 16jul2017 - ilha Terceira<\/p>\n              <\/div>\n            <\/div>\n            <\/a>          <\/div>\n         <\/div><div class=\"gallery-col col\" >\n          <div class=\"col-inner\">\n            <a class=\"image-lightbox lightbox-gallery\" href=\"https:\/\/www.montanheiros.com\/wp-content\/uploads\/2019\/05\/big3_1500455845.jpg\" title=\"Passeio interpretativo \u00e0 Fortaleza de S\u00e3o Jo\u00e3o Batista, 16jul2017 - ilha Terceira\">            <div class=\"box has-hover gallery-box box-none\">\n              <div class=\"box-image\" style=\"width:63%;\">\n                <img loading=\"lazy\" decoding=\"async\" width=\"280\" height=\"280\" src=\"https:\/\/www.montanheiros.com\/wp-content\/uploads\/2019\/05\/big3_1500455845-280x280.jpg\" class=\"attachment-thumbnail size-thumbnail\" alt=\"\" ids=\"6252,6253,6254,6255,6256,6257,6258,6259,6260,6261,6262,6263,6264,6265\" style=\"none\" type=\"slider\" columns=\"1\" image_width=\"63\" image_size=\"thumbnail\" text_align=\"center\" srcset=\"https:\/\/www.montanheiros.com\/wp-content\/uploads\/2019\/05\/big3_1500455845-280x280.jpg 280w, https:\/\/www.montanheiros.com\/wp-content\/uploads\/2019\/05\/big3_1500455845-300x300.jpg 300w, https:\/\/www.montanheiros.com\/wp-content\/uploads\/2019\/05\/big3_1500455845-100x100.jpg 100w\" sizes=\"auto, (max-width: 280px) 100vw, 280px\" \/>                                                              <\/div>\n              <div class=\"box-text text-center\" >\n                 <p>Passeio interpretativo \u00e0 Fortaleza de S\u00e3o Jo\u00e3o Batista, 16jul2017 - ilha Terceira<\/p>\n              <\/div>\n            <\/div>\n            <\/a>          <\/div>\n         <\/div><div class=\"gallery-col col\" >\n          <div class=\"col-inner\">\n            <a class=\"image-lightbox lightbox-gallery\" href=\"https:\/\/www.montanheiros.com\/wp-content\/uploads\/2019\/05\/big1_1500455838.jpg\" title=\"Passeio interpretativo \u00e0 Fortaleza de S\u00e3o Jo\u00e3o Batista, 16jul2017 - ilha Terceira\">            <div class=\"box has-hover gallery-box box-none\">\n              <div class=\"box-image\" style=\"width:63%;\">\n                <img loading=\"lazy\" decoding=\"async\" width=\"280\" height=\"280\" src=\"https:\/\/www.montanheiros.com\/wp-content\/uploads\/2019\/05\/big1_1500455838-280x280.jpg\" class=\"attachment-thumbnail size-thumbnail\" alt=\"\" ids=\"6252,6253,6254,6255,6256,6257,6258,6259,6260,6261,6262,6263,6264,6265\" style=\"none\" type=\"slider\" columns=\"1\" image_width=\"63\" image_size=\"thumbnail\" text_align=\"center\" srcset=\"https:\/\/www.montanheiros.com\/wp-content\/uploads\/2019\/05\/big1_1500455838-280x280.jpg 280w, https:\/\/www.montanheiros.com\/wp-content\/uploads\/2019\/05\/big1_1500455838-300x300.jpg 300w, https:\/\/www.montanheiros.com\/wp-content\/uploads\/2019\/05\/big1_1500455838-100x100.jpg 100w\" sizes=\"auto, (max-width: 280px) 100vw, 280px\" \/>                                                              <\/div>\n              <div class=\"box-text text-center\" >\n                 <p>Passeio interpretativo \u00e0 Fortaleza de S\u00e3o Jo\u00e3o Batista, 16jul2017 - ilha Terceira<\/p>\n              <\/div>\n            <\/div>\n            <\/a>          <\/div>\n         <\/div><div class=\"gallery-col col\" >\n          <div class=\"col-inner\">\n            <a class=\"image-lightbox lightbox-gallery\" href=\"https:\/\/www.montanheiros.com\/wp-content\/uploads\/2019\/05\/big6_1500455848.jpg\" title=\"Passeio interpretativo \u00e0 Fortaleza de S\u00e3o Jo\u00e3o Batista, 16jul2017 - ilha Terceira\">            <div class=\"box has-hover gallery-box box-none\">\n              <div class=\"box-image\" style=\"width:63%;\">\n                <img loading=\"lazy\" decoding=\"async\" width=\"280\" height=\"280\" src=\"https:\/\/www.montanheiros.com\/wp-content\/uploads\/2019\/05\/big6_1500455848-280x280.jpg\" class=\"attachment-thumbnail size-thumbnail\" alt=\"\" ids=\"6252,6253,6254,6255,6256,6257,6258,6259,6260,6261,6262,6263,6264,6265\" style=\"none\" type=\"slider\" columns=\"1\" image_width=\"63\" image_size=\"thumbnail\" text_align=\"center\" srcset=\"https:\/\/www.montanheiros.com\/wp-content\/uploads\/2019\/05\/big6_1500455848-280x280.jpg 280w, https:\/\/www.montanheiros.com\/wp-content\/uploads\/2019\/05\/big6_1500455848-300x300.jpg 300w, https:\/\/www.montanheiros.com\/wp-content\/uploads\/2019\/05\/big6_1500455848-100x100.jpg 100w\" sizes=\"auto, (max-width: 280px) 100vw, 280px\" \/>                                                              <\/div>\n              <div class=\"box-text text-center\" >\n                 <p>Passeio interpretativo \u00e0 Fortaleza de S\u00e3o Jo\u00e3o Batista, 16jul2017 - ilha Terceira<\/p>\n              <\/div>\n            <\/div>\n            <\/a>          <\/div>\n         <\/div><div class=\"gallery-col col\" >\n          <div class=\"col-inner\">\n            <a class=\"image-lightbox lightbox-gallery\" href=\"https:\/\/www.montanheiros.com\/wp-content\/uploads\/2019\/05\/big7_1500455848.jpg\" title=\"Passeio interpretativo \u00e0 Fortaleza de S\u00e3o Jo\u00e3o Batista, 16jul2017 - ilha Terceira\">            <div class=\"box has-hover gallery-box box-none\">\n              <div class=\"box-image\" style=\"width:63%;\">\n                <img loading=\"lazy\" decoding=\"async\" width=\"280\" height=\"280\" src=\"https:\/\/www.montanheiros.com\/wp-content\/uploads\/2019\/05\/big7_1500455848-280x280.jpg\" class=\"attachment-thumbnail size-thumbnail\" alt=\"\" ids=\"6252,6253,6254,6255,6256,6257,6258,6259,6260,6261,6262,6263,6264,6265\" style=\"none\" type=\"slider\" columns=\"1\" image_width=\"63\" image_size=\"thumbnail\" text_align=\"center\" srcset=\"https:\/\/www.montanheiros.com\/wp-content\/uploads\/2019\/05\/big7_1500455848-280x280.jpg 280w, https:\/\/www.montanheiros.com\/wp-content\/uploads\/2019\/05\/big7_1500455848-300x300.jpg 300w, https:\/\/www.montanheiros.com\/wp-content\/uploads\/2019\/05\/big7_1500455848-100x100.jpg 100w\" sizes=\"auto, (max-width: 280px) 100vw, 280px\" \/>                                                              <\/div>\n              <div class=\"box-text text-center\" >\n                 <p>Passeio interpretativo \u00e0 Fortaleza de S\u00e3o Jo\u00e3o Batista, 16jul2017 - ilha Terceira<\/p>\n              <\/div>\n            <\/div>\n            <\/a>          <\/div>\n         <\/div><div class=\"gallery-col col\" >\n          <div class=\"col-inner\">\n            <a class=\"image-lightbox lightbox-gallery\" href=\"https:\/\/www.montanheiros.com\/wp-content\/uploads\/2019\/05\/big9_1500455851.jpg\" title=\"Passeio interpretativo \u00e0 Fortaleza de S\u00e3o Jo\u00e3o Batista, 16jul2017 - ilha Terceira\">            <div class=\"box has-hover gallery-box box-none\">\n              <div class=\"box-image\" style=\"width:63%;\">\n                <img loading=\"lazy\" decoding=\"async\" width=\"280\" height=\"280\" src=\"https:\/\/www.montanheiros.com\/wp-content\/uploads\/2019\/05\/big9_1500455851-280x280.jpg\" class=\"attachment-thumbnail size-thumbnail\" alt=\"\" ids=\"6252,6253,6254,6255,6256,6257,6258,6259,6260,6261,6262,6263,6264,6265\" style=\"none\" type=\"slider\" columns=\"1\" image_width=\"63\" image_size=\"thumbnail\" text_align=\"center\" srcset=\"https:\/\/www.montanheiros.com\/wp-content\/uploads\/2019\/05\/big9_1500455851-280x280.jpg 280w, https:\/\/www.montanheiros.com\/wp-content\/uploads\/2019\/05\/big9_1500455851-300x300.jpg 300w, https:\/\/www.montanheiros.com\/wp-content\/uploads\/2019\/05\/big9_1500455851-100x100.jpg 100w\" sizes=\"auto, (max-width: 280px) 100vw, 280px\" \/>                                                              <\/div>\n              <div class=\"box-text text-center\" >\n                 <p>Passeio interpretativo \u00e0 Fortaleza de S\u00e3o Jo\u00e3o Batista, 16jul2017 - ilha Terceira<\/p>\n              <\/div>\n            <\/div>\n            <\/a>          <\/div>\n         <\/div><div class=\"gallery-col col\" >\n          <div class=\"col-inner\">\n            <a class=\"image-lightbox lightbox-gallery\" href=\"https:\/\/www.montanheiros.com\/wp-content\/uploads\/2019\/05\/big14_1500455856.jpg\" title=\"Passeio interpretativo \u00e0 Fortaleza de S\u00e3o Jo\u00e3o Batista, 16jul2017 - ilha Terceira\">            <div class=\"box has-hover gallery-box box-none\">\n              <div class=\"box-image\" style=\"width:63%;\">\n                <img loading=\"lazy\" decoding=\"async\" width=\"280\" height=\"280\" src=\"https:\/\/www.montanheiros.com\/wp-content\/uploads\/2019\/05\/big14_1500455856-280x280.jpg\" class=\"attachment-thumbnail size-thumbnail\" alt=\"\" ids=\"6252,6253,6254,6255,6256,6257,6258,6259,6260,6261,6262,6263,6264,6265\" style=\"none\" type=\"slider\" columns=\"1\" image_width=\"63\" image_size=\"thumbnail\" text_align=\"center\" srcset=\"https:\/\/www.montanheiros.com\/wp-content\/uploads\/2019\/05\/big14_1500455856-280x280.jpg 280w, https:\/\/www.montanheiros.com\/wp-content\/uploads\/2019\/05\/big14_1500455856-300x300.jpg 300w, https:\/\/www.montanheiros.com\/wp-content\/uploads\/2019\/05\/big14_1500455856-100x100.jpg 100w\" sizes=\"auto, (max-width: 280px) 100vw, 280px\" \/>                                                              <\/div>\n              <div class=\"box-text text-center\" >\n                 <p>Passeio interpretativo \u00e0 Fortaleza de S\u00e3o Jo\u00e3o Batista, 16jul2017 - ilha Terceira<\/p>\n              <\/div>\n            <\/div>\n            <\/a>          <\/div>\n         <\/div><div class=\"gallery-col col\" >\n          <div class=\"col-inner\">\n            <a class=\"image-lightbox lightbox-gallery\" href=\"https:\/\/www.montanheiros.com\/wp-content\/uploads\/2019\/05\/big4_1500455845.jpg\" title=\"Passeio interpretativo \u00e0 Fortaleza de S\u00e3o Jo\u00e3o Batista, 16jul2017 - ilha Terceira\">            <div class=\"box has-hover gallery-box box-none\">\n              <div class=\"box-image\" style=\"width:63%;\">\n                <img loading=\"lazy\" decoding=\"async\" width=\"280\" height=\"280\" src=\"https:\/\/www.montanheiros.com\/wp-content\/uploads\/2019\/05\/big4_1500455845-280x280.jpg\" class=\"attachment-thumbnail size-thumbnail\" alt=\"\" ids=\"6252,6253,6254,6255,6256,6257,6258,6259,6260,6261,6262,6263,6264,6265\" style=\"none\" type=\"slider\" columns=\"1\" image_width=\"63\" image_size=\"thumbnail\" text_align=\"center\" srcset=\"https:\/\/www.montanheiros.com\/wp-content\/uploads\/2019\/05\/big4_1500455845-280x280.jpg 280w, https:\/\/www.montanheiros.com\/wp-content\/uploads\/2019\/05\/big4_1500455845-300x300.jpg 300w, https:\/\/www.montanheiros.com\/wp-content\/uploads\/2019\/05\/big4_1500455845-100x100.jpg 100w\" sizes=\"auto, (max-width: 280px) 100vw, 280px\" \/>                                                              <\/div>\n              <div class=\"box-text text-center\" >\n                 <p>Passeio interpretativo \u00e0 Fortaleza de S\u00e3o Jo\u00e3o Batista, 16jul2017 - ilha Terceira<\/p>\n              <\/div>\n            <\/div>\n            <\/a>          <\/div>\n         <\/div><div class=\"gallery-col col\" >\n          <div class=\"col-inner\">\n            <a class=\"image-lightbox lightbox-gallery\" href=\"https:\/\/www.montanheiros.com\/wp-content\/uploads\/2019\/05\/big5_1500455847.jpg\" title=\"Passeio interpretativo \u00e0 Fortaleza de S\u00e3o Jo\u00e3o Batista, 16jul2017 - ilha Terceira\">            <div class=\"box has-hover gallery-box box-none\">\n              <div class=\"box-image\" style=\"width:63%;\">\n                <img loading=\"lazy\" decoding=\"async\" width=\"280\" height=\"280\" src=\"https:\/\/www.montanheiros.com\/wp-content\/uploads\/2019\/05\/big5_1500455847-280x280.jpg\" class=\"attachment-thumbnail size-thumbnail\" alt=\"\" ids=\"6252,6253,6254,6255,6256,6257,6258,6259,6260,6261,6262,6263,6264,6265\" style=\"none\" type=\"slider\" columns=\"1\" image_width=\"63\" image_size=\"thumbnail\" text_align=\"center\" srcset=\"https:\/\/www.montanheiros.com\/wp-content\/uploads\/2019\/05\/big5_1500455847-280x280.jpg 280w, https:\/\/www.montanheiros.com\/wp-content\/uploads\/2019\/05\/big5_1500455847-300x300.jpg 300w, https:\/\/www.montanheiros.com\/wp-content\/uploads\/2019\/05\/big5_1500455847-100x100.jpg 100w\" sizes=\"auto, (max-width: 280px) 100vw, 280px\" \/>                                                              <\/div>\n              <div class=\"box-text text-center\" >\n                 <p>Passeio interpretativo \u00e0 Fortaleza de S\u00e3o Jo\u00e3o Batista, 16jul2017 - ilha Terceira<\/p>\n              <\/div>\n            <\/div>\n            <\/a>          <\/div>\n         <\/div><div class=\"gallery-col col\" >\n          <div class=\"col-inner\">\n            <a class=\"image-lightbox lightbox-gallery\" href=\"https:\/\/www.montanheiros.com\/wp-content\/uploads\/2019\/05\/big8_1500455849.jpg\" title=\"\">            <div class=\"box has-hover gallery-box box-none\">\n              <div class=\"box-image\" style=\"width:63%;\">\n                <img loading=\"lazy\" decoding=\"async\" width=\"280\" height=\"280\" src=\"https:\/\/www.montanheiros.com\/wp-content\/uploads\/2019\/05\/big8_1500455849-280x280.jpg\" class=\"attachment-thumbnail size-thumbnail\" alt=\"\" ids=\"6252,6253,6254,6255,6256,6257,6258,6259,6260,6261,6262,6263,6264,6265\" style=\"none\" type=\"slider\" columns=\"1\" image_width=\"63\" image_size=\"thumbnail\" text_align=\"center\" srcset=\"https:\/\/www.montanheiros.com\/wp-content\/uploads\/2019\/05\/big8_1500455849-280x280.jpg 280w, https:\/\/www.montanheiros.com\/wp-content\/uploads\/2019\/05\/big8_1500455849-300x300.jpg 300w, https:\/\/www.montanheiros.com\/wp-content\/uploads\/2019\/05\/big8_1500455849-100x100.jpg 100w\" sizes=\"auto, (max-width: 280px) 100vw, 280px\" \/>                                                              <\/div>\n              <div class=\"box-text text-center\" >\n                 <p><\/p>\n              <\/div>\n            <\/div>\n            <\/a>          <\/div>\n         <\/div><div class=\"gallery-col col\" >\n          <div class=\"col-inner\">\n            <a class=\"image-lightbox lightbox-gallery\" href=\"https:\/\/www.montanheiros.com\/wp-content\/uploads\/2019\/05\/big11_1500455852.jpg\" title=\"Passeio interpretativo \u00e0 Fortaleza de S\u00e3o Jo\u00e3o Batista, 16jul2017 - ilha Terceira\">            <div class=\"box has-hover gallery-box box-none\">\n              <div class=\"box-image\" style=\"width:63%;\">\n                <img loading=\"lazy\" decoding=\"async\" width=\"280\" height=\"280\" src=\"https:\/\/www.montanheiros.com\/wp-content\/uploads\/2019\/05\/big11_1500455852-280x280.jpg\" class=\"attachment-thumbnail size-thumbnail\" alt=\"\" ids=\"6252,6253,6254,6255,6256,6257,6258,6259,6260,6261,6262,6263,6264,6265\" style=\"none\" type=\"slider\" columns=\"1\" image_width=\"63\" image_size=\"thumbnail\" text_align=\"center\" srcset=\"https:\/\/www.montanheiros.com\/wp-content\/uploads\/2019\/05\/big11_1500455852-280x280.jpg 280w, https:\/\/www.montanheiros.com\/wp-content\/uploads\/2019\/05\/big11_1500455852-300x300.jpg 300w, https:\/\/www.montanheiros.com\/wp-content\/uploads\/2019\/05\/big11_1500455852-100x100.jpg 100w\" sizes=\"auto, (max-width: 280px) 100vw, 280px\" \/>                                                              <\/div>\n              <div class=\"box-text text-center\" >\n                 <p>Passeio interpretativo \u00e0 Fortaleza de S\u00e3o Jo\u00e3o Batista, 16jul2017 - ilha Terceira<\/p>\n              <\/div>\n            <\/div>\n            <\/a>          <\/div>\n         <\/div><div class=\"gallery-col col\" >\n          <div class=\"col-inner\">\n            <a class=\"image-lightbox lightbox-gallery\" href=\"https:\/\/www.montanheiros.com\/wp-content\/uploads\/2019\/05\/big15_1500455857.jpg\" title=\"Passeio interpretativo \u00e0 Fortaleza de S\u00e3o Jo\u00e3o Batista, 16jul2017 - ilha Terceira\">            <div class=\"box has-hover gallery-box box-none\">\n              <div class=\"box-image\" style=\"width:63%;\">\n                <img loading=\"lazy\" decoding=\"async\" width=\"280\" height=\"280\" src=\"https:\/\/www.montanheiros.com\/wp-content\/uploads\/2019\/05\/big15_1500455857-280x280.jpg\" class=\"attachment-thumbnail size-thumbnail\" alt=\"\" ids=\"6252,6253,6254,6255,6256,6257,6258,6259,6260,6261,6262,6263,6264,6265\" style=\"none\" type=\"slider\" columns=\"1\" image_width=\"63\" image_size=\"thumbnail\" text_align=\"center\" srcset=\"https:\/\/www.montanheiros.com\/wp-content\/uploads\/2019\/05\/big15_1500455857-280x280.jpg 280w, https:\/\/www.montanheiros.com\/wp-content\/uploads\/2019\/05\/big15_1500455857-300x300.jpg 300w, https:\/\/www.montanheiros.com\/wp-content\/uploads\/2019\/05\/big15_1500455857-100x100.jpg 100w\" sizes=\"auto, (max-width: 280px) 100vw, 280px\" \/>                                                              <\/div>\n              <div class=\"box-text text-center\" >\n                 <p>Passeio interpretativo \u00e0 Fortaleza de S\u00e3o Jo\u00e3o Batista, 16jul2017 - ilha Terceira<\/p>\n              <\/div>\n            <\/div>\n            <\/a>          <\/div>\n         <\/div><\/div>\n\n\n\t\t<\/div>\n\t\t\t\t\t<\/div>\n\n\t\n\n<\/div>\n<div class=\"row row-dashed\"  id=\"row-899595967\">\n\n\n\t<div id=\"col-1453858603\" class=\"col medium-3 small-12 large-3\"  >\n\t\t\t\t<div class=\"col-inner\"  >\n\t\t\t\n\t\t\t\n\n<p>Excurs\u00e3o \u00e0 ilha do Pico com subida \u00e0 montanha 14jul2017 &#8211; ilha do Pico<\/p>\n\n  \n    <div class=\"row large-columns-1 medium-columns- small-columns- row-full-width slider row-slider slider-nav-reveal\"  data-flickity-options='{\"imagesLoaded\": true, \"groupCells\": \"100%\", \"dragThreshold\" : 5, \"cellAlign\": \"left\",\"wrapAround\": true,\"prevNextButtons\": true,\"percentPosition\": true,\"pageDots\": false, \"rightToLeft\": false, \"autoPlay\" : false}'>\n\n  <div class=\"gallery-col col\" >\n          <div class=\"col-inner\">\n            <a class=\"image-lightbox lightbox-gallery\" href=\"https:\/\/www.montanheiros.com\/wp-content\/uploads\/2019\/05\/big1_1500292748.jpg\" title=\"Excurs\u00e3o \u00e0 ilha do Pico com subida \u00e0 montanha, Jantar conv\u00edvio, 15jul2017 - ilha do Pico \">            <div class=\"box has-hover gallery-box box-none\">\n              <div class=\"box-image\" style=\"width:63%;\">\n                <img loading=\"lazy\" decoding=\"async\" width=\"280\" height=\"280\" src=\"https:\/\/www.montanheiros.com\/wp-content\/uploads\/2019\/05\/big1_1500292748-280x280.jpg\" class=\"attachment-thumbnail size-thumbnail\" alt=\"\" ids=\"6202,6203,6204,6205,6206,6207,6208,6209,6210,6211,6212,6213,6214,6215,6216,6217,6219,6220,6221,6222,6223,6224,6226,6227,6228,6229,6230,6231,6232,6233,6234,6235,6236,6237,6238,6239,6240,6241,6242,6243,6225,6244,6245,6246,6247,6248,6249,6250,6267,6268,6269,6270,6271,6272,6273,6274,6275,6276\" style=\"none\" type=\"slider\" columns=\"1\" image_width=\"63\" image_size=\"thumbnail\" text_align=\"center\" srcset=\"https:\/\/www.montanheiros.com\/wp-content\/uploads\/2019\/05\/big1_1500292748-280x280.jpg 280w, https:\/\/www.montanheiros.com\/wp-content\/uploads\/2019\/05\/big1_1500292748-300x300.jpg 300w, https:\/\/www.montanheiros.com\/wp-content\/uploads\/2019\/05\/big1_1500292748-100x100.jpg 100w\" sizes=\"auto, (max-width: 280px) 100vw, 280px\" \/>                                                              <\/div>\n              <div class=\"box-text text-center\" >\n                 <p>Excurs\u00e3o \u00e0 ilha do Pico com subida \u00e0 montanha, Jantar conv\u00edvio, 15jul2017 - ilha do Pico <\/p>\n              <\/div>\n            <\/div>\n            <\/a>          <\/div>\n         <\/div><div class=\"gallery-col col\" >\n          <div class=\"col-inner\">\n            <a class=\"image-lightbox lightbox-gallery\" href=\"https:\/\/www.montanheiros.com\/wp-content\/uploads\/2019\/05\/big1_1500293051.jpg\" title=\"Excurs\u00e3o \u00e0 ilha do Pico com subida \u00e0 montanha, Jantar conv\u00edvio, 15jul2017 - ilha do Pico \">            <div class=\"box has-hover gallery-box box-none\">\n              <div class=\"box-image\" style=\"width:63%;\">\n                <img loading=\"lazy\" decoding=\"async\" width=\"280\" height=\"280\" src=\"https:\/\/www.montanheiros.com\/wp-content\/uploads\/2019\/05\/big1_1500293051-280x280.jpg\" class=\"attachment-thumbnail size-thumbnail\" alt=\"\" ids=\"6202,6203,6204,6205,6206,6207,6208,6209,6210,6211,6212,6213,6214,6215,6216,6217,6219,6220,6221,6222,6223,6224,6226,6227,6228,6229,6230,6231,6232,6233,6234,6235,6236,6237,6238,6239,6240,6241,6242,6243,6225,6244,6245,6246,6247,6248,6249,6250,6267,6268,6269,6270,6271,6272,6273,6274,6275,6276\" style=\"none\" type=\"slider\" columns=\"1\" image_width=\"63\" image_size=\"thumbnail\" text_align=\"center\" srcset=\"https:\/\/www.montanheiros.com\/wp-content\/uploads\/2019\/05\/big1_1500293051-280x280.jpg 280w, https:\/\/www.montanheiros.com\/wp-content\/uploads\/2019\/05\/big1_1500293051-300x300.jpg 300w, https:\/\/www.montanheiros.com\/wp-content\/uploads\/2019\/05\/big1_1500293051-100x100.jpg 100w\" sizes=\"auto, (max-width: 280px) 100vw, 280px\" \/>                                                              <\/div>\n              <div class=\"box-text text-center\" >\n                 <p>Excurs\u00e3o \u00e0 ilha do Pico com subida \u00e0 montanha, Jantar conv\u00edvio, 15jul2017 - ilha do Pico <\/p>\n              <\/div>\n            <\/div>\n            <\/a>          <\/div>\n         <\/div><div class=\"gallery-col col\" >\n          <div class=\"col-inner\">\n            <a class=\"image-lightbox lightbox-gallery\" href=\"https:\/\/www.montanheiros.com\/wp-content\/uploads\/2019\/05\/big2_1500293051.jpg\" title=\"Excurs\u00e3o \u00e0 ilha do Pico com subida \u00e0 montanha, Jantar conv\u00edvio, 15jul2017 - ilha do Pico \">            <div class=\"box has-hover gallery-box box-none\">\n              <div class=\"box-image\" style=\"width:63%;\">\n                <img loading=\"lazy\" decoding=\"async\" width=\"280\" height=\"280\" src=\"https:\/\/www.montanheiros.com\/wp-content\/uploads\/2019\/05\/big2_1500293051-280x280.jpg\" class=\"attachment-thumbnail size-thumbnail\" alt=\"\" ids=\"6202,6203,6204,6205,6206,6207,6208,6209,6210,6211,6212,6213,6214,6215,6216,6217,6219,6220,6221,6222,6223,6224,6226,6227,6228,6229,6230,6231,6232,6233,6234,6235,6236,6237,6238,6239,6240,6241,6242,6243,6225,6244,6245,6246,6247,6248,6249,6250,6267,6268,6269,6270,6271,6272,6273,6274,6275,6276\" style=\"none\" type=\"slider\" columns=\"1\" image_width=\"63\" image_size=\"thumbnail\" text_align=\"center\" srcset=\"https:\/\/www.montanheiros.com\/wp-content\/uploads\/2019\/05\/big2_1500293051-280x280.jpg 280w, https:\/\/www.montanheiros.com\/wp-content\/uploads\/2019\/05\/big2_1500293051-300x300.jpg 300w, https:\/\/www.montanheiros.com\/wp-content\/uploads\/2019\/05\/big2_1500293051-100x100.jpg 100w\" sizes=\"auto, (max-width: 280px) 100vw, 280px\" \/>                                                              <\/div>\n              <div class=\"box-text text-center\" >\n                 <p>Excurs\u00e3o \u00e0 ilha do Pico com subida \u00e0 montanha, Jantar conv\u00edvio, 15jul2017 - ilha do Pico <\/p>\n              <\/div>\n            <\/div>\n            <\/a>          <\/div>\n         <\/div><div class=\"gallery-col col\" >\n          <div class=\"col-inner\">\n            <a class=\"image-lightbox lightbox-gallery\" href=\"https:\/\/www.montanheiros.com\/wp-content\/uploads\/2019\/05\/big1_1500288808.jpg\" title=\"Excurs\u00e3o \u00e0 ilha do Pico com subida \u00e0 montanha, Viagem Terceira-Pico, 14jul2017 - ilha Terceira\">            <div class=\"box has-hover gallery-box box-none\">\n              <div class=\"box-image\" style=\"width:63%;\">\n                <img loading=\"lazy\" decoding=\"async\" width=\"280\" height=\"280\" src=\"https:\/\/www.montanheiros.com\/wp-content\/uploads\/2019\/05\/big1_1500288808-280x280.jpg\" class=\"attachment-thumbnail size-thumbnail\" alt=\"\" ids=\"6202,6203,6204,6205,6206,6207,6208,6209,6210,6211,6212,6213,6214,6215,6216,6217,6219,6220,6221,6222,6223,6224,6226,6227,6228,6229,6230,6231,6232,6233,6234,6235,6236,6237,6238,6239,6240,6241,6242,6243,6225,6244,6245,6246,6247,6248,6249,6250,6267,6268,6269,6270,6271,6272,6273,6274,6275,6276\" style=\"none\" type=\"slider\" columns=\"1\" image_width=\"63\" image_size=\"thumbnail\" text_align=\"center\" srcset=\"https:\/\/www.montanheiros.com\/wp-content\/uploads\/2019\/05\/big1_1500288808-280x280.jpg 280w, https:\/\/www.montanheiros.com\/wp-content\/uploads\/2019\/05\/big1_1500288808-300x300.jpg 300w, https:\/\/www.montanheiros.com\/wp-content\/uploads\/2019\/05\/big1_1500288808-100x100.jpg 100w\" sizes=\"auto, (max-width: 280px) 100vw, 280px\" \/>                                                              <\/div>\n              <div class=\"box-text text-center\" >\n                 <p>Excurs\u00e3o \u00e0 ilha do Pico com subida \u00e0 montanha, Viagem Terceira-Pico, 14jul2017 - ilha Terceira<\/p>\n              <\/div>\n            <\/div>\n            <\/a>          <\/div>\n         <\/div><div class=\"gallery-col col\" >\n          <div class=\"col-inner\">\n            <a class=\"image-lightbox lightbox-gallery\" href=\"https:\/\/www.montanheiros.com\/wp-content\/uploads\/2019\/05\/big3_1500288816.jpg\" title=\"Excurs\u00e3o \u00e0 ilha do Pico com subida \u00e0 montanha, Viagem Terceira-Pico, 14jul2017 - ilha Terceira\">            <div class=\"box has-hover gallery-box box-none\">\n              <div class=\"box-image\" style=\"width:63%;\">\n                <img loading=\"lazy\" decoding=\"async\" width=\"280\" height=\"280\" src=\"https:\/\/www.montanheiros.com\/wp-content\/uploads\/2019\/05\/big3_1500288816-280x280.jpg\" class=\"attachment-thumbnail size-thumbnail\" alt=\"\" ids=\"6202,6203,6204,6205,6206,6207,6208,6209,6210,6211,6212,6213,6214,6215,6216,6217,6219,6220,6221,6222,6223,6224,6226,6227,6228,6229,6230,6231,6232,6233,6234,6235,6236,6237,6238,6239,6240,6241,6242,6243,6225,6244,6245,6246,6247,6248,6249,6250,6267,6268,6269,6270,6271,6272,6273,6274,6275,6276\" style=\"none\" type=\"slider\" columns=\"1\" image_width=\"63\" image_size=\"thumbnail\" text_align=\"center\" srcset=\"https:\/\/www.montanheiros.com\/wp-content\/uploads\/2019\/05\/big3_1500288816-280x280.jpg 280w, https:\/\/www.montanheiros.com\/wp-content\/uploads\/2019\/05\/big3_1500288816-300x300.jpg 300w, https:\/\/www.montanheiros.com\/wp-content\/uploads\/2019\/05\/big3_1500288816-100x100.jpg 100w\" sizes=\"auto, (max-width: 280px) 100vw, 280px\" \/>                                                              <\/div>\n              <div class=\"box-text text-center\" >\n                 <p>Excurs\u00e3o \u00e0 ilha do Pico com subida \u00e0 montanha, Viagem Terceira-Pico, 14jul2017 - ilha Terceira<\/p>\n              <\/div>\n            <\/div>\n            <\/a>          <\/div>\n         <\/div><div class=\"gallery-col col\" >\n          <div class=\"col-inner\">\n            <a class=\"image-lightbox lightbox-gallery\" href=\"https:\/\/www.montanheiros.com\/wp-content\/uploads\/2019\/05\/big2_1500288811.jpg\" title=\"Excurs\u00e3o \u00e0 ilha do Pico com subida \u00e0 montanha, Viagem Terceira-Pico, 14jul2017 - ilha Terceira\">            <div class=\"box has-hover gallery-box box-none\">\n              <div class=\"box-image\" style=\"width:63%;\">\n                <img loading=\"lazy\" decoding=\"async\" width=\"280\" height=\"280\" src=\"https:\/\/www.montanheiros.com\/wp-content\/uploads\/2019\/05\/big2_1500288811-280x280.jpg\" class=\"attachment-thumbnail size-thumbnail\" alt=\"\" ids=\"6202,6203,6204,6205,6206,6207,6208,6209,6210,6211,6212,6213,6214,6215,6216,6217,6219,6220,6221,6222,6223,6224,6226,6227,6228,6229,6230,6231,6232,6233,6234,6235,6236,6237,6238,6239,6240,6241,6242,6243,6225,6244,6245,6246,6247,6248,6249,6250,6267,6268,6269,6270,6271,6272,6273,6274,6275,6276\" style=\"none\" type=\"slider\" columns=\"1\" image_width=\"63\" image_size=\"thumbnail\" text_align=\"center\" srcset=\"https:\/\/www.montanheiros.com\/wp-content\/uploads\/2019\/05\/big2_1500288811-280x280.jpg 280w, https:\/\/www.montanheiros.com\/wp-content\/uploads\/2019\/05\/big2_1500288811-300x300.jpg 300w, https:\/\/www.montanheiros.com\/wp-content\/uploads\/2019\/05\/big2_1500288811-100x100.jpg 100w\" sizes=\"auto, (max-width: 280px) 100vw, 280px\" \/>                                                              <\/div>\n              <div class=\"box-text text-center\" >\n                 <p>Excurs\u00e3o \u00e0 ilha do Pico com subida \u00e0 montanha, Viagem Terceira-Pico, 14jul2017 - ilha Terceira<\/p>\n              <\/div>\n            <\/div>\n            <\/a>          <\/div>\n         <\/div><div class=\"gallery-col col\" >\n          <div class=\"col-inner\">\n            <a class=\"image-lightbox lightbox-gallery\" href=\"https:\/\/www.montanheiros.com\/wp-content\/uploads\/2019\/05\/big4_1500288822.jpg\" title=\"Excurs\u00e3o \u00e0 ilha do Pico com subida \u00e0 montanha, Viagem Terceira-Pico, 14jul2017 - ilha Terceira\">            <div class=\"box has-hover gallery-box box-none\">\n              <div class=\"box-image\" style=\"width:63%;\">\n                <img loading=\"lazy\" decoding=\"async\" width=\"280\" height=\"280\" src=\"https:\/\/www.montanheiros.com\/wp-content\/uploads\/2019\/05\/big4_1500288822-280x280.jpg\" class=\"attachment-thumbnail size-thumbnail\" alt=\"\" ids=\"6202,6203,6204,6205,6206,6207,6208,6209,6210,6211,6212,6213,6214,6215,6216,6217,6219,6220,6221,6222,6223,6224,6226,6227,6228,6229,6230,6231,6232,6233,6234,6235,6236,6237,6238,6239,6240,6241,6242,6243,6225,6244,6245,6246,6247,6248,6249,6250,6267,6268,6269,6270,6271,6272,6273,6274,6275,6276\" style=\"none\" type=\"slider\" columns=\"1\" image_width=\"63\" image_size=\"thumbnail\" text_align=\"center\" srcset=\"https:\/\/www.montanheiros.com\/wp-content\/uploads\/2019\/05\/big4_1500288822-280x280.jpg 280w, https:\/\/www.montanheiros.com\/wp-content\/uploads\/2019\/05\/big4_1500288822-300x300.jpg 300w, https:\/\/www.montanheiros.com\/wp-content\/uploads\/2019\/05\/big4_1500288822-100x100.jpg 100w\" sizes=\"auto, (max-width: 280px) 100vw, 280px\" \/>                                                              <\/div>\n              <div class=\"box-text text-center\" >\n                 <p>Excurs\u00e3o \u00e0 ilha do Pico com subida \u00e0 montanha, Viagem Terceira-Pico, 14jul2017 - ilha Terceira<\/p>\n              <\/div>\n            <\/div>\n            <\/a>          <\/div>\n         <\/div><div class=\"gallery-col col\" >\n          <div class=\"col-inner\">\n            <a class=\"image-lightbox lightbox-gallery\" href=\"https:\/\/www.montanheiros.com\/wp-content\/uploads\/2019\/05\/big11_1500290824.jpg\" title=\"Excurs\u00e3o \u00e0 ilha do Pico com subida \u00e0 montanha, Viagem Terceira-Pico, 14jul2017 - ilha Terceira\">            <div class=\"box has-hover gallery-box box-none\">\n              <div class=\"box-image\" style=\"width:63%;\">\n                <img loading=\"lazy\" decoding=\"async\" width=\"280\" height=\"280\" src=\"https:\/\/www.montanheiros.com\/wp-content\/uploads\/2019\/05\/big11_1500290824-280x280.jpg\" class=\"attachment-thumbnail size-thumbnail\" alt=\"\" ids=\"6202,6203,6204,6205,6206,6207,6208,6209,6210,6211,6212,6213,6214,6215,6216,6217,6219,6220,6221,6222,6223,6224,6226,6227,6228,6229,6230,6231,6232,6233,6234,6235,6236,6237,6238,6239,6240,6241,6242,6243,6225,6244,6245,6246,6247,6248,6249,6250,6267,6268,6269,6270,6271,6272,6273,6274,6275,6276\" style=\"none\" type=\"slider\" columns=\"1\" image_width=\"63\" image_size=\"thumbnail\" text_align=\"center\" srcset=\"https:\/\/www.montanheiros.com\/wp-content\/uploads\/2019\/05\/big11_1500290824-280x280.jpg 280w, https:\/\/www.montanheiros.com\/wp-content\/uploads\/2019\/05\/big11_1500290824-300x300.jpg 300w, https:\/\/www.montanheiros.com\/wp-content\/uploads\/2019\/05\/big11_1500290824-100x100.jpg 100w\" sizes=\"auto, (max-width: 280px) 100vw, 280px\" \/>                                                              <\/div>\n              <div class=\"box-text text-center\" >\n                 <p>Excurs\u00e3o \u00e0 ilha do Pico com subida \u00e0 montanha, Viagem Terceira-Pico, 14jul2017 - ilha Terceira<\/p>\n              <\/div>\n            <\/div>\n            <\/a>          <\/div>\n         <\/div><div class=\"gallery-col col\" >\n          <div class=\"col-inner\">\n            <a class=\"image-lightbox lightbox-gallery\" href=\"https:\/\/www.montanheiros.com\/wp-content\/uploads\/2019\/05\/big5_1500291342.jpg\" title=\"Excurs\u00e3o \u00e0 ilha do Pico com subida \u00e0 montanha, Viagem Terceira-Pico, 14jul2017 - ilha Terceira\">            <div class=\"box has-hover gallery-box box-none\">\n              <div class=\"box-image\" style=\"width:63%;\">\n                <img loading=\"lazy\" decoding=\"async\" width=\"280\" height=\"280\" src=\"https:\/\/www.montanheiros.com\/wp-content\/uploads\/2019\/05\/big5_1500291342-280x280.jpg\" class=\"attachment-thumbnail size-thumbnail\" alt=\"\" ids=\"6202,6203,6204,6205,6206,6207,6208,6209,6210,6211,6212,6213,6214,6215,6216,6217,6219,6220,6221,6222,6223,6224,6226,6227,6228,6229,6230,6231,6232,6233,6234,6235,6236,6237,6238,6239,6240,6241,6242,6243,6225,6244,6245,6246,6247,6248,6249,6250,6267,6268,6269,6270,6271,6272,6273,6274,6275,6276\" style=\"none\" type=\"slider\" columns=\"1\" image_width=\"63\" image_size=\"thumbnail\" text_align=\"center\" srcset=\"https:\/\/www.montanheiros.com\/wp-content\/uploads\/2019\/05\/big5_1500291342-280x280.jpg 280w, https:\/\/www.montanheiros.com\/wp-content\/uploads\/2019\/05\/big5_1500291342-300x300.jpg 300w, https:\/\/www.montanheiros.com\/wp-content\/uploads\/2019\/05\/big5_1500291342-100x100.jpg 100w\" sizes=\"auto, (max-width: 280px) 100vw, 280px\" \/>                                                              <\/div>\n              <div class=\"box-text text-center\" >\n                 <p>Excurs\u00e3o \u00e0 ilha do Pico com subida \u00e0 montanha, Viagem Terceira-Pico, 14jul2017 - ilha Terceira<\/p>\n              <\/div>\n            <\/div>\n            <\/a>          <\/div>\n         <\/div><div class=\"gallery-col col\" >\n          <div class=\"col-inner\">\n            <a class=\"image-lightbox lightbox-gallery\" href=\"https:\/\/www.montanheiros.com\/wp-content\/uploads\/2019\/05\/big4_1500291340.jpg\" title=\"Excurs\u00e3o \u00e0 ilha do Pico com subida \u00e0 montanha, Viagem Terceira-Pico, 14jul2017 - ilha Terceira\">            <div class=\"box has-hover gallery-box box-none\">\n              <div class=\"box-image\" style=\"width:63%;\">\n                <img loading=\"lazy\" decoding=\"async\" width=\"280\" height=\"280\" src=\"https:\/\/www.montanheiros.com\/wp-content\/uploads\/2019\/05\/big4_1500291340-280x280.jpg\" class=\"attachment-thumbnail size-thumbnail\" alt=\"\" ids=\"6202,6203,6204,6205,6206,6207,6208,6209,6210,6211,6212,6213,6214,6215,6216,6217,6219,6220,6221,6222,6223,6224,6226,6227,6228,6229,6230,6231,6232,6233,6234,6235,6236,6237,6238,6239,6240,6241,6242,6243,6225,6244,6245,6246,6247,6248,6249,6250,6267,6268,6269,6270,6271,6272,6273,6274,6275,6276\" style=\"none\" type=\"slider\" columns=\"1\" image_width=\"63\" image_size=\"thumbnail\" text_align=\"center\" srcset=\"https:\/\/www.montanheiros.com\/wp-content\/uploads\/2019\/05\/big4_1500291340-280x280.jpg 280w, https:\/\/www.montanheiros.com\/wp-content\/uploads\/2019\/05\/big4_1500291340-300x300.jpg 300w, https:\/\/www.montanheiros.com\/wp-content\/uploads\/2019\/05\/big4_1500291340-100x100.jpg 100w\" sizes=\"auto, (max-width: 280px) 100vw, 280px\" \/>                                                              <\/div>\n              <div class=\"box-text text-center\" >\n                 <p>Excurs\u00e3o \u00e0 ilha do Pico com subida \u00e0 montanha, Viagem Terceira-Pico, 14jul2017 - ilha Terceira<\/p>\n              <\/div>\n            <\/div>\n            <\/a>          <\/div>\n         <\/div><div class=\"gallery-col col\" >\n          <div class=\"col-inner\">\n            <a class=\"image-lightbox lightbox-gallery\" href=\"https:\/\/www.montanheiros.com\/wp-content\/uploads\/2019\/05\/big8_1500291345.jpg\" title=\"Excurs\u00e3o \u00e0 ilha do Pico com subida \u00e0 montanha, Viagem Terceira-Pico, 14jul2017 - ilha Terceira\">            <div class=\"box has-hover gallery-box box-none\">\n              <div class=\"box-image\" style=\"width:63%;\">\n                <img loading=\"lazy\" decoding=\"async\" width=\"280\" height=\"280\" src=\"https:\/\/www.montanheiros.com\/wp-content\/uploads\/2019\/05\/big8_1500291345-280x280.jpg\" class=\"attachment-thumbnail size-thumbnail\" alt=\"\" ids=\"6202,6203,6204,6205,6206,6207,6208,6209,6210,6211,6212,6213,6214,6215,6216,6217,6219,6220,6221,6222,6223,6224,6226,6227,6228,6229,6230,6231,6232,6233,6234,6235,6236,6237,6238,6239,6240,6241,6242,6243,6225,6244,6245,6246,6247,6248,6249,6250,6267,6268,6269,6270,6271,6272,6273,6274,6275,6276\" style=\"none\" type=\"slider\" columns=\"1\" image_width=\"63\" image_size=\"thumbnail\" text_align=\"center\" srcset=\"https:\/\/www.montanheiros.com\/wp-content\/uploads\/2019\/05\/big8_1500291345-280x280.jpg 280w, https:\/\/www.montanheiros.com\/wp-content\/uploads\/2019\/05\/big8_1500291345-300x300.jpg 300w, https:\/\/www.montanheiros.com\/wp-content\/uploads\/2019\/05\/big8_1500291345-100x100.jpg 100w\" sizes=\"auto, (max-width: 280px) 100vw, 280px\" \/>                                                              <\/div>\n              <div class=\"box-text text-center\" >\n                 <p>Excurs\u00e3o \u00e0 ilha do Pico com subida \u00e0 montanha, Viagem Terceira-Pico, 14jul2017 - ilha Terceira<\/p>\n              <\/div>\n            <\/div>\n            <\/a>          <\/div>\n         <\/div><div class=\"gallery-col col\" >\n          <div class=\"col-inner\">\n            <a class=\"image-lightbox lightbox-gallery\" href=\"https:\/\/www.montanheiros.com\/wp-content\/uploads\/2019\/05\/big3_1500291338.jpg\" title=\"Excurs\u00e3o \u00e0 ilha do Pico com subida \u00e0 montanha, Viagem Terceira-Pico, 14jul2017 - ilha Terceira\">            <div class=\"box has-hover gallery-box box-none\">\n              <div class=\"box-image\" style=\"width:63%;\">\n                <img loading=\"lazy\" decoding=\"async\" width=\"280\" height=\"280\" src=\"https:\/\/www.montanheiros.com\/wp-content\/uploads\/2019\/05\/big3_1500291338-280x280.jpg\" class=\"attachment-thumbnail size-thumbnail\" alt=\"\" ids=\"6202,6203,6204,6205,6206,6207,6208,6209,6210,6211,6212,6213,6214,6215,6216,6217,6219,6220,6221,6222,6223,6224,6226,6227,6228,6229,6230,6231,6232,6233,6234,6235,6236,6237,6238,6239,6240,6241,6242,6243,6225,6244,6245,6246,6247,6248,6249,6250,6267,6268,6269,6270,6271,6272,6273,6274,6275,6276\" style=\"none\" type=\"slider\" columns=\"1\" image_width=\"63\" image_size=\"thumbnail\" text_align=\"center\" srcset=\"https:\/\/www.montanheiros.com\/wp-content\/uploads\/2019\/05\/big3_1500291338-280x280.jpg 280w, https:\/\/www.montanheiros.com\/wp-content\/uploads\/2019\/05\/big3_1500291338-300x300.jpg 300w, https:\/\/www.montanheiros.com\/wp-content\/uploads\/2019\/05\/big3_1500291338-100x100.jpg 100w\" sizes=\"auto, (max-width: 280px) 100vw, 280px\" \/>                                                              <\/div>\n              <div class=\"box-text text-center\" >\n                 <p>Excurs\u00e3o \u00e0 ilha do Pico com subida \u00e0 montanha, Viagem Terceira-Pico, 14jul2017 - ilha Terceira<\/p>\n              <\/div>\n            <\/div>\n            <\/a>          <\/div>\n         <\/div><div class=\"gallery-col col\" >\n          <div class=\"col-inner\">\n            <a class=\"image-lightbox lightbox-gallery\" href=\"https:\/\/www.montanheiros.com\/wp-content\/uploads\/2019\/05\/big2_1500291335.jpg\" title=\"Excurs\u00e3o \u00e0 ilha do Pico com subida \u00e0 montanha, Viagem Terceira-Pico, 14jul2017 - ilha Terceira\">            <div class=\"box has-hover gallery-box box-none\">\n              <div class=\"box-image\" style=\"width:63%;\">\n                <img loading=\"lazy\" decoding=\"async\" width=\"280\" height=\"280\" src=\"https:\/\/www.montanheiros.com\/wp-content\/uploads\/2019\/05\/big2_1500291335-280x280.jpg\" class=\"attachment-thumbnail size-thumbnail\" alt=\"\" ids=\"6202,6203,6204,6205,6206,6207,6208,6209,6210,6211,6212,6213,6214,6215,6216,6217,6219,6220,6221,6222,6223,6224,6226,6227,6228,6229,6230,6231,6232,6233,6234,6235,6236,6237,6238,6239,6240,6241,6242,6243,6225,6244,6245,6246,6247,6248,6249,6250,6267,6268,6269,6270,6271,6272,6273,6274,6275,6276\" style=\"none\" type=\"slider\" columns=\"1\" image_width=\"63\" image_size=\"thumbnail\" text_align=\"center\" srcset=\"https:\/\/www.montanheiros.com\/wp-content\/uploads\/2019\/05\/big2_1500291335-280x280.jpg 280w, https:\/\/www.montanheiros.com\/wp-content\/uploads\/2019\/05\/big2_1500291335-300x300.jpg 300w, https:\/\/www.montanheiros.com\/wp-content\/uploads\/2019\/05\/big2_1500291335-100x100.jpg 100w\" sizes=\"auto, (max-width: 280px) 100vw, 280px\" \/>                                                              <\/div>\n              <div class=\"box-text text-center\" >\n                 <p>Excurs\u00e3o \u00e0 ilha do Pico com subida \u00e0 montanha, Viagem Terceira-Pico, 14jul2017 - ilha Terceira<\/p>\n              <\/div>\n            <\/div>\n            <\/a>          <\/div>\n         <\/div><div class=\"gallery-col col\" >\n          <div class=\"col-inner\">\n            <a class=\"image-lightbox lightbox-gallery\" href=\"https:\/\/www.montanheiros.com\/wp-content\/uploads\/2019\/05\/big1_1500291333.jpg\" title=\"Excurs\u00e3o \u00e0 ilha do Pico com subida \u00e0 montanha, Viagem Terceira-Pico, 14jul2017 - ilha Terceira\">            <div class=\"box has-hover gallery-box box-none\">\n              <div class=\"box-image\" style=\"width:63%;\">\n                <img loading=\"lazy\" decoding=\"async\" width=\"280\" height=\"280\" src=\"https:\/\/www.montanheiros.com\/wp-content\/uploads\/2019\/05\/big1_1500291333-280x280.jpg\" class=\"attachment-thumbnail size-thumbnail\" alt=\"\" ids=\"6202,6203,6204,6205,6206,6207,6208,6209,6210,6211,6212,6213,6214,6215,6216,6217,6219,6220,6221,6222,6223,6224,6226,6227,6228,6229,6230,6231,6232,6233,6234,6235,6236,6237,6238,6239,6240,6241,6242,6243,6225,6244,6245,6246,6247,6248,6249,6250,6267,6268,6269,6270,6271,6272,6273,6274,6275,6276\" style=\"none\" type=\"slider\" columns=\"1\" image_width=\"63\" image_size=\"thumbnail\" text_align=\"center\" srcset=\"https:\/\/www.montanheiros.com\/wp-content\/uploads\/2019\/05\/big1_1500291333-280x280.jpg 280w, https:\/\/www.montanheiros.com\/wp-content\/uploads\/2019\/05\/big1_1500291333-300x300.jpg 300w, https:\/\/www.montanheiros.com\/wp-content\/uploads\/2019\/05\/big1_1500291333-100x100.jpg 100w\" sizes=\"auto, (max-width: 280px) 100vw, 280px\" \/>                                                              <\/div>\n              <div class=\"box-text text-center\" >\n                 <p>Excurs\u00e3o \u00e0 ilha do Pico com subida \u00e0 montanha, Viagem Terceira-Pico, 14jul2017 - ilha Terceira<\/p>\n              <\/div>\n            <\/div>\n            <\/a>          <\/div>\n         <\/div><div class=\"gallery-col col\" >\n          <div class=\"col-inner\">\n            <a class=\"image-lightbox lightbox-gallery\" href=\"https:\/\/www.montanheiros.com\/wp-content\/uploads\/2019\/05\/big7_1500291345.jpg\" title=\"Excurs\u00e3o \u00e0 ilha do Pico com subida \u00e0 montanha, Viagem Terceira-Pico, 14jul2017 - ilha Terceira\">            <div class=\"box has-hover gallery-box box-none\">\n              <div class=\"box-image\" style=\"width:63%;\">\n                <img loading=\"lazy\" decoding=\"async\" width=\"280\" height=\"280\" src=\"https:\/\/www.montanheiros.com\/wp-content\/uploads\/2019\/05\/big7_1500291345-280x280.jpg\" class=\"attachment-thumbnail size-thumbnail\" alt=\"\" ids=\"6202,6203,6204,6205,6206,6207,6208,6209,6210,6211,6212,6213,6214,6215,6216,6217,6219,6220,6221,6222,6223,6224,6226,6227,6228,6229,6230,6231,6232,6233,6234,6235,6236,6237,6238,6239,6240,6241,6242,6243,6225,6244,6245,6246,6247,6248,6249,6250,6267,6268,6269,6270,6271,6272,6273,6274,6275,6276\" style=\"none\" type=\"slider\" columns=\"1\" image_width=\"63\" image_size=\"thumbnail\" text_align=\"center\" srcset=\"https:\/\/www.montanheiros.com\/wp-content\/uploads\/2019\/05\/big7_1500291345-280x280.jpg 280w, https:\/\/www.montanheiros.com\/wp-content\/uploads\/2019\/05\/big7_1500291345-300x300.jpg 300w, https:\/\/www.montanheiros.com\/wp-content\/uploads\/2019\/05\/big7_1500291345-100x100.jpg 100w\" sizes=\"auto, (max-width: 280px) 100vw, 280px\" \/>                                                              <\/div>\n              <div class=\"box-text text-center\" >\n                 <p>Excurs\u00e3o \u00e0 ilha do Pico com subida \u00e0 montanha, Viagem Terceira-Pico, 14jul2017 - ilha Terceira<\/p>\n              <\/div>\n            <\/div>\n            <\/a>          <\/div>\n         <\/div><div class=\"gallery-col col\" >\n          <div class=\"col-inner\">\n            <a class=\"image-lightbox lightbox-gallery\" href=\"https:\/\/www.montanheiros.com\/wp-content\/uploads\/2019\/05\/big1_1500291537.jpg\" title=\"Excurs\u00e3o \u00e0 ilha do Pico com subida \u00e0 montanha, Madalena, 14jul2017 - ilha do Pico\">            <div class=\"box has-hover gallery-box box-none\">\n              <div class=\"box-image\" style=\"width:63%;\">\n                <img loading=\"lazy\" decoding=\"async\" width=\"280\" height=\"280\" src=\"https:\/\/www.montanheiros.com\/wp-content\/uploads\/2019\/05\/big1_1500291537-280x280.jpg\" class=\"attachment-thumbnail size-thumbnail\" alt=\"\" ids=\"6202,6203,6204,6205,6206,6207,6208,6209,6210,6211,6212,6213,6214,6215,6216,6217,6219,6220,6221,6222,6223,6224,6226,6227,6228,6229,6230,6231,6232,6233,6234,6235,6236,6237,6238,6239,6240,6241,6242,6243,6225,6244,6245,6246,6247,6248,6249,6250,6267,6268,6269,6270,6271,6272,6273,6274,6275,6276\" style=\"none\" type=\"slider\" columns=\"1\" image_width=\"63\" image_size=\"thumbnail\" text_align=\"center\" srcset=\"https:\/\/www.montanheiros.com\/wp-content\/uploads\/2019\/05\/big1_1500291537-280x280.jpg 280w, https:\/\/www.montanheiros.com\/wp-content\/uploads\/2019\/05\/big1_1500291537-300x300.jpg 300w, https:\/\/www.montanheiros.com\/wp-content\/uploads\/2019\/05\/big1_1500291537-100x100.jpg 100w\" sizes=\"auto, (max-width: 280px) 100vw, 280px\" \/>                                                              <\/div>\n              <div class=\"box-text text-center\" >\n                 <p>Excurs\u00e3o \u00e0 ilha do Pico com subida \u00e0 montanha, Madalena, 14jul2017 - ilha do Pico<\/p>\n              <\/div>\n            <\/div>\n            <\/a>          <\/div>\n         <\/div><div class=\"gallery-col col\" >\n          <div class=\"col-inner\">\n            <a class=\"image-lightbox lightbox-gallery\" href=\"https:\/\/www.montanheiros.com\/wp-content\/uploads\/2019\/05\/big2_1500291617.jpg\" title=\"Excurs\u00e3o \u00e0 ilha do Pico com subida \u00e0 montanha, Alvorada \u00e0s 4h e partida para a Casa da Montanha, 15jul2017 - ilha do Pico \">            <div class=\"box has-hover gallery-box box-none\">\n              <div class=\"box-image\" style=\"width:63%;\">\n                <img loading=\"lazy\" decoding=\"async\" width=\"280\" height=\"280\" src=\"https:\/\/www.montanheiros.com\/wp-content\/uploads\/2019\/05\/big2_1500291617-280x280.jpg\" class=\"attachment-thumbnail size-thumbnail\" alt=\"\" ids=\"6202,6203,6204,6205,6206,6207,6208,6209,6210,6211,6212,6213,6214,6215,6216,6217,6219,6220,6221,6222,6223,6224,6226,6227,6228,6229,6230,6231,6232,6233,6234,6235,6236,6237,6238,6239,6240,6241,6242,6243,6225,6244,6245,6246,6247,6248,6249,6250,6267,6268,6269,6270,6271,6272,6273,6274,6275,6276\" style=\"none\" type=\"slider\" columns=\"1\" image_width=\"63\" image_size=\"thumbnail\" text_align=\"center\" srcset=\"https:\/\/www.montanheiros.com\/wp-content\/uploads\/2019\/05\/big2_1500291617-280x280.jpg 280w, https:\/\/www.montanheiros.com\/wp-content\/uploads\/2019\/05\/big2_1500291617-300x300.jpg 300w, https:\/\/www.montanheiros.com\/wp-content\/uploads\/2019\/05\/big2_1500291617-100x100.jpg 100w\" sizes=\"auto, (max-width: 280px) 100vw, 280px\" \/>                                                              <\/div>\n              <div class=\"box-text text-center\" >\n                 <p>Excurs\u00e3o \u00e0 ilha do Pico com subida \u00e0 montanha, Alvorada \u00e0s 4h e partida para a Casa da Montanha, 15jul2017 - ilha do Pico <\/p>\n              <\/div>\n            <\/div>\n            <\/a>          <\/div>\n         <\/div><div class=\"gallery-col col\" >\n          <div class=\"col-inner\">\n            <a class=\"image-lightbox lightbox-gallery\" href=\"https:\/\/www.montanheiros.com\/wp-content\/uploads\/2019\/05\/big1_1500291617.jpg\" title=\"Excurs\u00e3o \u00e0 ilha do Pico com subida \u00e0 montanha, Alvorada \u00e0s 4h e partida para a Casa da Montanha, 15jul2017 - ilha do Pico \">            <div class=\"box has-hover gallery-box box-none\">\n              <div class=\"box-image\" style=\"width:63%;\">\n                <img loading=\"lazy\" decoding=\"async\" width=\"280\" height=\"280\" src=\"https:\/\/www.montanheiros.com\/wp-content\/uploads\/2019\/05\/big1_1500291617-280x280.jpg\" class=\"attachment-thumbnail size-thumbnail\" alt=\"\" ids=\"6202,6203,6204,6205,6206,6207,6208,6209,6210,6211,6212,6213,6214,6215,6216,6217,6219,6220,6221,6222,6223,6224,6226,6227,6228,6229,6230,6231,6232,6233,6234,6235,6236,6237,6238,6239,6240,6241,6242,6243,6225,6244,6245,6246,6247,6248,6249,6250,6267,6268,6269,6270,6271,6272,6273,6274,6275,6276\" style=\"none\" type=\"slider\" columns=\"1\" image_width=\"63\" image_size=\"thumbnail\" text_align=\"center\" srcset=\"https:\/\/www.montanheiros.com\/wp-content\/uploads\/2019\/05\/big1_1500291617-280x280.jpg 280w, https:\/\/www.montanheiros.com\/wp-content\/uploads\/2019\/05\/big1_1500291617-300x300.jpg 300w, https:\/\/www.montanheiros.com\/wp-content\/uploads\/2019\/05\/big1_1500291617-100x100.jpg 100w\" sizes=\"auto, (max-width: 280px) 100vw, 280px\" \/>                                                              <\/div>\n              <div class=\"box-text text-center\" >\n                 <p>Excurs\u00e3o \u00e0 ilha do Pico com subida \u00e0 montanha, Alvorada \u00e0s 4h e partida para a Casa da Montanha, 15jul2017 - ilha do Pico <\/p>\n              <\/div>\n            <\/div>\n            <\/a>          <\/div>\n         <\/div><div class=\"gallery-col col\" >\n          <div class=\"col-inner\">\n            <a class=\"image-lightbox lightbox-gallery\" href=\"https:\/\/www.montanheiros.com\/wp-content\/uploads\/2019\/05\/big4_1500291621.jpg\" title=\"Excurs\u00e3o \u00e0 ilha do Pico com subida \u00e0 montanha, Alvorada \u00e0s 4h e partida para a Casa da Montanha, 15jul2017 - ilha do Pico \">            <div class=\"box has-hover gallery-box box-none\">\n              <div class=\"box-image\" style=\"width:63%;\">\n                <img loading=\"lazy\" decoding=\"async\" width=\"280\" height=\"280\" src=\"https:\/\/www.montanheiros.com\/wp-content\/uploads\/2019\/05\/big4_1500291621-280x280.jpg\" class=\"attachment-thumbnail size-thumbnail\" alt=\"\" ids=\"6202,6203,6204,6205,6206,6207,6208,6209,6210,6211,6212,6213,6214,6215,6216,6217,6219,6220,6221,6222,6223,6224,6226,6227,6228,6229,6230,6231,6232,6233,6234,6235,6236,6237,6238,6239,6240,6241,6242,6243,6225,6244,6245,6246,6247,6248,6249,6250,6267,6268,6269,6270,6271,6272,6273,6274,6275,6276\" style=\"none\" type=\"slider\" columns=\"1\" image_width=\"63\" image_size=\"thumbnail\" text_align=\"center\" srcset=\"https:\/\/www.montanheiros.com\/wp-content\/uploads\/2019\/05\/big4_1500291621-280x280.jpg 280w, https:\/\/www.montanheiros.com\/wp-content\/uploads\/2019\/05\/big4_1500291621-300x300.jpg 300w, https:\/\/www.montanheiros.com\/wp-content\/uploads\/2019\/05\/big4_1500291621-100x100.jpg 100w\" sizes=\"auto, (max-width: 280px) 100vw, 280px\" \/>                                                              <\/div>\n              <div class=\"box-text text-center\" >\n                 <p>Excurs\u00e3o \u00e0 ilha do Pico com subida \u00e0 montanha, Alvorada \u00e0s 4h e partida para a Casa da Montanha, 15jul2017 - ilha do Pico <\/p>\n              <\/div>\n            <\/div>\n            <\/a>          <\/div>\n         <\/div><div class=\"gallery-col col\" >\n          <div class=\"col-inner\">\n            <a class=\"image-lightbox lightbox-gallery\" href=\"https:\/\/www.montanheiros.com\/wp-content\/uploads\/2019\/05\/big1_1500291680.jpg\" title=\"Excurs\u00e3o \u00e0 ilha do Pico com subida \u00e0 montanha, Alvorada \u00e0s 4h e partida para a Casa da Montanha, 15jul2017 - ilha do Pico \">            <div class=\"box has-hover gallery-box box-none\">\n              <div class=\"box-image\" style=\"width:63%;\">\n                <img loading=\"lazy\" decoding=\"async\" width=\"280\" height=\"280\" src=\"https:\/\/www.montanheiros.com\/wp-content\/uploads\/2019\/05\/big1_1500291680-280x280.jpg\" class=\"attachment-thumbnail size-thumbnail\" alt=\"\" ids=\"6202,6203,6204,6205,6206,6207,6208,6209,6210,6211,6212,6213,6214,6215,6216,6217,6219,6220,6221,6222,6223,6224,6226,6227,6228,6229,6230,6231,6232,6233,6234,6235,6236,6237,6238,6239,6240,6241,6242,6243,6225,6244,6245,6246,6247,6248,6249,6250,6267,6268,6269,6270,6271,6272,6273,6274,6275,6276\" style=\"none\" type=\"slider\" columns=\"1\" image_width=\"63\" image_size=\"thumbnail\" text_align=\"center\" srcset=\"https:\/\/www.montanheiros.com\/wp-content\/uploads\/2019\/05\/big1_1500291680-280x280.jpg 280w, https:\/\/www.montanheiros.com\/wp-content\/uploads\/2019\/05\/big1_1500291680-300x300.jpg 300w, https:\/\/www.montanheiros.com\/wp-content\/uploads\/2019\/05\/big1_1500291680-100x100.jpg 100w\" sizes=\"auto, (max-width: 280px) 100vw, 280px\" \/>                                                              <\/div>\n              <div class=\"box-text text-center\" >\n                 <p>Excurs\u00e3o \u00e0 ilha do Pico com subida \u00e0 montanha, Alvorada \u00e0s 4h e partida para a Casa da Montanha, 15jul2017 - ilha do Pico <\/p>\n              <\/div>\n            <\/div>\n            <\/a>          <\/div>\n         <\/div><div class=\"gallery-col col\" >\n          <div class=\"col-inner\">\n            <a class=\"image-lightbox lightbox-gallery\" href=\"https:\/\/www.montanheiros.com\/wp-content\/uploads\/2019\/05\/big10_1500291786.jpg\" title=\"Excurs\u00e3o \u00e0 ilha do Pico com subida \u00e0 montanha, Subida \u00e0 montanha, 15jul2017 - ilha do Pico\">            <div class=\"box has-hover gallery-box box-none\">\n              <div class=\"box-image\" style=\"width:63%;\">\n                <img loading=\"lazy\" decoding=\"async\" width=\"280\" height=\"280\" src=\"https:\/\/www.montanheiros.com\/wp-content\/uploads\/2019\/05\/big10_1500291786-280x280.jpg\" class=\"attachment-thumbnail size-thumbnail\" alt=\"\" ids=\"6202,6203,6204,6205,6206,6207,6208,6209,6210,6211,6212,6213,6214,6215,6216,6217,6219,6220,6221,6222,6223,6224,6226,6227,6228,6229,6230,6231,6232,6233,6234,6235,6236,6237,6238,6239,6240,6241,6242,6243,6225,6244,6245,6246,6247,6248,6249,6250,6267,6268,6269,6270,6271,6272,6273,6274,6275,6276\" style=\"none\" type=\"slider\" columns=\"1\" image_width=\"63\" image_size=\"thumbnail\" text_align=\"center\" srcset=\"https:\/\/www.montanheiros.com\/wp-content\/uploads\/2019\/05\/big10_1500291786-280x280.jpg 280w, https:\/\/www.montanheiros.com\/wp-content\/uploads\/2019\/05\/big10_1500291786-300x300.jpg 300w, https:\/\/www.montanheiros.com\/wp-content\/uploads\/2019\/05\/big10_1500291786-100x100.jpg 100w\" sizes=\"auto, (max-width: 280px) 100vw, 280px\" \/>                                                              <\/div>\n              <div class=\"box-text text-center\" >\n                 <p>Excurs\u00e3o \u00e0 ilha do Pico com subida \u00e0 montanha, Subida \u00e0 montanha, 15jul2017 - ilha do Pico<\/p>\n              <\/div>\n            <\/div>\n            <\/a>          <\/div>\n         <\/div><div class=\"gallery-col col\" >\n          <div class=\"col-inner\">\n            <a class=\"image-lightbox lightbox-gallery\" href=\"https:\/\/www.montanheiros.com\/wp-content\/uploads\/2019\/05\/big2_1500291758.jpg\" title=\"Excurs\u00e3o \u00e0 ilha do Pico com subida \u00e0 montanha, Subida \u00e0 montanha, 15jul2017 - ilha do Pico\">            <div class=\"box has-hover gallery-box box-none\">\n              <div class=\"box-image\" style=\"width:63%;\">\n                <img loading=\"lazy\" decoding=\"async\" width=\"280\" height=\"280\" src=\"https:\/\/www.montanheiros.com\/wp-content\/uploads\/2019\/05\/big2_1500291758-280x280.jpg\" class=\"attachment-thumbnail size-thumbnail\" alt=\"\" ids=\"6202,6203,6204,6205,6206,6207,6208,6209,6210,6211,6212,6213,6214,6215,6216,6217,6219,6220,6221,6222,6223,6224,6226,6227,6228,6229,6230,6231,6232,6233,6234,6235,6236,6237,6238,6239,6240,6241,6242,6243,6225,6244,6245,6246,6247,6248,6249,6250,6267,6268,6269,6270,6271,6272,6273,6274,6275,6276\" style=\"none\" type=\"slider\" columns=\"1\" image_width=\"63\" image_size=\"thumbnail\" text_align=\"center\" srcset=\"https:\/\/www.montanheiros.com\/wp-content\/uploads\/2019\/05\/big2_1500291758-280x280.jpg 280w, https:\/\/www.montanheiros.com\/wp-content\/uploads\/2019\/05\/big2_1500291758-300x300.jpg 300w, https:\/\/www.montanheiros.com\/wp-content\/uploads\/2019\/05\/big2_1500291758-100x100.jpg 100w\" sizes=\"auto, (max-width: 280px) 100vw, 280px\" \/>                                                              <\/div>\n              <div class=\"box-text text-center\" >\n                 <p>Excurs\u00e3o \u00e0 ilha do Pico com subida \u00e0 montanha, Subida \u00e0 montanha, 15jul2017 - ilha do Pico<\/p>\n              <\/div>\n            <\/div>\n            <\/a>          <\/div>\n         <\/div><div class=\"gallery-col col\" >\n          <div class=\"col-inner\">\n            <a class=\"image-lightbox lightbox-gallery\" href=\"https:\/\/www.montanheiros.com\/wp-content\/uploads\/2019\/05\/big3_1500291768.jpg\" title=\"Excurs\u00e3o \u00e0 ilha do Pico com subida \u00e0 montanha, Subida \u00e0 montanha, 15jul2017 - ilha do Pico\">            <div class=\"box has-hover gallery-box box-none\">\n              <div class=\"box-image\" style=\"width:63%;\">\n                <img loading=\"lazy\" decoding=\"async\" width=\"280\" height=\"280\" src=\"https:\/\/www.montanheiros.com\/wp-content\/uploads\/2019\/05\/big3_1500291768-280x280.jpg\" class=\"attachment-thumbnail size-thumbnail\" alt=\"\" ids=\"6202,6203,6204,6205,6206,6207,6208,6209,6210,6211,6212,6213,6214,6215,6216,6217,6219,6220,6221,6222,6223,6224,6226,6227,6228,6229,6230,6231,6232,6233,6234,6235,6236,6237,6238,6239,6240,6241,6242,6243,6225,6244,6245,6246,6247,6248,6249,6250,6267,6268,6269,6270,6271,6272,6273,6274,6275,6276\" style=\"none\" type=\"slider\" columns=\"1\" image_width=\"63\" image_size=\"thumbnail\" text_align=\"center\" srcset=\"https:\/\/www.montanheiros.com\/wp-content\/uploads\/2019\/05\/big3_1500291768-280x280.jpg 280w, https:\/\/www.montanheiros.com\/wp-content\/uploads\/2019\/05\/big3_1500291768-300x300.jpg 300w, https:\/\/www.montanheiros.com\/wp-content\/uploads\/2019\/05\/big3_1500291768-100x100.jpg 100w\" sizes=\"auto, (max-width: 280px) 100vw, 280px\" \/>                                                              <\/div>\n              <div class=\"box-text text-center\" >\n                 <p>Excurs\u00e3o \u00e0 ilha do Pico com subida \u00e0 montanha, Subida \u00e0 montanha, 15jul2017 - ilha do Pico<\/p>\n              <\/div>\n            <\/div>\n            <\/a>          <\/div>\n         <\/div><div class=\"gallery-col col\" >\n          <div class=\"col-inner\">\n            <a class=\"image-lightbox lightbox-gallery\" href=\"https:\/\/www.montanheiros.com\/wp-content\/uploads\/2019\/05\/big7_1500291781.jpg\" title=\"Excurs\u00e3o \u00e0 ilha do Pico com subida \u00e0 montanha, Subida \u00e0 montanha, 15jul2017 - ilha do Pico\">            <div class=\"box has-hover gallery-box box-none\">\n              <div class=\"box-image\" style=\"width:63%;\">\n                <img loading=\"lazy\" decoding=\"async\" width=\"280\" height=\"280\" src=\"https:\/\/www.montanheiros.com\/wp-content\/uploads\/2019\/05\/big7_1500291781-280x280.jpg\" class=\"attachment-thumbnail size-thumbnail\" alt=\"\" ids=\"6202,6203,6204,6205,6206,6207,6208,6209,6210,6211,6212,6213,6214,6215,6216,6217,6219,6220,6221,6222,6223,6224,6226,6227,6228,6229,6230,6231,6232,6233,6234,6235,6236,6237,6238,6239,6240,6241,6242,6243,6225,6244,6245,6246,6247,6248,6249,6250,6267,6268,6269,6270,6271,6272,6273,6274,6275,6276\" style=\"none\" type=\"slider\" columns=\"1\" image_width=\"63\" image_size=\"thumbnail\" text_align=\"center\" srcset=\"https:\/\/www.montanheiros.com\/wp-content\/uploads\/2019\/05\/big7_1500291781-280x280.jpg 280w, https:\/\/www.montanheiros.com\/wp-content\/uploads\/2019\/05\/big7_1500291781-300x300.jpg 300w, https:\/\/www.montanheiros.com\/wp-content\/uploads\/2019\/05\/big7_1500291781-100x100.jpg 100w\" sizes=\"auto, (max-width: 280px) 100vw, 280px\" \/>                                                              <\/div>\n              <div class=\"box-text text-center\" >\n                 <p>Excurs\u00e3o \u00e0 ilha do Pico com subida \u00e0 montanha, Subida \u00e0 montanha, 15jul2017 - ilha do Pico<\/p>\n              <\/div>\n            <\/div>\n            <\/a>          <\/div>\n         <\/div><div class=\"gallery-col col\" >\n          <div class=\"col-inner\">\n            <a class=\"image-lightbox lightbox-gallery\" href=\"https:\/\/www.montanheiros.com\/wp-content\/uploads\/2019\/05\/big8_1500291784.jpg\" title=\"Excurs\u00e3o \u00e0 ilha do Pico com subida \u00e0 montanha, Subida \u00e0 montanha, 15jul2017 - ilha do Pico\">            <div class=\"box has-hover gallery-box box-none\">\n              <div class=\"box-image\" style=\"width:63%;\">\n                <img loading=\"lazy\" decoding=\"async\" width=\"280\" height=\"280\" src=\"https:\/\/www.montanheiros.com\/wp-content\/uploads\/2019\/05\/big8_1500291784-280x280.jpg\" class=\"attachment-thumbnail size-thumbnail\" alt=\"\" ids=\"6202,6203,6204,6205,6206,6207,6208,6209,6210,6211,6212,6213,6214,6215,6216,6217,6219,6220,6221,6222,6223,6224,6226,6227,6228,6229,6230,6231,6232,6233,6234,6235,6236,6237,6238,6239,6240,6241,6242,6243,6225,6244,6245,6246,6247,6248,6249,6250,6267,6268,6269,6270,6271,6272,6273,6274,6275,6276\" style=\"none\" type=\"slider\" columns=\"1\" image_width=\"63\" image_size=\"thumbnail\" text_align=\"center\" srcset=\"https:\/\/www.montanheiros.com\/wp-content\/uploads\/2019\/05\/big8_1500291784-280x280.jpg 280w, https:\/\/www.montanheiros.com\/wp-content\/uploads\/2019\/05\/big8_1500291784-300x300.jpg 300w, https:\/\/www.montanheiros.com\/wp-content\/uploads\/2019\/05\/big8_1500291784-100x100.jpg 100w\" sizes=\"auto, (max-width: 280px) 100vw, 280px\" \/>                                                              <\/div>\n              <div class=\"box-text text-center\" >\n                 <p>Excurs\u00e3o \u00e0 ilha do Pico com subida \u00e0 montanha, Subida \u00e0 montanha, 15jul2017 - ilha do Pico<\/p>\n              <\/div>\n            <\/div>\n            <\/a>          <\/div>\n         <\/div><div class=\"gallery-col col\" >\n          <div class=\"col-inner\">\n            <a class=\"image-lightbox lightbox-gallery\" href=\"https:\/\/www.montanheiros.com\/wp-content\/uploads\/2019\/05\/big13_1500291792.jpg\" title=\"Excurs\u00e3o \u00e0 ilha do Pico com subida \u00e0 montanha, Subida \u00e0 montanha, 15jul2017 - ilha do Pico\">            <div class=\"box has-hover gallery-box box-none\">\n              <div class=\"box-image\" style=\"width:63%;\">\n                <img loading=\"lazy\" decoding=\"async\" width=\"280\" height=\"280\" src=\"https:\/\/www.montanheiros.com\/wp-content\/uploads\/2019\/05\/big13_1500291792-280x280.jpg\" class=\"attachment-thumbnail size-thumbnail\" alt=\"\" ids=\"6202,6203,6204,6205,6206,6207,6208,6209,6210,6211,6212,6213,6214,6215,6216,6217,6219,6220,6221,6222,6223,6224,6226,6227,6228,6229,6230,6231,6232,6233,6234,6235,6236,6237,6238,6239,6240,6241,6242,6243,6225,6244,6245,6246,6247,6248,6249,6250,6267,6268,6269,6270,6271,6272,6273,6274,6275,6276\" style=\"none\" type=\"slider\" columns=\"1\" image_width=\"63\" image_size=\"thumbnail\" text_align=\"center\" srcset=\"https:\/\/www.montanheiros.com\/wp-content\/uploads\/2019\/05\/big13_1500291792-280x280.jpg 280w, https:\/\/www.montanheiros.com\/wp-content\/uploads\/2019\/05\/big13_1500291792-300x300.jpg 300w, https:\/\/www.montanheiros.com\/wp-content\/uploads\/2019\/05\/big13_1500291792-100x100.jpg 100w\" sizes=\"auto, (max-width: 280px) 100vw, 280px\" \/>                                                              <\/div>\n              <div class=\"box-text text-center\" >\n                 <p>Excurs\u00e3o \u00e0 ilha do Pico com subida \u00e0 montanha, Subida \u00e0 montanha, 15jul2017 - ilha do Pico<\/p>\n              <\/div>\n            <\/div>\n            <\/a>          <\/div>\n         <\/div><div class=\"gallery-col col\" >\n          <div class=\"col-inner\">\n            <a class=\"image-lightbox lightbox-gallery\" href=\"https:\/\/www.montanheiros.com\/wp-content\/uploads\/2019\/05\/big14_1500291795.jpg\" title=\"Excurs\u00e3o \u00e0 ilha do Pico com subida \u00e0 montanha, Subida \u00e0 montanha, 15jul2017 - ilha do Pico\">            <div class=\"box has-hover gallery-box box-none\">\n              <div class=\"box-image\" style=\"width:63%;\">\n                <img loading=\"lazy\" decoding=\"async\" width=\"280\" height=\"280\" src=\"https:\/\/www.montanheiros.com\/wp-content\/uploads\/2019\/05\/big14_1500291795-280x280.jpg\" class=\"attachment-thumbnail size-thumbnail\" alt=\"\" ids=\"6202,6203,6204,6205,6206,6207,6208,6209,6210,6211,6212,6213,6214,6215,6216,6217,6219,6220,6221,6222,6223,6224,6226,6227,6228,6229,6230,6231,6232,6233,6234,6235,6236,6237,6238,6239,6240,6241,6242,6243,6225,6244,6245,6246,6247,6248,6249,6250,6267,6268,6269,6270,6271,6272,6273,6274,6275,6276\" style=\"none\" type=\"slider\" columns=\"1\" image_width=\"63\" image_size=\"thumbnail\" text_align=\"center\" srcset=\"https:\/\/www.montanheiros.com\/wp-content\/uploads\/2019\/05\/big14_1500291795-280x280.jpg 280w, https:\/\/www.montanheiros.com\/wp-content\/uploads\/2019\/05\/big14_1500291795-300x300.jpg 300w, https:\/\/www.montanheiros.com\/wp-content\/uploads\/2019\/05\/big14_1500291795-100x100.jpg 100w\" sizes=\"auto, (max-width: 280px) 100vw, 280px\" \/>                                                              <\/div>\n              <div class=\"box-text text-center\" >\n                 <p>Excurs\u00e3o \u00e0 ilha do Pico com subida \u00e0 montanha, Subida \u00e0 montanha, 15jul2017 - ilha do Pico<\/p>\n              <\/div>\n            <\/div>\n            <\/a>          <\/div>\n         <\/div><div class=\"gallery-col col\" >\n          <div class=\"col-inner\">\n            <a class=\"image-lightbox lightbox-gallery\" href=\"https:\/\/www.montanheiros.com\/wp-content\/uploads\/2019\/05\/big4_1500291771.jpg\" title=\"Excurs\u00e3o \u00e0 ilha do Pico com subida \u00e0 montanha, Subida \u00e0 montanha, 15jul2017 - ilha do Pico\">            <div class=\"box has-hover gallery-box box-none\">\n              <div class=\"box-image\" style=\"width:63%;\">\n                <img loading=\"lazy\" decoding=\"async\" width=\"280\" height=\"280\" src=\"https:\/\/www.montanheiros.com\/wp-content\/uploads\/2019\/05\/big4_1500291771-280x280.jpg\" class=\"attachment-thumbnail size-thumbnail\" alt=\"\" ids=\"6202,6203,6204,6205,6206,6207,6208,6209,6210,6211,6212,6213,6214,6215,6216,6217,6219,6220,6221,6222,6223,6224,6226,6227,6228,6229,6230,6231,6232,6233,6234,6235,6236,6237,6238,6239,6240,6241,6242,6243,6225,6244,6245,6246,6247,6248,6249,6250,6267,6268,6269,6270,6271,6272,6273,6274,6275,6276\" style=\"none\" type=\"slider\" columns=\"1\" image_width=\"63\" image_size=\"thumbnail\" text_align=\"center\" srcset=\"https:\/\/www.montanheiros.com\/wp-content\/uploads\/2019\/05\/big4_1500291771-280x280.jpg 280w, https:\/\/www.montanheiros.com\/wp-content\/uploads\/2019\/05\/big4_1500291771-300x300.jpg 300w, https:\/\/www.montanheiros.com\/wp-content\/uploads\/2019\/05\/big4_1500291771-100x100.jpg 100w\" sizes=\"auto, (max-width: 280px) 100vw, 280px\" \/>                                                              <\/div>\n              <div class=\"box-text text-center\" >\n                 <p>Excurs\u00e3o \u00e0 ilha do Pico com subida \u00e0 montanha, Subida \u00e0 montanha, 15jul2017 - ilha do Pico<\/p>\n              <\/div>\n            <\/div>\n            <\/a>          <\/div>\n         <\/div><div class=\"gallery-col col\" >\n          <div class=\"col-inner\">\n            <a class=\"image-lightbox lightbox-gallery\" href=\"https:\/\/www.montanheiros.com\/wp-content\/uploads\/2019\/05\/big6_1500291775.jpg\" title=\"Excurs\u00e3o \u00e0 ilha do Pico com subida \u00e0 montanha, Subida \u00e0 montanha, 15jul2017 - ilha do Pico\">            <div class=\"box has-hover gallery-box box-none\">\n              <div class=\"box-image\" style=\"width:63%;\">\n                <img loading=\"lazy\" decoding=\"async\" width=\"280\" height=\"280\" src=\"https:\/\/www.montanheiros.com\/wp-content\/uploads\/2019\/05\/big6_1500291775-280x280.jpg\" class=\"attachment-thumbnail size-thumbnail\" alt=\"\" ids=\"6202,6203,6204,6205,6206,6207,6208,6209,6210,6211,6212,6213,6214,6215,6216,6217,6219,6220,6221,6222,6223,6224,6226,6227,6228,6229,6230,6231,6232,6233,6234,6235,6236,6237,6238,6239,6240,6241,6242,6243,6225,6244,6245,6246,6247,6248,6249,6250,6267,6268,6269,6270,6271,6272,6273,6274,6275,6276\" style=\"none\" type=\"slider\" columns=\"1\" image_width=\"63\" image_size=\"thumbnail\" text_align=\"center\" srcset=\"https:\/\/www.montanheiros.com\/wp-content\/uploads\/2019\/05\/big6_1500291775-280x280.jpg 280w, https:\/\/www.montanheiros.com\/wp-content\/uploads\/2019\/05\/big6_1500291775-300x300.jpg 300w, https:\/\/www.montanheiros.com\/wp-content\/uploads\/2019\/05\/big6_1500291775-100x100.jpg 100w\" sizes=\"auto, (max-width: 280px) 100vw, 280px\" \/>                                                              <\/div>\n              <div class=\"box-text text-center\" >\n                 <p>Excurs\u00e3o \u00e0 ilha do Pico com subida \u00e0 montanha, Subida \u00e0 montanha, 15jul2017 - ilha do Pico<\/p>\n              <\/div>\n            <\/div>\n            <\/a>          <\/div>\n         <\/div><div class=\"gallery-col col\" >\n          <div class=\"col-inner\">\n            <a class=\"image-lightbox lightbox-gallery\" href=\"https:\/\/www.montanheiros.com\/wp-content\/uploads\/2019\/05\/big12_1500291790.jpg\" title=\"Excurs\u00e3o \u00e0 ilha do Pico com subida \u00e0 montanha, Subida \u00e0 montanha, 15jul2017 - ilha do Pico\">            <div class=\"box has-hover gallery-box box-none\">\n              <div class=\"box-image\" style=\"width:63%;\">\n                <img loading=\"lazy\" decoding=\"async\" width=\"280\" height=\"280\" src=\"https:\/\/www.montanheiros.com\/wp-content\/uploads\/2019\/05\/big12_1500291790-280x280.jpg\" class=\"attachment-thumbnail size-thumbnail\" alt=\"\" ids=\"6202,6203,6204,6205,6206,6207,6208,6209,6210,6211,6212,6213,6214,6215,6216,6217,6219,6220,6221,6222,6223,6224,6226,6227,6228,6229,6230,6231,6232,6233,6234,6235,6236,6237,6238,6239,6240,6241,6242,6243,6225,6244,6245,6246,6247,6248,6249,6250,6267,6268,6269,6270,6271,6272,6273,6274,6275,6276\" style=\"none\" type=\"slider\" columns=\"1\" image_width=\"63\" image_size=\"thumbnail\" text_align=\"center\" srcset=\"https:\/\/www.montanheiros.com\/wp-content\/uploads\/2019\/05\/big12_1500291790-280x280.jpg 280w, https:\/\/www.montanheiros.com\/wp-content\/uploads\/2019\/05\/big12_1500291790-300x300.jpg 300w, https:\/\/www.montanheiros.com\/wp-content\/uploads\/2019\/05\/big12_1500291790-100x100.jpg 100w\" sizes=\"auto, (max-width: 280px) 100vw, 280px\" \/>                                                              <\/div>\n              <div class=\"box-text text-center\" >\n                 <p>Excurs\u00e3o \u00e0 ilha do Pico com subida \u00e0 montanha, Subida \u00e0 montanha, 15jul2017 - ilha do Pico<\/p>\n              <\/div>\n            <\/div>\n            <\/a>          <\/div>\n         <\/div><div class=\"gallery-col col\" >\n          <div class=\"col-inner\">\n            <a class=\"image-lightbox lightbox-gallery\" href=\"https:\/\/www.montanheiros.com\/wp-content\/uploads\/2019\/05\/big15_1500291798-600x800.jpg\" title=\"Excurs\u00e3o \u00e0 ilha do Pico com subida \u00e0 montanha, Subida \u00e0 montanha, 15jul2017 - ilha do Pico\">            <div class=\"box has-hover gallery-box box-none\">\n              <div class=\"box-image\" style=\"width:63%;\">\n                <img loading=\"lazy\" decoding=\"async\" width=\"280\" height=\"280\" src=\"https:\/\/www.montanheiros.com\/wp-content\/uploads\/2019\/05\/big15_1500291798-280x280.jpg\" class=\"attachment-thumbnail size-thumbnail\" alt=\"\" ids=\"6202,6203,6204,6205,6206,6207,6208,6209,6210,6211,6212,6213,6214,6215,6216,6217,6219,6220,6221,6222,6223,6224,6226,6227,6228,6229,6230,6231,6232,6233,6234,6235,6236,6237,6238,6239,6240,6241,6242,6243,6225,6244,6245,6246,6247,6248,6249,6250,6267,6268,6269,6270,6271,6272,6273,6274,6275,6276\" style=\"none\" type=\"slider\" columns=\"1\" image_width=\"63\" image_size=\"thumbnail\" text_align=\"center\" srcset=\"https:\/\/www.montanheiros.com\/wp-content\/uploads\/2019\/05\/big15_1500291798-280x280.jpg 280w, https:\/\/www.montanheiros.com\/wp-content\/uploads\/2019\/05\/big15_1500291798-300x300.jpg 300w, https:\/\/www.montanheiros.com\/wp-content\/uploads\/2019\/05\/big15_1500291798-100x100.jpg 100w\" sizes=\"auto, (max-width: 280px) 100vw, 280px\" \/>                                                              <\/div>\n              <div class=\"box-text text-center\" >\n                 <p>Excurs\u00e3o \u00e0 ilha do Pico com subida \u00e0 montanha, Subida \u00e0 montanha, 15jul2017 - ilha do Pico<\/p>\n              <\/div>\n            <\/div>\n            <\/a>          <\/div>\n         <\/div><div class=\"gallery-col col\" >\n          <div class=\"col-inner\">\n            <a class=\"image-lightbox lightbox-gallery\" href=\"https:\/\/www.montanheiros.com\/wp-content\/uploads\/2019\/05\/big16_1500291809-600x800.jpg\" title=\"Excurs\u00e3o \u00e0 ilha do Pico com subida \u00e0 montanha, Subida \u00e0 montanha, 15jul2017 - ilha do Pico\">            <div class=\"box has-hover gallery-box box-none\">\n              <div class=\"box-image\" style=\"width:63%;\">\n                <img loading=\"lazy\" decoding=\"async\" width=\"280\" height=\"280\" src=\"https:\/\/www.montanheiros.com\/wp-content\/uploads\/2019\/05\/big16_1500291809-280x280.jpg\" class=\"attachment-thumbnail size-thumbnail\" alt=\"\" ids=\"6202,6203,6204,6205,6206,6207,6208,6209,6210,6211,6212,6213,6214,6215,6216,6217,6219,6220,6221,6222,6223,6224,6226,6227,6228,6229,6230,6231,6232,6233,6234,6235,6236,6237,6238,6239,6240,6241,6242,6243,6225,6244,6245,6246,6247,6248,6249,6250,6267,6268,6269,6270,6271,6272,6273,6274,6275,6276\" style=\"none\" type=\"slider\" columns=\"1\" image_width=\"63\" image_size=\"thumbnail\" text_align=\"center\" srcset=\"https:\/\/www.montanheiros.com\/wp-content\/uploads\/2019\/05\/big16_1500291809-280x280.jpg 280w, https:\/\/www.montanheiros.com\/wp-content\/uploads\/2019\/05\/big16_1500291809-300x300.jpg 300w, https:\/\/www.montanheiros.com\/wp-content\/uploads\/2019\/05\/big16_1500291809-100x100.jpg 100w\" sizes=\"auto, (max-width: 280px) 100vw, 280px\" \/>                                                              <\/div>\n              <div class=\"box-text text-center\" >\n                 <p>Excurs\u00e3o \u00e0 ilha do Pico com subida \u00e0 montanha, Subida \u00e0 montanha, 15jul2017 - ilha do Pico<\/p>\n              <\/div>\n            <\/div>\n            <\/a>          <\/div>\n         <\/div><div class=\"gallery-col col\" >\n          <div class=\"col-inner\">\n            <a class=\"image-lightbox lightbox-gallery\" href=\"https:\/\/www.montanheiros.com\/wp-content\/uploads\/2019\/05\/big17_1500291814.jpg\" title=\"Excurs\u00e3o \u00e0 ilha do Pico com subida \u00e0 montanha, Subida \u00e0 montanha, 15jul2017 - ilha do Pico\">            <div class=\"box has-hover gallery-box box-none\">\n              <div class=\"box-image\" style=\"width:63%;\">\n                <img loading=\"lazy\" decoding=\"async\" width=\"280\" height=\"280\" src=\"https:\/\/www.montanheiros.com\/wp-content\/uploads\/2019\/05\/big17_1500291814-280x280.jpg\" class=\"attachment-thumbnail size-thumbnail\" alt=\"\" ids=\"6202,6203,6204,6205,6206,6207,6208,6209,6210,6211,6212,6213,6214,6215,6216,6217,6219,6220,6221,6222,6223,6224,6226,6227,6228,6229,6230,6231,6232,6233,6234,6235,6236,6237,6238,6239,6240,6241,6242,6243,6225,6244,6245,6246,6247,6248,6249,6250,6267,6268,6269,6270,6271,6272,6273,6274,6275,6276\" style=\"none\" type=\"slider\" columns=\"1\" image_width=\"63\" image_size=\"thumbnail\" text_align=\"center\" srcset=\"https:\/\/www.montanheiros.com\/wp-content\/uploads\/2019\/05\/big17_1500291814-280x280.jpg 280w, https:\/\/www.montanheiros.com\/wp-content\/uploads\/2019\/05\/big17_1500291814-300x300.jpg 300w, https:\/\/www.montanheiros.com\/wp-content\/uploads\/2019\/05\/big17_1500291814-100x100.jpg 100w\" sizes=\"auto, (max-width: 280px) 100vw, 280px\" \/>                                                              <\/div>\n              <div class=\"box-text text-center\" >\n                 <p>Excurs\u00e3o \u00e0 ilha do Pico com subida \u00e0 montanha, Subida \u00e0 montanha, 15jul2017 - ilha do Pico<\/p>\n              <\/div>\n            <\/div>\n            <\/a>          <\/div>\n         <\/div><div class=\"gallery-col col\" >\n          <div class=\"col-inner\">\n            <a class=\"image-lightbox lightbox-gallery\" href=\"https:\/\/www.montanheiros.com\/wp-content\/uploads\/2019\/05\/big1_1500292473.jpg\" title=\"Excurs\u00e3o \u00e0 ilha do Pico com subida \u00e0 montanha, Subida \u00e0 montanha, 15jul2017 - ilha do Pico\">            <div class=\"box has-hover gallery-box box-none\">\n              <div class=\"box-image\" style=\"width:63%;\">\n                <img loading=\"lazy\" decoding=\"async\" width=\"280\" height=\"280\" src=\"https:\/\/www.montanheiros.com\/wp-content\/uploads\/2019\/05\/big1_1500292473-280x280.jpg\" class=\"attachment-thumbnail size-thumbnail\" alt=\"\" ids=\"6202,6203,6204,6205,6206,6207,6208,6209,6210,6211,6212,6213,6214,6215,6216,6217,6219,6220,6221,6222,6223,6224,6226,6227,6228,6229,6230,6231,6232,6233,6234,6235,6236,6237,6238,6239,6240,6241,6242,6243,6225,6244,6245,6246,6247,6248,6249,6250,6267,6268,6269,6270,6271,6272,6273,6274,6275,6276\" style=\"none\" type=\"slider\" columns=\"1\" image_width=\"63\" image_size=\"thumbnail\" text_align=\"center\" srcset=\"https:\/\/www.montanheiros.com\/wp-content\/uploads\/2019\/05\/big1_1500292473-280x280.jpg 280w, https:\/\/www.montanheiros.com\/wp-content\/uploads\/2019\/05\/big1_1500292473-300x300.jpg 300w, https:\/\/www.montanheiros.com\/wp-content\/uploads\/2019\/05\/big1_1500292473-100x100.jpg 100w\" sizes=\"auto, (max-width: 280px) 100vw, 280px\" \/>                                                              <\/div>\n              <div class=\"box-text text-center\" >\n                 <p>Excurs\u00e3o \u00e0 ilha do Pico com subida \u00e0 montanha, Subida \u00e0 montanha, 15jul2017 - ilha do Pico<\/p>\n              <\/div>\n            <\/div>\n            <\/a>          <\/div>\n         <\/div><div class=\"gallery-col col\" >\n          <div class=\"col-inner\">\n            <a class=\"image-lightbox lightbox-gallery\" href=\"https:\/\/www.montanheiros.com\/wp-content\/uploads\/2019\/05\/big3_1500292478.jpg\" title=\"Excurs\u00e3o \u00e0 ilha do Pico com subida \u00e0 montanha, Subida \u00e0 montanha, 15jul2017 - ilha do Pico\">            <div class=\"box has-hover gallery-box box-none\">\n              <div class=\"box-image\" style=\"width:63%;\">\n                <img loading=\"lazy\" decoding=\"async\" width=\"280\" height=\"280\" src=\"https:\/\/www.montanheiros.com\/wp-content\/uploads\/2019\/05\/big3_1500292478-280x280.jpg\" class=\"attachment-thumbnail size-thumbnail\" alt=\"\" ids=\"6202,6203,6204,6205,6206,6207,6208,6209,6210,6211,6212,6213,6214,6215,6216,6217,6219,6220,6221,6222,6223,6224,6226,6227,6228,6229,6230,6231,6232,6233,6234,6235,6236,6237,6238,6239,6240,6241,6242,6243,6225,6244,6245,6246,6247,6248,6249,6250,6267,6268,6269,6270,6271,6272,6273,6274,6275,6276\" style=\"none\" type=\"slider\" columns=\"1\" image_width=\"63\" image_size=\"thumbnail\" text_align=\"center\" srcset=\"https:\/\/www.montanheiros.com\/wp-content\/uploads\/2019\/05\/big3_1500292478-280x280.jpg 280w, https:\/\/www.montanheiros.com\/wp-content\/uploads\/2019\/05\/big3_1500292478-300x300.jpg 300w, https:\/\/www.montanheiros.com\/wp-content\/uploads\/2019\/05\/big3_1500292478-100x100.jpg 100w\" sizes=\"auto, (max-width: 280px) 100vw, 280px\" \/>                                                              <\/div>\n              <div class=\"box-text text-center\" >\n                 <p>Excurs\u00e3o \u00e0 ilha do Pico com subida \u00e0 montanha, Subida \u00e0 montanha, 15jul2017 - ilha do Pico<\/p>\n              <\/div>\n            <\/div>\n            <\/a>          <\/div>\n         <\/div><div class=\"gallery-col col\" >\n          <div class=\"col-inner\">\n            <a class=\"image-lightbox lightbox-gallery\" href=\"https:\/\/www.montanheiros.com\/wp-content\/uploads\/2019\/05\/big8_1500292491.jpg\" title=\"Excurs\u00e3o \u00e0 ilha do Pico com subida \u00e0 montanha, Subida \u00e0 montanha, 15jul2017 - ilha do Pico\">            <div class=\"box has-hover gallery-box box-none\">\n              <div class=\"box-image\" style=\"width:63%;\">\n                <img loading=\"lazy\" decoding=\"async\" width=\"280\" height=\"280\" src=\"https:\/\/www.montanheiros.com\/wp-content\/uploads\/2019\/05\/big8_1500292491-280x280.jpg\" class=\"attachment-thumbnail size-thumbnail\" alt=\"\" ids=\"6202,6203,6204,6205,6206,6207,6208,6209,6210,6211,6212,6213,6214,6215,6216,6217,6219,6220,6221,6222,6223,6224,6226,6227,6228,6229,6230,6231,6232,6233,6234,6235,6236,6237,6238,6239,6240,6241,6242,6243,6225,6244,6245,6246,6247,6248,6249,6250,6267,6268,6269,6270,6271,6272,6273,6274,6275,6276\" style=\"none\" type=\"slider\" columns=\"1\" image_width=\"63\" image_size=\"thumbnail\" text_align=\"center\" srcset=\"https:\/\/www.montanheiros.com\/wp-content\/uploads\/2019\/05\/big8_1500292491-280x280.jpg 280w, https:\/\/www.montanheiros.com\/wp-content\/uploads\/2019\/05\/big8_1500292491-300x300.jpg 300w, https:\/\/www.montanheiros.com\/wp-content\/uploads\/2019\/05\/big8_1500292491-100x100.jpg 100w\" sizes=\"auto, (max-width: 280px) 100vw, 280px\" \/>                                                              <\/div>\n              <div class=\"box-text text-center\" >\n                 <p>Excurs\u00e3o \u00e0 ilha do Pico com subida \u00e0 montanha, Subida \u00e0 montanha, 15jul2017 - ilha do Pico<\/p>\n              <\/div>\n            <\/div>\n            <\/a>          <\/div>\n         <\/div><div class=\"gallery-col col\" >\n          <div class=\"col-inner\">\n            <a class=\"image-lightbox lightbox-gallery\" href=\"https:\/\/www.montanheiros.com\/wp-content\/uploads\/2019\/05\/big6_1500292489.jpg\" title=\"Excurs\u00e3o \u00e0 ilha do Pico com subida \u00e0 montanha, Subida \u00e0 montanha, 15jul2017 - ilha do Pico\">            <div class=\"box has-hover gallery-box box-none\">\n              <div class=\"box-image\" style=\"width:63%;\">\n                <img loading=\"lazy\" decoding=\"async\" width=\"280\" height=\"280\" src=\"https:\/\/www.montanheiros.com\/wp-content\/uploads\/2019\/05\/big6_1500292489-280x280.jpg\" class=\"attachment-thumbnail size-thumbnail\" alt=\"\" ids=\"6202,6203,6204,6205,6206,6207,6208,6209,6210,6211,6212,6213,6214,6215,6216,6217,6219,6220,6221,6222,6223,6224,6226,6227,6228,6229,6230,6231,6232,6233,6234,6235,6236,6237,6238,6239,6240,6241,6242,6243,6225,6244,6245,6246,6247,6248,6249,6250,6267,6268,6269,6270,6271,6272,6273,6274,6275,6276\" style=\"none\" type=\"slider\" columns=\"1\" image_width=\"63\" image_size=\"thumbnail\" text_align=\"center\" srcset=\"https:\/\/www.montanheiros.com\/wp-content\/uploads\/2019\/05\/big6_1500292489-280x280.jpg 280w, https:\/\/www.montanheiros.com\/wp-content\/uploads\/2019\/05\/big6_1500292489-300x300.jpg 300w, https:\/\/www.montanheiros.com\/wp-content\/uploads\/2019\/05\/big6_1500292489-100x100.jpg 100w\" sizes=\"auto, (max-width: 280px) 100vw, 280px\" \/>                                                              <\/div>\n              <div class=\"box-text text-center\" >\n                 <p>Excurs\u00e3o \u00e0 ilha do Pico com subida \u00e0 montanha, Subida \u00e0 montanha, 15jul2017 - ilha do Pico<\/p>\n              <\/div>\n            <\/div>\n            <\/a>          <\/div>\n         <\/div><div class=\"gallery-col col\" >\n          <div class=\"col-inner\">\n            <a class=\"image-lightbox lightbox-gallery\" href=\"https:\/\/www.montanheiros.com\/wp-content\/uploads\/2019\/05\/big4_1500292482.jpg\" title=\"Excurs\u00e3o \u00e0 ilha do Pico com subida \u00e0 montanha, Subida \u00e0 montanha, 15jul2017 - ilha do Pico\">            <div class=\"box has-hover gallery-box box-none\">\n              <div class=\"box-image\" style=\"width:63%;\">\n                <img loading=\"lazy\" decoding=\"async\" width=\"280\" height=\"280\" src=\"https:\/\/www.montanheiros.com\/wp-content\/uploads\/2019\/05\/big4_1500292482-280x280.jpg\" class=\"attachment-thumbnail size-thumbnail\" alt=\"\" ids=\"6202,6203,6204,6205,6206,6207,6208,6209,6210,6211,6212,6213,6214,6215,6216,6217,6219,6220,6221,6222,6223,6224,6226,6227,6228,6229,6230,6231,6232,6233,6234,6235,6236,6237,6238,6239,6240,6241,6242,6243,6225,6244,6245,6246,6247,6248,6249,6250,6267,6268,6269,6270,6271,6272,6273,6274,6275,6276\" style=\"none\" type=\"slider\" columns=\"1\" image_width=\"63\" image_size=\"thumbnail\" text_align=\"center\" srcset=\"https:\/\/www.montanheiros.com\/wp-content\/uploads\/2019\/05\/big4_1500292482-280x280.jpg 280w, https:\/\/www.montanheiros.com\/wp-content\/uploads\/2019\/05\/big4_1500292482-300x300.jpg 300w, https:\/\/www.montanheiros.com\/wp-content\/uploads\/2019\/05\/big4_1500292482-100x100.jpg 100w\" sizes=\"auto, (max-width: 280px) 100vw, 280px\" \/>                                                              <\/div>\n              <div class=\"box-text text-center\" >\n                 <p>Excurs\u00e3o \u00e0 ilha do Pico com subida \u00e0 montanha, Subida \u00e0 montanha, 15jul2017 - ilha do Pico<\/p>\n              <\/div>\n            <\/div>\n            <\/a>          <\/div>\n         <\/div><div class=\"gallery-col col\" >\n          <div class=\"col-inner\">\n            <a class=\"image-lightbox lightbox-gallery\" href=\"https:\/\/www.montanheiros.com\/wp-content\/uploads\/2019\/05\/big7_1500292490.jpg\" title=\"Excurs\u00e3o \u00e0 ilha do Pico com subida \u00e0 montanha, Subida \u00e0 montanha, 15jul2017 - ilha do Pico\">            <div class=\"box has-hover gallery-box box-none\">\n              <div class=\"box-image\" style=\"width:63%;\">\n                <img loading=\"lazy\" decoding=\"async\" width=\"280\" height=\"280\" src=\"https:\/\/www.montanheiros.com\/wp-content\/uploads\/2019\/05\/big7_1500292490-280x280.jpg\" class=\"attachment-thumbnail size-thumbnail\" alt=\"\" ids=\"6202,6203,6204,6205,6206,6207,6208,6209,6210,6211,6212,6213,6214,6215,6216,6217,6219,6220,6221,6222,6223,6224,6226,6227,6228,6229,6230,6231,6232,6233,6234,6235,6236,6237,6238,6239,6240,6241,6242,6243,6225,6244,6245,6246,6247,6248,6249,6250,6267,6268,6269,6270,6271,6272,6273,6274,6275,6276\" style=\"none\" type=\"slider\" columns=\"1\" image_width=\"63\" image_size=\"thumbnail\" text_align=\"center\" srcset=\"https:\/\/www.montanheiros.com\/wp-content\/uploads\/2019\/05\/big7_1500292490-280x280.jpg 280w, https:\/\/www.montanheiros.com\/wp-content\/uploads\/2019\/05\/big7_1500292490-300x300.jpg 300w, https:\/\/www.montanheiros.com\/wp-content\/uploads\/2019\/05\/big7_1500292490-100x100.jpg 100w\" sizes=\"auto, (max-width: 280px) 100vw, 280px\" \/>                                                              <\/div>\n              <div class=\"box-text text-center\" >\n                 <p>Excurs\u00e3o \u00e0 ilha do Pico com subida \u00e0 montanha, Subida \u00e0 montanha, 15jul2017 - ilha do Pico<\/p>\n              <\/div>\n            <\/div>\n            <\/a>          <\/div>\n         <\/div><div class=\"gallery-col col\" >\n          <div class=\"col-inner\">\n            <a class=\"image-lightbox lightbox-gallery\" href=\"https:\/\/www.montanheiros.com\/wp-content\/uploads\/2019\/05\/big10_1500292518.jpg\" title=\"Excurs\u00e3o \u00e0 ilha do Pico com subida \u00e0 montanha, Subida \u00e0 montanha, 15jul2017 - ilha do Pico\">            <div class=\"box has-hover gallery-box box-none\">\n              <div class=\"box-image\" style=\"width:63%;\">\n                <img loading=\"lazy\" decoding=\"async\" width=\"280\" height=\"280\" src=\"https:\/\/www.montanheiros.com\/wp-content\/uploads\/2019\/05\/big10_1500292518-280x280.jpg\" class=\"attachment-thumbnail size-thumbnail\" alt=\"\" ids=\"6202,6203,6204,6205,6206,6207,6208,6209,6210,6211,6212,6213,6214,6215,6216,6217,6219,6220,6221,6222,6223,6224,6226,6227,6228,6229,6230,6231,6232,6233,6234,6235,6236,6237,6238,6239,6240,6241,6242,6243,6225,6244,6245,6246,6247,6248,6249,6250,6267,6268,6269,6270,6271,6272,6273,6274,6275,6276\" style=\"none\" type=\"slider\" columns=\"1\" image_width=\"63\" image_size=\"thumbnail\" text_align=\"center\" srcset=\"https:\/\/www.montanheiros.com\/wp-content\/uploads\/2019\/05\/big10_1500292518-280x280.jpg 280w, https:\/\/www.montanheiros.com\/wp-content\/uploads\/2019\/05\/big10_1500292518-300x300.jpg 300w, https:\/\/www.montanheiros.com\/wp-content\/uploads\/2019\/05\/big10_1500292518-100x100.jpg 100w\" sizes=\"auto, (max-width: 280px) 100vw, 280px\" \/>                                                              <\/div>\n              <div class=\"box-text text-center\" >\n                 <p>Excurs\u00e3o \u00e0 ilha do Pico com subida \u00e0 montanha, Subida \u00e0 montanha, 15jul2017 - ilha do Pico<\/p>\n              <\/div>\n            <\/div>\n            <\/a>          <\/div>\n         <\/div><div class=\"gallery-col col\" >\n          <div class=\"col-inner\">\n            <a class=\"image-lightbox lightbox-gallery\" href=\"https:\/\/www.montanheiros.com\/wp-content\/uploads\/2019\/05\/big5_1500291771.jpg\" title=\"Excurs\u00e3o \u00e0 ilha do Pico com subida \u00e0 montanha, Subida \u00e0 montanha, 15jul2017 - ilha do Pico\">            <div class=\"box has-hover gallery-box box-none\">\n              <div class=\"box-image\" style=\"width:63%;\">\n                <img loading=\"lazy\" decoding=\"async\" width=\"280\" height=\"280\" src=\"https:\/\/www.montanheiros.com\/wp-content\/uploads\/2019\/05\/big5_1500291771-280x280.jpg\" class=\"attachment-thumbnail size-thumbnail\" alt=\"\" ids=\"6202,6203,6204,6205,6206,6207,6208,6209,6210,6211,6212,6213,6214,6215,6216,6217,6219,6220,6221,6222,6223,6224,6226,6227,6228,6229,6230,6231,6232,6233,6234,6235,6236,6237,6238,6239,6240,6241,6242,6243,6225,6244,6245,6246,6247,6248,6249,6250,6267,6268,6269,6270,6271,6272,6273,6274,6275,6276\" style=\"none\" type=\"slider\" columns=\"1\" image_width=\"63\" image_size=\"thumbnail\" text_align=\"center\" srcset=\"https:\/\/www.montanheiros.com\/wp-content\/uploads\/2019\/05\/big5_1500291771-280x280.jpg 280w, https:\/\/www.montanheiros.com\/wp-content\/uploads\/2019\/05\/big5_1500291771-300x300.jpg 300w, https:\/\/www.montanheiros.com\/wp-content\/uploads\/2019\/05\/big5_1500291771-100x100.jpg 100w\" sizes=\"auto, (max-width: 280px) 100vw, 280px\" \/>                                                              <\/div>\n              <div class=\"box-text text-center\" >\n                 <p>Excurs\u00e3o \u00e0 ilha do Pico com subida \u00e0 montanha, Subida \u00e0 montanha, 15jul2017 - ilha do Pico<\/p>\n              <\/div>\n            <\/div>\n            <\/a>          <\/div>\n         <\/div><div class=\"gallery-col col\" >\n          <div class=\"col-inner\">\n            <a class=\"image-lightbox lightbox-gallery\" href=\"https:\/\/www.montanheiros.com\/wp-content\/uploads\/2019\/05\/big9_1500292515.jpg\" title=\"Excurs\u00e3o \u00e0 ilha do Pico com subida \u00e0 montanha, Subida \u00e0 montanha, 15jul2017 - ilha do Pico\">            <div class=\"box has-hover gallery-box box-none\">\n              <div class=\"box-image\" style=\"width:63%;\">\n                <img loading=\"lazy\" decoding=\"async\" width=\"280\" height=\"280\" src=\"https:\/\/www.montanheiros.com\/wp-content\/uploads\/2019\/05\/big9_1500292515-280x280.jpg\" class=\"attachment-thumbnail size-thumbnail\" alt=\"\" ids=\"6202,6203,6204,6205,6206,6207,6208,6209,6210,6211,6212,6213,6214,6215,6216,6217,6219,6220,6221,6222,6223,6224,6226,6227,6228,6229,6230,6231,6232,6233,6234,6235,6236,6237,6238,6239,6240,6241,6242,6243,6225,6244,6245,6246,6247,6248,6249,6250,6267,6268,6269,6270,6271,6272,6273,6274,6275,6276\" style=\"none\" type=\"slider\" columns=\"1\" image_width=\"63\" image_size=\"thumbnail\" text_align=\"center\" srcset=\"https:\/\/www.montanheiros.com\/wp-content\/uploads\/2019\/05\/big9_1500292515-280x280.jpg 280w, https:\/\/www.montanheiros.com\/wp-content\/uploads\/2019\/05\/big9_1500292515-300x300.jpg 300w, https:\/\/www.montanheiros.com\/wp-content\/uploads\/2019\/05\/big9_1500292515-100x100.jpg 100w\" sizes=\"auto, (max-width: 280px) 100vw, 280px\" \/>                                                              <\/div>\n              <div class=\"box-text text-center\" >\n                 <p>Excurs\u00e3o \u00e0 ilha do Pico com subida \u00e0 montanha, Subida \u00e0 montanha, 15jul2017 - ilha do Pico<\/p>\n              <\/div>\n            <\/div>\n            <\/a>          <\/div>\n         <\/div><div class=\"gallery-col col\" >\n          <div class=\"col-inner\">\n            <a class=\"image-lightbox lightbox-gallery\" href=\"https:\/\/www.montanheiros.com\/wp-content\/uploads\/2019\/05\/big1_1500292649.jpg\" title=\"Excurs\u00e3o \u00e0 ilha do Pico com subida \u00e0 montanha, Subida \u00e0 montanha, 15jul2017 - ilha do Pico\">            <div class=\"box has-hover gallery-box box-none\">\n              <div class=\"box-image\" style=\"width:63%;\">\n                <img loading=\"lazy\" decoding=\"async\" width=\"280\" height=\"280\" src=\"https:\/\/www.montanheiros.com\/wp-content\/uploads\/2019\/05\/big1_1500292649-280x280.jpg\" class=\"attachment-thumbnail size-thumbnail\" alt=\"\" ids=\"6202,6203,6204,6205,6206,6207,6208,6209,6210,6211,6212,6213,6214,6215,6216,6217,6219,6220,6221,6222,6223,6224,6226,6227,6228,6229,6230,6231,6232,6233,6234,6235,6236,6237,6238,6239,6240,6241,6242,6243,6225,6244,6245,6246,6247,6248,6249,6250,6267,6268,6269,6270,6271,6272,6273,6274,6275,6276\" style=\"none\" type=\"slider\" columns=\"1\" image_width=\"63\" image_size=\"thumbnail\" text_align=\"center\" srcset=\"https:\/\/www.montanheiros.com\/wp-content\/uploads\/2019\/05\/big1_1500292649-280x280.jpg 280w, https:\/\/www.montanheiros.com\/wp-content\/uploads\/2019\/05\/big1_1500292649-300x300.jpg 300w, https:\/\/www.montanheiros.com\/wp-content\/uploads\/2019\/05\/big1_1500292649-100x100.jpg 100w\" sizes=\"auto, (max-width: 280px) 100vw, 280px\" \/>                                                              <\/div>\n              <div class=\"box-text text-center\" >\n                 <p>Excurs\u00e3o \u00e0 ilha do Pico com subida \u00e0 montanha, Subida \u00e0 montanha, 15jul2017 - ilha do Pico<\/p>\n              <\/div>\n            <\/div>\n            <\/a>          <\/div>\n         <\/div><div class=\"gallery-col col\" >\n          <div class=\"col-inner\">\n            <a class=\"image-lightbox lightbox-gallery\" href=\"https:\/\/www.montanheiros.com\/wp-content\/uploads\/2019\/05\/big4_1500292659.jpg\" title=\"Excurs\u00e3o \u00e0 ilha do Pico com subida \u00e0 montanha, Subida \u00e0 montanha, 15jul2017 - ilha do Pico\">            <div class=\"box has-hover gallery-box box-none\">\n              <div class=\"box-image\" style=\"width:63%;\">\n                <img loading=\"lazy\" decoding=\"async\" width=\"280\" height=\"280\" src=\"https:\/\/www.montanheiros.com\/wp-content\/uploads\/2019\/05\/big4_1500292659-280x280.jpg\" class=\"attachment-thumbnail size-thumbnail\" alt=\"\" ids=\"6202,6203,6204,6205,6206,6207,6208,6209,6210,6211,6212,6213,6214,6215,6216,6217,6219,6220,6221,6222,6223,6224,6226,6227,6228,6229,6230,6231,6232,6233,6234,6235,6236,6237,6238,6239,6240,6241,6242,6243,6225,6244,6245,6246,6247,6248,6249,6250,6267,6268,6269,6270,6271,6272,6273,6274,6275,6276\" style=\"none\" type=\"slider\" columns=\"1\" image_width=\"63\" image_size=\"thumbnail\" text_align=\"center\" srcset=\"https:\/\/www.montanheiros.com\/wp-content\/uploads\/2019\/05\/big4_1500292659-280x280.jpg 280w, https:\/\/www.montanheiros.com\/wp-content\/uploads\/2019\/05\/big4_1500292659-300x300.jpg 300w, https:\/\/www.montanheiros.com\/wp-content\/uploads\/2019\/05\/big4_1500292659-100x100.jpg 100w\" sizes=\"auto, (max-width: 280px) 100vw, 280px\" \/>                                                              <\/div>\n              <div class=\"box-text text-center\" >\n                 <p>Excurs\u00e3o \u00e0 ilha do Pico com subida \u00e0 montanha, Subida \u00e0 montanha, 15jul2017 - ilha do Pico<\/p>\n              <\/div>\n            <\/div>\n            <\/a>          <\/div>\n         <\/div><div class=\"gallery-col col\" >\n          <div class=\"col-inner\">\n            <a class=\"image-lightbox lightbox-gallery\" href=\"https:\/\/www.montanheiros.com\/wp-content\/uploads\/2019\/05\/big3_1500292652-600x800.jpg\" title=\"Excurs\u00e3o \u00e0 ilha do Pico com subida \u00e0 montanha, Subida \u00e0 montanha, 15jul2017 - ilha do Pico\">            <div class=\"box has-hover gallery-box box-none\">\n              <div class=\"box-image\" style=\"width:63%;\">\n                <img loading=\"lazy\" decoding=\"async\" width=\"280\" height=\"280\" src=\"https:\/\/www.montanheiros.com\/wp-content\/uploads\/2019\/05\/big3_1500292652-280x280.jpg\" class=\"attachment-thumbnail size-thumbnail\" alt=\"\" ids=\"6202,6203,6204,6205,6206,6207,6208,6209,6210,6211,6212,6213,6214,6215,6216,6217,6219,6220,6221,6222,6223,6224,6226,6227,6228,6229,6230,6231,6232,6233,6234,6235,6236,6237,6238,6239,6240,6241,6242,6243,6225,6244,6245,6246,6247,6248,6249,6250,6267,6268,6269,6270,6271,6272,6273,6274,6275,6276\" style=\"none\" type=\"slider\" columns=\"1\" image_width=\"63\" image_size=\"thumbnail\" text_align=\"center\" srcset=\"https:\/\/www.montanheiros.com\/wp-content\/uploads\/2019\/05\/big3_1500292652-280x280.jpg 280w, https:\/\/www.montanheiros.com\/wp-content\/uploads\/2019\/05\/big3_1500292652-300x300.jpg 300w, https:\/\/www.montanheiros.com\/wp-content\/uploads\/2019\/05\/big3_1500292652-100x100.jpg 100w\" sizes=\"auto, (max-width: 280px) 100vw, 280px\" \/>                                                              <\/div>\n              <div class=\"box-text text-center\" >\n                 <p>Excurs\u00e3o \u00e0 ilha do Pico com subida \u00e0 montanha, Subida \u00e0 montanha, 15jul2017 - ilha do Pico<\/p>\n              <\/div>\n            <\/div>\n            <\/a>          <\/div>\n         <\/div><div class=\"gallery-col col\" >\n          <div class=\"col-inner\">\n            <a class=\"image-lightbox lightbox-gallery\" href=\"https:\/\/www.montanheiros.com\/wp-content\/uploads\/2019\/05\/big2_1500292652.jpg\" title=\"Excurs\u00e3o \u00e0 ilha do Pico com subida \u00e0 montanha, Subida \u00e0 montanha, 15jul2017 - ilha do Pico\">            <div class=\"box has-hover gallery-box box-none\">\n              <div class=\"box-image\" style=\"width:63%;\">\n                <img loading=\"lazy\" decoding=\"async\" width=\"280\" height=\"280\" src=\"https:\/\/www.montanheiros.com\/wp-content\/uploads\/2019\/05\/big2_1500292652-280x280.jpg\" class=\"attachment-thumbnail size-thumbnail\" alt=\"\" ids=\"6202,6203,6204,6205,6206,6207,6208,6209,6210,6211,6212,6213,6214,6215,6216,6217,6219,6220,6221,6222,6223,6224,6226,6227,6228,6229,6230,6231,6232,6233,6234,6235,6236,6237,6238,6239,6240,6241,6242,6243,6225,6244,6245,6246,6247,6248,6249,6250,6267,6268,6269,6270,6271,6272,6273,6274,6275,6276\" style=\"none\" type=\"slider\" columns=\"1\" image_width=\"63\" image_size=\"thumbnail\" text_align=\"center\" srcset=\"https:\/\/www.montanheiros.com\/wp-content\/uploads\/2019\/05\/big2_1500292652-280x280.jpg 280w, https:\/\/www.montanheiros.com\/wp-content\/uploads\/2019\/05\/big2_1500292652-300x300.jpg 300w, https:\/\/www.montanheiros.com\/wp-content\/uploads\/2019\/05\/big2_1500292652-100x100.jpg 100w\" sizes=\"auto, (max-width: 280px) 100vw, 280px\" \/>                                                              <\/div>\n              <div class=\"box-text text-center\" >\n                 <p>Excurs\u00e3o \u00e0 ilha do Pico com subida \u00e0 montanha, Subida \u00e0 montanha, 15jul2017 - ilha do Pico<\/p>\n              <\/div>\n            <\/div>\n            <\/a>          <\/div>\n         <\/div><div class=\"gallery-col col\" >\n          <div class=\"col-inner\">\n            <a class=\"image-lightbox lightbox-gallery\" href=\"https:\/\/www.montanheiros.com\/wp-content\/uploads\/2019\/05\/big4_1500292755.jpg\" title=\"Excurs\u00e3o \u00e0 ilha do Pico com subida \u00e0 montanha, Subida \u00e0 montanha, 15jul2017 - ilha do Pico\">            <div class=\"box has-hover gallery-box box-none\">\n              <div class=\"box-image\" style=\"width:63%;\">\n                <img loading=\"lazy\" decoding=\"async\" width=\"280\" height=\"280\" src=\"https:\/\/www.montanheiros.com\/wp-content\/uploads\/2019\/05\/big4_1500292755-280x280.jpg\" class=\"attachment-thumbnail size-thumbnail\" alt=\"\" ids=\"6202,6203,6204,6205,6206,6207,6208,6209,6210,6211,6212,6213,6214,6215,6216,6217,6219,6220,6221,6222,6223,6224,6226,6227,6228,6229,6230,6231,6232,6233,6234,6235,6236,6237,6238,6239,6240,6241,6242,6243,6225,6244,6245,6246,6247,6248,6249,6250,6267,6268,6269,6270,6271,6272,6273,6274,6275,6276\" style=\"none\" type=\"slider\" columns=\"1\" image_width=\"63\" image_size=\"thumbnail\" text_align=\"center\" srcset=\"https:\/\/www.montanheiros.com\/wp-content\/uploads\/2019\/05\/big4_1500292755-280x280.jpg 280w, https:\/\/www.montanheiros.com\/wp-content\/uploads\/2019\/05\/big4_1500292755-300x300.jpg 300w, https:\/\/www.montanheiros.com\/wp-content\/uploads\/2019\/05\/big4_1500292755-100x100.jpg 100w\" sizes=\"auto, (max-width: 280px) 100vw, 280px\" \/>                                                              <\/div>\n              <div class=\"box-text text-center\" >\n                 <p>Excurs\u00e3o \u00e0 ilha do Pico com subida \u00e0 montanha, Subida \u00e0 montanha, 15jul2017 - ilha do Pico<\/p>\n              <\/div>\n            <\/div>\n            <\/a>          <\/div>\n         <\/div><div class=\"gallery-col col\" >\n          <div class=\"col-inner\">\n            <a class=\"image-lightbox lightbox-gallery\" href=\"https:\/\/www.montanheiros.com\/wp-content\/uploads\/2019\/05\/big2_1500292749.jpg\" title=\"Excurs\u00e3o \u00e0 ilha do Pico com subida \u00e0 montanha, Subida \u00e0 montanha, 15jul2017 - ilha do Pico\">            <div class=\"box has-hover gallery-box box-none\">\n              <div class=\"box-image\" style=\"width:63%;\">\n                <img loading=\"lazy\" decoding=\"async\" width=\"280\" height=\"280\" src=\"https:\/\/www.montanheiros.com\/wp-content\/uploads\/2019\/05\/big2_1500292749-280x280.jpg\" class=\"attachment-thumbnail size-thumbnail\" alt=\"\" ids=\"6202,6203,6204,6205,6206,6207,6208,6209,6210,6211,6212,6213,6214,6215,6216,6217,6219,6220,6221,6222,6223,6224,6226,6227,6228,6229,6230,6231,6232,6233,6234,6235,6236,6237,6238,6239,6240,6241,6242,6243,6225,6244,6245,6246,6247,6248,6249,6250,6267,6268,6269,6270,6271,6272,6273,6274,6275,6276\" style=\"none\" type=\"slider\" columns=\"1\" image_width=\"63\" image_size=\"thumbnail\" text_align=\"center\" srcset=\"https:\/\/www.montanheiros.com\/wp-content\/uploads\/2019\/05\/big2_1500292749-280x280.jpg 280w, https:\/\/www.montanheiros.com\/wp-content\/uploads\/2019\/05\/big2_1500292749-300x300.jpg 300w, https:\/\/www.montanheiros.com\/wp-content\/uploads\/2019\/05\/big2_1500292749-100x100.jpg 100w\" sizes=\"auto, (max-width: 280px) 100vw, 280px\" \/>                                                              <\/div>\n              <div class=\"box-text text-center\" >\n                 <p>Excurs\u00e3o \u00e0 ilha do Pico com subida \u00e0 montanha, Subida \u00e0 montanha, 15jul2017 - ilha do Pico<\/p>\n              <\/div>\n            <\/div>\n            <\/a>          <\/div>\n         <\/div><div class=\"gallery-col col\" >\n          <div class=\"col-inner\">\n            <a class=\"image-lightbox lightbox-gallery\" href=\"https:\/\/www.montanheiros.com\/wp-content\/uploads\/2019\/05\/big2_1500293103.jpg\" title=\"Excurs\u00e3o \u00e0 ilha do Pico com subida \u00e0 montanha, Passeios pelo Pico, 16jul2017 - ilha do Pico\">            <div class=\"box has-hover gallery-box box-none\">\n              <div class=\"box-image\" style=\"width:63%;\">\n                <img loading=\"lazy\" decoding=\"async\" width=\"280\" height=\"280\" src=\"https:\/\/www.montanheiros.com\/wp-content\/uploads\/2019\/05\/big2_1500293103-280x280.jpg\" class=\"attachment-thumbnail size-thumbnail\" alt=\"\" ids=\"6202,6203,6204,6205,6206,6207,6208,6209,6210,6211,6212,6213,6214,6215,6216,6217,6219,6220,6221,6222,6223,6224,6226,6227,6228,6229,6230,6231,6232,6233,6234,6235,6236,6237,6238,6239,6240,6241,6242,6243,6225,6244,6245,6246,6247,6248,6249,6250,6267,6268,6269,6270,6271,6272,6273,6274,6275,6276\" style=\"none\" type=\"slider\" columns=\"1\" image_width=\"63\" image_size=\"thumbnail\" text_align=\"center\" srcset=\"https:\/\/www.montanheiros.com\/wp-content\/uploads\/2019\/05\/big2_1500293103-280x280.jpg 280w, https:\/\/www.montanheiros.com\/wp-content\/uploads\/2019\/05\/big2_1500293103-300x300.jpg 300w, https:\/\/www.montanheiros.com\/wp-content\/uploads\/2019\/05\/big2_1500293103-100x100.jpg 100w\" sizes=\"auto, (max-width: 280px) 100vw, 280px\" \/>                                                              <\/div>\n              <div class=\"box-text text-center\" >\n                 <p>Excurs\u00e3o \u00e0 ilha do Pico com subida \u00e0 montanha, Passeios pelo Pico, 16jul2017 - ilha do Pico<\/p>\n              <\/div>\n            <\/div>\n            <\/a>          <\/div>\n         <\/div><div class=\"gallery-col col\" >\n          <div class=\"col-inner\">\n            <a class=\"image-lightbox lightbox-gallery\" href=\"https:\/\/www.montanheiros.com\/wp-content\/uploads\/2019\/05\/big1_1500293102.jpg\" title=\"Excurs\u00e3o \u00e0 ilha do Pico com subida \u00e0 montanha, Passeios pelo Pico, 16jul2017 - ilha do Pico\">            <div class=\"box has-hover gallery-box box-none\">\n              <div class=\"box-image\" style=\"width:63%;\">\n                <img loading=\"lazy\" decoding=\"async\" width=\"280\" height=\"280\" src=\"https:\/\/www.montanheiros.com\/wp-content\/uploads\/2019\/05\/big1_1500293102-280x280.jpg\" class=\"attachment-thumbnail size-thumbnail\" alt=\"\" ids=\"6202,6203,6204,6205,6206,6207,6208,6209,6210,6211,6212,6213,6214,6215,6216,6217,6219,6220,6221,6222,6223,6224,6226,6227,6228,6229,6230,6231,6232,6233,6234,6235,6236,6237,6238,6239,6240,6241,6242,6243,6225,6244,6245,6246,6247,6248,6249,6250,6267,6268,6269,6270,6271,6272,6273,6274,6275,6276\" style=\"none\" type=\"slider\" columns=\"1\" image_width=\"63\" image_size=\"thumbnail\" text_align=\"center\" srcset=\"https:\/\/www.montanheiros.com\/wp-content\/uploads\/2019\/05\/big1_1500293102-280x280.jpg 280w, https:\/\/www.montanheiros.com\/wp-content\/uploads\/2019\/05\/big1_1500293102-300x300.jpg 300w, https:\/\/www.montanheiros.com\/wp-content\/uploads\/2019\/05\/big1_1500293102-100x100.jpg 100w\" sizes=\"auto, (max-width: 280px) 100vw, 280px\" \/>                                                              <\/div>\n              <div class=\"box-text text-center\" >\n                 <p>Excurs\u00e3o \u00e0 ilha do Pico com subida \u00e0 montanha, Passeios pelo Pico, 16jul2017 - ilha do Pico<\/p>\n              <\/div>\n            <\/div>\n            <\/a>          <\/div>\n         <\/div><div class=\"gallery-col col\" >\n          <div class=\"col-inner\">\n            <a class=\"image-lightbox lightbox-gallery\" href=\"https:\/\/www.montanheiros.com\/wp-content\/uploads\/2019\/05\/big3_1500293109.jpg\" title=\"Excurs\u00e3o \u00e0 ilha do Pico com subida \u00e0 montanha, Passeios pelo Pico, 16jul2017 - ilha do Pico\">            <div class=\"box has-hover gallery-box box-none\">\n              <div class=\"box-image\" style=\"width:63%;\">\n                <img loading=\"lazy\" decoding=\"async\" width=\"280\" height=\"280\" src=\"https:\/\/www.montanheiros.com\/wp-content\/uploads\/2019\/05\/big3_1500293109-280x280.jpg\" class=\"attachment-thumbnail size-thumbnail\" alt=\"\" ids=\"6202,6203,6204,6205,6206,6207,6208,6209,6210,6211,6212,6213,6214,6215,6216,6217,6219,6220,6221,6222,6223,6224,6226,6227,6228,6229,6230,6231,6232,6233,6234,6235,6236,6237,6238,6239,6240,6241,6242,6243,6225,6244,6245,6246,6247,6248,6249,6250,6267,6268,6269,6270,6271,6272,6273,6274,6275,6276\" style=\"none\" type=\"slider\" columns=\"1\" image_width=\"63\" image_size=\"thumbnail\" text_align=\"center\" srcset=\"https:\/\/www.montanheiros.com\/wp-content\/uploads\/2019\/05\/big3_1500293109-280x280.jpg 280w, https:\/\/www.montanheiros.com\/wp-content\/uploads\/2019\/05\/big3_1500293109-300x300.jpg 300w, https:\/\/www.montanheiros.com\/wp-content\/uploads\/2019\/05\/big3_1500293109-100x100.jpg 100w\" sizes=\"auto, (max-width: 280px) 100vw, 280px\" \/>                                                              <\/div>\n              <div class=\"box-text text-center\" >\n                 <p>Excurs\u00e3o \u00e0 ilha do Pico com subida \u00e0 montanha, Passeios pelo Pico, 16jul2017 - ilha do Pico<\/p>\n              <\/div>\n            <\/div>\n            <\/a>          <\/div>\n         <\/div><div class=\"gallery-col col\" >\n          <div class=\"col-inner\">\n            <a class=\"image-lightbox lightbox-gallery\" href=\"https:\/\/www.montanheiros.com\/wp-content\/uploads\/2019\/05\/big4_1500293109.jpg\" title=\"Excurs\u00e3o \u00e0 ilha do Pico com subida \u00e0 montanha, Passeios pelo Pico, 16jul2017 - ilha do Pico\">            <div class=\"box has-hover gallery-box box-none\">\n              <div class=\"box-image\" style=\"width:63%;\">\n                <img loading=\"lazy\" decoding=\"async\" width=\"280\" height=\"280\" src=\"https:\/\/www.montanheiros.com\/wp-content\/uploads\/2019\/05\/big4_1500293109-280x280.jpg\" class=\"attachment-thumbnail size-thumbnail\" alt=\"\" ids=\"6202,6203,6204,6205,6206,6207,6208,6209,6210,6211,6212,6213,6214,6215,6216,6217,6219,6220,6221,6222,6223,6224,6226,6227,6228,6229,6230,6231,6232,6233,6234,6235,6236,6237,6238,6239,6240,6241,6242,6243,6225,6244,6245,6246,6247,6248,6249,6250,6267,6268,6269,6270,6271,6272,6273,6274,6275,6276\" style=\"none\" type=\"slider\" columns=\"1\" image_width=\"63\" image_size=\"thumbnail\" text_align=\"center\" srcset=\"https:\/\/www.montanheiros.com\/wp-content\/uploads\/2019\/05\/big4_1500293109-280x280.jpg 280w, https:\/\/www.montanheiros.com\/wp-content\/uploads\/2019\/05\/big4_1500293109-300x300.jpg 300w, https:\/\/www.montanheiros.com\/wp-content\/uploads\/2019\/05\/big4_1500293109-100x100.jpg 100w\" sizes=\"auto, (max-width: 280px) 100vw, 280px\" \/>                                                              <\/div>\n              <div class=\"box-text text-center\" >\n                 <p>Excurs\u00e3o \u00e0 ilha do Pico com subida \u00e0 montanha, Passeios pelo Pico, 16jul2017 - ilha do Pico<\/p>\n              <\/div>\n            <\/div>\n            <\/a>          <\/div>\n         <\/div><div class=\"gallery-col col\" >\n          <div class=\"col-inner\">\n            <a class=\"image-lightbox lightbox-gallery\" href=\"https:\/\/www.montanheiros.com\/wp-content\/uploads\/2019\/05\/big3_1500293330.jpg\" title=\"Excurs\u00e3o \u00e0 ilha do Pico com subida \u00e0 montanha, Viagem Pico-Terceira, 16jul2017 - ilha do Terceira\">            <div class=\"box has-hover gallery-box box-none\">\n              <div class=\"box-image\" style=\"width:63%;\">\n                <img loading=\"lazy\" decoding=\"async\" width=\"280\" height=\"280\" src=\"https:\/\/www.montanheiros.com\/wp-content\/uploads\/2019\/05\/big3_1500293330-280x280.jpg\" class=\"attachment-thumbnail size-thumbnail\" alt=\"\" ids=\"6202,6203,6204,6205,6206,6207,6208,6209,6210,6211,6212,6213,6214,6215,6216,6217,6219,6220,6221,6222,6223,6224,6226,6227,6228,6229,6230,6231,6232,6233,6234,6235,6236,6237,6238,6239,6240,6241,6242,6243,6225,6244,6245,6246,6247,6248,6249,6250,6267,6268,6269,6270,6271,6272,6273,6274,6275,6276\" style=\"none\" type=\"slider\" columns=\"1\" image_width=\"63\" image_size=\"thumbnail\" text_align=\"center\" srcset=\"https:\/\/www.montanheiros.com\/wp-content\/uploads\/2019\/05\/big3_1500293330-280x280.jpg 280w, https:\/\/www.montanheiros.com\/wp-content\/uploads\/2019\/05\/big3_1500293330-300x300.jpg 300w, https:\/\/www.montanheiros.com\/wp-content\/uploads\/2019\/05\/big3_1500293330-100x100.jpg 100w\" sizes=\"auto, (max-width: 280px) 100vw, 280px\" \/>                                                              <\/div>\n              <div class=\"box-text text-center\" >\n                 <p>Excurs\u00e3o \u00e0 ilha do Pico com subida \u00e0 montanha, Viagem Pico-Terceira, 16jul2017 - ilha do Terceira<\/p>\n              <\/div>\n            <\/div>\n            <\/a>          <\/div>\n         <\/div><div class=\"gallery-col col\" >\n          <div class=\"col-inner\">\n            <a class=\"image-lightbox lightbox-gallery\" href=\"https:\/\/www.montanheiros.com\/wp-content\/uploads\/2019\/05\/big2_1500293327.jpg\" title=\"Excurs\u00e3o \u00e0 ilha do Pico com subida \u00e0 montanha, Viagem Pico-Terceira, 16jul2017 - ilha do Terceira\">            <div class=\"box has-hover gallery-box box-none\">\n              <div class=\"box-image\" style=\"width:63%;\">\n                <img loading=\"lazy\" decoding=\"async\" width=\"280\" height=\"280\" src=\"https:\/\/www.montanheiros.com\/wp-content\/uploads\/2019\/05\/big2_1500293327-280x280.jpg\" class=\"attachment-thumbnail size-thumbnail\" alt=\"\" ids=\"6202,6203,6204,6205,6206,6207,6208,6209,6210,6211,6212,6213,6214,6215,6216,6217,6219,6220,6221,6222,6223,6224,6226,6227,6228,6229,6230,6231,6232,6233,6234,6235,6236,6237,6238,6239,6240,6241,6242,6243,6225,6244,6245,6246,6247,6248,6249,6250,6267,6268,6269,6270,6271,6272,6273,6274,6275,6276\" style=\"none\" type=\"slider\" columns=\"1\" image_width=\"63\" image_size=\"thumbnail\" text_align=\"center\" srcset=\"https:\/\/www.montanheiros.com\/wp-content\/uploads\/2019\/05\/big2_1500293327-280x280.jpg 280w, https:\/\/www.montanheiros.com\/wp-content\/uploads\/2019\/05\/big2_1500293327-300x300.jpg 300w, https:\/\/www.montanheiros.com\/wp-content\/uploads\/2019\/05\/big2_1500293327-100x100.jpg 100w\" sizes=\"auto, (max-width: 280px) 100vw, 280px\" \/>                                                              <\/div>\n              <div class=\"box-text text-center\" >\n                 <p>Excurs\u00e3o \u00e0 ilha do Pico com subida \u00e0 montanha, Viagem Pico-Terceira, 16jul2017 - ilha do Terceira<\/p>\n              <\/div>\n            <\/div>\n            <\/a>          <\/div>\n         <\/div><div class=\"gallery-col col\" >\n          <div class=\"col-inner\">\n            <a class=\"image-lightbox lightbox-gallery\" href=\"https:\/\/www.montanheiros.com\/wp-content\/uploads\/2019\/05\/big4_1500293330.jpg\" title=\"Excurs\u00e3o \u00e0 ilha do Pico com subida \u00e0 montanha, Viagem Pico-Terceira, 16jul2017 - ilha do Terceira\">            <div class=\"box has-hover gallery-box box-none\">\n              <div class=\"box-image\" style=\"width:63%;\">\n                <img loading=\"lazy\" decoding=\"async\" width=\"280\" height=\"280\" src=\"https:\/\/www.montanheiros.com\/wp-content\/uploads\/2019\/05\/big4_1500293330-280x280.jpg\" class=\"attachment-thumbnail size-thumbnail\" alt=\"\" ids=\"6202,6203,6204,6205,6206,6207,6208,6209,6210,6211,6212,6213,6214,6215,6216,6217,6219,6220,6221,6222,6223,6224,6226,6227,6228,6229,6230,6231,6232,6233,6234,6235,6236,6237,6238,6239,6240,6241,6242,6243,6225,6244,6245,6246,6247,6248,6249,6250,6267,6268,6269,6270,6271,6272,6273,6274,6275,6276\" style=\"none\" type=\"slider\" columns=\"1\" image_width=\"63\" image_size=\"thumbnail\" text_align=\"center\" srcset=\"https:\/\/www.montanheiros.com\/wp-content\/uploads\/2019\/05\/big4_1500293330-280x280.jpg 280w, https:\/\/www.montanheiros.com\/wp-content\/uploads\/2019\/05\/big4_1500293330-300x300.jpg 300w, https:\/\/www.montanheiros.com\/wp-content\/uploads\/2019\/05\/big4_1500293330-100x100.jpg 100w\" sizes=\"auto, (max-width: 280px) 100vw, 280px\" \/>                                                              <\/div>\n              <div class=\"box-text text-center\" >\n                 <p>Excurs\u00e3o \u00e0 ilha do Pico com subida \u00e0 montanha, Viagem Pico-Terceira, 16jul2017 - ilha do Terceira<\/p>\n              <\/div>\n            <\/div>\n            <\/a>          <\/div>\n         <\/div><div class=\"gallery-col col\" >\n          <div class=\"col-inner\">\n            <a class=\"image-lightbox lightbox-gallery\" href=\"https:\/\/www.montanheiros.com\/wp-content\/uploads\/2019\/05\/big6_1500293336.jpg\" title=\"Excurs\u00e3o \u00e0 ilha do Pico com subida \u00e0 montanha, Viagem Pico-Terceira, 16jul2017 - ilha do Terceira\">            <div class=\"box has-hover gallery-box box-none\">\n              <div class=\"box-image\" style=\"width:63%;\">\n                <img loading=\"lazy\" decoding=\"async\" width=\"280\" height=\"280\" src=\"https:\/\/www.montanheiros.com\/wp-content\/uploads\/2019\/05\/big6_1500293336-280x280.jpg\" class=\"attachment-thumbnail size-thumbnail\" alt=\"\" ids=\"6202,6203,6204,6205,6206,6207,6208,6209,6210,6211,6212,6213,6214,6215,6216,6217,6219,6220,6221,6222,6223,6224,6226,6227,6228,6229,6230,6231,6232,6233,6234,6235,6236,6237,6238,6239,6240,6241,6242,6243,6225,6244,6245,6246,6247,6248,6249,6250,6267,6268,6269,6270,6271,6272,6273,6274,6275,6276\" style=\"none\" type=\"slider\" columns=\"1\" image_width=\"63\" image_size=\"thumbnail\" text_align=\"center\" srcset=\"https:\/\/www.montanheiros.com\/wp-content\/uploads\/2019\/05\/big6_1500293336-280x280.jpg 280w, https:\/\/www.montanheiros.com\/wp-content\/uploads\/2019\/05\/big6_1500293336-300x300.jpg 300w, https:\/\/www.montanheiros.com\/wp-content\/uploads\/2019\/05\/big6_1500293336-100x100.jpg 100w\" sizes=\"auto, (max-width: 280px) 100vw, 280px\" \/>                                                              <\/div>\n              <div class=\"box-text text-center\" >\n                 <p>Excurs\u00e3o \u00e0 ilha do Pico com subida \u00e0 montanha, Viagem Pico-Terceira, 16jul2017 - ilha do Terceira<\/p>\n              <\/div>\n            <\/div>\n            <\/a>          <\/div>\n         <\/div><div class=\"gallery-col col\" >\n          <div class=\"col-inner\">\n            <a class=\"image-lightbox lightbox-gallery\" href=\"https:\/\/www.montanheiros.com\/wp-content\/uploads\/2019\/05\/big8_1500293338.jpg\" title=\"Excurs\u00e3o \u00e0 ilha do Pico com subida \u00e0 montanha, Viagem Pico-Terceira, 16jul2017 - ilha do Terceira\">            <div class=\"box has-hover gallery-box box-none\">\n              <div class=\"box-image\" style=\"width:63%;\">\n                <img loading=\"lazy\" decoding=\"async\" width=\"280\" height=\"280\" src=\"https:\/\/www.montanheiros.com\/wp-content\/uploads\/2019\/05\/big8_1500293338-280x280.jpg\" class=\"attachment-thumbnail size-thumbnail\" alt=\"\" ids=\"6202,6203,6204,6205,6206,6207,6208,6209,6210,6211,6212,6213,6214,6215,6216,6217,6219,6220,6221,6222,6223,6224,6226,6227,6228,6229,6230,6231,6232,6233,6234,6235,6236,6237,6238,6239,6240,6241,6242,6243,6225,6244,6245,6246,6247,6248,6249,6250,6267,6268,6269,6270,6271,6272,6273,6274,6275,6276\" style=\"none\" type=\"slider\" columns=\"1\" image_width=\"63\" image_size=\"thumbnail\" text_align=\"center\" srcset=\"https:\/\/www.montanheiros.com\/wp-content\/uploads\/2019\/05\/big8_1500293338-280x280.jpg 280w, https:\/\/www.montanheiros.com\/wp-content\/uploads\/2019\/05\/big8_1500293338-300x300.jpg 300w, https:\/\/www.montanheiros.com\/wp-content\/uploads\/2019\/05\/big8_1500293338-100x100.jpg 100w\" sizes=\"auto, (max-width: 280px) 100vw, 280px\" \/>                                                              <\/div>\n              <div class=\"box-text text-center\" >\n                 <p>Excurs\u00e3o \u00e0 ilha do Pico com subida \u00e0 montanha, Viagem Pico-Terceira, 16jul2017 - ilha do Terceira<\/p>\n              <\/div>\n            <\/div>\n            <\/a>          <\/div>\n         <\/div><div class=\"gallery-col col\" >\n          <div class=\"col-inner\">\n            <a class=\"image-lightbox lightbox-gallery\" href=\"https:\/\/www.montanheiros.com\/wp-content\/uploads\/2019\/05\/big7_1500293337.jpg\" title=\"Excurs\u00e3o \u00e0 ilha do Pico com subida \u00e0 montanha, Viagem Pico-Terceira, 16jul2017 - ilha do Terceira\">            <div class=\"box has-hover gallery-box box-none\">\n              <div class=\"box-image\" style=\"width:63%;\">\n                <img loading=\"lazy\" decoding=\"async\" width=\"280\" height=\"280\" src=\"https:\/\/www.montanheiros.com\/wp-content\/uploads\/2019\/05\/big7_1500293337-280x280.jpg\" class=\"attachment-thumbnail size-thumbnail\" alt=\"\" ids=\"6202,6203,6204,6205,6206,6207,6208,6209,6210,6211,6212,6213,6214,6215,6216,6217,6219,6220,6221,6222,6223,6224,6226,6227,6228,6229,6230,6231,6232,6233,6234,6235,6236,6237,6238,6239,6240,6241,6242,6243,6225,6244,6245,6246,6247,6248,6249,6250,6267,6268,6269,6270,6271,6272,6273,6274,6275,6276\" style=\"none\" type=\"slider\" columns=\"1\" image_width=\"63\" image_size=\"thumbnail\" text_align=\"center\" srcset=\"https:\/\/www.montanheiros.com\/wp-content\/uploads\/2019\/05\/big7_1500293337-280x280.jpg 280w, https:\/\/www.montanheiros.com\/wp-content\/uploads\/2019\/05\/big7_1500293337-300x300.jpg 300w, https:\/\/www.montanheiros.com\/wp-content\/uploads\/2019\/05\/big7_1500293337-100x100.jpg 100w\" sizes=\"auto, (max-width: 280px) 100vw, 280px\" \/>                                                              <\/div>\n              <div class=\"box-text text-center\" >\n                 <p>Excurs\u00e3o \u00e0 ilha do Pico com subida \u00e0 montanha, Viagem Pico-Terceira, 16jul2017 - ilha do Terceira<\/p>\n              <\/div>\n            <\/div>\n            <\/a>          <\/div>\n         <\/div><\/div>\n\n\n\t\t<\/div>\n\t\t\t\t\t<\/div>\n\n\t\n\n\t<div id=\"col-1375722777\" class=\"col medium-3 small-12 large-3\"  >\n\t\t\t\t<div class=\"col-inner\"  >\n\t\t\t\n\t\t\t\n\n<p>Caminhada \u00e0 Serra do Mori\u00e3o, 11jun2017 &#8211; ilha Terceira<\/p>\n\n  \n    <div class=\"row large-columns-1 medium-columns- small-columns- row-full-width slider row-slider slider-nav-reveal\"  data-flickity-options='{\"imagesLoaded\": true, \"groupCells\": \"100%\", \"dragThreshold\" : 5, \"cellAlign\": \"left\",\"wrapAround\": true,\"prevNextButtons\": true,\"percentPosition\": true,\"pageDots\": false, \"rightToLeft\": false, \"autoPlay\" : false}'>\n\n  <div class=\"gallery-col col\" >\n          <div class=\"col-inner\">\n            <a class=\"image-lightbox lightbox-gallery\" href=\"https:\/\/www.montanheiros.com\/wp-content\/uploads\/2019\/05\/big1_1498833079.jpg\" title=\"Caminhada \u00e0 Serra do Mori\u00e3o, 11jun2017 - ilha Terceira\">            <div class=\"box has-hover gallery-box box-none\">\n              <div class=\"box-image\" style=\"width:63%;\">\n                <img loading=\"lazy\" decoding=\"async\" width=\"280\" height=\"280\" src=\"https:\/\/www.montanheiros.com\/wp-content\/uploads\/2019\/05\/big1_1498833079-280x280.jpg\" class=\"attachment-thumbnail size-thumbnail\" alt=\"\" ids=\"6191,6192,6193,6194,6195,6196,6197,6198,6199,6200\" style=\"none\" type=\"slider\" columns=\"1\" image_width=\"63\" image_size=\"thumbnail\" text_align=\"center\" srcset=\"https:\/\/www.montanheiros.com\/wp-content\/uploads\/2019\/05\/big1_1498833079-280x280.jpg 280w, https:\/\/www.montanheiros.com\/wp-content\/uploads\/2019\/05\/big1_1498833079-300x300.jpg 300w, https:\/\/www.montanheiros.com\/wp-content\/uploads\/2019\/05\/big1_1498833079-100x100.jpg 100w\" sizes=\"auto, (max-width: 280px) 100vw, 280px\" \/>                                                              <\/div>\n              <div class=\"box-text text-center\" >\n                 <p>Caminhada \u00e0 Serra do Mori\u00e3o, 11jun2017 - ilha Terceira<\/p>\n              <\/div>\n            <\/div>\n            <\/a>          <\/div>\n         <\/div><div class=\"gallery-col col\" >\n          <div class=\"col-inner\">\n            <a class=\"image-lightbox lightbox-gallery\" href=\"https:\/\/www.montanheiros.com\/wp-content\/uploads\/2019\/05\/big2_1498833160.jpg\" title=\"Caminhada \u00e0 Serra do Mori\u00e3o, 11jun2017 - ilha Terceira\">            <div class=\"box has-hover gallery-box box-none\">\n              <div class=\"box-image\" style=\"width:63%;\">\n                <img loading=\"lazy\" decoding=\"async\" width=\"280\" height=\"280\" src=\"https:\/\/www.montanheiros.com\/wp-content\/uploads\/2019\/05\/big2_1498833160-280x280.jpg\" class=\"attachment-thumbnail size-thumbnail\" alt=\"\" ids=\"6191,6192,6193,6194,6195,6196,6197,6198,6199,6200\" style=\"none\" type=\"slider\" columns=\"1\" image_width=\"63\" image_size=\"thumbnail\" text_align=\"center\" srcset=\"https:\/\/www.montanheiros.com\/wp-content\/uploads\/2019\/05\/big2_1498833160-280x280.jpg 280w, https:\/\/www.montanheiros.com\/wp-content\/uploads\/2019\/05\/big2_1498833160-300x300.jpg 300w, https:\/\/www.montanheiros.com\/wp-content\/uploads\/2019\/05\/big2_1498833160-100x100.jpg 100w\" sizes=\"auto, (max-width: 280px) 100vw, 280px\" \/>                                                              <\/div>\n              <div class=\"box-text text-center\" >\n                 <p>Caminhada \u00e0 Serra do Mori\u00e3o, 11jun2017 - ilha Terceira<\/p>\n              <\/div>\n            <\/div>\n            <\/a>          <\/div>\n         <\/div><div class=\"gallery-col col\" >\n          <div class=\"col-inner\">\n            <a class=\"image-lightbox lightbox-gallery\" href=\"https:\/\/www.montanheiros.com\/wp-content\/uploads\/2019\/05\/big11_1498835670.jpg\" title=\"Caminhada \u00e0 Serra do Mori\u00e3o, 11jun2017 - ilha Terceira\">            <div class=\"box has-hover gallery-box box-none\">\n              <div class=\"box-image\" style=\"width:63%;\">\n                <img loading=\"lazy\" decoding=\"async\" width=\"280\" height=\"280\" src=\"https:\/\/www.montanheiros.com\/wp-content\/uploads\/2019\/05\/big11_1498835670-280x280.jpg\" class=\"attachment-thumbnail size-thumbnail\" alt=\"\" ids=\"6191,6192,6193,6194,6195,6196,6197,6198,6199,6200\" style=\"none\" type=\"slider\" columns=\"1\" image_width=\"63\" image_size=\"thumbnail\" text_align=\"center\" srcset=\"https:\/\/www.montanheiros.com\/wp-content\/uploads\/2019\/05\/big11_1498835670-280x280.jpg 280w, https:\/\/www.montanheiros.com\/wp-content\/uploads\/2019\/05\/big11_1498835670-300x300.jpg 300w, https:\/\/www.montanheiros.com\/wp-content\/uploads\/2019\/05\/big11_1498835670-100x100.jpg 100w\" sizes=\"auto, (max-width: 280px) 100vw, 280px\" \/>                                                              <\/div>\n              <div class=\"box-text text-center\" >\n                 <p>Caminhada \u00e0 Serra do Mori\u00e3o, 11jun2017 - ilha Terceira<\/p>\n              <\/div>\n            <\/div>\n            <\/a>          <\/div>\n         <\/div><div class=\"gallery-col col\" >\n          <div class=\"col-inner\">\n            <a class=\"image-lightbox lightbox-gallery\" href=\"https:\/\/www.montanheiros.com\/wp-content\/uploads\/2019\/05\/big15_1498835678.jpg\" title=\"Caminhada \u00e0 Serra do Mori\u00e3o, 11jun2017 - ilha Terceira\">            <div class=\"box has-hover gallery-box box-none\">\n              <div class=\"box-image\" style=\"width:63%;\">\n                <img loading=\"lazy\" decoding=\"async\" width=\"280\" height=\"280\" src=\"https:\/\/www.montanheiros.com\/wp-content\/uploads\/2019\/05\/big15_1498835678-280x280.jpg\" class=\"attachment-thumbnail size-thumbnail\" alt=\"\" ids=\"6191,6192,6193,6194,6195,6196,6197,6198,6199,6200\" style=\"none\" type=\"slider\" columns=\"1\" image_width=\"63\" image_size=\"thumbnail\" text_align=\"center\" srcset=\"https:\/\/www.montanheiros.com\/wp-content\/uploads\/2019\/05\/big15_1498835678-280x280.jpg 280w, https:\/\/www.montanheiros.com\/wp-content\/uploads\/2019\/05\/big15_1498835678-300x300.jpg 300w, https:\/\/www.montanheiros.com\/wp-content\/uploads\/2019\/05\/big15_1498835678-100x100.jpg 100w\" sizes=\"auto, (max-width: 280px) 100vw, 280px\" \/>                                                              <\/div>\n              <div class=\"box-text text-center\" >\n                 <p>Caminhada \u00e0 Serra do Mori\u00e3o, 11jun2017 - ilha Terceira<\/p>\n              <\/div>\n            <\/div>\n            <\/a>          <\/div>\n         <\/div><div class=\"gallery-col col\" >\n          <div class=\"col-inner\">\n            <a class=\"image-lightbox lightbox-gallery\" href=\"https:\/\/www.montanheiros.com\/wp-content\/uploads\/2019\/05\/big16_1498835679.jpg\" title=\"Caminhada \u00e0 Serra do Mori\u00e3o, 11jun2017 - ilha Terceira\">            <div class=\"box has-hover gallery-box box-none\">\n              <div class=\"box-image\" style=\"width:63%;\">\n                <img loading=\"lazy\" decoding=\"async\" width=\"280\" height=\"280\" src=\"https:\/\/www.montanheiros.com\/wp-content\/uploads\/2019\/05\/big16_1498835679-280x280.jpg\" class=\"attachment-thumbnail size-thumbnail\" alt=\"\" ids=\"6191,6192,6193,6194,6195,6196,6197,6198,6199,6200\" style=\"none\" type=\"slider\" columns=\"1\" image_width=\"63\" image_size=\"thumbnail\" text_align=\"center\" srcset=\"https:\/\/www.montanheiros.com\/wp-content\/uploads\/2019\/05\/big16_1498835679-280x280.jpg 280w, https:\/\/www.montanheiros.com\/wp-content\/uploads\/2019\/05\/big16_1498835679-300x300.jpg 300w, https:\/\/www.montanheiros.com\/wp-content\/uploads\/2019\/05\/big16_1498835679-100x100.jpg 100w\" sizes=\"auto, (max-width: 280px) 100vw, 280px\" \/>                                                              <\/div>\n              <div class=\"box-text text-center\" >\n                 <p>Caminhada \u00e0 Serra do Mori\u00e3o, 11jun2017 - ilha Terceira<\/p>\n              <\/div>\n            <\/div>\n            <\/a>          <\/div>\n         <\/div><div class=\"gallery-col col\" >\n          <div class=\"col-inner\">\n            <a class=\"image-lightbox lightbox-gallery\" href=\"https:\/\/www.montanheiros.com\/wp-content\/uploads\/2019\/05\/big14_1498835674.jpg\" title=\"Caminhada \u00e0 Serra do Mori\u00e3o, 11jun2017 - ilha Terceira\">            <div class=\"box has-hover gallery-box box-none\">\n              <div class=\"box-image\" style=\"width:63%;\">\n                <img loading=\"lazy\" decoding=\"async\" width=\"280\" height=\"280\" src=\"https:\/\/www.montanheiros.com\/wp-content\/uploads\/2019\/05\/big14_1498835674-280x280.jpg\" class=\"attachment-thumbnail size-thumbnail\" alt=\"\" ids=\"6191,6192,6193,6194,6195,6196,6197,6198,6199,6200\" style=\"none\" type=\"slider\" columns=\"1\" image_width=\"63\" image_size=\"thumbnail\" text_align=\"center\" srcset=\"https:\/\/www.montanheiros.com\/wp-content\/uploads\/2019\/05\/big14_1498835674-280x280.jpg 280w, https:\/\/www.montanheiros.com\/wp-content\/uploads\/2019\/05\/big14_1498835674-300x300.jpg 300w, https:\/\/www.montanheiros.com\/wp-content\/uploads\/2019\/05\/big14_1498835674-100x100.jpg 100w\" sizes=\"auto, (max-width: 280px) 100vw, 280px\" \/>                                                              <\/div>\n              <div class=\"box-text text-center\" >\n                 <p>Caminhada \u00e0 Serra do Mori\u00e3o, 11jun2017 - ilha Terceira<\/p>\n              <\/div>\n            <\/div>\n            <\/a>          <\/div>\n         <\/div><div class=\"gallery-col col\" >\n          <div class=\"col-inner\">\n            <a class=\"image-lightbox lightbox-gallery\" href=\"https:\/\/www.montanheiros.com\/wp-content\/uploads\/2019\/05\/big10_1498835670.jpg\" title=\"Caminhada \u00e0 Serra do Mori\u00e3o, 11jun2017 - ilha Terceira\">            <div class=\"box has-hover gallery-box box-none\">\n              <div class=\"box-image\" style=\"width:63%;\">\n                <img loading=\"lazy\" decoding=\"async\" width=\"280\" height=\"280\" src=\"https:\/\/www.montanheiros.com\/wp-content\/uploads\/2019\/05\/big10_1498835670-280x280.jpg\" class=\"attachment-thumbnail size-thumbnail\" alt=\"\" ids=\"6191,6192,6193,6194,6195,6196,6197,6198,6199,6200\" style=\"none\" type=\"slider\" columns=\"1\" image_width=\"63\" image_size=\"thumbnail\" text_align=\"center\" srcset=\"https:\/\/www.montanheiros.com\/wp-content\/uploads\/2019\/05\/big10_1498835670-280x280.jpg 280w, https:\/\/www.montanheiros.com\/wp-content\/uploads\/2019\/05\/big10_1498835670-300x300.jpg 300w, https:\/\/www.montanheiros.com\/wp-content\/uploads\/2019\/05\/big10_1498835670-100x100.jpg 100w\" sizes=\"auto, (max-width: 280px) 100vw, 280px\" \/>                                                              <\/div>\n              <div class=\"box-text text-center\" >\n                 <p>Caminhada \u00e0 Serra do Mori\u00e3o, 11jun2017 - ilha Terceira<\/p>\n              <\/div>\n            <\/div>\n            <\/a>          <\/div>\n         <\/div><div class=\"gallery-col col\" >\n          <div class=\"col-inner\">\n            <a class=\"image-lightbox lightbox-gallery\" href=\"https:\/\/www.montanheiros.com\/wp-content\/uploads\/2019\/05\/big13_1498835673.jpg\" title=\"Caminhada \u00e0 Serra do Mori\u00e3o, 11jun2017 - ilha Terceira\">            <div class=\"box has-hover gallery-box box-none\">\n              <div class=\"box-image\" style=\"width:63%;\">\n                <img loading=\"lazy\" decoding=\"async\" width=\"280\" height=\"280\" src=\"https:\/\/www.montanheiros.com\/wp-content\/uploads\/2019\/05\/big13_1498835673-280x280.jpg\" class=\"attachment-thumbnail size-thumbnail\" alt=\"\" ids=\"6191,6192,6193,6194,6195,6196,6197,6198,6199,6200\" style=\"none\" type=\"slider\" columns=\"1\" image_width=\"63\" image_size=\"thumbnail\" text_align=\"center\" srcset=\"https:\/\/www.montanheiros.com\/wp-content\/uploads\/2019\/05\/big13_1498835673-280x280.jpg 280w, https:\/\/www.montanheiros.com\/wp-content\/uploads\/2019\/05\/big13_1498835673-300x300.jpg 300w, https:\/\/www.montanheiros.com\/wp-content\/uploads\/2019\/05\/big13_1498835673-100x100.jpg 100w\" sizes=\"auto, (max-width: 280px) 100vw, 280px\" \/>                                                              <\/div>\n              <div class=\"box-text text-center\" >\n                 <p>Caminhada \u00e0 Serra do Mori\u00e3o, 11jun2017 - ilha Terceira<\/p>\n              <\/div>\n            <\/div>\n            <\/a>          <\/div>\n         <\/div><div class=\"gallery-col col\" >\n          <div class=\"col-inner\">\n            <a class=\"image-lightbox lightbox-gallery\" href=\"https:\/\/www.montanheiros.com\/wp-content\/uploads\/2019\/05\/big12_1498835672.jpg\" title=\"Caminhada \u00e0 Serra do Mori\u00e3o, 11jun2017 - ilha Terceira\">            <div class=\"box has-hover gallery-box box-none\">\n              <div class=\"box-image\" style=\"width:63%;\">\n                <img loading=\"lazy\" decoding=\"async\" width=\"280\" height=\"280\" src=\"https:\/\/www.montanheiros.com\/wp-content\/uploads\/2019\/05\/big12_1498835672-280x280.jpg\" class=\"attachment-thumbnail size-thumbnail\" alt=\"\" ids=\"6191,6192,6193,6194,6195,6196,6197,6198,6199,6200\" style=\"none\" type=\"slider\" columns=\"1\" image_width=\"63\" image_size=\"thumbnail\" text_align=\"center\" srcset=\"https:\/\/www.montanheiros.com\/wp-content\/uploads\/2019\/05\/big12_1498835672-280x280.jpg 280w, https:\/\/www.montanheiros.com\/wp-content\/uploads\/2019\/05\/big12_1498835672-300x300.jpg 300w, https:\/\/www.montanheiros.com\/wp-content\/uploads\/2019\/05\/big12_1498835672-100x100.jpg 100w\" sizes=\"auto, (max-width: 280px) 100vw, 280px\" \/>                                                              <\/div>\n              <div class=\"box-text text-center\" >\n                 <p>Caminhada \u00e0 Serra do Mori\u00e3o, 11jun2017 - ilha Terceira<\/p>\n              <\/div>\n            <\/div>\n            <\/a>          <\/div>\n         <\/div><div class=\"gallery-col col\" >\n          <div class=\"col-inner\">\n            <a class=\"image-lightbox lightbox-gallery\" href=\"https:\/\/www.montanheiros.com\/wp-content\/uploads\/2019\/05\/big17_1498835681.jpg\" title=\"Caminhada \u00e0 Serra do Mori\u00e3o, 11jun2017 - ilha Terceira\">            <div class=\"box has-hover gallery-box box-none\">\n              <div class=\"box-image\" style=\"width:63%;\">\n                <img loading=\"lazy\" decoding=\"async\" width=\"280\" height=\"280\" src=\"https:\/\/www.montanheiros.com\/wp-content\/uploads\/2019\/05\/big17_1498835681-280x280.jpg\" class=\"attachment-thumbnail size-thumbnail\" alt=\"\" ids=\"6191,6192,6193,6194,6195,6196,6197,6198,6199,6200\" style=\"none\" type=\"slider\" columns=\"1\" image_width=\"63\" image_size=\"thumbnail\" text_align=\"center\" srcset=\"https:\/\/www.montanheiros.com\/wp-content\/uploads\/2019\/05\/big17_1498835681-280x280.jpg 280w, https:\/\/www.montanheiros.com\/wp-content\/uploads\/2019\/05\/big17_1498835681-300x300.jpg 300w, https:\/\/www.montanheiros.com\/wp-content\/uploads\/2019\/05\/big17_1498835681-100x100.jpg 100w\" sizes=\"auto, (max-width: 280px) 100vw, 280px\" \/>                                                              <\/div>\n              <div class=\"box-text text-center\" >\n                 <p>Caminhada \u00e0 Serra do Mori\u00e3o, 11jun2017 - ilha Terceira<\/p>\n              <\/div>\n            <\/div>\n            <\/a>          <\/div>\n         <\/div><\/div>\n\n\n\t\t<\/div>\n\t\t\t\t\t<\/div>\n\n\t\n\n\t<div id=\"col-306290518\" class=\"col medium-3 small-12 large-3\"  >\n\t\t\t\t<div class=\"col-inner\"  >\n\t\t\t\n\t\t\t\n\n<p>Passeio pedestre ao Pico Agudo e Pico Alto, 28mai17 &#8211; ilha Terceira<\/p>\n\n  \n    <div class=\"row large-columns-1 medium-columns- small-columns- row-full-width slider row-slider slider-nav-reveal\"  data-flickity-options='{\"imagesLoaded\": true, \"groupCells\": \"100%\", \"dragThreshold\" : 5, \"cellAlign\": \"left\",\"wrapAround\": true,\"prevNextButtons\": true,\"percentPosition\": true,\"pageDots\": false, \"rightToLeft\": false, \"autoPlay\" : false}'>\n\n  <div class=\"gallery-col col\" >\n          <div class=\"col-inner\">\n            <a class=\"image-lightbox lightbox-gallery\" href=\"https:\/\/www.montanheiros.com\/wp-content\/uploads\/2019\/05\/big7_1496065068.jpg\" title=\"Passeio pedestre ao Pico Agudo e Pico Alto, 28mai17 - ilha Terceira\">            <div class=\"box has-hover gallery-box box-none\">\n              <div class=\"box-image\" style=\"width:63%;\">\n                <img loading=\"lazy\" decoding=\"async\" width=\"280\" height=\"280\" src=\"https:\/\/www.montanheiros.com\/wp-content\/uploads\/2019\/05\/big7_1496065068-280x280.jpg\" class=\"attachment-thumbnail size-thumbnail\" alt=\"\" ids=\"6174,6173,6175,6176,6177,6178,6179,6180,6181,6182,6183,6184,6185,6186,6187,6188,6189\" style=\"none\" type=\"slider\" columns=\"1\" image_width=\"63\" image_size=\"thumbnail\" text_align=\"center\" srcset=\"https:\/\/www.montanheiros.com\/wp-content\/uploads\/2019\/05\/big7_1496065068-280x280.jpg 280w, https:\/\/www.montanheiros.com\/wp-content\/uploads\/2019\/05\/big7_1496065068-300x300.jpg 300w, https:\/\/www.montanheiros.com\/wp-content\/uploads\/2019\/05\/big7_1496065068-100x100.jpg 100w\" sizes=\"auto, (max-width: 280px) 100vw, 280px\" \/>                                                              <\/div>\n              <div class=\"box-text text-center\" >\n                 <p>Passeio pedestre ao Pico Agudo e Pico Alto, 28mai17 - ilha Terceira<\/p>\n              <\/div>\n            <\/div>\n            <\/a>          <\/div>\n         <\/div><div class=\"gallery-col col\" >\n          <div class=\"col-inner\">\n            <a class=\"image-lightbox lightbox-gallery\" href=\"https:\/\/www.montanheiros.com\/wp-content\/uploads\/2019\/05\/big11_1496065077.jpg\" title=\"Passeio pedestre ao Pico Agudo e Pico Alto, 28mai17 - ilha Terceira\">            <div class=\"box has-hover gallery-box box-none\">\n              <div class=\"box-image\" style=\"width:63%;\">\n                <img loading=\"lazy\" decoding=\"async\" width=\"280\" height=\"280\" src=\"https:\/\/www.montanheiros.com\/wp-content\/uploads\/2019\/05\/big11_1496065077-280x280.jpg\" class=\"attachment-thumbnail size-thumbnail\" alt=\"\" ids=\"6174,6173,6175,6176,6177,6178,6179,6180,6181,6182,6183,6184,6185,6186,6187,6188,6189\" style=\"none\" type=\"slider\" columns=\"1\" image_width=\"63\" image_size=\"thumbnail\" text_align=\"center\" srcset=\"https:\/\/www.montanheiros.com\/wp-content\/uploads\/2019\/05\/big11_1496065077-280x280.jpg 280w, https:\/\/www.montanheiros.com\/wp-content\/uploads\/2019\/05\/big11_1496065077-300x300.jpg 300w, https:\/\/www.montanheiros.com\/wp-content\/uploads\/2019\/05\/big11_1496065077-100x100.jpg 100w\" sizes=\"auto, (max-width: 280px) 100vw, 280px\" \/>                                                              <\/div>\n              <div class=\"box-text text-center\" >\n                 <p>Passeio pedestre ao Pico Agudo e Pico Alto, 28mai17 - ilha Terceira<\/p>\n              <\/div>\n            <\/div>\n            <\/a>          <\/div>\n         <\/div><div class=\"gallery-col col\" >\n          <div class=\"col-inner\">\n            <a class=\"image-lightbox lightbox-gallery\" href=\"https:\/\/www.montanheiros.com\/wp-content\/uploads\/2019\/05\/big8_1496065068.jpg\" title=\"Passeio pedestre ao Pico Agudo e Pico Alto, 28mai17 - ilha Terceira\">            <div class=\"box has-hover gallery-box box-none\">\n              <div class=\"box-image\" style=\"width:63%;\">\n                <img loading=\"lazy\" decoding=\"async\" width=\"280\" height=\"280\" src=\"https:\/\/www.montanheiros.com\/wp-content\/uploads\/2019\/05\/big8_1496065068-280x280.jpg\" class=\"attachment-thumbnail size-thumbnail\" alt=\"\" ids=\"6174,6173,6175,6176,6177,6178,6179,6180,6181,6182,6183,6184,6185,6186,6187,6188,6189\" style=\"none\" type=\"slider\" columns=\"1\" image_width=\"63\" image_size=\"thumbnail\" text_align=\"center\" srcset=\"https:\/\/www.montanheiros.com\/wp-content\/uploads\/2019\/05\/big8_1496065068-280x280.jpg 280w, https:\/\/www.montanheiros.com\/wp-content\/uploads\/2019\/05\/big8_1496065068-300x300.jpg 300w, https:\/\/www.montanheiros.com\/wp-content\/uploads\/2019\/05\/big8_1496065068-100x100.jpg 100w\" sizes=\"auto, (max-width: 280px) 100vw, 280px\" \/>                                                              <\/div>\n              <div class=\"box-text text-center\" >\n                 <p>Passeio pedestre ao Pico Agudo e Pico Alto, 28mai17 - ilha Terceira<\/p>\n              <\/div>\n            <\/div>\n            <\/a>          <\/div>\n         <\/div><div class=\"gallery-col col\" >\n          <div class=\"col-inner\">\n            <a class=\"image-lightbox lightbox-gallery\" href=\"https:\/\/www.montanheiros.com\/wp-content\/uploads\/2019\/05\/big17_1496065097.jpg\" title=\"Passeio pedestre ao Pico Agudo e Pico Alto, 28mai17 - ilha Terceira\">            <div class=\"box has-hover gallery-box box-none\">\n              <div class=\"box-image\" style=\"width:63%;\">\n                <img loading=\"lazy\" decoding=\"async\" width=\"280\" height=\"280\" src=\"https:\/\/www.montanheiros.com\/wp-content\/uploads\/2019\/05\/big17_1496065097-280x280.jpg\" class=\"attachment-thumbnail size-thumbnail\" alt=\"\" ids=\"6174,6173,6175,6176,6177,6178,6179,6180,6181,6182,6183,6184,6185,6186,6187,6188,6189\" style=\"none\" type=\"slider\" columns=\"1\" image_width=\"63\" image_size=\"thumbnail\" text_align=\"center\" srcset=\"https:\/\/www.montanheiros.com\/wp-content\/uploads\/2019\/05\/big17_1496065097-280x280.jpg 280w, https:\/\/www.montanheiros.com\/wp-content\/uploads\/2019\/05\/big17_1496065097-300x300.jpg 300w, https:\/\/www.montanheiros.com\/wp-content\/uploads\/2019\/05\/big17_1496065097-100x100.jpg 100w\" sizes=\"auto, (max-width: 280px) 100vw, 280px\" \/>                                                              <\/div>\n              <div class=\"box-text text-center\" >\n                 <p>Passeio pedestre ao Pico Agudo e Pico Alto, 28mai17 - ilha Terceira<\/p>\n              <\/div>\n            <\/div>\n            <\/a>          <\/div>\n         <\/div><div class=\"gallery-col col\" >\n          <div class=\"col-inner\">\n            <a class=\"image-lightbox lightbox-gallery\" href=\"https:\/\/www.montanheiros.com\/wp-content\/uploads\/2019\/05\/big18_1496065100.jpg\" title=\"Passeio pedestre ao Pico Agudo e Pico Alto, 28mai17 - ilha Terceira\">            <div class=\"box has-hover gallery-box box-none\">\n              <div class=\"box-image\" style=\"width:63%;\">\n                <img loading=\"lazy\" decoding=\"async\" width=\"280\" height=\"280\" src=\"https:\/\/www.montanheiros.com\/wp-content\/uploads\/2019\/05\/big18_1496065100-280x280.jpg\" class=\"attachment-thumbnail size-thumbnail\" alt=\"\" ids=\"6174,6173,6175,6176,6177,6178,6179,6180,6181,6182,6183,6184,6185,6186,6187,6188,6189\" style=\"none\" type=\"slider\" columns=\"1\" image_width=\"63\" image_size=\"thumbnail\" text_align=\"center\" srcset=\"https:\/\/www.montanheiros.com\/wp-content\/uploads\/2019\/05\/big18_1496065100-280x280.jpg 280w, https:\/\/www.montanheiros.com\/wp-content\/uploads\/2019\/05\/big18_1496065100-300x300.jpg 300w, https:\/\/www.montanheiros.com\/wp-content\/uploads\/2019\/05\/big18_1496065100-100x100.jpg 100w\" sizes=\"auto, (max-width: 280px) 100vw, 280px\" \/>                                                              <\/div>\n              <div class=\"box-text text-center\" >\n                 <p>Passeio pedestre ao Pico Agudo e Pico Alto, 28mai17 - ilha Terceira<\/p>\n              <\/div>\n            <\/div>\n            <\/a>          <\/div>\n         <\/div><div class=\"gallery-col col\" >\n          <div class=\"col-inner\">\n            <a class=\"image-lightbox lightbox-gallery\" href=\"https:\/\/www.montanheiros.com\/wp-content\/uploads\/2019\/05\/big16_1496065096.jpg\" title=\"Passeio pedestre ao Pico Agudo e Pico Alto, 28mai17 - ilha Terceira\">            <div class=\"box has-hover gallery-box box-none\">\n              <div class=\"box-image\" style=\"width:63%;\">\n                <img loading=\"lazy\" decoding=\"async\" width=\"280\" height=\"280\" src=\"https:\/\/www.montanheiros.com\/wp-content\/uploads\/2019\/05\/big16_1496065096-280x280.jpg\" class=\"attachment-thumbnail size-thumbnail\" alt=\"\" ids=\"6174,6173,6175,6176,6177,6178,6179,6180,6181,6182,6183,6184,6185,6186,6187,6188,6189\" style=\"none\" type=\"slider\" columns=\"1\" image_width=\"63\" image_size=\"thumbnail\" text_align=\"center\" srcset=\"https:\/\/www.montanheiros.com\/wp-content\/uploads\/2019\/05\/big16_1496065096-280x280.jpg 280w, https:\/\/www.montanheiros.com\/wp-content\/uploads\/2019\/05\/big16_1496065096-300x300.jpg 300w, https:\/\/www.montanheiros.com\/wp-content\/uploads\/2019\/05\/big16_1496065096-100x100.jpg 100w\" sizes=\"auto, (max-width: 280px) 100vw, 280px\" \/>                                                              <\/div>\n              <div class=\"box-text text-center\" >\n                 <p>Passeio pedestre ao Pico Agudo e Pico Alto, 28mai17 - ilha Terceira<\/p>\n              <\/div>\n            <\/div>\n            <\/a>          <\/div>\n         <\/div><div class=\"gallery-col col\" >\n          <div class=\"col-inner\">\n            <a class=\"image-lightbox lightbox-gallery\" href=\"https:\/\/www.montanheiros.com\/wp-content\/uploads\/2019\/05\/big5_1496065058.jpg\" title=\"Passeio pedestre ao Pico Agudo e Pico Alto, 28mai17 - ilha Terceira\">            <div class=\"box has-hover gallery-box box-none\">\n              <div class=\"box-image\" style=\"width:63%;\">\n                <img loading=\"lazy\" decoding=\"async\" width=\"280\" height=\"280\" src=\"https:\/\/www.montanheiros.com\/wp-content\/uploads\/2019\/05\/big5_1496065058-280x280.jpg\" class=\"attachment-thumbnail size-thumbnail\" alt=\"\" ids=\"6174,6173,6175,6176,6177,6178,6179,6180,6181,6182,6183,6184,6185,6186,6187,6188,6189\" style=\"none\" type=\"slider\" columns=\"1\" image_width=\"63\" image_size=\"thumbnail\" text_align=\"center\" srcset=\"https:\/\/www.montanheiros.com\/wp-content\/uploads\/2019\/05\/big5_1496065058-280x280.jpg 280w, https:\/\/www.montanheiros.com\/wp-content\/uploads\/2019\/05\/big5_1496065058-300x300.jpg 300w, https:\/\/www.montanheiros.com\/wp-content\/uploads\/2019\/05\/big5_1496065058-100x100.jpg 100w\" sizes=\"auto, (max-width: 280px) 100vw, 280px\" \/>                                                              <\/div>\n              <div class=\"box-text text-center\" >\n                 <p>Passeio pedestre ao Pico Agudo e Pico Alto, 28mai17 - ilha Terceira<\/p>\n              <\/div>\n            <\/div>\n            <\/a>          <\/div>\n         <\/div><div class=\"gallery-col col\" >\n          <div class=\"col-inner\">\n            <a class=\"image-lightbox lightbox-gallery\" href=\"https:\/\/www.montanheiros.com\/wp-content\/uploads\/2019\/05\/big6_1496065068.jpg\" title=\"Passeio pedestre ao Pico Agudo e Pico Alto, 28mai17 - ilha Terceira\">            <div class=\"box has-hover gallery-box box-none\">\n              <div class=\"box-image\" style=\"width:63%;\">\n                <img loading=\"lazy\" decoding=\"async\" width=\"280\" height=\"280\" src=\"https:\/\/www.montanheiros.com\/wp-content\/uploads\/2019\/05\/big6_1496065068-280x280.jpg\" class=\"attachment-thumbnail size-thumbnail\" alt=\"\" ids=\"6174,6173,6175,6176,6177,6178,6179,6180,6181,6182,6183,6184,6185,6186,6187,6188,6189\" style=\"none\" type=\"slider\" columns=\"1\" image_width=\"63\" image_size=\"thumbnail\" text_align=\"center\" srcset=\"https:\/\/www.montanheiros.com\/wp-content\/uploads\/2019\/05\/big6_1496065068-280x280.jpg 280w, https:\/\/www.montanheiros.com\/wp-content\/uploads\/2019\/05\/big6_1496065068-300x300.jpg 300w, https:\/\/www.montanheiros.com\/wp-content\/uploads\/2019\/05\/big6_1496065068-100x100.jpg 100w\" sizes=\"auto, (max-width: 280px) 100vw, 280px\" \/>                                                              <\/div>\n              <div class=\"box-text text-center\" >\n                 <p>Passeio pedestre ao Pico Agudo e Pico Alto, 28mai17 - ilha Terceira<\/p>\n              <\/div>\n            <\/div>\n            <\/a>          <\/div>\n         <\/div><div class=\"gallery-col col\" >\n          <div class=\"col-inner\">\n            <a class=\"image-lightbox lightbox-gallery\" href=\"https:\/\/www.montanheiros.com\/wp-content\/uploads\/2019\/05\/big12_1496065078.jpg\" title=\"Passeio pedestre ao Pico Agudo e Pico Alto, 28mai17 - ilha Terceira\">            <div class=\"box has-hover gallery-box box-none\">\n              <div class=\"box-image\" style=\"width:63%;\">\n                <img loading=\"lazy\" decoding=\"async\" width=\"280\" height=\"280\" src=\"https:\/\/www.montanheiros.com\/wp-content\/uploads\/2019\/05\/big12_1496065078-280x280.jpg\" class=\"attachment-thumbnail size-thumbnail\" alt=\"\" ids=\"6174,6173,6175,6176,6177,6178,6179,6180,6181,6182,6183,6184,6185,6186,6187,6188,6189\" style=\"none\" type=\"slider\" columns=\"1\" image_width=\"63\" image_size=\"thumbnail\" text_align=\"center\" srcset=\"https:\/\/www.montanheiros.com\/wp-content\/uploads\/2019\/05\/big12_1496065078-280x280.jpg 280w, https:\/\/www.montanheiros.com\/wp-content\/uploads\/2019\/05\/big12_1496065078-300x300.jpg 300w, https:\/\/www.montanheiros.com\/wp-content\/uploads\/2019\/05\/big12_1496065078-100x100.jpg 100w\" sizes=\"auto, (max-width: 280px) 100vw, 280px\" \/>                                                              <\/div>\n              <div class=\"box-text text-center\" >\n                 <p>Passeio pedestre ao Pico Agudo e Pico Alto, 28mai17 - ilha Terceira<\/p>\n              <\/div>\n            <\/div>\n            <\/a>          <\/div>\n         <\/div><div class=\"gallery-col col\" >\n          <div class=\"col-inner\">\n            <a class=\"image-lightbox lightbox-gallery\" href=\"https:\/\/www.montanheiros.com\/wp-content\/uploads\/2019\/05\/big9_1496065074.jpg\" title=\"Passeio pedestre ao Pico Agudo e Pico Alto, 28mai17 - ilha Terceira\">            <div class=\"box has-hover gallery-box box-none\">\n              <div class=\"box-image\" style=\"width:63%;\">\n                <img loading=\"lazy\" decoding=\"async\" width=\"280\" height=\"280\" src=\"https:\/\/www.montanheiros.com\/wp-content\/uploads\/2019\/05\/big9_1496065074-280x280.jpg\" class=\"attachment-thumbnail size-thumbnail\" alt=\"\" ids=\"6174,6173,6175,6176,6177,6178,6179,6180,6181,6182,6183,6184,6185,6186,6187,6188,6189\" style=\"none\" type=\"slider\" columns=\"1\" image_width=\"63\" image_size=\"thumbnail\" text_align=\"center\" srcset=\"https:\/\/www.montanheiros.com\/wp-content\/uploads\/2019\/05\/big9_1496065074-280x280.jpg 280w, https:\/\/www.montanheiros.com\/wp-content\/uploads\/2019\/05\/big9_1496065074-300x300.jpg 300w, https:\/\/www.montanheiros.com\/wp-content\/uploads\/2019\/05\/big9_1496065074-100x100.jpg 100w\" sizes=\"auto, (max-width: 280px) 100vw, 280px\" \/>                                                              <\/div>\n              <div class=\"box-text text-center\" >\n                 <p>Passeio pedestre ao Pico Agudo e Pico Alto, 28mai17 - ilha Terceira<\/p>\n              <\/div>\n            <\/div>\n            <\/a>          <\/div>\n         <\/div><div class=\"gallery-col col\" >\n          <div class=\"col-inner\">\n            <a class=\"image-lightbox lightbox-gallery\" href=\"https:\/\/www.montanheiros.com\/wp-content\/uploads\/2019\/05\/big14_1496065080.jpg\" title=\"Passeio pedestre ao Pico Agudo e Pico Alto, 28mai17 - ilha Terceira\">            <div class=\"box has-hover gallery-box box-none\">\n              <div class=\"box-image\" style=\"width:63%;\">\n                <img loading=\"lazy\" decoding=\"async\" width=\"280\" height=\"280\" src=\"https:\/\/www.montanheiros.com\/wp-content\/uploads\/2019\/05\/big14_1496065080-280x280.jpg\" class=\"attachment-thumbnail size-thumbnail\" alt=\"\" ids=\"6174,6173,6175,6176,6177,6178,6179,6180,6181,6182,6183,6184,6185,6186,6187,6188,6189\" style=\"none\" type=\"slider\" columns=\"1\" image_width=\"63\" image_size=\"thumbnail\" text_align=\"center\" srcset=\"https:\/\/www.montanheiros.com\/wp-content\/uploads\/2019\/05\/big14_1496065080-280x280.jpg 280w, https:\/\/www.montanheiros.com\/wp-content\/uploads\/2019\/05\/big14_1496065080-300x300.jpg 300w, https:\/\/www.montanheiros.com\/wp-content\/uploads\/2019\/05\/big14_1496065080-100x100.jpg 100w\" sizes=\"auto, (max-width: 280px) 100vw, 280px\" \/>                                                              <\/div>\n              <div class=\"box-text text-center\" >\n                 <p>Passeio pedestre ao Pico Agudo e Pico Alto, 28mai17 - ilha Terceira<\/p>\n              <\/div>\n            <\/div>\n            <\/a>          <\/div>\n         <\/div><div class=\"gallery-col col\" >\n          <div class=\"col-inner\">\n            <a class=\"image-lightbox lightbox-gallery\" href=\"https:\/\/www.montanheiros.com\/wp-content\/uploads\/2019\/05\/big15_1496065081.jpg\" title=\"Passeio pedestre ao Pico Agudo e Pico Alto, 28mai17 - ilha Terceira\">            <div class=\"box has-hover gallery-box box-none\">\n              <div class=\"box-image\" style=\"width:63%;\">\n                <img loading=\"lazy\" decoding=\"async\" width=\"280\" height=\"280\" src=\"https:\/\/www.montanheiros.com\/wp-content\/uploads\/2019\/05\/big15_1496065081-280x280.jpg\" class=\"attachment-thumbnail size-thumbnail\" alt=\"\" ids=\"6174,6173,6175,6176,6177,6178,6179,6180,6181,6182,6183,6184,6185,6186,6187,6188,6189\" style=\"none\" type=\"slider\" columns=\"1\" image_width=\"63\" image_size=\"thumbnail\" text_align=\"center\" srcset=\"https:\/\/www.montanheiros.com\/wp-content\/uploads\/2019\/05\/big15_1496065081-280x280.jpg 280w, https:\/\/www.montanheiros.com\/wp-content\/uploads\/2019\/05\/big15_1496065081-300x300.jpg 300w, https:\/\/www.montanheiros.com\/wp-content\/uploads\/2019\/05\/big15_1496065081-100x100.jpg 100w\" sizes=\"auto, (max-width: 280px) 100vw, 280px\" \/>                                                              <\/div>\n              <div class=\"box-text text-center\" >\n                 <p>Passeio pedestre ao Pico Agudo e Pico Alto, 28mai17 - ilha Terceira<\/p>\n              <\/div>\n            <\/div>\n            <\/a>          <\/div>\n         <\/div><div class=\"gallery-col col\" >\n          <div class=\"col-inner\">\n            <a class=\"image-lightbox lightbox-gallery\" href=\"https:\/\/www.montanheiros.com\/wp-content\/uploads\/2019\/05\/big13_1496065080.jpg\" title=\"Passeio pedestre ao Pico Agudo e Pico Alto, 28mai17 - ilha Terceira\">            <div class=\"box has-hover gallery-box box-none\">\n              <div class=\"box-image\" style=\"width:63%;\">\n                <img loading=\"lazy\" decoding=\"async\" width=\"280\" height=\"280\" src=\"https:\/\/www.montanheiros.com\/wp-content\/uploads\/2019\/05\/big13_1496065080-280x280.jpg\" class=\"attachment-thumbnail size-thumbnail\" alt=\"\" ids=\"6174,6173,6175,6176,6177,6178,6179,6180,6181,6182,6183,6184,6185,6186,6187,6188,6189\" style=\"none\" type=\"slider\" columns=\"1\" image_width=\"63\" image_size=\"thumbnail\" text_align=\"center\" srcset=\"https:\/\/www.montanheiros.com\/wp-content\/uploads\/2019\/05\/big13_1496065080-280x280.jpg 280w, https:\/\/www.montanheiros.com\/wp-content\/uploads\/2019\/05\/big13_1496065080-300x300.jpg 300w, https:\/\/www.montanheiros.com\/wp-content\/uploads\/2019\/05\/big13_1496065080-100x100.jpg 100w\" sizes=\"auto, (max-width: 280px) 100vw, 280px\" \/>                                                              <\/div>\n              <div class=\"box-text text-center\" >\n                 <p>Passeio pedestre ao Pico Agudo e Pico Alto, 28mai17 - ilha Terceira<\/p>\n              <\/div>\n            <\/div>\n            <\/a>          <\/div>\n         <\/div><div class=\"gallery-col col\" >\n          <div class=\"col-inner\">\n            <a class=\"image-lightbox lightbox-gallery\" href=\"https:\/\/www.montanheiros.com\/wp-content\/uploads\/2019\/05\/big19_1496065116.jpg\" title=\"Passeio pedestre ao Pico Agudo e Pico Alto, 28mai17 - ilha Terceira\">            <div class=\"box has-hover gallery-box box-none\">\n              <div class=\"box-image\" style=\"width:63%;\">\n                <img loading=\"lazy\" decoding=\"async\" width=\"280\" height=\"280\" src=\"https:\/\/www.montanheiros.com\/wp-content\/uploads\/2019\/05\/big19_1496065116-280x280.jpg\" class=\"attachment-thumbnail size-thumbnail\" alt=\"\" ids=\"6174,6173,6175,6176,6177,6178,6179,6180,6181,6182,6183,6184,6185,6186,6187,6188,6189\" style=\"none\" type=\"slider\" columns=\"1\" image_width=\"63\" image_size=\"thumbnail\" text_align=\"center\" srcset=\"https:\/\/www.montanheiros.com\/wp-content\/uploads\/2019\/05\/big19_1496065116-280x280.jpg 280w, https:\/\/www.montanheiros.com\/wp-content\/uploads\/2019\/05\/big19_1496065116-300x300.jpg 300w, https:\/\/www.montanheiros.com\/wp-content\/uploads\/2019\/05\/big19_1496065116-100x100.jpg 100w\" sizes=\"auto, (max-width: 280px) 100vw, 280px\" \/>                                                              <\/div>\n              <div class=\"box-text text-center\" >\n                 <p>Passeio pedestre ao Pico Agudo e Pico Alto, 28mai17 - ilha Terceira<\/p>\n              <\/div>\n            <\/div>\n            <\/a>          <\/div>\n         <\/div><div class=\"gallery-col col\" >\n          <div class=\"col-inner\">\n            <a class=\"image-lightbox lightbox-gallery\" href=\"https:\/\/www.montanheiros.com\/wp-content\/uploads\/2019\/05\/big20_1496065129.jpg\" title=\"Passeio pedestre ao Pico Agudo e Pico Alto, 28mai17 - ilha Terceira\">            <div class=\"box has-hover gallery-box box-none\">\n              <div class=\"box-image\" style=\"width:63%;\">\n                <img loading=\"lazy\" decoding=\"async\" width=\"280\" height=\"280\" src=\"https:\/\/www.montanheiros.com\/wp-content\/uploads\/2019\/05\/big20_1496065129-280x280.jpg\" class=\"attachment-thumbnail size-thumbnail\" alt=\"\" ids=\"6174,6173,6175,6176,6177,6178,6179,6180,6181,6182,6183,6184,6185,6186,6187,6188,6189\" style=\"none\" type=\"slider\" columns=\"1\" image_width=\"63\" image_size=\"thumbnail\" text_align=\"center\" srcset=\"https:\/\/www.montanheiros.com\/wp-content\/uploads\/2019\/05\/big20_1496065129-280x280.jpg 280w, https:\/\/www.montanheiros.com\/wp-content\/uploads\/2019\/05\/big20_1496065129-300x300.jpg 300w, https:\/\/www.montanheiros.com\/wp-content\/uploads\/2019\/05\/big20_1496065129-100x100.jpg 100w\" sizes=\"auto, (max-width: 280px) 100vw, 280px\" \/>                                                              <\/div>\n              <div class=\"box-text text-center\" >\n                 <p>Passeio pedestre ao Pico Agudo e Pico Alto, 28mai17 - ilha Terceira<\/p>\n              <\/div>\n            <\/div>\n            <\/a>          <\/div>\n         <\/div><div class=\"gallery-col col\" >\n          <div class=\"col-inner\">\n            <a class=\"image-lightbox lightbox-gallery\" href=\"https:\/\/www.montanheiros.com\/wp-content\/uploads\/2019\/05\/big21_1496065130.jpg\" title=\"Passeio pedestre ao Pico Agudo e Pico Alto, 28mai17 - ilha Terceira\">            <div class=\"box has-hover gallery-box box-none\">\n              <div class=\"box-image\" style=\"width:63%;\">\n                <img loading=\"lazy\" decoding=\"async\" width=\"280\" height=\"280\" src=\"https:\/\/www.montanheiros.com\/wp-content\/uploads\/2019\/05\/big21_1496065130-280x280.jpg\" class=\"attachment-thumbnail size-thumbnail\" alt=\"\" ids=\"6174,6173,6175,6176,6177,6178,6179,6180,6181,6182,6183,6184,6185,6186,6187,6188,6189\" style=\"none\" type=\"slider\" columns=\"1\" image_width=\"63\" image_size=\"thumbnail\" text_align=\"center\" srcset=\"https:\/\/www.montanheiros.com\/wp-content\/uploads\/2019\/05\/big21_1496065130-280x280.jpg 280w, https:\/\/www.montanheiros.com\/wp-content\/uploads\/2019\/05\/big21_1496065130-300x300.jpg 300w, https:\/\/www.montanheiros.com\/wp-content\/uploads\/2019\/05\/big21_1496065130-100x100.jpg 100w\" sizes=\"auto, (max-width: 280px) 100vw, 280px\" \/>                                                              <\/div>\n              <div class=\"box-text text-center\" >\n                 <p>Passeio pedestre ao Pico Agudo e Pico Alto, 28mai17 - ilha Terceira<\/p>\n              <\/div>\n            <\/div>\n            <\/a>          <\/div>\n         <\/div><div class=\"gallery-col col\" >\n          <div class=\"col-inner\">\n            <a class=\"image-lightbox lightbox-gallery\" href=\"https:\/\/www.montanheiros.com\/wp-content\/uploads\/2019\/05\/big22_1496065132.jpg\" title=\"Passeio pedestre ao Pico Agudo e Pico Alto, 28mai17 - ilha Terceira\">            <div class=\"box has-hover gallery-box box-none\">\n              <div class=\"box-image\" style=\"width:63%;\">\n                <img loading=\"lazy\" decoding=\"async\" width=\"280\" height=\"280\" src=\"https:\/\/www.montanheiros.com\/wp-content\/uploads\/2019\/05\/big22_1496065132-280x280.jpg\" class=\"attachment-thumbnail size-thumbnail\" alt=\"\" ids=\"6174,6173,6175,6176,6177,6178,6179,6180,6181,6182,6183,6184,6185,6186,6187,6188,6189\" style=\"none\" type=\"slider\" columns=\"1\" image_width=\"63\" image_size=\"thumbnail\" text_align=\"center\" srcset=\"https:\/\/www.montanheiros.com\/wp-content\/uploads\/2019\/05\/big22_1496065132-280x280.jpg 280w, https:\/\/www.montanheiros.com\/wp-content\/uploads\/2019\/05\/big22_1496065132-300x300.jpg 300w, https:\/\/www.montanheiros.com\/wp-content\/uploads\/2019\/05\/big22_1496065132-100x100.jpg 100w\" sizes=\"auto, (max-width: 280px) 100vw, 280px\" \/>                                                              <\/div>\n              <div class=\"box-text text-center\" >\n                 <p>Passeio pedestre ao Pico Agudo e Pico Alto, 28mai17 - ilha Terceira<\/p>\n              <\/div>\n            <\/div>\n            <\/a>          <\/div>\n         <\/div><\/div>\n\n\n\t\t<\/div>\n\t\t\t\t\t<\/div>\n\n\t\n\n<\/div>\n\t<div id=\"gap-1595816702\" class=\"gap-element clearfix\" style=\"display:block; height:auto;\">\n\t\t\n<style>\n#gap-1595816702 {\n  padding-top: 30px;\n}\n<\/style>\n\t<\/div>\n\t\n\n<div class=\"container section-title-container\" ><h4 class=\"section-title section-title-normal\"><b><\/b><span class=\"section-title-main\" >2016<\/span><b><\/b><\/h4><\/div>\n\n<div class=\"row row-dashed\"  id=\"row-718223654\">\n\n\n\t<div id=\"col-359631549\" class=\"col medium-3 small-12 large-3\"  >\n\t\t\t\t<div class=\"col-inner\"  >\n\t\t\t\n\t\t\t\n\n<p>Passeio \u00e0s Relheiras e encerramento da temporada de caminhadas 2016, 23out2016 &#8211; ilha Terceira<\/p>\n\n  \n    <div class=\"row large-columns-1 medium-columns- small-columns- row-full-width slider row-slider slider-nav-reveal\"  data-flickity-options='{\"imagesLoaded\": true, \"groupCells\": \"100%\", \"dragThreshold\" : 5, \"cellAlign\": \"left\",\"wrapAround\": true,\"prevNextButtons\": true,\"percentPosition\": true,\"pageDots\": false, \"rightToLeft\": false, \"autoPlay\" : false}'>\n\n  <div class=\"gallery-col col\" >\n          <div class=\"col-inner\">\n            <a class=\"image-lightbox lightbox-gallery\" href=\"https:\/\/www.montanheiros.com\/wp-content\/uploads\/2019\/05\/big1_1478803512.jpg\" title=\"Passeio \u00e0s Relheiras e encerramento da temporada de caminhadas 2016, 23out2016 - ilha Terceira \">            <div class=\"box has-hover gallery-box box-none\">\n              <div class=\"box-image\" style=\"width:63%;\">\n                <img loading=\"lazy\" decoding=\"async\" width=\"280\" height=\"280\" src=\"https:\/\/www.montanheiros.com\/wp-content\/uploads\/2019\/05\/big1_1478803512-280x280.jpg\" class=\"attachment-thumbnail size-thumbnail\" alt=\"\" ids=\"6160,6161,6162,6163,6164,6165,6166,6167,6168,6169,6170,6171\" style=\"none\" type=\"slider\" columns=\"1\" image_width=\"63\" image_size=\"thumbnail\" text_align=\"center\" srcset=\"https:\/\/www.montanheiros.com\/wp-content\/uploads\/2019\/05\/big1_1478803512-280x280.jpg 280w, https:\/\/www.montanheiros.com\/wp-content\/uploads\/2019\/05\/big1_1478803512-300x300.jpg 300w, https:\/\/www.montanheiros.com\/wp-content\/uploads\/2019\/05\/big1_1478803512-100x100.jpg 100w\" sizes=\"auto, (max-width: 280px) 100vw, 280px\" \/>                                                              <\/div>\n              <div class=\"box-text text-center\" >\n                 <p>Passeio \u00e0s Relheiras e encerramento da temporada de caminhadas 2016, 23out2016 - ilha Terceira <\/p>\n              <\/div>\n            <\/div>\n            <\/a>          <\/div>\n         <\/div><div class=\"gallery-col col\" >\n          <div class=\"col-inner\">\n            <a class=\"image-lightbox lightbox-gallery\" href=\"https:\/\/www.montanheiros.com\/wp-content\/uploads\/2019\/05\/big7_1478803523.jpg\" title=\"Passeio \u00e0s Relheiras e encerramento da temporada de caminhadas 2016, 23out2016 - ilha Terceira \">            <div class=\"box has-hover gallery-box box-none\">\n              <div class=\"box-image\" style=\"width:63%;\">\n                <img loading=\"lazy\" decoding=\"async\" width=\"280\" height=\"280\" src=\"https:\/\/www.montanheiros.com\/wp-content\/uploads\/2019\/05\/big7_1478803523-280x280.jpg\" class=\"attachment-thumbnail size-thumbnail\" alt=\"\" ids=\"6160,6161,6162,6163,6164,6165,6166,6167,6168,6169,6170,6171\" style=\"none\" type=\"slider\" columns=\"1\" image_width=\"63\" image_size=\"thumbnail\" text_align=\"center\" srcset=\"https:\/\/www.montanheiros.com\/wp-content\/uploads\/2019\/05\/big7_1478803523-280x280.jpg 280w, https:\/\/www.montanheiros.com\/wp-content\/uploads\/2019\/05\/big7_1478803523-300x300.jpg 300w, https:\/\/www.montanheiros.com\/wp-content\/uploads\/2019\/05\/big7_1478803523-100x100.jpg 100w\" sizes=\"auto, (max-width: 280px) 100vw, 280px\" \/>                                                              <\/div>\n              <div class=\"box-text text-center\" >\n                 <p>Passeio \u00e0s Relheiras e encerramento da temporada de caminhadas 2016, 23out2016 - ilha Terceira <\/p>\n              <\/div>\n            <\/div>\n            <\/a>          <\/div>\n         <\/div><div class=\"gallery-col col\" >\n          <div class=\"col-inner\">\n            <a class=\"image-lightbox lightbox-gallery\" href=\"https:\/\/www.montanheiros.com\/wp-content\/uploads\/2019\/05\/big5_1478803516.jpg\" title=\"Passeio \u00e0s Relheiras e encerramento da temporada de caminhadas 2016, 23out2016 - ilha Terceira \">            <div class=\"box has-hover gallery-box box-none\">\n              <div class=\"box-image\" style=\"width:63%;\">\n                <img loading=\"lazy\" decoding=\"async\" width=\"280\" height=\"280\" src=\"https:\/\/www.montanheiros.com\/wp-content\/uploads\/2019\/05\/big5_1478803516-280x280.jpg\" class=\"attachment-thumbnail size-thumbnail\" alt=\"\" ids=\"6160,6161,6162,6163,6164,6165,6166,6167,6168,6169,6170,6171\" style=\"none\" type=\"slider\" columns=\"1\" image_width=\"63\" image_size=\"thumbnail\" text_align=\"center\" srcset=\"https:\/\/www.montanheiros.com\/wp-content\/uploads\/2019\/05\/big5_1478803516-280x280.jpg 280w, https:\/\/www.montanheiros.com\/wp-content\/uploads\/2019\/05\/big5_1478803516-300x300.jpg 300w, https:\/\/www.montanheiros.com\/wp-content\/uploads\/2019\/05\/big5_1478803516-100x100.jpg 100w\" sizes=\"auto, (max-width: 280px) 100vw, 280px\" \/>                                                              <\/div>\n              <div class=\"box-text text-center\" >\n                 <p>Passeio \u00e0s Relheiras e encerramento da temporada de caminhadas 2016, 23out2016 - ilha Terceira <\/p>\n              <\/div>\n            <\/div>\n            <\/a>          <\/div>\n         <\/div><div class=\"gallery-col col\" >\n          <div class=\"col-inner\">\n            <a class=\"image-lightbox lightbox-gallery\" href=\"https:\/\/www.montanheiros.com\/wp-content\/uploads\/2019\/05\/big4_1478803514.jpg\" title=\"Passeio \u00e0s Relheiras e encerramento da temporada de caminhadas 2016, 23out2016 - ilha Terceira \">            <div class=\"box has-hover gallery-box box-none\">\n              <div class=\"box-image\" style=\"width:63%;\">\n                <img loading=\"lazy\" decoding=\"async\" width=\"280\" height=\"280\" src=\"https:\/\/www.montanheiros.com\/wp-content\/uploads\/2019\/05\/big4_1478803514-280x280.jpg\" class=\"attachment-thumbnail size-thumbnail\" alt=\"\" ids=\"6160,6161,6162,6163,6164,6165,6166,6167,6168,6169,6170,6171\" style=\"none\" type=\"slider\" columns=\"1\" image_width=\"63\" image_size=\"thumbnail\" text_align=\"center\" srcset=\"https:\/\/www.montanheiros.com\/wp-content\/uploads\/2019\/05\/big4_1478803514-280x280.jpg 280w, https:\/\/www.montanheiros.com\/wp-content\/uploads\/2019\/05\/big4_1478803514-300x300.jpg 300w, https:\/\/www.montanheiros.com\/wp-content\/uploads\/2019\/05\/big4_1478803514-100x100.jpg 100w\" sizes=\"auto, (max-width: 280px) 100vw, 280px\" \/>                                                              <\/div>\n              <div class=\"box-text text-center\" >\n                 <p>Passeio \u00e0s Relheiras e encerramento da temporada de caminhadas 2016, 23out2016 - ilha Terceira <\/p>\n              <\/div>\n            <\/div>\n            <\/a>          <\/div>\n         <\/div><div class=\"gallery-col col\" >\n          <div class=\"col-inner\">\n            <a class=\"image-lightbox lightbox-gallery\" href=\"https:\/\/www.montanheiros.com\/wp-content\/uploads\/2019\/05\/big6_1478803516.jpg\" title=\"Passeio \u00e0s Relheiras e encerramento da temporada de caminhadas 2016, 23out2016 - ilha Terceira \">            <div class=\"box has-hover gallery-box box-none\">\n              <div class=\"box-image\" style=\"width:63%;\">\n                <img loading=\"lazy\" decoding=\"async\" width=\"280\" height=\"280\" src=\"https:\/\/www.montanheiros.com\/wp-content\/uploads\/2019\/05\/big6_1478803516-280x280.jpg\" class=\"attachment-thumbnail size-thumbnail\" alt=\"\" ids=\"6160,6161,6162,6163,6164,6165,6166,6167,6168,6169,6170,6171\" style=\"none\" type=\"slider\" columns=\"1\" image_width=\"63\" image_size=\"thumbnail\" text_align=\"center\" srcset=\"https:\/\/www.montanheiros.com\/wp-content\/uploads\/2019\/05\/big6_1478803516-280x280.jpg 280w, https:\/\/www.montanheiros.com\/wp-content\/uploads\/2019\/05\/big6_1478803516-300x300.jpg 300w, https:\/\/www.montanheiros.com\/wp-content\/uploads\/2019\/05\/big6_1478803516-100x100.jpg 100w\" sizes=\"auto, (max-width: 280px) 100vw, 280px\" \/>                                                              <\/div>\n              <div class=\"box-text text-center\" >\n                 <p>Passeio \u00e0s Relheiras e encerramento da temporada de caminhadas 2016, 23out2016 - ilha Terceira <\/p>\n              <\/div>\n            <\/div>\n            <\/a>          <\/div>\n         <\/div><div class=\"gallery-col col\" >\n          <div class=\"col-inner\">\n            <a class=\"image-lightbox lightbox-gallery\" href=\"https:\/\/www.montanheiros.com\/wp-content\/uploads\/2019\/05\/big2_1478803513.jpg\" title=\"Passeio \u00e0s Relheiras e encerramento da temporada de caminhadas 2016, 23out2016 - ilha Terceira \">            <div class=\"box has-hover gallery-box box-none\">\n              <div class=\"box-image\" style=\"width:63%;\">\n                <img loading=\"lazy\" decoding=\"async\" width=\"280\" height=\"280\" src=\"https:\/\/www.montanheiros.com\/wp-content\/uploads\/2019\/05\/big2_1478803513-280x280.jpg\" class=\"attachment-thumbnail size-thumbnail\" alt=\"\" ids=\"6160,6161,6162,6163,6164,6165,6166,6167,6168,6169,6170,6171\" style=\"none\" type=\"slider\" columns=\"1\" image_width=\"63\" image_size=\"thumbnail\" text_align=\"center\" srcset=\"https:\/\/www.montanheiros.com\/wp-content\/uploads\/2019\/05\/big2_1478803513-280x280.jpg 280w, https:\/\/www.montanheiros.com\/wp-content\/uploads\/2019\/05\/big2_1478803513-300x300.jpg 300w, https:\/\/www.montanheiros.com\/wp-content\/uploads\/2019\/05\/big2_1478803513-100x100.jpg 100w\" sizes=\"auto, (max-width: 280px) 100vw, 280px\" \/>                                                              <\/div>\n              <div class=\"box-text text-center\" >\n                 <p>Passeio \u00e0s Relheiras e encerramento da temporada de caminhadas 2016, 23out2016 - ilha Terceira <\/p>\n              <\/div>\n            <\/div>\n            <\/a>          <\/div>\n         <\/div><div class=\"gallery-col col\" >\n          <div class=\"col-inner\">\n            <a class=\"image-lightbox lightbox-gallery\" href=\"https:\/\/www.montanheiros.com\/wp-content\/uploads\/2019\/05\/big10_1478803531.jpg\" title=\"Passeio \u00e0s Relheiras e encerramento da temporada de caminhadas 2016, 23out2016 - ilha Terceira \">            <div class=\"box has-hover gallery-box box-none\">\n              <div class=\"box-image\" style=\"width:63%;\">\n                <img loading=\"lazy\" decoding=\"async\" width=\"280\" height=\"280\" src=\"https:\/\/www.montanheiros.com\/wp-content\/uploads\/2019\/05\/big10_1478803531-280x280.jpg\" class=\"attachment-thumbnail size-thumbnail\" alt=\"\" ids=\"6160,6161,6162,6163,6164,6165,6166,6167,6168,6169,6170,6171\" style=\"none\" type=\"slider\" columns=\"1\" image_width=\"63\" image_size=\"thumbnail\" text_align=\"center\" srcset=\"https:\/\/www.montanheiros.com\/wp-content\/uploads\/2019\/05\/big10_1478803531-280x280.jpg 280w, https:\/\/www.montanheiros.com\/wp-content\/uploads\/2019\/05\/big10_1478803531-300x300.jpg 300w, https:\/\/www.montanheiros.com\/wp-content\/uploads\/2019\/05\/big10_1478803531-100x100.jpg 100w\" sizes=\"auto, (max-width: 280px) 100vw, 280px\" \/>                                                              <\/div>\n              <div class=\"box-text text-center\" >\n                 <p>Passeio \u00e0s Relheiras e encerramento da temporada de caminhadas 2016, 23out2016 - ilha Terceira <\/p>\n              <\/div>\n            <\/div>\n            <\/a>          <\/div>\n         <\/div><div class=\"gallery-col col\" >\n          <div class=\"col-inner\">\n            <a class=\"image-lightbox lightbox-gallery\" href=\"https:\/\/www.montanheiros.com\/wp-content\/uploads\/2019\/05\/big11_1478803533.jpg\" title=\"Passeio \u00e0s Relheiras e encerramento da temporada de caminhadas 2016, 23out2016 - ilha Terceira \">            <div class=\"box has-hover gallery-box box-none\">\n              <div class=\"box-image\" style=\"width:63%;\">\n                <img loading=\"lazy\" decoding=\"async\" width=\"280\" height=\"280\" src=\"https:\/\/www.montanheiros.com\/wp-content\/uploads\/2019\/05\/big11_1478803533-280x280.jpg\" class=\"attachment-thumbnail size-thumbnail\" alt=\"\" ids=\"6160,6161,6162,6163,6164,6165,6166,6167,6168,6169,6170,6171\" style=\"none\" type=\"slider\" columns=\"1\" image_width=\"63\" image_size=\"thumbnail\" text_align=\"center\" srcset=\"https:\/\/www.montanheiros.com\/wp-content\/uploads\/2019\/05\/big11_1478803533-280x280.jpg 280w, https:\/\/www.montanheiros.com\/wp-content\/uploads\/2019\/05\/big11_1478803533-300x300.jpg 300w, https:\/\/www.montanheiros.com\/wp-content\/uploads\/2019\/05\/big11_1478803533-100x100.jpg 100w\" sizes=\"auto, (max-width: 280px) 100vw, 280px\" \/>                                                              <\/div>\n              <div class=\"box-text text-center\" >\n                 <p>Passeio \u00e0s Relheiras e encerramento da temporada de caminhadas 2016, 23out2016 - ilha Terceira <\/p>\n              <\/div>\n            <\/div>\n            <\/a>          <\/div>\n         <\/div><div class=\"gallery-col col\" >\n          <div class=\"col-inner\">\n            <a class=\"image-lightbox lightbox-gallery\" href=\"https:\/\/www.montanheiros.com\/wp-content\/uploads\/2019\/05\/big13_1478803539.jpg\" title=\"Passeio \u00e0s Relheiras e encerramento da temporada de caminhadas 2016, 23out2016 - ilha Terceira \">            <div class=\"box has-hover gallery-box box-none\">\n              <div class=\"box-image\" style=\"width:63%;\">\n                <img loading=\"lazy\" decoding=\"async\" width=\"280\" height=\"280\" src=\"https:\/\/www.montanheiros.com\/wp-content\/uploads\/2019\/05\/big13_1478803539-280x280.jpg\" class=\"attachment-thumbnail size-thumbnail\" alt=\"\" ids=\"6160,6161,6162,6163,6164,6165,6166,6167,6168,6169,6170,6171\" style=\"none\" type=\"slider\" columns=\"1\" image_width=\"63\" image_size=\"thumbnail\" text_align=\"center\" srcset=\"https:\/\/www.montanheiros.com\/wp-content\/uploads\/2019\/05\/big13_1478803539-280x280.jpg 280w, https:\/\/www.montanheiros.com\/wp-content\/uploads\/2019\/05\/big13_1478803539-300x300.jpg 300w, https:\/\/www.montanheiros.com\/wp-content\/uploads\/2019\/05\/big13_1478803539-100x100.jpg 100w\" sizes=\"auto, (max-width: 280px) 100vw, 280px\" \/>                                                              <\/div>\n              <div class=\"box-text text-center\" >\n                 <p>Passeio \u00e0s Relheiras e encerramento da temporada de caminhadas 2016, 23out2016 - ilha Terceira <\/p>\n              <\/div>\n            <\/div>\n            <\/a>          <\/div>\n         <\/div><div class=\"gallery-col col\" >\n          <div class=\"col-inner\">\n            <a class=\"image-lightbox lightbox-gallery\" href=\"https:\/\/www.montanheiros.com\/wp-content\/uploads\/2019\/05\/big9_1478803529.jpg\" title=\"Passeio \u00e0s Relheiras e encerramento da temporada de caminhadas 2016, 23out2016 - ilha Terceira \">            <div class=\"box has-hover gallery-box box-none\">\n              <div class=\"box-image\" style=\"width:63%;\">\n                <img loading=\"lazy\" decoding=\"async\" width=\"280\" height=\"280\" src=\"https:\/\/www.montanheiros.com\/wp-content\/uploads\/2019\/05\/big9_1478803529-280x280.jpg\" class=\"attachment-thumbnail size-thumbnail\" alt=\"\" ids=\"6160,6161,6162,6163,6164,6165,6166,6167,6168,6169,6170,6171\" style=\"none\" type=\"slider\" columns=\"1\" image_width=\"63\" image_size=\"thumbnail\" text_align=\"center\" srcset=\"https:\/\/www.montanheiros.com\/wp-content\/uploads\/2019\/05\/big9_1478803529-280x280.jpg 280w, https:\/\/www.montanheiros.com\/wp-content\/uploads\/2019\/05\/big9_1478803529-300x300.jpg 300w, https:\/\/www.montanheiros.com\/wp-content\/uploads\/2019\/05\/big9_1478803529-100x100.jpg 100w\" sizes=\"auto, (max-width: 280px) 100vw, 280px\" \/>                                                              <\/div>\n              <div class=\"box-text text-center\" >\n                 <p>Passeio \u00e0s Relheiras e encerramento da temporada de caminhadas 2016, 23out2016 - ilha Terceira <\/p>\n              <\/div>\n            <\/div>\n            <\/a>          <\/div>\n         <\/div><div class=\"gallery-col col\" >\n          <div class=\"col-inner\">\n            <a class=\"image-lightbox lightbox-gallery\" href=\"https:\/\/www.montanheiros.com\/wp-content\/uploads\/2019\/05\/big12_1478803535.jpg\" title=\"Passeio \u00e0s Relheiras e encerramento da temporada de caminhadas 2016, 23out2016 - ilha Terceira \">            <div class=\"box has-hover gallery-box box-none\">\n              <div class=\"box-image\" style=\"width:63%;\">\n                <img loading=\"lazy\" decoding=\"async\" width=\"280\" height=\"280\" src=\"https:\/\/www.montanheiros.com\/wp-content\/uploads\/2019\/05\/big12_1478803535-280x280.jpg\" class=\"attachment-thumbnail size-thumbnail\" alt=\"\" ids=\"6160,6161,6162,6163,6164,6165,6166,6167,6168,6169,6170,6171\" style=\"none\" type=\"slider\" columns=\"1\" image_width=\"63\" image_size=\"thumbnail\" text_align=\"center\" srcset=\"https:\/\/www.montanheiros.com\/wp-content\/uploads\/2019\/05\/big12_1478803535-280x280.jpg 280w, https:\/\/www.montanheiros.com\/wp-content\/uploads\/2019\/05\/big12_1478803535-300x300.jpg 300w, https:\/\/www.montanheiros.com\/wp-content\/uploads\/2019\/05\/big12_1478803535-100x100.jpg 100w\" sizes=\"auto, (max-width: 280px) 100vw, 280px\" \/>                                                              <\/div>\n              <div class=\"box-text text-center\" >\n                 <p>Passeio \u00e0s Relheiras e encerramento da temporada de caminhadas 2016, 23out2016 - ilha Terceira <\/p>\n              <\/div>\n            <\/div>\n            <\/a>          <\/div>\n         <\/div><div class=\"gallery-col col\" >\n          <div class=\"col-inner\">\n            <a class=\"image-lightbox lightbox-gallery\" href=\"https:\/\/www.montanheiros.com\/wp-content\/uploads\/2019\/05\/big8_1478803523.jpg\" title=\"Passeio \u00e0s Relheiras e encerramento da temporada de caminhadas 2016, 23out2016 - ilha Terceira \">            <div class=\"box has-hover gallery-box box-none\">\n              <div class=\"box-image\" style=\"width:63%;\">\n                <img loading=\"lazy\" decoding=\"async\" width=\"280\" height=\"280\" src=\"https:\/\/www.montanheiros.com\/wp-content\/uploads\/2019\/05\/big8_1478803523-280x280.jpg\" class=\"attachment-thumbnail size-thumbnail\" alt=\"\" ids=\"6160,6161,6162,6163,6164,6165,6166,6167,6168,6169,6170,6171\" style=\"none\" type=\"slider\" columns=\"1\" image_width=\"63\" image_size=\"thumbnail\" text_align=\"center\" srcset=\"https:\/\/www.montanheiros.com\/wp-content\/uploads\/2019\/05\/big8_1478803523-280x280.jpg 280w, https:\/\/www.montanheiros.com\/wp-content\/uploads\/2019\/05\/big8_1478803523-300x300.jpg 300w, https:\/\/www.montanheiros.com\/wp-content\/uploads\/2019\/05\/big8_1478803523-100x100.jpg 100w\" sizes=\"auto, (max-width: 280px) 100vw, 280px\" \/>                                                              <\/div>\n              <div class=\"box-text text-center\" >\n                 <p>Passeio \u00e0s Relheiras e encerramento da temporada de caminhadas 2016, 23out2016 - ilha Terceira <\/p>\n              <\/div>\n            <\/div>\n            <\/a>          <\/div>\n         <\/div><\/div>\n\n\n\t\t<\/div>\n\t\t\t\t\t<\/div>\n\n\t\n\n\t<div id=\"col-332565291\" class=\"col medium-3 small-12 large-3\"  >\n\t\t\t\t<div class=\"col-inner\"  >\n\t\t\t\n\t\t\t\n\n<p>Passeio cultural \u00e0s Vinhas dos Biscoitos, 04set16 &#8211; ilha Terceira<\/p>\n\n  \n    <div class=\"row large-columns-1 medium-columns- small-columns- row-full-width slider row-slider slider-nav-reveal\"  data-flickity-options='{\"imagesLoaded\": true, \"groupCells\": \"100%\", \"dragThreshold\" : 5, \"cellAlign\": \"left\",\"wrapAround\": true,\"prevNextButtons\": true,\"percentPosition\": true,\"pageDots\": false, \"rightToLeft\": false, \"autoPlay\" : false}'>\n\n  <div class=\"gallery-col col\" >\n          <div class=\"col-inner\">\n            <a class=\"image-lightbox lightbox-gallery\" href=\"https:\/\/www.montanheiros.com\/wp-content\/uploads\/2019\/05\/big1_1473153294.jpg\" title=\"Passeio cultural \u00e0s Vinhas dos Biscoitos, 04set16 - ilha Terceira\">            <div class=\"box has-hover gallery-box box-none\">\n              <div class=\"box-image\" style=\"width:63%;\">\n                <img loading=\"lazy\" decoding=\"async\" width=\"280\" height=\"280\" src=\"https:\/\/www.montanheiros.com\/wp-content\/uploads\/2019\/05\/big1_1473153294-280x280.jpg\" class=\"attachment-thumbnail size-thumbnail\" alt=\"\" ids=\"6132,6133,6134,6135,6136,6137,6138,6139,6140,6141,6142,6143,6144,6145,6146,6147,6148,6149,6150,6151,6152,6153,6154,6155,6156,6157,6158\" style=\"none\" type=\"slider\" columns=\"1\" image_width=\"63\" image_size=\"thumbnail\" text_align=\"center\" srcset=\"https:\/\/www.montanheiros.com\/wp-content\/uploads\/2019\/05\/big1_1473153294-280x280.jpg 280w, https:\/\/www.montanheiros.com\/wp-content\/uploads\/2019\/05\/big1_1473153294-300x300.jpg 300w, https:\/\/www.montanheiros.com\/wp-content\/uploads\/2019\/05\/big1_1473153294-100x100.jpg 100w\" sizes=\"auto, (max-width: 280px) 100vw, 280px\" \/>                                                              <\/div>\n              <div class=\"box-text text-center\" >\n                 <p>Passeio cultural \u00e0s Vinhas dos Biscoitos, 04set16 - ilha Terceira<\/p>\n              <\/div>\n            <\/div>\n            <\/a>          <\/div>\n         <\/div><div class=\"gallery-col col\" >\n          <div class=\"col-inner\">\n            <a class=\"image-lightbox lightbox-gallery\" href=\"https:\/\/www.montanheiros.com\/wp-content\/uploads\/2019\/05\/big2_1473153297.jpg\" title=\"Passeio cultural \u00e0s Vinhas dos Biscoitos, 04set16 - ilha Terceira\">            <div class=\"box has-hover gallery-box box-none\">\n              <div class=\"box-image\" style=\"width:63%;\">\n                <img loading=\"lazy\" decoding=\"async\" width=\"280\" height=\"280\" src=\"https:\/\/www.montanheiros.com\/wp-content\/uploads\/2019\/05\/big2_1473153297-280x280.jpg\" class=\"attachment-thumbnail size-thumbnail\" alt=\"\" ids=\"6132,6133,6134,6135,6136,6137,6138,6139,6140,6141,6142,6143,6144,6145,6146,6147,6148,6149,6150,6151,6152,6153,6154,6155,6156,6157,6158\" style=\"none\" type=\"slider\" columns=\"1\" image_width=\"63\" image_size=\"thumbnail\" text_align=\"center\" srcset=\"https:\/\/www.montanheiros.com\/wp-content\/uploads\/2019\/05\/big2_1473153297-280x280.jpg 280w, https:\/\/www.montanheiros.com\/wp-content\/uploads\/2019\/05\/big2_1473153297-300x300.jpg 300w, https:\/\/www.montanheiros.com\/wp-content\/uploads\/2019\/05\/big2_1473153297-100x100.jpg 100w\" sizes=\"auto, (max-width: 280px) 100vw, 280px\" \/>                                                              <\/div>\n              <div class=\"box-text text-center\" >\n                 <p>Passeio cultural \u00e0s Vinhas dos Biscoitos, 04set16 - ilha Terceira<\/p>\n              <\/div>\n            <\/div>\n            <\/a>          <\/div>\n         <\/div><div class=\"gallery-col col\" >\n          <div class=\"col-inner\">\n            <a class=\"image-lightbox lightbox-gallery\" href=\"https:\/\/www.montanheiros.com\/wp-content\/uploads\/2019\/05\/big4_1473153299-600x800.jpg\" title=\"Passeio cultural \u00e0s Vinhas dos Biscoitos, 04set16 - ilha Terceira\">            <div class=\"box has-hover gallery-box box-none\">\n              <div class=\"box-image\" style=\"width:63%;\">\n                <img loading=\"lazy\" decoding=\"async\" width=\"280\" height=\"280\" src=\"https:\/\/www.montanheiros.com\/wp-content\/uploads\/2019\/05\/big4_1473153299-280x280.jpg\" class=\"attachment-thumbnail size-thumbnail\" alt=\"\" ids=\"6132,6133,6134,6135,6136,6137,6138,6139,6140,6141,6142,6143,6144,6145,6146,6147,6148,6149,6150,6151,6152,6153,6154,6155,6156,6157,6158\" style=\"none\" type=\"slider\" columns=\"1\" image_width=\"63\" image_size=\"thumbnail\" text_align=\"center\" srcset=\"https:\/\/www.montanheiros.com\/wp-content\/uploads\/2019\/05\/big4_1473153299-280x280.jpg 280w, https:\/\/www.montanheiros.com\/wp-content\/uploads\/2019\/05\/big4_1473153299-300x300.jpg 300w, https:\/\/www.montanheiros.com\/wp-content\/uploads\/2019\/05\/big4_1473153299-100x100.jpg 100w\" sizes=\"auto, (max-width: 280px) 100vw, 280px\" \/>                                                              <\/div>\n              <div class=\"box-text text-center\" >\n                 <p>Passeio cultural \u00e0s Vinhas dos Biscoitos, 04set16 - ilha Terceira<\/p>\n              <\/div>\n            <\/div>\n            <\/a>          <\/div>\n         <\/div><div class=\"gallery-col col\" >\n          <div class=\"col-inner\">\n            <a class=\"image-lightbox lightbox-gallery\" href=\"https:\/\/www.montanheiros.com\/wp-content\/uploads\/2019\/05\/big5_1473153318.jpg\" title=\"Passeio cultural \u00e0s Vinhas dos Biscoitos, 04set16 - ilha Terceira\">            <div class=\"box has-hover gallery-box box-none\">\n              <div class=\"box-image\" style=\"width:63%;\">\n                <img loading=\"lazy\" decoding=\"async\" width=\"280\" height=\"280\" src=\"https:\/\/www.montanheiros.com\/wp-content\/uploads\/2019\/05\/big5_1473153318-280x280.jpg\" class=\"attachment-thumbnail size-thumbnail\" alt=\"\" ids=\"6132,6133,6134,6135,6136,6137,6138,6139,6140,6141,6142,6143,6144,6145,6146,6147,6148,6149,6150,6151,6152,6153,6154,6155,6156,6157,6158\" style=\"none\" type=\"slider\" columns=\"1\" image_width=\"63\" image_size=\"thumbnail\" text_align=\"center\" srcset=\"https:\/\/www.montanheiros.com\/wp-content\/uploads\/2019\/05\/big5_1473153318-280x280.jpg 280w, https:\/\/www.montanheiros.com\/wp-content\/uploads\/2019\/05\/big5_1473153318-300x300.jpg 300w, https:\/\/www.montanheiros.com\/wp-content\/uploads\/2019\/05\/big5_1473153318-100x100.jpg 100w\" sizes=\"auto, (max-width: 280px) 100vw, 280px\" \/>                                                              <\/div>\n              <div class=\"box-text text-center\" >\n                 <p>Passeio cultural \u00e0s Vinhas dos Biscoitos, 04set16 - ilha Terceira<\/p>\n              <\/div>\n            <\/div>\n            <\/a>          <\/div>\n         <\/div><div class=\"gallery-col col\" >\n          <div class=\"col-inner\">\n            <a class=\"image-lightbox lightbox-gallery\" href=\"https:\/\/www.montanheiros.com\/wp-content\/uploads\/2019\/05\/big6_1473153325.jpg\" title=\"Passeio cultural \u00e0s Vinhas dos Biscoitos, 04set16 - ilha Terceira\">            <div class=\"box has-hover gallery-box box-none\">\n              <div class=\"box-image\" style=\"width:63%;\">\n                <img loading=\"lazy\" decoding=\"async\" width=\"280\" height=\"280\" src=\"https:\/\/www.montanheiros.com\/wp-content\/uploads\/2019\/05\/big6_1473153325-280x280.jpg\" class=\"attachment-thumbnail size-thumbnail\" alt=\"\" ids=\"6132,6133,6134,6135,6136,6137,6138,6139,6140,6141,6142,6143,6144,6145,6146,6147,6148,6149,6150,6151,6152,6153,6154,6155,6156,6157,6158\" style=\"none\" type=\"slider\" columns=\"1\" image_width=\"63\" image_size=\"thumbnail\" text_align=\"center\" srcset=\"https:\/\/www.montanheiros.com\/wp-content\/uploads\/2019\/05\/big6_1473153325-280x280.jpg 280w, https:\/\/www.montanheiros.com\/wp-content\/uploads\/2019\/05\/big6_1473153325-300x300.jpg 300w, https:\/\/www.montanheiros.com\/wp-content\/uploads\/2019\/05\/big6_1473153325-100x100.jpg 100w\" sizes=\"auto, (max-width: 280px) 100vw, 280px\" \/>                                                              <\/div>\n              <div class=\"box-text text-center\" >\n                 <p>Passeio cultural \u00e0s Vinhas dos Biscoitos, 04set16 - ilha Terceira<\/p>\n              <\/div>\n            <\/div>\n            <\/a>          <\/div>\n         <\/div><div class=\"gallery-col col\" >\n          <div class=\"col-inner\">\n            <a class=\"image-lightbox lightbox-gallery\" href=\"https:\/\/www.montanheiros.com\/wp-content\/uploads\/2019\/05\/big7_1473153329.jpg\" title=\"Passeio cultural \u00e0s Vinhas dos Biscoitos, 04set16 - ilha Terceira\">            <div class=\"box has-hover gallery-box box-none\">\n              <div class=\"box-image\" style=\"width:63%;\">\n                <img loading=\"lazy\" decoding=\"async\" width=\"280\" height=\"280\" src=\"https:\/\/www.montanheiros.com\/wp-content\/uploads\/2019\/05\/big7_1473153329-280x280.jpg\" class=\"attachment-thumbnail size-thumbnail\" alt=\"\" ids=\"6132,6133,6134,6135,6136,6137,6138,6139,6140,6141,6142,6143,6144,6145,6146,6147,6148,6149,6150,6151,6152,6153,6154,6155,6156,6157,6158\" style=\"none\" type=\"slider\" columns=\"1\" image_width=\"63\" image_size=\"thumbnail\" text_align=\"center\" srcset=\"https:\/\/www.montanheiros.com\/wp-content\/uploads\/2019\/05\/big7_1473153329-280x280.jpg 280w, https:\/\/www.montanheiros.com\/wp-content\/uploads\/2019\/05\/big7_1473153329-300x300.jpg 300w, https:\/\/www.montanheiros.com\/wp-content\/uploads\/2019\/05\/big7_1473153329-100x100.jpg 100w\" sizes=\"auto, (max-width: 280px) 100vw, 280px\" \/>                                                              <\/div>\n              <div class=\"box-text text-center\" >\n                 <p>Passeio cultural \u00e0s Vinhas dos Biscoitos, 04set16 - ilha Terceira<\/p>\n              <\/div>\n            <\/div>\n            <\/a>          <\/div>\n         <\/div><div class=\"gallery-col col\" >\n          <div class=\"col-inner\">\n            <a class=\"image-lightbox lightbox-gallery\" href=\"https:\/\/www.montanheiros.com\/wp-content\/uploads\/2019\/05\/big8_1473153331.jpg\" title=\"Passeio cultural \u00e0s Vinhas dos Biscoitos, 04set16 - ilha Terceira\">            <div class=\"box has-hover gallery-box box-none\">\n              <div class=\"box-image\" style=\"width:63%;\">\n                <img loading=\"lazy\" decoding=\"async\" width=\"280\" height=\"280\" src=\"https:\/\/www.montanheiros.com\/wp-content\/uploads\/2019\/05\/big8_1473153331-280x280.jpg\" class=\"attachment-thumbnail size-thumbnail\" alt=\"\" ids=\"6132,6133,6134,6135,6136,6137,6138,6139,6140,6141,6142,6143,6144,6145,6146,6147,6148,6149,6150,6151,6152,6153,6154,6155,6156,6157,6158\" style=\"none\" type=\"slider\" columns=\"1\" image_width=\"63\" image_size=\"thumbnail\" text_align=\"center\" srcset=\"https:\/\/www.montanheiros.com\/wp-content\/uploads\/2019\/05\/big8_1473153331-280x280.jpg 280w, https:\/\/www.montanheiros.com\/wp-content\/uploads\/2019\/05\/big8_1473153331-300x300.jpg 300w, https:\/\/www.montanheiros.com\/wp-content\/uploads\/2019\/05\/big8_1473153331-100x100.jpg 100w\" sizes=\"auto, (max-width: 280px) 100vw, 280px\" \/>                                                              <\/div>\n              <div class=\"box-text text-center\" >\n                 <p>Passeio cultural \u00e0s Vinhas dos Biscoitos, 04set16 - ilha Terceira<\/p>\n              <\/div>\n            <\/div>\n            <\/a>          <\/div>\n         <\/div><div class=\"gallery-col col\" >\n          <div class=\"col-inner\">\n            <a class=\"image-lightbox lightbox-gallery\" href=\"https:\/\/www.montanheiros.com\/wp-content\/uploads\/2019\/05\/big9_1473153460.jpg\" title=\"Passeio cultural \u00e0s Vinhas dos Biscoitos, 04set16 - ilha Terceira\">            <div class=\"box has-hover gallery-box box-none\">\n              <div class=\"box-image\" style=\"width:63%;\">\n                <img loading=\"lazy\" decoding=\"async\" width=\"280\" height=\"280\" src=\"https:\/\/www.montanheiros.com\/wp-content\/uploads\/2019\/05\/big9_1473153460-280x280.jpg\" class=\"attachment-thumbnail size-thumbnail\" alt=\"\" ids=\"6132,6133,6134,6135,6136,6137,6138,6139,6140,6141,6142,6143,6144,6145,6146,6147,6148,6149,6150,6151,6152,6153,6154,6155,6156,6157,6158\" style=\"none\" type=\"slider\" columns=\"1\" image_width=\"63\" image_size=\"thumbnail\" text_align=\"center\" srcset=\"https:\/\/www.montanheiros.com\/wp-content\/uploads\/2019\/05\/big9_1473153460-280x280.jpg 280w, https:\/\/www.montanheiros.com\/wp-content\/uploads\/2019\/05\/big9_1473153460-300x300.jpg 300w, https:\/\/www.montanheiros.com\/wp-content\/uploads\/2019\/05\/big9_1473153460-100x100.jpg 100w\" sizes=\"auto, (max-width: 280px) 100vw, 280px\" \/>                                                              <\/div>\n              <div class=\"box-text text-center\" >\n                 <p>Passeio cultural \u00e0s Vinhas dos Biscoitos, 04set16 - ilha Terceira<\/p>\n              <\/div>\n            <\/div>\n            <\/a>          <\/div>\n         <\/div><div class=\"gallery-col col\" >\n          <div class=\"col-inner\">\n            <a class=\"image-lightbox lightbox-gallery\" href=\"https:\/\/www.montanheiros.com\/wp-content\/uploads\/2019\/05\/big10_1473153461-600x800.jpg\" title=\"Passeio cultural \u00e0s Vinhas dos Biscoitos, 04set16 - ilha Terceira\">            <div class=\"box has-hover gallery-box box-none\">\n              <div class=\"box-image\" style=\"width:63%;\">\n                <img loading=\"lazy\" decoding=\"async\" width=\"280\" height=\"280\" src=\"https:\/\/www.montanheiros.com\/wp-content\/uploads\/2019\/05\/big10_1473153461-280x280.jpg\" class=\"attachment-thumbnail size-thumbnail\" alt=\"\" ids=\"6132,6133,6134,6135,6136,6137,6138,6139,6140,6141,6142,6143,6144,6145,6146,6147,6148,6149,6150,6151,6152,6153,6154,6155,6156,6157,6158\" style=\"none\" type=\"slider\" columns=\"1\" image_width=\"63\" image_size=\"thumbnail\" text_align=\"center\" srcset=\"https:\/\/www.montanheiros.com\/wp-content\/uploads\/2019\/05\/big10_1473153461-280x280.jpg 280w, https:\/\/www.montanheiros.com\/wp-content\/uploads\/2019\/05\/big10_1473153461-300x300.jpg 300w, https:\/\/www.montanheiros.com\/wp-content\/uploads\/2019\/05\/big10_1473153461-100x100.jpg 100w\" sizes=\"auto, (max-width: 280px) 100vw, 280px\" \/>                                                              <\/div>\n              <div class=\"box-text text-center\" >\n                 <p>Passeio cultural \u00e0s Vinhas dos Biscoitos, 04set16 - ilha Terceira<\/p>\n              <\/div>\n            <\/div>\n            <\/a>          <\/div>\n         <\/div><div class=\"gallery-col col\" >\n          <div class=\"col-inner\">\n            <a class=\"image-lightbox lightbox-gallery\" href=\"https:\/\/www.montanheiros.com\/wp-content\/uploads\/2019\/05\/big11_1473153464.jpg\" title=\"Passeio cultural \u00e0s Vinhas dos Biscoitos, 04set16 - ilha Terceira\">            <div class=\"box has-hover gallery-box box-none\">\n              <div class=\"box-image\" style=\"width:63%;\">\n                <img loading=\"lazy\" decoding=\"async\" width=\"280\" height=\"280\" src=\"https:\/\/www.montanheiros.com\/wp-content\/uploads\/2019\/05\/big11_1473153464-280x280.jpg\" class=\"attachment-thumbnail size-thumbnail\" alt=\"\" ids=\"6132,6133,6134,6135,6136,6137,6138,6139,6140,6141,6142,6143,6144,6145,6146,6147,6148,6149,6150,6151,6152,6153,6154,6155,6156,6157,6158\" style=\"none\" type=\"slider\" columns=\"1\" image_width=\"63\" image_size=\"thumbnail\" text_align=\"center\" srcset=\"https:\/\/www.montanheiros.com\/wp-content\/uploads\/2019\/05\/big11_1473153464-280x280.jpg 280w, https:\/\/www.montanheiros.com\/wp-content\/uploads\/2019\/05\/big11_1473153464-300x300.jpg 300w, https:\/\/www.montanheiros.com\/wp-content\/uploads\/2019\/05\/big11_1473153464-100x100.jpg 100w\" sizes=\"auto, (max-width: 280px) 100vw, 280px\" \/>                                                              <\/div>\n              <div class=\"box-text text-center\" >\n                 <p>Passeio cultural \u00e0s Vinhas dos Biscoitos, 04set16 - ilha Terceira<\/p>\n              <\/div>\n            <\/div>\n            <\/a>          <\/div>\n         <\/div><div class=\"gallery-col col\" >\n          <div class=\"col-inner\">\n            <a class=\"image-lightbox lightbox-gallery\" href=\"https:\/\/www.montanheiros.com\/wp-content\/uploads\/2019\/05\/big12_1473153468.jpg\" title=\"Passeio cultural \u00e0s Vinhas dos Biscoitos, 04set16 - ilha Terceira\">            <div class=\"box has-hover gallery-box box-none\">\n              <div class=\"box-image\" style=\"width:63%;\">\n                <img loading=\"lazy\" decoding=\"async\" width=\"280\" height=\"280\" src=\"https:\/\/www.montanheiros.com\/wp-content\/uploads\/2019\/05\/big12_1473153468-280x280.jpg\" class=\"attachment-thumbnail size-thumbnail\" alt=\"\" ids=\"6132,6133,6134,6135,6136,6137,6138,6139,6140,6141,6142,6143,6144,6145,6146,6147,6148,6149,6150,6151,6152,6153,6154,6155,6156,6157,6158\" style=\"none\" type=\"slider\" columns=\"1\" image_width=\"63\" image_size=\"thumbnail\" text_align=\"center\" srcset=\"https:\/\/www.montanheiros.com\/wp-content\/uploads\/2019\/05\/big12_1473153468-280x280.jpg 280w, https:\/\/www.montanheiros.com\/wp-content\/uploads\/2019\/05\/big12_1473153468-300x300.jpg 300w, https:\/\/www.montanheiros.com\/wp-content\/uploads\/2019\/05\/big12_1473153468-100x100.jpg 100w\" sizes=\"auto, (max-width: 280px) 100vw, 280px\" \/>                                                              <\/div>\n              <div class=\"box-text text-center\" >\n                 <p>Passeio cultural \u00e0s Vinhas dos Biscoitos, 04set16 - ilha Terceira<\/p>\n              <\/div>\n            <\/div>\n            <\/a>          <\/div>\n         <\/div><div class=\"gallery-col col\" >\n          <div class=\"col-inner\">\n            <a class=\"image-lightbox lightbox-gallery\" href=\"https:\/\/www.montanheiros.com\/wp-content\/uploads\/2019\/05\/big13_1473153493.jpg\" title=\"Passeio cultural \u00e0s Vinhas dos Biscoitos, 04set16 - ilha Terceira\">            <div class=\"box has-hover gallery-box box-none\">\n              <div class=\"box-image\" style=\"width:63%;\">\n                <img loading=\"lazy\" decoding=\"async\" width=\"280\" height=\"280\" src=\"https:\/\/www.montanheiros.com\/wp-content\/uploads\/2019\/05\/big13_1473153493-280x280.jpg\" class=\"attachment-thumbnail size-thumbnail\" alt=\"\" ids=\"6132,6133,6134,6135,6136,6137,6138,6139,6140,6141,6142,6143,6144,6145,6146,6147,6148,6149,6150,6151,6152,6153,6154,6155,6156,6157,6158\" style=\"none\" type=\"slider\" columns=\"1\" image_width=\"63\" image_size=\"thumbnail\" text_align=\"center\" srcset=\"https:\/\/www.montanheiros.com\/wp-content\/uploads\/2019\/05\/big13_1473153493-280x280.jpg 280w, https:\/\/www.montanheiros.com\/wp-content\/uploads\/2019\/05\/big13_1473153493-300x300.jpg 300w, https:\/\/www.montanheiros.com\/wp-content\/uploads\/2019\/05\/big13_1473153493-100x100.jpg 100w\" sizes=\"auto, (max-width: 280px) 100vw, 280px\" \/>                                                              <\/div>\n              <div class=\"box-text text-center\" >\n                 <p>Passeio cultural \u00e0s Vinhas dos Biscoitos, 04set16 - ilha Terceira<\/p>\n              <\/div>\n            <\/div>\n            <\/a>          <\/div>\n         <\/div><div class=\"gallery-col col\" >\n          <div class=\"col-inner\">\n            <a class=\"image-lightbox lightbox-gallery\" href=\"https:\/\/www.montanheiros.com\/wp-content\/uploads\/2019\/05\/big14_1473153494.jpg\" title=\"Passeio cultural \u00e0s Vinhas dos Biscoitos, 04set16 - ilha Terceira\">            <div class=\"box has-hover gallery-box box-none\">\n              <div class=\"box-image\" style=\"width:63%;\">\n                <img loading=\"lazy\" decoding=\"async\" width=\"280\" height=\"280\" src=\"https:\/\/www.montanheiros.com\/wp-content\/uploads\/2019\/05\/big14_1473153494-280x280.jpg\" class=\"attachment-thumbnail size-thumbnail\" alt=\"\" ids=\"6132,6133,6134,6135,6136,6137,6138,6139,6140,6141,6142,6143,6144,6145,6146,6147,6148,6149,6150,6151,6152,6153,6154,6155,6156,6157,6158\" style=\"none\" type=\"slider\" columns=\"1\" image_width=\"63\" image_size=\"thumbnail\" text_align=\"center\" srcset=\"https:\/\/www.montanheiros.com\/wp-content\/uploads\/2019\/05\/big14_1473153494-280x280.jpg 280w, https:\/\/www.montanheiros.com\/wp-content\/uploads\/2019\/05\/big14_1473153494-300x300.jpg 300w, https:\/\/www.montanheiros.com\/wp-content\/uploads\/2019\/05\/big14_1473153494-100x100.jpg 100w\" sizes=\"auto, (max-width: 280px) 100vw, 280px\" \/>                                                              <\/div>\n              <div class=\"box-text text-center\" >\n                 <p>Passeio cultural \u00e0s Vinhas dos Biscoitos, 04set16 - ilha Terceira<\/p>\n              <\/div>\n            <\/div>\n            <\/a>          <\/div>\n         <\/div><div class=\"gallery-col col\" >\n          <div class=\"col-inner\">\n            <a class=\"image-lightbox lightbox-gallery\" href=\"https:\/\/www.montanheiros.com\/wp-content\/uploads\/2019\/05\/big15_1473153498.jpg\" title=\"Passeio cultural \u00e0s Vinhas dos Biscoitos, 04set16 - ilha Terceira\">            <div class=\"box has-hover gallery-box box-none\">\n              <div class=\"box-image\" style=\"width:63%;\">\n                <img loading=\"lazy\" decoding=\"async\" width=\"280\" height=\"280\" src=\"https:\/\/www.montanheiros.com\/wp-content\/uploads\/2019\/05\/big15_1473153498-280x280.jpg\" class=\"attachment-thumbnail size-thumbnail\" alt=\"\" ids=\"6132,6133,6134,6135,6136,6137,6138,6139,6140,6141,6142,6143,6144,6145,6146,6147,6148,6149,6150,6151,6152,6153,6154,6155,6156,6157,6158\" style=\"none\" type=\"slider\" columns=\"1\" image_width=\"63\" image_size=\"thumbnail\" text_align=\"center\" srcset=\"https:\/\/www.montanheiros.com\/wp-content\/uploads\/2019\/05\/big15_1473153498-280x280.jpg 280w, https:\/\/www.montanheiros.com\/wp-content\/uploads\/2019\/05\/big15_1473153498-300x300.jpg 300w, https:\/\/www.montanheiros.com\/wp-content\/uploads\/2019\/05\/big15_1473153498-100x100.jpg 100w\" sizes=\"auto, (max-width: 280px) 100vw, 280px\" \/>                                                              <\/div>\n              <div class=\"box-text text-center\" >\n                 <p>Passeio cultural \u00e0s Vinhas dos Biscoitos, 04set16 - ilha Terceira<\/p>\n              <\/div>\n            <\/div>\n            <\/a>          <\/div>\n         <\/div><div class=\"gallery-col col\" >\n          <div class=\"col-inner\">\n            <a class=\"image-lightbox lightbox-gallery\" href=\"https:\/\/www.montanheiros.com\/wp-content\/uploads\/2019\/05\/big16_1473153498.jpg\" title=\"Passeio cultural \u00e0s Vinhas dos Biscoitos, 04set16 - ilha Terceira\">            <div class=\"box has-hover gallery-box box-none\">\n              <div class=\"box-image\" style=\"width:63%;\">\n                <img loading=\"lazy\" decoding=\"async\" width=\"280\" height=\"280\" src=\"https:\/\/www.montanheiros.com\/wp-content\/uploads\/2019\/05\/big16_1473153498-280x280.jpg\" class=\"attachment-thumbnail size-thumbnail\" alt=\"\" ids=\"6132,6133,6134,6135,6136,6137,6138,6139,6140,6141,6142,6143,6144,6145,6146,6147,6148,6149,6150,6151,6152,6153,6154,6155,6156,6157,6158\" style=\"none\" type=\"slider\" columns=\"1\" image_width=\"63\" image_size=\"thumbnail\" text_align=\"center\" srcset=\"https:\/\/www.montanheiros.com\/wp-content\/uploads\/2019\/05\/big16_1473153498-280x280.jpg 280w, https:\/\/www.montanheiros.com\/wp-content\/uploads\/2019\/05\/big16_1473153498-300x300.jpg 300w, https:\/\/www.montanheiros.com\/wp-content\/uploads\/2019\/05\/big16_1473153498-100x100.jpg 100w\" sizes=\"auto, (max-width: 280px) 100vw, 280px\" \/>                                                              <\/div>\n              <div class=\"box-text text-center\" >\n                 <p>Passeio cultural \u00e0s Vinhas dos Biscoitos, 04set16 - ilha Terceira<\/p>\n              <\/div>\n            <\/div>\n            <\/a>          <\/div>\n         <\/div><div class=\"gallery-col col\" >\n          <div class=\"col-inner\">\n            <a class=\"image-lightbox lightbox-gallery\" href=\"https:\/\/www.montanheiros.com\/wp-content\/uploads\/2019\/05\/big17_1473153503.jpg\" title=\"Passeio cultural \u00e0s Vinhas dos Biscoitos, 04set16 - ilha Terceira\">            <div class=\"box has-hover gallery-box box-none\">\n              <div class=\"box-image\" style=\"width:63%;\">\n                <img loading=\"lazy\" decoding=\"async\" width=\"280\" height=\"280\" src=\"https:\/\/www.montanheiros.com\/wp-content\/uploads\/2019\/05\/big17_1473153503-280x280.jpg\" class=\"attachment-thumbnail size-thumbnail\" alt=\"\" ids=\"6132,6133,6134,6135,6136,6137,6138,6139,6140,6141,6142,6143,6144,6145,6146,6147,6148,6149,6150,6151,6152,6153,6154,6155,6156,6157,6158\" style=\"none\" type=\"slider\" columns=\"1\" image_width=\"63\" image_size=\"thumbnail\" text_align=\"center\" srcset=\"https:\/\/www.montanheiros.com\/wp-content\/uploads\/2019\/05\/big17_1473153503-280x280.jpg 280w, https:\/\/www.montanheiros.com\/wp-content\/uploads\/2019\/05\/big17_1473153503-300x300.jpg 300w, https:\/\/www.montanheiros.com\/wp-content\/uploads\/2019\/05\/big17_1473153503-100x100.jpg 100w\" sizes=\"auto, (max-width: 280px) 100vw, 280px\" \/>                                                              <\/div>\n              <div class=\"box-text text-center\" >\n                 <p>Passeio cultural \u00e0s Vinhas dos Biscoitos, 04set16 - ilha Terceira<\/p>\n              <\/div>\n            <\/div>\n            <\/a>          <\/div>\n         <\/div><div class=\"gallery-col col\" >\n          <div class=\"col-inner\">\n            <a class=\"image-lightbox lightbox-gallery\" href=\"https:\/\/www.montanheiros.com\/wp-content\/uploads\/2019\/05\/big18_1473153527.jpg\" title=\"Passeio cultural \u00e0s Vinhas dos Biscoitos, 04set16 - ilha Terceira\">            <div class=\"box has-hover gallery-box box-none\">\n              <div class=\"box-image\" style=\"width:63%;\">\n                <img loading=\"lazy\" decoding=\"async\" width=\"280\" height=\"280\" src=\"https:\/\/www.montanheiros.com\/wp-content\/uploads\/2019\/05\/big18_1473153527-280x280.jpg\" class=\"attachment-thumbnail size-thumbnail\" alt=\"\" ids=\"6132,6133,6134,6135,6136,6137,6138,6139,6140,6141,6142,6143,6144,6145,6146,6147,6148,6149,6150,6151,6152,6153,6154,6155,6156,6157,6158\" style=\"none\" type=\"slider\" columns=\"1\" image_width=\"63\" image_size=\"thumbnail\" text_align=\"center\" srcset=\"https:\/\/www.montanheiros.com\/wp-content\/uploads\/2019\/05\/big18_1473153527-280x280.jpg 280w, https:\/\/www.montanheiros.com\/wp-content\/uploads\/2019\/05\/big18_1473153527-300x300.jpg 300w, https:\/\/www.montanheiros.com\/wp-content\/uploads\/2019\/05\/big18_1473153527-100x100.jpg 100w\" sizes=\"auto, (max-width: 280px) 100vw, 280px\" \/>                                                              <\/div>\n              <div class=\"box-text text-center\" >\n                 <p>Passeio cultural \u00e0s Vinhas dos Biscoitos, 04set16 - ilha Terceira<\/p>\n              <\/div>\n            <\/div>\n            <\/a>          <\/div>\n         <\/div><div class=\"gallery-col col\" >\n          <div class=\"col-inner\">\n            <a class=\"image-lightbox lightbox-gallery\" href=\"https:\/\/www.montanheiros.com\/wp-content\/uploads\/2019\/05\/big19_1473153532.jpg\" title=\"\">            <div class=\"box has-hover gallery-box box-none\">\n              <div class=\"box-image\" style=\"width:63%;\">\n                <img loading=\"lazy\" decoding=\"async\" width=\"280\" height=\"280\" src=\"https:\/\/www.montanheiros.com\/wp-content\/uploads\/2019\/05\/big19_1473153532-280x280.jpg\" class=\"attachment-thumbnail size-thumbnail\" alt=\"\" ids=\"6132,6133,6134,6135,6136,6137,6138,6139,6140,6141,6142,6143,6144,6145,6146,6147,6148,6149,6150,6151,6152,6153,6154,6155,6156,6157,6158\" style=\"none\" type=\"slider\" columns=\"1\" image_width=\"63\" image_size=\"thumbnail\" text_align=\"center\" srcset=\"https:\/\/www.montanheiros.com\/wp-content\/uploads\/2019\/05\/big19_1473153532-280x280.jpg 280w, https:\/\/www.montanheiros.com\/wp-content\/uploads\/2019\/05\/big19_1473153532-300x300.jpg 300w, https:\/\/www.montanheiros.com\/wp-content\/uploads\/2019\/05\/big19_1473153532-100x100.jpg 100w\" sizes=\"auto, (max-width: 280px) 100vw, 280px\" \/>                                                              <\/div>\n              <div class=\"box-text text-center\" >\n                 <p><\/p>\n              <\/div>\n            <\/div>\n            <\/a>          <\/div>\n         <\/div><div class=\"gallery-col col\" >\n          <div class=\"col-inner\">\n            <a class=\"image-lightbox lightbox-gallery\" href=\"https:\/\/www.montanheiros.com\/wp-content\/uploads\/2019\/05\/big20_1473153534.jpg\" title=\"Passeio cultural \u00e0s Vinhas dos Biscoitos, 04set16 - ilha Terceira\">            <div class=\"box has-hover gallery-box box-none\">\n              <div class=\"box-image\" style=\"width:63%;\">\n                <img loading=\"lazy\" decoding=\"async\" width=\"280\" height=\"280\" src=\"https:\/\/www.montanheiros.com\/wp-content\/uploads\/2019\/05\/big20_1473153534-280x280.jpg\" class=\"attachment-thumbnail size-thumbnail\" alt=\"\" ids=\"6132,6133,6134,6135,6136,6137,6138,6139,6140,6141,6142,6143,6144,6145,6146,6147,6148,6149,6150,6151,6152,6153,6154,6155,6156,6157,6158\" style=\"none\" type=\"slider\" columns=\"1\" image_width=\"63\" image_size=\"thumbnail\" text_align=\"center\" srcset=\"https:\/\/www.montanheiros.com\/wp-content\/uploads\/2019\/05\/big20_1473153534-280x280.jpg 280w, https:\/\/www.montanheiros.com\/wp-content\/uploads\/2019\/05\/big20_1473153534-300x300.jpg 300w, https:\/\/www.montanheiros.com\/wp-content\/uploads\/2019\/05\/big20_1473153534-100x100.jpg 100w\" sizes=\"auto, (max-width: 280px) 100vw, 280px\" \/>                                                              <\/div>\n              <div class=\"box-text text-center\" >\n                 <p>Passeio cultural \u00e0s Vinhas dos Biscoitos, 04set16 - ilha Terceira<\/p>\n              <\/div>\n            <\/div>\n            <\/a>          <\/div>\n         <\/div><div class=\"gallery-col col\" >\n          <div class=\"col-inner\">\n            <a class=\"image-lightbox lightbox-gallery\" href=\"https:\/\/www.montanheiros.com\/wp-content\/uploads\/2019\/05\/big21_1473153534.jpg\" title=\"Passeio cultural \u00e0s Vinhas dos Biscoitos, 04set16 - ilha Terceira\">            <div class=\"box has-hover gallery-box box-none\">\n              <div class=\"box-image\" style=\"width:63%;\">\n                <img loading=\"lazy\" decoding=\"async\" width=\"280\" height=\"280\" src=\"https:\/\/www.montanheiros.com\/wp-content\/uploads\/2019\/05\/big21_1473153534-280x280.jpg\" class=\"attachment-thumbnail size-thumbnail\" alt=\"\" ids=\"6132,6133,6134,6135,6136,6137,6138,6139,6140,6141,6142,6143,6144,6145,6146,6147,6148,6149,6150,6151,6152,6153,6154,6155,6156,6157,6158\" style=\"none\" type=\"slider\" columns=\"1\" image_width=\"63\" image_size=\"thumbnail\" text_align=\"center\" srcset=\"https:\/\/www.montanheiros.com\/wp-content\/uploads\/2019\/05\/big21_1473153534-280x280.jpg 280w, https:\/\/www.montanheiros.com\/wp-content\/uploads\/2019\/05\/big21_1473153534-300x300.jpg 300w, https:\/\/www.montanheiros.com\/wp-content\/uploads\/2019\/05\/big21_1473153534-100x100.jpg 100w\" sizes=\"auto, (max-width: 280px) 100vw, 280px\" \/>                                                              <\/div>\n              <div class=\"box-text text-center\" >\n                 <p>Passeio cultural \u00e0s Vinhas dos Biscoitos, 04set16 - ilha Terceira<\/p>\n              <\/div>\n            <\/div>\n            <\/a>          <\/div>\n         <\/div><div class=\"gallery-col col\" >\n          <div class=\"col-inner\">\n            <a class=\"image-lightbox lightbox-gallery\" href=\"https:\/\/www.montanheiros.com\/wp-content\/uploads\/2019\/05\/big22_1473153534.jpg\" title=\"Passeio cultural \u00e0s Vinhas dos Biscoitos, 04set16 - ilha Terceira\">            <div class=\"box has-hover gallery-box box-none\">\n              <div class=\"box-image\" style=\"width:63%;\">\n                <img loading=\"lazy\" decoding=\"async\" width=\"280\" height=\"280\" src=\"https:\/\/www.montanheiros.com\/wp-content\/uploads\/2019\/05\/big22_1473153534-280x280.jpg\" class=\"attachment-thumbnail size-thumbnail\" alt=\"\" ids=\"6132,6133,6134,6135,6136,6137,6138,6139,6140,6141,6142,6143,6144,6145,6146,6147,6148,6149,6150,6151,6152,6153,6154,6155,6156,6157,6158\" style=\"none\" type=\"slider\" columns=\"1\" image_width=\"63\" image_size=\"thumbnail\" text_align=\"center\" srcset=\"https:\/\/www.montanheiros.com\/wp-content\/uploads\/2019\/05\/big22_1473153534-280x280.jpg 280w, https:\/\/www.montanheiros.com\/wp-content\/uploads\/2019\/05\/big22_1473153534-300x300.jpg 300w, https:\/\/www.montanheiros.com\/wp-content\/uploads\/2019\/05\/big22_1473153534-100x100.jpg 100w\" sizes=\"auto, (max-width: 280px) 100vw, 280px\" \/>                                                              <\/div>\n              <div class=\"box-text text-center\" >\n                 <p>Passeio cultural \u00e0s Vinhas dos Biscoitos, 04set16 - ilha Terceira<\/p>\n              <\/div>\n            <\/div>\n            <\/a>          <\/div>\n         <\/div><div class=\"gallery-col col\" >\n          <div class=\"col-inner\">\n            <a class=\"image-lightbox lightbox-gallery\" href=\"https:\/\/www.montanheiros.com\/wp-content\/uploads\/2019\/05\/big23_1473153566.jpg\" title=\"Passeio cultural \u00e0s Vinhas dos Biscoitos, 04set16 - ilha Terceira\">            <div class=\"box has-hover gallery-box box-none\">\n              <div class=\"box-image\" style=\"width:63%;\">\n                <img loading=\"lazy\" decoding=\"async\" width=\"280\" height=\"280\" src=\"https:\/\/www.montanheiros.com\/wp-content\/uploads\/2019\/05\/big23_1473153566-280x280.jpg\" class=\"attachment-thumbnail size-thumbnail\" alt=\"\" ids=\"6132,6133,6134,6135,6136,6137,6138,6139,6140,6141,6142,6143,6144,6145,6146,6147,6148,6149,6150,6151,6152,6153,6154,6155,6156,6157,6158\" style=\"none\" type=\"slider\" columns=\"1\" image_width=\"63\" image_size=\"thumbnail\" text_align=\"center\" srcset=\"https:\/\/www.montanheiros.com\/wp-content\/uploads\/2019\/05\/big23_1473153566-280x280.jpg 280w, https:\/\/www.montanheiros.com\/wp-content\/uploads\/2019\/05\/big23_1473153566-300x300.jpg 300w, https:\/\/www.montanheiros.com\/wp-content\/uploads\/2019\/05\/big23_1473153566-100x100.jpg 100w\" sizes=\"auto, (max-width: 280px) 100vw, 280px\" \/>                                                              <\/div>\n              <div class=\"box-text text-center\" >\n                 <p>Passeio cultural \u00e0s Vinhas dos Biscoitos, 04set16 - ilha Terceira<\/p>\n              <\/div>\n            <\/div>\n            <\/a>          <\/div>\n         <\/div><div class=\"gallery-col col\" >\n          <div class=\"col-inner\">\n            <a class=\"image-lightbox lightbox-gallery\" href=\"https:\/\/www.montanheiros.com\/wp-content\/uploads\/2019\/05\/big24_1473153567.jpg\" title=\"Passeio cultural \u00e0s Vinhas dos Biscoitos, 04set16 - ilha Terceira\">            <div class=\"box has-hover gallery-box box-none\">\n              <div class=\"box-image\" style=\"width:63%;\">\n                <img loading=\"lazy\" decoding=\"async\" width=\"280\" height=\"280\" src=\"https:\/\/www.montanheiros.com\/wp-content\/uploads\/2019\/05\/big24_1473153567-280x280.jpg\" class=\"attachment-thumbnail size-thumbnail\" alt=\"\" ids=\"6132,6133,6134,6135,6136,6137,6138,6139,6140,6141,6142,6143,6144,6145,6146,6147,6148,6149,6150,6151,6152,6153,6154,6155,6156,6157,6158\" style=\"none\" type=\"slider\" columns=\"1\" image_width=\"63\" image_size=\"thumbnail\" text_align=\"center\" srcset=\"https:\/\/www.montanheiros.com\/wp-content\/uploads\/2019\/05\/big24_1473153567-280x280.jpg 280w, https:\/\/www.montanheiros.com\/wp-content\/uploads\/2019\/05\/big24_1473153567-300x300.jpg 300w, https:\/\/www.montanheiros.com\/wp-content\/uploads\/2019\/05\/big24_1473153567-100x100.jpg 100w\" sizes=\"auto, (max-width: 280px) 100vw, 280px\" \/>                                                              <\/div>\n              <div class=\"box-text text-center\" >\n                 <p>Passeio cultural \u00e0s Vinhas dos Biscoitos, 04set16 - ilha Terceira<\/p>\n              <\/div>\n            <\/div>\n            <\/a>          <\/div>\n         <\/div><div class=\"gallery-col col\" >\n          <div class=\"col-inner\">\n            <a class=\"image-lightbox lightbox-gallery\" href=\"https:\/\/www.montanheiros.com\/wp-content\/uploads\/2019\/05\/big25_1473153572.jpg\" title=\"Passeio cultural \u00e0s Vinhas dos Biscoitos, 04set16 - ilha Terceira\">            <div class=\"box has-hover gallery-box box-none\">\n              <div class=\"box-image\" style=\"width:63%;\">\n                <img loading=\"lazy\" decoding=\"async\" width=\"280\" height=\"280\" src=\"https:\/\/www.montanheiros.com\/wp-content\/uploads\/2019\/05\/big25_1473153572-280x280.jpg\" class=\"attachment-thumbnail size-thumbnail\" alt=\"\" ids=\"6132,6133,6134,6135,6136,6137,6138,6139,6140,6141,6142,6143,6144,6145,6146,6147,6148,6149,6150,6151,6152,6153,6154,6155,6156,6157,6158\" style=\"none\" type=\"slider\" columns=\"1\" image_width=\"63\" image_size=\"thumbnail\" text_align=\"center\" srcset=\"https:\/\/www.montanheiros.com\/wp-content\/uploads\/2019\/05\/big25_1473153572-280x280.jpg 280w, https:\/\/www.montanheiros.com\/wp-content\/uploads\/2019\/05\/big25_1473153572-300x300.jpg 300w, https:\/\/www.montanheiros.com\/wp-content\/uploads\/2019\/05\/big25_1473153572-100x100.jpg 100w\" sizes=\"auto, (max-width: 280px) 100vw, 280px\" \/>                                                              <\/div>\n              <div class=\"box-text text-center\" >\n                 <p>Passeio cultural \u00e0s Vinhas dos Biscoitos, 04set16 - ilha Terceira<\/p>\n              <\/div>\n            <\/div>\n            <\/a>          <\/div>\n         <\/div><div class=\"gallery-col col\" >\n          <div class=\"col-inner\">\n            <a class=\"image-lightbox lightbox-gallery\" href=\"https:\/\/www.montanheiros.com\/wp-content\/uploads\/2019\/05\/big26_1473153599.jpg\" title=\"Passeio cultural \u00e0s Vinhas dos Biscoitos, 04set16 - ilha Terceira\">            <div class=\"box has-hover gallery-box box-none\">\n              <div class=\"box-image\" style=\"width:63%;\">\n                <img loading=\"lazy\" decoding=\"async\" width=\"280\" height=\"280\" src=\"https:\/\/www.montanheiros.com\/wp-content\/uploads\/2019\/05\/big26_1473153599-280x280.jpg\" class=\"attachment-thumbnail size-thumbnail\" alt=\"\" ids=\"6132,6133,6134,6135,6136,6137,6138,6139,6140,6141,6142,6143,6144,6145,6146,6147,6148,6149,6150,6151,6152,6153,6154,6155,6156,6157,6158\" style=\"none\" type=\"slider\" columns=\"1\" image_width=\"63\" image_size=\"thumbnail\" text_align=\"center\" srcset=\"https:\/\/www.montanheiros.com\/wp-content\/uploads\/2019\/05\/big26_1473153599-280x280.jpg 280w, https:\/\/www.montanheiros.com\/wp-content\/uploads\/2019\/05\/big26_1473153599-300x300.jpg 300w, https:\/\/www.montanheiros.com\/wp-content\/uploads\/2019\/05\/big26_1473153599-100x100.jpg 100w\" sizes=\"auto, (max-width: 280px) 100vw, 280px\" \/>                                                              <\/div>\n              <div class=\"box-text text-center\" >\n                 <p>Passeio cultural \u00e0s Vinhas dos Biscoitos, 04set16 - ilha Terceira<\/p>\n              <\/div>\n            <\/div>\n            <\/a>          <\/div>\n         <\/div><div class=\"gallery-col col\" >\n          <div class=\"col-inner\">\n            <a class=\"image-lightbox lightbox-gallery\" href=\"https:\/\/www.montanheiros.com\/wp-content\/uploads\/2019\/05\/big27_1473153600.jpg\" title=\"Passeio cultural \u00e0s Vinhas dos Biscoitos, 04set16 - ilha Terceira\">            <div class=\"box has-hover gallery-box box-none\">\n              <div class=\"box-image\" style=\"width:63%;\">\n                <img loading=\"lazy\" decoding=\"async\" width=\"280\" height=\"280\" src=\"https:\/\/www.montanheiros.com\/wp-content\/uploads\/2019\/05\/big27_1473153600-280x280.jpg\" class=\"attachment-thumbnail size-thumbnail\" alt=\"\" ids=\"6132,6133,6134,6135,6136,6137,6138,6139,6140,6141,6142,6143,6144,6145,6146,6147,6148,6149,6150,6151,6152,6153,6154,6155,6156,6157,6158\" style=\"none\" type=\"slider\" columns=\"1\" image_width=\"63\" image_size=\"thumbnail\" text_align=\"center\" srcset=\"https:\/\/www.montanheiros.com\/wp-content\/uploads\/2019\/05\/big27_1473153600-280x280.jpg 280w, https:\/\/www.montanheiros.com\/wp-content\/uploads\/2019\/05\/big27_1473153600-300x300.jpg 300w, https:\/\/www.montanheiros.com\/wp-content\/uploads\/2019\/05\/big27_1473153600-100x100.jpg 100w\" sizes=\"auto, (max-width: 280px) 100vw, 280px\" \/>                                                              <\/div>\n              <div class=\"box-text text-center\" >\n                 <p>Passeio cultural \u00e0s Vinhas dos Biscoitos, 04set16 - ilha Terceira<\/p>\n              <\/div>\n            <\/div>\n            <\/a>          <\/div>\n         <\/div><div class=\"gallery-col col\" >\n          <div class=\"col-inner\">\n            <a class=\"image-lightbox lightbox-gallery\" href=\"https:\/\/www.montanheiros.com\/wp-content\/uploads\/2019\/05\/big28_1473153604.jpg\" title=\"Passeio cultural \u00e0s Vinhas dos Biscoitos, 04set16 - ilha Terceira\">            <div class=\"box has-hover gallery-box box-none\">\n              <div class=\"box-image\" style=\"width:63%;\">\n                <img loading=\"lazy\" decoding=\"async\" width=\"280\" height=\"280\" src=\"https:\/\/www.montanheiros.com\/wp-content\/uploads\/2019\/05\/big28_1473153604-280x280.jpg\" class=\"attachment-thumbnail size-thumbnail\" alt=\"\" ids=\"6132,6133,6134,6135,6136,6137,6138,6139,6140,6141,6142,6143,6144,6145,6146,6147,6148,6149,6150,6151,6152,6153,6154,6155,6156,6157,6158\" style=\"none\" type=\"slider\" columns=\"1\" image_width=\"63\" image_size=\"thumbnail\" text_align=\"center\" srcset=\"https:\/\/www.montanheiros.com\/wp-content\/uploads\/2019\/05\/big28_1473153604-280x280.jpg 280w, https:\/\/www.montanheiros.com\/wp-content\/uploads\/2019\/05\/big28_1473153604-300x300.jpg 300w, https:\/\/www.montanheiros.com\/wp-content\/uploads\/2019\/05\/big28_1473153604-100x100.jpg 100w\" sizes=\"auto, (max-width: 280px) 100vw, 280px\" \/>                                                              <\/div>\n              <div class=\"box-text text-center\" >\n                 <p>Passeio cultural \u00e0s Vinhas dos Biscoitos, 04set16 - ilha Terceira<\/p>\n              <\/div>\n            <\/div>\n            <\/a>          <\/div>\n         <\/div><\/div>\n\n\n\t\t<\/div>\n\t\t\t\t\t<\/div>\n\n\t\n\n\t<div id=\"col-744783535\" class=\"col medium-3 small-12 large-3\"  >\n\t\t\t\t<div class=\"col-inner\"  >\n\t\t\t\n\t\t\t\n\n<p>Abertura de trilho, Minas da Serra, 04jul2016 &#8211; ilha Terceira<\/p>\n\n  \n    <div class=\"row large-columns-1 medium-columns- small-columns- row-full-width slider row-slider slider-nav-reveal\"  data-flickity-options='{\"imagesLoaded\": true, \"groupCells\": \"100%\", \"dragThreshold\" : 5, \"cellAlign\": \"left\",\"wrapAround\": true,\"prevNextButtons\": true,\"percentPosition\": true,\"pageDots\": false, \"rightToLeft\": false, \"autoPlay\" : false}'>\n\n  <div class=\"gallery-col col\" >\n          <div class=\"col-inner\">\n            <a class=\"image-lightbox lightbox-gallery\" href=\"https:\/\/www.montanheiros.com\/wp-content\/uploads\/2019\/05\/big1_1467731442-600x800.jpg\" title=\"Abertura de trilho, Minas da Serra, 04jul2016 - ilha Terceira \">            <div class=\"box has-hover gallery-box box-none\">\n              <div class=\"box-image\" style=\"width:63%;\">\n                <img loading=\"lazy\" decoding=\"async\" width=\"280\" height=\"280\" src=\"https:\/\/www.montanheiros.com\/wp-content\/uploads\/2019\/05\/big1_1467731442-280x280.jpg\" class=\"attachment-thumbnail size-thumbnail\" alt=\"\" ids=\"6125,6126,6127,6128,6129,6130,6131\" style=\"none\" type=\"slider\" columns=\"1\" image_width=\"63\" image_size=\"thumbnail\" text_align=\"center\" srcset=\"https:\/\/www.montanheiros.com\/wp-content\/uploads\/2019\/05\/big1_1467731442-280x280.jpg 280w, https:\/\/www.montanheiros.com\/wp-content\/uploads\/2019\/05\/big1_1467731442-300x300.jpg 300w, https:\/\/www.montanheiros.com\/wp-content\/uploads\/2019\/05\/big1_1467731442-100x100.jpg 100w\" sizes=\"auto, (max-width: 280px) 100vw, 280px\" \/>                                                              <\/div>\n              <div class=\"box-text text-center\" >\n                 <p>Abertura de trilho, Minas da Serra, 04jul2016 - ilha Terceira <\/p>\n              <\/div>\n            <\/div>\n            <\/a>          <\/div>\n         <\/div><div class=\"gallery-col col\" >\n          <div class=\"col-inner\">\n            <a class=\"image-lightbox lightbox-gallery\" href=\"https:\/\/www.montanheiros.com\/wp-content\/uploads\/2019\/05\/big2_1467731445.jpg\" title=\"Abertura de trilho, Minas da Serra, 04jul2016 - ilha Terceira \">            <div class=\"box has-hover gallery-box box-none\">\n              <div class=\"box-image\" style=\"width:63%;\">\n                <img loading=\"lazy\" decoding=\"async\" width=\"280\" height=\"280\" src=\"https:\/\/www.montanheiros.com\/wp-content\/uploads\/2019\/05\/big2_1467731445-280x280.jpg\" class=\"attachment-thumbnail size-thumbnail\" alt=\"\" ids=\"6125,6126,6127,6128,6129,6130,6131\" style=\"none\" type=\"slider\" columns=\"1\" image_width=\"63\" image_size=\"thumbnail\" text_align=\"center\" srcset=\"https:\/\/www.montanheiros.com\/wp-content\/uploads\/2019\/05\/big2_1467731445-280x280.jpg 280w, https:\/\/www.montanheiros.com\/wp-content\/uploads\/2019\/05\/big2_1467731445-300x300.jpg 300w, https:\/\/www.montanheiros.com\/wp-content\/uploads\/2019\/05\/big2_1467731445-100x100.jpg 100w\" sizes=\"auto, (max-width: 280px) 100vw, 280px\" \/>                                                              <\/div>\n              <div class=\"box-text text-center\" >\n                 <p>Abertura de trilho, Minas da Serra, 04jul2016 - ilha Terceira <\/p>\n              <\/div>\n            <\/div>\n            <\/a>          <\/div>\n         <\/div><div class=\"gallery-col col\" >\n          <div class=\"col-inner\">\n            <a class=\"image-lightbox lightbox-gallery\" href=\"https:\/\/www.montanheiros.com\/wp-content\/uploads\/2019\/05\/big3_1467731447.jpg\" title=\"Abertura de trilho, Minas da Serra, 04jul2016 - ilha Terceira \">            <div class=\"box has-hover gallery-box box-none\">\n              <div class=\"box-image\" style=\"width:63%;\">\n                <img loading=\"lazy\" decoding=\"async\" width=\"280\" height=\"280\" src=\"https:\/\/www.montanheiros.com\/wp-content\/uploads\/2019\/05\/big3_1467731447-280x280.jpg\" class=\"attachment-thumbnail size-thumbnail\" alt=\"\" ids=\"6125,6126,6127,6128,6129,6130,6131\" style=\"none\" type=\"slider\" columns=\"1\" image_width=\"63\" image_size=\"thumbnail\" text_align=\"center\" srcset=\"https:\/\/www.montanheiros.com\/wp-content\/uploads\/2019\/05\/big3_1467731447-280x280.jpg 280w, https:\/\/www.montanheiros.com\/wp-content\/uploads\/2019\/05\/big3_1467731447-300x300.jpg 300w, https:\/\/www.montanheiros.com\/wp-content\/uploads\/2019\/05\/big3_1467731447-100x100.jpg 100w\" sizes=\"auto, (max-width: 280px) 100vw, 280px\" \/>                                                              <\/div>\n              <div class=\"box-text text-center\" >\n                 <p>Abertura de trilho, Minas da Serra, 04jul2016 - ilha Terceira <\/p>\n              <\/div>\n            <\/div>\n            <\/a>          <\/div>\n         <\/div><div class=\"gallery-col col\" >\n          <div class=\"col-inner\">\n            <a class=\"image-lightbox lightbox-gallery\" href=\"https:\/\/www.montanheiros.com\/wp-content\/uploads\/2019\/05\/big4_1467731450-531x800.jpg\" title=\"Abertura de trilho, Minas da Serra, 04jul2016 - ilha Terceira \">            <div class=\"box has-hover gallery-box box-none\">\n              <div class=\"box-image\" style=\"width:63%;\">\n                <img loading=\"lazy\" decoding=\"async\" width=\"280\" height=\"280\" src=\"https:\/\/www.montanheiros.com\/wp-content\/uploads\/2019\/05\/big4_1467731450-280x280.jpg\" class=\"attachment-thumbnail size-thumbnail\" alt=\"\" ids=\"6125,6126,6127,6128,6129,6130,6131\" style=\"none\" type=\"slider\" columns=\"1\" image_width=\"63\" image_size=\"thumbnail\" text_align=\"center\" srcset=\"https:\/\/www.montanheiros.com\/wp-content\/uploads\/2019\/05\/big4_1467731450-280x280.jpg 280w, https:\/\/www.montanheiros.com\/wp-content\/uploads\/2019\/05\/big4_1467731450-300x300.jpg 300w, https:\/\/www.montanheiros.com\/wp-content\/uploads\/2019\/05\/big4_1467731450-100x100.jpg 100w\" sizes=\"auto, (max-width: 280px) 100vw, 280px\" \/>                                                              <\/div>\n              <div class=\"box-text text-center\" >\n                 <p>Abertura de trilho, Minas da Serra, 04jul2016 - ilha Terceira <\/p>\n              <\/div>\n            <\/div>\n            <\/a>          <\/div>\n         <\/div><div class=\"gallery-col col\" >\n          <div class=\"col-inner\">\n            <a class=\"image-lightbox lightbox-gallery\" href=\"https:\/\/www.montanheiros.com\/wp-content\/uploads\/2019\/05\/big5_1467731452.jpg\" title=\"Abertura de trilho, Minas da Serra, 04jul2016 - ilha Terceira \">            <div class=\"box has-hover gallery-box box-none\">\n              <div class=\"box-image\" style=\"width:63%;\">\n                <img loading=\"lazy\" decoding=\"async\" width=\"280\" height=\"280\" src=\"https:\/\/www.montanheiros.com\/wp-content\/uploads\/2019\/05\/big5_1467731452-280x280.jpg\" class=\"attachment-thumbnail size-thumbnail\" alt=\"\" ids=\"6125,6126,6127,6128,6129,6130,6131\" style=\"none\" type=\"slider\" columns=\"1\" image_width=\"63\" image_size=\"thumbnail\" text_align=\"center\" srcset=\"https:\/\/www.montanheiros.com\/wp-content\/uploads\/2019\/05\/big5_1467731452-280x280.jpg 280w, https:\/\/www.montanheiros.com\/wp-content\/uploads\/2019\/05\/big5_1467731452-300x300.jpg 300w, https:\/\/www.montanheiros.com\/wp-content\/uploads\/2019\/05\/big5_1467731452-100x100.jpg 100w\" sizes=\"auto, (max-width: 280px) 100vw, 280px\" \/>                                                              <\/div>\n              <div class=\"box-text text-center\" >\n                 <p>Abertura de trilho, Minas da Serra, 04jul2016 - ilha Terceira <\/p>\n              <\/div>\n            <\/div>\n            <\/a>          <\/div>\n         <\/div><div class=\"gallery-col col\" >\n          <div class=\"col-inner\">\n            <a class=\"image-lightbox lightbox-gallery\" href=\"https:\/\/www.montanheiros.com\/wp-content\/uploads\/2019\/05\/big6_1467731452.jpg\" title=\"\">            <div class=\"box has-hover gallery-box box-none\">\n              <div class=\"box-image\" style=\"width:63%;\">\n                <img loading=\"lazy\" decoding=\"async\" width=\"280\" height=\"280\" src=\"https:\/\/www.montanheiros.com\/wp-content\/uploads\/2019\/05\/big6_1467731452-280x280.jpg\" class=\"attachment-thumbnail size-thumbnail\" alt=\"\" ids=\"6125,6126,6127,6128,6129,6130,6131\" style=\"none\" type=\"slider\" columns=\"1\" image_width=\"63\" image_size=\"thumbnail\" text_align=\"center\" srcset=\"https:\/\/www.montanheiros.com\/wp-content\/uploads\/2019\/05\/big6_1467731452-280x280.jpg 280w, https:\/\/www.montanheiros.com\/wp-content\/uploads\/2019\/05\/big6_1467731452-300x300.jpg 300w, https:\/\/www.montanheiros.com\/wp-content\/uploads\/2019\/05\/big6_1467731452-100x100.jpg 100w\" sizes=\"auto, (max-width: 280px) 100vw, 280px\" \/>                                                              <\/div>\n              <div class=\"box-text text-center\" >\n                 <p><\/p>\n              <\/div>\n            <\/div>\n            <\/a>          <\/div>\n         <\/div><div class=\"gallery-col col\" >\n          <div class=\"col-inner\">\n            <a class=\"image-lightbox lightbox-gallery\" href=\"https:\/\/www.montanheiros.com\/wp-content\/uploads\/2019\/05\/big7_1467731452.jpg\" title=\"Abertura de trilho, Minas da Serra, 04jul2016 - ilha Terceira \">            <div class=\"box has-hover gallery-box box-none\">\n              <div class=\"box-image\" style=\"width:63%;\">\n                <img loading=\"lazy\" decoding=\"async\" width=\"280\" height=\"280\" src=\"https:\/\/www.montanheiros.com\/wp-content\/uploads\/2019\/05\/big7_1467731452-280x280.jpg\" class=\"attachment-thumbnail size-thumbnail\" alt=\"\" ids=\"6125,6126,6127,6128,6129,6130,6131\" style=\"none\" type=\"slider\" columns=\"1\" image_width=\"63\" image_size=\"thumbnail\" text_align=\"center\" srcset=\"https:\/\/www.montanheiros.com\/wp-content\/uploads\/2019\/05\/big7_1467731452-280x280.jpg 280w, https:\/\/www.montanheiros.com\/wp-content\/uploads\/2019\/05\/big7_1467731452-300x300.jpg 300w, https:\/\/www.montanheiros.com\/wp-content\/uploads\/2019\/05\/big7_1467731452-100x100.jpg 100w\" sizes=\"auto, (max-width: 280px) 100vw, 280px\" \/>                                                              <\/div>\n              <div class=\"box-text text-center\" >\n                 <p>Abertura de trilho, Minas da Serra, 04jul2016 - ilha Terceira <\/p>\n              <\/div>\n            <\/div>\n            <\/a>          <\/div>\n         <\/div><\/div>\n\n\n\t\t<\/div>\n\t\t\t\t\t<\/div>\n\n\t\n\n\t<div id=\"col-1727652697\" class=\"col medium-3 small-12 large-3\"  >\n\t\t\t\t<div class=\"col-inner\"  >\n\t\t\t\n\t\t\t\n\n<p>Passeio \u00e0 Fortaleza de S. Jo\u00e3o Batista, 12jun2016 &#8211; ilha Terceira<\/p>\n\n  \n    <div class=\"row large-columns-1 medium-columns- small-columns- row-full-width slider row-slider slider-nav-reveal\"  data-flickity-options='{\"imagesLoaded\": true, \"groupCells\": \"100%\", \"dragThreshold\" : 5, \"cellAlign\": \"left\",\"wrapAround\": true,\"prevNextButtons\": true,\"percentPosition\": true,\"pageDots\": false, \"rightToLeft\": false, \"autoPlay\" : false}'>\n\n  <div class=\"gallery-col col\" >\n          <div class=\"col-inner\">\n            <a class=\"image-lightbox lightbox-gallery\" href=\"https:\/\/www.montanheiros.com\/wp-content\/uploads\/2019\/05\/big48_1465896739.jpg\" title=\"Passeio \u00e0 Fortaleza de S. Jo\u00e3o Batista, 12jun2016 - ilha Terceira\">            <div class=\"box has-hover gallery-box box-none\">\n              <div class=\"box-image\" style=\"width:63%;\">\n                <img loading=\"lazy\" decoding=\"async\" width=\"280\" height=\"280\" src=\"https:\/\/www.montanheiros.com\/wp-content\/uploads\/2019\/05\/big48_1465896739-280x280.jpg\" class=\"attachment-thumbnail size-thumbnail\" alt=\"\" ids=\"6093,6094,6095,6096,6097,6098,6100,6101,6102,6103,6104,6105,6106,6107,6108,6109,6110,6111,6112,6113,6114,6115,6116,6117,6118,6119,6120,6121,6122,6123\" style=\"none\" type=\"slider\" columns=\"1\" image_width=\"63\" image_size=\"thumbnail\" text_align=\"center\" srcset=\"https:\/\/www.montanheiros.com\/wp-content\/uploads\/2019\/05\/big48_1465896739-280x280.jpg 280w, https:\/\/www.montanheiros.com\/wp-content\/uploads\/2019\/05\/big48_1465896739-300x300.jpg 300w, https:\/\/www.montanheiros.com\/wp-content\/uploads\/2019\/05\/big48_1465896739-100x100.jpg 100w\" sizes=\"auto, (max-width: 280px) 100vw, 280px\" \/>                                                              <\/div>\n              <div class=\"box-text text-center\" >\n                 <p>Passeio \u00e0 Fortaleza de S. Jo\u00e3o Batista, 12jun2016 - ilha Terceira<\/p>\n              <\/div>\n            <\/div>\n            <\/a>          <\/div>\n         <\/div><div class=\"gallery-col col\" >\n          <div class=\"col-inner\">\n            <a class=\"image-lightbox lightbox-gallery\" href=\"https:\/\/www.montanheiros.com\/wp-content\/uploads\/2019\/05\/big43_1465896731.jpg\" title=\"Passeio \u00e0 Fortaleza de S. Jo\u00e3o Batista, 12jun2016 - ilha Terceira\">            <div class=\"box has-hover gallery-box box-none\">\n              <div class=\"box-image\" style=\"width:63%;\">\n                <img loading=\"lazy\" decoding=\"async\" width=\"280\" height=\"280\" src=\"https:\/\/www.montanheiros.com\/wp-content\/uploads\/2019\/05\/big43_1465896731-280x280.jpg\" class=\"attachment-thumbnail size-thumbnail\" alt=\"\" ids=\"6093,6094,6095,6096,6097,6098,6100,6101,6102,6103,6104,6105,6106,6107,6108,6109,6110,6111,6112,6113,6114,6115,6116,6117,6118,6119,6120,6121,6122,6123\" style=\"none\" type=\"slider\" columns=\"1\" image_width=\"63\" image_size=\"thumbnail\" text_align=\"center\" srcset=\"https:\/\/www.montanheiros.com\/wp-content\/uploads\/2019\/05\/big43_1465896731-280x280.jpg 280w, https:\/\/www.montanheiros.com\/wp-content\/uploads\/2019\/05\/big43_1465896731-300x300.jpg 300w, https:\/\/www.montanheiros.com\/wp-content\/uploads\/2019\/05\/big43_1465896731-100x100.jpg 100w\" sizes=\"auto, (max-width: 280px) 100vw, 280px\" \/>                                                              <\/div>\n              <div class=\"box-text text-center\" >\n                 <p>Passeio \u00e0 Fortaleza de S. Jo\u00e3o Batista, 12jun2016 - ilha Terceira<\/p>\n              <\/div>\n            <\/div>\n            <\/a>          <\/div>\n         <\/div><div class=\"gallery-col col\" >\n          <div class=\"col-inner\">\n            <a class=\"image-lightbox lightbox-gallery\" href=\"https:\/\/www.montanheiros.com\/wp-content\/uploads\/2019\/05\/big51_1465896761.jpg\" title=\"Passeio \u00e0 Fortaleza de S. Jo\u00e3o Batista, 12jun2016 - ilha Terceira\">            <div class=\"box has-hover gallery-box box-none\">\n              <div class=\"box-image\" style=\"width:63%;\">\n                <img loading=\"lazy\" decoding=\"async\" width=\"280\" height=\"280\" src=\"https:\/\/www.montanheiros.com\/wp-content\/uploads\/2019\/05\/big51_1465896761-280x280.jpg\" class=\"attachment-thumbnail size-thumbnail\" alt=\"\" ids=\"6093,6094,6095,6096,6097,6098,6100,6101,6102,6103,6104,6105,6106,6107,6108,6109,6110,6111,6112,6113,6114,6115,6116,6117,6118,6119,6120,6121,6122,6123\" style=\"none\" type=\"slider\" columns=\"1\" image_width=\"63\" image_size=\"thumbnail\" text_align=\"center\" srcset=\"https:\/\/www.montanheiros.com\/wp-content\/uploads\/2019\/05\/big51_1465896761-280x280.jpg 280w, https:\/\/www.montanheiros.com\/wp-content\/uploads\/2019\/05\/big51_1465896761-300x300.jpg 300w, https:\/\/www.montanheiros.com\/wp-content\/uploads\/2019\/05\/big51_1465896761-100x100.jpg 100w\" sizes=\"auto, (max-width: 280px) 100vw, 280px\" \/>                                                              <\/div>\n              <div class=\"box-text text-center\" >\n                 <p>Passeio \u00e0 Fortaleza de S. Jo\u00e3o Batista, 12jun2016 - ilha Terceira<\/p>\n              <\/div>\n            <\/div>\n            <\/a>          <\/div>\n         <\/div><div class=\"gallery-col col\" >\n          <div class=\"col-inner\">\n            <a class=\"image-lightbox lightbox-gallery\" href=\"https:\/\/www.montanheiros.com\/wp-content\/uploads\/2019\/05\/big52_1465896762.jpg\" title=\"Passeio \u00e0 Fortaleza de S. Jo\u00e3o Batista, 12jun2016 - ilha Terceira\">            <div class=\"box has-hover gallery-box box-none\">\n              <div class=\"box-image\" style=\"width:63%;\">\n                <img loading=\"lazy\" decoding=\"async\" width=\"280\" height=\"280\" src=\"https:\/\/www.montanheiros.com\/wp-content\/uploads\/2019\/05\/big52_1465896762-280x280.jpg\" class=\"attachment-thumbnail size-thumbnail\" alt=\"\" ids=\"6093,6094,6095,6096,6097,6098,6100,6101,6102,6103,6104,6105,6106,6107,6108,6109,6110,6111,6112,6113,6114,6115,6116,6117,6118,6119,6120,6121,6122,6123\" style=\"none\" type=\"slider\" columns=\"1\" image_width=\"63\" image_size=\"thumbnail\" text_align=\"center\" srcset=\"https:\/\/www.montanheiros.com\/wp-content\/uploads\/2019\/05\/big52_1465896762-280x280.jpg 280w, https:\/\/www.montanheiros.com\/wp-content\/uploads\/2019\/05\/big52_1465896762-300x300.jpg 300w, https:\/\/www.montanheiros.com\/wp-content\/uploads\/2019\/05\/big52_1465896762-100x100.jpg 100w\" sizes=\"auto, (max-width: 280px) 100vw, 280px\" \/>                                                              <\/div>\n              <div class=\"box-text text-center\" >\n                 <p>Passeio \u00e0 Fortaleza de S. Jo\u00e3o Batista, 12jun2016 - ilha Terceira<\/p>\n              <\/div>\n            <\/div>\n            <\/a>          <\/div>\n         <\/div><div class=\"gallery-col col\" >\n          <div class=\"col-inner\">\n            <a class=\"image-lightbox lightbox-gallery\" href=\"https:\/\/www.montanheiros.com\/wp-content\/uploads\/2019\/05\/big54_1465896763.jpg\" title=\"Passeio \u00e0 Fortaleza de S. Jo\u00e3o Batista, 12jun2016 - ilha Terceira\">            <div class=\"box has-hover gallery-box box-none\">\n              <div class=\"box-image\" style=\"width:63%;\">\n                <img loading=\"lazy\" decoding=\"async\" width=\"280\" height=\"280\" src=\"https:\/\/www.montanheiros.com\/wp-content\/uploads\/2019\/05\/big54_1465896763-280x280.jpg\" class=\"attachment-thumbnail size-thumbnail\" alt=\"\" ids=\"6093,6094,6095,6096,6097,6098,6100,6101,6102,6103,6104,6105,6106,6107,6108,6109,6110,6111,6112,6113,6114,6115,6116,6117,6118,6119,6120,6121,6122,6123\" style=\"none\" type=\"slider\" columns=\"1\" image_width=\"63\" image_size=\"thumbnail\" text_align=\"center\" srcset=\"https:\/\/www.montanheiros.com\/wp-content\/uploads\/2019\/05\/big54_1465896763-280x280.jpg 280w, https:\/\/www.montanheiros.com\/wp-content\/uploads\/2019\/05\/big54_1465896763-300x300.jpg 300w, https:\/\/www.montanheiros.com\/wp-content\/uploads\/2019\/05\/big54_1465896763-100x100.jpg 100w\" sizes=\"auto, (max-width: 280px) 100vw, 280px\" \/>                                                              <\/div>\n              <div class=\"box-text text-center\" >\n                 <p>Passeio \u00e0 Fortaleza de S. Jo\u00e3o Batista, 12jun2016 - ilha Terceira<\/p>\n              <\/div>\n            <\/div>\n            <\/a>          <\/div>\n         <\/div><div class=\"gallery-col col\" >\n          <div class=\"col-inner\">\n            <a class=\"image-lightbox lightbox-gallery\" href=\"https:\/\/www.montanheiros.com\/wp-content\/uploads\/2019\/05\/big53_1465896763.jpg\" title=\"Passeio \u00e0 Fortaleza de S. Jo\u00e3o Batista, 12jun2016 - ilha Terceira\">            <div class=\"box has-hover gallery-box box-none\">\n              <div class=\"box-image\" style=\"width:63%;\">\n                <img loading=\"lazy\" decoding=\"async\" width=\"280\" height=\"280\" src=\"https:\/\/www.montanheiros.com\/wp-content\/uploads\/2019\/05\/big53_1465896763-280x280.jpg\" class=\"attachment-thumbnail size-thumbnail\" alt=\"\" ids=\"6093,6094,6095,6096,6097,6098,6100,6101,6102,6103,6104,6105,6106,6107,6108,6109,6110,6111,6112,6113,6114,6115,6116,6117,6118,6119,6120,6121,6122,6123\" style=\"none\" type=\"slider\" columns=\"1\" image_width=\"63\" image_size=\"thumbnail\" text_align=\"center\" srcset=\"https:\/\/www.montanheiros.com\/wp-content\/uploads\/2019\/05\/big53_1465896763-280x280.jpg 280w, https:\/\/www.montanheiros.com\/wp-content\/uploads\/2019\/05\/big53_1465896763-300x300.jpg 300w, https:\/\/www.montanheiros.com\/wp-content\/uploads\/2019\/05\/big53_1465896763-100x100.jpg 100w\" sizes=\"auto, (max-width: 280px) 100vw, 280px\" \/>                                                              <\/div>\n              <div class=\"box-text text-center\" >\n                 <p>Passeio \u00e0 Fortaleza de S. Jo\u00e3o Batista, 12jun2016 - ilha Terceira<\/p>\n              <\/div>\n            <\/div>\n            <\/a>          <\/div>\n         <\/div><div class=\"gallery-col col\" >\n          <div class=\"col-inner\">\n            <a class=\"image-lightbox lightbox-gallery\" href=\"https:\/\/www.montanheiros.com\/wp-content\/uploads\/2019\/05\/big1_1465896457.jpg\" title=\"Passeio \u00e0 Fortaleza de S. Jo\u00e3o Batista, 12jun2016 - ilha Terceira\">            <div class=\"box has-hover gallery-box box-none\">\n              <div class=\"box-image\" style=\"width:63%;\">\n                <img loading=\"lazy\" decoding=\"async\" width=\"280\" height=\"280\" src=\"https:\/\/www.montanheiros.com\/wp-content\/uploads\/2019\/05\/big1_1465896457-280x280.jpg\" class=\"attachment-thumbnail size-thumbnail\" alt=\"\" ids=\"6093,6094,6095,6096,6097,6098,6100,6101,6102,6103,6104,6105,6106,6107,6108,6109,6110,6111,6112,6113,6114,6115,6116,6117,6118,6119,6120,6121,6122,6123\" style=\"none\" type=\"slider\" columns=\"1\" image_width=\"63\" image_size=\"thumbnail\" text_align=\"center\" srcset=\"https:\/\/www.montanheiros.com\/wp-content\/uploads\/2019\/05\/big1_1465896457-280x280.jpg 280w, https:\/\/www.montanheiros.com\/wp-content\/uploads\/2019\/05\/big1_1465896457-300x300.jpg 300w, https:\/\/www.montanheiros.com\/wp-content\/uploads\/2019\/05\/big1_1465896457-100x100.jpg 100w\" sizes=\"auto, (max-width: 280px) 100vw, 280px\" \/>                                                              <\/div>\n              <div class=\"box-text text-center\" >\n                 <p>Passeio \u00e0 Fortaleza de S. Jo\u00e3o Batista, 12jun2016 - ilha Terceira<\/p>\n              <\/div>\n            <\/div>\n            <\/a>          <\/div>\n         <\/div><div class=\"gallery-col col\" >\n          <div class=\"col-inner\">\n            <a class=\"image-lightbox lightbox-gallery\" href=\"https:\/\/www.montanheiros.com\/wp-content\/uploads\/2019\/05\/big2_1465896457.jpg\" title=\"Passeio \u00e0 Fortaleza de S. Jo\u00e3o Batista, 12jun2016 - ilha Terceira\">            <div class=\"box has-hover gallery-box box-none\">\n              <div class=\"box-image\" style=\"width:63%;\">\n                <img loading=\"lazy\" decoding=\"async\" width=\"280\" height=\"280\" src=\"https:\/\/www.montanheiros.com\/wp-content\/uploads\/2019\/05\/big2_1465896457-280x280.jpg\" class=\"attachment-thumbnail size-thumbnail\" alt=\"\" ids=\"6093,6094,6095,6096,6097,6098,6100,6101,6102,6103,6104,6105,6106,6107,6108,6109,6110,6111,6112,6113,6114,6115,6116,6117,6118,6119,6120,6121,6122,6123\" style=\"none\" type=\"slider\" columns=\"1\" image_width=\"63\" image_size=\"thumbnail\" text_align=\"center\" srcset=\"https:\/\/www.montanheiros.com\/wp-content\/uploads\/2019\/05\/big2_1465896457-280x280.jpg 280w, https:\/\/www.montanheiros.com\/wp-content\/uploads\/2019\/05\/big2_1465896457-300x300.jpg 300w, https:\/\/www.montanheiros.com\/wp-content\/uploads\/2019\/05\/big2_1465896457-100x100.jpg 100w\" sizes=\"auto, (max-width: 280px) 100vw, 280px\" \/>                                                              <\/div>\n              <div class=\"box-text text-center\" >\n                 <p>Passeio \u00e0 Fortaleza de S. Jo\u00e3o Batista, 12jun2016 - ilha Terceira<\/p>\n              <\/div>\n            <\/div>\n            <\/a>          <\/div>\n         <\/div><div class=\"gallery-col col\" >\n          <div class=\"col-inner\">\n            <a class=\"image-lightbox lightbox-gallery\" href=\"https:\/\/www.montanheiros.com\/wp-content\/uploads\/2019\/05\/big3_1465896457.jpg\" title=\"Passeio \u00e0 Fortaleza de S. Jo\u00e3o Batista, 12jun2016 - ilha Terceira\">            <div class=\"box has-hover gallery-box box-none\">\n              <div class=\"box-image\" style=\"width:63%;\">\n                <img loading=\"lazy\" decoding=\"async\" width=\"280\" height=\"280\" src=\"https:\/\/www.montanheiros.com\/wp-content\/uploads\/2019\/05\/big3_1465896457-280x280.jpg\" class=\"attachment-thumbnail size-thumbnail\" alt=\"\" ids=\"6093,6094,6095,6096,6097,6098,6100,6101,6102,6103,6104,6105,6106,6107,6108,6109,6110,6111,6112,6113,6114,6115,6116,6117,6118,6119,6120,6121,6122,6123\" style=\"none\" type=\"slider\" columns=\"1\" image_width=\"63\" image_size=\"thumbnail\" text_align=\"center\" srcset=\"https:\/\/www.montanheiros.com\/wp-content\/uploads\/2019\/05\/big3_1465896457-280x280.jpg 280w, https:\/\/www.montanheiros.com\/wp-content\/uploads\/2019\/05\/big3_1465896457-300x300.jpg 300w, https:\/\/www.montanheiros.com\/wp-content\/uploads\/2019\/05\/big3_1465896457-100x100.jpg 100w\" sizes=\"auto, (max-width: 280px) 100vw, 280px\" \/>                                                              <\/div>\n              <div class=\"box-text text-center\" >\n                 <p>Passeio \u00e0 Fortaleza de S. Jo\u00e3o Batista, 12jun2016 - ilha Terceira<\/p>\n              <\/div>\n            <\/div>\n            <\/a>          <\/div>\n         <\/div><div class=\"gallery-col col\" >\n          <div class=\"col-inner\">\n            <a class=\"image-lightbox lightbox-gallery\" href=\"https:\/\/www.montanheiros.com\/wp-content\/uploads\/2019\/05\/big4_1465896460-533x800.jpg\" title=\"Passeio \u00e0 Fortaleza de S. Jo\u00e3o Batista, 12jun2016 - ilha Terceira\">            <div class=\"box has-hover gallery-box box-none\">\n              <div class=\"box-image\" style=\"width:63%;\">\n                <img loading=\"lazy\" decoding=\"async\" width=\"280\" height=\"280\" src=\"https:\/\/www.montanheiros.com\/wp-content\/uploads\/2019\/05\/big4_1465896460-280x280.jpg\" class=\"attachment-thumbnail size-thumbnail\" alt=\"\" ids=\"6093,6094,6095,6096,6097,6098,6100,6101,6102,6103,6104,6105,6106,6107,6108,6109,6110,6111,6112,6113,6114,6115,6116,6117,6118,6119,6120,6121,6122,6123\" style=\"none\" type=\"slider\" columns=\"1\" image_width=\"63\" image_size=\"thumbnail\" text_align=\"center\" srcset=\"https:\/\/www.montanheiros.com\/wp-content\/uploads\/2019\/05\/big4_1465896460-280x280.jpg 280w, https:\/\/www.montanheiros.com\/wp-content\/uploads\/2019\/05\/big4_1465896460-300x300.jpg 300w, https:\/\/www.montanheiros.com\/wp-content\/uploads\/2019\/05\/big4_1465896460-100x100.jpg 100w\" sizes=\"auto, (max-width: 280px) 100vw, 280px\" \/>                                                              <\/div>\n              <div class=\"box-text text-center\" >\n                 <p>Passeio \u00e0 Fortaleza de S. Jo\u00e3o Batista, 12jun2016 - ilha Terceira<\/p>\n              <\/div>\n            <\/div>\n            <\/a>          <\/div>\n         <\/div><div class=\"gallery-col col\" >\n          <div class=\"col-inner\">\n            <a class=\"image-lightbox lightbox-gallery\" href=\"https:\/\/www.montanheiros.com\/wp-content\/uploads\/2019\/05\/big5_1465896464.jpg\" title=\"Passeio \u00e0 Fortaleza de S. Jo\u00e3o Batista, 12jun2016 - ilha Terceira\">            <div class=\"box has-hover gallery-box box-none\">\n              <div class=\"box-image\" style=\"width:63%;\">\n                <img loading=\"lazy\" decoding=\"async\" width=\"280\" height=\"280\" src=\"https:\/\/www.montanheiros.com\/wp-content\/uploads\/2019\/05\/big5_1465896464-280x280.jpg\" class=\"attachment-thumbnail size-thumbnail\" alt=\"\" ids=\"6093,6094,6095,6096,6097,6098,6100,6101,6102,6103,6104,6105,6106,6107,6108,6109,6110,6111,6112,6113,6114,6115,6116,6117,6118,6119,6120,6121,6122,6123\" style=\"none\" type=\"slider\" columns=\"1\" image_width=\"63\" image_size=\"thumbnail\" text_align=\"center\" srcset=\"https:\/\/www.montanheiros.com\/wp-content\/uploads\/2019\/05\/big5_1465896464-280x280.jpg 280w, https:\/\/www.montanheiros.com\/wp-content\/uploads\/2019\/05\/big5_1465896464-300x300.jpg 300w, https:\/\/www.montanheiros.com\/wp-content\/uploads\/2019\/05\/big5_1465896464-100x100.jpg 100w\" sizes=\"auto, (max-width: 280px) 100vw, 280px\" \/>                                                              <\/div>\n              <div class=\"box-text text-center\" >\n                 <p>Passeio \u00e0 Fortaleza de S. Jo\u00e3o Batista, 12jun2016 - ilha Terceira<\/p>\n              <\/div>\n            <\/div>\n            <\/a>          <\/div>\n         <\/div><div class=\"gallery-col col\" >\n          <div class=\"col-inner\">\n            <a class=\"image-lightbox lightbox-gallery\" href=\"https:\/\/www.montanheiros.com\/wp-content\/uploads\/2019\/05\/big6_1465896466.jpg\" title=\"Passeio \u00e0 Fortaleza de S. Jo\u00e3o Batista, 12jun2016 - ilha Terceira\">            <div class=\"box has-hover gallery-box box-none\">\n              <div class=\"box-image\" style=\"width:63%;\">\n                <img loading=\"lazy\" decoding=\"async\" width=\"280\" height=\"280\" src=\"https:\/\/www.montanheiros.com\/wp-content\/uploads\/2019\/05\/big6_1465896466-280x280.jpg\" class=\"attachment-thumbnail size-thumbnail\" alt=\"\" ids=\"6093,6094,6095,6096,6097,6098,6100,6101,6102,6103,6104,6105,6106,6107,6108,6109,6110,6111,6112,6113,6114,6115,6116,6117,6118,6119,6120,6121,6122,6123\" style=\"none\" type=\"slider\" columns=\"1\" image_width=\"63\" image_size=\"thumbnail\" text_align=\"center\" srcset=\"https:\/\/www.montanheiros.com\/wp-content\/uploads\/2019\/05\/big6_1465896466-280x280.jpg 280w, https:\/\/www.montanheiros.com\/wp-content\/uploads\/2019\/05\/big6_1465896466-300x300.jpg 300w, https:\/\/www.montanheiros.com\/wp-content\/uploads\/2019\/05\/big6_1465896466-100x100.jpg 100w\" sizes=\"auto, (max-width: 280px) 100vw, 280px\" \/>                                                              <\/div>\n              <div class=\"box-text text-center\" >\n                 <p>Passeio \u00e0 Fortaleza de S. Jo\u00e3o Batista, 12jun2016 - ilha Terceira<\/p>\n              <\/div>\n            <\/div>\n            <\/a>          <\/div>\n         <\/div><div class=\"gallery-col col\" >\n          <div class=\"col-inner\">\n            <a class=\"image-lightbox lightbox-gallery\" href=\"https:\/\/www.montanheiros.com\/wp-content\/uploads\/2019\/05\/big7_1465896467.jpg\" title=\"Passeio \u00e0 Fortaleza de S. Jo\u00e3o Batista, 12jun2016 - ilha Terceira\">            <div class=\"box has-hover gallery-box box-none\">\n              <div class=\"box-image\" style=\"width:63%;\">\n                <img loading=\"lazy\" decoding=\"async\" width=\"280\" height=\"280\" src=\"https:\/\/www.montanheiros.com\/wp-content\/uploads\/2019\/05\/big7_1465896467-280x280.jpg\" class=\"attachment-thumbnail size-thumbnail\" alt=\"\" ids=\"6093,6094,6095,6096,6097,6098,6100,6101,6102,6103,6104,6105,6106,6107,6108,6109,6110,6111,6112,6113,6114,6115,6116,6117,6118,6119,6120,6121,6122,6123\" style=\"none\" type=\"slider\" columns=\"1\" image_width=\"63\" image_size=\"thumbnail\" text_align=\"center\" srcset=\"https:\/\/www.montanheiros.com\/wp-content\/uploads\/2019\/05\/big7_1465896467-280x280.jpg 280w, https:\/\/www.montanheiros.com\/wp-content\/uploads\/2019\/05\/big7_1465896467-300x300.jpg 300w, https:\/\/www.montanheiros.com\/wp-content\/uploads\/2019\/05\/big7_1465896467-100x100.jpg 100w\" sizes=\"auto, (max-width: 280px) 100vw, 280px\" \/>                                                              <\/div>\n              <div class=\"box-text text-center\" >\n                 <p>Passeio \u00e0 Fortaleza de S. Jo\u00e3o Batista, 12jun2016 - ilha Terceira<\/p>\n              <\/div>\n            <\/div>\n            <\/a>          <\/div>\n         <\/div><div class=\"gallery-col col\" >\n          <div class=\"col-inner\">\n            <a class=\"image-lightbox lightbox-gallery\" href=\"https:\/\/www.montanheiros.com\/wp-content\/uploads\/2019\/05\/big8_1465896467.jpg\" title=\"Passeio \u00e0 Fortaleza de S. Jo\u00e3o Batista, 12jun2016 - ilha Terceira\">            <div class=\"box has-hover gallery-box box-none\">\n              <div class=\"box-image\" style=\"width:63%;\">\n                <img loading=\"lazy\" decoding=\"async\" width=\"280\" height=\"280\" src=\"https:\/\/www.montanheiros.com\/wp-content\/uploads\/2019\/05\/big8_1465896467-280x280.jpg\" class=\"attachment-thumbnail size-thumbnail\" alt=\"\" ids=\"6093,6094,6095,6096,6097,6098,6100,6101,6102,6103,6104,6105,6106,6107,6108,6109,6110,6111,6112,6113,6114,6115,6116,6117,6118,6119,6120,6121,6122,6123\" style=\"none\" type=\"slider\" columns=\"1\" image_width=\"63\" image_size=\"thumbnail\" text_align=\"center\" srcset=\"https:\/\/www.montanheiros.com\/wp-content\/uploads\/2019\/05\/big8_1465896467-280x280.jpg 280w, https:\/\/www.montanheiros.com\/wp-content\/uploads\/2019\/05\/big8_1465896467-300x300.jpg 300w, https:\/\/www.montanheiros.com\/wp-content\/uploads\/2019\/05\/big8_1465896467-100x100.jpg 100w\" sizes=\"auto, (max-width: 280px) 100vw, 280px\" \/>                                                              <\/div>\n              <div class=\"box-text text-center\" >\n                 <p>Passeio \u00e0 Fortaleza de S. Jo\u00e3o Batista, 12jun2016 - ilha Terceira<\/p>\n              <\/div>\n            <\/div>\n            <\/a>          <\/div>\n         <\/div><div class=\"gallery-col col\" >\n          <div class=\"col-inner\">\n            <a class=\"image-lightbox lightbox-gallery\" href=\"https:\/\/www.montanheiros.com\/wp-content\/uploads\/2019\/05\/big9_1465896470.jpg\" title=\"Passeio \u00e0 Fortaleza de S. Jo\u00e3o Batista, 12jun2016 - ilha Terceira\">            <div class=\"box has-hover gallery-box box-none\">\n              <div class=\"box-image\" style=\"width:63%;\">\n                <img loading=\"lazy\" decoding=\"async\" width=\"280\" height=\"280\" src=\"https:\/\/www.montanheiros.com\/wp-content\/uploads\/2019\/05\/big9_1465896470-280x280.jpg\" class=\"attachment-thumbnail size-thumbnail\" alt=\"\" ids=\"6093,6094,6095,6096,6097,6098,6100,6101,6102,6103,6104,6105,6106,6107,6108,6109,6110,6111,6112,6113,6114,6115,6116,6117,6118,6119,6120,6121,6122,6123\" style=\"none\" type=\"slider\" columns=\"1\" image_width=\"63\" image_size=\"thumbnail\" text_align=\"center\" srcset=\"https:\/\/www.montanheiros.com\/wp-content\/uploads\/2019\/05\/big9_1465896470-280x280.jpg 280w, https:\/\/www.montanheiros.com\/wp-content\/uploads\/2019\/05\/big9_1465896470-300x300.jpg 300w, https:\/\/www.montanheiros.com\/wp-content\/uploads\/2019\/05\/big9_1465896470-100x100.jpg 100w\" sizes=\"auto, (max-width: 280px) 100vw, 280px\" \/>                                                              <\/div>\n              <div class=\"box-text text-center\" >\n                 <p>Passeio \u00e0 Fortaleza de S. Jo\u00e3o Batista, 12jun2016 - ilha Terceira<\/p>\n              <\/div>\n            <\/div>\n            <\/a>          <\/div>\n         <\/div><div class=\"gallery-col col\" >\n          <div class=\"col-inner\">\n            <a class=\"image-lightbox lightbox-gallery\" href=\"https:\/\/www.montanheiros.com\/wp-content\/uploads\/2019\/05\/big10_1465896472.jpg\" title=\"Passeio \u00e0 Fortaleza de S. Jo\u00e3o Batista, 12jun2016 - ilha Terceira\">            <div class=\"box has-hover gallery-box box-none\">\n              <div class=\"box-image\" style=\"width:63%;\">\n                <img loading=\"lazy\" decoding=\"async\" width=\"280\" height=\"280\" src=\"https:\/\/www.montanheiros.com\/wp-content\/uploads\/2019\/05\/big10_1465896472-280x280.jpg\" class=\"attachment-thumbnail size-thumbnail\" alt=\"\" ids=\"6093,6094,6095,6096,6097,6098,6100,6101,6102,6103,6104,6105,6106,6107,6108,6109,6110,6111,6112,6113,6114,6115,6116,6117,6118,6119,6120,6121,6122,6123\" style=\"none\" type=\"slider\" columns=\"1\" image_width=\"63\" image_size=\"thumbnail\" text_align=\"center\" srcset=\"https:\/\/www.montanheiros.com\/wp-content\/uploads\/2019\/05\/big10_1465896472-280x280.jpg 280w, https:\/\/www.montanheiros.com\/wp-content\/uploads\/2019\/05\/big10_1465896472-300x300.jpg 300w, https:\/\/www.montanheiros.com\/wp-content\/uploads\/2019\/05\/big10_1465896472-100x100.jpg 100w\" sizes=\"auto, (max-width: 280px) 100vw, 280px\" \/>                                                              <\/div>\n              <div class=\"box-text text-center\" >\n                 <p>Passeio \u00e0 Fortaleza de S. Jo\u00e3o Batista, 12jun2016 - ilha Terceira<\/p>\n              <\/div>\n            <\/div>\n            <\/a>          <\/div>\n         <\/div><div class=\"gallery-col col\" >\n          <div class=\"col-inner\">\n            <a class=\"image-lightbox lightbox-gallery\" href=\"https:\/\/www.montanheiros.com\/wp-content\/uploads\/2019\/05\/big11_1465896507.jpg\" title=\"Passeio \u00e0 Fortaleza de S. Jo\u00e3o Batista, 12jun2016 - ilha Terceira\">            <div class=\"box has-hover gallery-box box-none\">\n              <div class=\"box-image\" style=\"width:63%;\">\n                <img loading=\"lazy\" decoding=\"async\" width=\"280\" height=\"280\" src=\"https:\/\/www.montanheiros.com\/wp-content\/uploads\/2019\/05\/big11_1465896507-280x280.jpg\" class=\"attachment-thumbnail size-thumbnail\" alt=\"\" ids=\"6093,6094,6095,6096,6097,6098,6100,6101,6102,6103,6104,6105,6106,6107,6108,6109,6110,6111,6112,6113,6114,6115,6116,6117,6118,6119,6120,6121,6122,6123\" style=\"none\" type=\"slider\" columns=\"1\" image_width=\"63\" image_size=\"thumbnail\" text_align=\"center\" srcset=\"https:\/\/www.montanheiros.com\/wp-content\/uploads\/2019\/05\/big11_1465896507-280x280.jpg 280w, https:\/\/www.montanheiros.com\/wp-content\/uploads\/2019\/05\/big11_1465896507-300x300.jpg 300w, https:\/\/www.montanheiros.com\/wp-content\/uploads\/2019\/05\/big11_1465896507-100x100.jpg 100w\" sizes=\"auto, (max-width: 280px) 100vw, 280px\" \/>                                                              <\/div>\n              <div class=\"box-text text-center\" >\n                 <p>Passeio \u00e0 Fortaleza de S. Jo\u00e3o Batista, 12jun2016 - ilha Terceira<\/p>\n              <\/div>\n            <\/div>\n            <\/a>          <\/div>\n         <\/div><div class=\"gallery-col col\" >\n          <div class=\"col-inner\">\n            <a class=\"image-lightbox lightbox-gallery\" href=\"https:\/\/www.montanheiros.com\/wp-content\/uploads\/2019\/05\/big12_1465896508.jpg\" title=\"Passeio \u00e0 Fortaleza de S. Jo\u00e3o Batista, 12jun2016 - ilha Terceira\">            <div class=\"box has-hover gallery-box box-none\">\n              <div class=\"box-image\" style=\"width:63%;\">\n                <img loading=\"lazy\" decoding=\"async\" width=\"280\" height=\"280\" src=\"https:\/\/www.montanheiros.com\/wp-content\/uploads\/2019\/05\/big12_1465896508-280x280.jpg\" class=\"attachment-thumbnail size-thumbnail\" alt=\"\" ids=\"6093,6094,6095,6096,6097,6098,6100,6101,6102,6103,6104,6105,6106,6107,6108,6109,6110,6111,6112,6113,6114,6115,6116,6117,6118,6119,6120,6121,6122,6123\" style=\"none\" type=\"slider\" columns=\"1\" image_width=\"63\" image_size=\"thumbnail\" text_align=\"center\" srcset=\"https:\/\/www.montanheiros.com\/wp-content\/uploads\/2019\/05\/big12_1465896508-280x280.jpg 280w, https:\/\/www.montanheiros.com\/wp-content\/uploads\/2019\/05\/big12_1465896508-300x300.jpg 300w, https:\/\/www.montanheiros.com\/wp-content\/uploads\/2019\/05\/big12_1465896508-100x100.jpg 100w\" sizes=\"auto, (max-width: 280px) 100vw, 280px\" \/>                                                              <\/div>\n              <div class=\"box-text text-center\" >\n                 <p>Passeio \u00e0 Fortaleza de S. Jo\u00e3o Batista, 12jun2016 - ilha Terceira<\/p>\n              <\/div>\n            <\/div>\n            <\/a>          <\/div>\n         <\/div><div class=\"gallery-col col\" >\n          <div class=\"col-inner\">\n            <a class=\"image-lightbox lightbox-gallery\" href=\"https:\/\/www.montanheiros.com\/wp-content\/uploads\/2019\/05\/big13_1465896513.jpg\" title=\"Passeio \u00e0 Fortaleza de S. Jo\u00e3o Batista, 12jun2016 - ilha Terceira\">            <div class=\"box has-hover gallery-box box-none\">\n              <div class=\"box-image\" style=\"width:63%;\">\n                <img loading=\"lazy\" decoding=\"async\" width=\"280\" height=\"280\" src=\"https:\/\/www.montanheiros.com\/wp-content\/uploads\/2019\/05\/big13_1465896513-280x280.jpg\" class=\"attachment-thumbnail size-thumbnail\" alt=\"\" ids=\"6093,6094,6095,6096,6097,6098,6100,6101,6102,6103,6104,6105,6106,6107,6108,6109,6110,6111,6112,6113,6114,6115,6116,6117,6118,6119,6120,6121,6122,6123\" style=\"none\" type=\"slider\" columns=\"1\" image_width=\"63\" image_size=\"thumbnail\" text_align=\"center\" srcset=\"https:\/\/www.montanheiros.com\/wp-content\/uploads\/2019\/05\/big13_1465896513-280x280.jpg 280w, https:\/\/www.montanheiros.com\/wp-content\/uploads\/2019\/05\/big13_1465896513-300x300.jpg 300w, https:\/\/www.montanheiros.com\/wp-content\/uploads\/2019\/05\/big13_1465896513-100x100.jpg 100w\" sizes=\"auto, (max-width: 280px) 100vw, 280px\" \/>                                                              <\/div>\n              <div class=\"box-text text-center\" >\n                 <p>Passeio \u00e0 Fortaleza de S. Jo\u00e3o Batista, 12jun2016 - ilha Terceira<\/p>\n              <\/div>\n            <\/div>\n            <\/a>          <\/div>\n         <\/div><div class=\"gallery-col col\" >\n          <div class=\"col-inner\">\n            <a class=\"image-lightbox lightbox-gallery\" href=\"https:\/\/www.montanheiros.com\/wp-content\/uploads\/2019\/05\/big14_1465896515.jpg\" title=\"Passeio \u00e0 Fortaleza de S. Jo\u00e3o Batista, 12jun2016 - ilha Terceira\">            <div class=\"box has-hover gallery-box box-none\">\n              <div class=\"box-image\" style=\"width:63%;\">\n                <img loading=\"lazy\" decoding=\"async\" width=\"280\" height=\"280\" src=\"https:\/\/www.montanheiros.com\/wp-content\/uploads\/2019\/05\/big14_1465896515-280x280.jpg\" class=\"attachment-thumbnail size-thumbnail\" alt=\"\" ids=\"6093,6094,6095,6096,6097,6098,6100,6101,6102,6103,6104,6105,6106,6107,6108,6109,6110,6111,6112,6113,6114,6115,6116,6117,6118,6119,6120,6121,6122,6123\" style=\"none\" type=\"slider\" columns=\"1\" image_width=\"63\" image_size=\"thumbnail\" text_align=\"center\" srcset=\"https:\/\/www.montanheiros.com\/wp-content\/uploads\/2019\/05\/big14_1465896515-280x280.jpg 280w, https:\/\/www.montanheiros.com\/wp-content\/uploads\/2019\/05\/big14_1465896515-300x300.jpg 300w, https:\/\/www.montanheiros.com\/wp-content\/uploads\/2019\/05\/big14_1465896515-100x100.jpg 100w\" sizes=\"auto, (max-width: 280px) 100vw, 280px\" \/>                                                              <\/div>\n              <div class=\"box-text text-center\" >\n                 <p>Passeio \u00e0 Fortaleza de S. Jo\u00e3o Batista, 12jun2016 - ilha Terceira<\/p>\n              <\/div>\n            <\/div>\n            <\/a>          <\/div>\n         <\/div><div class=\"gallery-col col\" >\n          <div class=\"col-inner\">\n            <a class=\"image-lightbox lightbox-gallery\" href=\"https:\/\/www.montanheiros.com\/wp-content\/uploads\/2019\/05\/big15_1465896516.jpg\" title=\"Passeio \u00e0 Fortaleza de S. Jo\u00e3o Batista, 12jun2016 - ilha Terceira\">            <div class=\"box has-hover gallery-box box-none\">\n              <div class=\"box-image\" style=\"width:63%;\">\n                <img loading=\"lazy\" decoding=\"async\" width=\"280\" height=\"280\" src=\"https:\/\/www.montanheiros.com\/wp-content\/uploads\/2019\/05\/big15_1465896516-280x280.jpg\" class=\"attachment-thumbnail size-thumbnail\" alt=\"\" ids=\"6093,6094,6095,6096,6097,6098,6100,6101,6102,6103,6104,6105,6106,6107,6108,6109,6110,6111,6112,6113,6114,6115,6116,6117,6118,6119,6120,6121,6122,6123\" style=\"none\" type=\"slider\" columns=\"1\" image_width=\"63\" image_size=\"thumbnail\" text_align=\"center\" srcset=\"https:\/\/www.montanheiros.com\/wp-content\/uploads\/2019\/05\/big15_1465896516-280x280.jpg 280w, https:\/\/www.montanheiros.com\/wp-content\/uploads\/2019\/05\/big15_1465896516-300x300.jpg 300w, https:\/\/www.montanheiros.com\/wp-content\/uploads\/2019\/05\/big15_1465896516-100x100.jpg 100w\" sizes=\"auto, (max-width: 280px) 100vw, 280px\" \/>                                                              <\/div>\n              <div class=\"box-text text-center\" >\n                 <p>Passeio \u00e0 Fortaleza de S. Jo\u00e3o Batista, 12jun2016 - ilha Terceira<\/p>\n              <\/div>\n            <\/div>\n            <\/a>          <\/div>\n         <\/div><div class=\"gallery-col col\" >\n          <div class=\"col-inner\">\n            <a class=\"image-lightbox lightbox-gallery\" href=\"https:\/\/www.montanheiros.com\/wp-content\/uploads\/2019\/05\/big16_1465896517.jpg\" title=\"Passeio \u00e0 Fortaleza de S. Jo\u00e3o Batista, 12jun2016 - ilha Terceira\">            <div class=\"box has-hover gallery-box box-none\">\n              <div class=\"box-image\" style=\"width:63%;\">\n                <img loading=\"lazy\" decoding=\"async\" width=\"280\" height=\"280\" src=\"https:\/\/www.montanheiros.com\/wp-content\/uploads\/2019\/05\/big16_1465896517-280x280.jpg\" class=\"attachment-thumbnail size-thumbnail\" alt=\"\" ids=\"6093,6094,6095,6096,6097,6098,6100,6101,6102,6103,6104,6105,6106,6107,6108,6109,6110,6111,6112,6113,6114,6115,6116,6117,6118,6119,6120,6121,6122,6123\" style=\"none\" type=\"slider\" columns=\"1\" image_width=\"63\" image_size=\"thumbnail\" text_align=\"center\" srcset=\"https:\/\/www.montanheiros.com\/wp-content\/uploads\/2019\/05\/big16_1465896517-280x280.jpg 280w, https:\/\/www.montanheiros.com\/wp-content\/uploads\/2019\/05\/big16_1465896517-300x300.jpg 300w, https:\/\/www.montanheiros.com\/wp-content\/uploads\/2019\/05\/big16_1465896517-100x100.jpg 100w\" sizes=\"auto, (max-width: 280px) 100vw, 280px\" \/>                                                              <\/div>\n              <div class=\"box-text text-center\" >\n                 <p>Passeio \u00e0 Fortaleza de S. Jo\u00e3o Batista, 12jun2016 - ilha Terceira<\/p>\n              <\/div>\n            <\/div>\n            <\/a>          <\/div>\n         <\/div><div class=\"gallery-col col\" >\n          <div class=\"col-inner\">\n            <a class=\"image-lightbox lightbox-gallery\" href=\"https:\/\/www.montanheiros.com\/wp-content\/uploads\/2019\/05\/big17_1465896519.jpg\" title=\"Passeio \u00e0 Fortaleza de S. Jo\u00e3o Batista, 12jun2016 - ilha Terceira\">            <div class=\"box has-hover gallery-box box-none\">\n              <div class=\"box-image\" style=\"width:63%;\">\n                <img loading=\"lazy\" decoding=\"async\" width=\"280\" height=\"280\" src=\"https:\/\/www.montanheiros.com\/wp-content\/uploads\/2019\/05\/big17_1465896519-280x280.jpg\" class=\"attachment-thumbnail size-thumbnail\" alt=\"\" ids=\"6093,6094,6095,6096,6097,6098,6100,6101,6102,6103,6104,6105,6106,6107,6108,6109,6110,6111,6112,6113,6114,6115,6116,6117,6118,6119,6120,6121,6122,6123\" style=\"none\" type=\"slider\" columns=\"1\" image_width=\"63\" image_size=\"thumbnail\" text_align=\"center\" srcset=\"https:\/\/www.montanheiros.com\/wp-content\/uploads\/2019\/05\/big17_1465896519-280x280.jpg 280w, https:\/\/www.montanheiros.com\/wp-content\/uploads\/2019\/05\/big17_1465896519-300x300.jpg 300w, https:\/\/www.montanheiros.com\/wp-content\/uploads\/2019\/05\/big17_1465896519-100x100.jpg 100w\" sizes=\"auto, (max-width: 280px) 100vw, 280px\" \/>                                                              <\/div>\n              <div class=\"box-text text-center\" >\n                 <p>Passeio \u00e0 Fortaleza de S. Jo\u00e3o Batista, 12jun2016 - ilha Terceira<\/p>\n              <\/div>\n            <\/div>\n            <\/a>          <\/div>\n         <\/div><div class=\"gallery-col col\" >\n          <div class=\"col-inner\">\n            <a class=\"image-lightbox lightbox-gallery\" href=\"https:\/\/www.montanheiros.com\/wp-content\/uploads\/2019\/05\/big18_1465896519.jpg\" title=\"Passeio \u00e0 Fortaleza de S. Jo\u00e3o Batista, 12jun2016 - ilha Terceira\">            <div class=\"box has-hover gallery-box box-none\">\n              <div class=\"box-image\" style=\"width:63%;\">\n                <img loading=\"lazy\" decoding=\"async\" width=\"280\" height=\"280\" src=\"https:\/\/www.montanheiros.com\/wp-content\/uploads\/2019\/05\/big18_1465896519-280x280.jpg\" class=\"attachment-thumbnail size-thumbnail\" alt=\"\" ids=\"6093,6094,6095,6096,6097,6098,6100,6101,6102,6103,6104,6105,6106,6107,6108,6109,6110,6111,6112,6113,6114,6115,6116,6117,6118,6119,6120,6121,6122,6123\" style=\"none\" type=\"slider\" columns=\"1\" image_width=\"63\" image_size=\"thumbnail\" text_align=\"center\" srcset=\"https:\/\/www.montanheiros.com\/wp-content\/uploads\/2019\/05\/big18_1465896519-280x280.jpg 280w, https:\/\/www.montanheiros.com\/wp-content\/uploads\/2019\/05\/big18_1465896519-300x300.jpg 300w, https:\/\/www.montanheiros.com\/wp-content\/uploads\/2019\/05\/big18_1465896519-100x100.jpg 100w\" sizes=\"auto, (max-width: 280px) 100vw, 280px\" \/>                                                              <\/div>\n              <div class=\"box-text text-center\" >\n                 <p>Passeio \u00e0 Fortaleza de S. Jo\u00e3o Batista, 12jun2016 - ilha Terceira<\/p>\n              <\/div>\n            <\/div>\n            <\/a>          <\/div>\n         <\/div><div class=\"gallery-col col\" >\n          <div class=\"col-inner\">\n            <a class=\"image-lightbox lightbox-gallery\" href=\"https:\/\/www.montanheiros.com\/wp-content\/uploads\/2019\/05\/big19_1465896522.jpg\" title=\"Passeio \u00e0 Fortaleza de S. Jo\u00e3o Batista, 12jun2016 - ilha Terceira\">            <div class=\"box has-hover gallery-box box-none\">\n              <div class=\"box-image\" style=\"width:63%;\">\n                <img loading=\"lazy\" decoding=\"async\" width=\"280\" height=\"280\" src=\"https:\/\/www.montanheiros.com\/wp-content\/uploads\/2019\/05\/big19_1465896522-280x280.jpg\" class=\"attachment-thumbnail size-thumbnail\" alt=\"\" ids=\"6093,6094,6095,6096,6097,6098,6100,6101,6102,6103,6104,6105,6106,6107,6108,6109,6110,6111,6112,6113,6114,6115,6116,6117,6118,6119,6120,6121,6122,6123\" style=\"none\" type=\"slider\" columns=\"1\" image_width=\"63\" image_size=\"thumbnail\" text_align=\"center\" srcset=\"https:\/\/www.montanheiros.com\/wp-content\/uploads\/2019\/05\/big19_1465896522-280x280.jpg 280w, https:\/\/www.montanheiros.com\/wp-content\/uploads\/2019\/05\/big19_1465896522-300x300.jpg 300w, https:\/\/www.montanheiros.com\/wp-content\/uploads\/2019\/05\/big19_1465896522-100x100.jpg 100w\" sizes=\"auto, (max-width: 280px) 100vw, 280px\" \/>                                                              <\/div>\n              <div class=\"box-text text-center\" >\n                 <p>Passeio \u00e0 Fortaleza de S. Jo\u00e3o Batista, 12jun2016 - ilha Terceira<\/p>\n              <\/div>\n            <\/div>\n            <\/a>          <\/div>\n         <\/div><div class=\"gallery-col col\" >\n          <div class=\"col-inner\">\n            <a class=\"image-lightbox lightbox-gallery\" href=\"https:\/\/www.montanheiros.com\/wp-content\/uploads\/2019\/05\/big20_1465896523.jpg\" title=\"Passeio \u00e0 Fortaleza de S. Jo\u00e3o Batista, 12jun2016 - ilha Terceira\">            <div class=\"box has-hover gallery-box box-none\">\n              <div class=\"box-image\" style=\"width:63%;\">\n                <img loading=\"lazy\" decoding=\"async\" width=\"280\" height=\"280\" src=\"https:\/\/www.montanheiros.com\/wp-content\/uploads\/2019\/05\/big20_1465896523-280x280.jpg\" class=\"attachment-thumbnail size-thumbnail\" alt=\"\" ids=\"6093,6094,6095,6096,6097,6098,6100,6101,6102,6103,6104,6105,6106,6107,6108,6109,6110,6111,6112,6113,6114,6115,6116,6117,6118,6119,6120,6121,6122,6123\" style=\"none\" type=\"slider\" columns=\"1\" image_width=\"63\" image_size=\"thumbnail\" text_align=\"center\" srcset=\"https:\/\/www.montanheiros.com\/wp-content\/uploads\/2019\/05\/big20_1465896523-280x280.jpg 280w, https:\/\/www.montanheiros.com\/wp-content\/uploads\/2019\/05\/big20_1465896523-300x300.jpg 300w, https:\/\/www.montanheiros.com\/wp-content\/uploads\/2019\/05\/big20_1465896523-100x100.jpg 100w\" sizes=\"auto, (max-width: 280px) 100vw, 280px\" \/>                                                              <\/div>\n              <div class=\"box-text text-center\" >\n                 <p>Passeio \u00e0 Fortaleza de S. Jo\u00e3o Batista, 12jun2016 - ilha Terceira<\/p>\n              <\/div>\n            <\/div>\n            <\/a>          <\/div>\n         <\/div><div class=\"gallery-col col\" >\n          <div class=\"col-inner\">\n            <a class=\"image-lightbox lightbox-gallery\" href=\"https:\/\/www.montanheiros.com\/wp-content\/uploads\/2019\/05\/big21_1465896558.jpg\" title=\"Passeio \u00e0 Fortaleza de S. Jo\u00e3o Batista, 12jun2016 - ilha Terceira\">            <div class=\"box has-hover gallery-box box-none\">\n              <div class=\"box-image\" style=\"width:63%;\">\n                <img loading=\"lazy\" decoding=\"async\" width=\"280\" height=\"280\" src=\"https:\/\/www.montanheiros.com\/wp-content\/uploads\/2019\/05\/big21_1465896558-280x280.jpg\" class=\"attachment-thumbnail size-thumbnail\" alt=\"\" ids=\"6093,6094,6095,6096,6097,6098,6100,6101,6102,6103,6104,6105,6106,6107,6108,6109,6110,6111,6112,6113,6114,6115,6116,6117,6118,6119,6120,6121,6122,6123\" style=\"none\" type=\"slider\" columns=\"1\" image_width=\"63\" image_size=\"thumbnail\" text_align=\"center\" srcset=\"https:\/\/www.montanheiros.com\/wp-content\/uploads\/2019\/05\/big21_1465896558-280x280.jpg 280w, https:\/\/www.montanheiros.com\/wp-content\/uploads\/2019\/05\/big21_1465896558-300x300.jpg 300w, https:\/\/www.montanheiros.com\/wp-content\/uploads\/2019\/05\/big21_1465896558-100x100.jpg 100w\" sizes=\"auto, (max-width: 280px) 100vw, 280px\" \/>                                                              <\/div>\n              <div class=\"box-text text-center\" >\n                 <p>Passeio \u00e0 Fortaleza de S. Jo\u00e3o Batista, 12jun2016 - ilha Terceira<\/p>\n              <\/div>\n            <\/div>\n            <\/a>          <\/div>\n         <\/div><div class=\"gallery-col col\" >\n          <div class=\"col-inner\">\n            <a class=\"image-lightbox lightbox-gallery\" href=\"https:\/\/www.montanheiros.com\/wp-content\/uploads\/2019\/05\/big22_1465896561.jpg\" title=\"Passeio \u00e0 Fortaleza de S. Jo\u00e3o Batista, 12jun2016 - ilha Terceira\">            <div class=\"box has-hover gallery-box box-none\">\n              <div class=\"box-image\" style=\"width:63%;\">\n                <img loading=\"lazy\" decoding=\"async\" width=\"280\" height=\"280\" src=\"https:\/\/www.montanheiros.com\/wp-content\/uploads\/2019\/05\/big22_1465896561-280x280.jpg\" class=\"attachment-thumbnail size-thumbnail\" alt=\"\" ids=\"6093,6094,6095,6096,6097,6098,6100,6101,6102,6103,6104,6105,6106,6107,6108,6109,6110,6111,6112,6113,6114,6115,6116,6117,6118,6119,6120,6121,6122,6123\" style=\"none\" type=\"slider\" columns=\"1\" image_width=\"63\" image_size=\"thumbnail\" text_align=\"center\" srcset=\"https:\/\/www.montanheiros.com\/wp-content\/uploads\/2019\/05\/big22_1465896561-280x280.jpg 280w, https:\/\/www.montanheiros.com\/wp-content\/uploads\/2019\/05\/big22_1465896561-300x300.jpg 300w, https:\/\/www.montanheiros.com\/wp-content\/uploads\/2019\/05\/big22_1465896561-100x100.jpg 100w\" sizes=\"auto, (max-width: 280px) 100vw, 280px\" \/>                                                              <\/div>\n              <div class=\"box-text text-center\" >\n                 <p>Passeio \u00e0 Fortaleza de S. Jo\u00e3o Batista, 12jun2016 - ilha Terceira<\/p>\n              <\/div>\n            <\/div>\n            <\/a>          <\/div>\n         <\/div><div class=\"gallery-col col\" >\n          <div class=\"col-inner\">\n            <a class=\"image-lightbox lightbox-gallery\" href=\"https:\/\/www.montanheiros.com\/wp-content\/uploads\/2019\/05\/big25_1465896568.jpg\" title=\"Passeio \u00e0 Fortaleza de S. Jo\u00e3o Batista, 12jun2016 - ilha Terceira\">            <div class=\"box has-hover gallery-box box-none\">\n              <div class=\"box-image\" style=\"width:63%;\">\n                <img loading=\"lazy\" decoding=\"async\" width=\"280\" height=\"280\" src=\"https:\/\/www.montanheiros.com\/wp-content\/uploads\/2019\/05\/big25_1465896568-280x280.jpg\" class=\"attachment-thumbnail size-thumbnail\" alt=\"\" ids=\"6093,6094,6095,6096,6097,6098,6100,6101,6102,6103,6104,6105,6106,6107,6108,6109,6110,6111,6112,6113,6114,6115,6116,6117,6118,6119,6120,6121,6122,6123\" style=\"none\" type=\"slider\" columns=\"1\" image_width=\"63\" image_size=\"thumbnail\" text_align=\"center\" srcset=\"https:\/\/www.montanheiros.com\/wp-content\/uploads\/2019\/05\/big25_1465896568-280x280.jpg 280w, https:\/\/www.montanheiros.com\/wp-content\/uploads\/2019\/05\/big25_1465896568-300x300.jpg 300w, https:\/\/www.montanheiros.com\/wp-content\/uploads\/2019\/05\/big25_1465896568-100x100.jpg 100w\" sizes=\"auto, (max-width: 280px) 100vw, 280px\" \/>                                                              <\/div>\n              <div class=\"box-text text-center\" >\n                 <p>Passeio \u00e0 Fortaleza de S. Jo\u00e3o Batista, 12jun2016 - ilha Terceira<\/p>\n              <\/div>\n            <\/div>\n            <\/a>          <\/div>\n         <\/div><div class=\"gallery-col col\" >\n          <div class=\"col-inner\">\n            <a class=\"image-lightbox lightbox-gallery\" href=\"https:\/\/www.montanheiros.com\/wp-content\/uploads\/2019\/05\/big29_1465896574.jpg\" title=\"Passeio \u00e0 Fortaleza de S. Jo\u00e3o Batista, 12jun2016 - ilha Terceira\">            <div class=\"box has-hover gallery-box box-none\">\n              <div class=\"box-image\" style=\"width:63%;\">\n                <img loading=\"lazy\" decoding=\"async\" width=\"280\" height=\"280\" src=\"https:\/\/www.montanheiros.com\/wp-content\/uploads\/2019\/05\/big29_1465896574-280x280.jpg\" class=\"attachment-thumbnail size-thumbnail\" alt=\"\" ids=\"6093,6094,6095,6096,6097,6098,6100,6101,6102,6103,6104,6105,6106,6107,6108,6109,6110,6111,6112,6113,6114,6115,6116,6117,6118,6119,6120,6121,6122,6123\" style=\"none\" type=\"slider\" columns=\"1\" image_width=\"63\" image_size=\"thumbnail\" text_align=\"center\" srcset=\"https:\/\/www.montanheiros.com\/wp-content\/uploads\/2019\/05\/big29_1465896574-280x280.jpg 280w, https:\/\/www.montanheiros.com\/wp-content\/uploads\/2019\/05\/big29_1465896574-300x300.jpg 300w, https:\/\/www.montanheiros.com\/wp-content\/uploads\/2019\/05\/big29_1465896574-100x100.jpg 100w\" sizes=\"auto, (max-width: 280px) 100vw, 280px\" \/>                                                              <\/div>\n              <div class=\"box-text text-center\" >\n                 <p>Passeio \u00e0 Fortaleza de S. Jo\u00e3o Batista, 12jun2016 - ilha Terceira<\/p>\n              <\/div>\n            <\/div>\n            <\/a>          <\/div>\n         <\/div><\/div>\n\n\n\t\t<\/div>\n\t\t\t\t\t<\/div>\n\n\t\n\n<\/div>\n<div class=\"row row-dashed\"  id=\"row-1179887829\">\n\n\n\t<div id=\"col-2058635246\" class=\"col medium-3 small-12 large-3\"  >\n\t\t\t\t<div class=\"col-inner\"  >\n\t\t\t\n\t\t\t\n\n<p>Passeio EURORANDO ao Pico do Boi\/Vereda do Avi\u00e3o, 08mai2016 &#8211; ilha Terceira<\/p>\n\n  \n    <div class=\"row large-columns-1 medium-columns- small-columns- row-full-width slider row-slider slider-nav-reveal\"  data-flickity-options='{\"imagesLoaded\": true, \"groupCells\": \"100%\", \"dragThreshold\" : 5, \"cellAlign\": \"left\",\"wrapAround\": true,\"prevNextButtons\": true,\"percentPosition\": true,\"pageDots\": false, \"rightToLeft\": false, \"autoPlay\" : false}'>\n\n  <div class=\"gallery-col col\" >\n          <div class=\"col-inner\">\n            <a class=\"image-lightbox lightbox-gallery\" href=\"https:\/\/www.montanheiros.com\/wp-content\/uploads\/2019\/05\/big14_1463042133.jpg\" title=\"Passeio EURORANDO ao Pico do Boi\/Vereda do Avi\u00e3o, 08mai2016 - ilha Terceira \">            <div class=\"box has-hover gallery-box box-none\">\n              <div class=\"box-image\" style=\"width:63%;\">\n                <img loading=\"lazy\" decoding=\"async\" width=\"280\" height=\"280\" src=\"https:\/\/www.montanheiros.com\/wp-content\/uploads\/2019\/05\/big14_1463042133-280x280.jpg\" class=\"attachment-thumbnail size-thumbnail\" alt=\"\" ids=\"6078,6079,6080,6081,6082,6083,6084,6085,6086,6087,6088,6089,6090,6091\" style=\"none\" type=\"slider\" columns=\"1\" image_width=\"63\" image_size=\"thumbnail\" text_align=\"center\" srcset=\"https:\/\/www.montanheiros.com\/wp-content\/uploads\/2019\/05\/big14_1463042133-280x280.jpg 280w, https:\/\/www.montanheiros.com\/wp-content\/uploads\/2019\/05\/big14_1463042133-300x300.jpg 300w, https:\/\/www.montanheiros.com\/wp-content\/uploads\/2019\/05\/big14_1463042133-100x100.jpg 100w\" sizes=\"auto, (max-width: 280px) 100vw, 280px\" \/>                                                              <\/div>\n              <div class=\"box-text text-center\" >\n                 <p>Passeio EURORANDO ao Pico do Boi\/Vereda do Avi\u00e3o, 08mai2016 - ilha Terceira <\/p>\n              <\/div>\n            <\/div>\n            <\/a>          <\/div>\n         <\/div><div class=\"gallery-col col\" >\n          <div class=\"col-inner\">\n            <a class=\"image-lightbox lightbox-gallery\" href=\"https:\/\/www.montanheiros.com\/wp-content\/uploads\/2019\/05\/big2_1463042119.jpg\" title=\"Passeio EURORANDO ao Pico do Boi\/Vereda do Avi\u00e3o, 08mai2016 - ilha Terceira \">            <div class=\"box has-hover gallery-box box-none\">\n              <div class=\"box-image\" style=\"width:63%;\">\n                <img loading=\"lazy\" decoding=\"async\" width=\"280\" height=\"280\" src=\"https:\/\/www.montanheiros.com\/wp-content\/uploads\/2019\/05\/big2_1463042119-280x280.jpg\" class=\"attachment-thumbnail size-thumbnail\" alt=\"\" ids=\"6078,6079,6080,6081,6082,6083,6084,6085,6086,6087,6088,6089,6090,6091\" style=\"none\" type=\"slider\" columns=\"1\" image_width=\"63\" image_size=\"thumbnail\" text_align=\"center\" srcset=\"https:\/\/www.montanheiros.com\/wp-content\/uploads\/2019\/05\/big2_1463042119-280x280.jpg 280w, https:\/\/www.montanheiros.com\/wp-content\/uploads\/2019\/05\/big2_1463042119-300x300.jpg 300w, https:\/\/www.montanheiros.com\/wp-content\/uploads\/2019\/05\/big2_1463042119-100x100.jpg 100w\" sizes=\"auto, (max-width: 280px) 100vw, 280px\" \/>                                                              <\/div>\n              <div class=\"box-text text-center\" >\n                 <p>Passeio EURORANDO ao Pico do Boi\/Vereda do Avi\u00e3o, 08mai2016 - ilha Terceira <\/p>\n              <\/div>\n            <\/div>\n            <\/a>          <\/div>\n         <\/div><div class=\"gallery-col col\" >\n          <div class=\"col-inner\">\n            <a class=\"image-lightbox lightbox-gallery\" href=\"https:\/\/www.montanheiros.com\/wp-content\/uploads\/2019\/05\/big10_1463042130.jpg\" title=\"Passeio EURORANDO ao Pico do Boi\/Vereda do Avi\u00e3o, 08mai2016 - ilha Terceira \">            <div class=\"box has-hover gallery-box box-none\">\n              <div class=\"box-image\" style=\"width:63%;\">\n                <img loading=\"lazy\" decoding=\"async\" width=\"280\" height=\"280\" src=\"https:\/\/www.montanheiros.com\/wp-content\/uploads\/2019\/05\/big10_1463042130-280x280.jpg\" class=\"attachment-thumbnail size-thumbnail\" alt=\"\" ids=\"6078,6079,6080,6081,6082,6083,6084,6085,6086,6087,6088,6089,6090,6091\" style=\"none\" type=\"slider\" columns=\"1\" image_width=\"63\" image_size=\"thumbnail\" text_align=\"center\" srcset=\"https:\/\/www.montanheiros.com\/wp-content\/uploads\/2019\/05\/big10_1463042130-280x280.jpg 280w, https:\/\/www.montanheiros.com\/wp-content\/uploads\/2019\/05\/big10_1463042130-300x300.jpg 300w, https:\/\/www.montanheiros.com\/wp-content\/uploads\/2019\/05\/big10_1463042130-100x100.jpg 100w\" sizes=\"auto, (max-width: 280px) 100vw, 280px\" \/>                                                              <\/div>\n              <div class=\"box-text text-center\" >\n                 <p>Passeio EURORANDO ao Pico do Boi\/Vereda do Avi\u00e3o, 08mai2016 - ilha Terceira <\/p>\n              <\/div>\n            <\/div>\n            <\/a>          <\/div>\n         <\/div><div class=\"gallery-col col\" >\n          <div class=\"col-inner\">\n            <a class=\"image-lightbox lightbox-gallery\" href=\"https:\/\/www.montanheiros.com\/wp-content\/uploads\/2019\/05\/big6_1463042124.jpg\" title=\"Passeio EURORANDO ao Pico do Boi\/Vereda do Avi\u00e3o, 08mai2016 - ilha Terceira \">            <div class=\"box has-hover gallery-box box-none\">\n              <div class=\"box-image\" style=\"width:63%;\">\n                <img loading=\"lazy\" decoding=\"async\" width=\"280\" height=\"280\" src=\"https:\/\/www.montanheiros.com\/wp-content\/uploads\/2019\/05\/big6_1463042124-280x280.jpg\" class=\"attachment-thumbnail size-thumbnail\" alt=\"\" ids=\"6078,6079,6080,6081,6082,6083,6084,6085,6086,6087,6088,6089,6090,6091\" style=\"none\" type=\"slider\" columns=\"1\" image_width=\"63\" image_size=\"thumbnail\" text_align=\"center\" srcset=\"https:\/\/www.montanheiros.com\/wp-content\/uploads\/2019\/05\/big6_1463042124-280x280.jpg 280w, https:\/\/www.montanheiros.com\/wp-content\/uploads\/2019\/05\/big6_1463042124-300x300.jpg 300w, https:\/\/www.montanheiros.com\/wp-content\/uploads\/2019\/05\/big6_1463042124-100x100.jpg 100w\" sizes=\"auto, (max-width: 280px) 100vw, 280px\" \/>                                                              <\/div>\n              <div class=\"box-text text-center\" >\n                 <p>Passeio EURORANDO ao Pico do Boi\/Vereda do Avi\u00e3o, 08mai2016 - ilha Terceira <\/p>\n              <\/div>\n            <\/div>\n            <\/a>          <\/div>\n         <\/div><div class=\"gallery-col col\" >\n          <div class=\"col-inner\">\n            <a class=\"image-lightbox lightbox-gallery\" href=\"https:\/\/www.montanheiros.com\/wp-content\/uploads\/2019\/05\/big7_1463042124.jpg\" title=\"Passeio EURORANDO ao Pico do Boi\/Vereda do Avi\u00e3o, 08mai2016 - ilha Terceira \">            <div class=\"box has-hover gallery-box box-none\">\n              <div class=\"box-image\" style=\"width:63%;\">\n                <img loading=\"lazy\" decoding=\"async\" width=\"280\" height=\"280\" src=\"https:\/\/www.montanheiros.com\/wp-content\/uploads\/2019\/05\/big7_1463042124-280x280.jpg\" class=\"attachment-thumbnail size-thumbnail\" alt=\"\" ids=\"6078,6079,6080,6081,6082,6083,6084,6085,6086,6087,6088,6089,6090,6091\" style=\"none\" type=\"slider\" columns=\"1\" image_width=\"63\" image_size=\"thumbnail\" text_align=\"center\" srcset=\"https:\/\/www.montanheiros.com\/wp-content\/uploads\/2019\/05\/big7_1463042124-280x280.jpg 280w, https:\/\/www.montanheiros.com\/wp-content\/uploads\/2019\/05\/big7_1463042124-300x300.jpg 300w, https:\/\/www.montanheiros.com\/wp-content\/uploads\/2019\/05\/big7_1463042124-100x100.jpg 100w\" sizes=\"auto, (max-width: 280px) 100vw, 280px\" \/>                                                              <\/div>\n              <div class=\"box-text text-center\" >\n                 <p>Passeio EURORANDO ao Pico do Boi\/Vereda do Avi\u00e3o, 08mai2016 - ilha Terceira <\/p>\n              <\/div>\n            <\/div>\n            <\/a>          <\/div>\n         <\/div><div class=\"gallery-col col\" >\n          <div class=\"col-inner\">\n            <a class=\"image-lightbox lightbox-gallery\" href=\"https:\/\/www.montanheiros.com\/wp-content\/uploads\/2019\/05\/big5_1463042123.jpg\" title=\"Passeio EURORANDO ao Pico do Boi\/Vereda do Avi\u00e3o, 08mai2016 - ilha Terceira \">            <div class=\"box has-hover gallery-box box-none\">\n              <div class=\"box-image\" style=\"width:63%;\">\n                <img loading=\"lazy\" decoding=\"async\" width=\"280\" height=\"280\" src=\"https:\/\/www.montanheiros.com\/wp-content\/uploads\/2019\/05\/big5_1463042123-280x280.jpg\" class=\"attachment-thumbnail size-thumbnail\" alt=\"\" ids=\"6078,6079,6080,6081,6082,6083,6084,6085,6086,6087,6088,6089,6090,6091\" style=\"none\" type=\"slider\" columns=\"1\" image_width=\"63\" image_size=\"thumbnail\" text_align=\"center\" srcset=\"https:\/\/www.montanheiros.com\/wp-content\/uploads\/2019\/05\/big5_1463042123-280x280.jpg 280w, https:\/\/www.montanheiros.com\/wp-content\/uploads\/2019\/05\/big5_1463042123-300x300.jpg 300w, https:\/\/www.montanheiros.com\/wp-content\/uploads\/2019\/05\/big5_1463042123-100x100.jpg 100w\" sizes=\"auto, (max-width: 280px) 100vw, 280px\" \/>                                                              <\/div>\n              <div class=\"box-text text-center\" >\n                 <p>Passeio EURORANDO ao Pico do Boi\/Vereda do Avi\u00e3o, 08mai2016 - ilha Terceira <\/p>\n              <\/div>\n            <\/div>\n            <\/a>          <\/div>\n         <\/div><div class=\"gallery-col col\" >\n          <div class=\"col-inner\">\n            <a class=\"image-lightbox lightbox-gallery\" href=\"https:\/\/www.montanheiros.com\/wp-content\/uploads\/2019\/05\/big18_1463042140.jpg\" title=\"Passeio EURORANDO ao Pico do Boi\/Vereda do Avi\u00e3o, 08mai2016 - ilha Terceira \">            <div class=\"box has-hover gallery-box box-none\">\n              <div class=\"box-image\" style=\"width:63%;\">\n                <img loading=\"lazy\" decoding=\"async\" width=\"280\" height=\"280\" src=\"https:\/\/www.montanheiros.com\/wp-content\/uploads\/2019\/05\/big18_1463042140-280x280.jpg\" class=\"attachment-thumbnail size-thumbnail\" alt=\"\" ids=\"6078,6079,6080,6081,6082,6083,6084,6085,6086,6087,6088,6089,6090,6091\" style=\"none\" type=\"slider\" columns=\"1\" image_width=\"63\" image_size=\"thumbnail\" text_align=\"center\" srcset=\"https:\/\/www.montanheiros.com\/wp-content\/uploads\/2019\/05\/big18_1463042140-280x280.jpg 280w, https:\/\/www.montanheiros.com\/wp-content\/uploads\/2019\/05\/big18_1463042140-300x300.jpg 300w, https:\/\/www.montanheiros.com\/wp-content\/uploads\/2019\/05\/big18_1463042140-100x100.jpg 100w\" sizes=\"auto, (max-width: 280px) 100vw, 280px\" \/>                                                              <\/div>\n              <div class=\"box-text text-center\" >\n                 <p>Passeio EURORANDO ao Pico do Boi\/Vereda do Avi\u00e3o, 08mai2016 - ilha Terceira <\/p>\n              <\/div>\n            <\/div>\n            <\/a>          <\/div>\n         <\/div><div class=\"gallery-col col\" >\n          <div class=\"col-inner\">\n            <a class=\"image-lightbox lightbox-gallery\" href=\"https:\/\/www.montanheiros.com\/wp-content\/uploads\/2019\/05\/big8_1463042127.jpg\" title=\"Passeio EURORANDO ao Pico do Boi\/Vereda do Avi\u00e3o, 08mai2016 - ilha Terceira \">            <div class=\"box has-hover gallery-box box-none\">\n              <div class=\"box-image\" style=\"width:63%;\">\n                <img loading=\"lazy\" decoding=\"async\" width=\"280\" height=\"280\" src=\"https:\/\/www.montanheiros.com\/wp-content\/uploads\/2019\/05\/big8_1463042127-280x280.jpg\" class=\"attachment-thumbnail size-thumbnail\" alt=\"\" ids=\"6078,6079,6080,6081,6082,6083,6084,6085,6086,6087,6088,6089,6090,6091\" style=\"none\" type=\"slider\" columns=\"1\" image_width=\"63\" image_size=\"thumbnail\" text_align=\"center\" srcset=\"https:\/\/www.montanheiros.com\/wp-content\/uploads\/2019\/05\/big8_1463042127-280x280.jpg 280w, https:\/\/www.montanheiros.com\/wp-content\/uploads\/2019\/05\/big8_1463042127-300x300.jpg 300w, https:\/\/www.montanheiros.com\/wp-content\/uploads\/2019\/05\/big8_1463042127-100x100.jpg 100w\" sizes=\"auto, (max-width: 280px) 100vw, 280px\" \/>                                                              <\/div>\n              <div class=\"box-text text-center\" >\n                 <p>Passeio EURORANDO ao Pico do Boi\/Vereda do Avi\u00e3o, 08mai2016 - ilha Terceira <\/p>\n              <\/div>\n            <\/div>\n            <\/a>          <\/div>\n         <\/div><div class=\"gallery-col col\" >\n          <div class=\"col-inner\">\n            <a class=\"image-lightbox lightbox-gallery\" href=\"https:\/\/www.montanheiros.com\/wp-content\/uploads\/2019\/05\/big13_1463042132.jpg\" title=\"Passeio EURORANDO ao Pico do Boi\/Vereda do Avi\u00e3o, 08mai2016 - ilha Terceira \">            <div class=\"box has-hover gallery-box box-none\">\n              <div class=\"box-image\" style=\"width:63%;\">\n                <img loading=\"lazy\" decoding=\"async\" width=\"280\" height=\"280\" src=\"https:\/\/www.montanheiros.com\/wp-content\/uploads\/2019\/05\/big13_1463042132-280x280.jpg\" class=\"attachment-thumbnail size-thumbnail\" alt=\"\" ids=\"6078,6079,6080,6081,6082,6083,6084,6085,6086,6087,6088,6089,6090,6091\" style=\"none\" type=\"slider\" columns=\"1\" image_width=\"63\" image_size=\"thumbnail\" text_align=\"center\" srcset=\"https:\/\/www.montanheiros.com\/wp-content\/uploads\/2019\/05\/big13_1463042132-280x280.jpg 280w, https:\/\/www.montanheiros.com\/wp-content\/uploads\/2019\/05\/big13_1463042132-300x300.jpg 300w, https:\/\/www.montanheiros.com\/wp-content\/uploads\/2019\/05\/big13_1463042132-100x100.jpg 100w\" sizes=\"auto, (max-width: 280px) 100vw, 280px\" \/>                                                              <\/div>\n              <div class=\"box-text text-center\" >\n                 <p>Passeio EURORANDO ao Pico do Boi\/Vereda do Avi\u00e3o, 08mai2016 - ilha Terceira <\/p>\n              <\/div>\n            <\/div>\n            <\/a>          <\/div>\n         <\/div><div class=\"gallery-col col\" >\n          <div class=\"col-inner\">\n            <a class=\"image-lightbox lightbox-gallery\" href=\"https:\/\/www.montanheiros.com\/wp-content\/uploads\/2019\/05\/big15_1463042135.jpg\" title=\"Passeio EURORANDO ao Pico do Boi\/Vereda do Avi\u00e3o, 08mai2016 - ilha Terceira \">            <div class=\"box has-hover gallery-box box-none\">\n              <div class=\"box-image\" style=\"width:63%;\">\n                <img loading=\"lazy\" decoding=\"async\" width=\"280\" height=\"280\" src=\"https:\/\/www.montanheiros.com\/wp-content\/uploads\/2019\/05\/big15_1463042135-280x280.jpg\" class=\"attachment-thumbnail size-thumbnail\" alt=\"\" ids=\"6078,6079,6080,6081,6082,6083,6084,6085,6086,6087,6088,6089,6090,6091\" style=\"none\" type=\"slider\" columns=\"1\" image_width=\"63\" image_size=\"thumbnail\" text_align=\"center\" srcset=\"https:\/\/www.montanheiros.com\/wp-content\/uploads\/2019\/05\/big15_1463042135-280x280.jpg 280w, https:\/\/www.montanheiros.com\/wp-content\/uploads\/2019\/05\/big15_1463042135-300x300.jpg 300w, https:\/\/www.montanheiros.com\/wp-content\/uploads\/2019\/05\/big15_1463042135-100x100.jpg 100w\" sizes=\"auto, (max-width: 280px) 100vw, 280px\" \/>                                                              <\/div>\n              <div class=\"box-text text-center\" >\n                 <p>Passeio EURORANDO ao Pico do Boi\/Vereda do Avi\u00e3o, 08mai2016 - ilha Terceira <\/p>\n              <\/div>\n            <\/div>\n            <\/a>          <\/div>\n         <\/div><div class=\"gallery-col col\" >\n          <div class=\"col-inner\">\n            <a class=\"image-lightbox lightbox-gallery\" href=\"https:\/\/www.montanheiros.com\/wp-content\/uploads\/2019\/05\/big11_1463042131.jpg\" title=\"Passeio EURORANDO ao Pico do Boi\/Vereda do Avi\u00e3o, 08mai2016 - ilha Terceira \">            <div class=\"box has-hover gallery-box box-none\">\n              <div class=\"box-image\" style=\"width:63%;\">\n                <img loading=\"lazy\" decoding=\"async\" width=\"280\" height=\"280\" src=\"https:\/\/www.montanheiros.com\/wp-content\/uploads\/2019\/05\/big11_1463042131-280x280.jpg\" class=\"attachment-thumbnail size-thumbnail\" alt=\"\" ids=\"6078,6079,6080,6081,6082,6083,6084,6085,6086,6087,6088,6089,6090,6091\" style=\"none\" type=\"slider\" columns=\"1\" image_width=\"63\" image_size=\"thumbnail\" text_align=\"center\" srcset=\"https:\/\/www.montanheiros.com\/wp-content\/uploads\/2019\/05\/big11_1463042131-280x280.jpg 280w, https:\/\/www.montanheiros.com\/wp-content\/uploads\/2019\/05\/big11_1463042131-300x300.jpg 300w, https:\/\/www.montanheiros.com\/wp-content\/uploads\/2019\/05\/big11_1463042131-100x100.jpg 100w\" sizes=\"auto, (max-width: 280px) 100vw, 280px\" \/>                                                              <\/div>\n              <div class=\"box-text text-center\" >\n                 <p>Passeio EURORANDO ao Pico do Boi\/Vereda do Avi\u00e3o, 08mai2016 - ilha Terceira <\/p>\n              <\/div>\n            <\/div>\n            <\/a>          <\/div>\n         <\/div><div class=\"gallery-col col\" >\n          <div class=\"col-inner\">\n            <a class=\"image-lightbox lightbox-gallery\" href=\"https:\/\/www.montanheiros.com\/wp-content\/uploads\/2019\/05\/big1_1463042116.jpg\" title=\"Passeio EURORANDO ao Pico do Boi\/Vereda do Avi\u00e3o, 08mai2016 - ilha Terceira \">            <div class=\"box has-hover gallery-box box-none\">\n              <div class=\"box-image\" style=\"width:63%;\">\n                <img loading=\"lazy\" decoding=\"async\" width=\"280\" height=\"280\" src=\"https:\/\/www.montanheiros.com\/wp-content\/uploads\/2019\/05\/big1_1463042116-280x280.jpg\" class=\"attachment-thumbnail size-thumbnail\" alt=\"\" ids=\"6078,6079,6080,6081,6082,6083,6084,6085,6086,6087,6088,6089,6090,6091\" style=\"none\" type=\"slider\" columns=\"1\" image_width=\"63\" image_size=\"thumbnail\" text_align=\"center\" srcset=\"https:\/\/www.montanheiros.com\/wp-content\/uploads\/2019\/05\/big1_1463042116-280x280.jpg 280w, https:\/\/www.montanheiros.com\/wp-content\/uploads\/2019\/05\/big1_1463042116-300x300.jpg 300w, https:\/\/www.montanheiros.com\/wp-content\/uploads\/2019\/05\/big1_1463042116-100x100.jpg 100w\" sizes=\"auto, (max-width: 280px) 100vw, 280px\" \/>                                                              <\/div>\n              <div class=\"box-text text-center\" >\n                 <p>Passeio EURORANDO ao Pico do Boi\/Vereda do Avi\u00e3o, 08mai2016 - ilha Terceira <\/p>\n              <\/div>\n            <\/div>\n            <\/a>          <\/div>\n         <\/div><div class=\"gallery-col col\" >\n          <div class=\"col-inner\">\n            <a class=\"image-lightbox lightbox-gallery\" href=\"https:\/\/www.montanheiros.com\/wp-content\/uploads\/2019\/05\/big12_1463042131.jpg\" title=\"Passeio EURORANDO ao Pico do Boi\/Vereda do Avi\u00e3o, 08mai2016 - ilha Terceira \">            <div class=\"box has-hover gallery-box box-none\">\n              <div class=\"box-image\" style=\"width:63%;\">\n                <img loading=\"lazy\" decoding=\"async\" width=\"280\" height=\"280\" src=\"https:\/\/www.montanheiros.com\/wp-content\/uploads\/2019\/05\/big12_1463042131-280x280.jpg\" class=\"attachment-thumbnail size-thumbnail\" alt=\"\" ids=\"6078,6079,6080,6081,6082,6083,6084,6085,6086,6087,6088,6089,6090,6091\" style=\"none\" type=\"slider\" columns=\"1\" image_width=\"63\" image_size=\"thumbnail\" text_align=\"center\" srcset=\"https:\/\/www.montanheiros.com\/wp-content\/uploads\/2019\/05\/big12_1463042131-280x280.jpg 280w, https:\/\/www.montanheiros.com\/wp-content\/uploads\/2019\/05\/big12_1463042131-300x300.jpg 300w, https:\/\/www.montanheiros.com\/wp-content\/uploads\/2019\/05\/big12_1463042131-100x100.jpg 100w\" sizes=\"auto, (max-width: 280px) 100vw, 280px\" \/>                                                              <\/div>\n              <div class=\"box-text text-center\" >\n                 <p>Passeio EURORANDO ao Pico do Boi\/Vereda do Avi\u00e3o, 08mai2016 - ilha Terceira <\/p>\n              <\/div>\n            <\/div>\n            <\/a>          <\/div>\n         <\/div><div class=\"gallery-col col\" >\n          <div class=\"col-inner\">\n            <a class=\"image-lightbox lightbox-gallery\" href=\"https:\/\/www.montanheiros.com\/wp-content\/uploads\/2019\/05\/big17_1463042139.jpg\" title=\"Passeio EURORANDO ao Pico do Boi\/Vereda do Avi\u00e3o, 08mai2016 - ilha Terceira \">            <div class=\"box has-hover gallery-box box-none\">\n              <div class=\"box-image\" style=\"width:63%;\">\n                <img loading=\"lazy\" decoding=\"async\" width=\"280\" height=\"280\" src=\"https:\/\/www.montanheiros.com\/wp-content\/uploads\/2019\/05\/big17_1463042139-280x280.jpg\" class=\"attachment-thumbnail size-thumbnail\" alt=\"\" ids=\"6078,6079,6080,6081,6082,6083,6084,6085,6086,6087,6088,6089,6090,6091\" style=\"none\" type=\"slider\" columns=\"1\" image_width=\"63\" image_size=\"thumbnail\" text_align=\"center\" srcset=\"https:\/\/www.montanheiros.com\/wp-content\/uploads\/2019\/05\/big17_1463042139-280x280.jpg 280w, https:\/\/www.montanheiros.com\/wp-content\/uploads\/2019\/05\/big17_1463042139-300x300.jpg 300w, https:\/\/www.montanheiros.com\/wp-content\/uploads\/2019\/05\/big17_1463042139-100x100.jpg 100w\" sizes=\"auto, (max-width: 280px) 100vw, 280px\" \/>                                                              <\/div>\n              <div class=\"box-text text-center\" >\n                 <p>Passeio EURORANDO ao Pico do Boi\/Vereda do Avi\u00e3o, 08mai2016 - ilha Terceira <\/p>\n              <\/div>\n            <\/div>\n            <\/a>          <\/div>\n         <\/div><\/div>\n\n\n\t\t<\/div>\n\t\t\t\t\t<\/div>\n\n\t\n\n\t<div id=\"col-1270410727\" class=\"col medium-3 small-12 large-3\"  >\n\t\t\t\t<div class=\"col-inner\"  >\n\t\t\t\n\t\t\t\n\n<p>Passeio pedestre \u00e0 Serra do Mori\u00e3o e Pico do Espig\u00e3o, 10abr2016 &#8211; ilha Terceira<\/p>\n\n  \n    <div class=\"row large-columns-1 medium-columns- small-columns- row-full-width slider row-slider slider-nav-reveal\"  data-flickity-options='{\"imagesLoaded\": true, \"groupCells\": \"100%\", \"dragThreshold\" : 5, \"cellAlign\": \"left\",\"wrapAround\": true,\"prevNextButtons\": true,\"percentPosition\": true,\"pageDots\": false, \"rightToLeft\": false, \"autoPlay\" : false}'>\n\n  <div class=\"gallery-col col\" >\n          <div class=\"col-inner\">\n            <a class=\"image-lightbox lightbox-gallery\" href=\"https:\/\/www.montanheiros.com\/wp-content\/uploads\/2019\/05\/big7_1460367412.jpg\" title=\"Passeio pedestre \u00e0 Serra do Mori\u00e3o e Pico do Espig\u00e3o, 10abr2016 - ilha Terceira\">            <div class=\"box has-hover gallery-box box-none\">\n              <div class=\"box-image\" style=\"width:63%;\">\n                <img loading=\"lazy\" decoding=\"async\" width=\"280\" height=\"280\" src=\"https:\/\/www.montanheiros.com\/wp-content\/uploads\/2019\/05\/big7_1460367412-280x280.jpg\" class=\"attachment-thumbnail size-thumbnail\" alt=\"\" ids=\"6046,6047,6048,6049,6050,6051,6052,6053,6054,6055,6056,6057,6058,6059,6060,6062,6063,6064,6065,6066,6067,6068,6069,6070,6071,6072,6073,6074,6075,6076\" style=\"none\" type=\"slider\" columns=\"1\" image_width=\"63\" image_size=\"thumbnail\" text_align=\"center\" srcset=\"https:\/\/www.montanheiros.com\/wp-content\/uploads\/2019\/05\/big7_1460367412-280x280.jpg 280w, https:\/\/www.montanheiros.com\/wp-content\/uploads\/2019\/05\/big7_1460367412-300x300.jpg 300w, https:\/\/www.montanheiros.com\/wp-content\/uploads\/2019\/05\/big7_1460367412-100x100.jpg 100w\" sizes=\"auto, (max-width: 280px) 100vw, 280px\" \/>                                                              <\/div>\n              <div class=\"box-text text-center\" >\n                 <p>Passeio pedestre \u00e0 Serra do Mori\u00e3o e Pico do Espig\u00e3o, 10abr2016 - ilha Terceira<\/p>\n              <\/div>\n            <\/div>\n            <\/a>          <\/div>\n         <\/div><div class=\"gallery-col col\" >\n          <div class=\"col-inner\">\n            <a class=\"image-lightbox lightbox-gallery\" href=\"https:\/\/www.montanheiros.com\/wp-content\/uploads\/2019\/05\/big1_1460367404.jpg\" title=\"Passeio pedestre \u00e0 Serra do Mori\u00e3o e Pico do Espig\u00e3o, 10abr2016 - ilha Terceira\">            <div class=\"box has-hover gallery-box box-none\">\n              <div class=\"box-image\" style=\"width:63%;\">\n                <img loading=\"lazy\" decoding=\"async\" width=\"280\" height=\"280\" src=\"https:\/\/www.montanheiros.com\/wp-content\/uploads\/2019\/05\/big1_1460367404-280x280.jpg\" class=\"attachment-thumbnail size-thumbnail\" alt=\"\" ids=\"6046,6047,6048,6049,6050,6051,6052,6053,6054,6055,6056,6057,6058,6059,6060,6062,6063,6064,6065,6066,6067,6068,6069,6070,6071,6072,6073,6074,6075,6076\" style=\"none\" type=\"slider\" columns=\"1\" image_width=\"63\" image_size=\"thumbnail\" text_align=\"center\" srcset=\"https:\/\/www.montanheiros.com\/wp-content\/uploads\/2019\/05\/big1_1460367404-280x280.jpg 280w, https:\/\/www.montanheiros.com\/wp-content\/uploads\/2019\/05\/big1_1460367404-300x300.jpg 300w, https:\/\/www.montanheiros.com\/wp-content\/uploads\/2019\/05\/big1_1460367404-100x100.jpg 100w\" sizes=\"auto, (max-width: 280px) 100vw, 280px\" \/>                                                              <\/div>\n              <div class=\"box-text text-center\" >\n                 <p>Passeio pedestre \u00e0 Serra do Mori\u00e3o e Pico do Espig\u00e3o, 10abr2016 - ilha Terceira<\/p>\n              <\/div>\n            <\/div>\n            <\/a>          <\/div>\n         <\/div><div class=\"gallery-col col\" >\n          <div class=\"col-inner\">\n            <a class=\"image-lightbox lightbox-gallery\" href=\"https:\/\/www.montanheiros.com\/wp-content\/uploads\/2019\/05\/big6_1460367412.jpg\" title=\"Passeio pedestre \u00e0 Serra do Mori\u00e3o e Pico do Espig\u00e3o, 10abr2016 - ilha Terceira\">            <div class=\"box has-hover gallery-box box-none\">\n              <div class=\"box-image\" style=\"width:63%;\">\n                <img loading=\"lazy\" decoding=\"async\" width=\"280\" height=\"280\" src=\"https:\/\/www.montanheiros.com\/wp-content\/uploads\/2019\/05\/big6_1460367412-280x280.jpg\" class=\"attachment-thumbnail size-thumbnail\" alt=\"\" ids=\"6046,6047,6048,6049,6050,6051,6052,6053,6054,6055,6056,6057,6058,6059,6060,6062,6063,6064,6065,6066,6067,6068,6069,6070,6071,6072,6073,6074,6075,6076\" style=\"none\" type=\"slider\" columns=\"1\" image_width=\"63\" image_size=\"thumbnail\" text_align=\"center\" srcset=\"https:\/\/www.montanheiros.com\/wp-content\/uploads\/2019\/05\/big6_1460367412-280x280.jpg 280w, https:\/\/www.montanheiros.com\/wp-content\/uploads\/2019\/05\/big6_1460367412-300x300.jpg 300w, https:\/\/www.montanheiros.com\/wp-content\/uploads\/2019\/05\/big6_1460367412-100x100.jpg 100w\" sizes=\"auto, (max-width: 280px) 100vw, 280px\" \/>                                                              <\/div>\n              <div class=\"box-text text-center\" >\n                 <p>Passeio pedestre \u00e0 Serra do Mori\u00e3o e Pico do Espig\u00e3o, 10abr2016 - ilha Terceira<\/p>\n              <\/div>\n            <\/div>\n            <\/a>          <\/div>\n         <\/div><div class=\"gallery-col col\" >\n          <div class=\"col-inner\">\n            <a class=\"image-lightbox lightbox-gallery\" href=\"https:\/\/www.montanheiros.com\/wp-content\/uploads\/2019\/05\/big5_1460367410.jpg\" title=\"Passeio pedestre \u00e0 Serra do Mori\u00e3o e Pico do Espig\u00e3o, 10abr2016 - ilha Terceira\">            <div class=\"box has-hover gallery-box box-none\">\n              <div class=\"box-image\" style=\"width:63%;\">\n                <img loading=\"lazy\" decoding=\"async\" width=\"280\" height=\"280\" src=\"https:\/\/www.montanheiros.com\/wp-content\/uploads\/2019\/05\/big5_1460367410-280x280.jpg\" class=\"attachment-thumbnail size-thumbnail\" alt=\"\" ids=\"6046,6047,6048,6049,6050,6051,6052,6053,6054,6055,6056,6057,6058,6059,6060,6062,6063,6064,6065,6066,6067,6068,6069,6070,6071,6072,6073,6074,6075,6076\" style=\"none\" type=\"slider\" columns=\"1\" image_width=\"63\" image_size=\"thumbnail\" text_align=\"center\" srcset=\"https:\/\/www.montanheiros.com\/wp-content\/uploads\/2019\/05\/big5_1460367410-280x280.jpg 280w, https:\/\/www.montanheiros.com\/wp-content\/uploads\/2019\/05\/big5_1460367410-300x300.jpg 300w, https:\/\/www.montanheiros.com\/wp-content\/uploads\/2019\/05\/big5_1460367410-100x100.jpg 100w\" sizes=\"auto, (max-width: 280px) 100vw, 280px\" \/>                                                              <\/div>\n              <div class=\"box-text text-center\" >\n                 <p>Passeio pedestre \u00e0 Serra do Mori\u00e3o e Pico do Espig\u00e3o, 10abr2016 - ilha Terceira<\/p>\n              <\/div>\n            <\/div>\n            <\/a>          <\/div>\n         <\/div><div class=\"gallery-col col\" >\n          <div class=\"col-inner\">\n            <a class=\"image-lightbox lightbox-gallery\" href=\"https:\/\/www.montanheiros.com\/wp-content\/uploads\/2019\/05\/big3_1460367407.jpg\" title=\"Passeio pedestre \u00e0 Serra do Mori\u00e3o e Pico do Espig\u00e3o, 10abr2016 - ilha Terceira\">            <div class=\"box has-hover gallery-box box-none\">\n              <div class=\"box-image\" style=\"width:63%;\">\n                <img loading=\"lazy\" decoding=\"async\" width=\"280\" height=\"280\" src=\"https:\/\/www.montanheiros.com\/wp-content\/uploads\/2019\/05\/big3_1460367407-280x280.jpg\" class=\"attachment-thumbnail size-thumbnail\" alt=\"\" ids=\"6046,6047,6048,6049,6050,6051,6052,6053,6054,6055,6056,6057,6058,6059,6060,6062,6063,6064,6065,6066,6067,6068,6069,6070,6071,6072,6073,6074,6075,6076\" style=\"none\" type=\"slider\" columns=\"1\" image_width=\"63\" image_size=\"thumbnail\" text_align=\"center\" srcset=\"https:\/\/www.montanheiros.com\/wp-content\/uploads\/2019\/05\/big3_1460367407-280x280.jpg 280w, https:\/\/www.montanheiros.com\/wp-content\/uploads\/2019\/05\/big3_1460367407-300x300.jpg 300w, https:\/\/www.montanheiros.com\/wp-content\/uploads\/2019\/05\/big3_1460367407-100x100.jpg 100w\" sizes=\"auto, (max-width: 280px) 100vw, 280px\" \/>                                                              <\/div>\n              <div class=\"box-text text-center\" >\n                 <p>Passeio pedestre \u00e0 Serra do Mori\u00e3o e Pico do Espig\u00e3o, 10abr2016 - ilha Terceira<\/p>\n              <\/div>\n            <\/div>\n            <\/a>          <\/div>\n         <\/div><div class=\"gallery-col col\" >\n          <div class=\"col-inner\">\n            <a class=\"image-lightbox lightbox-gallery\" href=\"https:\/\/www.montanheiros.com\/wp-content\/uploads\/2019\/05\/big9_1460367415.jpg\" title=\"\">            <div class=\"box has-hover gallery-box box-none\">\n              <div class=\"box-image\" style=\"width:63%;\">\n                <img loading=\"lazy\" decoding=\"async\" width=\"280\" height=\"280\" src=\"https:\/\/www.montanheiros.com\/wp-content\/uploads\/2019\/05\/big9_1460367415-280x280.jpg\" class=\"attachment-thumbnail size-thumbnail\" alt=\"\" ids=\"6046,6047,6048,6049,6050,6051,6052,6053,6054,6055,6056,6057,6058,6059,6060,6062,6063,6064,6065,6066,6067,6068,6069,6070,6071,6072,6073,6074,6075,6076\" style=\"none\" type=\"slider\" columns=\"1\" image_width=\"63\" image_size=\"thumbnail\" text_align=\"center\" srcset=\"https:\/\/www.montanheiros.com\/wp-content\/uploads\/2019\/05\/big9_1460367415-280x280.jpg 280w, https:\/\/www.montanheiros.com\/wp-content\/uploads\/2019\/05\/big9_1460367415-300x300.jpg 300w, https:\/\/www.montanheiros.com\/wp-content\/uploads\/2019\/05\/big9_1460367415-100x100.jpg 100w\" sizes=\"auto, (max-width: 280px) 100vw, 280px\" \/>                                                              <\/div>\n              <div class=\"box-text text-center\" >\n                 <p><\/p>\n              <\/div>\n            <\/div>\n            <\/a>          <\/div>\n         <\/div><div class=\"gallery-col col\" >\n          <div class=\"col-inner\">\n            <a class=\"image-lightbox lightbox-gallery\" href=\"https:\/\/www.montanheiros.com\/wp-content\/uploads\/2019\/05\/big8_1460367414.jpg\" title=\"Passeio pedestre \u00e0 Serra do Mori\u00e3o e Pico do Espig\u00e3o, 10abr2016 - ilha Terceira\">            <div class=\"box has-hover gallery-box box-none\">\n              <div class=\"box-image\" style=\"width:63%;\">\n                <img loading=\"lazy\" decoding=\"async\" width=\"280\" height=\"280\" src=\"https:\/\/www.montanheiros.com\/wp-content\/uploads\/2019\/05\/big8_1460367414-280x280.jpg\" class=\"attachment-thumbnail size-thumbnail\" alt=\"\" ids=\"6046,6047,6048,6049,6050,6051,6052,6053,6054,6055,6056,6057,6058,6059,6060,6062,6063,6064,6065,6066,6067,6068,6069,6070,6071,6072,6073,6074,6075,6076\" style=\"none\" type=\"slider\" columns=\"1\" image_width=\"63\" image_size=\"thumbnail\" text_align=\"center\" srcset=\"https:\/\/www.montanheiros.com\/wp-content\/uploads\/2019\/05\/big8_1460367414-280x280.jpg 280w, https:\/\/www.montanheiros.com\/wp-content\/uploads\/2019\/05\/big8_1460367414-300x300.jpg 300w, https:\/\/www.montanheiros.com\/wp-content\/uploads\/2019\/05\/big8_1460367414-100x100.jpg 100w\" sizes=\"auto, (max-width: 280px) 100vw, 280px\" \/>                                                              <\/div>\n              <div class=\"box-text text-center\" >\n                 <p>Passeio pedestre \u00e0 Serra do Mori\u00e3o e Pico do Espig\u00e3o, 10abr2016 - ilha Terceira<\/p>\n              <\/div>\n            <\/div>\n            <\/a>          <\/div>\n         <\/div><div class=\"gallery-col col\" >\n          <div class=\"col-inner\">\n            <a class=\"image-lightbox lightbox-gallery\" href=\"https:\/\/www.montanheiros.com\/wp-content\/uploads\/2019\/05\/big4_1460367410.jpg\" title=\"Passeio pedestre \u00e0 Serra do Mori\u00e3o e Pico do Espig\u00e3o, 10abr2016 - ilha Terceira\">            <div class=\"box has-hover gallery-box box-none\">\n              <div class=\"box-image\" style=\"width:63%;\">\n                <img loading=\"lazy\" decoding=\"async\" width=\"280\" height=\"280\" src=\"https:\/\/www.montanheiros.com\/wp-content\/uploads\/2019\/05\/big4_1460367410-280x280.jpg\" class=\"attachment-thumbnail size-thumbnail\" alt=\"\" ids=\"6046,6047,6048,6049,6050,6051,6052,6053,6054,6055,6056,6057,6058,6059,6060,6062,6063,6064,6065,6066,6067,6068,6069,6070,6071,6072,6073,6074,6075,6076\" style=\"none\" type=\"slider\" columns=\"1\" image_width=\"63\" image_size=\"thumbnail\" text_align=\"center\" srcset=\"https:\/\/www.montanheiros.com\/wp-content\/uploads\/2019\/05\/big4_1460367410-280x280.jpg 280w, https:\/\/www.montanheiros.com\/wp-content\/uploads\/2019\/05\/big4_1460367410-300x300.jpg 300w, https:\/\/www.montanheiros.com\/wp-content\/uploads\/2019\/05\/big4_1460367410-100x100.jpg 100w\" sizes=\"auto, (max-width: 280px) 100vw, 280px\" \/>                                                              <\/div>\n              <div class=\"box-text text-center\" >\n                 <p>Passeio pedestre \u00e0 Serra do Mori\u00e3o e Pico do Espig\u00e3o, 10abr2016 - ilha Terceira<\/p>\n              <\/div>\n            <\/div>\n            <\/a>          <\/div>\n         <\/div><div class=\"gallery-col col\" >\n          <div class=\"col-inner\">\n            <a class=\"image-lightbox lightbox-gallery\" href=\"https:\/\/www.montanheiros.com\/wp-content\/uploads\/2019\/05\/big13_1460367460.jpg\" title=\"Passeio pedestre \u00e0 Serra do Mori\u00e3o e Pico do Espig\u00e3o, 10abr2016 - ilha Terceira\">            <div class=\"box has-hover gallery-box box-none\">\n              <div class=\"box-image\" style=\"width:63%;\">\n                <img loading=\"lazy\" decoding=\"async\" width=\"280\" height=\"280\" src=\"https:\/\/www.montanheiros.com\/wp-content\/uploads\/2019\/05\/big13_1460367460-280x280.jpg\" class=\"attachment-thumbnail size-thumbnail\" alt=\"\" ids=\"6046,6047,6048,6049,6050,6051,6052,6053,6054,6055,6056,6057,6058,6059,6060,6062,6063,6064,6065,6066,6067,6068,6069,6070,6071,6072,6073,6074,6075,6076\" style=\"none\" type=\"slider\" columns=\"1\" image_width=\"63\" image_size=\"thumbnail\" text_align=\"center\" srcset=\"https:\/\/www.montanheiros.com\/wp-content\/uploads\/2019\/05\/big13_1460367460-280x280.jpg 280w, https:\/\/www.montanheiros.com\/wp-content\/uploads\/2019\/05\/big13_1460367460-300x300.jpg 300w, https:\/\/www.montanheiros.com\/wp-content\/uploads\/2019\/05\/big13_1460367460-100x100.jpg 100w\" sizes=\"auto, (max-width: 280px) 100vw, 280px\" \/>                                                              <\/div>\n              <div class=\"box-text text-center\" >\n                 <p>Passeio pedestre \u00e0 Serra do Mori\u00e3o e Pico do Espig\u00e3o, 10abr2016 - ilha Terceira<\/p>\n              <\/div>\n            <\/div>\n            <\/a>          <\/div>\n         <\/div><div class=\"gallery-col col\" >\n          <div class=\"col-inner\">\n            <a class=\"image-lightbox lightbox-gallery\" href=\"https:\/\/www.montanheiros.com\/wp-content\/uploads\/2019\/05\/big11_1460367459.jpg\" title=\"Passeio pedestre \u00e0 Serra do Mori\u00e3o e Pico do Espig\u00e3o, 10abr2016 - ilha Terceira\">            <div class=\"box has-hover gallery-box box-none\">\n              <div class=\"box-image\" style=\"width:63%;\">\n                <img loading=\"lazy\" decoding=\"async\" width=\"280\" height=\"280\" src=\"https:\/\/www.montanheiros.com\/wp-content\/uploads\/2019\/05\/big11_1460367459-280x280.jpg\" class=\"attachment-thumbnail size-thumbnail\" alt=\"\" ids=\"6046,6047,6048,6049,6050,6051,6052,6053,6054,6055,6056,6057,6058,6059,6060,6062,6063,6064,6065,6066,6067,6068,6069,6070,6071,6072,6073,6074,6075,6076\" style=\"none\" type=\"slider\" columns=\"1\" image_width=\"63\" image_size=\"thumbnail\" text_align=\"center\" srcset=\"https:\/\/www.montanheiros.com\/wp-content\/uploads\/2019\/05\/big11_1460367459-280x280.jpg 280w, https:\/\/www.montanheiros.com\/wp-content\/uploads\/2019\/05\/big11_1460367459-300x300.jpg 300w, https:\/\/www.montanheiros.com\/wp-content\/uploads\/2019\/05\/big11_1460367459-100x100.jpg 100w\" sizes=\"auto, (max-width: 280px) 100vw, 280px\" \/>                                                              <\/div>\n              <div class=\"box-text text-center\" >\n                 <p>Passeio pedestre \u00e0 Serra do Mori\u00e3o e Pico do Espig\u00e3o, 10abr2016 - ilha Terceira<\/p>\n              <\/div>\n            <\/div>\n            <\/a>          <\/div>\n         <\/div><div class=\"gallery-col col\" >\n          <div class=\"col-inner\">\n            <a class=\"image-lightbox lightbox-gallery\" href=\"https:\/\/www.montanheiros.com\/wp-content\/uploads\/2019\/05\/big15_1460367461.jpg\" title=\"Passeio pedestre \u00e0 Serra do Mori\u00e3o e Pico do Espig\u00e3o, 10abr2016 - ilha Terceira\">            <div class=\"box has-hover gallery-box box-none\">\n              <div class=\"box-image\" style=\"width:63%;\">\n                <img loading=\"lazy\" decoding=\"async\" width=\"280\" height=\"280\" src=\"https:\/\/www.montanheiros.com\/wp-content\/uploads\/2019\/05\/big15_1460367461-280x280.jpg\" class=\"attachment-thumbnail size-thumbnail\" alt=\"\" ids=\"6046,6047,6048,6049,6050,6051,6052,6053,6054,6055,6056,6057,6058,6059,6060,6062,6063,6064,6065,6066,6067,6068,6069,6070,6071,6072,6073,6074,6075,6076\" style=\"none\" type=\"slider\" columns=\"1\" image_width=\"63\" image_size=\"thumbnail\" text_align=\"center\" srcset=\"https:\/\/www.montanheiros.com\/wp-content\/uploads\/2019\/05\/big15_1460367461-280x280.jpg 280w, https:\/\/www.montanheiros.com\/wp-content\/uploads\/2019\/05\/big15_1460367461-300x300.jpg 300w, https:\/\/www.montanheiros.com\/wp-content\/uploads\/2019\/05\/big15_1460367461-100x100.jpg 100w\" sizes=\"auto, (max-width: 280px) 100vw, 280px\" \/>                                                              <\/div>\n              <div class=\"box-text text-center\" >\n                 <p>Passeio pedestre \u00e0 Serra do Mori\u00e3o e Pico do Espig\u00e3o, 10abr2016 - ilha Terceira<\/p>\n              <\/div>\n            <\/div>\n            <\/a>          <\/div>\n         <\/div><div class=\"gallery-col col\" >\n          <div class=\"col-inner\">\n            <a class=\"image-lightbox lightbox-gallery\" href=\"https:\/\/www.montanheiros.com\/wp-content\/uploads\/2019\/05\/big14_1460367461.jpg\" title=\"Passeio pedestre \u00e0 Serra do Mori\u00e3o e Pico do Espig\u00e3o, 10abr2016 - ilha Terceira\">            <div class=\"box has-hover gallery-box box-none\">\n              <div class=\"box-image\" style=\"width:63%;\">\n                <img loading=\"lazy\" decoding=\"async\" width=\"280\" height=\"280\" src=\"https:\/\/www.montanheiros.com\/wp-content\/uploads\/2019\/05\/big14_1460367461-280x280.jpg\" class=\"attachment-thumbnail size-thumbnail\" alt=\"\" ids=\"6046,6047,6048,6049,6050,6051,6052,6053,6054,6055,6056,6057,6058,6059,6060,6062,6063,6064,6065,6066,6067,6068,6069,6070,6071,6072,6073,6074,6075,6076\" style=\"none\" type=\"slider\" columns=\"1\" image_width=\"63\" image_size=\"thumbnail\" text_align=\"center\" srcset=\"https:\/\/www.montanheiros.com\/wp-content\/uploads\/2019\/05\/big14_1460367461-280x280.jpg 280w, https:\/\/www.montanheiros.com\/wp-content\/uploads\/2019\/05\/big14_1460367461-300x300.jpg 300w, https:\/\/www.montanheiros.com\/wp-content\/uploads\/2019\/05\/big14_1460367461-100x100.jpg 100w\" sizes=\"auto, (max-width: 280px) 100vw, 280px\" \/>                                                              <\/div>\n              <div class=\"box-text text-center\" >\n                 <p>Passeio pedestre \u00e0 Serra do Mori\u00e3o e Pico do Espig\u00e3o, 10abr2016 - ilha Terceira<\/p>\n              <\/div>\n            <\/div>\n            <\/a>          <\/div>\n         <\/div><div class=\"gallery-col col\" >\n          <div class=\"col-inner\">\n            <a class=\"image-lightbox lightbox-gallery\" href=\"https:\/\/www.montanheiros.com\/wp-content\/uploads\/2019\/05\/big10_1460367458.jpg\" title=\"Passeio pedestre \u00e0 Serra do Mori\u00e3o e Pico do Espig\u00e3o, 10abr2016 - ilha Terceira\">            <div class=\"box has-hover gallery-box box-none\">\n              <div class=\"box-image\" style=\"width:63%;\">\n                <img loading=\"lazy\" decoding=\"async\" width=\"280\" height=\"280\" src=\"https:\/\/www.montanheiros.com\/wp-content\/uploads\/2019\/05\/big10_1460367458-280x280.jpg\" class=\"attachment-thumbnail size-thumbnail\" alt=\"\" ids=\"6046,6047,6048,6049,6050,6051,6052,6053,6054,6055,6056,6057,6058,6059,6060,6062,6063,6064,6065,6066,6067,6068,6069,6070,6071,6072,6073,6074,6075,6076\" style=\"none\" type=\"slider\" columns=\"1\" image_width=\"63\" image_size=\"thumbnail\" text_align=\"center\" srcset=\"https:\/\/www.montanheiros.com\/wp-content\/uploads\/2019\/05\/big10_1460367458-280x280.jpg 280w, https:\/\/www.montanheiros.com\/wp-content\/uploads\/2019\/05\/big10_1460367458-300x300.jpg 300w, https:\/\/www.montanheiros.com\/wp-content\/uploads\/2019\/05\/big10_1460367458-100x100.jpg 100w\" sizes=\"auto, (max-width: 280px) 100vw, 280px\" \/>                                                              <\/div>\n              <div class=\"box-text text-center\" >\n                 <p>Passeio pedestre \u00e0 Serra do Mori\u00e3o e Pico do Espig\u00e3o, 10abr2016 - ilha Terceira<\/p>\n              <\/div>\n            <\/div>\n            <\/a>          <\/div>\n         <\/div><div class=\"gallery-col col\" >\n          <div class=\"col-inner\">\n            <a class=\"image-lightbox lightbox-gallery\" href=\"https:\/\/www.montanheiros.com\/wp-content\/uploads\/2019\/05\/big12_1460367460.jpg\" title=\"Passeio pedestre \u00e0 Serra do Mori\u00e3o e Pico do Espig\u00e3o, 10abr2016 - ilha Terceira\">            <div class=\"box has-hover gallery-box box-none\">\n              <div class=\"box-image\" style=\"width:63%;\">\n                <img loading=\"lazy\" decoding=\"async\" width=\"280\" height=\"280\" src=\"https:\/\/www.montanheiros.com\/wp-content\/uploads\/2019\/05\/big12_1460367460-280x280.jpg\" class=\"attachment-thumbnail size-thumbnail\" alt=\"\" ids=\"6046,6047,6048,6049,6050,6051,6052,6053,6054,6055,6056,6057,6058,6059,6060,6062,6063,6064,6065,6066,6067,6068,6069,6070,6071,6072,6073,6074,6075,6076\" style=\"none\" type=\"slider\" columns=\"1\" image_width=\"63\" image_size=\"thumbnail\" text_align=\"center\" srcset=\"https:\/\/www.montanheiros.com\/wp-content\/uploads\/2019\/05\/big12_1460367460-280x280.jpg 280w, https:\/\/www.montanheiros.com\/wp-content\/uploads\/2019\/05\/big12_1460367460-300x300.jpg 300w, https:\/\/www.montanheiros.com\/wp-content\/uploads\/2019\/05\/big12_1460367460-100x100.jpg 100w\" sizes=\"auto, (max-width: 280px) 100vw, 280px\" \/>                                                              <\/div>\n              <div class=\"box-text text-center\" >\n                 <p>Passeio pedestre \u00e0 Serra do Mori\u00e3o e Pico do Espig\u00e3o, 10abr2016 - ilha Terceira<\/p>\n              <\/div>\n            <\/div>\n            <\/a>          <\/div>\n         <\/div><div class=\"gallery-col col\" >\n          <div class=\"col-inner\">\n            <a class=\"image-lightbox lightbox-gallery\" href=\"https:\/\/www.montanheiros.com\/wp-content\/uploads\/2019\/05\/big17_1460367466.jpg\" title=\"Passeio pedestre \u00e0 Serra do Mori\u00e3o e Pico do Espig\u00e3o, 10abr2016 - ilha Terceira\">            <div class=\"box has-hover gallery-box box-none\">\n              <div class=\"box-image\" style=\"width:63%;\">\n                <img loading=\"lazy\" decoding=\"async\" width=\"280\" height=\"280\" src=\"https:\/\/www.montanheiros.com\/wp-content\/uploads\/2019\/05\/big17_1460367466-280x280.jpg\" class=\"attachment-thumbnail size-thumbnail\" alt=\"\" ids=\"6046,6047,6048,6049,6050,6051,6052,6053,6054,6055,6056,6057,6058,6059,6060,6062,6063,6064,6065,6066,6067,6068,6069,6070,6071,6072,6073,6074,6075,6076\" style=\"none\" type=\"slider\" columns=\"1\" image_width=\"63\" image_size=\"thumbnail\" text_align=\"center\" srcset=\"https:\/\/www.montanheiros.com\/wp-content\/uploads\/2019\/05\/big17_1460367466-280x280.jpg 280w, https:\/\/www.montanheiros.com\/wp-content\/uploads\/2019\/05\/big17_1460367466-300x300.jpg 300w, https:\/\/www.montanheiros.com\/wp-content\/uploads\/2019\/05\/big17_1460367466-100x100.jpg 100w\" sizes=\"auto, (max-width: 280px) 100vw, 280px\" \/>                                                              <\/div>\n              <div class=\"box-text text-center\" >\n                 <p>Passeio pedestre \u00e0 Serra do Mori\u00e3o e Pico do Espig\u00e3o, 10abr2016 - ilha Terceira<\/p>\n              <\/div>\n            <\/div>\n            <\/a>          <\/div>\n         <\/div><div class=\"gallery-col col\" >\n          <div class=\"col-inner\">\n            <a class=\"image-lightbox lightbox-gallery\" href=\"https:\/\/www.montanheiros.com\/wp-content\/uploads\/2019\/05\/big8_1460367206.jpg\" title=\"Passeio pedestre \u00e0 Serra do Mori\u00e3o e Pico do Espig\u00e3o, 10abr2016 - ilha Terceira \">            <div class=\"box has-hover gallery-box box-none\">\n              <div class=\"box-image\" style=\"width:63%;\">\n                <img loading=\"lazy\" decoding=\"async\" width=\"280\" height=\"280\" src=\"https:\/\/www.montanheiros.com\/wp-content\/uploads\/2019\/05\/big8_1460367206-280x280.jpg\" class=\"attachment-thumbnail size-thumbnail\" alt=\"\" ids=\"6046,6047,6048,6049,6050,6051,6052,6053,6054,6055,6056,6057,6058,6059,6060,6062,6063,6064,6065,6066,6067,6068,6069,6070,6071,6072,6073,6074,6075,6076\" style=\"none\" type=\"slider\" columns=\"1\" image_width=\"63\" image_size=\"thumbnail\" text_align=\"center\" srcset=\"https:\/\/www.montanheiros.com\/wp-content\/uploads\/2019\/05\/big8_1460367206-280x280.jpg 280w, https:\/\/www.montanheiros.com\/wp-content\/uploads\/2019\/05\/big8_1460367206-300x300.jpg 300w, https:\/\/www.montanheiros.com\/wp-content\/uploads\/2019\/05\/big8_1460367206-100x100.jpg 100w\" sizes=\"auto, (max-width: 280px) 100vw, 280px\" \/>                                                              <\/div>\n              <div class=\"box-text text-center\" >\n                 <p>Passeio pedestre \u00e0 Serra do Mori\u00e3o e Pico do Espig\u00e3o, 10abr2016 - ilha Terceira <\/p>\n              <\/div>\n            <\/div>\n            <\/a>          <\/div>\n         <\/div><div class=\"gallery-col col\" >\n          <div class=\"col-inner\">\n            <a class=\"image-lightbox lightbox-gallery\" href=\"https:\/\/www.montanheiros.com\/wp-content\/uploads\/2019\/05\/big7_1460367201.jpg\" title=\"Passeio pedestre \u00e0 Serra do Mori\u00e3o e Pico do Espig\u00e3o, 10abr2016 - ilha Terceira \">            <div class=\"box has-hover gallery-box box-none\">\n              <div class=\"box-image\" style=\"width:63%;\">\n                <img loading=\"lazy\" decoding=\"async\" width=\"280\" height=\"280\" src=\"https:\/\/www.montanheiros.com\/wp-content\/uploads\/2019\/05\/big7_1460367201-280x280.jpg\" class=\"attachment-thumbnail size-thumbnail\" alt=\"\" ids=\"6046,6047,6048,6049,6050,6051,6052,6053,6054,6055,6056,6057,6058,6059,6060,6062,6063,6064,6065,6066,6067,6068,6069,6070,6071,6072,6073,6074,6075,6076\" style=\"none\" type=\"slider\" columns=\"1\" image_width=\"63\" image_size=\"thumbnail\" text_align=\"center\" srcset=\"https:\/\/www.montanheiros.com\/wp-content\/uploads\/2019\/05\/big7_1460367201-280x280.jpg 280w, https:\/\/www.montanheiros.com\/wp-content\/uploads\/2019\/05\/big7_1460367201-300x300.jpg 300w, https:\/\/www.montanheiros.com\/wp-content\/uploads\/2019\/05\/big7_1460367201-100x100.jpg 100w\" sizes=\"auto, (max-width: 280px) 100vw, 280px\" \/>                                                              <\/div>\n              <div class=\"box-text text-center\" >\n                 <p>Passeio pedestre \u00e0 Serra do Mori\u00e3o e Pico do Espig\u00e3o, 10abr2016 - ilha Terceira <\/p>\n              <\/div>\n            <\/div>\n            <\/a>          <\/div>\n         <\/div><div class=\"gallery-col col\" >\n          <div class=\"col-inner\">\n            <a class=\"image-lightbox lightbox-gallery\" href=\"https:\/\/www.montanheiros.com\/wp-content\/uploads\/2019\/05\/big1_1460367186.jpg\" title=\"Passeio pedestre \u00e0 Serra do Mori\u00e3o e Pico do Espig\u00e3o, 10abr2016 - ilha Terceira \">            <div class=\"box has-hover gallery-box box-none\">\n              <div class=\"box-image\" style=\"width:63%;\">\n                <img loading=\"lazy\" decoding=\"async\" width=\"280\" height=\"280\" src=\"https:\/\/www.montanheiros.com\/wp-content\/uploads\/2019\/05\/big1_1460367186-280x280.jpg\" class=\"attachment-thumbnail size-thumbnail\" alt=\"\" ids=\"6046,6047,6048,6049,6050,6051,6052,6053,6054,6055,6056,6057,6058,6059,6060,6062,6063,6064,6065,6066,6067,6068,6069,6070,6071,6072,6073,6074,6075,6076\" style=\"none\" type=\"slider\" columns=\"1\" image_width=\"63\" image_size=\"thumbnail\" text_align=\"center\" srcset=\"https:\/\/www.montanheiros.com\/wp-content\/uploads\/2019\/05\/big1_1460367186-280x280.jpg 280w, https:\/\/www.montanheiros.com\/wp-content\/uploads\/2019\/05\/big1_1460367186-300x300.jpg 300w, https:\/\/www.montanheiros.com\/wp-content\/uploads\/2019\/05\/big1_1460367186-100x100.jpg 100w\" sizes=\"auto, (max-width: 280px) 100vw, 280px\" \/>                                                              <\/div>\n              <div class=\"box-text text-center\" >\n                 <p>Passeio pedestre \u00e0 Serra do Mori\u00e3o e Pico do Espig\u00e3o, 10abr2016 - ilha Terceira <\/p>\n              <\/div>\n            <\/div>\n            <\/a>          <\/div>\n         <\/div><div class=\"gallery-col col\" >\n          <div class=\"col-inner\">\n            <a class=\"image-lightbox lightbox-gallery\" href=\"https:\/\/www.montanheiros.com\/wp-content\/uploads\/2019\/05\/big2_1460367193.jpg\" title=\"Passeio pedestre \u00e0 Serra do Mori\u00e3o e Pico do Espig\u00e3o, 10abr2016 - ilha Terceira \">            <div class=\"box has-hover gallery-box box-none\">\n              <div class=\"box-image\" style=\"width:63%;\">\n                <img loading=\"lazy\" decoding=\"async\" width=\"280\" height=\"280\" src=\"https:\/\/www.montanheiros.com\/wp-content\/uploads\/2019\/05\/big2_1460367193-280x280.jpg\" class=\"attachment-thumbnail size-thumbnail\" alt=\"\" ids=\"6046,6047,6048,6049,6050,6051,6052,6053,6054,6055,6056,6057,6058,6059,6060,6062,6063,6064,6065,6066,6067,6068,6069,6070,6071,6072,6073,6074,6075,6076\" style=\"none\" type=\"slider\" columns=\"1\" image_width=\"63\" image_size=\"thumbnail\" text_align=\"center\" srcset=\"https:\/\/www.montanheiros.com\/wp-content\/uploads\/2019\/05\/big2_1460367193-280x280.jpg 280w, https:\/\/www.montanheiros.com\/wp-content\/uploads\/2019\/05\/big2_1460367193-300x300.jpg 300w, https:\/\/www.montanheiros.com\/wp-content\/uploads\/2019\/05\/big2_1460367193-100x100.jpg 100w\" sizes=\"auto, (max-width: 280px) 100vw, 280px\" \/>                                                              <\/div>\n              <div class=\"box-text text-center\" >\n                 <p>Passeio pedestre \u00e0 Serra do Mori\u00e3o e Pico do Espig\u00e3o, 10abr2016 - ilha Terceira <\/p>\n              <\/div>\n            <\/div>\n            <\/a>          <\/div>\n         <\/div><div class=\"gallery-col col\" >\n          <div class=\"col-inner\">\n            <a class=\"image-lightbox lightbox-gallery\" href=\"https:\/\/www.montanheiros.com\/wp-content\/uploads\/2019\/05\/big5_1460367197.jpg\" title=\"Passeio pedestre \u00e0 Serra do Mori\u00e3o e Pico do Espig\u00e3o, 10abr2016 - ilha Terceira \">            <div class=\"box has-hover gallery-box box-none\">\n              <div class=\"box-image\" style=\"width:63%;\">\n                <img loading=\"lazy\" decoding=\"async\" width=\"280\" height=\"280\" src=\"https:\/\/www.montanheiros.com\/wp-content\/uploads\/2019\/05\/big5_1460367197-280x280.jpg\" class=\"attachment-thumbnail size-thumbnail\" alt=\"\" ids=\"6046,6047,6048,6049,6050,6051,6052,6053,6054,6055,6056,6057,6058,6059,6060,6062,6063,6064,6065,6066,6067,6068,6069,6070,6071,6072,6073,6074,6075,6076\" style=\"none\" type=\"slider\" columns=\"1\" image_width=\"63\" image_size=\"thumbnail\" text_align=\"center\" srcset=\"https:\/\/www.montanheiros.com\/wp-content\/uploads\/2019\/05\/big5_1460367197-280x280.jpg 280w, https:\/\/www.montanheiros.com\/wp-content\/uploads\/2019\/05\/big5_1460367197-300x300.jpg 300w, https:\/\/www.montanheiros.com\/wp-content\/uploads\/2019\/05\/big5_1460367197-100x100.jpg 100w\" sizes=\"auto, (max-width: 280px) 100vw, 280px\" \/>                                                              <\/div>\n              <div class=\"box-text text-center\" >\n                 <p>Passeio pedestre \u00e0 Serra do Mori\u00e3o e Pico do Espig\u00e3o, 10abr2016 - ilha Terceira <\/p>\n              <\/div>\n            <\/div>\n            <\/a>          <\/div>\n         <\/div><div class=\"gallery-col col\" >\n          <div class=\"col-inner\">\n            <a class=\"image-lightbox lightbox-gallery\" href=\"https:\/\/www.montanheiros.com\/wp-content\/uploads\/2019\/05\/big6_1460367197.jpg\" title=\"Passeio pedestre \u00e0 Serra do Mori\u00e3o e Pico do Espig\u00e3o, 10abr2016 - ilha Terceira \">            <div class=\"box has-hover gallery-box box-none\">\n              <div class=\"box-image\" style=\"width:63%;\">\n                <img loading=\"lazy\" decoding=\"async\" width=\"280\" height=\"280\" src=\"https:\/\/www.montanheiros.com\/wp-content\/uploads\/2019\/05\/big6_1460367197-280x280.jpg\" class=\"attachment-thumbnail size-thumbnail\" alt=\"\" ids=\"6046,6047,6048,6049,6050,6051,6052,6053,6054,6055,6056,6057,6058,6059,6060,6062,6063,6064,6065,6066,6067,6068,6069,6070,6071,6072,6073,6074,6075,6076\" style=\"none\" type=\"slider\" columns=\"1\" image_width=\"63\" image_size=\"thumbnail\" text_align=\"center\" srcset=\"https:\/\/www.montanheiros.com\/wp-content\/uploads\/2019\/05\/big6_1460367197-280x280.jpg 280w, https:\/\/www.montanheiros.com\/wp-content\/uploads\/2019\/05\/big6_1460367197-300x300.jpg 300w, https:\/\/www.montanheiros.com\/wp-content\/uploads\/2019\/05\/big6_1460367197-100x100.jpg 100w\" sizes=\"auto, (max-width: 280px) 100vw, 280px\" \/>                                                              <\/div>\n              <div class=\"box-text text-center\" >\n                 <p>Passeio pedestre \u00e0 Serra do Mori\u00e3o e Pico do Espig\u00e3o, 10abr2016 - ilha Terceira <\/p>\n              <\/div>\n            <\/div>\n            <\/a>          <\/div>\n         <\/div><div class=\"gallery-col col\" >\n          <div class=\"col-inner\">\n            <a class=\"image-lightbox lightbox-gallery\" href=\"https:\/\/www.montanheiros.com\/wp-content\/uploads\/2019\/05\/big10_1460367212.jpg\" title=\"Passeio pedestre \u00e0 Serra do Mori\u00e3o e Pico do Espig\u00e3o, 10abr2016 - ilha Terceira \">            <div class=\"box has-hover gallery-box box-none\">\n              <div class=\"box-image\" style=\"width:63%;\">\n                <img loading=\"lazy\" decoding=\"async\" width=\"280\" height=\"280\" src=\"https:\/\/www.montanheiros.com\/wp-content\/uploads\/2019\/05\/big10_1460367212-280x280.jpg\" class=\"attachment-thumbnail size-thumbnail\" alt=\"\" ids=\"6046,6047,6048,6049,6050,6051,6052,6053,6054,6055,6056,6057,6058,6059,6060,6062,6063,6064,6065,6066,6067,6068,6069,6070,6071,6072,6073,6074,6075,6076\" style=\"none\" type=\"slider\" columns=\"1\" image_width=\"63\" image_size=\"thumbnail\" text_align=\"center\" srcset=\"https:\/\/www.montanheiros.com\/wp-content\/uploads\/2019\/05\/big10_1460367212-280x280.jpg 280w, https:\/\/www.montanheiros.com\/wp-content\/uploads\/2019\/05\/big10_1460367212-300x300.jpg 300w, https:\/\/www.montanheiros.com\/wp-content\/uploads\/2019\/05\/big10_1460367212-100x100.jpg 100w\" sizes=\"auto, (max-width: 280px) 100vw, 280px\" \/>                                                              <\/div>\n              <div class=\"box-text text-center\" >\n                 <p>Passeio pedestre \u00e0 Serra do Mori\u00e3o e Pico do Espig\u00e3o, 10abr2016 - ilha Terceira <\/p>\n              <\/div>\n            <\/div>\n            <\/a>          <\/div>\n         <\/div><div class=\"gallery-col col\" >\n          <div class=\"col-inner\">\n            <a class=\"image-lightbox lightbox-gallery\" href=\"https:\/\/www.montanheiros.com\/wp-content\/uploads\/2019\/05\/big6_1460367288.jpg\" title=\"Passeio pedestre \u00e0 Serra do Mori\u00e3o e Pico do Espig\u00e3o, 10abr2016 - ilha Terceira \">            <div class=\"box has-hover gallery-box box-none\">\n              <div class=\"box-image\" style=\"width:63%;\">\n                <img loading=\"lazy\" decoding=\"async\" width=\"280\" height=\"280\" src=\"https:\/\/www.montanheiros.com\/wp-content\/uploads\/2019\/05\/big6_1460367288-280x280.jpg\" class=\"attachment-thumbnail size-thumbnail\" alt=\"\" ids=\"6046,6047,6048,6049,6050,6051,6052,6053,6054,6055,6056,6057,6058,6059,6060,6062,6063,6064,6065,6066,6067,6068,6069,6070,6071,6072,6073,6074,6075,6076\" style=\"none\" type=\"slider\" columns=\"1\" image_width=\"63\" image_size=\"thumbnail\" text_align=\"center\" srcset=\"https:\/\/www.montanheiros.com\/wp-content\/uploads\/2019\/05\/big6_1460367288-280x280.jpg 280w, https:\/\/www.montanheiros.com\/wp-content\/uploads\/2019\/05\/big6_1460367288-300x300.jpg 300w, https:\/\/www.montanheiros.com\/wp-content\/uploads\/2019\/05\/big6_1460367288-100x100.jpg 100w\" sizes=\"auto, (max-width: 280px) 100vw, 280px\" \/>                                                              <\/div>\n              <div class=\"box-text text-center\" >\n                 <p>Passeio pedestre \u00e0 Serra do Mori\u00e3o e Pico do Espig\u00e3o, 10abr2016 - ilha Terceira <\/p>\n              <\/div>\n            <\/div>\n            <\/a>          <\/div>\n         <\/div><div class=\"gallery-col col\" >\n          <div class=\"col-inner\">\n            <a class=\"image-lightbox lightbox-gallery\" href=\"https:\/\/www.montanheiros.com\/wp-content\/uploads\/2019\/05\/big3_1460367278.jpg\" title=\"Passeio pedestre \u00e0 Serra do Mori\u00e3o e Pico do Espig\u00e3o, 10abr2016 - ilha Terceira \">            <div class=\"box has-hover gallery-box box-none\">\n              <div class=\"box-image\" style=\"width:63%;\">\n                <img loading=\"lazy\" decoding=\"async\" width=\"280\" height=\"280\" src=\"https:\/\/www.montanheiros.com\/wp-content\/uploads\/2019\/05\/big3_1460367278-280x280.jpg\" class=\"attachment-thumbnail size-thumbnail\" alt=\"\" ids=\"6046,6047,6048,6049,6050,6051,6052,6053,6054,6055,6056,6057,6058,6059,6060,6062,6063,6064,6065,6066,6067,6068,6069,6070,6071,6072,6073,6074,6075,6076\" style=\"none\" type=\"slider\" columns=\"1\" image_width=\"63\" image_size=\"thumbnail\" text_align=\"center\" srcset=\"https:\/\/www.montanheiros.com\/wp-content\/uploads\/2019\/05\/big3_1460367278-280x280.jpg 280w, https:\/\/www.montanheiros.com\/wp-content\/uploads\/2019\/05\/big3_1460367278-300x300.jpg 300w, https:\/\/www.montanheiros.com\/wp-content\/uploads\/2019\/05\/big3_1460367278-100x100.jpg 100w\" sizes=\"auto, (max-width: 280px) 100vw, 280px\" \/>                                                              <\/div>\n              <div class=\"box-text text-center\" >\n                 <p>Passeio pedestre \u00e0 Serra do Mori\u00e3o e Pico do Espig\u00e3o, 10abr2016 - ilha Terceira <\/p>\n              <\/div>\n            <\/div>\n            <\/a>          <\/div>\n         <\/div><div class=\"gallery-col col\" >\n          <div class=\"col-inner\">\n            <a class=\"image-lightbox lightbox-gallery\" href=\"https:\/\/www.montanheiros.com\/wp-content\/uploads\/2019\/05\/big5_1460367286.jpg\" title=\"Passeio pedestre \u00e0 Serra do Mori\u00e3o e Pico do Espig\u00e3o, 10abr2016 - ilha Terceira \">            <div class=\"box has-hover gallery-box box-none\">\n              <div class=\"box-image\" style=\"width:63%;\">\n                <img loading=\"lazy\" decoding=\"async\" width=\"280\" height=\"280\" src=\"https:\/\/www.montanheiros.com\/wp-content\/uploads\/2019\/05\/big5_1460367286-280x280.jpg\" class=\"attachment-thumbnail size-thumbnail\" alt=\"\" ids=\"6046,6047,6048,6049,6050,6051,6052,6053,6054,6055,6056,6057,6058,6059,6060,6062,6063,6064,6065,6066,6067,6068,6069,6070,6071,6072,6073,6074,6075,6076\" style=\"none\" type=\"slider\" columns=\"1\" image_width=\"63\" image_size=\"thumbnail\" text_align=\"center\" srcset=\"https:\/\/www.montanheiros.com\/wp-content\/uploads\/2019\/05\/big5_1460367286-280x280.jpg 280w, https:\/\/www.montanheiros.com\/wp-content\/uploads\/2019\/05\/big5_1460367286-300x300.jpg 300w, https:\/\/www.montanheiros.com\/wp-content\/uploads\/2019\/05\/big5_1460367286-100x100.jpg 100w\" sizes=\"auto, (max-width: 280px) 100vw, 280px\" \/>                                                              <\/div>\n              <div class=\"box-text text-center\" >\n                 <p>Passeio pedestre \u00e0 Serra do Mori\u00e3o e Pico do Espig\u00e3o, 10abr2016 - ilha Terceira <\/p>\n              <\/div>\n            <\/div>\n            <\/a>          <\/div>\n         <\/div><div class=\"gallery-col col\" >\n          <div class=\"col-inner\">\n            <a class=\"image-lightbox lightbox-gallery\" href=\"https:\/\/www.montanheiros.com\/wp-content\/uploads\/2019\/05\/big1_1460367273.jpg\" title=\"Passeio pedestre \u00e0 Serra do Mori\u00e3o e Pico do Espig\u00e3o, 10abr2016 - ilha Terceira \">            <div class=\"box has-hover gallery-box box-none\">\n              <div class=\"box-image\" style=\"width:63%;\">\n                <img loading=\"lazy\" decoding=\"async\" width=\"280\" height=\"280\" src=\"https:\/\/www.montanheiros.com\/wp-content\/uploads\/2019\/05\/big1_1460367273-280x280.jpg\" class=\"attachment-thumbnail size-thumbnail\" alt=\"\" ids=\"6046,6047,6048,6049,6050,6051,6052,6053,6054,6055,6056,6057,6058,6059,6060,6062,6063,6064,6065,6066,6067,6068,6069,6070,6071,6072,6073,6074,6075,6076\" style=\"none\" type=\"slider\" columns=\"1\" image_width=\"63\" image_size=\"thumbnail\" text_align=\"center\" srcset=\"https:\/\/www.montanheiros.com\/wp-content\/uploads\/2019\/05\/big1_1460367273-280x280.jpg 280w, https:\/\/www.montanheiros.com\/wp-content\/uploads\/2019\/05\/big1_1460367273-300x300.jpg 300w, https:\/\/www.montanheiros.com\/wp-content\/uploads\/2019\/05\/big1_1460367273-100x100.jpg 100w\" sizes=\"auto, (max-width: 280px) 100vw, 280px\" \/>                                                              <\/div>\n              <div class=\"box-text text-center\" >\n                 <p>Passeio pedestre \u00e0 Serra do Mori\u00e3o e Pico do Espig\u00e3o, 10abr2016 - ilha Terceira <\/p>\n              <\/div>\n            <\/div>\n            <\/a>          <\/div>\n         <\/div><div class=\"gallery-col col\" >\n          <div class=\"col-inner\">\n            <a class=\"image-lightbox lightbox-gallery\" href=\"https:\/\/www.montanheiros.com\/wp-content\/uploads\/2019\/05\/big10_1460367295.jpg\" title=\"Passeio pedestre \u00e0 Serra do Mori\u00e3o e Pico do Espig\u00e3o, 10abr2016 - ilha Terceira \">            <div class=\"box has-hover gallery-box box-none\">\n              <div class=\"box-image\" style=\"width:63%;\">\n                <img loading=\"lazy\" decoding=\"async\" width=\"280\" height=\"280\" src=\"https:\/\/www.montanheiros.com\/wp-content\/uploads\/2019\/05\/big10_1460367295-280x280.jpg\" class=\"attachment-thumbnail size-thumbnail\" alt=\"\" ids=\"6046,6047,6048,6049,6050,6051,6052,6053,6054,6055,6056,6057,6058,6059,6060,6062,6063,6064,6065,6066,6067,6068,6069,6070,6071,6072,6073,6074,6075,6076\" style=\"none\" type=\"slider\" columns=\"1\" image_width=\"63\" image_size=\"thumbnail\" text_align=\"center\" srcset=\"https:\/\/www.montanheiros.com\/wp-content\/uploads\/2019\/05\/big10_1460367295-280x280.jpg 280w, https:\/\/www.montanheiros.com\/wp-content\/uploads\/2019\/05\/big10_1460367295-300x300.jpg 300w, https:\/\/www.montanheiros.com\/wp-content\/uploads\/2019\/05\/big10_1460367295-100x100.jpg 100w\" sizes=\"auto, (max-width: 280px) 100vw, 280px\" \/>                                                              <\/div>\n              <div class=\"box-text text-center\" >\n                 <p>Passeio pedestre \u00e0 Serra do Mori\u00e3o e Pico do Espig\u00e3o, 10abr2016 - ilha Terceira <\/p>\n              <\/div>\n            <\/div>\n            <\/a>          <\/div>\n         <\/div><div class=\"gallery-col col\" >\n          <div class=\"col-inner\">\n            <a class=\"image-lightbox lightbox-gallery\" href=\"https:\/\/www.montanheiros.com\/wp-content\/uploads\/2019\/05\/big9_1460367294.jpg\" title=\"Passeio pedestre \u00e0 Serra do Mori\u00e3o e Pico do Espig\u00e3o, 10abr2016 - ilha Terceira \">            <div class=\"box has-hover gallery-box box-none\">\n              <div class=\"box-image\" style=\"width:63%;\">\n                <img loading=\"lazy\" decoding=\"async\" width=\"280\" height=\"280\" src=\"https:\/\/www.montanheiros.com\/wp-content\/uploads\/2019\/05\/big9_1460367294-280x280.jpg\" class=\"attachment-thumbnail size-thumbnail\" alt=\"\" ids=\"6046,6047,6048,6049,6050,6051,6052,6053,6054,6055,6056,6057,6058,6059,6060,6062,6063,6064,6065,6066,6067,6068,6069,6070,6071,6072,6073,6074,6075,6076\" style=\"none\" type=\"slider\" columns=\"1\" image_width=\"63\" image_size=\"thumbnail\" text_align=\"center\" srcset=\"https:\/\/www.montanheiros.com\/wp-content\/uploads\/2019\/05\/big9_1460367294-280x280.jpg 280w, https:\/\/www.montanheiros.com\/wp-content\/uploads\/2019\/05\/big9_1460367294-300x300.jpg 300w, https:\/\/www.montanheiros.com\/wp-content\/uploads\/2019\/05\/big9_1460367294-100x100.jpg 100w\" sizes=\"auto, (max-width: 280px) 100vw, 280px\" \/>                                                              <\/div>\n              <div class=\"box-text text-center\" >\n                 <p>Passeio pedestre \u00e0 Serra do Mori\u00e3o e Pico do Espig\u00e3o, 10abr2016 - ilha Terceira <\/p>\n              <\/div>\n            <\/div>\n            <\/a>          <\/div>\n         <\/div><div class=\"gallery-col col\" >\n          <div class=\"col-inner\">\n            <a class=\"image-lightbox lightbox-gallery\" href=\"https:\/\/www.montanheiros.com\/wp-content\/uploads\/2019\/05\/big4_1460367282.jpg\" title=\"Passeio pedestre \u00e0 Serra do Mori\u00e3o e Pico do Espig\u00e3o, 10abr2016 - ilha Terceira \">            <div class=\"box has-hover gallery-box box-none\">\n              <div class=\"box-image\" style=\"width:63%;\">\n                <img loading=\"lazy\" decoding=\"async\" width=\"280\" height=\"280\" src=\"https:\/\/www.montanheiros.com\/wp-content\/uploads\/2019\/05\/big4_1460367282-280x280.jpg\" class=\"attachment-thumbnail size-thumbnail\" alt=\"\" ids=\"6046,6047,6048,6049,6050,6051,6052,6053,6054,6055,6056,6057,6058,6059,6060,6062,6063,6064,6065,6066,6067,6068,6069,6070,6071,6072,6073,6074,6075,6076\" style=\"none\" type=\"slider\" columns=\"1\" image_width=\"63\" image_size=\"thumbnail\" text_align=\"center\" srcset=\"https:\/\/www.montanheiros.com\/wp-content\/uploads\/2019\/05\/big4_1460367282-280x280.jpg 280w, https:\/\/www.montanheiros.com\/wp-content\/uploads\/2019\/05\/big4_1460367282-300x300.jpg 300w, https:\/\/www.montanheiros.com\/wp-content\/uploads\/2019\/05\/big4_1460367282-100x100.jpg 100w\" sizes=\"auto, (max-width: 280px) 100vw, 280px\" \/>                                                              <\/div>\n              <div class=\"box-text text-center\" >\n                 <p>Passeio pedestre \u00e0 Serra do Mori\u00e3o e Pico do Espig\u00e3o, 10abr2016 - ilha Terceira <\/p>\n              <\/div>\n            <\/div>\n            <\/a>          <\/div>\n         <\/div><div class=\"gallery-col col\" >\n          <div class=\"col-inner\">\n            <a class=\"image-lightbox lightbox-gallery\" href=\"https:\/\/www.montanheiros.com\/wp-content\/uploads\/2019\/05\/big8_1460367294.jpg\" title=\"Passeio pedestre \u00e0 Serra do Mori\u00e3o e Pico do Espig\u00e3o, 10abr2016 - ilha Terceira \">            <div class=\"box has-hover gallery-box box-none\">\n              <div class=\"box-image\" style=\"width:63%;\">\n                <img loading=\"lazy\" decoding=\"async\" width=\"280\" height=\"280\" src=\"https:\/\/www.montanheiros.com\/wp-content\/uploads\/2019\/05\/big8_1460367294-280x280.jpg\" class=\"attachment-thumbnail size-thumbnail\" alt=\"\" ids=\"6046,6047,6048,6049,6050,6051,6052,6053,6054,6055,6056,6057,6058,6059,6060,6062,6063,6064,6065,6066,6067,6068,6069,6070,6071,6072,6073,6074,6075,6076\" style=\"none\" type=\"slider\" columns=\"1\" image_width=\"63\" image_size=\"thumbnail\" text_align=\"center\" srcset=\"https:\/\/www.montanheiros.com\/wp-content\/uploads\/2019\/05\/big8_1460367294-280x280.jpg 280w, https:\/\/www.montanheiros.com\/wp-content\/uploads\/2019\/05\/big8_1460367294-300x300.jpg 300w, https:\/\/www.montanheiros.com\/wp-content\/uploads\/2019\/05\/big8_1460367294-100x100.jpg 100w\" sizes=\"auto, (max-width: 280px) 100vw, 280px\" \/>                                                              <\/div>\n              <div class=\"box-text text-center\" >\n                 <p>Passeio pedestre \u00e0 Serra do Mori\u00e3o e Pico do Espig\u00e3o, 10abr2016 - ilha Terceira <\/p>\n              <\/div>\n            <\/div>\n            <\/a>          <\/div>\n         <\/div><\/div>\n\n\n\t\t<\/div>\n\t\t\t\t\t<\/div>\n\n\t\n\n\t<div id=\"col-2047553977\" class=\"col medium-3 small-12 large-3\"  >\n\t\t\t\t<div class=\"col-inner\"  >\n\t\t\t\n\t\t\t\n\n<p>Reconhecimento de trilho Serra do Mori\u00e3o e Pico do Espig\u00e3o<\/p>\n\n  \n    <div class=\"row large-columns-1 medium-columns- small-columns- row-full-width slider row-slider slider-nav-reveal\"  data-flickity-options='{\"imagesLoaded\": true, \"groupCells\": \"100%\", \"dragThreshold\" : 5, \"cellAlign\": \"left\",\"wrapAround\": true,\"prevNextButtons\": true,\"percentPosition\": true,\"pageDots\": false, \"rightToLeft\": false, \"autoPlay\" : false}'>\n\n  <div class=\"gallery-col col\" >\n          <div class=\"col-inner\">\n            <a class=\"image-lightbox lightbox-gallery\" href=\"https:\/\/www.montanheiros.com\/wp-content\/uploads\/2019\/05\/big4_1460367616.jpg\" title=\"Reconhecimento de trilho Serra do Mori\u00e3o e Pico do Espig\u00e3o\">            <div class=\"box has-hover gallery-box box-none\">\n              <div class=\"box-image\" style=\"width:63%;\">\n                <img loading=\"lazy\" decoding=\"async\" width=\"280\" height=\"280\" src=\"https:\/\/www.montanheiros.com\/wp-content\/uploads\/2019\/05\/big4_1460367616-280x280.jpg\" class=\"attachment-thumbnail size-thumbnail\" alt=\"\" ids=\"6037,6038,6039,6040,6041,6042,6043,6044\" style=\"none\" type=\"slider\" columns=\"1\" image_width=\"63\" image_size=\"thumbnail\" text_align=\"center\" srcset=\"https:\/\/www.montanheiros.com\/wp-content\/uploads\/2019\/05\/big4_1460367616-280x280.jpg 280w, https:\/\/www.montanheiros.com\/wp-content\/uploads\/2019\/05\/big4_1460367616-300x300.jpg 300w, https:\/\/www.montanheiros.com\/wp-content\/uploads\/2019\/05\/big4_1460367616-100x100.jpg 100w\" sizes=\"auto, (max-width: 280px) 100vw, 280px\" \/>                                                              <\/div>\n              <div class=\"box-text text-center\" >\n                 <p>Reconhecimento de trilho Serra do Mori\u00e3o e Pico do Espig\u00e3o<\/p>\n              <\/div>\n            <\/div>\n            <\/a>          <\/div>\n         <\/div><div class=\"gallery-col col\" >\n          <div class=\"col-inner\">\n            <a class=\"image-lightbox lightbox-gallery\" href=\"https:\/\/www.montanheiros.com\/wp-content\/uploads\/2019\/05\/big2_1460367614.jpg\" title=\"Reconhecimento de trilho Serra do Mori\u00e3o e Pico do Espig\u00e3o\">            <div class=\"box has-hover gallery-box box-none\">\n              <div class=\"box-image\" style=\"width:63%;\">\n                <img loading=\"lazy\" decoding=\"async\" width=\"280\" height=\"280\" src=\"https:\/\/www.montanheiros.com\/wp-content\/uploads\/2019\/05\/big2_1460367614-280x280.jpg\" class=\"attachment-thumbnail size-thumbnail\" alt=\"\" ids=\"6037,6038,6039,6040,6041,6042,6043,6044\" style=\"none\" type=\"slider\" columns=\"1\" image_width=\"63\" image_size=\"thumbnail\" text_align=\"center\" srcset=\"https:\/\/www.montanheiros.com\/wp-content\/uploads\/2019\/05\/big2_1460367614-280x280.jpg 280w, https:\/\/www.montanheiros.com\/wp-content\/uploads\/2019\/05\/big2_1460367614-300x300.jpg 300w, https:\/\/www.montanheiros.com\/wp-content\/uploads\/2019\/05\/big2_1460367614-100x100.jpg 100w\" sizes=\"auto, (max-width: 280px) 100vw, 280px\" \/>                                                              <\/div>\n              <div class=\"box-text text-center\" >\n                 <p>Reconhecimento de trilho Serra do Mori\u00e3o e Pico do Espig\u00e3o<\/p>\n              <\/div>\n            <\/div>\n            <\/a>          <\/div>\n         <\/div><div class=\"gallery-col col\" >\n          <div class=\"col-inner\">\n            <a class=\"image-lightbox lightbox-gallery\" href=\"https:\/\/www.montanheiros.com\/wp-content\/uploads\/2019\/05\/big1_1460367614.jpg\" title=\"Reconhecimento de trilho Serra do Mori\u00e3o e Pico do Espig\u00e3o\">            <div class=\"box has-hover gallery-box box-none\">\n              <div class=\"box-image\" style=\"width:63%;\">\n                <img loading=\"lazy\" decoding=\"async\" width=\"280\" height=\"280\" src=\"https:\/\/www.montanheiros.com\/wp-content\/uploads\/2019\/05\/big1_1460367614-280x280.jpg\" class=\"attachment-thumbnail size-thumbnail\" alt=\"\" ids=\"6037,6038,6039,6040,6041,6042,6043,6044\" style=\"none\" type=\"slider\" columns=\"1\" image_width=\"63\" image_size=\"thumbnail\" text_align=\"center\" srcset=\"https:\/\/www.montanheiros.com\/wp-content\/uploads\/2019\/05\/big1_1460367614-280x280.jpg 280w, https:\/\/www.montanheiros.com\/wp-content\/uploads\/2019\/05\/big1_1460367614-300x300.jpg 300w, https:\/\/www.montanheiros.com\/wp-content\/uploads\/2019\/05\/big1_1460367614-100x100.jpg 100w\" sizes=\"auto, (max-width: 280px) 100vw, 280px\" \/>                                                              <\/div>\n              <div class=\"box-text text-center\" >\n                 <p>Reconhecimento de trilho Serra do Mori\u00e3o e Pico do Espig\u00e3o<\/p>\n              <\/div>\n            <\/div>\n            <\/a>          <\/div>\n         <\/div><div class=\"gallery-col col\" >\n          <div class=\"col-inner\">\n            <a class=\"image-lightbox lightbox-gallery\" href=\"https:\/\/www.montanheiros.com\/wp-content\/uploads\/2019\/05\/big5_1460367619.jpg\" title=\"Reconhecimento de trilho Serra do Mori\u00e3o e Pico do Espig\u00e3o\">            <div class=\"box has-hover gallery-box box-none\">\n              <div class=\"box-image\" style=\"width:63%;\">\n                <img loading=\"lazy\" decoding=\"async\" width=\"280\" height=\"280\" src=\"https:\/\/www.montanheiros.com\/wp-content\/uploads\/2019\/05\/big5_1460367619-280x280.jpg\" class=\"attachment-thumbnail size-thumbnail\" alt=\"\" ids=\"6037,6038,6039,6040,6041,6042,6043,6044\" style=\"none\" type=\"slider\" columns=\"1\" image_width=\"63\" image_size=\"thumbnail\" text_align=\"center\" srcset=\"https:\/\/www.montanheiros.com\/wp-content\/uploads\/2019\/05\/big5_1460367619-280x280.jpg 280w, https:\/\/www.montanheiros.com\/wp-content\/uploads\/2019\/05\/big5_1460367619-300x300.jpg 300w, https:\/\/www.montanheiros.com\/wp-content\/uploads\/2019\/05\/big5_1460367619-100x100.jpg 100w\" sizes=\"auto, (max-width: 280px) 100vw, 280px\" \/>                                                              <\/div>\n              <div class=\"box-text text-center\" >\n                 <p>Reconhecimento de trilho Serra do Mori\u00e3o e Pico do Espig\u00e3o<\/p>\n              <\/div>\n            <\/div>\n            <\/a>          <\/div>\n         <\/div><div class=\"gallery-col col\" >\n          <div class=\"col-inner\">\n            <a class=\"image-lightbox lightbox-gallery\" href=\"https:\/\/www.montanheiros.com\/wp-content\/uploads\/2019\/05\/big3_1460367616.jpg\" title=\"Reconhecimento de trilho Serra do Mori\u00e3o e Pico do Espig\u00e3o\">            <div class=\"box has-hover gallery-box box-none\">\n              <div class=\"box-image\" style=\"width:63%;\">\n                <img loading=\"lazy\" decoding=\"async\" width=\"280\" height=\"280\" src=\"https:\/\/www.montanheiros.com\/wp-content\/uploads\/2019\/05\/big3_1460367616-280x280.jpg\" class=\"attachment-thumbnail size-thumbnail\" alt=\"\" ids=\"6037,6038,6039,6040,6041,6042,6043,6044\" style=\"none\" type=\"slider\" columns=\"1\" image_width=\"63\" image_size=\"thumbnail\" text_align=\"center\" srcset=\"https:\/\/www.montanheiros.com\/wp-content\/uploads\/2019\/05\/big3_1460367616-280x280.jpg 280w, https:\/\/www.montanheiros.com\/wp-content\/uploads\/2019\/05\/big3_1460367616-300x300.jpg 300w, https:\/\/www.montanheiros.com\/wp-content\/uploads\/2019\/05\/big3_1460367616-100x100.jpg 100w\" sizes=\"auto, (max-width: 280px) 100vw, 280px\" \/>                                                              <\/div>\n              <div class=\"box-text text-center\" >\n                 <p>Reconhecimento de trilho Serra do Mori\u00e3o e Pico do Espig\u00e3o<\/p>\n              <\/div>\n            <\/div>\n            <\/a>          <\/div>\n         <\/div><div class=\"gallery-col col\" >\n          <div class=\"col-inner\">\n            <a class=\"image-lightbox lightbox-gallery\" href=\"https:\/\/www.montanheiros.com\/wp-content\/uploads\/2019\/05\/big7_1460367624.jpg\" title=\" Reconhecimento de trilho Serra do Mori\u00e3o e Pico do Espig\u00e3o\">            <div class=\"box has-hover gallery-box box-none\">\n              <div class=\"box-image\" style=\"width:63%;\">\n                <img loading=\"lazy\" decoding=\"async\" width=\"280\" height=\"280\" src=\"https:\/\/www.montanheiros.com\/wp-content\/uploads\/2019\/05\/big7_1460367624-280x280.jpg\" class=\"attachment-thumbnail size-thumbnail\" alt=\"\" ids=\"6037,6038,6039,6040,6041,6042,6043,6044\" style=\"none\" type=\"slider\" columns=\"1\" image_width=\"63\" image_size=\"thumbnail\" text_align=\"center\" srcset=\"https:\/\/www.montanheiros.com\/wp-content\/uploads\/2019\/05\/big7_1460367624-280x280.jpg 280w, https:\/\/www.montanheiros.com\/wp-content\/uploads\/2019\/05\/big7_1460367624-300x300.jpg 300w, https:\/\/www.montanheiros.com\/wp-content\/uploads\/2019\/05\/big7_1460367624-100x100.jpg 100w\" sizes=\"auto, (max-width: 280px) 100vw, 280px\" \/>                                                              <\/div>\n              <div class=\"box-text text-center\" >\n                 <p> Reconhecimento de trilho Serra do Mori\u00e3o e Pico do Espig\u00e3o<\/p>\n              <\/div>\n            <\/div>\n            <\/a>          <\/div>\n         <\/div><div class=\"gallery-col col\" >\n          <div class=\"col-inner\">\n            <a class=\"image-lightbox lightbox-gallery\" href=\"https:\/\/www.montanheiros.com\/wp-content\/uploads\/2019\/05\/big6_1460367619-533x800.jpg\" title=\"Reconhecimento de trilho Serra do Mori\u00e3o e Pico do Espig\u00e3o\">            <div class=\"box has-hover gallery-box box-none\">\n              <div class=\"box-image\" style=\"width:63%;\">\n                <img loading=\"lazy\" decoding=\"async\" width=\"280\" height=\"280\" src=\"https:\/\/www.montanheiros.com\/wp-content\/uploads\/2019\/05\/big6_1460367619-280x280.jpg\" class=\"attachment-thumbnail size-thumbnail\" alt=\"\" ids=\"6037,6038,6039,6040,6041,6042,6043,6044\" style=\"none\" type=\"slider\" columns=\"1\" image_width=\"63\" image_size=\"thumbnail\" text_align=\"center\" srcset=\"https:\/\/www.montanheiros.com\/wp-content\/uploads\/2019\/05\/big6_1460367619-280x280.jpg 280w, https:\/\/www.montanheiros.com\/wp-content\/uploads\/2019\/05\/big6_1460367619-300x300.jpg 300w, https:\/\/www.montanheiros.com\/wp-content\/uploads\/2019\/05\/big6_1460367619-100x100.jpg 100w\" sizes=\"auto, (max-width: 280px) 100vw, 280px\" \/>                                                              <\/div>\n              <div class=\"box-text text-center\" >\n                 <p>Reconhecimento de trilho Serra do Mori\u00e3o e Pico do Espig\u00e3o<\/p>\n              <\/div>\n            <\/div>\n            <\/a>          <\/div>\n         <\/div><div class=\"gallery-col col\" >\n          <div class=\"col-inner\">\n            <a class=\"image-lightbox lightbox-gallery\" href=\"https:\/\/www.montanheiros.com\/wp-content\/uploads\/2019\/05\/big8_1460367626.jpg\" title=\"Reconhecimento de trilho Serra do Mori\u00e3o e Pico do Espig\u00e3o\">            <div class=\"box has-hover gallery-box box-none\">\n              <div class=\"box-image\" style=\"width:63%;\">\n                <img loading=\"lazy\" decoding=\"async\" width=\"280\" height=\"280\" src=\"https:\/\/www.montanheiros.com\/wp-content\/uploads\/2019\/05\/big8_1460367626-280x280.jpg\" class=\"attachment-thumbnail size-thumbnail\" alt=\"\" ids=\"6037,6038,6039,6040,6041,6042,6043,6044\" style=\"none\" type=\"slider\" columns=\"1\" image_width=\"63\" image_size=\"thumbnail\" text_align=\"center\" srcset=\"https:\/\/www.montanheiros.com\/wp-content\/uploads\/2019\/05\/big8_1460367626-280x280.jpg 280w, https:\/\/www.montanheiros.com\/wp-content\/uploads\/2019\/05\/big8_1460367626-300x300.jpg 300w, https:\/\/www.montanheiros.com\/wp-content\/uploads\/2019\/05\/big8_1460367626-100x100.jpg 100w\" sizes=\"auto, (max-width: 280px) 100vw, 280px\" \/>                                                              <\/div>\n              <div class=\"box-text text-center\" >\n                 <p>Reconhecimento de trilho Serra do Mori\u00e3o e Pico do Espig\u00e3o<\/p>\n              <\/div>\n            <\/div>\n            <\/a>          <\/div>\n         <\/div><\/div>\n\n\n\t\t<\/div>\n\t\t\t\t\t<\/div>\n\n\t\n\n<\/div>\n\t<div id=\"gap-997555210\" class=\"gap-element clearfix\" style=\"display:block; height:auto;\">\n\t\t\n<style>\n#gap-997555210 {\n  padding-top: 30px;\n}\n<\/style>\n\t<\/div>\n\t\n\n<div class=\"container section-title-container\" ><h4 class=\"section-title section-title-normal\"><b><\/b><span class=\"section-title-main\" >2015<\/span><b><\/b><\/h4><\/div>\n\n<div class=\"row row-dashed\"  id=\"row-1979317360\">\n\n\n\t<div id=\"col-1740312387\" class=\"col medium-3 small-12 large-3\"  >\n\t\t\t\t<div class=\"col-inner\"  >\n\t\t\t\n\t\t\t\n\n<p>Caminhada \u00e0 passagem das bestas e encerramento da temporada de caminhadas 2015, 18out2015 &#8211; ilha Terceira<\/p>\n\n  \n    <div class=\"row large-columns-1 medium-columns- small-columns- row-full-width slider row-slider slider-nav-reveal\"  data-flickity-options='{\"imagesLoaded\": true, \"groupCells\": \"100%\", \"dragThreshold\" : 5, \"cellAlign\": \"left\",\"wrapAround\": true,\"prevNextButtons\": true,\"percentPosition\": true,\"pageDots\": false, \"rightToLeft\": false, \"autoPlay\" : false}'>\n\n  <div class=\"gallery-col col\" >\n          <div class=\"col-inner\">\n            <a class=\"image-lightbox lightbox-gallery\" href=\"https:\/\/www.montanheiros.com\/wp-content\/uploads\/2019\/05\/big23_1445424964.jpg\" title=\"Caminhada \u00e0 passagem das bestas e encerramento da temporada de caminhadas 2015, 18out2015 - ilha Terceira\">            <div class=\"box has-hover gallery-box box-none\">\n              <div class=\"box-image\" style=\"width:63%;\">\n                <img loading=\"lazy\" decoding=\"async\" width=\"280\" height=\"280\" src=\"https:\/\/www.montanheiros.com\/wp-content\/uploads\/2019\/05\/big23_1445424964-280x280.jpg\" class=\"attachment-thumbnail size-thumbnail\" alt=\"\" ids=\"6019,6020,6021,6022,6023,6024,6025,6026,6027,6028,6029,6030,6031,6032,6033,6034,6035\" style=\"none\" type=\"slider\" columns=\"1\" image_width=\"63\" image_size=\"thumbnail\" text_align=\"center\" srcset=\"https:\/\/www.montanheiros.com\/wp-content\/uploads\/2019\/05\/big23_1445424964-280x280.jpg 280w, https:\/\/www.montanheiros.com\/wp-content\/uploads\/2019\/05\/big23_1445424964-300x300.jpg 300w, https:\/\/www.montanheiros.com\/wp-content\/uploads\/2019\/05\/big23_1445424964-100x100.jpg 100w\" sizes=\"auto, (max-width: 280px) 100vw, 280px\" \/>                                                              <\/div>\n              <div class=\"box-text text-center\" >\n                 <p>Caminhada \u00e0 passagem das bestas e encerramento da temporada de caminhadas 2015, 18out2015 - ilha Terceira<\/p>\n              <\/div>\n            <\/div>\n            <\/a>          <\/div>\n         <\/div><div class=\"gallery-col col\" >\n          <div class=\"col-inner\">\n            <a class=\"image-lightbox lightbox-gallery\" href=\"https:\/\/www.montanheiros.com\/wp-content\/uploads\/2019\/05\/big22_1445424962.jpg\" title=\"Caminhada \u00e0 passagem das bestas e encerramento da temporada de caminhadas 2015, 18out2015 - ilha Terceira\">            <div class=\"box has-hover gallery-box box-none\">\n              <div class=\"box-image\" style=\"width:63%;\">\n                <img loading=\"lazy\" decoding=\"async\" width=\"280\" height=\"280\" src=\"https:\/\/www.montanheiros.com\/wp-content\/uploads\/2019\/05\/big22_1445424962-280x280.jpg\" class=\"attachment-thumbnail size-thumbnail\" alt=\"\" ids=\"6019,6020,6021,6022,6023,6024,6025,6026,6027,6028,6029,6030,6031,6032,6033,6034,6035\" style=\"none\" type=\"slider\" columns=\"1\" image_width=\"63\" image_size=\"thumbnail\" text_align=\"center\" srcset=\"https:\/\/www.montanheiros.com\/wp-content\/uploads\/2019\/05\/big22_1445424962-280x280.jpg 280w, https:\/\/www.montanheiros.com\/wp-content\/uploads\/2019\/05\/big22_1445424962-300x300.jpg 300w, https:\/\/www.montanheiros.com\/wp-content\/uploads\/2019\/05\/big22_1445424962-100x100.jpg 100w\" sizes=\"auto, (max-width: 280px) 100vw, 280px\" \/>                                                              <\/div>\n              <div class=\"box-text text-center\" >\n                 <p>Caminhada \u00e0 passagem das bestas e encerramento da temporada de caminhadas 2015, 18out2015 - ilha Terceira<\/p>\n              <\/div>\n            <\/div>\n            <\/a>          <\/div>\n         <\/div><div class=\"gallery-col col\" >\n          <div class=\"col-inner\">\n            <a class=\"image-lightbox lightbox-gallery\" href=\"https:\/\/www.montanheiros.com\/wp-content\/uploads\/2019\/05\/big19_1445424956.jpg\" title=\"Caminhada \u00e0 passagem das bestas e encerramento da temporada de caminhadas 2015, 18out2015 - ilha Terceira\">            <div class=\"box has-hover gallery-box box-none\">\n              <div class=\"box-image\" style=\"width:63%;\">\n                <img loading=\"lazy\" decoding=\"async\" width=\"280\" height=\"280\" src=\"https:\/\/www.montanheiros.com\/wp-content\/uploads\/2019\/05\/big19_1445424956-280x280.jpg\" class=\"attachment-thumbnail size-thumbnail\" alt=\"\" ids=\"6019,6020,6021,6022,6023,6024,6025,6026,6027,6028,6029,6030,6031,6032,6033,6034,6035\" style=\"none\" type=\"slider\" columns=\"1\" image_width=\"63\" image_size=\"thumbnail\" text_align=\"center\" srcset=\"https:\/\/www.montanheiros.com\/wp-content\/uploads\/2019\/05\/big19_1445424956-280x280.jpg 280w, https:\/\/www.montanheiros.com\/wp-content\/uploads\/2019\/05\/big19_1445424956-300x300.jpg 300w, https:\/\/www.montanheiros.com\/wp-content\/uploads\/2019\/05\/big19_1445424956-100x100.jpg 100w\" sizes=\"auto, (max-width: 280px) 100vw, 280px\" \/>                                                              <\/div>\n              <div class=\"box-text text-center\" >\n                 <p>Caminhada \u00e0 passagem das bestas e encerramento da temporada de caminhadas 2015, 18out2015 - ilha Terceira<\/p>\n              <\/div>\n            <\/div>\n            <\/a>          <\/div>\n         <\/div><div class=\"gallery-col col\" >\n          <div class=\"col-inner\">\n            <a class=\"image-lightbox lightbox-gallery\" href=\"https:\/\/www.montanheiros.com\/wp-content\/uploads\/2019\/05\/big20_1445424958.jpg\" title=\"Caminhada \u00e0 passagem das bestas e encerramento da temporada de caminhadas 2015, 18out2015 - ilha Terceira\">            <div class=\"box has-hover gallery-box box-none\">\n              <div class=\"box-image\" style=\"width:63%;\">\n                <img loading=\"lazy\" decoding=\"async\" width=\"280\" height=\"280\" src=\"https:\/\/www.montanheiros.com\/wp-content\/uploads\/2019\/05\/big20_1445424958-280x280.jpg\" class=\"attachment-thumbnail size-thumbnail\" alt=\"\" ids=\"6019,6020,6021,6022,6023,6024,6025,6026,6027,6028,6029,6030,6031,6032,6033,6034,6035\" style=\"none\" type=\"slider\" columns=\"1\" image_width=\"63\" image_size=\"thumbnail\" text_align=\"center\" srcset=\"https:\/\/www.montanheiros.com\/wp-content\/uploads\/2019\/05\/big20_1445424958-280x280.jpg 280w, https:\/\/www.montanheiros.com\/wp-content\/uploads\/2019\/05\/big20_1445424958-300x300.jpg 300w, https:\/\/www.montanheiros.com\/wp-content\/uploads\/2019\/05\/big20_1445424958-100x100.jpg 100w\" sizes=\"auto, (max-width: 280px) 100vw, 280px\" \/>                                                              <\/div>\n              <div class=\"box-text text-center\" >\n                 <p>Caminhada \u00e0 passagem das bestas e encerramento da temporada de caminhadas 2015, 18out2015 - ilha Terceira<\/p>\n              <\/div>\n            <\/div>\n            <\/a>          <\/div>\n         <\/div><div class=\"gallery-col col\" >\n          <div class=\"col-inner\">\n            <a class=\"image-lightbox lightbox-gallery\" href=\"https:\/\/www.montanheiros.com\/wp-content\/uploads\/2019\/05\/big18_1445424955.jpg\" title=\"Caminhada \u00e0 passagem das bestas e encerramento da temporada de caminhadas 2015, 18out2015 - ilha Terceira\">            <div class=\"box has-hover gallery-box box-none\">\n              <div class=\"box-image\" style=\"width:63%;\">\n                <img loading=\"lazy\" decoding=\"async\" width=\"280\" height=\"280\" src=\"https:\/\/www.montanheiros.com\/wp-content\/uploads\/2019\/05\/big18_1445424955-280x280.jpg\" class=\"attachment-thumbnail size-thumbnail\" alt=\"\" ids=\"6019,6020,6021,6022,6023,6024,6025,6026,6027,6028,6029,6030,6031,6032,6033,6034,6035\" style=\"none\" type=\"slider\" columns=\"1\" image_width=\"63\" image_size=\"thumbnail\" text_align=\"center\" srcset=\"https:\/\/www.montanheiros.com\/wp-content\/uploads\/2019\/05\/big18_1445424955-280x280.jpg 280w, https:\/\/www.montanheiros.com\/wp-content\/uploads\/2019\/05\/big18_1445424955-300x300.jpg 300w, https:\/\/www.montanheiros.com\/wp-content\/uploads\/2019\/05\/big18_1445424955-100x100.jpg 100w\" sizes=\"auto, (max-width: 280px) 100vw, 280px\" \/>                                                              <\/div>\n              <div class=\"box-text text-center\" >\n                 <p>Caminhada \u00e0 passagem das bestas e encerramento da temporada de caminhadas 2015, 18out2015 - ilha Terceira<\/p>\n              <\/div>\n            <\/div>\n            <\/a>          <\/div>\n         <\/div><div class=\"gallery-col col\" >\n          <div class=\"col-inner\">\n            <a class=\"image-lightbox lightbox-gallery\" href=\"https:\/\/www.montanheiros.com\/wp-content\/uploads\/2019\/05\/big15_1445424947.jpg\" title=\"Caminhada \u00e0 passagem das bestas e encerramento da temporada de caminhadas 2015, 18out2015 - ilha Terceira\">            <div class=\"box has-hover gallery-box box-none\">\n              <div class=\"box-image\" style=\"width:63%;\">\n                <img loading=\"lazy\" decoding=\"async\" width=\"280\" height=\"280\" src=\"https:\/\/www.montanheiros.com\/wp-content\/uploads\/2019\/05\/big15_1445424947-280x280.jpg\" class=\"attachment-thumbnail size-thumbnail\" alt=\"\" ids=\"6019,6020,6021,6022,6023,6024,6025,6026,6027,6028,6029,6030,6031,6032,6033,6034,6035\" style=\"none\" type=\"slider\" columns=\"1\" image_width=\"63\" image_size=\"thumbnail\" text_align=\"center\" srcset=\"https:\/\/www.montanheiros.com\/wp-content\/uploads\/2019\/05\/big15_1445424947-280x280.jpg 280w, https:\/\/www.montanheiros.com\/wp-content\/uploads\/2019\/05\/big15_1445424947-300x300.jpg 300w, https:\/\/www.montanheiros.com\/wp-content\/uploads\/2019\/05\/big15_1445424947-100x100.jpg 100w\" sizes=\"auto, (max-width: 280px) 100vw, 280px\" \/>                                                              <\/div>\n              <div class=\"box-text text-center\" >\n                 <p>Caminhada \u00e0 passagem das bestas e encerramento da temporada de caminhadas 2015, 18out2015 - ilha Terceira<\/p>\n              <\/div>\n            <\/div>\n            <\/a>          <\/div>\n         <\/div><div class=\"gallery-col col\" >\n          <div class=\"col-inner\">\n            <a class=\"image-lightbox lightbox-gallery\" href=\"https:\/\/www.montanheiros.com\/wp-content\/uploads\/2019\/05\/big13_1445424945.jpg\" title=\"Caminhada \u00e0 passagem das bestas e encerramento da temporada de caminhadas 2015, 18out2015 - ilha Terceira\">            <div class=\"box has-hover gallery-box box-none\">\n              <div class=\"box-image\" style=\"width:63%;\">\n                <img loading=\"lazy\" decoding=\"async\" width=\"280\" height=\"280\" src=\"https:\/\/www.montanheiros.com\/wp-content\/uploads\/2019\/05\/big13_1445424945-280x280.jpg\" class=\"attachment-thumbnail size-thumbnail\" alt=\"\" ids=\"6019,6020,6021,6022,6023,6024,6025,6026,6027,6028,6029,6030,6031,6032,6033,6034,6035\" style=\"none\" type=\"slider\" columns=\"1\" image_width=\"63\" image_size=\"thumbnail\" text_align=\"center\" srcset=\"https:\/\/www.montanheiros.com\/wp-content\/uploads\/2019\/05\/big13_1445424945-280x280.jpg 280w, https:\/\/www.montanheiros.com\/wp-content\/uploads\/2019\/05\/big13_1445424945-300x300.jpg 300w, https:\/\/www.montanheiros.com\/wp-content\/uploads\/2019\/05\/big13_1445424945-100x100.jpg 100w\" sizes=\"auto, (max-width: 280px) 100vw, 280px\" \/>                                                              <\/div>\n              <div class=\"box-text text-center\" >\n                 <p>Caminhada \u00e0 passagem das bestas e encerramento da temporada de caminhadas 2015, 18out2015 - ilha Terceira<\/p>\n              <\/div>\n            <\/div>\n            <\/a>          <\/div>\n         <\/div><div class=\"gallery-col col\" >\n          <div class=\"col-inner\">\n            <a class=\"image-lightbox lightbox-gallery\" href=\"https:\/\/www.montanheiros.com\/wp-content\/uploads\/2019\/05\/big17_1445424953.jpg\" title=\"Caminhada \u00e0 passagem das bestas e encerramento da temporada de caminhadas 2015, 18out2015 - ilha Terceira\">            <div class=\"box has-hover gallery-box box-none\">\n              <div class=\"box-image\" style=\"width:63%;\">\n                <img loading=\"lazy\" decoding=\"async\" width=\"280\" height=\"280\" src=\"https:\/\/www.montanheiros.com\/wp-content\/uploads\/2019\/05\/big17_1445424953-280x280.jpg\" class=\"attachment-thumbnail size-thumbnail\" alt=\"\" ids=\"6019,6020,6021,6022,6023,6024,6025,6026,6027,6028,6029,6030,6031,6032,6033,6034,6035\" style=\"none\" type=\"slider\" columns=\"1\" image_width=\"63\" image_size=\"thumbnail\" text_align=\"center\" srcset=\"https:\/\/www.montanheiros.com\/wp-content\/uploads\/2019\/05\/big17_1445424953-280x280.jpg 280w, https:\/\/www.montanheiros.com\/wp-content\/uploads\/2019\/05\/big17_1445424953-300x300.jpg 300w, https:\/\/www.montanheiros.com\/wp-content\/uploads\/2019\/05\/big17_1445424953-100x100.jpg 100w\" sizes=\"auto, (max-width: 280px) 100vw, 280px\" \/>                                                              <\/div>\n              <div class=\"box-text text-center\" >\n                 <p>Caminhada \u00e0 passagem das bestas e encerramento da temporada de caminhadas 2015, 18out2015 - ilha Terceira<\/p>\n              <\/div>\n            <\/div>\n            <\/a>          <\/div>\n         <\/div><div class=\"gallery-col col\" >\n          <div class=\"col-inner\">\n            <a class=\"image-lightbox lightbox-gallery\" href=\"https:\/\/www.montanheiros.com\/wp-content\/uploads\/2019\/05\/big7_1445424901.jpg\" title=\"Caminhada \u00e0 passagem das bestas e encerramento da temporada de caminhadas 2015, 18out2015 - ilha Terceira\">            <div class=\"box has-hover gallery-box box-none\">\n              <div class=\"box-image\" style=\"width:63%;\">\n                <img loading=\"lazy\" decoding=\"async\" width=\"280\" height=\"280\" src=\"https:\/\/www.montanheiros.com\/wp-content\/uploads\/2019\/05\/big7_1445424901-280x280.jpg\" class=\"attachment-thumbnail size-thumbnail\" alt=\"\" ids=\"6019,6020,6021,6022,6023,6024,6025,6026,6027,6028,6029,6030,6031,6032,6033,6034,6035\" style=\"none\" type=\"slider\" columns=\"1\" image_width=\"63\" image_size=\"thumbnail\" text_align=\"center\" srcset=\"https:\/\/www.montanheiros.com\/wp-content\/uploads\/2019\/05\/big7_1445424901-280x280.jpg 280w, https:\/\/www.montanheiros.com\/wp-content\/uploads\/2019\/05\/big7_1445424901-300x300.jpg 300w, https:\/\/www.montanheiros.com\/wp-content\/uploads\/2019\/05\/big7_1445424901-100x100.jpg 100w\" sizes=\"auto, (max-width: 280px) 100vw, 280px\" \/>                                                              <\/div>\n              <div class=\"box-text text-center\" >\n                 <p>Caminhada \u00e0 passagem das bestas e encerramento da temporada de caminhadas 2015, 18out2015 - ilha Terceira<\/p>\n              <\/div>\n            <\/div>\n            <\/a>          <\/div>\n         <\/div><div class=\"gallery-col col\" >\n          <div class=\"col-inner\">\n            <a class=\"image-lightbox lightbox-gallery\" href=\"https:\/\/www.montanheiros.com\/wp-content\/uploads\/2019\/05\/big6_1445424900.jpg\" title=\"Caminhada \u00e0 passagem das bestas e encerramento da temporada de caminhadas 2015, 18out2015 - ilha Terceira\">            <div class=\"box has-hover gallery-box box-none\">\n              <div class=\"box-image\" style=\"width:63%;\">\n                <img loading=\"lazy\" decoding=\"async\" width=\"280\" height=\"280\" src=\"https:\/\/www.montanheiros.com\/wp-content\/uploads\/2019\/05\/big6_1445424900-280x280.jpg\" class=\"attachment-thumbnail size-thumbnail\" alt=\"\" ids=\"6019,6020,6021,6022,6023,6024,6025,6026,6027,6028,6029,6030,6031,6032,6033,6034,6035\" style=\"none\" type=\"slider\" columns=\"1\" image_width=\"63\" image_size=\"thumbnail\" text_align=\"center\" srcset=\"https:\/\/www.montanheiros.com\/wp-content\/uploads\/2019\/05\/big6_1445424900-280x280.jpg 280w, https:\/\/www.montanheiros.com\/wp-content\/uploads\/2019\/05\/big6_1445424900-300x300.jpg 300w, https:\/\/www.montanheiros.com\/wp-content\/uploads\/2019\/05\/big6_1445424900-100x100.jpg 100w\" sizes=\"auto, (max-width: 280px) 100vw, 280px\" \/>                                                              <\/div>\n              <div class=\"box-text text-center\" >\n                 <p>Caminhada \u00e0 passagem das bestas e encerramento da temporada de caminhadas 2015, 18out2015 - ilha Terceira<\/p>\n              <\/div>\n            <\/div>\n            <\/a>          <\/div>\n         <\/div><div class=\"gallery-col col\" >\n          <div class=\"col-inner\">\n            <a class=\"image-lightbox lightbox-gallery\" href=\"https:\/\/www.montanheiros.com\/wp-content\/uploads\/2019\/05\/big11_1445424904.jpg\" title=\"\">            <div class=\"box has-hover gallery-box box-none\">\n              <div class=\"box-image\" style=\"width:63%;\">\n                <img loading=\"lazy\" decoding=\"async\" width=\"280\" height=\"280\" src=\"https:\/\/www.montanheiros.com\/wp-content\/uploads\/2019\/05\/big11_1445424904-280x280.jpg\" class=\"attachment-thumbnail size-thumbnail\" alt=\"\" ids=\"6019,6020,6021,6022,6023,6024,6025,6026,6027,6028,6029,6030,6031,6032,6033,6034,6035\" style=\"none\" type=\"slider\" columns=\"1\" image_width=\"63\" image_size=\"thumbnail\" text_align=\"center\" srcset=\"https:\/\/www.montanheiros.com\/wp-content\/uploads\/2019\/05\/big11_1445424904-280x280.jpg 280w, https:\/\/www.montanheiros.com\/wp-content\/uploads\/2019\/05\/big11_1445424904-300x300.jpg 300w, https:\/\/www.montanheiros.com\/wp-content\/uploads\/2019\/05\/big11_1445424904-100x100.jpg 100w\" sizes=\"auto, (max-width: 280px) 100vw, 280px\" \/>                                                              <\/div>\n              <div class=\"box-text text-center\" >\n                 <p><\/p>\n              <\/div>\n            <\/div>\n            <\/a>          <\/div>\n         <\/div><div class=\"gallery-col col\" >\n          <div class=\"col-inner\">\n            <a class=\"image-lightbox lightbox-gallery\" href=\"https:\/\/www.montanheiros.com\/wp-content\/uploads\/2019\/05\/big8_1445424902.jpg\" title=\"Caminhada \u00e0 passagem das bestas e encerramento da temporada de caminhadas 2015, 18out2015 - ilha Terceira\">            <div class=\"box has-hover gallery-box box-none\">\n              <div class=\"box-image\" style=\"width:63%;\">\n                <img loading=\"lazy\" decoding=\"async\" width=\"280\" height=\"280\" src=\"https:\/\/www.montanheiros.com\/wp-content\/uploads\/2019\/05\/big8_1445424902-280x280.jpg\" class=\"attachment-thumbnail size-thumbnail\" alt=\"\" ids=\"6019,6020,6021,6022,6023,6024,6025,6026,6027,6028,6029,6030,6031,6032,6033,6034,6035\" style=\"none\" type=\"slider\" columns=\"1\" image_width=\"63\" image_size=\"thumbnail\" text_align=\"center\" srcset=\"https:\/\/www.montanheiros.com\/wp-content\/uploads\/2019\/05\/big8_1445424902-280x280.jpg 280w, https:\/\/www.montanheiros.com\/wp-content\/uploads\/2019\/05\/big8_1445424902-300x300.jpg 300w, https:\/\/www.montanheiros.com\/wp-content\/uploads\/2019\/05\/big8_1445424902-100x100.jpg 100w\" sizes=\"auto, (max-width: 280px) 100vw, 280px\" \/>                                                              <\/div>\n              <div class=\"box-text text-center\" >\n                 <p>Caminhada \u00e0 passagem das bestas e encerramento da temporada de caminhadas 2015, 18out2015 - ilha Terceira<\/p>\n              <\/div>\n            <\/div>\n            <\/a>          <\/div>\n         <\/div><div class=\"gallery-col col\" >\n          <div class=\"col-inner\">\n            <a class=\"image-lightbox lightbox-gallery\" href=\"https:\/\/www.montanheiros.com\/wp-content\/uploads\/2019\/05\/big3_1445424895.jpg\" title=\"Caminhada \u00e0 passagem das bestas e encerramento da temporada de caminhadas 2015, 18out2015 - ilha Terceira\">            <div class=\"box has-hover gallery-box box-none\">\n              <div class=\"box-image\" style=\"width:63%;\">\n                <img loading=\"lazy\" decoding=\"async\" width=\"280\" height=\"280\" src=\"https:\/\/www.montanheiros.com\/wp-content\/uploads\/2019\/05\/big3_1445424895-280x280.jpg\" class=\"attachment-thumbnail size-thumbnail\" alt=\"\" ids=\"6019,6020,6021,6022,6023,6024,6025,6026,6027,6028,6029,6030,6031,6032,6033,6034,6035\" style=\"none\" type=\"slider\" columns=\"1\" image_width=\"63\" image_size=\"thumbnail\" text_align=\"center\" srcset=\"https:\/\/www.montanheiros.com\/wp-content\/uploads\/2019\/05\/big3_1445424895-280x280.jpg 280w, https:\/\/www.montanheiros.com\/wp-content\/uploads\/2019\/05\/big3_1445424895-300x300.jpg 300w, https:\/\/www.montanheiros.com\/wp-content\/uploads\/2019\/05\/big3_1445424895-100x100.jpg 100w\" sizes=\"auto, (max-width: 280px) 100vw, 280px\" \/>                                                              <\/div>\n              <div class=\"box-text text-center\" >\n                 <p>Caminhada \u00e0 passagem das bestas e encerramento da temporada de caminhadas 2015, 18out2015 - ilha Terceira<\/p>\n              <\/div>\n            <\/div>\n            <\/a>          <\/div>\n         <\/div><div class=\"gallery-col col\" >\n          <div class=\"col-inner\">\n            <a class=\"image-lightbox lightbox-gallery\" href=\"https:\/\/www.montanheiros.com\/wp-content\/uploads\/2019\/05\/big10_1445424904.jpg\" title=\"Caminhada \u00e0 passagem das bestas e encerramento da temporada de caminhadas 2015, 18out2015 - ilha Terceira\">            <div class=\"box has-hover gallery-box box-none\">\n              <div class=\"box-image\" style=\"width:63%;\">\n                <img loading=\"lazy\" decoding=\"async\" width=\"280\" height=\"280\" src=\"https:\/\/www.montanheiros.com\/wp-content\/uploads\/2019\/05\/big10_1445424904-280x280.jpg\" class=\"attachment-thumbnail size-thumbnail\" alt=\"\" ids=\"6019,6020,6021,6022,6023,6024,6025,6026,6027,6028,6029,6030,6031,6032,6033,6034,6035\" style=\"none\" type=\"slider\" columns=\"1\" image_width=\"63\" image_size=\"thumbnail\" text_align=\"center\" srcset=\"https:\/\/www.montanheiros.com\/wp-content\/uploads\/2019\/05\/big10_1445424904-280x280.jpg 280w, https:\/\/www.montanheiros.com\/wp-content\/uploads\/2019\/05\/big10_1445424904-300x300.jpg 300w, https:\/\/www.montanheiros.com\/wp-content\/uploads\/2019\/05\/big10_1445424904-100x100.jpg 100w\" sizes=\"auto, (max-width: 280px) 100vw, 280px\" \/>                                                              <\/div>\n              <div class=\"box-text text-center\" >\n                 <p>Caminhada \u00e0 passagem das bestas e encerramento da temporada de caminhadas 2015, 18out2015 - ilha Terceira<\/p>\n              <\/div>\n            <\/div>\n            <\/a>          <\/div>\n         <\/div><div class=\"gallery-col col\" >\n          <div class=\"col-inner\">\n            <a class=\"image-lightbox lightbox-gallery\" href=\"https:\/\/www.montanheiros.com\/wp-content\/uploads\/2019\/05\/big12_1445424905.jpg\" title=\"Caminhada \u00e0 passagem das bestas e encerramento da temporada de caminhadas 2015, 18out2015 - ilha Terceira\">            <div class=\"box has-hover gallery-box box-none\">\n              <div class=\"box-image\" style=\"width:63%;\">\n                <img loading=\"lazy\" decoding=\"async\" width=\"280\" height=\"280\" src=\"https:\/\/www.montanheiros.com\/wp-content\/uploads\/2019\/05\/big12_1445424905-280x280.jpg\" class=\"attachment-thumbnail size-thumbnail\" alt=\"\" ids=\"6019,6020,6021,6022,6023,6024,6025,6026,6027,6028,6029,6030,6031,6032,6033,6034,6035\" style=\"none\" type=\"slider\" columns=\"1\" image_width=\"63\" image_size=\"thumbnail\" text_align=\"center\" srcset=\"https:\/\/www.montanheiros.com\/wp-content\/uploads\/2019\/05\/big12_1445424905-280x280.jpg 280w, https:\/\/www.montanheiros.com\/wp-content\/uploads\/2019\/05\/big12_1445424905-300x300.jpg 300w, https:\/\/www.montanheiros.com\/wp-content\/uploads\/2019\/05\/big12_1445424905-100x100.jpg 100w\" sizes=\"auto, (max-width: 280px) 100vw, 280px\" \/>                                                              <\/div>\n              <div class=\"box-text text-center\" >\n                 <p>Caminhada \u00e0 passagem das bestas e encerramento da temporada de caminhadas 2015, 18out2015 - ilha Terceira<\/p>\n              <\/div>\n            <\/div>\n            <\/a>          <\/div>\n         <\/div><div class=\"gallery-col col\" >\n          <div class=\"col-inner\">\n            <a class=\"image-lightbox lightbox-gallery\" href=\"https:\/\/www.montanheiros.com\/wp-content\/uploads\/2019\/05\/big5_1445424899.jpg\" title=\"Caminhada \u00e0 passagem das bestas e encerramento da temporada de caminhadas 2015, 18out2015 - ilha Terceira\">            <div class=\"box has-hover gallery-box box-none\">\n              <div class=\"box-image\" style=\"width:63%;\">\n                <img loading=\"lazy\" decoding=\"async\" width=\"280\" height=\"280\" src=\"https:\/\/www.montanheiros.com\/wp-content\/uploads\/2019\/05\/big5_1445424899-280x280.jpg\" class=\"attachment-thumbnail size-thumbnail\" alt=\"\" ids=\"6019,6020,6021,6022,6023,6024,6025,6026,6027,6028,6029,6030,6031,6032,6033,6034,6035\" style=\"none\" type=\"slider\" columns=\"1\" image_width=\"63\" image_size=\"thumbnail\" text_align=\"center\" srcset=\"https:\/\/www.montanheiros.com\/wp-content\/uploads\/2019\/05\/big5_1445424899-280x280.jpg 280w, https:\/\/www.montanheiros.com\/wp-content\/uploads\/2019\/05\/big5_1445424899-300x300.jpg 300w, https:\/\/www.montanheiros.com\/wp-content\/uploads\/2019\/05\/big5_1445424899-100x100.jpg 100w\" sizes=\"auto, (max-width: 280px) 100vw, 280px\" \/>                                                              <\/div>\n              <div class=\"box-text text-center\" >\n                 <p>Caminhada \u00e0 passagem das bestas e encerramento da temporada de caminhadas 2015, 18out2015 - ilha Terceira<\/p>\n              <\/div>\n            <\/div>\n            <\/a>          <\/div>\n         <\/div><div class=\"gallery-col col\" >\n          <div class=\"col-inner\">\n            <a class=\"image-lightbox lightbox-gallery\" href=\"https:\/\/www.montanheiros.com\/wp-content\/uploads\/2019\/05\/big1_1445424892.jpg\" title=\"Caminhada \u00e0 passagem das bestas e encerramento da temporada de caminhadas 2015, 18out2015 - ilha Terceira\">            <div class=\"box has-hover gallery-box box-none\">\n              <div class=\"box-image\" style=\"width:63%;\">\n                <img loading=\"lazy\" decoding=\"async\" width=\"280\" height=\"280\" src=\"https:\/\/www.montanheiros.com\/wp-content\/uploads\/2019\/05\/big1_1445424892-280x280.jpg\" class=\"attachment-thumbnail size-thumbnail\" alt=\"\" ids=\"6019,6020,6021,6022,6023,6024,6025,6026,6027,6028,6029,6030,6031,6032,6033,6034,6035\" style=\"none\" type=\"slider\" columns=\"1\" image_width=\"63\" image_size=\"thumbnail\" text_align=\"center\" srcset=\"https:\/\/www.montanheiros.com\/wp-content\/uploads\/2019\/05\/big1_1445424892-280x280.jpg 280w, https:\/\/www.montanheiros.com\/wp-content\/uploads\/2019\/05\/big1_1445424892-300x300.jpg 300w, https:\/\/www.montanheiros.com\/wp-content\/uploads\/2019\/05\/big1_1445424892-100x100.jpg 100w\" sizes=\"auto, (max-width: 280px) 100vw, 280px\" \/>                                                              <\/div>\n              <div class=\"box-text text-center\" >\n                 <p>Caminhada \u00e0 passagem das bestas e encerramento da temporada de caminhadas 2015, 18out2015 - ilha Terceira<\/p>\n              <\/div>\n            <\/div>\n            <\/a>          <\/div>\n         <\/div><\/div>\n\n\n\t\t<\/div>\n\t\t\t\t\t<\/div>\n\n\t\n\n\t<div id=\"col-319547648\" class=\"col medium-3 small-12 large-3\"  >\n\t\t\t\t<div class=\"col-inner\"  >\n\t\t\t\n\t\t\t\n\n<p>Travessia Radical Norte\/Sul, 06set2015 &#8211; ilha Terceira<\/p>\n\n  \n    <div class=\"row large-columns-1 medium-columns- small-columns- row-full-width slider row-slider slider-nav-reveal\"  data-flickity-options='{\"imagesLoaded\": true, \"groupCells\": \"100%\", \"dragThreshold\" : 5, \"cellAlign\": \"left\",\"wrapAround\": true,\"prevNextButtons\": true,\"percentPosition\": true,\"pageDots\": false, \"rightToLeft\": false, \"autoPlay\" : false}'>\n\n  <div class=\"gallery-col col\" >\n          <div class=\"col-inner\">\n            <a class=\"image-lightbox lightbox-gallery\" href=\"https:\/\/www.montanheiros.com\/wp-content\/uploads\/2019\/05\/big1_1441897568-600x800.jpg\" title=\"Travessia Radical Norte\/Sul, Canada do Cirurgi\u00e3o, 06set2015 - ilha Terceira\">            <div class=\"box has-hover gallery-box box-none\">\n              <div class=\"box-image\" style=\"width:63%;\">\n                <img loading=\"lazy\" decoding=\"async\" width=\"280\" height=\"280\" src=\"https:\/\/www.montanheiros.com\/wp-content\/uploads\/2019\/05\/big1_1441897568-280x280.jpg\" class=\"attachment-thumbnail size-thumbnail\" alt=\"\" ids=\"5981,5982,5983,5984,5985,5986,5987,5988,5989,5990,5991,5992,5993,5994,5995,5996,5997,5998,6000,6001,6002,6003,6004,6005,6006,6007,6008,6009,6010,6011,6012,6013,6014,6015,6016,6017\" style=\"none\" type=\"slider\" columns=\"1\" image_width=\"63\" image_size=\"thumbnail\" text_align=\"center\" srcset=\"https:\/\/www.montanheiros.com\/wp-content\/uploads\/2019\/05\/big1_1441897568-280x280.jpg 280w, https:\/\/www.montanheiros.com\/wp-content\/uploads\/2019\/05\/big1_1441897568-300x300.jpg 300w, https:\/\/www.montanheiros.com\/wp-content\/uploads\/2019\/05\/big1_1441897568-100x100.jpg 100w\" sizes=\"auto, (max-width: 280px) 100vw, 280px\" \/>                                                              <\/div>\n              <div class=\"box-text text-center\" >\n                 <p>Travessia Radical Norte\/Sul, Canada do Cirurgi\u00e3o, 06set2015 - ilha Terceira<\/p>\n              <\/div>\n            <\/div>\n            <\/a>          <\/div>\n         <\/div><div class=\"gallery-col col\" >\n          <div class=\"col-inner\">\n            <a class=\"image-lightbox lightbox-gallery\" href=\"https:\/\/www.montanheiros.com\/wp-content\/uploads\/2019\/05\/big2_1441897568-600x800.jpg\" title=\"Travessia Radical Norte\/Sul, Canada do Cirurgi\u00e3o, 06set2015 - ilha Terceira\">            <div class=\"box has-hover gallery-box box-none\">\n              <div class=\"box-image\" style=\"width:63%;\">\n                <img loading=\"lazy\" decoding=\"async\" width=\"280\" height=\"280\" src=\"https:\/\/www.montanheiros.com\/wp-content\/uploads\/2019\/05\/big2_1441897568-280x280.jpg\" class=\"attachment-thumbnail size-thumbnail\" alt=\"\" ids=\"5981,5982,5983,5984,5985,5986,5987,5988,5989,5990,5991,5992,5993,5994,5995,5996,5997,5998,6000,6001,6002,6003,6004,6005,6006,6007,6008,6009,6010,6011,6012,6013,6014,6015,6016,6017\" style=\"none\" type=\"slider\" columns=\"1\" image_width=\"63\" image_size=\"thumbnail\" text_align=\"center\" srcset=\"https:\/\/www.montanheiros.com\/wp-content\/uploads\/2019\/05\/big2_1441897568-280x280.jpg 280w, https:\/\/www.montanheiros.com\/wp-content\/uploads\/2019\/05\/big2_1441897568-300x300.jpg 300w, https:\/\/www.montanheiros.com\/wp-content\/uploads\/2019\/05\/big2_1441897568-100x100.jpg 100w\" sizes=\"auto, (max-width: 280px) 100vw, 280px\" \/>                                                              <\/div>\n              <div class=\"box-text text-center\" >\n                 <p>Travessia Radical Norte\/Sul, Canada do Cirurgi\u00e3o, 06set2015 - ilha Terceira<\/p>\n              <\/div>\n            <\/div>\n            <\/a>          <\/div>\n         <\/div><div class=\"gallery-col col\" >\n          <div class=\"col-inner\">\n            <a class=\"image-lightbox lightbox-gallery\" href=\"https:\/\/www.montanheiros.com\/wp-content\/uploads\/2019\/05\/big3_1441897569-600x800.jpg\" title=\"Travessia Radical Norte\/Sul, Canada do Cirurgi\u00e3o, 06set2015 - ilha Terceira\">            <div class=\"box has-hover gallery-box box-none\">\n              <div class=\"box-image\" style=\"width:63%;\">\n                <img loading=\"lazy\" decoding=\"async\" width=\"280\" height=\"280\" src=\"https:\/\/www.montanheiros.com\/wp-content\/uploads\/2019\/05\/big3_1441897569-280x280.jpg\" class=\"attachment-thumbnail size-thumbnail\" alt=\"\" ids=\"5981,5982,5983,5984,5985,5986,5987,5988,5989,5990,5991,5992,5993,5994,5995,5996,5997,5998,6000,6001,6002,6003,6004,6005,6006,6007,6008,6009,6010,6011,6012,6013,6014,6015,6016,6017\" style=\"none\" type=\"slider\" columns=\"1\" image_width=\"63\" image_size=\"thumbnail\" text_align=\"center\" srcset=\"https:\/\/www.montanheiros.com\/wp-content\/uploads\/2019\/05\/big3_1441897569-280x280.jpg 280w, https:\/\/www.montanheiros.com\/wp-content\/uploads\/2019\/05\/big3_1441897569-300x300.jpg 300w, https:\/\/www.montanheiros.com\/wp-content\/uploads\/2019\/05\/big3_1441897569-100x100.jpg 100w\" sizes=\"auto, (max-width: 280px) 100vw, 280px\" \/>                                                              <\/div>\n              <div class=\"box-text text-center\" >\n                 <p>Travessia Radical Norte\/Sul, Canada do Cirurgi\u00e3o, 06set2015 - ilha Terceira<\/p>\n              <\/div>\n            <\/div>\n            <\/a>          <\/div>\n         <\/div><div class=\"gallery-col col\" >\n          <div class=\"col-inner\">\n            <a class=\"image-lightbox lightbox-gallery\" href=\"https:\/\/www.montanheiros.com\/wp-content\/uploads\/2019\/05\/big5_1441897569-600x800.jpg\" title=\"Travessia Radical Norte\/Sul, Canada do Cirurgi\u00e3o, 06set2015 - ilha Terceira\">            <div class=\"box has-hover gallery-box box-none\">\n              <div class=\"box-image\" style=\"width:63%;\">\n                <img loading=\"lazy\" decoding=\"async\" width=\"280\" height=\"280\" src=\"https:\/\/www.montanheiros.com\/wp-content\/uploads\/2019\/05\/big5_1441897569-280x280.jpg\" class=\"attachment-thumbnail size-thumbnail\" alt=\"\" ids=\"5981,5982,5983,5984,5985,5986,5987,5988,5989,5990,5991,5992,5993,5994,5995,5996,5997,5998,6000,6001,6002,6003,6004,6005,6006,6007,6008,6009,6010,6011,6012,6013,6014,6015,6016,6017\" style=\"none\" type=\"slider\" columns=\"1\" image_width=\"63\" image_size=\"thumbnail\" text_align=\"center\" srcset=\"https:\/\/www.montanheiros.com\/wp-content\/uploads\/2019\/05\/big5_1441897569-280x280.jpg 280w, https:\/\/www.montanheiros.com\/wp-content\/uploads\/2019\/05\/big5_1441897569-300x300.jpg 300w, https:\/\/www.montanheiros.com\/wp-content\/uploads\/2019\/05\/big5_1441897569-100x100.jpg 100w\" sizes=\"auto, (max-width: 280px) 100vw, 280px\" \/>                                                              <\/div>\n              <div class=\"box-text text-center\" >\n                 <p>Travessia Radical Norte\/Sul, Canada do Cirurgi\u00e3o, 06set2015 - ilha Terceira<\/p>\n              <\/div>\n            <\/div>\n            <\/a>          <\/div>\n         <\/div><div class=\"gallery-col col\" >\n          <div class=\"col-inner\">\n            <a class=\"image-lightbox lightbox-gallery\" href=\"https:\/\/www.montanheiros.com\/wp-content\/uploads\/2019\/05\/big6_1441897570.jpg\" title=\"Travessia Radical Norte\/Sul, Canada do Cirurgi\u00e3o, 06set2015 - ilha Terceira\">            <div class=\"box has-hover gallery-box box-none\">\n              <div class=\"box-image\" style=\"width:63%;\">\n                <img loading=\"lazy\" decoding=\"async\" width=\"280\" height=\"280\" src=\"https:\/\/www.montanheiros.com\/wp-content\/uploads\/2019\/05\/big6_1441897570-280x280.jpg\" class=\"attachment-thumbnail size-thumbnail\" alt=\"\" ids=\"5981,5982,5983,5984,5985,5986,5987,5988,5989,5990,5991,5992,5993,5994,5995,5996,5997,5998,6000,6001,6002,6003,6004,6005,6006,6007,6008,6009,6010,6011,6012,6013,6014,6015,6016,6017\" style=\"none\" type=\"slider\" columns=\"1\" image_width=\"63\" image_size=\"thumbnail\" text_align=\"center\" srcset=\"https:\/\/www.montanheiros.com\/wp-content\/uploads\/2019\/05\/big6_1441897570-280x280.jpg 280w, https:\/\/www.montanheiros.com\/wp-content\/uploads\/2019\/05\/big6_1441897570-300x300.jpg 300w, https:\/\/www.montanheiros.com\/wp-content\/uploads\/2019\/05\/big6_1441897570-100x100.jpg 100w\" sizes=\"auto, (max-width: 280px) 100vw, 280px\" \/>                                                              <\/div>\n              <div class=\"box-text text-center\" >\n                 <p>Travessia Radical Norte\/Sul, Canada do Cirurgi\u00e3o, 06set2015 - ilha Terceira<\/p>\n              <\/div>\n            <\/div>\n            <\/a>          <\/div>\n         <\/div><div class=\"gallery-col col\" >\n          <div class=\"col-inner\">\n            <a class=\"image-lightbox lightbox-gallery\" href=\"https:\/\/www.montanheiros.com\/wp-content\/uploads\/2019\/05\/big8_1441897571.jpg\" title=\"Travessia Radical Norte\/Sul, Canada do Cirurgi\u00e3o, 06set2015 - ilha Terceira\">            <div class=\"box has-hover gallery-box box-none\">\n              <div class=\"box-image\" style=\"width:63%;\">\n                <img loading=\"lazy\" decoding=\"async\" width=\"280\" height=\"280\" src=\"https:\/\/www.montanheiros.com\/wp-content\/uploads\/2019\/05\/big8_1441897571-280x280.jpg\" class=\"attachment-thumbnail size-thumbnail\" alt=\"\" ids=\"5981,5982,5983,5984,5985,5986,5987,5988,5989,5990,5991,5992,5993,5994,5995,5996,5997,5998,6000,6001,6002,6003,6004,6005,6006,6007,6008,6009,6010,6011,6012,6013,6014,6015,6016,6017\" style=\"none\" type=\"slider\" columns=\"1\" image_width=\"63\" image_size=\"thumbnail\" text_align=\"center\" srcset=\"https:\/\/www.montanheiros.com\/wp-content\/uploads\/2019\/05\/big8_1441897571-280x280.jpg 280w, https:\/\/www.montanheiros.com\/wp-content\/uploads\/2019\/05\/big8_1441897571-300x300.jpg 300w, https:\/\/www.montanheiros.com\/wp-content\/uploads\/2019\/05\/big8_1441897571-100x100.jpg 100w\" sizes=\"auto, (max-width: 280px) 100vw, 280px\" \/>                                                              <\/div>\n              <div class=\"box-text text-center\" >\n                 <p>Travessia Radical Norte\/Sul, Canada do Cirurgi\u00e3o, 06set2015 - ilha Terceira<\/p>\n              <\/div>\n            <\/div>\n            <\/a>          <\/div>\n         <\/div><div class=\"gallery-col col\" >\n          <div class=\"col-inner\">\n            <a class=\"image-lightbox lightbox-gallery\" href=\"https:\/\/www.montanheiros.com\/wp-content\/uploads\/2019\/05\/big1_1441896345.jpg\" title=\"Travessia Radical Norte\/Sul, Serra do Mori\u00e3o, 06set2015 - ilha Terceira\">            <div class=\"box has-hover gallery-box box-none\">\n              <div class=\"box-image\" style=\"width:63%;\">\n                <img loading=\"lazy\" decoding=\"async\" width=\"280\" height=\"280\" src=\"https:\/\/www.montanheiros.com\/wp-content\/uploads\/2019\/05\/big1_1441896345-280x280.jpg\" class=\"attachment-thumbnail size-thumbnail\" alt=\"\" ids=\"5981,5982,5983,5984,5985,5986,5987,5988,5989,5990,5991,5992,5993,5994,5995,5996,5997,5998,6000,6001,6002,6003,6004,6005,6006,6007,6008,6009,6010,6011,6012,6013,6014,6015,6016,6017\" style=\"none\" type=\"slider\" columns=\"1\" image_width=\"63\" image_size=\"thumbnail\" text_align=\"center\" srcset=\"https:\/\/www.montanheiros.com\/wp-content\/uploads\/2019\/05\/big1_1441896345-280x280.jpg 280w, https:\/\/www.montanheiros.com\/wp-content\/uploads\/2019\/05\/big1_1441896345-300x300.jpg 300w, https:\/\/www.montanheiros.com\/wp-content\/uploads\/2019\/05\/big1_1441896345-100x100.jpg 100w\" sizes=\"auto, (max-width: 280px) 100vw, 280px\" \/>                                                              <\/div>\n              <div class=\"box-text text-center\" >\n                 <p>Travessia Radical Norte\/Sul, Serra do Mori\u00e3o, 06set2015 - ilha Terceira<\/p>\n              <\/div>\n            <\/div>\n            <\/a>          <\/div>\n         <\/div><div class=\"gallery-col col\" >\n          <div class=\"col-inner\">\n            <a class=\"image-lightbox lightbox-gallery\" href=\"https:\/\/www.montanheiros.com\/wp-content\/uploads\/2019\/05\/big4_1441896508.jpg\" title=\"Travessia Radical Norte\/Sul, Serra do Mori\u00e3o, 06set2015 - ilha Terceira\">            <div class=\"box has-hover gallery-box box-none\">\n              <div class=\"box-image\" style=\"width:63%;\">\n                <img loading=\"lazy\" decoding=\"async\" width=\"280\" height=\"280\" src=\"https:\/\/www.montanheiros.com\/wp-content\/uploads\/2019\/05\/big4_1441896508-280x280.jpg\" class=\"attachment-thumbnail size-thumbnail\" alt=\"\" ids=\"5981,5982,5983,5984,5985,5986,5987,5988,5989,5990,5991,5992,5993,5994,5995,5996,5997,5998,6000,6001,6002,6003,6004,6005,6006,6007,6008,6009,6010,6011,6012,6013,6014,6015,6016,6017\" style=\"none\" type=\"slider\" columns=\"1\" image_width=\"63\" image_size=\"thumbnail\" text_align=\"center\" srcset=\"https:\/\/www.montanheiros.com\/wp-content\/uploads\/2019\/05\/big4_1441896508-280x280.jpg 280w, https:\/\/www.montanheiros.com\/wp-content\/uploads\/2019\/05\/big4_1441896508-300x300.jpg 300w, https:\/\/www.montanheiros.com\/wp-content\/uploads\/2019\/05\/big4_1441896508-100x100.jpg 100w\" sizes=\"auto, (max-width: 280px) 100vw, 280px\" \/>                                                              <\/div>\n              <div class=\"box-text text-center\" >\n                 <p>Travessia Radical Norte\/Sul, Serra do Mori\u00e3o, 06set2015 - ilha Terceira<\/p>\n              <\/div>\n            <\/div>\n            <\/a>          <\/div>\n         <\/div><div class=\"gallery-col col\" >\n          <div class=\"col-inner\">\n            <a class=\"image-lightbox lightbox-gallery\" href=\"https:\/\/www.montanheiros.com\/wp-content\/uploads\/2019\/05\/big2_1441896504.jpg\" title=\"Travessia Radical Norte\/Sul, Serra do Mori\u00e3o, 06set2015 - ilha Terceira\">            <div class=\"box has-hover gallery-box box-none\">\n              <div class=\"box-image\" style=\"width:63%;\">\n                <img loading=\"lazy\" decoding=\"async\" width=\"280\" height=\"280\" src=\"https:\/\/www.montanheiros.com\/wp-content\/uploads\/2019\/05\/big2_1441896504-280x280.jpg\" class=\"attachment-thumbnail size-thumbnail\" alt=\"\" ids=\"5981,5982,5983,5984,5985,5986,5987,5988,5989,5990,5991,5992,5993,5994,5995,5996,5997,5998,6000,6001,6002,6003,6004,6005,6006,6007,6008,6009,6010,6011,6012,6013,6014,6015,6016,6017\" style=\"none\" type=\"slider\" columns=\"1\" image_width=\"63\" image_size=\"thumbnail\" text_align=\"center\" srcset=\"https:\/\/www.montanheiros.com\/wp-content\/uploads\/2019\/05\/big2_1441896504-280x280.jpg 280w, https:\/\/www.montanheiros.com\/wp-content\/uploads\/2019\/05\/big2_1441896504-300x300.jpg 300w, https:\/\/www.montanheiros.com\/wp-content\/uploads\/2019\/05\/big2_1441896504-100x100.jpg 100w\" sizes=\"auto, (max-width: 280px) 100vw, 280px\" \/>                                                              <\/div>\n              <div class=\"box-text text-center\" >\n                 <p>Travessia Radical Norte\/Sul, Serra do Mori\u00e3o, 06set2015 - ilha Terceira<\/p>\n              <\/div>\n            <\/div>\n            <\/a>          <\/div>\n         <\/div><div class=\"gallery-col col\" >\n          <div class=\"col-inner\">\n            <a class=\"image-lightbox lightbox-gallery\" href=\"https:\/\/www.montanheiros.com\/wp-content\/uploads\/2019\/05\/big1_1441896504.jpg\" title=\"Travessia Radical Norte\/Sul, chegada \u00e0 casa do gerador do Algar do Carv\u00e3o, 06set2015 - ilha Terceira\">            <div class=\"box has-hover gallery-box box-none\">\n              <div class=\"box-image\" style=\"width:63%;\">\n                <img loading=\"lazy\" decoding=\"async\" width=\"280\" height=\"280\" src=\"https:\/\/www.montanheiros.com\/wp-content\/uploads\/2019\/05\/big1_1441896504-280x280.jpg\" class=\"attachment-thumbnail size-thumbnail\" alt=\"\" ids=\"5981,5982,5983,5984,5985,5986,5987,5988,5989,5990,5991,5992,5993,5994,5995,5996,5997,5998,6000,6001,6002,6003,6004,6005,6006,6007,6008,6009,6010,6011,6012,6013,6014,6015,6016,6017\" style=\"none\" type=\"slider\" columns=\"1\" image_width=\"63\" image_size=\"thumbnail\" text_align=\"center\" srcset=\"https:\/\/www.montanheiros.com\/wp-content\/uploads\/2019\/05\/big1_1441896504-280x280.jpg 280w, https:\/\/www.montanheiros.com\/wp-content\/uploads\/2019\/05\/big1_1441896504-300x300.jpg 300w, https:\/\/www.montanheiros.com\/wp-content\/uploads\/2019\/05\/big1_1441896504-100x100.jpg 100w\" sizes=\"auto, (max-width: 280px) 100vw, 280px\" \/>                                                              <\/div>\n              <div class=\"box-text text-center\" >\n                 <p>Travessia Radical Norte\/Sul, chegada \u00e0 casa do gerador do Algar do Carv\u00e3o, 06set2015 - ilha Terceira<\/p>\n              <\/div>\n            <\/div>\n            <\/a>          <\/div>\n         <\/div><div class=\"gallery-col col\" >\n          <div class=\"col-inner\">\n            <a class=\"image-lightbox lightbox-gallery\" href=\"https:\/\/www.montanheiros.com\/wp-content\/uploads\/2019\/05\/big3_1441896508.jpg\" title=\"Travessia Radical Norte\/Sul, chegada \u00e0 casa do gerador do Algar do Carv\u00e3o, 06set2015 - ilha Terceira\">            <div class=\"box has-hover gallery-box box-none\">\n              <div class=\"box-image\" style=\"width:63%;\">\n                <img loading=\"lazy\" decoding=\"async\" width=\"280\" height=\"280\" src=\"https:\/\/www.montanheiros.com\/wp-content\/uploads\/2019\/05\/big3_1441896508-280x280.jpg\" class=\"attachment-thumbnail size-thumbnail\" alt=\"\" ids=\"5981,5982,5983,5984,5985,5986,5987,5988,5989,5990,5991,5992,5993,5994,5995,5996,5997,5998,6000,6001,6002,6003,6004,6005,6006,6007,6008,6009,6010,6011,6012,6013,6014,6015,6016,6017\" style=\"none\" type=\"slider\" columns=\"1\" image_width=\"63\" image_size=\"thumbnail\" text_align=\"center\" srcset=\"https:\/\/www.montanheiros.com\/wp-content\/uploads\/2019\/05\/big3_1441896508-280x280.jpg 280w, https:\/\/www.montanheiros.com\/wp-content\/uploads\/2019\/05\/big3_1441896508-300x300.jpg 300w, https:\/\/www.montanheiros.com\/wp-content\/uploads\/2019\/05\/big3_1441896508-100x100.jpg 100w\" sizes=\"auto, (max-width: 280px) 100vw, 280px\" \/>                                                              <\/div>\n              <div class=\"box-text text-center\" >\n                 <p>Travessia Radical Norte\/Sul, chegada \u00e0 casa do gerador do Algar do Carv\u00e3o, 06set2015 - ilha Terceira<\/p>\n              <\/div>\n            <\/div>\n            <\/a>          <\/div>\n         <\/div><div class=\"gallery-col col\" >\n          <div class=\"col-inner\">\n            <a class=\"image-lightbox lightbox-gallery\" href=\"https:\/\/www.montanheiros.com\/wp-content\/uploads\/2019\/05\/big1_1441896550.jpg\" title=\"\tTravessia Radical Norte\/Sul, um amiguinho em apuros, 06set2015 - ilha Terceira\">            <div class=\"box has-hover gallery-box box-none\">\n              <div class=\"box-image\" style=\"width:63%;\">\n                <img loading=\"lazy\" decoding=\"async\" width=\"280\" height=\"280\" src=\"https:\/\/www.montanheiros.com\/wp-content\/uploads\/2019\/05\/big1_1441896550-280x280.jpg\" class=\"attachment-thumbnail size-thumbnail\" alt=\"\" ids=\"5981,5982,5983,5984,5985,5986,5987,5988,5989,5990,5991,5992,5993,5994,5995,5996,5997,5998,6000,6001,6002,6003,6004,6005,6006,6007,6008,6009,6010,6011,6012,6013,6014,6015,6016,6017\" style=\"none\" type=\"slider\" columns=\"1\" image_width=\"63\" image_size=\"thumbnail\" text_align=\"center\" srcset=\"https:\/\/www.montanheiros.com\/wp-content\/uploads\/2019\/05\/big1_1441896550-280x280.jpg 280w, https:\/\/www.montanheiros.com\/wp-content\/uploads\/2019\/05\/big1_1441896550-300x300.jpg 300w, https:\/\/www.montanheiros.com\/wp-content\/uploads\/2019\/05\/big1_1441896550-100x100.jpg 100w\" sizes=\"auto, (max-width: 280px) 100vw, 280px\" \/>                                                              <\/div>\n              <div class=\"box-text text-center\" >\n                 <p>\tTravessia Radical Norte\/Sul, um amiguinho em apuros, 06set2015 - ilha Terceira<\/p>\n              <\/div>\n            <\/div>\n            <\/a>          <\/div>\n         <\/div><div class=\"gallery-col col\" >\n          <div class=\"col-inner\">\n            <a class=\"image-lightbox lightbox-gallery\" href=\"https:\/\/www.montanheiros.com\/wp-content\/uploads\/2019\/05\/big2_1441896612.jpg\" title=\"Travessia Radical Norte\/Sul, Serra do Mori\u00e3o, 06set2015 - ilha Terceira\">            <div class=\"box has-hover gallery-box box-none\">\n              <div class=\"box-image\" style=\"width:63%;\">\n                <img loading=\"lazy\" decoding=\"async\" width=\"280\" height=\"280\" src=\"https:\/\/www.montanheiros.com\/wp-content\/uploads\/2019\/05\/big2_1441896612-280x280.jpg\" class=\"attachment-thumbnail size-thumbnail\" alt=\"\" ids=\"5981,5982,5983,5984,5985,5986,5987,5988,5989,5990,5991,5992,5993,5994,5995,5996,5997,5998,6000,6001,6002,6003,6004,6005,6006,6007,6008,6009,6010,6011,6012,6013,6014,6015,6016,6017\" style=\"none\" type=\"slider\" columns=\"1\" image_width=\"63\" image_size=\"thumbnail\" text_align=\"center\" srcset=\"https:\/\/www.montanheiros.com\/wp-content\/uploads\/2019\/05\/big2_1441896612-280x280.jpg 280w, https:\/\/www.montanheiros.com\/wp-content\/uploads\/2019\/05\/big2_1441896612-300x300.jpg 300w, https:\/\/www.montanheiros.com\/wp-content\/uploads\/2019\/05\/big2_1441896612-100x100.jpg 100w\" sizes=\"auto, (max-width: 280px) 100vw, 280px\" \/>                                                              <\/div>\n              <div class=\"box-text text-center\" >\n                 <p>Travessia Radical Norte\/Sul, Serra do Mori\u00e3o, 06set2015 - ilha Terceira<\/p>\n              <\/div>\n            <\/div>\n            <\/a>          <\/div>\n         <\/div><div class=\"gallery-col col\" >\n          <div class=\"col-inner\">\n            <a class=\"image-lightbox lightbox-gallery\" href=\"https:\/\/www.montanheiros.com\/wp-content\/uploads\/2019\/05\/big4_1441896618.jpg\" title=\"Travessia Radical Norte\/Sul, Serra do Mori\u00e3o, 06set2015 - ilha Terceira\">            <div class=\"box has-hover gallery-box box-none\">\n              <div class=\"box-image\" style=\"width:63%;\">\n                <img loading=\"lazy\" decoding=\"async\" width=\"280\" height=\"280\" src=\"https:\/\/www.montanheiros.com\/wp-content\/uploads\/2019\/05\/big4_1441896618-280x280.jpg\" class=\"attachment-thumbnail size-thumbnail\" alt=\"\" ids=\"5981,5982,5983,5984,5985,5986,5987,5988,5989,5990,5991,5992,5993,5994,5995,5996,5997,5998,6000,6001,6002,6003,6004,6005,6006,6007,6008,6009,6010,6011,6012,6013,6014,6015,6016,6017\" style=\"none\" type=\"slider\" columns=\"1\" image_width=\"63\" image_size=\"thumbnail\" text_align=\"center\" srcset=\"https:\/\/www.montanheiros.com\/wp-content\/uploads\/2019\/05\/big4_1441896618-280x280.jpg 280w, https:\/\/www.montanheiros.com\/wp-content\/uploads\/2019\/05\/big4_1441896618-300x300.jpg 300w, https:\/\/www.montanheiros.com\/wp-content\/uploads\/2019\/05\/big4_1441896618-100x100.jpg 100w\" sizes=\"auto, (max-width: 280px) 100vw, 280px\" \/>                                                              <\/div>\n              <div class=\"box-text text-center\" >\n                 <p>Travessia Radical Norte\/Sul, Serra do Mori\u00e3o, 06set2015 - ilha Terceira<\/p>\n              <\/div>\n            <\/div>\n            <\/a>          <\/div>\n         <\/div><div class=\"gallery-col col\" >\n          <div class=\"col-inner\">\n            <a class=\"image-lightbox lightbox-gallery\" href=\"https:\/\/www.montanheiros.com\/wp-content\/uploads\/2019\/05\/big5_1441896618.jpg\" title=\"Travessia Radical Norte\/Sul, Serra do Mori\u00e3o, 06set2015 - ilha Terceira\">            <div class=\"box has-hover gallery-box box-none\">\n              <div class=\"box-image\" style=\"width:63%;\">\n                <img loading=\"lazy\" decoding=\"async\" width=\"280\" height=\"280\" src=\"https:\/\/www.montanheiros.com\/wp-content\/uploads\/2019\/05\/big5_1441896618-280x280.jpg\" class=\"attachment-thumbnail size-thumbnail\" alt=\"\" ids=\"5981,5982,5983,5984,5985,5986,5987,5988,5989,5990,5991,5992,5993,5994,5995,5996,5997,5998,6000,6001,6002,6003,6004,6005,6006,6007,6008,6009,6010,6011,6012,6013,6014,6015,6016,6017\" style=\"none\" type=\"slider\" columns=\"1\" image_width=\"63\" image_size=\"thumbnail\" text_align=\"center\" srcset=\"https:\/\/www.montanheiros.com\/wp-content\/uploads\/2019\/05\/big5_1441896618-280x280.jpg 280w, https:\/\/www.montanheiros.com\/wp-content\/uploads\/2019\/05\/big5_1441896618-300x300.jpg 300w, https:\/\/www.montanheiros.com\/wp-content\/uploads\/2019\/05\/big5_1441896618-100x100.jpg 100w\" sizes=\"auto, (max-width: 280px) 100vw, 280px\" \/>                                                              <\/div>\n              <div class=\"box-text text-center\" >\n                 <p>Travessia Radical Norte\/Sul, Serra do Mori\u00e3o, 06set2015 - ilha Terceira<\/p>\n              <\/div>\n            <\/div>\n            <\/a>          <\/div>\n         <\/div><div class=\"gallery-col col\" >\n          <div class=\"col-inner\">\n            <a class=\"image-lightbox lightbox-gallery\" href=\"https:\/\/www.montanheiros.com\/wp-content\/uploads\/2019\/05\/big1_1441896984.jpg\" title=\"Travessia Radical Norte\/Sul, Rubus ulmifolius (silva-brava), 06set2015 - ilha Terceira\">            <div class=\"box has-hover gallery-box box-none\">\n              <div class=\"box-image\" style=\"width:63%;\">\n                <img loading=\"lazy\" decoding=\"async\" width=\"280\" height=\"280\" src=\"https:\/\/www.montanheiros.com\/wp-content\/uploads\/2019\/05\/big1_1441896984-280x280.jpg\" class=\"attachment-thumbnail size-thumbnail\" alt=\"\" ids=\"5981,5982,5983,5984,5985,5986,5987,5988,5989,5990,5991,5992,5993,5994,5995,5996,5997,5998,6000,6001,6002,6003,6004,6005,6006,6007,6008,6009,6010,6011,6012,6013,6014,6015,6016,6017\" style=\"none\" type=\"slider\" columns=\"1\" image_width=\"63\" image_size=\"thumbnail\" text_align=\"center\" srcset=\"https:\/\/www.montanheiros.com\/wp-content\/uploads\/2019\/05\/big1_1441896984-280x280.jpg 280w, https:\/\/www.montanheiros.com\/wp-content\/uploads\/2019\/05\/big1_1441896984-300x300.jpg 300w, https:\/\/www.montanheiros.com\/wp-content\/uploads\/2019\/05\/big1_1441896984-100x100.jpg 100w\" sizes=\"auto, (max-width: 280px) 100vw, 280px\" \/>                                                              <\/div>\n              <div class=\"box-text text-center\" >\n                 <p>Travessia Radical Norte\/Sul, Rubus ulmifolius (silva-brava), 06set2015 - ilha Terceira<\/p>\n              <\/div>\n            <\/div>\n            <\/a>          <\/div>\n         <\/div><div class=\"gallery-col col\" >\n          <div class=\"col-inner\">\n            <a class=\"image-lightbox lightbox-gallery\" href=\"https:\/\/www.montanheiros.com\/wp-content\/uploads\/2019\/05\/big2_1441896986.jpg\" title=\"Travessia Radical Norte\/Sul, Rubus ulmifolius (silva-brava), 06set2015 - ilha Terceira\">            <div class=\"box has-hover gallery-box box-none\">\n              <div class=\"box-image\" style=\"width:63%;\">\n                <img loading=\"lazy\" decoding=\"async\" width=\"280\" height=\"280\" src=\"https:\/\/www.montanheiros.com\/wp-content\/uploads\/2019\/05\/big2_1441896986-280x280.jpg\" class=\"attachment-thumbnail size-thumbnail\" alt=\"\" ids=\"5981,5982,5983,5984,5985,5986,5987,5988,5989,5990,5991,5992,5993,5994,5995,5996,5997,5998,6000,6001,6002,6003,6004,6005,6006,6007,6008,6009,6010,6011,6012,6013,6014,6015,6016,6017\" style=\"none\" type=\"slider\" columns=\"1\" image_width=\"63\" image_size=\"thumbnail\" text_align=\"center\" srcset=\"https:\/\/www.montanheiros.com\/wp-content\/uploads\/2019\/05\/big2_1441896986-280x280.jpg 280w, https:\/\/www.montanheiros.com\/wp-content\/uploads\/2019\/05\/big2_1441896986-300x300.jpg 300w, https:\/\/www.montanheiros.com\/wp-content\/uploads\/2019\/05\/big2_1441896986-100x100.jpg 100w\" sizes=\"auto, (max-width: 280px) 100vw, 280px\" \/>                                                              <\/div>\n              <div class=\"box-text text-center\" >\n                 <p>Travessia Radical Norte\/Sul, Rubus ulmifolius (silva-brava), 06set2015 - ilha Terceira<\/p>\n              <\/div>\n            <\/div>\n            <\/a>          <\/div>\n         <\/div><div class=\"gallery-col col\" >\n          <div class=\"col-inner\">\n            <a class=\"image-lightbox lightbox-gallery\" href=\"https:\/\/www.montanheiros.com\/wp-content\/uploads\/2019\/05\/big1_1441897499.jpg\" title=\"Travessia Radical Norte\/Sul, tanque da Serra do Mori\u00e3o, 06set2015 - ilha Terceira\">            <div class=\"box has-hover gallery-box box-none\">\n              <div class=\"box-image\" style=\"width:63%;\">\n                <img loading=\"lazy\" decoding=\"async\" width=\"280\" height=\"280\" src=\"https:\/\/www.montanheiros.com\/wp-content\/uploads\/2019\/05\/big1_1441897499-280x280.jpg\" class=\"attachment-thumbnail size-thumbnail\" alt=\"\" ids=\"5981,5982,5983,5984,5985,5986,5987,5988,5989,5990,5991,5992,5993,5994,5995,5996,5997,5998,6000,6001,6002,6003,6004,6005,6006,6007,6008,6009,6010,6011,6012,6013,6014,6015,6016,6017\" style=\"none\" type=\"slider\" columns=\"1\" image_width=\"63\" image_size=\"thumbnail\" text_align=\"center\" srcset=\"https:\/\/www.montanheiros.com\/wp-content\/uploads\/2019\/05\/big1_1441897499-280x280.jpg 280w, https:\/\/www.montanheiros.com\/wp-content\/uploads\/2019\/05\/big1_1441897499-300x300.jpg 300w, https:\/\/www.montanheiros.com\/wp-content\/uploads\/2019\/05\/big1_1441897499-100x100.jpg 100w\" sizes=\"auto, (max-width: 280px) 100vw, 280px\" \/>                                                              <\/div>\n              <div class=\"box-text text-center\" >\n                 <p>Travessia Radical Norte\/Sul, tanque da Serra do Mori\u00e3o, 06set2015 - ilha Terceira<\/p>\n              <\/div>\n            <\/div>\n            <\/a>          <\/div>\n         <\/div><div class=\"gallery-col col\" >\n          <div class=\"col-inner\">\n            <a class=\"image-lightbox lightbox-gallery\" href=\"https:\/\/www.montanheiros.com\/wp-content\/uploads\/2019\/05\/big3_1441896173.jpg\" title=\"Travessia Radical Norte\/Sul, 06set2015 - ilha Terceira \">            <div class=\"box has-hover gallery-box box-none\">\n              <div class=\"box-image\" style=\"width:63%;\">\n                <img loading=\"lazy\" decoding=\"async\" width=\"280\" height=\"280\" src=\"https:\/\/www.montanheiros.com\/wp-content\/uploads\/2019\/05\/big3_1441896173-280x280.jpg\" class=\"attachment-thumbnail size-thumbnail\" alt=\"\" ids=\"5981,5982,5983,5984,5985,5986,5987,5988,5989,5990,5991,5992,5993,5994,5995,5996,5997,5998,6000,6001,6002,6003,6004,6005,6006,6007,6008,6009,6010,6011,6012,6013,6014,6015,6016,6017\" style=\"none\" type=\"slider\" columns=\"1\" image_width=\"63\" image_size=\"thumbnail\" text_align=\"center\" srcset=\"https:\/\/www.montanheiros.com\/wp-content\/uploads\/2019\/05\/big3_1441896173-280x280.jpg 280w, https:\/\/www.montanheiros.com\/wp-content\/uploads\/2019\/05\/big3_1441896173-300x300.jpg 300w, https:\/\/www.montanheiros.com\/wp-content\/uploads\/2019\/05\/big3_1441896173-100x100.jpg 100w\" sizes=\"auto, (max-width: 280px) 100vw, 280px\" \/>                                                              <\/div>\n              <div class=\"box-text text-center\" >\n                 <p>Travessia Radical Norte\/Sul, 06set2015 - ilha Terceira <\/p>\n              <\/div>\n            <\/div>\n            <\/a>          <\/div>\n         <\/div><div class=\"gallery-col col\" >\n          <div class=\"col-inner\">\n            <a class=\"image-lightbox lightbox-gallery\" href=\"https:\/\/www.montanheiros.com\/wp-content\/uploads\/2019\/05\/big1_1441896171.jpg\" title=\"Travessia Radical Norte\/Sul, 06set2015 - ilha Terceira \">            <div class=\"box has-hover gallery-box box-none\">\n              <div class=\"box-image\" style=\"width:63%;\">\n                <img loading=\"lazy\" decoding=\"async\" width=\"280\" height=\"280\" src=\"https:\/\/www.montanheiros.com\/wp-content\/uploads\/2019\/05\/big1_1441896171-280x280.jpg\" class=\"attachment-thumbnail size-thumbnail\" alt=\"\" ids=\"5981,5982,5983,5984,5985,5986,5987,5988,5989,5990,5991,5992,5993,5994,5995,5996,5997,5998,6000,6001,6002,6003,6004,6005,6006,6007,6008,6009,6010,6011,6012,6013,6014,6015,6016,6017\" style=\"none\" type=\"slider\" columns=\"1\" image_width=\"63\" image_size=\"thumbnail\" text_align=\"center\" srcset=\"https:\/\/www.montanheiros.com\/wp-content\/uploads\/2019\/05\/big1_1441896171-280x280.jpg 280w, https:\/\/www.montanheiros.com\/wp-content\/uploads\/2019\/05\/big1_1441896171-300x300.jpg 300w, https:\/\/www.montanheiros.com\/wp-content\/uploads\/2019\/05\/big1_1441896171-100x100.jpg 100w\" sizes=\"auto, (max-width: 280px) 100vw, 280px\" \/>                                                              <\/div>\n              <div class=\"box-text text-center\" >\n                 <p>Travessia Radical Norte\/Sul, 06set2015 - ilha Terceira <\/p>\n              <\/div>\n            <\/div>\n            <\/a>          <\/div>\n         <\/div><div class=\"gallery-col col\" >\n          <div class=\"col-inner\">\n            <a class=\"image-lightbox lightbox-gallery\" href=\"https:\/\/www.montanheiros.com\/wp-content\/uploads\/2019\/05\/big6_1441896179.jpg\" title=\"Travessia Radical Norte\/Sul, 06set2015 - ilha Terceira \">            <div class=\"box has-hover gallery-box box-none\">\n              <div class=\"box-image\" style=\"width:63%;\">\n                <img loading=\"lazy\" decoding=\"async\" width=\"280\" height=\"280\" src=\"https:\/\/www.montanheiros.com\/wp-content\/uploads\/2019\/05\/big6_1441896179-280x280.jpg\" class=\"attachment-thumbnail size-thumbnail\" alt=\"\" ids=\"5981,5982,5983,5984,5985,5986,5987,5988,5989,5990,5991,5992,5993,5994,5995,5996,5997,5998,6000,6001,6002,6003,6004,6005,6006,6007,6008,6009,6010,6011,6012,6013,6014,6015,6016,6017\" style=\"none\" type=\"slider\" columns=\"1\" image_width=\"63\" image_size=\"thumbnail\" text_align=\"center\" srcset=\"https:\/\/www.montanheiros.com\/wp-content\/uploads\/2019\/05\/big6_1441896179-280x280.jpg 280w, https:\/\/www.montanheiros.com\/wp-content\/uploads\/2019\/05\/big6_1441896179-300x300.jpg 300w, https:\/\/www.montanheiros.com\/wp-content\/uploads\/2019\/05\/big6_1441896179-100x100.jpg 100w\" sizes=\"auto, (max-width: 280px) 100vw, 280px\" \/>                                                              <\/div>\n              <div class=\"box-text text-center\" >\n                 <p>Travessia Radical Norte\/Sul, 06set2015 - ilha Terceira <\/p>\n              <\/div>\n            <\/div>\n            <\/a>          <\/div>\n         <\/div><div class=\"gallery-col col\" >\n          <div class=\"col-inner\">\n            <a class=\"image-lightbox lightbox-gallery\" href=\"https:\/\/www.montanheiros.com\/wp-content\/uploads\/2019\/05\/big4_1441896175.jpg\" title=\"Travessia Radical Norte\/Sul, 06set2015 - ilha Terceira \">            <div class=\"box has-hover gallery-box box-none\">\n              <div class=\"box-image\" style=\"width:63%;\">\n                <img loading=\"lazy\" decoding=\"async\" width=\"280\" height=\"280\" src=\"https:\/\/www.montanheiros.com\/wp-content\/uploads\/2019\/05\/big4_1441896175-280x280.jpg\" class=\"attachment-thumbnail size-thumbnail\" alt=\"\" ids=\"5981,5982,5983,5984,5985,5986,5987,5988,5989,5990,5991,5992,5993,5994,5995,5996,5997,5998,6000,6001,6002,6003,6004,6005,6006,6007,6008,6009,6010,6011,6012,6013,6014,6015,6016,6017\" style=\"none\" type=\"slider\" columns=\"1\" image_width=\"63\" image_size=\"thumbnail\" text_align=\"center\" srcset=\"https:\/\/www.montanheiros.com\/wp-content\/uploads\/2019\/05\/big4_1441896175-280x280.jpg 280w, https:\/\/www.montanheiros.com\/wp-content\/uploads\/2019\/05\/big4_1441896175-300x300.jpg 300w, https:\/\/www.montanheiros.com\/wp-content\/uploads\/2019\/05\/big4_1441896175-100x100.jpg 100w\" sizes=\"auto, (max-width: 280px) 100vw, 280px\" \/>                                                              <\/div>\n              <div class=\"box-text text-center\" >\n                 <p>Travessia Radical Norte\/Sul, 06set2015 - ilha Terceira <\/p>\n              <\/div>\n            <\/div>\n            <\/a>          <\/div>\n         <\/div><div class=\"gallery-col col\" >\n          <div class=\"col-inner\">\n            <a class=\"image-lightbox lightbox-gallery\" href=\"https:\/\/www.montanheiros.com\/wp-content\/uploads\/2019\/05\/big5_1441896178.jpg\" title=\"Travessia Radical Norte\/Sul, 06set2015 - ilha Terceira \">            <div class=\"box has-hover gallery-box box-none\">\n              <div class=\"box-image\" style=\"width:63%;\">\n                <img loading=\"lazy\" decoding=\"async\" width=\"280\" height=\"280\" src=\"https:\/\/www.montanheiros.com\/wp-content\/uploads\/2019\/05\/big5_1441896178-280x280.jpg\" class=\"attachment-thumbnail size-thumbnail\" alt=\"\" ids=\"5981,5982,5983,5984,5985,5986,5987,5988,5989,5990,5991,5992,5993,5994,5995,5996,5997,5998,6000,6001,6002,6003,6004,6005,6006,6007,6008,6009,6010,6011,6012,6013,6014,6015,6016,6017\" style=\"none\" type=\"slider\" columns=\"1\" image_width=\"63\" image_size=\"thumbnail\" text_align=\"center\" srcset=\"https:\/\/www.montanheiros.com\/wp-content\/uploads\/2019\/05\/big5_1441896178-280x280.jpg 280w, https:\/\/www.montanheiros.com\/wp-content\/uploads\/2019\/05\/big5_1441896178-300x300.jpg 300w, https:\/\/www.montanheiros.com\/wp-content\/uploads\/2019\/05\/big5_1441896178-100x100.jpg 100w\" sizes=\"auto, (max-width: 280px) 100vw, 280px\" \/>                                                              <\/div>\n              <div class=\"box-text text-center\" >\n                 <p>Travessia Radical Norte\/Sul, 06set2015 - ilha Terceira <\/p>\n              <\/div>\n            <\/div>\n            <\/a>          <\/div>\n         <\/div><div class=\"gallery-col col\" >\n          <div class=\"col-inner\">\n            <a class=\"image-lightbox lightbox-gallery\" href=\"https:\/\/www.montanheiros.com\/wp-content\/uploads\/2019\/05\/big2_1441896173.jpg\" title=\"Travessia Radical Norte\/Sul, 06set2015 - ilha Terceira \">            <div class=\"box has-hover gallery-box box-none\">\n              <div class=\"box-image\" style=\"width:63%;\">\n                <img loading=\"lazy\" decoding=\"async\" width=\"280\" height=\"280\" src=\"https:\/\/www.montanheiros.com\/wp-content\/uploads\/2019\/05\/big2_1441896173-280x280.jpg\" class=\"attachment-thumbnail size-thumbnail\" alt=\"\" ids=\"5981,5982,5983,5984,5985,5986,5987,5988,5989,5990,5991,5992,5993,5994,5995,5996,5997,5998,6000,6001,6002,6003,6004,6005,6006,6007,6008,6009,6010,6011,6012,6013,6014,6015,6016,6017\" style=\"none\" type=\"slider\" columns=\"1\" image_width=\"63\" image_size=\"thumbnail\" text_align=\"center\" srcset=\"https:\/\/www.montanheiros.com\/wp-content\/uploads\/2019\/05\/big2_1441896173-280x280.jpg 280w, https:\/\/www.montanheiros.com\/wp-content\/uploads\/2019\/05\/big2_1441896173-300x300.jpg 300w, https:\/\/www.montanheiros.com\/wp-content\/uploads\/2019\/05\/big2_1441896173-100x100.jpg 100w\" sizes=\"auto, (max-width: 280px) 100vw, 280px\" \/>                                                              <\/div>\n              <div class=\"box-text text-center\" >\n                 <p>Travessia Radical Norte\/Sul, 06set2015 - ilha Terceira <\/p>\n              <\/div>\n            <\/div>\n            <\/a>          <\/div>\n         <\/div><div class=\"gallery-col col\" >\n          <div class=\"col-inner\">\n            <a class=\"image-lightbox lightbox-gallery\" href=\"https:\/\/www.montanheiros.com\/wp-content\/uploads\/2019\/05\/big1_1441896269.jpg\" title=\"Travessia Radical Norte\/Sul, chegada ao Pico do Assopro, 06set2015 - ilha Terceira\">            <div class=\"box has-hover gallery-box box-none\">\n              <div class=\"box-image\" style=\"width:63%;\">\n                <img loading=\"lazy\" decoding=\"async\" width=\"280\" height=\"280\" src=\"https:\/\/www.montanheiros.com\/wp-content\/uploads\/2019\/05\/big1_1441896269-280x280.jpg\" class=\"attachment-thumbnail size-thumbnail\" alt=\"\" ids=\"5981,5982,5983,5984,5985,5986,5987,5988,5989,5990,5991,5992,5993,5994,5995,5996,5997,5998,6000,6001,6002,6003,6004,6005,6006,6007,6008,6009,6010,6011,6012,6013,6014,6015,6016,6017\" style=\"none\" type=\"slider\" columns=\"1\" image_width=\"63\" image_size=\"thumbnail\" text_align=\"center\" srcset=\"https:\/\/www.montanheiros.com\/wp-content\/uploads\/2019\/05\/big1_1441896269-280x280.jpg 280w, https:\/\/www.montanheiros.com\/wp-content\/uploads\/2019\/05\/big1_1441896269-300x300.jpg 300w, https:\/\/www.montanheiros.com\/wp-content\/uploads\/2019\/05\/big1_1441896269-100x100.jpg 100w\" sizes=\"auto, (max-width: 280px) 100vw, 280px\" \/>                                                              <\/div>\n              <div class=\"box-text text-center\" >\n                 <p>Travessia Radical Norte\/Sul, chegada ao Pico do Assopro, 06set2015 - ilha Terceira<\/p>\n              <\/div>\n            <\/div>\n            <\/a>          <\/div>\n         <\/div><div class=\"gallery-col col\" >\n          <div class=\"col-inner\">\n            <a class=\"image-lightbox lightbox-gallery\" href=\"https:\/\/www.montanheiros.com\/wp-content\/uploads\/2019\/05\/big7_1441896356.jpg\" title=\"Travessia Radical Norte\/Sul, 06set2015 - ilha Terceira \">            <div class=\"box has-hover gallery-box box-none\">\n              <div class=\"box-image\" style=\"width:63%;\">\n                <img loading=\"lazy\" decoding=\"async\" width=\"280\" height=\"280\" src=\"https:\/\/www.montanheiros.com\/wp-content\/uploads\/2019\/05\/big7_1441896356-280x280.jpg\" class=\"attachment-thumbnail size-thumbnail\" alt=\"\" ids=\"5981,5982,5983,5984,5985,5986,5987,5988,5989,5990,5991,5992,5993,5994,5995,5996,5997,5998,6000,6001,6002,6003,6004,6005,6006,6007,6008,6009,6010,6011,6012,6013,6014,6015,6016,6017\" style=\"none\" type=\"slider\" columns=\"1\" image_width=\"63\" image_size=\"thumbnail\" text_align=\"center\" srcset=\"https:\/\/www.montanheiros.com\/wp-content\/uploads\/2019\/05\/big7_1441896356-280x280.jpg 280w, https:\/\/www.montanheiros.com\/wp-content\/uploads\/2019\/05\/big7_1441896356-300x300.jpg 300w, https:\/\/www.montanheiros.com\/wp-content\/uploads\/2019\/05\/big7_1441896356-100x100.jpg 100w\" sizes=\"auto, (max-width: 280px) 100vw, 280px\" \/>                                                              <\/div>\n              <div class=\"box-text text-center\" >\n                 <p>Travessia Radical Norte\/Sul, 06set2015 - ilha Terceira <\/p>\n              <\/div>\n            <\/div>\n            <\/a>          <\/div>\n         <\/div><div class=\"gallery-col col\" >\n          <div class=\"col-inner\">\n            <a class=\"image-lightbox lightbox-gallery\" href=\"https:\/\/www.montanheiros.com\/wp-content\/uploads\/2019\/05\/big3_1441896352.jpg\" title=\"Travessia Radical Norte\/Sul, 06set2015 - ilha Terceira\">            <div class=\"box has-hover gallery-box box-none\">\n              <div class=\"box-image\" style=\"width:63%;\">\n                <img loading=\"lazy\" decoding=\"async\" width=\"280\" height=\"280\" src=\"https:\/\/www.montanheiros.com\/wp-content\/uploads\/2019\/05\/big3_1441896352-280x280.jpg\" class=\"attachment-thumbnail size-thumbnail\" alt=\"\" ids=\"5981,5982,5983,5984,5985,5986,5987,5988,5989,5990,5991,5992,5993,5994,5995,5996,5997,5998,6000,6001,6002,6003,6004,6005,6006,6007,6008,6009,6010,6011,6012,6013,6014,6015,6016,6017\" style=\"none\" type=\"slider\" columns=\"1\" image_width=\"63\" image_size=\"thumbnail\" text_align=\"center\" srcset=\"https:\/\/www.montanheiros.com\/wp-content\/uploads\/2019\/05\/big3_1441896352-280x280.jpg 280w, https:\/\/www.montanheiros.com\/wp-content\/uploads\/2019\/05\/big3_1441896352-300x300.jpg 300w, https:\/\/www.montanheiros.com\/wp-content\/uploads\/2019\/05\/big3_1441896352-100x100.jpg 100w\" sizes=\"auto, (max-width: 280px) 100vw, 280px\" \/>                                                              <\/div>\n              <div class=\"box-text text-center\" >\n                 <p>Travessia Radical Norte\/Sul, 06set2015 - ilha Terceira<\/p>\n              <\/div>\n            <\/div>\n            <\/a>          <\/div>\n         <\/div><div class=\"gallery-col col\" >\n          <div class=\"col-inner\">\n            <a class=\"image-lightbox lightbox-gallery\" href=\"https:\/\/www.montanheiros.com\/wp-content\/uploads\/2019\/05\/big4_1441896353.jpg\" title=\"Travessia Radical Norte\/Sul, 06set2015 - ilha Terceira\">            <div class=\"box has-hover gallery-box box-none\">\n              <div class=\"box-image\" style=\"width:63%;\">\n                <img loading=\"lazy\" decoding=\"async\" width=\"280\" height=\"280\" src=\"https:\/\/www.montanheiros.com\/wp-content\/uploads\/2019\/05\/big4_1441896353-280x280.jpg\" class=\"attachment-thumbnail size-thumbnail\" alt=\"\" ids=\"5981,5982,5983,5984,5985,5986,5987,5988,5989,5990,5991,5992,5993,5994,5995,5996,5997,5998,6000,6001,6002,6003,6004,6005,6006,6007,6008,6009,6010,6011,6012,6013,6014,6015,6016,6017\" style=\"none\" type=\"slider\" columns=\"1\" image_width=\"63\" image_size=\"thumbnail\" text_align=\"center\" srcset=\"https:\/\/www.montanheiros.com\/wp-content\/uploads\/2019\/05\/big4_1441896353-280x280.jpg 280w, https:\/\/www.montanheiros.com\/wp-content\/uploads\/2019\/05\/big4_1441896353-300x300.jpg 300w, https:\/\/www.montanheiros.com\/wp-content\/uploads\/2019\/05\/big4_1441896353-100x100.jpg 100w\" sizes=\"auto, (max-width: 280px) 100vw, 280px\" \/>                                                              <\/div>\n              <div class=\"box-text text-center\" >\n                 <p>Travessia Radical Norte\/Sul, 06set2015 - ilha Terceira<\/p>\n              <\/div>\n            <\/div>\n            <\/a>          <\/div>\n         <\/div><div class=\"gallery-col col\" >\n          <div class=\"col-inner\">\n            <a class=\"image-lightbox lightbox-gallery\" href=\"https:\/\/www.montanheiros.com\/wp-content\/uploads\/2019\/05\/big9_1441896358.jpg\" title=\"Travessia Radical Norte\/Sul, 06set2015 - ilha Terceira\">            <div class=\"box has-hover gallery-box box-none\">\n              <div class=\"box-image\" style=\"width:63%;\">\n                <img loading=\"lazy\" decoding=\"async\" width=\"280\" height=\"280\" src=\"https:\/\/www.montanheiros.com\/wp-content\/uploads\/2019\/05\/big9_1441896358-280x280.jpg\" class=\"attachment-thumbnail size-thumbnail\" alt=\"\" ids=\"5981,5982,5983,5984,5985,5986,5987,5988,5989,5990,5991,5992,5993,5994,5995,5996,5997,5998,6000,6001,6002,6003,6004,6005,6006,6007,6008,6009,6010,6011,6012,6013,6014,6015,6016,6017\" style=\"none\" type=\"slider\" columns=\"1\" image_width=\"63\" image_size=\"thumbnail\" text_align=\"center\" srcset=\"https:\/\/www.montanheiros.com\/wp-content\/uploads\/2019\/05\/big9_1441896358-280x280.jpg 280w, https:\/\/www.montanheiros.com\/wp-content\/uploads\/2019\/05\/big9_1441896358-300x300.jpg 300w, https:\/\/www.montanheiros.com\/wp-content\/uploads\/2019\/05\/big9_1441896358-100x100.jpg 100w\" sizes=\"auto, (max-width: 280px) 100vw, 280px\" \/>                                                              <\/div>\n              <div class=\"box-text text-center\" >\n                 <p>Travessia Radical Norte\/Sul, 06set2015 - ilha Terceira<\/p>\n              <\/div>\n            <\/div>\n            <\/a>          <\/div>\n         <\/div><div class=\"gallery-col col\" >\n          <div class=\"col-inner\">\n            <a class=\"image-lightbox lightbox-gallery\" href=\"https:\/\/www.montanheiros.com\/wp-content\/uploads\/2019\/05\/big6_1441896353.jpg\" title=\"Travessia Radical Norte\/Sul, 06set2015 - ilha Terceira\">            <div class=\"box has-hover gallery-box box-none\">\n              <div class=\"box-image\" style=\"width:63%;\">\n                <img loading=\"lazy\" decoding=\"async\" width=\"280\" height=\"280\" src=\"https:\/\/www.montanheiros.com\/wp-content\/uploads\/2019\/05\/big6_1441896353-280x280.jpg\" class=\"attachment-thumbnail size-thumbnail\" alt=\"\" ids=\"5981,5982,5983,5984,5985,5986,5987,5988,5989,5990,5991,5992,5993,5994,5995,5996,5997,5998,6000,6001,6002,6003,6004,6005,6006,6007,6008,6009,6010,6011,6012,6013,6014,6015,6016,6017\" style=\"none\" type=\"slider\" columns=\"1\" image_width=\"63\" image_size=\"thumbnail\" text_align=\"center\" srcset=\"https:\/\/www.montanheiros.com\/wp-content\/uploads\/2019\/05\/big6_1441896353-280x280.jpg 280w, https:\/\/www.montanheiros.com\/wp-content\/uploads\/2019\/05\/big6_1441896353-300x300.jpg 300w, https:\/\/www.montanheiros.com\/wp-content\/uploads\/2019\/05\/big6_1441896353-100x100.jpg 100w\" sizes=\"auto, (max-width: 280px) 100vw, 280px\" \/>                                                              <\/div>\n              <div class=\"box-text text-center\" >\n                 <p>Travessia Radical Norte\/Sul, 06set2015 - ilha Terceira<\/p>\n              <\/div>\n            <\/div>\n            <\/a>          <\/div>\n         <\/div><div class=\"gallery-col col\" >\n          <div class=\"col-inner\">\n            <a class=\"image-lightbox lightbox-gallery\" href=\"https:\/\/www.montanheiros.com\/wp-content\/uploads\/2019\/05\/big2_1441896351.jpg\" title=\"Travessia Radical Norte\/Sul, 06set2015 - ilha Terceira\">            <div class=\"box has-hover gallery-box box-none\">\n              <div class=\"box-image\" style=\"width:63%;\">\n                <img loading=\"lazy\" decoding=\"async\" width=\"280\" height=\"280\" src=\"https:\/\/www.montanheiros.com\/wp-content\/uploads\/2019\/05\/big2_1441896351-280x280.jpg\" class=\"attachment-thumbnail size-thumbnail\" alt=\"\" ids=\"5981,5982,5983,5984,5985,5986,5987,5988,5989,5990,5991,5992,5993,5994,5995,5996,5997,5998,6000,6001,6002,6003,6004,6005,6006,6007,6008,6009,6010,6011,6012,6013,6014,6015,6016,6017\" style=\"none\" type=\"slider\" columns=\"1\" image_width=\"63\" image_size=\"thumbnail\" text_align=\"center\" srcset=\"https:\/\/www.montanheiros.com\/wp-content\/uploads\/2019\/05\/big2_1441896351-280x280.jpg 280w, https:\/\/www.montanheiros.com\/wp-content\/uploads\/2019\/05\/big2_1441896351-300x300.jpg 300w, https:\/\/www.montanheiros.com\/wp-content\/uploads\/2019\/05\/big2_1441896351-100x100.jpg 100w\" sizes=\"auto, (max-width: 280px) 100vw, 280px\" \/>                                                              <\/div>\n              <div class=\"box-text text-center\" >\n                 <p>Travessia Radical Norte\/Sul, 06set2015 - ilha Terceira<\/p>\n              <\/div>\n            <\/div>\n            <\/a>          <\/div>\n         <\/div><div class=\"gallery-col col\" >\n          <div class=\"col-inner\">\n            <a class=\"image-lightbox lightbox-gallery\" href=\"https:\/\/www.montanheiros.com\/wp-content\/uploads\/2019\/05\/big8_1441896358.jpg\" title=\"Travessia Radical Norte\/Sul, 06set2015 - ilha Terceira\">            <div class=\"box has-hover gallery-box box-none\">\n              <div class=\"box-image\" style=\"width:63%;\">\n                <img loading=\"lazy\" decoding=\"async\" width=\"280\" height=\"280\" src=\"https:\/\/www.montanheiros.com\/wp-content\/uploads\/2019\/05\/big8_1441896358-280x280.jpg\" class=\"attachment-thumbnail size-thumbnail\" alt=\"\" ids=\"5981,5982,5983,5984,5985,5986,5987,5988,5989,5990,5991,5992,5993,5994,5995,5996,5997,5998,6000,6001,6002,6003,6004,6005,6006,6007,6008,6009,6010,6011,6012,6013,6014,6015,6016,6017\" style=\"none\" type=\"slider\" columns=\"1\" image_width=\"63\" image_size=\"thumbnail\" text_align=\"center\" srcset=\"https:\/\/www.montanheiros.com\/wp-content\/uploads\/2019\/05\/big8_1441896358-280x280.jpg 280w, https:\/\/www.montanheiros.com\/wp-content\/uploads\/2019\/05\/big8_1441896358-300x300.jpg 300w, https:\/\/www.montanheiros.com\/wp-content\/uploads\/2019\/05\/big8_1441896358-100x100.jpg 100w\" sizes=\"auto, (max-width: 280px) 100vw, 280px\" \/>                                                              <\/div>\n              <div class=\"box-text text-center\" >\n                 <p>Travessia Radical Norte\/Sul, 06set2015 - ilha Terceira<\/p>\n              <\/div>\n            <\/div>\n            <\/a>          <\/div>\n         <\/div><div class=\"gallery-col col\" >\n          <div class=\"col-inner\">\n            <a class=\"image-lightbox lightbox-gallery\" href=\"https:\/\/www.montanheiros.com\/wp-content\/uploads\/2019\/05\/big10_1441896360.jpg\" title=\"Travessia Radical Norte\/Sul, 06set2015 - ilha Terceira\">            <div class=\"box has-hover gallery-box box-none\">\n              <div class=\"box-image\" style=\"width:63%;\">\n                <img loading=\"lazy\" decoding=\"async\" width=\"280\" height=\"280\" src=\"https:\/\/www.montanheiros.com\/wp-content\/uploads\/2019\/05\/big10_1441896360-280x280.jpg\" class=\"attachment-thumbnail size-thumbnail\" alt=\"\" ids=\"5981,5982,5983,5984,5985,5986,5987,5988,5989,5990,5991,5992,5993,5994,5995,5996,5997,5998,6000,6001,6002,6003,6004,6005,6006,6007,6008,6009,6010,6011,6012,6013,6014,6015,6016,6017\" style=\"none\" type=\"slider\" columns=\"1\" image_width=\"63\" image_size=\"thumbnail\" text_align=\"center\" srcset=\"https:\/\/www.montanheiros.com\/wp-content\/uploads\/2019\/05\/big10_1441896360-280x280.jpg 280w, https:\/\/www.montanheiros.com\/wp-content\/uploads\/2019\/05\/big10_1441896360-300x300.jpg 300w, https:\/\/www.montanheiros.com\/wp-content\/uploads\/2019\/05\/big10_1441896360-100x100.jpg 100w\" sizes=\"auto, (max-width: 280px) 100vw, 280px\" \/>                                                              <\/div>\n              <div class=\"box-text text-center\" >\n                 <p>Travessia Radical Norte\/Sul, 06set2015 - ilha Terceira<\/p>\n              <\/div>\n            <\/div>\n            <\/a>          <\/div>\n         <\/div><div class=\"gallery-col col\" >\n          <div class=\"col-inner\">\n            <a class=\"image-lightbox lightbox-gallery\" href=\"https:\/\/www.montanheiros.com\/wp-content\/uploads\/2019\/05\/big1_1441895949.jpg\" title=\"Travessia Radical Norte\/Sul, tra\u00e7ado do percurso, 06set2015 - ilha Terceira \">            <div class=\"box has-hover gallery-box box-none\">\n              <div class=\"box-image\" style=\"width:63%;\">\n                <img loading=\"lazy\" decoding=\"async\" width=\"280\" height=\"280\" src=\"https:\/\/www.montanheiros.com\/wp-content\/uploads\/2019\/05\/big1_1441895949-280x280.jpg\" class=\"attachment-thumbnail size-thumbnail\" alt=\"\" ids=\"5981,5982,5983,5984,5985,5986,5987,5988,5989,5990,5991,5992,5993,5994,5995,5996,5997,5998,6000,6001,6002,6003,6004,6005,6006,6007,6008,6009,6010,6011,6012,6013,6014,6015,6016,6017\" style=\"none\" type=\"slider\" columns=\"1\" image_width=\"63\" image_size=\"thumbnail\" text_align=\"center\" srcset=\"https:\/\/www.montanheiros.com\/wp-content\/uploads\/2019\/05\/big1_1441895949-280x280.jpg 280w, https:\/\/www.montanheiros.com\/wp-content\/uploads\/2019\/05\/big1_1441895949-300x300.jpg 300w, https:\/\/www.montanheiros.com\/wp-content\/uploads\/2019\/05\/big1_1441895949-100x100.jpg 100w\" sizes=\"auto, (max-width: 280px) 100vw, 280px\" \/>                                                              <\/div>\n              <div class=\"box-text text-center\" >\n                 <p>Travessia Radical Norte\/Sul, tra\u00e7ado do percurso, 06set2015 - ilha Terceira <\/p>\n              <\/div>\n            <\/div>\n            <\/a>          <\/div>\n         <\/div><div class=\"gallery-col col\" >\n          <div class=\"col-inner\">\n            <a class=\"image-lightbox lightbox-gallery\" href=\"https:\/\/www.montanheiros.com\/wp-content\/uploads\/2019\/05\/big4_1441896053.jpg\" title=\"Travessia Radical Norte\/Sul, 2\u00ba ponto de concentra\u00e7\u00e3o e briefing, 06set2015 - ilha Terceira\">            <div class=\"box has-hover gallery-box box-none\">\n              <div class=\"box-image\" style=\"width:63%;\">\n                <img loading=\"lazy\" decoding=\"async\" width=\"280\" height=\"280\" src=\"https:\/\/www.montanheiros.com\/wp-content\/uploads\/2019\/05\/big4_1441896053-280x280.jpg\" class=\"attachment-thumbnail size-thumbnail\" alt=\"\" ids=\"5981,5982,5983,5984,5985,5986,5987,5988,5989,5990,5991,5992,5993,5994,5995,5996,5997,5998,6000,6001,6002,6003,6004,6005,6006,6007,6008,6009,6010,6011,6012,6013,6014,6015,6016,6017\" style=\"none\" type=\"slider\" columns=\"1\" image_width=\"63\" image_size=\"thumbnail\" text_align=\"center\" srcset=\"https:\/\/www.montanheiros.com\/wp-content\/uploads\/2019\/05\/big4_1441896053-280x280.jpg 280w, https:\/\/www.montanheiros.com\/wp-content\/uploads\/2019\/05\/big4_1441896053-300x300.jpg 300w, https:\/\/www.montanheiros.com\/wp-content\/uploads\/2019\/05\/big4_1441896053-100x100.jpg 100w\" sizes=\"auto, (max-width: 280px) 100vw, 280px\" \/>                                                              <\/div>\n              <div class=\"box-text text-center\" >\n                 <p>Travessia Radical Norte\/Sul, 2\u00ba ponto de concentra\u00e7\u00e3o e briefing, 06set2015 - ilha Terceira<\/p>\n              <\/div>\n            <\/div>\n            <\/a>          <\/div>\n         <\/div><div class=\"gallery-col col\" >\n          <div class=\"col-inner\">\n            <a class=\"image-lightbox lightbox-gallery\" href=\"https:\/\/www.montanheiros.com\/wp-content\/uploads\/2019\/05\/big2_1441896050.jpg\" title=\"Travessia Radical Norte\/Sul, 2\u00ba ponto de concentra\u00e7\u00e3o e briefing, 06set2015 - ilha Terceira\">            <div class=\"box has-hover gallery-box box-none\">\n              <div class=\"box-image\" style=\"width:63%;\">\n                <img loading=\"lazy\" decoding=\"async\" width=\"280\" height=\"280\" src=\"https:\/\/www.montanheiros.com\/wp-content\/uploads\/2019\/05\/big2_1441896050-280x280.jpg\" class=\"attachment-thumbnail size-thumbnail\" alt=\"\" ids=\"5981,5982,5983,5984,5985,5986,5987,5988,5989,5990,5991,5992,5993,5994,5995,5996,5997,5998,6000,6001,6002,6003,6004,6005,6006,6007,6008,6009,6010,6011,6012,6013,6014,6015,6016,6017\" style=\"none\" type=\"slider\" columns=\"1\" image_width=\"63\" image_size=\"thumbnail\" text_align=\"center\" srcset=\"https:\/\/www.montanheiros.com\/wp-content\/uploads\/2019\/05\/big2_1441896050-280x280.jpg 280w, https:\/\/www.montanheiros.com\/wp-content\/uploads\/2019\/05\/big2_1441896050-300x300.jpg 300w, https:\/\/www.montanheiros.com\/wp-content\/uploads\/2019\/05\/big2_1441896050-100x100.jpg 100w\" sizes=\"auto, (max-width: 280px) 100vw, 280px\" \/>                                                              <\/div>\n              <div class=\"box-text text-center\" >\n                 <p>Travessia Radical Norte\/Sul, 2\u00ba ponto de concentra\u00e7\u00e3o e briefing, 06set2015 - ilha Terceira<\/p>\n              <\/div>\n            <\/div>\n            <\/a>          <\/div>\n         <\/div><\/div>\n\n\n\t\t<\/div>\n\t\t\t\t\t<\/div>\n\n\t\n\n\t<div id=\"col-738463955\" class=\"col medium-3 small-12 large-3\"  >\n\t\t\t\t<div class=\"col-inner\"  >\n\t\t\t\n\t\t\t\n\n<p>Travessia Radical Norte\/Sul, Vinha Brava-Lameirinho-Angra do Hero\u00edsmo, 06set2015 &#8211; ilha Terceira<\/p>\n\n  \n    <div class=\"row large-columns-1 medium-columns- small-columns- row-full-width slider row-slider slider-nav-reveal\"  data-flickity-options='{\"imagesLoaded\": true, \"groupCells\": \"100%\", \"dragThreshold\" : 5, \"cellAlign\": \"left\",\"wrapAround\": true,\"prevNextButtons\": true,\"percentPosition\": true,\"pageDots\": false, \"rightToLeft\": false, \"autoPlay\" : false}'>\n\n  <div class=\"gallery-col col\" >\n          <div class=\"col-inner\">\n            <a class=\"image-lightbox lightbox-gallery\" href=\"https:\/\/www.montanheiros.com\/wp-content\/uploads\/2019\/05\/big1_1441897739.jpg\" title=\"Travessia Radical Norte\/Sul, Vinha Brava-Lameirinho-Angra do Hero\u00edsmo, 06set2015 - ilha Terceira \">            <div class=\"box has-hover gallery-box box-none\">\n              <div class=\"box-image\" style=\"width:63%;\">\n                <img loading=\"lazy\" decoding=\"async\" width=\"280\" height=\"280\" src=\"https:\/\/www.montanheiros.com\/wp-content\/uploads\/2019\/05\/big1_1441897739-280x280.jpg\" class=\"attachment-thumbnail size-thumbnail\" alt=\"\" ids=\"5973,5974,5975,5976,5977,5978,5979\" style=\"none\" type=\"slider\" columns=\"1\" image_width=\"63\" image_size=\"thumbnail\" text_align=\"center\" srcset=\"https:\/\/www.montanheiros.com\/wp-content\/uploads\/2019\/05\/big1_1441897739-280x280.jpg 280w, https:\/\/www.montanheiros.com\/wp-content\/uploads\/2019\/05\/big1_1441897739-300x300.jpg 300w, https:\/\/www.montanheiros.com\/wp-content\/uploads\/2019\/05\/big1_1441897739-100x100.jpg 100w\" sizes=\"auto, (max-width: 280px) 100vw, 280px\" \/>                                                              <\/div>\n              <div class=\"box-text text-center\" >\n                 <p>Travessia Radical Norte\/Sul, Vinha Brava-Lameirinho-Angra do Hero\u00edsmo, 06set2015 - ilha Terceira <\/p>\n              <\/div>\n            <\/div>\n            <\/a>          <\/div>\n         <\/div><div class=\"gallery-col col\" >\n          <div class=\"col-inner\">\n            <a class=\"image-lightbox lightbox-gallery\" href=\"https:\/\/www.montanheiros.com\/wp-content\/uploads\/2019\/05\/big2_1441897740.jpg\" title=\"Travessia Radical Norte\/Sul, Vinha Brava-Lameirinho-Angra do Hero\u00edsmo, 06set2015 - ilha Terceira \">            <div class=\"box has-hover gallery-box box-none\">\n              <div class=\"box-image\" style=\"width:63%;\">\n                <img loading=\"lazy\" decoding=\"async\" width=\"280\" height=\"280\" src=\"https:\/\/www.montanheiros.com\/wp-content\/uploads\/2019\/05\/big2_1441897740-280x280.jpg\" class=\"attachment-thumbnail size-thumbnail\" alt=\"\" ids=\"5973,5974,5975,5976,5977,5978,5979\" style=\"none\" type=\"slider\" columns=\"1\" image_width=\"63\" image_size=\"thumbnail\" text_align=\"center\" srcset=\"https:\/\/www.montanheiros.com\/wp-content\/uploads\/2019\/05\/big2_1441897740-280x280.jpg 280w, https:\/\/www.montanheiros.com\/wp-content\/uploads\/2019\/05\/big2_1441897740-300x300.jpg 300w, https:\/\/www.montanheiros.com\/wp-content\/uploads\/2019\/05\/big2_1441897740-100x100.jpg 100w\" sizes=\"auto, (max-width: 280px) 100vw, 280px\" \/>                                                              <\/div>\n              <div class=\"box-text text-center\" >\n                 <p>Travessia Radical Norte\/Sul, Vinha Brava-Lameirinho-Angra do Hero\u00edsmo, 06set2015 - ilha Terceira <\/p>\n              <\/div>\n            <\/div>\n            <\/a>          <\/div>\n         <\/div><div class=\"gallery-col col\" >\n          <div class=\"col-inner\">\n            <a class=\"image-lightbox lightbox-gallery\" href=\"https:\/\/www.montanheiros.com\/wp-content\/uploads\/2019\/05\/big3_1441897741.jpg\" title=\"Travessia Radical Norte\/Sul, Vinha Brava-Lameirinho-Angra do Hero\u00edsmo, 06set2015 - ilha Terceira \">            <div class=\"box has-hover gallery-box box-none\">\n              <div class=\"box-image\" style=\"width:63%;\">\n                <img loading=\"lazy\" decoding=\"async\" width=\"280\" height=\"280\" src=\"https:\/\/www.montanheiros.com\/wp-content\/uploads\/2019\/05\/big3_1441897741-280x280.jpg\" class=\"attachment-thumbnail size-thumbnail\" alt=\"\" ids=\"5973,5974,5975,5976,5977,5978,5979\" style=\"none\" type=\"slider\" columns=\"1\" image_width=\"63\" image_size=\"thumbnail\" text_align=\"center\" srcset=\"https:\/\/www.montanheiros.com\/wp-content\/uploads\/2019\/05\/big3_1441897741-280x280.jpg 280w, https:\/\/www.montanheiros.com\/wp-content\/uploads\/2019\/05\/big3_1441897741-300x300.jpg 300w, https:\/\/www.montanheiros.com\/wp-content\/uploads\/2019\/05\/big3_1441897741-100x100.jpg 100w\" sizes=\"auto, (max-width: 280px) 100vw, 280px\" \/>                                                              <\/div>\n              <div class=\"box-text text-center\" >\n                 <p>Travessia Radical Norte\/Sul, Vinha Brava-Lameirinho-Angra do Hero\u00edsmo, 06set2015 - ilha Terceira <\/p>\n              <\/div>\n            <\/div>\n            <\/a>          <\/div>\n         <\/div><div class=\"gallery-col col\" >\n          <div class=\"col-inner\">\n            <a class=\"image-lightbox lightbox-gallery\" href=\"https:\/\/www.montanheiros.com\/wp-content\/uploads\/2019\/05\/big4_1441897741.jpg\" title=\"\">            <div class=\"box has-hover gallery-box box-none\">\n              <div class=\"box-image\" style=\"width:63%;\">\n                <img loading=\"lazy\" decoding=\"async\" width=\"280\" height=\"280\" src=\"https:\/\/www.montanheiros.com\/wp-content\/uploads\/2019\/05\/big4_1441897741-280x280.jpg\" class=\"attachment-thumbnail size-thumbnail\" alt=\"\" ids=\"5973,5974,5975,5976,5977,5978,5979\" style=\"none\" type=\"slider\" columns=\"1\" image_width=\"63\" image_size=\"thumbnail\" text_align=\"center\" srcset=\"https:\/\/www.montanheiros.com\/wp-content\/uploads\/2019\/05\/big4_1441897741-280x280.jpg 280w, https:\/\/www.montanheiros.com\/wp-content\/uploads\/2019\/05\/big4_1441897741-300x300.jpg 300w, https:\/\/www.montanheiros.com\/wp-content\/uploads\/2019\/05\/big4_1441897741-100x100.jpg 100w\" sizes=\"auto, (max-width: 280px) 100vw, 280px\" \/>                                                              <\/div>\n              <div class=\"box-text text-center\" >\n                 <p><\/p>\n              <\/div>\n            <\/div>\n            <\/a>          <\/div>\n         <\/div><div class=\"gallery-col col\" >\n          <div class=\"col-inner\">\n            <a class=\"image-lightbox lightbox-gallery\" href=\"https:\/\/www.montanheiros.com\/wp-content\/uploads\/2019\/05\/big6_1441897745.jpg\" title=\"Travessia Radical Norte\/Sul, Vinha Brava-Lameirinho-Angra do Hero\u00edsmo, 06set2015 - ilha Terceira \">            <div class=\"box has-hover gallery-box box-none\">\n              <div class=\"box-image\" style=\"width:63%;\">\n                <img loading=\"lazy\" decoding=\"async\" width=\"280\" height=\"280\" src=\"https:\/\/www.montanheiros.com\/wp-content\/uploads\/2019\/05\/big6_1441897745-280x280.jpg\" class=\"attachment-thumbnail size-thumbnail\" alt=\"\" ids=\"5973,5974,5975,5976,5977,5978,5979\" style=\"none\" type=\"slider\" columns=\"1\" image_width=\"63\" image_size=\"thumbnail\" text_align=\"center\" srcset=\"https:\/\/www.montanheiros.com\/wp-content\/uploads\/2019\/05\/big6_1441897745-280x280.jpg 280w, https:\/\/www.montanheiros.com\/wp-content\/uploads\/2019\/05\/big6_1441897745-300x300.jpg 300w, https:\/\/www.montanheiros.com\/wp-content\/uploads\/2019\/05\/big6_1441897745-100x100.jpg 100w\" sizes=\"auto, (max-width: 280px) 100vw, 280px\" \/>                                                              <\/div>\n              <div class=\"box-text text-center\" >\n                 <p>Travessia Radical Norte\/Sul, Vinha Brava-Lameirinho-Angra do Hero\u00edsmo, 06set2015 - ilha Terceira <\/p>\n              <\/div>\n            <\/div>\n            <\/a>          <\/div>\n         <\/div><div class=\"gallery-col col\" >\n          <div class=\"col-inner\">\n            <a class=\"image-lightbox lightbox-gallery\" href=\"https:\/\/www.montanheiros.com\/wp-content\/uploads\/2019\/05\/big7_1441897745.jpg\" title=\"Travessia Radical Norte\/Sul, Vinha Brava-Lameirinho-Angra do Hero\u00edsmo, 06set2015 - ilha Terceira \">            <div class=\"box has-hover gallery-box box-none\">\n              <div class=\"box-image\" style=\"width:63%;\">\n                <img loading=\"lazy\" decoding=\"async\" width=\"280\" height=\"280\" src=\"https:\/\/www.montanheiros.com\/wp-content\/uploads\/2019\/05\/big7_1441897745-280x280.jpg\" class=\"attachment-thumbnail size-thumbnail\" alt=\"\" ids=\"5973,5974,5975,5976,5977,5978,5979\" style=\"none\" type=\"slider\" columns=\"1\" image_width=\"63\" image_size=\"thumbnail\" text_align=\"center\" srcset=\"https:\/\/www.montanheiros.com\/wp-content\/uploads\/2019\/05\/big7_1441897745-280x280.jpg 280w, https:\/\/www.montanheiros.com\/wp-content\/uploads\/2019\/05\/big7_1441897745-300x300.jpg 300w, https:\/\/www.montanheiros.com\/wp-content\/uploads\/2019\/05\/big7_1441897745-100x100.jpg 100w\" sizes=\"auto, (max-width: 280px) 100vw, 280px\" \/>                                                              <\/div>\n              <div class=\"box-text text-center\" >\n                 <p>Travessia Radical Norte\/Sul, Vinha Brava-Lameirinho-Angra do Hero\u00edsmo, 06set2015 - ilha Terceira <\/p>\n              <\/div>\n            <\/div>\n            <\/a>          <\/div>\n         <\/div><div class=\"gallery-col col\" >\n          <div class=\"col-inner\">\n            <a class=\"image-lightbox lightbox-gallery\" href=\"https:\/\/www.montanheiros.com\/wp-content\/uploads\/2019\/05\/big8_1441897750.jpg\" title=\"Travessia Radical Norte\/Sul, Vinha Brava-Lameirinho-Angra do Hero\u00edsmo, 06set2015 - ilha Terceira \">            <div class=\"box has-hover gallery-box box-none\">\n              <div class=\"box-image\" style=\"width:63%;\">\n                <img loading=\"lazy\" decoding=\"async\" width=\"280\" height=\"280\" src=\"https:\/\/www.montanheiros.com\/wp-content\/uploads\/2019\/05\/big8_1441897750-280x280.jpg\" class=\"attachment-thumbnail size-thumbnail\" alt=\"\" ids=\"5973,5974,5975,5976,5977,5978,5979\" style=\"none\" type=\"slider\" columns=\"1\" image_width=\"63\" image_size=\"thumbnail\" text_align=\"center\" srcset=\"https:\/\/www.montanheiros.com\/wp-content\/uploads\/2019\/05\/big8_1441897750-280x280.jpg 280w, https:\/\/www.montanheiros.com\/wp-content\/uploads\/2019\/05\/big8_1441897750-300x300.jpg 300w, https:\/\/www.montanheiros.com\/wp-content\/uploads\/2019\/05\/big8_1441897750-100x100.jpg 100w\" sizes=\"auto, (max-width: 280px) 100vw, 280px\" \/>                                                              <\/div>\n              <div class=\"box-text text-center\" >\n                 <p>Travessia Radical Norte\/Sul, Vinha Brava-Lameirinho-Angra do Hero\u00edsmo, 06set2015 - ilha Terceira <\/p>\n              <\/div>\n            <\/div>\n            <\/a>          <\/div>\n         <\/div><\/div>\n\n\n\t\t<\/div>\n\t\t\t\t\t<\/div>\n\n\t\n\n\t<div id=\"col-508177682\" class=\"col medium-3 small-12 large-3\"  >\n\t\t\t\t<div class=\"col-inner\"  >\n\t\t\t\n\t\t\t\n\n<p>Caminhada noturna \u00e0 Serra do Mori\u00e3o, 24jul2015 &#8211; ilha Terceira<\/p>\n\n  \n    <div class=\"row large-columns-1 medium-columns- small-columns- row-full-width slider row-slider slider-nav-reveal\"  data-flickity-options='{\"imagesLoaded\": true, \"groupCells\": \"100%\", \"dragThreshold\" : 5, \"cellAlign\": \"left\",\"wrapAround\": true,\"prevNextButtons\": true,\"percentPosition\": true,\"pageDots\": false, \"rightToLeft\": false, \"autoPlay\" : false}'>\n\n  <div class=\"gallery-col col\" >\n          <div class=\"col-inner\">\n            <a class=\"image-lightbox lightbox-gallery\" href=\"https:\/\/www.montanheiros.com\/wp-content\/uploads\/2019\/05\/big2_1438078426.jpg\" title=\"Caminhada noturna \u00e0 Serra do Mori\u00e3o, 24jul2015 - ilha Terceira\">            <div class=\"box has-hover gallery-box box-none\">\n              <div class=\"box-image\" style=\"width:63%;\">\n                <img loading=\"lazy\" decoding=\"async\" width=\"280\" height=\"280\" src=\"https:\/\/www.montanheiros.com\/wp-content\/uploads\/2019\/05\/big2_1438078426-280x280.jpg\" class=\"attachment-thumbnail size-thumbnail\" alt=\"\" ids=\"5966,5967,5968,5969,5970,5971\" style=\"none\" type=\"slider\" columns=\"1\" image_width=\"63\" image_size=\"thumbnail\" text_align=\"center\" srcset=\"https:\/\/www.montanheiros.com\/wp-content\/uploads\/2019\/05\/big2_1438078426-280x280.jpg 280w, https:\/\/www.montanheiros.com\/wp-content\/uploads\/2019\/05\/big2_1438078426-300x300.jpg 300w, https:\/\/www.montanheiros.com\/wp-content\/uploads\/2019\/05\/big2_1438078426-100x100.jpg 100w\" sizes=\"auto, (max-width: 280px) 100vw, 280px\" \/>                                                              <\/div>\n              <div class=\"box-text text-center\" >\n                 <p>Caminhada noturna \u00e0 Serra do Mori\u00e3o, 24jul2015 - ilha Terceira<\/p>\n              <\/div>\n            <\/div>\n            <\/a>          <\/div>\n         <\/div><div class=\"gallery-col col\" >\n          <div class=\"col-inner\">\n            <a class=\"image-lightbox lightbox-gallery\" href=\"https:\/\/www.montanheiros.com\/wp-content\/uploads\/2019\/05\/big4_1438078427.jpg\" title=\"\">            <div class=\"box has-hover gallery-box box-none\">\n              <div class=\"box-image\" style=\"width:63%;\">\n                <img loading=\"lazy\" decoding=\"async\" width=\"280\" height=\"280\" src=\"https:\/\/www.montanheiros.com\/wp-content\/uploads\/2019\/05\/big4_1438078427-280x280.jpg\" class=\"attachment-thumbnail size-thumbnail\" alt=\"\" ids=\"5966,5967,5968,5969,5970,5971\" style=\"none\" type=\"slider\" columns=\"1\" image_width=\"63\" image_size=\"thumbnail\" text_align=\"center\" srcset=\"https:\/\/www.montanheiros.com\/wp-content\/uploads\/2019\/05\/big4_1438078427-280x280.jpg 280w, https:\/\/www.montanheiros.com\/wp-content\/uploads\/2019\/05\/big4_1438078427-300x300.jpg 300w, https:\/\/www.montanheiros.com\/wp-content\/uploads\/2019\/05\/big4_1438078427-100x100.jpg 100w\" sizes=\"auto, (max-width: 280px) 100vw, 280px\" \/>                                                              <\/div>\n              <div class=\"box-text text-center\" >\n                 <p><\/p>\n              <\/div>\n            <\/div>\n            <\/a>          <\/div>\n         <\/div><div class=\"gallery-col col\" >\n          <div class=\"col-inner\">\n            <a class=\"image-lightbox lightbox-gallery\" href=\"https:\/\/www.montanheiros.com\/wp-content\/uploads\/2019\/05\/big7_1438078432.jpg\" title=\"Caminhada noturna \u00e0 Serra do Mori\u00e3o, 24jul2015 - ilha Terceira\">            <div class=\"box has-hover gallery-box box-none\">\n              <div class=\"box-image\" style=\"width:63%;\">\n                <img loading=\"lazy\" decoding=\"async\" width=\"280\" height=\"280\" src=\"https:\/\/www.montanheiros.com\/wp-content\/uploads\/2019\/05\/big7_1438078432-280x280.jpg\" class=\"attachment-thumbnail size-thumbnail\" alt=\"\" ids=\"5966,5967,5968,5969,5970,5971\" style=\"none\" type=\"slider\" columns=\"1\" image_width=\"63\" image_size=\"thumbnail\" text_align=\"center\" srcset=\"https:\/\/www.montanheiros.com\/wp-content\/uploads\/2019\/05\/big7_1438078432-280x280.jpg 280w, https:\/\/www.montanheiros.com\/wp-content\/uploads\/2019\/05\/big7_1438078432-300x300.jpg 300w, https:\/\/www.montanheiros.com\/wp-content\/uploads\/2019\/05\/big7_1438078432-100x100.jpg 100w\" sizes=\"auto, (max-width: 280px) 100vw, 280px\" \/>                                                              <\/div>\n              <div class=\"box-text text-center\" >\n                 <p>Caminhada noturna \u00e0 Serra do Mori\u00e3o, 24jul2015 - ilha Terceira<\/p>\n              <\/div>\n            <\/div>\n            <\/a>          <\/div>\n         <\/div><div class=\"gallery-col col\" >\n          <div class=\"col-inner\">\n            <a class=\"image-lightbox lightbox-gallery\" href=\"https:\/\/www.montanheiros.com\/wp-content\/uploads\/2019\/05\/big3_1438078426.jpg\" title=\"Caminhada noturna \u00e0 Serra do Mori\u00e3o, 24jul2015 - ilha Terceira\">            <div class=\"box has-hover gallery-box box-none\">\n              <div class=\"box-image\" style=\"width:63%;\">\n                <img loading=\"lazy\" decoding=\"async\" width=\"280\" height=\"280\" src=\"https:\/\/www.montanheiros.com\/wp-content\/uploads\/2019\/05\/big3_1438078426-280x280.jpg\" class=\"attachment-thumbnail size-thumbnail\" alt=\"\" ids=\"5966,5967,5968,5969,5970,5971\" style=\"none\" type=\"slider\" columns=\"1\" image_width=\"63\" image_size=\"thumbnail\" text_align=\"center\" srcset=\"https:\/\/www.montanheiros.com\/wp-content\/uploads\/2019\/05\/big3_1438078426-280x280.jpg 280w, https:\/\/www.montanheiros.com\/wp-content\/uploads\/2019\/05\/big3_1438078426-300x300.jpg 300w, https:\/\/www.montanheiros.com\/wp-content\/uploads\/2019\/05\/big3_1438078426-100x100.jpg 100w\" sizes=\"auto, (max-width: 280px) 100vw, 280px\" \/>                                                              <\/div>\n              <div class=\"box-text text-center\" >\n                 <p>Caminhada noturna \u00e0 Serra do Mori\u00e3o, 24jul2015 - ilha Terceira<\/p>\n              <\/div>\n            <\/div>\n            <\/a>          <\/div>\n         <\/div><div class=\"gallery-col col\" >\n          <div class=\"col-inner\">\n            <a class=\"image-lightbox lightbox-gallery\" href=\"https:\/\/www.montanheiros.com\/wp-content\/uploads\/2019\/05\/big6_1438078430.jpg\" title=\"Caminhada noturna \u00e0 Serra do Mori\u00e3o, 24jul2015 - ilha Terceira\">            <div class=\"box has-hover gallery-box box-none\">\n              <div class=\"box-image\" style=\"width:63%;\">\n                <img loading=\"lazy\" decoding=\"async\" width=\"280\" height=\"280\" src=\"https:\/\/www.montanheiros.com\/wp-content\/uploads\/2019\/05\/big6_1438078430-280x280.jpg\" class=\"attachment-thumbnail size-thumbnail\" alt=\"\" ids=\"5966,5967,5968,5969,5970,5971\" style=\"none\" type=\"slider\" columns=\"1\" image_width=\"63\" image_size=\"thumbnail\" text_align=\"center\" srcset=\"https:\/\/www.montanheiros.com\/wp-content\/uploads\/2019\/05\/big6_1438078430-280x280.jpg 280w, https:\/\/www.montanheiros.com\/wp-content\/uploads\/2019\/05\/big6_1438078430-300x300.jpg 300w, https:\/\/www.montanheiros.com\/wp-content\/uploads\/2019\/05\/big6_1438078430-100x100.jpg 100w\" sizes=\"auto, (max-width: 280px) 100vw, 280px\" \/>                                                              <\/div>\n              <div class=\"box-text text-center\" >\n                 <p>Caminhada noturna \u00e0 Serra do Mori\u00e3o, 24jul2015 - ilha Terceira<\/p>\n              <\/div>\n            <\/div>\n            <\/a>          <\/div>\n         <\/div><div class=\"gallery-col col\" >\n          <div class=\"col-inner\">\n            <a class=\"image-lightbox lightbox-gallery\" href=\"https:\/\/www.montanheiros.com\/wp-content\/uploads\/2019\/05\/big5_1438078427.jpg\" title=\"Caminhada noturna \u00e0 Serra do Mori\u00e3o, 24jul2015 - ilha Terceira\">            <div class=\"box has-hover gallery-box box-none\">\n              <div class=\"box-image\" style=\"width:63%;\">\n                <img loading=\"lazy\" decoding=\"async\" width=\"280\" height=\"280\" src=\"https:\/\/www.montanheiros.com\/wp-content\/uploads\/2019\/05\/big5_1438078427-280x280.jpg\" class=\"attachment-thumbnail size-thumbnail\" alt=\"\" ids=\"5966,5967,5968,5969,5970,5971\" style=\"none\" type=\"slider\" columns=\"1\" image_width=\"63\" image_size=\"thumbnail\" text_align=\"center\" srcset=\"https:\/\/www.montanheiros.com\/wp-content\/uploads\/2019\/05\/big5_1438078427-280x280.jpg 280w, https:\/\/www.montanheiros.com\/wp-content\/uploads\/2019\/05\/big5_1438078427-300x300.jpg 300w, https:\/\/www.montanheiros.com\/wp-content\/uploads\/2019\/05\/big5_1438078427-100x100.jpg 100w\" sizes=\"auto, (max-width: 280px) 100vw, 280px\" \/>                                                              <\/div>\n              <div class=\"box-text text-center\" >\n                 <p>Caminhada noturna \u00e0 Serra do Mori\u00e3o, 24jul2015 - ilha Terceira<\/p>\n              <\/div>\n            <\/div>\n            <\/a>          <\/div>\n         <\/div><\/div>\n\n\n\t\t<\/div>\n\t\t\t\t\t<\/div>\n\n\t\n\n<\/div>\n<div class=\"row row-dashed\"  id=\"row-250119473\">\n\n\n\t<div id=\"col-202815433\" class=\"col medium-3 small-12 large-3\"  >\n\t\t\t\t<div class=\"col-inner\"  >\n\t\t\t\n\t\t\t\n\n<p>Passeio Pedestre \u00e0s Faj\u00e3s da Serreta, 5jul2015 &#8211; ilha Terceira<\/p>\n\n  \n    <div class=\"row large-columns-1 medium-columns- small-columns- row-full-width slider row-slider slider-nav-reveal\"  data-flickity-options='{\"imagesLoaded\": true, \"groupCells\": \"100%\", \"dragThreshold\" : 5, \"cellAlign\": \"left\",\"wrapAround\": true,\"prevNextButtons\": true,\"percentPosition\": true,\"pageDots\": false, \"rightToLeft\": false, \"autoPlay\" : false}'>\n\n  <div class=\"gallery-col col\" >\n          <div class=\"col-inner\">\n            <a class=\"image-lightbox lightbox-gallery\" href=\"https:\/\/www.montanheiros.com\/wp-content\/uploads\/2019\/05\/big3_1436349165.jpg\" title=\"Passeio Pedestre \u00e0s Faj\u00e3s da Serreta, 5jul2015 - ilha Terceira \">            <div class=\"box has-hover gallery-box box-none\">\n              <div class=\"box-image\" style=\"width:63%;\">\n                <img loading=\"lazy\" decoding=\"async\" width=\"280\" height=\"280\" src=\"https:\/\/www.montanheiros.com\/wp-content\/uploads\/2019\/05\/big3_1436349165-280x280.jpg\" class=\"attachment-thumbnail size-thumbnail\" alt=\"\" ids=\"5954,5955,5956,5957,5958,5959,5960,5961,5962,5963,5964\" style=\"none\" type=\"slider\" columns=\"1\" image_width=\"63\" image_size=\"thumbnail\" text_align=\"center\" srcset=\"https:\/\/www.montanheiros.com\/wp-content\/uploads\/2019\/05\/big3_1436349165-280x280.jpg 280w, https:\/\/www.montanheiros.com\/wp-content\/uploads\/2019\/05\/big3_1436349165-300x300.jpg 300w, https:\/\/www.montanheiros.com\/wp-content\/uploads\/2019\/05\/big3_1436349165-100x100.jpg 100w\" sizes=\"auto, (max-width: 280px) 100vw, 280px\" \/>                                                              <\/div>\n              <div class=\"box-text text-center\" >\n                 <p>Passeio Pedestre \u00e0s Faj\u00e3s da Serreta, 5jul2015 - ilha Terceira <\/p>\n              <\/div>\n            <\/div>\n            <\/a>          <\/div>\n         <\/div><div class=\"gallery-col col\" >\n          <div class=\"col-inner\">\n            <a class=\"image-lightbox lightbox-gallery\" href=\"https:\/\/www.montanheiros.com\/wp-content\/uploads\/2019\/05\/big5_1436349172.jpg\" title=\"Passeio Pedestre \u00e0s Faj\u00e3s da Serreta, 5jul2015 - ilha Terceira \">            <div class=\"box has-hover gallery-box box-none\">\n              <div class=\"box-image\" style=\"width:63%;\">\n                <img loading=\"lazy\" decoding=\"async\" width=\"280\" height=\"280\" src=\"https:\/\/www.montanheiros.com\/wp-content\/uploads\/2019\/05\/big5_1436349172-280x280.jpg\" class=\"attachment-thumbnail size-thumbnail\" alt=\"\" ids=\"5954,5955,5956,5957,5958,5959,5960,5961,5962,5963,5964\" style=\"none\" type=\"slider\" columns=\"1\" image_width=\"63\" image_size=\"thumbnail\" text_align=\"center\" srcset=\"https:\/\/www.montanheiros.com\/wp-content\/uploads\/2019\/05\/big5_1436349172-280x280.jpg 280w, https:\/\/www.montanheiros.com\/wp-content\/uploads\/2019\/05\/big5_1436349172-300x300.jpg 300w, https:\/\/www.montanheiros.com\/wp-content\/uploads\/2019\/05\/big5_1436349172-100x100.jpg 100w\" sizes=\"auto, (max-width: 280px) 100vw, 280px\" \/>                                                              <\/div>\n              <div class=\"box-text text-center\" >\n                 <p>Passeio Pedestre \u00e0s Faj\u00e3s da Serreta, 5jul2015 - ilha Terceira <\/p>\n              <\/div>\n            <\/div>\n            <\/a>          <\/div>\n         <\/div><div class=\"gallery-col col\" >\n          <div class=\"col-inner\">\n            <a class=\"image-lightbox lightbox-gallery\" href=\"https:\/\/www.montanheiros.com\/wp-content\/uploads\/2019\/05\/big1_1436349164.jpg\" title=\"Passeio Pedestre \u00e0s Faj\u00e3s da Serreta, 5jul2015 - ilha Terceira \">            <div class=\"box has-hover gallery-box box-none\">\n              <div class=\"box-image\" style=\"width:63%;\">\n                <img loading=\"lazy\" decoding=\"async\" width=\"280\" height=\"280\" src=\"https:\/\/www.montanheiros.com\/wp-content\/uploads\/2019\/05\/big1_1436349164-280x280.jpg\" class=\"attachment-thumbnail size-thumbnail\" alt=\"\" ids=\"5954,5955,5956,5957,5958,5959,5960,5961,5962,5963,5964\" style=\"none\" type=\"slider\" columns=\"1\" image_width=\"63\" image_size=\"thumbnail\" text_align=\"center\" srcset=\"https:\/\/www.montanheiros.com\/wp-content\/uploads\/2019\/05\/big1_1436349164-280x280.jpg 280w, https:\/\/www.montanheiros.com\/wp-content\/uploads\/2019\/05\/big1_1436349164-300x300.jpg 300w, https:\/\/www.montanheiros.com\/wp-content\/uploads\/2019\/05\/big1_1436349164-100x100.jpg 100w\" sizes=\"auto, (max-width: 280px) 100vw, 280px\" \/>                                                              <\/div>\n              <div class=\"box-text text-center\" >\n                 <p>Passeio Pedestre \u00e0s Faj\u00e3s da Serreta, 5jul2015 - ilha Terceira <\/p>\n              <\/div>\n            <\/div>\n            <\/a>          <\/div>\n         <\/div><div class=\"gallery-col col\" >\n          <div class=\"col-inner\">\n            <a class=\"image-lightbox lightbox-gallery\" href=\"https:\/\/www.montanheiros.com\/wp-content\/uploads\/2019\/05\/big7_1436349174.jpg\" title=\"Passeio Pedestre \u00e0s Faj\u00e3s da Serreta, 5jul2015 - ilha Terceira \">            <div class=\"box has-hover gallery-box box-none\">\n              <div class=\"box-image\" style=\"width:63%;\">\n                <img loading=\"lazy\" decoding=\"async\" width=\"280\" height=\"280\" src=\"https:\/\/www.montanheiros.com\/wp-content\/uploads\/2019\/05\/big7_1436349174-280x280.jpg\" class=\"attachment-thumbnail size-thumbnail\" alt=\"\" ids=\"5954,5955,5956,5957,5958,5959,5960,5961,5962,5963,5964\" style=\"none\" type=\"slider\" columns=\"1\" image_width=\"63\" image_size=\"thumbnail\" text_align=\"center\" srcset=\"https:\/\/www.montanheiros.com\/wp-content\/uploads\/2019\/05\/big7_1436349174-280x280.jpg 280w, https:\/\/www.montanheiros.com\/wp-content\/uploads\/2019\/05\/big7_1436349174-300x300.jpg 300w, https:\/\/www.montanheiros.com\/wp-content\/uploads\/2019\/05\/big7_1436349174-100x100.jpg 100w\" sizes=\"auto, (max-width: 280px) 100vw, 280px\" \/>                                                              <\/div>\n              <div class=\"box-text text-center\" >\n                 <p>Passeio Pedestre \u00e0s Faj\u00e3s da Serreta, 5jul2015 - ilha Terceira <\/p>\n              <\/div>\n            <\/div>\n            <\/a>          <\/div>\n         <\/div><div class=\"gallery-col col\" >\n          <div class=\"col-inner\">\n            <a class=\"image-lightbox lightbox-gallery\" href=\"https:\/\/www.montanheiros.com\/wp-content\/uploads\/2019\/05\/big9_1436349176.jpg\" title=\"Passeio Pedestre \u00e0s Faj\u00e3s da Serreta, 5jul2015 - ilha Terceira \">            <div class=\"box has-hover gallery-box box-none\">\n              <div class=\"box-image\" style=\"width:63%;\">\n                <img loading=\"lazy\" decoding=\"async\" width=\"280\" height=\"280\" src=\"https:\/\/www.montanheiros.com\/wp-content\/uploads\/2019\/05\/big9_1436349176-280x280.jpg\" class=\"attachment-thumbnail size-thumbnail\" alt=\"\" ids=\"5954,5955,5956,5957,5958,5959,5960,5961,5962,5963,5964\" style=\"none\" type=\"slider\" columns=\"1\" image_width=\"63\" image_size=\"thumbnail\" text_align=\"center\" srcset=\"https:\/\/www.montanheiros.com\/wp-content\/uploads\/2019\/05\/big9_1436349176-280x280.jpg 280w, https:\/\/www.montanheiros.com\/wp-content\/uploads\/2019\/05\/big9_1436349176-300x300.jpg 300w, https:\/\/www.montanheiros.com\/wp-content\/uploads\/2019\/05\/big9_1436349176-100x100.jpg 100w\" sizes=\"auto, (max-width: 280px) 100vw, 280px\" \/>                                                              <\/div>\n              <div class=\"box-text text-center\" >\n                 <p>Passeio Pedestre \u00e0s Faj\u00e3s da Serreta, 5jul2015 - ilha Terceira <\/p>\n              <\/div>\n            <\/div>\n            <\/a>          <\/div>\n         <\/div><div class=\"gallery-col col\" >\n          <div class=\"col-inner\">\n            <a class=\"image-lightbox lightbox-gallery\" href=\"https:\/\/www.montanheiros.com\/wp-content\/uploads\/2019\/05\/big2_1436349165.jpg\" title=\"Passeio Pedestre \u00e0s Faj\u00e3s da Serreta, 5jul2015 - ilha Terceira \">            <div class=\"box has-hover gallery-box box-none\">\n              <div class=\"box-image\" style=\"width:63%;\">\n                <img loading=\"lazy\" decoding=\"async\" width=\"280\" height=\"280\" src=\"https:\/\/www.montanheiros.com\/wp-content\/uploads\/2019\/05\/big2_1436349165-280x280.jpg\" class=\"attachment-thumbnail size-thumbnail\" alt=\"\" ids=\"5954,5955,5956,5957,5958,5959,5960,5961,5962,5963,5964\" style=\"none\" type=\"slider\" columns=\"1\" image_width=\"63\" image_size=\"thumbnail\" text_align=\"center\" srcset=\"https:\/\/www.montanheiros.com\/wp-content\/uploads\/2019\/05\/big2_1436349165-280x280.jpg 280w, https:\/\/www.montanheiros.com\/wp-content\/uploads\/2019\/05\/big2_1436349165-300x300.jpg 300w, https:\/\/www.montanheiros.com\/wp-content\/uploads\/2019\/05\/big2_1436349165-100x100.jpg 100w\" sizes=\"auto, (max-width: 280px) 100vw, 280px\" \/>                                                              <\/div>\n              <div class=\"box-text text-center\" >\n                 <p>Passeio Pedestre \u00e0s Faj\u00e3s da Serreta, 5jul2015 - ilha Terceira <\/p>\n              <\/div>\n            <\/div>\n            <\/a>          <\/div>\n         <\/div><div class=\"gallery-col col\" >\n          <div class=\"col-inner\">\n            <a class=\"image-lightbox lightbox-gallery\" href=\"https:\/\/www.montanheiros.com\/wp-content\/uploads\/2019\/05\/big4_1436349168.jpg\" title=\"Passeio Pedestre \u00e0s Faj\u00e3s da Serreta, 5jul2015 - ilha Terceira \">            <div class=\"box has-hover gallery-box box-none\">\n              <div class=\"box-image\" style=\"width:63%;\">\n                <img loading=\"lazy\" decoding=\"async\" width=\"280\" height=\"280\" src=\"https:\/\/www.montanheiros.com\/wp-content\/uploads\/2019\/05\/big4_1436349168-280x280.jpg\" class=\"attachment-thumbnail size-thumbnail\" alt=\"\" ids=\"5954,5955,5956,5957,5958,5959,5960,5961,5962,5963,5964\" style=\"none\" type=\"slider\" columns=\"1\" image_width=\"63\" image_size=\"thumbnail\" text_align=\"center\" srcset=\"https:\/\/www.montanheiros.com\/wp-content\/uploads\/2019\/05\/big4_1436349168-280x280.jpg 280w, https:\/\/www.montanheiros.com\/wp-content\/uploads\/2019\/05\/big4_1436349168-300x300.jpg 300w, https:\/\/www.montanheiros.com\/wp-content\/uploads\/2019\/05\/big4_1436349168-100x100.jpg 100w\" sizes=\"auto, (max-width: 280px) 100vw, 280px\" \/>                                                              <\/div>\n              <div class=\"box-text text-center\" >\n                 <p>Passeio Pedestre \u00e0s Faj\u00e3s da Serreta, 5jul2015 - ilha Terceira <\/p>\n              <\/div>\n            <\/div>\n            <\/a>          <\/div>\n         <\/div><div class=\"gallery-col col\" >\n          <div class=\"col-inner\">\n            <a class=\"image-lightbox lightbox-gallery\" href=\"https:\/\/www.montanheiros.com\/wp-content\/uploads\/2019\/05\/big11_1436349195.jpg\" title=\"Passeio Pedestre \u00e0s Faj\u00e3s da Serreta, 5jul2015 - ilha Terceira \">            <div class=\"box has-hover gallery-box box-none\">\n              <div class=\"box-image\" style=\"width:63%;\">\n                <img loading=\"lazy\" decoding=\"async\" width=\"280\" height=\"280\" src=\"https:\/\/www.montanheiros.com\/wp-content\/uploads\/2019\/05\/big11_1436349195-280x280.jpg\" class=\"attachment-thumbnail size-thumbnail\" alt=\"\" ids=\"5954,5955,5956,5957,5958,5959,5960,5961,5962,5963,5964\" style=\"none\" type=\"slider\" columns=\"1\" image_width=\"63\" image_size=\"thumbnail\" text_align=\"center\" srcset=\"https:\/\/www.montanheiros.com\/wp-content\/uploads\/2019\/05\/big11_1436349195-280x280.jpg 280w, https:\/\/www.montanheiros.com\/wp-content\/uploads\/2019\/05\/big11_1436349195-300x300.jpg 300w, https:\/\/www.montanheiros.com\/wp-content\/uploads\/2019\/05\/big11_1436349195-100x100.jpg 100w\" sizes=\"auto, (max-width: 280px) 100vw, 280px\" \/>                                                              <\/div>\n              <div class=\"box-text text-center\" >\n                 <p>Passeio Pedestre \u00e0s Faj\u00e3s da Serreta, 5jul2015 - ilha Terceira <\/p>\n              <\/div>\n            <\/div>\n            <\/a>          <\/div>\n         <\/div><div class=\"gallery-col col\" >\n          <div class=\"col-inner\">\n            <a class=\"image-lightbox lightbox-gallery\" href=\"https:\/\/www.montanheiros.com\/wp-content\/uploads\/2019\/05\/big8_1436349175.jpg\" title=\"Passeio Pedestre \u00e0s Faj\u00e3s da Serreta, 5jul2015 - ilha Terceira \">            <div class=\"box has-hover gallery-box box-none\">\n              <div class=\"box-image\" style=\"width:63%;\">\n                <img loading=\"lazy\" decoding=\"async\" width=\"280\" height=\"280\" src=\"https:\/\/www.montanheiros.com\/wp-content\/uploads\/2019\/05\/big8_1436349175-280x280.jpg\" class=\"attachment-thumbnail size-thumbnail\" alt=\"\" ids=\"5954,5955,5956,5957,5958,5959,5960,5961,5962,5963,5964\" style=\"none\" type=\"slider\" columns=\"1\" image_width=\"63\" image_size=\"thumbnail\" text_align=\"center\" srcset=\"https:\/\/www.montanheiros.com\/wp-content\/uploads\/2019\/05\/big8_1436349175-280x280.jpg 280w, https:\/\/www.montanheiros.com\/wp-content\/uploads\/2019\/05\/big8_1436349175-300x300.jpg 300w, https:\/\/www.montanheiros.com\/wp-content\/uploads\/2019\/05\/big8_1436349175-100x100.jpg 100w\" sizes=\"auto, (max-width: 280px) 100vw, 280px\" \/>                                                              <\/div>\n              <div class=\"box-text text-center\" >\n                 <p>Passeio Pedestre \u00e0s Faj\u00e3s da Serreta, 5jul2015 - ilha Terceira <\/p>\n              <\/div>\n            <\/div>\n            <\/a>          <\/div>\n         <\/div><div class=\"gallery-col col\" >\n          <div class=\"col-inner\">\n            <a class=\"image-lightbox lightbox-gallery\" href=\"https:\/\/www.montanheiros.com\/wp-content\/uploads\/2019\/05\/big10_1436349177.jpg\" title=\"Passeio Pedestre \u00e0s Faj\u00e3s da Serreta, 5jul2015 - ilha Terceira \">            <div class=\"box has-hover gallery-box box-none\">\n              <div class=\"box-image\" style=\"width:63%;\">\n                <img loading=\"lazy\" decoding=\"async\" width=\"280\" height=\"280\" src=\"https:\/\/www.montanheiros.com\/wp-content\/uploads\/2019\/05\/big10_1436349177-280x280.jpg\" class=\"attachment-thumbnail size-thumbnail\" alt=\"\" ids=\"5954,5955,5956,5957,5958,5959,5960,5961,5962,5963,5964\" style=\"none\" type=\"slider\" columns=\"1\" image_width=\"63\" image_size=\"thumbnail\" text_align=\"center\" srcset=\"https:\/\/www.montanheiros.com\/wp-content\/uploads\/2019\/05\/big10_1436349177-280x280.jpg 280w, https:\/\/www.montanheiros.com\/wp-content\/uploads\/2019\/05\/big10_1436349177-300x300.jpg 300w, https:\/\/www.montanheiros.com\/wp-content\/uploads\/2019\/05\/big10_1436349177-100x100.jpg 100w\" sizes=\"auto, (max-width: 280px) 100vw, 280px\" \/>                                                              <\/div>\n              <div class=\"box-text text-center\" >\n                 <p>Passeio Pedestre \u00e0s Faj\u00e3s da Serreta, 5jul2015 - ilha Terceira <\/p>\n              <\/div>\n            <\/div>\n            <\/a>          <\/div>\n         <\/div><div class=\"gallery-col col\" >\n          <div class=\"col-inner\">\n            <a class=\"image-lightbox lightbox-gallery\" href=\"https:\/\/www.montanheiros.com\/wp-content\/uploads\/2019\/05\/big6_1436349173-600x800.jpg\" title=\"Passeio Pedestre \u00e0s Faj\u00e3s da Serreta, 5jul2015 - ilha Terceira \">            <div class=\"box has-hover gallery-box box-none\">\n              <div class=\"box-image\" style=\"width:63%;\">\n                <img loading=\"lazy\" decoding=\"async\" width=\"280\" height=\"280\" src=\"https:\/\/www.montanheiros.com\/wp-content\/uploads\/2019\/05\/big6_1436349173-280x280.jpg\" class=\"attachment-thumbnail size-thumbnail\" alt=\"\" ids=\"5954,5955,5956,5957,5958,5959,5960,5961,5962,5963,5964\" style=\"none\" type=\"slider\" columns=\"1\" image_width=\"63\" image_size=\"thumbnail\" text_align=\"center\" srcset=\"https:\/\/www.montanheiros.com\/wp-content\/uploads\/2019\/05\/big6_1436349173-280x280.jpg 280w, https:\/\/www.montanheiros.com\/wp-content\/uploads\/2019\/05\/big6_1436349173-300x300.jpg 300w, https:\/\/www.montanheiros.com\/wp-content\/uploads\/2019\/05\/big6_1436349173-100x100.jpg 100w\" sizes=\"auto, (max-width: 280px) 100vw, 280px\" \/>                                                              <\/div>\n              <div class=\"box-text text-center\" >\n                 <p>Passeio Pedestre \u00e0s Faj\u00e3s da Serreta, 5jul2015 - ilha Terceira <\/p>\n              <\/div>\n            <\/div>\n            <\/a>          <\/div>\n         <\/div><\/div>\n\n\n\t\t<\/div>\n\t\t\t\t\t<\/div>\n\n\t\n\n\t<div id=\"col-316802002\" class=\"col medium-3 small-12 large-3\"  >\n\t\t\t\t<div class=\"col-inner\"  >\n\t\t\t\n\t\t\t\n\n<p>Reconhecimento do trilho Rocha do Chambre, 12jun2015 &#8211; ilha Terceira<\/p>\n\n  \n    <div class=\"row large-columns-1 medium-columns- small-columns- row-full-width slider row-slider slider-nav-reveal\"  data-flickity-options='{\"imagesLoaded\": true, \"groupCells\": \"100%\", \"dragThreshold\" : 5, \"cellAlign\": \"left\",\"wrapAround\": true,\"prevNextButtons\": true,\"percentPosition\": true,\"pageDots\": false, \"rightToLeft\": false, \"autoPlay\" : false}'>\n\n  <div class=\"gallery-col col\" >\n          <div class=\"col-inner\">\n            <a class=\"image-lightbox lightbox-gallery\" href=\"https:\/\/www.montanheiros.com\/wp-content\/uploads\/2019\/05\/big4_1434536928.jpg\" title=\"Reconhecimento do trilho Rocha do Chambre, 12jun2015 - ilha Terceira\">            <div class=\"box has-hover gallery-box box-none\">\n              <div class=\"box-image\" style=\"width:63%;\">\n                <img loading=\"lazy\" decoding=\"async\" width=\"280\" height=\"280\" src=\"https:\/\/www.montanheiros.com\/wp-content\/uploads\/2019\/05\/big4_1434536928-280x280.jpg\" class=\"attachment-thumbnail size-thumbnail\" alt=\"\" ids=\"5937,5938,5939,5940,5941,5942,5943,5944,5945,5946,5947,5948,5949,5950,5951,5952\" style=\"none\" type=\"slider\" columns=\"1\" image_width=\"63\" image_size=\"thumbnail\" text_align=\"center\" srcset=\"https:\/\/www.montanheiros.com\/wp-content\/uploads\/2019\/05\/big4_1434536928-280x280.jpg 280w, https:\/\/www.montanheiros.com\/wp-content\/uploads\/2019\/05\/big4_1434536928-300x300.jpg 300w, https:\/\/www.montanheiros.com\/wp-content\/uploads\/2019\/05\/big4_1434536928-100x100.jpg 100w\" sizes=\"auto, (max-width: 280px) 100vw, 280px\" \/>                                                              <\/div>\n              <div class=\"box-text text-center\" >\n                 <p>Reconhecimento do trilho Rocha do Chambre, 12jun2015 - ilha Terceira<\/p>\n              <\/div>\n            <\/div>\n            <\/a>          <\/div>\n         <\/div><div class=\"gallery-col col\" >\n          <div class=\"col-inner\">\n            <a class=\"image-lightbox lightbox-gallery\" href=\"https:\/\/www.montanheiros.com\/wp-content\/uploads\/2019\/05\/big6_1434536933.jpg\" title=\"Reconhecimento do trilho Rocha do Chambre, 12jun2015 - ilha Terceira\">            <div class=\"box has-hover gallery-box box-none\">\n              <div class=\"box-image\" style=\"width:63%;\">\n                <img loading=\"lazy\" decoding=\"async\" width=\"280\" height=\"280\" src=\"https:\/\/www.montanheiros.com\/wp-content\/uploads\/2019\/05\/big6_1434536933-280x280.jpg\" class=\"attachment-thumbnail size-thumbnail\" alt=\"\" ids=\"5937,5938,5939,5940,5941,5942,5943,5944,5945,5946,5947,5948,5949,5950,5951,5952\" style=\"none\" type=\"slider\" columns=\"1\" image_width=\"63\" image_size=\"thumbnail\" text_align=\"center\" srcset=\"https:\/\/www.montanheiros.com\/wp-content\/uploads\/2019\/05\/big6_1434536933-280x280.jpg 280w, https:\/\/www.montanheiros.com\/wp-content\/uploads\/2019\/05\/big6_1434536933-300x300.jpg 300w, https:\/\/www.montanheiros.com\/wp-content\/uploads\/2019\/05\/big6_1434536933-100x100.jpg 100w\" sizes=\"auto, (max-width: 280px) 100vw, 280px\" \/>                                                              <\/div>\n              <div class=\"box-text text-center\" >\n                 <p>Reconhecimento do trilho Rocha do Chambre, 12jun2015 - ilha Terceira<\/p>\n              <\/div>\n            <\/div>\n            <\/a>          <\/div>\n         <\/div><div class=\"gallery-col col\" >\n          <div class=\"col-inner\">\n            <a class=\"image-lightbox lightbox-gallery\" href=\"https:\/\/www.montanheiros.com\/wp-content\/uploads\/2019\/05\/big1_1434536915-533x800.jpg\" title=\"Reconhecimento do trilho Rocha do Chambre, 12jun2015 - ilha Terceira\">            <div class=\"box has-hover gallery-box box-none\">\n              <div class=\"box-image\" style=\"width:63%;\">\n                <img loading=\"lazy\" decoding=\"async\" width=\"280\" height=\"280\" src=\"https:\/\/www.montanheiros.com\/wp-content\/uploads\/2019\/05\/big1_1434536915-280x280.jpg\" class=\"attachment-thumbnail size-thumbnail\" alt=\"\" ids=\"5937,5938,5939,5940,5941,5942,5943,5944,5945,5946,5947,5948,5949,5950,5951,5952\" style=\"none\" type=\"slider\" columns=\"1\" image_width=\"63\" image_size=\"thumbnail\" text_align=\"center\" srcset=\"https:\/\/www.montanheiros.com\/wp-content\/uploads\/2019\/05\/big1_1434536915-280x280.jpg 280w, https:\/\/www.montanheiros.com\/wp-content\/uploads\/2019\/05\/big1_1434536915-300x300.jpg 300w, https:\/\/www.montanheiros.com\/wp-content\/uploads\/2019\/05\/big1_1434536915-100x100.jpg 100w\" sizes=\"auto, (max-width: 280px) 100vw, 280px\" \/>                                                              <\/div>\n              <div class=\"box-text text-center\" >\n                 <p>Reconhecimento do trilho Rocha do Chambre, 12jun2015 - ilha Terceira<\/p>\n              <\/div>\n            <\/div>\n            <\/a>          <\/div>\n         <\/div><div class=\"gallery-col col\" >\n          <div class=\"col-inner\">\n            <a class=\"image-lightbox lightbox-gallery\" href=\"https:\/\/www.montanheiros.com\/wp-content\/uploads\/2019\/05\/big7_1434536939.jpg\" title=\"Reconhecimento do trilho Rocha do Chambre, 12jun2015 - ilha Terceira\">            <div class=\"box has-hover gallery-box box-none\">\n              <div class=\"box-image\" style=\"width:63%;\">\n                <img loading=\"lazy\" decoding=\"async\" width=\"280\" height=\"280\" src=\"https:\/\/www.montanheiros.com\/wp-content\/uploads\/2019\/05\/big7_1434536939-280x280.jpg\" class=\"attachment-thumbnail size-thumbnail\" alt=\"\" ids=\"5937,5938,5939,5940,5941,5942,5943,5944,5945,5946,5947,5948,5949,5950,5951,5952\" style=\"none\" type=\"slider\" columns=\"1\" image_width=\"63\" image_size=\"thumbnail\" text_align=\"center\" srcset=\"https:\/\/www.montanheiros.com\/wp-content\/uploads\/2019\/05\/big7_1434536939-280x280.jpg 280w, https:\/\/www.montanheiros.com\/wp-content\/uploads\/2019\/05\/big7_1434536939-300x300.jpg 300w, https:\/\/www.montanheiros.com\/wp-content\/uploads\/2019\/05\/big7_1434536939-100x100.jpg 100w\" sizes=\"auto, (max-width: 280px) 100vw, 280px\" \/>                                                              <\/div>\n              <div class=\"box-text text-center\" >\n                 <p>Reconhecimento do trilho Rocha do Chambre, 12jun2015 - ilha Terceira<\/p>\n              <\/div>\n            <\/div>\n            <\/a>          <\/div>\n         <\/div><div class=\"gallery-col col\" >\n          <div class=\"col-inner\">\n            <a class=\"image-lightbox lightbox-gallery\" href=\"https:\/\/www.montanheiros.com\/wp-content\/uploads\/2019\/05\/big10_1434536946.jpg\" title=\"Reconhecimento do trilho Rocha do Chambre, 12jun2015 - ilha Terceira\">            <div class=\"box has-hover gallery-box box-none\">\n              <div class=\"box-image\" style=\"width:63%;\">\n                <img loading=\"lazy\" decoding=\"async\" width=\"280\" height=\"280\" src=\"https:\/\/www.montanheiros.com\/wp-content\/uploads\/2019\/05\/big10_1434536946-280x280.jpg\" class=\"attachment-thumbnail size-thumbnail\" alt=\"\" ids=\"5937,5938,5939,5940,5941,5942,5943,5944,5945,5946,5947,5948,5949,5950,5951,5952\" style=\"none\" type=\"slider\" columns=\"1\" image_width=\"63\" image_size=\"thumbnail\" text_align=\"center\" srcset=\"https:\/\/www.montanheiros.com\/wp-content\/uploads\/2019\/05\/big10_1434536946-280x280.jpg 280w, https:\/\/www.montanheiros.com\/wp-content\/uploads\/2019\/05\/big10_1434536946-300x300.jpg 300w, https:\/\/www.montanheiros.com\/wp-content\/uploads\/2019\/05\/big10_1434536946-100x100.jpg 100w\" sizes=\"auto, (max-width: 280px) 100vw, 280px\" \/>                                                              <\/div>\n              <div class=\"box-text text-center\" >\n                 <p>Reconhecimento do trilho Rocha do Chambre, 12jun2015 - ilha Terceira<\/p>\n              <\/div>\n            <\/div>\n            <\/a>          <\/div>\n         <\/div><div class=\"gallery-col col\" >\n          <div class=\"col-inner\">\n            <a class=\"image-lightbox lightbox-gallery\" href=\"https:\/\/www.montanheiros.com\/wp-content\/uploads\/2019\/05\/big12_1434536946.jpg\" title=\"Reconhecimento do trilho Rocha do Chambre, 12jun2015 - ilha Terceira\">            <div class=\"box has-hover gallery-box box-none\">\n              <div class=\"box-image\" style=\"width:63%;\">\n                <img loading=\"lazy\" decoding=\"async\" width=\"280\" height=\"280\" src=\"https:\/\/www.montanheiros.com\/wp-content\/uploads\/2019\/05\/big12_1434536946-280x280.jpg\" class=\"attachment-thumbnail size-thumbnail\" alt=\"\" ids=\"5937,5938,5939,5940,5941,5942,5943,5944,5945,5946,5947,5948,5949,5950,5951,5952\" style=\"none\" type=\"slider\" columns=\"1\" image_width=\"63\" image_size=\"thumbnail\" text_align=\"center\" srcset=\"https:\/\/www.montanheiros.com\/wp-content\/uploads\/2019\/05\/big12_1434536946-280x280.jpg 280w, https:\/\/www.montanheiros.com\/wp-content\/uploads\/2019\/05\/big12_1434536946-300x300.jpg 300w, https:\/\/www.montanheiros.com\/wp-content\/uploads\/2019\/05\/big12_1434536946-100x100.jpg 100w\" sizes=\"auto, (max-width: 280px) 100vw, 280px\" \/>                                                              <\/div>\n              <div class=\"box-text text-center\" >\n                 <p>Reconhecimento do trilho Rocha do Chambre, 12jun2015 - ilha Terceira<\/p>\n              <\/div>\n            <\/div>\n            <\/a>          <\/div>\n         <\/div><div class=\"gallery-col col\" >\n          <div class=\"col-inner\">\n            <a class=\"image-lightbox lightbox-gallery\" href=\"https:\/\/www.montanheiros.com\/wp-content\/uploads\/2019\/05\/big3_1434536923.jpg\" title=\"Reconhecimento do trilho Rocha do Chambre, 12jun2015 - ilha Terceira\">            <div class=\"box has-hover gallery-box box-none\">\n              <div class=\"box-image\" style=\"width:63%;\">\n                <img loading=\"lazy\" decoding=\"async\" width=\"280\" height=\"280\" src=\"https:\/\/www.montanheiros.com\/wp-content\/uploads\/2019\/05\/big3_1434536923-280x280.jpg\" class=\"attachment-thumbnail size-thumbnail\" alt=\"\" ids=\"5937,5938,5939,5940,5941,5942,5943,5944,5945,5946,5947,5948,5949,5950,5951,5952\" style=\"none\" type=\"slider\" columns=\"1\" image_width=\"63\" image_size=\"thumbnail\" text_align=\"center\" srcset=\"https:\/\/www.montanheiros.com\/wp-content\/uploads\/2019\/05\/big3_1434536923-280x280.jpg 280w, https:\/\/www.montanheiros.com\/wp-content\/uploads\/2019\/05\/big3_1434536923-300x300.jpg 300w, https:\/\/www.montanheiros.com\/wp-content\/uploads\/2019\/05\/big3_1434536923-100x100.jpg 100w\" sizes=\"auto, (max-width: 280px) 100vw, 280px\" \/>                                                              <\/div>\n              <div class=\"box-text text-center\" >\n                 <p>Reconhecimento do trilho Rocha do Chambre, 12jun2015 - ilha Terceira<\/p>\n              <\/div>\n            <\/div>\n            <\/a>          <\/div>\n         <\/div><div class=\"gallery-col col\" >\n          <div class=\"col-inner\">\n            <a class=\"image-lightbox lightbox-gallery\" href=\"https:\/\/www.montanheiros.com\/wp-content\/uploads\/2019\/05\/big9_1434536945.jpg\" title=\"Reconhecimento do trilho Rocha do Chambre, 12jun2015 - ilha Terceira\">            <div class=\"box has-hover gallery-box box-none\">\n              <div class=\"box-image\" style=\"width:63%;\">\n                <img loading=\"lazy\" decoding=\"async\" width=\"280\" height=\"280\" src=\"https:\/\/www.montanheiros.com\/wp-content\/uploads\/2019\/05\/big9_1434536945-280x280.jpg\" class=\"attachment-thumbnail size-thumbnail\" alt=\"\" ids=\"5937,5938,5939,5940,5941,5942,5943,5944,5945,5946,5947,5948,5949,5950,5951,5952\" style=\"none\" type=\"slider\" columns=\"1\" image_width=\"63\" image_size=\"thumbnail\" text_align=\"center\" srcset=\"https:\/\/www.montanheiros.com\/wp-content\/uploads\/2019\/05\/big9_1434536945-280x280.jpg 280w, https:\/\/www.montanheiros.com\/wp-content\/uploads\/2019\/05\/big9_1434536945-300x300.jpg 300w, https:\/\/www.montanheiros.com\/wp-content\/uploads\/2019\/05\/big9_1434536945-100x100.jpg 100w\" sizes=\"auto, (max-width: 280px) 100vw, 280px\" \/>                                                              <\/div>\n              <div class=\"box-text text-center\" >\n                 <p>Reconhecimento do trilho Rocha do Chambre, 12jun2015 - ilha Terceira<\/p>\n              <\/div>\n            <\/div>\n            <\/a>          <\/div>\n         <\/div><div class=\"gallery-col col\" >\n          <div class=\"col-inner\">\n            <a class=\"image-lightbox lightbox-gallery\" href=\"https:\/\/www.montanheiros.com\/wp-content\/uploads\/2019\/05\/big2_1434536922.jpg\" title=\"Reconhecimento do trilho Rocha do Chambre, 12jun2015 - ilha Terceira\">            <div class=\"box has-hover gallery-box box-none\">\n              <div class=\"box-image\" style=\"width:63%;\">\n                <img loading=\"lazy\" decoding=\"async\" width=\"280\" height=\"280\" src=\"https:\/\/www.montanheiros.com\/wp-content\/uploads\/2019\/05\/big2_1434536922-280x280.jpg\" class=\"attachment-thumbnail size-thumbnail\" alt=\"\" ids=\"5937,5938,5939,5940,5941,5942,5943,5944,5945,5946,5947,5948,5949,5950,5951,5952\" style=\"none\" type=\"slider\" columns=\"1\" image_width=\"63\" image_size=\"thumbnail\" text_align=\"center\" srcset=\"https:\/\/www.montanheiros.com\/wp-content\/uploads\/2019\/05\/big2_1434536922-280x280.jpg 280w, https:\/\/www.montanheiros.com\/wp-content\/uploads\/2019\/05\/big2_1434536922-300x300.jpg 300w, https:\/\/www.montanheiros.com\/wp-content\/uploads\/2019\/05\/big2_1434536922-100x100.jpg 100w\" sizes=\"auto, (max-width: 280px) 100vw, 280px\" \/>                                                              <\/div>\n              <div class=\"box-text text-center\" >\n                 <p>Reconhecimento do trilho Rocha do Chambre, 12jun2015 - ilha Terceira<\/p>\n              <\/div>\n            <\/div>\n            <\/a>          <\/div>\n         <\/div><div class=\"gallery-col col\" >\n          <div class=\"col-inner\">\n            <a class=\"image-lightbox lightbox-gallery\" href=\"https:\/\/www.montanheiros.com\/wp-content\/uploads\/2019\/05\/big13_1434536949.jpg\" title=\"Reconhecimento do trilho Rocha do Chambre, 12jun2015 - ilha Terceira\">            <div class=\"box has-hover gallery-box box-none\">\n              <div class=\"box-image\" style=\"width:63%;\">\n                <img loading=\"lazy\" decoding=\"async\" width=\"280\" height=\"280\" src=\"https:\/\/www.montanheiros.com\/wp-content\/uploads\/2019\/05\/big13_1434536949-280x280.jpg\" class=\"attachment-thumbnail size-thumbnail\" alt=\"\" ids=\"5937,5938,5939,5940,5941,5942,5943,5944,5945,5946,5947,5948,5949,5950,5951,5952\" style=\"none\" type=\"slider\" columns=\"1\" image_width=\"63\" image_size=\"thumbnail\" text_align=\"center\" srcset=\"https:\/\/www.montanheiros.com\/wp-content\/uploads\/2019\/05\/big13_1434536949-280x280.jpg 280w, https:\/\/www.montanheiros.com\/wp-content\/uploads\/2019\/05\/big13_1434536949-300x300.jpg 300w, https:\/\/www.montanheiros.com\/wp-content\/uploads\/2019\/05\/big13_1434536949-100x100.jpg 100w\" sizes=\"auto, (max-width: 280px) 100vw, 280px\" \/>                                                              <\/div>\n              <div class=\"box-text text-center\" >\n                 <p>Reconhecimento do trilho Rocha do Chambre, 12jun2015 - ilha Terceira<\/p>\n              <\/div>\n            <\/div>\n            <\/a>          <\/div>\n         <\/div><div class=\"gallery-col col\" >\n          <div class=\"col-inner\">\n            <a class=\"image-lightbox lightbox-gallery\" href=\"https:\/\/www.montanheiros.com\/wp-content\/uploads\/2019\/05\/big8_1434536943.jpg\" title=\"Reconhecimento do trilho Rocha do Chambre, 12jun2015 - ilha Terceira\">            <div class=\"box has-hover gallery-box box-none\">\n              <div class=\"box-image\" style=\"width:63%;\">\n                <img loading=\"lazy\" decoding=\"async\" width=\"280\" height=\"280\" src=\"https:\/\/www.montanheiros.com\/wp-content\/uploads\/2019\/05\/big8_1434536943-280x280.jpg\" class=\"attachment-thumbnail size-thumbnail\" alt=\"\" ids=\"5937,5938,5939,5940,5941,5942,5943,5944,5945,5946,5947,5948,5949,5950,5951,5952\" style=\"none\" type=\"slider\" columns=\"1\" image_width=\"63\" image_size=\"thumbnail\" text_align=\"center\" srcset=\"https:\/\/www.montanheiros.com\/wp-content\/uploads\/2019\/05\/big8_1434536943-280x280.jpg 280w, https:\/\/www.montanheiros.com\/wp-content\/uploads\/2019\/05\/big8_1434536943-300x300.jpg 300w, https:\/\/www.montanheiros.com\/wp-content\/uploads\/2019\/05\/big8_1434536943-100x100.jpg 100w\" sizes=\"auto, (max-width: 280px) 100vw, 280px\" \/>                                                              <\/div>\n              <div class=\"box-text text-center\" >\n                 <p>Reconhecimento do trilho Rocha do Chambre, 12jun2015 - ilha Terceira<\/p>\n              <\/div>\n            <\/div>\n            <\/a>          <\/div>\n         <\/div><div class=\"gallery-col col\" >\n          <div class=\"col-inner\">\n            <a class=\"image-lightbox lightbox-gallery\" href=\"https:\/\/www.montanheiros.com\/wp-content\/uploads\/2019\/05\/big5_1434536932.jpg\" title=\"\">            <div class=\"box has-hover gallery-box box-none\">\n              <div class=\"box-image\" style=\"width:63%;\">\n                <img loading=\"lazy\" decoding=\"async\" width=\"280\" height=\"280\" src=\"https:\/\/www.montanheiros.com\/wp-content\/uploads\/2019\/05\/big5_1434536932-280x280.jpg\" class=\"attachment-thumbnail size-thumbnail\" alt=\"\" ids=\"5937,5938,5939,5940,5941,5942,5943,5944,5945,5946,5947,5948,5949,5950,5951,5952\" style=\"none\" type=\"slider\" columns=\"1\" image_width=\"63\" image_size=\"thumbnail\" text_align=\"center\" srcset=\"https:\/\/www.montanheiros.com\/wp-content\/uploads\/2019\/05\/big5_1434536932-280x280.jpg 280w, https:\/\/www.montanheiros.com\/wp-content\/uploads\/2019\/05\/big5_1434536932-300x300.jpg 300w, https:\/\/www.montanheiros.com\/wp-content\/uploads\/2019\/05\/big5_1434536932-100x100.jpg 100w\" sizes=\"auto, (max-width: 280px) 100vw, 280px\" \/>                                                              <\/div>\n              <div class=\"box-text text-center\" >\n                 <p><\/p>\n              <\/div>\n            <\/div>\n            <\/a>          <\/div>\n         <\/div><div class=\"gallery-col col\" >\n          <div class=\"col-inner\">\n            <a class=\"image-lightbox lightbox-gallery\" href=\"https:\/\/www.montanheiros.com\/wp-content\/uploads\/2019\/05\/big11_1434536946.jpg\" title=\"Reconhecimento do trilho Rocha do Chambre, 12jun2015 - ilha Terceira\">            <div class=\"box has-hover gallery-box box-none\">\n              <div class=\"box-image\" style=\"width:63%;\">\n                <img loading=\"lazy\" decoding=\"async\" width=\"280\" height=\"280\" src=\"https:\/\/www.montanheiros.com\/wp-content\/uploads\/2019\/05\/big11_1434536946-280x280.jpg\" class=\"attachment-thumbnail size-thumbnail\" alt=\"\" ids=\"5937,5938,5939,5940,5941,5942,5943,5944,5945,5946,5947,5948,5949,5950,5951,5952\" style=\"none\" type=\"slider\" columns=\"1\" image_width=\"63\" image_size=\"thumbnail\" text_align=\"center\" srcset=\"https:\/\/www.montanheiros.com\/wp-content\/uploads\/2019\/05\/big11_1434536946-280x280.jpg 280w, https:\/\/www.montanheiros.com\/wp-content\/uploads\/2019\/05\/big11_1434536946-300x300.jpg 300w, https:\/\/www.montanheiros.com\/wp-content\/uploads\/2019\/05\/big11_1434536946-100x100.jpg 100w\" sizes=\"auto, (max-width: 280px) 100vw, 280px\" \/>                                                              <\/div>\n              <div class=\"box-text text-center\" >\n                 <p>Reconhecimento do trilho Rocha do Chambre, 12jun2015 - ilha Terceira<\/p>\n              <\/div>\n            <\/div>\n            <\/a>          <\/div>\n         <\/div><div class=\"gallery-col col\" >\n          <div class=\"col-inner\">\n            <a class=\"image-lightbox lightbox-gallery\" href=\"https:\/\/www.montanheiros.com\/wp-content\/uploads\/2019\/05\/big14_1434537144.jpg\" title=\"Reconhecimento do trilho Rocha do Chambre, 12jun2015 - ilha Terceira\">            <div class=\"box has-hover gallery-box box-none\">\n              <div class=\"box-image\" style=\"width:63%;\">\n                <img loading=\"lazy\" decoding=\"async\" width=\"280\" height=\"280\" src=\"https:\/\/www.montanheiros.com\/wp-content\/uploads\/2019\/05\/big14_1434537144-280x280.jpg\" class=\"attachment-thumbnail size-thumbnail\" alt=\"\" ids=\"5937,5938,5939,5940,5941,5942,5943,5944,5945,5946,5947,5948,5949,5950,5951,5952\" style=\"none\" type=\"slider\" columns=\"1\" image_width=\"63\" image_size=\"thumbnail\" text_align=\"center\" srcset=\"https:\/\/www.montanheiros.com\/wp-content\/uploads\/2019\/05\/big14_1434537144-280x280.jpg 280w, https:\/\/www.montanheiros.com\/wp-content\/uploads\/2019\/05\/big14_1434537144-300x300.jpg 300w, https:\/\/www.montanheiros.com\/wp-content\/uploads\/2019\/05\/big14_1434537144-100x100.jpg 100w\" sizes=\"auto, (max-width: 280px) 100vw, 280px\" \/>                                                              <\/div>\n              <div class=\"box-text text-center\" >\n                 <p>Reconhecimento do trilho Rocha do Chambre, 12jun2015 - ilha Terceira<\/p>\n              <\/div>\n            <\/div>\n            <\/a>          <\/div>\n         <\/div><div class=\"gallery-col col\" >\n          <div class=\"col-inner\">\n            <a class=\"image-lightbox lightbox-gallery\" href=\"https:\/\/www.montanheiros.com\/wp-content\/uploads\/2019\/05\/big15_1434537152.jpg\" title=\"Reconhecimento do trilho Rocha do Chambre, 12jun2015 - ilha Terceira\">            <div class=\"box has-hover gallery-box box-none\">\n              <div class=\"box-image\" style=\"width:63%;\">\n                <img loading=\"lazy\" decoding=\"async\" width=\"280\" height=\"280\" src=\"https:\/\/www.montanheiros.com\/wp-content\/uploads\/2019\/05\/big15_1434537152-280x280.jpg\" class=\"attachment-thumbnail size-thumbnail\" alt=\"\" ids=\"5937,5938,5939,5940,5941,5942,5943,5944,5945,5946,5947,5948,5949,5950,5951,5952\" style=\"none\" type=\"slider\" columns=\"1\" image_width=\"63\" image_size=\"thumbnail\" text_align=\"center\" srcset=\"https:\/\/www.montanheiros.com\/wp-content\/uploads\/2019\/05\/big15_1434537152-280x280.jpg 280w, https:\/\/www.montanheiros.com\/wp-content\/uploads\/2019\/05\/big15_1434537152-300x300.jpg 300w, https:\/\/www.montanheiros.com\/wp-content\/uploads\/2019\/05\/big15_1434537152-100x100.jpg 100w\" sizes=\"auto, (max-width: 280px) 100vw, 280px\" \/>                                                              <\/div>\n              <div class=\"box-text text-center\" >\n                 <p>Reconhecimento do trilho Rocha do Chambre, 12jun2015 - ilha Terceira<\/p>\n              <\/div>\n            <\/div>\n            <\/a>          <\/div>\n         <\/div><div class=\"gallery-col col\" >\n          <div class=\"col-inner\">\n            <a class=\"image-lightbox lightbox-gallery\" href=\"https:\/\/www.montanheiros.com\/wp-content\/uploads\/2019\/05\/big16_1434537158.jpg\" title=\"Reconhecimento do trilho Rocha do Chambre, 12jun2015 - ilha Terceira\">            <div class=\"box has-hover gallery-box box-none\">\n              <div class=\"box-image\" style=\"width:63%;\">\n                <img loading=\"lazy\" decoding=\"async\" width=\"280\" height=\"280\" src=\"https:\/\/www.montanheiros.com\/wp-content\/uploads\/2019\/05\/big16_1434537158-280x280.jpg\" class=\"attachment-thumbnail size-thumbnail\" alt=\"\" ids=\"5937,5938,5939,5940,5941,5942,5943,5944,5945,5946,5947,5948,5949,5950,5951,5952\" style=\"none\" type=\"slider\" columns=\"1\" image_width=\"63\" image_size=\"thumbnail\" text_align=\"center\" srcset=\"https:\/\/www.montanheiros.com\/wp-content\/uploads\/2019\/05\/big16_1434537158-280x280.jpg 280w, https:\/\/www.montanheiros.com\/wp-content\/uploads\/2019\/05\/big16_1434537158-300x300.jpg 300w, https:\/\/www.montanheiros.com\/wp-content\/uploads\/2019\/05\/big16_1434537158-100x100.jpg 100w\" sizes=\"auto, (max-width: 280px) 100vw, 280px\" \/>                                                              <\/div>\n              <div class=\"box-text text-center\" >\n                 <p>Reconhecimento do trilho Rocha do Chambre, 12jun2015 - ilha Terceira<\/p>\n              <\/div>\n            <\/div>\n            <\/a>          <\/div>\n         <\/div><\/div>\n\n\n\t\t<\/div>\n\t\t\t\t\t<\/div>\n\n\t\n\n\t<div id=\"col-1164960414\" class=\"col medium-3 small-12 large-3\"  >\n\t\t\t\t<div class=\"col-inner\"  >\n\t\t\t\n\t\t\t\n\n<p>Passeio ao Outeiro do C\u00e3o Morto\/Ribeira dos Gatos, 17mai2015 &#8211; Terceira<\/p>\n\n  \n    <div class=\"row large-columns-1 medium-columns- small-columns- row-full-width slider row-slider slider-nav-reveal\"  data-flickity-options='{\"imagesLoaded\": true, \"groupCells\": \"100%\", \"dragThreshold\" : 5, \"cellAlign\": \"left\",\"wrapAround\": true,\"prevNextButtons\": true,\"percentPosition\": true,\"pageDots\": false, \"rightToLeft\": false, \"autoPlay\" : false}'>\n\n  <div class=\"gallery-col col\" >\n          <div class=\"col-inner\">\n            <a class=\"image-lightbox lightbox-gallery\" href=\"https:\/\/www.montanheiros.com\/wp-content\/uploads\/2019\/05\/big3_1432025930.jpg\" title=\"Passeio ao Outeiro do C\u00e3o Morto\/Ribeira dos Gatos, 17mai2015 - Terceira\">            <div class=\"box has-hover gallery-box box-none\">\n              <div class=\"box-image\" style=\"width:63%;\">\n                <img loading=\"lazy\" decoding=\"async\" width=\"280\" height=\"280\" src=\"https:\/\/www.montanheiros.com\/wp-content\/uploads\/2019\/05\/big3_1432025930-280x280.jpg\" class=\"attachment-thumbnail size-thumbnail\" alt=\"\" ids=\"5912,5913,5914,5915,5916,5917,5918,5919,5920,5921,5922,5923,5924,5925,5926,5927,5928,5929,5930,5931,5932,5933,5934,5935\" style=\"none\" type=\"slider\" columns=\"1\" image_width=\"63\" image_size=\"thumbnail\" text_align=\"center\" srcset=\"https:\/\/www.montanheiros.com\/wp-content\/uploads\/2019\/05\/big3_1432025930-280x280.jpg 280w, https:\/\/www.montanheiros.com\/wp-content\/uploads\/2019\/05\/big3_1432025930-300x300.jpg 300w, https:\/\/www.montanheiros.com\/wp-content\/uploads\/2019\/05\/big3_1432025930-100x100.jpg 100w\" sizes=\"auto, (max-width: 280px) 100vw, 280px\" \/>                                                              <\/div>\n              <div class=\"box-text text-center\" >\n                 <p>Passeio ao Outeiro do C\u00e3o Morto\/Ribeira dos Gatos, 17mai2015 - Terceira<\/p>\n              <\/div>\n            <\/div>\n            <\/a>          <\/div>\n         <\/div><div class=\"gallery-col col\" >\n          <div class=\"col-inner\">\n            <a class=\"image-lightbox lightbox-gallery\" href=\"https:\/\/www.montanheiros.com\/wp-content\/uploads\/2019\/05\/big1_1432025912.jpg\" title=\"Passeio ao Outeiro do C\u00e3o Morto\/Ribeira dos Gatos, 17mai2015 - Terceira\">            <div class=\"box has-hover gallery-box box-none\">\n              <div class=\"box-image\" style=\"width:63%;\">\n                <img loading=\"lazy\" decoding=\"async\" width=\"280\" height=\"280\" src=\"https:\/\/www.montanheiros.com\/wp-content\/uploads\/2019\/05\/big1_1432025912-280x280.jpg\" class=\"attachment-thumbnail size-thumbnail\" alt=\"\" ids=\"5912,5913,5914,5915,5916,5917,5918,5919,5920,5921,5922,5923,5924,5925,5926,5927,5928,5929,5930,5931,5932,5933,5934,5935\" style=\"none\" type=\"slider\" columns=\"1\" image_width=\"63\" image_size=\"thumbnail\" text_align=\"center\" srcset=\"https:\/\/www.montanheiros.com\/wp-content\/uploads\/2019\/05\/big1_1432025912-280x280.jpg 280w, https:\/\/www.montanheiros.com\/wp-content\/uploads\/2019\/05\/big1_1432025912-300x300.jpg 300w, https:\/\/www.montanheiros.com\/wp-content\/uploads\/2019\/05\/big1_1432025912-100x100.jpg 100w\" sizes=\"auto, (max-width: 280px) 100vw, 280px\" \/>                                                              <\/div>\n              <div class=\"box-text text-center\" >\n                 <p>Passeio ao Outeiro do C\u00e3o Morto\/Ribeira dos Gatos, 17mai2015 - Terceira<\/p>\n              <\/div>\n            <\/div>\n            <\/a>          <\/div>\n         <\/div><div class=\"gallery-col col\" >\n          <div class=\"col-inner\">\n            <a class=\"image-lightbox lightbox-gallery\" href=\"https:\/\/www.montanheiros.com\/wp-content\/uploads\/2019\/05\/big7_1432025937.jpg\" title=\"Passeio ao Outeiro do C\u00e3o Morto\/Ribeira dos Gatos, 17mai2015 - Terceira\">            <div class=\"box has-hover gallery-box box-none\">\n              <div class=\"box-image\" style=\"width:63%;\">\n                <img loading=\"lazy\" decoding=\"async\" width=\"280\" height=\"280\" src=\"https:\/\/www.montanheiros.com\/wp-content\/uploads\/2019\/05\/big7_1432025937-280x280.jpg\" class=\"attachment-thumbnail size-thumbnail\" alt=\"\" ids=\"5912,5913,5914,5915,5916,5917,5918,5919,5920,5921,5922,5923,5924,5925,5926,5927,5928,5929,5930,5931,5932,5933,5934,5935\" style=\"none\" type=\"slider\" columns=\"1\" image_width=\"63\" image_size=\"thumbnail\" text_align=\"center\" srcset=\"https:\/\/www.montanheiros.com\/wp-content\/uploads\/2019\/05\/big7_1432025937-280x280.jpg 280w, https:\/\/www.montanheiros.com\/wp-content\/uploads\/2019\/05\/big7_1432025937-300x300.jpg 300w, https:\/\/www.montanheiros.com\/wp-content\/uploads\/2019\/05\/big7_1432025937-100x100.jpg 100w\" sizes=\"auto, (max-width: 280px) 100vw, 280px\" \/>                                                              <\/div>\n              <div class=\"box-text text-center\" >\n                 <p>Passeio ao Outeiro do C\u00e3o Morto\/Ribeira dos Gatos, 17mai2015 - Terceira<\/p>\n              <\/div>\n            <\/div>\n            <\/a>          <\/div>\n         <\/div><div class=\"gallery-col col\" >\n          <div class=\"col-inner\">\n            <a class=\"image-lightbox lightbox-gallery\" href=\"https:\/\/www.montanheiros.com\/wp-content\/uploads\/2019\/05\/big5_1432025936.jpg\" title=\"Passeio ao Outeiro do C\u00e3o Morto\/Ribeira dos Gatos, 17mai2015 - Terceira\">            <div class=\"box has-hover gallery-box box-none\">\n              <div class=\"box-image\" style=\"width:63%;\">\n                <img loading=\"lazy\" decoding=\"async\" width=\"280\" height=\"280\" src=\"https:\/\/www.montanheiros.com\/wp-content\/uploads\/2019\/05\/big5_1432025936-280x280.jpg\" class=\"attachment-thumbnail size-thumbnail\" alt=\"\" ids=\"5912,5913,5914,5915,5916,5917,5918,5919,5920,5921,5922,5923,5924,5925,5926,5927,5928,5929,5930,5931,5932,5933,5934,5935\" style=\"none\" type=\"slider\" columns=\"1\" image_width=\"63\" image_size=\"thumbnail\" text_align=\"center\" srcset=\"https:\/\/www.montanheiros.com\/wp-content\/uploads\/2019\/05\/big5_1432025936-280x280.jpg 280w, https:\/\/www.montanheiros.com\/wp-content\/uploads\/2019\/05\/big5_1432025936-300x300.jpg 300w, https:\/\/www.montanheiros.com\/wp-content\/uploads\/2019\/05\/big5_1432025936-100x100.jpg 100w\" sizes=\"auto, (max-width: 280px) 100vw, 280px\" \/>                                                              <\/div>\n              <div class=\"box-text text-center\" >\n                 <p>Passeio ao Outeiro do C\u00e3o Morto\/Ribeira dos Gatos, 17mai2015 - Terceira<\/p>\n              <\/div>\n            <\/div>\n            <\/a>          <\/div>\n         <\/div><div class=\"gallery-col col\" >\n          <div class=\"col-inner\">\n            <a class=\"image-lightbox lightbox-gallery\" href=\"https:\/\/www.montanheiros.com\/wp-content\/uploads\/2019\/05\/big6_1432025937.jpg\" title=\"Passeio ao Outeiro do C\u00e3o Morto\/Ribeira dos Gatos, 17mai2015 - Terceira\">            <div class=\"box has-hover gallery-box box-none\">\n              <div class=\"box-image\" style=\"width:63%;\">\n                <img loading=\"lazy\" decoding=\"async\" width=\"280\" height=\"280\" src=\"https:\/\/www.montanheiros.com\/wp-content\/uploads\/2019\/05\/big6_1432025937-280x280.jpg\" class=\"attachment-thumbnail size-thumbnail\" alt=\"\" ids=\"5912,5913,5914,5915,5916,5917,5918,5919,5920,5921,5922,5923,5924,5925,5926,5927,5928,5929,5930,5931,5932,5933,5934,5935\" style=\"none\" type=\"slider\" columns=\"1\" image_width=\"63\" image_size=\"thumbnail\" text_align=\"center\" srcset=\"https:\/\/www.montanheiros.com\/wp-content\/uploads\/2019\/05\/big6_1432025937-280x280.jpg 280w, https:\/\/www.montanheiros.com\/wp-content\/uploads\/2019\/05\/big6_1432025937-300x300.jpg 300w, https:\/\/www.montanheiros.com\/wp-content\/uploads\/2019\/05\/big6_1432025937-100x100.jpg 100w\" sizes=\"auto, (max-width: 280px) 100vw, 280px\" \/>                                                              <\/div>\n              <div class=\"box-text text-center\" >\n                 <p>Passeio ao Outeiro do C\u00e3o Morto\/Ribeira dos Gatos, 17mai2015 - Terceira<\/p>\n              <\/div>\n            <\/div>\n            <\/a>          <\/div>\n         <\/div><div class=\"gallery-col col\" >\n          <div class=\"col-inner\">\n            <a class=\"image-lightbox lightbox-gallery\" href=\"https:\/\/www.montanheiros.com\/wp-content\/uploads\/2019\/05\/big4_1432025931.jpg\" title=\"Passeio ao Outeiro do C\u00e3o Morto\/Ribeira dos Gatos, 17mai2015 - Terceira\">            <div class=\"box has-hover gallery-box box-none\">\n              <div class=\"box-image\" style=\"width:63%;\">\n                <img loading=\"lazy\" decoding=\"async\" width=\"280\" height=\"280\" src=\"https:\/\/www.montanheiros.com\/wp-content\/uploads\/2019\/05\/big4_1432025931-280x280.jpg\" class=\"attachment-thumbnail size-thumbnail\" alt=\"\" ids=\"5912,5913,5914,5915,5916,5917,5918,5919,5920,5921,5922,5923,5924,5925,5926,5927,5928,5929,5930,5931,5932,5933,5934,5935\" style=\"none\" type=\"slider\" columns=\"1\" image_width=\"63\" image_size=\"thumbnail\" text_align=\"center\" srcset=\"https:\/\/www.montanheiros.com\/wp-content\/uploads\/2019\/05\/big4_1432025931-280x280.jpg 280w, https:\/\/www.montanheiros.com\/wp-content\/uploads\/2019\/05\/big4_1432025931-300x300.jpg 300w, https:\/\/www.montanheiros.com\/wp-content\/uploads\/2019\/05\/big4_1432025931-100x100.jpg 100w\" sizes=\"auto, (max-width: 280px) 100vw, 280px\" \/>                                                              <\/div>\n              <div class=\"box-text text-center\" >\n                 <p>Passeio ao Outeiro do C\u00e3o Morto\/Ribeira dos Gatos, 17mai2015 - Terceira<\/p>\n              <\/div>\n            <\/div>\n            <\/a>          <\/div>\n         <\/div><div class=\"gallery-col col\" >\n          <div class=\"col-inner\">\n            <a class=\"image-lightbox lightbox-gallery\" href=\"https:\/\/www.montanheiros.com\/wp-content\/uploads\/2019\/05\/big8_1432025944.jpg\" title=\"Passeio ao Outeiro do C\u00e3o Morto\/Ribeira dos Gatos, 17mai2015 - Terceira\">            <div class=\"box has-hover gallery-box box-none\">\n              <div class=\"box-image\" style=\"width:63%;\">\n                <img loading=\"lazy\" decoding=\"async\" width=\"280\" height=\"280\" src=\"https:\/\/www.montanheiros.com\/wp-content\/uploads\/2019\/05\/big8_1432025944-280x280.jpg\" class=\"attachment-thumbnail size-thumbnail\" alt=\"\" ids=\"5912,5913,5914,5915,5916,5917,5918,5919,5920,5921,5922,5923,5924,5925,5926,5927,5928,5929,5930,5931,5932,5933,5934,5935\" style=\"none\" type=\"slider\" columns=\"1\" image_width=\"63\" image_size=\"thumbnail\" text_align=\"center\" srcset=\"https:\/\/www.montanheiros.com\/wp-content\/uploads\/2019\/05\/big8_1432025944-280x280.jpg 280w, https:\/\/www.montanheiros.com\/wp-content\/uploads\/2019\/05\/big8_1432025944-300x300.jpg 300w, https:\/\/www.montanheiros.com\/wp-content\/uploads\/2019\/05\/big8_1432025944-100x100.jpg 100w\" sizes=\"auto, (max-width: 280px) 100vw, 280px\" \/>                                                              <\/div>\n              <div class=\"box-text text-center\" >\n                 <p>Passeio ao Outeiro do C\u00e3o Morto\/Ribeira dos Gatos, 17mai2015 - Terceira<\/p>\n              <\/div>\n            <\/div>\n            <\/a>          <\/div>\n         <\/div><div class=\"gallery-col col\" >\n          <div class=\"col-inner\">\n            <a class=\"image-lightbox lightbox-gallery\" href=\"https:\/\/www.montanheiros.com\/wp-content\/uploads\/2019\/05\/big12_1432025953.jpg\" title=\"Passeio ao Outeiro do C\u00e3o Morto\/Ribeira dos Gatos, 17mai2015 - Terceira\">            <div class=\"box has-hover gallery-box box-none\">\n              <div class=\"box-image\" style=\"width:63%;\">\n                <img loading=\"lazy\" decoding=\"async\" width=\"280\" height=\"280\" src=\"https:\/\/www.montanheiros.com\/wp-content\/uploads\/2019\/05\/big12_1432025953-280x280.jpg\" class=\"attachment-thumbnail size-thumbnail\" alt=\"\" ids=\"5912,5913,5914,5915,5916,5917,5918,5919,5920,5921,5922,5923,5924,5925,5926,5927,5928,5929,5930,5931,5932,5933,5934,5935\" style=\"none\" type=\"slider\" columns=\"1\" image_width=\"63\" image_size=\"thumbnail\" text_align=\"center\" srcset=\"https:\/\/www.montanheiros.com\/wp-content\/uploads\/2019\/05\/big12_1432025953-280x280.jpg 280w, https:\/\/www.montanheiros.com\/wp-content\/uploads\/2019\/05\/big12_1432025953-300x300.jpg 300w, https:\/\/www.montanheiros.com\/wp-content\/uploads\/2019\/05\/big12_1432025953-100x100.jpg 100w\" sizes=\"auto, (max-width: 280px) 100vw, 280px\" \/>                                                              <\/div>\n              <div class=\"box-text text-center\" >\n                 <p>Passeio ao Outeiro do C\u00e3o Morto\/Ribeira dos Gatos, 17mai2015 - Terceira<\/p>\n              <\/div>\n            <\/div>\n            <\/a>          <\/div>\n         <\/div><div class=\"gallery-col col\" >\n          <div class=\"col-inner\">\n            <a class=\"image-lightbox lightbox-gallery\" href=\"https:\/\/www.montanheiros.com\/wp-content\/uploads\/2019\/05\/big11_1432025952.jpg\" title=\"Passeio ao Outeiro do C\u00e3o Morto\/Ribeira dos Gatos, 17mai2015 - Terceira\">            <div class=\"box has-hover gallery-box box-none\">\n              <div class=\"box-image\" style=\"width:63%;\">\n                <img loading=\"lazy\" decoding=\"async\" width=\"280\" height=\"280\" src=\"https:\/\/www.montanheiros.com\/wp-content\/uploads\/2019\/05\/big11_1432025952-280x280.jpg\" class=\"attachment-thumbnail size-thumbnail\" alt=\"\" ids=\"5912,5913,5914,5915,5916,5917,5918,5919,5920,5921,5922,5923,5924,5925,5926,5927,5928,5929,5930,5931,5932,5933,5934,5935\" style=\"none\" type=\"slider\" columns=\"1\" image_width=\"63\" image_size=\"thumbnail\" text_align=\"center\" srcset=\"https:\/\/www.montanheiros.com\/wp-content\/uploads\/2019\/05\/big11_1432025952-280x280.jpg 280w, https:\/\/www.montanheiros.com\/wp-content\/uploads\/2019\/05\/big11_1432025952-300x300.jpg 300w, https:\/\/www.montanheiros.com\/wp-content\/uploads\/2019\/05\/big11_1432025952-100x100.jpg 100w\" sizes=\"auto, (max-width: 280px) 100vw, 280px\" \/>                                                              <\/div>\n              <div class=\"box-text text-center\" >\n                 <p>Passeio ao Outeiro do C\u00e3o Morto\/Ribeira dos Gatos, 17mai2015 - Terceira<\/p>\n              <\/div>\n            <\/div>\n            <\/a>          <\/div>\n         <\/div><div class=\"gallery-col col\" >\n          <div class=\"col-inner\">\n            <a class=\"image-lightbox lightbox-gallery\" href=\"https:\/\/www.montanheiros.com\/wp-content\/uploads\/2019\/05\/big10_1432025948.jpg\" title=\"\">            <div class=\"box has-hover gallery-box box-none\">\n              <div class=\"box-image\" style=\"width:63%;\">\n                <img loading=\"lazy\" decoding=\"async\" width=\"280\" height=\"280\" src=\"https:\/\/www.montanheiros.com\/wp-content\/uploads\/2019\/05\/big10_1432025948-280x280.jpg\" class=\"attachment-thumbnail size-thumbnail\" alt=\"\" ids=\"5912,5913,5914,5915,5916,5917,5918,5919,5920,5921,5922,5923,5924,5925,5926,5927,5928,5929,5930,5931,5932,5933,5934,5935\" style=\"none\" type=\"slider\" columns=\"1\" image_width=\"63\" image_size=\"thumbnail\" text_align=\"center\" srcset=\"https:\/\/www.montanheiros.com\/wp-content\/uploads\/2019\/05\/big10_1432025948-280x280.jpg 280w, https:\/\/www.montanheiros.com\/wp-content\/uploads\/2019\/05\/big10_1432025948-300x300.jpg 300w, https:\/\/www.montanheiros.com\/wp-content\/uploads\/2019\/05\/big10_1432025948-100x100.jpg 100w\" sizes=\"auto, (max-width: 280px) 100vw, 280px\" \/>                                                              <\/div>\n              <div class=\"box-text text-center\" >\n                 <p><\/p>\n              <\/div>\n            <\/div>\n            <\/a>          <\/div>\n         <\/div><div class=\"gallery-col col\" >\n          <div class=\"col-inner\">\n            <a class=\"image-lightbox lightbox-gallery\" href=\"https:\/\/www.montanheiros.com\/wp-content\/uploads\/2019\/05\/big9_1432025947.jpg\" title=\"Passeio ao Outeiro do C\u00e3o Morto\/Ribeira dos Gatos, 17mai2015 - Terceira\">            <div class=\"box has-hover gallery-box box-none\">\n              <div class=\"box-image\" style=\"width:63%;\">\n                <img loading=\"lazy\" decoding=\"async\" width=\"280\" height=\"280\" src=\"https:\/\/www.montanheiros.com\/wp-content\/uploads\/2019\/05\/big9_1432025947-280x280.jpg\" class=\"attachment-thumbnail size-thumbnail\" alt=\"\" ids=\"5912,5913,5914,5915,5916,5917,5918,5919,5920,5921,5922,5923,5924,5925,5926,5927,5928,5929,5930,5931,5932,5933,5934,5935\" style=\"none\" type=\"slider\" columns=\"1\" image_width=\"63\" image_size=\"thumbnail\" text_align=\"center\" srcset=\"https:\/\/www.montanheiros.com\/wp-content\/uploads\/2019\/05\/big9_1432025947-280x280.jpg 280w, https:\/\/www.montanheiros.com\/wp-content\/uploads\/2019\/05\/big9_1432025947-300x300.jpg 300w, https:\/\/www.montanheiros.com\/wp-content\/uploads\/2019\/05\/big9_1432025947-100x100.jpg 100w\" sizes=\"auto, (max-width: 280px) 100vw, 280px\" \/>                                                              <\/div>\n              <div class=\"box-text text-center\" >\n                 <p>Passeio ao Outeiro do C\u00e3o Morto\/Ribeira dos Gatos, 17mai2015 - Terceira<\/p>\n              <\/div>\n            <\/div>\n            <\/a>          <\/div>\n         <\/div><div class=\"gallery-col col\" >\n          <div class=\"col-inner\">\n            <a class=\"image-lightbox lightbox-gallery\" href=\"https:\/\/www.montanheiros.com\/wp-content\/uploads\/2019\/05\/big13_1432025957.jpg\" title=\"Passeio ao Outeiro do C\u00e3o Morto\/Ribeira dos Gatos, 17mai2015 - Terceira\">            <div class=\"box has-hover gallery-box box-none\">\n              <div class=\"box-image\" style=\"width:63%;\">\n                <img loading=\"lazy\" decoding=\"async\" width=\"280\" height=\"280\" src=\"https:\/\/www.montanheiros.com\/wp-content\/uploads\/2019\/05\/big13_1432025957-280x280.jpg\" class=\"attachment-thumbnail size-thumbnail\" alt=\"\" ids=\"5912,5913,5914,5915,5916,5917,5918,5919,5920,5921,5922,5923,5924,5925,5926,5927,5928,5929,5930,5931,5932,5933,5934,5935\" style=\"none\" type=\"slider\" columns=\"1\" image_width=\"63\" image_size=\"thumbnail\" text_align=\"center\" srcset=\"https:\/\/www.montanheiros.com\/wp-content\/uploads\/2019\/05\/big13_1432025957-280x280.jpg 280w, https:\/\/www.montanheiros.com\/wp-content\/uploads\/2019\/05\/big13_1432025957-300x300.jpg 300w, https:\/\/www.montanheiros.com\/wp-content\/uploads\/2019\/05\/big13_1432025957-100x100.jpg 100w\" sizes=\"auto, (max-width: 280px) 100vw, 280px\" \/>                                                              <\/div>\n              <div class=\"box-text text-center\" >\n                 <p>Passeio ao Outeiro do C\u00e3o Morto\/Ribeira dos Gatos, 17mai2015 - Terceira<\/p>\n              <\/div>\n            <\/div>\n            <\/a>          <\/div>\n         <\/div><div class=\"gallery-col col\" >\n          <div class=\"col-inner\">\n            <a class=\"image-lightbox lightbox-gallery\" href=\"https:\/\/www.montanheiros.com\/wp-content\/uploads\/2019\/05\/big14_1432025967-600x800.jpg\" title=\"Passeio ao Outeiro do C\u00e3o Morto\/Ribeira dos Gatos, 17mai2015 - Terceira\">            <div class=\"box has-hover gallery-box box-none\">\n              <div class=\"box-image\" style=\"width:63%;\">\n                <img loading=\"lazy\" decoding=\"async\" width=\"280\" height=\"280\" src=\"https:\/\/www.montanheiros.com\/wp-content\/uploads\/2019\/05\/big14_1432025967-280x280.jpg\" class=\"attachment-thumbnail size-thumbnail\" alt=\"\" ids=\"5912,5913,5914,5915,5916,5917,5918,5919,5920,5921,5922,5923,5924,5925,5926,5927,5928,5929,5930,5931,5932,5933,5934,5935\" style=\"none\" type=\"slider\" columns=\"1\" image_width=\"63\" image_size=\"thumbnail\" text_align=\"center\" srcset=\"https:\/\/www.montanheiros.com\/wp-content\/uploads\/2019\/05\/big14_1432025967-280x280.jpg 280w, https:\/\/www.montanheiros.com\/wp-content\/uploads\/2019\/05\/big14_1432025967-300x300.jpg 300w, https:\/\/www.montanheiros.com\/wp-content\/uploads\/2019\/05\/big14_1432025967-100x100.jpg 100w\" sizes=\"auto, (max-width: 280px) 100vw, 280px\" \/>                                                              <\/div>\n              <div class=\"box-text text-center\" >\n                 <p>Passeio ao Outeiro do C\u00e3o Morto\/Ribeira dos Gatos, 17mai2015 - Terceira<\/p>\n              <\/div>\n            <\/div>\n            <\/a>          <\/div>\n         <\/div><div class=\"gallery-col col\" >\n          <div class=\"col-inner\">\n            <a class=\"image-lightbox lightbox-gallery\" href=\"https:\/\/www.montanheiros.com\/wp-content\/uploads\/2019\/05\/big15_1432026001-600x800.jpg\" title=\"Passeio ao Outeiro do C\u00e3o Morto\/Ribeira dos Gatos, 17mai2015 - Terceira\">            <div class=\"box has-hover gallery-box box-none\">\n              <div class=\"box-image\" style=\"width:63%;\">\n                <img loading=\"lazy\" decoding=\"async\" width=\"280\" height=\"280\" src=\"https:\/\/www.montanheiros.com\/wp-content\/uploads\/2019\/05\/big15_1432026001-280x280.jpg\" class=\"attachment-thumbnail size-thumbnail\" alt=\"\" ids=\"5912,5913,5914,5915,5916,5917,5918,5919,5920,5921,5922,5923,5924,5925,5926,5927,5928,5929,5930,5931,5932,5933,5934,5935\" style=\"none\" type=\"slider\" columns=\"1\" image_width=\"63\" image_size=\"thumbnail\" text_align=\"center\" srcset=\"https:\/\/www.montanheiros.com\/wp-content\/uploads\/2019\/05\/big15_1432026001-280x280.jpg 280w, https:\/\/www.montanheiros.com\/wp-content\/uploads\/2019\/05\/big15_1432026001-300x300.jpg 300w, https:\/\/www.montanheiros.com\/wp-content\/uploads\/2019\/05\/big15_1432026001-100x100.jpg 100w\" sizes=\"auto, (max-width: 280px) 100vw, 280px\" \/>                                                              <\/div>\n              <div class=\"box-text text-center\" >\n                 <p>Passeio ao Outeiro do C\u00e3o Morto\/Ribeira dos Gatos, 17mai2015 - Terceira<\/p>\n              <\/div>\n            <\/div>\n            <\/a>          <\/div>\n         <\/div><div class=\"gallery-col col\" >\n          <div class=\"col-inner\">\n            <a class=\"image-lightbox lightbox-gallery\" href=\"https:\/\/www.montanheiros.com\/wp-content\/uploads\/2019\/05\/big18_1432026017.jpg\" title=\"Passeio ao Outeiro do C\u00e3o Morto\/Ribeira dos Gatos, 17mai2015 - Terceira\">            <div class=\"box has-hover gallery-box box-none\">\n              <div class=\"box-image\" style=\"width:63%;\">\n                <img loading=\"lazy\" decoding=\"async\" width=\"280\" height=\"280\" src=\"https:\/\/www.montanheiros.com\/wp-content\/uploads\/2019\/05\/big18_1432026017-280x280.jpg\" class=\"attachment-thumbnail size-thumbnail\" alt=\"\" ids=\"5912,5913,5914,5915,5916,5917,5918,5919,5920,5921,5922,5923,5924,5925,5926,5927,5928,5929,5930,5931,5932,5933,5934,5935\" style=\"none\" type=\"slider\" columns=\"1\" image_width=\"63\" image_size=\"thumbnail\" text_align=\"center\" srcset=\"https:\/\/www.montanheiros.com\/wp-content\/uploads\/2019\/05\/big18_1432026017-280x280.jpg 280w, https:\/\/www.montanheiros.com\/wp-content\/uploads\/2019\/05\/big18_1432026017-300x300.jpg 300w, https:\/\/www.montanheiros.com\/wp-content\/uploads\/2019\/05\/big18_1432026017-100x100.jpg 100w\" sizes=\"auto, (max-width: 280px) 100vw, 280px\" \/>                                                              <\/div>\n              <div class=\"box-text text-center\" >\n                 <p>Passeio ao Outeiro do C\u00e3o Morto\/Ribeira dos Gatos, 17mai2015 - Terceira<\/p>\n              <\/div>\n            <\/div>\n            <\/a>          <\/div>\n         <\/div><div class=\"gallery-col col\" >\n          <div class=\"col-inner\">\n            <a class=\"image-lightbox lightbox-gallery\" href=\"https:\/\/www.montanheiros.com\/wp-content\/uploads\/2019\/05\/big20_1432026021-600x800.jpg\" title=\"Passeio ao Outeiro do C\u00e3o Morto\/Ribeira dos Gatos, 17mai2015 - Terceira\">            <div class=\"box has-hover gallery-box box-none\">\n              <div class=\"box-image\" style=\"width:63%;\">\n                <img loading=\"lazy\" decoding=\"async\" width=\"280\" height=\"280\" src=\"https:\/\/www.montanheiros.com\/wp-content\/uploads\/2019\/05\/big20_1432026021-280x280.jpg\" class=\"attachment-thumbnail size-thumbnail\" alt=\"\" ids=\"5912,5913,5914,5915,5916,5917,5918,5919,5920,5921,5922,5923,5924,5925,5926,5927,5928,5929,5930,5931,5932,5933,5934,5935\" style=\"none\" type=\"slider\" columns=\"1\" image_width=\"63\" image_size=\"thumbnail\" text_align=\"center\" srcset=\"https:\/\/www.montanheiros.com\/wp-content\/uploads\/2019\/05\/big20_1432026021-280x280.jpg 280w, https:\/\/www.montanheiros.com\/wp-content\/uploads\/2019\/05\/big20_1432026021-300x300.jpg 300w, https:\/\/www.montanheiros.com\/wp-content\/uploads\/2019\/05\/big20_1432026021-100x100.jpg 100w\" sizes=\"auto, (max-width: 280px) 100vw, 280px\" \/>                                                              <\/div>\n              <div class=\"box-text text-center\" >\n                 <p>Passeio ao Outeiro do C\u00e3o Morto\/Ribeira dos Gatos, 17mai2015 - Terceira<\/p>\n              <\/div>\n            <\/div>\n            <\/a>          <\/div>\n         <\/div><div class=\"gallery-col col\" >\n          <div class=\"col-inner\">\n            <a class=\"image-lightbox lightbox-gallery\" href=\"https:\/\/www.montanheiros.com\/wp-content\/uploads\/2019\/05\/big23_1432026027-600x800.jpg\" title=\"Passeio ao Outeiro do C\u00e3o Morto\/Ribeira dos Gatos, 17mai2015 - Terceira\">            <div class=\"box has-hover gallery-box box-none\">\n              <div class=\"box-image\" style=\"width:63%;\">\n                <img loading=\"lazy\" decoding=\"async\" width=\"280\" height=\"280\" src=\"https:\/\/www.montanheiros.com\/wp-content\/uploads\/2019\/05\/big23_1432026027-280x280.jpg\" class=\"attachment-thumbnail size-thumbnail\" alt=\"\" ids=\"5912,5913,5914,5915,5916,5917,5918,5919,5920,5921,5922,5923,5924,5925,5926,5927,5928,5929,5930,5931,5932,5933,5934,5935\" style=\"none\" type=\"slider\" columns=\"1\" image_width=\"63\" image_size=\"thumbnail\" text_align=\"center\" srcset=\"https:\/\/www.montanheiros.com\/wp-content\/uploads\/2019\/05\/big23_1432026027-280x280.jpg 280w, https:\/\/www.montanheiros.com\/wp-content\/uploads\/2019\/05\/big23_1432026027-300x300.jpg 300w, https:\/\/www.montanheiros.com\/wp-content\/uploads\/2019\/05\/big23_1432026027-100x100.jpg 100w\" sizes=\"auto, (max-width: 280px) 100vw, 280px\" \/>                                                              <\/div>\n              <div class=\"box-text text-center\" >\n                 <p>Passeio ao Outeiro do C\u00e3o Morto\/Ribeira dos Gatos, 17mai2015 - Terceira<\/p>\n              <\/div>\n            <\/div>\n            <\/a>          <\/div>\n         <\/div><div class=\"gallery-col col\" >\n          <div class=\"col-inner\">\n            <a class=\"image-lightbox lightbox-gallery\" href=\"https:\/\/www.montanheiros.com\/wp-content\/uploads\/2019\/05\/big17_1432026015-600x800.jpg\" title=\"Passeio ao Outeiro do C\u00e3o Morto\/Ribeira dos Gatos, 17mai2015 - Terceira\">            <div class=\"box has-hover gallery-box box-none\">\n              <div class=\"box-image\" style=\"width:63%;\">\n                <img loading=\"lazy\" decoding=\"async\" width=\"280\" height=\"280\" src=\"https:\/\/www.montanheiros.com\/wp-content\/uploads\/2019\/05\/big17_1432026015-280x280.jpg\" class=\"attachment-thumbnail size-thumbnail\" alt=\"\" ids=\"5912,5913,5914,5915,5916,5917,5918,5919,5920,5921,5922,5923,5924,5925,5926,5927,5928,5929,5930,5931,5932,5933,5934,5935\" style=\"none\" type=\"slider\" columns=\"1\" image_width=\"63\" image_size=\"thumbnail\" text_align=\"center\" srcset=\"https:\/\/www.montanheiros.com\/wp-content\/uploads\/2019\/05\/big17_1432026015-280x280.jpg 280w, https:\/\/www.montanheiros.com\/wp-content\/uploads\/2019\/05\/big17_1432026015-300x300.jpg 300w, https:\/\/www.montanheiros.com\/wp-content\/uploads\/2019\/05\/big17_1432026015-100x100.jpg 100w\" sizes=\"auto, (max-width: 280px) 100vw, 280px\" \/>                                                              <\/div>\n              <div class=\"box-text text-center\" >\n                 <p>Passeio ao Outeiro do C\u00e3o Morto\/Ribeira dos Gatos, 17mai2015 - Terceira<\/p>\n              <\/div>\n            <\/div>\n            <\/a>          <\/div>\n         <\/div><div class=\"gallery-col col\" >\n          <div class=\"col-inner\">\n            <a class=\"image-lightbox lightbox-gallery\" href=\"https:\/\/www.montanheiros.com\/wp-content\/uploads\/2019\/05\/big24_1432026028.jpg\" title=\"Passeio ao Outeiro do C\u00e3o Morto\/Ribeira dos Gatos, 17mai2015 - Terceira\">            <div class=\"box has-hover gallery-box box-none\">\n              <div class=\"box-image\" style=\"width:63%;\">\n                <img loading=\"lazy\" decoding=\"async\" width=\"280\" height=\"280\" src=\"https:\/\/www.montanheiros.com\/wp-content\/uploads\/2019\/05\/big24_1432026028-280x280.jpg\" class=\"attachment-thumbnail size-thumbnail\" alt=\"\" ids=\"5912,5913,5914,5915,5916,5917,5918,5919,5920,5921,5922,5923,5924,5925,5926,5927,5928,5929,5930,5931,5932,5933,5934,5935\" style=\"none\" type=\"slider\" columns=\"1\" image_width=\"63\" image_size=\"thumbnail\" text_align=\"center\" srcset=\"https:\/\/www.montanheiros.com\/wp-content\/uploads\/2019\/05\/big24_1432026028-280x280.jpg 280w, https:\/\/www.montanheiros.com\/wp-content\/uploads\/2019\/05\/big24_1432026028-300x300.jpg 300w, https:\/\/www.montanheiros.com\/wp-content\/uploads\/2019\/05\/big24_1432026028-100x100.jpg 100w\" sizes=\"auto, (max-width: 280px) 100vw, 280px\" \/>                                                              <\/div>\n              <div class=\"box-text text-center\" >\n                 <p>Passeio ao Outeiro do C\u00e3o Morto\/Ribeira dos Gatos, 17mai2015 - Terceira<\/p>\n              <\/div>\n            <\/div>\n            <\/a>          <\/div>\n         <\/div><div class=\"gallery-col col\" >\n          <div class=\"col-inner\">\n            <a class=\"image-lightbox lightbox-gallery\" href=\"https:\/\/www.montanheiros.com\/wp-content\/uploads\/2019\/05\/big22_1432026022-600x800.jpg\" title=\"Passeio ao Outeiro do C\u00e3o Morto\/Ribeira dos Gatos, 17mai2015 - Terceira\">            <div class=\"box has-hover gallery-box box-none\">\n              <div class=\"box-image\" style=\"width:63%;\">\n                <img loading=\"lazy\" decoding=\"async\" width=\"280\" height=\"280\" src=\"https:\/\/www.montanheiros.com\/wp-content\/uploads\/2019\/05\/big22_1432026022-280x280.jpg\" class=\"attachment-thumbnail size-thumbnail\" alt=\"\" ids=\"5912,5913,5914,5915,5916,5917,5918,5919,5920,5921,5922,5923,5924,5925,5926,5927,5928,5929,5930,5931,5932,5933,5934,5935\" style=\"none\" type=\"slider\" columns=\"1\" image_width=\"63\" image_size=\"thumbnail\" text_align=\"center\" srcset=\"https:\/\/www.montanheiros.com\/wp-content\/uploads\/2019\/05\/big22_1432026022-280x280.jpg 280w, https:\/\/www.montanheiros.com\/wp-content\/uploads\/2019\/05\/big22_1432026022-300x300.jpg 300w, https:\/\/www.montanheiros.com\/wp-content\/uploads\/2019\/05\/big22_1432026022-100x100.jpg 100w\" sizes=\"auto, (max-width: 280px) 100vw, 280px\" \/>                                                              <\/div>\n              <div class=\"box-text text-center\" >\n                 <p>Passeio ao Outeiro do C\u00e3o Morto\/Ribeira dos Gatos, 17mai2015 - Terceira<\/p>\n              <\/div>\n            <\/div>\n            <\/a>          <\/div>\n         <\/div><div class=\"gallery-col col\" >\n          <div class=\"col-inner\">\n            <a class=\"image-lightbox lightbox-gallery\" href=\"https:\/\/www.montanheiros.com\/wp-content\/uploads\/2019\/05\/big21_1432026021.jpg\" title=\"Passeio ao Outeiro do C\u00e3o Morto\/Ribeira dos Gatos, 17mai2015 - Terceira\">            <div class=\"box has-hover gallery-box box-none\">\n              <div class=\"box-image\" style=\"width:63%;\">\n                <img loading=\"lazy\" decoding=\"async\" width=\"280\" height=\"280\" src=\"https:\/\/www.montanheiros.com\/wp-content\/uploads\/2019\/05\/big21_1432026021-280x280.jpg\" class=\"attachment-thumbnail size-thumbnail\" alt=\"\" ids=\"5912,5913,5914,5915,5916,5917,5918,5919,5920,5921,5922,5923,5924,5925,5926,5927,5928,5929,5930,5931,5932,5933,5934,5935\" style=\"none\" type=\"slider\" columns=\"1\" image_width=\"63\" image_size=\"thumbnail\" text_align=\"center\" srcset=\"https:\/\/www.montanheiros.com\/wp-content\/uploads\/2019\/05\/big21_1432026021-280x280.jpg 280w, https:\/\/www.montanheiros.com\/wp-content\/uploads\/2019\/05\/big21_1432026021-300x300.jpg 300w, https:\/\/www.montanheiros.com\/wp-content\/uploads\/2019\/05\/big21_1432026021-100x100.jpg 100w\" sizes=\"auto, (max-width: 280px) 100vw, 280px\" \/>                                                              <\/div>\n              <div class=\"box-text text-center\" >\n                 <p>Passeio ao Outeiro do C\u00e3o Morto\/Ribeira dos Gatos, 17mai2015 - Terceira<\/p>\n              <\/div>\n            <\/div>\n            <\/a>          <\/div>\n         <\/div><div class=\"gallery-col col\" >\n          <div class=\"col-inner\">\n            <a class=\"image-lightbox lightbox-gallery\" href=\"https:\/\/www.montanheiros.com\/wp-content\/uploads\/2019\/05\/big16_1432026014.jpg\" title=\"Passeio ao Outeiro do C\u00e3o Morto\/Ribeira dos Gatos, 17mai2015 - Terceira\">            <div class=\"box has-hover gallery-box box-none\">\n              <div class=\"box-image\" style=\"width:63%;\">\n                <img loading=\"lazy\" decoding=\"async\" width=\"280\" height=\"280\" src=\"https:\/\/www.montanheiros.com\/wp-content\/uploads\/2019\/05\/big16_1432026014-280x280.jpg\" class=\"attachment-thumbnail size-thumbnail\" alt=\"\" ids=\"5912,5913,5914,5915,5916,5917,5918,5919,5920,5921,5922,5923,5924,5925,5926,5927,5928,5929,5930,5931,5932,5933,5934,5935\" style=\"none\" type=\"slider\" columns=\"1\" image_width=\"63\" image_size=\"thumbnail\" text_align=\"center\" srcset=\"https:\/\/www.montanheiros.com\/wp-content\/uploads\/2019\/05\/big16_1432026014-280x280.jpg 280w, https:\/\/www.montanheiros.com\/wp-content\/uploads\/2019\/05\/big16_1432026014-300x300.jpg 300w, https:\/\/www.montanheiros.com\/wp-content\/uploads\/2019\/05\/big16_1432026014-100x100.jpg 100w\" sizes=\"auto, (max-width: 280px) 100vw, 280px\" \/>                                                              <\/div>\n              <div class=\"box-text text-center\" >\n                 <p>Passeio ao Outeiro do C\u00e3o Morto\/Ribeira dos Gatos, 17mai2015 - Terceira<\/p>\n              <\/div>\n            <\/div>\n            <\/a>          <\/div>\n         <\/div><div class=\"gallery-col col\" >\n          <div class=\"col-inner\">\n            <a class=\"image-lightbox lightbox-gallery\" href=\"https:\/\/www.montanheiros.com\/wp-content\/uploads\/2019\/05\/big27_1432026038.jpg\" title=\"Passeio ao Outeiro do C\u00e3o Morto\/Ribeira dos Gatos, 17mai2015 - Terceira\">            <div class=\"box has-hover gallery-box box-none\">\n              <div class=\"box-image\" style=\"width:63%;\">\n                <img loading=\"lazy\" decoding=\"async\" width=\"280\" height=\"280\" src=\"https:\/\/www.montanheiros.com\/wp-content\/uploads\/2019\/05\/big27_1432026038-280x280.jpg\" class=\"attachment-thumbnail size-thumbnail\" alt=\"\" ids=\"5912,5913,5914,5915,5916,5917,5918,5919,5920,5921,5922,5923,5924,5925,5926,5927,5928,5929,5930,5931,5932,5933,5934,5935\" style=\"none\" type=\"slider\" columns=\"1\" image_width=\"63\" image_size=\"thumbnail\" text_align=\"center\" srcset=\"https:\/\/www.montanheiros.com\/wp-content\/uploads\/2019\/05\/big27_1432026038-280x280.jpg 280w, https:\/\/www.montanheiros.com\/wp-content\/uploads\/2019\/05\/big27_1432026038-300x300.jpg 300w, https:\/\/www.montanheiros.com\/wp-content\/uploads\/2019\/05\/big27_1432026038-100x100.jpg 100w\" sizes=\"auto, (max-width: 280px) 100vw, 280px\" \/>                                                              <\/div>\n              <div class=\"box-text text-center\" >\n                 <p>Passeio ao Outeiro do C\u00e3o Morto\/Ribeira dos Gatos, 17mai2015 - Terceira<\/p>\n              <\/div>\n            <\/div>\n            <\/a>          <\/div>\n         <\/div><div class=\"gallery-col col\" >\n          <div class=\"col-inner\">\n            <a class=\"image-lightbox lightbox-gallery\" href=\"https:\/\/www.montanheiros.com\/wp-content\/uploads\/2019\/05\/big25_1432026032.jpg\" title=\"Passeio ao Outeiro do C\u00e3o Morto\/Ribeira dos Gatos, 17mai2015 - Terceira\">            <div class=\"box has-hover gallery-box box-none\">\n              <div class=\"box-image\" style=\"width:63%;\">\n                <img loading=\"lazy\" decoding=\"async\" width=\"280\" height=\"280\" src=\"https:\/\/www.montanheiros.com\/wp-content\/uploads\/2019\/05\/big25_1432026032-280x280.jpg\" class=\"attachment-thumbnail size-thumbnail\" alt=\"\" ids=\"5912,5913,5914,5915,5916,5917,5918,5919,5920,5921,5922,5923,5924,5925,5926,5927,5928,5929,5930,5931,5932,5933,5934,5935\" style=\"none\" type=\"slider\" columns=\"1\" image_width=\"63\" image_size=\"thumbnail\" text_align=\"center\" srcset=\"https:\/\/www.montanheiros.com\/wp-content\/uploads\/2019\/05\/big25_1432026032-280x280.jpg 280w, https:\/\/www.montanheiros.com\/wp-content\/uploads\/2019\/05\/big25_1432026032-300x300.jpg 300w, https:\/\/www.montanheiros.com\/wp-content\/uploads\/2019\/05\/big25_1432026032-100x100.jpg 100w\" sizes=\"auto, (max-width: 280px) 100vw, 280px\" \/>                                                              <\/div>\n              <div class=\"box-text text-center\" >\n                 <p>Passeio ao Outeiro do C\u00e3o Morto\/Ribeira dos Gatos, 17mai2015 - Terceira<\/p>\n              <\/div>\n            <\/div>\n            <\/a>          <\/div>\n         <\/div><\/div>\n\n\n\t\t<\/div>\n\t\t\t\t\t<\/div>\n\n\t\n\n\t<div id=\"col-1178494622\" class=\"col medium-3 small-12 large-3\"  >\n\t\t\t\t<div class=\"col-inner\"  >\n\t\t\t\n\t\t\t\n\n<p>Serra do Mori\u00e3o, 2006 &#8211; Ilha Terceira<\/p>\n\n  \n    <div class=\"row large-columns-1 medium-columns- small-columns- row-full-width slider row-slider slider-nav-reveal\"  data-flickity-options='{\"imagesLoaded\": true, \"groupCells\": \"100%\", \"dragThreshold\" : 5, \"cellAlign\": \"left\",\"wrapAround\": true,\"prevNextButtons\": true,\"percentPosition\": true,\"pageDots\": false, \"rightToLeft\": false, \"autoPlay\" : false}'>\n\n  <div class=\"gallery-col col\" >\n          <div class=\"col-inner\">\n            <a class=\"image-lightbox lightbox-gallery\" href=\"https:\/\/www.montanheiros.com\/wp-content\/uploads\/2019\/05\/big8_1429709852.jpg\" title=\"Passeio pedestre \u00e0 Terra Brava, 19abr2015 - ilha Terceira \">            <div class=\"box has-hover gallery-box box-none\">\n              <div class=\"box-image\" style=\"width:63%;\">\n                <img loading=\"lazy\" decoding=\"async\" width=\"280\" height=\"280\" src=\"https:\/\/www.montanheiros.com\/wp-content\/uploads\/2019\/05\/big8_1429709852-280x280.jpg\" class=\"attachment-thumbnail size-thumbnail\" alt=\"\" ids=\"5899,5900,5902,5903,5904,5905,5906,5907,5908,5909,5910\" style=\"none\" type=\"slider\" columns=\"1\" image_width=\"63\" image_size=\"thumbnail\" text_align=\"center\" srcset=\"https:\/\/www.montanheiros.com\/wp-content\/uploads\/2019\/05\/big8_1429709852-280x280.jpg 280w, https:\/\/www.montanheiros.com\/wp-content\/uploads\/2019\/05\/big8_1429709852-300x300.jpg 300w, https:\/\/www.montanheiros.com\/wp-content\/uploads\/2019\/05\/big8_1429709852-100x100.jpg 100w\" sizes=\"auto, (max-width: 280px) 100vw, 280px\" \/>                                                              <\/div>\n              <div class=\"box-text text-center\" >\n                 <p>Passeio pedestre \u00e0 Terra Brava, 19abr2015 - ilha Terceira <\/p>\n              <\/div>\n            <\/div>\n            <\/a>          <\/div>\n         <\/div><div class=\"gallery-col col\" >\n          <div class=\"col-inner\">\n            <a class=\"image-lightbox lightbox-gallery\" href=\"https:\/\/www.montanheiros.com\/wp-content\/uploads\/2019\/05\/big12_1429709899.jpg\" title=\"Passeio pedestre \u00e0 Terra Brava, 19abr2015 - ilha Terceira \">            <div class=\"box has-hover gallery-box box-none\">\n              <div class=\"box-image\" style=\"width:63%;\">\n                <img loading=\"lazy\" decoding=\"async\" width=\"280\" height=\"280\" src=\"https:\/\/www.montanheiros.com\/wp-content\/uploads\/2019\/05\/big12_1429709899-280x280.jpg\" class=\"attachment-thumbnail size-thumbnail\" alt=\"\" ids=\"5899,5900,5902,5903,5904,5905,5906,5907,5908,5909,5910\" style=\"none\" type=\"slider\" columns=\"1\" image_width=\"63\" image_size=\"thumbnail\" text_align=\"center\" srcset=\"https:\/\/www.montanheiros.com\/wp-content\/uploads\/2019\/05\/big12_1429709899-280x280.jpg 280w, https:\/\/www.montanheiros.com\/wp-content\/uploads\/2019\/05\/big12_1429709899-300x300.jpg 300w, https:\/\/www.montanheiros.com\/wp-content\/uploads\/2019\/05\/big12_1429709899-100x100.jpg 100w\" sizes=\"auto, (max-width: 280px) 100vw, 280px\" \/>                                                              <\/div>\n              <div class=\"box-text text-center\" >\n                 <p>Passeio pedestre \u00e0 Terra Brava, 19abr2015 - ilha Terceira <\/p>\n              <\/div>\n            <\/div>\n            <\/a>          <\/div>\n         <\/div><div class=\"gallery-col col\" >\n          <div class=\"col-inner\">\n            <a class=\"image-lightbox lightbox-gallery\" href=\"https:\/\/www.montanheiros.com\/wp-content\/uploads\/2019\/05\/big11_1429709894.jpg\" title=\"Passeio pedestre \u00e0 Terra Brava, 19abr2015 - ilha Terceira \">            <div class=\"box has-hover gallery-box box-none\">\n              <div class=\"box-image\" style=\"width:63%;\">\n                <img loading=\"lazy\" decoding=\"async\" width=\"280\" height=\"280\" src=\"https:\/\/www.montanheiros.com\/wp-content\/uploads\/2019\/05\/big11_1429709894-280x280.jpg\" class=\"attachment-thumbnail size-thumbnail\" alt=\"\" ids=\"5899,5900,5902,5903,5904,5905,5906,5907,5908,5909,5910\" style=\"none\" type=\"slider\" columns=\"1\" image_width=\"63\" image_size=\"thumbnail\" text_align=\"center\" srcset=\"https:\/\/www.montanheiros.com\/wp-content\/uploads\/2019\/05\/big11_1429709894-280x280.jpg 280w, https:\/\/www.montanheiros.com\/wp-content\/uploads\/2019\/05\/big11_1429709894-300x300.jpg 300w, https:\/\/www.montanheiros.com\/wp-content\/uploads\/2019\/05\/big11_1429709894-100x100.jpg 100w\" sizes=\"auto, (max-width: 280px) 100vw, 280px\" \/>                                                              <\/div>\n              <div class=\"box-text text-center\" >\n                 <p>Passeio pedestre \u00e0 Terra Brava, 19abr2015 - ilha Terceira <\/p>\n              <\/div>\n            <\/div>\n            <\/a>          <\/div>\n         <\/div><div class=\"gallery-col col\" >\n          <div class=\"col-inner\">\n            <a class=\"image-lightbox lightbox-gallery\" href=\"https:\/\/www.montanheiros.com\/wp-content\/uploads\/2019\/05\/big18_1429709913.jpg\" title=\"Passeio pedestre \u00e0 Terra Brava, 19abr2015 - ilha Terceira \">            <div class=\"box has-hover gallery-box box-none\">\n              <div class=\"box-image\" style=\"width:63%;\">\n                <img loading=\"lazy\" decoding=\"async\" width=\"280\" height=\"280\" src=\"https:\/\/www.montanheiros.com\/wp-content\/uploads\/2019\/05\/big18_1429709913-280x280.jpg\" class=\"attachment-thumbnail size-thumbnail\" alt=\"\" ids=\"5899,5900,5902,5903,5904,5905,5906,5907,5908,5909,5910\" style=\"none\" type=\"slider\" columns=\"1\" image_width=\"63\" image_size=\"thumbnail\" text_align=\"center\" srcset=\"https:\/\/www.montanheiros.com\/wp-content\/uploads\/2019\/05\/big18_1429709913-280x280.jpg 280w, https:\/\/www.montanheiros.com\/wp-content\/uploads\/2019\/05\/big18_1429709913-300x300.jpg 300w, https:\/\/www.montanheiros.com\/wp-content\/uploads\/2019\/05\/big18_1429709913-100x100.jpg 100w\" sizes=\"auto, (max-width: 280px) 100vw, 280px\" \/>                                                              <\/div>\n              <div class=\"box-text text-center\" >\n                 <p>Passeio pedestre \u00e0 Terra Brava, 19abr2015 - ilha Terceira <\/p>\n              <\/div>\n            <\/div>\n            <\/a>          <\/div>\n         <\/div><div class=\"gallery-col col\" >\n          <div class=\"col-inner\">\n            <a class=\"image-lightbox lightbox-gallery\" href=\"https:\/\/www.montanheiros.com\/wp-content\/uploads\/2019\/05\/big15_1429709905.jpg\" title=\"Passeio pedestre \u00e0 Terra Brava, 19abr2015 - ilha Terceira \">            <div class=\"box has-hover gallery-box box-none\">\n              <div class=\"box-image\" style=\"width:63%;\">\n                <img loading=\"lazy\" decoding=\"async\" width=\"280\" height=\"280\" src=\"https:\/\/www.montanheiros.com\/wp-content\/uploads\/2019\/05\/big15_1429709905-280x280.jpg\" class=\"attachment-thumbnail size-thumbnail\" alt=\"\" ids=\"5899,5900,5902,5903,5904,5905,5906,5907,5908,5909,5910\" style=\"none\" type=\"slider\" columns=\"1\" image_width=\"63\" image_size=\"thumbnail\" text_align=\"center\" srcset=\"https:\/\/www.montanheiros.com\/wp-content\/uploads\/2019\/05\/big15_1429709905-280x280.jpg 280w, https:\/\/www.montanheiros.com\/wp-content\/uploads\/2019\/05\/big15_1429709905-300x300.jpg 300w, https:\/\/www.montanheiros.com\/wp-content\/uploads\/2019\/05\/big15_1429709905-100x100.jpg 100w\" sizes=\"auto, (max-width: 280px) 100vw, 280px\" \/>                                                              <\/div>\n              <div class=\"box-text text-center\" >\n                 <p>Passeio pedestre \u00e0 Terra Brava, 19abr2015 - ilha Terceira <\/p>\n              <\/div>\n            <\/div>\n            <\/a>          <\/div>\n         <\/div><div class=\"gallery-col col\" >\n          <div class=\"col-inner\">\n            <a class=\"image-lightbox lightbox-gallery\" href=\"https:\/\/www.montanheiros.com\/wp-content\/uploads\/2019\/05\/big10_1429709877.jpg\" title=\"Passeio pedestre \u00e0 Terra Brava, 19abr2015 - ilha Terceira \">            <div class=\"box has-hover gallery-box box-none\">\n              <div class=\"box-image\" style=\"width:63%;\">\n                <img loading=\"lazy\" decoding=\"async\" width=\"280\" height=\"280\" src=\"https:\/\/www.montanheiros.com\/wp-content\/uploads\/2019\/05\/big10_1429709877-280x280.jpg\" class=\"attachment-thumbnail size-thumbnail\" alt=\"\" ids=\"5899,5900,5902,5903,5904,5905,5906,5907,5908,5909,5910\" style=\"none\" type=\"slider\" columns=\"1\" image_width=\"63\" image_size=\"thumbnail\" text_align=\"center\" srcset=\"https:\/\/www.montanheiros.com\/wp-content\/uploads\/2019\/05\/big10_1429709877-280x280.jpg 280w, https:\/\/www.montanheiros.com\/wp-content\/uploads\/2019\/05\/big10_1429709877-300x300.jpg 300w, https:\/\/www.montanheiros.com\/wp-content\/uploads\/2019\/05\/big10_1429709877-100x100.jpg 100w\" sizes=\"auto, (max-width: 280px) 100vw, 280px\" \/>                                                              <\/div>\n              <div class=\"box-text text-center\" >\n                 <p>Passeio pedestre \u00e0 Terra Brava, 19abr2015 - ilha Terceira <\/p>\n              <\/div>\n            <\/div>\n            <\/a>          <\/div>\n         <\/div><div class=\"gallery-col col\" >\n          <div class=\"col-inner\">\n            <a class=\"image-lightbox lightbox-gallery\" href=\"https:\/\/www.montanheiros.com\/wp-content\/uploads\/2019\/05\/big14_1429709904.jpg\" title=\"Passeio pedestre \u00e0 Terra Brava, 19abr2015 - ilha Terceira \">            <div class=\"box has-hover gallery-box box-none\">\n              <div class=\"box-image\" style=\"width:63%;\">\n                <img loading=\"lazy\" decoding=\"async\" width=\"280\" height=\"280\" src=\"https:\/\/www.montanheiros.com\/wp-content\/uploads\/2019\/05\/big14_1429709904-280x280.jpg\" class=\"attachment-thumbnail size-thumbnail\" alt=\"\" ids=\"5899,5900,5902,5903,5904,5905,5906,5907,5908,5909,5910\" style=\"none\" type=\"slider\" columns=\"1\" image_width=\"63\" image_size=\"thumbnail\" text_align=\"center\" srcset=\"https:\/\/www.montanheiros.com\/wp-content\/uploads\/2019\/05\/big14_1429709904-280x280.jpg 280w, https:\/\/www.montanheiros.com\/wp-content\/uploads\/2019\/05\/big14_1429709904-300x300.jpg 300w, https:\/\/www.montanheiros.com\/wp-content\/uploads\/2019\/05\/big14_1429709904-100x100.jpg 100w\" sizes=\"auto, (max-width: 280px) 100vw, 280px\" \/>                                                              <\/div>\n              <div class=\"box-text text-center\" >\n                 <p>Passeio pedestre \u00e0 Terra Brava, 19abr2015 - ilha Terceira <\/p>\n              <\/div>\n            <\/div>\n            <\/a>          <\/div>\n         <\/div><div class=\"gallery-col col\" >\n          <div class=\"col-inner\">\n            <a class=\"image-lightbox lightbox-gallery\" href=\"https:\/\/www.montanheiros.com\/wp-content\/uploads\/2019\/05\/big13_1429709902.jpg\" title=\"Passeio pedestre \u00e0 Terra Brava, 19abr2015 - ilha Terceira \">            <div class=\"box has-hover gallery-box box-none\">\n              <div class=\"box-image\" style=\"width:63%;\">\n                <img loading=\"lazy\" decoding=\"async\" width=\"280\" height=\"280\" src=\"https:\/\/www.montanheiros.com\/wp-content\/uploads\/2019\/05\/big13_1429709902-280x280.jpg\" class=\"attachment-thumbnail size-thumbnail\" alt=\"\" ids=\"5899,5900,5902,5903,5904,5905,5906,5907,5908,5909,5910\" style=\"none\" type=\"slider\" columns=\"1\" image_width=\"63\" image_size=\"thumbnail\" text_align=\"center\" srcset=\"https:\/\/www.montanheiros.com\/wp-content\/uploads\/2019\/05\/big13_1429709902-280x280.jpg 280w, https:\/\/www.montanheiros.com\/wp-content\/uploads\/2019\/05\/big13_1429709902-300x300.jpg 300w, https:\/\/www.montanheiros.com\/wp-content\/uploads\/2019\/05\/big13_1429709902-100x100.jpg 100w\" sizes=\"auto, (max-width: 280px) 100vw, 280px\" \/>                                                              <\/div>\n              <div class=\"box-text text-center\" >\n                 <p>Passeio pedestre \u00e0 Terra Brava, 19abr2015 - ilha Terceira <\/p>\n              <\/div>\n            <\/div>\n            <\/a>          <\/div>\n         <\/div><div class=\"gallery-col col\" >\n          <div class=\"col-inner\">\n            <a class=\"image-lightbox lightbox-gallery\" href=\"https:\/\/www.montanheiros.com\/wp-content\/uploads\/2019\/05\/big17_1429709911.jpg\" title=\"Passeio pedestre \u00e0 Terra Brava, 19abr2015 - ilha Terceira \">            <div class=\"box has-hover gallery-box box-none\">\n              <div class=\"box-image\" style=\"width:63%;\">\n                <img loading=\"lazy\" decoding=\"async\" width=\"280\" height=\"280\" src=\"https:\/\/www.montanheiros.com\/wp-content\/uploads\/2019\/05\/big17_1429709911-280x280.jpg\" class=\"attachment-thumbnail size-thumbnail\" alt=\"\" ids=\"5899,5900,5902,5903,5904,5905,5906,5907,5908,5909,5910\" style=\"none\" type=\"slider\" columns=\"1\" image_width=\"63\" image_size=\"thumbnail\" text_align=\"center\" srcset=\"https:\/\/www.montanheiros.com\/wp-content\/uploads\/2019\/05\/big17_1429709911-280x280.jpg 280w, https:\/\/www.montanheiros.com\/wp-content\/uploads\/2019\/05\/big17_1429709911-300x300.jpg 300w, https:\/\/www.montanheiros.com\/wp-content\/uploads\/2019\/05\/big17_1429709911-100x100.jpg 100w\" sizes=\"auto, (max-width: 280px) 100vw, 280px\" \/>                                                              <\/div>\n              <div class=\"box-text text-center\" >\n                 <p>Passeio pedestre \u00e0 Terra Brava, 19abr2015 - ilha Terceira <\/p>\n              <\/div>\n            <\/div>\n            <\/a>          <\/div>\n         <\/div><div class=\"gallery-col col\" >\n          <div class=\"col-inner\">\n            <a class=\"image-lightbox lightbox-gallery\" href=\"https:\/\/www.montanheiros.com\/wp-content\/uploads\/2019\/05\/big16_1429709910.jpg\" title=\"Passeio pedestre \u00e0 Terra Brava, 19abr2015 - ilha Terceira \">            <div class=\"box has-hover gallery-box box-none\">\n              <div class=\"box-image\" style=\"width:63%;\">\n                <img loading=\"lazy\" decoding=\"async\" width=\"280\" height=\"280\" src=\"https:\/\/www.montanheiros.com\/wp-content\/uploads\/2019\/05\/big16_1429709910-280x280.jpg\" class=\"attachment-thumbnail size-thumbnail\" alt=\"\" ids=\"5899,5900,5902,5903,5904,5905,5906,5907,5908,5909,5910\" style=\"none\" type=\"slider\" columns=\"1\" image_width=\"63\" image_size=\"thumbnail\" text_align=\"center\" srcset=\"https:\/\/www.montanheiros.com\/wp-content\/uploads\/2019\/05\/big16_1429709910-280x280.jpg 280w, https:\/\/www.montanheiros.com\/wp-content\/uploads\/2019\/05\/big16_1429709910-300x300.jpg 300w, https:\/\/www.montanheiros.com\/wp-content\/uploads\/2019\/05\/big16_1429709910-100x100.jpg 100w\" sizes=\"auto, (max-width: 280px) 100vw, 280px\" \/>                                                              <\/div>\n              <div class=\"box-text text-center\" >\n                 <p>Passeio pedestre \u00e0 Terra Brava, 19abr2015 - ilha Terceira <\/p>\n              <\/div>\n            <\/div>\n            <\/a>          <\/div>\n         <\/div><div class=\"gallery-col col\" >\n          <div class=\"col-inner\">\n            <a class=\"image-lightbox lightbox-gallery\" href=\"https:\/\/www.montanheiros.com\/wp-content\/uploads\/2019\/05\/big1_1426247555.jpg\" title=\"Passeio pedestre \u00e0 Terra Brava, 19abr2015 - ilha Terceira \">            <div class=\"box has-hover gallery-box box-none\">\n              <div class=\"box-image\" style=\"width:63%;\">\n                <img loading=\"lazy\" decoding=\"async\" width=\"280\" height=\"280\" src=\"https:\/\/www.montanheiros.com\/wp-content\/uploads\/2019\/05\/big1_1426247555-280x280.jpg\" class=\"attachment-thumbnail size-thumbnail\" alt=\"\" ids=\"5899,5900,5902,5903,5904,5905,5906,5907,5908,5909,5910\" style=\"none\" type=\"slider\" columns=\"1\" image_width=\"63\" image_size=\"thumbnail\" text_align=\"center\" srcset=\"https:\/\/www.montanheiros.com\/wp-content\/uploads\/2019\/05\/big1_1426247555-280x280.jpg 280w, https:\/\/www.montanheiros.com\/wp-content\/uploads\/2019\/05\/big1_1426247555-300x300.jpg 300w, https:\/\/www.montanheiros.com\/wp-content\/uploads\/2019\/05\/big1_1426247555-100x100.jpg 100w\" sizes=\"auto, (max-width: 280px) 100vw, 280px\" \/>                                                              <\/div>\n              <div class=\"box-text text-center\" >\n                 <p>Passeio pedestre \u00e0 Terra Brava, 19abr2015 - ilha Terceira <\/p>\n              <\/div>\n            <\/div>\n            <\/a>          <\/div>\n         <\/div><\/div>\n\n\n\t\t<\/div>\n\t\t\t\t\t<\/div>\n\n\t\n\n<\/div>\n\n\t\t<\/div>\n\t\t\t\t\t<\/div>\n\n\t\n\n<\/div>\n\n","protected":false},"excerpt":{"rendered":"<p>Galeria \/ Passeios Pedestres 2026-2015 2014-2010 2009-2006 1998-1990 2026 Passeio pedestre nas comemora\u00e7\u00f5es do Dia Mundial da Sa\u00fade e Dia Mundial da Atividade F\u00edsica, Monte Brasil, 12abr2026 &#8211; ilha Terceira 2025 Passeio ao Sanguinhal, 21set2025 &#8211; ilha Terceira O Mar aos nossos p\u00e9s, na Campanha Peda\u00e7os de Mar e Ambiente, 8junho2025 &#8211; ilha Terceira Trilho [&#8230;]\n","protected":false},"author":1,"featured_media":0,"parent":0,"menu_order":0,"comment_status":"closed","ping_status":"closed","template":"","meta":{"jetpack_post_was_ever_published":false,"footnotes":""},"class_list":["post-5393","page","type-page","status-publish","hentry"],"jetpack_sharing_enabled":true,"jetpack_shortlink":"https:\/\/wp.me\/PaT0CI-1oZ","_links":{"self":[{"href":"https:\/\/www.montanheiros.com\/en\/wp-json\/wp\/v2\/pages\/5393","targetHints":{"allow":["GET"]}}],"collection":[{"href":"https:\/\/www.montanheiros.com\/en\/wp-json\/wp\/v2\/pages"}],"about":[{"href":"https:\/\/www.montanheiros.com\/en\/wp-json\/wp\/v2\/types\/page"}],"author":[{"embeddable":true,"href":"https:\/\/www.montanheiros.com\/en\/wp-json\/wp\/v2\/users\/1"}],"replies":[{"embeddable":true,"href":"https:\/\/www.montanheiros.com\/en\/wp-json\/wp\/v2\/comments?post=5393"}],"version-history":[{"count":64,"href":"https:\/\/www.montanheiros.com\/en\/wp-json\/wp\/v2\/pages\/5393\/revisions"}],"predecessor-version":[{"id":18283,"href":"https:\/\/www.montanheiros.com\/en\/wp-json\/wp\/v2\/pages\/5393\/revisions\/18283"}],"wp:attachment":[{"href":"https:\/\/www.montanheiros.com\/en\/wp-json\/wp\/v2\/media?parent=5393"}],"curies":[{"name":"wp","href":"https:\/\/api.w.org\/{rel}","templated":true}]}}